{"id":58,"date":"2021-11-17T12:29:43","date_gmt":"2021-11-17T11:29:43","guid":{"rendered":"https:\/\/optio.ruhr-uni-bochum.de\/?page_id=58"},"modified":"2026-03-30T13:28:31","modified_gmt":"2026-03-30T11:28:31","slug":"profile","status":"publish","type":"page","link":"https:\/\/optio.ruhr-uni-bochum.de\/index.php\/profile\/","title":{"rendered":"Profile"},"content":{"rendered":"\t\t<div data-elementor-type=\"wp-page\" data-elementor-id=\"58\" class=\"elementor elementor-58\" data-elementor-settings=\"{&quot;ha_cmc_init_switcher&quot;:&quot;no&quot;}\" data-elementor-post-type=\"page\">\n\t\t\t\t\t\t<section class=\"elementor-section elementor-top-section elementor-element elementor-element-7b1b7a0 elementor-section-boxed elementor-section-height-default elementor-section-height-default\" data-id=\"7b1b7a0\" data-element_type=\"section\" data-e-type=\"section\" data-settings=\"{&quot;_ha_eqh_enable&quot;:false}\">\n\t\t\t\t\t\t<div class=\"elementor-container elementor-column-gap-default\">\n\t\t\t\t\t<div class=\"elementor-column elementor-col-100 elementor-top-column elementor-element elementor-element-ae3ecc7\" data-id=\"ae3ecc7\" data-element_type=\"column\" data-e-type=\"column\">\n\t\t\t<div class=\"elementor-widget-wrap elementor-element-populated\">\n\t\t\t\t\t\t<div class=\"elementor-element elementor-element-2daf752 elementor-widget elementor-widget-spacer\" data-id=\"2daf752\" data-element_type=\"widget\" data-e-type=\"widget\" data-widget_type=\"spacer.default\">\n\t\t\t\t<div class=\"elementor-widget-container\">\n\t\t\t\t\t\t\t<div class=\"elementor-spacer\">\n\t\t\t<div class=\"elementor-spacer-inner\"><\/div>\n\t\t<\/div>\n\t\t\t\t\t\t<\/div>\n\t\t\t\t<\/div>\n\t\t\t\t\t<\/div>\n\t\t<\/div>\n\t\t\t\t\t<\/div>\n\t\t<\/section>\n\t\t\t\t<section class=\"elementor-section elementor-top-section elementor-element elementor-element-08b1e11 elementor-section-boxed elementor-section-height-default elementor-section-height-default\" data-id=\"08b1e11\" data-element_type=\"section\" data-e-type=\"section\" data-settings=\"{&quot;_ha_eqh_enable&quot;:false}\">\n\t\t\t\t\t\t<div class=\"elementor-container elementor-column-gap-default\">\n\t\t\t\t\t<div class=\"elementor-column elementor-col-100 elementor-top-column elementor-element elementor-element-0fdd3f1\" data-id=\"0fdd3f1\" data-element_type=\"column\" data-e-type=\"column\">\n\t\t\t<div class=\"elementor-widget-wrap elementor-element-populated\">\n\t\t\t\t\t\t<div class=\"elementor-element elementor-element-9d69fc0 elementor-hidden-desktop ha-has-bg-overlay elementor-widget elementor-widget-text-editor\" data-id=\"9d69fc0\" data-element_type=\"widget\" data-e-type=\"widget\" data-widget_type=\"text-editor.default\">\n\t\t\t\t<div class=\"elementor-widget-container\">\n\t\t\t\t\t\t\t\t\t<p><b>Profile<br \/><\/b><\/p>\t\t\t\t\t\t\t\t<\/div>\n\t\t\t\t<\/div>\n\t\t\t\t<div class=\"elementor-element elementor-element-04071bf elementor-hidden-tablet elementor-hidden-mobile ha-has-bg-overlay elementor-invisible elementor-widget elementor-widget-text-editor\" data-id=\"04071bf\" data-element_type=\"widget\" data-e-type=\"widget\" data-settings=\"{&quot;_animation&quot;:&quot;fadeInLeft&quot;}\" data-widget_type=\"text-editor.default\">\n\t\t\t\t<div class=\"elementor-widget-container\">\n\t\t\t\t\t\t\t\t\t<p style=\"text-align: right;\">Profilbildung im Optionalbereich<\/p>\t\t\t\t\t\t\t\t<\/div>\n\t\t\t\t<\/div>\n\t\t\t\t\t<\/div>\n\t\t<\/div>\n\t\t\t\t\t<\/div>\n\t\t<\/section>\n\t\t\t\t<section class=\"elementor-section elementor-top-section elementor-element elementor-element-6b6e594 elementor-section-boxed elementor-section-height-default elementor-section-height-default\" data-id=\"6b6e594\" data-element_type=\"section\" data-e-type=\"section\" data-settings=\"{&quot;_ha_eqh_enable&quot;:false}\">\n\t\t\t\t\t\t<div class=\"elementor-container elementor-column-gap-default\">\n\t\t\t\t\t<div class=\"elementor-column elementor-col-100 elementor-top-column elementor-element elementor-element-3e9ecfa\" data-id=\"3e9ecfa\" data-element_type=\"column\" data-e-type=\"column\">\n\t\t\t<div class=\"elementor-widget-wrap elementor-element-populated\">\n\t\t\t\t\t\t<div class=\"elementor-element elementor-element-2e06660 elementor-widget elementor-widget-spacer\" data-id=\"2e06660\" data-element_type=\"widget\" data-e-type=\"widget\" data-widget_type=\"spacer.default\">\n\t\t\t\t<div class=\"elementor-widget-container\">\n\t\t\t\t\t\t\t<div class=\"elementor-spacer\">\n\t\t\t<div class=\"elementor-spacer-inner\"><\/div>\n\t\t<\/div>\n\t\t\t\t\t\t<\/div>\n\t\t\t\t<\/div>\n\t\t\t\t<section class=\"elementor-section elementor-inner-section elementor-element elementor-element-bd88b29 elementor-section-boxed elementor-section-height-default elementor-section-height-default\" data-id=\"bd88b29\" data-element_type=\"section\" data-e-type=\"section\" data-settings=\"{&quot;_ha_eqh_enable&quot;:false}\">\n\t\t\t\t\t\t<div class=\"elementor-container elementor-column-gap-default\">\n\t\t\t\t\t<div class=\"elementor-column elementor-col-33 elementor-inner-column elementor-element elementor-element-89f50ed\" data-id=\"89f50ed\" data-element_type=\"column\" data-e-type=\"column\" data-settings=\"{&quot;background_background&quot;:&quot;classic&quot;}\">\n\t\t\t<div class=\"elementor-widget-wrap elementor-element-populated\">\n\t\t\t\t\t\t<div class=\"elementor-element elementor-element-573ffb4 elementor-widget__width-initial elementor-widget elementor-widget-text-editor\" data-id=\"573ffb4\" data-element_type=\"widget\" data-e-type=\"widget\" data-widget_type=\"text-editor.default\">\n\t\t\t\t<div class=\"elementor-widget-container\">\n\t\t\t\t\t\t\t\t\t<p>Mit der Aufnahme eines 2-F\u00e4cher-B.A.-Studiums an der Ruhr-Universit\u00e4t ist der Optionalbereich integraler Bestandteil Ihres Studiums. In einem der derzeit acht Profile besuchen Sie Module und erwerben Kompetenzen, die auf wissenschaftlichem Niveau Ihre individuelle Profilbildung unterst\u00fctzen und Ihre berufliche Orientierung f\u00f6rdern.<\/p><div class=\"tooltip\">Hover over me<br \/><span class=\"tooltiptext\">Tooltip text<\/span><\/div>\t\t\t\t\t\t\t\t<\/div>\n\t\t\t\t<\/div>\n\t\t\t\t<div class=\"elementor-element elementor-element-60cfd02 elementor-widget__width-initial elementor-widget elementor-widget-text-editor\" data-id=\"60cfd02\" data-element_type=\"widget\" data-e-type=\"widget\" data-widget_type=\"text-editor.default\">\n\t\t\t\t<div class=\"elementor-widget-container\">\n\t\t\t\t\t\t\t\t\t<p><\/p><p>Profil, das bedeutet dass Sie nach Ihrem eigenen Interesse einen Schwerpunkt f\u00fcr Ihre Studien im Optionalbereich w\u00e4hlen und somit mindestens <b>20 Credit Points in einem Profil <\/b>(insgesamt<b> <\/b>jedoch 30 CP) wie Sprachen oder Lehramt absolvieren werden.<\/p><p><\/p><div class=\"tooltip\">Hover over me<br \/><span class=\"tooltiptext\">Tooltip text<\/span><\/div>\t\t\t\t\t\t\t\t<\/div>\n\t\t\t\t<\/div>\n\t\t\t\t<div class=\"elementor-element elementor-element-24d342d elementor-widget__width-initial elementor-widget elementor-widget-text-editor\" data-id=\"24d342d\" data-element_type=\"widget\" data-e-type=\"widget\" data-widget_type=\"text-editor.default\">\n\t\t\t\t<div class=\"elementor-widget-container\">\n\t\t\t\t\t\t\t\t\t<p>Es empfiehlt sich, die Module im Optionalbereich vom Beginn des Studiums an zu besuchen, so dass die erworbenen Kenntnisse und Kompetenzen auch bereits im Studium und ggf. w\u00e4hrend eines Praktikums angewendet und erprobt werden k\u00f6nnen.<\/p><p><\/p><p><\/p><div class=\"tooltip\">Hover over me<br \/><span class=\"tooltiptext\">Tooltip text<\/span><\/div>\t\t\t\t\t\t\t\t<\/div>\n\t\t\t\t<\/div>\n\t\t\t\t<div class=\"elementor-element elementor-element-ae3bccf elementor-widget__width-initial elementor-widget elementor-widget-text-editor\" data-id=\"ae3bccf\" data-element_type=\"widget\" data-e-type=\"widget\" data-widget_type=\"text-editor.default\">\n\t\t\t\t<div class=\"elementor-widget-container\">\n\t\t\t\t\t\t\t\t\t<p><span class=\"hinweis\" style=\"color: #8dae10;\">Welche Module Sie genau belegen werden steht Ihnen dabei offen. Sie k\u00f6nnen nach eigenem Interesse entscheiden, welches Profil Sie belegen und welche Module Bestandteil dieses Profils werden sollen. Zu Beachten ist dabei, dass Module im Umfang von 20 CP dem entsprechenden Profil angeh\u00f6ren m\u00fcssen. Au\u00dferdem ist zu beachten, dass mindestens <strong>20 benotete<\/strong> <strong>Credit Points <\/strong>(Bspw. vier Module \u00e0 f\u00fcnf benotete CP und ein Praktikum im Umfang von zehn CP oder drei Module \u00e0 zehn CP, wovon die besten beiden Module in die Benotung einflie\u00dfen) vorliegen m\u00fcssen, um abschlie\u00dfend die Gesamtnote bilden zu k\u00f6nnen. Dabei k\u00f6nnen die benoteten Credit Points von denen der Profilwahl abweichen.<\/span><\/p><p><\/p><div class=\"tooltip\">Hover over me<br \/><span class=\"tooltiptext\">Tooltip text<\/span><\/div>\t\t\t\t\t\t\t\t<\/div>\n\t\t\t\t<\/div>\n\t\t\t\t<div class=\"elementor-element elementor-element-b5cee9f ha-advanced-tooltip-enable ha-advanced-tooltip-top elementor-widget elementor-widget-text-editor\" data-id=\"b5cee9f\" data-element_type=\"widget\" data-e-type=\"widget\" data-settings=\"{&quot;ha_advanced_tooltip_content&quot;:&quot;\\n\\n1-Fach-Bachelor Sozialwissenschaft&lt;\\\/br&gt;\\n\\n1-Fach-Bachelor Sport&lt;\\\/br&gt;\\n\\n1-Fach-Bachelor Arch\\u00e4oligische Wissenschaften&lt;\\\/br&gt;\\n\\n1-Fach-Bachelor Biologie&quot;,&quot;ha_advanced_tooltip_enable&quot;:&quot;enable&quot;,&quot;ha_advanced_tooltip_position&quot;:&quot;top&quot;,&quot;ha_advanced_tooltip_duration&quot;:1000,&quot;ha_advanced_tooltip_arrow&quot;:&quot;true&quot;,&quot;ha_advanced_tooltip_trigger&quot;:&quot;hover&quot;}\" data-widget_type=\"text-editor.default\">\n\t\t\t\t<div class=\"elementor-widget-container\">\n\t\t\t\t\t\t\t\t\t<p style=\"text-align: left;\">Auch im Rahmen einiger <span><strong>1-Fach-Bachelor-Studieng\u00e4nge<\/strong><\/span> stehen Ihnen die Angebote des Optionalbereichs zur Verf\u00fcgung, zum Teil ist er sogar verpflichtend integriert.<\/p>\t\t\t\t\t\t\t\t<\/div>\n\t\t\t\t<\/div>\n\t\t\t\t<div class=\"elementor-element elementor-element-73bd535 elementor-widget elementor-widget-text-editor\" data-id=\"73bd535\" data-element_type=\"widget\" data-e-type=\"widget\" data-widget_type=\"text-editor.default\">\n\t\t\t\t<div class=\"elementor-widget-container\">\n\t\t\t\t\t\t\t\t\t<p>Im ersten Studienjahr wird die Teilnahme an einer von der Gesch\u00e4ftsstelle des Optionalbereichs angebotenen Studienberatung angeraten, auch in den weiteren Semestern sollte das Beratungsangebot hinsichtlich der individuellen Profilbildung genutzt werden.<\/p>\t\t\t\t\t\t\t\t<\/div>\n\t\t\t\t<\/div>\n\t\t\t\t<div class=\"elementor-element elementor-element-aa60ad7 elementor-align-center elementor-widget__width-initial elementor-widget-mobile__width-initial elementor-widget elementor-widget-button\" data-id=\"aa60ad7\" data-element_type=\"widget\" data-e-type=\"widget\" data-widget_type=\"button.default\">\n\t\t\t\t<div class=\"elementor-widget-container\">\n\t\t\t\t\t\t\t\t\t<div class=\"elementor-button-wrapper\">\n\t\t\t\t\t<a class=\"elementor-button elementor-button-link elementor-size-sm\" href=\"https:\/\/optio.ruhr-uni-bochum.de\/wp-content\/uploads\/2023\/02\/Profilhandbuch_Neu_18-03-2025.pdf\">\n\t\t\t\t\t\t<span class=\"elementor-button-content-wrapper\">\n\t\t\t\t\t\t\t\t\t<span class=\"elementor-button-text\">Zum Profilhandbuch<\/span>\n\t\t\t\t\t<\/span>\n\t\t\t\t\t<\/a>\n\t\t\t\t<\/div>\n\t\t\t\t\t\t\t\t<\/div>\n\t\t\t\t<\/div>\n\t\t\t\t<div class=\"elementor-element elementor-element-a66205a elementor-align-center elementor-widget__width-initial elementor-widget-mobile__width-initial elementor-widget elementor-widget-button\" data-id=\"a66205a\" data-element_type=\"widget\" data-e-type=\"widget\" data-widget_type=\"button.default\">\n\t\t\t\t<div class=\"elementor-widget-container\">\n\t\t\t\t\t\t\t\t\t<div class=\"elementor-button-wrapper\">\n\t\t\t\t\t<a class=\"elementor-button elementor-button-link elementor-size-sm\" href=\"https:\/\/optio.ruhr-uni-bochum.de\/index.php\/beratung\/\">\n\t\t\t\t\t\t<span class=\"elementor-button-content-wrapper\">\n\t\t\t\t\t\t\t\t\t<span class=\"elementor-button-text\">Beratung vereinbaren<\/span>\n\t\t\t\t\t<\/span>\n\t\t\t\t\t<\/a>\n\t\t\t\t<\/div>\n\t\t\t\t\t\t\t\t<\/div>\n\t\t\t\t<\/div>\n\t\t\t\t\t<\/div>\n\t\t<\/div>\n\t\t\t\t<div class=\"elementor-column elementor-col-33 elementor-inner-column elementor-element elementor-element-e66a244 elementor-hidden-mobile\" data-id=\"e66a244\" data-element_type=\"column\" data-e-type=\"column\">\n\t\t\t<div class=\"elementor-widget-wrap elementor-element-populated\">\n\t\t\t\t\t\t<div data-ha-element-link=\"{&quot;url&quot;:&quot;https:\\\/\\\/module.optio.ruhr-uni-bochum.de\\\/modules?profile%5B%5D=6&#038;semester=SS+2026&#038;q=&quot;,&quot;is_external&quot;:&quot;&quot;,&quot;nofollow&quot;:&quot;&quot;}\" style=\"cursor: pointer\" class=\"elementor-element elementor-element-5c37dbb eael-tooltip-align-center e-transform elementor-widget elementor-widget-eael-tooltip\" data-id=\"5c37dbb\" data-element_type=\"widget\" data-e-type=\"widget\" data-settings=\"{&quot;motion_fx_motion_fx_mouse&quot;:&quot;yes&quot;,&quot;_transform_scale_effect_hover&quot;:{&quot;unit&quot;:&quot;px&quot;,&quot;size&quot;:1.1,&quot;sizes&quot;:[]},&quot;_transform_scale_effect_hover_tablet&quot;:{&quot;unit&quot;:&quot;px&quot;,&quot;size&quot;:&quot;&quot;,&quot;sizes&quot;:[]},&quot;_transform_scale_effect_hover_mobile&quot;:{&quot;unit&quot;:&quot;px&quot;,&quot;size&quot;:&quot;&quot;,&quot;sizes&quot;:[]}}\" data-widget_type=\"eael-tooltip.default\">\n\t\t\t\t<div class=\"elementor-widget-container\">\n\t\t\t\t\t\t<div class=\"eael-tooltip\">\n\t\t\t\t\t<span class=\"eael-tooltip-content\" tabindex=\"0\" aria-describedby=\"tooltip-text-5c37dbb\"><img decoding=\"async\" src=\"https:\/\/optio.ruhr-uni-bochum.de\/wp-content\/uploads\/2022\/01\/7Zeichenflaeche-1.png\" alt=\"\"><\/span>\n  \t\t\t<span id=\"tooltip-text-5c37dbb\" class=\"eael-tooltip-text eael-tooltip-left\" role=\"tooltip\"><p>Das Profil Forschung leistet eine enge Verzahnung von Lehre und Forschung. Es f\u00f6rdert Studierende durch forschungsbezogene Module bis hin zur Einbindung in aktuelle Forschungsprojekte. Ge\u00fcbt wird die kritische Auseinandersetzung mit Wissensbest\u00e4nden; trainiert der Einsatz wissenschaftlicher Methoden des eigenen Fachs; geschult das grunds\u00e4tzliche Verst\u00e4ndnis von Forschung.<br \/>Weitere Informationen entnehmen Sie bitte dem <strong>Profilhandbuch<\/strong>.<\/p><\/span>\n  \t\t\t<\/div>\n\t\t\t\t\t<\/div>\n\t\t\t\t<\/div>\n\t\t\t\t<div data-ha-element-link=\"{&quot;url&quot;:&quot;https:\\\/\\\/module.optio.rub.de\\\/modules?profile%5B%5D=5&#038;semester=SS+2026&#038;q=&quot;,&quot;is_external&quot;:&quot;&quot;,&quot;nofollow&quot;:&quot;&quot;}\" style=\"cursor: pointer\" class=\"elementor-element elementor-element-771f169 eael-tooltip-align-center e-transform elementor-widget elementor-widget-eael-tooltip\" data-id=\"771f169\" data-element_type=\"widget\" data-e-type=\"widget\" data-settings=\"{&quot;motion_fx_motion_fx_mouse&quot;:&quot;yes&quot;,&quot;_transform_scale_effect_hover&quot;:{&quot;unit&quot;:&quot;px&quot;,&quot;size&quot;:1.1,&quot;sizes&quot;:[]},&quot;_transform_scale_effect_hover_tablet&quot;:{&quot;unit&quot;:&quot;px&quot;,&quot;size&quot;:&quot;&quot;,&quot;sizes&quot;:[]},&quot;_transform_scale_effect_hover_mobile&quot;:{&quot;unit&quot;:&quot;px&quot;,&quot;size&quot;:&quot;&quot;,&quot;sizes&quot;:[]}}\" data-widget_type=\"eael-tooltip.default\">\n\t\t\t\t<div class=\"elementor-widget-container\">\n\t\t\t\t\t\t<div class=\"eael-tooltip\">\n\t\t\t\t\t<span class=\"eael-tooltip-content\" tabindex=\"0\" aria-describedby=\"tooltip-text-771f169\"><img decoding=\"async\" src=\"https:\/\/optio.ruhr-uni-bochum.de\/wp-content\/uploads\/2024\/02\/International.png\" alt=\"\"><\/span>\n  \t\t\t<span id=\"tooltip-text-771f169\" class=\"eael-tooltip-text eael-tooltip-left\" role=\"tooltip\"><p>Im Profil International sind mindestens 10 CP im Ausland zu erbringen. Es er\u00f6ffnet einen direkten und aktiven Zugang zu kulturellen, gesellschaftlichen, politischen, philosophischen, religi\u00f6sen oder wirtschaftlichen Inhalten auf internationaler Ebene. In diesem Profil werden zudem Sprach- und Kommunikationsf\u00e4higkeiten geschult und kulturelle Kompetenzen erworben.<br \/>Weitere Informationen entnehmen Sie bitte dem <strong>Profilhandbuch<\/strong>.<\/p><\/span>\n  \t\t\t<\/div>\n\t\t\t\t\t<\/div>\n\t\t\t\t<\/div>\n\t\t\t\t<div data-ha-element-link=\"{&quot;url&quot;:&quot;https:\\\/\\\/module.optio.ruhr-uni-bochum.de\\\/modules?profile%5B%5D=1&#038;semester=SS+2026&#038;q=&quot;,&quot;is_external&quot;:&quot;&quot;,&quot;nofollow&quot;:&quot;&quot;}\" style=\"cursor: pointer\" class=\"elementor-element elementor-element-31c3e91 eael-tooltip-align-center e-transform elementor-widget elementor-widget-eael-tooltip\" data-id=\"31c3e91\" data-element_type=\"widget\" data-e-type=\"widget\" data-settings=\"{&quot;motion_fx_motion_fx_mouse&quot;:&quot;yes&quot;,&quot;_transform_scale_effect_hover&quot;:{&quot;unit&quot;:&quot;px&quot;,&quot;size&quot;:1.1,&quot;sizes&quot;:[]},&quot;_transform_scale_effect_hover_tablet&quot;:{&quot;unit&quot;:&quot;px&quot;,&quot;size&quot;:&quot;&quot;,&quot;sizes&quot;:[]},&quot;_transform_scale_effect_hover_mobile&quot;:{&quot;unit&quot;:&quot;px&quot;,&quot;size&quot;:&quot;&quot;,&quot;sizes&quot;:[]}}\" data-widget_type=\"eael-tooltip.default\">\n\t\t\t\t<div class=\"elementor-widget-container\">\n\t\t\t\t\t\t<div class=\"eael-tooltip\">\n\t\t\t\t\t<span class=\"eael-tooltip-content\" tabindex=\"0\" aria-describedby=\"tooltip-text-31c3e91\"><img decoding=\"async\" src=\"https:\/\/optio.ruhr-uni-bochum.de\/wp-content\/uploads\/2022\/01\/4Zeichenflaeche-1.png\" alt=\"\"><\/span>\n  \t\t\t<span id=\"tooltip-text-31c3e91\" class=\"eael-tooltip-text eael-tooltip-left\" role=\"tooltip\"><p>Das Profil Praxis richtet sich an Studierende, die nach dem B.A.-Abschluss au\u00dferhalb der Universit\u00e4t arbeiten m\u00f6chten. Zum Profil geh\u00f6ren Praktika im In- oder Ausland, die im Umfang von 10 CP zu erbringen sind. Sie dienen dazu, im Fachstudium und in weiteren Modulen des Optionalbereichs erworbene Schl\u00fcs-selkompetenzen wie z.B. selbstst\u00e4ndiges Arbeiten, Zuverl\u00e4ssigkeit, Kommunikations- und Teamf\u00e4higkeit anzuwenden und weiter auszubilden.<br \/>Weitere Informationen entnehmen Sie bitte dem <strong>Profilhandbuch<\/strong>.<\/p><\/span>\n  \t\t\t<\/div>\n\t\t\t\t\t<\/div>\n\t\t\t\t<\/div>\n\t\t\t\t<div data-ha-element-link=\"{&quot;url&quot;:&quot;https:\\\/\\\/module.optio.ruhr-uni-bochum.de\\\/modules?profile%5B%5D=8&#038;semester=SS+2026&#038;q=&quot;,&quot;is_external&quot;:&quot;&quot;,&quot;nofollow&quot;:&quot;&quot;}\" style=\"cursor: pointer\" class=\"elementor-element elementor-element-62d0e76 eael-tooltip-align-center e-transform elementor-widget elementor-widget-eael-tooltip\" data-id=\"62d0e76\" data-element_type=\"widget\" data-e-type=\"widget\" data-settings=\"{&quot;motion_fx_motion_fx_mouse&quot;:&quot;yes&quot;,&quot;_transform_scale_effect_hover&quot;:{&quot;unit&quot;:&quot;px&quot;,&quot;size&quot;:1.1,&quot;sizes&quot;:[]},&quot;_transform_scale_effect_hover_tablet&quot;:{&quot;unit&quot;:&quot;px&quot;,&quot;size&quot;:&quot;&quot;,&quot;sizes&quot;:[]},&quot;_transform_scale_effect_hover_mobile&quot;:{&quot;unit&quot;:&quot;px&quot;,&quot;size&quot;:&quot;&quot;,&quot;sizes&quot;:[]}}\" data-widget_type=\"eael-tooltip.default\">\n\t\t\t\t<div class=\"elementor-widget-container\">\n\t\t\t\t\t\t<div class=\"eael-tooltip\">\n\t\t\t\t\t<span class=\"eael-tooltip-content\" tabindex=\"0\" aria-describedby=\"tooltip-text-62d0e76\"><img decoding=\"async\" src=\"https:\/\/optio.ruhr-uni-bochum.de\/wp-content\/uploads\/2022\/01\/5Zeichenflaeche-1.png\" alt=\"\"><\/span>\n  \t\t\t<span id=\"tooltip-text-62d0e76\" class=\"eael-tooltip-text eael-tooltip-left\" role=\"tooltip\"><p>Das Profil Wissensvermittlung fokussiert auf F\u00e4higkeiten und Fertigkeiten, die in der Erwachsenenbildung, der Hochschullehre oder der beruflichen Bildung wichtig sind. In den Modulen werden didaktische, kommunikative und soziale Kompetenzen vermittelt, die in schulischen wie au\u00dferschulischen Bereichen angewendet werden k\u00f6nnen, aber auch dazu beitragen, professionelles Handeln kritisch zu entwickeln und zu reflektieren.<br \/>Weitere Informationen entnehmen Sie bitte dem <strong>Profilhandbuch<\/strong>.<\/p><\/span>\n  \t\t\t<\/div>\n\t\t\t\t\t<\/div>\n\t\t\t\t<\/div>\n\t\t\t\t\t<\/div>\n\t\t<\/div>\n\t\t\t\t<div class=\"elementor-column elementor-col-33 elementor-inner-column elementor-element elementor-element-baab4e3 elementor-hidden-mobile\" data-id=\"baab4e3\" data-element_type=\"column\" data-e-type=\"column\">\n\t\t\t<div class=\"elementor-widget-wrap elementor-element-populated\">\n\t\t\t\t\t\t<div data-ha-element-link=\"{&quot;url&quot;:&quot;https:\\\/\\\/module.optio.ruhr-uni-bochum.de\\\/modules?profile%5B%5D=7&#038;semester=SS+2026&#038;q=&quot;,&quot;is_external&quot;:&quot;&quot;,&quot;nofollow&quot;:&quot;&quot;}\" style=\"cursor: pointer\" class=\"elementor-element elementor-element-1b8ba0a eael-tooltip-align-center e-transform elementor-widget elementor-widget-eael-tooltip\" data-id=\"1b8ba0a\" data-element_type=\"widget\" data-e-type=\"widget\" data-settings=\"{&quot;motion_fx_motion_fx_mouse&quot;:&quot;yes&quot;,&quot;_transform_scale_effect_hover&quot;:{&quot;unit&quot;:&quot;px&quot;,&quot;size&quot;:1.1,&quot;sizes&quot;:[]},&quot;_transform_scale_effect_hover_tablet&quot;:{&quot;unit&quot;:&quot;px&quot;,&quot;size&quot;:&quot;&quot;,&quot;sizes&quot;:[]},&quot;_transform_scale_effect_hover_mobile&quot;:{&quot;unit&quot;:&quot;px&quot;,&quot;size&quot;:&quot;&quot;,&quot;sizes&quot;:[]}}\" data-widget_type=\"eael-tooltip.default\">\n\t\t\t\t<div class=\"elementor-widget-container\">\n\t\t\t\t\t\t<div class=\"eael-tooltip\">\n\t\t\t\t\t<span class=\"eael-tooltip-content\" tabindex=\"0\" aria-describedby=\"tooltip-text-1b8ba0a\"><img decoding=\"async\" src=\"https:\/\/optio.ruhr-uni-bochum.de\/wp-content\/uploads\/2022\/01\/8Zeichenflaeche-1.png\" alt=\"\"><\/span>\n  \t\t\t<span id=\"tooltip-text-1b8ba0a\" class=\"eael-tooltip-text eael-tooltip-left\" role=\"tooltip\"><p>Das Profil Freie Studien richtet sich an Studierende, die individuelle Vorstellungen vom Lernen im Optionalbereich haben und diese nicht in den weiteren Profilen abgebildet sehen. Alle im Optionalbereich angebotenen Module geh\u00f6ren diesem Profil an. Es k\u00f6nnen u.a. wissenschaftliche, interkulturelle, technische, interdisziplin\u00e4re, praktische und k\u00fcnstlerische Kompetenzen erworben werden. <br \/>Weitere Informationen entnehmen Sie bitte dem <strong>Profilhandbuch<\/strong>.<\/p><\/span>\n  \t\t\t<\/div>\n\t\t\t\t\t<\/div>\n\t\t\t\t<\/div>\n\t\t\t\t<div data-ha-element-link=\"{&quot;url&quot;:&quot;https:\\\/\\\/module.optio.ruhr-uni-bochum.de\\\/modules?profile%5B%5D=2&#038;semester=SS+2026&#038;q=&quot;,&quot;is_external&quot;:&quot;&quot;,&quot;nofollow&quot;:&quot;&quot;}\" style=\"cursor: pointer\" class=\"elementor-element elementor-element-7e0de03 eael-tooltip-align-center e-transform elementor-widget elementor-widget-eael-tooltip\" data-id=\"7e0de03\" data-element_type=\"widget\" data-e-type=\"widget\" data-settings=\"{&quot;motion_fx_motion_fx_mouse&quot;:&quot;yes&quot;,&quot;_transform_scale_effect_hover&quot;:{&quot;unit&quot;:&quot;px&quot;,&quot;size&quot;:1.1,&quot;sizes&quot;:[]},&quot;_transform_scale_effect_hover_tablet&quot;:{&quot;unit&quot;:&quot;px&quot;,&quot;size&quot;:&quot;&quot;,&quot;sizes&quot;:[]},&quot;_transform_scale_effect_hover_mobile&quot;:{&quot;unit&quot;:&quot;px&quot;,&quot;size&quot;:&quot;&quot;,&quot;sizes&quot;:[]}}\" data-widget_type=\"eael-tooltip.default\">\n\t\t\t\t<div class=\"elementor-widget-container\">\n\t\t\t\t\t\t<div class=\"eael-tooltip\">\n\t\t\t\t\t<span class=\"eael-tooltip-content\" tabindex=\"0\" aria-describedby=\"tooltip-text-7e0de03\"><img decoding=\"async\" src=\"https:\/\/optio.ruhr-uni-bochum.de\/wp-content\/uploads\/2022\/01\/6Zeichenflaeche-1.png\" alt=\"\"><\/span>\n  \t\t\t<span id=\"tooltip-text-7e0de03\" class=\"eael-tooltip-text eael-tooltip-left\" role=\"tooltip\"><p>Das Profil Lehramt richtet sich an Studierende, die das Berufsziel \u201eLehramt f\u00fcr Gymnasium und Gesamtschule\u201c anstreben. Die Module umfassen entsprechende theoretische Grundlagen und praktische Anwendungen. Das Angebot vermittelt didaktische, kommunikative und soziale Kompetenzen, die im Schulunterricht und im Beruf als Lehrerin oder Lehrer anwendbar sind.<br \/>Weitere Informationen entnehmen Sie bitte dem <strong>Profilhandbuch<\/strong>.<\/p><\/span>\n  \t\t\t<\/div>\n\t\t\t\t\t<\/div>\n\t\t\t\t<\/div>\n\t\t\t\t<div data-ha-element-link=\"{&quot;url&quot;:&quot;https:\\\/\\\/module.optio.ruhr-uni-bochum.de\\\/modules?profile%5B%5D=4&#038;semester=SS+2026&#038;q=&quot;,&quot;is_external&quot;:&quot;&quot;,&quot;nofollow&quot;:&quot;&quot;}\" style=\"cursor: pointer\" class=\"elementor-element elementor-element-06aa590 eael-tooltip-align-center e-transform elementor-widget elementor-widget-eael-tooltip\" data-id=\"06aa590\" data-element_type=\"widget\" data-e-type=\"widget\" data-settings=\"{&quot;motion_fx_motion_fx_mouse&quot;:&quot;yes&quot;,&quot;_transform_scale_effect_hover&quot;:{&quot;unit&quot;:&quot;px&quot;,&quot;size&quot;:1.1,&quot;sizes&quot;:[]},&quot;_transform_scale_effect_hover_tablet&quot;:{&quot;unit&quot;:&quot;px&quot;,&quot;size&quot;:&quot;&quot;,&quot;sizes&quot;:[]},&quot;_transform_scale_effect_hover_mobile&quot;:{&quot;unit&quot;:&quot;px&quot;,&quot;size&quot;:&quot;&quot;,&quot;sizes&quot;:[]}}\" data-widget_type=\"eael-tooltip.default\">\n\t\t\t\t<div class=\"elementor-widget-container\">\n\t\t\t\t\t\t<div class=\"eael-tooltip\">\n\t\t\t\t\t<span class=\"eael-tooltip-content\" tabindex=\"0\" aria-describedby=\"tooltip-text-06aa590\"><img decoding=\"async\" src=\"https:\/\/optio.ruhr-uni-bochum.de\/wp-content\/uploads\/2022\/01\/3Zeichenflaeche-1.png\" alt=\"\"><\/span>\n  \t\t\t<span id=\"tooltip-text-06aa590\" class=\"eael-tooltip-text eael-tooltip-left\" role=\"tooltip\"><p>Das Profil Sprachen betont die Bedeutung von Mehrsprachigkeit als Voraussetzung f\u00fcr den internationalen akademischen Austausch, die interkulturelle Zusammenarbeit und Mobilit\u00e4t. Das Profil bietet die M\u00f6glichkeit, neue Sprachen zu lernen, vorhandene Kenntnisse zu vertiefen oder einen st\u00e4rkeren Fach- und Berufsbezug anzustreben, z.B. in den Bereichen Wirtschaft, Medien, Recht.<br \/>Weitere Informationen entnehmen Sie bitte dem <strong>Profilhandbuch<\/strong>.<\/p><\/span>\n  \t\t\t<\/div>\n\t\t\t\t\t<\/div>\n\t\t\t\t<\/div>\n\t\t\t\t<div data-ha-element-link=\"{&quot;url&quot;:&quot;https:\\\/\\\/module.optio.ruhr-uni-bochum.de\\\/modules?profile%5B%5D=9&#038;semester=SS+2026&#038;q=&quot;,&quot;is_external&quot;:&quot;&quot;,&quot;nofollow&quot;:&quot;&quot;}\" style=\"cursor: pointer\" class=\"elementor-element elementor-element-664f89b eael-tooltip-align-center e-transform elementor-widget elementor-widget-eael-tooltip\" data-id=\"664f89b\" data-element_type=\"widget\" data-e-type=\"widget\" data-settings=\"{&quot;motion_fx_motion_fx_mouse&quot;:&quot;yes&quot;,&quot;_transform_scale_effect_hover&quot;:{&quot;unit&quot;:&quot;px&quot;,&quot;size&quot;:1.1,&quot;sizes&quot;:[]},&quot;_transform_scale_effect_hover_tablet&quot;:{&quot;unit&quot;:&quot;px&quot;,&quot;size&quot;:&quot;&quot;,&quot;sizes&quot;:[]},&quot;_transform_scale_effect_hover_mobile&quot;:{&quot;unit&quot;:&quot;px&quot;,&quot;size&quot;:&quot;&quot;,&quot;sizes&quot;:[]}}\" data-widget_type=\"eael-tooltip.default\">\n\t\t\t\t<div class=\"elementor-widget-container\">\n\t\t\t\t\t\t<div class=\"eael-tooltip\">\n\t\t\t\t\t<span class=\"eael-tooltip-content\" tabindex=\"0\" aria-describedby=\"tooltip-text-664f89b\"><img decoding=\"async\" src=\"https:\/\/optio.ruhr-uni-bochum.de\/wp-content\/uploads\/2022\/01\/2Zeichenflaeche-1.png\" alt=\"\"><\/span>\n  \t\t\t<span id=\"tooltip-text-664f89b\" class=\"eael-tooltip-text eael-tooltip-left\" role=\"tooltip\"><p>Das Profil Zukunft befasst sich mit allgemeinen Fragen der Zukunft und Zukunftsgestaltung sowie gesellschaftlichen Heraus-forderungen. Das Profil f\u00f6rdert die interdisziplin\u00e4re Zusammenarbeit und die Einbindung der eigenen und weiterer Fachdis-ziplinen, um gemeinsam komplexe Zusammenh\u00e4nge zu erschlie\u00dfen. Es werden wissenschaftliche, didaktische, soziale und kommunikative Kompetenzen vermittelt.<br \/>Weitere Informationen entnehmen Sie bitte dem <strong>Profilhandbuch<\/strong>.<\/p><\/span>\n  \t\t\t<\/div>\n\t\t\t\t\t<\/div>\n\t\t\t\t<\/div>\n\t\t\t\t\t<\/div>\n\t\t<\/div>\n\t\t\t\t\t<\/div>\n\t\t<\/section>\n\t\t\t\t<section class=\"elementor-section elementor-inner-section elementor-element elementor-element-d0d7f6d elementor-section-boxed elementor-section-height-default elementor-section-height-default\" data-id=\"d0d7f6d\" data-element_type=\"section\" data-e-type=\"section\" data-settings=\"{&quot;_ha_eqh_enable&quot;:false}\">\n\t\t\t\t\t\t<div class=\"elementor-container elementor-column-gap-default\">\n\t\t\t\t\t<div class=\"elementor-column elementor-col-50 elementor-inner-column elementor-element elementor-element-51e7a9f\" data-id=\"51e7a9f\" data-element_type=\"column\" data-e-type=\"column\">\n\t\t\t<div class=\"elementor-widget-wrap\">\n\t\t\t\t\t\t\t<\/div>\n\t\t<\/div>\n\t\t\t\t<div class=\"elementor-column elementor-col-50 elementor-inner-column elementor-element elementor-element-6cf5041\" data-id=\"6cf5041\" data-element_type=\"column\" data-e-type=\"column\">\n\t\t\t<div class=\"elementor-widget-wrap\">\n\t\t\t\t\t\t\t<\/div>\n\t\t<\/div>\n\t\t\t\t\t<\/div>\n\t\t<\/section>\n\t\t\t\t\t<\/div>\n\t\t<\/div>\n\t\t\t\t\t<\/div>\n\t\t<\/section>\n\t\t\t\t<section class=\"elementor-section elementor-top-section elementor-element elementor-element-5e669e9 elementor-hidden-desktop elementor-hidden-tablet elementor-section-boxed elementor-section-height-default elementor-section-height-default\" data-id=\"5e669e9\" data-element_type=\"section\" data-e-type=\"section\" data-settings=\"{&quot;_ha_eqh_enable&quot;:false}\">\n\t\t\t\t\t\t<div class=\"elementor-container elementor-column-gap-default\">\n\t\t\t\t\t<div class=\"elementor-column elementor-col-25 elementor-top-column elementor-element elementor-element-8c31ed2\" data-id=\"8c31ed2\" data-element_type=\"column\" data-e-type=\"column\">\n\t\t\t<div class=\"elementor-widget-wrap\">\n\t\t\t\t\t\t\t<\/div>\n\t\t<\/div>\n\t\t\t\t<div class=\"elementor-column elementor-col-25 elementor-top-column elementor-element elementor-element-7ba8d11\" data-id=\"7ba8d11\" data-element_type=\"column\" data-e-type=\"column\" data-settings=\"{&quot;background_background&quot;:&quot;classic&quot;}\">\n\t\t\t<div class=\"elementor-widget-wrap elementor-element-populated\">\n\t\t\t\t\t\t<div class=\"elementor-element elementor-element-6148a09 elementor-widget elementor-widget-image\" data-id=\"6148a09\" data-element_type=\"widget\" data-e-type=\"widget\" data-widget_type=\"image.default\">\n\t\t\t\t<div class=\"elementor-widget-container\">\n\t\t\t\t\t\t\t\t\t\t\t\t\t\t\t\t<a href=\"https:\/\/optio.ruhr-uni-bochum.de\/?page_id=474\">\n\t\t\t\t\t\t\t<img fetchpriority=\"high\" decoding=\"async\" width=\"750\" height=\"750\" src=\"https:\/\/optio.ruhr-uni-bochum.de\/wp-content\/uploads\/2022\/01\/1Zeichenflaeche-1.png\" class=\"attachment-large size-large wp-image-3625\" alt=\"\" srcset=\"https:\/\/optio.ruhr-uni-bochum.de\/wp-content\/uploads\/2022\/01\/1Zeichenflaeche-1.png 1000w, https:\/\/optio.ruhr-uni-bochum.de\/wp-content\/uploads\/2022\/01\/1Zeichenflaeche-1-300x300.png 300w, https:\/\/optio.ruhr-uni-bochum.de\/wp-content\/uploads\/2022\/01\/1Zeichenflaeche-1-150x150.png 150w, https:\/\/optio.ruhr-uni-bochum.de\/wp-content\/uploads\/2022\/01\/1Zeichenflaeche-1-768x768.png 768w\" sizes=\"(max-width: 750px) 100vw, 750px\" \/>\t\t\t\t\t\t\t\t<\/a>\n\t\t\t\t\t\t\t\t\t\t\t\t\t\t\t<\/div>\n\t\t\t\t<\/div>\n\t\t\t\t<div class=\"elementor-element elementor-element-613f786 elementor-widget elementor-widget-text-editor\" data-id=\"613f786\" data-element_type=\"widget\" data-e-type=\"widget\" data-widget_type=\"text-editor.default\">\n\t\t\t\t<div class=\"elementor-widget-container\">\n\t\t\t\t\t\t\t\t\tIm Profil International sind mindestens 10 CP im Ausland zu erbringen. Es er\u00f6ffnet einen direkten und aktiven Zugang zu kulturellen, gesellschaftlichen, politischen, philosophischen, religi\u00f6sen oder wirtschaftlichen Inhalten auf internationaler Ebene. In diesem Profil werden zudem Sprach- und Kommunikationsf\u00e4higkeiten geschult und kulturelle Kompetenzen erworben.\t\t\t\t\t\t\t\t<\/div>\n\t\t\t\t<\/div>\n\t\t\t\t\t<\/div>\n\t\t<\/div>\n\t\t\t\t<div class=\"elementor-column elementor-col-25 elementor-top-column elementor-element elementor-element-397a920\" data-id=\"397a920\" data-element_type=\"column\" data-e-type=\"column\" data-settings=\"{&quot;background_background&quot;:&quot;classic&quot;}\">\n\t\t\t<div class=\"elementor-widget-wrap elementor-element-populated\">\n\t\t\t\t\t\t<div class=\"elementor-element elementor-element-2d9ea81 elementor-widget elementor-widget-image\" data-id=\"2d9ea81\" data-element_type=\"widget\" data-e-type=\"widget\" data-widget_type=\"image.default\">\n\t\t\t\t<div class=\"elementor-widget-container\">\n\t\t\t\t\t\t\t\t\t\t\t\t\t\t\t\t<a href=\"https:\/\/optio.ruhr-uni-bochum.de\/?page_id=525\">\n\t\t\t\t\t\t\t<img decoding=\"async\" width=\"750\" height=\"750\" src=\"https:\/\/optio.ruhr-uni-bochum.de\/wp-content\/uploads\/2022\/01\/6Zeichenflaeche-1.png\" class=\"attachment-large size-large wp-image-3630\" alt=\"\" srcset=\"https:\/\/optio.ruhr-uni-bochum.de\/wp-content\/uploads\/2022\/01\/6Zeichenflaeche-1.png 1000w, https:\/\/optio.ruhr-uni-bochum.de\/wp-content\/uploads\/2022\/01\/6Zeichenflaeche-1-300x300.png 300w, https:\/\/optio.ruhr-uni-bochum.de\/wp-content\/uploads\/2022\/01\/6Zeichenflaeche-1-150x150.png 150w, https:\/\/optio.ruhr-uni-bochum.de\/wp-content\/uploads\/2022\/01\/6Zeichenflaeche-1-768x768.png 768w\" sizes=\"(max-width: 750px) 100vw, 750px\" \/>\t\t\t\t\t\t\t\t<\/a>\n\t\t\t\t\t\t\t\t\t\t\t\t\t\t\t<\/div>\n\t\t\t\t<\/div>\n\t\t\t\t<div class=\"elementor-element elementor-element-eee2520 elementor-widget elementor-widget-text-editor\" data-id=\"eee2520\" data-element_type=\"widget\" data-e-type=\"widget\" data-widget_type=\"text-editor.default\">\n\t\t\t\t<div class=\"elementor-widget-container\">\n\t\t\t\t\t\t\t\t\t<p>Das Profil Lehramt richtet sich an Studierende, die das Berufsziel \u201eLehramt f\u00fcr Gymnasium und Gesamtschule\u201c anstreben. Die Module umfassen entsprechende theoretische Grundlagen und praktische Anwendungen. Das Angebot vermittelt didaktische, kommunikative und soziale Kompetenzen, die im Schulunterricht und im Beruf als Lehrerin oder Lehrer anwendbar sind.<\/p>\t\t\t\t\t\t\t\t<\/div>\n\t\t\t\t<\/div>\n\t\t\t\t\t<\/div>\n\t\t<\/div>\n\t\t\t\t<div class=\"elementor-column elementor-col-25 elementor-top-column elementor-element elementor-element-b6821c0\" data-id=\"b6821c0\" data-element_type=\"column\" data-e-type=\"column\">\n\t\t\t<div class=\"elementor-widget-wrap\">\n\t\t\t\t\t\t\t<\/div>\n\t\t<\/div>\n\t\t\t\t\t<\/div>\n\t\t<\/section>\n\t\t\t\t<section class=\"elementor-section elementor-top-section elementor-element elementor-element-18345fc elementor-hidden-desktop elementor-hidden-tablet elementor-section-boxed elementor-section-height-default elementor-section-height-default\" data-id=\"18345fc\" data-element_type=\"section\" data-e-type=\"section\" data-settings=\"{&quot;_ha_eqh_enable&quot;:false}\">\n\t\t\t\t\t\t<div class=\"elementor-container elementor-column-gap-default\">\n\t\t\t\t\t<div class=\"elementor-column elementor-col-25 elementor-top-column elementor-element elementor-element-0c6dcd1\" data-id=\"0c6dcd1\" data-element_type=\"column\" data-e-type=\"column\">\n\t\t\t<div class=\"elementor-widget-wrap\">\n\t\t\t\t\t\t\t<\/div>\n\t\t<\/div>\n\t\t\t\t<div class=\"elementor-column elementor-col-25 elementor-top-column elementor-element elementor-element-2b1eea4\" data-id=\"2b1eea4\" data-element_type=\"column\" data-e-type=\"column\" data-settings=\"{&quot;background_background&quot;:&quot;classic&quot;}\">\n\t\t\t<div class=\"elementor-widget-wrap elementor-element-populated\">\n\t\t\t\t\t\t<div class=\"elementor-element elementor-element-af213c0 elementor-widget elementor-widget-image\" data-id=\"af213c0\" data-element_type=\"widget\" data-e-type=\"widget\" data-widget_type=\"image.default\">\n\t\t\t\t<div class=\"elementor-widget-container\">\n\t\t\t\t\t\t\t\t\t\t\t\t\t\t\t\t<a href=\"https:\/\/optio.ruhr-uni-bochum.de\/?page_id=472\">\n\t\t\t\t\t\t\t<img decoding=\"async\" width=\"750\" height=\"750\" src=\"https:\/\/optio.ruhr-uni-bochum.de\/wp-content\/uploads\/2022\/01\/7Zeichenflaeche-1.png\" class=\"attachment-large size-large wp-image-3631\" alt=\"\" srcset=\"https:\/\/optio.ruhr-uni-bochum.de\/wp-content\/uploads\/2022\/01\/7Zeichenflaeche-1.png 1000w, https:\/\/optio.ruhr-uni-bochum.de\/wp-content\/uploads\/2022\/01\/7Zeichenflaeche-1-300x300.png 300w, https:\/\/optio.ruhr-uni-bochum.de\/wp-content\/uploads\/2022\/01\/7Zeichenflaeche-1-150x150.png 150w, https:\/\/optio.ruhr-uni-bochum.de\/wp-content\/uploads\/2022\/01\/7Zeichenflaeche-1-768x768.png 768w\" sizes=\"(max-width: 750px) 100vw, 750px\" \/>\t\t\t\t\t\t\t\t<\/a>\n\t\t\t\t\t\t\t\t\t\t\t\t\t\t\t<\/div>\n\t\t\t\t<\/div>\n\t\t\t\t<div class=\"elementor-element elementor-element-a26ba91 elementor-widget elementor-widget-text-editor\" data-id=\"a26ba91\" data-element_type=\"widget\" data-e-type=\"widget\" data-widget_type=\"text-editor.default\">\n\t\t\t\t<div class=\"elementor-widget-container\">\n\t\t\t\t\t\t\t\t\t<p>Das Profil Forschung leistet eine enge Verzahnung von Lehre und Forschung. Es f\u00f6rdert Studierende durch forschungsbezogene Module bis hin zur Einbindung in aktuelle Forschungsprojekte. Ge\u00fcbt wird die kritische Auseinandersetzung mit Wissensbest\u00e4nden; trainiert der Einsatz wissenschaftlicher Methoden des eigenen Fachs; geschult das grunds\u00e4tzliche Verst\u00e4ndnis von Forschung.<\/p>\t\t\t\t\t\t\t\t<\/div>\n\t\t\t\t<\/div>\n\t\t\t\t\t<\/div>\n\t\t<\/div>\n\t\t\t\t<div class=\"elementor-column elementor-col-25 elementor-top-column elementor-element elementor-element-ed9eefc\" data-id=\"ed9eefc\" data-element_type=\"column\" data-e-type=\"column\" data-settings=\"{&quot;background_background&quot;:&quot;classic&quot;}\">\n\t\t\t<div class=\"elementor-widget-wrap elementor-element-populated\">\n\t\t\t\t\t\t<div class=\"elementor-element elementor-element-c4da493 elementor-widget elementor-widget-image\" data-id=\"c4da493\" data-element_type=\"widget\" data-e-type=\"widget\" data-widget_type=\"image.default\">\n\t\t\t\t<div class=\"elementor-widget-container\">\n\t\t\t\t\t\t\t\t\t\t\t\t\t\t\t\t<a href=\"https:\/\/optio.ruhr-uni-bochum.de\/?page_id=482\">\n\t\t\t\t\t\t\t<img loading=\"lazy\" decoding=\"async\" width=\"750\" height=\"750\" src=\"https:\/\/optio.ruhr-uni-bochum.de\/wp-content\/uploads\/2022\/01\/8Zeichenflaeche-1.png\" class=\"attachment-large size-large wp-image-3632\" alt=\"\" srcset=\"https:\/\/optio.ruhr-uni-bochum.de\/wp-content\/uploads\/2022\/01\/8Zeichenflaeche-1.png 1000w, https:\/\/optio.ruhr-uni-bochum.de\/wp-content\/uploads\/2022\/01\/8Zeichenflaeche-1-300x300.png 300w, https:\/\/optio.ruhr-uni-bochum.de\/wp-content\/uploads\/2022\/01\/8Zeichenflaeche-1-150x150.png 150w, https:\/\/optio.ruhr-uni-bochum.de\/wp-content\/uploads\/2022\/01\/8Zeichenflaeche-1-768x768.png 768w\" sizes=\"(max-width: 750px) 100vw, 750px\" \/>\t\t\t\t\t\t\t\t<\/a>\n\t\t\t\t\t\t\t\t\t\t\t\t\t\t\t<\/div>\n\t\t\t\t<\/div>\n\t\t\t\t<div class=\"elementor-element elementor-element-bb84592 elementor-widget elementor-widget-text-editor\" data-id=\"bb84592\" data-element_type=\"widget\" data-e-type=\"widget\" data-widget_type=\"text-editor.default\">\n\t\t\t\t<div class=\"elementor-widget-container\">\n\t\t\t\t\t\t\t\t\t<p>Das Profil Freie Studien richtet sich an Studierende, die individuelle Vorstellungen vom Lernen im Optionalbereich haben und diese nicht in den weiteren Profilen abgebildet sehen. Alle im Optionalbereich angebotenen Module geh\u00f6ren diesem Profil an. Es k\u00f6nnen u.a. wissenschaftliche, interkulturelle, technische, interdisziplin\u00e4re, praktische und k\u00fcnstlerische Kompetenzen erworben werden.<\/p>\t\t\t\t\t\t\t\t<\/div>\n\t\t\t\t<\/div>\n\t\t\t\t\t<\/div>\n\t\t<\/div>\n\t\t\t\t<div class=\"elementor-column elementor-col-25 elementor-top-column elementor-element elementor-element-d368200\" data-id=\"d368200\" data-element_type=\"column\" data-e-type=\"column\">\n\t\t\t<div class=\"elementor-widget-wrap\">\n\t\t\t\t\t\t\t<\/div>\n\t\t<\/div>\n\t\t\t\t\t<\/div>\n\t\t<\/section>\n\t\t\t\t<section class=\"elementor-section elementor-top-section elementor-element elementor-element-1761297 elementor-hidden-desktop elementor-hidden-tablet elementor-section-boxed elementor-section-height-default elementor-section-height-default\" data-id=\"1761297\" data-element_type=\"section\" data-e-type=\"section\" data-settings=\"{&quot;_ha_eqh_enable&quot;:false}\">\n\t\t\t\t\t\t<div class=\"elementor-container elementor-column-gap-default\">\n\t\t\t\t\t<div class=\"elementor-column elementor-col-25 elementor-top-column elementor-element elementor-element-3c1f6f1\" data-id=\"3c1f6f1\" data-element_type=\"column\" data-e-type=\"column\">\n\t\t\t<div class=\"elementor-widget-wrap\">\n\t\t\t\t\t\t\t<\/div>\n\t\t<\/div>\n\t\t\t\t<div class=\"elementor-column elementor-col-25 elementor-top-column elementor-element elementor-element-efcd81f\" data-id=\"efcd81f\" data-element_type=\"column\" data-e-type=\"column\" data-settings=\"{&quot;background_background&quot;:&quot;classic&quot;}\">\n\t\t\t<div class=\"elementor-widget-wrap elementor-element-populated\">\n\t\t\t\t\t\t<div class=\"elementor-element elementor-element-25fe034 elementor-widget elementor-widget-image\" data-id=\"25fe034\" data-element_type=\"widget\" data-e-type=\"widget\" data-widget_type=\"image.default\">\n\t\t\t\t<div class=\"elementor-widget-container\">\n\t\t\t\t\t\t\t\t\t\t\t\t\t\t\t\t<a href=\"https:\/\/optio.ruhr-uni-bochum.de\/?page_id=468\">\n\t\t\t\t\t\t\t<img loading=\"lazy\" decoding=\"async\" width=\"750\" height=\"750\" src=\"https:\/\/optio.ruhr-uni-bochum.de\/wp-content\/uploads\/2022\/01\/4Zeichenflaeche-1.png\" class=\"attachment-large size-large wp-image-3628\" alt=\"\" srcset=\"https:\/\/optio.ruhr-uni-bochum.de\/wp-content\/uploads\/2022\/01\/4Zeichenflaeche-1.png 1000w, https:\/\/optio.ruhr-uni-bochum.de\/wp-content\/uploads\/2022\/01\/4Zeichenflaeche-1-300x300.png 300w, https:\/\/optio.ruhr-uni-bochum.de\/wp-content\/uploads\/2022\/01\/4Zeichenflaeche-1-150x150.png 150w, https:\/\/optio.ruhr-uni-bochum.de\/wp-content\/uploads\/2022\/01\/4Zeichenflaeche-1-768x768.png 768w\" sizes=\"(max-width: 750px) 100vw, 750px\" \/>\t\t\t\t\t\t\t\t<\/a>\n\t\t\t\t\t\t\t\t\t\t\t\t\t\t\t<\/div>\n\t\t\t\t<\/div>\n\t\t\t\t<div class=\"elementor-element elementor-element-2ac0b06 elementor-widget elementor-widget-text-editor\" data-id=\"2ac0b06\" data-element_type=\"widget\" data-e-type=\"widget\" data-widget_type=\"text-editor.default\">\n\t\t\t\t<div class=\"elementor-widget-container\">\n\t\t\t\t\t\t\t\t\t<p>Das Profil Praxis richtet sich an Studierende, die nach dem B.A.-Abschluss au\u00dferhalb der Universit\u00e4t arbeiten m\u00f6chten. Zum Profil geh\u00f6ren Praktika im In- oder Ausland, die im Umfang von 10 CP zu erbringen sind. Sie dienen dazu, im Fachstudium und in weiteren Modulen des Optionalbereichs erworbene Schl\u00fcs-selkompetenzen wie z.B. selbstst\u00e4ndiges Arbeiten, Zuverl\u00e4ssigkeit, Kommunikations- und Teamf\u00e4higkeit anzuwenden und weiter auszubilden.<\/p>\t\t\t\t\t\t\t\t<\/div>\n\t\t\t\t<\/div>\n\t\t\t\t\t<\/div>\n\t\t<\/div>\n\t\t\t\t<div class=\"elementor-column elementor-col-25 elementor-top-column elementor-element elementor-element-a817b98\" data-id=\"a817b98\" data-element_type=\"column\" data-e-type=\"column\" data-settings=\"{&quot;background_background&quot;:&quot;classic&quot;}\">\n\t\t\t<div class=\"elementor-widget-wrap elementor-element-populated\">\n\t\t\t\t\t\t<div class=\"elementor-element elementor-element-ca0d977 elementor-widget elementor-widget-image\" data-id=\"ca0d977\" data-element_type=\"widget\" data-e-type=\"widget\" data-widget_type=\"image.default\">\n\t\t\t\t<div class=\"elementor-widget-container\">\n\t\t\t\t\t\t\t\t\t\t\t\t\t\t\t\t<a href=\"https:\/\/optio.ruhr-uni-bochum.de\/?page_id=476\">\n\t\t\t\t\t\t\t<img loading=\"lazy\" decoding=\"async\" width=\"750\" height=\"750\" src=\"https:\/\/optio.ruhr-uni-bochum.de\/wp-content\/uploads\/2022\/01\/3Zeichenflaeche-1.png\" class=\"attachment-large size-large wp-image-3627\" alt=\"\" srcset=\"https:\/\/optio.ruhr-uni-bochum.de\/wp-content\/uploads\/2022\/01\/3Zeichenflaeche-1.png 1000w, https:\/\/optio.ruhr-uni-bochum.de\/wp-content\/uploads\/2022\/01\/3Zeichenflaeche-1-300x300.png 300w, https:\/\/optio.ruhr-uni-bochum.de\/wp-content\/uploads\/2022\/01\/3Zeichenflaeche-1-150x150.png 150w, https:\/\/optio.ruhr-uni-bochum.de\/wp-content\/uploads\/2022\/01\/3Zeichenflaeche-1-768x768.png 768w\" sizes=\"(max-width: 750px) 100vw, 750px\" \/>\t\t\t\t\t\t\t\t<\/a>\n\t\t\t\t\t\t\t\t\t\t\t\t\t\t\t<\/div>\n\t\t\t\t<\/div>\n\t\t\t\t<div class=\"elementor-element elementor-element-dd54502 elementor-widget elementor-widget-text-editor\" data-id=\"dd54502\" data-element_type=\"widget\" data-e-type=\"widget\" data-widget_type=\"text-editor.default\">\n\t\t\t\t<div class=\"elementor-widget-container\">\n\t\t\t\t\t\t\t\t\t<p>Das Profil Sprachen betont die Bedeutung von Mehrsprachigkeit als Voraussetzung f\u00fcr den internationalen akademischen Austausch, die interkulturelle Zusammenarbeit und Mobilit\u00e4t. Das Profil bietet die M\u00f6glichkeit, neue Sprachen zu lernen, vorhandene Kenntnisse zu vertiefen oder einen st\u00e4rkeren Fach- und Berufsbezug anzustreben, z.B. in den Bereichen Wirtschaft, Medien, Recht.<\/p>\t\t\t\t\t\t\t\t<\/div>\n\t\t\t\t<\/div>\n\t\t\t\t\t<\/div>\n\t\t<\/div>\n\t\t\t\t<div class=\"elementor-column elementor-col-25 elementor-top-column elementor-element elementor-element-d300d66\" data-id=\"d300d66\" data-element_type=\"column\" data-e-type=\"column\">\n\t\t\t<div class=\"elementor-widget-wrap\">\n\t\t\t\t\t\t\t<\/div>\n\t\t<\/div>\n\t\t\t\t\t<\/div>\n\t\t<\/section>\n\t\t\t\t<section class=\"elementor-section elementor-top-section elementor-element elementor-element-008a101 elementor-hidden-desktop elementor-hidden-tablet elementor-section-boxed elementor-section-height-default elementor-section-height-default\" data-id=\"008a101\" data-element_type=\"section\" data-e-type=\"section\" data-settings=\"{&quot;_ha_eqh_enable&quot;:false}\">\n\t\t\t\t\t\t<div class=\"elementor-container elementor-column-gap-default\">\n\t\t\t\t\t<div class=\"elementor-column elementor-col-25 elementor-top-column elementor-element elementor-element-2ab928e\" data-id=\"2ab928e\" data-element_type=\"column\" data-e-type=\"column\">\n\t\t\t<div class=\"elementor-widget-wrap\">\n\t\t\t\t\t\t\t<\/div>\n\t\t<\/div>\n\t\t\t\t<div class=\"elementor-column elementor-col-25 elementor-top-column elementor-element elementor-element-365375a\" data-id=\"365375a\" data-element_type=\"column\" data-e-type=\"column\" data-settings=\"{&quot;background_background&quot;:&quot;classic&quot;}\">\n\t\t\t<div class=\"elementor-widget-wrap elementor-element-populated\">\n\t\t\t\t\t\t<div class=\"elementor-element elementor-element-87b3b10 elementor-widget elementor-widget-image\" data-id=\"87b3b10\" data-element_type=\"widget\" data-e-type=\"widget\" data-widget_type=\"image.default\">\n\t\t\t\t<div class=\"elementor-widget-container\">\n\t\t\t\t\t\t\t\t\t\t\t\t\t\t\t\t<a href=\"https:\/\/optio.ruhr-uni-bochum.de\/?page_id=478\">\n\t\t\t\t\t\t\t<img loading=\"lazy\" decoding=\"async\" width=\"750\" height=\"750\" src=\"https:\/\/optio.ruhr-uni-bochum.de\/wp-content\/uploads\/2022\/01\/5Zeichenflaeche-1.png\" class=\"attachment-large size-large wp-image-3629\" alt=\"\" srcset=\"https:\/\/optio.ruhr-uni-bochum.de\/wp-content\/uploads\/2022\/01\/5Zeichenflaeche-1.png 1000w, https:\/\/optio.ruhr-uni-bochum.de\/wp-content\/uploads\/2022\/01\/5Zeichenflaeche-1-300x300.png 300w, https:\/\/optio.ruhr-uni-bochum.de\/wp-content\/uploads\/2022\/01\/5Zeichenflaeche-1-150x150.png 150w, https:\/\/optio.ruhr-uni-bochum.de\/wp-content\/uploads\/2022\/01\/5Zeichenflaeche-1-768x768.png 768w\" sizes=\"(max-width: 750px) 100vw, 750px\" \/>\t\t\t\t\t\t\t\t<\/a>\n\t\t\t\t\t\t\t\t\t\t\t\t\t\t\t<\/div>\n\t\t\t\t<\/div>\n\t\t\t\t<div class=\"elementor-element elementor-element-6b3a87b elementor-widget elementor-widget-text-editor\" data-id=\"6b3a87b\" data-element_type=\"widget\" data-e-type=\"widget\" data-widget_type=\"text-editor.default\">\n\t\t\t\t<div class=\"elementor-widget-container\">\n\t\t\t\t\t\t\t\t\tIm Profil International sind mindestens 10 CP im Ausland zu erbringen. Es er\u00f6ffnet einen direkten und aktiven Zugang zu kulturellen, gesellschaftlichen, politischen, philosophischen, religi\u00f6sen oder wirtschaftlichen Inhalten auf internationaler Ebene. In diesem Profil werden zudem Sprach- und Kommunikationsf\u00e4higkeiten geschult und kulturelle Kompetenzen erworben.\t\t\t\t\t\t\t\t<\/div>\n\t\t\t\t<\/div>\n\t\t\t\t\t<\/div>\n\t\t<\/div>\n\t\t\t\t<div class=\"elementor-column elementor-col-25 elementor-top-column elementor-element elementor-element-619631a\" data-id=\"619631a\" data-element_type=\"column\" data-e-type=\"column\" data-settings=\"{&quot;background_background&quot;:&quot;classic&quot;}\">\n\t\t\t<div class=\"elementor-widget-wrap elementor-element-populated\">\n\t\t\t\t\t\t<div class=\"elementor-element elementor-element-e41ec6b elementor-widget elementor-widget-image\" data-id=\"e41ec6b\" data-element_type=\"widget\" data-e-type=\"widget\" data-widget_type=\"image.default\">\n\t\t\t\t<div class=\"elementor-widget-container\">\n\t\t\t\t\t\t\t\t\t\t\t\t\t\t\t\t<a href=\"https:\/\/optio.ruhr-uni-bochum.de\/?page_id=480\">\n\t\t\t\t\t\t\t<img loading=\"lazy\" decoding=\"async\" width=\"750\" height=\"750\" src=\"https:\/\/optio.ruhr-uni-bochum.de\/wp-content\/uploads\/2022\/01\/2Zeichenflaeche-1.png\" class=\"attachment-large size-large wp-image-3626\" alt=\"\" srcset=\"https:\/\/optio.ruhr-uni-bochum.de\/wp-content\/uploads\/2022\/01\/2Zeichenflaeche-1.png 1000w, https:\/\/optio.ruhr-uni-bochum.de\/wp-content\/uploads\/2022\/01\/2Zeichenflaeche-1-300x300.png 300w, https:\/\/optio.ruhr-uni-bochum.de\/wp-content\/uploads\/2022\/01\/2Zeichenflaeche-1-150x150.png 150w, https:\/\/optio.ruhr-uni-bochum.de\/wp-content\/uploads\/2022\/01\/2Zeichenflaeche-1-768x768.png 768w\" sizes=\"(max-width: 750px) 100vw, 750px\" \/>\t\t\t\t\t\t\t\t<\/a>\n\t\t\t\t\t\t\t\t\t\t\t\t\t\t\t<\/div>\n\t\t\t\t<\/div>\n\t\t\t\t<div class=\"elementor-element elementor-element-724ee45 elementor-widget elementor-widget-text-editor\" data-id=\"724ee45\" data-element_type=\"widget\" data-e-type=\"widget\" data-widget_type=\"text-editor.default\">\n\t\t\t\t<div class=\"elementor-widget-container\">\n\t\t\t\t\t\t\t\t\t<p>Das Profil Wissensvermittlung fokussiert auf F\u00e4higkeiten und Fertigkeiten, die in der Erwachsenenbildung, der Hochschullehre oder der beruflichen Bildung wichtig sind. In den Modulen werden didaktische, kommunikative und soziale Kompetenzen vermittelt, die in schulischen wie au\u00dferschulischen Bereichen angewendet werden k\u00f6nnen, aber auch dazu beitragen, professionelles Handeln kritisch zu entwickeln und zu reflektieren.<\/p>\t\t\t\t\t\t\t\t<\/div>\n\t\t\t\t<\/div>\n\t\t\t\t\t<\/div>\n\t\t<\/div>\n\t\t\t\t<div class=\"elementor-column elementor-col-25 elementor-top-column elementor-element elementor-element-f1f3747\" data-id=\"f1f3747\" data-element_type=\"column\" data-e-type=\"column\">\n\t\t\t<div class=\"elementor-widget-wrap\">\n\t\t\t\t\t\t\t<\/div>\n\t\t<\/div>\n\t\t\t\t\t<\/div>\n\t\t<\/section>\n\t\t\t\t<section class=\"elementor-section elementor-top-section elementor-element elementor-element-85c55c2 elementor-section-boxed elementor-section-height-default elementor-section-height-default\" data-id=\"85c55c2\" data-element_type=\"section\" data-e-type=\"section\" data-settings=\"{&quot;_ha_eqh_enable&quot;:false}\">\n\t\t\t\t\t\t<div class=\"elementor-container elementor-column-gap-default\">\n\t\t\t\t\t<div class=\"elementor-column elementor-col-100 elementor-top-column elementor-element elementor-element-4bfd462\" data-id=\"4bfd462\" data-element_type=\"column\" data-e-type=\"column\">\n\t\t\t<div class=\"elementor-widget-wrap elementor-element-populated\">\n\t\t\t\t\t\t<div class=\"elementor-element elementor-element-d564f11 elementor-widget elementor-widget-spacer\" data-id=\"d564f11\" data-element_type=\"widget\" data-e-type=\"widget\" data-widget_type=\"spacer.default\">\n\t\t\t\t<div class=\"elementor-widget-container\">\n\t\t\t\t\t\t\t<div class=\"elementor-spacer\">\n\t\t\t<div class=\"elementor-spacer-inner\"><\/div>\n\t\t<\/div>\n\t\t\t\t\t\t<\/div>\n\t\t\t\t<\/div>\n\t\t\t\t\t<\/div>\n\t\t<\/div>\n\t\t\t\t\t<\/div>\n\t\t<\/section>\n\t\t\t\t<\/div>\n\t\t","protected":false},"excerpt":{"rendered":"<p>Profile Profilbildung im Optionalbereich Mit der Aufnahme eines 2-F\u00e4cher-B.A.-Studiums an der Ruhr-Universit\u00e4t ist der Optionalbereich integraler Bestandteil Ihres Studiums. In einem der derzeit acht Profile besuchen Sie Module und erwerben Kompetenzen, die auf wissenschaftlichem Niveau Ihre individuelle Profilbildung unterst\u00fctzen und Ihre berufliche Orientierung f\u00f6rdern. Hover over meTooltip text Profil, das [&hellip;]<\/p>\n","protected":false},"author":1,"featured_media":0,"parent":0,"menu_order":0,"comment_status":"closed","ping_status":"closed","template":"","meta":{"_themeisle_gutenberg_block_has_review":false,"footnotes":""},"class_list":["post-58","page","type-page","status-publish","hentry"],"_links":{"self":[{"href":"https:\/\/optio.ruhr-uni-bochum.de\/index.php\/wp-json\/wp\/v2\/pages\/58","targetHints":{"allow":["GET"]}}],"collection":[{"href":"https:\/\/optio.ruhr-uni-bochum.de\/index.php\/wp-json\/wp\/v2\/pages"}],"about":[{"href":"https:\/\/optio.ruhr-uni-bochum.de\/index.php\/wp-json\/wp\/v2\/types\/page"}],"author":[{"embeddable":true,"href":"https:\/\/optio.ruhr-uni-bochum.de\/index.php\/wp-json\/wp\/v2\/users\/1"}],"replies":[{"embeddable":true,"href":"https:\/\/optio.ruhr-uni-bochum.de\/index.php\/wp-json\/wp\/v2\/comments?post=58"}],"version-history":[{"count":226,"href":"https:\/\/optio.ruhr-uni-bochum.de\/index.php\/wp-json\/wp\/v2\/pages\/58\/revisions"}],"predecessor-version":[{"id":13266,"href":"https:\/\/optio.ruhr-uni-bochum.de\/index.php\/wp-json\/wp\/v2\/pages\/58\/revisions\/13266"}],"wp:attachment":[{"href":"https:\/\/optio.ruhr-uni-bochum.de\/index.php\/wp-json\/wp\/v2\/media?parent=58"}],"curies":[{"name":"wp","href":"https:\/\/api.w.org\/{rel}","templated":true}]}}