{"id":6321,"date":"2022-07-26T10:54:24","date_gmt":"2022-07-26T08:54:24","guid":{"rendered":"https:\/\/optio.ruhr-uni-bochum.de\/?page_id=6321"},"modified":"2022-07-26T11:04:16","modified_gmt":"2022-07-26T09:04:16","slug":"elementor-6321","status":"publish","type":"page","link":"https:\/\/optio.ruhr-uni-bochum.de\/index.php\/elementor-6321\/","title":{"rendered":"Gebiet 4"},"content":{"rendered":"\t\t<div data-elementor-type=\"wp-page\" data-elementor-id=\"6321\" class=\"elementor elementor-6321\" data-elementor-settings=\"{&quot;ha_cmc_init_switcher&quot;:&quot;no&quot;}\" data-elementor-post-type=\"page\">\n\t\t\t\t\t\t<section class=\"elementor-section elementor-top-section elementor-element elementor-element-21274ae elementor-section-full_width elementor-section-height-min-height elementor-section-items-stretch elementor-section-content-bottom elementor-section-height-default\" data-id=\"21274ae\" data-element_type=\"section\" data-e-type=\"section\" data-settings=\"{&quot;_ha_eqh_enable&quot;:false}\">\n\t\t\t\t\t\t<div class=\"elementor-container elementor-column-gap-no\">\n\t\t\t\t\t<div class=\"elementor-column elementor-col-50 elementor-top-column elementor-element elementor-element-090c80b\" data-id=\"090c80b\" data-element_type=\"column\" data-e-type=\"column\" data-settings=\"{&quot;background_background&quot;:&quot;classic&quot;}\">\n\t\t\t<div class=\"elementor-widget-wrap elementor-element-populated\">\n\t\t\t\t\t\t<div class=\"elementor-element elementor-element-5965286 elementor-widget elementor-widget-heading\" data-id=\"5965286\" data-element_type=\"widget\" data-e-type=\"widget\" data-widget_type=\"heading.default\">\n\t\t\t\t<div class=\"elementor-widget-container\">\n\t\t\t\t\t<h1 class=\"elementor-heading-title elementor-size-default\">Gebiet 4<\/h1>\t\t\t\t<\/div>\n\t\t\t\t<\/div>\n\t\t\t\t<div class=\"elementor-element elementor-element-26a1e3f elementor-widget elementor-widget-heading\" data-id=\"26a1e3f\" data-element_type=\"widget\" data-e-type=\"widget\" data-widget_type=\"heading.default\">\n\t\t\t\t<div class=\"elementor-widget-container\">\n\t\t\t\t\t<h6 class=\"elementor-heading-title elementor-size-default\">Hier finden Sie die genehmigten Module, die der Optionalbereich in den vergangenen Semestern anbot.<\/h6>\t\t\t\t<\/div>\n\t\t\t\t<\/div>\n\t\t\t\t\t<\/div>\n\t\t<\/div>\n\t\t\t\t<div class=\"elementor-column elementor-col-50 elementor-top-column elementor-element elementor-element-c21bf0f\" data-id=\"c21bf0f\" data-element_type=\"column\" data-e-type=\"column\">\n\t\t\t<div class=\"elementor-widget-wrap\">\n\t\t\t\t\t\t\t<\/div>\n\t\t<\/div>\n\t\t\t\t\t<\/div>\n\t\t<\/section>\n\t\t\t\t<section class=\"elementor-section elementor-top-section elementor-element elementor-element-254ea42 elementor-section-boxed elementor-section-height-default elementor-section-height-default\" data-id=\"254ea42\" data-element_type=\"section\" data-e-type=\"section\" data-settings=\"{&quot;_ha_eqh_enable&quot;:false}\">\n\t\t\t\t\t\t<div class=\"elementor-container elementor-column-gap-default\">\n\t\t\t\t\t<div class=\"elementor-column elementor-col-100 elementor-top-column elementor-element elementor-element-adb19c0\" data-id=\"adb19c0\" data-element_type=\"column\" data-e-type=\"column\">\n\t\t\t<div class=\"elementor-widget-wrap elementor-element-populated\">\n\t\t\t\t\t\t<div class=\"elementor-element elementor-element-2331b3f elementor-widget elementor-widget-spacer\" data-id=\"2331b3f\" data-element_type=\"widget\" data-e-type=\"widget\" data-widget_type=\"spacer.default\">\n\t\t\t\t<div class=\"elementor-widget-container\">\n\t\t\t\t\t\t\t<div class=\"elementor-spacer\">\n\t\t\t<div class=\"elementor-spacer-inner\"><\/div>\n\t\t<\/div>\n\t\t\t\t\t\t<\/div>\n\t\t\t\t<\/div>\n\t\t\t\t<div class=\"elementor-element elementor-element-576ff4a elementor-widget elementor-widget-accordion\" data-id=\"576ff4a\" data-element_type=\"widget\" data-e-type=\"widget\" data-widget_type=\"accordion.default\">\n\t\t\t\t<div class=\"elementor-widget-container\">\n\t\t\t\t\t\t\t<div class=\"elementor-accordion\">\n\t\t\t\t\t\t\t<div class=\"elementor-accordion-item\">\n\t\t\t\t\t<div id=\"elementor-tab-title-9161\" class=\"elementor-tab-title\" data-tab=\"1\" role=\"button\" aria-controls=\"elementor-tab-content-9161\" aria-expanded=\"false\">\n\t\t\t\t\t\t\t\t\t\t\t\t\t<span class=\"elementor-accordion-icon elementor-accordion-icon-left\" aria-hidden=\"true\">\n\t\t\t\t\t\t\t\t\t\t\t\t\t\t\t<span class=\"elementor-accordion-icon-closed\"><i class=\"fas fa-plus\"><\/i><\/span>\n\t\t\t\t\t\t\t\t<span class=\"elementor-accordion-icon-opened\"><i class=\"fas fa-minus\"><\/i><\/span>\n\t\t\t\t\t\t\t\t\t\t\t\t\t\t<\/span>\n\t\t\t\t\t\t\t\t\t\t\t\t<a class=\"elementor-accordion-title\" tabindex=\"0\">Aktuellere Module<\/a>\n\t\t\t\t\t<\/div>\n\t\t\t\t\t<div id=\"elementor-tab-content-9161\" class=\"elementor-tab-content elementor-clearfix\" data-tab=\"1\" role=\"region\" aria-labelledby=\"elementor-tab-title-9161\"><p>Alle Module, die nach dem SoSe 2020 im Optionalbereich angeboten wurden, finden Sie in unserer <a href=\"https:\/\/module.optio.ruhr-uni-bochum.de\/modules\" target=\"_blank\" rel=\"noopener\">Modulsuchmaschine<\/a>.<\/p><\/div>\n\t\t\t\t<\/div>\n\t\t\t\t\t\t\t<div class=\"elementor-accordion-item\">\n\t\t\t\t\t<div id=\"elementor-tab-title-9162\" class=\"elementor-tab-title\" data-tab=\"2\" role=\"button\" aria-controls=\"elementor-tab-content-9162\" aria-expanded=\"false\">\n\t\t\t\t\t\t\t\t\t\t\t\t\t<span class=\"elementor-accordion-icon elementor-accordion-icon-left\" aria-hidden=\"true\">\n\t\t\t\t\t\t\t\t\t\t\t\t\t\t\t<span class=\"elementor-accordion-icon-closed\"><i class=\"fas fa-plus\"><\/i><\/span>\n\t\t\t\t\t\t\t\t<span class=\"elementor-accordion-icon-opened\"><i class=\"fas fa-minus\"><\/i><\/span>\n\t\t\t\t\t\t\t\t\t\t\t\t\t\t<\/span>\n\t\t\t\t\t\t\t\t\t\t\t\t<a class=\"elementor-accordion-title\" tabindex=\"0\">SoSe 2020<\/a>\n\t\t\t\t\t<\/div>\n\t\t\t\t\t<div id=\"elementor-tab-content-9162\" class=\"elementor-tab-content elementor-clearfix\" data-tab=\"2\" role=\"region\" aria-labelledby=\"elementor-tab-title-9162\"><p>Hier finden Sie die <a href=\"https:\/\/optio.ruhr-uni-bochum.de\/wp-content\/uploads\/2022\/07\/Geb4SoSe20.pdf\" target=\"_blank\" rel=\"noopener\">PDF<\/a> mit den genehmigten Modulen des SoSe 2020 in Gebiet 4.<\/p><\/div>\n\t\t\t\t<\/div>\n\t\t\t\t\t\t\t<div class=\"elementor-accordion-item\">\n\t\t\t\t\t<div id=\"elementor-tab-title-9163\" class=\"elementor-tab-title\" data-tab=\"3\" role=\"button\" aria-controls=\"elementor-tab-content-9163\" aria-expanded=\"false\">\n\t\t\t\t\t\t\t\t\t\t\t\t\t<span class=\"elementor-accordion-icon elementor-accordion-icon-left\" aria-hidden=\"true\">\n\t\t\t\t\t\t\t\t\t\t\t\t\t\t\t<span class=\"elementor-accordion-icon-closed\"><i class=\"fas fa-plus\"><\/i><\/span>\n\t\t\t\t\t\t\t\t<span class=\"elementor-accordion-icon-opened\"><i class=\"fas fa-minus\"><\/i><\/span>\n\t\t\t\t\t\t\t\t\t\t\t\t\t\t<\/span>\n\t\t\t\t\t\t\t\t\t\t\t\t<a class=\"elementor-accordion-title\" tabindex=\"0\">WS 2019\/20<\/a>\n\t\t\t\t\t<\/div>\n\t\t\t\t\t<div id=\"elementor-tab-content-9163\" class=\"elementor-tab-content elementor-clearfix\" data-tab=\"3\" role=\"region\" aria-labelledby=\"elementor-tab-title-9163\"><p>Hier finden Sie die <a href=\"https:\/\/optio.ruhr-uni-bochum.de\/wp-content\/uploads\/2022\/07\/Geb4WS1920.pdf\" target=\"_blank\" rel=\"noopener\">PDF<\/a> mit den genehmigten Modulen des WS 2019\/20 in Gebiet 4.<\/p><\/div>\n\t\t\t\t<\/div>\n\t\t\t\t\t\t\t<div class=\"elementor-accordion-item\">\n\t\t\t\t\t<div id=\"elementor-tab-title-9164\" class=\"elementor-tab-title\" data-tab=\"4\" role=\"button\" aria-controls=\"elementor-tab-content-9164\" aria-expanded=\"false\">\n\t\t\t\t\t\t\t\t\t\t\t\t\t<span class=\"elementor-accordion-icon elementor-accordion-icon-left\" aria-hidden=\"true\">\n\t\t\t\t\t\t\t\t\t\t\t\t\t\t\t<span class=\"elementor-accordion-icon-closed\"><i class=\"fas fa-plus\"><\/i><\/span>\n\t\t\t\t\t\t\t\t<span class=\"elementor-accordion-icon-opened\"><i class=\"fas fa-minus\"><\/i><\/span>\n\t\t\t\t\t\t\t\t\t\t\t\t\t\t<\/span>\n\t\t\t\t\t\t\t\t\t\t\t\t<a class=\"elementor-accordion-title\" tabindex=\"0\">SoSe 2019<\/a>\n\t\t\t\t\t<\/div>\n\t\t\t\t\t<div id=\"elementor-tab-content-9164\" class=\"elementor-tab-content elementor-clearfix\" data-tab=\"4\" role=\"region\" aria-labelledby=\"elementor-tab-title-9164\"><p>Allgemeine &amp; vergleichende Literaturwissenschaft<\/p><p><\/p><p><a href=\"https:\/\/vvz.ruhr-uni-bochum.de\/campus\/all\/module.asp?gguid=0xFAA85D5584354892A938AADE7BBE8036&amp;fieldgguid=&amp;findmodule=Goethe&amp;tguid=0x087BAEBB97CE4AFFAC06DEF51A4FDB0C&amp;strSignMessage=\">Campus<\/a><\/p><p>Goethe &#8211; komparatistisch (5 CP)<\/p><p>Teil 1: Goethe komparatistisch (Vorlesung), SoSe 2019<\/p><p>Teil 2: Goethes \u201eWest-\u00f6stlicher Divan\u201c (Seminar), SoSe 2019<\/p><p>Studierende der Komparatistik k\u00f6nnen in diesem Modul keine CP f\u00fcr den Optionalbereich erwerben.<\/p><p>Anglistik\/Amerikanistik<\/p><p><\/p><p><a href=\"https:\/\/vvz.ruhr-uni-bochum.de\/campus\/all\/module.asp?gguid=0xBADAF84B394643439EC1FD4A198751F1&amp;fieldgguid=&amp;findmodule=Play&amp;tguid=0x087BAEBB97CE4AFFAC06DEF51A4FDB0C&amp;strSignMessage=\">Campus<\/a><\/p><p>Play\/With\/Brexit (5 CP)<\/p><p>Teil 1: Performing Politics: Europe (Seminar), SoSe 2019<\/p><p>Teil 2: You&#8217;re out! We&#8217;re out? &#8211; Writing and Performing the Brexit (\u00dcbung), SoSe 2019<\/p><p>Arch\u00e4ologische Wissenschaften<\/p><p><\/p><p><a href=\"https:\/\/vvz.ruhr-uni-bochum.de\/campus\/all\/module.asp?gguid=0xA940F79CFEBE4F14AA4317F0C849B4AB&amp;fieldgguid=&amp;findmodule=Einbli&amp;tguid=0x087BAEBB97CE4AFFAC06DEF51A4FDB0C&amp;strSignMessage=\">Campus<\/a><\/p><p>Einblick in die Arch\u00e4ologie (5 CP)<\/p><p>Teil 1: Neue Funde und Forschungen (Kolloquium), SoSe 2019<\/p><p>Teil 2: Einf\u00fchrung in Arch\u00e4ologische Wissenschaften (Vorlesung), SoSe 2019<\/p><p>Studierende der Arch\u00e4ologie k\u00f6nnen nur dann teilnehmen, wenn kein Modulteil Gegenstand des Fachstudiums ist. Studierende, die bereits einen der Modulteile im Rahmen eines anderen Moduls belegen oder belegt haben, k\u00f6nnen in diesem Modul keine CP f\u00fcr den Optionalbereich erwerben.<\/p><p><\/p><p><a href=\"https:\/\/vvz.ruhr-uni-bochum.de\/campus\/all\/module.asp?gguid=0x061E9646612E449D99A4E043E3F515DB&amp;fieldgguid=&amp;findmodule=Arch%E4ologie&amp;tguid=0x087BAEBB97CE4AFFAC06DEF51A4FDB0C&amp;strSignMessage=\">Campus<\/a><\/p><p>Arch\u00e4ologie und Politik (5 CP)<\/p><p>Teil 1: Neue Funde und Forschungen (Kolloquium), SoSe 2019<\/p><p>Teil 2: Ausgrabungen als Politikum: Law-and-Order in der Arch\u00e4ologie (Seminar), SoSe 2019<\/p><p>Studierende der Arch\u00e4ologie k\u00f6nnen nur dann teilnehmen, wenn kein Modulteil Gegenstand des Fachstudiums ist. Studierende, die bereits einen der Modulteile im Rahmen eines anderen Moduls belegen oder belegt haben, k\u00f6nnen in diesem Modul keine CP f\u00fcr den Optionalbereich erwerben.<\/p><p>Biologie<\/p><p><\/p><p><a href=\"https:\/\/vvz.ruhr-uni-bochum.de\/campus\/all\/module.asp?gguid=0x87DE5D681A97463095A8F77555E65D1A&amp;fieldgguid=&amp;findmodule=Anatomie+und+Physiologie+des+Nervensyste&amp;tguid=0x087BAEBB97CE4AFFAC06DEF51A4FDB0C&amp;strSignMessage=\">Campus<\/a><\/p><p>Anatomie und Physiologie des Nervensystems (5 CP)<\/p><p>Teil 1: Literaturseminar, SoSe 2019<\/p><p>Teil 2: Artikelpr\u00e4sentation, SoSe 2019<\/p><p><\/p><p><a href=\"https:\/\/vvz.ruhr-uni-bochum.de\/campus\/all\/module.asp?gguid=0x1F1AD5BAB27D4F43976740A37029390A&amp;fieldgguid=&amp;findmodule=Botanik+im&amp;tguid=0x087BAEBB97CE4AFFAC06DEF51A4FDB0C&amp;strSignMessage=\">Campus<\/a><\/p><p>Botanik im Alltag (5 CP)<\/p><p>Teil 1: Exkursionen zum Thema &#8222;Botanik im Alltag&#8220;, SoSe 2019<\/p><p>Teil 2: \u00dcbungen zum Thema &#8222;Botanik im Alltag&#8220;, SoSe 2019<\/p><p><\/p><p><a href=\"https:\/\/vvz.ruhr-uni-bochum.de\/campus\/all\/module.asp?gguid=0x05A58B4C4C44479CBDB48CE8E9ABD445&amp;fieldgguid=&amp;findmodule=G%E4rtnern+f&amp;tguid=0x087BAEBB97CE4AFFAC06DEF51A4FDB0C&amp;strSignMessage=\">Campus<\/a><\/p><p>G\u00e4rtnern f\u00fcr Nicht-Biologen (5 CP)<\/p><p>Teil 1: G\u00e4rtnern f\u00fcr Nicht-Biologen (Vorlesung), SoSe 2019<\/p><p>Teil 2: G\u00e4rtnern f\u00fcr Nicht-Biologen (\u00dcbung), SoSe 2019<\/p><p>Studierende der Biologie (1-Fach- und 2-F\u00e4cher-Bachelor) k\u00f6nnen an diesem Modul nicht teilnehmen.<\/p><p><\/p><p><a href=\"https:\/\/vvz.ruhr-uni-bochum.de\/campus\/all\/module.asp?gguid=0xD68B165B3D0C4DBC87A2681D4B37DE76&amp;fieldgguid=&amp;findmodule=gr%FCne+gen&amp;tguid=0x087BAEBB97CE4AFFAC06DEF51A4FDB0C&amp;strSignMessage=\">Campus<\/a><\/p><p>Gr\u00fcne Gentechnik: Genfood und mehr (5 CP)<\/p><p>Teil 1: Gr\u00fcne Gentechnik: Genfood und mehr (Vorlesung), SoSe 2019<\/p><p>Teil 2: Gr\u00fcne Gentechnik: Genfood und mehr (\u00dcbungen), SoSe 2019<\/p><p>Teil 3: Gr\u00fcne Gentechnik: Genfood und mehr (Seminar), SoSe 2019<\/p><p><\/p><p><a href=\"https:\/\/vvz.ruhr-uni-bochum.de\/campus\/all\/module.asp?gguid=0xCCC8AABE106D4A7AB2CD50D6859C2729&amp;fieldgguid=&amp;findmodule=marine&amp;tguid=0x087BAEBB97CE4AFFAC06DEF51A4FDB0C&amp;strSignMessage=\">Campus<\/a><\/p><p>Marine Lebensr\u00e4ume des Atlantiks &#8211; meeresbiologische Exkursion auf die Azoren (5 CP)<\/p><p>Teil 1: Vorbereitungsworkshop, SoSe 2019<\/p><p>Teil 2: Selbstst\u00e4ndige vorbereitende Lekt\u00fcre und Vortragsvorbereitung, SoSe 2019<\/p><p>Teil 3: Exkursion, SoSe 2019<\/p><p>Studierende der Biologie k\u00f6nnen an diesem Modul nicht teilnehmen. Das Modul richtet sich an Studierende ab dem 3. Fachsemester.<\/p><p><\/p><p><a href=\"https:\/\/vvz.ruhr-uni-bochum.de\/campus\/all\/module.asp?gguid=0x466D0B07B959439F82BA1A603E9DA757&amp;fieldgguid=&amp;mode=&amp;findmodule=Marine&amp;tguid=0x087BAEBB97CE4AFFAC06DEF51A4FDB0C\">Campus<\/a><\/p><p>Marine Lebensr\u00e4ume \u2013 meeresbiologische Exkursion ins europ\u00e4ische Mittelmeer (5 CP)<\/p><p>Teil 1: Vorbereitungsworkshop, SoSe 2019<\/p><p>Teil 2: Selbstst\u00e4ndige vorbereitende Lekt\u00fcre und Vortragsvorbereitung, SoSe 2019<\/p><p>Teil 3: Exkursion, SoSe 2019<\/p><p>Studierende der Biologie k\u00f6nnen an diesem Modul nicht teilnehmen. Das Modul richtet sich an Studierende ab dem 3. Fachsemester.<\/p><p><\/p><p><a href=\"https:\/\/vvz.ruhr-uni-bochum.de\/campus\/all\/module.asp?gguid=0x3B819EE713004539BA9C6A1146398459&amp;fieldgguid=&amp;findmodule=Methoden+der+Bio&amp;tguid=0x087BAEBB97CE4AFFAC06DEF51A4FDB0C&amp;strSignMessage=\">Campus<\/a><\/p><p>Methoden der Bioinformatik (5 CP)<\/p><p>Teil 1: Bioinformatik (Vorlesung), SoSe 2019<\/p><p>Teil 2: \u00dcbungen zur Bioinformatik, SoSe 2019<\/p><p><\/p><p><a href=\"https:\/\/vvz.ruhr-uni-bochum.de\/campus\/all\/module.asp?gguid=0xCA33CBCB9052C143AAD8B46EC944E7C3&amp;fieldgguid=&amp;mode=&amp;findmodule=Summer+University&amp;tguid=0x087BAEBB97CE4AFFAC06DEF51A4FDB0C\">Campus<\/a><\/p><p>Summer University Grundlagen der Naturwissenschaften (5 CP)<\/p><p>Teil 1: Grundlagen der Naturwissenschaften (Vorlesung), SoSe 2019<\/p><p>Teil 2: Grundlagen der Naturwissenschaften (\u00dcbung), SoSe 2019<\/p><p>B.Sc.-Studierende des Fachs Biologie k\u00f6nnen an diesem Modul zwar teilnehmen, jedoch keine CP f\u00fcr den Optionalbereich erwerben.<\/p><p>Chemie<\/p><p><\/p><p><a href=\"https:\/\/vvz.ruhr-uni-bochum.de\/campus\/all\/module.asp?gguid=0x32070A7E4CE142008612B0294BDB8F91&amp;fieldgguid=&amp;mode=&amp;findmodule=Einf%FChrung+in+die+Biochemie&amp;tguid=0x087BAEBB97CE4AFFAC06DEF51A4FDB0C\">Campus<\/a><\/p><p>Einf\u00fchrung in die Biochemie (5 CP)<\/p><p>Teil 1: Einf\u00fchrung in die Biochemie (Vorlesung), SoSe 2019<\/p><p>Teil 2: \u00dcbungen zur Vorlesung &#8222;Einf\u00fchrung in die Biochemie&#8220;, SoSe 2019<\/p><p>Studierende der Chemie k\u00f6nnen dieses Modul nicht f\u00fcr den Optionalbereich belegen.<\/p><p><\/p><p><a href=\"https:\/\/vvz.ruhr-uni-bochum.de\/campus\/all\/module.asp?gguid=0x05871EDE9D014410A2A3276815AE5076&amp;fieldgguid=&amp;mode=&amp;findmodule=Methoden+der&amp;tguid=0x087BAEBB97CE4AFFAC06DEF51A4FDB0C\">Campus<\/a><\/p><p>Methoden der Strukturanalyse II: R\u00f6ntgenstruktur- und Elektronendichteanalyse (5 CP)<\/p><p>Teil 1: Methoden der Strukturanalyse II (R\u00f6ntgenstruktur- und Elektronendichteanalyse) (Vorlesung), SoSe 2019<\/p><p>Teil 2: \u00dcbungen zur Vorlesung &#8222;Methoden der Strukturanalyse II&#8220;, SoSe 2019<\/p><p>Studierende der 1-Fach-Studieng\u00e4nge der Chemie und Biochemie k\u00f6nnen an diesem Modul nicht teilnehmen.<\/p><p><\/p><p><a href=\"https:\/\/vvz.ruhr-uni-bochum.de\/campus\/all\/module.asp?gguid=0xAD3DAA8170ED4E92ADADF05E9549D511&amp;fieldgguid=&amp;mode=&amp;findmodule=organische&amp;tguid=0x087BAEBB97CE4AFFAC06DEF51A4FDB0C\">Campus<\/a><\/p><p>Organische Chemie 1 (5 CP)<\/p><p>Teil 1: Organische Chemie I (Vorlesung) , SoSe 2019<\/p><p>Teil 2: \u00dcbungen zur Vorlesung &#8222;Organische Chemie I&#8220;, SoSe 2019<\/p><p>Teil 3: Organisch-chemisches Grundpraktikum, SoSe 2019<\/p><p>Studierende der Chemie (B.A.) k\u00f6nnen an diesem Modul zwar teilnehmen, jedoch keine CP f\u00fcr den Optionalbereich erwerben!<\/p><p>Erziehungswissenschaften<\/p><p><\/p><p><a href=\"https:\/\/vvz.ruhr-uni-bochum.de\/campus\/all\/module.asp?gguid=0x8952C05FC5A5411BB8C35FE9CB186C66&amp;fieldgguid=&amp;findmodule=Basismodul+Bildungswissenschaften&amp;tguid=0x087BAEBB97CE4AFFAC06DEF51A4FDB0C&amp;strSignMessage=\">Campus<\/a><\/p><p>Basismodul Bildungswissenschaften (5CP)<\/p><p>Teil 1: Theorien der Erziehung (Vorlesung), SoSe 2019<\/p><p>Teil 2: Lern-und Entwicklungstheorien (Vorlesung), SoSe 2019<\/p><p>Teil 3: Theorien der Sozialisation (Vorlesung), SoSe 2019<\/p><p>Evangelische Theologie<\/p><p><\/p><p><a href=\"https:\/\/vvz.ruhr-uni-bochum.de\/campus\/all\/module.asp?gguid=0x96A591BA9AF44770BDF4521BDECB626C&amp;fieldgguid=&amp;findmodule=Migration+lokal+denken%2E+Religi%F6se+Gemein&amp;tguid=0x087BAEBB97CE4AFFAC06DEF51A4FDB0C&amp;strSignMessage=\">Campus<\/a><\/p><p>Migration lokal denken. Religi\u00f6se Gemeinschaften vor Ort (5 CP)<\/p><p>Teil 1: Migration &#8211; lokal &#8211; Religion. Ann\u00e4herungen (Workshops), SoSe 2019<\/p><p>Teil 2: Migration &#8211; lokal &#8211; Religion. Vertiefungen (Summer School), SoSe 2019<\/p><p>Studierende der evangelischen Theologie k\u00f6nnen das Modul belegen, jedoch keine CP im Optionalbereich erwerben.<\/p><p><\/p><p><a href=\"https:\/\/vvz.ruhr-uni-bochum.de\/campus\/all\/module.asp?gguid=0xFB46944AD8734054BD1DB966AF86E8E8&amp;fieldgguid=&amp;findmodule=%D6kumene&amp;tguid=0x087BAEBB97CE4AFFAC06DEF51A4FDB0C&amp;strSignMessage=\">Campus<\/a><\/p><p>\u00d6kumene (5 CP)<\/p><p>Teil 1: Kirchen und Konfessionskulturen im Zeichen der \u00d6kumene (Vorlesung), SoSe 2019<\/p><p>Teil 2: Einf\u00fchrung in die Theologie der \u00d6kumene (Seminar), WS 2019\/20<\/p><p>Studierende der katholischen oder evangelischen Theologie k\u00f6nnen in diesem Modul nur dann CP f\u00fcr den Optionalbereich erwerben, wenn die Veranstaltungen nicht Teil ihres Fachcurriculums sind.<\/p><p><\/p><p><a href=\"https:\/\/vvz.ruhr-uni-bochum.de\/campus\/all\/module.asp?gguid=0x61B3A7C724574BA18A2DD946F223AC5D&amp;fieldgguid=&amp;mode=&amp;findmodule=praktisch&amp;tguid=0x087BAEBB97CE4AFFAC06DEF51A4FDB0C\">Campus<\/a><\/p><p>Praktische Theologie &#8211; Zwischen Wissenschaft und Praxis (5 CP)<\/p><p>Teil 1: Praktische Theologie f\u00fcr Nicht-TheologInnen (Seminar und Blockkurs), SoSe 2019<\/p><p>Teil 2: Einf\u00fchrung in die Praktische Theologie (Vorlesung), WS 2019\/20<\/p><p>Studierende der Evangelischen Theologie k\u00f6nnen in diesem Modul keine CP f\u00fcr den Optionalbereich erwerben.<\/p><p>Geographie<\/p><p><\/p><p><a href=\"https:\/\/vvz.ruhr-uni-bochum.de\/campus\/all\/module.asp?gguid=0x81AEBD09C9EA4A058196D867A45C9599&amp;fieldgguid=&amp;findmodule=exkursion&amp;tguid=0x087BAEBB97CE4AFFAC06DEF51A4FDB0C&amp;strSignMessage=\">Campus<\/a><\/p><p>Exkursion Spitzbergen &#8211; Geographie und Raum der Arktis in Zeiten des Klimawandels (5 CP)<\/p><p>Teil 1: Blockseminar, SoSe 2019<\/p><p>Teil 2: Exkursion, SoSe 2019<\/p><p>Teil 3: Nachbereitung, Selbst\u00e4ndige Erarbeitung eines Exkursionsreaders, SoSe 2019<\/p><p><\/p><p><a href=\"https:\/\/vvz.ruhr-uni-bochum.de\/campus\/all\/module.asp?gguid=0x629E048F069F44E8839BC70A5FEE6A08&amp;fieldgguid=&amp;findmodule=Hawa&amp;tguid=0x087BAEBB97CE4AFFAC06DEF51A4FDB0C&amp;strSignMessage=\">Campus<\/a><\/p><p>Hawai\u00b4i &#8211; Ein geographisches Paradies zwischen Vulkangipfeln und Korallenriffen (10 CP)<\/p><p>Teil 1: Selbstst\u00e4ndige vorbereitende Lekt\u00fcre, SoSe 2019<\/p><p>Teil 2: Blockseminar in der Vorlesungszeit, SoSe 2019<\/p><p>Teil 3: Exkursion und Blockseminar auf Hawai\u00b4i, SoSe 2019<\/p><p>Teil 4: Nachbereitungsveranstaltung an der RUB, SoSe 2019<\/p><p>Studierende der Geowissenschaften k\u00f6nnen nicht an diesem Modul teilnehmen.<\/p><p>Germanistik<\/p><p><\/p><p><a href=\"https:\/\/vvz.ruhr-uni-bochum.de\/campus\/all\/module.asp?gguid=0x5B92DDA4553E4815B56EC01A7CBB0FFD&amp;fieldgguid=&amp;findmodule=Old+Images&amp;tguid=0x087BAEBB97CE4AFFAC06DEF51A4FDB0C&amp;strSignMessage=\">Campus<\/a><\/p><p>Old Images, Modern Stages (5 CP)<\/p><p>Teil 1a: Das Nibelungenlied on stage (Seminar), SoSe 2019<\/p><p>Teil 1b: Beowulf on stage (Seminar), SoSe 2019<\/p><p>Teil 1c: Cantar de mio Cid on stage (Seminar), SoSe 2019<\/p><p>Teil 2: Heldenepen on stage (Theaterauff\u00fchrung und Vorbereitungsworkshops bzw. \u00dcbung), SoSe 2019<\/p><p>Studierende, die Modulteile im Rahmen des Fachstudiums verwenden, k\u00f6nnen nicht auch im Optionalbereich CP erwerben.<\/p><p>Geschichte<\/p><p><\/p><p><a href=\"https:\/\/vvz.ruhr-uni-bochum.de\/campus\/all\/module.asp?gguid=0xB292BCDF53384E88A0F4C40A65BC0766&amp;fieldgguid=&amp;mode=&amp;findmodule=die+geschichte+der&amp;tguid=0x087BAEBB97CE4AFFAC06DEF51A4FDB0C\">Campus<\/a><\/p><p>Die Geschichte der Menschenrechte (5 CP)<\/p><p>Teil 1: Kindheit und Familie im 19. und 20. Jhd. &#8211; transnationale Perspektiven (Vorlesung), SoSe 2019<\/p><p>Teil 2: Die Geschichte der Menschenrechte vom Ende des Ersten Weltkriegs bis zur Gegegenwart (Seminar), SoSe 2019<\/p><p>Studierende der Geschichte k\u00f6nnen an diesem Modul nur teilnehmen, wenn die Vorlesung (Teil 1) nicht Bestandteil eines Fachmoduls oder eines anderen Moduls im Optionalbereich ist. Weitere Ausschl\u00fcsse siehe Modulbeschreibung.<\/p><p><\/p><p><a href=\"https:\/\/vvz.ruhr-uni-bochum.de\/campus\/all\/module.asp?gguid=0xA9F867F2C05F4133A5F06244593BD0A8&amp;fieldgguid=&amp;mode=&amp;findmodule=Die+geschichte+der&amp;tguid=0x087BAEBB97CE4AFFAC06DEF51A4FDB0C\">Campus<\/a><\/p><p>Die Geschichte der USA (5 CP)<\/p><p>Teil 1: Transatlantische Beziehungen im 19. und 20. Jahrhundert (Vorlesung), SoSe 2019<\/p><p>Teil 2: Die USA als Einwanderungsland Ende des 19. Jh. bis zur Gegenwart (Seminar), SoSe 2019<\/p><p>Studierende der Geschichte k\u00f6nnen an diesem Modul nur teilnehmen, wenn die Vorlesung (Teil 1) nicht Bestandteil eines Fachmoduls oder eines anderen Moduls im Optionalbereich ist!<\/p><p>Katholische Theologie<\/p><p><\/p><p><a href=\"https:\/\/vvz.ruhr-uni-bochum.de\/campus\/all\/module.asp?gguid=0xF22FAAA5E298423388DADBE413682133&amp;fieldgguid=&amp;findmodule=Ausgew%E4hlte+Schwerpunkte&amp;tguid=0x087BAEBB97CE4AFFAC06DEF51A4FDB0C&amp;strSignMessage=\">Campus<\/a><\/p><p>Ausgew\u00e4hlte Schwerpunkte der Kirchengeschichte (5 CP)<\/p><p>Teil 1: Kirchliche Zeitgeschichte (Nationalsozialismus und Gr\u00fcndung der BRD) (Vorlesung), SoSe 2019<\/p><p>Teil 2: &#8222;Als Mann und Frau schuf er sie\u2026&#8220; (Gen 1,27). Geschlechtergeschichte des Christentums (Seminar), SoSe 2019<\/p><p>Studierende der Katholischen Theologie k\u00f6nnen an diesem Modul nicht teilnehmen.<\/p><p><\/p><p><a href=\"https:\/\/vvz.ruhr-uni-bochum.de\/campus\/all\/module.asp?gguid=0xB992F9921C9E403BAD0AA6B36DE965F0&amp;fieldgguid=&amp;findmodule=Der+Aufbruch+der+Kirche+in+Gottes+Kraft&amp;tguid=0x087BAEBB97CE4AFFAC06DEF51A4FDB0C&amp;strSignMessage=\">Campus<\/a><\/p><p>Der Aufbruch der Kirche in Gottes Kraft (5 CP)<\/p><p>Teil 1: Vision und Charisma &#8211; Paulus im Urchristentum (Vorlesung), SoSe 2019<\/p><p>Teil 2: Auferstehung &#8211; Begegnung und Bekenntnis, Skepsis und Hoffnung. Ostern im Neuen Testament (Seminar), SoSe 2019<\/p><p>Studierende der Katholischen Theologie k\u00f6nnen in diesem Modul keine CP f\u00fcr den Optionalbereich erwerben. Weitere Ausschl\u00fcsse siehe Modulbeschreibung.<\/p><p><\/p><p><a href=\"https:\/\/vvz.ruhr-uni-bochum.de\/campus\/all\/module.asp?gguid=0x175A83BA247B48A8A020470393BCC8F2&amp;fieldgguid=&amp;findmodule=Der+christliche+Gottesbegriff+und+der+Di&amp;tguid=0x087BAEBB97CE4AFFAC06DEF51A4FDB0C&amp;strSignMessage=\">Campus<\/a><\/p><p>Der christliche Gottesbegriff und der Dialog der Religionen (5 CP)<\/p><p>Teil 1: Der Gott Jesu Christi. Zentrale Themen der dogmatischen Gotteslehre (Vorlesung), SoSe 2019<\/p><p>Teil 2: Der Dialog der Religionen statt Zusammensto\u00df der Kulturen aus christlich-dogmatischer Perspektive (Seminar), SoSe 2019<\/p><p>Studierende der Katholischen Theologie k\u00f6nnen in diesem Modul keine CP f\u00fcr den Optionalbereich erwerben.<\/p><p><\/p><p><a href=\"https:\/\/vvz.ruhr-uni-bochum.de\/campus\/all\/module.asp?gguid=0x0AE23E5F9A754EC6AEBB47EDF1F50F93&amp;fieldgguid=&amp;findmodule=Kirche+im+Zeichen&amp;tguid=0x087BAEBB97CE4AFFAC06DEF51A4FDB0C&amp;strSignMessage=\">Campus<\/a><\/p><p>Kirche im Zeichen der Auferstehung (5 CP)<\/p><p>Teil 1: Gottes wachsende Familie. Die Pastoralbriefe (Vorlesung), SoSe 2019<\/p><p>Teil 2: Auferstehung &#8211; Begegnung und Bekenntnis, Skepsis und Hoffnung. Ostern im Neuen Testament (Seminar), SoSe 2019<\/p><p>Studierende der Katholischen Theologie k\u00f6nnen in diesem Modul keine CP f\u00fcr den Optionalbereich erwerben. Weitere Ausschl\u00fcsse siehe Modulbeschreibung.<\/p><p><\/p><p><a href=\"https:\/\/vvz.ruhr-uni-bochum.de\/campus\/all\/module.asp?gguid=0x906C50C3D606499EB22A37A09AC2CD35&amp;tguid=0x087BAEBB97CE4AFFAC06DEF51A4FDB0C\">Campus<\/a><\/p><p>Philosophie und Ethik des technischen Wandels (5 CP)<\/p><p>Teil 1: Einf\u00fchrung in die Philosophie (Vorlesung), SoSe 2019<\/p><p>Teil 2: Technikphilosophie &amp; Technikethik (Seminar), SoSe 2019<\/p><p>Studierende der Katholischen Theologie k\u00f6nnen in diesem Modul keine CP f\u00fcr den Optionalbereich erwerben.<\/p><p><\/p><p><a href=\"https:\/\/vvz.ruhr-uni-bochum.de\/campus\/all\/module.asp?gguid=0xCA4244815C874DA78EAEF66A600884C8&amp;fieldgguid=&amp;findmodule=Sprachanalytische+Religionsphilosophie&amp;tguid=0x087BAEBB97CE4AFFAC06DEF51A4FDB0C&amp;strSignMessage=\">Campus<\/a><\/p><p>Sprachanalytische Religionsphilosophie (5 CP)<\/p><p>Teil 1: Sprachphilosophie (Vorlesung), SoSe 2019<\/p><p>Teil 2: Texte zur Religionsphilosophie (Seminar), SoSe 2019<\/p><p>Studierende des Fachs Katholische Theologie und des Fachs Philosophie k\u00f6nnen dieses Modul nicht belegen.<\/p><p>Kunstgeschichte<\/p><p><\/p><p><a href=\"https:\/\/vvz.ruhr-uni-bochum.de\/campus\/all\/module.asp?gguid=0x92FF5834FB0940E096F6386C87CAC63F&amp;fieldgguid=&amp;findmodule=Mythologische+Quellen&amp;tguid=0x087BAEBB97CE4AFFAC06DEF51A4FDB0C&amp;strSignMessage=\">Campus<\/a><\/p><p>Mythologische Quellen und ihre k\u00fcnstlerische Adaption (5 CP)<\/p><p>Teil 1: G\u00f6tter und Verwandtschaft &#8211; Die antike Mythologie: Quellentexte und k\u00fcnstlerische Adaptionen I (Lekt\u00fcrekurs), SoSe 2019<\/p><p>Teil 2: G\u00f6tter und Verwandtschaft &#8211; Die antike Mythologie: Quellentexte und k\u00fcnstlerische Adaptionen I (\u00dcbung vor Originalen), SoSe 2019<\/p><p>Maschinenbau<\/p><p><\/p><p><a href=\"https:\/\/vvz.ruhr-uni-bochum.de\/campus\/all\/module.asp?gguid=0x27F0CA4108A74FEE8F9F7E2DA23E819A&amp;fieldgguid=&amp;findmodule=industrielles&amp;tguid=0x087BAEBB97CE4AFFAC06DEF51A4FDB0C&amp;strSignMessage=\">Campus<\/a><\/p><p>Industrielles Kundenmanagement (5 CP)<\/p><p>Teil 1: Industrielles Kundenmanagement (Vorlesung), SoSe 2019<\/p><p>Teil 2: Industrielles Kundenmanagement (\u00dcbung), SoSe 2019<\/p><p>Mathematik<\/p><p><\/p><p><a href=\"https:\/\/vvz.ruhr-uni-bochum.de\/campus\/all\/module.asp?gguid=0x0A9FA61DAAA5784F861CB00A42B34BDC&amp;fieldgguid=&amp;mode=&amp;findmodule=Einf%FChrung+in+die+Mathematik+%28Schwerpunk&amp;tguid=0x087BAEBB97CE4AFFAC06DEF51A4FDB0C\">Campus<\/a><\/p><p>Einf\u00fchrung in die Mathematik (Schwerpunkte: Mathematik und Physik) (5 CP)<\/p><p>Teil 1: 1. Vorkurs in Mathematik f\u00fcr Mathematiker und Physiker, SoSe 2019<\/p><p>Teil 2: \u00dcbungen zum 1. Vorkurs in Mathematik f\u00fcr Mathematiker und Physiker, SoSe 2019<\/p><p>Die Teilnahme an diesem Modul kann f\u00fcr Studierende der Mathematik nur dann kreditiert werden, wenn es vor dem ersten Fachsemester besucht wird.<\/p><p><\/p><p><a href=\"https:\/\/vvz.ruhr-uni-bochum.de\/campus\/all\/module.asp?gguid=0x58D394C847FD4B46901ED0FD1041CCFF&amp;fieldgguid=&amp;mode=&amp;findmodule=Einf%FChrung+in+die+Mathe&amp;tguid=0x63AFB79AE0C44D2B962D450F2AE41038\">Campus<\/a><\/p><p>Einf\u00fchrung in die Mathematik (Schwerpunkte: Natur- und Ingenieurwissenschaften sowie Informatik) (5 CP)<\/p><p>Teil 1: Vorkurs in Mathematik f\u00fcr k\u00fcnftige Studierende der Ingenieurwissenschaften (Vorkurs), SoSe 2019<\/p><p>Teil 2: \u00dcbungen zum Vorkurs in Mathematik f\u00fcr k\u00fcnftige Studierende der Ingeneurwissenschaften, SoSe 2019<\/p><p>Studierende der Mathematik und Physik k\u00f6nnen an diesem Modul zwar teilnehmen, jedoch keine CP f\u00fcr den Optionalbereich erwerben.<\/p><p><\/p><p><a href=\"https:\/\/vvz.ruhr-uni-bochum.de\/campus\/all\/module.asp?gguid=0x21A477E575AC16469B438498DDF166D6&amp;fieldgguid=&amp;findmodule=Einf%FChrung+in+die+Mathematik+II+%28Schwerp&amp;tguid=0x63AFB79AE0C44D2B962D450F2AE41038&amp;strSignMessage=\">Campus<\/a><\/p><p>Einf\u00fchrung in die Mathematik II (Schwerpunkt: Physik und Geophysik) (10 CP)<\/p><p>Teil 1: Einf\u00fchrung in die Mathematik II (Vorlesung), SoSe 2019<\/p><p>Teil 2: Einf\u00fchrung in die Mathematik II (\u00dcbung), SoSe 2019<\/p><p>Studierende der Mathematik k\u00f6nnen an diesem Modul zwar teilnehmen, jedoch keine Credit Points f\u00fcr den Optionalbereich erwerben.<\/p><p><\/p><p><a href=\"https:\/\/vvz.ruhr-uni-bochum.de\/campus\/all\/module.asp?gguid=0x9B541A9C6C669B4DB82FC3F055152440&amp;fieldgguid=&amp;findmodule=H%F6here+Mathematik+I+%2B+II+%28Schwerpunkt%3A+A&amp;tguid=0x63AFB79AE0C44D2B962D450F2AE41038&amp;strSignMessage=\">Campus<\/a><\/p><p>H\u00f6here Mathematik I + II (Schwerpunkt: Angewandte Informatik) (10 CP)<\/p><p>Teil 1: H\u00f6here Mathematik II (Vorlesung), SoSe 2019<\/p><p>Teil 2: \u00dcbungen zu h\u00f6here Mathematik II, SoSe 2019<\/p><p>Studierende der Mathematik k\u00f6nnen an diesem Modul zwar teilnehmen, jedoch keine CP f\u00fcr den Optionalbereich erwerben.<\/p><p><\/p><p><a href=\"https:\/\/vvz.ruhr-uni-bochum.de\/campus\/all\/module.asp?gguid=0x32976CD60332B141964254CC14851194&amp;fieldgguid=&amp;findmodule=Statistische+Methoden+%28Schwerpunkt%3A+Biol&amp;tguid=0x63AFB79AE0C44D2B962D450F2AE41038&amp;strSignMessage=\">Campus<\/a><\/p><p>Statistische Methoden (Schwerpunkt: Biologie und Naturwissenschaften) (5 CP)<\/p><p>Teil 1: Statistische Methoden f\u00fcr Biologen und andere Naturwissenschaftler (Vorlesung), SoSe 2019<\/p><p>Teil 2: Statistische Methoden f\u00fcr Biologen und andere Naturwissenschaftler (\u00dcbung), SoSe 2019<\/p><p>Studierende der Mathematik k\u00f6nnen an diesem Modul zwar teilnehmen, jedoch keine CP f\u00fcr den Optionalbereich erwerben.<\/p><p><\/p><p><a href=\"https:\/\/vvz.ruhr-uni-bochum.de\/campus\/all\/module.asp?gguid=0x95F59348666FCF41984F508C412B04C0&amp;fieldgguid=&amp;findmodule=Summer+University+Mathematik+f%FCr+k%FCnftig&amp;tguid=0x63AFB79AE0C44D2B962D450F2AE41038&amp;strSignMessage=\">Campus<\/a><\/p><p>Summer University Mathematik f\u00fcr k\u00fcnftige Studierende der Naturwissenschaften (5 CP)<\/p><p>Teil 1: Vorkurs f\u00fcr k\u00fcnftige Studierende der Naturwissenschaften (Vorlesung), SoSe 2019<\/p><p>Teil 2: \u00dcbungen zum Vorkurs in Mathematik f\u00fcr k\u00fcnftige Studierende der Naturwissenschaften, SoSe 2019<\/p><p>Teil 3: Abschlusskolloquium der Summer University Mathematik f\u00fcr k\u00fcnftige Studierende der Naturwissenschaften (Pr\u00fcfung), SoSe 2019<\/p><p>Die Teilnahme an diesem Modul kann nur dann kreditiert werden, wenn es vor dem ersten Fachsemester besucht wird.<\/p><p><\/p><p><a href=\"https:\/\/vvz.ruhr-uni-bochum.de\/campus\/all\/module.asp?gguid=0xB9F23822C8B15E46A2A2252CF0558D31&amp;fieldgguid=&amp;findmodule=Summer+University+Mathematische+Grundlag&amp;tguid=0x63AFB79AE0C44D2B962D450F2AE41038&amp;strSignMessage=\">Campus<\/a><\/p><p>Summer University Mathematische Grundlagen der Statistik (5 CP)<\/p><p>Teil 1: Mathematische Grundlagen der Statistik (Vorlesung), SoSe 2019<\/p><p>Teil 2: Begleitende \u00dcbungen zur Vorlesung Mathematische Grundlagen der Statistik, SoSe 2019<\/p><p>Teil 3: Hausaufgaben zum selbst\u00e4ndigen \u00dcben, zur Nachbereitung der Vorlesungen und zur Klausurvorbereitung (Abschlusskolloquium), SoSe 2019<\/p><p>Studierende der Sozialwissenschaft im Ein-Fach-Bachelor sowie PWG, KIG, Erziehungswissenschaft, Volkswirtschaftslehre und Betriebswirtschaftslehre im Zwei-F\u00e4cher-Bachelor k\u00f6nnen an dem Modul zwar teilnehmen, jedoch keine CP f\u00fcr den Optionalbereich erwerben.<\/p><p>Medienwissenschaft<\/p><p><\/p><p><a href=\"https:\/\/vvz.ruhr-uni-bochum.de\/campus\/all\/module.asp?gguid=0xA672BCFA058A4FD8A1C1B1069B414666&amp;fieldgguid=&amp;mode=&amp;findmodule=medientheorie&amp;tguid=0x087BAEBB97CE4AFFAC06DEF51A4FDB0C\">Campus<\/a><\/p><p>Medientheorie und Kommunikationstheorie A (5 CP)<\/p><p>Teil 1: Medientheorie und Kommunikationstheorie (Vorlesung), SoSe 2019<\/p><p>Teil 2: \u00dcbung zur Vorlesung: Medientheorie und Kommunikationstheorie, SoSe 2019<\/p><p>Studierende der Medienwissenschaften k\u00f6nnen an diesem Modul nicht im Optionalbereich teilnehmen.<\/p><p><\/p><p><a href=\"https:\/\/vvz.ruhr-uni-bochum.de\/campus\/all\/module.asp?gguid=0x4366CFD594324FC1B79B2791A5662713&amp;fieldgguid=&amp;mode=&amp;findmodule=medientheorie&amp;tguid=0x087BAEBB97CE4AFFAC06DEF51A4FDB0C\">Campus<\/a><\/p><p>Medientheorie und Kommunikationstheorie B (5 CP)<\/p><p>Teil 1: Medientheorie und Kommunikationstheorie (Vorlesung), SoSe 2019<\/p><p>Teil 2: \u00dcbung zur Vorlesung: Medientheorie und Kommunikationstheorie, SoSe 2019<\/p><p>Studierende der Medienwissenschaften k\u00f6nnen an diesem Modul nicht im Optionalbereich teilnehmen.<\/p><p><\/p><p><a href=\"https:\/\/vvz.ruhr-uni-bochum.de\/campus\/all\/module.asp?gguid=0x4FFAA27ADE7D4380A9F527830532F88D&amp;fieldgguid=&amp;mode=&amp;findmodule=medientheorie&amp;tguid=0x087BAEBB97CE4AFFAC06DEF51A4FDB0C\">Campus<\/a><\/p><p>Medientheorie und Kommunikationstheorie C (5 CP)<\/p><p>Teil 1: Medientheorie und Kommunikationstheorie (Vorlesung), SoSe 2019<\/p><p>Teil 2: \u00dcbung zur Vorlesung: Medientheorie und Kommunikationstheorie, SoSe 2019<\/p><p>Studierende der Medienwissenschaften k\u00f6nnen an diesem Modul nicht im Optionalbereich teilnehmen.<\/p><p>Medizin<\/p><p><\/p><p><a href=\"https:\/\/vvz.ruhr-uni-bochum.de\/campus\/all\/module.asp?gguid=0xFF1BAE8479554178AD066002D309AC37&amp;fieldgguid=&amp;findmodule=Epidemiologie+%2D+Eine+Einf%FChrung&amp;tguid=0x087BAEBB97CE4AFFAC06DEF51A4FDB0C&amp;strSignMessage=\">Campus<\/a><\/p><p>ENTF\u00c4LLT <span style=\"text-decoration: line-through;\">Epidemiologie &#8211; Eine Einf\u00fchrung (5 CP)<\/span><\/p><p>Teil 1: Einf\u00fchrung in die Epidemiologie (Seminar), SoSe 2019<\/p><p>Teil 2: Journal Club (Seminar), WS 2019\/20<\/p><p>Orientalistik und Islamwissenschaften<\/p><p><\/p><p><a href=\"https:\/\/vvz.ruhr-uni-bochum.de\/campus\/all\/module.asp?gguid=0x5BCE28C2AEBC458D8E47ABABB9304B25&amp;fieldgguid=&amp;findmodule=Persisch&amp;tguid=0x087BAEBB97CE4AFFAC06DEF51A4FDB0C&amp;strSignMessage=\">Campus<\/a><\/p><p>Persische Kalligraphie und Landeskunde (5 CP)<\/p><p>Teil 1: Arabisch-Persische Kalligraphie, (\u00dcbung), SoSe 2019<\/p><p>Teil 2: Landeskunde Iran (\u00dcbung), SoSe 2019<\/p><p>Studierende der Orientalistik und Islamwissenschaften k\u00f6nnen an diesem Modul nicht im Optionalbereich teilnehmen.<\/p><p>Ostasienwissenschaften<\/p><p><\/p><p><a href=\"https:\/\/vvz.ruhr-uni-bochum.de\/campus\/all\/module.asp?gguid=0x37EB67D99DB5B546A76805604192D0BF&amp;fieldgguid=&amp;findmodule=Basismodul+Japanologie&amp;tguid=0x087BAEBB97CE4AFFAC06DEF51A4FDB0C&amp;strSignMessage=\">Campus<\/a><\/p><p>Basismodul Japanologie (5 CP)<\/p><p>Teil 1: Einf\u00fchrung in die japanische Geschichte (Vorlesung), SoSe 2019<\/p><p>Teil 2: Einf\u00fchrung in die japanische Geschichts- und Sprachwissenschaft (Vorlesung), WS 2019\/20<\/p><p>Studierende der Japanologie k\u00f6nnen an diesem Modul zwar teilnehmen, jedoch keine CP f\u00fcr den Optionalbereich erwerben.<\/p><p><\/p><p><a href=\"https:\/\/vvz.ruhr-uni-bochum.de\/campus\/all\/module.asp?gguid=0x241657113758514DB236BEAD57170EA0&amp;fieldgguid=&amp;findmodule=Basismodul+Sinologie&amp;tguid=0x087BAEBB97CE4AFFAC06DEF51A4FDB0C&amp;strSignMessage=\">Campus<\/a><\/p><p>Basismodul Sinologie (5 CP)<\/p><p>Teil 1: Einf\u00fchrung in die chinesische Literaturgeschichte (Seminar), SoSe 2019<\/p><p>Teil 2: Grundz\u00fcge der chinesischen Geschichte (Vorlesung\/Seminar), SoSe 2019<\/p><p>Teil 3: Einf\u00fchrung in die chinesische Philosophie, WS 2019\/20<\/p><p>Teil 4: Einf\u00fchrung in die Sprachwissenschaft des Chinesischen, WS 2019\/20<\/p><p>Das Modul ist auch Teil des sinologischen Grundstudiums (f\u00fcr Studierende der Sinologie deshalb nicht \u00fcber den Optionalbereich sondern den Studiengang Sinologie kreditiert).<\/p><p><\/p><p><a href=\"https:\/\/vvz.ruhr-uni-bochum.de\/campus\/all\/module.asp?gguid=0x2C63526CC64AC54CB2269296AEF1B9B1&amp;fieldgguid=&amp;findmodule=KB%2D01+Einf%FChrung+in+die+koreanische+Ges&amp;tguid=0x087BAEBB97CE4AFFAC06DEF51A4FDB0C&amp;strSignMessage=\">Campus<\/a><\/p><p>Einf\u00fchrung in die koreanische Geschichte (5 CP)<\/p><p>Teil 1: Neuere Geschichte Koreas (Vorlesung), SoSe 2019<\/p><p>Teil 2: Vormoderne koreanische Geschichte (Vorlesung), WS 2019\/20<\/p><p>Studierende der Koreanistik k\u00f6nnen an diesem Modul zwar teilnehmen, jedoch keine CP f\u00fcr den Optionalbereich erwerben.<\/p><p><\/p><p><a href=\"https:\/\/vvz.ruhr-uni-bochum.de\/campus\/all\/module.asp?gguid=0xEC7EA166F1741549811452B0A18EAC5C&amp;fieldgguid=&amp;findmodule=Nihongogaku&amp;tguid=0x087BAEBB97CE4AFFAC06DEF51A4FDB0C&amp;strSignMessage=\">Campus<\/a><\/p><p>Nihongogaku (5 CP)<\/p><p>Teil 1: Grundlagen der Sprachwissenschaft 1 (Vorlesung), SoSe 2019<\/p><p>Teil 2: Grundlagen der Sprachwissenschaft 2 (Vorlesung), WS 2019\/20<\/p><p>Studierende der Japanologie k\u00f6nnen an diesem Modul zwar teilnehmen, jedoch keine CP f\u00fcr den Optionalbereich erwerben.<\/p><p>Philosophie<\/p><p><\/p><p><a href=\"https:\/\/vvz.ruhr-uni-bochum.de\/campus\/all\/module.asp?gguid=0x9C6D5D80F5F64AFD956C8ACA1AA9BFAD&amp;fieldgguid=&amp;findmodule=Einf%FChrung+in+die+Philosophie%3A+Neuzeitli&amp;tguid=0x087BAEBB97CE4AFFAC06DEF51A4FDB0C&amp;strSignMessage=\">Campus<\/a><\/p><p>Einf\u00fchrung in die Philosophie: Neuzeitliche Philosophie und Praktische Philosophie (5 CP)<\/p><p>Teil 1: Vernunft und Rationalit\u00e4t in der Moderne (Vorlesung), SoSe 2019<\/p><p>Teil 2: Einf\u00fchrung in die Ethik (Vorlesung), SoSe 2019<\/p><p>Studierende der Philosophie d\u00fcrfen an diesem Modul nicht teilnehmen.<\/p><p>Physik und Astronomie<\/p><p><\/p><p><a href=\"https:\/\/vvz.ruhr-uni-bochum.de\/campus\/all\/module.asp?gguid=0x28B641230AA0DD4DABA6079F6EC13487&amp;fieldgguid=&amp;findmodule=Digitalelektronik&amp;tguid=0x087BAEBB97CE4AFFAC06DEF51A4FDB0C&amp;strSignMessage=\">Campus<\/a><\/p><p>Digitalelektronik (5 CP)<\/p><p>Teil 1: Digitalelektronik (Vorlesung), SoSe 2019<\/p><p>Teil 2: Digitalelektronik (Praktische \u00dcbung), SoSe 2019<\/p><p>Studierende der Physik k\u00f6nnen in diesem Modul keine CP f\u00fcr den Optionalbereich erwerben.<\/p><p><a href=\"https:\/\/vvz.ruhr-uni-bochum.de\/campus\/all\/module.asp?gguid=0xA16AE5024B0F1F479889CD84B25F7E58&amp;fieldgguid=&amp;findmodule=Mathematische+Hilfsmittel+der+Physik&amp;tguid=0x087BAEBB97CE4AFFAC06DEF51A4FDB0C&amp;strSignMessage=\">Campus<\/a><\/p><p>Mathematische Hilfsmittel der Physik (5 CP)<\/p><p>Teil 1: Einf\u00fchrung in die mathematischen Hilfsmittel der Physik (Vorlesung), SoSe 2019<\/p><p>Teil 2: Einf\u00fchrung in die mathematischen Hilfsmittel der Physik (\u00dcbung), SoSe 2019<\/p><p>2-F\u00e4cher-B.A.-Studierende der Physik und\/oder Mathematik k\u00f6nnen nur dann CP f\u00fcr den Optionalbereich erwerben, wenn sie das Modul vor Ihrem ersten Fachsemester besuchen.<\/p><p><\/p><p><a href=\"https:\/\/vvz.ruhr-uni-bochum.de\/campus\/all\/module.asp?gguid=0x8381776260792844B0078EFCE6A142BE&amp;fieldgguid=&amp;findmodule=Mathematische+Methoden+der+Physik+II&amp;tguid=0x087BAEBB97CE4AFFAC06DEF51A4FDB0C&amp;strSignMessage=\">Campus<\/a><\/p><p>Mathematische Methoden der Physik II (5 CP)<\/p><p>Teil 1: Mathematische Methoden II (Vorlesung), SoSe 2019<\/p><p>Teil 2: Mathematische Methoden II (Lerngruppe), SoSe 2019<\/p><p>Studierende der Physik k\u00f6nnen an diesem Modul zwar teilnehmen, jedoch keine CP f\u00fcr den Optionalbereich erwerben.<\/p><p><\/p><p><a href=\"https:\/\/vvz.ruhr-uni-bochum.de\/campus\/all\/module.asp?gguid=0xEC43D13F7213F444999775ABBEF71E44&amp;fieldgguid=&amp;findmodule=Physik+I+%28Schwerpunkt+Biologie%29&amp;tguid=0x087BAEBB97CE4AFFAC06DEF51A4FDB0C&amp;strSignMessage=\">Campus<\/a><\/p><p>Physik I (Schwerpunkt Biologie) (5 CP)<\/p><p>Teil 1: Physik I f\u00fcr Studierende der Biologie (Vorlesung), SoSe 2019<\/p><p>Teil 2: Physik I f\u00fcr Studierende der Biologie (\u00dcbung), SoSe 2019<\/p><p>Da das Modul inhaltlich der Physik I (Schwerpunkt Chemie) gleicht, kann nur jeweils eine von beiden f\u00fcr den Optionalbereich anerkannt werden. Studierende der 1-Fach-Biologie und Studierende der Physik k\u00f6nnen an diesem Modul nicht teilnehmen.<\/p><p><\/p><p><a href=\"https:\/\/vvz.ruhr-uni-bochum.de\/campus\/all\/module.asp?gguid=0xB015C0D0C31D8E4A957DFB972389F8AA&amp;fieldgguid=&amp;findmodule=Physik+II+%28Schwerpunkte+Chemie%2C+Biochemi&amp;tguid=0x087BAEBB97CE4AFFAC06DEF51A4FDB0C&amp;strSignMessage=\">Campus<\/a><\/p><p>Physik II (Schwerpunkte Chemie, Biochemie und Geowissenschaften) (5 CP)<\/p><p>Teil 1: Physik II f\u00fcr Studierende der Chemie und Biochemie (Vorlesung), SoSe 2019<\/p><p>Teil 2: Physik II f\u00fcr Studierende der Chemie und Biochemie (\u00dcbung), SoSe 2019<\/p><p>Da das Modul inhaltlich der Physik II (Schwerpunkt Biologie) gleicht, kann nur jeweils eine von beiden f\u00fcr den Optionalbereich anerkannt werden. Studierende des B.Sc.-Studiengangs Chemie, Biochemie, Geowissenschaften sowie Studierende der Physik k\u00f6nnen an diesem Modul nicht teilnehmen.<\/p><p><\/p><p><a href=\"https:\/\/vvz.ruhr-uni-bochum.de\/campus\/all\/module.asp?gguid=0x9500570E1D19B043B07CF022A71895AF&amp;fieldgguid=&amp;findmodule=Physik+f%FCr+Nicht%2DPhysikerinnen+und+Nicht&amp;tguid=0x087BAEBB97CE4AFFAC06DEF51A4FDB0C&amp;strSignMessage=\">Campus<\/a><\/p><p>Physik f\u00fcr Nicht-Physikerinnen und Nicht-Physiker (5 CP)<\/p><p>Teil 1: Physik f\u00fcr Nicht-Physikerinnen und Nicht-Physiker (Vorlesung), SoSe 2019<\/p><p>Teil 2: Physik f\u00fcr Nicht-Physikerinnen und Nicht-Physiker (\u00dcbung), SoSe 2019<\/p><p>Studierende der Physik k\u00f6nnen an diesem Modul nicht teilnehmen.<\/p><p><\/p><p><a href=\"https:\/\/vvz.ruhr-uni-bochum.de\/campus\/all\/module.asp?gguid=0x7A7E8E5507AA4C6F910CA0E4ECE22906&amp;fieldgguid=&amp;findmodule=50+Jahre&amp;tguid=0x087BAEBB97CE4AFFAC06DEF51A4FDB0C&amp;strSignMessage=\">Campus<\/a><\/p><p>50 Jahre Mondlandung: Zum Mond und weiter &#8211; kosmische Zusammenh\u00e4nge (5 CP)<\/p><p>Teil 1: 50 Jahre Mondlandung: Zum Mond und weiter &#8211; kosmische Zusammenh\u00e4nge (Ringvorlesung), SoSe 2019<\/p><p>Teil 2: \u00dcbung zur Ringvorlesung, SoSe 2019<\/p><p>Studierende der Physik und Geowissenschaften k\u00f6nnen an diesem Modul nicht teilnehmen.<\/p><p>Rechtswissenschaft<\/p><p><\/p><p><a href=\"https:\/\/vvz.ruhr-uni-bochum.de\/campus\/all\/module.asp?gguid=0xD7592F5F4B96411E882F424D6DCDABEA&amp;fieldgguid=&amp;mode=&amp;findmodule=Basismodul+Rechtsgesch&amp;tguid=0x087BAEBB97CE4AFFAC06DEF51A4FDB0C\">Campus<\/a><\/p><p>Basismodul Rechtsgeschichte (5 CP)<\/p><p>Teil 1: Deutsche Rechtsgeschichte (Vorlesung), SoSe 2019<\/p><p>Teil 2: R\u00f6mische Rechtsgeschichte (Vorlesung), WS 2019\/20<\/p><p>Studierende k\u00f6nnen den Modulteil 1 &#8222;Deutsche Rechtsgeschichte&#8220; nur ein Mal im Rahmen eines Moduls im Optionalbereich besuchen.<\/p><p><\/p><p><a href=\"https:\/\/vvz.ruhr-uni-bochum.de\/campus\/all\/module.asp?gguid=0xBDD4DF37A06541A99B9E6077D2161065&amp;fieldgguid=&amp;mode=&amp;findmodule=Basismodul&amp;tguid=0x087BAEBB97CE4AFFAC06DEF51A4FDB0C\">Campus<\/a><\/p><p>Basismodul Grundlagen des Rechts (5 CP)<\/p><p>Teil 1: Deutsche Rechtsgeschichte (Vorlesung), SoSe 2019<\/p><p>Teil 2a: Normative legal Philosophy (Vorlesung), SoSe 2019<\/p><p>Teil 2b: Staat und Religion (Blockveranstaltung)<\/p><p>Studierende k\u00f6nnen den Modulteil 1 &#8222;Deutsche Rechtsgeschichte&#8220; nur ein Mal im Rahmen eines Moduls im Optionalbereich besuchen.<\/p><p>Religionswissenschaft<\/p><p><\/p><p><a href=\"https:\/\/vvz.ruhr-uni-bochum.de\/campus\/all\/module.asp?gguid=0xB9FABDA81269477492233211BFB3DC45&amp;fieldgguid=&amp;mode=&amp;findmodule=Religionsgeschichte+Vorderasiens+und+Eur&amp;tguid=0x087BAEBB97CE4AFFAC06DEF51A4FDB0C\">Campus<\/a><\/p><p>Religionsgeschichte Vorderasiens und Europas &#8211; vom Altertum in die Moderne (5 CP)<\/p><p>Teil 1: Moderne Religionsgeschichte Vorderasiens und Europas (Vorlesung mit \u00dcbungsanteil), SoSe 2019<\/p><p>Teil 2a: Altert\u00fcmliche Religionsgeschichte Vorderasiens und Europas (Vorlesung mit \u00dcbungsanteil), WS 2019\/20<\/p><p>Teil 2b: Mittelalterliche Religionsgeschichte Vorderasiens und Europas (Vorlesung mit \u00dcbungsanteil), SoSe 2020<\/p><p>Studierende der Religionswissenschaft k\u00f6nnen in diesem Modul keine CP f\u00fcr den Optionalbereich erwerben. Studierende des Optionalbereichs k\u00f6nnen kein anderes Modul mit der gleichen Veranstaltung belegen.<\/p><p><\/p><p><a href=\"https:\/\/vvz.ruhr-uni-bochum.de\/campus\/all\/module.asp?gguid=0xCB6DB51451BF49609909BD504B52F400&amp;fieldgguid=&amp;findmodule=Religionswissenschaftliche+Zug%E4nge+zur+A&amp;tguid=0x087BAEBB97CE4AFFAC06DEF51A4FDB0C&amp;strSignMessage=\">Campus<\/a><\/p><p>Religionswissenschaftliche Zug\u00e4nge zur Antike (5 CP)<\/p><p>Teil 1: Einf\u00fchrung in die Religionswissenschaft (Vorlesung und Tutorium), SoSe 2019<\/p><p>Teil 2: Lekt\u00fcrekurs Antike (\u00dcbung), SoSe 2019<\/p><p>Studierende der Religionswissenschaft k\u00f6nnen in diesem Modul keine CP f\u00fcr den Optionalbereich erwerben. Studierende des Optionalbereichs k\u00f6nnen kein anderes Modul mit der gleichen Veranstaltung belegen.<\/p><p><\/p><p><a href=\"https:\/\/vvz.ruhr-uni-bochum.de\/campus\/all\/module.asp?gguid=0xC43A4CA5D9E34786B6450B70D9C0959F&amp;fieldgguid=&amp;findmodule=Religionswissenschaftliche+Zug%E4nge+zur+m&amp;tguid=0x087BAEBB97CE4AFFAC06DEF51A4FDB0C&amp;strSignMessage=\">Campus<\/a><\/p><p>Religionswissenschaftliche Zug\u00e4nge zur modernen Religionsgeschichte Vorderasiens und Europas (5 CP)<\/p><p>Teil 1: Einf\u00fchrung in die Religionswissenschaft (Vorlesung und Tutorium), SoSe 2019<\/p><p>Teil 2: Moderne Religionsgeschichte (Vorlesung mit \u00dcbungsanteil), SoSe 2019<\/p><p>Studierende der Religionswissenschaft k\u00f6nnen in diesem Modul keine CP f\u00fcr den Optionalbereich erwerben. Studierende des Optionalbereichs k\u00f6nnen kein anderes Modul mit der gleichen Veranstaltung belegen.<\/p><p><\/p><p><a href=\"https:\/\/vvz.ruhr-uni-bochum.de\/campus\/all\/module.asp?gguid=0x76D763FDF5414F3BB1A9616B7B3AFC43&amp;fieldgguid=&amp;mode=&amp;findmodule=Religionswissenschaftl&amp;tguid=0x087BAEBB97CE4AFFAC06DEF51A4FDB0C\">Campus<\/a><\/p><p>Religionswissenschaftliche Zug\u00e4nge zum Buddhismus S\u00fcdasiens (5 CP)<\/p><p>Teil 1: Einf\u00fchrung in die Religionswissenschaft (Vorlesung und Tutorium), SoSe 2019<\/p><p>Teil 2: Lekt\u00fcrekurs Buddhismus (\u00dcbung), SoSe 2019<\/p><p>Studierende der Religionswissenschaft k\u00f6nnen in diesem Modul keine CP f\u00fcr den Optionalbereich erwerben. Studierende des Optionalbereichs k\u00f6nnen kein anderes Modul mit der gleichen Veranstaltung belegen.<\/p><p><\/p><p><a href=\"https:\/\/vvz.ruhr-uni-bochum.de\/campus\/all\/module.asp?gguid=0x7B2DC61950A747199FDA15861B2F61E2&amp;fieldgguid=&amp;mode=&amp;findmodule=Religionswis&amp;tguid=0x087BAEBB97CE4AFFAC06DEF51A4FDB0C\">Campus<\/a><\/p><p>Religionswissenschaftliche Zug\u00e4nge zur Religionsgeschichte Koreas (5 CP)<\/p><p>Teil 1: Einf\u00fchrung in die Religionswissenschaft (Vorlesung und Tutorium), SoSe 2019<\/p><p>Teil 2: Religions- und Geistesgeschichte Koreas (Vorlesung mit \u00dcbungsanteil), SoSe 2019<\/p><p>Studierende der Religionswissenschaft k\u00f6nnen in diesem Modul keine CP f\u00fcr den Optionalbereich erwerben. Studierende des Optionalbereichs k\u00f6nnen kein anderes Modul mit der gleichen Veranstaltung belegen.<\/p><p><a href=\"https:\/\/vvz.ruhr-uni-bochum.de\/campus\/all\/module.asp?gguid=0x4BF7D4904DBD4FDE9ECCFFDF5EFFDAE8&amp;fieldgguid=&amp;findmodule=Zug%E4nge+zu+Methoden+und+Systematik+der+R&amp;tguid=0x087BAEBB97CE4AFFAC06DEF51A4FDB0C&amp;strSignMessage=\">Campus<\/a><\/p><p>Zug\u00e4nge zu Methoden und Systematik der Religionswissenschaft (5 CP)<\/p><p>Teil 1: Einf\u00fchrung in die Religionswissenschaft (Vorlesung und Tutorium), SoSe 2019<\/p><p>Teil 2: Religion erforschen: Eine Einf\u00fchrung in qualitative Methoden (Seminar), SoSe 2019<\/p><p>Studierende der Religionswissenschaft k\u00f6nnen in diesem Modul keine CP f\u00fcr den Optionalbereich erwerben. Studierende des Optionalbereichs k\u00f6nnen kein anderes Modul mit der gleichen Veranstaltung belegen.<\/p><p><\/p><p><a href=\"https:\/\/vvz.ruhr-uni-bochum.de\/campus\/all\/module.asp?gguid=0x5B0697B4152C4D32BA98660F438F2771&amp;tguid=0x087BAEBB97CE4AFFAC06DEF51A4FDB0C\">Campus<\/a><\/p><p>Zug\u00e4nge zur systematischen Religionswissenschaft (5 CP)<\/p><p>Teil 1: Einf\u00fchrung in die Religionswissenschaft (Vorlesung und Tutorium), SoSe 2019<\/p><p>Teil 2: Theorien und Ans\u00e4tze der Religionswissenschaft (Seminar), SoSe 2019<\/p><p>Studierende der Religionswissenschaft k\u00f6nnen in diesem Modul keine CP f\u00fcr den Optionalbereich erwerben! Studierende des Optionalbereichs k\u00f6nnen kein anderes Modul mit der gleichen Veranstaltung belegen.<\/p><p>Romanistik<\/p><p>Leider liegt in diesem Semester kein Angebot vor.<\/p><p>Slavistik<\/p><p>Leider liegt in diesem Semester kein Angebot vor.<\/p><p>Sozialwissenschaft<\/p><p><\/p><p><a href=\"https:\/\/vvz.ruhr-uni-bochum.de\/campus\/all\/module.asp?gguid=0xEA8EC2F48112402DA8F40670408D8ACC&amp;fieldgguid=&amp;findmodule=Arbeits%2D%2C+Wirtschafts%2D+und+Organisations&amp;tguid=0x087BAEBB97CE4AFFAC06DEF51A4FDB0C&amp;strSignMessage=\">Campus<\/a><\/p><p>Arbeits-, Wirtschafts- und Organisationssoziologie (5 CP)<\/p><p>Teil 1: Einf\u00fchrung in die Arbeits-, Wirtschafts- und Organisationssoziologie (Seminar), SoSe 2019<\/p><p>Teil 2: Strukturierte Betreuung (\u00dcbung), SoSe 2019<\/p><p>Studierende der F\u00e4cher PWG, KIG und Soziologie sowie des Studiengangs Sozialwissenschaft k\u00f6nnen an diesem Modul nicht teilnehmen.<\/p><p><\/p><p><a href=\"https:\/\/vvz.ruhr-uni-bochum.de\/campus\/all\/module.asp?gguid=0x0E306E0C423A44949B307798E74DC619&amp;fieldgguid=&amp;findmodule=Einf%FChrung+in+die+Wirtschafts%2D+und+Sozia&amp;tguid=0x087BAEBB97CE4AFFAC06DEF51A4FDB0C&amp;strSignMessage=\">Campus<\/a><\/p><p>Einf\u00fchrung in die Wirtschafts- und Sozialpolitik (5 CP)<\/p><p>Teil 1: Einf\u00fchrung in die Wirtschafts- und Sozialpolitik (GrundSoz\u00f6k, Teil III) (Vorlesung), SoSe 2019<\/p><p>Teil 2: Strukturierte Betreuung (\u00dcbung), SoSe 2019<\/p><p>Studierende des Faches PWG und des Studiengangs Sozialwissenschaft k\u00f6nnen an diesem Modul nicht teilnehmen.<\/p><p><\/p><p><a href=\"https:\/\/vvz.ruhr-uni-bochum.de\/campus\/all\/module.asp?gguid=0x64EAD095DACE45D6897ADEC653DCDAC6&amp;fieldgguid=&amp;findmodule=Grundfragen+und+Hauptbegriffe+der+Soziol&amp;tguid=0x087BAEBB97CE4AFFAC06DEF51A4FDB0C&amp;strSignMessage=\">Campus<\/a><\/p><p>Grundfragen und Hauptbegriffe der Soziologie (Soziologie I) (5 CP)<\/p><p>Teil 1: Grundfragen und Hauptbegriffe der Soziologie (Vorlesung), SoSe 2019<\/p><p>Teil 2: Strukturierte Betreuung Grundfragen und Hauptbegriffe (\u00dcbung), SoSe 2019<\/p><p>Studierende der F\u00e4cher PWG, KIG sowie des Studiengangs Sozialwissenschaft k\u00f6nnen an diesem Modul nicht teilnehmen.<\/p><p><\/p><p><a href=\"https:\/\/vvz.ruhr-uni-bochum.de\/campus\/all\/module.asp?gguid=0xC499FD3D041348B1B11B1A4F37984FB6&amp;fieldgguid=&amp;findmodule=Politikwissenschaft%3A+Internationale+Bezi&amp;tguid=0x087BAEBB97CE4AFFAC06DEF51A4FDB0C&amp;strSignMessage=\">Campus<\/a><\/p><p>Politikwissenschaft: Internationale Beziehungen (5 CP)<\/p><p>Teil 1: Einf\u00fchrung in die Internationalen Beziehungen (Vorlesung), SoSe 2019<\/p><p>Teil 2: Strukturierte Betreuung (\u00dcbung), SoSe 2019<\/p><p>Studierende des Faches Politikwissenschaft, des Faches PWG, sowie des Faches Sozialwissenschaft k\u00f6nnen an dem Modul nicht teilnehmen.<\/p><p><\/p><p><a href=\"https:\/\/vvz.ruhr-uni-bochum.de\/campus\/all\/module.asp?gguid=0xA120AC7417274E9EA06A0A7CB5801ABB&amp;fieldgguid=&amp;findmodule=Politikwissenschaft%3A+Politisches+System&amp;tguid=0x087BAEBB97CE4AFFAC06DEF51A4FDB0C&amp;strSignMessage=\">Campus<\/a><\/p><p>Politikwissenschaft: Politisches System Deutschlands (5 CP)<\/p><p>Teil 1: Einf\u00fchrung in das politische System Deutschlands (Vorlesung), SoSe 2019<\/p><p>Teil 2: Strukturierte Betreuung (\u00dcbung), SoSe 2019<\/p><p>Studierende der F\u00e4cher PWG, KIG sowie des Studienganges Sozialwissenschaft k\u00f6nnen an dem Modul nicht teilnehmen.<\/p><p><\/p><p><a href=\"https:\/\/vvz.ruhr-uni-bochum.de\/campus\/all\/module.asp?gguid=0xBB7DF6AC118A4B7B9258E17F505530CE&amp;fieldgguid=&amp;findmodule=Politikwissenschaft%3A+Vergleichende+Polit&amp;tguid=0x087BAEBB97CE4AFFAC06DEF51A4FDB0C&amp;strSignMessage=\">Campus<\/a><\/p><p>Politikwissenschaft: Vergleichende Politikwissenschaft (5 CP)<\/p><p>Teil 1: Einf\u00fchrung in die Vergleichende Politikwissenschaft (Vorlesung), SoSe 2019<\/p><p>Teil 2: Strukturierte Betreuung (\u00dcbung), SoSe 2019<\/p><p>Studierende der F\u00e4cher PWG, Politikwissenschaft sowie des Studienganges Sozialwissenschaft k\u00f6nnen an dem Modul nicht teilnehmen.<\/p><p><\/p><p><a href=\"https:\/\/vvz.ruhr-uni-bochum.de\/campus\/all\/module.asp?gguid=0x772EDBB6734B425687E6F675B781C8CF&amp;fieldgguid=&amp;findmodule=Sozial%2D+und+Kulturanthropologie&amp;tguid=0x087BAEBB97CE4AFFAC06DEF51A4FDB0C&amp;strSignMessage=\">Campus<\/a><\/p><p>Sozial- und Kulturanthropologie (5 CP)<\/p><p>Teil 1: Einf\u00fchrung in die Sozial- und Kulturanthropologie (Vorlesung), SoSe 2019<\/p><p>Teil 2: Strukturierte Betreuung (\u00dcbung), SoSe 2019<\/p><p>Studierende des Faches Sozialpsychologie und -anthropologie, des Faches KIG, sowie des Studiengangs Sozialwissenschaft k\u00f6nnen an dem Modul nicht teilnehmen.<\/p><p><\/p><p><a href=\"https:\/\/vvz.ruhr-uni-bochum.de\/campus\/all\/module.asp?gguid=0xBB126B4FFAE240CAB72D1F9917930364&amp;fieldgguid=&amp;findmodule=Sozial%2D+und+Kulturpsychologie&amp;tguid=0x087BAEBB97CE4AFFAC06DEF51A4FDB0C&amp;strSignMessage=\">Campus<\/a><\/p><p>Sozial- und Kulturpsychologie (5 CP)<\/p><p>Teil 1: Einf\u00fchrung in die Sozial- und Kulturpsychologie (Vorlesung), SoSe 2019<\/p><p>Teil 2: Strukturierte Betreuung (\u00dcbung), SoSe 2019<\/p><p>Studierende des Faches Sozialpsychologie und -anthropologie, des Faches KIG, sowie des Studienganges Sozialwissenschaft k\u00f6nnen an dem Modul nicht teilnehmen.<\/p><p><\/p><p><a href=\"https:\/\/vvz.ruhr-uni-bochum.de\/campus\/all\/module.asp?gguid=0x3E36625910E2487BA58A9D977A910C59&amp;fieldgguid=&amp;findmodule=Sozial%2D+und+Kulturtheorie&amp;tguid=0x087BAEBB97CE4AFFAC06DEF51A4FDB0C&amp;strSignMessage=\">Campus<\/a><\/p><p>Sozial- und Kulturtheorie (5 CP)<\/p><p>Teil 1: Einf\u00fchrung in die Sozial- und Kulturtheorie: Positionen und Entwicklungen im 20. und 21. Jahrhundert (Vorlesung), SoSe 2019<\/p><p>Teil 2: Sozial und Kulturtheorie, Ausgew\u00e4hlte Lekt\u00fcre (\u00dcbung), SoSe 2019<\/p><p>Studierende des Faches Sozialpsychologie und -anthropologie sowie des Studiengangs Sozialwissenschaft k\u00f6nnen an dem Modul nicht teilnehmen.<\/p><p><\/p><p><a href=\"https:\/\/vvz.ruhr-uni-bochum.de\/campus\/all\/module.asp?gguid=0x6AD8FC00C63A4FB9A5782DA797C440F2&amp;fieldgguid=&amp;findmodule=Sozialstruktur+und+sozialer+Wandel&amp;tguid=0x087BAEBB97CE4AFFAC06DEF51A4FDB0C&amp;strSignMessage=\">Campus<\/a><\/p><p>Sozialstruktur und sozialer Wandel (5 CP)<\/p><p>Teil 1: Sozialstruktur und sozialer Wandel (Vorlesung), SoSe 2019<\/p><p>Teil 2: Strukturierte Betreuung Sozialstruktur und sozialer Wandel, SoSe 2019<\/p><p>Studierende der F\u00e4cher PWG, KIG, Soziologie, Politikwissenschaft und Sozialpsychologie\/-anthropologie sowie des Studiengangs Sozialwissenschaft k\u00f6nnen an diesem Modul nicht teilnehmen.<\/p><p><\/p><p><a href=\"https:\/\/vvz.ruhr-uni-bochum.de\/campus\/all\/module.asp?gguid=0x125BC6027132455C9CED7142ECAD3340&amp;fieldgguid=&amp;findmodule=Theorien+und+Methoden+der+Kulturpsycholo&amp;tguid=0x087BAEBB97CE4AFFAC06DEF51A4FDB0C&amp;strSignMessage=\">Campus<\/a><\/p><p>Theorien und Methoden der Kulturpsychologie (5 CP)<\/p><p>Teil 1: Theorien und Methoden der Kulturpsychologie (Vorlesung), SoSe 2019<\/p><p>Teil 2: Strukturierte Betreuung (\u00dcbung), SoSe 2019<\/p><p>Studierende des Faches KIG, sowie des Studiengangs Sozialwissenschaft k\u00f6nnen an dem Modul nicht teilnehmen.<\/p><p>Sportwissenschaft<\/p><p><\/p><p><a href=\"https:\/\/vvz.ruhr-uni-bochum.de\/campus\/all\/module.asp?gguid=0x6F3BB77D6558554C99F1DEBE87F14ED5&amp;fieldgguid=&amp;findmodule=Sport+und+Erziehun&amp;tguid=0x087BAEBB97CE4AFFAC06DEF51A4FDB0C&amp;strSignMessage=\">Campus<\/a><\/p><p>Sport und Erziehung (5 CP)<\/p><p>Teil 1: Grundlagen der Sportp\u00e4dagogik und Sportdidaktik (Vorlesung), SoSe 2019<\/p><p>Teil 2: Sport im sozialp\u00e4dagogischen Kontext &#8211; Von der Theorie in die Praxis (Seminar), SoSe 2019<\/p><p>Studierende der Sportwissenschaft k\u00f6nnen an diesem Modul nicht teilnehmen!<\/p><p>Theaterwissenschaft<\/p><p><\/p><p><a href=\"https:\/\/vvz.ruhr-uni-bochum.de\/campus\/all\/module.asp?gguid=0x106152E1FBAA4C6C835C545F9F792070&amp;fieldgguid=&amp;findmodule=Darstellungspolitiken+des+Theaters&amp;tguid=0x087BAEBB97CE4AFFAC06DEF51A4FDB0C&amp;strSignMessage=\">Campus<\/a><\/p><p>Darstellungspolitiken des Theaters (5 CP)<\/p><p>Teil 1: Repr\u00e4sentation (Vorlesung), SoSe 2019<\/p><p>Teil 2: Erscheinungsr\u00e4ume des Politischen (Seminar), SoSe 2019<\/p><p>Studierende der Theaterwissenschaft k\u00f6nnen in diesem Modul keine CP f\u00fcr den Optionalbereich erwerben.<\/p><p><\/p><p><a href=\"https:\/\/vvz.ruhr-uni-bochum.de\/campus\/all\/module.asp?gguid=0xDE6C1FA5632545DCB448D4BD6E709A31&amp;fieldgguid=&amp;findmodule=jenseits&amp;tguid=0x087BAEBB97CE4AFFAC06DEF51A4FDB0C&amp;strSignMessage=\">Campus<\/a><\/p><p>Jenseits der &#8218;gro\u00dfen B\u00fchnen&#8216; &#8211; Freies Theater &amp; Figurentheater (5 CP)<\/p><p>Teil 1: Frei, freier, sogenannt frei. Historische, \u00e4sthetische und strukturelle Perspektiven auf die freien darstellenden K\u00fcnste (Seminar), SoSe 2019<\/p><p>Teil 2: Auf Entdeckungsreise! Figurentheater im \u00e4u\u00dfereurop\u00e4ischen Raum (Seminar), SoSe 2019<\/p><p><\/p><p><a href=\"https:\/\/vvz.ruhr-uni-bochum.de\/campus\/all\/module.asp?gguid=0x51EE42B53C054F088B94E13075FD7BD4&amp;fieldgguid=&amp;findmodule=Licht+und+Tanz+%2D+Einblicke+in+zwei+Gesch&amp;tguid=0x087BAEBB97CE4AFFAC06DEF51A4FDB0C&amp;strSignMessage=\">Campus<\/a><\/p><p>Licht und Tanz &#8211; Einblicke in zwei Geschichten des Theaters (5 CP)<\/p><p>Teil 1: Getanztes Theater \u2013 Pr\u00e4sentationsformen und Darstellungskonzepte von den Anf\u00e4ngen um 1600 bis heute (Vorlesung), SoSe 2019<\/p><p>Teil 2: Kurze Geschichte des Lichts im Theater (Seminar), SoSe 2019<\/p><p>Studierende der Theaterwissenschaft k\u00f6nnen in diesem Modul keine CP f\u00fcr den Optionalbereich erwerben.<\/p><p>Wirtschaftswissenschaft<\/p><p><\/p><p><a href=\"https:\/\/vvz.ruhr-uni-bochum.de\/campus\/all\/module.asp?gguid=0x8FD0A3947B514DF9A0546F2C590941B5&amp;fieldgguid=&amp;findmodule=Digital+marketing&amp;tguid=0x087BAEBB97CE4AFFAC06DEF51A4FDB0C&amp;strSignMessage=\">Campus<\/a><\/p><p>Digital Marketing in Practice (5 CP)<\/p><p>Teil 1: Einf\u00fchrung in das Social Media Marketing (Blockveranstaltung), SoSe 2019<\/p><p>Teil 2: Social Media Marketing in der Praxis (praktische \u00dcbung), SoSe 2019<\/p><p><\/p><p><a href=\"https:\/\/vvz.ruhr-uni-bochum.de\/campus\/all\/module.asp?gguid=0x840906A1B9514841A723002E5FC49CEB&amp;fieldgguid=&amp;mode=&amp;findmodule=Einf%FChrung+in+das+Rechnungswesen%2FControl&amp;tguid=0x087BAEBB97CE4AFFAC06DEF51A4FDB0C\">Campus<\/a><\/p><p>Einf\u00fchrung in das Rechnungswesen\/Controlling (5 CP)<\/p><p>Teil 1: Einf\u00fchrung in das Rechnungswesen\/Controlling (Vorlesung), SoSe 2019<\/p><p>Teil 2: Einf\u00fchrung in das Rechnungswesen\/Controlling (\u00dcbung), SoSe 2019<\/p><p>Studierende der BWL k\u00f6nnen an diesem Modul nicht teilnehmen. Achtung: Studierende, die das Modul &#8222;Grundlagen der BWL f\u00fcr Nicht\u00f6konomen und Existenzgr\u00fcnder&#8220; in der Vergangenheit bereits belegt haben, k\u00f6nnen an diesem Modul nicht teilnehmen.<\/p><p><\/p><p><a href=\"https:\/\/vvz.ruhr-uni-bochum.de\/campus\/all\/module.asp?gguid=0xCBBCA7B66BDDCC48917A00B1DE996E43&amp;fieldgguid=&amp;findmodule=Einf%FChrung+in+die+Betriebs%2D+sowie+Volksw&amp;tguid=0x087BAEBB97CE4AFFAC06DEF51A4FDB0C&amp;strSignMessage=\">Campus<\/a><\/p><p>Einf\u00fchrung in die Betriebs- sowie Volkswirtschaftslehre (5 CP)<\/p><p>Teil 1: Einf\u00fchrung in die Betriebswirtschaftslehre f\u00fcr Nicht\u00f6konomen (Vorlesung), SoSe 2019<\/p><p>Teil 2: Einf\u00fchrung in die Volkswirtschaftslehre f\u00fcr Nicht\u00f6konomen (Vorlesung), WS 2019\/20<\/p><p>Studierende, die das Modul &#8222;Grundlagen der BWL f\u00fcr Nicht\u00f6konomen und Existenzgr\u00fcnder&#8220; belegen oder belegt haben, k\u00f6nnen an diesem Modul nicht teilnehmen. Studierende der Wirtschaftswissenschaft k\u00f6nnen an diesem Modul nicht teilnehmen. Studierende k\u00f6nnen mit diesem Modul nur dann im Sommersemester beginnen, wenn Pl\u00e4tze frei geworden sind.<\/p><p><\/p><p><a href=\"https:\/\/vvz.ruhr-uni-bochum.de\/campus\/all\/module.asp?gguid=0xDFFD2CFAA3A5445696420499ABD02D23&amp;fieldgguid=&amp;findmodule=Grundlagen+der+Businessplanerstellung&amp;tguid=0x087BAEBB97CE4AFFAC06DEF51A4FDB0C&amp;strSignMessage==\">Campus<\/a><\/p><p>Grundlagen der Businessplanerstellung (5 CP)<\/p><p>Teil 1: Grundlagen der Businessplanerstellung (Vorlesung), SoSe 2019<\/p><p>Teil 2: Grundlagen der Businessplanerstellung (\u00dcbung), SoSe 2019<\/p><p>Studierende der BWL k\u00f6nnen an diesem Modul nicht teilnehmen.<\/p><p>Interdisziplin\u00e4re Module<\/p><p><\/p><p><a href=\"https:\/\/vvz.ruhr-uni-bochum.de\/campus\/all\/module.asp?gguid=0x51604E425CCA4313B000DB9401328082&amp;fieldgguid=&amp;mode=&amp;findmodule=computer&amp;tguid=0x087BAEBB97CE4AFFAC06DEF51A4FDB0C\">Campus<\/a><\/p><p>Computergest\u00fctzte Methoden in den Ostasienwissenschaften und ihren Nachbardisziplinen (5 CP)<\/p><p>Teil 1: Einf\u00fchrung in computergest\u00fctzte Methoden in den Ostasienwissenschaften und ihren Nachbardisziplinen (Seminar), SoSe 2019<\/p><p>Teil 2: \u00dcbungen zu computergest\u00fctzte Methoden in den Ostasienwissenschaften und ihren Nachbardisziplinen (Blockseminar), SoSe 2019<\/p><p><\/p><p><a href=\"https:\/\/vvz.ruhr-uni-bochum.de\/campus\/all\/module.asp?gguid=0xA903E0A37AA54D989F43EE320667AE6E&amp;fieldgguid=&amp;findmodule=Die+achtziger&amp;tguid=0x087BAEBB97CE4AFFAC06DEF51A4FDB0C&amp;strSignMessage=\">Campus<\/a><\/p><p>Die achtziger Jahre im geteilten Deutschland &#8211; Kultur, Politik, Gesellschaft (1980-1989\/90) (5 CP)<\/p><p>Teil 1: Noch 100 Jahre mit der Mauer? Das geteilte Deutschland vor und in der Friedlichen Revolution (Ringvorlesung), SoSe 2019<\/p><p>Teil 2: Sp\u00e4tsozialismus oder Postmoderne? Kultur und Gesellschaft in den &#8222;beiden Deutschlands&#8220; vor der Vereinigung (Seminar), SoSe 2019<\/p><p><\/p><p><a href=\"https:\/\/vvz.ruhr-uni-bochum.de\/campus\/all\/module.asp?gguid=0x16F61575F08A43E28C212EB094B28DAA&amp;fieldgguid=&amp;mode=&amp;findmodule=%84Die+Sch%F6pfung%93+%96+Untersuchung+einer+Erf&amp;tguid=0x087BAEBB97CE4AFFAC06DEF51A4FDB0C\">Campus<\/a><\/p><p>&#8222;Die Sch\u00f6pfung&#8220; &#8211; Untersuchung einer Erfolgsgeschichte (5 CP)<\/p><p>Teil 1: &#8222;Die Sch\u00f6pfung&#8220; &#8211; Untersuchung einer Erfolgsgeschichte (Seminar), SoSe 2019<\/p><p>Teil 2: Musikpraktische \u00dcbung im Universit\u00e4tschor oder im Universit\u00e4tschor, SoSe 2019<\/p><p><\/p><p><a href=\"https:\/\/vvz.ruhr-uni-bochum.de\/campus\/all\/module.asp?gguid=0xBF3F4EEF172E4425ADD2F879741FE540&amp;fieldgguid=&amp;mode=&amp;findmodule=%84Die+Sch%F6pfung%93+%96+Untersuchung+einer+Erf&amp;tguid=0x087BAEBB97CE4AFFAC06DEF51A4FDB0C\">Campus<\/a><\/p><p>&#8222;Die Sch\u00f6pfung&#8220; &#8211; Untersuchung einer Erfolgsgeschichte (10 CP)<\/p><p>Teil 1: &#8222;Die Sch\u00f6pfung&#8220; &#8211; Untersuchung einer Erfolgsgeschichte (Seminar), SoSe 2019<\/p><p>Teil 2: Musikpraktische \u00dcbung im Universit\u00e4tschor oder im Universit\u00e4tschor, SoSe 2019<\/p><p>Teil 3: Aktive Teilnahme im Universit\u00e4tschor oder Universit\u00e4tsorchester, WiSe 2019\/20<\/p><p>Teil 4: Aktive Teilnahme im Universit\u00e4tschor oder Universit\u00e4tsorchester, SoSe 2020<\/p><p><\/p><p><a href=\"https:\/\/vvz.ruhr-uni-bochum.de\/campus\/all\/module.asp?gguid=0x1700D727BBBB4F2898A60195E24E244E&amp;fieldgguid=&amp;findmodule=Einf%FChrung+in+die+Gestaltung&amp;tguid=0x087BAEBB97CE4AFFAC06DEF51A4FDB0C&amp;strSignMessage=\">Campus<\/a><\/p><p>Einf\u00fchrung in die Gestaltung immersiver Welten mit der Virtual Reality-Brille &#8211; an der RUB und an der Ostsee (5 CP)<\/p><p>Teil 1: Theoretische und praktische Aspekte der k\u00fcnstlerischen Arbeit mit der VR-Brille (Seminar), SoSe 2019<\/p><p>Teil 2: Einw\u00f6chiger k\u00fcnstlerischer Arbeitsaufenthalt im K\u00fcnstlerhaus Eckernf\u00f6rde (Exkursion), SoSe 2019<\/p><p><\/p><p><a href=\"https:\/\/vvz.ruhr-uni-bochum.de\/campus\/all\/module.asp?gguid=0x2D5F65A00F9349EAB853256821218908&amp;fieldgguid=&amp;findmodule=Farben+sehen&amp;tguid=0x087BAEBB97CE4AFFAC06DEF51A4FDB0C&amp;strSignMessage=\">Campus<\/a><\/p><p>Farben sehen und erleben (5 CP)<\/p><p>Teil 1: Farben sehen und erleben. Praktische Einf\u00fchrung in die Malerei, mit dem Schwerpunkt Farben (praktische \u00dcbung), SoSe 2019<\/p><p>Teil 2: Farben sehen und erleben. Theoretische Grundlagen (Seminar), SoSe 2019<\/p><p><\/p><p><a href=\"https:\/\/vvz.ruhr-uni-bochum.de\/campus\/all\/module.asp?gguid=0x5AA7E01C5F2D47EA9A10FA84689FC4A8&amp;fieldgguid=&amp;findmodule=Grundkurs+Elektroak&amp;tguid=0x087BAEBB97CE4AFFAC06DEF51A4FDB0C&amp;strSignMessage=\">Campus<\/a><\/p><p>Grundkurs Elektroakustik: Das Gras wachsen h\u00f6ren &#8211; Ein Klangkunstprojekt im Botanischen Garten (5 CP)<\/p><p>Teil 1: Grundlagen der Elektroakustik (kunstpraktische \u00dcbung), SoSe 2019<\/p><p>Teil 2: Entwicklung klangk\u00fcnstlerischer Konzepte f\u00fcr und mit Pflanzen (kunstpraktische \u00dcbung), SoSe 2019<\/p><p><\/p><p><a href=\"https:\/\/vvz.ruhr-uni-bochum.de\/campus\/all\/module.asp?gguid=0x45F64187CABD41889771E0EEADDA00A9&amp;fieldgguid=&amp;mode=&amp;findmodule=Irland&amp;tguid=0x087BAEBB97CE4AFFAC06DEF51A4FDB0C\">Campus<\/a><\/p><p>Irland: Sprache und Kultur I (5 CP)<\/p><p>Teil 1: Irisch I (Sprachkurs), SoSe 2019<\/p><p>Teil 2: From \u00c9riu to \u00c8ire \/ Ireland. Irisch I (Kultur): The Prehistory of the Present, SoSe 2019<\/p><p><\/p><p><a href=\"https:\/\/vvz.ruhr-uni-bochum.de\/campus\/all\/module.asp?gguid=0xE3CF345E935D431F896616739E94D753&amp;fieldgguid=&amp;mode=&amp;findmodule=Irland&amp;tguid=0x087BAEBB97CE4AFFAC06DEF51A4FDB0C\">Campus<\/a><\/p><p>Irland: Sprache und Kultur II (5 CP)<\/p><p>Teil 1: Irisch II (Sprachkurs), SoSe 2019<\/p><p>Teil 2a: Lekt\u00fcrekurs: Irische Texte, SoSe 2019<\/p><p>Teil 2b: From \u00c9riu to \u00c8ire \/ Irland: Irisch II-IV (Kultur): The Prehistory of the Present (Seminar), SoSe 2019<\/p><p><\/p><p><a href=\"https:\/\/vvz.ruhr-uni-bochum.de\/campus\/all\/module.asp?gguid=0x1F1AEE7CBEB6403AA3CE27C2AF9DDCE6&amp;fieldgguid=&amp;mode=&amp;findmodule=Irland&amp;tguid=0x087BAEBB97CE4AFFAC06DEF51A4FDB0C\">Campus<\/a><\/p><p>Irland: Sprache und Kultur II &#8211; vor Ort (5 CP)<\/p><p>Teil 1a: Irisch II (Sprachkurs), SoSe 2019<\/p><p>Teil 1b: Lekt\u00fcrekurs: Irische Texte, SoSe 2019<\/p><p>Teil 2: Exkursion nach Ballyferriter\/ Kerry\/ Irland, SoSe 2019<\/p><p><\/p><p><a href=\"https:\/\/vvz.ruhr-uni-bochum.de\/campus\/all\/module.asp?gguid=0xF753A4BC209D4B3DA74F33C588C7E295&amp;fieldgguid=&amp;mode=&amp;findmodule=Irland&amp;tguid=0x087BAEBB97CE4AFFAC06DEF51A4FDB0C\">Campus<\/a><\/p><p>Irland: Sprache und Kultur III (5 CP)<\/p><p>Teil 1: Irisch III (Sprachkurs), SoSe 2019<\/p><p>Teil 2a: Lekt\u00fcrekurs: Irische Texte, SoSe 2019<\/p><p>Teil 2b: Irische Kultur: Ireland in the Last 150 Years , SoSe 2019<\/p><p><a href=\"https:\/\/vvz.ruhr-uni-bochum.de\/campus\/all\/module.asp?gguid=0x8185FA5BAEF3476FB2B65543592C2910&amp;fieldgguid=&amp;mode=&amp;findmodule=Irland&amp;tguid=0x087BAEBB97CE4AFFAC06DEF51A4FDB0C\">Campus<\/a><\/p><p>Irland: Sprache und Kultur IV (5 CP)<\/p><p>Teil 1: Irisch f\u00fcr Fortgeschrittene (Irisch IV), SoSe 2019<\/p><p>Teil 2a: Teil 2a: Irische Kultur: Ireland in the Last 150 Years, SoSe 2019<\/p><p>Teil 2b: Lekt\u00fcrekurs: Irische Texte, SoSe 2019<\/p><p><\/p><p><a href=\"https:\/\/vvz.ruhr-uni-bochum.de\/campus\/all\/module.asp?gguid=0xFF73D4B97BB24518BCEA9DBDE7DC9771&amp;fieldgguid=&amp;findmodule=Not&amp;tguid=0x087BAEBB97CE4AFFAC06DEF51A4FDB0C&amp;strSignMessage=\">Campus<\/a><\/p><p>Not in my back yard! &#8211; \u00d6ffentlichkeitsbeteiligung bei Industrie- und Infrastrukturprojekten (5 CP)<\/p><p>Teil 1: \u00d6ffentlichkeitsbeteiligung bei Industrie- und Infrastrukturprojekten aus multidisziplin\u00e4rer Sicht (Vorlesung und Blockseminar), SoSe 2019<\/p><p>Teil 2: \u00d6ffentlichkeitsbeteiligung bei Industrie- und Infrastrukturprojekten: Bearbeitung von Fallbeispielen (\u00dcbung), SoSe 2019<\/p><p>Das Modul richtet sich an Studierende ab dem 3. Fachsemester. Keine der Veranstaltungen darf Bestandteil des Fachstudiums sein, wenn Sie die Anrechnung f\u00fcr den Optionalbereich anstreben.<\/p><p><\/p><p><a href=\"https:\/\/vvz.ruhr-uni-bochum.de\/campus\/all\/module.asp?gguid=0x4A858ABBD64D43D39A27E0DFE856196B&amp;fieldgguid=&amp;mode=&amp;findmodule=Summer&amp;tguid=0x087BAEBB97CE4AFFAC06DEF51A4FDB0C\">Campus<\/a><\/p><p>Summer School Humanitarian Action (5 CP)<\/p><p>Teil 1: Humanitarian Action: Principles, Practices and New Challenges (Seminar), SoSe 2019<\/p><p>Teil 2: Desaster Response (simulation exercise), SoSe 2019<\/p><p>Teil 3: Meeting the Practitioners (Workshop), SoSe 2019<\/p><p>Das Modul richtet sich an Studierende ab dem 3. Fachsemester.<\/p><p><\/p><\/div>\n\t\t\t\t<\/div>\n\t\t\t\t\t\t\t<div class=\"elementor-accordion-item\">\n\t\t\t\t\t<div id=\"elementor-tab-title-9165\" class=\"elementor-tab-title\" data-tab=\"5\" role=\"button\" aria-controls=\"elementor-tab-content-9165\" aria-expanded=\"false\">\n\t\t\t\t\t\t\t\t\t\t\t\t\t<span class=\"elementor-accordion-icon elementor-accordion-icon-left\" aria-hidden=\"true\">\n\t\t\t\t\t\t\t\t\t\t\t\t\t\t\t<span class=\"elementor-accordion-icon-closed\"><i class=\"fas fa-plus\"><\/i><\/span>\n\t\t\t\t\t\t\t\t<span class=\"elementor-accordion-icon-opened\"><i class=\"fas fa-minus\"><\/i><\/span>\n\t\t\t\t\t\t\t\t\t\t\t\t\t\t<\/span>\n\t\t\t\t\t\t\t\t\t\t\t\t<a class=\"elementor-accordion-title\" tabindex=\"0\">WS 2018\/19<\/a>\n\t\t\t\t\t<\/div>\n\t\t\t\t\t<div id=\"elementor-tab-content-9165\" class=\"elementor-tab-content elementor-clearfix\" data-tab=\"5\" role=\"region\" aria-labelledby=\"elementor-tab-title-9165\"><div id=\"main\"><div id=\"col3\"><p>Allgemeine &amp; vergleichende Literaturwissenschaft<\/p><p><\/p><p><a href=\"https:\/\/vvz.ruhr-uni-bochum.de\/campus\/all\/module.asp?gguid=0x0791FFBDCAA3421D95FFD846ADC8F40D&amp;fieldgguid=&amp;findmodule=literatur&amp;tguid=0x63AFB79AE0C44D2B962D450F2AE41038&amp;strSignMessage=\">Campus<\/a><\/p><p>Literatur aus der Bukowina: Paul Celan(5 CP)<\/p><p>Teil 1: Paul Celan. Einf\u00fchrung in Leben und Werk (Vorlesung), WS 2018\/19<\/p><p>Teil 2: Beispiel: Czernowitz. Topographie einer multikulturellen Literaturlandschaft (Seminar), WS 2018\/19<\/p><p>Anglistik\/Amerikanistik<\/p><p><\/p><p><a href=\"https:\/\/vvz.ruhr-uni-bochum.de\/campus\/all\/module.asp?gguid=0xAFCC09F6D42340FEB37851C68B25F0D0&amp;fieldgguid=&amp;findmodule=early&amp;tguid=0x63AFB79AE0C44D2B962D450F2AE41038&amp;strSignMessage=\">Campus<\/a><\/p><p>Early US-American Culture (5 CP)<\/p><p>Teil 1: US Literatures and Cultures: From the Beginnings to the Civil War (Vorlesung), WS 2018\/19<\/p><p>Teil 2a: Early American Classics: From Uncle Tom\u2019s Cabin to The Awakening (\u00dcbung), WS 2018\/19<\/p><p>Teil 2b: Sorrow Songs: American Slave Narratives (\u00dcbung), WS 2018\/19<\/p><p>Studierende der Anglistik\/Amerikanistik k\u00f6nnen an diesem Modul zwar teilnehmen, jedoch keine Credit Points f\u00fcr den Optionalbereich erwerben.<\/p><p><\/p><p><a href=\"https:\/\/vvz.ruhr-uni-bochum.de\/campus\/all\/module.asp?gguid=0x57CE0F56F34C41F3883AA68B39931E98&amp;fieldgguid=&amp;findmodule=popular&amp;tguid=0x63AFB79AE0C44D2B962D450F2AE41038&amp;strSignMessage=\">Campus<\/a><\/p><p>Popular Culture, Creativity and the Everyday (5 CP)<\/p><p>Teil 1: Culture of Creativity (\u00dcbung), WS 2018\/19<\/p><p>Teil 2a: Fandom (\u00dcbung), WS 2018\/19<\/p><p>Teil 2b: Everyday Life and Consumption (\u00dcbung), WS 2018\/19<\/p><p>Studierende der Anglistik\/Amerikanistik k\u00f6nnen an diesem Modul zwar teilnehmen, jedoch keine Credit Points f\u00fcr den Optionalbereich erwerben.<\/p><p><\/p><p><a href=\"https:\/\/vvz.ruhr-uni-bochum.de\/campus\/all\/module.asp?gguid=0x06A2B913524449B9AF5ADA432CEF63D4&amp;fieldgguid=&amp;findmodule=reading+the&amp;tguid=0x63AFB79AE0C44D2B962D450F2AE41038&amp;strSignMessage=\">Campus<\/a><\/p><p>Reading the News: Current Issues in British and American Society (5 CP)<\/p><p>Teil 1: Reading the British News (\u00dcbung), WS 2018\/19<\/p><p>Teil 2: Reading the US-American News (\u00dcbung), WS 2018\/19<\/p><p>Arch\u00e4ologische Wissenschaften<\/p><p><\/p><p><a href=\"https:\/\/vvz.ruhr-uni-bochum.de\/campus\/all\/module.asp?gguid=0xECA469FFDC07407FAFB788295085B812&amp;fieldgguid=&amp;findmodule=Einblicke+in+die&amp;tguid=0x63AFB79AE0C44D2B962D450F2AE41038&amp;strSignMessage=\">Campus<\/a><\/p><p>Einblicke in die Arch\u00e4ologie (5 CP)<\/p><p>Teil 1: Vorlesung: Einf\u00fchrung in die Wirtschafts- und Rohstoffarch\u00e4ologie<\/p><p>Teil 2: Kolloquium: Neue Funde und Forschungen<\/p><p><\/p><p><a href=\"https:\/\/vvz.ruhr-uni-bochum.de\/campus\/all\/module.asp?gguid=0x370F9DCA16034C0A8340E16B45F5C0D3&amp;error=&amp;expand=0x63AFB79AE0C44D2B962D450F2AE41038&amp;tguid=0x63AFB79AE0C44D2B962D450F2AE41038#0x63AFB79AE0C44D2B962D450F2AE41038\">Campus<\/a><\/p><p>Unser Umgang mit antiken Kulturg\u00fctern (5 CP)<\/p><p>Teil 1: Seminar: &#8222;Is the Past a Foreign Country&#8220;? &#8211; \u00dcber den Umgang mit kulturellen Hinterlassenschaften<\/p><p>Teil 2: Seminar: Vom Objekt zur Ausstellung, oder: wie bringen wir die Exponate zum Sprechen?<\/p><p><\/p><p><a href=\"https:\/\/vvz.ruhr-uni-bochum.de\/campus\/all\/module.asp?gguid=0x370F9DCA16034C0A8340E16B45F5C0D3&amp;fieldgguid=&amp;findmodule=unser&amp;tguid=0x63AFB79AE0C44D2B962D450F2AE41038&amp;strSignMessage=\">Campus<\/a><\/p><p>Unser Umgang mit antiken Kulturg\u00fctern (5 CP)<\/p><p>Teil 1: &#8222;Is the Past a Foreign Country?&#8220; &#8211; \u00dcber den Umgang mit kulturellen Hinterlassenschaften (Seminar), WS 2018\/19<\/p><p>Teil 2: Vom Objekt zur Ausstellung, oder: wie bringen wir die Exponate zum Sprechen? (Seminar), WS 2018\/19<\/p><p>Studierende der Arch\u00e4ologie k\u00f6nnen nur dann teilnehmen, wenn kein Modulteil Gegenstand des Fachstudiums ist.<\/p><p>Biologie<\/p><p><\/p><p><a href=\"https:\/\/vvz.ruhr-uni-bochum.de\/campus\/all\/module.asp?gguid=0xBEDCA9B84D11454A98FB8FC05484228D&amp;fieldgguid=&amp;findmodule=biologie+der+z&amp;tguid=0x63AFB79AE0C44D2B962D450F2AE41038&amp;strSignMessage=\">Campus<\/a><\/p><p>Biologie der Zelle (Optionalbereich) (5 CP)<\/p><p>Teil 1: Biologie der Zelle (Vorlesung), WS 2018\/19<\/p><p>Teil 2: Biologie der Zelle (Seminar), WS 2018\/19<\/p><p>Studierende der Biologie k\u00f6nnen an diesem Modul zwar teilnehmen, jedoch keine Credit Points f\u00fcr den Optionalbereich erwerben!<\/p><p><\/p><p><a href=\"https:\/\/vvz.ruhr-uni-bochum.de\/campus\/all\/module.asp?gguid=0xA361773468BB4D849A6A831BA1C05EAA&amp;fieldgguid=&amp;findmodule=Die+Wildtiere+Afrikas+%2D+%D6kologie%2C+Biodiv&amp;tguid=0x63AFB79AE0C44D2B962D450F2AE41038&amp;strSignMessage=\">Campus<\/a><\/p><p>Die Wildtiere Afrikas &#8211; \u00d6kologie, Biodiversit\u00e4t und angewandter Naturschutz &#8211; Eine biologische Exkursion nach Kenia (5 CP)<\/p><p>Teil 1: Selbstst\u00e4ndige vorbereitende Lekt\u00fcre und Vortragsvorbereitung, WS 2018\/19<\/p><p>Teil 2: Vorbereitungsworkshop, WS 2018\/19<\/p><p>Teil 3: Exkursion, WS 2018\/19<\/p><p>Das Angebot richtet sich an Studierende ab dem 3. Fachsemester.<\/p><p><\/p><p><a href=\"https:\/\/vvz.ruhr-uni-bochum.de\/campus\/all\/module.asp?gguid=0x477E8401FC7146DFA6DDFC593F176CCF&amp;fieldgguid=&amp;mode=&amp;findmodule=einf%FChrung+in+die+m&amp;tguid=0x63AFB79AE0C44D2B962D450F2AE41038\">Campus<\/a><\/p><p>Einf\u00fchrung in die molekulare Biophysik (Optionalbereich) (5 CP)<\/p><p>Teil 1: Molekulare Biophysik (Vorlesung), WS 2018\/19<\/p><p>Teil 2: Biophysikalisches Seminar (Seminar), WS 2018\/19<\/p><p>Studierende der Biologie k\u00f6nnen an diesem Modul zwar teilnehmen, jedoch keine Credit Points f\u00fcr den Optionalbereich erwerben! Gute schulische Grundkenntnisse in den F\u00e4chern: Biologie, Chemie, Physik und Mathematik.<\/p><p><\/p><p><a href=\"https:\/\/vvz.ruhr-uni-bochum.de\/campus\/all\/module.asp?gguid=0x1F150958356B4D0A93150B0DE469C37E&amp;fieldgguid=&amp;mode=&amp;findmodule=evolu&amp;tguid=0x63AFB79AE0C44D2B962D450F2AE41038\">Campus<\/a><\/p><p>Evolution des Menschen (Optionalbereich) (5 CP)<\/p><p>Teil 1: Evolution des Menschen (Vorlesung), WS 2018\/19<\/p><p>Teil 2: Evolution des Menschen (Seminar), WS 2018\/19<\/p><p>Grundlagenkenntnisse der Zoologie im Umfang eines Leistungskurses Biologie \/ Sek II oder der Vorlesung Zoologie sind zwingend erforderlich.<\/p><p><\/p><p><a href=\"https:\/\/vvz.ruhr-uni-bochum.de\/campus\/all\/module.asp?gguid=0x21C0CDF802114FFEB2C4040B49DB74F9&amp;fieldgguid=&amp;findmodule=Grundlagen+der+Mikrobiologie+und+Genetik&amp;tguid=0x63AFB79AE0C44D2B962D450F2AE41038&amp;strSignMessage=\">Campus<\/a><\/p><p>Grundlagen der Mikrobiologie und Genetik (Optionalbereich) (5 CP)<\/p><p>Teil 1: Grundlagen der Mikrobiologie und Genetik (Vorlesung), WS 2018\/19<\/p><p>Teil 2: Grundlagen der Mikrobiologie und Genetik (\u00dcbung), WS 2018\/19<\/p><p>Studierende der Biologie k\u00f6nnen an diesem Modul zwar teilnehmen, jedoch keine Credit Points f\u00fcr den Optionalbereich erwerben!<\/p><p><\/p><p><a href=\"https:\/\/vvz.ruhr-uni-bochum.de\/campus\/all\/module.asp?gguid=0x42E541F258174853BB72B49E2C4EB09A&amp;fieldgguid=&amp;mode=&amp;findmodule=Marine+Lebensr%E4ume&amp;tguid=0x63AFB79AE0C44D2B962D450F2AE41038\">Campus<\/a><\/p><p>Marine Lebensr\u00e4ume des Atlantiks \u2013 meeresbiologische Exkursion in das europ\u00e4ische Nordmeer (Optionalbereich) (5 CP)<\/p><p>Teil 1: Vorbereitungsworkshop, WS 2018\/19<\/p><p>Teil 2: Selbstst\u00e4ndige vorbereitende Lekt\u00fcre und Vortragsvorbereitung, WS 2018\/19<\/p><p>Teil 3: Exkursion (Voraussichtlich xxxx), WS 2018\/19<\/p><p>Dieser Kurs ist f\u00fcr Biologie-Studierende nicht anrechenbar!<\/p><p><\/p><p><a href=\"https:\/\/vvz.ruhr-uni-bochum.de\/campus\/all\/module.asp?gguid=0x42ACBBD37FD5459A8676ECF01AD5E527&amp;fieldgguid=&amp;mode=&amp;findmodule=Grundlagen+der+bio&amp;tguid=0x63AFB79AE0C44D2B962D450F2AE41038\">Campus<\/a><\/p><p>Grundlagen der Bioinformatik (5 CP)<\/p><p>Teil 1: \u00dcbungen zur Einf\u00fchrung in die Bioinformatik, WS 2018\/19<\/p><p>Teil 2: Vorlesung: Einf\u00fchrung in die Bioinformatik, WS 2018\/19<\/p><p>Gute schulische Grundkenntnisse in den F\u00e4chern Biologie und Mathematik.<\/p><p>Chemie<\/p><p><\/p><p><a href=\"https:\/\/vvz.ruhr-uni-bochum.de\/campus\/all\/module.asp?gguid=0x6137B47E8B701840AD5207BF795E7542&amp;fieldgguid=&amp;mode=&amp;findmodule=Einf%FChrung+in+die+Che&amp;tguid=0x63AFB79AE0C44D2B962D450F2AE41038\">Campus<\/a><\/p><p>Einf\u00fchrung in die Chemie (5 CP)<\/p><p>Teil 1: Einf\u00fchrung in die Chemie (Vorlesung), WS 2018\/19<\/p><p>Teil 2: \u00dcbung zur Einf\u00fchrung in die Chemie (e-Learning), WS 2018\/19<\/p><p>Studierende der Chemie k\u00f6nnen in diesem Modul keine Credit Points f\u00fcr den Optionalbereich erwerben.<\/p><p><\/p><p><a href=\"https:\/\/vvz.ruhr-uni-bochum.de\/campus\/all\/module.asp?gguid=0xF44BEB8CD9F5964282582965385B7AE6&amp;fieldgguid=&amp;mode=&amp;findmodule=Theoretische+Chemie&amp;tguid=0x63AFB79AE0C44D2B962D450F2AE41038\">Campus<\/a><\/p><p>Theoretische Chemie I: Grundlagen (5 CP)<\/p><p>Teil 1: Theoretische Chemie I: Grundlagen (Vorlesung), WS 2018\/19<\/p><p>Teil 2: \u00dcbungen zur Vorlesung &#8222;Theoretische Chemie I: Grundlagen&#8220; (\u00dcbung), WS 2018\/19<\/p><p>Bestandenes Modul \u201cTheorie der chemischen Bindung\u201c. Studierende der Chemie k\u00f6nnen an diesem Modul im Optionalbereich nur teilnehmen, wenn die Vorlesung nicht Bestandteil des Fachstudiums ist!<\/p><p><\/p><p><a href=\"https:\/\/vvz.ruhr-uni-bochum.de\/campus\/all\/module.asp?gguid=0xACAB0C6C8F710542B9BBB617A05CB4D6&amp;fieldgguid=&amp;mode=&amp;findmodule=Theorie+der+chemischen&amp;tguid=0x63AFB79AE0C44D2B962D450F2AE41038\">Campus<\/a><\/p><p>Theorie der chemischen Bindung (5 CP)<\/p><p>Teil 1: Theorie der chemischen Bindung (Vorlesung), WS 2018\/19<\/p><p>Teil 2: \u00dcbungen zur Vorlesung &#8222;Theorie der chemischen Bindung&#8220;, WS 2018\/19<\/p><p>Studierende des 1-Fach-Bachelorstudiengangs Chemie k\u00f6nnen in diesem Modul keine Credit Points f\u00fcr den Optionalbereich erwerben!<\/p><p>Erziehungswissenschaften<\/p><p><\/p><p><a href=\"https:\/\/vvz.ruhr-uni-bochum.de\/campus\/all\/module.asp?gguid=0x8952C05FC5A5411BB8C35FE9CB186C66&amp;fieldgguid=&amp;findmodule=Basismodul+Bildungswissenschaften&amp;tguid=0x63AFB79AE0C44D2B962D450F2AE41038&amp;strSignMessage=\">Campus<\/a><\/p><p>Basismodul Bildungswissenschaften (5CP)<\/p><p>Teil 1: Theorien der Erziehung (Vorlesung), WS 2018\/19<\/p><p>Teil 2: Lern- und Entwicklungstheorien (Vorlesung), WS 2018\/19<\/p><p>Teil 3: Theorien der Sozialisation (Vorlesung), WS 2018\/19<\/p><p>Studierende, die das Fach Erziehungswissenschaft im 2-Fach-B. A.-Studiengang studieren und das M. Ed.-Studium anschlie\u00dfen m\u00f6chten, absolvieren anstelle des &#8222;Bildungswissenschaftlichen Basismoduls&#8220; in Gebiet 4 das Modul &#8222;Berufsziel Lehramt: Empirische Forschung&#8220; in Gebiet 3. Bitte beachten Sie unbedingt die weiteren Hinweise in der Modulbeschreibung!<\/p><p>Evangelische Theologie<\/p><p>Leider liegt in diesesm Semester kein Angebot vor.<\/p><p>Geographie<\/p><p><\/p><p><a href=\"https:\/\/vvz.ruhr-uni-bochum.de\/campus\/all\/module.asp?gguid=0x92489D06306A4C0D9B1D0268DCC9BF3C&amp;fieldgguid=&amp;findmodule=Exkursion+nach+Kap&amp;tguid=0x63AFB79AE0C44D2B962D450F2AE41038&amp;strSignMessage=\">Campus<\/a><\/p><p>Exkursion nach Kapstadt &#8211; R\u00e4umliche Entwicklung am Kap der guten Hoffnung (5 CP)<\/p><p>Teil 1: Verpflichtende Planungssveranstaltung f\u00fcr die Teilnehmer\/innen, WS 2018\/19<\/p><p>Teil 2: 10-t\u00e4gige Exkursion zwischen dem 18.03.2019 und 28.03.2019, WS 2018\/19<\/p><p>Teil 3: Nachbereitung, Selbst\u00e4ndige Erarbeitung eines Exkursionsreaders , WS 2018\/19<\/p><p>Studierende der Geographie k\u00f6nnen an diesem Modul nicht teilnehmen.<\/p><p><\/p><p><a href=\"https:\/\/vvz.ruhr-uni-bochum.de\/campus\/all\/module.asp?gguid=0xAF665D0F851A40739A91A3DB4CA2FDB9&amp;fieldgguid=&amp;mode=&amp;findmodule=Exkursion&amp;tguid=0x63AFB79AE0C44D2B962D450F2AE41038\">Campus<\/a><\/p><p>Exkursion nach Namibia &#8211; Beziehungen zwischen Klima, Mensch und Umwelt im s\u00fcdwestlichen Afrika(5 CP)<\/p><p>Teil 1: Verpflichtende Planungssveranstaltung f\u00fcr die Teilnehmer und 2-t\u00e4gige Blockveranstaltung im Dezember, WS 2018\/19<\/p><p>Teil 2: 10-t\u00e4gige Exkursion zwischen dem 29.03.2019 und 08.04.2019, WS 2018\/19<\/p><p>Teil 3: Nachbereitung, Selbst\u00e4ndige Erarbeitung eines Exkursionsreaders , WS 2018\/19<\/p><p>Studierende der Geographie k\u00f6nnen an diesem Modul nicht teilnehmen.<\/p><p><\/p><p><a href=\"https:\/\/vvz.ruhr-uni-bochum.de\/campus\/all\/module.asp?gguid=0xC14DD55F03EE4CA48ACF5D3301843029&amp;fieldgguid=&amp;findmodule=hawaii&amp;tguid=0x63AFB79AE0C44D2B962D450F2AE41038&amp;strSignMessage=\">Campus<\/a><\/p><p>Hawaii \u2013 ein geographisches \u201eParadies\u201c zwischen Vulkangipfeln und Korallenriffen \u2013 Wissenschaft trifft Kunst (Prof. Dr. Andreas Pflitsch) (10 CP)<\/p><p>Teil 1: Selbstst\u00e4ndige vorbereitende Lekt\u00fcre, WS 2018\/19<\/p><p>Teil 2: Blockseminar in der Vorlesungszeit (2 Tage), WS 2018\/19<\/p><p>Teil 3: Exkursion und Blockseminar auf Hawaii (28.02. bis 15.03.2018), WS 2018\/19<\/p><p>Teil 4: Nachbereitungsveranstaltung an der RUB (1 Tag) Anfang April, WS 2018\/19<\/p><p>Germanistik<\/p><p>Leider liegt in diesesm Semester kein Angebot vor.<\/p><p>Geschichte<\/p><p><\/p><p><a href=\"https:\/\/vvz.ruhr-uni-bochum.de\/campus\/all\/module.asp?gguid=0xEA274EE4898A46F79A7DA91F1C5DF063&amp;fieldgguid=&amp;findmodule=Geschichte+der+Menschenrechte&amp;tguid=0x63AFB79AE0C44D2B962D450F2AE41038&amp;strSignMessage=\">Campus<\/a><\/p><p>Geschichte der Menschenrechte (5 CP)<\/p><p>Teil 1: 60 Jahre Genozidkonvention. Konzepte, Modelle und Fragen der Gewalt- und Genozidforschung (Vorlesung), WS 2018\/19<\/p><p>Teil 2: Die Geschichte der Menschenrechte vom Ende des Ersten Weltkriegs bis zur Gegenwart (Seminar), WS 2018\/19<\/p><p>Studierende der Geschichte k\u00f6nnen an diesem Modul nur teilnehmen, wenn die Vorlesung (Teil 1) nicht Bestandteil eines Fachmoduls oder eines anderen Moduls im Optionalbereich ist! Weitere Ausschl\u00fcsse siehe Modulbeschreibung!<\/p><p><\/p><p><a href=\"https:\/\/vvz.ruhr-uni-bochum.de\/campus\/all\/module.asp?gguid=0x67E785BB420A4D03B380B605DBBC8284&amp;fieldgguid=&amp;findmodule=Geschichte+der+USa&amp;tguid=0x63AFB79AE0C44D2B962D450F2AE41038&amp;strSignMessage=\">Campus<\/a><\/p><p>Geschichte der USA (5 CP)<\/p><p>Teil 1:Die Kolonialisierung Nordamerikas (Vorlesung), WS 2018\/19<\/p><p>Teil 2: Die USA als Einwanderungsland Ende des 19. bis Ende des 20. Jahrhunderts (Seminar), WS 2018\/19<\/p><p>Studierende der Geschichte k\u00f6nnen an diesem Modul nur teilnehmen, wenn die Vorlesung (Teil 1) nicht Bestandteil eines Fachmoduls oder eines anderen Moduls im Optionalbereich ist!<\/p><p>Grundlagenmodule anderer F\u00e4cher<\/p><p>Leider liegt in diesesm Semester kein Angebot vor.<\/p><p>Interdisziplin\u00e4re Module<\/p><p><\/p><p><a href=\"https:\/\/vvz.ruhr-uni-bochum.de\/campus\/all\/module.asp?gguid=0x5A055000C7784EA0A999B17B7C40D72E&amp;fieldgguid=&amp;findmodule=einf%FChrung+in+multi&amp;tguid=0x63AFB79AE0C44D2B962D450F2AE41038&amp;strSignMessage=\">Campus<\/a><\/p><p>Einf\u00fchrung in multimediale Projektionstechniken (5 CP)<\/p><p>Teil 1: Einf\u00fchrung in analoge und digitale Projektionsformen, WS 2018\/19<\/p><p>Teil 2: Praktische \u00dcbungen im Medienatelier, WS 2018\/19<\/p><p><\/p><p><a href=\"https:\/\/vvz.ruhr-uni-bochum.de\/campus\/all\/module.asp?gguid=0xC6D34C91B29C4F79AEF0055CAF7D3D27&amp;fieldgguid=&amp;mode=&amp;findmodule=%25Lekt%FCre%25&amp;tguid=0x63AFB79AE0C44D2B962D450F2AE41038\">Campus<\/a><\/p><p>Elektronische Lekt\u00fcren (5 CP)<\/p><p>Teil 1 und Teil 2: Elektronische Lekt\u00fcren (Seminar und Blockseminar), WS 2018\/19<\/p><p><\/p><p><a href=\"https:\/\/vvz.ruhr-uni-bochum.de\/campus\/all\/module.asp?gguid=0x35C6D181448C4BE3AA4338CB67A12E45&amp;fieldgguid=&amp;findmodule=epigen&amp;tguid=0x63AFB79AE0C44D2B962D450F2AE41038&amp;strSignMessage=\">Campus<\/a><\/p><p>Epigenetik, Vererbung, Evolution &#8211; Alte und neue Streitpunkte (5 CP)<\/p><p>Teil 1: Epigenetik, Vererbung, Evolution \u2013 Alte und neue Streitpunkte (Seminar), WS 2018\/19<\/p><p>Teil 2: Epigenetik, Vererbung, Evolution \u2013 Alte und neue Streitpunkte (Blockveranstaltung, WS 2018\/19<\/p><p><\/p><p><a href=\"https:\/\/vvz.ruhr-uni-bochum.de\/campus\/all\/module.asp?gguid=0xF9121C2F442545D2AEF52A7DD4E1EB09&amp;fieldgguid=&amp;findmodule=farben+sehen&amp;tguid=0x63AFB79AE0C44D2B962D450F2AE41038&amp;strSignMessage=\">Campus<\/a><\/p><p>Farben sehen und erleben (5 CP)<\/p><p>Teil 1: Farben sehen und erleben. Praktische Einf\u00fchrung in die Malerei, mit dem Schwerpunkt Farben (praktische \u00dcbung), WS 2018\/19<\/p><p>Teil 2: Farben sehen und erleben. Theoretische Grundlagen (Seminar), WS 2018\/19<\/p><p><\/p><p><a href=\"https:\/\/vvz.ruhr-uni-bochum.de\/campus\/all\/module.asp?gguid=0x7386F868328B453594F436544E39E042&amp;fieldgguid=&amp;findmodule=gegenst%E4nde+und+theorien&amp;tguid=0x63AFB79AE0C44D2B962D450F2AE41038&amp;strSignMessage=\">Campus<\/a><\/p><p>Gegenst\u00e4nde und Theorien der Mehrsprachigkeitsforschung (5 CP)<\/p><p>Teil 1: Gegenst\u00e4nde und Theorien der Mehrsprachigkeitsforschung (Seminar), WS 2018\/19<\/p><p>Teil 2: Ringvorlesung Mehrsprachigkeit (Vorlesung), WS 2018\/19<\/p><p><\/p><p><a href=\"https:\/\/vvz.ruhr-uni-bochum.de\/campus\/all\/module.asp?gguid=0x8877DDB8E8C0453EB0E16968DB6E32AF&amp;fieldgguid=&amp;findmodule=grundlagenkurs&amp;tguid=0x63AFB79AE0C44D2B962D450F2AE41038&amp;strSignMessage=\">Campus<\/a><\/p><p>Grundlagenkurs Klangk\u00fcnstlerische Kompositionstechniken (5 CP)<\/p><p>Teil 1: Einf\u00fchrungsseminar in Techniken der Klangkunst-Komposition, WS 2018\/19<\/p><p>Teil 2: Fachpraktische \u00dcbungen der Klangkunst-Komposition, WS 2018\/19<\/p><p><\/p><p><a href=\"https:\/\/vvz.ruhr-uni-bochum.de\/campus\/all\/module.asp?gguid=0xCE56D81E0FD84CD9A81BDA1F40792893&amp;fieldgguid=&amp;mode=&amp;findmodule=im+dialog&amp;tguid=0x63AFB79AE0C44D2B962D450F2AE41038\">Campus<\/a><\/p><p>Im Dialog mit der Geschichte &#8211; Arthur Honeggers Symphonischer Psalm &#8222;Le Roi David&#8220; und der Neoklassizismus in der Musik (5 CP)<\/p><p>Teil 1: Im Dialog mit der Geschichte &#8211; Arthur Honeggers Symphonischer Psalm \u201eLe Roi David\u201c und der Neoklassizismus in der Musik (Seminar), WS 2018\/19<\/p><p>Teil 2: Musikpraktische \u00dcbung im Universit\u00e4tschor oder im Universit\u00e4tsorchester, WS 2018\/19<\/p><p><\/p><p><a href=\"https:\/\/vvz.ruhr-uni-bochum.de\/campus\/all\/module.asp?gguid=0xE4A8E630FAE04AF1B3D8F187934F6E76&amp;fieldgguid=&amp;mode=&amp;findmodule=im+dialog&amp;tguid=0x63AFB79AE0C44D2B962D450F2AE41038\">Campus<\/a><\/p><p>Im Dialog mit der Geschichte &#8211; Arthur Honeggers Symphonischer Psalm &#8222;Le Roi David&#8220; und der Neoklassizismus in der Musik (10 CP)<\/p><p>Teil 1: Im Dialog mit der Geschichte &#8211; Arthur Honeggers Symphonischer Psalm \u201eLe Roi David\u201c und der Neoklassizismus in der Musik (Seminar), WS 2018\/19<\/p><p>Teil 2: Musikpraktische \u00dcbung im Universit\u00e4tschor oder im Universit\u00e4tsorchester, WS 2018\/19<\/p><p>Teil 3: Musikpraktische \u00dcbung im Universit\u00e4tschor oder im Universit\u00e4tsorchester, SoSe 2019<\/p><p>Teil 4: Musikpraktische \u00dcbung im Universit\u00e4tschor oder im Universit\u00e4tsorchester, WS 2019\/20<\/p><p><\/p><p><a href=\"https:\/\/vvz.ruhr-uni-bochum.de\/campus\/all\/module.asp?gguid=0x7C7EE7C81E0347CC865AD324B89E7507&amp;fieldgguid=&amp;mode=&amp;findmodule=irland&amp;tguid=0x63AFB79AE0C44D2B962D450F2AE41038\">Campus<\/a><\/p><p>Irland: Sprache und Kultur I (5 CP)<\/p><p>Teil 1: Irisch f\u00fcr Anf\u00e4nger\/innen (Sprachkurs), WS 2018\/19<\/p><p>Teil 2: Irische Kultur: Ireland in the Last 150 Years &#8211; From \u00c9riu to \u00c9ire \/ The Prehistory of Present, WS 2018\/19<\/p><p><\/p><p><a href=\"https:\/\/vvz.ruhr-uni-bochum.de\/campus\/all\/module.asp?gguid=0x028A334EFF774C5A861F205B4AA05FE7&amp;fieldgguid=&amp;mode=&amp;findmodule=irland&amp;tguid=0x63AFB79AE0C44D2B962D450F2AE41038\">Campus<\/a><\/p><p>Irland: Sprache und Kultur II (5 CP)<\/p><p>Teil 1: Irisch II (Sprachkurs), WS 2018\/19<\/p><p>Teil 2a: Lekt\u00fcrekurs: Irische Texte, WS 2018\/19<\/p><p>Teil 2b: From \u00c9riu to \u00c8ire \/ Irland: Irisch II-IV (Kultur): The Prehistory of the Present (Seminar), WS 2018\/19<\/p><p>Die erfolgreiche Teilnahme an einem Irischkurs (mindestens Irisch I) ist Voraussetzung f\u00fcr die Teilnahme an diesem Modul!<\/p><p><\/p><p><a href=\"https:\/\/vvz.ruhr-uni-bochum.de\/campus\/all\/module.asp?gguid=0x8C53682497EA495F9DB4B9375E9A24ED&amp;fieldgguid=&amp;mode=&amp;findmodule=irland&amp;tguid=0x63AFB79AE0C44D2B962D450F2AE41038\">Campus<\/a><\/p><p>Irland: Sprache und Kultur III (5 CP)<\/p><p>Teil 1: Irisch III (Sprachkurs), WS 2018\/19<\/p><p>Teil 2a: Lekt\u00fcrekurs: Irische Texte, WS 2018\/19<\/p><p>Teil 2b: From \u00c9riu to \u00c8ire \/ Irland: Irisch II-IV (Kultur): The Prehistory of the Present (Seminar), WS 2018\/19<\/p><p>Die erfolgreiche Teilnahme an einem Irischkurs (mindestens Irisch II) ist Voraussetzung f\u00fcr die Teilnahme an diesem Modul!<\/p><p><\/p><p><a href=\"https:\/\/vvz.ruhr-uni-bochum.de\/campus\/all\/module.asp?gguid=0x36825735DAA94797BB9C06C721EFB1EA&amp;fieldgguid=&amp;mode=&amp;findmodule=irland&amp;tguid=0x63AFB79AE0C44D2B962D450F2AE41038\">Campus<\/a><\/p><p>Irland: Sprache und Kultur IV (5 CP)<\/p><p>Teil 1: Irisch f\u00fcr Fortgeschrittene (Irisch IV), WS 2018\/19<\/p><p>Teil 2a: From \u00c9riu to \u00c8ire \/ Irland: Irisch II-IV (Kultur): The Prehistory of the Present, WS 2018\/19<\/p><p>Teil 2b: Lekt\u00fcrekurs: Irische Texte, WS 2018\/19<\/p><p>Voraussetzung f\u00fcr die Teilnahme ist der erfolgreiche Abschluss des Kurses Irisch f\u00fcr Anf\u00e4ngerinnen (Irisch III) bzw. der Nachweis gleichwertiger Grundkenntnisse.<\/p><p><\/p><p><a href=\"https:\/\/vvz.ruhr-uni-bochum.de\/campus\/all\/module.asp?gguid=0xE06BB58D027549479C4AC0D24F4DEFD9&amp;fieldgguid=&amp;findmodule=theoretische+und+praktische&amp;tguid=0x63AFB79AE0C44D2B962D450F2AE41038&amp;strSignMessage=\">Campus<\/a><\/p><p>Theoretische und praktische Einf\u00fchrung in die k\u00fcntlerische Arbeit mit Klang (5 CP)<\/p><p>Teil 1: Physikalische Grundlagen des Klangs, WS 2018\/19<\/p><p>Teil 2: Klang als Gestaltungsmaterial, WS 2018\/19<\/p><p><\/p><p><a href=\"https:\/\/vvz.ruhr-uni-bochum.de\/campus\/all\/module.asp?gguid=0x91F20BF14A4741839AB7EEE63680C3C6&amp;fieldgguid=&amp;findmodule=virtual&amp;tguid=0x63AFB79AE0C44D2B962D450F2AE41038&amp;strSignMessage=\">Campus<\/a><\/p><p>Virtual Reality Einsteigerkurs &#8211; Einf\u00fchrung in die k\u00fcnstlerische Arbeit mit der VR-Brille (5 CP)<\/p><p>Teil 1: Praktische und theoretische Einf\u00fchrung in die k\u00fcnstlerische Arbeit mit der Virtual Reality Brille, WS 2018\/19<\/p><p>Teil 2: Hands on: Die eigene k\u00fcnstlerische Arbeit in virtuellen R\u00e4umen, WS 2018\/19<\/p><p><\/p><p><a href=\"https:\/\/vvz.ruhr-uni-bochum.de\/campus\/all\/module.asp?gguid=0xC3480F9D19EF40ACA3DF1E03AEE1213F&amp;fieldgguid=&amp;findmodule=%841968%93&amp;tguid=0x63AFB79AE0C44D2B962D450F2AE41038&amp;strSignMessage=\">Campus<\/a><\/p><p>\u201e1968\u201c als internationales Ereignis (5 CP)<\/p><p>Teil 1: 1968 als internationales Ereignis (Ringvorlesung), WS 2018\/19<\/p><p>Teil 2: Neuanfang? 1968 im Kontext der westdeutschen Kulturgeschichte (Seminar), WS 2018\/19<\/p><p>Katholische Theologie<\/p><p><\/p><p><a href=\"https:\/\/vvz.ruhr-uni-bochum.de\/campus\/all\/module.asp?gguid=0x67BE9D41F29A4F7498057C2A7C17E4F9&amp;fieldgguid=&amp;findmodule=Christus%2D&amp;tguid=0x63AFB79AE0C44D2B962D450F2AE41038&amp;strSignMessage=\">Campus<\/a><\/p><p>Christus- und Gottesbilder im Dialog (5 CP)<\/p><p>Teil 1: Einf\u00fchrung in die Christologie und Gotteslehre (Vorlesung), WS 2018\/19<\/p><p>Teil 2: Theologische Herausforderungen annehmen (Hauptseminar), WS 2018\/19<\/p><p>Studierende der Katholischen Theologie k\u00f6nnen in diesem Modul keine CP f\u00fcr den Optionalbereich erwerben.<\/p><p><\/p><p><a href=\"https:\/\/vvz.ruhr-uni-bochum.de\/campus\/all\/module.asp?gguid=0xCA3B92D8C43D485D909EE1A68A090E94&amp;fieldgguid=&amp;findmodule=Die+Entstehung+der+Kirche&amp;tguid=0x63AFB79AE0C44D2B962D450F2AE41038&amp;strSignMessage=\">Campus<\/a><\/p><p>Die Entstehung der Kirche (S\u00f6ding) (5 CP)<\/p><p>Teil 1: Einleitung in das Neue Testament (Vorlesung), WS 2018\/19<\/p><p>Teil 2: Armenf\u00fcrsorge und Gemeindef\u00fcrsorge (Hauptseminar), WS 2018\/19<\/p><p>Wer dieses Modul belegt, kann nicht auch Religion und Leben belegen.<\/p><p><\/p><p><a href=\"https:\/\/vvz.ruhr-uni-bochum.de\/campus\/all\/module.asp?gguid=0x63F604C053C847818CFB0C638E58C60F&amp;fieldgguid=&amp;findmodule=Einf%FChrung+in+die+Religionsphilosophie&amp;tguid=0x63AFB79AE0C44D2B962D450F2AE41038&amp;strSignMessage=\">Campus<\/a><\/p><p>Einf\u00fchrung in die Religionsphilosophie (5 CP)<\/p><p>Teil 1: Religionsphilosophie (Vorlesung), WS 2018\/19<\/p><p>Teil 2: Methoden und Interpretation: Thomas von Aquin, Ausgew\u00e4hlte Texte (Proseminar), WS 2018\/19<\/p><p><\/p><p><a href=\"https:\/\/vvz.ruhr-uni-bochum.de\/campus\/all\/module.asp?gguid=0x1D433EE1B5F84CB4AD35A70BDB252DBB&amp;fieldgguid=&amp;findmodule=Glaubensbiographien&amp;tguid=0x63AFB79AE0C44D2B962D450F2AE41038&amp;strSignMessage=\">Campus<\/a><\/p><p>Glaubensbiographien (5 CP)<\/p><p>Teil 1: Jesus, der Arzt \u2013 Zeichen und Wunder in den Evangelien (Vorlesung), WS 2018\/19<\/p><p>Teil 2: Glaubenswege innerhalb und au\u00dferhalb der Kirche. \u00d6kumenische Perspektiven des Neuen Testaments (Hauptseminar, WS 2018\/19<\/p><p><\/p><p><a href=\"https:\/\/vvz.ruhr-uni-bochum.de\/campus\/all\/module.asp?gguid=0x410012A57EC743A69F119219D789ADC4&amp;fieldgguid=&amp;findmodule=Theologische+Grundlagen+der+christlich+a&amp;tguid=0x63AFB79AE0C44D2B962D450F2AE41038&amp;strSignMessage=\">Campus<\/a><\/p><p>Theologische Grundlagen der christlich abendl\u00e4ndischen Kunst (5 CP)<\/p><p>Teil 1: Gro\u00dfe Gestalten aus Bibel und Kirchengeschichte (Vorlesung), WS 2018\/19<\/p><p>Teil 2: Allgemeine Themen (3 Ganztagesexkursionen, jeweils 9:00 bis 17:00 Uhr), WS 2018\/19<\/p><p>Auch Studierende der Katholischen Theologie k\u00f6nnen an der Veranstaltung teilnehmen, allerdings keine CP f\u00fcr den Optionalbereich erwerben.<\/p><p><\/p><p><a href=\"https:\/\/vvz.ruhr-uni-bochum.de\/campus\/all\/module.asp?gguid=0x20E8561CCA3446DDB5F45B34708AEAA0&amp;fieldgguid=&amp;findmodule=%22Was+von+der+Kirche+%FCbrig+bleibt&amp;tguid=0x63AFB79AE0C44D2B962D450F2AE41038&amp;strSignMessage=\">Campus<\/a><\/p><p>&#8222;Was von der Kirche \u00fcbrig bleibt \u2026&#8220; (Essen) (5 CP)<\/p><p>Teil 1: \u00d6kumenische Theologie (Vorlesung), WS 2018\/19<\/p><p>Teil 2: Kirche f\u00fcr wen? Das traditionelle Kirchenverst\u00e4ndnis angesichts der Umbr\u00fcche der Moderne (Hauptseminar), WS 2018\/19<\/p><p>Studierende der Katholischen Theologie k\u00f6nnen in diesem Modul keine CP f\u00fcr den Optionalbereich erwerben.<\/p><p><\/p><p><a href=\"https:\/\/vvz.ruhr-uni-bochum.de\/campus\/all\/module.asp?gguid=0x2DA7396953154B80811D205EAB994240&amp;fieldgguid=&amp;findmodule=Wirtschaftsethik&amp;tguid=0x63AFB79AE0C44D2B962D450F2AE41038&amp;strSignMessage=\">Campus<\/a><\/p><p>Wirtschaftsethik (5 CP)<\/p><p>Teil 1: Ethik der Internationalen Wirtschaft (Vorlesung), WS 2018\/19<\/p><p>Teil 2: Unternehmensethik (Hauptseminar), WS 2018\/19<\/p><p>Das Modul ist f\u00fcr Studierende der Kath. Theologie nicht ge\u00f6ffnet.Studierende der Katholischen Theologie k\u00f6nnen in diesem Modul keine Kreditpunkte f\u00fcr den Optionalbereich erwerben.<\/p><p>Kunstgeschichte<\/p><p><\/p><p><a href=\"https:\/\/vvz.ruhr-uni-bochum.de\/campus\/all\/module.asp?gguid=0x8F2614CC0A944CC7AD281ABD2A77465C&amp;fieldgguid=&amp;findmodule=Einf%FChrung+in+die+christliche+Iko&amp;tguid=0x63AFB79AE0C44D2B962D450F2AE41038&amp;strSignMessage=\">Campus<\/a><\/p><p>Einf\u00fchrung in die christliche Ikonographie (5 CP)<\/p><p>Teil 1: Einf\u00fchrung in die christliche Ikonographie (Lekt\u00fcrekurs) , WS 2018\/19<\/p><p>Teil 2: Einf\u00fchrung in die christliche Ikonographie (\u00dcbung vor Originalen) , WS 2018\/19<\/p><p>Maschinenbau<\/p><p>Leider liegt in diesesm Semester kein Angebot vor.<\/p><p>Mathematik<\/p><p><\/p><p><a href=\"https:\/\/vvz.ruhr-uni-bochum.de\/campus\/all\/module.asp?gguid=0x360CD45A66FE9B409AA223D14E374C93&amp;fieldgguid=&amp;mode=&amp;findmodule=Einf%FChrung+in+die+Mathe&amp;tguid=0x63AFB79AE0C44D2B962D450F2AE41038\">Campus<\/a><\/p><p>Einf\u00fchrung in die Mathematik (Schwerpunkt: Biologie) (5 CP)<\/p><p>Teil 1: Mathematik f\u00fcr Biologen (Vorlesung), WS 2018\/19<\/p><p>Teil 2: \u00dcbungen zur Mathematik f\u00fcr Biologen (\u00dcbung), WS 2018\/19<\/p><p>Studierende der Mathematik und der Physik k\u00f6nnen an diesem Modul zwar teilnehmen, jedoch keine Credit Points f\u00fcr den Optionalbereich erwerben. B.Sc.- und M.Sc.-Studierende der Biologie d\u00fcrfen an diesem Modul zwar teilnehmen, k\u00f6nnen jedoch keine CP erwerben.<\/p><p><\/p><p><a href=\"https:\/\/vvz.ruhr-uni-bochum.de\/campus\/all\/module.asp?gguid=0x0A9FA61DAAA5784F861CB00A42B34BDC&amp;fieldgguid=&amp;mode=&amp;findmodule=Einf%FChrung+in+die+Mathe&amp;tguid=0x63AFB79AE0C44D2B962D450F2AE41038\">Campus<\/a><\/p><p>Einf\u00fchrung in die Mathematik (Schwerpunkte: Mathematik und Physik) (5 CP)<\/p><p>Teil 1: Vorkurs f\u00fcr k\u00fcnftige Studierende der Mathematik und Physik (Vorlesung), WS 2018\/19<\/p><p>Teil 2: \u00dcbungen zum Vorkurs f\u00fcr k\u00fcnftige Studierende der Mathematik und Physik (\u00dcbung), WS 2018\/19<\/p><p>BA-Studierende der Mathematik k\u00f6nnen an diesem Modul zwar teilnehmen, jedoch Credit Points nur dann f\u00fcr den Optionalbereich erwerben, wenn sie den Vorkurs vor ihrem ersten Fachsemester besuchen.<\/p><p><\/p><p><a href=\"https:\/\/vvz.ruhr-uni-bochum.de\/campus\/all\/module.asp?gguid=0x58D394C847FD4B46901ED0FD1041CCFF&amp;fieldgguid=&amp;mode=&amp;findmodule=Einf%FChrung+in+die+Mathe&amp;tguid=0x63AFB79AE0C44D2B962D450F2AE41038\">Campus<\/a><\/p><p>Einf\u00fchrung in die Mathematik (Schwerpunkte: Natur- und Ingenieurwissenschaften sowie Informatik) (5 CP)<\/p><p>Teil 1: Vorkurs f\u00fcr k\u00fcnftige Studierende der Ingenieurwissenschaften (Vorlesung), WS 2018\/19<\/p><p>Teil 2: \u00dcbungen zum Vorkurs f\u00fcr k\u00fcnftige Studierende der Ingenieurwissenschaften (\u00dcbung), WS 2018\/19<\/p><p>Studierende der Mathematik und der Physik k\u00f6nnen an diesem Modul zwar teilnehmen, jedoch keine Credit Points f\u00fcr den Optionalbereich erwerben!<\/p><p><\/p><p><a href=\"https:\/\/vvz.ruhr-uni-bochum.de\/campus\/all\/module.asp?gguid=0x289F09DEF7BB8842BC4201FC16D30F13&amp;fieldgguid=&amp;mode=&amp;findmodule=Einf%FChrung+in+die+Mathematik&amp;tguid=0x63AFB79AE0C44D2B962D450F2AE41038\">Campus<\/a><\/p><p>Einf\u00fchrung in die Mathematik I (Schwerpunkte: Physik und Geophysik) (10 CP)<\/p><p>Teil 1: Mathematik f\u00fcr Physiker I (Vorlesung), WS 2018\/19<\/p><p>Teil 2: \u00dcbungen zu Mathematik f\u00fcr Physiker I (\u00dcbungen), WS 2018\/19<\/p><p>Studierende der Mathematik k\u00f6nnen an diesem Modul zwar teilnehmen, jedoch keine Credit Points f\u00fcr den Optionalbereich erwerben.<\/p><p><\/p><p><a href=\"https:\/\/vvz.ruhr-uni-bochum.de\/campus\/all\/module.asp?gguid=0x1408184BC24A73488940971D25A80EF9&amp;fieldgguid=&amp;findmodule=Einf%FChrung+in+die+Statistik&amp;tguid=0x63AFB79AE0C44D2B962D450F2AE41038&amp;strSignMessage=\">Campus<\/a><\/p><p>Einf\u00fchrung in die Statistik (Schwerpunkt: Geographie) (5 CP)<\/p><p>Teil 1: Einf\u00fchrung in die Statistik f\u00fcr Geographen (Vorlesung), WS 2018\/19<\/p><p>Teil 2: \u00dcbungen zur Einf\u00fchrung in die Statistik f\u00fcr Geographen (\u00dcbung), WS 2018\/19<\/p><p>Studierende der Mathematik sowie Studierende der Geographie k\u00f6nnen an diesem Modul zwar teilnehmen, jedoch keine Credit Points f\u00fcr den Optionalbereich erwerben.<\/p><p><\/p><p><a href=\"https:\/\/vvz.ruhr-uni-bochum.de\/campus\/all\/module.asp?gguid=0x9B541A9C6C669B4DB82FC3F055152440&amp;fieldgguid=&amp;findmodule=H%F6here+Math&amp;tguid=0x63AFB79AE0C44D2B962D450F2AE41038&amp;strSignMessage=\">Campus<\/a><\/p><p>H\u00f6here Mathematik I + II (Schwerpunkt: Angewandte Informatik) (10 CP)<\/p><p>Teil 1: H\u00f6here Mathematik I (Vorlesung), WS 2018\/19<\/p><p>Teil 2: \u00dcbungen zur H\u00f6heren Mathematik I (\u00dcbung), WS 2018\/19<\/p><p><a href=\"https:\/\/vvz.ruhr-uni-bochum.de\/campus\/all\/module.asp?gguid=0xA6A45BF494D85446B0B5DDDD84FCF539&amp;fieldgguid=&amp;mode=&amp;findmodule=Mathemati&amp;tguid=0x63AFB79AE0C44D2B962D450F2AE41038\">Campus<\/a><\/p><p>Mathematik (Schwerpunkt: Chemie) (5 CP)<\/p><p>Teil 1: Mathematik f\u00fcr Chemiker I (Vorlesung), WS 2018\/19<\/p><p>Teil 2: \u00dcbungen zu Mathematik f\u00fcr Chemiker I (\u00dcbung), WS 2018\/19<\/p><p>Teil 3: Erg\u00e4nzungs\u00fcbungen zu Mathematik f\u00fcr Chemiker I (\u00dcbung), WS 2018\/19<\/p><p>Studierende der Mathematik und Physik k\u00f6nnen an diesem Modul zwar teilnehmen, jedoch keine Credit Points f\u00fcr den Optionalbereich erwerben! Sicheres Schulwissen in Mathematik wird vorausgesetzt.<\/p><p><\/p><p><a href=\"https:\/\/vvz.ruhr-uni-bochum.de\/campus\/all\/module.asp?gguid=0x36E116FDE0D24D429D8B0A8E8A69153C&amp;fieldgguid=&amp;mode=&amp;findmodule=Mathematik&amp;tguid=0x63AFB79AE0C44D2B962D450F2AE41038\">Campus<\/a><\/p><p>Mathematik (Schwerpunkt: Geowissenschaften) (5 CP)<\/p><p>Teil 1: Einf\u00fchrung in die Statistik f\u00fcr Geographen (Vorlesung), WS 2018\/19<\/p><p>Teil 2: \u00dcbungen zu Einf\u00fchrung in die Statistik f\u00fcr Geographen, WS 2018\/19<\/p><p>Teil3Vorlesung<\/p><p>Studierende der Mathematik sowie Studierende der Geographie k\u00f6nnen an diesem Modul zwar teilnehmen, jedoch keine Credit Points f\u00fcr den Optionalbereich erwerben.<\/p><p><\/p><p><a href=\"https:\/\/vvz.ruhr-uni-bochum.de\/campus\/all\/module.asp?gguid=0x95F59348666FCF41984F508C412B04C0&amp;fieldgguid=&amp;mode=&amp;findmodule=summer&amp;tguid=0x63AFB79AE0C44D2B962D450F2AE41038\">Campus<\/a><\/p><p>Summer University Mathematik f\u00fcr k\u00fcnftige Studierende der Naturwissenschaften (5 CP)<\/p><p>Teil 1: Vorkurs f\u00fcr k\u00fcnftige Studierende der Naturwissenschaften (Vorkurs), WS 2018\/19<\/p><p>Teil 2: \u00dcbungen zum Vorkurs in Mathematik f\u00fcr k\u00fcnftige Studierende der Naturwissenschaften (\u00dcbung), WS 2018\/18<\/p><p>Teil 3: Abschlusskolloquium der Summer University Mathematik f\u00fcr k\u00fcnftige Studierende der Naturwissenschaften (Pr\u00fcfung), WS 2018\/19<\/p><p>Der Besuch dieses Moduls kann nur dann kreditiert werden, wenn er vor Ihrem ersten Fachsemester besucht wird.<\/p><p><\/p><p><a href=\"https:\/\/vvz.ruhr-uni-bochum.de\/campus\/all\/module.asp?gguid=0xB9F23822C8B15E46A2A2252CF0558D31&amp;fieldgguid=&amp;mode=&amp;findmodule=summer&amp;tguid=0x63AFB79AE0C44D2B962D450F2AE41038\">Campus<\/a><\/p><p>Summer University Mathematische Grundlagen der Statistik (5 CP)<\/p><p>Teil 1: Mathematische Grundlagen der Statistik (Vorlesung), WS 2018\/19<\/p><p>Teil 2: \u00dcbungen zu Summer University Mathematische Grundlagen der Statistik (\u00dcbung), WS 2018\/19<\/p><p>Teil 3: Hausaufgaben zum selbst\u00e4ndigen \u00dcben, zur Nachbereitung der Vorlesungen und zur Klausurvorbereitung (Abschlusskolloquium), WS 2018\/19<\/p><p>Studierende der Sozialwissenschaft und Management and Economics im Ein-Fach-Bachelor sowie PWG, KIG, Erziehungswissenschaft, Volkswirtschaftslehre und Betriebswirtschaftslehre im Zwei-Fach-Bachelor k\u00f6nnen an dem Modul zwar teilnehmen, jedoch keine Kreditpunkte f\u00fcr den Optionalbereich erwerben.<\/p><p>Medienwissenschaft<\/p><p><\/p><p><a href=\"https:\/\/vvz.ruhr-uni-bochum.de\/campus\/all\/module.asp?gguid=0x0BA39F344B364B788435E0CE78B89952&amp;fieldgguid=&amp;mode=&amp;findmodule=mediengeschichte&amp;tguid=0x63AFB79AE0C44D2B962D450F2AE41038\">Campus<\/a><\/p><p>Mediengeschichte und Medien\u00e4sthetik A (5 CP)<\/p><p>Teil 1 und 2: Mediengeschichte und Medien\u00e4sthetik (Prop\u00e4deutika), WS 2018\/19<\/p><p>Studierende der Medienwissenschaft k\u00f6nnen an diesem Modul keine Credit Points f\u00fcr den Optionalbereich erwerben.<\/p><p><\/p><p><a href=\"https:\/\/vvz.ruhr-uni-bochum.de\/campus\/all\/module.asp?gguid=0x9779B5E5FE4E4A8DAD8FABEF3669CB73&amp;fieldgguid=&amp;mode=&amp;findmodule=mediengeschichte&amp;tguid=0x63AFB79AE0C44D2B962D450F2AE41038\">Campus<\/a><\/p><p>Mediengeschichte und Medien\u00e4sthetik B (5 CP)<\/p><p>Teil 1 und 2: Mediengeschichte und Medien\u00e4sthetik (Prop\u00e4deutika), WS 2018\/19<\/p><p>Studierende der Medienwissenschaften k\u00f6nnen an diesem Modul nicht teilnehmen!<\/p><p><\/p><p><a href=\"https:\/\/vvz.ruhr-uni-bochum.de\/campus\/all\/module.asp?gguid=0x03434546CB164A138BABEA9D573201AB&amp;fieldgguid=&amp;mode=&amp;findmodule=mediengeschichte&amp;tguid=0x63AFB79AE0C44D2B962D450F2AE41038\">Campus<\/a><\/p><p>Mediengeschichte und Medien\u00e4sthetik C (5 CP)<\/p><p>Teil 1 und 2: Mediengeschichte und Medien\u00e4sthetik (Prop\u00e4deutika), WS 2018\/19<\/p><p>Studierende der Medienwissenschaften k\u00f6nnen an diesem Modul nicht teilnehmen!<\/p><p>Medizin<\/p><p>Leider liegt in diesesm Semester kein Angebot vor.<\/p><p>Orientalistik und Islamwissenschaften<\/p><p><\/p><p><a href=\"https:\/\/vvz.ruhr-uni-bochum.de\/campus\/all\/module.asp?gguid=0x746BDE7876D8447BAF667855CAE86FEA&amp;error=&amp;expand=0x63AFB79AE0C44D2B962D450F2AE41038&amp;tguid=0x63AFB79AE0C44D2B962D450F2AE41038#0x63AFB79AE0C44D2B962D450F2AE41038\">Campus<\/a><\/p><p>Persische Kalligraphie und Landeskunde (5 CP)<\/p><p>Teil 1: \u00dcbung: Arabisch-persische Kalligraphie (\u00dcbung), WS 2018\/19<\/p><p>Teil 2 : \u00dcbung: Landeskunde Iran (\u00dcbung), WS 2018\/19<\/p><p>Studierende der Orientalistik\/Islamwissenschaften k\u00f6nnen an diesem Modul nicht teilnehmen!<\/p><p><\/p><p><a href=\"https:\/\/vvz.ruhr-uni-bochum.de\/campus\/all\/module.asp?gguid=0x19750781803242709D783F096A3E03E6&amp;fieldgguid=&amp;mode=&amp;findmodule=Zug%E4nge%25&amp;tguid=0x63AFB79AE0C44D2B962D450F2AE41038\">Campus<\/a><\/p><p>Zug\u00e4nge zur islamischen Geschichte und Kultur (5 CP)<\/p><p>Teil 1a: Kultur des islamischen Nahen Ostens: Orientierungswissen und Debatten. (Vorlesung), WS 2018\/19 oder<\/p><p>Teil 1b: Die islamische Welt im \u201eZeitalter der Revolutionen\u201c (ca. 1775 -1850) (Vorlesung), WS 2018\/19<\/p><p>Teil 2 : Einf\u00fchrung in die Islamwissenschaft und Arabistik (\u00dcbung), WS 2018\/19<\/p><p>Studierende der Orientalistik\/Islamwissenschaften k\u00f6nnen an diesem Modul nicht teilnehmen!<\/p><p>Ostasienwissenschaften<\/p><p><\/p><p><a href=\"https:\/\/vvz.ruhr-uni-bochum.de\/campus\/all\/module.asp?gguid=0x37EB67D99DB5B546A76805604192D0BF&amp;fieldgguid=&amp;findmodule=basismodul+japan&amp;tguid=0x63AFB79AE0C44D2B962D450F2AE41038&amp;strSignMessage=\">Campus<\/a><\/p><p>Basismodul Japanologie (5 CP)<\/p><p>Teil 1: Einf\u00fchrung in die japanische Geschichte und Sprachwissenschaft (Vorlesung),WS 2018\/19<\/p><p>Teil 2: Grundlagen der Geschichte 1 (Vorlesung), SoSe 2019<\/p><p>Studierende der Japanologie k\u00f6nnen an diesem Modul zwar teilnehmen, jedoch keine Credit Points f\u00fcr den Optionalbereich erwerben!<\/p><p><\/p><p><a href=\"https:\/\/vvz.ruhr-uni-bochum.de\/campus\/all\/module.asp?gguid=0x241657113758514DB236BEAD57170EA0&amp;fieldgguid=&amp;findmodule=basismodul+sin&amp;tguid=0x63AFB79AE0C44D2B962D450F2AE41038&amp;strSignMessage=\">Campus<\/a><\/p><p>Basismodul Sinologie (5 CP)<\/p><p>Teil 1: Grundz\u00fcge der chinesischen Geschichte (Vorlesung), SoSe 2019<\/p><p>Teil 2: Einf\u00fchrung in die chinesische Philosophie (Vorlesung), WS 2018\/19<\/p><p>Teil 3: Einf\u00fchrung in die Geschichte der chinesischen Literatur (Vorlesung), SoSe 2019<\/p><p>Teil 4: Einf\u00fchrung in die Sprachwissenschaft des Chinesischen (Vorlesung), WS 2018\/19<\/p><p>Das Modul ist auch Teil des sinologischen Grundstudiums (f\u00fcr Sinologiestudenten deshalb nicht \u00fcber den Optionalbereich sondern den Studiengang Sinologie kreditiert).<\/p><p><\/p><p><a href=\"https:\/\/vvz.ruhr-uni-bochum.de\/campus\/all\/module.asp?gguid=0x2C63526CC64AC54CB2269296AEF1B9B1&amp;fieldgguid=&amp;mode=&amp;findmodule=%25koreanische%25&amp;tguid=0x63AFB79AE0C44D2B962D450F2AE41038\">Campus<\/a><\/p><p>Einf\u00fchrung in die koreanische Geschichte (5 CP)<\/p><p>Teil 1: Vormoderne koreanische Geschichte (Einf\u00fchrung in die Geschichte Koreas I) (Vorlesung), WS 2018\/19<\/p><p>Teil 2: Neuere Geschichte Koreas (Einf\u00fchrung in die Geschichte Koreas II) SoSe 2019<\/p><p>Studierende der Koreanistik k\u00f6nnen an diesem Modul zwar teilnehmen, jedoch keine Credit Points f\u00fcr den Optionalbereich erwerben!<\/p><p><\/p><p><a href=\"https:\/\/vvz.ruhr-uni-bochum.de\/campus\/all\/module.asp?gguid=0xEC7EA166F1741549811452B0A18EAC5C&amp;fieldgguid=&amp;findmodule=nihon&amp;tguid=0x63AFB79AE0C44D2B962D450F2AE41038&amp;strSignMessage=\">Campus<\/a><\/p><p>Nihongogaku (5 CP)<\/p><p>Teil 1: Grundlagen der japanischen Sprachwissenschaft I (Vorlesung), WS 2018\/19<\/p><p>Teil 2: Grundlagen der japanischen Sprachwissenschaft II, SoSe 2019<\/p><p>Studierende der Japanologie k\u00f6nnen an diesem Modul zwar teilnehmen, jedoch keine Credit Points f\u00fcr den Optionalbereich erwerben!<\/p><p>Philosophie<\/p><p><\/p><p><a href=\"https:\/\/vvz.ruhr-uni-bochum.de\/campus\/all\/module.asp?gguid=0x4F4BCD36FB5546C4BB3912AC6947CA0C&amp;fieldgguid=&amp;findmodule=der+geist&amp;tguid=0x63AFB79AE0C44D2B962D450F2AE41038&amp;strSignMessage=\">Campus<\/a><\/p><p>Der Geist der Tiere\/Tierethik (5 CP)<\/p><p>Teil 1: Der Geist der Tiere (Vorlesung), WS 2018\/19<\/p><p>Teil 2: Grundprobleme der Tierethik (Seminar), WS 2018\/19<\/p><p>Studierende des Faches Philosophie d\u00fcrfen an diesem Modul nicht teilnehmen.<\/p><p><\/p><p><a href=\"https:\/\/vvz.ruhr-uni-bochum.de\/campus\/all\/module.asp?gguid=0x8072197AE98443DD9352B39D22544C4C&amp;fieldgguid=&amp;findmodule=einf%FChrung+in+die+grund&amp;tguid=0x63AFB79AE0C44D2B962D450F2AE41038&amp;strSignMessage=\">Campus<\/a><\/p><p>Einf\u00fchrung in die Grundz\u00fcge der Logik (5 CP)<\/p><p>Teil 1: Grundz\u00fcge der Logik(Vorlesung), WS 2018\/19<\/p><p>Teil 2: \u00dcbung zur Vorlesung: Grundz\u00fcge der Logik (\u00dcbung), WS 2018\/19<\/p><p>Studierende des Faches Philosophie d\u00fcrfen an diesem Modul nicht teilnehmen!<\/p><p><\/p><p><a href=\"https:\/\/vvz.ruhr-uni-bochum.de\/campus\/all\/module.asp?gguid=0xCCB8E273D7AC47D781A631B917E4C0EB&amp;fieldgguid=&amp;findmodule=grundprobleme+der+theoretischen&amp;tguid=0x63AFB79AE0C44D2B962D450F2AE41038&amp;strSignMessage=\">Campus<\/a><\/p><p>Grundprobleme der Theoretischen Philosophie aus historischer und aktueller Perspektive (5 CP)<\/p><p>Teil 1: Einf\u00fchrung in die Philosophie der Antike und des Mittelalters (Vorlesung), WS 2018\/19<\/p><p>Teil 2: Einf\u00fchrung in die Theoretische Philosophie (Vorlesung), WS 2018\/19<\/p><p>Studierende der Philosophie k\u00f6nnen an diesem Modul nicht teilnehmen.<\/p><p>Physik und Astronomie<\/p><p><\/p><p><a href=\"https:\/\/vvz.ruhr-uni-bochum.de\/campus\/all\/module.asp?gguid=0xCEA7C740C0DE3F478EECCCD6DC918AA1&amp;fieldgguid=&amp;findmodule=analogelek&amp;tguid=0x63AFB79AE0C44D2B962D450F2AE41038&amp;strSignMessage=\">Campus<\/a><\/p><p>Analogelektronik (OPT) (5 CP)<\/p><p>Teil 1: Analogelektronik (Vorlesung), WS 2018\/19<\/p><p>Teil 2: Analogelektronik (\u00dcbung), WS 2018\/19<\/p><p>Studierende der Physik k\u00f6nnen sich dieses Modul nicht f\u00fcr den Optionalbereich anrechnen lassen.<\/p><p><\/p><p><a href=\"https:\/\/vvz.ruhr-uni-bochum.de\/campus\/all\/module.asp?gguid=0xA16AE5024B0F1F479889CD84B25F7E58&amp;fieldgguid=&amp;mode=&amp;findmodule=mathematische&amp;tguid=0x63AFB79AE0C44D2B962D450F2AE41038\">Campus<\/a><\/p><p>Mathematische Hilfsmittel der Physik (OPT) (5 CP)<\/p><p>Teil 1: Einf\u00fchrung in die mathematischen Hilfsmittel der Physik (Vorlesung), WS 2018\/19<\/p><p>Teil 2: Einf\u00fchrung in die mathematischen Hilfsmittel der Physik (\u00dcbung), WS 2018\/19<\/p><p>Bitte beachten Sie: 2-Fach-B.A.-Studierende der Physik und \/ oder Mathematik k\u00f6nnen nur dann CP f\u00fcr den Optionalbereich erwerben, wenn sie das Modul vor Ihrem ersten Fachsemester besuchen. Studierende der Physik im Bachelor of Science (1-Fach B.Sc.) ist das Modul nicht als Studienleistung anrechenbar.<\/p><p><\/p><p><a href=\"https:\/\/vvz.ruhr-uni-bochum.de\/campus\/all\/module.asp?gguid=0xA197F3C4A08E694AACD1B5D825D7B03C&amp;fieldgguid=&amp;mode=&amp;findmodule=mathematische&amp;tguid=0x63AFB79AE0C44D2B962D450F2AE41038\">Campus<\/a><\/p><p>Mathematische Methoden der Physik (OPT) (5 CP)<\/p><p>Teil 1: Mathematische Methoden der Physik I (Vorlesung), WS 2018\/19<\/p><p>Teil 2: Mathematische Methoden der Physik I (\u00dcbung\/Lerngruppe) (\u00dcbung) ,WS 2018\/19<\/p><p><\/p><p><a href=\"https:\/\/vvz.ruhr-uni-bochum.de\/campus\/all\/module.asp?gguid=0x214313404D7E4849B4EAA91383DE1753&amp;fieldgguid=&amp;mode=&amp;findmodule=physik+I&amp;tguid=0x63AFB79AE0C44D2B962D450F2AE41038\">Campus<\/a><\/p><p>Physik I (Schwerpunkt Chemie, Biochemie, Geowissenschaften) (5 CP)<\/p><p>Teil 1: Physik I f\u00fcr Studierende der Biochemie, Chemie und Geowissenschaften (Vorlesung), WS 2018\/19<\/p><p>Teil 2: Physik I f\u00fcr Studierende der Biochemie, Chemie und Geowissenschaften (\u00dcbung), WS 2018\/19<\/p><p>Studierende der Physik k\u00f6nnen an diesem Modul nicht teilnehmen. Da die Veranstaltung inhaltlich der Physik I (Schwerpunkt Biologie) gleicht, kann nur jeweils eine von beiden f\u00fcr den Optionalbereich anerkannt werden. F\u00fcr Studierende des B.Sc. Studiengangs Chemie, Biochemie, Geowissenschaften ist dieses Modul nicht im Optionalbereich anrechenbar.<\/p><p><\/p><p><a href=\"https:\/\/vvz.ruhr-uni-bochum.de\/campus\/all\/module.asp?gguid=0xB929A78FC3A7D1458AC126D738B18F61&amp;fieldgguid=&amp;mode=&amp;findmodule=physik+I&amp;tguid=0x63AFB79AE0C44D2B962D450F2AE41038\">Campus<\/a><\/p><p>Physik II (Schwerpunkt Biologie) (OPT) (5 CP)<\/p><p>Teil 1: Physik II f\u00fcr Studierende der Biologie (Vorlesung), WS 2018\/19<\/p><p>Teil 2: Physik II f\u00fcr Studierende der Biologie (\u00fcbung), WS 2018\/19<\/p><p>&#8222;Da die Veranstaltung inhaltlich der Physik II (Schwerpunkt Chemie) gleicht, kann nur jeweils eine von beiden f\u00fcr den Optionalbereich anerkannt werden. F\u00fcr Studierende des B.Sc. Studiengangs Biologie ist dieses Modul nicht im Optionalbereich anrechenbar. Studierende der Physik k\u00f6nnen an diesem Modul nicht teilnehmen.&#8220;<\/p><p><\/p><p><a href=\"https:\/\/vvz.ruhr-uni-bochum.de\/campus\/all\/module.asp?gguid=0x783EB5F7580F934E942782093D40261F&amp;fieldgguid=&amp;findmodule=physik+des&amp;tguid=0x63AFB79AE0C44D2B962D450F2AE41038&amp;strSignMessage=\">Campus<\/a><\/p><p>Physik des Universums: Vom Urknall bis zur Supernova (OPT) (5 CP)<\/p><p>Teil 1: Physik des Universums: Vom Urknall bis zur Supernova (Vorlesung), WS 2018\/19<\/p><p>Teil 2: Physik des Universums: Vom Urknall bis zur Supernova (\u00dcbung), WS 2018\/19<\/p><p>Studierende der Physik k\u00f6nnen an diesem Modul nicht teilnehmen!<\/p><p><\/p><p><a href=\"https:\/\/vvz.ruhr-uni-bochum.de\/campus\/all\/module.asp?gguid=0x12C096F7DAAA47498974A5E2E9C61E6F&amp;fieldgguid=&amp;findmodule=physik+f%FCr&amp;tguid=0x63AFB79AE0C44D2B962D450F2AE41038&amp;strSignMessage=\">Campus<\/a><\/p><p>Physik f\u00fcr Nicht-Physikerinnen und Nicht-Physiker (OPT) (5 CP)<\/p><p>Teil 1: Physik f\u00fcr Nicht-Physikerinnen und Nicht-Physiker (Vorlesung), WS 2018\/19<\/p><p>Teil 2: Physik f\u00fcr Nicht-Physikerinnen und Nicht-Physiker (\u00dcbung), WS 2018\/19<\/p><p>Studierende der Physik k\u00f6nnen an diesem Modul nicht teilnehmen!<\/p><p>Rechtswissenschaft<\/p><p><\/p><p><a href=\"https:\/\/vvz.ruhr-uni-bochum.de\/campus\/all\/module.asp?gguid=0x3C98EE7CC67E4CEDA305D2B7225B7725&amp;fieldgguid=&amp;findmodule=basismodul+arbeit&amp;tguid=0x63AFB79AE0C44D2B962D450F2AE41038&amp;strSignMessage=\">Campus<\/a><\/p><p>Basismodul Arbeitsrecht (5 CP)<\/p><p>Teil 1: Arbeitsrecht f\u00fcr Nichtjuristen (Vorlesung), WS 2018\/19<\/p><p>Teil 2: Methodenlehre (Vorlesung), WS 2018\/19<\/p><p>Die Vorlesung Methodenlehre kann nur einmal im Optionalbereich verwendet werden.<\/p><p><\/p><p><a href=\"https:\/\/vvz.ruhr-uni-bochum.de\/campus\/all\/module.asp?gguid=0xD3340FCD85DB4DC88AEC1E2B710E6B6B&amp;fieldgguid=&amp;findmodule=basismodul+%F6ffen&amp;tguid=0x63AFB79AE0C44D2B962D450F2AE41038&amp;strSignMessage=\">Campus<\/a><\/p><p>Basismodul \u00d6ffentliches Recht (5 CP)<\/p><p>Teil 1: \u00d6ffentliches Recht (f\u00fcr Nichtjuristen) (Blockveranstaltung), WS 2018\/19<\/p><p>Teil 2: Methodenlehre (Vorlesung), WS 2018\/19<\/p><p>Die Vorlesung Methodenlehre kann nur einmal im Optionalbereich verwendet werden.<\/p><p><\/p><p><a href=\"https:\/\/vvz.ruhr-uni-bochum.de\/campus\/all\/module.asp?gguid=0x6687B21BE64B40FEBB451BD803A481AC&amp;fieldgguid=&amp;mode=&amp;findmodule=basismodul+recht&amp;tguid=0x63AFB79AE0C44D2B962D450F2AE41038\">Campus<\/a><\/p><p>Basismodul Rechtsgeschichte (5 CP)<\/p><p>Teil 1: R\u00f6mische Rechtsgeschichte (Vorlesung), WS 2018\/19<\/p><p>Teil 2: Deutsche Rechtsgeschichte (Vorlesung), SoSe 2019<\/p><p>Studierende, die einen Modulteil im Rahmen eines anderen Moduls belegen, k\u00f6nnen an diesem Modul nicht teilnehmen.<\/p><p><\/p><p><a href=\"https:\/\/vvz.ruhr-uni-bochum.de\/campus\/all\/module.asp?gguid=0x1241E0D0969E46BF9D6869A82314F74D&amp;fieldgguid=&amp;mode=&amp;findmodule=basismodul+recht&amp;tguid=0x63AFB79AE0C44D2B962D450F2AE41038\">Campus<\/a><\/p><p>Basismodul Rechtsphilosophie (5 CP)<\/p><p>Teil 1: Philosophy of Law (Vorlesung), WS 2018\/19<\/p><p>Teil 2: Methodenlehre (Vorlesung), WS 2018\/19<\/p><p>Die Vorlesung Methodenlehre kann nur einmal im Optionalbereich verwendet werden.<\/p><p><\/p><p><a href=\"https:\/\/vvz.ruhr-uni-bochum.de\/campus\/all\/module.asp?gguid=0x66CCFD16D28F4B7BA2E5866EA91C56D7&amp;fieldgguid=&amp;findmodule=krimi&amp;tguid=0x63AFB79AE0C44D2B962D450F2AE41038&amp;strSignMessage=\">Campus<\/a><\/p><p>Kriminologie (Optionalbereich) (5 CP)<\/p><p>Teil 1: Kriminologie I (Vorlesung), WS 2018\/19<\/p><p>Teil 2: Ausgew\u00e4hlte Themen zur Kriminologie (Erg\u00e4nzende Vorlesung), WS 2018\/19<\/p><p>Religionswissenschaft<\/p><p><\/p><p><a href=\"https:\/\/vvz.ruhr-uni-bochum.de\/campus\/all\/module.asp?gguid=0x02433E82676544A0AE520E7B42954AFB&amp;fieldgguid=&amp;findmodule=J%FCdische+Religionsgeschichte&amp;tguid=0x63AFB79AE0C44D2B962D450F2AE41038&amp;strSignMessage=\">Campus<\/a><\/p><p>J\u00fcdische Religionsgeschichte (5 CP)<\/p><p>Teil 1: J\u00fcdische Religionsgeschichte (\u00dcbung), WS 2018\/19<\/p><p>Teil 2: Mittelalterliche Religionsgeschichte Vorderasiens und Europas (Vorlesung mit \u00dcbungsanteil), WS 2018\/19<\/p><p>Studierende der Religionswissenschaft k\u00f6nnen in diesem Modul keine CP f\u00fcr den Optionalbereich erwerben! Studierende des Optionalbereichs k\u00f6nnen kein anderes Modul mit der gleichen Veranstaltung belegen.<\/p><p><\/p><p><a href=\"https:\/\/vvz.ruhr-uni-bochum.de\/campus\/all\/module.asp?gguid=0xC8CEA4CB8D994D3C8BC4C86B790B856D&amp;fieldgguid=&amp;mode=&amp;findmodule=religionsgesch&amp;tguid=0x63AFB79AE0C44D2B962D450F2AE41038\">Campus<\/a><\/p><p>Religionsgeschichte Asiens(5 CP)<\/p><p>Teil 1: S\u00fcdasiatische Religionsgeschichte (Vorlesung mit \u00dcbungsanteil), WS 2018\/19<\/p><p>Teil 2: Religionen Ostasiens (Vorlesung mit \u00dcbungsanteil), WS 2018\/19<\/p><p>Studierende der Religionswissenschaft k\u00f6nnen in diesem Modul keine CP f\u00fcr den Optionalbereich erwerben! Studierende des Optionalbereichs k\u00f6nnen kein anderes Modul mit der gleichen Veranstaltung belegen.<\/p><p><\/p><p><a href=\"https:\/\/vvz.ruhr-uni-bochum.de\/campus\/all\/module.asp?gguid=0x0CA1EAC7B37E47B7AD8520D7091E3806&amp;fieldgguid=&amp;findmodule=Religionsgeschichte+Ostasiens&amp;tguid=0x63AFB79AE0C44D2B962D450F2AE41038&amp;strSignMessage=\">Campus<\/a><\/p><p>Religionsgeschichte Ostasiens (5 CP)<\/p><p>Teil 1: Ostasiatische Religionsgeschichte (Vorlesung mit \u00dcbungsanteil), WS 2018\/19<\/p><p>Teil 2: Chinesische Landschaftsmalerei aus kunst- und religionsgeschichtlicher Perspektive (Seminar), WS 2018\/19<\/p><p>Studierende der Religionswissenschaft k\u00f6nnen in diesem Modul keine CP f\u00fcr den Optionalbereich erwerben! Studierende des Optionalbereichs k\u00f6nnen kein anderes Modul mit der gleichen Veranstaltung belegen.<\/p><p><\/p><p><a href=\"https:\/\/vvz.ruhr-uni-bochum.de\/campus\/all\/module.asp?gguid=0x6C6C28E267BD4B48916372B593AA6242&amp;fieldgguid=&amp;findmodule=Religionsgeschichte+S%FCdasiens&amp;tguid=0x63AFB79AE0C44D2B962D450F2AE41038&amp;strSignMessage=\">Campus<\/a><\/p><p>Religionsgeschichte S\u00fcdasiens (5 CP)<\/p><p>Teil 1: S\u00fcdasiatische Religionsgeschichte (Vorlesung mit \u00dcbungsanteil), WS 2018\/19<\/p><p>Teil 2: Jainismus in Geschichte und Gegenwart (\u00dcbung), WS 2018\/19<\/p><p>Studierende der Religionswissenschaft k\u00f6nnen in diesem Modul keine CP f\u00fcr den Optionalbereich erwerben! Studierende des Optionalbereichs k\u00f6nnen kein anderes Modul mit der gleichen Veranstaltung belegen.<\/p><p><\/p><p><a href=\"https:\/\/vvz.ruhr-uni-bochum.de\/campus\/all\/module.asp?gguid=0x66FB2EBA3DE94B2A9B392F6C7CE0457E&amp;fieldgguid=&amp;mode=&amp;findmodule=religionsgesch&amp;tguid=0x63AFB79AE0C44D2B962D450F2AE41038\">Campus<\/a><\/p><p>Religionsgeschichte Vorderasiens und Europas &#8211; vom Mittelalter zur Moderne (5 CP)<\/p><p>Teil 1: Mittelalterliche Religionsgeschichte Vorderasiens und Europas (Vorlesung mit \u00dcbungsanteil), WS 2018\/19<\/p><p>Teil 2: Moderne Religionsgeschichte Vorderasiens und Europas (Vorlesung mit \u00dcbungsanteil), SoSe 2019<\/p><p>Studierende der Religionswissenschaft k\u00f6nnen in diesem Modul keine CP f\u00fcr den Optionalbereich erwerben! Studierende des Optionalbereichs k\u00f6nnen kein anderes Modul mit der gleichen Veranstaltung belegen.<\/p><p><\/p><p><a href=\"https:\/\/vvz.ruhr-uni-bochum.de\/campus\/all\/module.asp?gguid=0x6A6B476CE8314213BC251F286EDE6909&amp;fieldgguid=&amp;findmodule=Religionswissenschaftliche+Zug%E4nge+zur+i&amp;tguid=0x63AFB79AE0C44D2B962D450F2AE41038&amp;strSignMessage=\">Campus<\/a><\/p><p>Religionswissenschaftliche Zug\u00e4nge zur islamischen Religionsgeschichte(5 CP)<\/p><p>Teil 1: Religionsgeschichte Islam (\u00dcbung), WS 2018\/2019<\/p><p>Teil 2: Einf\u00fchrung in die Religionswissenschaft (Vorlesung), WS 2018\/19<\/p><p>Studierende der Religionswissenschaft k\u00f6nnen in diesem Modul keine CP f\u00fcr den Optionalbereich erwerben! Weitere Ausschl\u00fcsse finden sich in der Modulbeschreibung.<\/p><p><\/p><p><a href=\"https:\/\/vvz.ruhr-uni-bochum.de\/campus\/all\/module.asp?gguid=0x1594696DB63E4DFE9BF2E0CF866F4802&amp;fieldgguid=&amp;mode=&amp;findmodule=Religionswissenschaftliche+Zug%E4nge+zur+j&amp;tguid=0x63AFB79AE0C44D2B962D450F2AE41038\">Campus<\/a><\/p><p>Religionswissenschaftliche Zug\u00e4nge zur jainistischen Religionsgeschichte (5 CP)<\/p><p>Teil 1: Einf\u00fchrung in die Religionswissenschaft (Vorlesung), WS 2018\/19<\/p><p>Teil 2: Jainismus in Geschichte und Gegenwart (\u00dcbung), WS 2018\/19<\/p><p>Studierende der Religionswissenschaft k\u00f6nnen in diesem Modul keine CP f\u00fcr den Optionalbereich erwerben! Studierende des Optionalbereichs k\u00f6nnen kein anderes Modul mit der gleichen Veranstaltung belegen.<\/p><p><\/p><p><a href=\"https:\/\/vvz.ruhr-uni-bochum.de\/campus\/all\/module.asp?gguid=0x9827EEC734F84C45B340D06647B2F2B0&amp;fieldgguid=&amp;mode=&amp;findmodule=Religionswissenschaftliche+Zug%E4nge+zur+j&amp;tguid=0x63AFB79AE0C44D2B962D450F2AE41038\">Campus<\/a><\/p><p>Religionswissenschaftliche Zug\u00e4nge zur j\u00fcdischen Religionsgeschichte (5 CP)<\/p><p>Teil 1: Einf\u00fchrung in die Religionswissenschaft (Vorlesung), WS 2018\/19<\/p><p>Teil 2: J\u00fcdische Religionsgeschichte (\u00dcbung), WS 2018\/19<\/p><p>Studierende der Religionswissenschaft k\u00f6nnen in diesem Modul keine CP f\u00fcr den Optionalbereich erwerben! Studierende des Optionalbereichs k\u00f6nnen kein anderes Modul mit der gleichen Veranstaltung belegen.<\/p><p><\/p><p><a href=\"https:\/\/vvz.ruhr-uni-bochum.de\/campus\/all\/module.asp?gguid=0x614EF436D0494FE1998644F0BEDDE346&amp;fieldgguid=&amp;findmodule=Religionswissenschaftliche+Zug%E4nge+zur+m&amp;tguid=0x63AFB79AE0C44D2B962D450F2AE41038&amp;strSignMessage=\">Campus<\/a><\/p><p>Religionswissenschaftliche Zug\u00e4nge zur mittelalterlichen Religionsgeschichte Vorderasiens und Europas (5 CP)<\/p><p>Teil 1: Einf\u00fchrung in die Religionswissenschaft (Vorlesung), WS 2018\/19<\/p><p>Teil 2: Mittelalterliche Religionsgeschichte Vorderasiens und Europas (\u00dcbung), WS 2018\/19<\/p><p>Studierende der Religionswissenschaft k\u00f6nnen in diesem Modul keine CP f\u00fcr den Optionalbereich erwerben! Studierende des Optionalbereichs k\u00f6nnen kein anderes Modul mit der gleichen Veranstaltung belegen.<\/p><p><\/p><p><a href=\"https:\/\/vvz.ruhr-uni-bochum.de\/campus\/all\/module.asp?gguid=0xE62C329E24024623A5A6606052E9A43F&amp;fieldgguid=&amp;mode=&amp;findmodule=religionswiss&amp;tguid=0x63AFB79AE0C44D2B962D450F2AE41038\">Campus<\/a><\/p><p>Religionswissenschaftliche Zug\u00e4nge zur Religionsgeschichte Ostasiens(5 CP)<\/p><p>Teil 1: Ostasiatische Religionsgeschichte (Vorlesung mit \u00dcbungsanteil), WS 2018\/2019<\/p><p>Teil 2: Einf\u00fchrung in die Religionswissenschaft (Vorlesung), WS 2018\/19<\/p><p>Studierende der Religionswissenschaft k\u00f6nnen in diesem Modul keine CP f\u00fcr den Optionalbereich erwerben! Weitere Ausschl\u00fcsse finden sich in der Modulbeschreibung.<\/p><p><\/p><p><a href=\"https:\/\/vvz.ruhr-uni-bochum.de\/campus\/all\/module.asp?gguid=0xF4E62504F4804868BA5A7693DA2D59F5&amp;fieldgguid=&amp;mode=&amp;findmodule=religionswiss&amp;tguid=0x63AFB79AE0C44D2B962D450F2AE41038\">Campus<\/a><\/p><p>Religionswissenschaftliche Zug\u00e4nge zur s\u00fcdasiatischen Religionsgeschichte(5 CP)<\/p><p>Teil 1: S\u00fcdasiatische Religionsgeschichte (Vorlesung mit \u00dcbungsanteil), WS 2018\/2019<\/p><p>Teil 2: Einf\u00fchrung in die Religionswissenschaft (Vorlesung), WS 2018\/19<\/p><p>Studierende der Religionswissenschaft k\u00f6nnen in diesem Modul keine CP f\u00fcr den Optionalbereich erwerben! Weitere Ausschl\u00fcsse finden sich in der Modulbeschreibung.<\/p><p><\/p><p><a href=\"https:\/\/vvz.ruhr-uni-bochum.de\/campus\/all\/module.asp?gguid=0xB18E1648F55647D5AB6250EC89C3E727&amp;fieldgguid=&amp;mode=&amp;findmodule=%25Zug%E4nge%25&amp;tguid=0x63AFB79AE0C44D2B962D450F2AE41038\">Campus<\/a><\/p><p>Religionswissenschaftliche Zug\u00e4nge zu systematischer Religionswissenschaft (5 CP)<\/p><p>Teil 1: Theorien und Ans\u00e4tze der Religionswissenschaft (Seminar), WS 2018\/19<\/p><p>Teil 2: Einf\u00fchrung in die Religionswissenschaft (Vorlesung), WS 2018\/19<\/p><p>Studierende der Religionswissenschaft k\u00f6nnen in diesem Modul keine CP f\u00fcr den Optionalbereich erwerben! Weitere Ausschl\u00fcsse finden sich in der Modulbeschreibung.<\/p><p>Romanistik<\/p><p><\/p><p><a href=\"https:\/\/vvz.ruhr-uni-bochum.de\/campus\/all\/module.asp?gguid=0x947E0313E12E4AE0975F6F7A6B5434B8&amp;fieldgguid=&amp;findmodule=kata&amp;tguid=0x63AFB79AE0C44D2B962D450F2AE41038&amp;strSignMessage=\">Campus<\/a><\/p><p>Katalanische Sprache und Kultur 1 (B1) (5 CP)<\/p><p>Teil 1: Katalanisch 3, WS 2018\/19<\/p><p>Teil 2: Proseminar im Bereich Landeskunde, SoSe 2019<\/p><p><\/p><p><a href=\"https:\/\/vvz.ruhr-uni-bochum.de\/campus\/all\/module.asp?gguid=0x19775E692C0143C4BD09B3C9DBB3E667&amp;fieldgguid=&amp;findmodule=Katalanische%25&amp;tguid=0x63AFB79AE0C44D2B962D450F2AE41038&amp;strSignMessage=\">Campus<\/a><\/p><p>Katalanische Sprache und Kultur 2 (B1\/B2) (5 CP)<\/p><p>Teil 1: Els &#8222;Pa\u00edsos Catalans&#8220; des de la Corona d&#8217;Arag\u00f3 fins avui (Seminar), WS 2018\/19<\/p><p>Teil 2: Lekt\u00fcrekurs: Katalanische Texte, SoSe 2019<\/p><p>Slavistik<\/p><p><\/p><p><a href=\"https:\/\/vvz.ruhr-uni-bochum.de\/campus\/all\/module.asp?gguid=0x48D011124DA44EC2A53DAF8E72522CB3&amp;fieldgguid=&amp;mode=&amp;findmodule=grundlagenmodul&amp;tguid=0x63AFB79AE0C44D2B962D450F2AE41038\">Campus<\/a><\/p><p>Grundlagenmodul Russisch A1 \/ A2 (10 CP)<\/p><p>Teil 1: Grammatik, Lese- und Schreib\u00fcbung I (\u00dcbung), WS 2018\/19<\/p><p>Teil 2: Phonetik und Konversation I (\u00dcbung), WS 2018\/19<\/p><p><\/p><p><a href=\"https:\/\/vvz.ruhr-uni-bochum.de\/campus\/all\/module.asp?gguid=0x4AF6705BFEB14513AE5BB4FEE2C0674C&amp;fieldgguid=&amp;findmodule=unvergessen&amp;tguid=0x63AFB79AE0C44D2B962D450F2AE41038&amp;strSignMessage=\">Campus<\/a><\/p><p>UnVergessen Plus &#8211; Zweisprachigkeit im Altersheim (10 CP)<\/p><p>Teil 1: UnVergessen &#8211; zur sprachlichen Situation von russischen Immigranten im Alter: Vorbereitungsseminar (Seminar), WS 2018\/19<\/p><p>Teil 2: Betreuung und soziale Arbeit (Hospitanz, praktischer Teil), SoSe 2019<\/p><p>Teil 3: Nachbereitung, Reflexion und Pr\u00e4sentation (Seminar und Ausstellung) (SoSe 2018), SoSe 2019<\/p><p>Sozialwissenschaft<\/p><p><\/p><p><a href=\"https:\/\/vvz.ruhr-uni-bochum.de\/campus\/all\/module.asp?gguid=0x886A67334B3B469B9A52008C567D2826&amp;fieldgguid=&amp;findmodule=arbeits%2D%2C&amp;tguid=0x63AFB79AE0C44D2B962D450F2AE41038&amp;strSignMessage=\">Campus<\/a><\/p><p>Arbeits-, Wirtschafts- und Organisationssoziologie (5 CP)<\/p><p>Teil 1: Einf\u00fchrung in die Arbeits-, Wirtschafts- und Organisationssoziologie (Seminar), WS 2018\/19<\/p><p>Teil 2: Strukturierte Betreuung (\u00dcbung), WS 2018\/19<\/p><p>Studierende der F\u00e4cher PWG, KIG und Soziologie sowie des Studiengangs Sozialwissenschaft k\u00f6nnen an diesem Modul nicht teilnehmen!<\/p><p><\/p><p><a href=\"https:\/\/vvz.ruhr-uni-bochum.de\/campus\/all\/module.asp?gguid=0x704B39EB50254FC8B57D9172B8EEF428&amp;fieldgguid=&amp;mode=&amp;findmodule=einf%FChrung+in+die+wirt&amp;tguid=0x63AFB79AE0C44D2B962D450F2AE41038\">Campus<\/a><\/p><p>Einf\u00fchrung in die Wirtschafts- und Sozialpolitik (5 CP)<\/p><p>Teil 1: Einf\u00fchrung in die Wirtschafts- und Sozialpolitik (Vorlesung), WS 2018\/19<\/p><p>Teil 2: Strukturierte Betreuung WiSoPo (nur f\u00fcr den Optionalbereich) (\u00dcbung), WS 2018\/19<\/p><p>Studierende der F\u00e4cher PWG, Soziologie, Politikwissenschaft und Sozialpsychologie\/-anthropologie sowie des Studiengangs Sozialwissenschaft k\u00f6nnen an diesem Modul nicht teilnehmen!<\/p><p><\/p><p><a href=\"https:\/\/vvz.ruhr-uni-bochum.de\/campus\/all\/module.asp?gguid=0x1D7A45F7E7F646E19F789C196A28813D&amp;fieldgguid=&amp;findmodule=grundfragen&amp;tguid=0x63AFB79AE0C44D2B962D450F2AE41038&amp;strSignMessage=\">Campus<\/a><\/p><p>Grundfragen und Hauptbegriffe der Soziologie (Soziologie I) (5 CP)<\/p><p>Teil 1: Grundfragen und Hauptbegriffe der Soziologie I (Vorlesung), WS 2018\/19<\/p><p>Teil 2: Strukturierte Betreuung (\u00dcbung), WS 2018\/19<\/p><p>Studierende der F\u00e4cher PWG, KIG, Soziologie, Politikwissenschaft und Sozialpsychologie\/-anthropologie sowie des Studiengangs Sozialwissenschaft k\u00f6nnen an diesem Modul nicht teilnehmen.<\/p><p><\/p><p><a href=\"https:\/\/vvz.ruhr-uni-bochum.de\/campus\/all\/module.asp?gguid=0xD0D727A3F71E4F239EF1F71DADC832A1&amp;fieldgguid=&amp;mode=&amp;findmodule=politikwissen&amp;tguid=0x63AFB79AE0C44D2B962D450F2AE41038\">Campus<\/a><\/p><p>Politikwissenschaft: Politisches System Deutschlands (5 CP)<\/p><p>Teil 1: Einf\u00fchrung in das politische System Deutschlands (PolWiss, Teil II; PolSys, Teil I) (Vorlesung), WS 2018\/19<\/p><p>Teil 2: Strukturierte Betreuung (PolSys, Teil II; PolWiss, Teil III) (\u00dcbung), WS 2018\/19<\/p><p>Studierende der F\u00e4cher PWG, KIG, Politikwissenschaft sowie des Studienganges Sozialwissenschaft k\u00f6nnen an dem Modul nicht teilnehmen!<\/p><p><\/p><p><a href=\"https:\/\/vvz.ruhr-uni-bochum.de\/campus\/all\/module.asp?gguid=0x6C6CCB64194947F6A436B42A0B7B7788&amp;fieldgguid=&amp;mode=&amp;findmodule=sozial%2D+und&amp;tguid=0x63AFB79AE0C44D2B962D450F2AE41038\">Campus<\/a><\/p><p>Sozial- und Kulturpsychologie (5 CP)<\/p><p>Teil 1: Einf\u00fchrung in die Sozial- und Kulturpsychologie (GrundSopsy, Teil I) (Vorlesung), WS 2018\/19<\/p><p>Teil 2: Strukturierte Betreuung (GrundSopsy, Teil III) (\u00dcbung), WS 2018\/19<\/p><p>Studierende des Faches Sozialpsychologie und -anthropologie, des Faches KIG, sowie des Studienganges Sozialwissenschaft k\u00f6nnen an dem Modul nicht teilnehmen.<\/p><p><\/p><p><a href=\"https:\/\/vvz.ruhr-uni-bochum.de\/campus\/all\/module.asp?gguid=0xFE82F8F0050248D89AD861646BCC792F&amp;fieldgguid=&amp;mode=&amp;findmodule=sozial%2D+und&amp;tguid=0x63AFB79AE0C44D2B962D450F2AE41038\">Campus<\/a><\/p><p>Sozial- und Kulturtheorie (5 CP)<\/p><p>Teil 1: Einf\u00fchrung in die Sozial- und Kulturtheorie: Positionen und Entwicklungen im 20. und 21. Jahrhundert (Vorlesung), WS 2018\/19<\/p><p>Teil 2: Sozial- und Kulturtheorie. Ausgew\u00e4hlte Lekt\u00fcre (SozThe, Teil II) (\u00dcbung), WS 2018\/19<\/p><p>Studierende des Faches Sozialpsychologie und -anthropologie sowie des Studiengangs Sozialwissenschaft k\u00f6nnen an dem Modul nicht teilnehmen!<\/p><p><\/p><p><a href=\"https:\/\/vvz.ruhr-uni-bochum.de\/campus\/all\/module.asp?gguid=0x19DE9DEA52CD40E68AA511F376881975&amp;fieldgguid=&amp;mode=&amp;findmodule=sozial%2D+und&amp;tguid=0x63AFB79AE0C44D2B962D450F2AE41038\">Campus<\/a><\/p><p>Sozial- und Kulturanthropologie (5 CP)<\/p><p>Teil 1: Einf\u00fchrung in die Sozial- und Kulturanthropologie (GrundSopsy, Teil II) (Vorlesung), WS 2018\/19<\/p><p>Teil 2: Strukturierte Betreuung (GrundSopsy, Teil II) (\u00dcbung), WS 2018\/19<\/p><p>Studierende des Faches Sozialpsychologie und -anthropologie, des Faches KIG, sowie des Studiengangs Sozialwissenschaft k\u00f6nnen an dem Modul nicht teilnehmen.<\/p><p><\/p><p><a href=\"https:\/\/vvz.ruhr-uni-bochum.de\/campus\/all\/module.asp?gguid=0xE5F86AD7E45D40D39FBFCA117DCF9357&amp;fieldgguid=&amp;findmodule=sozials&amp;tguid=0x63AFB79AE0C44D2B962D450F2AE41038&amp;strSignMessage=\">Campus<\/a><\/p><p>Sozialstruktur und sozialer Wandel (Soziologie II) (5 CP)<\/p><p>Teil 1: Sozialstruktur und sozialer Wandel (Vorlesung), WS 2018\/19<\/p><p>Teil 2: Strukturierte Betreuung (\u00dcbung), WS 2018\/19<\/p><p>Studierende der F\u00e4cher PWG, KIG, Soziologie, Politikwissenschaft und Sozialpsychologie\/-anthropologie sowie des Studiengangs Sozialwissenschaft k\u00f6nnen an diesem Modul nicht teilnehmen!<\/p><p><\/p><p><a href=\"https:\/\/vvz.ruhr-uni-bochum.de\/campus\/all\/module.asp?gguid=0xF3CB41EBBA5B416EAB25E58056E15653&amp;fieldgguid=&amp;findmodule=theorien+und+methoden&amp;tguid=0x63AFB79AE0C44D2B962D450F2AE41038&amp;strSignMessage=\">Campus<\/a><\/p><p>Theorien und Methoden der Kulturpsychologie (5 CP)<\/p><p>Teil 1: Theorien und Methoden der Kulturpsychologie (SozKult, Teil I ) (Vorlesung), WS 2018\/19<\/p><p>Teil 2: Strukturierte Betreuung (SozKult, Teil III ) (\u00dcbung), WS 2018\/19<\/p><p>Teil3: Vorlesung<\/p><p>Studierende des Faches Sozialpsychologie und -anthropologie, des Faches KIG, sowie des Studiengangs Sozialwissenschaft k\u00f6nnen an dem Modul nicht teilnehmen.<\/p><p><a href=\"https:\/\/vvz.ruhr-uni-bochum.de\/campus\/all\/module.asp?gguid=0x226D1EB00EA541188A5540438CBEBC3C&amp;fieldgguid=&amp;mode=&amp;findmodule=introduc&amp;tguid=0x63AFB79AE0C44D2B962D450F2AE41038\">Campus<\/a><\/p><p>Introduction to Humanitarian Action (5 CP)<\/p><p>Teil 1: Introduction to Humanitarian Action (lecture), WS 2018\/19<\/p><p>Teil 2: A two-day study trip to The Hague (Den Haag) plus a one-day colloquium, WS 2018\/19<\/p><p>Ab dem 2. Semester belegbar.<\/p><p>Sportwissenschaft<\/p><p><\/p><p><a href=\"https:\/\/vvz.ruhr-uni-bochum.de\/campus\/all\/module.asp?gguid=0x5ED5D77DDF25FB42ACF2F1A1E91EDCB2&amp;fieldgguid=&amp;findmodule=aufbau+des+k%F6r&amp;tguid=0x63AFB79AE0C44D2B962D450F2AE41038&amp;strSignMessage=\">Campus<\/a><\/p><p>Aufbau des K\u00f6rpers sowie Funktionsweise in Ruhe und w\u00e4hrend k\u00f6rperlicher Belastung (5 CP)<\/p><p>Teil 1: Vorlesung Sportmedizin (Vorlesung), WS 2018\/19<\/p><p>Teil 2: Aufbau des K\u00f6rpers sowie Funktionsweise in Ruhe und w\u00e4hrend k\u00f6rperlicher Belastung (begleitende Blackboard-\u00dcbung zur Vorlesung) (Distant-Learning-Seminar), WS 2018\/19<\/p><p><\/p><p><a href=\"https:\/\/vvz.ruhr-uni-bochum.de\/campus\/all\/module.asp?gguid=0x201740C2299E72459D76BDB02E4ABC18&amp;fieldgguid=&amp;findmodule=choreo&amp;tguid=0x63AFB79AE0C44D2B962D450F2AE41038&amp;strSignMessage=\">Campus<\/a><\/p><p>Choreographische Werkstatt (5 CP)<\/p><p>Teil 1: Elemente des Choreographierens im Tanz (Seminar), WS 2018\/19<\/p><p>Teil 2: Zeitgen\u00f6ssischer B\u00fchnentanz und Tanz im Film (Seminar), WS 2018\/19<\/p><p><\/p><p><a href=\"https:\/\/vvz.ruhr-uni-bochum.de\/campus\/all\/module.asp?gguid=0x8F089D6BB4CE7B439AA9F93AB7BC537F&amp;fieldgguid=&amp;findmodule=sports&amp;tguid=0x63AFB79AE0C44D2B962D450F2AE41038&amp;strSignMessage=\">Campus<\/a><\/p><p>Sportsoziologie (5 CP)<\/p><p>Teil 1: Vorlesung Sport in soziologischer Perspektive (Vorlesung), WS 2018\/19<\/p><p>Teil 2: Partizipation von sozial benachteiligten Kindern und Jugendlichen durch Sport und Bewegung, WS 2018\/19<\/p><p>Studierende der Sportwissenschaft k\u00f6nnen an diesem Modul nicht teilnehmen!<\/p><p>Theaterwissenschaft<\/p><p><\/p><p><a href=\"https:\/\/vvz.ruhr-uni-bochum.de\/campus\/all\/module.asp?gguid=0x06599F0149F0407AA34276E66CA05DB7&amp;fieldgguid=&amp;findmodule=basiswissen&amp;tguid=0x63AFB79AE0C44D2B962D450F2AE41038&amp;strSignMessage=\">Campus<\/a><\/p><p>Basiswissen Musik (5 CP)<\/p><p>Teil 1 und Teil 2: Basiswissen Musik (Vorlesung und \u00dcbung), WS 2018\/19<\/p><p>Studierende der Theaterwissenschaft k\u00f6nnen in diesem Modul keine CP f\u00fcr den Optionalbereich erwerben.<\/p><p><\/p><p><a href=\"https:\/\/vvz.ruhr-uni-bochum.de\/campus\/all\/module.asp?gguid=0x2BBEF95A8E7042679B36329FE21A8F7B&amp;fieldgguid=&amp;findmodule=theater&amp;tguid=0x63AFB79AE0C44D2B962D450F2AE41038&amp;strSignMessage=\">Campus<\/a><\/p><p>Theater- und Kunsttheorie (5 CP)<\/p><p>Teil 1: Ringvorlesung Theatertheorie, WS 2018\/19<\/p><p>Teil 2: Philosophie und B\u00fchne: Gegenw\u00e4rtige Theorie(trends) der Kunst f\u00fcr Theaterwissenschaftler*innen (Seminar), WS 2018\/19<\/p><p>Studierende der Theaterwissenschaft k\u00f6nnen in diesem Modul keine CP f\u00fcr den Optionalbereich erwerben.<\/p><p>Wirtschaftswissenschaft<\/p><p><\/p><p><a href=\"https:\/\/vvz.ruhr-uni-bochum.de\/campus\/all\/module.asp?gguid=0xA1497FBB3A9A0249951EE281FF53B39A&amp;fieldgguid=&amp;findmodule=coaching+work&amp;tguid=0x63AFB79AE0C44D2B962D450F2AE41038&amp;strSignMessage=\">Campus<\/a><\/p><p>Coaching Workshop f\u00fcr Existenzgr\u00fcnder &#8211; Student StartUP Camp (5 CP)<\/p><p>Teil 1: Entwicklung einer Gesch\u00e4ftsidee (Vorlesung mit begleitender \u00dcbung), WS 2018\/19<\/p><p>Teil 2: Betriebswirtschaftliche Grundlagen f\u00fcr Startups (Vorlesung mit begleitender \u00dcbung), WS 2018\/19<\/p><p>Teil 3: Studentische Teamarbeit (Ausarbeitung der gew\u00e4hlten Produkt oder Dienstleistungsidee) mit Abschlusspr\u00e4sentation, WS 2018\/19<\/p><p><\/p><p><a href=\"https:\/\/vvz.ruhr-uni-bochum.de\/campus\/all\/module.asp?gguid=0x840906A1B9514841A723002E5FC49CEB&amp;fieldgguid=&amp;mode=&amp;findmodule=einf%FChrung+in+das&amp;tguid=0x63AFB79AE0C44D2B962D450F2AE41038\">Campus<\/a><\/p><p>Einf\u00fchrung in das Rechnungswesen\/Controlling (5 CP)<\/p><p>Teil 1: Einf\u00fchrung in das Rechnungswesen\/Controlling (Vorlesung), WS 2018\/19<\/p><p>Teil 2: Einf\u00fchrung in das Rechnungswesen\/Controlling (\u00dcbung), WS 2018\/19<\/p><p>Studierende der Wirtschaftswissenschaft (&#8222;Management&#8220;, &#8222;Economics&#8220; und &#8222;Management and Economics&#8220;) und 2-Fach-Bachelor Studierende mit dem Fach BWL k\u00f6nnen an diesem Modul nicht teilnehmen! Studierende, die das Modul &#8222;Grundlagen der BWL f\u00fcr Nicht\u00f6konomen und Existenzgr\u00fcnder&#8220; in der Vergangenheit bereits belegt haben, k\u00f6nnen an diesem Modul ebenfalls nicht teilnehmen<\/p><p><\/p><p><a href=\"https:\/\/vvz.ruhr-uni-bochum.de\/campus\/all\/module.asp?gguid=0xCBBCA7B66BDDCC48917A00B1DE996E43&amp;fieldgguid=&amp;mode=&amp;findmodule=einf%FChrung+in+die+bet&amp;tguid=0x63AFB79AE0C44D2B962D450F2AE41038\">Campus<\/a><\/p><p>Einf\u00fchrung in die Betriebs- sowie Volkswirtschaftslehre (5 CP)<\/p><p>Teil 1: Einf\u00fchrung in die Volkswirtschaftslehre f\u00fcr Nicht\u00f6konomen (Vorlesung), WS 2018\/19<\/p><p>Teil 2: Einf\u00fchrung in die Betriebswirtschaftslehre f\u00fcr Nicht\u00f6konomen (Vorlesung), SoSe 2019<\/p><p>Studierende der Wirtschaftswissenschaft k\u00f6nnen an diesem Modul nicht teilnehmen. Studierende, die das Modul &#8222;Grundlagen der BWL f\u00fcr Nicht\u00f6konomen und Existenzgr\u00fcnder&#8220; belegen oder belegt haben, k\u00f6nnen an diesem Modul ebenfalls nicht teilnehmen.<\/p><p><\/p><p><a href=\"https:\/\/vvz.ruhr-uni-bochum.de\/campus\/all\/module.asp?gguid=0xBB5208241575614A9B6F76339E8087A0&amp;fieldgguid=&amp;mode=&amp;findmodule=grundlagen+der&amp;tguid=0x63AFB79AE0C44D2B962D450F2AE41038\">Campus<\/a><\/p><p>Grundlagen der Existenzgr\u00fcndung (5 CP)<\/p><p>Teil 1: Grundlagen der Businessplanerstellung (elearning-Vorlesung), WS 2018\/19<\/p><p>Teil 2: Grundlagen der Businessplanerstellung (\u00dcbung), WS 2018\/19<\/p><p>Studierende der Wirtschaftswissenschaft k\u00f6nnen an diesem Modul nicht teilnehmen!<\/p><p><\/p><\/div><\/div><\/div>\n\t\t\t\t<\/div>\n\t\t\t\t\t\t\t<div class=\"elementor-accordion-item\">\n\t\t\t\t\t<div id=\"elementor-tab-title-9166\" class=\"elementor-tab-title\" data-tab=\"6\" role=\"button\" aria-controls=\"elementor-tab-content-9166\" aria-expanded=\"false\">\n\t\t\t\t\t\t\t\t\t\t\t\t\t<span class=\"elementor-accordion-icon elementor-accordion-icon-left\" aria-hidden=\"true\">\n\t\t\t\t\t\t\t\t\t\t\t\t\t\t\t<span class=\"elementor-accordion-icon-closed\"><i class=\"fas fa-plus\"><\/i><\/span>\n\t\t\t\t\t\t\t\t<span class=\"elementor-accordion-icon-opened\"><i class=\"fas fa-minus\"><\/i><\/span>\n\t\t\t\t\t\t\t\t\t\t\t\t\t\t<\/span>\n\t\t\t\t\t\t\t\t\t\t\t\t<a class=\"elementor-accordion-title\" tabindex=\"0\">SoSe 2018<\/a>\n\t\t\t\t\t<\/div>\n\t\t\t\t\t<div id=\"elementor-tab-content-9166\" class=\"elementor-tab-content elementor-clearfix\" data-tab=\"6\" role=\"region\" aria-labelledby=\"elementor-tab-title-9166\"><table width=\"100%\"><tbody><tr><td colspan=\"2\"><p>Grundlagenmodule anderer F\u00e4cher<\/p><\/td><\/tr><tr><td colspan=\"2\"><p>Allgemeine &amp; vergleichende Literaturwissenschaft<\/p><\/td><\/tr><tr><td width=\"90%\"><p><a href=\"https:\/\/vvz.ruhr-uni-bochum.de\/campus\/all\/module.asp?gguid=0x4963ED3C31D5436A9718F4F4EBF7C217&amp;fieldgguid=&amp;findmodule=Lyrik&amp;tguid=0x652286301A94654DBA58D95D1EC73A02&amp;strSignMessage=\">Lyrik \u2013 eine Einf\u00fchrung (5 CP)<\/a> NEU am 05.03.2018!<\/p><\/td><td><\/td><\/tr><tr><td><p>Teil 1: Teil 1: Lyrik in der Moderne (Vorlesung), SoSe 2018<\/p><\/td><td><\/td><\/tr><tr><td><p>Teil 2: Teil 2: Lyrik nervt \u2013 Einf\u00fchrung in eine unbeliebte Gattung (Seminar), SoSe 2018<\/p><\/td><td><\/td><\/tr><tr><td><p>G4 Textformen europ\u00e4ischer Literatur<\/p><\/td><td><\/td><\/tr><tr><td><p><\/p><\/td><td><\/td><\/tr><tr><td colspan=\"2\"><p>Anglistik\/Amerikanistik<\/p><\/td><\/tr><tr><td width=\"90%\"><p><a href=\"https:\/\/vvz.ruhr-uni-bochum.de\/campus\/all\/module.asp?gguid=0x6D20189867204D51975391186F7B286B&amp;fieldgguid=&amp;findmodule=British+Cultural+Theory&amp;tguid=0x652286301A94654DBA58D95D1EC73A02&amp;strSignMessage=\">British Cultural Theory (5 CP)<\/a><\/p><\/td><td><\/td><\/tr><tr><td><p>Teil 1: Quantum of Theory: Popular Culture Studies and James Bond (Vorlesung), SoSe 2018<\/p><\/td><td><\/td><\/tr><tr><td><p>Teil 2a: Reading Cultural Theory: Stuart Hall (\u00dcbung), SoSe 2018<\/p><\/td><td><\/td><\/tr><tr><td><p>Teil 2b: Raymond Williams (\u00dcbung), SoSe 2018<\/p><\/td><td><\/td><\/tr><tr><td><p>G4 Basismodul &#8222;American Literature and Culture&#8220; \/ G4 Basismodul &#8222;English Literature and Culture&#8220;<\/p><\/td><td><\/td><\/tr><tr><td><p>Studierende der Anglistik\/Amerikanistik k\u00f6nnen an diesem Modul zwar teilnehmen, jedoch keine Credit Points f\u00fcr den Optionalbereich erwerben.<\/p><\/td><td><\/td><\/tr><tr><td><p><\/p><\/td><td><\/td><\/tr><tr><td width=\"90%\"><p><a href=\"https:\/\/vvz.ruhr-uni-bochum.de\/campus\/all\/module.asp?gguid=0x0AFCA7635B4046CAB3286B77FFA9590D&amp;fieldgguid=&amp;findmodule=English&amp;tguid=0x652286301A94654DBA58D95D1EC73A02&amp;strSignMessage=\">English Drama in Action (5 CP)<\/a><\/p><\/td><td><\/td><\/tr><tr><td><p>Teil 1: Early Modern English Drama (Vorlesung), SoSe 2018<\/p><\/td><td><\/td><\/tr><tr><td><p>Teil 2: Theatre and Film Laboratory (praktische \u00dcbung), SoSe 2018<\/p><\/td><td><\/td><\/tr><tr><td><p>G4 Basismodul &#8222;Englisch Literature and Culture&#8220;<\/p><\/td><td><\/td><\/tr><tr><td><p><\/p><\/td><td><\/td><\/tr><tr><td width=\"90%\"><p><a href=\"https:\/\/vvz.ruhr-uni-bochum.de\/campus\/all\/module.asp?gguid=0xA49B4110DBB447A6A9561681D1E28509&amp;fieldgguid=&amp;findmodule=science&amp;tguid=0x652286301A94654DBA58D95D1EC73A02&amp;strSignMessage=\">Science Fiction (5 CP)<\/a><\/p><\/td><td><\/td><\/tr><tr><td><p>Teil 1: Science Fiction (\u00dcbung), SoSe 2018<\/p><\/td><td><\/td><\/tr><tr><td><p>Teil 2: Where Science and Rules Break Down: Science in Contemporary Fiction (\u00dcbung), SoSe 2018<\/p><\/td><td><\/td><\/tr><tr><td><p>G4 Basismodul &#8222;Englisch Literature and Culture&#8220;<\/p><\/td><td><\/td><\/tr><tr><td><p>Studierende der Anglistik\/Amerikanistik k\u00f6nnen an diesem Modul zwar teilnehmen, jedoch keine Credit Points f\u00fcr den Optionalbereich erwerben.<\/p><\/td><td><\/td><\/tr><tr><td><p><\/p><\/td><td><\/td><\/tr><tr><td width=\"90%\"><p><a href=\"https:\/\/vvz.ruhr-uni-bochum.de\/campus\/all\/module.asp?gguid=0xE0361A06242E4193A611605D76D0F853&amp;fieldgguid=&amp;findmodule=Shake&amp;tguid=0x652286301A94654DBA58D95D1EC73A02&amp;strSignMessage=\">Shakespeare! (5 CP)<\/a><\/p><\/td><td><\/td><\/tr><tr><td><p>Teil 1: Introduction to Shakespeare\u2019s Tragedies (Vorlesung), SoSe 2018<\/p><\/td><td><\/td><\/tr><tr><td><p>Teil 2a: Close Textual Analysis of Shakespeare&#8217;s Late Tragedies: Hamlet, Lear, Macbeth &amp; Othello (\u00dcbung), SoSe 2018<\/p><\/td><td><\/td><\/tr><tr><td><p>Teil 2b: Radical Interpretations of Shakespeare in Film (\u00dcbung), SoSe 2018<\/p><\/td><td><\/td><\/tr><tr><td><p>G4 Basismodul &#8222;Englisch Literature and Culture&#8220;<\/p><\/td><td><\/td><\/tr><tr><td><p>Studierende der Anglistik\/Amerikanistik k\u00f6nnen an diesem Modul zwar teilnehmen, jedoch keine Credit Points f\u00fcr den Optionalbereich erwerben.<\/p><\/td><td><\/td><\/tr><tr><td><p><\/p><\/td><td><\/td><\/tr><tr><td colspan=\"2\"><p>Arch\u00e4ologische Wissenschaften<\/p><\/td><\/tr><tr><td width=\"90%\"><p><a href=\"https:\/\/vvz.ruhr-uni-bochum.de\/campus\/all\/module.asp?gguid=0x18BCC9BB415A44BB84160BC2510D631C&amp;fieldgguid=&amp;findmodule=Kulturg%FCterschutz&amp;tguid=0x652286301A94654DBA58D95D1EC73A02&amp;strSignMessage=\">Kulturg\u00fcterschutz und die Verantwortung der Arch\u00e4ologie (5 CP)<\/a><\/p><\/td><td><\/td><\/tr><tr><td><p>Teil 1: Neue Funde und Forschungen (Kolloquium), SoSe 2018<\/p><\/td><td><\/td><\/tr><tr><td><p>Teil 2: Kulturg\u00fcterschutz und die Verantwortung der Arch\u00e4ologie, SoSe 2018<\/p><\/td><td><\/td><\/tr><tr><td><p>G4 Basismodul &#8222;Schwerpunkt Ur- und Fr\u00fchgeschichte&#8220;<\/p><\/td><td><\/td><\/tr><tr><td><p>Auch Studierende der ArWi k\u00f6nnen in diesem Modul Kreditpunkte f\u00fcr den Optionalbereich erwerben, solange es kein Bestandteil des Fachcurriculums darstellt (bzw. die Vorlesung nicht bereits \u00fcber ein Fach- bzw. Schwerpunktmodul besucht wird)!<\/p><\/td><td><\/td><\/tr><tr><td><\/td><td><\/td><\/tr><tr><td colspan=\"2\"><p>Biologie<\/p><\/td><\/tr><tr><td width=\"90%\"><p><a href=\"https:\/\/vvz.ruhr-uni-bochum.de\/campus\/all\/module.asp?gguid=0x3AA9E8804D4E254DADF6A27EF5B75921&amp;fieldgguid=&amp;mode=&amp;findmodule=anatomie&amp;tguid=0x652286301A94654DBA58D95D1EC73A02\">Anatomie und Physiologie des Nervensystems (5 CP)<\/a><\/p><\/td><td><\/td><\/tr><tr><td><p>Teil 1: Literaturseminar, SoSe 2018<\/p><\/td><td><\/td><\/tr><tr><td><p>Teil 2: Artikelpr\u00e4sentation, SoSe 2018<\/p><\/td><td><\/td><\/tr><tr><td><p>G4 \u00dcberleben von motorischen Nervenzellen<\/p><\/td><td><\/td><\/tr><tr><td><p><\/p><\/td><td><\/td><\/tr><tr><td width=\"90%\"><p><a href=\"https:\/\/vvz.ruhr-uni-bochum.de\/campus\/all\/module.asp?gguid=0xEBEB7D0EE3E86E41889F4AF8DECB0E11&amp;fieldgguid=&amp;findmodule=Botanik+im&amp;tguid=0x652286301A94654DBA58D95D1EC73A02&amp;strSignMessage=\">Botanik im Alltag (5 CP)<\/a><\/p><\/td><td><\/td><\/tr><tr><td><p>Teil 1: Exkursionen zum Thema &#8222;Botanik im Alltag&#8220;, SoSe 2018<\/p><\/td><td><\/td><\/tr><tr><td><p>Teil 2: \u00dcbungen zum Thema &#8222;Botanik im Alltag&#8220;, SoSe 2018<\/p><\/td><td><\/td><\/tr><tr><td><p>G4 Botanik im Alltag<\/p><\/td><td><\/td><\/tr><tr><td><p><\/p><\/td><td><\/td><\/tr><tr><td width=\"90%\"><p><a href=\"https:\/\/vvz.ruhr-uni-bochum.de\/campus\/all\/module.asp?gguid=0xCE314F6FD803494E9B680374CAEEA8CB&amp;fieldgguid=&amp;findmodule=G%E4rtnern+f%FCr&amp;tguid=0x652286301A94654DBA58D95D1EC73A02&amp;strSignMessage=\">G\u00e4rtnern f\u00fcr Nicht-Biologen (5 CP)<\/a><\/p><\/td><td><\/td><\/tr><tr><td><p>Teil 1: Theorie und Praxis von Gem\u00fcse- und Zierpflanzenanbau im Hausgarten (Vorlesung), SoSe 2018<\/p><\/td><td><\/td><\/tr><tr><td><p>Teil 2: Erlernen der Grundlagen des G\u00e4rtnerns von der Aussaat \u00fcber das Auspflanzen bis zur Ernte und Lagerung (\u00dcbungen), SoSe 2018<\/p><\/td><td><\/td><\/tr><tr><td><p>G4 G\u00e4rtnern f\u00fcr Nicht-Biologen<\/p><\/td><td><\/td><\/tr><tr><td><p>Studierende der Biologie (1-Fach- und 2-F\u00e4cher-Bachelor und Master) k\u00f6nnen an diesem Modul nicht teilnehmen.<\/p><\/td><td><\/td><\/tr><tr><td><p><\/p><\/td><td><\/td><\/tr><tr><td width=\"90%\"><p><a href=\"https:\/\/vvz.ruhr-uni-bochum.de\/campus\/all\/module.asp?gguid=0xBED876E477B14F749D690654AEFBE136&amp;fieldgguid=&amp;mode=&amp;findmodule=Gr%FCne&amp;tguid=0x652286301A94654DBA58D95D1EC73A02\">Gr\u00fcne Gentechnik: Genfood und mehr (5 CP)<\/a><\/p><\/td><td><\/td><\/tr><tr><td><p>Teil 1: Gr\u00fcne Gentechnik: Genfood und mehr (Vorlesung), SoSe 2018<\/p><\/td><td><\/td><\/tr><tr><td><p>Teil 2: Gr\u00fcne Gentechnik: Genfood und mehr (\u00dcbungen), SoSe 2018<\/p><\/td><td><\/td><\/tr><tr><td><p>Teil 3: Gr\u00fcne Gentechnik: Genfood und mehr (Seminar), SoSe 2018<\/p><\/td><td><\/td><\/tr><tr><td><p>G4 Gr\u00fcne Gentechnik: Genfood und mehr<\/p><\/td><td><\/td><\/tr><tr><td><p><\/p><\/td><td><\/td><\/tr><tr><td width=\"90%\"><p><a href=\"https:\/\/vvz.ruhr-uni-bochum.de\/campus\/all\/module.asp?gguid=0x6E62EE249039A54B908D8107AF22E6BD&amp;fieldgguid=&amp;mode=&amp;findmodule=Grundlagen+der+Mik&amp;tguid=0x652286301A94654DBA58D95D1EC73A02\">Grundlagen der Mikroskopie (5 CP)<\/a><\/p><\/td><td><\/td><\/tr><tr><td><p>Teil 1: Grundlagen der Mikroskopie und moderner Imagingverfahren und deren Anwendung (Vorlesung), SoSe 2018<\/p><\/td><td><\/td><\/tr><tr><td><p>Teil 2: Mikroskopie (Seminar), SoSe 2018<\/p><\/td><td><\/td><\/tr><tr><td><p>Teil 2: Mikroskopie (\u00dcbungen), SoSe 2018<\/p><\/td><td><\/td><\/tr><tr><td><p>G4 Biophysikalische Grundlagen der Mikroskopie und deren Anwendung (Optionalbereich)<\/p><\/td><td><\/td><\/tr><tr><td><p><\/p><\/td><td><\/td><\/tr><tr><td width=\"90%\"><p><a href=\"https:\/\/vvz.ruhr-uni-bochum.de\/campus\/all\/module.asp?gguid=0x9A7D12C888AB2F4BADB6F70AED929E32&amp;fieldgguid=&amp;mode=&amp;findmodule=Methoden+der+Bioin&amp;tguid=0x652286301A94654DBA58D95D1EC73A02\">Methoden der Bioinformatik (Optionalbereich) (5 CP)<\/a><\/p><\/td><td><\/td><\/tr><tr><td><p>Teil 1: Bioinformatik (Vorlesung), SoSe 2018<\/p><\/td><td><\/td><\/tr><tr><td><p>Teil 2: \u00dcbungen zur Bioinformatik (\u00dcbung), SoSe 2018<\/p><\/td><td><\/td><\/tr><tr><td><p>G4 Methoden der Bioinformatik<\/p><\/td><td><\/td><\/tr><tr><td><p><\/p><\/td><td><\/td><\/tr><tr><td width=\"90%\"><p><a href=\"https:\/\/vvz.ruhr-uni-bochum.de\/campus\/all\/module.asp?gguid=0xECED3E894058124582EDD81FC225CEB6&amp;fieldgguid=&amp;findmodule=Praktische+Bien&amp;tguid=0x652286301A94654DBA58D95D1EC73A02&amp;strSignMessage=\">Praktische Bienenkunde (5 CP)<\/a><\/p><\/td><td><\/td><\/tr><tr><td><p>Teil 1: Einf\u00fchrung in die Bienenkunde (Vorlesung), SoSe 2018<\/p><\/td><td><\/td><\/tr><tr><td><p>Teil 2: \u00dcbungen zur Bienenkunde und Imkerei (\u00dcbung), SoSe 2018<\/p><\/td><td><\/td><\/tr><tr><td><p>G4 Praktische Bienenkunde<\/p><\/td><td><\/td><\/tr><tr><td><p><\/p><\/td><td><\/td><\/tr><tr><td width=\"90%\"><p><a href=\"https:\/\/vvz.ruhr-uni-bochum.de\/campus\/all\/module.asp?gguid=0xCA33CBCB9052C143AAD8B46EC944E7C3&amp;fieldgguid=&amp;mode=&amp;findmodule=Summer+University&amp;tguid=0x652286301A94654DBA58D95D1EC73A02\">Summer University Grundlagen der Naturwissenschaften (5 CP)<\/a><\/p><\/td><td><\/td><\/tr><tr><td><p>Teil 1: Grundlagen der Naturwissenschaften (Vorlesung), SoSe 2018<\/p><\/td><td><\/td><\/tr><tr><td><p>Teil 2: Grundlagen der Naturwissenschaften (\u00dcbung), SoSe 2018<\/p><\/td><td><\/td><\/tr><tr><td><p>G4 Grundlagen der Naturwissenschaften<\/p><\/td><td><\/td><\/tr><tr><td><p>B.Sc.-Studierende des Fachs Biologie k\u00f6nenn an diesem Modul zwar teilnehmen, jedoch keine CP f\u00fcr den Optionalbereich erwerben.<\/p><\/td><td><\/td><\/tr><tr><td><\/td><td><\/td><\/tr><tr><td colspan=\"2\"><p>Chemie<\/p><\/td><\/tr><tr><td width=\"90%\"><p><a href=\"https:\/\/vvz.ruhr-uni-bochum.de\/campus\/all\/module.asp?gguid=0x1C6BED98D984234F886F9D63F9BC8FBD&amp;fieldgguid=&amp;mode=&amp;findmodule=Einf%FChrung+in+die+Biochemie&amp;tguid=0x652286301A94654DBA58D95D1EC73A02\">Einf\u00fchrung in die Biochemie (5 CP)<\/a><\/p><\/td><td><\/td><\/tr><tr><td><p>Teil 1: Einf\u00fchrung in die Biochemie (Vorlesung), SoSe 2018<\/p><\/td><td><\/td><\/tr><tr><td><p>Teil 2: \u00dcbungen zur Vorlesung &#8222;Einf\u00fchrung in die Biochemie&#8220; (\u00dcbung), SoSe 2018<\/p><\/td><td><\/td><\/tr><tr><td><p>G4 Basismodul &#8222;Grundlagen der Biochemie&#8220;<\/p><\/td><td><\/td><\/tr><tr><td><p>Studierende der Chemie k\u00f6nnen dieses Modul nicht f\u00fcr den Optionalbereich belegen.<\/p><\/td><td><\/td><\/tr><tr><td><p><\/p><\/td><td><\/td><\/tr><tr><td width=\"90%\"><p><a href=\"https:\/\/vvz.ruhr-uni-bochum.de\/campus\/all\/module.asp?gguid=0x1631C1C5DF1011479A140352CA6EA342&amp;fieldgguid=&amp;mode=&amp;findmodule=Methoden+der+Strukturanalyse&amp;tguid=0x652286301A94654DBA58D95D1EC73A02\">Methoden der Strukturanalyse II &#8211; R\u00f6ntgenstruktur- und Elektronendichteanalyse (5 CP)<\/a><\/p><\/td><td><\/td><\/tr><tr><td><p>Teil 1: Methoden der Strukturanalyse II (R\u00f6ntgenstruktur- und Elektronendichtanalyse) (Vorlesung), SoSe 2018<\/p><\/td><td><\/td><\/tr><tr><td><p>Teil 2: \u00dcbungen zur Vorlesung &#8222;Methoden der Strukturanalyse II&#8220; (\u00dcbung), SoSe 2018<\/p><\/td><td><\/td><\/tr><tr><td><p>G4 R\u00f6ntgenstrukturanalyse<\/p><\/td><td><\/td><\/tr><tr><td><p>Studierende der 1-Fach-B.Sc.-Studieng\u00e4nge der Chemie und Biochemie k\u00f6nnen an diesem Modul nicht teilnehmen.<\/p><\/td><td><\/td><\/tr><tr><td><p><\/p><\/td><td><\/td><\/tr><tr><td width=\"90%\"><p><a href=\"https:\/\/vvz.ruhr-uni-bochum.de\/campus\/all\/module.asp?gguid=0x8889CEF950835C438013661672BCCB66&amp;fieldgguid=&amp;mode=&amp;findmodule=Organische+Chemie&amp;tguid=0x652286301A94654DBA58D95D1EC73A02\">Organische Chemie (5 CP)<\/a><\/p><\/td><td><\/td><\/tr><tr><td><p>Teil 1: Organische Chemie I (Vorlesung), SoSe 2018<\/p><\/td><td><\/td><\/tr><tr><td><p>Teil 2: \u00dcbungen zur Vorlesung &#8222;Organische Chemie I&#8220; (\u00dcbung), SoSe 2018<\/p><\/td><td><\/td><\/tr><tr><td><p>Teil 3: Organisch-chemisches Grundpraktikum (Praktikum), SoSe 2018<\/p><\/td><td><\/td><\/tr><tr><td><p>G4 Basismodul &#8222;Grundlagen der Chemie&#8220;<\/p><\/td><td><\/td><\/tr><tr><td><p>Studierende der Chemie (B.A.) k\u00f6nnen an diesem Modul zwar teilnehmen, jedoch keine CP f\u00fcr den Optionalbereich erwerben!<\/p><\/td><td><\/td><\/tr><tr><td><\/td><td><\/td><\/tr><tr><td colspan=\"2\"><p>Erziehungswissenschaften<\/p><\/td><\/tr><tr><td width=\"90%\"><p><a href=\"https:\/\/vvz.ruhr-uni-bochum.de\/campus\/all\/module.asp?gguid=0xFFA7A2D98BD94A4A94D4C9A13B364E7B&amp;fieldgguid=&amp;mode=&amp;findmodule=Bildungswissenschaft&amp;tguid=0x652286301A94654DBA58D95D1EC73A02\">Bildungswissenschaftliches Basismodul (ab SoSe 2015) (9 CP)<\/a><\/p><\/td><td><\/td><\/tr><tr><td><p>Teil 1: Erziehungs- und Bildungstheorien (Vorlesung), SoSe 2018<\/p><\/td><td><\/td><\/tr><tr><td><p>Teil 2: Einf\u00fchrung in Lern- und Entwicklungstheorien (Vorlesung), SoSe 2018<\/p><\/td><td><\/td><\/tr><tr><td><p>Teil 3: Theorien der Sozialisation (Vorlesung), SoSe 2018<\/p><\/td><td><\/td><\/tr><tr><td><p>Teil 4: Schule als Beruf: Perspektiven f\u00fcr angehende Lehrerinnen und Lehrer (Vorlesung), SoSe 2018<\/p><\/td><td><\/td><\/tr><tr><td><p>sowie \u00dcbungen zu jeder Vorlesung<\/p><\/td><td><\/td><\/tr><tr><td><p>G4 EWL zum M.Ed.<\/p><\/td><td><\/td><\/tr><tr><td><p><\/p><\/td><td><\/td><\/tr><tr><td width=\"90%\"><p><a href=\"https:\/\/vvz.ruhr-uni-bochum.de\/campus\/all\/module.asp?gguid=0x8A6A3C9715709943B54F2320CA9026CB&amp;fieldgguid=&amp;mode=&amp;findmodule=Bildungswissenschaft&amp;tguid=0x652286301A94654DBA58D95D1EC73A02\">Bildungswissenschaftliches Basismodul (9 CP)<\/a><\/p><\/td><td><\/td><\/tr><tr><td><p>Teil 1: Erziehungs- und Bildungstheorien (Vorlesung), SoSe 2018<\/p><\/td><td><\/td><\/tr><tr><td><p>Teil 2: Lern- und Entwicklungstheorien (Vorlesung), SoSe 2018<\/p><\/td><td><\/td><\/tr><tr><td><p>Teil 3: Theorien der Sozialisation (Vorlesung), SoSe 2018<\/p><\/td><td><\/td><\/tr><tr><td><p>Teil 4: Schule als Beruf: Perspektiven f\u00fcr angehende Lehrerinnen und Lehrer (Vorlesung), SoSe 2018<\/p><\/td><td><\/td><\/tr><tr><td><p>G4 EWL zum M.Ed.<\/p><\/td><td><\/td><\/tr><tr><td><p><\/p><\/td><td><\/td><\/tr><tr><td colspan=\"2\"><p>Evangelische Theologie<\/p><\/td><\/tr><tr><td width=\"90%\"><p><a href=\"https:\/\/vvz.ruhr-uni-bochum.de\/campus\/all\/module.asp?gguid=0x2DA62948A0C548BFB237D8797990BFBD&amp;fieldgguid=&amp;findmodule=Religion+trifft+Politi&amp;tguid=0x652286301A94654DBA58D95D1EC73A02&amp;strSignMessage=\">Religion trifft Politik. Minderheiten im Nahen Osten (5 CP)<\/a><\/p><\/td><td><\/td><\/tr><tr><td><p>Teil 1: Der Nahe Osten und seine Minderheiten. Historische, religi\u00f6se und gegenw\u00e4rtige Hintergr\u00fcnde (Seminar), SoSe 2018<\/p><\/td><td><\/td><\/tr><tr><td><p>Teil 2: Religion \u2013 Politik \u2013 Minderheiten. Diskurse und Meinungen (Ringvorlesung), SoSe 2018<\/p><\/td><td><\/td><\/tr><tr><td><p>Teil 3: In Auseinandersetzung mit Religion, Politik und Minderheiten (Think Tank mit abschlie\u00dfendem Workshop), SoSe 2018<\/p><\/td><td><\/td><\/tr><tr><td><p>Studierende der katholischen oder evangelischen Theologie k\u00f6nnen in diesem Modul keine CP f\u00fcr den Optionalbereich erwerben.<\/p><\/td><td><\/td><\/tr><tr><td><p><\/p><\/td><td><\/td><\/tr><tr><td width=\"90%\"><p><a href=\"https:\/\/vvz.ruhr-uni-bochum.de\/campus\/all\/module.asp?gguid=0xFD4979175F5C4D2C8F5902B827D3FE78&amp;fieldgguid=&amp;findmodule=%D6kumen&amp;tguid=0x652286301A94654DBA58D95D1EC73A02&amp;strSignMessage=\">\u00d6kumene (5 CP)<\/a><\/p><\/td><td><\/td><\/tr><tr><td><p>Teil 1: Kirchen und Konfessionskulturen im Zeichen der \u00d6kumene (Vorlesung), SoSe 2018<\/p><\/td><td><\/td><\/tr><tr><td><p>Teil 2: Einf\u00fchrung in die Theologie der \u00d6kumene (Seminar), WS 2018\/19<\/p><\/td><td><\/td><\/tr><tr><td><p>Studierende der katholischen oder evangelischen Theologie k\u00f6nnen in diesem Modul keine CP f\u00fcr den Optionalbereich erwerben.<\/p><\/td><td><\/td><\/tr><tr><td><p><\/p><\/td><td><\/td><\/tr><tr><td colspan=\"2\"><p>Geographie<\/p><\/td><\/tr><tr><td width=\"90%\"><p><a href=\"https:\/\/vvz.ruhr-uni-bochum.de\/campus\/all\/module.asp?gguid=0x9C9E17F2DBD8C2419527A568F4F164D9&amp;fieldgguid=&amp;findmodule=exkursion+spitz&amp;tguid=0x652286301A94654DBA58D95D1EC73A02&amp;strSignMessage=\">Exkursion Spitzbergen &#8211; Geographie und Raum der Arktis (5 CP)<\/a><\/p><\/td><td><\/td><\/tr><tr><td><p>Teil 1: Blockseminar, drei Termine, SoSe 2018<\/p><\/td><td><\/td><\/tr><tr><td><p>Teil 2: Exkursion, Semesterferien, 12 Tage, SoSe 2018<\/p><\/td><td><\/td><\/tr><tr><td><p>Teil 3: Nachbereitung, Selbstst\u00e4ndige Erarbeitung eines Exkursionsreaders, SoSe 2018<\/p><\/td><td><\/td><\/tr><tr><td><p>G4 Modul Exkursionen<\/p><\/td><td><\/td><\/tr><tr><td><\/td><td><\/td><\/tr><tr><td colspan=\"2\"><p>Germanistik<\/p><\/td><\/tr><tr><td width=\"90%\"><p><a href=\"https:\/\/vvz.ruhr-uni-bochum.de\/campus\/all\/module.asp?gguid=0x457A1D34BA0F4D26B022CABDC2B16CDB&amp;fieldgguid=&amp;mode=&amp;findmodule=wissenschafts&amp;tguid=0x652286301A94654DBA58D95D1EC73A02\">Wissenschaftsgeschichte. Eine Einf\u00fchrung und eine Fallstudie(5 CP)<\/a> NEU am 05.03.2018!<\/p><\/td><td><\/td><\/tr><tr><td><p>Teil 1: Goethe als Naturwissenschaftler (Seminar), SoSe 2018<\/p><\/td><td><\/td><\/tr><tr><td><p>Teil 2: Einfu\u00a8hrung in die Wissenschaftsgeschichte und historische Epistemologie (Vorlesung), WS 2018\/19<\/p><\/td><td><\/td><\/tr><tr><td><p>G4 Textformen europ\u00e4ischer Literatur<\/p><\/td><td><\/td><\/tr><tr><td colspan=\"2\"><p>Geschichte<\/p><\/td><\/tr><tr><td width=\"90%\"><p><a href=\"https:\/\/vvz.ruhr-uni-bochum.de\/campus\/all\/module.asp?gguid=0x8C562FD09A1E4F51834C49DA9F3933A7&amp;fieldgguid=&amp;findmodule=geschichte+der+menschen&amp;tguid=0x652286301A94654DBA58D95D1EC73A02&amp;strSignMessage=\">Die Geschichte der Menschenrechte (5 CP)<\/a><\/p><\/td><td><\/td><\/tr><tr><td><p>Teil 1: Der Aufstieg der NS-Bewegung in der Weimarer Republik (Vorlesung), SoSe 2018<\/p><\/td><td><\/td><\/tr><tr><td><p>Teil 2: Die Geschichte der Menschenrechte vom Ende des Ersten Weltkriegs bis zur Gegenwart (Seminar), SoSe 2018<\/p><\/td><td><\/td><\/tr><tr><td><p>G4 Basismodul &#8222;Neuere und Neueste Geschichte&#8220;<\/p><\/td><td><\/td><\/tr><tr><td><p>Studierende der Geschichte k\u00f6nnen an diesem Modul nur teilnehmen, wenn die Vorlesung (Teil 1) nicht Bestandteil eines Fachmoduls oder eines anderen Moduls im Optionalbereich ist!<\/p><\/td><td><\/td><\/tr><tr><td><p><\/p><\/td><td><\/td><\/tr><tr><td width=\"90%\"><p><a href=\"https:\/\/vvz.ruhr-uni-bochum.de\/campus\/all\/module.asp?gguid=0x901618EB08EE4CDB910B46AB05F8C9D4&amp;fieldgguid=&amp;findmodule=geschichte+der+usa&amp;tguid=0x652286301A94654DBA58D95D1EC73A02&amp;strSignMessage=\">Die Geschichte der USA (5 CP)<\/a><\/p><\/td><td><\/td><\/tr><tr><td><p>Teil 1: To settle and mature: Die Geschichte der USA im langen 19. Jahrhundert (Vorlesung), SoSe 2018<\/p><\/td><td><\/td><\/tr><tr><td><p>Teil 2: Die USA als Einwanderungsland Ende des 19. bis Ende des 20. Jahrhunderts (Seminar), SoSe 2018<\/p><\/td><td><\/td><\/tr><tr><td><p>G4 Basismodul &#8222;Neuere und Neueste Geschichte&#8220;<\/p><\/td><td><\/td><\/tr><tr><td><p>Studierende der Geschichte k\u00f6nnen an diesem Modul nur teilnehmen, wenn die Vorlesung (Teil 1) nicht Bestandteil eines Fachmoduls oder eines anderen Moduls im Optionalbereich ist! Studierende, die das Modul &#8222;Journalistische Textsorten&#8220; besuchen, k\u00f6nnen an diesem Modul nicht teilnehmen!<\/p><\/td><td><\/td><\/tr><tr><td><\/td><td><\/td><\/tr><tr><td colspan=\"2\"><p>Katholische Theologie<\/p><\/td><\/tr><tr><td width=\"90%\"><p><a href=\"https:\/\/vvz.ruhr-uni-bochum.de\/campus\/all\/module.asp?gguid=0x57977D32DC8B4493A2D053ED6A88112E&amp;fieldgguid=&amp;findmodule=ausgew%E4hlte+schwerpunkte&amp;tguid=0x652286301A94654DBA58D95D1EC73A02&amp;strSignMessage=\">Ausgew\u00e4hlte Schwerpunkte der Kirchengeschichte (5 CP)<\/a><\/p><\/td><td><\/td><\/tr><tr><td><p>Teil 1: Kirchengeschichte des Mittelalters und der Reformation (Vorlesung), SoSe 2018<\/p><\/td><td><\/td><\/tr><tr><td><p>Teil 2: Vom Turm zum life-style&#8220; Transformationsprozesse katholischer Lebenswelten (Seminar), SoSe 2018<\/p><\/td><td><\/td><\/tr><tr><td><p>G4 Entwicklungslinien des Christentums<\/p><\/td><td><\/td><\/tr><tr><td><p>Studierende der Katholischen Theologie k\u00f6nnen dieses Modul nicht im Optionalbereich belegen, da die Veranstaltungen zum regul\u00e4ren Curriculum geh\u00f6ren.<\/p><\/td><td><\/td><\/tr><tr><td><p><\/p><\/td><td><\/td><\/tr><tr><td width=\"90%\"><p><a href=\"https:\/\/vvz.ruhr-uni-bochum.de\/campus\/all\/module.asp?gguid=0x9FB99F390CDEAC499BF674C082E3CBD6&amp;fieldgguid=&amp;findmodule=avantgarde&amp;tguid=0x652286301A94654DBA58D95D1EC73A02&amp;strSignMessage=\">Avantgarde in Gottesdienst und Kirchenbau im 20. Jahrhundert (5 CP)<\/a><\/p><\/td><td><\/td><\/tr><tr><td><p>Teil 1: Geschichte der Liturgie (Vorlesung), SoSe 2018<\/p><\/td><td><\/td><\/tr><tr><td><p>Teil 2: Aufbr\u00fcche und Umbr\u00fcche, die liturgische Bewegung im 20. Jahrhundert (Seminar), SoSe 2018<\/p><\/td><td><\/td><\/tr><tr><td><p>G4 Christentum und Kultur<\/p><\/td><td><\/td><\/tr><tr><td><p>Studierende der Katholischen Theologie k\u00f6nnen sich dieses Modul nicht anrechnen lassen, wenn sie es als Teil des Curriculums besuchen.<\/p><\/td><td><\/td><\/tr><tr><td><p><\/p><\/td><td><\/td><\/tr><tr><td width=\"90%\"><p><a href=\"https:\/\/vvz.ruhr-uni-bochum.de\/campus\/all\/module.asp?gguid=0xD5F2DB4954DD4A398B7D67B0B2AB4666&amp;fieldgguid=&amp;mode=&amp;findmodule=Einf%FChrung+in+die&amp;tguid=0x652286301A94654DBA58D95D1EC73A02\">Einf\u00fchrung in die interkulturelle Theologie (5 CP)<\/a><\/p><\/td><td><\/td><\/tr><tr><td><p>Teil 1: Christliche Weltverantwortung (Vorlesung), SoSe 2018<\/p><\/td><td><\/td><\/tr><tr><td><p>Teil 2: Das Christentum in der Herausforderung des gesellschaftlichen Pluralismus (Seminar), SoSe 2018<\/p><\/td><td><\/td><\/tr><tr><td><p>G4 Christentum und Kultur<\/p><\/td><td><\/td><\/tr><tr><td><p>Studierende der Katholischen Theologie k\u00f6nnen sich dieses Modul nicht anrechnen lassen, wenn sie es als Teil des Curriculums besuchen.<\/p><\/td><td><\/td><\/tr><tr><td><p><\/p><\/td><td><\/td><\/tr><tr><td width=\"90%\"><p><a href=\"https:\/\/vvz.ruhr-uni-bochum.de\/campus\/all\/module.asp?gguid=0x1C7E6A0949E148F7B2B1F25D8E5166B7&amp;fieldgguid=&amp;findmodule=orientierung+am+evan&amp;tguid=0x652286301A94654DBA58D95D1EC73A02&amp;strSignMessage=\">Orientierung am Evangelium (5 CP)<\/a><\/p><\/td><td><\/td><\/tr><tr><td><p>Teil 1: Mission als Dialog \u2013 Theologie und Kommunikation (Vorlesung), SoSe 2018<\/p><\/td><td><\/td><\/tr><tr><td><p>Teil 2: Christologische Aufbr\u00fcche. Fr\u00fche Bekenntnisse des Glaubens (Hauptseminar), SoSe 2018<\/p><\/td><td><\/td><\/tr><tr><td><p>G4 Interkonfessioneller und interreligi\u00f6ser Dialog<\/p><\/td><td><\/td><\/tr><tr><td><p>Studierende der Katholischen Theologie k\u00f6nnen das Modul im Optionalbereich nicht belegen.<\/p><\/td><td><\/td><\/tr><tr><td><p><\/p><\/td><td><\/td><\/tr><tr><td width=\"90%\"><p><a href=\"https:\/\/vvz.ruhr-uni-bochum.de\/campus\/all\/module.asp?gguid=0xA0262496AC2744429EFF9E8C4D7221F4&amp;fieldgguid=&amp;findmodule=orientierung+im+denken&amp;tguid=0x652286301A94654DBA58D95D1EC73A02&amp;strSignMessage=\">Orientierung im Denken. Eine Einf\u00fchrung in die Philosophie (5 CP)<\/a><\/p><\/td><td><\/td><\/tr><tr><td><p>Teil 1: Klassiker der Philosophiegeschichte (Vorlesung), SoSe 2018<\/p><\/td><td><\/td><\/tr><tr><td><p>Teil 2: Prop\u00e4deutisches Proseminar (Block A: Methodenkurs; Block B: Interpretationskurs Nikolaus von Kues), SoSe 2018<\/p><\/td><td><\/td><\/tr><tr><td><p>G4 Religionsphilosophie<\/p><\/td><td><\/td><\/tr><tr><td><p>Studierende der Katholischen Theologie oder Philosophie k\u00f6nnen in diesem Modul keine CP f\u00fcr den Optionalbereich erwerben.<\/p><\/td><td><\/td><\/tr><tr><td><p><\/p><\/td><td><\/td><\/tr><tr><td width=\"90%\"><p><a href=\"https:\/\/vvz.ruhr-uni-bochum.de\/campus\/all\/module.asp?gguid=0x8A7AE57BAD05497EAC2EE7D6731FB97E&amp;fieldgguid=&amp;findmodule=religi%F6se+orientier&amp;tguid=0x652286301A94654DBA58D95D1EC73A02&amp;strSignMessage=\">Religi\u00f6se Orientierung (5 CP)<\/a><\/p><\/td><td><\/td><\/tr><tr><td><p>Teil 1: Weggehen, um wiederzukommen. Die Abschiedsreden Jesu bei Johannes (Vorlesung), SoSe 2018<\/p><\/td><td><\/td><\/tr><tr><td><p>Teil 2: Christologische Aufbr\u00fcche. Fr\u00fche Bekenntnisse des Glaubens (Seminar), SoSe 2018<\/p><\/td><td><\/td><\/tr><tr><td><p>G4 Glaube und Vernunft<\/p><\/td><td><\/td><\/tr><tr><td><p>Studierende der Katholischen Theologie k\u00f6nnen das Modul im Optionalbereich nicht belegen.<\/p><\/td><td><\/td><\/tr><tr><td><p><\/p><\/td><td><\/td><\/tr><tr><td width=\"90%\"><p><a href=\"https:\/\/vvz.ruhr-uni-bochum.de\/campus\/all\/module.asp?gguid=0xA9A3507F395145DA9FED452A65592349&amp;fieldgguid=&amp;findmodule=rituale+im+horizont&amp;tguid=0x652286301A94654DBA58D95D1EC73A02&amp;strSignMessage=\">Rituale im Horizont des Glaubens (5 CP)<\/a><\/p><\/td><td><\/td><\/tr><tr><td><p>Teil 1: Grundfragen der Ekklesiologie und Sakramententheologie (Vorlesung), SoSe 2018<\/p><\/td><td><\/td><\/tr><tr><td><p>Teil 2: Rituale im menschlichen Leben (14-t\u00e4gl.) (Lekt\u00fcrekurs), SoSe 2018<\/p><\/td><td><\/td><\/tr><tr><td><p>G4 Christentum und Kultur<\/p><\/td><td><\/td><\/tr><tr><td><p>Studierende der Katholischen Theologie k\u00f6nnen dieses Modul im Optionalbereich nicht belegen.<\/p><\/td><td><\/td><\/tr><tr><td><p><\/p><\/td><td><\/td><\/tr><tr><td width=\"90%\"><p><a href=\"https:\/\/vvz.ruhr-uni-bochum.de\/campus\/all\/module.asp?gguid=0xC6E848EA149D47AE9CB39C9A6A985B9F&amp;fieldgguid=&amp;findmodule=theologische+grundlagen&amp;tguid=0x652286301A94654DBA58D95D1EC73A02&amp;strSignMessage=\">Theologische Grundlagen der christlich abendl\u00e4ndischen Kunst (5 CP)<\/a><\/p><\/td><td><\/td><\/tr><tr><td><p>Teil 1: Gro\u00dfe Gestalten aus Bibel und Kirchengeschichte (Vorlesung), SoSe 2018<\/p><\/td><td><\/td><\/tr><tr><td><p>Teil 2: Allgemeine Themen (3 Ganztagesexkursionen, jeweils 9:00 bis 17:00 Uhr), SoSe 2018<\/p><\/td><td><\/td><\/tr><tr><td><p>G4 Christentum und Kultur<\/p><\/td><td><\/td><\/tr><tr><td><\/td><td><\/td><\/tr><tr><td colspan=\"2\"><p>Klassische Philologie<\/p><\/td><\/tr><tr><td width=\"90%\"><p><a href=\"https:\/\/vvz.ruhr-uni-bochum.de\/campus\/all\/module.asp?gguid=0x9A634BD139964116ABD56E050E88E125&amp;fieldgguid=&amp;findmodule=vermittlung+antiker&amp;tguid=0x652286301A94654DBA58D95D1EC73A02&amp;strSignMessage=\">Vermittlung antiker Inhalte in Wissenschafts- und Kulturjournalismus (5 CP)<\/a><\/p><\/td><td><\/td><\/tr><tr><td><p>Teil 1: Vermittlung antiker Inhalte in Wissenschafts- und Kulturjournalismus (\u00dcbung), SoSe 2018<\/p><\/td><td><\/td><\/tr><tr><td><p>Teil 2: Berichterstattung zum R\u00f6merfest 2018 in Xanten (Exkursion), SoSe2018<\/p><\/td><td><\/td><\/tr><tr><td><p>G4 Basismodul: Klassische Philologie \/ G2 Medien<\/p><\/td><td><\/td><\/tr><tr><td><p><\/p><\/td><td><\/td><\/tr><tr><td colspan=\"2\"><p>Kunstgeschichte<\/p><\/td><\/tr><tr><td width=\"90%\"><p><a href=\"https:\/\/vvz.ruhr-uni-bochum.de\/campus\/all\/module.asp?gguid=0x5F8AB1E3B2D343C38993B3E871D4B418&amp;fieldgguid=&amp;findmodule=mythologische&amp;tguid=0x652286301A94654DBA58D95D1EC73A02&amp;strSignMessage=\">Mythologische Quellen und ihre k\u00fcnstlerische Adaption (5 CP)<\/a><\/p><\/td><td><\/td><\/tr><tr><td><p>Teil 1: G\u00f6tter und Verwandtschaft &#8211; Die antike Mythologie: Quellentexte und k\u00fcnstlerische Adaptionen I (Lekt\u00fcrekurs), SoSe 2018<\/p><\/td><td><\/td><\/tr><tr><td><p>Teil 2: G\u00f6tter und Verwandtschaft &#8211; Die antike Mythologie: Quellentexte und k\u00fcnstlerische Adaptionen I (\u00dcbung vor Originalen), SoSe2018<\/p><\/td><td><\/td><\/tr><tr><td><p>G4 Interdisziplin\u00e4r studieren<\/p><\/td><td><\/td><\/tr><tr><td><p>Studierende der Arch\u00e4ologie k\u00f6nnen an diesem Modul nicht teilnehmen!<\/p><\/td><td><\/td><\/tr><tr><td><p><\/p><\/td><td><\/td><\/tr><tr><td colspan=\"2\"><p>Maschinenbau<\/p><\/td><\/tr><tr><td><p>In diesem Semester liegt leider kein Angebot vor.<\/p><\/td><td><\/td><\/tr><tr><td><p><\/p><\/td><td><\/td><\/tr><tr><td colspan=\"2\"><p>Mathematik<\/p><\/td><\/tr><tr><td width=\"90%\"><p><a href=\"https:\/\/vvz.ruhr-uni-bochum.de\/campus\/all\/module.asp?gguid=0x0A9FA61DAAA5784F861CB00A42B34BDC&amp;fieldgguid=&amp;mode=&amp;findmodule=einf%FChrung+in+die+mathe&amp;tguid=0x652286301A94654DBA58D95D1EC73A02\">Einf\u00fchrung in die Mathematik (Schwerpunkte: Mathematik und Physik) (5 CP)<\/a><\/p><\/td><td><\/td><\/tr><tr><td><p>Teil 1: Vorkurs in Mathematik f\u00fcr Mathematiker und Physiker, SoSe 2018<\/p><\/td><td><\/td><\/tr><tr><td><p>Teil 2: \u00dcbungen zum 1. Vorkurs in Mathematik f\u00fcr Mathematiker und Physiker, SoSe 2018<\/p><\/td><td><\/td><\/tr><tr><td><p>G4 Basismodul &#8222;Grundlagen der Mathematik&#8220;<\/p><\/td><td><\/td><\/tr><tr><td><p>BA-Studierende der Mathematik k\u00f6nnen an diesem Modul zwar teilnehmen, jedoch Credit Points nur dann f\u00fcr den Optionalbereich erwerben, wenn sie den Vorkurs vor ihrem ersten Fachsemester besuchen.<\/p><\/td><td><\/td><\/tr><tr><td><p><\/p><\/td><td><\/td><\/tr><tr><td width=\"90%\"><p><a href=\"https:\/\/vvz.ruhr-uni-bochum.de\/campus\/all\/module.asp?gguid=0x58D394C847FD4B46901ED0FD1041CCFF&amp;fieldgguid=&amp;mode=&amp;findmodule=einf%FChrung+in+die+mathe&amp;tguid=0x652286301A94654DBA58D95D1EC73A02\">Einf\u00fchrung in die Mathematik (Schwerpunkte: Natur- und Ingenieurwissenschaften sowie Informatik) (5 CP)<\/a><\/p><\/td><td><\/td><\/tr><tr><td><p>Teil 1: Vorkurs in Mathematik f\u00fcr k\u00fcnftige Studierende der Ingenieurwissenschaften (Vorkurs), SoSe 2018<\/p><\/td><td><\/td><\/tr><tr><td><p>Teil 2: \u00dcbungen zum Vorkurs in Mathematik f\u00fcr k\u00fcnftige Studierende der Ingenieurwissenschaften (\u00dcbung), SoSe 2018<\/p><\/td><td><\/td><\/tr><tr><td><p>G4 Basismodul &#8222;Grundlagen der Mathematik&#8220;<\/p><\/td><td><\/td><\/tr><tr><td><p>Studierende der Mathematik und der Physik k\u00f6nnen an diesem Modul zwar teilnehmen, jedoch keine Credit Points f\u00fcr den Optionalbereich erwerben!<\/p><\/td><td><\/td><\/tr><tr><td><p><\/p><\/td><td><\/td><\/tr><tr><td width=\"90%\"><p><a href=\"https:\/\/vvz.ruhr-uni-bochum.de\/campus\/all\/module.asp?gguid=0x21A477E575AC16469B438498DDF166D6&amp;fieldgguid=&amp;mode=&amp;findmodule=einf%FChrung+in+die+mathe&amp;tguid=0x652286301A94654DBA58D95D1EC73A02\">Einf\u00fchrung in die Mathematik II (Schwerpunkte: Physik und Geophysik) (10 CP)<\/a><\/p><\/td><td><\/td><\/tr><tr><td><p>Teil 1: Einf\u00fchrung in die Mathematik II (Vorlesung), SoSe 2018<\/p><\/td><td><\/td><\/tr><tr><td><p>Teil 2: Einf\u00fchrung in die Mathematik II (\u00dcbung), SoSe 2018<\/p><\/td><td><\/td><\/tr><tr><td><p>G4 Aufbaumodul &#8222;H\u00f6here Mathematik&#8220;<\/p><\/td><td><\/td><\/tr><tr><td><p>Studierende der Mathematik k\u00f6nnen an diesem Modul zwar teilnehmen, jedoch keine Credit Points f\u00fcr den Optionalbereich erwerben.<\/p><\/td><td><\/td><\/tr><tr><td><p><\/p><\/td><td><\/td><\/tr><tr><td width=\"90%\"><p><a href=\"https:\/\/vvz.ruhr-uni-bochum.de\/campus\/all\/module.asp?gguid=0x9B541A9C6C669B4DB82FC3F055152440&amp;fieldgguid=&amp;findmodule=h%F6here+mathe&amp;tguid=0x652286301A94654DBA58D95D1EC73A02&amp;strSignMessage=\">H\u00f6here Mathematik I + II (Schwerpunkt: Angewandte Informatik) (10 CP)<\/a><\/p><\/td><td><\/td><\/tr><tr><td><p>Teil 1: H\u00f6here Mathematik II (im Rahmen der Studienrichtung Angewandte Informatik), SoSe 2018<\/p><\/td><td><\/td><\/tr><tr><td><p>Teil 2: \u00dcbungen zu h\u00f6here Mathematik II (im Rahmen der Studienrichtung Angewandte Informatik), SoSe 2018<\/p><\/td><td><\/td><\/tr><tr><td><p>G4 Aufbaumodul &#8222;H\u00f6here Mathematik&#8220;<\/p><\/td><td><\/td><\/tr><tr><td><p>Studierende der Mathematik k\u00f6nnen an diesem Modul zwar teilnehmen, jedoch keine Credit Points f\u00fcr den Optionalbereich erwerben.<\/p><\/td><td><\/td><\/tr><tr><td><p><\/p><\/td><td><\/td><\/tr><tr><td width=\"90%\"><p><a href=\"https:\/\/vvz.ruhr-uni-bochum.de\/campus\/all\/module.asp?gguid=0x32976CD60332B141964254CC14851194&amp;fieldgguid=&amp;mode=&amp;findmodule=statistische+methoden&amp;tguid=0x652286301A94654DBA58D95D1EC73A02\">Statistische Methoden (Schwerpunkt: Biologie und Naturwissenschaften) (5 CP)<\/a><\/p><\/td><td><\/td><\/tr><tr><td><p>Teil 1: Statistische Methoden f\u00fcr Biologen und andere Naturwissenschaftler (Vorlesung), SoSe 2018<\/p><\/td><td><\/td><\/tr><tr><td><p>Teil 2: Statistische Methoden f\u00fcr Biologen und andere Naturwissenschaftler (\u00dcbung), SoSe 2018<\/p><\/td><td><\/td><\/tr><tr><td><p>G4 &#8222;Mathematische Anwendungen&#8220;<\/p><\/td><td><\/td><\/tr><tr><td><p>Studierende der Mathematik k\u00f6nnen an diesem Modul zwar teilnehmen, jedoch keine Credit Points f\u00fcr den Optionalbereich erwerben.<\/p><\/td><td><\/td><\/tr><tr><td><\/td><td><\/td><\/tr><tr><td colspan=\"2\"><p>Medienwissenschaft<\/p><\/td><\/tr><tr><td width=\"90%\"><p><a href=\"https:\/\/vvz.ruhr-uni-bochum.de\/campus\/all\/module.asp?gguid=0x8E171672E7594EDEB9825E1A1F5E9CE1&amp;fieldgguid=&amp;mode=&amp;findmodule=medientheorie&amp;tguid=0x652286301A94654DBA58D95D1EC73A02\">Medientheorie und Kommunikationstheorie A (5 CP)<\/a><\/p><\/td><td><\/td><\/tr><tr><td><p>Teil 1: Medientheorie und Kommunikationstheorie (Vorlesung), SoSe 2018<\/p><\/td><td><\/td><\/tr><tr><td><p>Teil 2: Medientheorie und Kommunikationstheorie (\u00dcbung), SoSe 2018<\/p><\/td><td><\/td><\/tr><tr><td><p>G4 Basismodul &#8222;Medientheorie und Kommunikationstheorie&#8220;<\/p><\/td><td><\/td><\/tr><tr><td><p>Studierende der Medienwissenschaft k\u00f6nnen in diesem Modul keine Credit Points f\u00fcr den Optionalbereich erwerben<\/p><\/td><td><\/td><\/tr><tr><td><p><\/p><\/td><td><\/td><\/tr><tr><td width=\"90%\"><p><a href=\"https:\/\/vvz.ruhr-uni-bochum.de\/campus\/all\/module.asp?gguid=0x4F1D834B866F4B98B7B04DBCEA68F282&amp;fieldgguid=&amp;mode=&amp;findmodule=medientheorie&amp;tguid=0x652286301A94654DBA58D95D1EC73A02\">Medientheorie und Kommunikationstheorie B (5 CP)<\/a><\/p><\/td><td><\/td><\/tr><tr><td><p>Teil 1: Medientheorie und Kommunikationstheorie (Vorlesung), SoSe 2018<\/p><\/td><td><\/td><\/tr><tr><td><p>Teil 2: Medientheorie und Kommunikationstheorie (\u00dcbung), SoSe 2018<\/p><\/td><td><\/td><\/tr><tr><td><p>G4 Basismodul &#8222;Medientheorie und Kommunikationstheorie&#8220;<\/p><\/td><td><\/td><\/tr><tr><td><p>Studierende der Medienwissenschaft k\u00f6nnen in diesem Modul keine Credit Points f\u00fcr den Optionalbereich erwerben<\/p><\/td><td><\/td><\/tr><tr><td><p><\/p><\/td><td><\/td><\/tr><tr><td width=\"90%\"><p><a href=\"https:\/\/vvz.ruhr-uni-bochum.de\/campus\/all\/module.asp?gguid=0xDC157E0A0BCB4477838E371B94FEEEAF&amp;fieldgguid=&amp;mode=&amp;findmodule=medientheorie&amp;tguid=0x652286301A94654DBA58D95D1EC73A02\">Medientheorie und Kommunikationstheorie C (5 CP)<\/a><\/p><\/td><td><\/td><\/tr><tr><td><p>Teil 1: Medientheorie und Kommunikationstheorie (Vorlesung), SoSe 2018<\/p><\/td><td><\/td><\/tr><tr><td><p>Teil 2: Medientheorie und Kommunikationstheorie (\u00dcbung), SoSe 2018<\/p><\/td><td><\/td><\/tr><tr><td><p>G4 Basismodul &#8222;Medientheorie und Kommunikationstheorie&#8220;<\/p><\/td><td><\/td><\/tr><tr><td><p>Studierende der Medienwissenschaft k\u00f6nnen in diesem Modul keine Credit Points f\u00fcr den Optionalbereich erwerben<\/p><\/td><td><\/td><\/tr><tr><td><\/td><td><\/td><\/tr><tr><td colspan=\"2\"><p>Medizin<\/p><\/td><\/tr><tr><td><p>In diesem Semester liegt leider kein Angebot vor.<\/p><\/td><td><\/td><\/tr><tr><td><p><\/p><\/td><td><\/td><\/tr><tr><td colspan=\"2\"><p>Orientalistik und Islamwissenschaften<\/p><\/td><\/tr><tr><td width=\"90%\"><p><a href=\"https:\/\/vvz.ruhr-uni-bochum.de\/campus\/all\/module.asp?gguid=0xAE38B8BE062D498083268DB7579DA620&amp;fieldgguid=&amp;findmodule=persische&amp;tguid=0x652286301A94654DBA58D95D1EC73A02&amp;strSignMessage=\">Persische Kalligraphie und Landeskunde (5 CP)<\/a><\/p><\/td><td><\/td><\/tr><tr><td><p>Teil 1: Arabisch-Persische Kalligraphie (\u00dcbung), SoSe 2018<\/p><\/td><td><\/td><\/tr><tr><td><p>Teil 2: Landeskunde Iran (\u00dcbung), SoSe2018<\/p><\/td><td><\/td><\/tr><tr><td><p>G4 Basismodul &#8222;Einf\u00fchrung in die islamische Welt&#8220;<\/p><\/td><td><\/td><\/tr><tr><td><p>Studierende der Orientalistik\/Islamwissenschaften k\u00f6nnen an diesem Modul nicht teilnehmen!<\/p><\/td><td><\/td><\/tr><tr><td><p><\/p><\/td><td><\/td><\/tr><tr><td colspan=\"2\"><p>Ostasienwissenschaften<\/p><\/td><\/tr><tr><td width=\"90%\"><p><a href=\"https:\/\/vvz.ruhr-uni-bochum.de\/campus\/all\/module.asp?gguid=0x37EB67D99DB5B546A76805604192D0BF&amp;fieldgguid=&amp;findmodule=basismodul+japan&amp;tguid=0x652286301A94654DBA58D95D1EC73A02&amp;strSignMessage=\">Basismodul Japanologie (5 CP)<\/a><\/p><\/td><td><\/td><\/tr><tr><td><p>Teil 1: Orientierung &#8211; Einf\u00fchrung in die Japanologie (Vorlesung), SoSe 2018<\/p><\/td><td><\/td><\/tr><tr><td><p>Teil 2: Grundlagen Geschichte 1 (Vorlesung), SoSe 2018<\/p><\/td><td><\/td><\/tr><tr><td><p>G4 Basismodul &#8222;Japan&#8220;<\/p><\/td><td><\/td><\/tr><tr><td><p>Studierende der Japanologie k\u00f6nnen an diesem Modul zwar teilnehmen, jedoch keine Credit Points f\u00fcr den Optionalbereich erwerben!<\/p><\/td><td><\/td><\/tr><tr><td><p><\/p><\/td><td><\/td><\/tr><tr><td width=\"90%\"><p><a href=\"https:\/\/vvz.ruhr-uni-bochum.de\/campus\/all\/module.asp?gguid=0x241657113758514DB236BEAD57170EA0&amp;fieldgguid=&amp;findmodule=basismodul+sin&amp;tguid=0x652286301A94654DBA58D95D1EC73A02&amp;strSignMessage=\">Basismodul Sinologie (5 CP)<\/a><\/p><\/td><td><\/td><\/tr><tr><td><p>Teil 1: Einf\u00fchrung in die chinesische Literaturgeschichte (Seminar), SoSe 2018<\/p><\/td><td><\/td><\/tr><tr><td><p>Teil 2: Grundz\u00fcge der chinesischen Geschichte (Vorlesung\/Seminar), Sose 2018<\/p><\/td><td><\/td><\/tr><tr><td><p>G4 Basismodul &#8222;China&#8220;<\/p><\/td><td><\/td><\/tr><tr><td><p>Das Modul ist auch Teil des sinologischen Grundstudiums (f\u00fcr Sinologiestudenten deshalb nicht \u00fcber den Optionalbereich sondern den Studiengang Sinologie kreditiert).<\/p><\/td><td><\/td><\/tr><tr><td><p><\/p><\/td><td><\/td><\/tr><tr><td width=\"90%\"><p><a href=\"https:\/\/vvz.ruhr-uni-bochum.de\/campus\/all\/module.asp?gguid=0x2C63526CC64AC54CB2269296AEF1B9B1&amp;fieldgguid=&amp;mode=&amp;findmodule=einf%FChrung+in+die+kore&amp;tguid=0x652286301A94654DBA58D95D1EC73A02\">Einf\u00fchrung in die koreanische Geschichte (5 CP)<\/a><\/p><\/td><td><\/td><\/tr><tr><td><p>Teil 1: Neuere Geschichte Koreas (Vorlesung), SoSe 2018<\/p><\/td><td><\/td><\/tr><tr><td><p>Teil 2: Vormoderne koreanische Geschichte WS 2018\/19<\/p><\/td><td><\/td><\/tr><tr><td><p>G4 Basismodul &#8222;Korea&#8220;<\/p><\/td><td><\/td><\/tr><tr><td><p>Studierende der Koreanistik k\u00f6nnen an diesem Modul zwar teilnehmen, jedoch keine Credit Points f\u00fcr den Optionalbereich erwerben!<\/p><\/td><td><\/td><\/tr><tr><td><p><\/p><\/td><td><\/td><\/tr><tr><td width=\"90%\"><p><a href=\"https:\/\/vvz.ruhr-uni-bochum.de\/campus\/all\/module.asp?gguid=0xEC7EA166F1741549811452B0A18EAC5C&amp;fieldgguid=&amp;findmodule=nihong&amp;tguid=0x652286301A94654DBA58D95D1EC73A02&amp;strSignMessage=\">Nihongogaku (5 CP)<\/a><\/p><\/td><td><\/td><\/tr><tr><td><p>Teil 1: Teil 1: Grundlagen der Sprachwissenschaft 1 (Vorlesung), SoSe 2018<\/p><\/td><td><\/td><\/tr><tr><td><p>Teil 2: Teil 2: Grundlagen der Sprachwissenschaft 2 (Vorlesung), WS 2018\/19<\/p><\/td><td><\/td><\/tr><tr><td><p>G4 Basismodul &#8222;Japan&#8220;<\/p><\/td><td><\/td><\/tr><tr><td><p>Studierende der Japanologie k\u00f6nnen an diesem Modul zwar teilnehmen, jedoch keine Credit Points f\u00fcr den Optionalbereich erwerben!<\/p><\/td><td><\/td><\/tr><tr><td><\/td><td><\/td><\/tr><tr><td colspan=\"2\"><p>Philosophie<\/p><\/td><\/tr><tr><td width=\"90%\"><p><a href=\"https:\/\/vvz.ruhr-uni-bochum.de\/campus\/all\/module.asp?gguid=0xF36F5B12FD04AF459472FE1F3A61FA0F&amp;fieldgguid=&amp;findmodule=einf%FChrung+in+die+philo&amp;tguid=0x652286301A94654DBA58D95D1EC73A02&amp;strSignMessage=\">Einf\u00fchrung in die Philosophie &#8211; Neuzeitliche Philosophie und Praktische Philosophie (5 CP)<\/a><\/p><\/td><td><\/td><\/tr><tr><td><p>Teil 1: Einf\u00fchrung in die Ethik (Vorlesung), Sose 2018<\/p><\/td><td><\/td><\/tr><tr><td><p>Teil 2: Vernunft und Rationalit\u00e4t in der Moderne (Vorlesung), SoSe 2018<\/p><\/td><td><\/td><\/tr><tr><td><p>G4 Basismodul &#8222;Geschichte der Philosophie&#8220; \/ G4 Basismodul &#8222;Praktische Philosophie&#8220;<\/p><\/td><td><\/td><\/tr><tr><td><p>Studierende der Philosophie d\u00fcrfen an diesem Modul nicht teilnehmen.<\/p><\/td><td><\/td><\/tr><tr><td><p><\/p><\/td><td><\/td><\/tr><tr><td colspan=\"2\"><p>Physik und Astronomie<\/p><\/td><\/tr><tr><td width=\"90%\"><p><a href=\"https:\/\/vvz.ruhr-uni-bochum.de\/campus\/all\/module.asp?gguid=0x28B641230AA0DD4DABA6079F6EC13487&amp;fieldgguid=&amp;findmodule=digitalelektronik&amp;tguid=0x652286301A94654DBA58D95D1EC73A02&amp;strSignMessage=\">Digitalelektronik (5 CP)<\/a><\/p><\/td><td><\/td><\/tr><tr><td><p>Teil 1: Digitalelektronik (Vorlesung), SoSe 2018<\/p><\/td><td><\/td><\/tr><tr><td><p>Teil 2: Digitalelektronik (Praktische \u00dcbung), SoSe 2018<\/p><\/td><td><\/td><\/tr><tr><td><p>G4 Basismodul &#8222;Elektronik f\u00fcr physikalische Experimente&#8220;<\/p><\/td><td><\/td><\/tr><tr><td><p>Studierende der Physik k\u00f6nnen sich dieses Modul nicht f\u00fcr den Optionalbereich anrechnen lassen.<\/p><\/td><td><\/td><\/tr><tr><td><p><\/p><\/td><td><\/td><\/tr><tr><td width=\"90%\"><p><a href=\"https:\/\/vvz.ruhr-uni-bochum.de\/campus\/all\/module.asp?gguid=0x59250459D0BEB84CBC4E647444CD6B47&amp;fieldgguid=&amp;findmodule=leben+im+welt&amp;tguid=0x652286301A94654DBA58D95D1EC73A02&amp;strSignMessage=\">Leben im Weltraum? (5 CP)<\/a><\/p><\/td><td><\/td><\/tr><tr><td><p>Teil 1: Leben im Weltraum? (Vorlesung), SoSe 2018<\/p><\/td><td><\/td><\/tr><tr><td><p>Teil 2: Leben im Weltraum? (\u00dcbung), SoSe 2018<\/p><\/td><td><\/td><\/tr><tr><td><p>G4 Basismodul &#8222;Leben im Weltraum&#8220;<\/p><\/td><td><\/td><\/tr><tr><td><p>Studierende der Physik k\u00f6nnen sich dieses Modul nicht f\u00fcr den Optionalbereich anrechnen lassen.<\/p><\/td><td><\/td><\/tr><tr><td><p><\/p><\/td><td><\/td><\/tr><tr><td width=\"90%\"><p><a href=\"https:\/\/vvz.ruhr-uni-bochum.de\/campus\/all\/module.asp?gguid=0xA16AE5024B0F1F479889CD84B25F7E58&amp;fieldgguid=&amp;mode=&amp;findmodule=mathematische&amp;tguid=0x652286301A94654DBA58D95D1EC73A02\">Mathematische Hilfsmittel der Physik (5 CP)<\/a><\/p><\/td><td><\/td><\/tr><tr><td><p>Teil 1: Einf\u00fchrung in die mathematischen Hilfsmittel der Physik (Vorlesung), SoSe 2018<\/p><\/td><td><\/td><\/tr><tr><td><p>Teil 2: Einf\u00fchrung in die mathematischen Hilfsmittel der Physik (\u00dcbungen), SoSe 2018<\/p><\/td><td><\/td><\/tr><tr><td><p>G4 Basismodul &#8222;Mathematischen Methoden f\u00fcr die Physik&#8220;<\/p><\/td><td><\/td><\/tr><tr><td><p>Bitte beachten Sie: 2-Fach-B.A.-Studierende der Physik und \/ oder Mathematik k\u00f6nnen nur dann CP f\u00fcr den Optionalbereich erwerben, wenn sie das Modul vor Ihrem ersten Fachsemester besuchen. Studierende der Physik im Bachelor of Science (1-Fach B.Sc.) ist das Modul nicht als Studienleistung anrechenbar.<\/p><\/td><td><\/td><\/tr><tr><td><p><\/p><\/td><td><\/td><\/tr><tr><td width=\"90%\"><p><a href=\"https:\/\/vvz.ruhr-uni-bochum.de\/campus\/all\/module.asp?gguid=0x8381776260792844B0078EFCE6A142BE&amp;fieldgguid=&amp;mode=&amp;findmodule=mathematische+methoden&amp;tguid=0x652286301A94654DBA58D95D1EC73A02\">Mathematische Methoden der Physik II (5 CP)<\/a><\/p><\/td><td><\/td><\/tr><tr><td><p>Teil 1: Mathematische Methoden der Physik II (Vorlesung), SoSe 2018<\/p><\/td><td><\/td><\/tr><tr><td><p>Teil 2: Mathematische Methoden der Physik II (Lerngruppen), SoSe 2018<\/p><\/td><td><\/td><\/tr><tr><td><p>G4 Basismodul &#8222;Mathematische Methoden f\u00fcr die Physik&#8220;<\/p><\/td><td><\/td><\/tr><tr><td><p>Studierende der Physik k\u00f6nnen an diesem Modul zwar teilnehmen aber keine CP f\u00fcr den Optionalbereich erwerben<\/p><\/td><td><\/td><\/tr><tr><td><p><\/p><\/td><td><\/td><\/tr><tr><td width=\"90%\"><p><a href=\"https:\/\/vvz.ruhr-uni-bochum.de\/campus\/all\/module.asp?gguid=0xEC43D13F7213F444999775ABBEF71E44&amp;fieldgguid=&amp;mode=&amp;findmodule=physik&amp;tguid=0x652286301A94654DBA58D95D1EC73A02\">Physik I (Schwerpunkt Biologie) (5 CP)<\/a><\/p><\/td><td><\/td><\/tr><tr><td><p>Teil 1: Physik I f\u00fcr Studierende der Biologie (Vorlesung), Sose 2018<\/p><\/td><td><\/td><\/tr><tr><td><p>Teil 2: Physik I f\u00fcr Studierende der Biologie (\u00dcbung), Sose 2018<\/p><\/td><td><\/td><\/tr><tr><td><p>G4 Basismodul &#8222;Grundlagen der Physik&#8220;<\/p><\/td><td><\/td><\/tr><tr><td><p>Da die Veranstaltung inhaltlich der Physik I (Schwerpunkt Chemie) gleicht, kann nur jeweils eine von beiden f\u00fcr den Optionalbereich anerkannt werden. F\u00fcr Studierende des B.Sc. Studiengangs Biologie ist dieses Modul nicht im Optionalbereich anrechenbar. Studierende der Physik k\u00f6nnen an diesem Modul nicht teilnehmen.<\/p><\/td><td><\/td><\/tr><tr><td><p><\/p><\/td><td><\/td><\/tr><tr><td width=\"90%\"><p><a href=\"https:\/\/vvz.ruhr-uni-bochum.de\/campus\/all\/module.asp?gguid=0xB015C0D0C31D8E4A957DFB972389F8AA&amp;fieldgguid=&amp;mode=&amp;findmodule=physik+II&amp;tguid=0x652286301A94654DBA58D95D1EC73A02\">Physik II (Schwerpunkte Chemie, Biochemie und Geowissenschaften) (OPT) (5 CP)<\/a><\/p><\/td><td><\/td><\/tr><tr><td><p>Teil 1: Physik II f\u00fcr Studierende der Chemie und Biochemie (Vorlesung), SoSe 2018<\/p><\/td><td><\/td><\/tr><tr><td><p>Teil 2: Physik II f\u00fcr Studierende der Chemie und Biochemie (\u00dcbungen), SoSe 2018<\/p><\/td><td><\/td><\/tr><tr><td><p>G4 Basismodul &#8222;Grundlagen der Physik&#8220;<\/p><\/td><td><\/td><\/tr><tr><td><p>Studierende der Physik k\u00f6nnen an diesem Modul nicht teilnehmen. Da die Veranstaltung inhaltlich der Physik II (Schwerpunkt Biologie) gleicht, kann nur jeweils eine von beiden f\u00fcr den Optionalbereich anerkannt werden. F\u00fcr Studierende des B.Sc. Studiengangs Chemie, Biochemie, Geowissenschaften ist dieses Modul nicht im Optionalbereich anrechenbar.<\/p><\/td><td><\/td><\/tr><tr><td><p><\/p><\/td><td><\/td><\/tr><tr><td width=\"90%\"><p><a href=\"https:\/\/vvz.ruhr-uni-bochum.de\/campus\/all\/module.asp?gguid=0x9500570E1D19B043B07CF022A71895AF&amp;fieldgguid=&amp;mode=&amp;findmodule=physik&amp;tguid=0x652286301A94654DBA58D95D1EC73A02\">Physik f\u00fcr Nicht-Physikerinnen und Nicht-Physiker (OPT) (5 CP)<\/a><\/p><\/td><td><\/td><\/tr><tr><td><p>Teil 1: Physik f\u00fcr Nicht-Physikerinnen und Nicht-Physiker (Vorlesung), SoSe 2018<\/p><\/td><td><\/td><\/tr><tr><td><p>Teil 2: Physik f\u00fcr Nicht-Physikerinnen und Nicht-Physiker (\u00dcbungen), SoSe 2018<\/p><\/td><td><\/td><\/tr><tr><td><p>G4 Basismodul &#8222;Grundlagen der Physik&#8220;<\/p><\/td><td><\/td><\/tr><tr><td><p>Studierende der Physik k\u00f6nnen an diesem Modul nicht teilnehmen!<\/p><\/td><td><\/td><\/tr><tr><td><\/td><td><\/td><\/tr><tr><td colspan=\"2\"><p>Rechtswissenschaft<\/p><\/td><\/tr><tr><td width=\"90%\"><p><a href=\"https:\/\/vvz.ruhr-uni-bochum.de\/campus\/all\/module.asp?gguid=0x9B956A0856814C909AB96910ECC261CD&amp;fieldgguid=&amp;findmodule=basismodul+rechts&amp;tguid=0x652286301A94654DBA58D95D1EC73A02&amp;strSignMessage=\">Basismodul Rechtsgeschichte (5 CP)<\/a><\/p><\/td><td><\/td><\/tr><tr><td><p>Teil 1: Deutsche Rechtsgeschichte (Vorlesung), SoSe 2018<\/p><\/td><td><\/td><\/tr><tr><td><p>Teil 2: R\u00f6mische Rechtsgeschichte (Vorlesung), WS 2018\/19<\/p><\/td><td><\/td><\/tr><tr><td><p>G4 Basismodul &#8222;Rechtswissenschaft&#8220;<\/p><\/td><td><\/td><\/tr><tr><td><p>Studierende, die das Modul Deutsche Rechtsgeschichte belegt haben, k\u00f6nnen an diesem Modul nicht teilnehmen.<\/p><\/td><td><\/td><\/tr><tr><td><p><\/p><\/td><td><\/td><\/tr><tr><td width=\"90%\"><p><a href=\"https:\/\/vvz.ruhr-uni-bochum.de\/campus\/all\/module.asp?gguid=0xB6723DF3180A405A9D22B74A73CF460E&amp;fieldgguid=&amp;findmodule=basismodul+grundlagen+des+rechts&amp;tguid=0x652286301A94654DBA58D95D1EC73A02&amp;strSignMessage=\">Basismodul Grundlagen des Rechts (5 CP)<\/a><\/p><\/td><td><\/td><\/tr><tr><td><p>Teil 1: Allgemeine Staatslehre (Vorlesung), SoSe 2018<\/p><\/td><td><\/td><\/tr><tr><td><p>Teil 2a: Verfassungstheorie: Theorie und Geschichte einer riskanten Ordnung (Vorlesung)<\/p><\/td><td><\/td><\/tr><tr><td><p>Teil 2b: Staat und Religion (Blockveranstaltung), SoSe 2018<\/p><\/td><td><\/td><\/tr><tr><td><p>G4 Basismodul &#8222;Rechtswissenschaft&#8220;<\/p><\/td><td><\/td><\/tr><tr><td><\/td><td><\/td><\/tr><tr><td colspan=\"2\"><p>Religionswissenschaft<\/p><\/td><\/tr><tr><td width=\"90%\"><p><a href=\"https:\/\/vvz.ruhr-uni-bochum.de\/campus\/all\/module.asp?gguid=0x869BF95B64FA40139AF764CEDE38FAEB&amp;fieldgguid=&amp;mode=&amp;findmodule=altorientalisch&amp;tguid=0x652286301A94654DBA58D95D1EC73A02\">Altorientalische \/ Antike Religionsgeschichte: Fokus Alter Orient (5 CP)<\/a><\/p><\/td><td><\/td><\/tr><tr><td><p>Teil 1: Altorientalische Religionsgeschichte (\u00dcbung), SoSe 2018<\/p><\/td><td><\/td><\/tr><tr><td><p>Teil 2: Religionsgeschichte Westasiens und Europas in der Antike und der Sp\u00e4tantike (Vorlesung), SoSe 2018<\/p><\/td><td><\/td><\/tr><tr><td><p>G4 Basismodul &#8222;Religionsgeschichte&#8220;<\/p><\/td><td><\/td><\/tr><tr><td><p>Bitte beachten Sie die Ausschl\u00fcsse in Campus.<\/p><\/td><td><\/td><\/tr><tr><td><p><\/p><\/td><td><\/td><\/tr><tr><td width=\"90%\"><p><a href=\"https:\/\/vvz.ruhr-uni-bochum.de\/campus\/all\/module.asp?gguid=0xA8B5E1DB722C42B8B345FBC4B3EF1F69&amp;fieldgguid=&amp;mode=&amp;findmodule=Altorientalische+%2F+Antike+Religionsgesch&amp;tguid=0x652286301A94654DBA58D95D1EC73A02\">Altorientalische \/ Antike Religionsgeschichte: Fokus Antike (5 CP)<\/a><\/p><\/td><td><\/td><\/tr><tr><td><p>Teil 1: Religionsgeschichte Westasiens und Europas in der Antike und der Sp\u00e4tantike (Vorlesung), SoSe 2018<\/p><\/td><td><\/td><\/tr><tr><td><p>Teil 2: Selbstlekt\u00fcrekurs: Antike Religionsgeschichte (\u00dcbung), SoSe 2018<\/p><\/td><td><\/td><\/tr><tr><td><p>G4 Basismodul &#8222;Religionsgeschichte&#8220;<\/p><\/td><td><\/td><\/tr><tr><td><p>Bitte beachten Sie die Ausschl\u00fcsse in Campus.<\/p><\/td><td><\/td><\/tr><tr><td><p><\/p><\/td><td><\/td><\/tr><tr><td width=\"90%\"><p><a href=\"https:\/\/vvz.ruhr-uni-bochum.de\/campus\/all\/module.asp?gguid=0x3DAFCBCA1D4C426887894D0A19155AA6&amp;fieldgguid=&amp;mode=&amp;findmodule=altorientalische&amp;tguid=0x652286301A94654DBA58D95D1EC73A02\">Altorientalische \/ Antike Religionsgeschichte: Fokus Zoroastrismus (5 CP)<\/a><\/p><\/td><td><\/td><\/tr><tr><td><p>Teil 1: Religionsgeschichte Westasiens und Europas in der Antike und der Sp\u00e4tantike (Vorlesung), SoSe 2018<\/p><\/td><td><\/td><\/tr><tr><td><p>Teil 2: Selbstlekt\u00fcrekurs: Antike Religionsgeschichte (\u00dcbung), SoSe 2018<\/p><\/td><td><\/td><\/tr><tr><td><p>G4 Basismodul &#8222;Religionsgeschichte&#8220;<\/p><\/td><td><\/td><\/tr><tr><td><p>Bitte beachten Sie die Ausschl\u00fcsse in Campus.<\/p><\/td><td><\/td><\/tr><tr><td><p><\/p><\/td><td><\/td><\/tr><tr><td width=\"90%\"><p><a href=\"https:\/\/vvz.ruhr-uni-bochum.de\/campus\/all\/module.asp?gguid=0x3758C70542444471A4C2E206A1440E9A&amp;fieldgguid=&amp;findmodule=christliche+rel&amp;tguid=0x652286301A94654DBA58D95D1EC73A02&amp;strSignMessage=\">Christliche Religionsgeschichte (5 CP)<\/a><\/p><\/td><td><\/td><\/tr><tr><td><p>Teil 1: Amerikanische Megakirchen aus religionswissenschaftlicher und theologischer Perspektive (Seminar), SoSe 2018<\/p><\/td><td><\/td><\/tr><tr><td><p>Teil 2: Christliche Religionen (\u00dcbung), SoSe 2018<\/p><\/td><td><\/td><\/tr><tr><td><p>G4 Basismodul &#8222;Religionsgeschichte&#8220;<\/p><\/td><td><\/td><\/tr><tr><td><p>Studierende, die das Modul f\u00fcr Ihr Fachstudium anrechnen lassen, d\u00fcrfen dieses nicht im Rahmen des Optionalbereichs besuchen.<\/p><\/td><td><\/td><\/tr><tr><td><p>Studierende der Religionswissenschaft k\u00f6nnen in diesem Modul keine CP f\u00fcr den Optionalbereich erwerben!<\/p><\/td><td><\/td><\/tr><tr><td><p><\/p><\/td><td><\/td><\/tr><tr><td width=\"90%\"><p><a href=\"https:\/\/vvz.ruhr-uni-bochum.de\/campus\/all\/module.asp?gguid=0xF093CAFAA4154134A35C060C94C9681A&amp;fieldgguid=&amp;findmodule=hindu&amp;tguid=0x652286301A94654DBA58D95D1EC73A02&amp;strSignMessage=\">Hinduistischen Religionen (5 CP)<\/a><\/p><\/td><td><\/td><\/tr><tr><td><p>Teil 1: Hinduistische Religionen (\u00dcbung), SoSe 2018<\/p><\/td><td><\/td><\/tr><tr><td><p>Teil 2: From Monkey to Buddha: Jatakas Tales in South Asia (Seminar), SoSe 2018<\/p><\/td><td><\/td><\/tr><tr><td><p>G4 Grundlagen der Religionswissenschaft<\/p><\/td><td><\/td><\/tr><tr><td><p>Studierende der Religionswissenschaft k\u00f6nnen in diesem Modul keine CP f\u00fcr den Optionalbereich erwerben! Studierende des Optionalbereichs k\u00f6nnen, wenn sie dieses Modul belegen, nicht das Modul Religionswissenschaftliche Zug\u00e4nge zu hinduistischen Religionsgeschichte belegen.<\/p><\/td><td><\/td><\/tr><tr><td><p><\/p><\/td><td><\/td><\/tr><tr><td width=\"90%\"><p><a href=\"https:\/\/vvz.ruhr-uni-bochum.de\/campus\/all\/module.asp?gguid=0x3F6D4B3422874694A315A3685E1175EB&amp;fieldgguid=&amp;mode=&amp;findmodule=j%FCdische&amp;tguid=0x652286301A94654DBA58D95D1EC73A02\">J\u00fcdische Religionsgeschichte (5 CP)<\/a><\/p><\/td><td><\/td><\/tr><tr><td><p>Teil 1: Jews in the Islamic World (Seminar), SoSe 2018<\/p><\/td><td><\/td><\/tr><tr><td><p>Teil 2: J\u00fcdische Geschichte in der Moderne (Seminar), SoSe 2018<\/p><\/td><td><\/td><\/tr><tr><td><p>G4 Grundlagen der Religionswissenschaft<\/p><\/td><td><\/td><\/tr><tr><td><p>Studierende, die das Modul f\u00fcr Ihr Fachstudium anrechnen lassen, d\u00fcrfen dieses nicht im Rahmen des Optionalbereichs besuchen. Studierende der Religionswissenschaft k\u00f6nnen in diesem Modul keine CP f\u00fcr den Optionalbereich erwerben!<\/p><\/td><td><\/td><\/tr><tr><td><p><\/p><\/td><td><\/td><\/tr><tr><td width=\"90%\"><p><a href=\"https:\/\/vvz.ruhr-uni-bochum.de\/campus\/all\/module.asp?gguid=0xED9543373387445099BB7A3D19A55320&amp;fieldgguid=&amp;findmodule=religionsgeschichte+asiens&amp;tguid=0x652286301A94654DBA58D95D1EC73A02&amp;strSignMessage=\">Religionsgeschichte Asiens: Korea und religi\u00f6se Texte (Chinesisch) (5 CP)<\/a><\/p><\/td><td><\/td><\/tr><tr><td><p>Teil 1: Religions- und Geistesgeschichte Koreas (\u00dcbung), SoSe 2018<\/p><\/td><td><\/td><\/tr><tr><td><p>Teil 2: Textlekt\u00fcre: Xinjing (Herz-Sutra) und Kommentare (Seminar), SoSe 2018<\/p><\/td><td><\/td><\/tr><tr><td><p>G4 Grundlagen der Religionswissenschaft<\/p><\/td><td><\/td><\/tr><tr><td><p>Studierende, die das Modul f\u00fcr Ihr Fachstudium anrechnen lassen, d\u00fcrfen dieses nicht im Rahmen des Optionalbereichs besuchen. Studierende der Religionswissenschaft k\u00f6nnen in diesem Modul keine CP f\u00fcr den Optionalbereich erwerben! Studierende des Optionalbereichs k\u00f6nnen, wenn sie dieses Modul belegen, nicht die Module Lekt\u00fcre religi\u00f6ser Texte: Chinesisch und Religionswissenschaftliche Zug\u00e4nge zu Religionsgeschichte Koreas belegen.<\/p><\/td><td><\/td><\/tr><tr><td><p><\/p><\/td><td><\/td><\/tr><tr><td width=\"90%\"><p><a href=\"https:\/\/vvz.ruhr-uni-bochum.de\/campus\/all\/module.asp?gguid=0xC8EBDB362E0D4B4E80097C587AF4E23F&amp;fieldgguid=&amp;mode=&amp;findmodule=Religionswissenschaftli&amp;tguid=0x652286301A94654DBA58D95D1EC73A02\">Religionswissenschaftliche Zug\u00e4nge zu altorientalischer Religionsgeschichte (5 CP)<\/a><\/p><\/td><td><\/td><\/tr><tr><td><p>Teil 1: Einf\u00fchrung in die Religionswissenschaft (Vorlesung), SoSe 2018<\/p><\/td><td><\/td><\/tr><tr><td><p>Teil 2: Altorientalische Religionsgeschichte (\u00dcbung), SoSe 2018<\/p><\/td><td><\/td><\/tr><tr><td><p>G4 Basismodul &#8222;Religionsgeschichte&#8220;<\/p><\/td><td><\/td><\/tr><tr><td><p>Studierende der Religionswissenschaft k\u00f6nnen in diesem Modul keine CP f\u00fcr den Optionalbereich erwerben! Studierende des Optionalbereichs k\u00f6nnen, wenn sie dieses Modul belegen, nicht die anderen Module &#8222;Religionswissenschaftliche Zug\u00e4nge zu&#8230;&#8220; belegen. Weitere Ausschl\u00fcsse finden sich in der Modulbeschreibung.<\/p><\/td><td><\/td><\/tr><tr><td><p><\/p><\/td><td><\/td><\/tr><tr><td width=\"90%\"><p><a href=\"https:\/\/vvz.ruhr-uni-bochum.de\/campus\/all\/module.asp?gguid=0xECFC67A2F30E4A60B3BE11BC621FC9D2&amp;fieldgguid=&amp;mode=&amp;findmodule=Religionswissenschaftli&amp;tguid=0x652286301A94654DBA58D95D1EC73A02\">Religionswissenschaftliche Zug\u00e4nge zu antiker Religionsgeschichte (5 CP)<\/a><\/p><\/td><td><\/td><\/tr><tr><td><p>Teil 1: Einf\u00fchrung in die Religionswissenschaft (Vorlesung), SoSe 2018<\/p><\/td><td><\/td><\/tr><tr><td><p>Teil 2: Selbstlekt\u00fcrekurs: Antike Religionsgeschichte (\u00dcbung), SoSe 2018<\/p><\/td><td><\/td><\/tr><tr><td><p>G4 Basismodul &#8222;Religionsgeschichte&#8220;<\/p><\/td><td><\/td><\/tr><tr><td><p>Studierende, die das Modul f\u00fcr Ihr Fachstudium anrechnen lassen, d\u00fcrfen dieses nicht im Rahmen des Optionalbereichs besuchen. Studierende der Religionswissenschaft k\u00f6nnen in diesem Modul keine CP f\u00fcr den Optionalbereich erwerben! Studierende des Optionalbereichs k\u00f6nnen, wenn sie dieses Modul belegen, nicht die anderen Module &#8222;Religionswissenschaftliche Zug\u00e4nge zu&#8230;&#8220; belegen- Weitere Ausschl\u00fcsse finden sich in der Modulbeschreibung.<\/p><\/td><td><\/td><\/tr><tr><td><p><\/p><\/td><td><\/td><\/tr><tr><td width=\"90%\"><p><a href=\"https:\/\/vvz.ruhr-uni-bochum.de\/campus\/all\/module.asp?gguid=0x87480BC123C44B739F26DC001337A0BC&amp;fieldgguid=&amp;mode=&amp;findmodule=Religionswissenschaftli&amp;tguid=0x652286301A94654DBA58D95D1EC73A02\">Religionswissenschaftliche Zug\u00e4nge zur hinduistischen Religionsgeschichte (5 CP)<\/a><\/p><\/td><td><\/td><\/tr><tr><td><p>Teil 1: Einf\u00fchrung in die Religionswissenschaft (Vorlesung), SoSe 2018<\/p><\/td><td><\/td><\/tr><tr><td><p>Teil 2: Hinduistische Religionen (\u00dcbung), SoSe 2018<\/p><\/td><td><\/td><\/tr><tr><td><p>G4 Basismodul &#8222;Religionsgeschichte&#8220;<\/p><\/td><td><\/td><\/tr><tr><td><p>Studierende, die das Modul f\u00fcr Ihr Fachstudium anrechnen lassen, d\u00fcrfen dieses nicht im Rahmen des Optionalbereichs besuchen. Studierende der Religionswissenschaft k\u00f6nnen in diesem Modul keine CP f\u00fcr den Optionalbereich erwerben! Studierende des Optionalbereichs k\u00f6nnen, wenn sie dieses Modul belegen, nicht die anderen Module &#8222;Religionswissenschaftliche Zug\u00e4nge zu&#8230;&#8220; belegen!<\/p><\/td><td><\/td><\/tr><tr><td><p><\/p><\/td><td><\/td><\/tr><tr><td width=\"90%\"><p><a href=\"https:\/\/vvz.ruhr-uni-bochum.de\/campus\/all\/module.asp?gguid=0xF5E34C0524A24389B2DDB3D04A608FE8&amp;fieldgguid=&amp;mode=&amp;findmodule=Religionswissenschaftli&amp;tguid=0x652286301A94654DBA58D95D1EC73A02\">Religionswissenschaftliche Zug\u00e4nge zur Religionsgeschichte Koreas (5 CP)<\/a><\/p><\/td><td><\/td><\/tr><tr><td><p>Teil 1: Einf\u00fchrung in die Religionswissenschaft (Vorlesung), SoSe 2018<\/p><\/td><td><\/td><\/tr><tr><td><p>Teil 2: Religions- und Geistesgeschichte Koreas (\u00dcbung), SoSe 2018<\/p><\/td><td><\/td><\/tr><tr><td><p>G4 Basismodul &#8222;Religionsgeschichte&#8220;<\/p><\/td><td><\/td><\/tr><tr><td><p>Studierende, die das Modul f\u00fcr Ihr Fachstudium anrechnen lassen, d\u00fcrfen dieses nicht im Rahmen des Optionalbereichs besuchen. Studierende der Religionswissenschaft k\u00f6nnen in diesem Modul keine CP f\u00fcr den Optionalbereich erwerben! Studierende des Optionalbereichs k\u00f6nnen, wenn sie dieses Modul belegen, nicht die anderen Module &#8222;Religionswissenschaftliche Zug\u00e4nge zu&#8230;&#8220; belegen!<\/p><\/td><td><\/td><\/tr><tr><td><p><\/p><\/td><td><\/td><\/tr><tr><td width=\"90%\"><p><a href=\"https:\/\/vvz.ruhr-uni-bochum.de\/campus\/all\/module.asp?gguid=0xE81D6AB5971D410CB3204E368A0A9B6B&amp;fieldgguid=&amp;mode=&amp;findmodule=Religionswissenschaftli&amp;tguid=0x652286301A94654DBA58D95D1EC73A02\">Religionswissenschaftliche Zug\u00e4nge zu zentralasiatischer Religionsgeschichte (5 CP)<\/a><\/p><\/td><td><\/td><\/tr><tr><td><p>Teil 1: Einf\u00fchrung in die Religionswissenschaft (Vorlesung), SoSe 2018<\/p><\/td><td><\/td><\/tr><tr><td><p>Teil 2: Zentralasiatische Religionsgeschichte (Seminar), SoSe 2018<\/p><\/td><td><\/td><\/tr><tr><td><p>G4 Basismodul &#8222;Religionsgeschichte&#8220;<\/p><\/td><td><\/td><\/tr><tr><td><p>Studierende der Religionswissenschaft k\u00f6nnen in diesem Modul keine CP f\u00fcr den Optionalbereich erwerben! Studierende des Optionalbereichs k\u00f6nnen, wenn sie dieses Modul belegen, nicht die anderen Module &#8222;Religionswissenschaftliche Zug\u00e4nge zu&#8230;&#8220; belegen! Weitere Ausschl\u00fcsse finden sich in der Modulbeschreibung.<\/p><\/td><td><\/td><\/tr><tr><td><p><\/p><\/td><td><\/td><\/tr><tr><td width=\"90%\"><p><a href=\"https:\/\/vvz.ruhr-uni-bochum.de\/campus\/all\/module.asp?gguid=0xB780B972B5D945F78E58B299BFCCEB9F&amp;fieldgguid=&amp;mode=&amp;findmodule=altorientalische&amp;tguid=0x652286301A94654DBA58D95D1EC73A02\">Altorientalische \/ Antike Religionsgeschichte: Sprache und Kultur des Alten Orients (5 CP)<\/a><\/p><\/td><td><\/td><\/tr><tr><td><p>Teil 1:Akkadisch I (\u00dcbung), SoSe 2018<\/p><\/td><td><\/td><\/tr><tr><td><p>Teil 2: Religionsgeschichte Westasiens und Europas in der Antike und der Sp\u00e4tantike (Vorlesung), SoSe 2018<\/p><\/td><td><\/td><\/tr><tr><td><p>G1 Basismodul Akkadisch \/ G4 Basismodul &#8222;Kulturelle Kompetenz&#8220;<\/p><\/td><td><\/td><\/tr><tr><td><p>Studierende der Religionswissenschaft k\u00f6nnen in diesem Modul keine CP f\u00fcr den Optionalbereich erwerben! Studierende des Optionalbereichs k\u00f6nnen, wenn sie dieses Modul belegen, nicht die Module &#8222;Religionswissenschaftliche Zug\u00e4nge zu altorientalischer Religionsgeschichte&#8220; und &#8222;Akkadisch&#8220; belegen. Bitte beachten Sie weitere Ausschl\u00fcsse in Campus.<\/p><\/td><td><\/td><\/tr><tr><td><p><\/p><\/td><td><\/td><\/tr><tr><td width=\"90%\"><p><a href=\"https:\/\/vvz.ruhr-uni-bochum.de\/campus\/all\/module.asp?gguid=0xEA4E0F82DF804C89B0824B8A51D8FEAE&amp;fieldgguid=&amp;mode=&amp;findmodule=altorientalische&amp;tguid=0x652286301A94654DBA58D95D1EC73A02\">Altorientalische \/ Antike Religionsgeschichte: Sprache und Kultur des fr\u00fchen Irans und Zoroastrismus (5 CP)<\/a><\/p><\/td><td><\/td><\/tr><tr><td><p>Teil 1: Einf\u00fchrung in das Mittelpersisch I (\u00dcbung), SoSe 2018<\/p><\/td><td><\/td><\/tr><tr><td><p>Teil 2: Religionsgeschichte Westasiens und Europas in der Antike und der Sp\u00e4tantike (Vorlesung), SoSe 2018<\/p><\/td><td><\/td><\/tr><tr><td><p>G1 Modul Persisch I \/ G1 Modul Persische Sprache und Kultur I \/ G4 Basismodul &#8222;Kulturelle Kompetenz&#8220;<\/p><\/td><td><\/td><\/tr><tr><td><p>Studierende der Religionswissenschaft k\u00f6nnen in diesem Modul keine CP f\u00fcr den Optionalbereich erwerben! Bitte beachten Sie weitere Ausschl\u00fcsse in Campus.<\/p><\/td><td><\/td><\/tr><tr><td><p><\/p><\/td><td><\/td><\/tr><tr><td width=\"90%\"><p><a href=\"https:\/\/vvz.ruhr-uni-bochum.de\/campus\/all\/module.asp?gguid=0x249E808503B14847839F1AB0ED57838B&amp;fieldgguid=&amp;findmodule=zoroastrismus&amp;tguid=0x652286301A94654DBA58D95D1EC73A02&amp;strSignMessage=\">Zoroastrismus: Sprache und Religionsgeschichte (5 CP)<\/a><\/p><\/td><td><\/td><\/tr><tr><td><p>Teil 1: Einf\u00fchrung in das Mittelpersisch I (\u00dcbung), SoSe 2018<\/p><\/td><td><\/td><\/tr><tr><td><p>Teil 2: Zoroastrische Religion (\u00dcbung), SoSe 2018<\/p><\/td><td><\/td><\/tr><tr><td><p>G1 Modul Persische Sprache und Kultur I \/ G4 Basismodul &#8222;Kulturelle Kompetenz&#8220;<\/p><\/td><td><\/td><\/tr><tr><td><p>Studierende der Religionswissenschaft k\u00f6nnen in diesem Modul keine CP f\u00fcr den Optionalbereich erwerben! Bitte beachten Sie weitere Ausschl\u00fcsse in Campus.<\/p><\/td><td><\/td><\/tr><tr><td><p><\/p><\/td><td><\/td><\/tr><tr><td width=\"90%\"><p><a href=\"https:\/\/vvz.ruhr-uni-bochum.de\/campus\/all\/module.asp?gguid=0xB694E5611FC349789D1FB27186550502&amp;fieldgguid=&amp;findmodule=zug%E4nge&amp;tguid=0x652286301A94654DBA58D95D1EC73A02&amp;strSignMessage=\">Zug\u00e4nge zu systematischer Religionswissenschaft (5 CP)<\/a><\/p><\/td><td><\/td><\/tr><tr><td><p>Teil 1: Einf\u00fchrung in die Religionswissenschaft (Vorlesung), SoSe 2018<\/p><\/td><td><\/td><\/tr><tr><td><p>Teil 2: Theorien und Ans\u00e4tze der Religionswissenschaft (Seminar), SoSe 2018<\/p><\/td><td><\/td><\/tr><tr><td><p>G4 Grundlagen der Religionswissenschaft<\/p><\/td><td><\/td><\/tr><tr><td><p>Studierende der Religionswissenschaft k\u00f6nnen in diesem Modul keine CP f\u00fcr den Optionalbereich erwerben! Studierende des Optionalbereichs k\u00f6nnen, wenn sie dieses Modul belegen, nicht die anderen Module &#8222;Religionswissenschaftliche Zug\u00e4nge zu&#8230;&#8220; belegen. Bitte beachten Sie weitere Ausschl\u00fcsse in Campus.<\/p><\/td><td><\/td><\/tr><tr><td><\/td><td><\/td><\/tr><tr><td colspan=\"2\"><p>Romanistik<\/p><\/td><\/tr><tr><td width=\"90%\"><p><a href=\"https:\/\/vvz.ruhr-uni-bochum.de\/campus\/all\/module.asp?gguid=0x947E0313E12E4AE0975F6F7A6B5434B8&amp;fieldgguid=&amp;mode=&amp;findmodule=Katalanisch+%2D+Spr&amp;tguid=0x652286301A94654DBA58D95D1EC73A02\">Katalanisch &#8211; Sprache und Kultur 1 (B1)(5 CP)<\/a><\/p><\/td><td><\/td><\/tr><tr><td><p>Teil 1: Cuina i societat catalana: Del Sent Sov\u00ed a la cuina molecular passant pel \u201emen\u00fa tur\u00edstico\u201c (Seminar), SoSe 2018<\/p><\/td><td><\/td><\/tr><tr><td><p>Teil 2: Lekt\u00fcrekurs: Katalanischer Texte, WS 2018\/19<\/p><\/td><td><\/td><\/tr><tr><td><p>G1 Modul Kalalanisch II \/ G4 Basismodul &#8222;Kulturelle Kompetenz&#8220;<\/p><\/td><td><\/td><\/tr><tr><td><p>Teilnahmevoraussetzung ist der erfolgreiche Abschluss vom Kurs Katalanisch 2. Ein Einstufungstest ist verpflichtend f\u00fcr alle Interessent\/innen, die keinen Schein aus einem Vorg\u00e4ngerkurs der vergangenen zwei Semester oder ein international anerkanntes Zertifikat vorweisen k\u00f6nnen.<\/p><\/td><td><\/td><\/tr><tr><td><p><\/p><\/td><td><\/td><\/tr><tr><td colspan=\"2\"><p>Slavistik<\/p><\/td><\/tr><tr><td><p>In diesem Semester liegt leider kein Angebot vor.<\/p><\/td><td><\/td><\/tr><tr><td><p><\/p><\/td><td><\/td><\/tr><tr><td colspan=\"2\"><p>Sozialwissenschaft<\/p><\/td><\/tr><tr><td width=\"90%\"><p><a href=\"https:\/\/vvz.ruhr-uni-bochum.de\/campus\/all\/module.asp?gguid=0x2A0DB0BF24554546A6C3C625C7ABA39C&amp;fieldgguid=&amp;findmodule=Arbeits%2D%2C+Wirt&amp;tguid=0x652286301A94654DBA58D95D1EC73A02&amp;strSignMessage=\">Arbeits-, Wirtschafts- und Organisationssoziologie (5 CP)<\/a><\/p><\/td><td><\/td><\/tr><tr><td><p>Teil 1: Einf\u00fchrung in die Arbeits-, Wirtschafts- und Organisationssoziologie (Seminar), SoSe 2018<\/p><\/td><td><\/td><\/tr><tr><td><p>Teil 2: Strukturierte Betreuung (\u00dcbung), SoSe 2018<\/p><\/td><td><\/td><\/tr><tr><td><p>G4 Aufbaumodul &#8222;Soziologie&#8220;<\/p><\/td><td><\/td><\/tr><tr><td><p>Studierende der F\u00e4cher PWG, KIG und Soziologie sowie des Studiengangs Sozialwissenschaft k\u00f6nnen an diesem Modul nicht teilnehmen!<\/p><\/td><td><\/td><\/tr><tr><td><p><\/p><\/td><td><\/td><\/tr><tr><td width=\"90%\"><p><a href=\"https:\/\/vvz.ruhr-uni-bochum.de\/campus\/all\/module.asp?gguid=0x77FB891849E61A4DA91426514C6EE7A2&amp;fieldgguid=&amp;findmodule=Einf%FChrung+in+die+Wirtschafts%2D+und+Sozia&amp;tguid=0x652286301A94654DBA58D95D1EC73A02&amp;strSignMessage=\">Einf\u00fchrung in die Wirtschafts- und Sozialpolitik (5 CP)<\/a><\/p><\/td><td><\/td><\/tr><tr><td><p>Teil 1: Einf\u00fchrung in die Wirtschafts- und Sozialpolitik (GrundSoz\u00f6k, Teil III) (Vorlesung), SoSe 2018<\/p><\/td><td><\/td><\/tr><tr><td><p>Teil 2: Strukturierte Betreuung (\u00dcbung), SoSe 2018<\/p><\/td><td><\/td><\/tr><tr><td><p>G4 Basismodul &#8222;Sozial\u00f6konomik&#8220;<\/p><\/td><td><\/td><\/tr><tr><td><p>Studierende der F\u00e4cher PWG, Soziologie, Politikwissenschaft und Sozialpsychologie\/-anthropologie Sozialwissenschaft sowie des Studiengangs Management and Economics k\u00f6nnen an diesem Modul nicht teilnehmen!<\/p><\/td><td><\/td><\/tr><tr><td><p><\/p><\/td><td><\/td><\/tr><tr><td width=\"90%\"><p><a href=\"https:\/\/vvz.ruhr-uni-bochum.de\/campus\/all\/module.asp?gguid=0x64DBDFB6D752EE429C91F5490D4DF926&amp;fieldgguid=&amp;findmodule=Grundfragen+und+Hauptbegriffe+der+Soziol&amp;tguid=0x652286301A94654DBA58D95D1EC73A02&amp;strSignMessage=\">Grundfragen und Hauptbegriffe der Soziologie (Soziologie I) (5 CP)<\/a><\/p><\/td><td><\/td><\/tr><tr><td><p>Teil 1: Grundfragen und Hauptbegriffe der Soziologie I (Vorlesung), SoSe 2018<\/p><\/td><td><\/td><\/tr><tr><td><p>Teil 2: Strukturierte Betreuung (\u00dcbung), SoSe 2018<\/p><\/td><td><\/td><\/tr><tr><td><p>G4 Basismodul &#8222;Soziologie&#8220;<\/p><\/td><td><\/td><\/tr><tr><td><p>Studierende der F\u00e4cher PWG, KIG, Soziologie, Politikwissenschaft und Sozialpsychologie\/-anthropologie sowie des Studiengangs Sozialwissenschaft k\u00f6nnen an diesem Modul nicht teilnehmen.<\/p><\/td><td><\/td><\/tr><tr><td><p><\/p><\/td><td><\/td><\/tr><tr><td width=\"90%\"><p><a href=\"https:\/\/vvz.ruhr-uni-bochum.de\/campus\/all\/module.asp?gguid=0xBA57E8BAE1ABB248B0433455E34F04DC&amp;fieldgguid=&amp;findmodule=Politikwissenschaft%3A+Internationale+Bezi&amp;tguid=0x652286301A94654DBA58D95D1EC73A02&amp;strSignMessage=\">Politikwissenschaft: Internationale Beziehungen (5 CP) <\/a><\/p><\/td><td><\/td><\/tr><tr><td><p>Teil 1: Einf\u00fchrung in die Internationale Beziehungen (Vorlesung), SoSe 2018<\/p><\/td><td><\/td><\/tr><tr><td><p>Teil 2: Strukturierte Betreuung (\u00dcbung), SoSe 2018<\/p><\/td><td><\/td><\/tr><tr><td><p>G4 Aufbaumodul &#8222;Politikwissenschaft&#8220;<\/p><\/td><td><\/td><\/tr><tr><td><p>Studierende der F\u00e4cher PWG, KIG, Politikwissenschaft sowie des Studienganges Sozialwissenschaft k\u00f6nnen an dem Modul nicht teilnehmen!<\/p><\/td><td><\/td><\/tr><tr><td><p><\/p><\/td><td><\/td><\/tr><tr><td width=\"90%\"><p><a href=\"https:\/\/vvz.ruhr-uni-bochum.de\/campus\/all\/module.asp?gguid=0xC01132A08F246240BCAC764D38E6633E&amp;fieldgguid=&amp;findmodule=Politikwissenschaft%3A+Politisches+System&amp;tguid=0x652286301A94654DBA58D95D1EC73A02&amp;strSignMessage=\">Politikwissenschaft: Politisches System Deutschlands (5 CP)<\/a><\/p><\/td><td><\/td><\/tr><tr><td><p>Teil 1: Einf\u00fchrung in das politische System Deutschlands (Vorlesung), SoSe 2018<\/p><\/td><td><\/td><\/tr><tr><td><p>Teil 2: Strukturierte Betreuung (\u00dcbung), SoSe 2018<\/p><\/td><td><\/td><\/tr><tr><td><p>G4 Basismodul &#8222;Politikwissenschaft&#8220;<\/p><\/td><td><\/td><\/tr><tr><td><p>Studierende der F\u00e4cher PWG, KIG, Politikwissenschaft sowie des Studienganges Sozialwissenschaft k\u00f6nnen an dem Modul nicht teilnehmen!<\/p><\/td><td><\/td><\/tr><tr><td><p><\/p><\/td><td><\/td><\/tr><tr><td width=\"90%\"><p><a href=\"https:\/\/vvz.ruhr-uni-bochum.de\/campus\/all\/module.asp?gguid=0xC3108CCB4963354C9ACDB6A08DC06266&amp;fieldgguid=&amp;findmodule=Politikwissenschaft%3A+Vergleichende+Polit&amp;tguid=0x652286301A94654DBA58D95D1EC73A02&amp;strSignMessage=\">Politikwissenschaft: Vergleichende Politikwissenschaft (5 CP)<\/a><\/p><\/td><td><\/td><\/tr><tr><td><p>Teil 1: Einf\u00fchrung in die vergleichende Politikwissenschaft (Vorlesung), SoSe 2018<\/p><\/td><td><\/td><\/tr><tr><td><p>Teil 2: Strukturierte Betreuung (\u00dcbung), SoSe 2018<\/p><\/td><td><\/td><\/tr><tr><td><p>G4 Basismodul &#8222;Politikwissenschaft&#8220;<\/p><\/td><td><\/td><\/tr><tr><td><p>Studierende der F\u00e4cher PWG, KIG, Politikwissenschaft sowie des Studienganges Sozialwissenschaft k\u00f6nnen an dem Modul nicht teilnehmen!<\/p><\/td><td><\/td><\/tr><tr><td><p><\/p><\/td><td><\/td><\/tr><tr><td width=\"90%\"><p><a href=\"https:\/\/vvz.ruhr-uni-bochum.de\/campus\/all\/module.asp?gguid=0x69F60910762BFC439BD558D3B9E42A9E&amp;fieldgguid=&amp;findmodule=Sozial%2D+und+Kulturanthropologie&amp;tguid=0x652286301A94654DBA58D95D1EC73A02&amp;strSignMessage=\">Sozial- und Kulturanthropologie (5 CP)<\/a><\/p><\/td><td><\/td><\/tr><tr><td><p>Teil 1: Einf\u00fchrung in die Sozial- und Kulturanthropologie (Vorlesung), SoSe 2018<\/p><\/td><td><\/td><\/tr><tr><td><p>Teil 2: Strukturierte Betreuung (\u00dcbung), SoSe 2018<\/p><\/td><td><\/td><\/tr><tr><td><p>G4 Basismodul &#8222;Sozialpsychologie&#8220;<\/p><\/td><td><\/td><\/tr><tr><td><p>Studierende des Faches Sozialpsychologie und -anthropologie, des Faches KIG, sowie des Studiengangs Sozialwissenschaft k\u00f6nnen an dem Modul nicht teilnehmen.<\/p><\/td><td><\/td><\/tr><tr><td><p><\/p><\/td><td><\/td><\/tr><tr><td width=\"90%\"><p><a href=\"https:\/\/vvz.ruhr-uni-bochum.de\/campus\/all\/module.asp?gguid=0x1990061798858F41AC8E8010C7D5C8B0&amp;fieldgguid=&amp;findmodule=Sozial%2D+und+Kulturpsychologie&amp;tguid=0x652286301A94654DBA58D95D1EC73A02&amp;strSignMessage=\">Sozial- und Kulturpsychologie (5 CP)<\/a><\/p><\/td><td><\/td><\/tr><tr><td><p>Teil 1: Einf\u00fchrung in die Sozial- und Kulturpsychologie (Vorlesung), SoSe 2018<\/p><\/td><td><\/td><\/tr><tr><td><p>Teil 2: Strukturierte Betreuung (\u00dcbung), SoSe 2018<\/p><\/td><td><\/td><\/tr><tr><td><p>G4 Basismodul &#8222;Sozialpsychologie&#8220;<\/p><\/td><td><\/td><\/tr><tr><td><p>Studierende des Faches Sozialpsychologie und -anthropologie, des Faches KIG, sowie des Studienganges Sozialwissenschaft k\u00f6nnen an dem Modul nicht teilnehmen.<\/p><\/td><td><\/td><\/tr><tr><td><p><\/p><\/td><td><\/td><\/tr><tr><td width=\"90%\"><p><a href=\"https:\/\/vvz.ruhr-uni-bochum.de\/campus\/all\/module.asp?gguid=0xC667F06BC5548341931DDF6AF738074D&amp;fieldgguid=&amp;findmodule=Sozial%2D+und+Kulturtheorie&amp;tguid=0x652286301A94654DBA58D95D1EC73A02&amp;strSignMessage=\">Sozial- und Kulturtheorie (5 CP)<\/a><\/p><\/td><td><\/td><\/tr><tr><td><p>Teil 1: Einf\u00fchrung in die Sozial- und Kulturtheorie. Positionen und Entwicklungen im 20. und 21. Jahrhundert (Vorlesung), SoSe 2018<\/p><\/td><td><\/td><\/tr><tr><td><p>Teil 2: Sozial- und Kulturtheorie. Ausgew\u00e4hlte Lekt\u00fcre (\u00dcbung), SoSe 2018<\/p><\/td><td><\/td><\/tr><tr><td><p>G4 Aufbaumodul &#8222;Sozialpsychologie&#8220;<\/p><\/td><td><\/td><\/tr><tr><td><p>Studierende des Faches Sozialpsychologie und -anthropologie sowie des Studiengangs Sozialwissenschaft k\u00f6nnen an dem Modul nicht teilnehmen!<\/p><\/td><td><\/td><\/tr><tr><td><p><\/p><\/td><td><\/td><\/tr><tr><td width=\"90%\"><p><a href=\"https:\/\/vvz.ruhr-uni-bochum.de\/campus\/all\/module.asp?gguid=0x0A3095E4B00CAA41A862FF32C69A08D7&amp;fieldgguid=&amp;findmodule=Sozialstruktur+und+sozialer+Wandel&amp;tguid=0x652286301A94654DBA58D95D1EC73A02&amp;strSignMessage=\">Sozialstruktur und sozialer Wandel (Soziologie II) (5 CP)<\/a><\/p><\/td><td><\/td><\/tr><tr><td><p>Teil 1: Sozialstruktur und sozialer Wandel (Vorlesung), SoSe 2018<\/p><\/td><td><\/td><\/tr><tr><td><p>Teil 2: Strukturierte Betreuung Sozialstruktur und sozialer Wandel, SoSe 2018<\/p><\/td><td><\/td><\/tr><tr><td><p>G4 Aufbaumodul &#8222;Soziologie&#8220;<\/p><\/td><td><\/td><\/tr><tr><td><p>Studierende der F\u00e4cher PWG, KIG, Soziologie, Politikwissenschaft und Sozialpsychologie\/-anthropologie sowie des Studiengangs Sozialwissenschaft k\u00f6nnen an diesem Modul nicht teilnehmen!<\/p><\/td><td><\/td><\/tr><tr><td><p><\/p><\/td><td><\/td><\/tr><tr><td width=\"90%\"><p><a href=\"https:\/\/vvz.ruhr-uni-bochum.de\/campus\/all\/module.asp?gguid=0x5FA5C382F094814AB0E08033CBCC693D&amp;fieldgguid=&amp;findmodule=Theorien+und+Methoden+der+Kulturpsycholo&amp;tguid=0x652286301A94654DBA58D95D1EC73A02&amp;strSignMessage=\">Theorien und Methoden der Kulturpsychologie (5 CP)<\/a><\/p><\/td><td><\/td><\/tr><tr><td><p>Teil 1: Theorien und Methoden der Kulturpsychologie (Vorlesung), SoSe 2018<\/p><\/td><td><\/td><\/tr><tr><td><p>Teil 2: Strukturierte Betreuung (\u00dcbung) , SoSe 2018<\/p><\/td><td><\/td><\/tr><tr><td><p>G4 Aufbaumodul &#8222;Sozialpsychologie&#8220;<\/p><\/td><td><\/td><\/tr><tr><td><p>Studierende des Faches Sozialpsychologie und -anthropologie, des Faches KIG, sowie des Studiengangs Sozialwissenschaft k\u00f6nnen an dem Modul nicht teilnehmen.<\/p><\/td><td><\/td><\/tr><tr><td><\/td><td><\/td><\/tr><tr><td colspan=\"2\"><p>Sportwissenschaft<\/p><\/td><\/tr><tr><td width=\"90%\"><p><a href=\"https:\/\/vvz.ruhr-uni-bochum.de\/campus\/all\/module.asp?gguid=0x3C207EDE2DE73B4B815356005E25C274&amp;fieldgguid=&amp;mode=&amp;findmodule=Basismodul&amp;tguid=0x652286301A94654DBA58D95D1EC73A02\">Basismodul &#8222;Bewegung unter verschiedenen Umgebungsbedingungen: Research under pressure &#8211; Tauchphysiologie in Theorie und Praxis&#8220; (5 CP)<\/a><\/p><\/td><td><\/td><\/tr><tr><td><p>Teil 1: Bewegung unter verschiedenen Umgebungsbedingungen &#8211; theorie und Projektentwicklung (Seminar), SoSe 2018<\/p><\/td><td><\/td><\/tr><tr><td><p>Teil 2: Projektentwicklung und Vorbereitung einer Feldstudie (\u00dcbung), SoSe 2018<\/p><\/td><td><\/td><\/tr><tr><td><p>G4 Intensiv studieren<\/p><\/td><td><\/td><\/tr><tr><td><p><\/p><\/td><td><\/td><\/tr><tr><td width=\"90%\"><p><a href=\"https:\/\/vvz.ruhr-uni-bochum.de\/campus\/all\/module.asp?gguid=0x2D1CA28791B98B4C902761186BA57907&amp;fieldgguid=&amp;findmodule=Fit+von+Kop&amp;tguid=0x652286301A94654DBA58D95D1EC73A02&amp;strSignMessage=\">Fit von Kopf bis Fu\u00df &#8211; Fitnesstraining in Theorie und Praxis (5 CP)<\/a><\/p><\/td><td><\/td><\/tr><tr><td><p>Teil 1: Grundlagen der Trainingswissenschaft (Vorlesung), SoSe 2018<\/p><\/td><td><\/td><\/tr><tr><td><p>Teil 2: Fitnesstraining in der Praxis (\u00dcbung), SoSe 2018<\/p><\/td><td><\/td><\/tr><tr><td><p>G4 Sport und Gesellschaft<\/p><\/td><td><\/td><\/tr><tr><td width=\"100%\"><p>Studierende der Sportwissenschaft k\u00f6nnen an diesem Modul nicht teilnehmen.<\/p><\/td><td><\/td><\/tr><tr><td><p><\/p><\/td><td><\/td><\/tr><tr><td width=\"90%\"><p><a href=\"https:\/\/vvz.ruhr-uni-bochum.de\/campus\/all\/module.asp?gguid=0x047E3FF1ED2E954DB7B2DF3792EABA3C&amp;fieldgguid=&amp;findmodule=gymnastik+u&amp;tguid=0x652286301A94654DBA58D95D1EC73A02&amp;strSignMessage=\">Gymnastik und K\u00f6rperarbeit (5 CP)<\/a><\/p><\/td><td><\/td><\/tr><tr><td><p>Teil 1: Gymnastik Spezialfach (Seminar), SoSe 2018<\/p><\/td><td><\/td><\/tr><tr><td><p>Teil 2: Pilates \u2013 Alexander \u2013 Feldenkrais: Ganzheitliche Systeme der K\u00f6rperarbeit (Seminar), SoSe 2018<\/p><\/td><td><\/td><\/tr><tr><td><p>G4 Sport und Gesellschaft<\/p><\/td><td><\/td><\/tr><tr><td width=\"90%\"><p><a href=\"https:\/\/vvz.ruhr-uni-bochum.de\/campus\/all\/module.asp?gguid=0x6F3BB77D6558554C99F1DEBE87F14ED5&amp;fieldgguid=&amp;mode=&amp;findmodule=Sport+und&amp;tguid=0x652286301A94654DBA58D95D1EC73A02\">Sport und Erziehung (5 CP)<\/a> NEU am 05.03.2018!<\/p><\/td><td><\/td><\/tr><tr><td><p>Teil 1: Spiel, Spiele, Spielen (Seminar + Exkursion), SoSe 2018<\/p><\/td><td><\/td><\/tr><tr><td><p>Teil 2: Einf\u00fchrung in die Sportp\u00e4dagogik und Sportdidaktik (Vorlesung), SoSe 2018<\/p><\/td><td><\/td><\/tr><tr><td><p>G4 Sportpsychologie\/Sportp\u00e4dagogik<\/p><\/td><td><\/td><\/tr><tr><td><\/td><td><\/td><\/tr><tr><td colspan=\"2\"><p>Theaterwissenschaft<\/p><\/td><\/tr><tr><td width=\"90%\"><p><a href=\"https:\/\/vvz.ruhr-uni-bochum.de\/campus\/all\/module.asp?gguid=0x5BEF332639644392A6C8194C9C67A323&amp;fieldgguid=&amp;findmodule=antikes+the&amp;tguid=0x652286301A94654DBA58D95D1EC73A02&amp;strSignMessage=\">Antikes Theater (5 CP)<\/a><\/p><\/td><td><\/td><\/tr><tr><td><p>Teil 1: Auf Kolonos (Seminar), SoSe 2018<\/p><\/td><td><\/td><\/tr><tr><td><p>Teil 2: Antike Menschen (Blockseminar), SoSe 2018<\/p><\/td><td><\/td><\/tr><tr><td><p>G4 Basismodul &#8222;Grundlagen der Theaterwissenschaft&#8220;<\/p><\/td><td><\/td><\/tr><tr><td><p>Studierende der Theaterwissenschaft k\u00f6nnen in diesem Modul keine CP f\u00fcr den Optionalbereich erwerben.<\/p><\/td><td><\/td><\/tr><tr><td><p><\/p><\/td><td><\/td><\/tr><tr><td width=\"90%\"><p><a href=\"https:\/\/vvz.ruhr-uni-bochum.de\/campus\/all\/module.asp?gguid=0x1214C1B4C4B048D484F34998EF1D46DB&amp;fieldgguid=&amp;findmodule=lichtgestaltung&amp;tguid=0x652286301A94654DBA58D95D1EC73A02&amp;strSignMessage=\">Lichtgestaltung und Entgrenzung (5 CP)<\/a><\/p><\/td><td><\/td><\/tr><tr><td><p>Teil 1: Licht als Entgrenzung(Seminar), SoSe 2018<\/p><\/td><td><\/td><\/tr><tr><td><p>Teil 2: Lichtdramaturgien und \u2013gestaltung(Seminar), SoSe 2018<\/p><\/td><td><\/td><\/tr><tr><td><p>G4 Basismodul &#8222;Grundlagen der Theaterwissenschaft&#8220;<\/p><\/td><td><\/td><\/tr><tr><td><p><\/p><\/td><td><\/td><\/tr><tr><td width=\"90%\"><p><a href=\"https:\/\/vvz.ruhr-uni-bochum.de\/campus\/all\/module.asp?gguid=0x4DE6FF50A14E4C0A9DC0F0DC4E80D7BB&amp;fieldgguid=&amp;findmodule=partizipation+u&amp;tguid=0x652286301A94654DBA58D95D1EC73A02&amp;strSignMessage=\">Partizipation und soziale Plastik (5 CP)<\/a><\/p><\/td><td><\/td><\/tr><tr><td><p>Teil 1: Partizipation: Anspr\u00fcche und Wirklichkeiten des Politischen in den K\u00fcnsten (Vorlesung), SoSe 2018<\/p><\/td><td><\/td><\/tr><tr><td><p>Teil 2: Erweiterter Kunstbegriff und Soziale Plastik &#8211; Joseph Beuys und die Idee der Entgrenzung des \u00c4sthetischen (Seminar), SoSe 2018<\/p><\/td><td><\/td><\/tr><tr><td><p>G4 Basismodul &#8222;Grundlagen der Theaterwissenschaft&#8220;<\/p><\/td><td><\/td><\/tr><tr><td><p>F\u00fcr Studierende der Theaterwissenschaft ist die Teilnahme im Rahmen des Optionalbereichs ausgeschlossen.<\/p><\/td><td><\/td><\/tr><tr><td><\/td><td><\/td><\/tr><tr><td colspan=\"2\"><p>Wirtschaftswissenschaft<\/p><\/td><\/tr><tr><td width=\"90%\"><p><a href=\"https:\/\/vvz.ruhr-uni-bochum.de\/campus\/all\/module.asp?gguid=0x1AB45687F4F44C61B129DDE6CDFD1A03&amp;fieldgguid=&amp;mode=&amp;findmodule=einf%FChrung+in+das+Rechnung&amp;tguid=0x652286301A94654DBA58D95D1EC73A02\">Einf\u00fchrung in das Rechnungswesen\/Controlling (5 CP)<\/a><\/p><\/td><td><\/td><\/tr><tr><td><p>Teil 1: Einf\u00fchrung in das Rechnungswesen\/Controlling (Vorlesung), SoSe 2018<\/p><\/td><td><\/td><\/tr><tr><td><p>Teil 2: Einf\u00fchrung in das Rechnungswesen\/Controlling (\u00dcbung), SoSe 2018<\/p><\/td><td><\/td><\/tr><tr><td><p>G4 Basismodul &#8222;Rechnungswesen&#8220;<\/p><\/td><td><\/td><\/tr><tr><td><p>Teilnehmende des Moduls &#8222;Grundlagen der BWL f\u00fcr Nicht\u00f6konomen und Existenzgr\u00fcnder&#8220; k\u00f6nnen an diesem Modul nicht teilnehmen!<\/p><\/td><td><\/td><\/tr><tr><td><p>Studierende der Wirtschaftswissenschaft (&#8222;Management&#8220;, &#8222;Economics&#8220; und &#8222;Management and Economics&#8220;) und 2-Fach-Bachelor Studierende mit dem Fach BWL k\u00f6nnen an diesem Modul nicht teilnehmen!<\/p><\/td><td><\/td><\/tr><tr><td><p><\/p><\/td><td><\/td><\/tr><tr><td width=\"90%\"><p><a href=\"https:\/\/vvz.ruhr-uni-bochum.de\/campus\/all\/module.asp?gguid=0xDFFD2CFAA3A5445696420499ABD02D23&amp;fieldgguid=&amp;findmodule=Grundlagen+der+Business&amp;tguid=0x652286301A94654DBA58D95D1EC73A02&amp;strSignMessage=\">Grundlagen der Businessplanerstellung (5 CP)<\/a><\/p><\/td><td><\/td><\/tr><tr><td><p>Teil 1: Grundlagen der Businessplanerstellung (Vorlesung), SoSe 2018<\/p><\/td><td><\/td><\/tr><tr><td><p>Teil 2: Grundlagen der Businessplanerstellung (\u00dcbung), SoSe 2018<\/p><\/td><td><\/td><\/tr><tr><td><p>G4 Basismodul Existenzgr\u00fcndung<\/p><\/td><td><\/td><\/tr><tr><td><p>Studierende der Wirtschaftswissenschaft (&#8222;Management&#8220;, &#8222;Economics&#8220; und &#8222;Management and Economics&#8220;) und 2-Fach-Bachelor Studierende mit dem Fach BWL k\u00f6nnen an diesem Modul nicht teilnehmen!<\/p><\/td><td><\/td><\/tr><tr><td><\/td><td><\/td><\/tr><tr><td colspan=\"2\"><p>Interdisziplin\u00e4re Module<\/p><\/td><\/tr><tr><td width=\"90%\"><p><a href=\"https:\/\/vvz.ruhr-uni-bochum.de\/campus\/all\/module.asp?gguid=0x8C7D05B11F8C47E7BFCC693C9E8C0404&amp;fieldgguid=&amp;mode=&amp;findmodule=Summer+Schoo&amp;tguid=0x652286301A94654DBA58D95D1EC73A02\">Summer School Bioethik im Diskurs (5 CP)<\/a> NEU am 05.03.2018!<\/p><\/td><td><\/td><\/tr><tr><td><p>Teil 1: Grundlagen der Bioethik in Wissenschaft und Gesellschaft (Blockseminar), SoSe 2018<\/p><\/td><td><\/td><\/tr><tr><td><p>Teil 2: Bioethik vermitteln: Didaktik und Praxis (Workshop), SoSe 2018<\/p><\/td><td><\/td><\/tr><tr><td><p>G4 Interdisziplin\u00e4r studieren<\/p><\/td><td><\/td><\/tr><tr><td><p><\/p><\/td><td><\/td><\/tr><tr><td width=\"90%\"><p><a href=\"https:\/\/vvz.ruhr-uni-bochum.de\/campus\/all\/module.asp?gguid=0x0B5D2875D6E748C58D5E6D89E20610A9&amp;fieldgguid=&amp;findmodule=deutsche+und+russen&amp;tguid=0x652286301A94654DBA58D95D1EC73A02&amp;strSignMessage=\">Deutsche und Russen im 20. und 21. Jahrhundert (5 CP)<\/a><\/p><\/td><td><\/td><\/tr><tr><td><p>Teil 1: Deutsche und Russen im 20. und 21. Jahrhundert (Ringvorlesung), SoSe 2018<\/p><\/td><td><\/td><\/tr><tr><td><p>Teil 2: Antikommunismus und Sowjetkult. Bilder der Sowjetunion und Russlands im geteilten Deutschland (1945-1990) (Seminar), SoSe 2018<\/p><\/td><td><\/td><\/tr><tr><td><p>G4 Basismodul &#8222;Identit\u00e4t und Differenz&#8220;<\/p><\/td><td><\/td><\/tr><tr><td><p><\/p><\/td><td><\/td><\/tr><tr><td width=\"90%\"><p><a href=\"https:\/\/vvz.ruhr-uni-bochum.de\/campus\/all\/module.asp?gguid=0x859C6D1D29E141B289E43A744C209E44&amp;fieldgguid=&amp;findmodule=Farben+sehen+und+er&amp;tguid=0x652286301A94654DBA58D95D1EC73A02&amp;strSignMessage=\">Farben sehen und erleben (5 CP) <\/a><\/p><\/td><td><\/td><\/tr><tr><td><p>Teil 1: Farben sehen und erleben. Praktische Einf\u00fchrung in die Malerei, mit dem Schwerpunkt Farben (praktische \u00dcbung), SoSe 2018<\/p><\/td><td><\/td><\/tr><tr><td><p>Teil 2: Farben sehen und erleben. Theoretische Grundlagen (Seminar), SoSe 2018<\/p><\/td><td><\/td><\/tr><tr><td><p>G4 Basismodul &#8222;Kunst und Kultur&#8220;<\/p><\/td><td><\/td><\/tr><tr><td><p><\/p><\/td><td><\/td><\/tr><tr><td width=\"90%\"><p><a href=\"https:\/\/vvz.ruhr-uni-bochum.de\/campus\/all\/module.asp?gguid=0x516F8F0BF4084090977CD25DFF90977A&amp;fieldgguid=&amp;mode=&amp;findmodule=Irland&amp;tguid=0x652286301A94654DBA58D95D1EC73A02\">Irland: Sprache und Kultur I (5 CP)<\/a><\/p><\/td><td><\/td><\/tr><tr><td><p>Teil 1: Irisch f\u00fcr Anf\u00e4nger\/innen (Irisch Ia) (Sprachkurs), SoSe 2018<\/p><\/td><td><\/td><\/tr><tr><td><p>Teil 2: Irische Kultur: From \u00c9riu to \u00c8ire \/ The Prehistory of Present, SoSe 2018<\/p><\/td><td><\/td><\/tr><tr><td><p>G1 Modul Irisch II \/ G1 Modul Irisch II &#8211; vor Ort \/ G4 Basismodul &#8222;Kulturelle Kompetenz&#8220;<\/p><\/td><td><\/td><\/tr><tr><td><p><\/p><\/td><td><\/td><\/tr><tr><td width=\"90%\"><p><a href=\"https:\/\/vvz.ruhr-uni-bochum.de\/campus\/all\/module.asp?gguid=0x2A5BBEFE04F1420187C4F414AAFCA346&amp;fieldgguid=&amp;mode=&amp;findmodule=Irland&amp;tguid=0x652286301A94654DBA58D95D1EC73A02\">Irland: Sprache und Kultur II (5 CP)<\/a><\/p><\/td><td><\/td><\/tr><tr><td><p>Teil 1: Irisch II (Sprachkurs), SoSe 2018<\/p><\/td><td><\/td><\/tr><tr><td><p>Teil 2a: Lekt\u00fcrekurs: Irische Texte, SoSe 2018<\/p><\/td><td><\/td><\/tr><tr><td><p>Teil 2b: Irische Kultur: Irland in the Last 150 Years (Seminar), SoSe 2018<\/p><\/td><td><\/td><\/tr><tr><td><p>G1 Modul Irisch II \/ G4 Basismodul &#8222;Kulturelle Kompetenz&#8220;<\/p><\/td><td><\/td><\/tr><tr><td><p>Die erfolgreiche Teilnahme an einem Irischkurs (mindestens Irisch I) ist Voraussetzung f\u00fcr die Teilnahme an diesem Modul!<\/p><\/td><td><\/td><\/tr><tr><td><p><\/p><\/td><td><\/td><\/tr><tr><td width=\"90%\"><p><a href=\"https:\/\/vvz.ruhr-uni-bochum.de\/campus\/all\/module.asp?gguid=0x529A71021A364F12820EA908C2FDD4AE&amp;fieldgguid=&amp;mode=&amp;findmodule=Irland&amp;tguid=0x652286301A94654DBA58D95D1EC73A02\">Irland: Sprache und Kultur II &#8211; vor Ort (5 CP)<\/a><\/p><\/td><td><\/td><\/tr><tr><td><p>Teil 1a: Irisch II (Sprachkurs), SoSe 2018<\/p><\/td><td><\/td><\/tr><tr><td><p>Teil 1b: Lekt\u00fcrekurs: Irische Texte, SoSe 2018<\/p><\/td><td><\/td><\/tr><tr><td><p>Teil 2: Exkursion, SoSe 2018<\/p><\/td><td><\/td><\/tr><tr><td><p>G1 Modul Irisch II \/ G4 Basismodul &#8222;Kulturelle Kompetenz&#8220;<\/p><\/td><td><\/td><\/tr><tr><td><p>Die erfolgreiche Teilnahme an einem Irischkurs (mindestens Irisch I) ist Voraussetzung f\u00fcr die Teilnahme an diesem Modul!<\/p><\/td><td><\/td><\/tr><tr><td><p><\/p><\/td><td><\/td><\/tr><tr><td width=\"90%\"><p><a href=\"https:\/\/vvz.ruhr-uni-bochum.de\/campus\/all\/module.asp?gguid=0xD92184ECB8864968BE6FD30E48157DCF&amp;fieldgguid=&amp;mode=&amp;findmodule=Irland&amp;tguid=0x652286301A94654DBA58D95D1EC73A02\">Irland: Sprache und Kultur III (5 CP)<\/a><\/p><\/td><td><\/td><\/tr><tr><td><p>Teil 1: Irisch III (Sprachkurs), SoSe 2018<\/p><\/td><td><\/td><\/tr><tr><td><p>Teil 2a: Lekt\u00fcrekurs: Irische Texte, SoSe 2018<\/p><\/td><td><\/td><\/tr><tr><td><p>Teil 2b: Irische Kultur: Irland in the Last 150 Years (Seminar), SoSe 2018<\/p><\/td><td><\/td><\/tr><tr><td><p>G1 Modul Irisch III \/ G4 Basismodul &#8222;Kulturelle Kompetenz&#8220;<\/p><\/td><td><\/td><\/tr><tr><td><p>Die erfolgreiche Teilnahme an einem Irischkurs (mindestens Irisch II) ist Voraussetzung f\u00fcr die Teilnahme an diesem Modul!<\/p><\/td><td><\/td><\/tr><tr><td><p><\/p><\/td><td><\/td><\/tr><tr><td width=\"90%\"><p><a href=\"https:\/\/vvz.ruhr-uni-bochum.de\/campus\/all\/module.asp?gguid=0x97D04486560047FCB1C80D60BB8A1398&amp;fieldgguid=&amp;mode=&amp;findmodule=Irland&amp;tguid=0x652286301A94654DBA58D95D1EC73A02\">Irland: Sprache und Kultur IV (5 CP)<\/a><\/p><\/td><td><\/td><\/tr><tr><td><p>Teil 1: Irisch Fortgeschrittene (Irisch IV) , SoSe 2018<\/p><\/td><td><\/td><\/tr><tr><td><p>Teil 2a: Irische Kultur: Ireland in the Last 150 Years, SoSe 2018<\/p><\/td><td><\/td><\/tr><tr><td><p>Teil 2b: Lekt\u00fcrekurs: Irische Texte, SoSe 2018<\/p><\/td><td><\/td><\/tr><tr><td><p>G1 Modul Irisch IV \/ G4 Basismodul &#8222;Kulturelle Kompetenz&#8220;<\/p><\/td><td><\/td><\/tr><tr><td><p>Voraussetzung f\u00fcr die Teilnahme ist der erfolgreiche Abschluss des Kurses Irisch f\u00fcr Anf\u00e4ngerinnen (Irisch III) bzw. der Nachweis gleichwertiger Grundkenntnisse.<\/p><\/td><td><\/td><\/tr><tr><td><p><\/p><\/td><td><\/td><\/tr><tr><td width=\"90%\"><p><a href=\"https:\/\/vvz.ruhr-uni-bochum.de\/campus\/all\/module.asp?gguid=0xB22590D5DEBB41CF8B05A3605C098C14&amp;fieldgguid=&amp;mode=&amp;findmodule=k%FCnstlerische+forschung&amp;tguid=0x652286301A94654DBA58D95D1EC73A02\">K\u00fcnstlerische Forschung Fieldrecording \u2013 am Beispiel des World Soundscape Project (5 CP)<\/a><\/p><\/td><td><\/td><\/tr><tr><td><p>Teil 1: Akustische Feldforschung am Campus der RUB (\u00dcbung) , SoSe 2018<\/p><\/td><td><\/td><\/tr><tr><td><p>Teil 2: Theoretische und praktische Arbeit im SonicArt LAB, SoSe 2018<\/p><\/td><td><\/td><\/tr><tr><td><p>G2 Analyse wissenschaftlicher Pr\u00e4sentationen<\/p><\/td><td><\/td><\/tr><tr><td><p><\/p><\/td><td><\/td><\/tr><tr><td width=\"90%\"><p><a href=\"https:\/\/vvz.ruhr-uni-bochum.de\/campus\/all\/module.asp?gguid=0xC517CBB33ADC4F8F912D266144FF273F&amp;fieldgguid=&amp;mode=&amp;findmodule=k%FCnstlerische+forschung&amp;tguid=0x652286301A94654DBA58D95D1EC73A02\">K\u00fcnstlerische Forschung Fieldrecording \u2013 am Beispiel des World Soundscape Project (10 CP)<\/a><\/p><\/td><td><\/td><\/tr><tr><td><p>Teil 1: Akustische Feldforschung am Campus der RUB (\u00dcbung) , SoSe 2018<\/p><\/td><td><\/td><\/tr><tr><td><p>Teil 2: Theoretische und praktische Arbeit im SonicArt LAB (\u00dcbung), SoSe 2018<\/p><\/td><td><\/td><\/tr><tr><td><p>Teil 3: Viert\u00e4giger Arbeitsaufenthalt im K\u00fcnstleratelier Akku in Uster (Exkursion), SoSe 2018<\/p><\/td><td><\/td><\/tr><tr><td><p>G2 Analyse wissenschaftlicher Pr\u00e4sentationen<\/p><\/td><td><\/td><\/tr><tr><td><p><\/p><\/td><td><\/td><\/tr><tr><td width=\"90%\"><p><a href=\"https:\/\/vvz.ruhr-uni-bochum.de\/campus\/all\/module.asp?gguid=0xA27EA0CA921D4829959C2A1BD1DCC213&amp;fieldgguid=&amp;findmodule=Marine+Lebensr%E4ume&amp;tguid=0x652286301A94654DBA58D95D1EC73A02&amp;strSignMessage=\">Marine Lebensr\u00e4ume des Atlantiks &#8211; meeresbiologische Exkursion auf die Azoren (5 CP) <\/a><\/p><\/td><td><\/td><\/tr><tr><td><p>Teil 1: Vorbereitungsworkshop(Seminar), SoSe 2018<\/p><\/td><td><\/td><\/tr><tr><td><p>Teil 2: Selbstst\u00e4ndige vorbereitende Lekt\u00fcre und Vortragsvorbereitung, SoSe 2018<\/p><\/td><td><\/td><\/tr><tr><td><p>Teil 3: Exkursion (15.05.2018 \u2013 29.05.2018) mit wissenschaftlicher Begleitung, SoSe 2018<\/p><\/td><td><\/td><\/tr><tr><td><p>G4 Marine Lebensr\u00e4ume des Atlantiks &#8211; meeresbiologische Exkursion auf die Azoren<\/p><\/td><td><\/td><\/tr><tr><td><p>Dieser Kurs ist f\u00fcr Biologie-Studierende nicht anrechenbar!<\/p><\/td><td><\/td><\/tr><tr><td><p><\/p><\/td><td><\/td><\/tr><tr><td width=\"90%\"><p><a href=\"https:\/\/vvz.ruhr-uni-bochum.de\/campus\/all\/module.asp?gguid=0xF9424D61C6BE410E951255E2DAB3E513&amp;fieldgguid=&amp;findmodule=Music&amp;tguid=0x652286301A94654DBA58D95D1EC73A02&amp;strSignMessage=\">Music &#8211; The unanswered question (5 CP) <\/a><\/p><\/td><td><\/td><\/tr><tr><td><p>Teil 1: \u201eMusic &#8211; The unanswered question\u201c (Seminar), SoSe 2018<\/p><\/td><td><\/td><\/tr><tr><td><p>Teil 2: Musikpraktische \u00dcbung im Universit\u00e4tschor oder im Universit\u00e4tsorchester, SoSe 2018<\/p><\/td><td><\/td><\/tr><tr><td><p>G4 Basismodul &#8222;Kunst und Kultur&#8220;<\/p><\/td><td><\/td><\/tr><tr><td><p>Das Modul eignet sich f\u00fcr interessierte Studierende in jedem Studienjahr der Bachelor-Phase und erfordert bei Mitwirkung im Chor keine speziellen Vorkenntnisse, eine stimmliche \u00dcberpr\u00fcfung findet zu Beginn der Probenarbeit statt. F\u00fcr den Einstieg ins Orchester sind die solide Beherrschung eines Orchesterinstrumentes und ein Einzel-Vorspiel beim Dirigenten erforderlich.<\/p><\/td><td><\/td><\/tr><tr><td><p><\/p><\/td><td><\/td><\/tr><tr><td width=\"90%\"><p><a href=\"https:\/\/vvz.ruhr-uni-bochum.de\/campus\/all\/module.asp?gguid=0xD4AFD000A1FB4920829341F62DB50F83&amp;fieldgguid=&amp;findmodule=not+in+my&amp;tguid=0x652286301A94654DBA58D95D1EC73A02&amp;strSignMessage=\">Not in my back yard! &#8211; \u00d6ffentlichkeitsbeteiligung bei Industrie- und Infrastrukturprojekten (5 CP)<\/a><\/p><\/td><td><\/td><\/tr><tr><td><p>Teil 1: \u00d6ffentlichkeitsbeteiligung bei Industrie- und Infrastrukturprojekten aus multidisziplin\u00e4rer Sicht (Vorlesung und Blockseminar), SoSe 2018<\/p><\/td><td><\/td><\/tr><tr><td><p>Teil 2: \u00d6ffentlichkeitsbeteiligung bei Industrie- und Infrastrukturprojekten: Bearbeitung von Fallbeispielen (\u00dcbung), SoSe 2018<\/p><\/td><td><\/td><\/tr><tr><td><p>G2 Kommunikation und Mediation \/ G4 Basismodul &#8222;Wissenschaft in der Praxis&#8220;<\/p><\/td><td><\/td><\/tr><tr><td><p>Das Modul ist ab dem 3.-4. Fachsemester belegbar. Keine der Veranstaltungen darf Bestandteil des Fachstudiums sein, wenn Sie die Anrechnung f\u00fcr den Optionalbereich anstreben.<\/p><\/td><td><\/td><\/tr><tr><td><p><\/p><\/td><td><\/td><\/tr><tr><td width=\"90%\"><p><a href=\"https:\/\/vvz.ruhr-uni-bochum.de\/campus\/all\/module.asp?gguid=0x011EC8C538574C2BA9C3580CA4A5FED8&amp;fieldgguid=&amp;findmodule=theoretische+und&amp;tguid=0x652286301A94654DBA58D95D1EC73A02&amp;strSignMessage=\">Theoretische und praktische Einf\u00fchrung in die k\u00fcnstlerische Arbeit mit Klang (5 CP) <\/a><\/p><\/td><td><\/td><\/tr><tr><td><p>Teil 1: Physikalische Grundlagen des Klangs, SoSe 2018<\/p><\/td><td><\/td><\/tr><tr><td><p>Teil 2: Klang als Gestaltungsmaterial, SoSe 2018<\/p><\/td><td><\/td><\/tr><tr><td><p>G2 K\u00fcnstlerische Pr\u00e4sentationstechniken<\/p><\/td><td><\/td><\/tr><\/tbody><\/table><p><\/p><\/div>\n\t\t\t\t<\/div>\n\t\t\t\t\t\t\t<div class=\"elementor-accordion-item\">\n\t\t\t\t\t<div id=\"elementor-tab-title-9167\" class=\"elementor-tab-title\" data-tab=\"7\" role=\"button\" aria-controls=\"elementor-tab-content-9167\" aria-expanded=\"false\">\n\t\t\t\t\t\t\t\t\t\t\t\t\t<span class=\"elementor-accordion-icon elementor-accordion-icon-left\" aria-hidden=\"true\">\n\t\t\t\t\t\t\t\t\t\t\t\t\t\t\t<span class=\"elementor-accordion-icon-closed\"><i class=\"fas fa-plus\"><\/i><\/span>\n\t\t\t\t\t\t\t\t<span class=\"elementor-accordion-icon-opened\"><i class=\"fas fa-minus\"><\/i><\/span>\n\t\t\t\t\t\t\t\t\t\t\t\t\t\t<\/span>\n\t\t\t\t\t\t\t\t\t\t\t\t<a class=\"elementor-accordion-title\" tabindex=\"0\">WS 2017\/18<\/a>\n\t\t\t\t\t<\/div>\n\t\t\t\t\t<div id=\"elementor-tab-content-9167\" class=\"elementor-tab-content elementor-clearfix\" data-tab=\"7\" role=\"region\" aria-labelledby=\"elementor-tab-title-9167\"><table width=\"100%\"><tbody><tr><td colspan=\"2\"><p>Grundlagenmodule anderer F\u00e4cher<\/p><\/td><\/tr><tr><td colspan=\"2\"><p>Allgemeine &amp; vergleichende Literaturwissenschaft<\/p><\/td><\/tr><tr><td width=\"90%\"><p><a href=\"https:\/\/vvz.ruhr-uni-bochum.de\/campus\/all\/module.asp?gguid=0x9460A0F67D7D674899F2FBE364B38F38&amp;fieldgguid=&amp;findmodule=Einf%FChrung+in+die+antike&amp;tguid=0x36C43592A67D0F4BB620B6CD4C877BDA&amp;strSignMessage=\">Einf\u00fchrung in die antike Mythologie (5 CP)<\/a><\/p><\/td><td><\/td><\/tr><tr><td><p>Teil 1: Einf\u00fchrung in die antike Mythologie (Seminar), WS 2017\/18<\/p><\/td><td><\/td><\/tr><tr><td><p>Teil 2: Antiken-Rezeption in Mittelalter und Neuzeit, (Ring-)Vorlesung,SoSe 2018<\/p><\/td><td><\/td><\/tr><tr><td><p>G4 Literatur Interdisziplin\u00e4r<\/p><\/td><td><\/td><\/tr><tr><td><p><\/p><\/td><td><\/td><\/tr><tr><td width=\"90%\"><p><a href=\"https:\/\/vvz.ruhr-uni-bochum.de\/campus\/all\/module.asp?gguid=0xCE972DBE20CBA44AA2879348AA3585B7&amp;fieldgguid=&amp;findmodule=Italiensehnsucht&amp;tguid=0x36C43592A67D0F4BB620B6CD4C877BDA&amp;strSignMessage==\">Italiensehnsucht: Deutsche Schriftsteller in Italien (5 CP)<\/a><\/p><\/td><td><\/td><\/tr><tr><td><p>Teil 1: &#8222;Ein Gef\u00fchl von freierem Leben&#8220;. Literarische Reisen nach Italien (Vorlesung), WS 2017\/18<\/p><\/td><td><\/td><\/tr><tr><td><p>Teil 2: Rom, Blicke &#8211; Literatur aus der Villa Massimo (Seminar), WS 2017\/18<\/p><\/td><td><\/td><\/tr><tr><td><p>G4 Literatur Interdisziplin\u00e4r<\/p><\/td><td><\/td><\/tr><tr><td><p>Studierende der Komparatistik k\u00f6nnen in diesem Modul keine Credit Points f\u00fcr den Optionalbereich erwerben.<\/p><\/td><td><\/td><\/tr><tr><td><p><\/p><\/td><td><\/td><\/tr><tr><td><\/td><td><\/td><\/tr><tr><td colspan=\"2\"><p>Anglistik\/Amerikanistik<\/p><\/td><\/tr><tr><td width=\"90%\"><p><a href=\"https:\/\/vvz.ruhr-uni-bochum.de\/campus\/all\/module.asp?gguid=0x3255B32FBF29B34E84C5348DEC289594&amp;fieldgguid=&amp;findmodule=Anglo%2DAmerican&amp;tguid=0x36C43592A67D0F4BB620B6CD4C877BDA&amp;strSignMessage=\">Anglo-American Political Culturese (5 CP)<\/a><\/p><\/td><td><\/td><\/tr><tr><td><p>Teil 1: Political Culture and the Return of Ideology (\u00dcbung), WS 2017\/18<\/p><\/td><td><\/td><\/tr><tr><td><p>Teil 2a: The US President (\u00dcbung), WS 2017\/18<\/p><\/td><td><\/td><\/tr><tr><td><p>Teil 2b: US American Protest Cultures (\u00dcbung), WS 2017\/18<\/p><\/td><td><\/td><\/tr><tr><td><p>G4 Basismodul &#8222;American Literature and Culture&#8220; \/ G4 Basismodul &#8222;English Literature and Culture&#8220;<\/p><\/td><td><\/td><\/tr><tr><td><p>Voraussetzung: Beherrschung der englischen Sprache in Wort und Schrift mind. auf Niveau B2. Studierende der Anglistik\/Amerikanistik k\u00f6nnen an diesem Modul zwar teilnehmen, jedoch keine Credit Points f\u00fcr den Optionalbereich erwerben.<\/p><\/td><td><\/td><\/tr><tr><td><p><\/p><\/td><td><\/td><\/tr><tr><td width=\"90%\"><p><a href=\"https:\/\/vvz.ruhr-uni-bochum.de\/campus\/all\/module.asp?gguid=0xE988B713EAADC64581379D6C03F3D604&amp;fieldgguid=&amp;findmodule=Biopolit&amp;tguid=0x36C43592A67D0F4BB620B6CD4C877BDA&amp;strSignMessage=\">Biopolitics and the Body in British Culture (5 CP)<\/a><\/p><\/td><td><\/td><\/tr><tr><td><p>Teil 1: Bodies in British Culture (\u00dcbung), WS 2017\/18<\/p><\/td><td><\/td><\/tr><tr><td><p>Teil 2: Smoking (\u00dcbung), WS 2017\/18<\/p><\/td><td><\/td><\/tr><tr><td><p>G4 Basismodul &#8222;English Literature and Culture&#8220;<\/p><\/td><td><\/td><\/tr><tr><td><p>Voraussetzung: Beherrschung der englischen Sprache in Wort und Schrift mind. auf Niveau B2. Studierende der Anglistik\/Amerikanistik k\u00f6nnen an diesem Modul zwar teilnehmen, jedoch keine Credit Points f\u00fcr den Optionalbereich erwerben.<\/p><\/td><td><\/td><\/tr><tr><td><p><\/p><\/td><td><\/td><\/tr><tr><td width=\"90%\"><p><a href=\"https:\/\/vvz.ruhr-uni-bochum.de\/campus\/all\/module.asp?gguid=0x754AC1492274DB43AD0A1D195C7F6816&amp;fieldgguid=&amp;findmodule=Double+Vision&amp;tguid=0x36C43592A67D0F4BB620B6CD4C877BDA&amp;strSignMessage=\">Double Vision: Perspektiven auf das anglophone Fernsehen (5 CP)<\/a><\/p><\/td><td><\/td><\/tr><tr><td><p>Teil 1: Linguistische Perspektiven (\u00dcbung), WS 2017\/18<\/p><\/td><td><\/td><\/tr><tr><td><p>Teil 2: Kulturwissenschaftliche Perspektiven (\u00dcbung), WS 2017\/18<\/p><\/td><td><\/td><\/tr><tr><td><p>G4 Basismodul &#8222;American Literature and Culture&#8220;<\/p><\/td><td><\/td><\/tr><tr><td><p>Voraussetzung f\u00fcr die Teilnahme am Modul sind gute Englischkenntnisse. Studierende der Anglistik\/Amerikanistik k\u00f6nnen an diesem Modul zwar teilnehmen, jedoch keine Credit Points f\u00fcr den Optionalbereich erwerben.<\/p><\/td><td><\/td><\/tr><tr><td><p><\/p><\/td><td><\/td><\/tr><tr><td width=\"90%\"><p><a href=\"https:\/\/vvz.ruhr-uni-bochum.de\/campus\/all\/module.asp?gguid=0xD4A240C368247A409A49DCD575080D74&amp;fieldgguid=&amp;findmodule=Literature+and+%28&amp;tguid=0x36C43592A67D0F4BB620B6CD4C877BDA&amp;strSignMessage=\">Literature and (Alternative) History (5 CP)<\/a><\/p><\/td><td><\/td><\/tr><tr><td><p>Teil 1: Metahistorical Novels (Vorlesung), WS 2017\/18<\/p><\/td><td><\/td><\/tr><tr><td><p>Teil 2: Alternate History (\u00dcbung), WS 2017\/18<\/p><\/td><td><\/td><\/tr><tr><td><p>G4 Basismodul &#8222;English Literature and Culture&#8220;,<\/p><\/td><td><\/td><\/tr><tr><td><p>Voraussetzung: Beherrschung der englischen Sprache in Wort und Schrift mind. auf Niveau B2. Studierende der Anglistik\/Amerikanistik k\u00f6nnen an diesem Modul zwar teilnehmen, jedoch keine Credit Points f\u00fcr den Optionalbereich erwerben.<\/p><\/td><td><\/td><\/tr><tr><td><p><\/p><\/td><td><\/td><\/tr><tr><td width=\"90%\"><p><a href=\"https:\/\/vvz.ruhr-uni-bochum.de\/campus\/all\/module.asp?gguid=0x4ECDEC372C8F144AAAC271F6E6F50871&amp;fieldgguid=&amp;findmodule=The+other+and+the+Or&amp;tguid=0x36C43592A67D0F4BB620B6CD4C877BDA&amp;strSignMessage=\">The Other and the Orient in the Middle Ages (5 CP)<\/a><\/p><\/td><td><\/td><\/tr><tr><td><p>Teil 1: Medieval English Literature (\u00dcbung), WS 2017\/18<\/p><\/td><td><\/td><\/tr><tr><td><p>Teil 2: The Other and the Orient in Medieval Literature (\u00dcbung), WS 2017\/18<\/p><\/td><td><\/td><\/tr><tr><td><p>G4 Basismodul &#8222;English Literature and Culture&#8220;,<\/p><\/td><td><\/td><\/tr><tr><td><p>Voraussetzung: Beherrschung der englischen Sprache in Wort und Schrift mind. auf Niveau B2. Studierende der Anglistik\/Amerikanistik k\u00f6nnen an diesem Modul zwar teilnehmen, jedoch keine Credit Points f\u00fcr den Optionalbereich erwerben.<\/p><\/td><td><\/td><\/tr><tr><td><\/td><td><\/td><\/tr><tr><td colspan=\"2\"><p>Arch\u00e4ologische Wissenschaften<\/p><\/td><\/tr><tr><td width=\"90%\"><p><a href=\"https:\/\/vvz.ruhr-uni-bochum.de\/campus\/all\/module.asp?gguid=0x61A3675FFAD79B48BE79A3E61ED33FF8&amp;fieldgguid=&amp;findmodule=Antike+und+ihre+Trans&amp;tguid=0x36C43592A67D0F4BB620B6CD4C877BDA&amp;strSignMessage=\">Antike und ihre Transformation, Adaption, Rezeption (5 CP)<\/a><\/p><\/td><td><\/td><\/tr><tr><td><p>Teil 1: Grabsitten und Totenkult in Rom (Vorlesung), WS 2017\/18<\/p><\/td><td><\/td><\/tr><tr><td><p>Teil 2: Wozu Antike? Rom und seine Hinterlassenschaften in der Renaissance (Seminar), WS 2017\/18<\/p><\/td><td><\/td><\/tr><tr><td><\/td><td><\/td><\/tr><tr><td><p>Auch Studierende der ArWi k\u00f6nnen in diesem Modul Kreditpunkte f\u00fcr den Optionalbereich erwerben, solange es kein Bestandteil des Fachcurriculums darstellt (bzw. die Vorlesung nicht bereits \u00fcber ein Fach- bzw. Schwerpunktmodul besucht wird)!<\/p><\/td><td><\/td><\/tr><tr><td><p><\/p><\/td><td><\/td><\/tr><tr><td width=\"90%\"><p><a href=\"https:\/\/vvz.ruhr-uni-bochum.de\/campus\/all\/module.asp?gguid=0x36FB1D5545B6504A86911D817798EBCB&amp;fieldgguid=&amp;findmodule=Arch%E4olo&amp;tguid=0x36C43592A67D0F4BB620B6CD4C877BDA&amp;strSignMessage=\">Arch\u00e4ologie und Naturwissenschaften (5 CP)<\/a><\/p><\/td><td><\/td><\/tr><tr><td><p>Teil 1: Ringvorlesung Wirtschafts- und Rohstoffarch\u00e4ologie (Vorlesung), WS 2017\/18<\/p><\/td><td><\/td><\/tr><tr><td><p>Teil 2: Geoarch\u00e4ologie (Vorlesung), WS 2017\/18<\/p><\/td><td><\/td><\/tr><tr><td><\/td><td><\/td><\/tr><tr><td><p>Studierende der ArWi k\u00f6nnen in diesem Modul keine Kreditpunkte f\u00fcr den Optionalbereich erwerben!<\/p><\/td><td><\/td><\/tr><tr><td><\/td><td><\/td><\/tr><tr><td colspan=\"2\"><p>Biologie<\/p><\/td><\/tr><tr><td width=\"90%\"><p><a href=\"https:\/\/vvz.ruhr-uni-bochum.de\/campus\/all\/module.asp?gguid=0xEACC261F5940FA40B2BB7FA77DEA3D7A&amp;fieldgguid=&amp;mode=&amp;findmodule=Biologie&amp;tguid=0x36C43592A67D0F4BB620B6CD4C877BDA\">Biologie der Zelle (Optionalbereich) (5 CP)<\/a><\/p><\/td><td><\/td><\/tr><tr><td><p>Teil 1: Biologie der Zelle (Vorlesung), WS 2017\/18<\/p><\/td><td><\/td><\/tr><tr><td><p>Teil 2: Biologie der Zelle (Seminar), WS 2017\/18<\/p><\/td><td><\/td><\/tr><tr><td><p>G4 Biologie der Zelle<\/p><\/td><td><\/td><\/tr><tr><td><p>Studierende der Biologie k\u00f6nnen an diesem Modul zwar teilnehmen, jedoch keine Credit Points f\u00fcr den Optionalbereich erwerben!<\/p><\/td><td><\/td><\/tr><tr><td><p><\/p><\/td><td><\/td><\/tr><tr><td width=\"90%\"><p><a href=\"https:\/\/vvz.ruhr-uni-bochum.de\/campus\/all\/module.asp?gguid=0xDA12980EC4F8E847859F62AD38D1EAB5&amp;fieldgguid=&amp;mode=&amp;findmodule=Die+Wild&amp;tguid=0x36C43592A67D0F4BB620B6CD4C877BDA\">Die Wildtiere Afrikas &#8211; \u00d6kologie, Biodiversit\u00e4t und angewandter Naturschutz &#8211; Eine biologische Exkursion nach Kenia (Optionalbereich) (5 CP)<\/a><\/p><\/td><td><\/td><\/tr><tr><td><p>Teil 1: Selbstst\u00e4ndige vorbereitende Lekt\u00fcre udn Vortragsvorbereitung, WS 2017\/18<\/p><\/td><td><\/td><\/tr><tr><td><p>Teil 2: Vorbereitungsworkshop, voraussichtlich 26.\/27.01.2017, WS 2017\/18<\/p><\/td><td><\/td><\/tr><tr><td><p>Teil 3: Exkursion (voraussichtlich 11.02. &#8211; 25.02.2017), WS 2017\/18<\/p><\/td><td><\/td><\/tr><tr><td><p>G4 Die Wildtiere Afrikas &#8211; \u00d6kologie und angewandter Naturschutz &#8211; eine biologische Exkursion nach Kenia, WS 2017\/18<\/p><\/td><td><\/td><\/tr><tr><td><p>Voraussetzung: Das Angebot richtet sich an Studierende ab dem 3. Fachsemester mit Interesse an der Biodiversit\u00e4t Ostafrikas, afrikanischen Lebensr\u00e4umen und Fragestellungen des modernen Naturschutzes. Biologisches Vorwissen ist nicht verpflichtend. W\u00e4hrend der Exkursion finden Tagestouren, Bootsfahrten und anspruchsvolle Wanderungen mit Gep\u00e4ck auch bei hohen Temperaturen statt, so dass Studierende \u00fcber eine mindestens durchschnittliche Kondition verf\u00fcgen sollten.<\/p><\/td><td><\/td><\/tr><tr><td><p><\/p><\/td><td><\/td><\/tr><tr><td width=\"90%\"><p><a href=\"https:\/\/vvz.ruhr-uni-bochum.de\/campus\/all\/module.asp?gguid=0x5D16981B5BD03B469F9E431F462DCD8C&amp;fieldgguid=&amp;findmodule=Einf%FChrung+in+die+molek&amp;tguid=0x36C43592A67D0F4BB620B6CD4C877BDA&amp;strSignMessage=\">Einf\u00fchrung in die molekulare Biophysik (Optionalbereich) (5 CP)<\/a><\/p><\/td><td><\/td><\/tr><tr><td><p>Teil 1: Molekulare Biophysik (Vorlesung), WS 2017\/18<\/p><\/td><td><\/td><\/tr><tr><td><p>Teil 2: Biophysikalisches Seminar (Seminar), WS 2017\/18<\/p><\/td><td><\/td><\/tr><tr><td><p>G4 Einf\u00fchrung in die moderne Biophysik<\/p><\/td><td><\/td><\/tr><tr><td><p>Studierende der Biologie k\u00f6nnen an diesem Modul zwar teilnehmen, jedoch keine Credit Points f\u00fcr den Optionalbereich erwerben! Gute schulische Grundkenntnisse in den F\u00e4chern: Biologie, Chemie, Physik und Mathematik.<\/p><\/td><td><\/td><\/tr><tr><td><p><\/p><\/td><td><\/td><\/tr><tr><td width=\"90%\"><p><a href=\"https:\/\/vvz.ruhr-uni-bochum.de\/campus\/all\/module.asp?gguid=0x11506DEA72911E4ABEF6E6E2FE558381&amp;fieldgguid=&amp;mode=&amp;findmodule=Evolution+des&amp;tguid=0x36C43592A67D0F4BB620B6CD4C877BDA\">Evolution des Menschen (Optionalbereich) (5 CP)<\/a><\/p><\/td><td><\/td><\/tr><tr><td><p>Teil 1: Evolution des Menschen (Vorlesung), WS 2017\/18<\/p><\/td><td><\/td><\/tr><tr><td><p>Teil 2: Evolution des Menschen (Seminar), WS 2017\/18<\/p><\/td><td><\/td><\/tr><tr><td><p>G4 Evolution des Menschen<\/p><\/td><td><\/td><\/tr><tr><td><p>Grundlagenkenntnisse der Zoologie im Umfang eines Leistungskurses Biologie \/ Sek II oder der Vorlesung Zoologie sind zwingend erforderlich.<\/p><\/td><td><\/td><\/tr><tr><td><p><\/p><\/td><td><\/td><\/tr><tr><td width=\"90%\"><p><a href=\"https:\/\/vvz.ruhr-uni-bochum.de\/campus\/all\/module.asp?gguid=0x6065BBEF2F0D6D4BAECD88262E7D816A&amp;fieldgguid=&amp;mode=&amp;findmodule=Grundlagen+der+Bio&amp;tguid=0x36C43592A67D0F4BB620B6CD4C877BDA\">Grundlagen der Bioinformatik (Optionalbereich) (5 CP)<\/a><\/p><\/td><td><\/td><\/tr><tr><td><p>Teil 1: Bioinformatik (Vorlesung), WS 2017\/18<\/p><\/td><td><\/td><\/tr><tr><td><p>Teil 2: Bioinformatik (\u00dcbung), WS 2017\/18<\/p><\/td><td><\/td><\/tr><tr><td><p>G4 Grundlagen der Bioinformatik<\/p><\/td><td><\/td><\/tr><tr><td><p>Gute schulische Grundkenntnisse in den F\u00e4chern Biologie und Mathematik werden vorausgesetzt.<\/p><\/td><td><\/td><\/tr><tr><td><p><\/p><\/td><td><\/td><\/tr><tr><td width=\"90%\"><p><a href=\"https:\/\/vvz.ruhr-uni-bochum.de\/campus\/all\/module.asp?gguid=0xBDECEE894EF73C42AD0D4AF69461D57A&amp;fieldgguid=&amp;mode=&amp;findmodule=Grundlagen+der+Mikro&amp;tguid=0x36C43592A67D0F4BB620B6CD4C877BDA\">Grundlagen der Mikrobiologie und Genetik (Optionalbereich) (5 CP)<\/a><\/p><\/td><td><\/td><\/tr><tr><td><p>Teil 1: Grundlagen der Mikrobiologie und Genetik (Vorlesung), WS 2017\/18<\/p><\/td><td><\/td><\/tr><tr><td><p>Teil 2: Grundlagen der Mikrobiologie und Genetik (\u00dcbung), WS 2017\/18<\/p><\/td><td><\/td><\/tr><tr><td><p>G4 Grundlagen der Mikrobiologie und Genetik<\/p><\/td><td><\/td><\/tr><tr><td><p>Studierende der Biologie k\u00f6nnen an diesem Modul zwar teilnehmen, jedoch keine Credit Points f\u00fcr den Optionalbereich erwerben!<\/p><\/td><td><\/td><\/tr><tr><td><p><\/p><\/td><td><\/td><\/tr><tr><td width=\"90%\"><p><a href=\"https:\/\/vvz.ruhr-uni-bochum.de\/campus\/all\/module.asp?gguid=0xCA33CBCB9052C143AAD8B46EC944E7C3&amp;fieldgguid=&amp;mode=&amp;findmodule=Summer&amp;tguid=0x36C43592A67D0F4BB620B6CD4C877BDA\">Summer University Grundlagen der Naturwissenschaften (5 CP)<\/a><\/p><\/td><td><\/td><\/tr><tr><td><p>Teil 1: Grundlagen der Naturwissenschaften (Vorlesung), WS 2017\/18<\/p><\/td><td><\/td><\/tr><tr><td><p>Teil 2: Grundlagen der Naturwissenschaften (\u00dcbung), WS 2017\/18<\/p><\/td><td><\/td><\/tr><tr><td><p>G4 Grundlagen der Naturwissenschaften<\/p><\/td><td><\/td><\/tr><tr><td><p>Studieninteressierte, die sich f\u00fcr das Fach Biologie im Rahmen des Zweifach-Studiengangs (Bachelor of Arts) interessieren und Biologie-Studierende im Zweifach-Studiengang Biologie des zweiten Fachsemesters, wird der Kurs besonders empfohlen. Studierende der Biologie im Bachelor of Science k\u00f6nnen an dem Modul teilnehmen, jedoch keine Kreditpunkte f\u00fcr den Optionalbereich erwerben!<\/p><\/td><td><\/td><\/tr><tr><td><\/td><td><\/td><\/tr><tr><td colspan=\"2\"><p>Chemie<\/p><\/td><\/tr><tr><td width=\"90%\"><p><a href=\"https:\/\/vvz.ruhr-uni-bochum.de\/campus\/all\/module.asp?gguid=0x6137B47E8B701840AD5207BF795E7542&amp;fieldgguid=&amp;findmodule=Einf%FChrung+in+die+Chemi&amp;tguid=0x36C43592A67D0F4BB620B6CD4C877BDA&amp;strSignMessage=\">Einf\u00fchrung in die Chemie (5 CP)<\/a><\/p><\/td><td><\/td><\/tr><tr><td><p>Teil 1: Einf\u00fchrung in die Chemie (Vorlesung), WS 2017\/18<\/p><\/td><td><\/td><\/tr><tr><td><p>Teil 2: \u00dcbung zur Einf\u00fchrung in die Chemie (e-Learning), WS 2017\/18<\/p><\/td><td><\/td><\/tr><tr><td><p>G4 Basismodul &#8222;Grundlagen der Chemie&#8220;<\/p><\/td><td><\/td><\/tr><tr><td><p>Studierende der Chemie k\u00f6nnen in diesem Modul keine Credit Points f\u00fcr den Optionalbereich erwerben.<\/p><\/td><td><\/td><\/tr><tr><td><p><\/p><\/td><td><\/td><\/tr><tr><td width=\"90%\"><p><a href=\"https:\/\/vvz.ruhr-uni-bochum.de\/campus\/all\/module.asp?gguid=0xF44BEB8CD9F5964282582965385B7AE6&amp;fieldgguid=&amp;mode=&amp;findmodule=Theoretische&amp;tguid=0x36C43592A67D0F4BB620B6CD4C877BDA\">Theoretische Chemie I: Grundlagen (5 CP)<\/a><\/p><\/td><td><\/td><\/tr><tr><td><p>Teil 1: Theoretische Chemie I: Grundlagen (Vorlesung), WS 2017\/18<\/p><\/td><td><\/td><\/tr><tr><td><p>Teil 2: \u00dcbungen zur Vorlesung &#8222;Theoretische Chemie I: Grundlagen&#8220; (\u00dcbung), WS 2017\/18<\/p><\/td><td><\/td><\/tr><tr><td><p>G4 Basismodul &#8222;Theoretische Chemie&#8220;<\/p><\/td><td><\/td><\/tr><tr><td><p>Bestandenes Modul \u201cTheorie der chemischen Bindung\u201c. Studierende der Chemie k\u00f6nnen an diesem Modul im Optionalbereich nur teilnehmen, wenn die Vorlesung nicht Bestandteil des Fachstudiums ist!<\/p><\/td><td><\/td><\/tr><tr><td><p><\/p><\/td><td><\/td><\/tr><tr><td width=\"90%\"><p><a href=\"https:\/\/vvz.ruhr-uni-bochum.de\/campus\/all\/module.asp?gguid=0xACAB0C6C8F710542B9BBB617A05CB4D6&amp;fieldgguid=&amp;mode=&amp;findmodule=Theorie+der+chem&amp;tguid=0x36C43592A67D0F4BB620B6CD4C877BDA\">Theorie der chemischen Bindung (5 CP)<\/a><\/p><\/td><td><\/td><\/tr><tr><td><p>Teil 1: Theorie der chemischen Bindung (Vorlesung), WS 2017\/18<\/p><\/td><td><\/td><\/tr><tr><td><p>Teil 2: \u00dcbungen zur Vorlesung &#8222;Theorie der chemischen Bindung&#8220;, WS 2017\/18<\/p><\/td><td><\/td><\/tr><tr><td><p>G4 Basismodul &#8222;Theoretische Chemie&#8220;<\/p><\/td><td><\/td><\/tr><tr><td><p>Studierende des 1-Fach-Bachelorstudiengangs Chemie k\u00f6nnen in diesem Modul keine Credit Points f\u00fcr den Optionalbereich erwerben!<\/p><\/td><td><\/td><\/tr><tr><td><\/td><td><\/td><\/tr><tr><td colspan=\"2\"><p>Erziehungswissenschaften<\/p><\/td><\/tr><tr><td width=\"90%\"><p><a href=\"https:\/\/vvz.ruhr-uni-bochum.de\/campus\/all\/module.asp?gguid=0x8A6A3C9715709943B54F2320CA9026CB&amp;fieldgguid=&amp;mode=&amp;findmodule=Bildungswissensch&amp;tguid=0x36C43592A67D0F4BB620B6CD4C877BDA\">Bildungswissenschaftliches Basismodul (9 CP)<\/a><\/p><\/td><td><\/td><\/tr><tr><td><p>Teil 1: Erziehungs- und Bildungstheorien (Vorlesung), WS 2017\/18<\/p><\/td><td><\/td><\/tr><tr><td><p>Teil 2: Einf\u00fchrung in Lern- und Entwicklungstheorien (Vorlesung), WS 2017\/18<\/p><\/td><td><\/td><\/tr><tr><td><p>Teil 3: Theorien der Sozialisation (Vorlesung), WS 2017\/18<\/p><\/td><td><\/td><\/tr><tr><td><p>Teil 4: Schule als Beruf: Perspektiven f\u00fcr angehende Lehrerinnen und Lehrer (Vorlesung), WS 2017\/18<\/p><\/td><td><\/td><\/tr><tr><td><p>G4 EWL zum M.Ed.<\/p><\/td><td><\/td><\/tr><tr><td><p>Studierende, die das Fach Erziehungswissenschaft im 2-Fach-B. A.-Studiengang studieren und das M. Ed.-Studium anschlie\u00dfen m\u00f6chten, absolvieren anstelle des &#8222;Bildungswissenschaftlichen Basismoduls&#8220; in Gebiet 4 das Modul &#8222;Berufsziel Lehramt: Empirische Forschung&#8220; in Gebiet 3. Das Modul kann auch \u00fcber mehrere Semester verteilt studiert werden.<\/p><\/td><td><\/td><\/tr><tr><td><p><\/p><\/td><td><\/td><\/tr><tr><td width=\"90%\"><p><a href=\"https:\/\/vvz.ruhr-uni-bochum.de\/campus\/all\/module.asp?gguid=0xFFA7A2D98BD94A4A94D4C9A13B364E7B&amp;fieldgguid=&amp;mode=&amp;findmodule=Bildungswissensch&amp;tguid=0x36C43592A67D0F4BB620B6CD4C877BDA\">Bildungswissenschaftliches Basismodul (ab SoSe 2015) (9 CP)<\/a><\/p><\/td><td><\/td><\/tr><tr><td><p>Teil 1: Erziehungs- und Bildungstheorien (Vorlesung), WS 2017\/18<\/p><\/td><td><\/td><\/tr><tr><td><p>Teil 2: Lern- und Entwicklungstheorien (Vorlesung), WS 2017\/18<\/p><\/td><td><\/td><\/tr><tr><td><p>Teil 3: Theorien der Sozialisation (Vorlesung), WS 2017\/18<\/p><\/td><td><\/td><\/tr><tr><td><p>Teil 4: Schule als Beruf: Perspektiven f\u00fcr angehende Lehrerinnen und Lehrer (Vorlesung), WS 2017\/18<\/p><\/td><td><\/td><\/tr><tr><td><p>sowie zwei praktische \u00dcbungen zu zwei unterschiedlichen Vorlesungen (Teil 5 und Teil 6)<\/p><\/td><td><\/td><\/tr><tr><td><p>G4 EWL zum M.Ed.<\/p><\/td><td><\/td><\/tr><tr><td><p>Studierende, die das Fach Erziehungswissenschaft im 2-Fach-B. A.-Studiengang studieren und das M. Ed.-Studium anschlie\u00dfen m\u00f6chten, absolvieren anstelle des &#8222;Bildungswissenschaftlichen Basismoduls&#8220; in Gebiet 4 das Modul &#8222;Berufsziel Lehramt: Empirische Forschung&#8220; in Gebiet 3. Das Modul kann auch \u00fcber mehrere Semester verteilt studiert werden.<\/p><\/td><td><\/td><\/tr><tr><td><\/td><td><\/td><\/tr><tr><td colspan=\"2\"><p>Evangelische Theologie<\/p><\/td><\/tr><tr><td><p>In diesem Semester liegt leider kein Angebot vor.<\/p><\/td><td><\/td><\/tr><tr><td><p><\/p><\/td><td><\/td><\/tr><tr><td colspan=\"2\"><p>Geographie<\/p><\/td><\/tr><tr><td width=\"90%\"><p><a href=\"https:\/\/vvz.ruhr-uni-bochum.de\/campus\/all\/module.asp?gguid=0xBCA6308182D7F946925630A97050FADD&amp;fieldgguid=&amp;findmodule=Exkursion&amp;tguid=0x36C43592A67D0F4BB620B6CD4C877BDA&amp;strSignMessage=\">Exkursion nach Kapstadt &#8211; R\u00e4umliche Entwicklung am Kap der guten Hoffnung (5 CP)<\/a><\/p><\/td><td><\/td><\/tr><tr><td><p>Teil 1: Verpflichtende Planungssveranstaltung f\u00fcr die Teilnehmer\/innen, WS 2017\/18<\/p><\/td><td><\/td><\/tr><tr><td><p>Teil 2: zehnt\u00e4gige Exkursion in der vorlesungsfreien Zeit zwischen dem 14.03. und 24.03.2018, WS 2017\/18<\/p><\/td><td><\/td><\/tr><tr><td><p>Teil 3: Nachbereitung, Selbst\u00e4ndige Erarbeitung eines Exkursionsreaders , WS 2017\/18<\/p><\/td><td><\/td><\/tr><tr><td><p>G4 Modul Exkursionen<\/p><\/td><td><\/td><\/tr><tr><td><p><\/p><\/td><td><\/td><\/tr><tr><td width=\"90%\"><p><a href=\"https:\/\/vvz.ruhr-uni-bochum.de\/campus\/all\/module.asp?gguid=0x575C63971E940A45B70141223FE941CD&amp;tguid=0x36C43592A67D0F4BB620B6CD4C877BDA\">Geographien der Flucht &#8211; Eine interdisziplin\u00e4re (Analyse) (5 CP)<\/a><\/p><\/td><td><\/td><\/tr><tr><td><p>Teil 1 und 2: Geographien auf der Flucht (Seminar), WS 2017\/18<\/p><\/td><td><\/td><\/tr><tr><td><p>G4 Basismodul &#8222;Identit\u00e4t und Differenz&#8220;<\/p><\/td><td><\/td><\/tr><tr><td><\/td><td><\/td><\/tr><tr><td colspan=\"2\"><p>Germanistik<\/p><\/td><\/tr><tr><td width=\"90%\"><p><a href=\"https:\/\/vvz.ruhr-uni-bochum.de\/campus\/all\/module.asp?gguid=0x64CC149060F64748923599DB592935DA&amp;fieldgguid=&amp;findmodule=KLeine+Lit&amp;tguid=0x36C43592A67D0F4BB620B6CD4C877BDA&amp;strSignMessage=\">Kleine Literaturen: Theorie, Geschichte, Schreibweisen (5 CP)<\/a><\/p><\/td><td><\/td><\/tr><tr><td><p>Teil 1: Kleine Literaturen (Vorlesung), WS 2017\/18<\/p><\/td><td><\/td><\/tr><tr><td><p>Teil 2: Franz Kafkas Oktavhefte, WS 2017\/18<\/p><\/td><td><\/td><\/tr><tr><td><p>G4 Literatur Interdisziplin\u00e4r<\/p><\/td><td><\/td><\/tr><tr><td><\/td><td><\/td><\/tr><tr><td><\/td><td><\/td><\/tr><tr><td colspan=\"2\"><p>Geschichte<\/p><\/td><\/tr><tr><td width=\"90%\"><p><a href=\"https:\/\/vvz.ruhr-uni-bochum.de\/campus\/all\/module.asp?gguid=0x9D4C8DD7CE1DAB4EB49B9A2A5849440D&amp;fieldgguid=&amp;mode=&amp;findmodule=Der+letzte+postmoderne+Ethiker%3A+Zygmunt&amp;tguid=0x36C43592A67D0F4BB620B6CD4C877BDA\">Der letzte postmoderne Ethiker: Zygmunt Bauman (1925-2017) (5 CP)<\/a><\/p><\/td><td><\/td><\/tr><tr><td><p>Teil 1: Moderne \u2013 Ordnung \u2013 Gewalt. (Weiter)Denken mit Zygmunt Bauman (Blockveranstaltung, Summer School), WS 2017\/18<\/p><\/td><td><\/td><\/tr><tr><td><p>Teil 2: \u201eFl\u00fcssige Moderne\u201c \u2013 Zygmunt Bauman zum Gedenken (Vorlesung), WS 2017\/18<\/p><\/td><td><\/td><\/tr><tr><td><p>G4 Basismodul &#8222;Neuere und Neueste Geschichte&#8220;<\/p><\/td><td><\/td><\/tr><tr><td><p>Achtung: Die Ringvorlesung \u201e\u201aFl\u00fcssige Moderne\u2018 \u2013 Zygmunt Bauman zum Gedenken\u201c ist im Optionalbereich mit verschiedenen anderen Veranstaltungen modularisiert, kann aber nicht gleichzeitig in verschiedenen Modulen belegt werden.<\/p><\/td><td><\/td><\/tr><tr><td><p><\/p><\/td><td><\/td><\/tr><tr><td width=\"90%\"><p><a href=\"https:\/\/vvz.ruhr-uni-bochum.de\/campus\/all\/module.asp?gguid=0x140385F46B55A4418DCD1F60CF6E65F1&amp;fieldgguid=&amp;findmodule=Die+Gesch&amp;tguid=0x36C43592A67D0F4BB620B6CD4C877BDA&amp;strSignMessage=\">Die Geschichte der Menschenrechte vom Ende des Ersten Weltkrieges bis zur Gegenwart(5 CP)<\/a><\/p><\/td><td><\/td><\/tr><tr><td><p>Teil 1: Die Geschichte der Menschenrechte vom Ende des Ersten Weltkriegs bis zur Gegenwart (Seminar), WS 2017\/18<\/p><\/td><td><\/td><\/tr><tr><td><p>Teil 2: Fl\u00fcssige Moderne. Zygmunt Bauman zum Gedenken (Vorlesung), WS 2017\/18<\/p><\/td><td><\/td><\/tr><tr><td><p>G4 Basismodul &#8222;Neuere und Neueste Geschichte&#8220;<\/p><\/td><td><\/td><\/tr><tr><td><p>Studierende der Geschichte k\u00f6nnen an diesem Modul nur teilnehmen, wenn die Vorlesung (Teil 1) nicht Bestandteil eines Fachmoduls oder eines anderen Moduls im Optionalbereich ist!<\/p><\/td><td><\/td><\/tr><tr><td><p><\/p><\/td><td><\/td><\/tr><tr><td width=\"90%\"><p><a href=\"https:\/\/vvz.ruhr-uni-bochum.de\/campus\/all\/module.asp?gguid=0x20ADB13BD37CCC479ABF5861D955BEA4&amp;fieldgguid=&amp;findmodule=Die+USA&amp;tguid=0x36C43592A67D0F4BB620B6CD4C877BDA&amp;strSignMessage=\">Die USA als Einwanderungsland (5 CP)<\/a><\/p><\/td><td><\/td><\/tr><tr><td><p>Teil 1: Geschichte der USA im transatlantischen Raum (Vorlesung), WS 2017\/18<\/p><\/td><td><\/td><\/tr><tr><td><p>Teil 2: Die USA als Einwanderungsland Ende des 19. bis Ende des 20. Jahrhunderts (Seminar), WS 2017\/18<\/p><\/td><td><\/td><\/tr><tr><td><p>G4 Basismodul &#8222;Neuere und Neueste Geschichte&#8220;<\/p><\/td><td><\/td><\/tr><tr><td><p>Studierende der Geschichte k\u00f6nnen an diesem Modul nur teilnehmen, wenn die Vorlesung (Teil 1) nicht Bestandteil eines Fachmoduls oder eines anderen Moduls im Optionalbereich ist! Studierende, die das Modul &#8222;Journalistische Textsorten&#8220; besuchen, k\u00f6nnen an diesem Modul nicht teilnehmen!<\/p><\/td><td><\/td><\/tr><tr><td><\/td><td><\/td><\/tr><tr><td colspan=\"2\"><p>Katholische Theologie<\/p><\/td><\/tr><tr><td width=\"90%\"><p><a href=\"https:\/\/vvz.ruhr-uni-bochum.de\/campus\/all\/module.asp?gguid=0xFA6D3A4C0398B84D8742DC23EA333865&amp;fieldgguid=&amp;findmodule=Ausgew%E4hlte+Schwer&amp;tguid=0x36C43592A67D0F4BB620B6CD4C877BDA&amp;strSignMessage=\">Ausgew\u00e4hlte Schwerpunkte der Kirchengeschichte (Damberg) (5 CP)<\/a><\/p><\/td><td><\/td><\/tr><tr><td><p>Teil 1: Kirchengeschichte des 20. Jahrhunderts: NS-Diktatur und BRD (Vorlesung), WS 2017\/18<\/p><\/td><td><\/td><\/tr><tr><td><p>Teil 2: Religionsfreiheit Freiheit von der Religion? Kirche und Staat im 20. Jahrhundert (Hauptseminar), WS 2017\/18<\/p><\/td><td><\/td><\/tr><tr><td><p>G4 Entwicklungslinien des Christentums<\/p><\/td><td><\/td><\/tr><tr><td><p>Studierende der Katholischen Theologie k\u00f6nnen dieses Modul nicht im Optionalbereich belegen, da die Veranstaltungen zum regul\u00e4ren Curriculum geh\u00f6ren.<\/p><\/td><td><\/td><\/tr><tr><td><p><\/p><\/td><td><\/td><\/tr><tr><td width=\"90%\"><p><a href=\"https:\/\/vvz.ruhr-uni-bochum.de\/campus\/all\/module.asp?gguid=0x09E2F859243FFB41BEF7868DEA5D441B&amp;fieldgguid=&amp;findmodule=Christliche&amp;tguid=0x36C43592A67D0F4BB620B6CD4C877BDA&amp;strSignMessage=\">Christliche Ethik (S\u00f6ding) (5 CP)<\/a><\/p><\/td><td><\/td><\/tr><tr><td><p>Teil 1: Der Lehrer der Gottesherrschaft. Die Reden Jesu im Matth\u00e4usevangelium (Vorlesung), WS 2017\/18<\/p><\/td><td><\/td><\/tr><tr><td><p>Teil 2: Diakonie im Neuen Testament (Hauptseminar), WS 2017\/18<\/p><\/td><td><\/td><\/tr><tr><td><p>G4 Basismodul &#8222;Religion im Leben&#8220;<\/p><\/td><td><\/td><\/tr><tr><td><p>Wer dieses Modul belegt, kann nicht auch Entstehung des Christentums belegen.<\/p><\/td><td><\/td><\/tr><tr><td><p><\/p><\/td><td><\/td><\/tr><tr><td width=\"90%\"><p><a href=\"https:\/\/vvz.ruhr-uni-bochum.de\/campus\/all\/module.asp?gguid=0x538C9009504D7D4690B2E1C2544CF144&amp;fieldgguid=&amp;findmodule=Das+Leben+in+F%FClle&amp;tguid=0x36C43592A67D0F4BB620B6CD4C877BDA&amp;strSignMessage=\">Das Leben in F\u00fclle. Geschichte und Bedeutung einer wirkm\u00e4chtigen Metapher in christlichem und interkulturellem Kontext (Essen) (5 CP)<\/a><\/p><\/td><td><\/td><\/tr><tr><td><p>Teil 1: Als dieser Mensch ist Jesus Gott. Einf\u00fchrung in die Christologie und Gotteslehre (Vorlesung), WS 2017\/18<\/p><\/td><td><\/td><\/tr><tr><td><p>Teil 2: Das gute Leben (Hauptseminar), WS 2017\/18<\/p><\/td><td><\/td><\/tr><tr><td><p>G4 Basismodul &#8222;Christentum und Kultur&#8220;<\/p><\/td><td><\/td><\/tr><tr><td><p><\/p><\/td><td><\/td><\/tr><tr><td width=\"90%\"><p><a href=\"https:\/\/vvz.ruhr-uni-bochum.de\/campus\/all\/module.asp?gguid=0xFA5F9D2E95EF27409026A75286AF15B7&amp;fieldgguid=&amp;findmodule=Die+Entstehung+der+Kirche&amp;tguid=0x36C43592A67D0F4BB620B6CD4C877BDA&amp;strSignMessage=\">Die Entstehung der Kirche (S\u00f6ding) (5 CP)<\/a><\/p><\/td><td><\/td><\/tr><tr><td><p>Teil 1: Einleitung in das Neue Testament (Vorlesung), WS 2017\/18<\/p><\/td><td><\/td><\/tr><tr><td><p>Teil 2: Diakonie im Neuen Testament. Armenf\u00fcrsorge und Gemeindef\u00fcrsorge (Hauptseminar), WS 2017\/18<\/p><\/td><td><\/td><\/tr><tr><td><p>G4 Entstehung des Christentums<\/p><\/td><td><\/td><\/tr><tr><td><p>Wer dieses Modul belegt, kann nicht auch Religion und Leben belegen.<\/p><\/td><td><\/td><\/tr><tr><td><p><\/p><\/td><td><\/td><\/tr><tr><td width=\"90%\"><p><a href=\"https:\/\/vvz.ruhr-uni-bochum.de\/campus\/all\/module.asp?gguid=0xC67602233AD8EE4EA469E2A1420285CB&amp;fieldgguid=&amp;findmodule=Einf%FChrung+in+das+Philo&amp;tguid=0x36C43592A67D0F4BB620B6CD4C877BDA&amp;strSignMessage=\">Einf\u00fchrung in das philosophische Denken (Jansen) (5 CP)<\/a><\/p><\/td><td><\/td><\/tr><tr><td><p>Teil 1: Einf\u00fchrung in die Philosophie (Vorlesung), WS 2017\/18<\/p><\/td><td><\/td><\/tr><tr><td><p>Teil 2: Prop\u00e4deutisches Proseminar (Proseminar), WS 2017\/18<\/p><\/td><td><\/td><\/tr><tr><td><p>G4 Religionsphilosophie<\/p><\/td><td><\/td><\/tr><tr><td><p>Studierende des Fachs Katholische Theologie k\u00f6nnen dieses Modul nicht belegen. Unkosten fallen f\u00fcr die Beschaffung der Seminarlekt\u00fcre an.<\/p><\/td><td><\/td><\/tr><tr><td><p><\/p><\/td><td><\/td><\/tr><tr><td width=\"90%\"><p><a href=\"https:\/\/vvz.ruhr-uni-bochum.de\/campus\/all\/module.asp?gguid=0x363FC73FC89AA242ADCF016593CC8ACC&amp;fieldgguid=&amp;findmodule=Jesus&amp;tguid=0x36C43592A67D0F4BB620B6CD4C877BDA&amp;strSignMessage=\">Jesus &#8211; das Heil der Welt. Bedeutung und Anspruch des christlichen Erl\u00f6sungsdenkens (Essen) (5 CP)<\/a><\/p><\/td><td><\/td><\/tr><tr><td><p>Teil 1: Als dieser Mensch ist Jesus Gott. Einf\u00fchrung in die Christologie und Gotteslehre (Vorlesung), WS 2017\/18<\/p><\/td><td><\/td><\/tr><tr><td><p>Teil 2: Das Beste Kommt zum Schluss: Vom Kommen und Gehen des Menschen (Lekt\u00fcrekurs), WS 2017\/18<\/p><\/td><td><\/td><\/tr><tr><td><p>G4 Basismodul &#8222;Christentum und Kultur&#8220;<\/p><\/td><td><\/td><\/tr><tr><td><p><\/p><\/td><td><\/td><\/tr><tr><td width=\"90%\"><p><a href=\"https:\/\/vvz.ruhr-uni-bochum.de\/campus\/all\/module.asp?gguid=0x99B1D88B01B1ED43BD0DF30256985021&amp;fieldgguid=&amp;findmodule=politische+Eth&amp;tguid=0x36C43592A67D0F4BB620B6CD4C877BDA&amp;strSignMessage=\">Politische Ethik (Wiemeyer) (5 CP)<\/a><\/p><\/td><td><\/td><\/tr><tr><td><p>Teil 1: Politische Ethik (Vorlesung) , WS 2017\/18<\/p><\/td><td><\/td><\/tr><tr><td><p>Teil 2: Ethik der Menschenrechte (Proseminar) , WS 2017\/18<\/p><\/td><td><\/td><\/tr><tr><td><p>G4 Basismodul &#8222;Christliche Weltverantwortung&#8220;<\/p><\/td><td><\/td><\/tr><tr><td><p>Das Modul ist f\u00fcr Studierende der Kath. Theologie nicht ge\u00f6ffnet. Studierende der Katholischen Theologie k\u00f6nnen in diesem Modul keine Kreditpunkte f\u00fcr den Optionalbereich erwerben.<\/p><\/td><td><\/td><\/tr><tr><td><p><\/p><\/td><td><\/td><\/tr><tr><td width=\"90%\"><p><a href=\"https:\/\/vvz.ruhr-uni-bochum.de\/campus\/all\/module.asp?gguid=0x62B0A365D732804683C36D75D03CF061&amp;fieldgguid=&amp;findmodule=Theolog&amp;tguid=0x36C43592A67D0F4BB620B6CD4C877BDA&amp;strSignMessage=\">Theologische Grundlagen der christlich abendl\u00e4ndischen Kunst (Reichling) (5 CP)<\/a><\/p><\/td><td><\/td><\/tr><tr><td><p>Teil 1: Maria und die Geburt Jesu (Vorlesung) , WS 2017\/18<\/p><\/td><td><\/td><\/tr><tr><td><p>Teil 2: Allgemeine Themen (Exkursionen) , WS 2017\/18<\/p><\/td><td><\/td><\/tr><tr><td><p>G4 Basismodul &#8222;Christentum und Kultur&#8220;<\/p><\/td><td><\/td><\/tr><tr><td><p>Auch Studierende der Katholischen Theologie k\u00f6nnen an der Veranstaltung teilnehmen.<\/p><\/td><td><\/td><\/tr><tr><td><p><\/p><\/td><td><\/td><\/tr><tr><td width=\"90%\"><p><a href=\"https:\/\/vvz.ruhr-uni-bochum.de\/campus\/all\/module.asp?gguid=0x58374BE6DC32C746BC4F59FD503D748A&amp;fieldgguid=&amp;findmodule=Wirtschaftse&amp;tguid=0x36C43592A67D0F4BB620B6CD4C877BDA&amp;strSignMessage=\">Wirtschaftsethik (Wiemeyer) (5 CP)<\/a><\/p><\/td><td><\/td><\/tr><tr><td><p>Teil 1: Wirtschaftsethik (Vorlesung), WS 2017\/18<\/p><\/td><td><\/td><\/tr><tr><td><p>Teil 2: Unternehmensethik (Hauptseminar), WS 2017\/18<\/p><\/td><td><\/td><\/tr><tr><td><p>G4 Basismodul &#8222;Christliche Weltverantwortung&#8220;<\/p><\/td><td><\/td><\/tr><tr><td><p>Das Modul ist f\u00fcr Studierende der Kath. Theologie nicht ge\u00f6ffnet.Studierende der Katholischen Theologie k\u00f6nnen in diesem Modul keine Kreditpunkte f\u00fcr den Optionalbereich erwerben.<\/p><\/td><td><\/td><\/tr><tr><td><\/td><td><\/td><\/tr><tr><td colspan=\"2\"><p>Kunstgeschichte<\/p><\/td><\/tr><tr><td width=\"90%\"><p><a href=\"https:\/\/vvz.ruhr-uni-bochum.de\/campus\/all\/module.asp?gguid=0xCDBE16DF923DDF4088B8A9CD16C9A798&amp;fieldgguid=&amp;mode=&amp;findmodule=einf%FChrung+in+die+ch&amp;tguid=0x36C43592A67D0F4BB620B6CD4C877BDA\">Einf\u00fchrung in die christliche Ikonographie (5 CP)<\/a><\/p><\/td><td><\/td><\/tr><tr><td><p>Teil 1: Einf\u00fchrung in die christliche Ikonographie (Lekt\u00fcrekurs) , WS 2017\/18<\/p><\/td><td><\/td><\/tr><tr><td><p>Teil 2: Einf\u00fchrung in die christliche Ikonographie (\u00dcbung vor Originalen \/ Exkursionen) , WS 2017\/18<\/p><\/td><td><\/td><\/tr><tr><td><p>G4 Basismodul &#8222;Kunst und Kultur&#8220;<\/p><\/td><td><\/td><\/tr><tr><td><p><\/p><\/td><td><\/td><\/tr><tr><td colspan=\"2\"><p>Maschinenbau<\/p><\/td><\/tr><tr><td><p>In diesem Semester liegt leider kein Angebot vor.<\/p><\/td><td><\/td><\/tr><tr><td><p><\/p><\/td><td><\/td><\/tr><tr><td colspan=\"2\"><p>Mathematik<\/p><\/td><\/tr><tr><td width=\"90%\"><p><a href=\"https:\/\/vvz.ruhr-uni-bochum.de\/campus\/all\/module.asp?gguid=0x360CD45A66FE9B409AA223D14E374C93&amp;fieldgguid=&amp;mode=&amp;findmodule=Einf%FChrung+in+die+Mathe&amp;tguid=0x36C43592A67D0F4BB620B6CD4C877BDA\">Einf\u00fchrung in die Mathematik (Schwerpunkt: Biologie) (5 CP)<\/a><\/p><\/td><td><\/td><\/tr><tr><td><p>Teil 1: Mathematik f\u00fcr Biologen (Vorlesung), WS 2017\/18<\/p><\/td><td><\/td><\/tr><tr><td><p>Teil 2: \u00dcbungen zur Mathematik f\u00fcr Biologen (\u00dcbung), WS 2017\/18<\/p><\/td><td><\/td><\/tr><tr><td><p>G4 Basismodul &#8222;Grundlagen der Mathematik&#8220;<\/p><\/td><td><\/td><\/tr><tr><td><p>Studierende der Mathematik und der Physik k\u00f6nnen an diesem Modul zwar teilnehmen, jedoch keine Credit Points f\u00fcr den Optionalbereich erwerben! B.Sc.- und M.Sc.-Studierende der Biologie k\u00f6nnen an diesem Modul zwar teilnehmen, jedoch keine Credit Points f\u00fcr den Optionalbereich erwerben!<\/p><\/td><td><\/td><\/tr><tr><td><p><\/p><\/td><td><\/td><\/tr><tr><td width=\"90%\"><p><a href=\"https:\/\/vvz.ruhr-uni-bochum.de\/campus\/all\/module.asp?gguid=0x0A9FA61DAAA5784F861CB00A42B34BDC&amp;fieldgguid=&amp;mode=&amp;findmodule=Einf%FChrung+in+die+Mathe&amp;tguid=0x36C43592A67D0F4BB620B6CD4C877BDA\">Einf\u00fchrung in die Mathematik (Schwerpunkte: Mathematik und Physik) (5 CP)<\/a><\/p><\/td><td><\/td><\/tr><tr><td><p>Teil 1: Vorkurs f\u00fcr k\u00fcnftige Studierende der Mathematik und Physik (Vorlesung), WS 2017\/18<\/p><\/td><td><\/td><\/tr><tr><td><p>Teil 2: \u00dcbungen zum Vorkurs f\u00fcr k\u00fcnftige Studierende der Mathematik und Physik (\u00dcbung), WS 2017\/18<\/p><\/td><td><\/td><\/tr><tr><td><p>G4 Basismodul &#8222;Grundlagen der Mathematik&#8220;<\/p><\/td><td><\/td><\/tr><tr><td><p>Studierende der Mathematik k\u00f6nnen an diesem Modul zwar teilnehmen, jedoch Credit Points nur dann f\u00fcr den Optionalbereich erwerben, wenn sie den Vorkurs vor ihrem ersten Fachsemester besuchen!<\/p><\/td><td><\/td><\/tr><tr><td><p><\/p><\/td><td><\/td><\/tr><tr><td width=\"90%\"><p><a href=\"https:\/\/vvz.ruhr-uni-bochum.de\/campus\/all\/module.asp?gguid=0x58D394C847FD4B46901ED0FD1041CCFF&amp;fieldgguid=&amp;mode=&amp;findmodule=Einf%FChrung+in+die+Mathe&amp;tguid=0x36C43592A67D0F4BB620B6CD4C877BDA\">Einf\u00fchrung in die Mathematik (Schwerpunkte: Natur- und Ingenieurwissenschaften sowie Informatik) (5 CP)<\/a><\/p><\/td><td><\/td><\/tr><tr><td><p>Teil 1: Vorkurs f\u00fcr k\u00fcnftige Studierende der Ingenieurwissenschaften (Vorlesung), WS 2017\/18<\/p><\/td><td><\/td><\/tr><tr><td><p>Teil 2: \u00dcbungen zum Vorkurs f\u00fcr k\u00fcnftige Studierende der Ingenieurwissenschaften (\u00dcbung), WS 2017\/18<\/p><\/td><td><\/td><\/tr><tr><td><p>G4 Basismodul &#8222;Grundlagen der Mathematik&#8220;<\/p><\/td><td><\/td><\/tr><tr><td><p>Studierende der Mathematik und der Physik k\u00f6nnen an diesem Modul zwar teilnehmen, jedoch keine Credit Points f\u00fcr den Optionalbereich erwerben!<\/p><\/td><td><\/td><\/tr><tr><td><p><\/p><\/td><td><\/td><\/tr><tr><td width=\"90%\"><p><a href=\"https:\/\/vvz.ruhr-uni-bochum.de\/campus\/all\/module.asp?gguid=0x289F09DEF7BB8842BC4201FC16D30F13&amp;fieldgguid=&amp;mode=&amp;findmodule=Einf%FChrung+in+die+Mathe&amp;tguid=0x36C43592A67D0F4BB620B6CD4C877BDA\">Einf\u00fchrung in die Mathematik I (Schwerpunkte: Physik und Geophysik) (10 CP)<\/a><\/p><\/td><td><\/td><\/tr><tr><td><p>Teil 1: Mathematik f\u00fcr Physiker I (Vorlesung), WS 2017\/18<\/p><\/td><td><\/td><\/tr><tr><td><p>Teil 2: \u00dcbungen zu Mathematik f\u00fcr Physiker I (\u00dcbungen), WS 2017\/18<\/p><\/td><td><\/td><\/tr><tr><td><p>G4 Basismodul &#8222;Grundlagen der Mathematik&#8220;<\/p><\/td><td><\/td><\/tr><tr><td><p>Studierende der Mathematik k\u00f6nnen an diesem Modul zwar teilnehmen, jedoch keine Credit Points f\u00fcr den Optionalbereich erwerben.<\/p><\/td><td><\/td><\/tr><tr><td><p><\/p><\/td><td><\/td><\/tr><tr><td width=\"90%\"><p><a href=\"https:\/\/vvz.ruhr-uni-bochum.de\/campus\/all\/module.asp?gguid=0x1408184BC24A73488940971D25A80EF9&amp;fieldgguid=&amp;findmodule=Einf%FChrung+in+die+Sta&amp;tguid=0x36C43592A67D0F4BB620B6CD4C877BDA&amp;strSignMessage=\">Einf\u00fchrung in die Statistik (Schwerpunkt: Geographie) (5 CP)<\/a><\/p><\/td><td><\/td><\/tr><tr><td><p>Teil 1: Einf\u00fchrung in die Statistik f\u00fcr Geographen (Vorlesung), WS 2017\/18<\/p><\/td><td><\/td><\/tr><tr><td><p>Teil 2: \u00dcbungen zur Einf\u00fchrung in die Statistik f\u00fcr Geographen (\u00dcbung), WS 2017\/18<\/p><\/td><td><\/td><\/tr><tr><td><p>G4 Basismodul &#8222;Grundlagen der Mathematik&#8220;<\/p><\/td><td><\/td><\/tr><tr><td><p>Studierende der Mathematik und Studierende der Geographie k\u00f6nnen an diesem Modul zwar teilnehmen, jedoch keine Credit Points f\u00fcr den Optionalbereich erwerben! Solides Schulwissen in Mathematik wird vorausgesetzt.<\/p><\/td><td><\/td><\/tr><tr><td><p><\/p><\/td><td><\/td><\/tr><tr><td width=\"90%\"><p><a href=\"https:\/\/vvz.ruhr-uni-bochum.de\/campus\/all\/module.asp?gguid=0x9B541A9C6C669B4DB82FC3F055152440&amp;fieldgguid=&amp;findmodule=H%F6here+Mathe&amp;tguid=0x36C43592A67D0F4BB620B6CD4C877BDA&amp;strSignMessage=\">H\u00f6here Mathematik I + II (Schwerpunkt: Angewandte Informatik) (10 CP)<\/a><\/p><\/td><td><\/td><\/tr><tr><td><p>Teil 1: H\u00f6here Mathematik I (Vorlesung), WS 2017\/18<\/p><\/td><td><\/td><\/tr><tr><td><p>Teil 2: \u00dcbungen zur H\u00f6heren Mathematik I (\u00dcbung), WS 2017\/18<\/p><\/td><td><\/td><\/tr><tr><td><p>G4 Aufbaumodul &#8222;H\u00f6here Mathematik&#8220;<\/p><\/td><td><\/td><\/tr><tr><td><p><\/p><\/td><td><\/td><\/tr><tr><td width=\"90%\"><p><a href=\"https:\/\/vvz.ruhr-uni-bochum.de\/campus\/all\/module.asp?gguid=0xA6A45BF494D85446B0B5DDDD84FCF539&amp;fieldgguid=&amp;mode=&amp;findmodule=Mathematik&amp;tguid=0x36C43592A67D0F4BB620B6CD4C877BDA\">Mathematik (Schwerpunkt: Chemie) (5 CP)<\/a><\/p><\/td><td><\/td><\/tr><tr><td><p>Teil 1: Mathematik f\u00fcr Chemiker I (Vorlesung), WS 2017\/18<\/p><\/td><td><\/td><\/tr><tr><td><p>Teil 2: \u00dcbungen zu Mathematik f\u00fcr Chemiker I (\u00dcbung), WS 2017\/18<\/p><\/td><td><\/td><\/tr><tr><td><p>Teil 3: Erg\u00e4nzungs\u00fcbungen zu Mathematik f\u00fcr Chemiker I (\u00dcbung), WS 2017\/18<\/p><\/td><td><\/td><\/tr><tr><td><p>G4 Basismodul &#8222;Grundlagen der Mathematik&#8220;<\/p><\/td><td><\/td><\/tr><tr><td><p>Studierende der Mathematik und Physik k\u00f6nnen an diesem Modul zwar teilnehmen, jedoch keine Credit Points f\u00fcr den Optionalbereich erwerben! Sicheres Schulwissen in Mathematik wird vorausgesetzt.<\/p><\/td><td><\/td><\/tr><tr><td><p><\/p><\/td><td><\/td><\/tr><tr><td width=\"90%\"><p><a href=\"https:\/\/vvz.ruhr-uni-bochum.de\/campus\/all\/module.asp?gguid=0x36E116FDE0D24D429D8B0A8E8A69153C&amp;fieldgguid=&amp;mode=&amp;findmodule=Mathematik&amp;tguid=0x36C43592A67D0F4BB620B6CD4C877BDA\">Mathematik (Schwerpunkt: Geowissenschaften) (5 CP)<\/a><\/p><\/td><td><\/td><\/tr><tr><td><p>Teil 1: Mathematik I f\u00fcr Geowissenschaftler und SEPM (Vorlesung), WS 2017\/18<\/p><\/td><td><\/td><\/tr><tr><td><p>Teil 2: \u00dcbungen zu Mathematik I f\u00fcr Geowissenschaftler und SEPM (\u00dcbung), WS 2017\/18<\/p><\/td><td><\/td><\/tr><tr><td><p>G4 Basismodul &#8222;Grundlagen der Mathematik&#8220;<\/p><\/td><td><\/td><\/tr><tr><td><p>Studierende der Mathematik k\u00f6nnen an diesem Modul zwar teilnehmen, jedoch keine Credit Points f\u00fcr den Optionalbereich erwerben! Schulwissen in Mathematik wird vorausgesetzt.<\/p><\/td><td><\/td><\/tr><tr><td><p><\/p><\/td><td><\/td><\/tr><tr><td width=\"90%\"><p><a href=\"https:\/\/vvz.ruhr-uni-bochum.de\/campus\/all\/module.asp?gguid=0x95F59348666FCF41984F508C412B04C0&amp;fieldgguid=&amp;mode=&amp;findmodule=Summer&amp;tguid=0x36C43592A67D0F4BB620B6CD4C877BDA\">Summer University Mathematik f\u00fcr k\u00fcnftige Studierende der Naturwissenschaften (5 CP)<\/a><\/p><\/td><td><\/td><\/tr><tr><td><p>Teil 1: Vorkurs f\u00fcr k\u00fcnftige Studierende der Naturwissenschaften (Vorkurs), SoSe 2017<\/p><\/td><td><\/td><\/tr><tr><td><p>Teil 2: \u00dcbungen zum Vorkurs in Mathematik f\u00fcr k\u00fcnftige Studierende der Naturwissenschaften (\u00dcbung), SoSe 2017<\/p><\/td><td><\/td><\/tr><tr><td><p>Teil 3: Abschlusskolloquium der Summer University Mathematik f\u00fcr k\u00fcnftige Studierende der Naturwissenschaften (Pr\u00fcfung), WS 2017\/18<\/p><\/td><td><\/td><\/tr><tr><td><p>G4 Basismodul &#8222;Grundlagen der Mathematik&#8220;<\/p><\/td><td><\/td><\/tr><tr><td><p>: Falls in den ersten Fachsemestern Ihres naturwissenschaftlichen Studiums Mathematikveranstaltungen vorgesehen sind, kann der Besuch dieses Moduls nur dann kreditiert werden, wenn er vor Ihrem ersten Fachsemester besucht wird. Eine sp\u00e4tere Teilnahme ist m\u00f6glich, wird aber nicht kreditiert. Diese Regel gilt ebenfalls f\u00fcr 2-Fach-B.A.-Studierende der Physik.<\/p><\/td><td><\/td><\/tr><tr><td><p><\/p><\/td><td><\/td><\/tr><tr><td width=\"90%\"><p><a href=\"https:\/\/vvz.ruhr-uni-bochum.de\/campus\/all\/module.asp?gguid=0xB9F23822C8B15E46A2A2252CF0558D31&amp;fieldgguid=&amp;mode=&amp;findmodule=Summer&amp;tguid=0x36C43592A67D0F4BB620B6CD4C877BDA\">Summer University Mathematische Grundlagen der Statistik (5 CP)<\/a><\/p><\/td><td><\/td><\/tr><tr><td><p>Teil 1: Mathematische Grundlagen der Statistik (Vorlesung), SoSe 2017<\/p><\/td><td><\/td><\/tr><tr><td><p>Teil 2: \u00dcbungen zu Summer University Mathematische Grundlagen der Statistik (\u00dcbung), SoSe 2017<\/p><\/td><td><\/td><\/tr><tr><td><p>Teil 3: Hausaufgaben zum selbst\u00e4ndigen \u00dcben, zur Nachbereitung der Vorlesungen und zur Klausurvorbereitung (Abschlusskolloquium), WS 2017\/18<\/p><\/td><td><\/td><\/tr><tr><td><p>G4 Basismodul &#8222;Mathematische Anwendungen&#8220;<\/p><\/td><td><\/td><\/tr><tr><td><p>Studierende der Sozialwissenschaft und Management and Economics im Ein-Fach-Bachelor sowie PWG, KIG, Erziehungswissenschaft, Volkswirtschaftslehre und Betriebswirtschaftslehre im Zwei-Fach-Bachelor k\u00f6nnen an dem Modul zwar teilnehmen, jedoch keine Kreditpunkte f\u00fcr den Optionalbereich erwerben.<\/p><\/td><td><\/td><\/tr><tr><td><\/td><td><\/td><\/tr><tr><td colspan=\"2\"><p>Medienwissenschaft<\/p><\/td><\/tr><tr><td width=\"90%\"><p><a href=\"https:\/\/vvz.ruhr-uni-bochum.de\/campus\/all\/module.asp?gguid=0x08DDAC715AEB4A44A04210777044E4F7&amp;fieldgguid=&amp;mode=&amp;findmodule=Mediengeschi&amp;tguid=0x36C43592A67D0F4BB620B6CD4C877BDA\">Mediengeschichte und Medien\u00e4sthetik A (5 CP)<\/a><\/p><\/td><td><\/td><\/tr><tr><td><p>Teil 1 und 2: Mediengeschichte und Medien\u00e4sthetik (Prop\u00e4deutika), WS 2017\/18<\/p><\/td><td><\/td><\/tr><tr><td><p>G4 Basismodul &#8222;Mediengeschichte und Medien\u00e4sthetik&#8220;<\/p><\/td><td><\/td><\/tr><tr><td><p>Studierende der Medienwissenschaft k\u00f6nnen an diesem Modul keine Credit Points f\u00fcr den Optionalbereich erwerben.<\/p><\/td><td><\/td><\/tr><tr><td><p><\/p><\/td><td><\/td><\/tr><tr><td width=\"90%\"><p><a href=\"https:\/\/vvz.ruhr-uni-bochum.de\/campus\/all\/module.asp?gguid=0xC7910E1E020F9C4A97186E709448A917&amp;fieldgguid=&amp;mode=&amp;findmodule=Mediengeschi&amp;tguid=0x36C43592A67D0F4BB620B6CD4C877BDA\">Mediengeschichte und Medien\u00e4sthetik B (5 CP)<\/a><\/p><\/td><td><\/td><\/tr><tr><td><p>Teil 1 und 2: Mediengeschichte und Medien\u00e4sthetik (Prop\u00e4deutika), WS 2017\/18<\/p><\/td><td><\/td><\/tr><tr><td><p>G4 Basismodul &#8222;Mediengeschichte und Medien\u00e4sthetik&#8220;<\/p><\/td><td><\/td><\/tr><tr><td><p>Studierende der Medienwissenschaften k\u00f6nnen an diesem Modul nicht teilnehmen!<\/p><\/td><td><\/td><\/tr><tr><td><p><\/p><\/td><td><\/td><\/tr><tr><td width=\"90%\"><p><a href=\"https:\/\/vvz.ruhr-uni-bochum.de\/campus\/all\/module.asp?gguid=0xD678FC9FF5ADFD45AC326C85A64747A6&amp;fieldgguid=&amp;mode=&amp;findmodule=Mediengeschi&amp;tguid=0x36C43592A67D0F4BB620B6CD4C877BDA\">Mediengeschichte und Medien\u00e4sthetik C (5 CP)<\/a><\/p><\/td><td><\/td><\/tr><tr><td><p>Teil 1 und 2: Mediengeschichte und Medien\u00e4sthetik (Prop\u00e4deutika), WS 2017\/18<\/p><\/td><td><\/td><\/tr><tr><td><p>G4 Basismodul &#8222;Mediengeschichte und Medien\u00e4sthetik&#8220;<\/p><\/td><td><\/td><\/tr><tr><td><p>Studierende der Medienwissenschaften k\u00f6nnen an diesem Modul nicht teilnehmen!<\/p><\/td><td><\/td><\/tr><tr><td><\/td><td><\/td><\/tr><tr><td colspan=\"2\"><p>Medizin<\/p><\/td><\/tr><tr><td><p>In diesem Semester liegt leider kein Angebot vor.<\/p><\/td><td><\/td><\/tr><tr><td><p><\/p><\/td><td><\/td><\/tr><tr><td colspan=\"2\"><p>Orientalistik und Islamwissenschaften<\/p><\/td><\/tr><tr><td width=\"90%\"><p><a href=\"https:\/\/vvz.ruhr-uni-bochum.de\/campus\/all\/module.asp?gguid=0x8CEB726131B4D6429B5CE3DA66AFF554&amp;fieldgguid=&amp;findmodule=EInf%FChrung+in+die+Geschichte&amp;tguid=0x36C43592A67D0F4BB620B6CD4C877BDA&amp;strSignMessage=\">Einf\u00fchrung in die Geschichte der islamischen Theologie und religi\u00f6sen Tradition (5 CP)<\/a><\/p><\/td><td><\/td><\/tr><tr><td><p>Teil 1: Major philosophers and theologians oft he Islamic World: an Overview \/ Bedeutende Philosophen und Theologen der islamischen Welt: Ein \u00dcberblick (Vorlesung), WS 2017\/18<\/p><\/td><td><\/td><\/tr><tr><td><p>Teil 2a: Religi\u00f6se Parteien und Sekten im mittelalterlichen Islam (Proseminar), WS 2017\/18<\/p><\/td><td><\/td><\/tr><tr><td><p>Teil 2b: Ahmad al-Gazali on Love Mysticism \/ Lekt\u00fcre und Interpretation der Gedanken \u00fcber die Liebe Ahmad al-Gazalis (Proseminar), WS 2017\/18<\/p><\/td><td><\/td><\/tr><tr><td><p>G4 Basismodul &#8222;Einf\u00fchrung in die islamische Welt&#8220;<\/p><\/td><td><\/td><\/tr><tr><td><p>Studierende der Orientalistik\/Islamwissenschaften k\u00f6nnen an diesem Modul nicht teilnehmen!<\/p><\/td><td><\/td><\/tr><tr><td><p><\/p><\/td><td><\/td><\/tr><tr><td width=\"90%\"><p><a href=\"https:\/\/vvz.ruhr-uni-bochum.de\/campus\/all\/module.asp?gguid=0xA4E938DDD1631D40B98BE61BC8B612DB&amp;fieldgguid=&amp;findmodule=Persische+Kall&amp;tguid=0x36C43592A67D0F4BB620B6CD4C877BDA&amp;strSignMessage=\">Persische Kalligraphie und Landeskunde (5 CP)<\/a><\/p><\/td><td><\/td><\/tr><tr><td><p>Teil 1: Arabisch-Persische Kalligraphie (\u00dcbung),WS 2017\/18<\/p><\/td><td><\/td><\/tr><tr><td><p>Teil 2: Landeskunde Iran (\u00dcbung),WS 2017\/18<\/p><\/td><td><\/td><\/tr><tr><td><p>G4 Basismodul &#8222;Einf\u00fchrung in die islamische Welt&#8220;<\/p><\/td><td><\/td><\/tr><tr><td><p>Studierende der Orientalistik\/Islamwissenschaften k\u00f6nnen an diesem Modul nicht teilnehmen!<\/p><\/td><td><\/td><\/tr><tr><td><p><\/p><\/td><td><\/td><\/tr><tr><td width=\"90%\"><p><a href=\"https:\/\/vvz.ruhr-uni-bochum.de\/campus\/all\/module.asp?gguid=0x9239ED872EF47741B3650930D768EB86&amp;fieldgguid=&amp;findmodule=Zug%E4nge+zur&amp;tguid=0x36C43592A67D0F4BB620B6CD4C877BDA&amp;strSignMessage=\">Zug\u00e4nge zur islamischen Geschichte und Kultur (5 CP)<\/a><\/p><\/td><td><\/td><\/tr><tr><td><p>Teil 1a: Die arabische Literatur der Fr\u00fchen Neuzeit (1450 \u2013 1850): Kosmopolitische und regionale Entwicklungen. (Vorlesung), WS 2017\/18<\/p><\/td><td><\/td><\/tr><tr><td><p>oder<\/p><\/td><td><\/td><\/tr><tr><td><p>Teil 1b: Bedeutende Philosophen und Theologen der islamischen Welt: Ein \u00dcberblick(Vorlesung), WS 2017\/18<\/p><\/td><td><\/td><\/tr><tr><td><p>Teil 2: Einf\u00fchrung in die Islamwissenschaft und Arabistik (\u00dcbung),WS 2017\/18<\/p><\/td><td><\/td><\/tr><tr><td><p>G4 Basismodul &#8222;Einf\u00fchrung in die islamische Welt&#8220;<\/p><\/td><td><\/td><\/tr><tr><td><p>Studierende der Orientalistik\/Islamwissenschaften k\u00f6nnen an diesem Modul nicht teilnehmen!<\/p><\/td><td><\/td><\/tr><tr><td><\/td><td><\/td><\/tr><tr><td colspan=\"2\"><p>Ostasienwissenschaften<\/p><\/td><\/tr><tr><td width=\"90%\"><p><a href=\"https:\/\/vvz.ruhr-uni-bochum.de\/campus\/all\/module.asp?gguid=0x37EB67D99DB5B546A76805604192D0BF&amp;fieldgguid=&amp;findmodule=Basismodul+Japanologie&amp;tguid=0x36C43592A67D0F4BB620B6CD4C877BDA&amp;strSignMessage=\">Basismodul Japanologie (5 CP)<\/a><\/p><\/td><td><\/td><\/tr><tr><td><p>Teil 1: Einf\u00fchrung in die Japanologie (Vorlesung),WS 2017\/18<\/p><\/td><td><\/td><\/tr><tr><td><p>Teil 2: Grundlagen Geschichte 1 (Vorlesung), SoSe 2018<\/p><\/td><td><\/td><\/tr><tr><td><p>G4 Basismodul &#8222;Japan&#8220;<\/p><\/td><td><\/td><\/tr><tr><td><p>Studierende der Japanologie k\u00f6nnen an diesem Modul zwar teilnehmen, jedoch keine Credit Points f\u00fcr den Optionalbereich erwerben!<\/p><\/td><td><\/td><\/tr><tr><td><p><\/p><\/td><td><\/td><\/tr><tr><td width=\"90%\"><p><a href=\"https:\/\/vvz.ruhr-uni-bochum.de\/campus\/all\/module.asp?gguid=0x241657113758514DB236BEAD57170EA0&amp;fieldgguid=&amp;findmodule=Basismodul+Sino&amp;tguid=0x36C43592A67D0F4BB620B6CD4C877BDA&amp;strSignMessage=\">Basismodul Sinologie (5 CP)<\/a><\/p><\/td><td><\/td><\/tr><tr><td><p>Teil 1: Grundz\u00fcge der chinesischen Geschichte, SoSe 2018<\/p><\/td><td><\/td><\/tr><tr><td><p>Teil 2: Einf\u00fchrung in die chinesische Philosophie (Seminar), WS 2017\/18<\/p><\/td><td><\/td><\/tr><tr><td><p>Teil 3: Einf\u00fchrung in die chinesische Literaturgeschichte (Seminar), SoSe 2018<\/p><\/td><td><\/td><\/tr><tr><td><p>Teil 4: Einf\u00fchrung in die Sprachwissenschaft des Chinesischen, WS 2017\/18<\/p><\/td><td><\/td><\/tr><tr><td><p>G4 Basismodul &#8222;China&#8220;<\/p><\/td><td><\/td><\/tr><tr><td><p>Zwei der angebotenen Modulteile bilden das Modul. Sie k\u00f6nnen frei w\u00e4hlen, welche zwei Teile Sie besuchen m\u00f6chten. Das Modul kann je nach Zusammensetzung sowohl im Winter- als auch Sommersemester begonnen werden. Das Modul ist auch Teil des sinologischen Grundstudiums und kann daher f\u00fcr Sinologiestudenten nicht \u00fcber den Optionalbereich sondern nur f\u00fcr den Studiengang Sinologie kreditiert werden. F\u00fcr den Besuch von Teil 4 sind Vorkenntnisse der chinesischen Sprache auf dem Niveau des Moduls &#8222;Modernes Chinesisch Grundstufe 1&#8220; erforderlich<\/p><\/td><td><\/td><\/tr><tr><td><p><\/p><\/td><td><\/td><\/tr><tr><td width=\"90%\"><p><a href=\"https:\/\/vvz.ruhr-uni-bochum.de\/campus\/all\/module.asp?gguid=0x2C63526CC64AC54CB2269296AEF1B9B1&amp;fieldgguid=&amp;mode=&amp;findmodule=Einf%FChrung+in+die+kore&amp;tguid=0x36C43592A67D0F4BB620B6CD4C877BDA\">Einf\u00fchrung in die koreanische Geschichte (5 CP)<\/a><\/p><\/td><td><\/td><\/tr><tr><td><p>Teil 1: Vormoderne koreanische Geschichte (Einf\u00fchrung in die Geschichte Koreas I) (Vorlesung), WS 2017\/18<\/p><\/td><td><\/td><\/tr><tr><td><p>Teil 2: Neuere Geschichte Koreas (Einf\u00fchrung in die Geschichte Koreas II) SoSe 2018<\/p><\/td><td><\/td><\/tr><tr><td><p>G4 Basismodul &#8222;Korea&#8220;<\/p><\/td><td><\/td><\/tr><tr><td><p>Studierende der Koreanistik k\u00f6nnen an diesem Modul zwar teilnehmen, jedoch keine Credit Points f\u00fcr den Optionalbereich erwerben!<\/p><\/td><td><\/td><\/tr><tr><td><p><\/p><\/td><td><\/td><\/tr><tr><td width=\"90%\"><p><a href=\"https:\/\/vvz.ruhr-uni-bochum.de\/campus\/all\/module.asp?gguid=0xEC7EA166F1741549811452B0A18EAC5C&amp;fieldgguid=&amp;findmodule=Niho&amp;tguid=0x36C43592A67D0F4BB620B6CD4C877BDA&amp;strSignMessage=\">Nihongogaku (5 CP)<\/a><\/p><\/td><td><\/td><\/tr><tr><td><p>Teil 1: \u00dcberblick \u00fcber die japanische Sprache I (Seminar), SoSe 2018<\/p><\/td><td><\/td><\/tr><tr><td><p>Teil 2: \u00dcberblick \u00fcber die japanische Sprache II (Seminar), WS 2017\/18<\/p><\/td><td><\/td><\/tr><tr><td><p>G4 Basismodul &#8222;Japan&#8220;<\/p><\/td><td><\/td><\/tr><tr><td><p>Studierende der Japanologie k\u00f6nnen an diesem Modul zwar teilnehmen, jedoch keine Credit Points f\u00fcr den Optionalbereich erwerben!<\/p><\/td><td><\/td><\/tr><tr><td><\/td><td><\/td><\/tr><tr><td colspan=\"2\"><p>Philosophie<\/p><\/td><\/tr><tr><td width=\"90%\"><p><a href=\"https:\/\/vvz.ruhr-uni-bochum.de\/campus\/all\/module.asp?gguid=0x4EED567661243846AF2A985D452DD992&amp;fieldgguid=&amp;findmodule=der+Geist+der+Tiere&amp;tguid=0x36C43592A67D0F4BB620B6CD4C877BDA&amp;strSignMessage=\">Der Geist der Tiere\/Tierethik (5 CP)<\/a><\/p><\/td><td><\/td><\/tr><tr><td><p>Teil 1: Der Geist der Tiere (Vorlesung), WS 2017\/18<\/p><\/td><td><\/td><\/tr><tr><td><p>Teil 2: Grundprobleme der Tierethik (Seminar), WS 2017\/18<\/p><\/td><td><\/td><\/tr><tr><td><p>G4 Basismodul &#8222;Praktische Philosophie&#8220;<\/p><\/td><td><\/td><\/tr><tr><td><p>Studierende des Faches Philosophie d\u00fcrfen an diesem Modul nicht teilnehmen.<\/p><\/td><td><\/td><\/tr><tr><td><p><\/p><\/td><td><\/td><\/tr><tr><td width=\"90%\"><p><a href=\"https:\/\/vvz.ruhr-uni-bochum.de\/campus\/all\/module.asp?gguid=0xEB14168EC9441D47B02585F0AED1F14F&amp;fieldgguid=&amp;findmodule=EInf%FChrung+in+die+Grundz%FCge&amp;tguid=0x36C43592A67D0F4BB620B6CD4C877BDA&amp;strSignMessage=\">Einf\u00fchrung in die Grundz\u00fcge der Logik (5 CP)<\/a><\/p><\/td><td><\/td><\/tr><tr><td><p>Teil 1: Grundz\u00fcge der Logik(Vorlesung), WS 2017\/18<\/p><\/td><td><\/td><\/tr><tr><td><p>Teil 2: \u00dcbung zur Vorlesung: Grundz\u00fcge der Logik (\u00dcbung), WS 2017\/18<\/p><\/td><td><\/td><\/tr><tr><td><p>G4 Basismodul &#8222;Praktische Philosophie&#8220;<\/p><\/td><td><\/td><\/tr><tr><td><p>Studierende des Faches Philosophie d\u00fcrfen an diesem Modul nicht teilnehmen!<\/p><\/td><td><\/td><\/tr><tr><td><p><\/p><\/td><td><\/td><\/tr><tr><td width=\"90%\"><p><a href=\"https:\/\/vvz.ruhr-uni-bochum.de\/campus\/all\/module.asp?gguid=0x6D675AB1F092774B887B481A7775FDEC&amp;fieldgguid=&amp;findmodule=Grundprob&amp;tguid=0x36C43592A67D0F4BB620B6CD4C877BDA&amp;strSignMessage=\">Grundprobleme der Theoretischen Philosophie aus historischer und aktueller Perspektive (5 CP)<\/a><\/p><\/td><td><\/td><\/tr><tr><td><p>Teil 1: Einf\u00fchrung in die Philosophie der Antike und des Mittelalters (Vorlesung), WS 2017\/18<\/p><\/td><td><\/td><\/tr><tr><td><p>Teil 2: Einf\u00fchrung in die Theoretische Philosophie (Vorlesung), WS 2017\/18<\/p><\/td><td><\/td><\/tr><tr><td><p>G4 Basismodul &#8222;Geschichte der Philosophie&#8220;<\/p><\/td><td><\/td><\/tr><tr><td><p>Studierende der Philosophie k\u00f6nnen an diesem Modul nicht teilnehmen.<\/p><\/td><td><\/td><\/tr><tr><td><\/td><td><\/td><\/tr><tr><td colspan=\"2\"><p>Physik und Astronomie<\/p><\/td><\/tr><tr><td width=\"90%\"><p><a href=\"https:\/\/vvz.ruhr-uni-bochum.de\/campus\/all\/module.asp?gguid=0xCEA7C740C0DE3F478EECCCD6DC918AA1&amp;fieldgguid=&amp;findmodule=Analogelektronik&amp;tguid=0x36C43592A67D0F4BB620B6CD4C877BDA&amp;strSignMessage=\">Analogelektronik (OPT) (5 CP)<\/a><\/p><\/td><td><\/td><\/tr><tr><td><p>Teil 1: Analogelektronik (Vorlesung), WS 2017\/18<\/p><\/td><td><\/td><\/tr><tr><td><p>Teil 2: Analogelektronik (\u00dcbung), WS 2017\/18<\/p><\/td><td><\/td><\/tr><tr><td><p>G4 Basismodul &#8222;Elektronik f\u00fcr physikalische Experimente&#8220;<\/p><\/td><td><\/td><\/tr><tr><td><p>Studierende der Physik k\u00f6nnen sich dieses Modul nicht f\u00fcr den Optionalbereich anrechnen lassen.<\/p><\/td><td><\/td><\/tr><tr><td><p><\/p><\/td><td><\/td><\/tr><tr><td width=\"90%\"><p><a href=\"https:\/\/vvz.ruhr-uni-bochum.de\/campus\/all\/module.asp?gguid=0xA16AE5024B0F1F479889CD84B25F7E58&amp;fieldgguid=&amp;findmodule=Mathematische+Hilf&amp;tguid=0x36C43592A67D0F4BB620B6CD4C877BDA&amp;strSignMessage=\">Mathematische Hilfsmittel der Physik (OPT) (5 CP)<\/a><\/p><\/td><td><\/td><\/tr><tr><td><p>Teil 1: Einf\u00fchrung in die mathematischen Hilfsmittel der Physik (Vorlesung), WS 2017\/18<\/p><\/td><td><\/td><\/tr><tr><td><p>Teil 2: Einf\u00fchrung in die mathematischen Hilfsmittel der Physik (\u00dcbung), WS 2017\/18<\/p><\/td><td><\/td><\/tr><tr><td><p>G4 Basismodul &#8222;Mathematischen Methoden f\u00fcr die Physik&#8220;<\/p><\/td><td><\/td><\/tr><tr><td><p>Bitte beachten Sie: 2-Fach-B.A.-Studierende der Physik und \/ oder Mathematik k\u00f6nnen nur dann CP f\u00fcr den Optionalbereich erwerben, wenn sie das Modul vor Ihrem ersten Fachsemester besuchen. Studierende der Physik im Bachelor of Science (1-Fach B.Sc.) ist das Modul nicht als Studienleistung anrechenbar.<\/p><\/td><td><\/td><\/tr><tr><td><p><\/p><\/td><td><\/td><\/tr><tr><td width=\"90%\"><p><a href=\"https:\/\/vvz.ruhr-uni-bochum.de\/campus\/all\/module.asp?gguid=0x1568ADBA95674346ABFF5C4DDC53A7DD&amp;fieldgguid=&amp;mode=&amp;findmodule=Mathematische+Meth&amp;tguid=0x36C43592A67D0F4BB620B6CD4C877BDA\">Mathematische Methoden der Physik I (OPT) (5 CP)<\/a><\/p><\/td><td><\/td><\/tr><tr><td><p>Teil 1: Mathematische Methoden der Physik I (Vorlesung), WS 2017\/18<\/p><\/td><td><\/td><\/tr><tr><td><p>Teil 2: Mathematische Methoden der Physik I (Lerngruppen) (\u00dcbung) ,WS 2017\/18<\/p><\/td><td><\/td><\/tr><tr><td><p>G4 Basismodul &#8222;Mathematische Methoden f\u00fcr die Physik&#8220;<\/p><\/td><td><\/td><\/tr><tr><td><p><\/p><\/td><td><\/td><\/tr><tr><td width=\"90%\"><p><a href=\"https:\/\/vvz.ruhr-uni-bochum.de\/campus\/all\/module.asp?gguid=0x214313404D7E4849B4EAA91383DE1753&amp;fieldgguid=&amp;mode=&amp;findmodule=Physik+I&amp;tguid=0x36C43592A67D0F4BB620B6CD4C877BDA\">Physik I (Schwerpunkt Chemie, Biochemie, Geowissenschaften) (5 CP)<\/a><\/p><\/td><td><\/td><\/tr><tr><td><p>Teil 1: Physik I f\u00fcr Studierende der Biochemie, Chemie und Geowissenschaften (Vorlesung), WS 2017\/18<\/p><\/td><td><\/td><\/tr><tr><td><p>Teil 2: Physik I f\u00fcr Studierende der Biochemie, Chemie und Geowissenschaften (\u00dcbung), WS 2017\/18<\/p><\/td><td><\/td><\/tr><tr><td><p>G4 Basismodul &#8222;Grundlagen der Physik&#8220;<\/p><\/td><td><\/td><\/tr><tr><td><p>Da die Veranstaltung inhaltlich der Physik I (Schwerpunkt Biologie) gleicht, kann nur jeweils eine von beiden f\u00fcr den Optionalbereich anerkannt werden. Studierende des B.Sc. &#8211; Studiengangs Chemie, Biochemie, Geowissenschaften sowie Studierende der Physik k\u00f6nnen an diesem Modul nicht teilnehmen!<\/p><\/td><td><\/td><\/tr><tr><td><p><\/p><\/td><td><\/td><\/tr><tr><td width=\"90%\"><p><a href=\"https:\/\/vvz.ruhr-uni-bochum.de\/campus\/all\/module.asp?gguid=0xB929A78FC3A7D1458AC126D738B18F61&amp;fieldgguid=&amp;mode=&amp;findmodule=Physik+I&amp;tguid=0x36C43592A67D0F4BB620B6CD4C877BDA\">Physik II (Schwerpunkt Biologie) (OPT) (5 CP)<\/a><\/p><\/td><td><\/td><\/tr><tr><td><p>Teil 1: Physik II f\u00fcr Studierende der Biologie (Vorlesung), WS 2017\/18<\/p><\/td><td><\/td><\/tr><tr><td><p>Teil 2: Physik II f\u00fcr Studierende der Biologie (\u00fcbung), WS 2017\/18<\/p><\/td><td><\/td><\/tr><tr><td><p>G4 Basismodul &#8222;Grundlagen der Physik&#8220;<\/p><\/td><td><\/td><\/tr><tr><td><p>Da die Veranstaltung inhaltlich der Physik II (Schwerpunkt Chemie) gleicht, kann nur jeweils eine von beiden f\u00fcr den Optionalbereich anerkannt werden. F\u00fcr Studierende des B.Sc. &#8211; Studiengangs Biologie ist dieses Modul nicht im Optionalbereich anrechenbar. Studierende der Physik k\u00f6nnen an diesem Modul nicht teilnehmen!<\/p><\/td><td><\/td><\/tr><tr><td><p><\/p><\/td><td><\/td><\/tr><tr><td width=\"90%\"><p><a href=\"https:\/\/vvz.ruhr-uni-bochum.de\/campus\/all\/module.asp?gguid=0x783EB5F7580F934E942782093D40261F&amp;fieldgguid=&amp;findmodule=Physik+des+Univ&amp;tguid=0x36C43592A67D0F4BB620B6CD4C877BDA&amp;strSignMessage=\">Physik des Universums: Vom Urknall bis zur Supernova (OPT) (5 CP)<\/a><\/p><\/td><td><\/td><\/tr><tr><td><p>Teil 1: Physik des Universums: Vom Urknall bis zur Supernova (Vorlesung), WS 2017\/18<\/p><\/td><td><\/td><\/tr><tr><td><p>Teil 2: Physik des Universums: Vom Urknall bis zur Supernova (\u00dcbung), WS 2017\/18<\/p><\/td><td><\/td><\/tr><tr><td><p>G4 Basismodul &#8222;Physik des Universums&#8220;<\/p><\/td><td><\/td><\/tr><tr><td><p>Studierende der Physik k\u00f6nnen an diesem Modul nicht teilnehmen!<\/p><\/td><td><\/td><\/tr><tr><td><p><\/p><\/td><td><\/td><\/tr><tr><td width=\"90%\"><p><a href=\"https:\/\/vvz.ruhr-uni-bochum.de\/campus\/all\/module.asp?gguid=0x12C096F7DAAA47498974A5E2E9C61E6F&amp;fieldgguid=&amp;findmodule=Physik+f%FCr&amp;tguid=0x36C43592A67D0F4BB620B6CD4C877BDA&amp;strSignMessage=\">Physik f\u00fcr Nicht-Physikerinnen und Nicht-Physiker (OPT) (5 CP)<\/a><\/p><\/td><td><\/td><\/tr><tr><td><p>Teil 1: Physik f\u00fcr Nicht-Physikerinnen und Nicht-Physiker (Vorlesung), WS 2017\/18<\/p><\/td><td><\/td><\/tr><tr><td><p>Teil 2: Physik f\u00fcr Nicht-Physikerinnen und Nicht-Physiker (\u00dcbung), WS 2017\/18<\/p><\/td><td><\/td><\/tr><tr><td><p>G4 Basismodul &#8222;Grundlagen der Physik&#8220;<\/p><\/td><td><\/td><\/tr><tr><td><p>Studierende der Physik k\u00f6nnen an diesem Modul nicht teilnehmen!<\/p><\/td><td><\/td><\/tr><tr><td><\/td><td><\/td><\/tr><tr><td colspan=\"2\"><p>Rechtswissenschaft<\/p><\/td><\/tr><tr><td width=\"90%\"><p><a href=\"https:\/\/vvz.ruhr-uni-bochum.de\/campus\/all\/module.asp?gguid=0xDCB6FBE84D3A0640A2FE2E228358F14D&amp;fieldgguid=&amp;findmodule=Basismodul+Arbeitsrecht&amp;tguid=0x36C43592A67D0F4BB620B6CD4C877BDA&amp;strSignMessage=\">Basismodul Arbeitsrecht (5 CP)<\/a><\/p><\/td><td><\/td><\/tr><tr><td><p>Teil 1: Arbeitsrecht f\u00fcr Nichtjuristen (Vorlesung), WS 2017\/18<\/p><\/td><td><\/td><\/tr><tr><td><p>Teil 2: Methodenlehre (Vorlesung), WS 2017\/18<\/p><\/td><td><\/td><\/tr><tr><td><p>G4 Basismodul &#8222;Rechtswissenschaft&#8220;<\/p><\/td><td><\/td><\/tr><tr><td><p>Studierende, die einen Modulteil im Rahmen eines anderen Moduls belegen, k\u00f6nnen an diesem Modul nicht teilnehmen.<\/p><\/td><td><\/td><\/tr><tr><td><p><\/p><\/td><td><\/td><\/tr><tr><td width=\"90%\"><p><a href=\"https:\/\/vvz.ruhr-uni-bochum.de\/campus\/all\/module.asp?gguid=0xEFD1CB6E3F55C343B3581B3ED57A7A16&amp;fieldgguid=&amp;findmodule=Basismodul+%D6ffentliches&amp;tguid=0x36C43592A67D0F4BB620B6CD4C877BDA&amp;strSignMessage=\">Basismodul \u00d6ffentliches Recht (5 CP)<\/a><\/p><\/td><td><\/td><\/tr><tr><td><p>Teil 1: \u00d6ffentliches Recht (f\u00fcr Nichtjuristen) (Vorlesung), WS 2017\/18<\/p><\/td><td><\/td><\/tr><tr><td><p>Teil 2: Methodenlehre (Vorlesung), WS 2017\/18<\/p><\/td><td><\/td><\/tr><tr><td><p>G4 Basismodul &#8222;Rechtswissenschaft&#8220;<\/p><\/td><td><\/td><\/tr><tr><td><p>Studierende, die einen Modulteil im Rahmen eines anderen Moduls belegen, k\u00f6nnen an diesem Modul nicht teilnehmen.<\/p><\/td><td><\/td><\/tr><tr><td><p><\/p><\/td><td><\/td><\/tr><tr><td width=\"90%\"><p><a href=\"https:\/\/vvz.ruhr-uni-bochum.de\/campus\/all\/module.asp?gguid=0x5E0C360EAB8FB54286611E7D319C000B&amp;fieldgguid=&amp;mode=&amp;findmodule=Basismodul+Rechtsgeschichte&amp;tguid=0x36C43592A67D0F4BB620B6CD4C877BDA\">Basismodul Rechtsgeschichte (5 CP)<\/a><\/p><\/td><td><\/td><\/tr><tr><td><p>Teil 1: R\u00f6mische Rechtsgeschichte (Vorlesung), WS 2017\/18<\/p><\/td><td><\/td><\/tr><tr><td><p>Teil 2: Deutsche Rechtsgeschichte (Vorlesung), SoSe 2018<\/p><\/td><td><\/td><\/tr><tr><td><p>G4 Basismodul &#8222;Rechtswissenschaft&#8220;<\/p><\/td><td><\/td><\/tr><tr><td><p>Studierende, die einen Modulteil im Rahmen eines anderen Moduls belegen, k\u00f6nnen an diesem Modul nicht teilnehmen.<\/p><\/td><td><\/td><\/tr><tr><td><p><\/p><\/td><td><\/td><\/tr><tr><td width=\"90%\"><p><a href=\"https:\/\/vvz.ruhr-uni-bochum.de\/campus\/all\/module.asp?gguid=0x120145B6E046384A96B8A0044B9B91CC&amp;fieldgguid=&amp;findmodule=Basismodul+Rechtsp&amp;tguid=0x36C43592A67D0F4BB620B6CD4C877BDA&amp;strSignMessage=\">Basismodul Rechtsphilosophie (5 CP)<\/a><\/p><\/td><td><\/td><\/tr><tr><td><p>Teil 1: Philosophy of Law (Vorlesung), WS 2017\/18<\/p><\/td><td><\/td><\/tr><tr><td><p>Teil 2: Methodenlehre (Vorlesung), WS 2017\/18<\/p><\/td><td><\/td><\/tr><tr><td><p>G4 Basismodul &#8222;Rechtswissenschaft&#8220;<\/p><\/td><td><\/td><\/tr><tr><td><p>Studierende, die in vergangenen Semestern bereits das \u201eBasismodul Grundlagen des Rechts\u201c belegt haben, k\u00f6nnen an diesem Modul nicht teilnehmen. Studierende, die einen Modulteil im Rahmen eines anderen Moduls belegen, k\u00f6nnen an diesem Modul nicht teilnehmen.<\/p><\/td><td><\/td><\/tr><tr><td><p><\/p><\/td><td><\/td><\/tr><tr><td width=\"90%\"><p><a href=\"https:\/\/vvz.ruhr-uni-bochum.de\/campus\/all\/module.asp?gguid=0x51FED4DA8892994CBA7A0D681610B227&amp;fieldgguid=&amp;findmodule=Kriminologie&amp;tguid=0x36C43592A67D0F4BB620B6CD4C877BDA&amp;strSignMessage=\">Kriminologie (Optionalbereich) (5 CP)<\/a><\/p><\/td><td><\/td><\/tr><tr><td><p>Teil 1: Kriminologie I (Vorlesung), WS 2017\/18<\/p><\/td><td><\/td><\/tr><tr><td><p>Teil 2: Ausgew\u00e4hlte Themen zur Kriminologie (Erg\u00e4nzende Vorlesung), WS 2017\/18<\/p><\/td><td><\/td><\/tr><tr><td><p>G4 Basismodul &#8222;Rechtswissenschaft&#8220;<\/p><\/td><td><\/td><\/tr><tr><td><\/td><td><\/td><\/tr><tr><td colspan=\"2\"><p>Religionswissenschaft<\/p><\/td><\/tr><tr><td width=\"90%\"><p><a href=\"https:\/\/vvz.ruhr-uni-bochum.de\/campus\/all\/module.asp?gguid=0xFCAB9754D4A18B459291A8D97FE95977&amp;fieldgguid=&amp;findmodule=Iran+und+Islam&amp;tguid=0x36C43592A67D0F4BB620B6CD4C877BDA&amp;strSignMessage=\">Iran und Islam (5 CP)<\/a><\/p><\/td><td><\/td><\/tr><tr><td><p>Teil 1: Die religi\u00f6sen Verh\u00e4ltnisse Irans in der Epoche der Ach\u00e4meniden (Seminar), WS 2017\/18<\/p><\/td><td><\/td><\/tr><tr><td><p>Teil 2: Iran und Islam \u2013 die fr\u00fch-islamische Zeit im iranischen Kulturraum (Seminar) , WS 2017\/18<\/p><\/td><td><\/td><\/tr><tr><td><p>G4 Grundlagen der Religionswissenschaft \/ G4 Basismodul &#8222;Kulturelle Kompetenz&#8220;<\/p><\/td><td><\/td><\/tr><tr><td><p>Studierende der Religionswissenschaft k\u00f6nnen in diesem Modul keine CP f\u00fcr den Optionalbereich erwerben!<\/p><\/td><td><\/td><\/tr><tr><td><p><\/p><\/td><td><\/td><\/tr><tr><td width=\"90%\"><p><a href=\"https:\/\/vvz.ruhr-uni-bochum.de\/campus\/all\/module.asp?gguid=0x673143F001A69C41A585AFE01DB7526B&amp;fieldgguid=&amp;findmodule=Islamische&amp;tguid=0x36C43592A67D0F4BB620B6CD4C877BDA&amp;strSignMessage=\">Islamische Religionsgeschichte (5 CP)<\/a><\/p><\/td><td><\/td><\/tr><tr><td><p>Teil 1: Islam II (Seminar), WS 2017\/18<\/p><\/td><td><\/td><\/tr><tr><td><p>Teil 2: Lebensf\u00fchrung unter der Bedingungen kultureller Diversit\u00e4t &#8211; empirische Studien zur Bedeutung der Religion in der Gegenwart (Seminar), WS 2017\/18<\/p><\/td><td><\/td><\/tr><tr><td><p>G4 Grundlagen der Religionswissenschaft<\/p><\/td><td><\/td><\/tr><tr><td><p>Studierende der Religionswissenschaft k\u00f6nnen in diesem Modul keine CP f\u00fcr den Optionalbereich erwerben! Studierende des Optionalbereichs k\u00f6nnen, wenn sie dieses Modul belegen, nicht das Modul &#8222;Religionswissenschaftliche Zug\u00e4nge zu islamischer Religionsgeschichte&#8220; belegen.<\/p><\/td><td><\/td><\/tr><tr><td><p><\/p><\/td><td><\/td><\/tr><tr><td width=\"90%\"><p><a href=\"https:\/\/vvz.ruhr-uni-bochum.de\/campus\/all\/module.asp?gguid=0x53ED5BAF82083F439A67A509DADB152C&amp;fieldgguid=&amp;findmodule=j%FCdische&amp;tguid=0x36C43592A67D0F4BB620B6CD4C877BDA&amp;strSignMessage=\">J\u00fcdische Religionsgeschichte (5 CP)<\/a><\/p><\/td><td><\/td><\/tr><tr><td><p>Teil 1: Grundkurs Judentum II: Judentum vom Mittelalter bis zur Gegenwart (Seminar), WS 2017\/18<\/p><\/td><td><\/td><\/tr><tr><td><p>Teil 2: Materielle Kultur im Judentum (Seminar),WS 2017\/18<\/p><\/td><td><\/td><\/tr><tr><td><p>G4 Grundlagen der Religionswissenschaft<\/p><\/td><td><\/td><\/tr><tr><td><p>Studierende der Religionswissenschaft k\u00f6nnen in diesem Modul keine CP f\u00fcr den Optionalbereich erwerben! Studierende des Optionalbereichs k\u00f6nnen, wenn sie dieses Modul belegen, nicht das Modul &#8222;Religionswissenschaftliche Zug\u00e4nge zu j\u00fcdischer Religionsgeschichte&#8220; belegen.<\/p><\/td><td><\/td><\/tr><tr><td><p><\/p><\/td><td><\/td><\/tr><tr><td width=\"90%\"><p><a href=\"https:\/\/vvz.ruhr-uni-bochum.de\/campus\/all\/module.asp?gguid=0x74CCF12C80B6B642ABA84DED865DD90F&amp;fieldgguid=&amp;mode=&amp;findmodule=Religionswissensch&amp;tguid=0x36C43592A67D0F4BB620B6CD4C877BDA\">Religionswissenschaftliche Zug\u00e4nge und Religionsforschung (5 CP)<\/a><\/p><\/td><td><\/td><\/tr><tr><td><p>Teil 1: Einf\u00fchrung in Methoden der empirischen und historischen Religionsforschung (\u00dcbung), WS 2017\/18<\/p><\/td><td><\/td><\/tr><tr><td><p>Teil 2: Einf\u00fchrung in die Religionswissenschaft (Vorlesung), WS 2017\/18<\/p><\/td><td><\/td><\/tr><tr><td><p>G4 Grundlagen der Religionswissenschaft<\/p><\/td><td><\/td><\/tr><tr><td><p>Studierende der Religionswissenschaft k\u00f6nnen in diesem Modul keine CP f\u00fcr den Optionalbereich erwerben! Studierende des Optionalbereichs k\u00f6nnen, wenn sie dieses Modul belegen, nicht die anderen Module &#8222;Religionswissenschaftliche Zug\u00e4nge zu&#8230;&#8220; belegen<\/p><\/td><td><\/td><\/tr><tr><td><p><\/p><\/td><td><\/td><\/tr><tr><td width=\"90%\"><p><a href=\"https:\/\/vvz.ruhr-uni-bochum.de\/campus\/all\/module.asp?gguid=0x03AA288D44411D4684EF49065636B884&amp;fieldgguid=&amp;mode=&amp;findmodule=Religionswissen&amp;tguid=0x36C43592A67D0F4BB620B6CD4C877BDA\">Religionswissenschaftliche Zug\u00e4nge zu amerikanischer Religion in der Moderne(5 CP)<\/a><\/p><\/td><td><\/td><\/tr><tr><td><p>Teil 1: Faith and the Vote (Seminar), WS 2017\/18<\/p><\/td><td><\/td><\/tr><tr><td><p>Teil 2: Einf\u00fchrung in die Religionswissenschaft (Vorlesung), WS 2017\/18<\/p><\/td><td><\/td><\/tr><tr><td><p>G4 Grundlagen der Religionswissenschaft<\/p><\/td><td><\/td><\/tr><tr><td><p>Studierende der Religionswissenschaft k\u00f6nnen in diesem Modul keine CP f\u00fcr den Optionalbereich erwerben! Studierende des Optionalbereichs k\u00f6nnen, wenn sie dieses Modul belegen, nicht die anderen Module &#8222;Religionswissenschaftliche Zug\u00e4nge zu&#8230;&#8220; belegen!<\/p><\/td><td><\/td><\/tr><tr><td><p><\/p><\/td><td><\/td><\/tr><tr><td width=\"90%\"><p><a href=\"https:\/\/vvz.ruhr-uni-bochum.de\/campus\/all\/module.asp?gguid=0x28881D5025E6CE439C5E6C99D0B9BA7F&amp;fieldgguid=&amp;mode=&amp;findmodule=Religionswissen&amp;tguid=0x36C43592A67D0F4BB620B6CD4C877BDA\">Religionswissenschaftliche Zug\u00e4nge zu antiker Religionsgeschichte (5 CP)<\/a><\/p><\/td><td><\/td><\/tr><tr><td><p>Teil 1: Zeitkonzeptionen in antiken und sp\u00e4tantiken Religionen (Seminar), WS 2017\/18<\/p><\/td><td><\/td><\/tr><tr><td><p>Teil 2: Einf\u00fchrung in die Religionswissenschaft (Vorlesung), WS 2017\/18<\/p><\/td><td><\/td><\/tr><tr><td><p>G4 Grundlagen der Religionswissenschaft<\/p><\/td><td><\/td><\/tr><tr><td><p>Studierende der Religionswissenschaft k\u00f6nnen in diesem Modul keine CP f\u00fcr den Optionalbereich erwerben! Studierende des Optionalbereichs k\u00f6nnen, wenn sie dieses Modul belegen, nicht die anderen Module &#8222;Religionswissenschaftliche Zug\u00e4nge zu&#8230;&#8220; belegen!<\/p><\/td><td><\/td><\/tr><tr><td><p><\/p><\/td><td><\/td><\/tr><tr><td width=\"90%\"><p><a href=\"https:\/\/vvz.ruhr-uni-bochum.de\/campus\/all\/module.asp?gguid=0xB670675C671FD4459722D0A0DAE68C44&amp;fieldgguid=&amp;mode=&amp;findmodule=Religionswissen&amp;tguid=0x36C43592A67D0F4BB620B6CD4C877BDA\">Religionswissenschaftliche Zug\u00e4nge zum Islam (5 CP)<\/a><\/p><\/td><td><\/td><\/tr><tr><td><p>Teil 1: Islam II (Seminar), WS 2017\/18<\/p><\/td><td><\/td><\/tr><tr><td><p>Teil 2: Einf\u00fchrung in die Religionswissenschaft (Vorlesung), WS 2017\/18<\/p><\/td><td><\/td><\/tr><tr><td><p>G4 Grundlagen der Religionswissenschaft<\/p><\/td><td><\/td><\/tr><tr><td><p>Studierende der Religionswissenschaft k\u00f6nnen in diesem Modul keine CP f\u00fcr den Optionalbereich erwerben! Studierende des Optionalbereichs k\u00f6nnen, wenn sie dieses Modul belegen, nicht die anderen Module &#8222;Religionswissenschaftliche Zug\u00e4nge zu&#8230;&#8220; belegen!<\/p><\/td><td><\/td><\/tr><tr><td><p><\/p><\/td><td><\/td><\/tr><tr><td width=\"90%\"><p><a href=\"https:\/\/vvz.ruhr-uni-bochum.de\/campus\/all\/module.asp?gguid=0xDC4010210DEDF44E8B306EC9F16715F6&amp;fieldgguid=&amp;mode=&amp;findmodule=Religionswissen&amp;tguid=0x36C43592A67D0F4BB620B6CD4C877BDA\">Religionswissenschaftliche Zug\u00e4nge zur j\u00fcdischen Religionsgeschichte (5 CP)<\/a><\/p><\/td><td><\/td><\/tr><tr><td><p>Teil 1: Materielle Kultur im Judentum (Seminar), WS 2017\/18<\/p><\/td><td><\/td><\/tr><tr><td><p>Teil 2: Einf\u00fchrung in die Religionswissenschaft (Vorlesung), WS 2017\/18<\/p><\/td><td><\/td><\/tr><tr><td><p>G4 Grundlagen der Religionswissenschaft<\/p><\/td><td><\/td><\/tr><tr><td><p>Studierende der Religionswissenschaft k\u00f6nnen in diesem Modul keine CP f\u00fcr den Optionalbereich erwerben! Studierende des Optionalbereichs k\u00f6nnen, wenn sie dieses Modul belegen, nicht die anderen Module &#8222;Religionswissenschaftliche Zug\u00e4nge zu&#8230;&#8220; belegen!<\/p><\/td><td><\/td><\/tr><tr><td><p><\/p><\/td><td><\/td><\/tr><tr><td width=\"90%\"><p><a href=\"https:\/\/vvz.ruhr-uni-bochum.de\/campus\/all\/module.asp?gguid=0x48CB21FFE7788F4DAE595F9B36CC091D&amp;fieldgguid=&amp;mode=&amp;findmodule=Religionswissen&amp;tguid=0x36C43592A67D0F4BB620B6CD4C877BDA\">Religionswissenschaftliche Zug\u00e4nge zur Religion in der Moderne (5 CP)<\/a><\/p><\/td><td><\/td><\/tr><tr><td><p>Teil 1: Religion in der Moderne: Vorderasien, Europa und Nordamerika (Vorlesung), WS 2017\/18<\/p><\/td><td><\/td><\/tr><tr><td><p>Teil 2: Einf\u00fchrung in die Religionswissenschaft (Vorlesung), WS 2017\/18<\/p><\/td><td><\/td><\/tr><tr><td><p>G4 Grundlagen der Religionswissenschaft<\/p><\/td><td><\/td><\/tr><tr><td><p>Studierende der Religionswissenschaft k\u00f6nnen in diesem Modul keine CP f\u00fcr den Optionalbereich erwerben! Studierende des Optionalbereichs k\u00f6nnen, wenn sie dieses Modul belegen, nicht die anderen Module &#8222;Religionswissenschaftliche Zug\u00e4nge zu&#8230;&#8220; belegen!<\/p><\/td><td><\/td><\/tr><tr><td><p><\/p><\/td><td><\/td><\/tr><tr><td width=\"90%\"><p><a href=\"https:\/\/vvz.ruhr-uni-bochum.de\/campus\/all\/module.asp?gguid=0xCED66A8A5AAF174D8CF1D52F1168C5C7&amp;fieldgguid=&amp;mode=&amp;findmodule=Religionswissen&amp;tguid=0x36C43592A67D0F4BB620B6CD4C877BDA\">Religionswissenschaftliche Zug\u00e4nge zur ostasiatischer Religionsgeschichte (5 CP)<\/a><\/p><\/td><td><\/td><\/tr><tr><td><p>Teil 1: Einf\u00fchrung in die Religionswissenschaft (Vorlesung), WS 2017\/18<\/p><\/td><td><\/td><\/tr><tr><td><p>G4 Grundlagen der Religionswissenschaft<\/p><\/td><td><\/td><\/tr><tr><td><p>Studierende der Religionswissenschaft k\u00f6nnen in diesem Modul keine CP f\u00fcr den Optionalbereich erwerben! Studierende des Optionalbereichs k\u00f6nnen, wenn sie dieses Modul belegen, nicht die anderen Module &#8222;Religionswissenschaftliche Zug\u00e4nge zu&#8230;&#8220; belegen!<\/p><\/td><td><\/td><\/tr><tr><td><p><\/p><\/td><td><\/td><\/tr><tr><td width=\"90%\"><p><a href=\"https:\/\/vvz.ruhr-uni-bochum.de\/campus\/all\/module.asp?gguid=0x6CD38ADEE8FBCC4D97FBD3BEAF4E77CD&amp;fieldgguid=&amp;mode=&amp;findmodule=Religionswissen&amp;tguid=0x36C43592A67D0F4BB620B6CD4C877BDA\">Religionswissenschaftliche Zug\u00e4nge zur zoroastrischen Religionsgeschichte (5 CP)<\/a><\/p><\/td><td><\/td><\/tr><tr><td><p>Teil 1: Zoroastrische Rituale und Ritualliteratur (Seminar), WS 2017\/18<\/p><\/td><td><\/td><\/tr><tr><td><p>Teil 2: Einf\u00fchrung in die Religionswissenschaft (Vorlesung), WS 2017\/18<\/p><\/td><td><\/td><\/tr><tr><td><p>G4 Grundlagen der Religionswissenschaft<\/p><\/td><td><\/td><\/tr><tr><td><p>Studierende der Religionswissenschaft k\u00f6nnen in diesem Modul keine CP f\u00fcr den Optionalbereich erwerben! Studierende des Optionalbereichs k\u00f6nnen, wenn sie dieses Modul belegen, nicht die anderen Module &#8222;Religionswissenschaftliche Zug\u00e4nge zu&#8230;&#8220; belegen!<\/p><\/td><td><\/td><\/tr><tr><td><p><\/p><\/td><td><\/td><\/tr><tr><td width=\"90%\"><p><a href=\"https:\/\/vvz.ruhr-uni-bochum.de\/campus\/all\/module.asp?gguid=0xF318D7561A1A444FA5B02D4DEC22EFBA&amp;fieldgguid=&amp;mode=&amp;findmodule=religionswissenschaftliche&amp;tguid=0x0DE70DAC81C5DB4A9C9E41DE3843EACA\">Religionswissenschaftliche Zug\u00e4nge zu systematischer Religionswissenschaft (5 CP)<\/a><\/p><\/td><td><\/td><\/tr><tr><td><p>Teil 1: Theorien und Ans\u00e4tze der Religionswissenschaft (Seminar), WS 2017\/18<\/p><\/td><td><\/td><\/tr><tr><td><p>Teil 2: Einf\u00fchrung in die Religionswissenschaft (Vorlesung), WS 2017\/18<\/p><\/td><td><\/td><\/tr><tr><td><p>G4 Grundlagen der Religionswissenschaft<\/p><\/td><td><\/td><\/tr><tr><td><p>Studierende der Religionswissenschaft k\u00f6nnen in diesem Modul keine CP f\u00fcr den Optionalbereich erwerben! Studierende des Optionalbereichs k\u00f6nnen, wenn sie dieses Modul belegen, nicht die anderen Module &#8222;Religionswissenschaftliche Zug\u00e4nge zu&#8230;&#8220; belegen.<\/p><\/td><td><\/td><\/tr><tr><td><p><\/p><\/td><td><\/td><\/tr><tr><td width=\"90%\"><p><a href=\"https:\/\/vvz.ruhr-uni-bochum.de\/campus\/all\/module.asp?gguid=0x4FB4DA7465F8BC4D90C648516E4DE0DB&amp;fieldgguid=&amp;mode=&amp;findmodule=Sprache+und+Kultur&amp;tguid=0x36C43592A67D0F4BB620B6CD4C877BDA\">Sprache und Kultur Ostasiens (5 CP)<\/a><\/p><\/td><td><\/td><\/tr><tr><td><p>Teil 1: Sanskrit II (\u00dcbung), WS 2017\/18<\/p><\/td><td><\/td><\/tr><tr><td><p>Teil 2: Ostasiatische Religionsgeschichte, WS 2017\/18<\/p><\/td><td><\/td><\/tr><tr><td><p>G1 Modul Sanskrit \/ G4 Basismodul &#8222;Kulturelle Kompetenz&#8220;<\/p><\/td><td><\/td><\/tr><tr><td><p>Studierende, die das Modul f\u00fcr Ihr Fachstudium anrechnen lassen, d\u00fcrfen dieses nicht im Rahmen des Optionalbereichs besuchen. F\u00fcr die Veranstaltung Sanskrit II wir ein erfolgreicher Abschluss von Sanskrit I (SoSe 17) vorausgesetzt.<\/p><\/td><td><\/td><\/tr><tr><td><p><\/p><\/td><td><\/td><\/tr><tr><td width=\"90%\"><p><a href=\"https:\/\/vvz.ruhr-uni-bochum.de\/campus\/all\/module.asp?gguid=0x808ACAC80A3D0B4E8E339B8FD93B09CF&amp;fieldgguid=&amp;findmodule=Zoroast&amp;tguid=0x36C43592A67D0F4BB620B6CD4C877BDA&amp;strSignMessage=\">Zoroastrismus &#8211; Eine Einf\u00fchrung in Sprache und Rituale (5 CP)<\/a><\/p><\/td><td><\/td><\/tr><tr><td><p>Teil 1: Altpersisch. Einf\u00fchrung in die Sprache und die Keilinschriften, WS 2017\/18<\/p><\/td><td><\/td><\/tr><tr><td><p>Teil 2: Zoroastrische Rituale und Ritualliteratur, WS 2017\/18<\/p><\/td><td><\/td><\/tr><tr><td><p>G1 Modul Persische Sprache und Kultur I \/ G4 Basismodul &#8222;Kulturelle Kompetenz&#8220;<\/p><\/td><td><\/td><\/tr><tr><td><p>Studierende der Religionswissenschaft k\u00f6nnen in diesem Modul keine CP f\u00fcr den Optionalbereich erwerben! Studierende des Optionalbereichs k\u00f6nnen, wenn sie dieses Modul belegen, nicht Das Modul \u201ePersisch II\u201c belegen.<\/p><\/td><td><\/td><\/tr><tr><td><\/td><td><\/td><\/tr><tr><td colspan=\"2\"><p>Romanistik<\/p><\/td><\/tr><tr><td width=\"90%\"><p><a href=\"https:\/\/vvz.ruhr-uni-bochum.de\/campus\/all\/module.asp?gguid=0x1E9A44B7AD2C1940BF574930411B4E5C&amp;fieldgguid=&amp;mode=&amp;findmodule=Portugie&amp;tguid=0x36C43592A67D0F4BB620B6CD4C877BDA\">Portugiesisch: Einf\u00fchrung in die Sprache und Kulturen Brasiliens, Portugals und des lusophonen Afrikas IV (5 CP)<\/a><\/p><\/td><td><\/td><\/tr><tr><td><p>Teil 1: Portugu\u00eas IV (\u00dcbung), WS 2017\/18<\/p><\/td><td><\/td><\/tr><tr><td><p>Teil 2: Landeskunde Seminar Lusophonie (Proseminar), SoSe 2018<\/p><\/td><td><\/td><\/tr><tr><td><p>G4 Aufbaumodul &#8222;Portugiesisch&#8220; \/ G1 Modul Portugiesisch III (bras.)<\/p><\/td><td><\/td><\/tr><tr><td><p>Studierende der Romanistik k\u00f6nnen an diesem Modul zwar teilnehmen, jedoch keine Credit Points f\u00fcr den Optionalbereich erwerben.<\/p><\/td><td><\/td><\/tr><tr><td><\/td><td><\/td><\/tr><tr><td colspan=\"2\"><p>Slavistik<\/p><\/td><\/tr><tr><td width=\"90%\"><p><a href=\"https:\/\/vvz.ruhr-uni-bochum.de\/campus\/all\/module.asp?gguid=0xDBB5D7DD24DA1943929DCFD3315281C7&amp;fieldgguid=&amp;findmodule=Polen&amp;tguid=0x36C43592A67D0F4BB620B6CD4C877BDA&amp;strSignMessage=\">Polen f\u00fcr Einsteiger\/innen &#8211; Landeskunde und aktuelle Politik Polens (5 CP)<\/a><\/p><\/td><td><\/td><\/tr><tr><td><p>Teil 1 und 2: Politische Sprache im heutigen Polen (\u00dcbung), WS 2017\/18<\/p><\/td><td><\/td><\/tr><tr><td><p>G4 Basismodul &#8222;Slavistik&#8220;<\/p><\/td><td><\/td><\/tr><tr><td><p><\/p><\/td><td><\/td><\/tr><tr><td width=\"90%\"><p><a href=\"https:\/\/vvz.ruhr-uni-bochum.de\/campus\/all\/module.asp?gguid=0x9BF1B123890E2A43A4423470A47320BF&amp;fieldgguid=&amp;findmodule=Unvergessen&amp;tguid=0x36C43592A67D0F4BB620B6CD4C877BDA&amp;strSignMessage=\">UnVergessen &#8211; Russisch als St\u00fctze im Alter und als Fundament in der Jugend (10 CP)<\/a><\/p><\/td><td><\/td><\/tr><tr><td><p>Teil 1: UnVergessen &#8211; zur sprachlichen Situation von russischen Immigranten im Alter: Vorbereitungsseminar (Seminar), WS 2017\/18<\/p><\/td><td><\/td><\/tr><tr><td><p>Teil 2:Betreuung und soziale Arbeit (Hospitanz, praktischer Teil), SoSe 2018<\/p><\/td><td><\/td><\/tr><tr><td><p>Teil 3: Nachbereitung, Reflexion und Pr\u00e4sentation (Seminar und Ausstellung), SoSe 2018<\/p><\/td><td><\/td><\/tr><tr><td><p>G2 Wissensvermittlung \/ G4 Basismodul &#8222;russische Kultur&#8220;<\/p><\/td><td><\/td><\/tr><tr><td><\/td><td><\/td><\/tr><tr><td colspan=\"2\"><p>Sozialwissenschaft<\/p><\/td><\/tr><tr><td width=\"90%\"><p><a href=\"https:\/\/vvz.ruhr-uni-bochum.de\/campus\/all\/module.asp?gguid=0x69EC8FC393AF3348BB34CA3B52C8D13A&amp;fieldgguid=&amp;mode=&amp;findmodule=Arbeits&amp;tguid=0x36C43592A67D0F4BB620B6CD4C877BDA\">Arbeits-, Wirtschafts- und Organisationssoziologie (5 CP)<\/a><\/p><\/td><td><\/td><\/tr><tr><td><p>Teil 1: Einf\u00fchrung in die Arbeits-, Wirtschafts- und Organisationssoziologie (Seminar), WS 2017\/18<\/p><\/td><td><\/td><\/tr><tr><td><p>Teil 2: Strukturierte Betreuung (\u00dcbung), WS 2017\/18<\/p><\/td><td><\/td><\/tr><tr><td><p>G4 Aufbaumodul &#8222;Soziologie&#8220;<\/p><\/td><td><\/td><\/tr><tr><td><p>Studierende der F\u00e4cher PWG, KIG und Soziologie sowie des Studiengangs Sozialwissenschaft k\u00f6nnen an diesem Modul nicht teilnehmen!<\/p><\/td><td><\/td><\/tr><tr><td><p><\/p><\/td><td><\/td><\/tr><tr><td width=\"90%\"><p><a href=\"https:\/\/vvz.ruhr-uni-bochum.de\/campus\/all\/module.asp?gguid=0xA06F446BDC17E0439A9C432BED928658&amp;fieldgguid=&amp;mode=&amp;findmodule=Einf%FChrung+in+die+Wirtschafts&amp;tguid=0x36C43592A67D0F4BB620B6CD4C877BDA\">Einf\u00fchrung in die Wirtschafts- und Sozialpolitik (5 CP)<\/a><\/p><\/td><td><\/td><\/tr><tr><td><p>Teil 1: Einf\u00fchrung in die Wirtschafts- und Sozialpolitik (Vorlesung), WS 2017\/18<\/p><\/td><td><\/td><\/tr><tr><td><p>Teil 2: Strukturierte Betreuung WiSoPo (nur f\u00fcr den Optionalbereich) (\u00dcbung), WS 2017\/18<\/p><\/td><td><\/td><\/tr><tr><td><p>G4 Basismodul &#8222;Sozial\u00f6konomik&#8220;<\/p><\/td><td><\/td><\/tr><tr><td><p>Studierende der F\u00e4cher PWG, Soziologie, Politikwissenschaft und Sozialpsychologie\/-anthropologie sowie des Studiengangs Sozialwissenschaft k\u00f6nnen an diesem Modul nicht teilnehmen!<\/p><\/td><td><\/td><\/tr><tr><td><p><\/p><\/td><td><\/td><\/tr><tr><td width=\"90%\"><p><a href=\"https:\/\/vvz.ruhr-uni-bochum.de\/campus\/all\/module.asp?gguid=0x5351940EE1F3E349A7700600B2A2A651&amp;fieldgguid=&amp;findmodule=Grundfragen+und+Haupt&amp;tguid=0x36C43592A67D0F4BB620B6CD4C877BDA&amp;strSignMessage=\">Grundfragen und Hauptbegriffe der Soziologie (Soziologie I) (5 CP)<\/a><\/p><\/td><td><\/td><\/tr><tr><td><p>Teil 1: Grundfragen und Hauptbegriffe der Soziologie I (Vorlesung), WS 2017\/18<\/p><\/td><td><\/td><\/tr><tr><td><p>Teil 2: Strukturierte Betreuung (\u00dcbung), WS 2017\/18<\/p><\/td><td><\/td><\/tr><tr><td><p>G4 Basismodul &#8222;Soziologie&#8220;<\/p><\/td><td><\/td><\/tr><tr><td><p>Studierende der F\u00e4cher PWG, KIG, Soziologie, Politikwissenschaft und Sozialpsychologie\/-anthropologie sowie des Studiengangs Sozialwissenschaft k\u00f6nnen an diesem Modul nicht teilnehmen.<\/p><\/td><td><\/td><\/tr><tr><td><p><\/p><\/td><td><\/td><\/tr><tr><td width=\"90%\"><p><a href=\"https:\/\/vvz.ruhr-uni-bochum.de\/campus\/all\/module.asp?gguid=0x2275CD4BF034154F8DB102288C7C9C5D&amp;fieldgguid=&amp;mode=&amp;findmodule=Politikwiss&amp;tguid=0x36C43592A67D0F4BB620B6CD4C877BDA\">Politikwissenschaft: Politisches System Deutschlands (5 CP)<\/a><\/p><\/td><td><\/td><\/tr><tr><td><p>Teil 1: Einf\u00fchrung in das politische System Deutschlands (PolWiss, Teil II; PolSys, Teil I) (Vorlesung), WS 2017\/18<\/p><\/td><td><\/td><\/tr><tr><td><p>Teil 2: Strukturierte Betreuung (PolSys, Teil II; PolWiss, Teil III) (\u00dcbung), WS 2017\/18<\/p><\/td><td><\/td><\/tr><tr><td><p>G4 Basismodul &#8222;Politikwissenschaft&#8220;<\/p><\/td><td><\/td><\/tr><tr><td><p>Studierende der F\u00e4cher PWG, KIG, Politikwissenschaft sowie des Studienganges Sozialwissenschaft k\u00f6nnen an dem Modul nicht teilnehmen!<\/p><\/td><td><\/td><\/tr><tr><td><p><\/p><\/td><td><\/td><\/tr><tr><td width=\"90%\"><p><a href=\"https:\/\/vvz.ruhr-uni-bochum.de\/campus\/all\/module.asp?gguid=0xEB06FE1AFFE09443BEA9A9587D8B9996&amp;fieldgguid=&amp;mode=&amp;findmodule=Sozial%2D+und&amp;tguid=0x36C43592A67D0F4BB620B6CD4C877BDA\">Sozial- und Kulturpsychologie (5 CP)<\/a><\/p><\/td><td><\/td><\/tr><tr><td><p>Teil 1: Einf\u00fchrung in die Sozial- und Kulturpsychologie (GrundSopsy, Teil I) (Vorlesung), WS 2017\/18<\/p><\/td><td><\/td><\/tr><tr><td><p>Teil 2: Strukturierte Betreuung (GrundSopsy, Teil III) (\u00dcbung), WS 2017\/18<\/p><\/td><td><\/td><\/tr><tr><td><p>G4 Basismodul &#8222;Sozialpsychologie&#8220;<\/p><\/td><td><\/td><\/tr><tr><td><p>Studierende des Faches Sozialpsychologie und -anthropologie, des Faches KIG, sowie des Studienganges Sozialwissenschaft k\u00f6nnen an dem Modul nicht teilnehmen.<\/p><\/td><td><\/td><\/tr><tr><td><p><\/p><\/td><td><\/td><\/tr><tr><td width=\"90%\"><p><a href=\"https:\/\/vvz.ruhr-uni-bochum.de\/campus\/all\/module.asp?gguid=0x39CDF0D81AF9CD41BD326318D8A1AA66&amp;fieldgguid=&amp;mode=&amp;findmodule=Sozial%2D+und&amp;tguid=0x36C43592A67D0F4BB620B6CD4C877BDA\">Sozial- und Kulturtheorie (5 CP)<\/a><\/p><\/td><td><\/td><\/tr><tr><td><p>Teil 1: Einf\u00fchrung in die Sozial- und Kulturtheorie: Positionen und Entwicklungen im 20. und 21. Jahrhundert (Vorlesung), WS 2017\/18<\/p><\/td><td><\/td><\/tr><tr><td><p>Teil 2: Sozial- und Kulturtheorie. Ausgew\u00e4hlte Lekt\u00fcre (SozThe, Teil II) (\u00dcbung), WS 2017\/18<\/p><\/td><td><\/td><\/tr><tr><td><p>G4 Aufbaumodul &#8222;Sozialpsychologie&#8220;<\/p><\/td><td><\/td><\/tr><tr><td><p>Studierende des Faches Sozialpsychologie und -anthropologie sowie des Studiengangs Sozialwissenschaft k\u00f6nnen an dem Modul nicht teilnehmen!<\/p><\/td><td><\/td><\/tr><tr><td><p><\/p><\/td><td><\/td><\/tr><tr><td width=\"90%\"><p><a href=\"https:\/\/vvz.ruhr-uni-bochum.de\/campus\/all\/module.asp?gguid=0xBC5AF3E499171B44B485E0FCF2E218E6&amp;fieldgguid=&amp;mode=&amp;findmodule=Sozial%2D+und&amp;tguid=0x36C43592A67D0F4BB620B6CD4C877BDA\">Sozial- und Kulturanthropologie (5 CP)<\/a><\/p><\/td><td><\/td><\/tr><tr><td><p>Teil 1: Einf\u00fchrung in die Sozial- und Kulturanthropologie (GrundSopsy, Teil II) (Vorlesung), WS 2017\/18<\/p><\/td><td><\/td><\/tr><tr><td><p>Teil 2: Strukturierte Betreuung (GrundSopsy, Teil II) (\u00dcbung), WS 2017\/18<\/p><\/td><td><\/td><\/tr><tr><td><p>G4 Basismodul &#8222;Sozialpsychologie&#8220;<\/p><\/td><td><\/td><\/tr><tr><td><p>Studierende des Faches Sozialpsychologie und -anthropologie, des Faches KIG, sowie des Studiengangs Sozialwissenschaft k\u00f6nnen an dem Modul nicht teilnehmen.<\/p><\/td><td><\/td><\/tr><tr><td><p><\/p><\/td><td><\/td><\/tr><tr><td width=\"90%\"><p><a href=\"https:\/\/vvz.ruhr-uni-bochum.de\/campus\/all\/module.asp?gguid=0xDACDD886C1571E4B9C86F69A68023575&amp;fieldgguid=&amp;findmodule=Sozialstruk&amp;tguid=0x36C43592A67D0F4BB620B6CD4C877BDA&amp;strSignMessage=\">Sozialstruktur und sozialer Wandel (Soziologie II) (5 CP)<\/a><\/p><\/td><td><\/td><\/tr><tr><td><p>Teil 1: Sozialstruktur und sozialer Wandel (Vorlesung), WS 2017\/18<\/p><\/td><td><\/td><\/tr><tr><td><p>Teil 2: Strukturierte Betreuung (\u00dcbung), WS 2017\/18<\/p><\/td><td><\/td><\/tr><tr><td><p>G4 Aufbaumodul &#8222;Soziologie&#8220;<\/p><\/td><td><\/td><\/tr><tr><td><p>Studierende der F\u00e4cher PWG, KIG, Soziologie, Politikwissenschaft und Sozialpsychologie\/-anthropologie sowie des Studiengangs Sozialwissenschaft k\u00f6nnen an diesem Modul nicht teilnehmen!<\/p><\/td><td><\/td><\/tr><tr><td><p><\/p><\/td><td><\/td><\/tr><tr><td width=\"90%\"><p><a href=\"https:\/\/vvz.ruhr-uni-bochum.de\/campus\/all\/module.asp?gguid=0x71EE7288194CB54488EDBA6C8887BB1F&amp;fieldgguid=&amp;findmodule=Theorien+und+Methoden&amp;tguid=0x36C43592A67D0F4BB620B6CD4C877BDA&amp;strSignMessage=\">Theorien und Methoden der Kulturpsychologie (5 CP)<\/a><\/p><\/td><td><\/td><\/tr><tr><td><p>Teil 1: Theorien und Methoden der Kulturpsychologie (SozKult, Teil I ) (Vorlesung), WS 2017\/18<\/p><\/td><td><\/td><\/tr><tr><td><p>Teil 2: Strukturierte Betreuung (SozKult, Teil III ) (\u00dcbung), WS 2017\/18<\/p><\/td><td><\/td><\/tr><tr><td><p>G4 Aufbaumodul &#8222;Sozialpsychologie&#8220;<\/p><\/td><td><\/td><\/tr><tr><td><p>Studierende des Faches Sozialpsychologie und -anthropologie, des Faches KIG, sowie des Studiengangs Sozialwissenschaft k\u00f6nnen an dem Modul nicht teilnehmen.<\/p><\/td><td><\/td><\/tr><tr><td><\/td><td><\/td><\/tr><tr><td colspan=\"2\"><p>Sportwissenschaft<\/p><\/td><\/tr><tr><td width=\"90%\"><p><a href=\"https:\/\/vvz.ruhr-uni-bochum.de\/campus\/all\/module.asp?gguid=0x5ED5D77DDF25FB42ACF2F1A1E91EDCB2&amp;fieldgguid=&amp;findmodule=Aufbau+des+K%F6rpers&amp;tguid=0x36C43592A67D0F4BB620B6CD4C877BDA&amp;strSignMessage=\">Aufbau des K\u00f6rpers sowie Funktionsweise in Ruhe und w\u00e4hrend k\u00f6rperlicher Belastung (5 CP)<\/a><\/p><\/td><td><\/td><\/tr><tr><td><p>Teil 1: Vorlesung Sportmedizin (Vorlesung), WS 2017\/18<\/p><\/td><td><\/td><\/tr><tr><td><p>Teil 2: Aufbau des K\u00f6rpers sowie Funktionsweise in Ruhe und w\u00e4hrend k\u00f6rperlicher Belastung (begleitende Blackboard-\u00dcbung zur Vorlesung) (Distant-Learning-Seminar), WS 2017\/18<\/p><\/td><td><\/td><\/tr><tr><td><p>G4 Sportmedizin<\/p><\/td><td><\/td><\/tr><tr><td><\/td><td><\/td><\/tr><tr><td width=\"90%\"><p><a href=\"https:\/\/vvz.ruhr-uni-bochum.de\/campus\/all\/module.asp?gguid=0x201740C2299E72459D76BDB02E4ABC18&amp;fieldgguid=&amp;findmodule=Choreo&amp;tguid=0x36C43592A67D0F4BB620B6CD4C877BDA&amp;strSignMessage=\">Choreographische Werkstatt (5 CP)<\/a><\/p><\/td><td><\/td><\/tr><tr><td><p>Teil 1: Elemente des Choreographierens im Tanz (Seminar), WS 2017\/18<\/p><\/td><td><\/td><\/tr><tr><td><p>Teil 2: Zeitgen\u00f6ssischer B\u00fchnentanz und Tanz im Film (Seminar), WS 2017\/18<\/p><\/td><td><\/td><\/tr><tr><td><p>G4 Sport und Gesellschaft \/ G2 K\u00fcnstlerische Pr\u00e4sentationstechniken<\/p><\/td><td><\/td><\/tr><tr><td><\/td><td><\/td><\/tr><tr><td><p><\/p><\/td><td><\/td><\/tr><tr><td width=\"90%\"><p><a href=\"https:\/\/vvz.ruhr-uni-bochum.de\/campus\/all\/module.asp?gguid=0x8F089D6BB4CE7B439AA9F93AB7BC537F&amp;fieldgguid=&amp;findmodule=Sportsoziol&amp;tguid=0x36C43592A67D0F4BB620B6CD4C877BDA&amp;strSignMessage=\">Sportsoziologie (5 CP)<\/a><\/p><\/td><td><\/td><\/tr><tr><td><p>Teil 1: Vorlesung Sport in soziologischer Perspektive (Vorlesung), WS 2017\/18<\/p><\/td><td><\/td><\/tr><tr><td><p>Teil 2: K\u00f6rperliche Dimensionen des Parkour (Seminar), WS 2017\/18<\/p><\/td><td><\/td><\/tr><tr><td><p>G4 Sport und Gesellschaft<\/p><\/td><td><\/td><\/tr><tr><td><p>Studierende der Sportwissenschaft k\u00f6nnen an diesem Modul nicht teilnehmen!<\/p><\/td><td><\/td><\/tr><tr><td><\/td><td><\/td><\/tr><tr><td colspan=\"2\"><p>Theaterwissenschaft<\/p><\/td><\/tr><tr><td width=\"90%\"><p><a href=\"https:\/\/vvz.ruhr-uni-bochum.de\/campus\/all\/module.asp?gguid=0xCBA5FAE3EDC4E744A205EAC47CC6150E&amp;fieldgguid=&amp;findmodule=Einf%FChrung+in+die+Theater&amp;tguid=0x36C43592A67D0F4BB620B6CD4C877BDA&amp;strSignMessage=\">Einf\u00fchrung in die Theaterwissenschaft unter besonderer Ber\u00fccksichtigung des Musiktheaters (5 CP)<\/a><\/p><\/td><td><\/td><\/tr><tr><td><p>Teil 1: Ringvorlesung Theatergeschichte (Vorlesung), WS 2017\/18<\/p><\/td><td><\/td><\/tr><tr><td><p>Teil 2: Monteverdi und die Anf\u00e4nge der Oper (Seminar), WS 2017\/18<\/p><\/td><td><\/td><\/tr><tr><td><p>G4 Basismodul &#8222;Musiktheater&#8220;<\/p><\/td><td><\/td><\/tr><tr><td width=\"100%\"><p>Studierende der Theaterwissenschaft k\u00f6nnen an diesem Modul nicht teilnehmen.<\/p><\/td><td><\/td><\/tr><tr><td><\/td><td><\/td><\/tr><tr><td colspan=\"2\"><p>Wirtschaftswissenschaft<\/p><\/td><\/tr><tr><td width=\"90%\"><p><a href=\"https:\/\/vvz.ruhr-uni-bochum.de\/campus\/all\/module.asp?gguid=0x840906A1B9514841A723002E5FC49CEB&amp;fieldgguid=&amp;mode=&amp;findmodule=Einf%FChrung+in+das+Rechn&amp;tguid=0x36C43592A67D0F4BB620B6CD4C877BDA\">Einf\u00fchrung in das Rechnungswesen\/Controlling (5 CP)<\/a><\/p><\/td><td><\/td><\/tr><tr><td><p>Teil 1: Einf\u00fchrung in das Rechnungswesen\/Controlling (Vorlesung), WS 2017\/18<\/p><\/td><td><\/td><\/tr><tr><td><p>Teil 2: Einf\u00fchrung in das Rechnungswesen\/Controlling (\u00dcbung), WS 2017\/18<\/p><\/td><td><\/td><\/tr><tr><td><p>G4 Basismodul &#8222;Rechnungswesen&#8220;<\/p><\/td><td><\/td><\/tr><tr><td><p>Teilnehmende des Moduls &#8222;Grundlagen der BWL f\u00fcr Nicht\u00f6konomen und Existenzgr\u00fcnder&#8220; k\u00f6nnen an diesem Modul nicht teilnehmen!<\/p><\/td><td><\/td><\/tr><tr><td><p>Studierende der Wirtschaftswissenschaft (&#8222;Management&#8220;, &#8222;Economics&#8220; und &#8222;Management and Economics&#8220;) und 2-Fach-Bachelor Studierende mit dem Fach BWL k\u00f6nnen an diesem Modul nicht teilnehmen!<\/p><\/td><td><\/td><\/tr><tr><td><p><\/p><\/td><td><\/td><\/tr><tr><td width=\"90%\"><p><a href=\"https:\/\/vvz.ruhr-uni-bochum.de\/campus\/all\/module.asp?gguid=0xDE93B0E46855294B9202245EBC2E96CC&amp;fieldgguid=&amp;mode=&amp;findmodule=Einf%FChrung+in+die+Betriebs&amp;tguid=0x36C43592A67D0F4BB620B6CD4C877BDA\">Einf\u00fchrung in die Betriebs- sowie Volkswirtschaftslehre (5 CP)<\/a><\/p><\/td><td><\/td><\/tr><tr><td><p>Teil 1: Einf\u00fchrung in die VWL (Vorlesung), WS 2017\/18<\/p><\/td><td><\/td><\/tr><tr><td><p>Teil 2: Einf\u00fchrung in die BWL (Vorlesung mit \u00dcbung), SoSe 2018<\/p><\/td><td><\/td><\/tr><tr><td><p>G4 Basismodul &#8222;\u00d6konomie&#8220;<\/p><\/td><td><\/td><\/tr><tr><td><p>Teilnehmende des Moduls &#8222;Grundlagen der BWL f\u00fcr Nicht\u00f6konomen und Existenzgr\u00fcnder&#8220; sowie Studierende des Fachs Wirtschaftswissenschaft k\u00f6nnen an diesem Modul nicht teilnehmen!<\/p><\/td><td><\/td><\/tr><tr><td><p><\/p><\/td><td><\/td><\/tr><tr><td width=\"90%\"><p><a href=\"https:\/\/vvz.ruhr-uni-bochum.de\/campus\/all\/module.asp?gguid=0xDCE67F5407084F4AB92D17E2547760B6&amp;fieldgguid=&amp;mode=&amp;findmodule=Grundlagen+der+Existenz&amp;tguid=0x36C43592A67D0F4BB620B6CD4C877BDA\">Grundlagen der Existenzgr\u00fcndung (5 CP)<\/a><\/p><\/td><td><\/td><\/tr><tr><td><p>Teil 1: Teil 1: Grundlagen der Existenzgr\u00fcndung (Vorlesung), WS 2017\/18<\/p><\/td><td><\/td><\/tr><tr><td><p>Teil 2: Teil 2: Grundlagen der Existenzgr\u00fcndung (\u00dcbung), WS 2017\/18<\/p><\/td><td><\/td><\/tr><tr><td><p>G4 Basismodul Existenzgr\u00fcndung<\/p><\/td><td><\/td><\/tr><tr><td><p>Studierende der Wirtschaftswissenschaft k\u00f6nnen an diesem Modul nicht teilnehmen!<\/p><\/td><td><\/td><\/tr><tr><td><\/td><td><\/td><\/tr><tr><td colspan=\"2\"><p>Interdisziplin\u00e4re Module<\/p><\/td><\/tr><tr><td width=\"90%\"><p><a href=\"https:\/\/vvz.ruhr-uni-bochum.de\/campus\/all\/module.asp?gguid=0x082968AE4D226141AC84A2B2614B2E99&amp;fieldgguid=&amp;findmodule=Arguments+in&amp;tguid=0x36C43592A67D0F4BB620B6CD4C877BDA&amp;strSignMessage=\">Arguments in action! (5 CP)<\/a><\/p><\/td><td><\/td><\/tr><tr><td><p>Teil 1: Argumentation in context (Seminar), WS 2017\/18<\/p><\/td><td><\/td><\/tr><tr><td><p>Teil 2: Debating (Practical skills), WS 2017\/18<\/p><\/td><td><\/td><\/tr><tr><td><p>G2 Interdisziplin\u00e4r studieren \/ G4 Interdisziplin\u00e4r studieren<\/p><\/td><td><\/td><\/tr><tr><td><p><\/p><\/td><td><\/td><\/tr><tr><td width=\"90%\"><p><a href=\"https:\/\/vvz.ruhr-uni-bochum.de\/campus\/all\/module.asp?gguid=0xA1497FBB3A9A0249951EE281FF53B39A&amp;fieldgguid=&amp;findmodule=Coaching+Workshop+f%FCr+Existenzgr%FCnder+%2D&amp;tguid=0x36C43592A67D0F4BB620B6CD4C877BDA&amp;strSignMessage=\">Coaching Workshop f\u00fcr Existenzgr\u00fcnder &#8211; Student StartUp Camp (5 CP)<\/a><\/p><\/td><td><\/td><\/tr><tr><td><p>Teil 1: Entwicklung einer Gesch\u00e4ftsidee (Vorlesung mit begleitender \u00dcbung), WS 2017\/18<\/p><\/td><td><\/td><\/tr><tr><td><p>Teil 2: Betriebswirtschaftliche Grundlagen f\u00fcr Startups (Vorlesung mit begleitender \u00dcbung), WS 2017\/18<\/p><\/td><td><\/td><\/tr><tr><td><p>Teil 3: Studentische Teamarbeit (Ausarbeitung der gew\u00e4hlten Produkt- oder Dienstleistungsidee) mit Abschlusspr\u00e4sentation, WS 2017\/18<\/p><\/td><td><\/td><\/tr><tr><td><p>G4 Interdisziplin\u00e4r studieren<\/p><\/td><td><\/td><\/tr><tr><td><p><\/p><\/td><td><\/td><\/tr><tr><td width=\"90%\"><p><a href=\"https:\/\/vvz.ruhr-uni-bochum.de\/campus\/all\/module.asp?gguid=0xF53141C6EB5A6E49B32A24116757E86A&amp;fieldgguid=&amp;findmodule=Das+antike+Drama&amp;tguid=0x36C43592A67D0F4BB620B6CD4C877BDA&amp;strSignMessage=\">Das antike Drama und die griechische Antike (5 CP)<\/a><\/p><\/td><td><\/td><\/tr><tr><td><p>Teil 1: Komparatistik \/ Griechische und lateinische Vorlesung Poesie: Das antike Drama (Vorlesung), WS 2017\/18<\/p><\/td><td><\/td><\/tr><tr><td><p>Teil 2: Kolloquium zur griechischen Antike, WS 2017\/18<\/p><\/td><td><\/td><\/tr><tr><td><p>G4 Textformen europ\u00e4ischer Literatur<\/p><\/td><td><\/td><\/tr><tr><td><p>Studierende der Klassischen Philologie k\u00f6nnen in diesem Modul keine CP f\u00fcr den Optionalbereich erwerben.<\/p><\/td><td><\/td><\/tr><tr><td><p><\/p><\/td><td><\/td><\/tr><tr><td width=\"90%\"><p><a href=\"https:\/\/vvz.ruhr-uni-bochum.de\/campus\/all\/module.asp?gguid=0x9CDC1C588B9CFB4098D7FEE20513C8A6&amp;fieldgguid=&amp;findmodule=Deutschland+und+die+Kr&amp;tguid=0x36C43592A67D0F4BB620B6CD4C877BDA&amp;strSignMessage=\">Deutschland und die Krise in Europa (5 CP)<\/a><\/p><\/td><td><\/td><\/tr><tr><td><p>Teil 1: Deutschland und die Krise in Europa (Ringvorlesung), WS 2017\/18<\/p><\/td><td><\/td><\/tr><tr><td><p>Teil 2: Deutschlandbilder \u2013 deutsche Bilder von Europa (Seminar), WS 2017\/18<\/p><\/td><td><\/td><\/tr><tr><td><p>G4 Basismodul &#8222;Identit\u00e4t und Differenz&#8220;<\/p><\/td><td><\/td><\/tr><tr><td><p>Studierende, die das Modul \u201eSpiegelungen &#8211; Erinnerung und Fremdwahrnehmung (am deutsch-russischen Beispiel)\u201c belegen, k\u00f6nnen an diesem Modul nicht teilnehmen.<\/p><\/td><td><\/td><\/tr><tr><td><p><\/p><\/td><td><\/td><\/tr><tr><td width=\"90%\"><p><a href=\"https:\/\/vvz.ruhr-uni-bochum.de\/campus\/all\/module.asp?gguid=0x64CA8E75E1B80247937542B092D5E0CE&amp;fieldgguid=&amp;findmodule=Epigenetik&amp;tguid=0x36C43592A67D0F4BB620B6CD4C877BDA&amp;strSignMessage=\">Epigenetik, Vererbung, Evolution &#8211; Alte und neue Streitpunkte (5 CP)<\/a><\/p><\/td><td><\/td><\/tr><tr><td><p>Teil 1: Epigenetik, Vererbung, Evolution \u2013 Alte und neue Streitpunkte (Seminar), WS 2017\/18<\/p><\/td><td><\/td><\/tr><tr><td><p>Teil 2: Epigenetik, Vererbung, Evolution \u2013 Alte und neue Streitpunkte (Blockveranstaltung, WS 2017\/18<\/p><\/td><td><\/td><\/tr><tr><td><p>G4 Interdisziplin\u00e4r studieren<\/p><\/td><td><\/td><\/tr><tr><td><\/td><td><\/td><\/tr><tr><td><p><\/p><\/td><td><\/td><\/tr><tr><td width=\"90%\"><p><a href=\"https:\/\/vvz.ruhr-uni-bochum.de\/campus\/all\/module.asp?gguid=0x466319B2F3F47A4B84CBC6A1A988F6B9&amp;fieldgguid=&amp;findmodule=Farben+sehen&amp;tguid=0x36C43592A67D0F4BB620B6CD4C877BDA&amp;strSignMessage=\">Farben sehen und erleben (5 CP) <\/a><\/p><\/td><td><\/td><\/tr><tr><td><p>Teil 1: Farben sehen und erleben. Praktische Einf\u00fchrung in die Malerei, mit dem Schwerpunkt Farben (praktische \u00dcbung), WS 2017\/18<\/p><\/td><td><\/td><\/tr><tr><td><p>Teil 2: Farben sehen und erleben. Theoretische Grundlagen (Seminar), WS 2017\/18<\/p><\/td><td><\/td><\/tr><tr><td><p>G4 Basismodul &#8222;Kunst und Kultur&#8220;<\/p><\/td><td><\/td><\/tr><tr><td><\/td><td><\/td><\/tr><tr><td><p><\/p><\/td><td><\/td><\/tr><tr><td width=\"90%\"><p><a href=\"https:\/\/vvz.ruhr-uni-bochum.de\/campus\/all\/module.asp?gguid=0x77B2E92D5E5B9846833E5883BD5387BF&amp;fieldgguid=&amp;mode=&amp;findmodule=Introducti&amp;tguid=0x36C43592A67D0F4BB620B6CD4C877BDA\">Introduction to Humanitarian Action (5 CP) <\/a><\/p><\/td><td><\/td><\/tr><tr><td><p>Teil 1: Introduction to Humanitarian Action (lecture), WS 2017\/18<\/p><\/td><td><\/td><\/tr><tr><td><p>Teil 2: Study trips with a total duration of three days, WS 2017\/18<\/p><\/td><td><\/td><\/tr><tr><td><p>G4 Interdisziplin\u00e4r studieren<\/p><\/td><td><\/td><\/tr><tr><td><\/td><td><\/td><\/tr><tr><td><p><\/p><\/td><td><\/td><\/tr><tr><td width=\"90%\"><p><a href=\"https:\/\/vvz.ruhr-uni-bochum.de\/campus\/all\/module.asp?gguid=0x0A4195B467A69D48BED7604AED78B0C7&amp;fieldgguid=&amp;mode=&amp;findmodule=Irland&amp;tguid=0x36C43592A67D0F4BB620B6CD4C877BDA\">Irland: Sprache und Kultur I (5 CP)<\/a><\/p><\/td><td><\/td><\/tr><tr><td><p>Teil 1: Irisch f\u00fcr Anf\u00e4nger\/innen (Sprachkurs), WS 2017\/18<\/p><\/td><td><\/td><\/tr><tr><td><p>Teil 2: Irische Kultur: Ireland in the Last 150 Years &#8211; From \u00c9riu to \u00c9ire \/ The Prehistory of Present, WS 2017\/18<\/p><\/td><td><\/td><\/tr><tr><td><p>G1 Modul Irisch I \/ G4 Basismodul &#8222;Kulturelle Kompetenz&#8220;<\/p><\/td><td><\/td><\/tr><tr><td><p><\/p><\/td><td><\/td><\/tr><tr><td width=\"90%\"><p><a href=\"https:\/\/vvz.ruhr-uni-bochum.de\/campus\/all\/module.asp?gguid=0xC479FC6E598C044EA52C7BF049651EB1&amp;fieldgguid=&amp;mode=&amp;findmodule=Irland&amp;tguid=0x36C43592A67D0F4BB620B6CD4C877BDA\">Irland: Sprache und Kultur II (5 CP)<\/a><\/p><\/td><td><\/td><\/tr><tr><td><p>Teil 1: Irisch II (Sprachkurs), WS 2017\/18<\/p><\/td><td><\/td><\/tr><tr><td><p>Teil 2a: Lekt\u00fcrekurs: Irische Texte, WS 2017\/18<\/p><\/td><td><\/td><\/tr><tr><td><p>Teil 2b: From \u00c9riu to \u00c8ire \/ Irland: Irisch II-IV (Kultur): The Prehistory of the Present (Seminar), WS 2017\/18<\/p><\/td><td><\/td><\/tr><tr><td><p>G1 Modul Irisch II \/ G4 Basismodul &#8222;Kulturelle Kompetenz&#8220;<\/p><\/td><td><\/td><\/tr><tr><td><p>Die erfolgreiche Teilnahme an einem Irischkurs (mindestens Irisch I) ist Voraussetzung f\u00fcr die Teilnahme an diesem Modul!<\/p><\/td><td><\/td><\/tr><tr><td><p><\/p><\/td><td><\/td><\/tr><tr><td width=\"90%\"><p><a href=\"https:\/\/vvz.ruhr-uni-bochum.de\/campus\/all\/module.asp?gguid=0xA12CB5B97B9D6F41A03BF4DF4FB3112A&amp;fieldgguid=&amp;mode=&amp;findmodule=Irland&amp;tguid=0x36C43592A67D0F4BB620B6CD4C877BDA\">Irland: Sprache und Kultur III (5 CP)<\/a><\/p><\/td><td><\/td><\/tr><tr><td><p>Teil 1: Irisch III (Sprachkurs), WS 2017\/18<\/p><\/td><td><\/td><\/tr><tr><td><p>Teil 2a: Lekt\u00fcrekurs: Irische Texte, WS 2017\/18<\/p><\/td><td><\/td><\/tr><tr><td><p>Teil 2b: From \u00c9riu to \u00c8ire \/ Irland: Irisch II-IV (Kultur): The Prehistory of the Present (Seminar), WS 2017\/18<\/p><\/td><td><\/td><\/tr><tr><td><p>G1 Modul Irisch III \/ G4 Basismodul &#8222;Kulturelle Kompetenz&#8220;<\/p><\/td><td><\/td><\/tr><tr><td><p>Die erfolgreiche Teilnahme an einem Irischkurs (mindestens Irisch II) ist Voraussetzung f\u00fcr die Teilnahme an diesem Modul!<\/p><\/td><td><\/td><\/tr><tr><td><p><\/p><\/td><td><\/td><\/tr><tr><td width=\"90%\"><p><a href=\"https:\/\/vvz.ruhr-uni-bochum.de\/campus\/all\/module.asp?gguid=0xCC8515933182674F8DBF9808A574A716&amp;fieldgguid=&amp;mode=&amp;findmodule=Irland&amp;tguid=0x36C43592A67D0F4BB620B6CD4C877BDA\">Irland: Sprache und Kultur IV (5 CP)<\/a><\/p><\/td><td><\/td><\/tr><tr><td><p>Teil 1: Irisch f\u00fcr Fortgeschrittene (Irisch IV), WS 2017\/18<\/p><\/td><td><\/td><\/tr><tr><td><p>Teil 2a: From \u00c9riu to \u00c8ire \/ Irland: Irisch II-IV (Kultur): The Prehistory of the Present, WS 2017\/18<\/p><\/td><td><\/td><\/tr><tr><td><p>Teil 2b: Lekt\u00fcrekurs: Irische Texte, WS 2017\/18<\/p><\/td><td><\/td><\/tr><tr><td><p>G1 Modul Irisch IV \/ G4 Basismodul &#8222;Kulturelle Kompetenz&#8220;<\/p><\/td><td><\/td><\/tr><tr><td><p>Voraussetzung f\u00fcr die Teilnahme ist der erfolgreiche Abschluss des Kurses Irisch f\u00fcr Anf\u00e4ngerinnen (Irisch III) bzw. der Nachweis gleichwertiger Grundkenntnisse.<\/p><\/td><td><\/td><\/tr><tr><td><p><\/p><\/td><td><\/td><\/tr><tr><td width=\"90%\"><p><a href=\"https:\/\/www.ruhr-uni-bochum.de\/optionalbereich\/sites\/modularchiv\/geb4\/mod_4_72_a.shtml\">Katalanische Sprache und Kultur 1 (B1\/B2) (5 CP)<\/a><\/p><\/td><td><\/td><\/tr><tr><td><p>Teil 1: El llenguatge literari per a la pr\u00e0ctica de la traducci\u00f3 (Blockveranstaltung) , WS 2017\/18<\/p><\/td><td><\/td><\/tr><tr><td><p>Teil 2: El sistema literari catal\u00e0 i la traducci\u00f3 (Blockveranstaltung) , SoSe 2018<\/p><\/td><td><\/td><\/tr><tr><td><p>G1 Katalanische Fachsprache f\u00fcr den Beruf \/ G4 Basismodul &#8222;Kulturelle Kompetenz&#8220;<\/p><\/td><td><\/td><\/tr><tr><td><p>Teilnahmevoraussetzung ist der erfolgreiche Abschluss vom Kurs Katalanisch 2 oder Kenntnisse, de dem Niveau B1\/B2 entsprechen.<\/p><\/td><td><\/td><\/tr><tr><td><p><\/p><\/td><td><\/td><\/tr><tr><td width=\"90%\"><p><a href=\"https:\/\/vvz.ruhr-uni-bochum.de\/campus\/all\/module.asp?gguid=0x3B3C95F52E51534788E31BBDD807CE4F&amp;fieldgguid=&amp;findmodule=kunstt&amp;tguid=0x36C43592A67D0F4BB620B6CD4C877BDA&amp;strSignMessage=\">Kunsttransfer und Erfinderwerkstatt (5 CP) <\/a><\/p><\/td><td><\/td><\/tr><tr><td><p>Teil 1: Kunsttransfer \u2013 Young LABs Public Bar (Seminar), WS 2017\/18<\/p><\/td><td><\/td><\/tr><tr><td><p>Teil 2: Januarforum 2018 (Kompaktphase), WS 2017\/18<\/p><\/td><td><\/td><\/tr><tr><td><p>Teil 3: Erfinderwerkstatt (Seminar), WS 2017\/18<\/p><\/td><td><\/td><\/tr><tr><td><p>G4 Basismodul &#8222;Wissenschaft in der Praxis&#8220;<\/p><\/td><td><\/td><\/tr><tr><td><p><\/p><\/td><td><\/td><\/tr><tr><td width=\"90%\"><p><a href=\"https:\/\/vvz.ruhr-uni-bochum.de\/campus\/all\/module.asp?gguid=0xA7B6DC1253D5A14B9B9D01E0332705FF&amp;tguid=0x36C43592A67D0F4BB620B6CD4C877BDA\">Media vita in morte sumus &#8211; Requiem-Vertonung im Laufe der Jahrhunderte (5 CP) <\/a><\/p><\/td><td><\/td><\/tr><tr><td><p>Teil 1: \u201eMedia vita in morte sumus\u201c &#8211; Requiem-Vertonungen im Laufe der Jahrhunderte (Seminar), WS 2017\/18<\/p><\/td><td><\/td><\/tr><tr><td><p>Teil 2a: Universit\u00e4tschor (Musikpraktische \u00dcbung), WS 2017\/18<\/p><\/td><td><\/td><\/tr><tr><td><p>Teil 2b: Universit\u00e4tsorchester (Musikpraktische \u00dcbung), WS 2017\/18<\/p><\/td><td><\/td><\/tr><tr><td><p>G4 Basismodul &#8222;Kunst und Kultur&#8220;<\/p><\/td><td><\/td><\/tr><tr><td><\/td><td><\/td><\/tr><tr><td><p><\/p><\/td><td><\/td><\/tr><tr><td width=\"90%\"><p><a href=\"https:\/\/vvz.ruhr-uni-bochum.de\/campus\/all\/module.asp?gguid=0x8C55B4D6D900B447AAB5EEA1AE1352DB&amp;fieldgguid=&amp;findmodule=Nach&amp;tguid=0x36C43592A67D0F4BB620B6CD4C877BDA&amp;strSignMessage=\">Nachhaltigkeit &amp; Resilienz (5 CP) <\/a><\/p><\/td><td><\/td><\/tr><tr><td><p>Teil 1: Nachhaltigkeit &amp; Resilienz: Projektdefinition und -planung (Projektwerkstatt), WS 2017\/18<\/p><\/td><td><\/td><\/tr><tr><td><p>Teil 2: Spring School Nachhaltigkeit &amp; Resilienz (Blockveranstaltung), WS 2017\/18<\/p><\/td><td><\/td><\/tr><tr><td><p>G4 Interdisziplin\u00e4r studieren<\/p><\/td><td><\/td><\/tr><tr><td><\/td><td><\/td><\/tr><tr><td><p><\/p><\/td><td><\/td><\/tr><tr><td width=\"90%\"><p><a href=\"https:\/\/vvz.ruhr-uni-bochum.de\/campus\/all\/module.asp?gguid=0xDD03E088EF15AE43BCA9B00FC18451F3&amp;error=&amp;collaps=0x36C43592A67D0F4BB620B6CD4C877BDA&amp;tguid=0x36C43592A67D0F4BB620B6CD4C877BDA#0x36C43592A67D0F4BB620B6CD4C877BDA\">Spring School: Fake News in der Vormoderne (5 CP) <\/a><\/p><\/td><td><\/td><\/tr><tr><td><p>Teil 1: Spring School Fake News in der Vormoderne (Blockveranstaltung), WS 2017\/18<\/p><\/td><td><\/td><\/tr><tr><td><p>Teil 2: Forschen an Originalquellen (Exkursion), SoSe 2018<\/p><\/td><td><\/td><\/tr><tr><td><p>G4 Interdisziplin\u00e4r studieren<\/p><\/td><td><\/td><\/tr><tr><td><\/td><td><\/td><\/tr><tr><td><p><\/p><\/td><td><\/td><\/tr><tr><td width=\"90%\"><p><a href=\"https:\/\/vvz.ruhr-uni-bochum.de\/campus\/all\/module.asp?gguid=0x3D3C50E11F9965448116FCE1B8DEFB4C&amp;fieldgguid=&amp;findmodule=Spiegelung&amp;tguid=0x36C43592A67D0F4BB620B6CD4C877BDA&amp;strSignMessage=\">Spiegelungen &#8211; Erinnerung und Fremdwahrnehmung (am deutsch-russischen Beispiel)<\/a><\/p><\/td><td><\/td><\/tr><tr><td><p>Teil 1: Albtr\u00e4ume vom Roten Oktober. Faszination und Schrecken in der Erinnerung an den Kommunismus (Kolloquium), WS 2017\/18<\/p><\/td><td><\/td><\/tr><tr><td><p>Teil 2: Deutschlandbilder \u2013 deutsche Bilder von Europa (Seminar), WS 2017\/18<\/p><\/td><td><\/td><\/tr><tr><td><p>G4 Interdisziplin\u00e4r studieren<\/p><\/td><td><\/td><\/tr><tr><td><p>Studierende, die das Modul \u201eDeutschland und die Krise in Europa\u201c belegen, k\u00f6nnen an diesem Modul nicht teilnehmen.<\/p><\/td><td><\/td><\/tr><tr><td><p><\/p><\/td><td><\/td><\/tr><\/tbody><\/table><p><\/p><\/div>\n\t\t\t\t<\/div>\n\t\t\t\t\t\t\t<div class=\"elementor-accordion-item\">\n\t\t\t\t\t<div id=\"elementor-tab-title-9168\" class=\"elementor-tab-title\" data-tab=\"8\" role=\"button\" aria-controls=\"elementor-tab-content-9168\" aria-expanded=\"false\">\n\t\t\t\t\t\t\t\t\t\t\t\t\t<span class=\"elementor-accordion-icon elementor-accordion-icon-left\" aria-hidden=\"true\">\n\t\t\t\t\t\t\t\t\t\t\t\t\t\t\t<span class=\"elementor-accordion-icon-closed\"><i class=\"fas fa-plus\"><\/i><\/span>\n\t\t\t\t\t\t\t\t<span class=\"elementor-accordion-icon-opened\"><i class=\"fas fa-minus\"><\/i><\/span>\n\t\t\t\t\t\t\t\t\t\t\t\t\t\t<\/span>\n\t\t\t\t\t\t\t\t\t\t\t\t<a class=\"elementor-accordion-title\" tabindex=\"0\">SoSe 2017<\/a>\n\t\t\t\t\t<\/div>\n\t\t\t\t\t<div id=\"elementor-tab-content-9168\" class=\"elementor-tab-content elementor-clearfix\" data-tab=\"8\" role=\"region\" aria-labelledby=\"elementor-tab-title-9168\"><table width=\"100%\"><tbody><tr><td colspan=\"2\"><p>Grundlagenmodule anderer F\u00e4cher<\/p><\/td><\/tr><tr><td colspan=\"2\"><p>Allgemeine &amp; vergleichende Literaturwissenschaft<\/p><\/td><\/tr><tr><td width=\"90%\"><p><a href=\"https:\/\/vvz.ruhr-uni-bochum.de\/campus\/all\/module.asp?gguid=0x4963ED3C31D5436A9718F4F4EBF7C217&amp;fieldgguid=&amp;findmodule=Lyrik&amp;tguid=0x652286301A94654DBA58D95D1EC73A02&amp;strSignMessage=\">Lyrik \u2013 eine Einf\u00fchrung (5 CP)<\/a> NEU am 05.03.2017!<\/p><\/td><td><\/td><\/tr><tr><td><p>Teil 1: Teil 1: Lyrik in der Moderne (Vorlesung), SoSe 2017<\/p><\/td><td><\/td><\/tr><tr><td><p>Teil 2: Teil 2: Lyrik nervt \u2013 Einf\u00fchrung in eine unbeliebte Gattung (Seminar), SoSe 2017<\/p><\/td><td><\/td><\/tr><tr><td><p>G4 Textformen europ\u00e4ischer Literatur<\/p><\/td><td><\/td><\/tr><tr><td><p><\/p><\/td><td><\/td><\/tr><tr><td colspan=\"2\"><p>Anglistik\/Amerikanistik<\/p><\/td><\/tr><tr><td width=\"90%\"><p><a href=\"https:\/\/vvz.ruhr-uni-bochum.de\/campus\/all\/module.asp?gguid=0x6D20189867204D51975391186F7B286B&amp;fieldgguid=&amp;findmodule=British+Cultural+Theory&amp;tguid=0x652286301A94654DBA58D95D1EC73A02&amp;strSignMessage=\">British Cultural Theory (5 CP)<\/a><\/p><\/td><td><\/td><\/tr><tr><td><p>Teil 1: Quantum of Theory: Popular Culture Studies and James Bond (Vorlesung), SoSe 2017<\/p><\/td><td><\/td><\/tr><tr><td><p>Teil 2a: Reading Cultural Theory: Stuart Hall (\u00dcbung), SoSe 2017<\/p><\/td><td><\/td><\/tr><tr><td><p>Teil 2b: Raymond Williams (\u00dcbung), SoSe 2017<\/p><\/td><td><\/td><\/tr><tr><td><p>G4 Basismodul &#8222;American Literature and Culture&#8220; \/ G4 Basismodul &#8222;English Literature and Culture&#8220;<\/p><\/td><td><\/td><\/tr><tr><td><p>Studierende der Anglistik\/Amerikanistik k\u00f6nnen an diesem Modul zwar teilnehmen, jedoch keine Credit Points f\u00fcr den Optionalbereich erwerben.<\/p><\/td><td><\/td><\/tr><tr><td><p><\/p><\/td><td><\/td><\/tr><tr><td width=\"90%\"><p><a href=\"https:\/\/vvz.ruhr-uni-bochum.de\/campus\/all\/module.asp?gguid=0x0AFCA7635B4046CAB3286B77FFA9590D&amp;fieldgguid=&amp;findmodule=English&amp;tguid=0x652286301A94654DBA58D95D1EC73A02&amp;strSignMessage=\">English Drama in Action (5 CP)<\/a><\/p><\/td><td><\/td><\/tr><tr><td><p>Teil 1: Early Modern English Drama (Vorlesung), SoSe 2017<\/p><\/td><td><\/td><\/tr><tr><td><p>Teil 2: Theatre and Film Laboratory (praktische \u00dcbung), SoSe 2017<\/p><\/td><td><\/td><\/tr><tr><td><p>G4 Basismodul &#8222;Englisch Literature and Culture&#8220;<\/p><\/td><td><\/td><\/tr><tr><td><p><\/p><\/td><td><\/td><\/tr><tr><td width=\"90%\"><p><a href=\"https:\/\/vvz.ruhr-uni-bochum.de\/campus\/all\/module.asp?gguid=0xA49B4110DBB447A6A9561681D1E28509&amp;fieldgguid=&amp;findmodule=science&amp;tguid=0x652286301A94654DBA58D95D1EC73A02&amp;strSignMessage=\">Science Fiction (5 CP)<\/a><\/p><\/td><td><\/td><\/tr><tr><td><p>Teil 1: Science Fiction (\u00dcbung), SoSe 2017<\/p><\/td><td><\/td><\/tr><tr><td><p>Teil 2: Where Science and Rules Break Down: Science in Contemporary Fiction (\u00dcbung), SoSe 2017<\/p><\/td><td><\/td><\/tr><tr><td><p>G4 Basismodul &#8222;Englisch Literature and Culture&#8220;<\/p><\/td><td><\/td><\/tr><tr><td><p>Studierende der Anglistik\/Amerikanistik k\u00f6nnen an diesem Modul zwar teilnehmen, jedoch keine Credit Points f\u00fcr den Optionalbereich erwerben.<\/p><\/td><td><\/td><\/tr><tr><td><p><\/p><\/td><td><\/td><\/tr><tr><td width=\"90%\"><p><a href=\"https:\/\/vvz.ruhr-uni-bochum.de\/campus\/all\/module.asp?gguid=0xE0361A06242E4193A611605D76D0F853&amp;fieldgguid=&amp;findmodule=Shake&amp;tguid=0x652286301A94654DBA58D95D1EC73A02&amp;strSignMessage=\">Shakespeare! (5 CP)<\/a><\/p><\/td><td><\/td><\/tr><tr><td><p>Teil 1: Introduction to Shakespeare\u2019s Tragedies (Vorlesung), SoSe 2017<\/p><\/td><td><\/td><\/tr><tr><td><p>Teil 2a: Close Textual Analysis of Shakespeare&#8217;s Late Tragedies: Hamlet, Lear, Macbeth &amp; Othello (\u00dcbung), SoSe 2017<\/p><\/td><td><\/td><\/tr><tr><td><p>Teil 2b: Radical Interpretations of Shakespeare in Film (\u00dcbung), SoSe 2017<\/p><\/td><td><\/td><\/tr><tr><td><p>G4 Basismodul &#8222;Englisch Literature and Culture&#8220;<\/p><\/td><td><\/td><\/tr><tr><td><p>Studierende der Anglistik\/Amerikanistik k\u00f6nnen an diesem Modul zwar teilnehmen, jedoch keine Credit Points f\u00fcr den Optionalbereich erwerben.<\/p><\/td><td><\/td><\/tr><tr><td><p><\/p><\/td><td><\/td><\/tr><tr><td colspan=\"2\"><p>Arch\u00e4ologische Wissenschaften<\/p><\/td><\/tr><tr><td width=\"90%\"><p><a href=\"https:\/\/vvz.ruhr-uni-bochum.de\/campus\/all\/module.asp?gguid=0x18BCC9BB415A44BB84160BC2510D631C&amp;fieldgguid=&amp;findmodule=Kulturg%FCterschutz&amp;tguid=0x652286301A94654DBA58D95D1EC73A02&amp;strSignMessage=\">Kulturg\u00fcterschutz und die Verantwortung der Arch\u00e4ologie (5 CP)<\/a><\/p><\/td><td><\/td><\/tr><tr><td><p>Teil 1: Neue Funde und Forschungen (Kolloquium), SoSe 2017<\/p><\/td><td><\/td><\/tr><tr><td><p>Teil 2: Kulturg\u00fcterschutz und die Verantwortung der Arch\u00e4ologie, SoSe 2017<\/p><\/td><td><\/td><\/tr><tr><td><p>G4 Basismodul &#8222;Schwerpunkt Ur- und Fr\u00fchgeschichte&#8220;<\/p><\/td><td><\/td><\/tr><tr><td><p>Auch Studierende der ArWi k\u00f6nnen in diesem Modul Kreditpunkte f\u00fcr den Optionalbereich erwerben, solange es kein Bestandteil des Fachcurriculums darstellt (bzw. die Vorlesung nicht bereits \u00fcber ein Fach- bzw. Schwerpunktmodul besucht wird)!<\/p><\/td><td><\/td><\/tr><tr><td><\/td><td><\/td><\/tr><tr><td colspan=\"2\"><p>Biologie<\/p><\/td><\/tr><tr><td width=\"90%\"><p><a href=\"https:\/\/vvz.ruhr-uni-bochum.de\/campus\/all\/module.asp?gguid=0x3AA9E8804D4E254DADF6A27EF5B75921&amp;fieldgguid=&amp;mode=&amp;findmodule=anatomie&amp;tguid=0x652286301A94654DBA58D95D1EC73A02\">Anatomie und Physiologie des Nervensystems (5 CP)<\/a><\/p><\/td><td><\/td><\/tr><tr><td><p>Teil 1: Literaturseminar, SoSe 2017<\/p><\/td><td><\/td><\/tr><tr><td><p>Teil 2: Artikelpr\u00e4sentation, SoSe 2017<\/p><\/td><td><\/td><\/tr><tr><td><p>G4 \u00dcberleben von motorischen Nervenzellen<\/p><\/td><td><\/td><\/tr><tr><td><p><\/p><\/td><td><\/td><\/tr><tr><td width=\"90%\"><p><a href=\"https:\/\/vvz.ruhr-uni-bochum.de\/campus\/all\/module.asp?gguid=0xEBEB7D0EE3E86E41889F4AF8DECB0E11&amp;fieldgguid=&amp;findmodule=Botanik+im&amp;tguid=0x652286301A94654DBA58D95D1EC73A02&amp;strSignMessage=\">Botanik im Alltag (5 CP)<\/a><\/p><\/td><td><\/td><\/tr><tr><td><p>Teil 1: Exkursionen zum Thema &#8222;Botanik im Alltag&#8220;, SoSe 2017<\/p><\/td><td><\/td><\/tr><tr><td><p>Teil 2: \u00dcbungen zum Thema &#8222;Botanik im Alltag&#8220;, SoSe 2017<\/p><\/td><td><\/td><\/tr><tr><td><p>G4 Botanik im Alltag<\/p><\/td><td><\/td><\/tr><tr><td><p><\/p><\/td><td><\/td><\/tr><tr><td width=\"90%\"><p><a href=\"https:\/\/vvz.ruhr-uni-bochum.de\/campus\/all\/module.asp?gguid=0xCE314F6FD803494E9B680374CAEEA8CB&amp;fieldgguid=&amp;findmodule=G%E4rtnern+f%FCr&amp;tguid=0x652286301A94654DBA58D95D1EC73A02&amp;strSignMessage=\">G\u00e4rtnern f\u00fcr Nicht-Biologen (5 CP)<\/a><\/p><\/td><td><\/td><\/tr><tr><td><p>Teil 1: Theorie und Praxis von Gem\u00fcse- und Zierpflanzenanbau im Hausgarten (Vorlesung), SoSe 2017<\/p><\/td><td><\/td><\/tr><tr><td><p>Teil 2: Erlernen der Grundlagen des G\u00e4rtnerns von der Aussaat \u00fcber das Auspflanzen bis zur Ernte und Lagerung (\u00dcbungen), SoSe 2017<\/p><\/td><td><\/td><\/tr><tr><td><p>G4 G\u00e4rtnern f\u00fcr Nicht-Biologen<\/p><\/td><td><\/td><\/tr><tr><td><p>Studierende der Biologie (1-Fach- und 2-F\u00e4cher-Bachelor und Master) k\u00f6nnen an diesem Modul nicht teilnehmen.<\/p><\/td><td><\/td><\/tr><tr><td><p><\/p><\/td><td><\/td><\/tr><tr><td width=\"90%\"><p><a href=\"https:\/\/vvz.ruhr-uni-bochum.de\/campus\/all\/module.asp?gguid=0xBED876E477B14F749D690654AEFBE136&amp;fieldgguid=&amp;mode=&amp;findmodule=Gr%FCne&amp;tguid=0x652286301A94654DBA58D95D1EC73A02\">Gr\u00fcne Gentechnik: Genfood und mehr (5 CP)<\/a><\/p><\/td><td><\/td><\/tr><tr><td><p>Teil 1: Gr\u00fcne Gentechnik: Genfood und mehr (Vorlesung), SoSe 2017<\/p><\/td><td><\/td><\/tr><tr><td><p>Teil 2: Gr\u00fcne Gentechnik: Genfood und mehr (\u00dcbungen), SoSe 2017<\/p><\/td><td><\/td><\/tr><tr><td><p>Teil 3: Gr\u00fcne Gentechnik: Genfood und mehr (Seminar), SoSe 2017<\/p><\/td><td><\/td><\/tr><tr><td><p>G4 Gr\u00fcne Gentechnik: Genfood und mehr<\/p><\/td><td><\/td><\/tr><tr><td><p><\/p><\/td><td><\/td><\/tr><tr><td width=\"90%\"><p><a href=\"https:\/\/vvz.ruhr-uni-bochum.de\/campus\/all\/module.asp?gguid=0x6E62EE249039A54B908D8107AF22E6BD&amp;fieldgguid=&amp;mode=&amp;findmodule=Grundlagen+der+Mik&amp;tguid=0x652286301A94654DBA58D95D1EC73A02\">Grundlagen der Mikroskopie (5 CP)<\/a><\/p><\/td><td><\/td><\/tr><tr><td><p>Teil 1: Grundlagen der Mikroskopie und moderner Imagingverfahren und deren Anwendung (Vorlesung), SoSe 2017<\/p><\/td><td><\/td><\/tr><tr><td><p>Teil 2: Mikroskopie (Seminar), SoSe 2017<\/p><\/td><td><\/td><\/tr><tr><td><p>Teil 2: Mikroskopie (\u00dcbungen), SoSe 2017<\/p><\/td><td><\/td><\/tr><tr><td><p>G4 Biophysikalische Grundlagen der Mikroskopie und deren Anwendung (Optionalbereich)<\/p><\/td><td><\/td><\/tr><tr><td><p><\/p><\/td><td><\/td><\/tr><tr><td width=\"90%\"><p><a href=\"https:\/\/vvz.ruhr-uni-bochum.de\/campus\/all\/module.asp?gguid=0x9A7D12C888AB2F4BADB6F70AED929E32&amp;fieldgguid=&amp;mode=&amp;findmodule=Methoden+der+Bioin&amp;tguid=0x652286301A94654DBA58D95D1EC73A02\">Methoden der Bioinformatik (Optionalbereich) (5 CP)<\/a><\/p><\/td><td><\/td><\/tr><tr><td><p>Teil 1: Bioinformatik (Vorlesung), SoSe 2017<\/p><\/td><td><\/td><\/tr><tr><td><p>Teil 2: \u00dcbungen zur Bioinformatik (\u00dcbung), SoSe 2017<\/p><\/td><td><\/td><\/tr><tr><td><p>G4 Methoden der Bioinformatik<\/p><\/td><td><\/td><\/tr><tr><td><p><\/p><\/td><td><\/td><\/tr><tr><td width=\"90%\"><p><a href=\"https:\/\/vvz.ruhr-uni-bochum.de\/campus\/all\/module.asp?gguid=0xECED3E894058124582EDD81FC225CEB6&amp;fieldgguid=&amp;findmodule=Praktische+Bien&amp;tguid=0x652286301A94654DBA58D95D1EC73A02&amp;strSignMessage=\">Praktische Bienenkunde (5 CP)<\/a><\/p><\/td><td><\/td><\/tr><tr><td><p>Teil 1: Einf\u00fchrung in die Bienenkunde (Vorlesung), SoSe 2017<\/p><\/td><td><\/td><\/tr><tr><td><p>Teil 2: \u00dcbungen zur Bienenkunde und Imkerei (\u00dcbung), SoSe 2017<\/p><\/td><td><\/td><\/tr><tr><td><p>G4 Praktische Bienenkunde<\/p><\/td><td><\/td><\/tr><tr><td><p><\/p><\/td><td><\/td><\/tr><tr><td width=\"90%\"><p><a href=\"https:\/\/vvz.ruhr-uni-bochum.de\/campus\/all\/module.asp?gguid=0xCA33CBCB9052C143AAD8B46EC944E7C3&amp;fieldgguid=&amp;mode=&amp;findmodule=Summer+University&amp;tguid=0x652286301A94654DBA58D95D1EC73A02\">Summer University Grundlagen der Naturwissenschaften (5 CP)<\/a><\/p><\/td><td><\/td><\/tr><tr><td><p>Teil 1: Grundlagen der Naturwissenschaften (Vorlesung), SoSe 2017<\/p><\/td><td><\/td><\/tr><tr><td><p>Teil 2: Grundlagen der Naturwissenschaften (\u00dcbung), SoSe 2017<\/p><\/td><td><\/td><\/tr><tr><td><p>G4 Grundlagen der Naturwissenschaften<\/p><\/td><td><\/td><\/tr><tr><td><p>B.Sc.-Studierende des Fachs Biologie k\u00f6nenn an diesem Modul zwar teilnehmen, jedoch keine CP f\u00fcr den Optionalbereich erwerben.<\/p><\/td><td><\/td><\/tr><tr><td><\/td><td><\/td><\/tr><tr><td colspan=\"2\"><p>Chemie<\/p><\/td><\/tr><tr><td width=\"90%\"><p><a href=\"https:\/\/vvz.ruhr-uni-bochum.de\/campus\/all\/module.asp?gguid=0x1C6BED98D984234F886F9D63F9BC8FBD&amp;fieldgguid=&amp;mode=&amp;findmodule=Einf%FChrung+in+die+Biochemie&amp;tguid=0x652286301A94654DBA58D95D1EC73A02\">Einf\u00fchrung in die Biochemie (5 CP)<\/a><\/p><\/td><td><\/td><\/tr><tr><td><p>Teil 1: Einf\u00fchrung in die Biochemie (Vorlesung), SoSe 2017<\/p><\/td><td><\/td><\/tr><tr><td><p>Teil 2: \u00dcbungen zur Vorlesung &#8222;Einf\u00fchrung in die Biochemie&#8220; (\u00dcbung), SoSe 2017<\/p><\/td><td><\/td><\/tr><tr><td><p>G4 Basismodul &#8222;Grundlagen der Biochemie&#8220;<\/p><\/td><td><\/td><\/tr><tr><td><p>Studierende der Chemie k\u00f6nnen dieses Modul nicht f\u00fcr den Optionalbereich belegen.<\/p><\/td><td><\/td><\/tr><tr><td><p><\/p><\/td><td><\/td><\/tr><tr><td width=\"90%\"><p><a href=\"https:\/\/vvz.ruhr-uni-bochum.de\/campus\/all\/module.asp?gguid=0x1631C1C5DF1011479A140352CA6EA342&amp;fieldgguid=&amp;mode=&amp;findmodule=Methoden+der+Strukturanalyse&amp;tguid=0x652286301A94654DBA58D95D1EC73A02\">Methoden der Strukturanalyse II &#8211; R\u00f6ntgenstruktur- und Elektronendichteanalyse (5 CP)<\/a><\/p><\/td><td><\/td><\/tr><tr><td><p>Teil 1: Methoden der Strukturanalyse II (R\u00f6ntgenstruktur- und Elektronendichtanalyse) (Vorlesung), SoSe 2017<\/p><\/td><td><\/td><\/tr><tr><td><p>Teil 2: \u00dcbungen zur Vorlesung &#8222;Methoden der Strukturanalyse II&#8220; (\u00dcbung), SoSe 2017<\/p><\/td><td><\/td><\/tr><tr><td><p>G4 R\u00f6ntgenstrukturanalyse<\/p><\/td><td><\/td><\/tr><tr><td><p>Studierende der 1-Fach-B.Sc.-Studieng\u00e4nge der Chemie und Biochemie k\u00f6nnen an diesem Modul nicht teilnehmen.<\/p><\/td><td><\/td><\/tr><tr><td><p><\/p><\/td><td><\/td><\/tr><tr><td width=\"90%\"><p><a href=\"https:\/\/vvz.ruhr-uni-bochum.de\/campus\/all\/module.asp?gguid=0x8889CEF950835C438013661672BCCB66&amp;fieldgguid=&amp;mode=&amp;findmodule=Organische+Chemie&amp;tguid=0x652286301A94654DBA58D95D1EC73A02\">Organische Chemie (5 CP)<\/a><\/p><\/td><td><\/td><\/tr><tr><td><p>Teil 1: Organische Chemie I (Vorlesung), SoSe 2017<\/p><\/td><td><\/td><\/tr><tr><td><p>Teil 2: \u00dcbungen zur Vorlesung &#8222;Organische Chemie I&#8220; (\u00dcbung), SoSe 2017<\/p><\/td><td><\/td><\/tr><tr><td><p>Teil 3: Organisch-chemisches Grundpraktikum (Praktikum), SoSe 2017<\/p><\/td><td><\/td><\/tr><tr><td><p>G4 Basismodul &#8222;Grundlagen der Chemie&#8220;<\/p><\/td><td><\/td><\/tr><tr><td><p>Studierende der Chemie (B.A.) k\u00f6nnen an diesem Modul zwar teilnehmen, jedoch keine CP f\u00fcr den Optionalbereich erwerben!<\/p><\/td><td><\/td><\/tr><tr><td><\/td><td><\/td><\/tr><tr><td colspan=\"2\"><p>Erziehungswissenschaften<\/p><\/td><\/tr><tr><td width=\"90%\"><p><a href=\"https:\/\/vvz.ruhr-uni-bochum.de\/campus\/all\/module.asp?gguid=0xFFA7A2D98BD94A4A94D4C9A13B364E7B&amp;fieldgguid=&amp;mode=&amp;findmodule=Bildungswissenschaft&amp;tguid=0x652286301A94654DBA58D95D1EC73A02\">Bildungswissenschaftliches Basismodul (ab SoSe 2015) (9 CP)<\/a><\/p><\/td><td><\/td><\/tr><tr><td><p>Teil 1: Erziehungs- und Bildungstheorien (Vorlesung), SoSe 2017<\/p><\/td><td><\/td><\/tr><tr><td><p>Teil 2: Einf\u00fchrung in Lern- und Entwicklungstheorien (Vorlesung), SoSe 2017<\/p><\/td><td><\/td><\/tr><tr><td><p>Teil 3: Theorien der Sozialisation (Vorlesung), SoSe 2017<\/p><\/td><td><\/td><\/tr><tr><td><p>Teil 4: Schule als Beruf: Perspektiven f\u00fcr angehende Lehrerinnen und Lehrer (Vorlesung), SoSe 2017<\/p><\/td><td><\/td><\/tr><tr><td><p>sowie \u00dcbungen zu jeder Vorlesung<\/p><\/td><td><\/td><\/tr><tr><td><p>G4 EWL zum M.Ed.<\/p><\/td><td><\/td><\/tr><tr><td><p><\/p><\/td><td><\/td><\/tr><tr><td width=\"90%\"><p><a href=\"https:\/\/vvz.ruhr-uni-bochum.de\/campus\/all\/module.asp?gguid=0x8A6A3C9715709943B54F2320CA9026CB&amp;fieldgguid=&amp;mode=&amp;findmodule=Bildungswissenschaft&amp;tguid=0x652286301A94654DBA58D95D1EC73A02\">Bildungswissenschaftliches Basismodul (9 CP)<\/a><\/p><\/td><td><\/td><\/tr><tr><td><p>Teil 1: Erziehungs- und Bildungstheorien (Vorlesung), SoSe 2017<\/p><\/td><td><\/td><\/tr><tr><td><p>Teil 2: Lern- und Entwicklungstheorien (Vorlesung), SoSe 2017<\/p><\/td><td><\/td><\/tr><tr><td><p>Teil 3: Theorien der Sozialisation (Vorlesung), SoSe 2017<\/p><\/td><td><\/td><\/tr><tr><td><p>Teil 4: Schule als Beruf: Perspektiven f\u00fcr angehende Lehrerinnen und Lehrer (Vorlesung), SoSe 2017<\/p><\/td><td><\/td><\/tr><tr><td><p>G4 EWL zum M.Ed.<\/p><\/td><td><\/td><\/tr><tr><td><p><\/p><\/td><td><\/td><\/tr><tr><td colspan=\"2\"><p>Evangelische Theologie<\/p><\/td><\/tr><tr><td width=\"90%\"><p><a href=\"https:\/\/vvz.ruhr-uni-bochum.de\/campus\/all\/module.asp?gguid=0x2DA62948A0C548BFB237D8797990BFBD&amp;fieldgguid=&amp;findmodule=Religion+trifft+Politi&amp;tguid=0x652286301A94654DBA58D95D1EC73A02&amp;strSignMessage=\">Religion trifft Politik. Minderheiten im Nahen Osten (5 CP)<\/a><\/p><\/td><td><\/td><\/tr><tr><td><p>Teil 1: Der Nahe Osten und seine Minderheiten. Historische, religi\u00f6se und gegenw\u00e4rtige Hintergr\u00fcnde (Seminar), SoSe 2017<\/p><\/td><td><\/td><\/tr><tr><td><p>Teil 2: Religion \u2013 Politik \u2013 Minderheiten. Diskurse und Meinungen (Ringvorlesung), SoSe 2017<\/p><\/td><td><\/td><\/tr><tr><td><p>Teil 3: In Auseinandersetzung mit Religion, Politik und Minderheiten (Think Tank mit abschlie\u00dfendem Workshop), SoSe 2017<\/p><\/td><td><\/td><\/tr><tr><td><p>Studierende der katholischen oder evangelischen Theologie k\u00f6nnen in diesem Modul keine CP f\u00fcr den Optionalbereich erwerben.<\/p><\/td><td><\/td><\/tr><tr><td><p><\/p><\/td><td><\/td><\/tr><tr><td width=\"90%\"><p><a href=\"https:\/\/vvz.ruhr-uni-bochum.de\/campus\/all\/module.asp?gguid=0xFD4979175F5C4D2C8F5902B827D3FE78&amp;fieldgguid=&amp;findmodule=%D6kumen&amp;tguid=0x652286301A94654DBA58D95D1EC73A02&amp;strSignMessage=\">\u00d6kumene (5 CP)<\/a><\/p><\/td><td><\/td><\/tr><tr><td><p>Teil 1: Kirchen und Konfessionskulturen im Zeichen der \u00d6kumene (Vorlesung), SoSe 2017<\/p><\/td><td><\/td><\/tr><tr><td><p>Teil 2: Einf\u00fchrung in die Theologie der \u00d6kumene (Seminar), WS 2017\/19<\/p><\/td><td><\/td><\/tr><tr><td><p>Studierende der katholischen oder evangelischen Theologie k\u00f6nnen in diesem Modul keine CP f\u00fcr den Optionalbereich erwerben.<\/p><\/td><td><\/td><\/tr><tr><td><p><\/p><\/td><td><\/td><\/tr><tr><td colspan=\"2\"><p>Geographie<\/p><\/td><\/tr><tr><td width=\"90%\"><p><a href=\"https:\/\/vvz.ruhr-uni-bochum.de\/campus\/all\/module.asp?gguid=0x9C9E17F2DBD8C2419527A568F4F164D9&amp;fieldgguid=&amp;findmodule=exkursion+spitz&amp;tguid=0x652286301A94654DBA58D95D1EC73A02&amp;strSignMessage=\">Exkursion Spitzbergen &#8211; Geographie und Raum der Arktis (5 CP)<\/a><\/p><\/td><td><\/td><\/tr><tr><td><p>Teil 1: Blockseminar, drei Termine, SoSe 2017<\/p><\/td><td><\/td><\/tr><tr><td><p>Teil 2: Exkursion, Semesterferien, 12 Tage, SoSe 2017<\/p><\/td><td><\/td><\/tr><tr><td><p>Teil 3: Nachbereitung, Selbstst\u00e4ndige Erarbeitung eines Exkursionsreaders, SoSe 2017<\/p><\/td><td><\/td><\/tr><tr><td><p>G4 Modul Exkursionen<\/p><\/td><td><\/td><\/tr><tr><td><\/td><td><\/td><\/tr><tr><td colspan=\"2\"><p>Germanistik<\/p><\/td><\/tr><tr><td width=\"90%\"><p><a href=\"https:\/\/vvz.ruhr-uni-bochum.de\/campus\/all\/module.asp?gguid=0x457A1D34BA0F4D26B022CABDC2B16CDB&amp;fieldgguid=&amp;mode=&amp;findmodule=wissenschafts&amp;tguid=0x652286301A94654DBA58D95D1EC73A02\">Wissenschaftsgeschichte. Eine Einf\u00fchrung und eine Fallstudie(5 CP)<\/a> NEU am 05.03.2017!<\/p><\/td><td><\/td><\/tr><tr><td><p>Teil 1: Goethe als Naturwissenschaftler (Seminar), SoSe 2017<\/p><\/td><td><\/td><\/tr><tr><td><p>Teil 2: Einfu\u00a8hrung in die Wissenschaftsgeschichte und historische Epistemologie (Vorlesung), WS 2017\/19<\/p><\/td><td><\/td><\/tr><tr><td><p>G4 Textformen europ\u00e4ischer Literatur<\/p><\/td><td><\/td><\/tr><tr><td colspan=\"2\"><p>Geschichte<\/p><\/td><\/tr><tr><td width=\"90%\"><p><a href=\"https:\/\/vvz.ruhr-uni-bochum.de\/campus\/all\/module.asp?gguid=0x8C562FD09A1E4F51834C49DA9F3933A7&amp;fieldgguid=&amp;findmodule=geschichte+der+menschen&amp;tguid=0x652286301A94654DBA58D95D1EC73A02&amp;strSignMessage=\">Die Geschichte der Menschenrechte (5 CP)<\/a><\/p><\/td><td><\/td><\/tr><tr><td><p>Teil 1: Der Aufstieg der NS-Bewegung in der Weimarer Republik (Vorlesung), SoSe 2017<\/p><\/td><td><\/td><\/tr><tr><td><p>Teil 2: Die Geschichte der Menschenrechte vom Ende des Ersten Weltkriegs bis zur Gegenwart (Seminar), SoSe 2017<\/p><\/td><td><\/td><\/tr><tr><td><p>G4 Basismodul &#8222;Neuere und Neueste Geschichte&#8220;<\/p><\/td><td><\/td><\/tr><tr><td><p>Studierende der Geschichte k\u00f6nnen an diesem Modul nur teilnehmen, wenn die Vorlesung (Teil 1) nicht Bestandteil eines Fachmoduls oder eines anderen Moduls im Optionalbereich ist!<\/p><\/td><td><\/td><\/tr><tr><td><p><\/p><\/td><td><\/td><\/tr><tr><td width=\"90%\"><p><a href=\"https:\/\/vvz.ruhr-uni-bochum.de\/campus\/all\/module.asp?gguid=0x901618EB08EE4CDB910B46AB05F8C9D4&amp;fieldgguid=&amp;findmodule=geschichte+der+usa&amp;tguid=0x652286301A94654DBA58D95D1EC73A02&amp;strSignMessage=\">Die Geschichte der USA (5 CP)<\/a><\/p><\/td><td><\/td><\/tr><tr><td><p>Teil 1: To settle and mature: Die Geschichte der USA im langen 19. Jahrhundert (Vorlesung), SoSe 2017<\/p><\/td><td><\/td><\/tr><tr><td><p>Teil 2: Die USA als Einwanderungsland Ende des 19. bis Ende des 20. Jahrhunderts (Seminar), SoSe 2017<\/p><\/td><td><\/td><\/tr><tr><td><p>G4 Basismodul &#8222;Neuere und Neueste Geschichte&#8220;<\/p><\/td><td><\/td><\/tr><tr><td><p>Studierende der Geschichte k\u00f6nnen an diesem Modul nur teilnehmen, wenn die Vorlesung (Teil 1) nicht Bestandteil eines Fachmoduls oder eines anderen Moduls im Optionalbereich ist! Studierende, die das Modul &#8222;Journalistische Textsorten&#8220; besuchen, k\u00f6nnen an diesem Modul nicht teilnehmen!<\/p><\/td><td><\/td><\/tr><tr><td><\/td><td><\/td><\/tr><tr><td colspan=\"2\"><p>Katholische Theologie<\/p><\/td><\/tr><tr><td width=\"90%\"><p><a href=\"https:\/\/vvz.ruhr-uni-bochum.de\/campus\/all\/module.asp?gguid=0x57977D32DC8B4493A2D053ED6A88112E&amp;fieldgguid=&amp;findmodule=ausgew%E4hlte+schwerpunkte&amp;tguid=0x652286301A94654DBA58D95D1EC73A02&amp;strSignMessage=\">Ausgew\u00e4hlte Schwerpunkte der Kirchengeschichte (5 CP)<\/a><\/p><\/td><td><\/td><\/tr><tr><td><p>Teil 1: Kirchengeschichte des Mittelalters und der Reformation (Vorlesung), SoSe 2017<\/p><\/td><td><\/td><\/tr><tr><td><p>Teil 2: Vom Turm zum life-style&#8220; Transformationsprozesse katholischer Lebenswelten (Seminar), SoSe 2017<\/p><\/td><td><\/td><\/tr><tr><td><p>G4 Entwicklungslinien des Christentums<\/p><\/td><td><\/td><\/tr><tr><td><p>Studierende der Katholischen Theologie k\u00f6nnen dieses Modul nicht im Optionalbereich belegen, da die Veranstaltungen zum regul\u00e4ren Curriculum geh\u00f6ren.<\/p><\/td><td><\/td><\/tr><tr><td><p><\/p><\/td><td><\/td><\/tr><tr><td width=\"90%\"><p><a href=\"https:\/\/vvz.ruhr-uni-bochum.de\/campus\/all\/module.asp?gguid=0x9FB99F390CDEAC499BF674C082E3CBD6&amp;fieldgguid=&amp;findmodule=avantgarde&amp;tguid=0x652286301A94654DBA58D95D1EC73A02&amp;strSignMessage=\">Avantgarde in Gottesdienst und Kirchenbau im 20. Jahrhundert (5 CP)<\/a><\/p><\/td><td><\/td><\/tr><tr><td><p>Teil 1: Geschichte der Liturgie (Vorlesung), SoSe 2017<\/p><\/td><td><\/td><\/tr><tr><td><p>Teil 2: Aufbr\u00fcche und Umbr\u00fcche, die liturgische Bewegung im 20. Jahrhundert (Seminar), SoSe 2017<\/p><\/td><td><\/td><\/tr><tr><td><p>G4 Christentum und Kultur<\/p><\/td><td><\/td><\/tr><tr><td><p>Studierende der Katholischen Theologie k\u00f6nnen sich dieses Modul nicht anrechnen lassen, wenn sie es als Teil des Curriculums besuchen.<\/p><\/td><td><\/td><\/tr><tr><td><p><\/p><\/td><td><\/td><\/tr><tr><td width=\"90%\"><p><a href=\"https:\/\/vvz.ruhr-uni-bochum.de\/campus\/all\/module.asp?gguid=0xD5F2DB4954DD4A398B7D67B0B2AB4666&amp;fieldgguid=&amp;mode=&amp;findmodule=Einf%FChrung+in+die&amp;tguid=0x652286301A94654DBA58D95D1EC73A02\">Einf\u00fchrung in die interkulturelle Theologie (5 CP)<\/a><\/p><\/td><td><\/td><\/tr><tr><td><p>Teil 1: Christliche Weltverantwortung (Vorlesung), SoSe 2017<\/p><\/td><td><\/td><\/tr><tr><td><p>Teil 2: Das Christentum in der Herausforderung des gesellschaftlichen Pluralismus (Seminar), SoSe 2017<\/p><\/td><td><\/td><\/tr><tr><td><p>G4 Christentum und Kultur<\/p><\/td><td><\/td><\/tr><tr><td><p>Studierende der Katholischen Theologie k\u00f6nnen sich dieses Modul nicht anrechnen lassen, wenn sie es als Teil des Curriculums besuchen.<\/p><\/td><td><\/td><\/tr><tr><td><p><\/p><\/td><td><\/td><\/tr><tr><td width=\"90%\"><p><a href=\"https:\/\/vvz.ruhr-uni-bochum.de\/campus\/all\/module.asp?gguid=0x1C7E6A0949E148F7B2B1F25D8E5166B7&amp;fieldgguid=&amp;findmodule=orientierung+am+evan&amp;tguid=0x652286301A94654DBA58D95D1EC73A02&amp;strSignMessage=\">Orientierung am Evangelium (5 CP)<\/a><\/p><\/td><td><\/td><\/tr><tr><td><p>Teil 1: Mission als Dialog \u2013 Theologie und Kommunikation (Vorlesung), SoSe 2017<\/p><\/td><td><\/td><\/tr><tr><td><p>Teil 2: Christologische Aufbr\u00fcche. Fr\u00fche Bekenntnisse des Glaubens (Hauptseminar), SoSe 2017<\/p><\/td><td><\/td><\/tr><tr><td><p>G4 Interkonfessioneller und interreligi\u00f6ser Dialog<\/p><\/td><td><\/td><\/tr><tr><td><p>Studierende der Katholischen Theologie k\u00f6nnen das Modul im Optionalbereich nicht belegen.<\/p><\/td><td><\/td><\/tr><tr><td><p><\/p><\/td><td><\/td><\/tr><tr><td width=\"90%\"><p><a href=\"https:\/\/vvz.ruhr-uni-bochum.de\/campus\/all\/module.asp?gguid=0xA0262496AC2744429EFF9E8C4D7221F4&amp;fieldgguid=&amp;findmodule=orientierung+im+denken&amp;tguid=0x652286301A94654DBA58D95D1EC73A02&amp;strSignMessage=\">Orientierung im Denken. Eine Einf\u00fchrung in die Philosophie (5 CP)<\/a><\/p><\/td><td><\/td><\/tr><tr><td><p>Teil 1: Klassiker der Philosophiegeschichte (Vorlesung), SoSe 2017<\/p><\/td><td><\/td><\/tr><tr><td><p>Teil 2: Prop\u00e4deutisches Proseminar (Block A: Methodenkurs; Block B: Interpretationskurs Nikolaus von Kues), SoSe 2017<\/p><\/td><td><\/td><\/tr><tr><td><p>G4 Religionsphilosophie<\/p><\/td><td><\/td><\/tr><tr><td><p>Studierende der Katholischen Theologie oder Philosophie k\u00f6nnen in diesem Modul keine CP f\u00fcr den Optionalbereich erwerben.<\/p><\/td><td><\/td><\/tr><tr><td><p><\/p><\/td><td><\/td><\/tr><tr><td width=\"90%\"><p><a href=\"https:\/\/vvz.ruhr-uni-bochum.de\/campus\/all\/module.asp?gguid=0x8A7AE57BAD05497EAC2EE7D6731FB97E&amp;fieldgguid=&amp;findmodule=religi%F6se+orientier&amp;tguid=0x652286301A94654DBA58D95D1EC73A02&amp;strSignMessage=\">Religi\u00f6se Orientierung (5 CP)<\/a><\/p><\/td><td><\/td><\/tr><tr><td><p>Teil 1: Weggehen, um wiederzukommen. Die Abschiedsreden Jesu bei Johannes (Vorlesung), SoSe 2017<\/p><\/td><td><\/td><\/tr><tr><td><p>Teil 2: Christologische Aufbr\u00fcche. Fr\u00fche Bekenntnisse des Glaubens (Seminar), SoSe 2017<\/p><\/td><td><\/td><\/tr><tr><td><p>G4 Glaube und Vernunft<\/p><\/td><td><\/td><\/tr><tr><td><p>Studierende der Katholischen Theologie k\u00f6nnen das Modul im Optionalbereich nicht belegen.<\/p><\/td><td><\/td><\/tr><tr><td><p><\/p><\/td><td><\/td><\/tr><tr><td width=\"90%\"><p><a href=\"https:\/\/vvz.ruhr-uni-bochum.de\/campus\/all\/module.asp?gguid=0xA9A3507F395145DA9FED452A65592349&amp;fieldgguid=&amp;findmodule=rituale+im+horizont&amp;tguid=0x652286301A94654DBA58D95D1EC73A02&amp;strSignMessage=\">Rituale im Horizont des Glaubens (5 CP)<\/a><\/p><\/td><td><\/td><\/tr><tr><td><p>Teil 1: Grundfragen der Ekklesiologie und Sakramententheologie (Vorlesung), SoSe 2017<\/p><\/td><td><\/td><\/tr><tr><td><p>Teil 2: Rituale im menschlichen Leben (14-t\u00e4gl.) (Lekt\u00fcrekurs), SoSe 2017<\/p><\/td><td><\/td><\/tr><tr><td><p>G4 Christentum und Kultur<\/p><\/td><td><\/td><\/tr><tr><td><p>Studierende der Katholischen Theologie k\u00f6nnen dieses Modul im Optionalbereich nicht belegen.<\/p><\/td><td><\/td><\/tr><tr><td><p><\/p><\/td><td><\/td><\/tr><tr><td width=\"90%\"><p><a href=\"https:\/\/vvz.ruhr-uni-bochum.de\/campus\/all\/module.asp?gguid=0xC6E848EA149D47AE9CB39C9A6A985B9F&amp;fieldgguid=&amp;findmodule=theologische+grundlagen&amp;tguid=0x652286301A94654DBA58D95D1EC73A02&amp;strSignMessage=\">Theologische Grundlagen der christlich abendl\u00e4ndischen Kunst (5 CP)<\/a><\/p><\/td><td><\/td><\/tr><tr><td><p>Teil 1: Gro\u00dfe Gestalten aus Bibel und Kirchengeschichte (Vorlesung), SoSe 2017<\/p><\/td><td><\/td><\/tr><tr><td><p>Teil 2: Allgemeine Themen (3 Ganztagesexkursionen, jeweils 9:00 bis 17:00 Uhr), SoSe 2017<\/p><\/td><td><\/td><\/tr><tr><td><p>G4 Christentum und Kultur<\/p><\/td><td><\/td><\/tr><tr><td><\/td><td><\/td><\/tr><tr><td colspan=\"2\"><p>Klassische Philologie<\/p><\/td><\/tr><tr><td width=\"90%\"><p><a href=\"https:\/\/vvz.ruhr-uni-bochum.de\/campus\/all\/module.asp?gguid=0x9A634BD139964116ABD56E050E88E125&amp;fieldgguid=&amp;findmodule=vermittlung+antiker&amp;tguid=0x652286301A94654DBA58D95D1EC73A02&amp;strSignMessage=\">Vermittlung antiker Inhalte in Wissenschafts- und Kulturjournalismus (5 CP)<\/a><\/p><\/td><td><\/td><\/tr><tr><td><p>Teil 1: Vermittlung antiker Inhalte in Wissenschafts- und Kulturjournalismus (\u00dcbung), SoSe 2017<\/p><\/td><td><\/td><\/tr><tr><td><p>Teil 2: Berichterstattung zum R\u00f6merfest 2017 in Xanten (Exkursion), SoSe2017<\/p><\/td><td><\/td><\/tr><tr><td><p>G4 Basismodul: Klassische Philologie \/ G2 Medien<\/p><\/td><td><\/td><\/tr><tr><td><p><\/p><\/td><td><\/td><\/tr><tr><td colspan=\"2\"><p>Kunstgeschichte<\/p><\/td><\/tr><tr><td width=\"90%\"><p><a href=\"https:\/\/vvz.ruhr-uni-bochum.de\/campus\/all\/module.asp?gguid=0x5F8AB1E3B2D343C38993B3E871D4B418&amp;fieldgguid=&amp;findmodule=mythologische&amp;tguid=0x652286301A94654DBA58D95D1EC73A02&amp;strSignMessage=\">Mythologische Quellen und ihre k\u00fcnstlerische Adaption (5 CP)<\/a><\/p><\/td><td><\/td><\/tr><tr><td><p>Teil 1: G\u00f6tter und Verwandtschaft &#8211; Die antike Mythologie: Quellentexte und k\u00fcnstlerische Adaptionen I (Lekt\u00fcrekurs), SoSe 2017<\/p><\/td><td><\/td><\/tr><tr><td><p>Teil 2: G\u00f6tter und Verwandtschaft &#8211; Die antike Mythologie: Quellentexte und k\u00fcnstlerische Adaptionen I (\u00dcbung vor Originalen), SoSe2017<\/p><\/td><td><\/td><\/tr><tr><td><p>G4 Interdisziplin\u00e4r studieren<\/p><\/td><td><\/td><\/tr><tr><td><p>Studierende der Arch\u00e4ologie k\u00f6nnen an diesem Modul nicht teilnehmen!<\/p><\/td><td><\/td><\/tr><tr><td><p><\/p><\/td><td><\/td><\/tr><tr><td colspan=\"2\"><p>Maschinenbau<\/p><\/td><\/tr><tr><td><p>In diesem Semester liegt leider kein Angebot vor.<\/p><\/td><td><\/td><\/tr><tr><td><p><\/p><\/td><td><\/td><\/tr><tr><td colspan=\"2\"><p>Mathematik<\/p><\/td><\/tr><tr><td width=\"90%\"><p><a href=\"https:\/\/vvz.ruhr-uni-bochum.de\/campus\/all\/module.asp?gguid=0x0A9FA61DAAA5784F861CB00A42B34BDC&amp;fieldgguid=&amp;mode=&amp;findmodule=einf%FChrung+in+die+mathe&amp;tguid=0x652286301A94654DBA58D95D1EC73A02\">Einf\u00fchrung in die Mathematik (Schwerpunkte: Mathematik und Physik) (5 CP)<\/a><\/p><\/td><td><\/td><\/tr><tr><td><p>Teil 1: Vorkurs in Mathematik f\u00fcr Mathematiker und Physiker, SoSe 2017<\/p><\/td><td><\/td><\/tr><tr><td><p>Teil 2: \u00dcbungen zum 1. Vorkurs in Mathematik f\u00fcr Mathematiker und Physiker, SoSe 2017<\/p><\/td><td><\/td><\/tr><tr><td><p>G4 Basismodul &#8222;Grundlagen der Mathematik&#8220;<\/p><\/td><td><\/td><\/tr><tr><td><p>BA-Studierende der Mathematik k\u00f6nnen an diesem Modul zwar teilnehmen, jedoch Credit Points nur dann f\u00fcr den Optionalbereich erwerben, wenn sie den Vorkurs vor ihrem ersten Fachsemester besuchen.<\/p><\/td><td><\/td><\/tr><tr><td><p><\/p><\/td><td><\/td><\/tr><tr><td width=\"90%\"><p><a href=\"https:\/\/vvz.ruhr-uni-bochum.de\/campus\/all\/module.asp?gguid=0x58D394C847FD4B46901ED0FD1041CCFF&amp;fieldgguid=&amp;mode=&amp;findmodule=einf%FChrung+in+die+mathe&amp;tguid=0x652286301A94654DBA58D95D1EC73A02\">Einf\u00fchrung in die Mathematik (Schwerpunkte: Natur- und Ingenieurwissenschaften sowie Informatik) (5 CP)<\/a><\/p><\/td><td><\/td><\/tr><tr><td><p>Teil 1: Vorkurs in Mathematik f\u00fcr k\u00fcnftige Studierende der Ingenieurwissenschaften (Vorkurs), SoSe 2017<\/p><\/td><td><\/td><\/tr><tr><td><p>Teil 2: \u00dcbungen zum Vorkurs in Mathematik f\u00fcr k\u00fcnftige Studierende der Ingenieurwissenschaften (\u00dcbung), SoSe 2017<\/p><\/td><td><\/td><\/tr><tr><td><p>G4 Basismodul &#8222;Grundlagen der Mathematik&#8220;<\/p><\/td><td><\/td><\/tr><tr><td><p>Studierende der Mathematik und der Physik k\u00f6nnen an diesem Modul zwar teilnehmen, jedoch keine Credit Points f\u00fcr den Optionalbereich erwerben!<\/p><\/td><td><\/td><\/tr><tr><td><p><\/p><\/td><td><\/td><\/tr><tr><td width=\"90%\"><p><a href=\"https:\/\/vvz.ruhr-uni-bochum.de\/campus\/all\/module.asp?gguid=0x21A477E575AC16469B438498DDF166D6&amp;fieldgguid=&amp;mode=&amp;findmodule=einf%FChrung+in+die+mathe&amp;tguid=0x652286301A94654DBA58D95D1EC73A02\">Einf\u00fchrung in die Mathematik II (Schwerpunkte: Physik und Geophysik) (10 CP)<\/a><\/p><\/td><td><\/td><\/tr><tr><td><p>Teil 1: Einf\u00fchrung in die Mathematik II (Vorlesung), SoSe 2017<\/p><\/td><td><\/td><\/tr><tr><td><p>Teil 2: Einf\u00fchrung in die Mathematik II (\u00dcbung), SoSe 2017<\/p><\/td><td><\/td><\/tr><tr><td><p>G4 Aufbaumodul &#8222;H\u00f6here Mathematik&#8220;<\/p><\/td><td><\/td><\/tr><tr><td><p>Studierende der Mathematik k\u00f6nnen an diesem Modul zwar teilnehmen, jedoch keine Credit Points f\u00fcr den Optionalbereich erwerben.<\/p><\/td><td><\/td><\/tr><tr><td><p><\/p><\/td><td><\/td><\/tr><tr><td width=\"90%\"><p><a href=\"https:\/\/vvz.ruhr-uni-bochum.de\/campus\/all\/module.asp?gguid=0x9B541A9C6C669B4DB82FC3F055152440&amp;fieldgguid=&amp;findmodule=h%F6here+mathe&amp;tguid=0x652286301A94654DBA58D95D1EC73A02&amp;strSignMessage=\">H\u00f6here Mathematik I + II (Schwerpunkt: Angewandte Informatik) (10 CP)<\/a><\/p><\/td><td><\/td><\/tr><tr><td><p>Teil 1: H\u00f6here Mathematik II (im Rahmen der Studienrichtung Angewandte Informatik), SoSe 2017<\/p><\/td><td><\/td><\/tr><tr><td><p>Teil 2: \u00dcbungen zu h\u00f6here Mathematik II (im Rahmen der Studienrichtung Angewandte Informatik), SoSe 2017<\/p><\/td><td><\/td><\/tr><tr><td><p>G4 Aufbaumodul &#8222;H\u00f6here Mathematik&#8220;<\/p><\/td><td><\/td><\/tr><tr><td><p>Studierende der Mathematik k\u00f6nnen an diesem Modul zwar teilnehmen, jedoch keine Credit Points f\u00fcr den Optionalbereich erwerben.<\/p><\/td><td><\/td><\/tr><tr><td><p><\/p><\/td><td><\/td><\/tr><tr><td width=\"90%\"><p><a href=\"https:\/\/vvz.ruhr-uni-bochum.de\/campus\/all\/module.asp?gguid=0x32976CD60332B141964254CC14851194&amp;fieldgguid=&amp;mode=&amp;findmodule=statistische+methoden&amp;tguid=0x652286301A94654DBA58D95D1EC73A02\">Statistische Methoden (Schwerpunkt: Biologie und Naturwissenschaften) (5 CP)<\/a><\/p><\/td><td><\/td><\/tr><tr><td><p>Teil 1: Statistische Methoden f\u00fcr Biologen und andere Naturwissenschaftler (Vorlesung), SoSe 2017<\/p><\/td><td><\/td><\/tr><tr><td><p>Teil 2: Statistische Methoden f\u00fcr Biologen und andere Naturwissenschaftler (\u00dcbung), SoSe 2017<\/p><\/td><td><\/td><\/tr><tr><td><p>G4 &#8222;Mathematische Anwendungen&#8220;<\/p><\/td><td><\/td><\/tr><tr><td><p>Studierende der Mathematik k\u00f6nnen an diesem Modul zwar teilnehmen, jedoch keine Credit Points f\u00fcr den Optionalbereich erwerben.<\/p><\/td><td><\/td><\/tr><tr><td><\/td><td><\/td><\/tr><tr><td colspan=\"2\"><p>Medienwissenschaft<\/p><\/td><\/tr><tr><td width=\"90%\"><p><a href=\"https:\/\/vvz.ruhr-uni-bochum.de\/campus\/all\/module.asp?gguid=0x8E171672E7594EDEB9825E1A1F5E9CE1&amp;fieldgguid=&amp;mode=&amp;findmodule=medientheorie&amp;tguid=0x652286301A94654DBA58D95D1EC73A02\">Medientheorie und Kommunikationstheorie A (5 CP)<\/a><\/p><\/td><td><\/td><\/tr><tr><td><p>Teil 1: Medientheorie und Kommunikationstheorie (Vorlesung), SoSe 2017<\/p><\/td><td><\/td><\/tr><tr><td><p>Teil 2: Medientheorie und Kommunikationstheorie (\u00dcbung), SoSe 2017<\/p><\/td><td><\/td><\/tr><tr><td><p>G4 Basismodul &#8222;Medientheorie und Kommunikationstheorie&#8220;<\/p><\/td><td><\/td><\/tr><tr><td><p>Studierende der Medienwissenschaft k\u00f6nnen in diesem Modul keine Credit Points f\u00fcr den Optionalbereich erwerben<\/p><\/td><td><\/td><\/tr><tr><td><p><\/p><\/td><td><\/td><\/tr><tr><td width=\"90%\"><p><a href=\"https:\/\/vvz.ruhr-uni-bochum.de\/campus\/all\/module.asp?gguid=0x4F1D834B866F4B98B7B04DBCEA68F282&amp;fieldgguid=&amp;mode=&amp;findmodule=medientheorie&amp;tguid=0x652286301A94654DBA58D95D1EC73A02\">Medientheorie und Kommunikationstheorie B (5 CP)<\/a><\/p><\/td><td><\/td><\/tr><tr><td><p>Teil 1: Medientheorie und Kommunikationstheorie (Vorlesung), SoSe 2017<\/p><\/td><td><\/td><\/tr><tr><td><p>Teil 2: Medientheorie und Kommunikationstheorie (\u00dcbung), SoSe 2017<\/p><\/td><td><\/td><\/tr><tr><td><p>G4 Basismodul &#8222;Medientheorie und Kommunikationstheorie&#8220;<\/p><\/td><td><\/td><\/tr><tr><td><p>Studierende der Medienwissenschaft k\u00f6nnen in diesem Modul keine Credit Points f\u00fcr den Optionalbereich erwerben<\/p><\/td><td><\/td><\/tr><tr><td><p><\/p><\/td><td><\/td><\/tr><tr><td width=\"90%\"><p><a href=\"https:\/\/vvz.ruhr-uni-bochum.de\/campus\/all\/module.asp?gguid=0xDC157E0A0BCB4477838E371B94FEEEAF&amp;fieldgguid=&amp;mode=&amp;findmodule=medientheorie&amp;tguid=0x652286301A94654DBA58D95D1EC73A02\">Medientheorie und Kommunikationstheorie C (5 CP)<\/a><\/p><\/td><td><\/td><\/tr><tr><td><p>Teil 1: Medientheorie und Kommunikationstheorie (Vorlesung), SoSe 2017<\/p><\/td><td><\/td><\/tr><tr><td><p>Teil 2: Medientheorie und Kommunikationstheorie (\u00dcbung), SoSe 2017<\/p><\/td><td><\/td><\/tr><tr><td><p>G4 Basismodul &#8222;Medientheorie und Kommunikationstheorie&#8220;<\/p><\/td><td><\/td><\/tr><tr><td><p>Studierende der Medienwissenschaft k\u00f6nnen in diesem Modul keine Credit Points f\u00fcr den Optionalbereich erwerben<\/p><\/td><td><\/td><\/tr><tr><td><\/td><td><\/td><\/tr><tr><td colspan=\"2\"><p>Medizin<\/p><\/td><\/tr><tr><td><p>In diesem Semester liegt leider kein Angebot vor.<\/p><\/td><td><\/td><\/tr><tr><td><p><\/p><\/td><td><\/td><\/tr><tr><td colspan=\"2\"><p>Orientalistik und Islamwissenschaften<\/p><\/td><\/tr><tr><td width=\"90%\"><p><a href=\"https:\/\/vvz.ruhr-uni-bochum.de\/campus\/all\/module.asp?gguid=0xAE38B8BE062D498083268DB7579DA620&amp;fieldgguid=&amp;findmodule=persische&amp;tguid=0x652286301A94654DBA58D95D1EC73A02&amp;strSignMessage=\">Persische Kalligraphie und Landeskunde (5 CP)<\/a><\/p><\/td><td><\/td><\/tr><tr><td><p>Teil 1: Arabisch-Persische Kalligraphie (\u00dcbung), SoSe 2017<\/p><\/td><td><\/td><\/tr><tr><td><p>Teil 2: Landeskunde Iran (\u00dcbung), SoSe2017<\/p><\/td><td><\/td><\/tr><tr><td><p>G4 Basismodul &#8222;Einf\u00fchrung in die islamische Welt&#8220;<\/p><\/td><td><\/td><\/tr><tr><td><p>Studierende der Orientalistik\/Islamwissenschaften k\u00f6nnen an diesem Modul nicht teilnehmen!<\/p><\/td><td><\/td><\/tr><tr><td><p><\/p><\/td><td><\/td><\/tr><tr><td colspan=\"2\"><p>Ostasienwissenschaften<\/p><\/td><\/tr><tr><td width=\"90%\"><p><a href=\"https:\/\/vvz.ruhr-uni-bochum.de\/campus\/all\/module.asp?gguid=0x37EB67D99DB5B546A76805604192D0BF&amp;fieldgguid=&amp;findmodule=basismodul+japan&amp;tguid=0x652286301A94654DBA58D95D1EC73A02&amp;strSignMessage=\">Basismodul Japanologie (5 CP)<\/a><\/p><\/td><td><\/td><\/tr><tr><td><p>Teil 1: Orientierung &#8211; Einf\u00fchrung in die Japanologie (Vorlesung), SoSe 2017<\/p><\/td><td><\/td><\/tr><tr><td><p>Teil 2: Grundlagen Geschichte 1 (Vorlesung), SoSe 2017<\/p><\/td><td><\/td><\/tr><tr><td><p>G4 Basismodul &#8222;Japan&#8220;<\/p><\/td><td><\/td><\/tr><tr><td><p>Studierende der Japanologie k\u00f6nnen an diesem Modul zwar teilnehmen, jedoch keine Credit Points f\u00fcr den Optionalbereich erwerben!<\/p><\/td><td><\/td><\/tr><tr><td><p><\/p><\/td><td><\/td><\/tr><tr><td width=\"90%\"><p><a href=\"https:\/\/vvz.ruhr-uni-bochum.de\/campus\/all\/module.asp?gguid=0x241657113758514DB236BEAD57170EA0&amp;fieldgguid=&amp;findmodule=basismodul+sin&amp;tguid=0x652286301A94654DBA58D95D1EC73A02&amp;strSignMessage=\">Basismodul Sinologie (5 CP)<\/a><\/p><\/td><td><\/td><\/tr><tr><td><p>Teil 1: Einf\u00fchrung in die chinesische Literaturgeschichte (Seminar), SoSe 2017<\/p><\/td><td><\/td><\/tr><tr><td><p>Teil 2: Grundz\u00fcge der chinesischen Geschichte (Vorlesung\/Seminar), Sose 2017<\/p><\/td><td><\/td><\/tr><tr><td><p>G4 Basismodul &#8222;China&#8220;<\/p><\/td><td><\/td><\/tr><tr><td><p>Das Modul ist auch Teil des sinologischen Grundstudiums (f\u00fcr Sinologiestudenten deshalb nicht \u00fcber den Optionalbereich sondern den Studiengang Sinologie kreditiert).<\/p><\/td><td><\/td><\/tr><tr><td><p><\/p><\/td><td><\/td><\/tr><tr><td width=\"90%\"><p><a href=\"https:\/\/vvz.ruhr-uni-bochum.de\/campus\/all\/module.asp?gguid=0x2C63526CC64AC54CB2269296AEF1B9B1&amp;fieldgguid=&amp;mode=&amp;findmodule=einf%FChrung+in+die+kore&amp;tguid=0x652286301A94654DBA58D95D1EC73A02\">Einf\u00fchrung in die koreanische Geschichte (5 CP)<\/a><\/p><\/td><td><\/td><\/tr><tr><td><p>Teil 1: Neuere Geschichte Koreas (Vorlesung), SoSe 2017<\/p><\/td><td><\/td><\/tr><tr><td><p>Teil 2: Vormoderne koreanische Geschichte WS 2017\/19<\/p><\/td><td><\/td><\/tr><tr><td><p>G4 Basismodul &#8222;Korea&#8220;<\/p><\/td><td><\/td><\/tr><tr><td><p>Studierende der Koreanistik k\u00f6nnen an diesem Modul zwar teilnehmen, jedoch keine Credit Points f\u00fcr den Optionalbereich erwerben!<\/p><\/td><td><\/td><\/tr><tr><td><p><\/p><\/td><td><\/td><\/tr><tr><td width=\"90%\"><p><a href=\"https:\/\/vvz.ruhr-uni-bochum.de\/campus\/all\/module.asp?gguid=0xEC7EA166F1741549811452B0A18EAC5C&amp;fieldgguid=&amp;findmodule=nihong&amp;tguid=0x652286301A94654DBA58D95D1EC73A02&amp;strSignMessage=\">Nihongogaku (5 CP)<\/a><\/p><\/td><td><\/td><\/tr><tr><td><p>Teil 1: Teil 1: Grundlagen der Sprachwissenschaft 1 (Vorlesung), SoSe 2017<\/p><\/td><td><\/td><\/tr><tr><td><p>Teil 2: Teil 2: Grundlagen der Sprachwissenschaft 2 (Vorlesung), WS 2017\/19<\/p><\/td><td><\/td><\/tr><tr><td><p>G4 Basismodul &#8222;Japan&#8220;<\/p><\/td><td><\/td><\/tr><tr><td><p>Studierende der Japanologie k\u00f6nnen an diesem Modul zwar teilnehmen, jedoch keine Credit Points f\u00fcr den Optionalbereich erwerben!<\/p><\/td><td><\/td><\/tr><tr><td><\/td><td><\/td><\/tr><tr><td colspan=\"2\"><p>Philosophie<\/p><\/td><\/tr><tr><td width=\"90%\"><p><a href=\"https:\/\/vvz.ruhr-uni-bochum.de\/campus\/all\/module.asp?gguid=0xF36F5B12FD04AF459472FE1F3A61FA0F&amp;fieldgguid=&amp;findmodule=einf%FChrung+in+die+philo&amp;tguid=0x652286301A94654DBA58D95D1EC73A02&amp;strSignMessage=\">Einf\u00fchrung in die Philosophie &#8211; Neuzeitliche Philosophie und Praktische Philosophie (5 CP)<\/a><\/p><\/td><td><\/td><\/tr><tr><td><p>Teil 1: Einf\u00fchrung in die Ethik (Vorlesung), Sose 2017<\/p><\/td><td><\/td><\/tr><tr><td><p>Teil 2: Vernunft und Rationalit\u00e4t in der Moderne (Vorlesung), SoSe 2017<\/p><\/td><td><\/td><\/tr><tr><td><p>G4 Basismodul &#8222;Geschichte der Philosophie&#8220; \/ G4 Basismodul &#8222;Praktische Philosophie&#8220;<\/p><\/td><td><\/td><\/tr><tr><td><p>Studierende der Philosophie d\u00fcrfen an diesem Modul nicht teilnehmen.<\/p><\/td><td><\/td><\/tr><tr><td><p><\/p><\/td><td><\/td><\/tr><tr><td colspan=\"2\"><p>Physik und Astronomie<\/p><\/td><\/tr><tr><td width=\"90%\"><p><a href=\"https:\/\/vvz.ruhr-uni-bochum.de\/campus\/all\/module.asp?gguid=0x28B641230AA0DD4DABA6079F6EC13487&amp;fieldgguid=&amp;findmodule=digitalelektronik&amp;tguid=0x652286301A94654DBA58D95D1EC73A02&amp;strSignMessage=\">Digitalelektronik (5 CP)<\/a><\/p><\/td><td><\/td><\/tr><tr><td><p>Teil 1: Digitalelektronik (Vorlesung), SoSe 2017<\/p><\/td><td><\/td><\/tr><tr><td><p>Teil 2: Digitalelektronik (Praktische \u00dcbung), SoSe 2017<\/p><\/td><td><\/td><\/tr><tr><td><p>G4 Basismodul &#8222;Elektronik f\u00fcr physikalische Experimente&#8220;<\/p><\/td><td><\/td><\/tr><tr><td><p>Studierende der Physik k\u00f6nnen sich dieses Modul nicht f\u00fcr den Optionalbereich anrechnen lassen.<\/p><\/td><td><\/td><\/tr><tr><td><p><\/p><\/td><td><\/td><\/tr><tr><td width=\"90%\"><p><a href=\"https:\/\/vvz.ruhr-uni-bochum.de\/campus\/all\/module.asp?gguid=0x59250459D0BEB84CBC4E647444CD6B47&amp;fieldgguid=&amp;findmodule=leben+im+welt&amp;tguid=0x652286301A94654DBA58D95D1EC73A02&amp;strSignMessage=\">Leben im Weltraum? (5 CP)<\/a><\/p><\/td><td><\/td><\/tr><tr><td><p>Teil 1: Leben im Weltraum? (Vorlesung), SoSe 2017<\/p><\/td><td><\/td><\/tr><tr><td><p>Teil 2: Leben im Weltraum? (\u00dcbung), SoSe 2017<\/p><\/td><td><\/td><\/tr><tr><td><p>G4 Basismodul &#8222;Leben im Weltraum&#8220;<\/p><\/td><td><\/td><\/tr><tr><td><p>Studierende der Physik k\u00f6nnen sich dieses Modul nicht f\u00fcr den Optionalbereich anrechnen lassen.<\/p><\/td><td><\/td><\/tr><tr><td><p><\/p><\/td><td><\/td><\/tr><tr><td width=\"90%\"><p><a href=\"https:\/\/vvz.ruhr-uni-bochum.de\/campus\/all\/module.asp?gguid=0xA16AE5024B0F1F479889CD84B25F7E58&amp;fieldgguid=&amp;mode=&amp;findmodule=mathematische&amp;tguid=0x652286301A94654DBA58D95D1EC73A02\">Mathematische Hilfsmittel der Physik (5 CP)<\/a><\/p><\/td><td><\/td><\/tr><tr><td><p>Teil 1: Einf\u00fchrung in die mathematischen Hilfsmittel der Physik (Vorlesung), SoSe 2017<\/p><\/td><td><\/td><\/tr><tr><td><p>Teil 2: Einf\u00fchrung in die mathematischen Hilfsmittel der Physik (\u00dcbungen), SoSe 2017<\/p><\/td><td><\/td><\/tr><tr><td><p>G4 Basismodul &#8222;Mathematischen Methoden f\u00fcr die Physik&#8220;<\/p><\/td><td><\/td><\/tr><tr><td><p>Bitte beachten Sie: 2-Fach-B.A.-Studierende der Physik und \/ oder Mathematik k\u00f6nnen nur dann CP f\u00fcr den Optionalbereich erwerben, wenn sie das Modul vor Ihrem ersten Fachsemester besuchen. Studierende der Physik im Bachelor of Science (1-Fach B.Sc.) ist das Modul nicht als Studienleistung anrechenbar.<\/p><\/td><td><\/td><\/tr><tr><td><p><\/p><\/td><td><\/td><\/tr><tr><td width=\"90%\"><p><a href=\"https:\/\/vvz.ruhr-uni-bochum.de\/campus\/all\/module.asp?gguid=0x8381776260792844B0078EFCE6A142BE&amp;fieldgguid=&amp;mode=&amp;findmodule=mathematische+methoden&amp;tguid=0x652286301A94654DBA58D95D1EC73A02\">Mathematische Methoden der Physik II (5 CP)<\/a><\/p><\/td><td><\/td><\/tr><tr><td><p>Teil 1: Mathematische Methoden der Physik II (Vorlesung), SoSe 2017<\/p><\/td><td><\/td><\/tr><tr><td><p>Teil 2: Mathematische Methoden der Physik II (Lerngruppen), SoSe 2017<\/p><\/td><td><\/td><\/tr><tr><td><p>G4 Basismodul &#8222;Mathematische Methoden f\u00fcr die Physik&#8220;<\/p><\/td><td><\/td><\/tr><tr><td><p>Studierende der Physik k\u00f6nnen an diesem Modul zwar teilnehmen aber keine CP f\u00fcr den Optionalbereich erwerben<\/p><\/td><td><\/td><\/tr><tr><td><p><\/p><\/td><td><\/td><\/tr><tr><td width=\"90%\"><p><a href=\"https:\/\/vvz.ruhr-uni-bochum.de\/campus\/all\/module.asp?gguid=0xEC43D13F7213F444999775ABBEF71E44&amp;fieldgguid=&amp;mode=&amp;findmodule=physik&amp;tguid=0x652286301A94654DBA58D95D1EC73A02\">Physik I (Schwerpunkt Biologie) (5 CP)<\/a><\/p><\/td><td><\/td><\/tr><tr><td><p>Teil 1: Physik I f\u00fcr Studierende der Biologie (Vorlesung), Sose 2017<\/p><\/td><td><\/td><\/tr><tr><td><p>Teil 2: Physik I f\u00fcr Studierende der Biologie (\u00dcbung), Sose 2017<\/p><\/td><td><\/td><\/tr><tr><td><p>G4 Basismodul &#8222;Grundlagen der Physik&#8220;<\/p><\/td><td><\/td><\/tr><tr><td><p>Da die Veranstaltung inhaltlich der Physik I (Schwerpunkt Chemie) gleicht, kann nur jeweils eine von beiden f\u00fcr den Optionalbereich anerkannt werden. F\u00fcr Studierende des B.Sc. Studiengangs Biologie ist dieses Modul nicht im Optionalbereich anrechenbar. Studierende der Physik k\u00f6nnen an diesem Modul nicht teilnehmen.<\/p><\/td><td><\/td><\/tr><tr><td><p><\/p><\/td><td><\/td><\/tr><tr><td width=\"90%\"><p><a href=\"https:\/\/vvz.ruhr-uni-bochum.de\/campus\/all\/module.asp?gguid=0xB015C0D0C31D8E4A957DFB972389F8AA&amp;fieldgguid=&amp;mode=&amp;findmodule=physik+II&amp;tguid=0x652286301A94654DBA58D95D1EC73A02\">Physik II (Schwerpunkte Chemie, Biochemie und Geowissenschaften) (OPT) (5 CP)<\/a><\/p><\/td><td><\/td><\/tr><tr><td><p>Teil 1: Physik II f\u00fcr Studierende der Chemie und Biochemie (Vorlesung), SoSe 2017<\/p><\/td><td><\/td><\/tr><tr><td><p>Teil 2: Physik II f\u00fcr Studierende der Chemie und Biochemie (\u00dcbungen), SoSe 2017<\/p><\/td><td><\/td><\/tr><tr><td><p>G4 Basismodul &#8222;Grundlagen der Physik&#8220;<\/p><\/td><td><\/td><\/tr><tr><td><p>Studierende der Physik k\u00f6nnen an diesem Modul nicht teilnehmen. Da die Veranstaltung inhaltlich der Physik II (Schwerpunkt Biologie) gleicht, kann nur jeweils eine von beiden f\u00fcr den Optionalbereich anerkannt werden. F\u00fcr Studierende des B.Sc. Studiengangs Chemie, Biochemie, Geowissenschaften ist dieses Modul nicht im Optionalbereich anrechenbar.<\/p><\/td><td><\/td><\/tr><tr><td><p><\/p><\/td><td><\/td><\/tr><tr><td width=\"90%\"><p><a href=\"https:\/\/vvz.ruhr-uni-bochum.de\/campus\/all\/module.asp?gguid=0x9500570E1D19B043B07CF022A71895AF&amp;fieldgguid=&amp;mode=&amp;findmodule=physik&amp;tguid=0x652286301A94654DBA58D95D1EC73A02\">Physik f\u00fcr Nicht-Physikerinnen und Nicht-Physiker (OPT) (5 CP)<\/a><\/p><\/td><td><\/td><\/tr><tr><td><p>Teil 1: Physik f\u00fcr Nicht-Physikerinnen und Nicht-Physiker (Vorlesung), SoSe 2017<\/p><\/td><td><\/td><\/tr><tr><td><p>Teil 2: Physik f\u00fcr Nicht-Physikerinnen und Nicht-Physiker (\u00dcbungen), SoSe 2017<\/p><\/td><td><\/td><\/tr><tr><td><p>G4 Basismodul &#8222;Grundlagen der Physik&#8220;<\/p><\/td><td><\/td><\/tr><tr><td><p>Studierende der Physik k\u00f6nnen an diesem Modul nicht teilnehmen!<\/p><\/td><td><\/td><\/tr><tr><td><\/td><td><\/td><\/tr><tr><td colspan=\"2\"><p>Rechtswissenschaft<\/p><\/td><\/tr><tr><td width=\"90%\"><p><a href=\"https:\/\/vvz.ruhr-uni-bochum.de\/campus\/all\/module.asp?gguid=0x9B956A0856814C909AB96910ECC261CD&amp;fieldgguid=&amp;findmodule=basismodul+rechts&amp;tguid=0x652286301A94654DBA58D95D1EC73A02&amp;strSignMessage=\">Basismodul Rechtsgeschichte (5 CP)<\/a><\/p><\/td><td><\/td><\/tr><tr><td><p>Teil 1: Deutsche Rechtsgeschichte (Vorlesung), SoSe 2017<\/p><\/td><td><\/td><\/tr><tr><td><p>Teil 2: R\u00f6mische Rechtsgeschichte (Vorlesung), WS 2017\/19<\/p><\/td><td><\/td><\/tr><tr><td><p>G4 Basismodul &#8222;Rechtswissenschaft&#8220;<\/p><\/td><td><\/td><\/tr><tr><td><p>Studierende, die das Modul Deutsche Rechtsgeschichte belegt haben, k\u00f6nnen an diesem Modul nicht teilnehmen.<\/p><\/td><td><\/td><\/tr><tr><td><p><\/p><\/td><td><\/td><\/tr><tr><td width=\"90%\"><p><a href=\"https:\/\/vvz.ruhr-uni-bochum.de\/campus\/all\/module.asp?gguid=0xB6723DF3180A405A9D22B74A73CF460E&amp;fieldgguid=&amp;findmodule=basismodul+grundlagen+des+rechts&amp;tguid=0x652286301A94654DBA58D95D1EC73A02&amp;strSignMessage=\">Basismodul Grundlagen des Rechts (5 CP)<\/a><\/p><\/td><td><\/td><\/tr><tr><td><p>Teil 1: Allgemeine Staatslehre (Vorlesung), SoSe 2017<\/p><\/td><td><\/td><\/tr><tr><td><p>Teil 2a: Verfassungstheorie: Theorie und Geschichte einer riskanten Ordnung (Vorlesung)<\/p><\/td><td><\/td><\/tr><tr><td><p>Teil 2b: Staat und Religion (Blockveranstaltung), SoSe 2017<\/p><\/td><td><\/td><\/tr><tr><td><p>G4 Basismodul &#8222;Rechtswissenschaft&#8220;<\/p><\/td><td><\/td><\/tr><tr><td><\/td><td><\/td><\/tr><tr><td colspan=\"2\"><p>Religionswissenschaft<\/p><\/td><\/tr><tr><td width=\"90%\"><p><a href=\"https:\/\/vvz.ruhr-uni-bochum.de\/campus\/all\/module.asp?gguid=0x869BF95B64FA40139AF764CEDE38FAEB&amp;fieldgguid=&amp;mode=&amp;findmodule=altorientalisch&amp;tguid=0x652286301A94654DBA58D95D1EC73A02\">Altorientalische \/ Antike Religionsgeschichte: Fokus Alter Orient (5 CP)<\/a><\/p><\/td><td><\/td><\/tr><tr><td><p>Teil 1: Altorientalische Religionsgeschichte (\u00dcbung), SoSe 2017<\/p><\/td><td><\/td><\/tr><tr><td><p>Teil 2: Religionsgeschichte Westasiens und Europas in der Antike und der Sp\u00e4tantike (Vorlesung), SoSe 2017<\/p><\/td><td><\/td><\/tr><tr><td><p>G4 Basismodul &#8222;Religionsgeschichte&#8220;<\/p><\/td><td><\/td><\/tr><tr><td><p>Bitte beachten Sie die Ausschl\u00fcsse in Campus.<\/p><\/td><td><\/td><\/tr><tr><td><p><\/p><\/td><td><\/td><\/tr><tr><td width=\"90%\"><p><a href=\"https:\/\/vvz.ruhr-uni-bochum.de\/campus\/all\/module.asp?gguid=0xA8B5E1DB722C42B8B345FBC4B3EF1F69&amp;fieldgguid=&amp;mode=&amp;findmodule=Altorientalische+%2F+Antike+Religionsgesch&amp;tguid=0x652286301A94654DBA58D95D1EC73A02\">Altorientalische \/ Antike Religionsgeschichte: Fokus Antike (5 CP)<\/a><\/p><\/td><td><\/td><\/tr><tr><td><p>Teil 1: Religionsgeschichte Westasiens und Europas in der Antike und der Sp\u00e4tantike (Vorlesung), SoSe 2017<\/p><\/td><td><\/td><\/tr><tr><td><p>Teil 2: Selbstlekt\u00fcrekurs: Antike Religionsgeschichte (\u00dcbung), SoSe 2017<\/p><\/td><td><\/td><\/tr><tr><td><p>G4 Basismodul &#8222;Religionsgeschichte&#8220;<\/p><\/td><td><\/td><\/tr><tr><td><p>Bitte beachten Sie die Ausschl\u00fcsse in Campus.<\/p><\/td><td><\/td><\/tr><tr><td><p><\/p><\/td><td><\/td><\/tr><tr><td width=\"90%\"><p><a href=\"https:\/\/vvz.ruhr-uni-bochum.de\/campus\/all\/module.asp?gguid=0x3DAFCBCA1D4C426887894D0A19155AA6&amp;fieldgguid=&amp;mode=&amp;findmodule=altorientalische&amp;tguid=0x652286301A94654DBA58D95D1EC73A02\">Altorientalische \/ Antike Religionsgeschichte: Fokus Zoroastrismus (5 CP)<\/a><\/p><\/td><td><\/td><\/tr><tr><td><p>Teil 1: Religionsgeschichte Westasiens und Europas in der Antike und der Sp\u00e4tantike (Vorlesung), SoSe 2017<\/p><\/td><td><\/td><\/tr><tr><td><p>Teil 2: Selbstlekt\u00fcrekurs: Antike Religionsgeschichte (\u00dcbung), SoSe 2017<\/p><\/td><td><\/td><\/tr><tr><td><p>G4 Basismodul &#8222;Religionsgeschichte&#8220;<\/p><\/td><td><\/td><\/tr><tr><td><p>Bitte beachten Sie die Ausschl\u00fcsse in Campus.<\/p><\/td><td><\/td><\/tr><tr><td><p><\/p><\/td><td><\/td><\/tr><tr><td width=\"90%\"><p><a href=\"https:\/\/vvz.ruhr-uni-bochum.de\/campus\/all\/module.asp?gguid=0x3758C70542444471A4C2E206A1440E9A&amp;fieldgguid=&amp;findmodule=christliche+rel&amp;tguid=0x652286301A94654DBA58D95D1EC73A02&amp;strSignMessage=\">Christliche Religionsgeschichte (5 CP)<\/a><\/p><\/td><td><\/td><\/tr><tr><td><p>Teil 1: Amerikanische Megakirchen aus religionswissenschaftlicher und theologischer Perspektive (Seminar), SoSe 2017<\/p><\/td><td><\/td><\/tr><tr><td><p>Teil 2: Christliche Religionen (\u00dcbung), SoSe 2017<\/p><\/td><td><\/td><\/tr><tr><td><p>G4 Basismodul &#8222;Religionsgeschichte&#8220;<\/p><\/td><td><\/td><\/tr><tr><td><p>Studierende, die das Modul f\u00fcr Ihr Fachstudium anrechnen lassen, d\u00fcrfen dieses nicht im Rahmen des Optionalbereichs besuchen.<\/p><\/td><td><\/td><\/tr><tr><td><p>Studierende der Religionswissenschaft k\u00f6nnen in diesem Modul keine CP f\u00fcr den Optionalbereich erwerben!<\/p><\/td><td><\/td><\/tr><tr><td><p><\/p><\/td><td><\/td><\/tr><tr><td width=\"90%\"><p><a href=\"https:\/\/vvz.ruhr-uni-bochum.de\/campus\/all\/module.asp?gguid=0xF093CAFAA4154134A35C060C94C9681A&amp;fieldgguid=&amp;findmodule=hindu&amp;tguid=0x652286301A94654DBA58D95D1EC73A02&amp;strSignMessage=\">Hinduistischen Religionen (5 CP)<\/a><\/p><\/td><td><\/td><\/tr><tr><td><p>Teil 1: Hinduistische Religionen (\u00dcbung), SoSe 2017<\/p><\/td><td><\/td><\/tr><tr><td><p>Teil 2: From Monkey to Buddha: Jatakas Tales in South Asia (Seminar), SoSe 2017<\/p><\/td><td><\/td><\/tr><tr><td><p>G4 Grundlagen der Religionswissenschaft<\/p><\/td><td><\/td><\/tr><tr><td><p>Studierende der Religionswissenschaft k\u00f6nnen in diesem Modul keine CP f\u00fcr den Optionalbereich erwerben! Studierende des Optionalbereichs k\u00f6nnen, wenn sie dieses Modul belegen, nicht das Modul Religionswissenschaftliche Zug\u00e4nge zu hinduistischen Religionsgeschichte belegen.<\/p><\/td><td><\/td><\/tr><tr><td><p><\/p><\/td><td><\/td><\/tr><tr><td width=\"90%\"><p><a href=\"https:\/\/vvz.ruhr-uni-bochum.de\/campus\/all\/module.asp?gguid=0x3F6D4B3422874694A315A3685E1175EB&amp;fieldgguid=&amp;mode=&amp;findmodule=j%FCdische&amp;tguid=0x652286301A94654DBA58D95D1EC73A02\">J\u00fcdische Religionsgeschichte (5 CP)<\/a><\/p><\/td><td><\/td><\/tr><tr><td><p>Teil 1: Jews in the Islamic World (Seminar), SoSe 2017<\/p><\/td><td><\/td><\/tr><tr><td><p>Teil 2: J\u00fcdische Geschichte in der Moderne (Seminar), SoSe 2017<\/p><\/td><td><\/td><\/tr><tr><td><p>G4 Grundlagen der Religionswissenschaft<\/p><\/td><td><\/td><\/tr><tr><td><p>Studierende, die das Modul f\u00fcr Ihr Fachstudium anrechnen lassen, d\u00fcrfen dieses nicht im Rahmen des Optionalbereichs besuchen. Studierende der Religionswissenschaft k\u00f6nnen in diesem Modul keine CP f\u00fcr den Optionalbereich erwerben!<\/p><\/td><td><\/td><\/tr><tr><td><p><\/p><\/td><td><\/td><\/tr><tr><td width=\"90%\"><p><a href=\"https:\/\/vvz.ruhr-uni-bochum.de\/campus\/all\/module.asp?gguid=0xED9543373387445099BB7A3D19A55320&amp;fieldgguid=&amp;findmodule=religionsgeschichte+asiens&amp;tguid=0x652286301A94654DBA58D95D1EC73A02&amp;strSignMessage=\">Religionsgeschichte Asiens: Korea und religi\u00f6se Texte (Chinesisch) (5 CP)<\/a><\/p><\/td><td><\/td><\/tr><tr><td><p>Teil 1: Religions- und Geistesgeschichte Koreas (\u00dcbung), SoSe 2017<\/p><\/td><td><\/td><\/tr><tr><td><p>Teil 2: Textlekt\u00fcre: Xinjing (Herz-Sutra) und Kommentare (Seminar), SoSe 2017<\/p><\/td><td><\/td><\/tr><tr><td><p>G4 Grundlagen der Religionswissenschaft<\/p><\/td><td><\/td><\/tr><tr><td><p>Studierende, die das Modul f\u00fcr Ihr Fachstudium anrechnen lassen, d\u00fcrfen dieses nicht im Rahmen des Optionalbereichs besuchen. Studierende der Religionswissenschaft k\u00f6nnen in diesem Modul keine CP f\u00fcr den Optionalbereich erwerben! Studierende des Optionalbereichs k\u00f6nnen, wenn sie dieses Modul belegen, nicht die Module Lekt\u00fcre religi\u00f6ser Texte: Chinesisch und Religionswissenschaftliche Zug\u00e4nge zu Religionsgeschichte Koreas belegen.<\/p><\/td><td><\/td><\/tr><tr><td><p><\/p><\/td><td><\/td><\/tr><tr><td width=\"90%\"><p><a href=\"https:\/\/vvz.ruhr-uni-bochum.de\/campus\/all\/module.asp?gguid=0xC8EBDB362E0D4B4E80097C587AF4E23F&amp;fieldgguid=&amp;mode=&amp;findmodule=Religionswissenschaftli&amp;tguid=0x652286301A94654DBA58D95D1EC73A02\">Religionswissenschaftliche Zug\u00e4nge zu altorientalischer Religionsgeschichte (5 CP)<\/a><\/p><\/td><td><\/td><\/tr><tr><td><p>Teil 1: Einf\u00fchrung in die Religionswissenschaft (Vorlesung), SoSe 2017<\/p><\/td><td><\/td><\/tr><tr><td><p>Teil 2: Altorientalische Religionsgeschichte (\u00dcbung), SoSe 2017<\/p><\/td><td><\/td><\/tr><tr><td><p>G4 Basismodul &#8222;Religionsgeschichte&#8220;<\/p><\/td><td><\/td><\/tr><tr><td><p>Studierende der Religionswissenschaft k\u00f6nnen in diesem Modul keine CP f\u00fcr den Optionalbereich erwerben! Studierende des Optionalbereichs k\u00f6nnen, wenn sie dieses Modul belegen, nicht die anderen Module &#8222;Religionswissenschaftliche Zug\u00e4nge zu&#8230;&#8220; belegen. Weitere Ausschl\u00fcsse finden sich in der Modulbeschreibung.<\/p><\/td><td><\/td><\/tr><tr><td><p><\/p><\/td><td><\/td><\/tr><tr><td width=\"90%\"><p><a href=\"https:\/\/vvz.ruhr-uni-bochum.de\/campus\/all\/module.asp?gguid=0xECFC67A2F30E4A60B3BE11BC621FC9D2&amp;fieldgguid=&amp;mode=&amp;findmodule=Religionswissenschaftli&amp;tguid=0x652286301A94654DBA58D95D1EC73A02\">Religionswissenschaftliche Zug\u00e4nge zu antiker Religionsgeschichte (5 CP)<\/a><\/p><\/td><td><\/td><\/tr><tr><td><p>Teil 1: Einf\u00fchrung in die Religionswissenschaft (Vorlesung), SoSe 2017<\/p><\/td><td><\/td><\/tr><tr><td><p>Teil 2: Selbstlekt\u00fcrekurs: Antike Religionsgeschichte (\u00dcbung), SoSe 2017<\/p><\/td><td><\/td><\/tr><tr><td><p>G4 Basismodul &#8222;Religionsgeschichte&#8220;<\/p><\/td><td><\/td><\/tr><tr><td><p>Studierende, die das Modul f\u00fcr Ihr Fachstudium anrechnen lassen, d\u00fcrfen dieses nicht im Rahmen des Optionalbereichs besuchen. Studierende der Religionswissenschaft k\u00f6nnen in diesem Modul keine CP f\u00fcr den Optionalbereich erwerben! Studierende des Optionalbereichs k\u00f6nnen, wenn sie dieses Modul belegen, nicht die anderen Module &#8222;Religionswissenschaftliche Zug\u00e4nge zu&#8230;&#8220; belegen- Weitere Ausschl\u00fcsse finden sich in der Modulbeschreibung.<\/p><\/td><td><\/td><\/tr><tr><td><p><\/p><\/td><td><\/td><\/tr><tr><td width=\"90%\"><p><a href=\"https:\/\/vvz.ruhr-uni-bochum.de\/campus\/all\/module.asp?gguid=0x87480BC123C44B739F26DC001337A0BC&amp;fieldgguid=&amp;mode=&amp;findmodule=Religionswissenschaftli&amp;tguid=0x652286301A94654DBA58D95D1EC73A02\">Religionswissenschaftliche Zug\u00e4nge zur hinduistischen Religionsgeschichte (5 CP)<\/a><\/p><\/td><td><\/td><\/tr><tr><td><p>Teil 1: Einf\u00fchrung in die Religionswissenschaft (Vorlesung), SoSe 2017<\/p><\/td><td><\/td><\/tr><tr><td><p>Teil 2: Hinduistische Religionen (\u00dcbung), SoSe 2017<\/p><\/td><td><\/td><\/tr><tr><td><p>G4 Basismodul &#8222;Religionsgeschichte&#8220;<\/p><\/td><td><\/td><\/tr><tr><td><p>Studierende, die das Modul f\u00fcr Ihr Fachstudium anrechnen lassen, d\u00fcrfen dieses nicht im Rahmen des Optionalbereichs besuchen. Studierende der Religionswissenschaft k\u00f6nnen in diesem Modul keine CP f\u00fcr den Optionalbereich erwerben! Studierende des Optionalbereichs k\u00f6nnen, wenn sie dieses Modul belegen, nicht die anderen Module &#8222;Religionswissenschaftliche Zug\u00e4nge zu&#8230;&#8220; belegen!<\/p><\/td><td><\/td><\/tr><tr><td><p><\/p><\/td><td><\/td><\/tr><tr><td width=\"90%\"><p><a href=\"https:\/\/vvz.ruhr-uni-bochum.de\/campus\/all\/module.asp?gguid=0xF5E34C0524A24389B2DDB3D04A608FE8&amp;fieldgguid=&amp;mode=&amp;findmodule=Religionswissenschaftli&amp;tguid=0x652286301A94654DBA58D95D1EC73A02\">Religionswissenschaftliche Zug\u00e4nge zur Religionsgeschichte Koreas (5 CP)<\/a><\/p><\/td><td><\/td><\/tr><tr><td><p>Teil 1: Einf\u00fchrung in die Religionswissenschaft (Vorlesung), SoSe 2017<\/p><\/td><td><\/td><\/tr><tr><td><p>Teil 2: Religions- und Geistesgeschichte Koreas (\u00dcbung), SoSe 2017<\/p><\/td><td><\/td><\/tr><tr><td><p>G4 Basismodul &#8222;Religionsgeschichte&#8220;<\/p><\/td><td><\/td><\/tr><tr><td><p>Studierende, die das Modul f\u00fcr Ihr Fachstudium anrechnen lassen, d\u00fcrfen dieses nicht im Rahmen des Optionalbereichs besuchen. Studierende der Religionswissenschaft k\u00f6nnen in diesem Modul keine CP f\u00fcr den Optionalbereich erwerben! Studierende des Optionalbereichs k\u00f6nnen, wenn sie dieses Modul belegen, nicht die anderen Module &#8222;Religionswissenschaftliche Zug\u00e4nge zu&#8230;&#8220; belegen!<\/p><\/td><td><\/td><\/tr><tr><td><p><\/p><\/td><td><\/td><\/tr><tr><td width=\"90%\"><p><a href=\"https:\/\/vvz.ruhr-uni-bochum.de\/campus\/all\/module.asp?gguid=0xE81D6AB5971D410CB3204E368A0A9B6B&amp;fieldgguid=&amp;mode=&amp;findmodule=Religionswissenschaftli&amp;tguid=0x652286301A94654DBA58D95D1EC73A02\">Religionswissenschaftliche Zug\u00e4nge zu zentralasiatischer Religionsgeschichte (5 CP)<\/a><\/p><\/td><td><\/td><\/tr><tr><td><p>Teil 1: Einf\u00fchrung in die Religionswissenschaft (Vorlesung), SoSe 2017<\/p><\/td><td><\/td><\/tr><tr><td><p>Teil 2: Zentralasiatische Religionsgeschichte (Seminar), SoSe 2017<\/p><\/td><td><\/td><\/tr><tr><td><p>G4 Basismodul &#8222;Religionsgeschichte&#8220;<\/p><\/td><td><\/td><\/tr><tr><td><p>Studierende der Religionswissenschaft k\u00f6nnen in diesem Modul keine CP f\u00fcr den Optionalbereich erwerben! Studierende des Optionalbereichs k\u00f6nnen, wenn sie dieses Modul belegen, nicht die anderen Module &#8222;Religionswissenschaftliche Zug\u00e4nge zu&#8230;&#8220; belegen! Weitere Ausschl\u00fcsse finden sich in der Modulbeschreibung.<\/p><\/td><td><\/td><\/tr><tr><td><p><\/p><\/td><td><\/td><\/tr><tr><td width=\"90%\"><p><a href=\"https:\/\/vvz.ruhr-uni-bochum.de\/campus\/all\/module.asp?gguid=0xB780B972B5D945F78E58B299BFCCEB9F&amp;fieldgguid=&amp;mode=&amp;findmodule=altorientalische&amp;tguid=0x652286301A94654DBA58D95D1EC73A02\">Altorientalische \/ Antike Religionsgeschichte: Sprache und Kultur des Alten Orients (5 CP)<\/a><\/p><\/td><td><\/td><\/tr><tr><td><p>Teil 1:Akkadisch I (\u00dcbung), SoSe 2017<\/p><\/td><td><\/td><\/tr><tr><td><p>Teil 2: Religionsgeschichte Westasiens und Europas in der Antike und der Sp\u00e4tantike (Vorlesung), SoSe 2017<\/p><\/td><td><\/td><\/tr><tr><td><p>G1 Basismodul Akkadisch \/ G4 Basismodul &#8222;Kulturelle Kompetenz&#8220;<\/p><\/td><td><\/td><\/tr><tr><td><p>Studierende der Religionswissenschaft k\u00f6nnen in diesem Modul keine CP f\u00fcr den Optionalbereich erwerben! Studierende des Optionalbereichs k\u00f6nnen, wenn sie dieses Modul belegen, nicht die Module &#8222;Religionswissenschaftliche Zug\u00e4nge zu altorientalischer Religionsgeschichte&#8220; und &#8222;Akkadisch&#8220; belegen. Bitte beachten Sie weitere Ausschl\u00fcsse in Campus.<\/p><\/td><td><\/td><\/tr><tr><td><p><\/p><\/td><td><\/td><\/tr><tr><td width=\"90%\"><p><a href=\"https:\/\/vvz.ruhr-uni-bochum.de\/campus\/all\/module.asp?gguid=0xEA4E0F82DF804C89B0824B8A51D8FEAE&amp;fieldgguid=&amp;mode=&amp;findmodule=altorientalische&amp;tguid=0x652286301A94654DBA58D95D1EC73A02\">Altorientalische \/ Antike Religionsgeschichte: Sprache und Kultur des fr\u00fchen Irans und Zoroastrismus (5 CP)<\/a><\/p><\/td><td><\/td><\/tr><tr><td><p>Teil 1: Einf\u00fchrung in das Mittelpersisch I (\u00dcbung), SoSe 2017<\/p><\/td><td><\/td><\/tr><tr><td><p>Teil 2: Religionsgeschichte Westasiens und Europas in der Antike und der Sp\u00e4tantike (Vorlesung), SoSe 2017<\/p><\/td><td><\/td><\/tr><tr><td><p>G1 Modul Persisch I \/ G1 Modul Persische Sprache und Kultur I \/ G4 Basismodul &#8222;Kulturelle Kompetenz&#8220;<\/p><\/td><td><\/td><\/tr><tr><td><p>Studierende der Religionswissenschaft k\u00f6nnen in diesem Modul keine CP f\u00fcr den Optionalbereich erwerben! Bitte beachten Sie weitere Ausschl\u00fcsse in Campus.<\/p><\/td><td><\/td><\/tr><tr><td><p><\/p><\/td><td><\/td><\/tr><tr><td width=\"90%\"><p><a href=\"https:\/\/vvz.ruhr-uni-bochum.de\/campus\/all\/module.asp?gguid=0x249E808503B14847839F1AB0ED57838B&amp;fieldgguid=&amp;findmodule=zoroastrismus&amp;tguid=0x652286301A94654DBA58D95D1EC73A02&amp;strSignMessage=\">Zoroastrismus: Sprache und Religionsgeschichte (5 CP)<\/a><\/p><\/td><td><\/td><\/tr><tr><td><p>Teil 1: Einf\u00fchrung in das Mittelpersisch I (\u00dcbung), SoSe 2017<\/p><\/td><td><\/td><\/tr><tr><td><p>Teil 2: Zoroastrische Religion (\u00dcbung), SoSe 2017<\/p><\/td><td><\/td><\/tr><tr><td><p>G1 Modul Persische Sprache und Kultur I \/ G4 Basismodul &#8222;Kulturelle Kompetenz&#8220;<\/p><\/td><td><\/td><\/tr><tr><td><p>Studierende der Religionswissenschaft k\u00f6nnen in diesem Modul keine CP f\u00fcr den Optionalbereich erwerben! Bitte beachten Sie weitere Ausschl\u00fcsse in Campus.<\/p><\/td><td><\/td><\/tr><tr><td><p><\/p><\/td><td><\/td><\/tr><tr><td width=\"90%\"><p><a href=\"https:\/\/vvz.ruhr-uni-bochum.de\/campus\/all\/module.asp?gguid=0xB694E5611FC349789D1FB27186550502&amp;fieldgguid=&amp;findmodule=zug%E4nge&amp;tguid=0x652286301A94654DBA58D95D1EC73A02&amp;strSignMessage=\">Zug\u00e4nge zu systematischer Religionswissenschaft (5 CP)<\/a><\/p><\/td><td><\/td><\/tr><tr><td><p>Teil 1: Einf\u00fchrung in die Religionswissenschaft (Vorlesung), SoSe 2017<\/p><\/td><td><\/td><\/tr><tr><td><p>Teil 2: Theorien und Ans\u00e4tze der Religionswissenschaft (Seminar), SoSe 2017<\/p><\/td><td><\/td><\/tr><tr><td><p>G4 Grundlagen der Religionswissenschaft<\/p><\/td><td><\/td><\/tr><tr><td><p>Studierende der Religionswissenschaft k\u00f6nnen in diesem Modul keine CP f\u00fcr den Optionalbereich erwerben! Studierende des Optionalbereichs k\u00f6nnen, wenn sie dieses Modul belegen, nicht die anderen Module &#8222;Religionswissenschaftliche Zug\u00e4nge zu&#8230;&#8220; belegen. Bitte beachten Sie weitere Ausschl\u00fcsse in Campus.<\/p><\/td><td><\/td><\/tr><tr><td><\/td><td><\/td><\/tr><tr><td colspan=\"2\"><p>Romanistik<\/p><\/td><\/tr><tr><td width=\"90%\"><p><a href=\"https:\/\/vvz.ruhr-uni-bochum.de\/campus\/all\/module.asp?gguid=0x947E0313E12E4AE0975F6F7A6B5434B8&amp;fieldgguid=&amp;mode=&amp;findmodule=Katalanisch+%2D+Spr&amp;tguid=0x652286301A94654DBA58D95D1EC73A02\">Katalanisch &#8211; Sprache und Kultur 1 (B1)(5 CP)<\/a><\/p><\/td><td><\/td><\/tr><tr><td><p>Teil 1: Cuina i societat catalana: Del Sent Sov\u00ed a la cuina molecular passant pel \u201emen\u00fa tur\u00edstico\u201c (Seminar), SoSe 2017<\/p><\/td><td><\/td><\/tr><tr><td><p>Teil 2: Lekt\u00fcrekurs: Katalanischer Texte, WS 2017\/19<\/p><\/td><td><\/td><\/tr><tr><td><p>G1 Modul Kalalanisch II \/ G4 Basismodul &#8222;Kulturelle Kompetenz&#8220;<\/p><\/td><td><\/td><\/tr><tr><td><p>Teilnahmevoraussetzung ist der erfolgreiche Abschluss vom Kurs Katalanisch 2. Ein Einstufungstest ist verpflichtend f\u00fcr alle Interessent\/innen, die keinen Schein aus einem Vorg\u00e4ngerkurs der vergangenen zwei Semester oder ein international anerkanntes Zertifikat vorweisen k\u00f6nnen.<\/p><\/td><td><\/td><\/tr><tr><td><p><\/p><\/td><td><\/td><\/tr><tr><td colspan=\"2\"><p>Slavistik<\/p><\/td><\/tr><tr><td><p>In diesem Semester liegt leider kein Angebot vor.<\/p><\/td><td><\/td><\/tr><tr><td><p><\/p><\/td><td><\/td><\/tr><tr><td colspan=\"2\"><p>Sozialwissenschaft<\/p><\/td><\/tr><tr><td width=\"90%\"><p><a href=\"https:\/\/vvz.ruhr-uni-bochum.de\/campus\/all\/module.asp?gguid=0x2A0DB0BF24554546A6C3C625C7ABA39C&amp;fieldgguid=&amp;findmodule=Arbeits%2D%2C+Wirt&amp;tguid=0x652286301A94654DBA58D95D1EC73A02&amp;strSignMessage=\">Arbeits-, Wirtschafts- und Organisationssoziologie (5 CP)<\/a><\/p><\/td><td><\/td><\/tr><tr><td><p>Teil 1: Einf\u00fchrung in die Arbeits-, Wirtschafts- und Organisationssoziologie (Seminar), SoSe 2017<\/p><\/td><td><\/td><\/tr><tr><td><p>Teil 2: Strukturierte Betreuung (\u00dcbung), SoSe 2017<\/p><\/td><td><\/td><\/tr><tr><td><p>G4 Aufbaumodul &#8222;Soziologie&#8220;<\/p><\/td><td><\/td><\/tr><tr><td><p>Studierende der F\u00e4cher PWG, KIG und Soziologie sowie des Studiengangs Sozialwissenschaft k\u00f6nnen an diesem Modul nicht teilnehmen!<\/p><\/td><td><\/td><\/tr><tr><td><p><\/p><\/td><td><\/td><\/tr><tr><td width=\"90%\"><p><a href=\"https:\/\/vvz.ruhr-uni-bochum.de\/campus\/all\/module.asp?gguid=0x77FB891849E61A4DA91426514C6EE7A2&amp;fieldgguid=&amp;findmodule=Einf%FChrung+in+die+Wirtschafts%2D+und+Sozia&amp;tguid=0x652286301A94654DBA58D95D1EC73A02&amp;strSignMessage=\">Einf\u00fchrung in die Wirtschafts- und Sozialpolitik (5 CP)<\/a><\/p><\/td><td><\/td><\/tr><tr><td><p>Teil 1: Einf\u00fchrung in die Wirtschafts- und Sozialpolitik (GrundSoz\u00f6k, Teil III) (Vorlesung), SoSe 2017<\/p><\/td><td><\/td><\/tr><tr><td><p>Teil 2: Strukturierte Betreuung (\u00dcbung), SoSe 2017<\/p><\/td><td><\/td><\/tr><tr><td><p>G4 Basismodul &#8222;Sozial\u00f6konomik&#8220;<\/p><\/td><td><\/td><\/tr><tr><td><p>Studierende der F\u00e4cher PWG, Soziologie, Politikwissenschaft und Sozialpsychologie\/-anthropologie Sozialwissenschaft sowie des Studiengangs Management and Economics k\u00f6nnen an diesem Modul nicht teilnehmen!<\/p><\/td><td><\/td><\/tr><tr><td><p><\/p><\/td><td><\/td><\/tr><tr><td width=\"90%\"><p><a href=\"https:\/\/vvz.ruhr-uni-bochum.de\/campus\/all\/module.asp?gguid=0x64DBDFB6D752EE429C91F5490D4DF926&amp;fieldgguid=&amp;findmodule=Grundfragen+und+Hauptbegriffe+der+Soziol&amp;tguid=0x652286301A94654DBA58D95D1EC73A02&amp;strSignMessage=\">Grundfragen und Hauptbegriffe der Soziologie (Soziologie I) (5 CP)<\/a><\/p><\/td><td><\/td><\/tr><tr><td><p>Teil 1: Grundfragen und Hauptbegriffe der Soziologie I (Vorlesung), SoSe 2017<\/p><\/td><td><\/td><\/tr><tr><td><p>Teil 2: Strukturierte Betreuung (\u00dcbung), SoSe 2017<\/p><\/td><td><\/td><\/tr><tr><td><p>G4 Basismodul &#8222;Soziologie&#8220;<\/p><\/td><td><\/td><\/tr><tr><td><p>Studierende der F\u00e4cher PWG, KIG, Soziologie, Politikwissenschaft und Sozialpsychologie\/-anthropologie sowie des Studiengangs Sozialwissenschaft k\u00f6nnen an diesem Modul nicht teilnehmen.<\/p><\/td><td><\/td><\/tr><tr><td><p><\/p><\/td><td><\/td><\/tr><tr><td width=\"90%\"><p><a href=\"https:\/\/vvz.ruhr-uni-bochum.de\/campus\/all\/module.asp?gguid=0xBA57E8BAE1ABB248B0433455E34F04DC&amp;fieldgguid=&amp;findmodule=Politikwissenschaft%3A+Internationale+Bezi&amp;tguid=0x652286301A94654DBA58D95D1EC73A02&amp;strSignMessage=\">Politikwissenschaft: Internationale Beziehungen (5 CP) <\/a><\/p><\/td><td><\/td><\/tr><tr><td><p>Teil 1: Einf\u00fchrung in die Internationale Beziehungen (Vorlesung), SoSe 2017<\/p><\/td><td><\/td><\/tr><tr><td><p>Teil 2: Strukturierte Betreuung (\u00dcbung), SoSe 2017<\/p><\/td><td><\/td><\/tr><tr><td><p>G4 Aufbaumodul &#8222;Politikwissenschaft&#8220;<\/p><\/td><td><\/td><\/tr><tr><td><p>Studierende der F\u00e4cher PWG, KIG, Politikwissenschaft sowie des Studienganges Sozialwissenschaft k\u00f6nnen an dem Modul nicht teilnehmen!<\/p><\/td><td><\/td><\/tr><tr><td><p><\/p><\/td><td><\/td><\/tr><tr><td width=\"90%\"><p><a href=\"https:\/\/vvz.ruhr-uni-bochum.de\/campus\/all\/module.asp?gguid=0xC01132A08F246240BCAC764D38E6633E&amp;fieldgguid=&amp;findmodule=Politikwissenschaft%3A+Politisches+System&amp;tguid=0x652286301A94654DBA58D95D1EC73A02&amp;strSignMessage=\">Politikwissenschaft: Politisches System Deutschlands (5 CP)<\/a><\/p><\/td><td><\/td><\/tr><tr><td><p>Teil 1: Einf\u00fchrung in das politische System Deutschlands (Vorlesung), SoSe 2017<\/p><\/td><td><\/td><\/tr><tr><td><p>Teil 2: Strukturierte Betreuung (\u00dcbung), SoSe 2017<\/p><\/td><td><\/td><\/tr><tr><td><p>G4 Basismodul &#8222;Politikwissenschaft&#8220;<\/p><\/td><td><\/td><\/tr><tr><td><p>Studierende der F\u00e4cher PWG, KIG, Politikwissenschaft sowie des Studienganges Sozialwissenschaft k\u00f6nnen an dem Modul nicht teilnehmen!<\/p><\/td><td><\/td><\/tr><tr><td><p><\/p><\/td><td><\/td><\/tr><tr><td width=\"90%\"><p><a href=\"https:\/\/vvz.ruhr-uni-bochum.de\/campus\/all\/module.asp?gguid=0xC3108CCB4963354C9ACDB6A08DC06266&amp;fieldgguid=&amp;findmodule=Politikwissenschaft%3A+Vergleichende+Polit&amp;tguid=0x652286301A94654DBA58D95D1EC73A02&amp;strSignMessage=\">Politikwissenschaft: Vergleichende Politikwissenschaft (5 CP)<\/a><\/p><\/td><td><\/td><\/tr><tr><td><p>Teil 1: Einf\u00fchrung in die vergleichende Politikwissenschaft (Vorlesung), SoSe 2017<\/p><\/td><td><\/td><\/tr><tr><td><p>Teil 2: Strukturierte Betreuung (\u00dcbung), SoSe 2017<\/p><\/td><td><\/td><\/tr><tr><td><p>G4 Basismodul &#8222;Politikwissenschaft&#8220;<\/p><\/td><td><\/td><\/tr><tr><td><p>Studierende der F\u00e4cher PWG, KIG, Politikwissenschaft sowie des Studienganges Sozialwissenschaft k\u00f6nnen an dem Modul nicht teilnehmen!<\/p><\/td><td><\/td><\/tr><tr><td><p><\/p><\/td><td><\/td><\/tr><tr><td width=\"90%\"><p><a href=\"https:\/\/vvz.ruhr-uni-bochum.de\/campus\/all\/module.asp?gguid=0x69F60910762BFC439BD558D3B9E42A9E&amp;fieldgguid=&amp;findmodule=Sozial%2D+und+Kulturanthropologie&amp;tguid=0x652286301A94654DBA58D95D1EC73A02&amp;strSignMessage=\">Sozial- und Kulturanthropologie (5 CP)<\/a><\/p><\/td><td><\/td><\/tr><tr><td><p>Teil 1: Einf\u00fchrung in die Sozial- und Kulturanthropologie (Vorlesung), SoSe 2017<\/p><\/td><td><\/td><\/tr><tr><td><p>Teil 2: Strukturierte Betreuung (\u00dcbung), SoSe 2017<\/p><\/td><td><\/td><\/tr><tr><td><p>G4 Basismodul &#8222;Sozialpsychologie&#8220;<\/p><\/td><td><\/td><\/tr><tr><td><p>Studierende des Faches Sozialpsychologie und -anthropologie, des Faches KIG, sowie des Studiengangs Sozialwissenschaft k\u00f6nnen an dem Modul nicht teilnehmen.<\/p><\/td><td><\/td><\/tr><tr><td><p><\/p><\/td><td><\/td><\/tr><tr><td width=\"90%\"><p><a href=\"https:\/\/vvz.ruhr-uni-bochum.de\/campus\/all\/module.asp?gguid=0x1990061798858F41AC8E8010C7D5C8B0&amp;fieldgguid=&amp;findmodule=Sozial%2D+und+Kulturpsychologie&amp;tguid=0x652286301A94654DBA58D95D1EC73A02&amp;strSignMessage=\">Sozial- und Kulturpsychologie (5 CP)<\/a><\/p><\/td><td><\/td><\/tr><tr><td><p>Teil 1: Einf\u00fchrung in die Sozial- und Kulturpsychologie (Vorlesung), SoSe 2017<\/p><\/td><td><\/td><\/tr><tr><td><p>Teil 2: Strukturierte Betreuung (\u00dcbung), SoSe 2017<\/p><\/td><td><\/td><\/tr><tr><td><p>G4 Basismodul &#8222;Sozialpsychologie&#8220;<\/p><\/td><td><\/td><\/tr><tr><td><p>Studierende des Faches Sozialpsychologie und -anthropologie, des Faches KIG, sowie des Studienganges Sozialwissenschaft k\u00f6nnen an dem Modul nicht teilnehmen.<\/p><\/td><td><\/td><\/tr><tr><td><p><\/p><\/td><td><\/td><\/tr><tr><td width=\"90%\"><p><a href=\"https:\/\/vvz.ruhr-uni-bochum.de\/campus\/all\/module.asp?gguid=0xC667F06BC5548341931DDF6AF738074D&amp;fieldgguid=&amp;findmodule=Sozial%2D+und+Kulturtheorie&amp;tguid=0x652286301A94654DBA58D95D1EC73A02&amp;strSignMessage=\">Sozial- und Kulturtheorie (5 CP)<\/a><\/p><\/td><td><\/td><\/tr><tr><td><p>Teil 1: Einf\u00fchrung in die Sozial- und Kulturtheorie. Positionen und Entwicklungen im 20. und 21. Jahrhundert (Vorlesung), SoSe 2017<\/p><\/td><td><\/td><\/tr><tr><td><p>Teil 2: Sozial- und Kulturtheorie. Ausgew\u00e4hlte Lekt\u00fcre (\u00dcbung), SoSe 2017<\/p><\/td><td><\/td><\/tr><tr><td><p>G4 Aufbaumodul &#8222;Sozialpsychologie&#8220;<\/p><\/td><td><\/td><\/tr><tr><td><p>Studierende des Faches Sozialpsychologie und -anthropologie sowie des Studiengangs Sozialwissenschaft k\u00f6nnen an dem Modul nicht teilnehmen!<\/p><\/td><td><\/td><\/tr><tr><td><p><\/p><\/td><td><\/td><\/tr><tr><td width=\"90%\"><p><a href=\"https:\/\/vvz.ruhr-uni-bochum.de\/campus\/all\/module.asp?gguid=0x0A3095E4B00CAA41A862FF32C69A08D7&amp;fieldgguid=&amp;findmodule=Sozialstruktur+und+sozialer+Wandel&amp;tguid=0x652286301A94654DBA58D95D1EC73A02&amp;strSignMessage=\">Sozialstruktur und sozialer Wandel (Soziologie II) (5 CP)<\/a><\/p><\/td><td><\/td><\/tr><tr><td><p>Teil 1: Sozialstruktur und sozialer Wandel (Vorlesung), SoSe 2017<\/p><\/td><td><\/td><\/tr><tr><td><p>Teil 2: Strukturierte Betreuung Sozialstruktur und sozialer Wandel, SoSe 2017<\/p><\/td><td><\/td><\/tr><tr><td><p>G4 Aufbaumodul &#8222;Soziologie&#8220;<\/p><\/td><td><\/td><\/tr><tr><td><p>Studierende der F\u00e4cher PWG, KIG, Soziologie, Politikwissenschaft und Sozialpsychologie\/-anthropologie sowie des Studiengangs Sozialwissenschaft k\u00f6nnen an diesem Modul nicht teilnehmen!<\/p><\/td><td><\/td><\/tr><tr><td><p><\/p><\/td><td><\/td><\/tr><tr><td width=\"90%\"><p><a href=\"https:\/\/vvz.ruhr-uni-bochum.de\/campus\/all\/module.asp?gguid=0x5FA5C382F094814AB0E08033CBCC693D&amp;fieldgguid=&amp;findmodule=Theorien+und+Methoden+der+Kulturpsycholo&amp;tguid=0x652286301A94654DBA58D95D1EC73A02&amp;strSignMessage=\">Theorien und Methoden der Kulturpsychologie (5 CP)<\/a><\/p><\/td><td><\/td><\/tr><tr><td><p>Teil 1: Theorien und Methoden der Kulturpsychologie (Vorlesung), SoSe 2017<\/p><\/td><td><\/td><\/tr><tr><td><p>Teil 2: Strukturierte Betreuung (\u00dcbung) , SoSe 2017<\/p><\/td><td><\/td><\/tr><tr><td><p>G4 Aufbaumodul &#8222;Sozialpsychologie&#8220;<\/p><\/td><td><\/td><\/tr><tr><td><p>Studierende des Faches Sozialpsychologie und -anthropologie, des Faches KIG, sowie des Studiengangs Sozialwissenschaft k\u00f6nnen an dem Modul nicht teilnehmen.<\/p><\/td><td><\/td><\/tr><tr><td><\/td><td><\/td><\/tr><tr><td colspan=\"2\"><p>Sportwissenschaft<\/p><\/td><\/tr><tr><td width=\"90%\"><p><a href=\"https:\/\/vvz.ruhr-uni-bochum.de\/campus\/all\/module.asp?gguid=0x3C207EDE2DE73B4B815356005E25C274&amp;fieldgguid=&amp;mode=&amp;findmodule=Basismodul&amp;tguid=0x652286301A94654DBA58D95D1EC73A02\">Basismodul &#8222;Bewegung unter verschiedenen Umgebungsbedingungen: Research under pressure &#8211; Tauchphysiologie in Theorie und Praxis&#8220; (5 CP)<\/a><\/p><\/td><td><\/td><\/tr><tr><td><p>Teil 1: Bewegung unter verschiedenen Umgebungsbedingungen &#8211; theorie und Projektentwicklung (Seminar), SoSe 2017<\/p><\/td><td><\/td><\/tr><tr><td><p>Teil 2: Projektentwicklung und Vorbereitung einer Feldstudie (\u00dcbung), SoSe 2017<\/p><\/td><td><\/td><\/tr><tr><td><p>G4 Intensiv studieren<\/p><\/td><td><\/td><\/tr><tr><td><p><\/p><\/td><td><\/td><\/tr><tr><td width=\"90%\"><p><a href=\"https:\/\/vvz.ruhr-uni-bochum.de\/campus\/all\/module.asp?gguid=0x2D1CA28791B98B4C902761186BA57907&amp;fieldgguid=&amp;findmodule=Fit+von+Kop&amp;tguid=0x652286301A94654DBA58D95D1EC73A02&amp;strSignMessage=\">Fit von Kopf bis Fu\u00df &#8211; Fitnesstraining in Theorie und Praxis (5 CP)<\/a><\/p><\/td><td><\/td><\/tr><tr><td><p>Teil 1: Grundlagen der Trainingswissenschaft (Vorlesung), SoSe 2017<\/p><\/td><td><\/td><\/tr><tr><td><p>Teil 2: Fitnesstraining in der Praxis (\u00dcbung), SoSe 2017<\/p><\/td><td><\/td><\/tr><tr><td><p>G4 Sport und Gesellschaft<\/p><\/td><td><\/td><\/tr><tr><td width=\"100%\"><p>Studierende der Sportwissenschaft k\u00f6nnen an diesem Modul nicht teilnehmen.<\/p><\/td><td><\/td><\/tr><tr><td><p><\/p><\/td><td><\/td><\/tr><tr><td width=\"90%\"><p><a href=\"https:\/\/vvz.ruhr-uni-bochum.de\/campus\/all\/module.asp?gguid=0x047E3FF1ED2E954DB7B2DF3792EABA3C&amp;fieldgguid=&amp;findmodule=gymnastik+u&amp;tguid=0x652286301A94654DBA58D95D1EC73A02&amp;strSignMessage=\">Gymnastik und K\u00f6rperarbeit (5 CP)<\/a><\/p><\/td><td><\/td><\/tr><tr><td><p>Teil 1: Gymnastik Spezialfach (Seminar), SoSe 2017<\/p><\/td><td><\/td><\/tr><tr><td><p>Teil 2: Pilates \u2013 Alexander \u2013 Feldenkrais: Ganzheitliche Systeme der K\u00f6rperarbeit (Seminar), SoSe 2017<\/p><\/td><td><\/td><\/tr><tr><td><p>G4 Sport und Gesellschaft<\/p><\/td><td><\/td><\/tr><tr><td width=\"90%\"><p><a href=\"https:\/\/vvz.ruhr-uni-bochum.de\/campus\/all\/module.asp?gguid=0x6F3BB77D6558554C99F1DEBE87F14ED5&amp;fieldgguid=&amp;mode=&amp;findmodule=Sport+und&amp;tguid=0x652286301A94654DBA58D95D1EC73A02\">Sport und Erziehung (5 CP)<\/a> NEU am 05.03.2017!<\/p><\/td><td><\/td><\/tr><tr><td><p>Teil 1: Spiel, Spiele, Spielen (Seminar + Exkursion), SoSe 2017<\/p><\/td><td><\/td><\/tr><tr><td><p>Teil 2: Einf\u00fchrung in die Sportp\u00e4dagogik und Sportdidaktik (Vorlesung), SoSe 2017<\/p><\/td><td><\/td><\/tr><tr><td><p>G4 Sportpsychologie\/Sportp\u00e4dagogik<\/p><\/td><td><\/td><\/tr><tr><td><\/td><td><\/td><\/tr><tr><td colspan=\"2\"><p>Theaterwissenschaft<\/p><\/td><\/tr><tr><td width=\"90%\"><p><a href=\"https:\/\/vvz.ruhr-uni-bochum.de\/campus\/all\/module.asp?gguid=0x5BEF332639644392A6C8194C9C67A323&amp;fieldgguid=&amp;findmodule=antikes+the&amp;tguid=0x652286301A94654DBA58D95D1EC73A02&amp;strSignMessage=\">Antikes Theater (5 CP)<\/a><\/p><\/td><td><\/td><\/tr><tr><td><p>Teil 1: Auf Kolonos (Seminar), SoSe 2017<\/p><\/td><td><\/td><\/tr><tr><td><p>Teil 2: Antike Menschen (Blockseminar), SoSe 2017<\/p><\/td><td><\/td><\/tr><tr><td><p>G4 Basismodul &#8222;Grundlagen der Theaterwissenschaft&#8220;<\/p><\/td><td><\/td><\/tr><tr><td><p>Studierende der Theaterwissenschaft k\u00f6nnen in diesem Modul keine CP f\u00fcr den Optionalbereich erwerben.<\/p><\/td><td><\/td><\/tr><tr><td><p><\/p><\/td><td><\/td><\/tr><tr><td width=\"90%\"><p><a href=\"https:\/\/vvz.ruhr-uni-bochum.de\/campus\/all\/module.asp?gguid=0x1214C1B4C4B048D484F34998EF1D46DB&amp;fieldgguid=&amp;findmodule=lichtgestaltung&amp;tguid=0x652286301A94654DBA58D95D1EC73A02&amp;strSignMessage=\">Lichtgestaltung und Entgrenzung (5 CP)<\/a><\/p><\/td><td><\/td><\/tr><tr><td><p>Teil 1: Licht als Entgrenzung(Seminar), SoSe 2017<\/p><\/td><td><\/td><\/tr><tr><td><p>Teil 2: Lichtdramaturgien und \u2013gestaltung(Seminar), SoSe 2017<\/p><\/td><td><\/td><\/tr><tr><td><p>G4 Basismodul &#8222;Grundlagen der Theaterwissenschaft&#8220;<\/p><\/td><td><\/td><\/tr><tr><td><p><\/p><\/td><td><\/td><\/tr><tr><td width=\"90%\"><p><a href=\"https:\/\/vvz.ruhr-uni-bochum.de\/campus\/all\/module.asp?gguid=0x4DE6FF50A14E4C0A9DC0F0DC4E80D7BB&amp;fieldgguid=&amp;findmodule=partizipation+u&amp;tguid=0x652286301A94654DBA58D95D1EC73A02&amp;strSignMessage=\">Partizipation und soziale Plastik (5 CP)<\/a><\/p><\/td><td><\/td><\/tr><tr><td><p>Teil 1: Partizipation: Anspr\u00fcche und Wirklichkeiten des Politischen in den K\u00fcnsten (Vorlesung), SoSe 2017<\/p><\/td><td><\/td><\/tr><tr><td><p>Teil 2: Erweiterter Kunstbegriff und Soziale Plastik &#8211; Joseph Beuys und die Idee der Entgrenzung des \u00c4sthetischen (Seminar), SoSe 2017<\/p><\/td><td><\/td><\/tr><tr><td><p>G4 Basismodul &#8222;Grundlagen der Theaterwissenschaft&#8220;<\/p><\/td><td><\/td><\/tr><tr><td><p>F\u00fcr Studierende der Theaterwissenschaft ist die Teilnahme im Rahmen des Optionalbereichs ausgeschlossen.<\/p><\/td><td><\/td><\/tr><tr><td><\/td><td><\/td><\/tr><tr><td colspan=\"2\"><p>Wirtschaftswissenschaft<\/p><\/td><\/tr><tr><td width=\"90%\"><p><a href=\"https:\/\/vvz.ruhr-uni-bochum.de\/campus\/all\/module.asp?gguid=0x1AB45687F4F44C61B129DDE6CDFD1A03&amp;fieldgguid=&amp;mode=&amp;findmodule=einf%FChrung+in+das+Rechnung&amp;tguid=0x652286301A94654DBA58D95D1EC73A02\">Einf\u00fchrung in das Rechnungswesen\/Controlling (5 CP)<\/a><\/p><\/td><td><\/td><\/tr><tr><td><p>Teil 1: Einf\u00fchrung in das Rechnungswesen\/Controlling (Vorlesung), SoSe 2017<\/p><\/td><td><\/td><\/tr><tr><td><p>Teil 2: Einf\u00fchrung in das Rechnungswesen\/Controlling (\u00dcbung), SoSe 2017<\/p><\/td><td><\/td><\/tr><tr><td><p>G4 Basismodul &#8222;Rechnungswesen&#8220;<\/p><\/td><td><\/td><\/tr><tr><td><p>Teilnehmende des Moduls &#8222;Grundlagen der BWL f\u00fcr Nicht\u00f6konomen und Existenzgr\u00fcnder&#8220; k\u00f6nnen an diesem Modul nicht teilnehmen!<\/p><\/td><td><\/td><\/tr><tr><td><p>Studierende der Wirtschaftswissenschaft (&#8222;Management&#8220;, &#8222;Economics&#8220; und &#8222;Management and Economics&#8220;) und 2-Fach-Bachelor Studierende mit dem Fach BWL k\u00f6nnen an diesem Modul nicht teilnehmen!<\/p><\/td><td><\/td><\/tr><tr><td><p><\/p><\/td><td><\/td><\/tr><tr><td width=\"90%\"><p><a href=\"https:\/\/vvz.ruhr-uni-bochum.de\/campus\/all\/module.asp?gguid=0xDFFD2CFAA3A5445696420499ABD02D23&amp;fieldgguid=&amp;findmodule=Grundlagen+der+Business&amp;tguid=0x652286301A94654DBA58D95D1EC73A02&amp;strSignMessage=\">Grundlagen der Businessplanerstellung (5 CP)<\/a><\/p><\/td><td><\/td><\/tr><tr><td><p>Teil 1: Grundlagen der Businessplanerstellung (Vorlesung), SoSe 2017<\/p><\/td><td><\/td><\/tr><tr><td><p>Teil 2: Grundlagen der Businessplanerstellung (\u00dcbung), SoSe 2017<\/p><\/td><td><\/td><\/tr><tr><td><p>G4 Basismodul Existenzgr\u00fcndung<\/p><\/td><td><\/td><\/tr><tr><td><p>Studierende der Wirtschaftswissenschaft (&#8222;Management&#8220;, &#8222;Economics&#8220; und &#8222;Management and Economics&#8220;) und 2-Fach-Bachelor Studierende mit dem Fach BWL k\u00f6nnen an diesem Modul nicht teilnehmen!<\/p><\/td><td><\/td><\/tr><tr><td><\/td><td><\/td><\/tr><tr><td colspan=\"2\"><p>Interdisziplin\u00e4re Module<\/p><\/td><\/tr><tr><td width=\"90%\"><p><a href=\"https:\/\/vvz.ruhr-uni-bochum.de\/campus\/all\/module.asp?gguid=0x8C7D05B11F8C47E7BFCC693C9E8C0404&amp;fieldgguid=&amp;mode=&amp;findmodule=Summer+Schoo&amp;tguid=0x652286301A94654DBA58D95D1EC73A02\">Summer School Bioethik im Diskurs (5 CP)<\/a> NEU am 05.03.2017!<\/p><\/td><td><\/td><\/tr><tr><td><p>Teil 1: Grundlagen der Bioethik in Wissenschaft und Gesellschaft (Blockseminar), SoSe 2017<\/p><\/td><td><\/td><\/tr><tr><td><p>Teil 2: Bioethik vermitteln: Didaktik und Praxis (Workshop), SoSe 2017<\/p><\/td><td><\/td><\/tr><tr><td><p>G4 Interdisziplin\u00e4r studieren<\/p><\/td><td><\/td><\/tr><tr><td><p><\/p><\/td><td><\/td><\/tr><tr><td width=\"90%\"><p><a href=\"https:\/\/vvz.ruhr-uni-bochum.de\/campus\/all\/module.asp?gguid=0x0B5D2875D6E748C58D5E6D89E20610A9&amp;fieldgguid=&amp;findmodule=deutsche+und+russen&amp;tguid=0x652286301A94654DBA58D95D1EC73A02&amp;strSignMessage=\">Deutsche und Russen im 20. und 21. Jahrhundert (5 CP)<\/a><\/p><\/td><td><\/td><\/tr><tr><td><p>Teil 1: Deutsche und Russen im 20. und 21. Jahrhundert (Ringvorlesung), SoSe 2017<\/p><\/td><td><\/td><\/tr><tr><td><p>Teil 2: Antikommunismus und Sowjetkult. Bilder der Sowjetunion und Russlands im geteilten Deutschland (1945-1990) (Seminar), SoSe 2017<\/p><\/td><td><\/td><\/tr><tr><td><p>G4 Basismodul &#8222;Identit\u00e4t und Differenz&#8220;<\/p><\/td><td><\/td><\/tr><tr><td><p><\/p><\/td><td><\/td><\/tr><tr><td width=\"90%\"><p><a href=\"https:\/\/vvz.ruhr-uni-bochum.de\/campus\/all\/module.asp?gguid=0x859C6D1D29E141B289E43A744C209E44&amp;fieldgguid=&amp;findmodule=Farben+sehen+und+er&amp;tguid=0x652286301A94654DBA58D95D1EC73A02&amp;strSignMessage=\">Farben sehen und erleben (5 CP) <\/a><\/p><\/td><td><\/td><\/tr><tr><td><p>Teil 1: Farben sehen und erleben. Praktische Einf\u00fchrung in die Malerei, mit dem Schwerpunkt Farben (praktische \u00dcbung), SoSe 2017<\/p><\/td><td><\/td><\/tr><tr><td><p>Teil 2: Farben sehen und erleben. Theoretische Grundlagen (Seminar), SoSe 2017<\/p><\/td><td><\/td><\/tr><tr><td><p>G4 Basismodul &#8222;Kunst und Kultur&#8220;<\/p><\/td><td><\/td><\/tr><tr><td><p><\/p><\/td><td><\/td><\/tr><tr><td width=\"90%\"><p><a href=\"https:\/\/vvz.ruhr-uni-bochum.de\/campus\/all\/module.asp?gguid=0x516F8F0BF4084090977CD25DFF90977A&amp;fieldgguid=&amp;mode=&amp;findmodule=Irland&amp;tguid=0x652286301A94654DBA58D95D1EC73A02\">Irland: Sprache und Kultur I (5 CP)<\/a><\/p><\/td><td><\/td><\/tr><tr><td><p>Teil 1: Irisch f\u00fcr Anf\u00e4nger\/innen (Irisch Ia) (Sprachkurs), SoSe 2017<\/p><\/td><td><\/td><\/tr><tr><td><p>Teil 2: Irische Kultur: From \u00c9riu to \u00c8ire \/ The Prehistory of Present, SoSe 2017<\/p><\/td><td><\/td><\/tr><tr><td><p>G1 Modul Irisch II \/ G1 Modul Irisch II &#8211; vor Ort \/ G4 Basismodul &#8222;Kulturelle Kompetenz&#8220;<\/p><\/td><td><\/td><\/tr><tr><td><p><\/p><\/td><td><\/td><\/tr><tr><td width=\"90%\"><p><a href=\"https:\/\/vvz.ruhr-uni-bochum.de\/campus\/all\/module.asp?gguid=0x2A5BBEFE04F1420187C4F414AAFCA346&amp;fieldgguid=&amp;mode=&amp;findmodule=Irland&amp;tguid=0x652286301A94654DBA58D95D1EC73A02\">Irland: Sprache und Kultur II (5 CP)<\/a><\/p><\/td><td><\/td><\/tr><tr><td><p>Teil 1: Irisch II (Sprachkurs), SoSe 2017<\/p><\/td><td><\/td><\/tr><tr><td><p>Teil 2a: Lekt\u00fcrekurs: Irische Texte, SoSe 2017<\/p><\/td><td><\/td><\/tr><tr><td><p>Teil 2b: Irische Kultur: Irland in the Last 150 Years (Seminar), SoSe 2017<\/p><\/td><td><\/td><\/tr><tr><td><p>G1 Modul Irisch II \/ G4 Basismodul &#8222;Kulturelle Kompetenz&#8220;<\/p><\/td><td><\/td><\/tr><tr><td><p>Die erfolgreiche Teilnahme an einem Irischkurs (mindestens Irisch I) ist Voraussetzung f\u00fcr die Teilnahme an diesem Modul!<\/p><\/td><td><\/td><\/tr><tr><td><p><\/p><\/td><td><\/td><\/tr><tr><td width=\"90%\"><p><a href=\"https:\/\/vvz.ruhr-uni-bochum.de\/campus\/all\/module.asp?gguid=0x529A71021A364F12820EA908C2FDD4AE&amp;fieldgguid=&amp;mode=&amp;findmodule=Irland&amp;tguid=0x652286301A94654DBA58D95D1EC73A02\">Irland: Sprache und Kultur II &#8211; vor Ort (5 CP)<\/a><\/p><\/td><td><\/td><\/tr><tr><td><p>Teil 1a: Irisch II (Sprachkurs), SoSe 2017<\/p><\/td><td><\/td><\/tr><tr><td><p>Teil 1b: Lekt\u00fcrekurs: Irische Texte, SoSe 2017<\/p><\/td><td><\/td><\/tr><tr><td><p>Teil 2: Exkursion, SoSe 2017<\/p><\/td><td><\/td><\/tr><tr><td><p>G1 Modul Irisch II \/ G4 Basismodul &#8222;Kulturelle Kompetenz&#8220;<\/p><\/td><td><\/td><\/tr><tr><td><p>Die erfolgreiche Teilnahme an einem Irischkurs (mindestens Irisch I) ist Voraussetzung f\u00fcr die Teilnahme an diesem Modul!<\/p><\/td><td><\/td><\/tr><tr><td><p><\/p><\/td><td><\/td><\/tr><tr><td width=\"90%\"><p><a href=\"https:\/\/vvz.ruhr-uni-bochum.de\/campus\/all\/module.asp?gguid=0xD92184ECB8864968BE6FD30E48157DCF&amp;fieldgguid=&amp;mode=&amp;findmodule=Irland&amp;tguid=0x652286301A94654DBA58D95D1EC73A02\">Irland: Sprache und Kultur III (5 CP)<\/a><\/p><\/td><td><\/td><\/tr><tr><td><p>Teil 1: Irisch III (Sprachkurs), SoSe 2017<\/p><\/td><td><\/td><\/tr><tr><td><p>Teil 2a: Lekt\u00fcrekurs: Irische Texte, SoSe 2017<\/p><\/td><td><\/td><\/tr><tr><td><p>Teil 2b: Irische Kultur: Irland in the Last 150 Years (Seminar), SoSe 2017<\/p><\/td><td><\/td><\/tr><tr><td><p>G1 Modul Irisch III \/ G4 Basismodul &#8222;Kulturelle Kompetenz&#8220;<\/p><\/td><td><\/td><\/tr><tr><td><p>Die erfolgreiche Teilnahme an einem Irischkurs (mindestens Irisch II) ist Voraussetzung f\u00fcr die Teilnahme an diesem Modul!<\/p><\/td><td><\/td><\/tr><tr><td><p><\/p><\/td><td><\/td><\/tr><tr><td width=\"90%\"><p><a href=\"https:\/\/vvz.ruhr-uni-bochum.de\/campus\/all\/module.asp?gguid=0x97D04486560047FCB1C80D60BB8A1398&amp;fieldgguid=&amp;mode=&amp;findmodule=Irland&amp;tguid=0x652286301A94654DBA58D95D1EC73A02\">Irland: Sprache und Kultur IV (5 CP)<\/a><\/p><\/td><td><\/td><\/tr><tr><td><p>Teil 1: Irisch Fortgeschrittene (Irisch IV) , SoSe 2017<\/p><\/td><td><\/td><\/tr><tr><td><p>Teil 2a: Irische Kultur: Ireland in the Last 150 Years, SoSe 2017<\/p><\/td><td><\/td><\/tr><tr><td><p>Teil 2b: Lekt\u00fcrekurs: Irische Texte, SoSe 2017<\/p><\/td><td><\/td><\/tr><tr><td><p>G1 Modul Irisch IV \/ G4 Basismodul &#8222;Kulturelle Kompetenz&#8220;<\/p><\/td><td><\/td><\/tr><tr><td><p>Voraussetzung f\u00fcr die Teilnahme ist der erfolgreiche Abschluss des Kurses Irisch f\u00fcr Anf\u00e4ngerinnen (Irisch III) bzw. der Nachweis gleichwertiger Grundkenntnisse.<\/p><\/td><td><\/td><\/tr><tr><td><p><\/p><\/td><td><\/td><\/tr><tr><td width=\"90%\"><p><a href=\"https:\/\/vvz.ruhr-uni-bochum.de\/campus\/all\/module.asp?gguid=0xB22590D5DEBB41CF8B05A3605C098C14&amp;fieldgguid=&amp;mode=&amp;findmodule=k%FCnstlerische+forschung&amp;tguid=0x652286301A94654DBA58D95D1EC73A02\">K\u00fcnstlerische Forschung Fieldrecording \u2013 am Beispiel des World Soundscape Project (5 CP)<\/a><\/p><\/td><td><\/td><\/tr><tr><td><p>Teil 1: Akustische Feldforschung am Campus der RUB (\u00dcbung) , SoSe 2017<\/p><\/td><td><\/td><\/tr><tr><td><p>Teil 2: Theoretische und praktische Arbeit im SonicArt LAB, SoSe 2017<\/p><\/td><td><\/td><\/tr><tr><td><p>G2 Analyse wissenschaftlicher Pr\u00e4sentationen<\/p><\/td><td><\/td><\/tr><tr><td><p><\/p><\/td><td><\/td><\/tr><tr><td width=\"90%\"><p><a href=\"https:\/\/vvz.ruhr-uni-bochum.de\/campus\/all\/module.asp?gguid=0xC517CBB33ADC4F8F912D266144FF273F&amp;fieldgguid=&amp;mode=&amp;findmodule=k%FCnstlerische+forschung&amp;tguid=0x652286301A94654DBA58D95D1EC73A02\">K\u00fcnstlerische Forschung Fieldrecording \u2013 am Beispiel des World Soundscape Project (10 CP)<\/a><\/p><\/td><td><\/td><\/tr><tr><td><p>Teil 1: Akustische Feldforschung am Campus der RUB (\u00dcbung) , SoSe 2017<\/p><\/td><td><\/td><\/tr><tr><td><p>Teil 2: Theoretische und praktische Arbeit im SonicArt LAB (\u00dcbung), SoSe 2017<\/p><\/td><td><\/td><\/tr><tr><td><p>Teil 3: Viert\u00e4giger Arbeitsaufenthalt im K\u00fcnstleratelier Akku in Uster (Exkursion), SoSe 2017<\/p><\/td><td><\/td><\/tr><tr><td><p>G2 Analyse wissenschaftlicher Pr\u00e4sentationen<\/p><\/td><td><\/td><\/tr><tr><td><p><\/p><\/td><td><\/td><\/tr><tr><td width=\"90%\"><p><a href=\"https:\/\/vvz.ruhr-uni-bochum.de\/campus\/all\/module.asp?gguid=0xA27EA0CA921D4829959C2A1BD1DCC213&amp;fieldgguid=&amp;findmodule=Marine+Lebensr%E4ume&amp;tguid=0x652286301A94654DBA58D95D1EC73A02&amp;strSignMessage=\">Marine Lebensr\u00e4ume des Atlantiks &#8211; meeresbiologische Exkursion auf die Azoren (5 CP) <\/a><\/p><\/td><td><\/td><\/tr><tr><td><p>Teil 1: Vorbereitungsworkshop(Seminar), SoSe 2017<\/p><\/td><td><\/td><\/tr><tr><td><p>Teil 2: Selbstst\u00e4ndige vorbereitende Lekt\u00fcre und Vortragsvorbereitung, SoSe 2017<\/p><\/td><td><\/td><\/tr><tr><td><p>Teil 3: Exkursion (15.05.2017 \u2013 29.05.2017) mit wissenschaftlicher Begleitung, SoSe 2017<\/p><\/td><td><\/td><\/tr><tr><td><p>G4 Marine Lebensr\u00e4ume des Atlantiks &#8211; meeresbiologische Exkursion auf die Azoren<\/p><\/td><td><\/td><\/tr><tr><td><p>Dieser Kurs ist f\u00fcr Biologie-Studierende nicht anrechenbar!<\/p><\/td><td><\/td><\/tr><tr><td><p><\/p><\/td><td><\/td><\/tr><tr><td width=\"90%\"><p><a href=\"https:\/\/vvz.ruhr-uni-bochum.de\/campus\/all\/module.asp?gguid=0xF9424D61C6BE410E951255E2DAB3E513&amp;fieldgguid=&amp;findmodule=Music&amp;tguid=0x652286301A94654DBA58D95D1EC73A02&amp;strSignMessage=\">Music &#8211; The unanswered question (5 CP) <\/a><\/p><\/td><td><\/td><\/tr><tr><td><p>Teil 1: \u201eMusic &#8211; The unanswered question\u201c (Seminar), SoSe 2017<\/p><\/td><td><\/td><\/tr><tr><td><p>Teil 2: Musikpraktische \u00dcbung im Universit\u00e4tschor oder im Universit\u00e4tsorchester, SoSe 2017<\/p><\/td><td><\/td><\/tr><tr><td><p>G4 Basismodul &#8222;Kunst und Kultur&#8220;<\/p><\/td><td><\/td><\/tr><tr><td><p>Das Modul eignet sich f\u00fcr interessierte Studierende in jedem Studienjahr der Bachelor-Phase und erfordert bei Mitwirkung im Chor keine speziellen Vorkenntnisse, eine stimmliche \u00dcberpr\u00fcfung findet zu Beginn der Probenarbeit statt. F\u00fcr den Einstieg ins Orchester sind die solide Beherrschung eines Orchesterinstrumentes und ein Einzel-Vorspiel beim Dirigenten erforderlich.<\/p><\/td><td><\/td><\/tr><tr><td><p><\/p><\/td><td><\/td><\/tr><tr><td width=\"90%\"><p><a href=\"https:\/\/vvz.ruhr-uni-bochum.de\/campus\/all\/module.asp?gguid=0xD4AFD000A1FB4920829341F62DB50F83&amp;fieldgguid=&amp;findmodule=not+in+my&amp;tguid=0x652286301A94654DBA58D95D1EC73A02&amp;strSignMessage=\">Not in my back yard! &#8211; \u00d6ffentlichkeitsbeteiligung bei Industrie- und Infrastrukturprojekten (5 CP)<\/a><\/p><\/td><td><\/td><\/tr><tr><td><p>Teil 1: \u00d6ffentlichkeitsbeteiligung bei Industrie- und Infrastrukturprojekten aus multidisziplin\u00e4rer Sicht (Vorlesung und Blockseminar), SoSe 2017<\/p><\/td><td><\/td><\/tr><tr><td><p>Teil 2: \u00d6ffentlichkeitsbeteiligung bei Industrie- und Infrastrukturprojekten: Bearbeitung von Fallbeispielen (\u00dcbung), SoSe 2017<\/p><\/td><td><\/td><\/tr><tr><td><p>G2 Kommunikation und Mediation \/ G4 Basismodul &#8222;Wissenschaft in der Praxis&#8220;<\/p><\/td><td><\/td><\/tr><tr><td><p>Das Modul ist ab dem 3.-4. Fachsemester belegbar. Keine der Veranstaltungen darf Bestandteil des Fachstudiums sein, wenn Sie die Anrechnung f\u00fcr den Optionalbereich anstreben.<\/p><\/td><td><\/td><\/tr><tr><td><p><\/p><\/td><td><\/td><\/tr><tr><td width=\"90%\"><p><a href=\"https:\/\/vvz.ruhr-uni-bochum.de\/campus\/all\/module.asp?gguid=0x011EC8C538574C2BA9C3580CA4A5FED8&amp;fieldgguid=&amp;findmodule=theoretische+und&amp;tguid=0x652286301A94654DBA58D95D1EC73A02&amp;strSignMessage=\">Theoretische und praktische Einf\u00fchrung in die k\u00fcnstlerische Arbeit mit Klang (5 CP) <\/a><\/p><\/td><td><\/td><\/tr><tr><td><p>Teil 1: Physikalische Grundlagen des Klangs, SoSe 2017<\/p><\/td><td><\/td><\/tr><tr><td><p>Teil 2: Klang als Gestaltungsmaterial, SoSe 2017<\/p><\/td><td><\/td><\/tr><tr><td><p>G2 K\u00fcnstlerische Pr\u00e4sentationstechniken<\/p><\/td><td><\/td><\/tr><\/tbody><\/table><p><\/p><\/div>\n\t\t\t\t<\/div>\n\t\t\t\t\t\t\t<div class=\"elementor-accordion-item\">\n\t\t\t\t\t<div id=\"elementor-tab-title-9169\" class=\"elementor-tab-title\" data-tab=\"9\" role=\"button\" aria-controls=\"elementor-tab-content-9169\" aria-expanded=\"false\">\n\t\t\t\t\t\t\t\t\t\t\t\t\t<span class=\"elementor-accordion-icon elementor-accordion-icon-left\" aria-hidden=\"true\">\n\t\t\t\t\t\t\t\t\t\t\t\t\t\t\t<span class=\"elementor-accordion-icon-closed\"><i class=\"fas fa-plus\"><\/i><\/span>\n\t\t\t\t\t\t\t\t<span class=\"elementor-accordion-icon-opened\"><i class=\"fas fa-minus\"><\/i><\/span>\n\t\t\t\t\t\t\t\t\t\t\t\t\t\t<\/span>\n\t\t\t\t\t\t\t\t\t\t\t\t<a class=\"elementor-accordion-title\" tabindex=\"0\">WS 2016\/17<\/a>\n\t\t\t\t\t<\/div>\n\t\t\t\t\t<div id=\"elementor-tab-content-9169\" class=\"elementor-tab-content elementor-clearfix\" data-tab=\"9\" role=\"region\" aria-labelledby=\"elementor-tab-title-9169\"><table width=\"100%\"><tbody><tr><td colspan=\"2\"><p>Grundlagenmodule anderer F\u00e4cher<\/p><\/td><\/tr><tr><td colspan=\"2\"><p>Allgemeine &amp; vergleichende Literaturwissenschaft<\/p><\/td><\/tr><tr><td width=\"90%\"><p><a href=\"https:\/\/vvz.ruhr-uni-bochum.de\/campus\/all\/module.asp?gguid=0xEEA6FD1282F9CE4A996A4EE92869D191&amp;fieldgguid=&amp;findmodule=literatur+und+kulture&amp;tguid=0x0DE70DAC81C5DB4A9C9E41DE3843EACA&amp;strSignMessage=\">Literatur und kulturelles Wissen (5 CP)<\/a><\/p><\/td><td><\/td><\/tr><tr><td><p>Teil 1: Umberto Eco (V1, V2, A5, V5) (Vorlesung), WS 2016\/2017<\/p><\/td><td><\/td><\/tr><tr><td><p>Teil 2: Lekt\u00fcren ausgew\u00e4hlter Romane von Umberto Eco (A3, V1, A5, V6) (Seminar), WS 2016\/2017<\/p><\/td><td><\/td><\/tr><tr><td><p>G4 Textformen europ\u00e4ischer Literatur<\/p><\/td><td><\/td><\/tr><tr><td><p>Studierende der Komparatistik k\u00f6nnen in diesem Modul keine CP f\u00fcr den Optionalbereich erwerben.<\/p><\/td><td><\/td><\/tr><tr><td><\/td><td><\/td><\/tr><tr><td colspan=\"2\"><p>Anglistik\/Amerikanistik<\/p><\/td><\/tr><tr><td width=\"90%\"><p><a href=\"https:\/\/vvz.ruhr-uni-bochum.de\/campus\/all\/module.asp?gguid=0xBFD107A2F43F1B4AABD2FE5179E5F78B&amp;fieldgguid=&amp;findmodule=british&amp;tguid=0x0DE70DAC81C5DB4A9C9E41DE3843EACA&amp;strSignMessage=\">British Politics (5 CP)<\/a><\/p><\/td><td><\/td><\/tr><tr><td><p>Teil 1: British Monarchies (Vorlesung), WS 2016\/2017<\/p><\/td><td><\/td><\/tr><tr><td><p>Teil 2: Nationalism and Devolution (\u00dcbung), WS 2016\/2017<\/p><\/td><td><\/td><\/tr><tr><td><p>G4 Basismodul &#8222;English Literature and Culture&#8220;<\/p><\/td><td><\/td><\/tr><tr><td><p>Studierende der Anglistik\/Amerikanistik k\u00f6nnen an diesem Modul zwar teilnehmen, jedoch keine Credit Points f\u00fcr den Optionalbereich erwerben.<\/p><\/td><td><\/td><\/tr><tr><td><p><\/p><\/td><td><\/td><\/tr><tr><td width=\"90%\"><p><a href=\"https:\/\/vvz.ruhr-uni-bochum.de\/campus\/all\/module.asp?gguid=0x421D386676C279458533F7074099F977&amp;fieldgguid=&amp;findmodule=medieval&amp;tguid=0x0DE70DAC81C5DB4A9C9E41DE3843EACA&amp;strSignMessage=\">Medieval English Literature and Culture (5 CP)<\/a><\/p><\/td><td><\/td><\/tr><tr><td><p>Teil 1: Medieval English Literature (\u00dcbung), WS 2016\/2017<\/p><\/td><td><\/td><\/tr><tr><td><p>Teil 2: Chaucer\u2019s Dreamvision (Seminar), WS 2016\/2017<\/p><\/td><td><\/td><\/tr><tr><td><p>Teil 3: Poets, heroes, and kings: Anglo-Saxon court culture (Seminar), WS 2016\/2017<\/p><\/td><td><\/td><\/tr><tr><td><p>G4 Basismodul &#8222;English Literature and Culture&#8220;<\/p><\/td><td><\/td><\/tr><tr><td><p>Studierende der Anglistik\/Amerikanistik k\u00f6nnen an diesem Modul zwar teilnehmen, jedoch keine Credit Points f\u00fcr den Optionalbereich erwerben.<\/p><\/td><td><\/td><\/tr><tr><td><p><\/p><\/td><td><\/td><\/tr><tr><td width=\"90%\"><p><a href=\"https:\/\/vvz.ruhr-uni-bochum.de\/campus\/all\/module.asp?gguid=0x62048427A4566542AFB84F29643E7A7F&amp;fieldgguid=&amp;findmodule=US+ameri&amp;tguid=0x0DE70DAC81C5DB4A9C9E41DE3843EACA&amp;strSignMessage=\">US American Literature and Culture (5 CP)<\/a><\/p><\/td><td><\/td><\/tr><tr><td><p>Teil 1: American Literature and Culture: Beginnings to the Civil War (Vorlesung), WS 2016\/2017<\/p><\/td><td><\/td><\/tr><tr><td><p>Teil 2a: The Rough South (Seminar)<\/p><\/td><td><\/td><\/tr><tr><td><p>Teil 2b: US Romanticism (Seminar), WS 2016\/2017<\/p><\/td><td><\/td><\/tr><tr><td><p>G4 Basismodul &#8222;American Literature and Culture&#8220;<\/p><\/td><td><\/td><\/tr><tr><td><p>Studierende der Anglistik\/Amerikanistik k\u00f6nnen an diesem Modul zwar teilnehmen, jedoch keine Credit Points f\u00fcr den Optionalbereich erwerben.<\/p><\/td><td><\/td><\/tr><tr><td><\/td><td><\/td><\/tr><tr><td colspan=\"2\"><p>Arch\u00e4ologische Wissenschaften<\/p><\/td><\/tr><tr><td width=\"90%\"><p><a href=\"https:\/\/vvz.ruhr-uni-bochum.de\/campus\/all\/module.asp?gguid=0x39B8EFA7DB57454784E8C66306CB0158&amp;fieldgguid=&amp;findmodule=griechenland&amp;tguid=0x0DE70DAC81C5DB4A9C9E41DE3843EACA&amp;strSignMessage=\">Griechenland in der Eisenzeit (5 CP)<\/a><\/p><\/td><td><\/td><\/tr><tr><td><p>Teil 1: Vorlesung: Zyklusvorlesung Klassische Arch\u00e4ologie I: Die geometrisch-archaische Zeit (Vorlesung), WS 2016\/2017<\/p><\/td><td><\/td><\/tr><tr><td><p>Teil 2: Kolloquium: Neue Funde und Forschungen (Kolloquium), WS 2016\/2017<\/p><\/td><td><\/td><\/tr><tr><td><p>G4 Basismodul &#8222;Schwerpunkt Ur- und Fr\u00fchgeschichte&#8220;<\/p><\/td><td><\/td><\/tr><tr><td><p><\/p><\/td><td><\/td><\/tr><tr><td width=\"90%\"><p><a href=\"https:\/\/vvz.ruhr-uni-bochum.de\/campus\/all\/module.asp?gguid=0x414DCE3F1EAF5A4F9D6FCD752AF531FC&amp;fieldgguid=&amp;findmodule=r%F6misch&amp;tguid=0x0DE70DAC81C5DB4A9C9E41DE3843EACA&amp;strSignMessage=\">R\u00f6misch-sp\u00e4tantike Kunst (5 CP)<\/a><\/p><\/td><td><\/td><\/tr><tr><td><p>Teil 1: Vorlesung: Tetrarchische und konstantinische Kunst (Vorlesung), WS 2016\/2017<\/p><\/td><td><\/td><\/tr><tr><td><p>Teil 2: Kolloquium: Neue Funde und Forschungen (Kolloquium), WS 2016\/2017<\/p><\/td><td><\/td><\/tr><tr><td><p>G4 Basismodul &#8222;Schwerpunkt Ur- und Fr\u00fchgeschichte&#8220;<\/p><\/td><td><\/td><\/tr><tr><td><p><\/p><\/td><td><\/td><\/tr><tr><td width=\"90%\"><p><a href=\"https:\/\/vvz.ruhr-uni-bochum.de\/campus\/all\/module.asp?gguid=0xF28CCDEAC82C4544B4CA918229419F84&amp;fieldgguid=&amp;findmodule=vorgeschicht&amp;tguid=0x0DE70DAC81C5DB4A9C9E41DE3843EACA&amp;strSignMessage=\">Vorgeschichtliche Rohstoffgewinnung (5 CP)<\/a><\/p><\/td><td><\/td><\/tr><tr><td><p>Teil 1: Vorlesung: Rohstoffgewinnung der Bronzezeit im \u00f6stlichen Mittelmeerraum und in Vorderasien (Vorlesung), WS 2016\/2017<\/p><\/td><td><\/td><\/tr><tr><td><p>Teil 2: Kolloquium: Neue Funde und Forschungen (Kolloquium), WS 2016\/2017<\/p><\/td><td><\/td><\/tr><tr><td><p>G4 Basismodul &#8222;Schwerpunkt Ur- und Fr\u00fchgeschichte&#8220;<\/p><\/td><td><\/td><\/tr><tr><td><\/td><td><\/td><\/tr><tr><td colspan=\"2\"><p>Biologie<\/p><\/td><\/tr><tr><td width=\"90%\"><p><a href=\"https:\/\/vvz.ruhr-uni-bochum.de\/campus\/all\/module.asp?gguid=0xF3853F77BC1CF14C9714F024F134C2C3&amp;fieldgguid=&amp;mode=&amp;findmodule=biologie&amp;tguid=0x0DE70DAC81C5DB4A9C9E41DE3843EACA\">Biologie der Zelle (Optionalbereich) (5 CP)<\/a><\/p><\/td><td><\/td><\/tr><tr><td><p>Teil 1: Vorlesung: &#8222;Biologie der Zelle&#8220; (= Teil der Grundvorlesung Zoologie und Zellbiologie) (Vorlesung), WS 2016\/2017<\/p><\/td><td><\/td><\/tr><tr><td><p>Teil 2: Seminar zur Vorlesung &#8222;Biologie der Zelle&#8220; (Seminar), WS 2016\/2017<\/p><\/td><td><\/td><\/tr><tr><td><p>G4 Biologie der Zelle<\/p><\/td><td><\/td><\/tr><tr><td><p>Studierende der Biologie k\u00f6nnen an diesem Modul zwar teilnehmen, jedoch keine Credit Points f\u00fcr den Optionalbereich erwerben!<\/p><\/td><td><\/td><\/tr><tr><td><p><\/p><\/td><td><\/td><\/tr><tr><td width=\"90%\"><p><a href=\"https:\/\/vvz.ruhr-uni-bochum.de\/campus\/all\/module.asp?gguid=0xA4CF8213EAA8154CAE3CF1433CDF904C&amp;fieldgguid=&amp;mode=&amp;findmodule=Die+Wildtiere+Afrikas+%2D+%D6kologie+und+ang&amp;tguid=0x0DE70DAC81C5DB4A9C9E41DE3843EACA\">Die Wildtiere Afrikas &#8211; \u00d6kologie und angewandter Naturschutz &#8211; eine biologische Exkursion nach Kenia (Optionalbereich) (5 CP)<\/a><\/p><\/td><td><\/td><\/tr><tr><td><p>Teil 1: Seminar: Die Wildtiere Afrikas &#8211; \u00d6kologie, Biodiversit\u00e4t und angewandter Naturschutz &#8211; Eine biologische Exkursion nach Kenia (Seminar), WS 2016\/2017<\/p><\/td><td><\/td><\/tr><tr><td><p>Teil 2: \u00dcbung: Die Wildtiere Afrikas &#8211; \u00d6kologie und angewandter Naturschutz &#8211; Eine biologische Exkursion nach Kenia (voraussichtlich 11.02. bis 25.02.2017), WS 2016\/2017<\/p><\/td><td><\/td><\/tr><tr><td><p>G4 Die Wildtiere Afrikas &#8211; \u00d6kologie und angewandter Naturschutz &#8211; eine biologische Exkursion nach Kenia<\/p><\/td><td><\/td><\/tr><tr><td><p><\/p><\/td><td><\/td><\/tr><tr><td width=\"90%\"><p><a href=\"https:\/\/vvz.ruhr-uni-bochum.de\/campus\/all\/module.asp?gguid=0x68446D23B735B743B7F0ADB299E84C12&amp;fieldgguid=&amp;findmodule=einf%FChrung+in+die+grundlagen+der&amp;tguid=0x0DE70DAC81C5DB4A9C9E41DE3843EACA&amp;strSignMessage=\">Einf\u00fchrung in die Grundlagen der zellul\u00e4ren Bioenergetik (5 CP)<\/a><\/p><\/td><td><\/td><\/tr><tr><td><p>Teil 1: Vorlesung: &#8222;Einf\u00fchrung in die Grundlagen der Bioenergetik&#8220; (= Teil der Grundvorlesung Biologie) (Vorlesung), WS 2016\/2017<\/p><\/td><td><\/td><\/tr><tr><td><p>Teil 2: Seminar: &#8222;Einf\u00fchrung in biochemische Methoden&#8220; (Seminar), WS 2016\/2017<\/p><\/td><td><\/td><\/tr><tr><td><p>G4 Einf\u00fchrung in die Grundlagen der zellul\u00e4ren Bioenergetik<\/p><\/td><td><\/td><\/tr><tr><td><p>Studierende der Biologie k\u00f6nnen an diesem Modul zwar teilnehmen, jedoch keine Credit Points f\u00fcr den Optionalbereich erwerben! Grundlegende Kenntnisse (Oberstufenkenntnisse) in Biochemie und Chemie sind erw\u00fcnscht.<\/p><\/td><td><\/td><\/tr><tr><td><p><\/p><\/td><td><\/td><\/tr><tr><td width=\"90%\"><p><a href=\"https:\/\/vvz.ruhr-uni-bochum.de\/campus\/all\/module.asp?gguid=0x61D134BD8308874C833BBE0AA9BE1855&amp;fieldgguid=&amp;findmodule=Einf%FChrung+in+die+moderne&amp;tguid=0x0DE70DAC81C5DB4A9C9E41DE3843EACA&amp;strSignMessage=\">Einf\u00fchrung in die moderne Biophysik (Optionalbereich) (5 CP)<\/a><\/p><\/td><td><\/td><\/tr><tr><td><p>Teil 1: Vorlesung: &#8222;Moderne Biophysik&#8220; (= Teil der Grundvorlesung Biologie) (Vorlesung), WS 2016\/2017<\/p><\/td><td><\/td><\/tr><tr><td><p>Teil 2: Biophysikalisches Seminar (Seminar), WS 2016\/2017<\/p><\/td><td><\/td><\/tr><tr><td><p>G4 Einf\u00fchrung in die moderne Biophysik<\/p><\/td><td><\/td><\/tr><tr><td><p>Studierende der Biologie k\u00f6nnen an diesem Modul zwar teilnehmen, jedoch keine Credit Points f\u00fcr den Optionalbereich erwerben! Gute schulische Grundkenntnisse in den F\u00e4chern Biologie, Chemie, Physik und Mathematik werden vorausgesetzt.<\/p><\/td><td><\/td><\/tr><tr><td><p><\/p><\/td><td><\/td><\/tr><tr><td width=\"90%\"><p><a href=\"https:\/\/vvz.ruhr-uni-bochum.de\/campus\/all\/module.asp?gguid=0xD55C22DFF03B114DB19AFF26C3C03040&amp;fieldgguid=&amp;mode=&amp;findmodule=evolution&amp;tguid=0x0DE70DAC81C5DB4A9C9E41DE3843EACA\">Evolution des Menschen (Optionalbereich) (5 CP)<\/a><\/p><\/td><td><\/td><\/tr><tr><td><p>Teil 1: Vorlesung: Evolution des Menschen (Vorlesung), WS 2016\/2017<\/p><\/td><td><\/td><\/tr><tr><td><p>Teil 2: Seminar: Evolution des Menschen (Seminar), WS 2016\/2017<\/p><\/td><td><\/td><\/tr><tr><td><p>G4 Evolution des Menschen<\/p><\/td><td><\/td><\/tr><tr><td><p>Grundlagenkenntnisse der Zoologie im Umfang eines Leistungskurses Biologie \/ Sek II oder der Vorlesung Zoologie sind zwingend erforderlich.<\/p><\/td><td><\/td><\/tr><tr><td><p><\/p><\/td><td><\/td><\/tr><tr><td width=\"90%\"><p><a href=\"https:\/\/vvz.ruhr-uni-bochum.de\/campus\/all\/module.asp?gguid=0x340B61ABDF01EE4CADE97643DA13D4D8&amp;fieldgguid=&amp;mode=&amp;findmodule=grundlagen+der+bio&amp;tguid=0x0DE70DAC81C5DB4A9C9E41DE3843EACA\">Grundlagen der Bioinformatik (Optionalbereich) (5 CP)<\/a><\/p><\/td><td><\/td><\/tr><tr><td><p>Teil 1: Vorlesung: Einf\u00fchrung in die Bioinformatik (Vorlesung), WS 2016\/2017<\/p><\/td><td><\/td><\/tr><tr><td><p>Teil 2: \u00dcbungen zur Einf\u00fchrung in die Bioinformatik (\u00dcbung), WS 2016\/2017<\/p><\/td><td><\/td><\/tr><tr><td><p>G4 Grundlagen der Bioinformatik<\/p><\/td><td><\/td><\/tr><tr><td><p>Gute schulische Grundkenntnisse in den F\u00e4chern Biologie und Mathematik werden vorausgesetzt.<\/p><\/td><td><\/td><\/tr><tr><td><p><\/p><\/td><td><\/td><\/tr><tr><td width=\"90%\"><p><a href=\"https:\/\/vvz.ruhr-uni-bochum.de\/campus\/all\/module.asp?gguid=0x8B6A77B3F55A33489A917E70897EAB07&amp;fieldgguid=&amp;mode=&amp;findmodule=grundlagen+der+mikro&amp;tguid=0x0DE70DAC81C5DB4A9C9E41DE3843EACA\">Grundlagen der Mikrobiologie und Genetik (Optionalbereich) (5 CP)<\/a><\/p><\/td><td><\/td><\/tr><tr><td><p>Teil 1: Grundlagen der Mikrobiologie und Genetik (= Teil der Grundvorlesung Biologie) (Vorlesung), WS 2016\/2017<\/p><\/td><td><\/td><\/tr><tr><td><p>Teil 2: Seminar zur Vorlesung &#8222;Grundlagen der Mikrobiologie und Genetik&#8220; (Seminar), WS 2016\/2017 &gt;<\/p><\/td><td><\/td><\/tr><tr><td><p>G4 Grundlagen der Mikrobiologie und Genetik<\/p><\/td><td><\/td><\/tr><tr><td><p>Studierende der Biologie k\u00f6nnen an diesem Modul zwar teilnehmen, jedoch keine Credit Points f\u00fcr den Optionalbereich erwerben!<\/p><\/td><td><\/td><\/tr><tr><td><p><\/p><\/td><td><\/td><\/tr><tr><td width=\"90%\"><p><a href=\"https:\/\/vvz.ruhr-uni-bochum.de\/campus\/all\/module.asp?gguid=0x3B94C6F5E722A447A3E9BADD32CF560F&amp;fieldgguid=&amp;mode=&amp;findmodule=marine&amp;tguid=0x0DE70DAC81C5DB4A9C9E41DE3843EACA\">Marine Lebensr\u00e4ume. Meeresbiologische Exkursion in das Europ\u00e4ische Nordmeer (Optionalbereich) (5 CP)<\/a><\/p><\/td><td><\/td><\/tr><tr><td><p>Teil 1: Seminar: Marine Lebensr\u00e4ume &#8211; meeresbiologische Exkursion in das Europ\u00e4ische Nordmeer (Seminar), WS 2016\/2017<\/p><\/td><td><\/td><\/tr><tr><td><p>Teil 2: \u00dcbung: Marine Lebensr\u00e4ume &#8211; meeresbiologische Exkursion in das Europ\u00e4ische Nordmeer (\u00dcbung), WS 2016\/2017<\/p><\/td><td><\/td><\/tr><tr><td><p>G4 Marine Lebensr\u00e4ume &#8211; meeresbiologische Exkursion in das Europ\u00e4ische Nordmeer<\/p><\/td><td><\/td><\/tr><tr><td><p>Das Angebot richtet sich an Studierende ab dem 3. Fachsemester.<\/p><\/td><td><\/td><\/tr><tr><td><p><\/p><\/td><td><\/td><\/tr><tr><td width=\"90%\"><p><a href=\"https:\/\/vvz.ruhr-uni-bochum.de\/campus\/all\/module.asp?gguid=0xCA33CBCB9052C143AAD8B46EC944E7C3&amp;fieldgguid=&amp;mode=&amp;findmodule=summer+univer&amp;tguid=0x0DE70DAC81C5DB4A9C9E41DE3843EACA\">Summer University Grundlagen der Naturwissenschaften (5 CP)<\/a><\/p><\/td><td><\/td><\/tr><tr><td><p>Teil 1: Vorlesung: Grundlagen der Naturwissenschaften (Vorlesung), WS 2016\/2017<\/p><\/td><td><\/td><\/tr><tr><td><p>Teil 2: \u00dcbungen: Grundlagen der Naturwissenschaften (\u00dcbung), WS 2016\/2017<\/p><\/td><td><\/td><\/tr><tr><td><p>G4 Grundlagen der Naturwissenschaften<\/p><\/td><td><\/td><\/tr><tr><td><p>Studieninteressierte, die sich f\u00fcr das Fach Biologie im Rahmen des Zweifach-Studiengangs (Bachelor of Arts) interessieren und Biologie-Studierende im Zweifach-Studiengang Biologie des zweiten Fachsemesters, wird der Kurs besonders empfohlen.<\/p><\/td><td><\/td><\/tr><tr><td><p>Studierende der Biologie im Bachelor of Science k\u00f6nnen an dem Modul teilnehmen, jedoch keine Kreditpunkte f\u00fcr den Optionalbereich erwerben!<\/p><\/td><td><\/td><\/tr><tr><td><p><\/p><\/td><td><\/td><\/tr><tr><td><\/td><td><\/td><\/tr><tr><td colspan=\"2\"><p>Chemie<\/p><\/td><\/tr><tr><td width=\"90%\"><p><a href=\"https:\/\/vvz.ruhr-uni-bochum.de\/campus\/all\/module.asp?gguid=0x3FC4E3E64FB2B942BC947A8AC048FCCA&amp;fieldgguid=&amp;mode=&amp;findmodule=Theoretische&amp;tguid=0x0DE70DAC81C5DB4A9C9E41DE3843EACA\">Theoretische Chemie I: Grundlagen (5 CP)<\/a><\/p><\/td><td><\/td><\/tr><tr><td><p>Teil 1: Theoretische Chemie I: Grundlagen (Vorlesung), WS 2016\/2017<\/p><\/td><td><\/td><\/tr><tr><td><p>Teil 2: \u00dcbungen zur Vorlesung &#8222;Theoretische Chemie I: Grundlagen&#8220; (\u00dcbung), WS 2016\/2017<\/p><\/td><td><\/td><\/tr><tr><td><p>G4 Basismodul &#8222;Theoretische Chemie&#8220;<\/p><\/td><td><\/td><\/tr><tr><td><p>Bestandenes Modul \u201cTheorie der chemischen Bindung\u201c<\/p><\/td><td><\/td><\/tr><tr><td><p><\/p><\/td><td><\/td><\/tr><tr><td width=\"90%\"><p><a href=\"https:\/\/vvz.ruhr-uni-bochum.de\/campus\/all\/module.asp?gguid=0x97DDEF660BDBC94C9B1FABB572309E52&amp;fieldgguid=&amp;mode=&amp;findmodule=theorie+der+chemischen&amp;tguid=0x0DE70DAC81C5DB4A9C9E41DE3843EACA\">Theorie der chemischen Bindung (5 CP)<\/a><\/p><\/td><td><\/td><\/tr><tr><td><p>Teil 1: Theorie der chemischen Bindung (Vorlesung), WS 2016\/2017<\/p><\/td><td><\/td><\/tr><tr><td><p>Teil 2: \u00dcbungen zur Vorlesung &#8222;Theorie der chemischen Bindung&#8220;, WS 2016\/2017<\/p><\/td><td><\/td><\/tr><tr><td><p>G4 Basismodul &#8222;Theoretische Chemie&#8220;<\/p><\/td><td><\/td><\/tr><tr><td><p>Studierende des 1-Fach-Bachelorstudiengangs Chemie k\u00f6nnen in diesem Modul keine Credit Points f\u00fcr den Optionalbereich erwerben!<\/p><\/td><td><\/td><\/tr><tr><td><\/td><td><\/td><\/tr><tr><td colspan=\"2\"><p>Erziehungswissenschaften<\/p><\/td><\/tr><tr><td width=\"90%\"><p><a href=\"https:\/\/vvz.ruhr-uni-bochum.de\/campus\/all\/module.asp?gguid=0x8A6A3C9715709943B54F2320CA9026CB&amp;fieldgguid=&amp;mode=&amp;findmodule=bildungsw&amp;tguid=0x0DE70DAC81C5DB4A9C9E41DE3843EACA\">Bildungswissenschaftliches Basismodul (9 CP)<\/a><\/p><\/td><td><\/td><\/tr><tr><td><p>Teil 1: Erziehungs- und Bildungstheorien (Vorlesung), WS 2016\/2017<\/p><\/td><td><\/td><\/tr><tr><td><p>Teil 2: Einf\u00fchrung in Lern- und Entwicklungstheorien (Vorlesung), WS 2016\/2017<\/p><\/td><td><\/td><\/tr><tr><td><p>Teil 3: Theorien der Sozialisation (Vorlesung), WS 2016\/2017<\/p><\/td><td><\/td><\/tr><tr><td><p>Teil 4: Schule als Beruf: Perspektiven f\u00fcr angehende Lehrerinnen und Lehrer (Vorlesung), WS 2016\/2017<\/p><\/td><td><\/td><\/tr><tr><td><p>G4 EWL zum M.Ed.<\/p><\/td><td><\/td><\/tr><tr><td><p>Studierende, die das Fach Erziehungswissenschaft im 2-Fach-B. A.-Studiengang studieren und das M. Ed.-Studium anschlie\u00dfen m\u00f6chten, absolvieren anstelle des &#8222;Bildungswissenschaftlichen Basismoduls&#8220; in Gebiet 4 das Modul &#8222;Berufsziel Lehramt: Empirische Forschung&#8220; in Gebiet 3. Das Modul kann auch \u00fcber mehrere Semester verteilt studiert werden.<\/p><\/td><td><\/td><\/tr><tr><td><p><\/p><\/td><td><\/td><\/tr><tr><td width=\"90%\"><p><a href=\"https:\/\/vvz.ruhr-uni-bochum.de\/campus\/all\/module.asp?gguid=0xFFA7A2D98BD94A4A94D4C9A13B364E7B&amp;fieldgguid=&amp;mode=&amp;findmodule=bildungsw&amp;tguid=0x0DE70DAC81C5DB4A9C9E41DE3843EACA\">Bildungswissenschaftliches Basismodul (ab SoSe 2015) (9 CP)<\/a><\/p><\/td><td><\/td><\/tr><tr><td><p>Teil 1: Erziehungs- und Bildungstheorien (Vorlesung), WS 2016\/2017<\/p><\/td><td><\/td><\/tr><tr><td><p>Teil 2: Lern- und Entwicklungstheorien (Vorlesung), WS 2016\/2017<\/p><\/td><td><\/td><\/tr><tr><td><p>Teil 3: Theorien der Sozialisation (Vorlesung), WS 2016\/2017<\/p><\/td><td><\/td><\/tr><tr><td><p>Teil 4: Schule als Beruf: Perspektiven f\u00fcr angehende Lehrerinnen und Lehrer (Vorlesung), WS 2016\/2017<\/p><\/td><td><\/td><\/tr><tr><td><p>sowie zwei praktische \u00dcbungen zu zwei unterschiedlichen Vorlesungen (Teil 5 und Teil 6)<\/p><\/td><td><\/td><\/tr><tr><td><p>G4 EWL zum M.Ed.<\/p><\/td><td><\/td><\/tr><tr><td><p>Studierende, die das Fach Erziehungswissenschaft im 2-Fach-B. A.-Studiengang studieren und das M. Ed.-Studium anschlie\u00dfen m\u00f6chten, absolvieren anstelle des &#8222;Bildungswissenschaftlichen Basismoduls&#8220; in Gebiet 4 das Modul &#8222;Berufsziel Lehramt: Empirische Forschung&#8220; in Gebiet 3. Das Modul kann auch \u00fcber mehrere Semester verteilt studiert werden.<\/p><\/td><td><\/td><\/tr><tr><td><\/td><td><\/td><\/tr><tr><td colspan=\"2\"><p>Evangelische Theologie<\/p><\/td><\/tr><tr><td width=\"90%\"><p><a href=\"https:\/\/vvz.ruhr-uni-bochum.de\/campus\/all\/module.asp?gguid=0xF910BBF4FD3E4145BC2DA974A65B3915&amp;fieldgguid=&amp;findmodule=kirchengeschichte&amp;tguid=0x0DE70DAC81C5DB4A9C9E41DE3843EACA&amp;strSignMessage=\">Kirchengeschichte f\u00fcr Nichttheologen (5 CP)<\/a><\/p><\/td><td><\/td><\/tr><tr><td><p>Teil 1: Christentumsgeschichte I &#8211; Antike und Mittelalter (Vorlesung), WS 2016\/2017<\/p><\/td><td><\/td><\/tr><tr><td><p>Teil 2: Mit Gott in den Krieg? Der Protestantismus im Ersten Weltkrieg (Seminar), SoSe 2017<\/p><\/td><td><\/td><\/tr><tr><td><p>G4 Basismodul &#8222;Grundfragen evangelischer Theologie&#8220;<\/p><\/td><td><\/td><\/tr><tr><td><p>Studierende der Evangelischen Theologie k\u00f6nnen an dem Modul zwar teilnehmen, jedoch keine Credit Points f\u00fcr den Optionalbereich erwerben!<\/p><\/td><td><\/td><\/tr><tr><td><\/td><td><\/td><\/tr><tr><td colspan=\"2\"><p>Geographie<\/p><\/td><\/tr><tr><td width=\"90%\"><p><a href=\"https:\/\/vvz.ruhr-uni-bochum.de\/campus\/all\/module.asp?gguid=0x0D5388CBE12ABB4CA98E602AF954A1FA&amp;fieldgguid=&amp;findmodule=exkursion&amp;tguid=0x0DE70DAC81C5DB4A9C9E41DE3843EACA&amp;strSignMessage=\">Exkursion nach Kapstadt &#8211; R\u00e4umliche Entwicklung am Kap der guten Hoffnung (5 CP)<\/a><\/p><\/td><td><\/td><\/tr><tr><td><p>Teil 1: R\u00e4umliche Entwicklung am Kap der guten Hoffnung &#8211; Einf\u00fchrung (Blockseminar), WS 2016\/2017<\/p><\/td><td><\/td><\/tr><tr><td><p>Teil 2: Exkursion nach Kapstadt (Exkursion), WS 2016\/2017<\/p><\/td><td><\/td><\/tr><tr><td><p>Teil 3: R\u00e4umliche Entwicklung am Kap der guten Hoffnung &#8211; Erarbeitung eines Exkursionsreaders (Kolloquium), WS 2016\/17<\/p><\/td><td><\/td><\/tr><tr><td><p>G4 Modul Exkursionen<\/p><\/td><td><\/td><\/tr><tr><td><\/td><td><\/td><\/tr><tr><td><p><\/p><\/td><td><\/td><\/tr><tr><td width=\"90%\"><p><a href=\"https:\/\/vvz.ruhr-uni-bochum.de\/campus\/all\/module.asp?gguid=0x90EA409E20CCE148B6BC19785495668C&amp;fieldgguid=&amp;findmodule=extremwetter&amp;tguid=0x0DE70DAC81C5DB4A9C9E41DE3843EACA&amp;strSignMessage=\">Extremwetter auf dem Mt. Washington Observatory in New Hampshire, USA &#8211; Dem Hurricane ins Auge geschaut (10 CP)<\/a><\/p><\/td><td><\/td><\/tr><tr><td><p>Teil 1: Selbstst\u00e4ndige vorbereitende Lekt\u00fcre und Nachbereitungsveranstaltung (1 Tag) zum Ende der vorlesungsfreien Zeit, WS 2016\/2017<\/p><\/td><td><\/td><\/tr><tr><td><p>Teil 2:Blockseminar in der vorlesungsfreien Zeit, WS 2016\/2017<\/p><\/td><td><\/td><\/tr><tr><td><p>Teil 3: Exkursion und Blockseminar in New England und auf dem Mt. Washington (10 Tage) im Februar (Exkursion), WS 2016\/2017<\/p><\/td><td><\/td><\/tr><tr><td><p>G4 Modul Exkursionen<\/p><\/td><td><\/td><\/tr><tr><td><p><\/p><\/td><td><\/td><\/tr><tr><td width=\"90%\"><p><a href=\"https:\/\/vvz.ruhr-uni-bochum.de\/campus\/all\/module.asp?gguid=0xFE76298A28526E48A9547ACC5DA421FC&amp;fieldgguid=&amp;findmodule=geographen&amp;tguid=0x0DE70DAC81C5DB4A9C9E41DE3843EACA&amp;strSignMessage=\">Geographen reisen anders (5 CP)<\/a><\/p><\/td><td><\/td><\/tr><tr><td><p>Teil 1: Geographen reisen anders: St\u00e4dte und Regionen der Erde (Vorlesung), WS 2016\/2017<\/p><\/td><td><\/td><\/tr><tr><td><p>Teil 2: Geographen reisen anders: St\u00e4dte und Regionen der Erde (\u00dcbung), WS 2016\/2017<\/p><\/td><td><\/td><\/tr><tr><td><p>G4 Geographen reisen anders: St\u00e4dte und Regionen der Erde<\/p><\/td><td><\/td><\/tr><tr><td><p>Geographie-Studierende k\u00f6nnen an diesem Modul nicht teilnehmen!<\/p><\/td><td><\/td><\/tr><tr><td><p><\/p><\/td><td><\/td><\/tr><tr><td width=\"90%\"><p><a href=\"https:\/\/vvz.ruhr-uni-bochum.de\/campus\/all\/module.asp?gguid=0x720B474396A7994BB9D39556B8C13DA4&amp;fieldgguid=&amp;mode=&amp;findmodule=geogra&amp;tguid=0x0DE70DAC81C5DB4A9C9E41DE3843EACA\">Geographien der Flucht &#8211; Eine interdisziplin\u00e4re (Analyse) (5 CP)<\/a><\/p><\/td><td><\/td><\/tr><tr><td><p>Teil 1 und 2: Geographien auf der Flucht (Seminar), WS 2016\/2017<\/p><\/td><td><\/td><\/tr><tr><td><p>G4 Basismodul &#8222;Identit\u00e4t und Differenz&#8220;<\/p><\/td><td><\/td><\/tr><tr><td><\/td><td><\/td><\/tr><tr><td colspan=\"2\"><p>Germanistik<\/p><\/td><\/tr><tr><td><p>In diesem Semester liegt leider kein Angebot vor.<\/p><\/td><td><\/td><\/tr><tr><td><p><\/p><\/td><td><\/td><\/tr><tr><td colspan=\"2\"><p>Geschichte<\/p><\/td><\/tr><tr><td width=\"90%\"><p><a href=\"https:\/\/vvz.ruhr-uni-bochum.de\/campus\/all\/module.asp?gguid=0x4A87E1174188514E84FB25CF8ABDBCF0&amp;fieldgguid=&amp;findmodule=die+geschichte+der+men&amp;tguid=0x0DE70DAC81C5DB4A9C9E41DE3843EACA&amp;strSignMessage=\">Die Geschichte der Menschenrechte von 1945 bis zur Gegenwart(5 CP)<\/a><\/p><\/td><td><\/td><\/tr><tr><td><p>Teil 1: Vorlesung: Politische Gewalt im 21. Jahrhundert: Begriffe, Ordnungen, Verletzungen (Vorlesung), WS 2016\/2017<\/p><\/td><td><\/td><\/tr><tr><td><p>Teil 2: Seminar: Die Geschichte der Menschenrechte von 1945 bis zur Gegenwart (Seminar), WS 2016\/2017<\/p><\/td><td><\/td><\/tr><tr><td><p>G4 Basismodul &#8222;Neuere und Neueste Geschichte&#8220;<\/p><\/td><td><\/td><\/tr><tr><td><p>Studierende der Geschichte k\u00f6nnen an diesem Modul nur teilnehmen, wenn die Vorlesung (Teil 1) nicht Bestandteil eines Fachmoduls oder eines anderen Moduls im Optionalbereich ist!<\/p><\/td><td><\/td><\/tr><tr><td><p><\/p><\/td><td><\/td><\/tr><tr><td width=\"90%\"><p><a href=\"https:\/\/vvz.ruhr-uni-bochum.de\/campus\/all\/module.asp?gguid=0xF3BEE301069C274B8FE76475F0179C71&amp;fieldgguid=&amp;findmodule=die+usa&amp;tguid=0x0DE70DAC81C5DB4A9C9E41DE3843EACA&amp;strSignMessage=\">Die USA als Einwanderungsland (5 CP)<\/a><\/p><\/td><td><\/td><\/tr><tr><td><p>Teil 1: Vorlesung: Die Geschichte des Nordamerikanischen Kontinents im 19. Jahrhundert (Vorlesung), WS 2016\/2017<\/p><\/td><td><\/td><\/tr><tr><td><p>Teil 2: Seminar: Die Geschichte der Einwanderung Ende des 19. bis Ende des 20. Jahrhunderts (Seminar), WS 2016\/2017<\/p><\/td><td><\/td><\/tr><tr><td><p>G4 Basismodul &#8222;Neuere und Neueste Geschichte&#8220;<\/p><\/td><td><\/td><\/tr><tr><td><p>Studierende der Geschichte k\u00f6nnen an diesem Modul nur teilnehmen, wenn die Vorlesung (Teil 1) nicht Bestandteil eines Fachmoduls oder eines anderen Moduls im Optionalbereich ist!<\/p><\/td><td><\/td><\/tr><tr><td><p><\/p><\/td><td><\/td><\/tr><tr><td colspan=\"2\"><p>Katholische Theologie<\/p><\/td><\/tr><tr><td width=\"90%\"><p><a href=\"https:\/\/vvz.ruhr-uni-bochum.de\/campus\/all\/module.asp?gguid=0x6259619BDD651447A4367BEE452D0B37&amp;fieldgguid=&amp;findmodule=antike&amp;tguid=0x0DE70DAC81C5DB4A9C9E41DE3843EACA&amp;strSignMessage=\">Antike und sp\u00e4tantike Denkm\u00e4ler (5 CP)<\/a><\/p><\/td><td><\/td><\/tr><tr><td><p>Teil 1: Vorlesung: Tetrarchische und konstantinische Kunst (Vorlesung), WS 2016\/2017<\/p><\/td><td><\/td><\/tr><tr><td><p>Teil 2: Magie in der Sp\u00e4tantike (Hauptseminar), WS 2016\/2017<\/p><\/td><td><\/td><\/tr><tr><td><p>G4 &#8222;Christentum und Kultur&#8220;<\/p><\/td><td><\/td><\/tr><tr><td><p><\/p><\/td><td><\/td><\/tr><tr><td width=\"90%\"><p><a href=\"https:\/\/vvz.ruhr-uni-bochum.de\/campus\/all\/module.asp?gguid=0x5504261BD9F7EF4B94D90947A3891B71&amp;fieldgguid=&amp;findmodule=einf%FChrung+in+die+reli&amp;tguid=0x0DE70DAC81C5DB4A9C9E41DE3843EACA&amp;strSignMessage=\">Einf\u00fchrung in die Religionsphilosophie (5 CP)<\/a><\/p><\/td><td><\/td><\/tr><tr><td><p>Teil 1: Religionsphilosophie (Vorlesung), WS 2016\/2017<\/p><\/td><td><\/td><\/tr><tr><td><p>Teil 2: Karl Christian Friedrich Krause \u2013 Ausgew\u00e4hlte Schriften zur Gotteslehre (Hauptseminar), WS 2016\/2017<\/p><\/td><td><\/td><\/tr><tr><td><p>G4 Religionsphilosophie<\/p><\/td><td><\/td><\/tr><tr><td><p>Studierende der F\u00e4cher Katholische Theologie bzw. Katholische Religionslehre k\u00f6nnen dieses Modul nicht im Optionalbereich belegen.<\/p><\/td><td><\/td><\/tr><tr><td><p><\/p><\/td><td><\/td><\/tr><tr><td width=\"90%\"><p><a href=\"https:\/\/vvz.ruhr-uni-bochum.de\/campus\/all\/module.asp?gguid=0x61F83E47E8910642B587178E0C39240E&amp;fieldgguid=&amp;findmodule=evangelium+und+die+hoffnung&amp;tguid=0x0DE70DAC81C5DB4A9C9E41DE3843EACA&amp;strSignMessage=\">Evangelium und die Hoffnung auf Heil (5 CP)<\/a><\/p><\/td><td><\/td><\/tr><tr><td><p>Teil 1:Einleitung in das Neue Testament (Vorlesung), WS 2016\/2017<\/p><\/td><td><\/td><\/tr><tr><td><p>Teil 2: Krankheit und Heilung (Hauptseminar), WS 2016\/2017<\/p><\/td><td><\/td><\/tr><tr><td><p>G4 Entwicklungslinien des Christentums<\/p><\/td><td><\/td><\/tr><tr><td><p>Wer dieses Modul belegt, kann nicht auch andere Module des abstrakten Moduls &#8222;Christentum und Kultur&#8220; belegen.<\/p><\/td><td><\/td><\/tr><tr><td><p><\/p><\/td><td><\/td><\/tr><tr><td width=\"90%\"><p><a href=\"https:\/\/vvz.ruhr-uni-bochum.de\/campus\/all\/module.asp?gguid=0x6E4CD59CCF1C724593FFAF887DCDB99A&amp;fieldgguid=&amp;findmodule=mission+und+die&amp;tguid=0x0DE70DAC81C5DB4A9C9E41DE3843EACA&amp;strSignMessage=\">Mission und die Hoffnung auf Heil (5 CP)<\/a><\/p><\/td><td><\/td><\/tr><tr><td><p>Teil 1: Missionsreisen des Paulus (Vorlesung), WS 2016\/2017<\/p><\/td><td><\/td><\/tr><tr><td><p>Teil 2: Krankheit und Heilung (Hauptseminar), WS 2016\/2017<\/p><\/td><td><\/td><\/tr><tr><td><p>G4 Christentum und Kultur<\/p><\/td><td><\/td><\/tr><tr><td><p>Wer dieses Modul belegt, kann nicht auch andere Module des abstrakten Moduls &#8222;Entwicklungslinien des Christentums&#8220; belegen.<\/p><\/td><td><\/td><\/tr><tr><td><p><\/p><\/td><td><\/td><\/tr><tr><td width=\"90%\"><p><a href=\"https:\/\/vvz.ruhr-uni-bochum.de\/campus\/all\/module.asp?gguid=0x71F24717684E0547A8A79AA6CD33C831&amp;fieldgguid=&amp;findmodule=nachbar+gott&amp;tguid=0x0DE70DAC81C5DB4A9C9E41DE3843EACA&amp;strSignMessage=\">Nachbar Gott \u2013 Rilke und die Theologie. Ein Rilke-Projekt (5 CP)<\/a><\/p><\/td><td><\/td><\/tr><tr><td><p>Teil 1: Rilke und die Theologie: Ein Rilke-Projekt (Hauptseminar), WS 2016\/2017<\/p><\/td><td><\/td><\/tr><tr><td><p>Teil 2:Nachbar Gott \u2013 Ein Rilke-Projekt (Projekt), WS 2016\/2017<\/p><\/td><td><\/td><\/tr><tr><td><p>G4 Basismodul &#8222;Religion im Leben&#8220;<\/p><\/td><td><\/td><\/tr><tr><td><p><\/p><\/td><td><\/td><\/tr><tr><td width=\"90%\"><p><a href=\"https:\/\/vvz.ruhr-uni-bochum.de\/campus\/all\/module.asp?gguid=0xB72E19700D15474F9A7CBBBFB413FA3E&amp;fieldgguid=&amp;findmodule=theologische+grundlagen&amp;tguid=0x0DE70DAC81C5DB4A9C9E41DE3843EACA&amp;strSignMessage=\">Theologische Grundlagen der christlich abendl\u00e4ndischen Kunst (5 CP)<\/a><\/p><\/td><td><\/td><\/tr><tr><td><p>Teil 1:Theologische Grundlagen der christlichen abendl\u00e4ndischen Kunst Teil 1: Passion und Auferstehung (Vorlesung), WS 2016\/2017<\/p><\/td><td><\/td><\/tr><tr><td><p>Teil 2: Theologische Grundlagen der christlichen abendl\u00e4ndischen Kunst Teil 2:Allgemeine Themen (Exkursionen), WS 2016\/2017<\/p><\/td><td><\/td><\/tr><tr><td><p>G4 Basismodul &#8222;Christentum und Kultur&#8220;<\/p><\/td><td><\/td><\/tr><tr><td><p><\/p><\/td><td><\/td><\/tr><tr><td width=\"90%\"><p><a href=\"https:\/\/vvz.ruhr-uni-bochum.de\/campus\/all\/module.asp?gguid=0xB10D49345D68C741B25447F954739C80&amp;fieldgguid=&amp;findmodule=was+ist+der+mensch&amp;tguid=0x0DE70DAC81C5DB4A9C9E41DE3843EACA&amp;strSignMessage=\">Was ist der Mensch? Einf\u00fchrung in die philosophische Anthropologie (5 CP)<\/a><\/p><\/td><td><\/td><\/tr><tr><td><p>Teil 1: Philosophische Anthropologie (Vorlesung), WS 2016\/2017<\/p><\/td><td><\/td><\/tr><tr><td><p>Teil 2: Gruppe und Individuum (Proseminar\/Hauptseminar), WS 2016\/2017<\/p><\/td><td><\/td><\/tr><tr><td><p>G4 Basismodul &#8222;Religion im Leben&#8220;<\/p><\/td><td><\/td><\/tr><tr><td><p>Studierende der F\u00e4cher Katholische Theologie bzw. Katholische Religionslehre k\u00f6nnen dieses Modul nicht im Optionalbereich belegen.<\/p><\/td><td><\/td><\/tr><tr><td><p><\/p><\/td><td><\/td><\/tr><tr><td width=\"90%\"><p><a href=\"https:\/\/vvz.ruhr-uni-bochum.de\/campus\/all\/module.asp?gguid=0x11C18795BAFB0E4F816E832663B3F974&amp;fieldgguid=&amp;mode=&amp;findmodule=wirtschaftsethik&amp;tguid=0x0DE70DAC81C5DB4A9C9E41DE3843EACA\">Wirtschaftsethik (Energiewende) (5 CP)<\/a><\/p><\/td><td><\/td><\/tr><tr><td><p>Teil 1: Ethik der internationalen Wirtschaft (Vorlesung), WS 2016\/2017<\/p><\/td><td><\/td><\/tr><tr><td><p>Teil 2: Moral der Energiewende (Hauptseminar), WS 2016\/2017<\/p><\/td><td><\/td><\/tr><tr><td><p>G4 Basismodul &#8222;Christliche Weltverantwortung&#8220;<\/p><\/td><td><\/td><\/tr><tr><td><p>Studierende der Katholischen Theologie k\u00f6nnen zwar teilnehmen, jedoch keine CP f\u00fcr den Optionalbereich erwerben. Teilnehmer des Moduls Wirtschaftsethik (Geld) k\u00f6nnen an diesem Modul nicht teilnehmen.<\/p><\/td><td><\/td><\/tr><tr><td><p><\/p><\/td><td><\/td><\/tr><tr><td width=\"90%\"><p><a href=\"https:\/\/vvz.ruhr-uni-bochum.de\/campus\/all\/module.asp?gguid=0xD3D518603263B8479B4C5423B66860C2&amp;fieldgguid=&amp;mode=&amp;findmodule=wirtschaftsethik&amp;tguid=0x0DE70DAC81C5DB4A9C9E41DE3843EACA\">Wirtschaftsethik (Geld) (5 CP)<\/a><\/p><\/td><td><\/td><\/tr><tr><td><p>Teil 1: Ethik der internationalen Wirtschaft (Vorlesung), WS 2016\/2017<\/p><\/td><td><\/td><\/tr><tr><td><p>Teil 2: Gott und Geld, das neue Testament, \u00d6konomie und die Ethik der Wirtschaft (Blockseminar), WS 2016\/2017<\/p><\/td><td><\/td><\/tr><tr><td><p>G4 Basismodul &#8222;Christliche Weltverantwortung&#8220;<\/p><\/td><td><\/td><\/tr><tr><td><p>Studierende der Katholischen Theologie k\u00f6nnen zwar teilnehmen, jedoch keine CP f\u00fcr den Optionalbereich erwerben. Teilnehmer des Moduls \u201eWirtschaftsethik\u201c (Energiewende) k\u00f6nnen an diesem Modul nicht teilnehmen.<\/p><\/td><td><\/td><\/tr><tr><td><p><\/p><\/td><td><\/td><\/tr><tr><td><\/td><td><\/td><\/tr><tr><td colspan=\"2\"><p>Maschinenbau<\/p><\/td><\/tr><tr><td><p>In diesem Semester liegt leider kein Angebot vor.<\/p><\/td><td><\/td><\/tr><tr><td><p><\/p><\/td><td><\/td><\/tr><tr><td colspan=\"2\"><p>Mathematik<\/p><\/td><\/tr><tr><td width=\"90%\"><p><a href=\"https:\/\/vvz.ruhr-uni-bochum.de\/campus\/all\/module.asp?gguid=0x360CD45A66FE9B409AA223D14E374C93&amp;fieldgguid=&amp;mode=&amp;findmodule=einf%FChrung+in+die+mathe&amp;tguid=0x0DE70DAC81C5DB4A9C9E41DE3843EACA\">Einf\u00fchrung in die Mathematik (Schwerpunkt: Biologie) (5 CP)<\/a><\/p><\/td><td><\/td><\/tr><tr><td><p>Teil 1: Mathematik f\u00fcr Biologen (Vorlesung), WS 2016\/2017<\/p><\/td><td><\/td><\/tr><tr><td><p>Teil 2: \u00dcbungen zur Mathematik f\u00fcr Biologen (\u00dcbung), WS 2016\/2017<\/p><\/td><td><\/td><\/tr><tr><td><p>G4 Basismodul &#8222;Grundlagen der Mathematik&#8220;<\/p><\/td><td><\/td><\/tr><tr><td><p>Studierende der Mathematik und der Physik k\u00f6nnen an diesem Modul zwar teilnehmen, jedoch keine Credit Points f\u00fcr den Optionalbereich erwerben! B.Sc.- und M.Sc.-Studierende der Biologie k\u00f6nnen an diesem Modul zwar teilnehmen, jedoch keine Credit Points f\u00fcr den Optionalbereich erwerben!<\/p><\/td><td><\/td><\/tr><tr><td><p><\/p><\/td><td><\/td><\/tr><tr><td width=\"90%\"><p><a href=\"https:\/\/vvz.ruhr-uni-bochum.de\/campus\/all\/module.asp?gguid=0x0A9FA61DAAA5784F861CB00A42B34BDC&amp;fieldgguid=&amp;mode=&amp;findmodule=einf%FChrung+in+die+mathe&amp;tguid=0x0DE70DAC81C5DB4A9C9E41DE3843EACA\">Einf\u00fchrung in die Mathematik (Schwerpunkte: Mathematik und Physik) (5 CP)<\/a><\/p><\/td><td><\/td><\/tr><tr><td><p>Teil 1: Mathematischer Vorkurs f\u00fcr k\u00fcnftige Studierende der Mathematik und Physik (Vorlesung), WS 2016\/2017<\/p><\/td><td><\/td><\/tr><tr><td><p>Teil 2: \u00dcbungen zum Mathematischen Vorkurs f\u00fcr k\u00fcnftige Studierende der Mathematik und Physik (\u00dcbung), WS 2016\/2017<\/p><\/td><td><\/td><\/tr><tr><td><p>G4 Basismodul &#8222;Grundlagen der Mathematik&#8220;<\/p><\/td><td><\/td><\/tr><tr><td><p>Studierende der Mathematik k\u00f6nnen an diesem Modul zwar teilnehmen, jedoch Credit Points nur dann f\u00fcr den Optionalbereich erwerben, wenn sie den Vorkurs vor ihrem ersten Fachsemester besuchen!<\/p><\/td><td><\/td><\/tr><tr><td><p><\/p><\/td><td><\/td><\/tr><tr><td width=\"90%\"><p><a href=\"https:\/\/vvz.ruhr-uni-bochum.de\/campus\/all\/module.asp?gguid=0x58D394C847FD4B46901ED0FD1041CCFF&amp;fieldgguid=&amp;mode=&amp;findmodule=einf%FChrung+in+die+mathe&amp;tguid=0x0DE70DAC81C5DB4A9C9E41DE3843EACA\">Einf\u00fchrung in die Mathematik (Schwerpunkte: Natur- und Ingenieurwissenschaften sowie Informatik) (5 CP)<\/a><\/p><\/td><td><\/td><\/tr><tr><td><p>Teil 1: Vorkurs in Mathematik f\u00fcr k\u00fcnftige Studierende der Ingenieurwissenschaften (Vorkurs), WS 2016\/2017<\/p><\/td><td><\/td><\/tr><tr><td><p>Teil 2: \u00dcbungen zum Vorkurs in Mathematik f\u00fcr k\u00fcnftige Studierende der Ingenieurwissenschaften (\u00dcbung), WS 2016\/2017<\/p><\/td><td><\/td><\/tr><tr><td><p>G4 Basismodul &#8222;Grundlagen der Mathematik&#8220;<\/p><\/td><td><\/td><\/tr><tr><td><p>Studierende der Mathematik und der Physik k\u00f6nnen an diesem Modul zwar teilnehmen, jedoch keine Credit Points f\u00fcr den Optionalbereich erwerben!<\/p><\/td><td><\/td><\/tr><tr><td><p><\/p><\/td><td><\/td><\/tr><tr><td width=\"90%\"><p><a href=\"https:\/\/vvz.ruhr-uni-bochum.de\/campus\/all\/module.asp?gguid=0x289F09DEF7BB8842BC4201FC16D30F13&amp;fieldgguid=&amp;mode=&amp;findmodule=einf%FChrung+in+die+mathe&amp;tguid=0x0DE70DAC81C5DB4A9C9E41DE3843EACA\">Einf\u00fchrung in die Mathematik I (Schwerpunkte: Physik und Geophysik) (10 CP)<\/a><\/p><\/td><td><\/td><\/tr><tr><td><p>Teil 1: Mathematik f\u00fcr Physiker I (Vorlesung), WS 2016\/2017<\/p><\/td><td><\/td><\/tr><tr><td><p>Teil 2: Mathematik f\u00fcr Physiker I (\u00dcbungen) (\u00dcbung), WS 2016\/2017<\/p><\/td><td><\/td><\/tr><tr><td><p>G4 Basismodul &#8222;Grundlagen der Mathematik&#8220;<\/p><\/td><td><\/td><\/tr><tr><td><p>BA-Studierende der Mathematik k\u00f6nnen an diesem Modul zwar teilnehmen, jedoch Credit Points nur dann f\u00fcr den Optionalbereich erwerben, wenn sie den Vorkurs vor ihrem ersten Fachsemester besuchen.<\/p><\/td><td><\/td><\/tr><tr><td><p><\/p><\/td><td><\/td><\/tr><tr><td width=\"90%\"><p><a href=\"https:\/\/vvz.ruhr-uni-bochum.de\/campus\/all\/module.asp?gguid=0x1408184BC24A73488940971D25A80EF9&amp;fieldgguid=&amp;findmodule=einf%FChrung+in+die+stat&amp;tguid=0x0DE70DAC81C5DB4A9C9E41DE3843EACA&amp;strSignMessage=\">Einf\u00fchrung in die Statistik (Schwerpunkt: Geographie) (5 CP)<\/a><\/p><\/td><td><\/td><\/tr><tr><td><p>Teil 1: Einf\u00fchrung in die Statistik f\u00fcr Geographen (Vorlesung), WS 2016\/2017<\/p><\/td><td><\/td><\/tr><tr><td><p>Teil 2: \u00dcbungen zur Einf\u00fchrung in die Statistik f\u00fcr Geographen (\u00dcbung), WS 2016\/2017<\/p><\/td><td><\/td><\/tr><tr><td><p>G4 Basismodul &#8222;Grundlagen der Mathematik&#8220;<\/p><\/td><td><\/td><\/tr><tr><td><p>Studierende der Mathematik und Studierende der Geographie k\u00f6nnen an diesem Modul zwar teilnehmen, jedoch keine Credit Points f\u00fcr den Optionalbereich erwerben! Solides Schulwissen in Mathematik wird vorausgesetzt.<\/p><\/td><td><\/td><\/tr><tr><td><p><\/p><\/td><td><\/td><\/tr><tr><td width=\"90%\"><p><a href=\"https:\/\/vvz.ruhr-uni-bochum.de\/campus\/all\/module.asp?gguid=0xA6A45BF494D85446B0B5DDDD84FCF539&amp;fieldgguid=&amp;mode=&amp;findmodule=mathematik&amp;tguid=0x0DE70DAC81C5DB4A9C9E41DE3843EACA\">Mathematik (Schwerpunkt: Chemie) (5 CP)<\/a><\/p><\/td><td><\/td><\/tr><tr><td><p>Teil 1: Mathematik f\u00fcr Chemiker I (Vorlesung), WS 2016\/2017<\/p><\/td><td><\/td><\/tr><tr><td><p>Teil 2: \u00dcbungen zu Mathematik f\u00fcr Chemiker I (\u00dcbung), WS 2016\/2017<\/p><\/td><td><\/td><\/tr><tr><td><p>Teil 3: Erg\u00e4nzungs\u00fcbungen zu Mathematik f\u00fcr Chemiker I (\u00dcbung), WS 2016\/2017<\/p><\/td><td><\/td><\/tr><tr><td><p>G4 Basismodul &#8222;Grundlagen der Mathematik&#8220;<\/p><\/td><td><\/td><\/tr><tr><td><p>Studierende der Mathematik und Physik k\u00f6nnen an diesem Modul zwar teilnehmen, jedoch keine Credit Points f\u00fcr den Optionalbereich erwerben!<\/p><\/td><td><\/td><\/tr><tr><td><p><\/p><\/td><td><\/td><\/tr><tr><td width=\"90%\"><p><a href=\"https:\/\/vvz.ruhr-uni-bochum.de\/campus\/all\/module.asp?gguid=0x36E116FDE0D24D429D8B0A8E8A69153C&amp;fieldgguid=&amp;mode=&amp;findmodule=mathematik&amp;tguid=0x0DE70DAC81C5DB4A9C9E41DE3843EACA\">Mathematik (Schwerpunkt: Geowissenschaften) (5 CP)<\/a><\/p><\/td><td><\/td><\/tr><tr><td><p>Teil 1: Mathematik I f\u00fcr Geowissenschaftler und SEPM (Vorlesung), WS 2016\/2017<\/p><\/td><td><\/td><\/tr><tr><td><p>Teil 2: \u00dcbungen zu Mathematik I f\u00fcr Geowissenschaftler und SEPM (\u00dcbung), WS 2016\/2017<\/p><\/td><td><\/td><\/tr><tr><td><p>G4 Basismodul &#8222;Grundlagen der Mathematik&#8220;<\/p><\/td><td><\/td><\/tr><tr><td><p>Studierende der Mathematik k\u00f6nnen an diesem Modul zwar teilnehmen, jedoch keine Credit Points f\u00fcr den Optionalbereich erwerben!<\/p><\/td><td><\/td><\/tr><tr><td><p><\/p><\/td><td><\/td><\/tr><tr><td width=\"90%\"><p><a href=\"https:\/\/vvz.ruhr-uni-bochum.de\/campus\/all\/module.asp?gguid=0x95F59348666FCF41984F508C412B04C0&amp;fieldgguid=&amp;mode=&amp;findmodule=summer+univer&amp;tguid=0x0DE70DAC81C5DB4A9C9E41DE3843EACA\">Summer University Mathematik f\u00fcr k\u00fcnftige Studierende der Naturwissenschaften (5 CP)<\/a><\/p><\/td><td><\/td><\/tr><tr><td><p>Teil 1: Summer University Mathematik f\u00fcr k\u00fcnftige Studierende der Naturwissenschaften (Vorkurs), WS 2016\/2017<\/p><\/td><td><\/td><\/tr><tr><td><p>Teil 2: \u00dcbungen zu Summer University Mathematik f\u00fcr k\u00fcnftige Studierende der Naturwissenschaften (Vorkurs), WS 2016\/2017<\/p><\/td><td><\/td><\/tr><tr><td><p>Teil 3: Abschlusskolloquium der Summer University Mathematik f\u00fcr k\u00fcnftige Studierende der Naturwissenschaften (Pr\u00fcfung), WS 2016\/2017<\/p><\/td><td><\/td><\/tr><tr><td><p>G4 Basismodul &#8222;Grundlagen der Mathematik&#8220;<\/p><\/td><td><\/td><\/tr><tr><td><p>Der Besuch dieses Moduls kann nur dann kreditiert werden, wenn er vor Ihrem ersten Fachsemester besucht wird.<\/p><\/td><td><\/td><\/tr><tr><td><p><\/p><\/td><td><\/td><\/tr><tr><td width=\"90%\"><p><a href=\"https:\/\/vvz.ruhr-uni-bochum.de\/campus\/all\/module.asp?gguid=0xB9F23822C8B15E46A2A2252CF0558D31&amp;fieldgguid=&amp;mode=&amp;findmodule=summer+univer&amp;tguid=0x0DE70DAC81C5DB4A9C9E41DE3843EACA\">Summer University Mathematische Grundlagen der Statistik (5 CP)<\/a><\/p><\/td><td><\/td><\/tr><tr><td><p>Teil 1: Summer University Mathematische Grundlagen der Statistik (Vorkurs), WS 2016\/2017<\/p><\/td><td><\/td><\/tr><tr><td><p>Teil 2: \u00dcbungen zu Summer University Mathematische Grundlagen der Statistik (\u00dcbung), WS 2016\/2017<\/p><\/td><td><\/td><\/tr><tr><td><p>Teil 3: Abschlusskolloquium zu Summer University Statistik (Pr\u00fcfung), WS 2016\/2017<\/p><\/td><td><\/td><\/tr><tr><td><p>G4 Basismodul &#8222;Mathematische Anwendungen&#8220;<\/p><\/td><td><\/td><\/tr><tr><td><p>Studierende der Sozialwissenschaft und Management and Economics im Ein-Fach-Bachelor sowie PWG, KIG, Erziehungswissenschaft, Volkswirtschaftslehre und Betriebswirtschaftslehre im Zwei-Fach-Bachelor k\u00f6nnen an dem Modul zwar teilnehmen, jedoch keine Kreditpunkte f\u00fcr den Optionalbereich erwerben.<\/p><\/td><td><\/td><\/tr><tr><td><\/td><td><\/td><\/tr><tr><td colspan=\"2\"><p>Medienwissenschaft<\/p><\/td><\/tr><tr><td width=\"90%\"><p><a href=\"https:\/\/vvz.ruhr-uni-bochum.de\/campus\/all\/module.asp?gguid=0x0C41B3CD522595489E87DE5249AD900E&amp;fieldgguid=&amp;mode=&amp;findmodule=mediengesch&amp;tguid=0x0DE70DAC81C5DB4A9C9E41DE3843EACA\">Mediengeschichte und Medien\u00e4sthetik A (5 CP)<\/a><\/p><\/td><td><\/td><\/tr><tr><td><p>Teil 1 und 2: Mediengeschichte und Medien\u00e4sthetik (Prop\u00e4deutika), WS 2016\/2017<\/p><\/td><td><\/td><\/tr><tr><td><p>G4 Basismodul &#8222;Mediengeschichte und Medien\u00e4sthetik&#8220;<\/p><\/td><td><\/td><\/tr><tr><td><p>Studierende der Medienwissenschaften k\u00f6nnen an diesem Modul nicht teilnehmen!<\/p><\/td><td><\/td><\/tr><tr><td><p><\/p><\/td><td><\/td><\/tr><tr><td width=\"90%\"><p><a href=\"https:\/\/vvz.ruhr-uni-bochum.de\/campus\/all\/module.asp?gguid=0x861603E33329734D84577151E8FA86C9&amp;fieldgguid=&amp;mode=&amp;findmodule=mediengesch&amp;tguid=0x0DE70DAC81C5DB4A9C9E41DE3843EACA\">Mediengeschichte und Medien\u00e4sthetik B (5 CP)<\/a><\/p><\/td><td><\/td><\/tr><tr><td><p>Teil 1 und 2: Mediengeschichte und Medien\u00e4sthetik (Prop\u00e4deutika), WS 2016\/2017<\/p><\/td><td><\/td><\/tr><tr><td><p>G4 Basismodul &#8222;Mediengeschichte und Medien\u00e4sthetik&#8220;<\/p><\/td><td><\/td><\/tr><tr><td><p>Studierende der Medienwissenschaften k\u00f6nnen an diesem Modul nicht teilnehmen!<\/p><\/td><td><\/td><\/tr><tr><td><p><\/p><\/td><td><\/td><\/tr><tr><td width=\"90%\"><p><a href=\"https:\/\/vvz.ruhr-uni-bochum.de\/campus\/all\/module.asp?gguid=0xD02BD39265E5CE4AB3D01B6C61BF17BD&amp;fieldgguid=&amp;mode=&amp;findmodule=mediengesch&amp;tguid=0x0DE70DAC81C5DB4A9C9E41DE3843EACA\">Mediengeschichte und Medien\u00e4sthetik C (5 CP)<\/a><\/p><\/td><td><\/td><\/tr><tr><td><p>Teil 1 und 2: Mediengeschichte und Medien\u00e4sthetik (Prop\u00e4deutika), WS 2016\/2017<\/p><\/td><td><\/td><\/tr><tr><td><p>G4 Basismodul &#8222;Mediengeschichte und Medien\u00e4sthetik&#8220;<\/p><\/td><td><\/td><\/tr><tr><td><p>Studierende der Medienwissenschaften k\u00f6nnen an diesem Modul nicht teilnehmen!<\/p><\/td><td><\/td><\/tr><tr><td><\/td><td><\/td><\/tr><tr><td colspan=\"2\"><p>Medizin<\/p><\/td><\/tr><tr><td><p>In diesem Semester liegt leider kein Angebot vor.<\/p><\/td><td><\/td><\/tr><tr><td><p><\/p><\/td><td><\/td><\/tr><tr><td colspan=\"2\"><p>Orientalistik und Islamwissenschaften<\/p><\/td><\/tr><tr><td width=\"90%\"><p><a href=\"https:\/\/vvz.ruhr-uni-bochum.de\/campus\/all\/module.asp?gguid=0xFEA413FB411C0C4081DBA28A6E69EF0C&amp;fieldgguid=&amp;findmodule=einf%FChrung+in+die+geschichte&amp;tguid=0x0DE70DAC81C5DB4A9C9E41DE3843EACA&amp;strSignMessage=\">Einf\u00fchrung in die Geschichte der islamischen Theologie und religi\u00f6sen Tradition (5 CP)<\/a><\/p><\/td><td><\/td><\/tr><tr><td><p>Teil 1: Vorlesung: Einf\u00fchrung in die Geschichte der islamischen Theologie (kalam) (Vorlesung), WS 2016\/2017<\/p><\/td><td><\/td><\/tr><tr><td><p>Teil 2: Proseminar\/\u00dcbung: Aktuelle Ans\u00e4tze und Diskussionen in der &#8222;Muhammad-Forschung&#8220; (Proseminar\/\u00dcbung), WS 2016\/2017<\/p><\/td><td><\/td><\/tr><tr><td><p>G4 Basismodul &#8222;Einf\u00fchrung in die islamische Welt&#8220;<\/p><\/td><td><\/td><\/tr><tr><td><p>Studierende der Orientalistik\/Islamwissenschaften k\u00f6nnen an diesem Modul nicht teilnehmen!<\/p><\/td><td><\/td><\/tr><tr><td><p><\/p><\/td><td><\/td><\/tr><tr><td width=\"90%\"><p><a href=\"https:\/\/vvz.ruhr-uni-bochum.de\/campus\/all\/module.asp?gguid=0xA7157EAA72AC09488C53619D80C75C16&amp;fieldgguid=&amp;findmodule=persische&amp;tguid=0x0DE70DAC81C5DB4A9C9E41DE3843EACA&amp;strSignMessage=\">Persische Kalligraphie und Landeskunde (5 CP)<\/a><\/p><\/td><td><\/td><\/tr><tr><td><p>Teil 1: \u00dcbung: Arabisch-Persische Kalligraphie (\u00dcbung), WS 2016\/2017<\/p><\/td><td><\/td><\/tr><tr><td><p>Teil 2: \u00dcbung: Landeskunde Iran (\u00dcbung), WS 2016\/2017<\/p><\/td><td><\/td><\/tr><tr><td><p>G4 Basismodul &#8222;Einf\u00fchrung in die islamische Welt&#8220;<\/p><\/td><td><\/td><\/tr><tr><td><p>Studierende der Orientalistik\/Islamwissenschaften k\u00f6nnen an diesem Modul nicht teilnehmen!<\/p><\/td><td><\/td><\/tr><tr><td><p><\/p><\/td><td><\/td><\/tr><tr><td width=\"90%\"><p><a href=\"https:\/\/vvz.ruhr-uni-bochum.de\/campus\/all\/module.asp?gguid=0x1246A86D7AA7C5488B462C0E5E472316&amp;fieldgguid=&amp;findmodule=zug%E4nge+zur&amp;tguid=0x0DE70DAC81C5DB4A9C9E41DE3843EACA&amp;strSignMessage=\">Zug\u00e4nge zur islamischen Geschichte und Kultur (5 CP)<\/a><\/p><\/td><td><\/td><\/tr><tr><td><p>Teil 1a: Vorlesung: Bildung und Wissenschaften in der islamischen Welt seit dem 18. Jahrhundert: Institutionen &#8211; Biographien &#8211; Diskurse (Vorlesung), WS 2016\/2017 oder<\/p><\/td><td><\/td><\/tr><tr><td><p>Teil 1b: Vorlesung: Einf\u00fchrung in die Geschichte der islamischen Theologie (kalam) (Vorlesung), WS 2016\/2017<\/p><\/td><td><\/td><\/tr><tr><td><p>Teil 2: \u00dcbung: Einf\u00fchrung in die Islamwissenschaft und Arabistik (\u00dcbung), WS 2016\/2017<\/p><\/td><td><\/td><\/tr><tr><td><p>G4 Basismodul &#8222;Einf\u00fchrung in die islamische Welt&#8220;<\/p><\/td><td><\/td><\/tr><tr><td><p>Studierende der Orientalistik\/Islamwissenschaften k\u00f6nnen an diesem Modul nicht teilnehmen!<\/p><\/td><td><\/td><\/tr><tr><td><\/td><td><\/td><\/tr><tr><td colspan=\"2\"><p>Ostasienwissenschaften<\/p><\/td><\/tr><tr><td width=\"90%\"><p><a href=\"https:\/\/vvz.ruhr-uni-bochum.de\/campus\/all\/module.asp?gguid=0x37EB67D99DB5B546A76805604192D0BF&amp;fieldgguid=&amp;findmodule=basismodul+jap&amp;tguid=0x0DE70DAC81C5DB4A9C9E41DE3843EACA&amp;strSignMessage=\">Basismodul Japanologie (5 CP)<\/a><\/p><\/td><td><\/td><\/tr><tr><td><p>Teil 1: Orientierung &#8211; Einf\u00fchrung in die Japanologie (Vorlesung), WS 2016\/2017<\/p><\/td><td><\/td><\/tr><tr><td><p>Teil 2: Grundlagen Geschichte 1 (Vorlesung), SoSe 2017<\/p><\/td><td><\/td><\/tr><tr><td><p>G4 Basismodul &#8222;Japan&#8220;<\/p><\/td><td><\/td><\/tr><tr><td><p>Studierende der Japanologie k\u00f6nnen an diesem Modul zwar teilnehmen, jedoch keine Credit Points f\u00fcr den Optionalbereich erwerben!<\/p><\/td><td><\/td><\/tr><tr><td><p><\/p><\/td><td><\/td><\/tr><tr><td width=\"90%\"><p><a href=\"https:\/\/vvz.ruhr-uni-bochum.de\/campus\/all\/module.asp?gguid=0x241657113758514DB236BEAD57170EA0&amp;fieldgguid=&amp;findmodule=basismodul+sinolo&amp;tguid=0x0DE70DAC81C5DB4A9C9E41DE3843EACA&amp;strSignMessage=\">Basismodul Sinologie (5 CP)<\/a><\/p><\/td><td><\/td><\/tr><tr><td><p>Teil 1: Einf\u00fchrung in die Sprachwissenschaft des Chinesischen (Vorlesung), WS 2016\/2017<\/p><\/td><td><\/td><\/tr><tr><td><p>Teil 2: Einf\u00fchrung in die chinesische Philosophie (Seminar), WS 2016\/2017<\/p><\/td><td><\/td><\/tr><tr><td><p>Teil 3: Einf\u00fchrung in die chinesische Literaturgeschichte (Seminar), SoSe 2017<\/p><\/td><td><\/td><\/tr><tr><td><p>Teil 4: Grundz\u00fcge der chinesischen Geschichte (Vorlesung), SoSe 2017<\/p><\/td><td><\/td><\/tr><tr><td><p>G4 Basismodul &#8222;China&#8220;<\/p><\/td><td><\/td><\/tr><tr><td><p>Zwei der angebotenen Veranstaltungen bilden das Modul. Sie k\u00f6nnen frei w\u00e4hlen, welche zwei Teile Sie besuchen m\u00f6chten. Das Modul kann je nach Zusammensetzung sowohl im Winter- als auch Sommersemester begonnen werden. Das Modul ist auch Teil des sinologischen Grundstudiums und kann daher f\u00fcr Sinologiestudenten nicht \u00fcber den Optionalbereich sondern nur f\u00fcr den Studiengang Sinologie kreditiert werden.<\/p><\/td><td><\/td><\/tr><tr><td><p><\/p><\/td><td><\/td><\/tr><tr><td width=\"90%\"><p><a href=\"https:\/\/vvz.ruhr-uni-bochum.de\/campus\/all\/module.asp?gguid=0x2C63526CC64AC54CB2269296AEF1B9B1&amp;fieldgguid=&amp;mode=&amp;findmodule=einf%FChrung+in+die+koreanis&amp;tguid=0x0DE70DAC81C5DB4A9C9E41DE3843EACA\">Einf\u00fchrung in die koreanische Geschichte (5 CP)<\/a><\/p><\/td><td><\/td><\/tr><tr><td><p>Teil 1: Vormoderne koreanische Geschichte (Vorlesung), WS 2016\/2017<\/p><\/td><td><\/td><\/tr><tr><td><p>Teil 2: Neuere Geschichte Koreas (Einf\u00fchrung in die Geschichte Koreas II)., SoSe 2017<\/p><\/td><td><\/td><\/tr><tr><td><p>G4 Basismodul &#8222;Korea&#8220;<\/p><\/td><td><\/td><\/tr><tr><td><p>Studierende der Koreanistik k\u00f6nnen an diesem Modul zwar teilnehmen, jedoch keine Credit Points f\u00fcr den Optionalbereich erwerben!<\/p><\/td><td><\/td><\/tr><tr><td><p><\/p><\/td><td><\/td><\/tr><tr><td width=\"90%\"><p><a href=\"https:\/\/vvz.ruhr-uni-bochum.de\/campus\/all\/module.asp?gguid=0xEC7EA166F1741549811452B0A18EAC5C&amp;fieldgguid=&amp;findmodule=nihong&amp;tguid=0x0DE70DAC81C5DB4A9C9E41DE3843EACA&amp;strSignMessage=\">Nihongogaku (5 CP)<\/a><\/p><\/td><td><\/td><\/tr><tr><td><p>Teil 1: Grundlagen (Sprachwissenschaft) II, WS 2016\/2017<\/p><\/td><td><\/td><\/tr><tr><td><p>Teil 2: Grundlagen der Sprachwissenschaft I, SoSe 2017<\/p><\/td><td><\/td><\/tr><tr><td><p>G4 Basismodul &#8222;Japan&#8220;<\/p><\/td><td><\/td><\/tr><tr><td><p>Studierende der Japanologie k\u00f6nnen an diesem Modul zwar teilnehmen, jedoch keine Credit Points f\u00fcr den Optionalbereich erwerben!<\/p><\/td><td><\/td><\/tr><tr><td><p>Das Modul geht \u00fcber zwei Semester und kann sowohl im Sommersemester als auch im Wintersemester gestartet werden.<\/p><\/td><td><\/td><\/tr><tr><td><p>Japanischkenntnisse werden empfohlen.<\/p><\/td><td><\/td><\/tr><tr><td><\/td><td><\/td><\/tr><tr><td colspan=\"2\"><p>Philosophie<\/p><\/td><\/tr><tr><td width=\"90%\"><p><a href=\"https:\/\/vvz.ruhr-uni-bochum.de\/campus\/all\/module.asp?gguid=0x9F9BF15A0C0D7C459F51153179ED804A&amp;fieldgguid=&amp;findmodule=der+geist&amp;tguid=0x0DE70DAC81C5DB4A9C9E41DE3843EACA&amp;strSignMessage=\">Der Geist der Tiere\/Tierethik (5 CP)<\/a><\/p><\/td><td><\/td><\/tr><tr><td><p>Teil 1: Der Geist der Tiere (Vorlesung), WS 2016\/2017<\/p><\/td><td><\/td><\/tr><tr><td><p>Teil 2: Grundprobleme der Tierethik (Seminar), WS 2016\/2017<\/p><\/td><td><\/td><\/tr><tr><td><p>G4 Basismodul &#8222;Praktische Philosophie&#8220;<\/p><\/td><td><\/td><\/tr><tr><td><p>Studierende des Faches Philosophie d\u00fcrfen an diesem Modul nicht teilnehmen.<\/p><\/td><td><\/td><\/tr><tr><td><p><\/p><\/td><td><\/td><\/tr><tr><td width=\"90%\"><p><a href=\"https:\/\/vvz.ruhr-uni-bochum.de\/campus\/all\/module.asp?gguid=0x1DE0F57F08FA854EA23A42FEBB3D2E83&amp;fieldgguid=&amp;mode=&amp;findmodule=einf%FChrung+in+die&amp;tguid=0x0DE70DAC81C5DB4A9C9E41DE3843EACA\">Einf\u00fchrung in die Grundz\u00fcge der Logik (5 CP)<\/a><\/p><\/td><td><\/td><\/tr><tr><td><p>Teil 1: Grundz\u00fcge der Logik: Logik I (Vorlesung), WS 2016\/2017<\/p><\/td><td><\/td><\/tr><tr><td><p>Teil 2: \u00dcbung zur Vorlesung: Grundz\u00fcge der Logik: Logik I (\u00dcbung), WS 2016\/2017<\/p><\/td><td><\/td><\/tr><tr><td><p>G4 Basismodul &#8222;Praktische Philosophie&#8220;<\/p><\/td><td><\/td><\/tr><tr><td><p>Studierende des Faches Philosophie d\u00fcrfen an diesem Modul nicht teilnehmen!<\/p><\/td><td><\/td><\/tr><tr><td><p><\/p><\/td><td><\/td><\/tr><tr><td width=\"90%\"><p><a href=\"https:\/\/vvz.ruhr-uni-bochum.de\/campus\/all\/module.asp?gguid=0xED5C837430BB4448814FB430DFC6DD49&amp;fieldgguid=&amp;findmodule=grundprobleme+der+theor&amp;tguid=0x0DE70DAC81C5DB4A9C9E41DE3843EACA&amp;strSignMessage=\">Grundprobleme der Theoretischen Philosophie aus historischer und aktueller Perspektive (5 CP)<\/a><\/p><\/td><td><\/td><\/tr><tr><td><p>Teil 1: Einf\u00fchrung in die Philosophie der Antike und des Mittelalters (Vorlesung), WS 2016\/2017<\/p><\/td><td><\/td><\/tr><tr><td><p>Teil 2: Einf\u00fchrung in die Theoretische Philosophie: (Vorlesung), WS 2015\/2016<\/p><\/td><td><\/td><\/tr><tr><td><p>G4 Basismodul &#8222;Geschichte der Philosophie&#8220;<\/p><\/td><td><\/td><\/tr><tr><td><p>Studierende der Philosophie k\u00f6nnen an diesem Modul nicht teilnehmen.<\/p><\/td><td><\/td><\/tr><tr><td><\/td><td><\/td><\/tr><tr><td colspan=\"2\"><p>Physik und Astronomie<\/p><\/td><\/tr><tr><td width=\"90%\"><p><a href=\"https:\/\/vvz.ruhr-uni-bochum.de\/campus\/all\/module.asp?gguid=0xCEA7C740C0DE3F478EECCCD6DC918AA1&amp;fieldgguid=&amp;mode=&amp;findmodule=analog&amp;tguid=0x0DE70DAC81C5DB4A9C9E41DE3843EACA\">Analogelektronik (OPT) (5 CP)<\/a><\/p><\/td><td><\/td><\/tr><tr><td><p>Teil 1: Analogelektronik (Vorlesung), WS 2016\/2017<\/p><\/td><td><\/td><\/tr><tr><td><p>Teil 2: Analogelektronik (\u00dcbung) (\u00dcbung), WS 2016\/2017<\/p><\/td><td><\/td><\/tr><tr><td><p>G4 Basismodul &#8222;Elektronik f\u00fcr physikalische Experimente&#8220;<\/p><\/td><td><\/td><\/tr><tr><td><p>Studierende der Physik k\u00f6nnen sich dieses Modul nicht f\u00fcr den Optionalbereich anrechnen lassen.<\/p><\/td><td><\/td><\/tr><tr><td><p><\/p><\/td><td><\/td><\/tr><tr><td width=\"90%\"><p><a href=\"https:\/\/vvz.ruhr-uni-bochum.de\/campus\/all\/module.asp?gguid=0xA16AE5024B0F1F479889CD84B25F7E58&amp;fieldgguid=&amp;findmodule=mathematische+hilf&amp;tguid=0x0DE70DAC81C5DB4A9C9E41DE3843EACA&amp;strSignMessage=\">Mathematische Hilfsmittel der Physik (OPT) (5 CP)<\/a><\/p><\/td><td><\/td><\/tr><tr><td><p>Teil 1: Einf\u00fchrung in die mathematischen Hilfsmittel der Physik (Vorlesung), WS 2016\/2017<\/p><\/td><td><\/td><\/tr><tr><td><p>Teil 2: Einf\u00fchrung in die mathematischen Hilfsmittel der Physik (\u00dcbungen) (\u00dcbung), WS 2016\/2017<\/p><\/td><td><\/td><\/tr><tr><td><p>G4 Basismodul &#8222;Mathematischen Methoden f\u00fcr die Physik&#8220;<\/p><\/td><td><\/td><\/tr><tr><td><p>Bitte beachten Sie: 2-Fach-B.A.-Studierende der Physik und \/ oder Mathematik k\u00f6nnen nur dann CP f\u00fcr den Optionalbereich erwerben, wenn sie das Modul vor Ihrem ersten Fachsemester besuchen. Bachelor of Science (1-Fach B.Sc.) ist das Modul nicht als Studienleistung anrechenbar.<\/p><\/td><td><\/td><\/tr><tr><td><p><\/p><\/td><td><\/td><\/tr><tr><td width=\"90%\"><p><a href=\"https:\/\/vvz.ruhr-uni-bochum.de\/campus\/all\/module.asp?gguid=0x1568ADBA95674346ABFF5C4DDC53A7DD&amp;fieldgguid=&amp;mode=&amp;findmodule=mathematische+methoden&amp;tguid=0x0DE70DAC81C5DB4A9C9E41DE3843EACA\">Mathematische Methoden der Physik I (OPT) (5 CP)<\/a><\/p><\/td><td><\/td><\/tr><tr><td><p>Teil 1: Mathematische Methoden der Physik I (Vorlesung), WS 2016\/2017<\/p><\/td><td><\/td><\/tr><tr><td><p>Teil 2: Mathematische Methoden der Physik I (Lerngruppen) (\u00dcbung), WS 2016\/2017<\/p><\/td><td><\/td><\/tr><tr><td><p>G4 Basismodul &#8222;Mathematische Methoden f\u00fcr die Physik&#8220;<\/p><\/td><td><\/td><\/tr><tr><td><p><\/p><\/td><td><\/td><\/tr><tr><td width=\"90%\"><p><a href=\"https:\/\/vvz.ruhr-uni-bochum.de\/campus\/all\/module.asp?gguid=0x783EB5F7580F934E942782093D40261F&amp;fieldgguid=&amp;findmodule=physik+des&amp;tguid=0x0DE70DAC81C5DB4A9C9E41DE3843EACA&amp;strSignMessage=\">Physik des Universums: Vom Urknall bis zur Supernova (OPT) (5 CP)<\/a><\/p><\/td><td><\/td><\/tr><tr><td><p>Teil 1: Physik des Universums: Vom Urknall bis zur Supernova (Vorlesung), WS 2016\/2017<\/p><\/td><td><\/td><\/tr><tr><td><p>Teil 2: Physik des Universums: Vom Urknall bis zur Supernova (\u00dcbungen) (\u00dcbung), WS 2016\/2017<\/p><\/td><td><\/td><\/tr><tr><td><p>G4 Basismodul &#8222;Physik des Universums&#8220;<\/p><\/td><td><\/td><\/tr><tr><td><p>Studierende der Physik k\u00f6nnen an diesem Modul nicht teilnehmen!<\/p><\/td><td><\/td><\/tr><tr><td><p><\/p><\/td><td><\/td><\/tr><tr><td width=\"90%\"><p><a href=\"https:\/\/vvz.ruhr-uni-bochum.de\/campus\/all\/module.asp?gguid=0x12C096F7DAAA47498974A5E2E9C61E6F&amp;fieldgguid=&amp;findmodule=physik+f%FCr&amp;tguid=0x0DE70DAC81C5DB4A9C9E41DE3843EACA&amp;strSignMessage=\">Physik f\u00fcr Nicht-Physikerinnen und Nicht-Physiker (OPT) (5 CP)<\/a><\/p><\/td><td><\/td><\/tr><tr><td><p>Teil 1: Physik f\u00fcr Nicht-Physikerinnen und Nicht-Physiker (Vorlesung), WS 2016\/2017<\/p><\/td><td><\/td><\/tr><tr><td><p>Teil 2: Physik f\u00fcr Nicht-Physikerinnen und Nicht-Physiker (\u00dcbungen) (\u00dcbung), WS 2016\/2017<\/p><\/td><td><\/td><\/tr><tr><td><p>G4 Basismodul &#8222;Grundlagen der Physik&#8220;<\/p><\/td><td><\/td><\/tr><tr><td><p>Studierende der Physik k\u00f6nnen an diesem Modul nicht teilnehmen!<\/p><\/td><td><\/td><\/tr><tr><td><p><\/p><\/td><td><\/td><\/tr><tr><td width=\"90%\"><p><a href=\"https:\/\/vvz.ruhr-uni-bochum.de\/campus\/all\/module.asp?gguid=0x214313404D7E4849B4EAA91383DE1753&amp;fieldgguid=&amp;mode=&amp;findmodule=physik+I&amp;tguid=0x0DE70DAC81C5DB4A9C9E41DE3843EACA\">Physik I (Schwerpunkt Chemie, Biochemie, Geowissenschaften) (5 CP)<\/a><\/p><\/td><td><\/td><\/tr><tr><td><p>Teil 1: Physik I f\u00fcr Studierende der Biochemie, Chemie und Geowissenschaften (Vorlesung), WS 2016\/2017<\/p><\/td><td><\/td><\/tr><tr><td><p>Teil 2: Physik I f\u00fcr Studierende der Biochemie, Chemie und Geowissenschaften (\u00dcbungen) (\u00dcbung), WS 2016\/2017<\/p><\/td><td><\/td><\/tr><tr><td><p>G4 Basismodul &#8222;Grundlagen der Physik&#8220;<\/p><\/td><td><\/td><\/tr><tr><td><p>Da die Veranstaltung inhaltlich der Physik I (Schwerpunkt Biologie) gleicht, kann nur jeweils eine von beiden f\u00fcr den Optionalbereich anerkannt werden. Studierende des B.Sc. &#8211; Studiengangs Chemie, Biochemie, Geowissenschaften sowie Studierende der Physik k\u00f6nnen an diesem Modul nicht teilnehmen!<\/p><\/td><td><\/td><\/tr><tr><td><p><\/p><\/td><td><\/td><\/tr><tr><td width=\"90%\"><p><a href=\"https:\/\/vvz.ruhr-uni-bochum.de\/campus\/all\/module.asp?gguid=0xB929A78FC3A7D1458AC126D738B18F61&amp;fieldgguid=&amp;mode=&amp;findmodule=Physik+II&amp;tguid=0x0DE70DAC81C5DB4A9C9E41DE3843EACA\">Physik II (Schwerpunkt Biologie) (OPT) (5 CP)<\/a><\/p><\/td><td><\/td><\/tr><tr><td><p>Teil 1: Physik II f\u00fcr Studierende der Biologie (Vorlesung), WS 2016\/2017<\/p><\/td><td><\/td><\/tr><tr><td><p>Teil 2: Physik II f\u00fcr Studierende der Biologie (\u00dcbungen) (\u00dcbung), WS 2016\/2017<\/p><\/td><td><\/td><\/tr><tr><td><p>G4 Basismodul &#8222;Grundlagen der Physik&#8220;<\/p><\/td><td><\/td><\/tr><tr><td><p>Da die Veranstaltung inhaltlich der Physik II (Schwerpunkt Chemie) gleicht, kann nur jeweils eine von beiden f\u00fcr den Optionalbereich anerkannt werden. F\u00fcr Studierende des B.Sc. &#8211; Studiengangs Biologie ist dieses Modul nicht im Optionalbereich anrechenbar. Studierende der Physik k\u00f6nnen an diesem Modul nicht teilnehmen!<\/p><\/td><td><\/td><\/tr><tr><td><\/td><td><\/td><\/tr><tr><td colspan=\"2\"><p>Rechtswissenschaft<\/p><\/td><\/tr><tr><td width=\"90%\"><p><a href=\"https:\/\/vvz.ruhr-uni-bochum.de\/campus\/all\/module.asp?gguid=0x43C6E8E8DBD47946B5F05186BEC46CB0&amp;fieldgguid=&amp;findmodule=basismodul+arb&amp;tguid=0x0DE70DAC81C5DB4A9C9E41DE3843EACA&amp;strSignMessage=\">Basismodul Arbeitsrecht (5 CP)<\/a><\/p><\/td><td><\/td><\/tr><tr><td><p>Teil 1: Arbeitsrecht f\u00fcr Nichtjuristen (Vorlesung), WS 2016\/2017<\/p><\/td><td><\/td><\/tr><tr><td><p>Teil 2: Methodenlehre ** (Vorlesung), WS 2016\/2017<\/p><\/td><td><\/td><\/tr><tr><td><p>G4 Basismodul &#8222;Rechtswissenschaft&#8220;<\/p><\/td><td><\/td><\/tr><tr><td><p>Studierende, die einen Modulteil im Rahmen eines anderen Moduls belegen, k\u00f6nnen an diesem Modul nicht teilnehmen.<\/p><\/td><td><\/td><\/tr><tr><td><p><\/p><\/td><td><\/td><\/tr><tr><td width=\"90%\"><p><a href=\"https:\/\/vvz.ruhr-uni-bochum.de\/campus\/all\/module.asp?gguid=0xA5C2ECAF8151674382A64B50B8D2E93C&amp;fieldgguid=&amp;findmodule=basismodul+%F6ffentlich&amp;tguid=0x0DE70DAC81C5DB4A9C9E41DE3843EACA&amp;strSignMessage=\">Basismodul \u00d6ffentliches Recht (5 CP)<\/a><\/p><\/td><td><\/td><\/tr><tr><td><p>Teil 1: \u00d6ffentliches Recht f\u00fcr Nichtjuristen (Vorlesung), WS 2016\/2017<\/p><\/td><td><\/td><\/tr><tr><td><p>Teil 2: Methodenlehre ** (Vorlesung), WS 2016\/2017<\/p><\/td><td><\/td><\/tr><tr><td><p>G4 Basismodul &#8222;Rechtswissenschaft&#8220;<\/p><\/td><td><\/td><\/tr><tr><td><p>Studierende, die einen Modulteil im Rahmen eines anderen Moduls belegen, k\u00f6nnen an diesem Modul nicht teilnehmen.<\/p><\/td><td><\/td><\/tr><tr><td><p><\/p><\/td><td><\/td><\/tr><tr><td width=\"90%\"><p><a href=\"https:\/\/vvz.ruhr-uni-bochum.de\/campus\/all\/module.asp?gguid=0x12D197ED29565942A8D2F788F45506D1&amp;fieldgguid=&amp;mode=&amp;findmodule=basismodul+rechtsgesc&amp;tguid=0x0DE70DAC81C5DB4A9C9E41DE3843EACA\">Basismodul Rechtsgeschichte (5 CP)<\/a><\/p><\/td><td><\/td><\/tr><tr><td><p>Teil 1: Teil 1: R\u00f6mische Rechtsgeschichte **(Vorlesung), WS 2016\/2017<\/p><\/td><td><\/td><\/tr><tr><td><p>Teil 2: Teil 2: Deutsche Rechtsgeschichte (Vorlesung), SoSe 2017<\/p><\/td><td><\/td><\/tr><tr><td><p>G4 Basismodul &#8222;Rechtswissenschaft&#8220;<\/p><\/td><td><\/td><\/tr><tr><td><p>Studierende, die einen Modulteil im Rahmen eines anderen Moduls belegen, k\u00f6nnen an diesem Modul nicht teilnehmen.<\/p><\/td><td><\/td><\/tr><tr><td><p><\/p><\/td><td><\/td><\/tr><tr><td width=\"90%\"><p><a href=\"https:\/\/vvz.ruhr-uni-bochum.de\/campus\/all\/module.asp?gguid=0x2508C5EFB043E44FA69FCE5ED805CBE7&amp;fieldgguid=&amp;findmodule=basismodul+rechtsphi&amp;tguid=0x0DE70DAC81C5DB4A9C9E41DE3843EACA&amp;strSignMessage=\">Basismodul Rechtsphilosophie (5 CP)<\/a><\/p><\/td><td><\/td><\/tr><tr><td><p>Teil 1: Philosophy of Law *** (Vorlesung), WS 2016\/2017<\/p><\/td><td><\/td><\/tr><tr><td><p>Teil 2: Methodenlehre ** (Vorlesung), WS 2016\/2017<\/p><\/td><td><\/td><\/tr><tr><td><p>G4 Basismodul &#8222;Rechtswissenschaft&#8220;<\/p><\/td><td><\/td><\/tr><tr><td><p>Studierende, die in vergangenen Semestern bereits das \u201eBasismodul Grundlagen des Rechts\u201c belegt haben, k\u00f6nnen an diesem Modul nicht teilnehmen. Studierende, die einen Modulteil im Rahmen eines anderen Moduls belegen, k\u00f6nnen an diesem Modul nicht teilnehmen.<\/p><\/td><td><\/td><\/tr><tr><td><p><\/p><\/td><td><\/td><\/tr><tr><td width=\"90%\"><p><a href=\"https:\/\/vvz.ruhr-uni-bochum.de\/campus\/all\/module.asp?gguid=0xB8753F6B06A5404BA83F6FF2BE774165&amp;fieldgguid=&amp;findmodule=kriminologie&amp;tguid=0x0DE70DAC81C5DB4A9C9E41DE3843EACA&amp;strSignMessage=\">Kriminologie (Optionalbereich) (5 CP)<\/a><\/p><\/td><td><\/td><\/tr><tr><td><p>Teil 1: Kriminologie I (Vorlesung), WS 2016\/2017<\/p><\/td><td><\/td><\/tr><tr><td><p>Teil 2: Ausgew\u00e4hlte Themen zur Kriminologie (Vertiefungs\u00fcbung), WS 2016\/2017<\/p><\/td><td><\/td><\/tr><tr><td><p>G4 Basismodul &#8222;Rechtswissenschaft&#8220;<\/p><\/td><td><\/td><\/tr><tr><td><\/td><td><\/td><\/tr><tr><td colspan=\"2\"><p>Religionswissenschaft<\/p><\/td><\/tr><tr><td width=\"90%\"><p><a href=\"https:\/\/vvz.ruhr-uni-bochum.de\/campus\/all\/module.asp?gguid=0x3DAE1CD477C1304C8BFDC7EC3190FEB2&amp;fieldgguid=&amp;findmodule=indisch&amp;tguid=0x0DE70DAC81C5DB4A9C9E41DE3843EACA&amp;strSignMessage=\">Indische Religionsgeschichte (5 CP)<\/a><\/p><\/td><td><\/td><\/tr><tr><td><p>Teil 1: Hinduistische Religionen (\u00dcbung), WS 2016\/2017<\/p><\/td><td><\/td><\/tr><tr><td><p>Teil 2: Buddhismus und Jainismus (Seminar) , SoSe 2017<\/p><\/td><td><\/td><\/tr><tr><td><p>G4 Grundlagen der Religionswissenschaft<\/p><\/td><td><\/td><\/tr><tr><td><p>Studierende der Religionswissenschaft k\u00f6nnen in diesem Modul keine CP f\u00fcr den Optionalbereich erwerben! Studierende des Optionalbereichs k\u00f6nnen, wenn sie dieses Modul belegen, nicht das Modul &#8222;Religionswissenschaftliche Zug\u00e4nge zu indischer Religionsgeschichte&#8220; belegen.<\/p><\/td><td><\/td><\/tr><tr><td><p><\/p><\/td><td><\/td><\/tr><tr><td width=\"90%\"><p><a href=\"https:\/\/vvz.ruhr-uni-bochum.de\/campus\/all\/module.asp?gguid=0x2B80B9870C9A534EBDB90F269276ABDD&amp;fieldgguid=&amp;findmodule=islamisch&amp;tguid=0x0DE70DAC81C5DB4A9C9E41DE3843EACA&amp;strSignMessage=\">Islamische Religionsgeschichte (5 CP)<\/a><\/p><\/td><td><\/td><\/tr><tr><td><p>Teil 2: Islam II &#8211; Vom Mongolensturm bis zur Gegenwart (Seminar), WS 2016\/2017<\/p><\/td><td><\/td><\/tr><tr><td><p>Teil 1: Islam I Eine Einf\u00fchrung in die Religion und fr\u00fchere Geschichte (Seminar), SoSe 2017<\/p><\/td><td><\/td><\/tr><tr><td><p>G4 Grundlagen der Religionswissenschaft<\/p><\/td><td><\/td><\/tr><tr><td><p>Studierende der Religionswissenschaft k\u00f6nnen in diesem Modul keine CP f\u00fcr den Optionalbereich erwerben! Studierende des Optionalbereichs k\u00f6nnen, wenn sie dieses Modul belegen, nicht das Modul &#8222;Religionswissenschaftliche Zug\u00e4nge zu islamischer Religionsgeschichte&#8220; belegen.<\/p><\/td><td><\/td><\/tr><tr><td><p><\/p><\/td><td><\/td><\/tr><tr><td width=\"90%\"><p><a href=\"https:\/\/vvz.ruhr-uni-bochum.de\/campus\/all\/module.asp?gguid=0x90AB29209B1BA34BA060EBA260CCDBE8&amp;fieldgguid=&amp;findmodule=j%FCdi&amp;tguid=0x0DE70DAC81C5DB4A9C9E41DE3843EACA&amp;strSignMessage=\">J\u00fcdische Religionsgeschichte (5 CP)<\/a><\/p><\/td><td><\/td><\/tr><tr><td><p>Teil 1: Judentum vom Mittelalter bis zur Gegenwart (Seminar) WS 2016\/17<\/p><\/td><td><\/td><\/tr><tr><td><p>Teil 2: Grundkurs Judentum I: Antikes bis fr\u00fchmittelalterliches Judentum (Seminar) (SoSe 2017) SoSe 2017<\/p><\/td><td><\/td><\/tr><tr><td><p>G4 Grundlagen der Religionswissenschaft<\/p><\/td><td><\/td><\/tr><tr><td><p>Studierende der Religionswissenschaft k\u00f6nnen in diesem Modul keine CP f\u00fcr den Optionalbereich erwerben! Studierende des Optionalbereichs k\u00f6nnen, wenn sie dieses Modul belegen, nicht das Modul &#8222;Religionswissenschaftliche Zug\u00e4nge zu j\u00fcdischer Religionsgeschichte&#8220; belegen.<\/p><\/td><td><\/td><\/tr><tr><td><p><\/p><\/td><td><\/td><\/tr><tr><td width=\"90%\"><p><a href=\"https:\/\/vvz.ruhr-uni-bochum.de\/campus\/all\/module.asp?gguid=0x7203354A4F950B4CAD8AC60A89122D66&amp;fieldgguid=&amp;mode=&amp;findmodule=ostasiatisch&amp;tguid=0x0DE70DAC81C5DB4A9C9E41DE3843EACA\">Ostasiatische Religionsgeschichte (5 CP)<\/a><\/p><\/td><td><\/td><\/tr><tr><td><p>Teil 1: Einf\u00fchrung in die Religionen Chinas (Vorlesung mit \u00dcbung), WS 2016\/2017<\/p><\/td><td><\/td><\/tr><tr><td><p>Teil 2: Religion- und Geistesgeschichte Koreas (Vorlesung mit \u00dcbung), SoSe 2017<\/p><\/td><td><\/td><\/tr><tr><td><p>G4 Grundlagen der Religionswissenschaft<\/p><\/td><td><\/td><\/tr><tr><td><p>Studierende der Religionswissenschaft k\u00f6nnen in diesem Modul keine CP f\u00fcr den Optionalbereich erwerben! Studierende des Optionalbereichs k\u00f6nnen, wenn sie dieses Modul belegen, nicht die Module &#8222;Religionswissenschaftliche Zug\u00e4nge zu ostasiatischer Religionsgeschichte&#8220; und &#8222;Sprache und Kultur Chinas&#8220; belegen.<\/p><\/td><td><\/td><\/tr><tr><td><p><\/p><\/td><td><\/td><\/tr><tr><td width=\"90%\"><p><a href=\"https:\/\/vvz.ruhr-uni-bochum.de\/campus\/all\/module.asp?gguid=0x581F5AEF6EECD64CBB0B92465723E0EF&amp;fieldgguid=&amp;mode=&amp;findmodule=religionswissenschaftliche&amp;tguid=0x0DE70DAC81C5DB4A9C9E41DE3843EACA\">Religionswissenschaftliche Zug\u00e4nge zu altorientalischer Religionsgeschichte (5 CP)<\/a><\/p><\/td><td><\/td><\/tr><tr><td><p>Teil 1: Einf\u00fchrung in die Religionswissenschaft (Vorlesung), WS 2016\/2017<\/p><\/td><td><\/td><\/tr><tr><td><p>Teil 2: Altorientalische Religionsgeschichte (\u00dcbung), WS 2016\/2017<\/p><\/td><td><\/td><\/tr><tr><td><p>G4 Grundlagen der Religionswissenschaft<\/p><\/td><td><\/td><\/tr><tr><td><p>Studierende der Religionswissenschaft k\u00f6nnen in diesem Modul keine CP f\u00fcr den Optionalbereich erwerben! Studierende des Optionalbereichs k\u00f6nnen, wenn sie dieses Modul belegen, nicht die anderen Module &#8222;Religionswissenschaftliche Zug\u00e4nge zu&#8230;&#8220; belegen<\/p><\/td><td><\/td><\/tr><tr><td><p><\/p><\/td><td><\/td><\/tr><tr><td width=\"90%\"><p><a href=\"https:\/\/vvz.ruhr-uni-bochum.de\/campus\/all\/module.asp?gguid=0xC938F655539EEE4DB4485F477F066225&amp;fieldgguid=&amp;mode=&amp;findmodule=religionswissenschaftliche&amp;tguid=0x0DE70DAC81C5DB4A9C9E41DE3843EACA\">Religionswissenschaftliche Zug\u00e4nge zu antiker Religionsgeschichte (5 CP)<\/a><\/p><\/td><td><\/td><\/tr><tr><td><p>Teil 1: Einf\u00fchrung in die Religionswissenschaft (Vorlesung), WS 2016\/2017<\/p><\/td><td><\/td><\/tr><tr><td><p>Teil 2: Antike Religionen (\u00dcbung), WS 2016\/2017<\/p><\/td><td><\/td><\/tr><tr><td><p>G4 Grundlagen der Religionswissenschaft<\/p><\/td><td><\/td><\/tr><tr><td><p>Studierende der Religionswissenschaft k\u00f6nnen in diesem Modul keine CP f\u00fcr den Optionalbereich erwerben! Studierende des Optionalbereichs k\u00f6nnen, wenn sie dieses Modul belegen, nicht die anderen Module &#8222;Religionswissenschaftliche Zug\u00e4nge zu&#8230;&#8220; belegen!<\/p><\/td><td><\/td><\/tr><tr><td><p><\/p><\/td><td><\/td><\/tr><tr><td width=\"90%\"><p><a href=\"https:\/\/vvz.ruhr-uni-bochum.de\/campus\/all\/module.asp?gguid=0xFCE8EB58F8ABE543B73BF33622359958&amp;fieldgguid=&amp;mode=&amp;findmodule=religionswissenschaftliche&amp;tguid=0x0DE70DAC81C5DB4A9C9E41DE3843EACA\">Religionswissenschaftliche Zug\u00e4nge zu indischer Religionsgeschichte (5 CP)<\/a><\/p><\/td><td><\/td><\/tr><tr><td><p>Teil 1: Einf\u00fchrung in die Religionswissenschaft (Vorlesung), WS 2016\/2017<\/p><\/td><td><\/td><\/tr><tr><td><p>Teil 2: Hinduistische Religionen (\u00dcbung), WS 2016\/2017<\/p><\/td><td><\/td><\/tr><tr><td><p>G4 Grundlagen der Religionswissenschaft<\/p><\/td><td><\/td><\/tr><tr><td><p>Studierende der Religionswissenschaft k\u00f6nnen in diesem Modul keine CP f\u00fcr den Optionalbereich erwerben! Studierende des Optionalbereichs k\u00f6nnen, wenn sie dieses Modul belegen, nicht die anderen Module &#8222;Religionswissenschaftliche Zug\u00e4nge zu&#8230;&#8220; belegen!<\/p><\/td><td><\/td><\/tr><tr><td><p><\/p><\/td><td><\/td><\/tr><tr><td width=\"90%\"><p><a href=\"https:\/\/vvz.ruhr-uni-bochum.de\/campus\/all\/module.asp?gguid=0xCE99BB9A6B2E1F49AB0A83A04ABDCBA3&amp;fieldgguid=&amp;mode=&amp;findmodule=religionswissenschaftliche&amp;tguid=0x0DE70DAC81C5DB4A9C9E41DE3843EACA\">Religionswissenschaftliche Zug\u00e4nge zu islamischer Religionsgeschichte (5 CP)<\/a><\/p><\/td><td><\/td><\/tr><tr><td><p>Teil 1: Einf\u00fchrung in die Religionswissenschaft (Vorlesung), WS 2016\/2017<\/p><\/td><td><\/td><\/tr><tr><td><p>Teil 2: Islam II &#8211; Vom Mongolensturm bis zur Gegenwart (Seminar), WS 2016\/2017<\/p><\/td><td><\/td><\/tr><tr><td><p>G4 Grundlagen der Religionswissenschaft<\/p><\/td><td><\/td><\/tr><tr><td><p>Studierende der Religionswissenschaft k\u00f6nnen in diesem Modul keine CP f\u00fcr den Optionalbereich erwerben! Studierende des Optionalbereichs k\u00f6nnen, wenn sie dieses Modul belegen, nicht die anderen Module &#8222;Religionswissenschaftliche Zug\u00e4nge zu&#8230;&#8220; belegen<\/p><\/td><td><\/td><\/tr><tr><td><p><\/p><\/td><td><\/td><\/tr><tr><td width=\"90%\"><p><a href=\"https:\/\/vvz.ruhr-uni-bochum.de\/campus\/all\/module.asp?gguid=0xAAB61B434762F148A49E477A70080636&amp;fieldgguid=&amp;mode=&amp;findmodule=religionswissenschaftliche&amp;tguid=0x0DE70DAC81C5DB4A9C9E41DE3843EACA\">Religionswissenschaftliche Zug\u00e4nge zu j\u00fcdischer Religionsgeschichte (5 CP)<\/a><\/p><\/td><td><\/td><\/tr><tr><td><p>Teil 1: Einf\u00fchrung in die Religionswissenschaft (Vorlesung), WS 2016\/2017<\/p><\/td><td><\/td><\/tr><tr><td><p>Teil 2: Judentum vom Mittelalter bis zur Gegenwart (Seminar), WS 2016\/2017<\/p><\/td><td><\/td><\/tr><tr><td><p>G4 Grundlagen der Religionswissenschaft<\/p><\/td><td><\/td><\/tr><tr><td><p>Studierende der Religionswissenschaft k\u00f6nnen in diesem Modul keine CP f\u00fcr den Optionalbereich erwerben! Studierende des Optionalbereichs k\u00f6nnen, wenn sie dieses Modul belegen, nicht die anderen Module &#8222;Religionswissenschaftliche Zug\u00e4nge zu&#8230;&#8220; belegen.<\/p><\/td><td><\/td><\/tr><tr><td><p><\/p><\/td><td><\/td><\/tr><tr><td width=\"90%\"><p><a href=\"https:\/\/vvz.ruhr-uni-bochum.de\/campus\/all\/module.asp?gguid=0xF842E885200030479894876D3F26C3F7&amp;fieldgguid=&amp;mode=&amp;findmodule=religionswissenschaftliche&amp;tguid=0x0DE70DAC81C5DB4A9C9E41DE3843EACA\">Religionswissenschaftliche Zug\u00e4nge zu ostasiatischer Religionsgeschichte (5 CP)<\/a><\/p><\/td><td><\/td><\/tr><tr><td><p>Teil 1: Einf\u00fchrung in die Religionswissenschaft (Vorlesung), WS 2016\/2017<\/p><\/td><td><\/td><\/tr><tr><td><p>Teil 2: Einf\u00fchrung in die Religionen Chinas (Seminar), WS 2016\/2017<\/p><\/td><td><\/td><\/tr><tr><td><p>G4 Grundlagen der Religionswissenschaft<\/p><\/td><td><\/td><\/tr><tr><td><p>Studierende der Religionswissenschaft k\u00f6nnen in diesem Modul keine CP f\u00fcr den Optionalbereich erwerben! Studierende des Optionalbereichs k\u00f6nnen, wenn sie dieses Modul belegen, nicht die anderen Module &#8222;Religionswissenschaftliche Zug\u00e4nge zu&#8230;&#8220; belegen.<\/p><\/td><td><\/td><\/tr><tr><td><p><\/p><\/td><td><\/td><\/tr><tr><td width=\"90%\"><p><a href=\"https:\/\/vvz.ruhr-uni-bochum.de\/campus\/all\/module.asp?gguid=0xF318D7561A1A444FA5B02D4DEC22EFBA&amp;fieldgguid=&amp;mode=&amp;findmodule=religionswissenschaftliche&amp;tguid=0x0DE70DAC81C5DB4A9C9E41DE3843EACA\">Religionswissenschaftliche Zug\u00e4nge zu systematischer Religionswissenschaft (5 CP)<\/a><\/p><\/td><td><\/td><\/tr><tr><td><p>Teil 1: Einf\u00fchrung in die Religionswissenschaft (Vorlesung), WS 2016\/2017<\/p><\/td><td><\/td><\/tr><tr><td><p>Teil 2: Theorien und Ans\u00e4tze der Religionswissenschaft (Seminar), WS 2016\/2017<\/p><\/td><td><\/td><\/tr><tr><td><p>G4 Grundlagen der Religionswissenschaft<\/p><\/td><td><\/td><\/tr><tr><td><p>Studierende der Religionswissenschaft k\u00f6nnen in diesem Modul keine CP f\u00fcr den Optionalbereich erwerben! Studierende des Optionalbereichs k\u00f6nnen, wenn sie dieses Modul belegen, nicht die anderen Module &#8222;Religionswissenschaftliche Zug\u00e4nge zu&#8230;&#8220; belegen.<\/p><\/td><td><\/td><\/tr><tr><td><p><\/p><\/td><td><\/td><\/tr><tr><td width=\"90%\"><p><a href=\"https:\/\/vvz.ruhr-uni-bochum.de\/campus\/all\/module.asp?gguid=0x7AF35F256E5279488E6B3E4A6A33D8C5&amp;fieldgguid=&amp;mode=&amp;findmodule=religionswissenschaftliche&amp;tguid=0x0DE70DAC81C5DB4A9C9E41DE3843EACA\">Religionswissenschaftliche Zug\u00e4nge zu zentralasiatischer Religionsgeschichte (5 CP)<\/a><\/p><\/td><td><\/td><\/tr><tr><td><p>Teil 1: Einf\u00fchrung in die Religionswissenschaft (Vorlesung), WS 2016\/2017<\/p><\/td><td><\/td><\/tr><tr><td><p>Teil 2: Zentralasiatische Religionsgeschichte (Seminar), WS 2016\/2017<\/p><\/td><td><\/td><\/tr><tr><td><p>G4 Grundlagen der Religionswissenschaft<\/p><\/td><td><\/td><\/tr><tr><td><p>Studierende der Religionswissenschaft k\u00f6nnen in diesem Modul keine CP f\u00fcr den Optionalbereich erwerben! Studierende des Optionalbereichs k\u00f6nnen, wenn sie dieses Modul belegen, nicht die anderen Module &#8222;Religionswissenschaftliche Zug\u00e4nge zu&#8230;&#8220; belegen!<\/p><\/td><td><\/td><\/tr><tr><td><p><\/p><\/td><td><\/td><\/tr><tr><td width=\"90%\"><p><a href=\"https:\/\/vvz.ruhr-uni-bochum.de\/campus\/all\/module.asp?gguid=0xFA048A5DD97D974A9CD1B903F1D21D44&amp;fieldgguid=&amp;mode=&amp;findmodule=sprache+und+kultur&amp;tguid=0x0DE70DAC81C5DB4A9C9E41DE3843EACA\">Sprache und Kultur des Alten Orients (5 CP)<\/a><\/p><\/td><td><\/td><\/tr><tr><td><p>Teil 1:Akkadisch I (\u00dcbung), WS 2016\/2017<\/p><\/td><td><\/td><\/tr><tr><td><p>Teil 2: Altorientalische Religionen (\u00dcbung), WS 2016\/2017<\/p><\/td><td><\/td><\/tr><tr><td><p>G1 Aufbaumodul Akkadisch \/ G4 Basismodul &#8222;Kulturelle Kompetenz&#8220;<\/p><\/td><td><\/td><\/tr><tr><td><p>Studierende der Religionswissenschaft k\u00f6nnen in diesem Modul keine CP f\u00fcr den Optionalbereich erwerben! Studierende des Optionalbereichs k\u00f6nnen, wenn sie dieses Modul belegen, nicht die Module &#8222;Religionswissenschaftliche Zug\u00e4nge zu altorientalischer Religionsgeschichte&#8220; und &#8222;Akkadisch&#8220; belegen.<\/p><\/td><td><\/td><\/tr><tr><td><p><\/p><\/td><td><\/td><\/tr><tr><td width=\"90%\"><p><a href=\"https:\/\/vvz.ruhr-uni-bochum.de\/campus\/all\/module.asp?gguid=0x7707DFC95EB09A408667746093E2C0A0&amp;fieldgguid=&amp;mode=&amp;findmodule=sprache+und+kultur&amp;tguid=0x0DE70DAC81C5DB4A9C9E41DE3843EACA\">Sprache und Kultur Chinas (5 CP)<\/a><\/p><\/td><td><\/td><\/tr><tr><td><p>Teil 1: Lekt\u00fcre buddhistischer Texte: Chih-yen&#8217;s Verse zum Popkyedo und Uisang&#8217;s Hwaom Ilsung Popkyedo ki (\u00dcbung), WS 2016\/2017<\/p><\/td><td><\/td><\/tr><tr><td><p>Teil 2: Einf\u00fchrung in die Religionen Chinas (Vorlesung), WS 2016\/2017<\/p><\/td><td><\/td><\/tr><tr><td><p>G1 Chinesische Fachsprache \/ G4 Basismodul &#8222;Kulturelle Kompetenz&#8220;<\/p><\/td><td><\/td><\/tr><tr><td><p>Studierende der Religionswissenschaft k\u00f6nnen in diesem Modul keine CP f\u00fcr den Optionalbereich erwerben! Studierende des Optionalbereichs k\u00f6nnen, wenn sie dieses Modul belegen, nicht die Module &#8222;Religionswissenschaftliche Zug\u00e4nge zu ostasiatischer Religionsgeschichte&#8220; und &#8222;Chinesische Schriftsprache&#8220; belegen.<\/p><\/td><td><\/td><\/tr><tr><td><p><\/p><\/td><td><\/td><\/tr><tr><td width=\"90%\"><p><a href=\"https:\/\/vvz.ruhr-uni-bochum.de\/campus\/all\/module.asp?gguid=0x9F0AC10F58E7514F9EBDF2C8DA34EA94&amp;fieldgguid=&amp;mode=&amp;findmodule=zentral&amp;tguid=0x39FF9E73E27E1445BFB66A7776030329\">Zentralasiatische Religionsgeschichte (5 CP)<\/a><\/p><\/td><td><\/td><\/tr><tr><td><p>Teil 1: Zentralasiatische Religionsgeschichte von den Anf\u00e4ngen bis in die Gegenwart (Seminar), WS 2016\/17<\/p><\/td><td><\/td><\/tr><tr><td><p>Teil 2: Religionsgeschichte Tibets und der Mongolei von den Anf\u00e4ngen bis in die Gegenwart (Seminar), SoSe 2017<\/p><\/td><td><\/td><\/tr><tr><td><p>G4 Grundlagen der Religionswissenschaft<\/p><\/td><td><\/td><\/tr><tr><td><p>Studierende der Religionswissenschaft k\u00f6nnen in diesem Modul keine CP f\u00fcr den Optionalbereich erwerben! Bitte beachten Sie unbedingt die Hinweise unter dem Punkt &#8222;Voraussetzungen&#8220; der Modulbeschreibung!<\/p><\/td><td><\/td><\/tr><tr><td><p><\/p><\/td><td><\/td><\/tr><tr><td><\/td><td><\/td><\/tr><tr><td colspan=\"2\"><p>Romanistik<\/p><\/td><\/tr><tr><td width=\"90%\"><p><a href=\"https:\/\/vvz.ruhr-uni-bochum.de\/campus\/all\/module.asp?gguid=0x23296053CFA8CC4EB81BCC0130AD3314&amp;fieldgguid=&amp;mode=&amp;findmodule=katalanisch&amp;tguid=0x0DE70DAC81C5DB4A9C9E41DE3843EACA\">Katalanisch &#8211; Sprache und Kultur 1 (B1\/B2) (5 CP)<\/a><\/p><\/td><td><\/td><\/tr><tr><td><p>Teil 1: La can\u00e7\u00f3 catalana i portuguesa en temps de repressi\u00f3 (Proseminar), WS 2016\/2017<\/p><\/td><td><\/td><\/tr><tr><td><p>Teil 2: Lekt\u00fcre Katalanischer Texte (Lekt\u00fcrekurs), SoSe 2017<\/p><\/td><td><\/td><\/tr><tr><td><p>G4 Basismodul &#8222;Kulturelle Kompetenz&#8220; \/ G1 Modul Katalanisch II<\/p><\/td><td><\/td><\/tr><tr><td><p>Teilnahmevoraussetzung ist der erfolgreiche Abschluss vom Kurs Katalanisch 3 oder Kenntnisse, die dem Niveau B1 entsprechen.<\/p><\/td><td><\/td><\/tr><tr><td><p><\/p><\/td><td><\/td><\/tr><tr><td width=\"90%\"><p><a href=\"https:\/\/vvz.ruhr-uni-bochum.de\/campus\/all\/module.asp?gguid=0x3D3291438A3AEC42A3633A8C51D495C9&amp;fieldgguid=&amp;mode=&amp;findmodule=katalanisch&amp;tguid=0x0DE70DAC81C5DB4A9C9E41DE3843EACA\">Katalanisch &#8211; Sprache und Kultur 2 Intensiv (B2) (5 CP)<\/a><\/p><\/td><td><\/td><\/tr><tr><td><p>Teil 1: El llenguatge literari per a la pr\u00e0ctica de la traducci\u00f3 (Blockkurs \/ \u00dcbung), WS 2016\/2017<\/p><\/td><td><\/td><\/tr><tr><td><p>Teil 2: El sistema literari catal\u00e0 i la traducci\u00f3 liter\u00e0ria a l\u2018alemany (Seminar), WS 2016\/2017<\/p><\/td><td><\/td><\/tr><tr><td><p>G4 Basismodul &#8222;Kulturelle Kompetenz&#8220; \/ G1 Katalanische Fachsprache f\u00fcr den Beruf<\/p><\/td><td><\/td><\/tr><tr><td><p>Teilnahmevoraussetzung ist der erfolgreiche Abschluss vom Kurs Katalanisch 2 oder Kenntnisse, die dem Niveau B1\/B2 entsprechen<\/p><\/td><td><\/td><\/tr><tr><td><p><\/p><\/td><td><\/td><\/tr><tr><td width=\"90%\"><p><a href=\"https:\/\/vvz.ruhr-uni-bochum.de\/campus\/all\/module.asp?gguid=0xEDB1585402400B469E7A3860F4E74292&amp;fieldgguid=&amp;mode=&amp;findmodule=Portugiesisch&amp;tguid=0x39FF9E73E27E1445BFB66A7776030329\">Portugiesisch: Sprache und Kulturen Brasiliens, Portugals und des lusophonen Afrikas IV (5 CP)<\/a><\/p><\/td><td><\/td><\/tr><tr><td><p>Teil 1: Portugiesisch (\u00dcbung), WS 2016\/17 Teil 2: Landeskunde Seminar Lusophonie (Proseminar), SoSe 2017<\/p><\/td><td><\/td><\/tr><tr><td><p>G4 Aufbaumodul &#8222;Portugiesisch&#8220; \/ G1 Modul Portugiesisch III (bras.)<\/p><\/td><td><\/td><\/tr><tr><td><\/td><td><\/td><\/tr><tr><td colspan=\"2\"><p>Slavistik<\/p><\/td><\/tr><tr><td width=\"90%\"><p><a href=\"https:\/\/vvz.ruhr-uni-bochum.de\/campus\/all\/module.asp?gguid=0x596AA12540140446A9092D92FE9D84FE&amp;fieldgguid=&amp;findmodule=polen&amp;tguid=0x0DE70DAC81C5DB4A9C9E41DE3843EACA&amp;strSignMessage=\">Polen f\u00fcr Einsteiger\/innen &#8211; Landeskunde und aktuelle Politik Polens (5 CP)<\/a><\/p><\/td><td><\/td><\/tr><tr><td><p>Teil 1 und 2: Politische Sprache im heutigen Polen (\u00dcbung), WS 2016\/2017<\/p><\/td><td><\/td><\/tr><tr><td><p>G4 Basismodul &#8222;Slavistik&#8220;<\/p><\/td><td><\/td><\/tr><tr><td><p><\/p><\/td><td><\/td><\/tr><tr><td width=\"90%\"><p><a href=\"https:\/\/vvz.ruhr-uni-bochum.de\/campus\/all\/module.asp?gguid=0xFDC384F898EF35428486C77BAAAF7093&amp;fieldgguid=&amp;findmodule=unvergessen&amp;tguid=0x0DE70DAC81C5DB4A9C9E41DE3843EACA&amp;strSignMessage=\">UnVergessen &#8211; Russisch als St\u00fctze im Alter und als Fundament in der Jugend (10 CP)<\/a><\/p><\/td><td><\/td><\/tr><tr><td><p>Teil 1: UnVergessen &#8211; zur sprachlichen Situation von russischen Immigranten im Alter: Vorbereitungsseminar (Seminar), WS 2016\/2017<\/p><\/td><td><\/td><\/tr><tr><td><p>Teil 2:Betreuung und soziale Arbeit (Hospitanz, praktischer Teil), SoSe 2017<\/p><\/td><td><\/td><\/tr><tr><td><p>Teil 3: Nachbereitung, Reflexion und Pr\u00e4sentation (Seminar und Ausstellung), SoSe 2017<\/p><\/td><td><\/td><\/tr><tr><td><p>G2 Wissensvermittlung \/ G4 Basismodul &#8222;russische Kultur&#8220;<\/p><\/td><td><\/td><\/tr><tr><td><p><\/p><\/td><td><\/td><\/tr><tr><td colspan=\"2\"><p>Sozialwissenschaft<\/p><\/td><\/tr><tr><td width=\"90%\"><p><a href=\"https:\/\/vvz.ruhr-uni-bochum.de\/campus\/all\/module.asp?gguid=0xE5AB6F7FC395304CAF66816B571C6C6E&amp;fieldgguid=&amp;mode=&amp;findmodule=arbeits&amp;tguid=0x0DE70DAC81C5DB4A9C9E41DE3843EACA\">Arbeits-, Wirtschafts- und Organisationssoziologie (5 CP)<\/a><\/p><\/td><td><\/td><\/tr><tr><td><p>Teil 1: Einf\u00fchrung in die Arbeits-, Wirtschafts- und Organisationssoziologie (AWOrg, Teil I) (Seminar), WS 2016\/2017<\/p><\/td><td><\/td><\/tr><tr><td><p>Teil 2: Strukturierte Betreuung (AWOrg, Teil I) (\u00dcbung), WS 2016\/2017<\/p><\/td><td><\/td><\/tr><tr><td><p>G4 Aufbaumodul &#8222;Soziologie&#8220;<\/p><\/td><td><\/td><\/tr><tr><td><p>Studierende der F\u00e4cher PWG, KIG und Soziologie sowie des Studiengangs Sozialwissenschaft k\u00f6nnen an diesem Modul nicht teilnehmen!<\/p><\/td><td><\/td><\/tr><tr><td><p><\/p><\/td><td><\/td><\/tr><tr><td width=\"90%\"><p><a href=\"https:\/\/vvz.ruhr-uni-bochum.de\/campus\/all\/module.asp?gguid=0x1BB87194E99EC34A8EBE0E8FA3B1E957&amp;fieldgguid=&amp;mode=&amp;findmodule=einf%FChrung+in+die+wirtschaft&amp;tguid=0x0DE70DAC81C5DB4A9C9E41DE3843EACA\">Einf\u00fchrung in die Wirtschafts- und Sozialpolitik (5 CP)<\/a><\/p><\/td><td><\/td><\/tr><tr><td><p>Teil 1: Einf\u00fchrung in die Wirtschafts- und Sozialpolitik (GrundSoz\u00f6k, Teil II) (Vorlesung), WS 2016\/2017<\/p><\/td><td><\/td><\/tr><tr><td><p>Teil 2: Strukturierte Betreuung WiSoPo (nur f\u00fcr den Optionalbereich) (\u00dcbung), WS 2016\/2017<\/p><\/td><td><\/td><\/tr><tr><td><p>G4 Basismodul &#8222;Sozial\u00f6konomik&#8220;<\/p><\/td><td><\/td><\/tr><tr><td><p>Studierende der F\u00e4cher PWG, Soziologie, Politikwissenschaft und Sozialpsychologie\/-anthropologie sowie des Studiengangs Sozialwissenschaft k\u00f6nnen an diesem Modul nicht teilnehmen!<\/p><\/td><td><\/td><\/tr><tr><td><p><\/p><\/td><td><\/td><\/tr><tr><td width=\"90%\"><p><a href=\"https:\/\/vvz.ruhr-uni-bochum.de\/campus\/all\/module.asp?gguid=0x2F87B16D0BA806498A2C525E389F95FD&amp;fieldgguid=&amp;findmodule=grundfragen+und+haupt&amp;tguid=0x0DE70DAC81C5DB4A9C9E41DE3843EACA&amp;strSignMessage==\">Grundfragen und Hauptbegriffe der Soziologie (Soziologie I) (5 CP)<\/a><\/p><\/td><td><\/td><\/tr><tr><td><p>Teil 1: Grundfragen und Hauptbegriffe der Soziologie I (GrundSoz, Teil III; Soz, Teil III) (Vorlesung), WS 2016\/2017<\/p><\/td><td><\/td><\/tr><tr><td><p>Teil 2: Strukturierte Betreuung (GrundSoz, Teil III; Soz, Teil III) (\u00dcbung), WS 2016\/2017<\/p><\/td><td><\/td><\/tr><tr><td><p>G4 Basismodul &#8222;Soziologie&#8220;<\/p><\/td><td><\/td><\/tr><tr><td><p>Studierende der F\u00e4cher PWG, KIG, Soziologie, Politikwissenschaft und Sozialpsychologie\/-anthropologie sowie des Studiengangs Sozialwissenschaft k\u00f6nnen an diesem Modul nicht teilnehmen.<\/p><\/td><td><\/td><\/tr><tr><td><p><\/p><\/td><td><\/td><\/tr><tr><td width=\"90%\"><p><a href=\"https:\/\/vvz.ruhr-uni-bochum.de\/campus\/all\/module.asp?gguid=0xD3E1D9FD99066E4E9868BA24BDF784EE&amp;fieldgguid=&amp;mode=&amp;findmodule=politikwissensch&amp;tguid=0x0DE70DAC81C5DB4A9C9E41DE3843EACA\">Politikwissenschaft: Internationale Beziehungen (5 CP) <\/a><\/p><\/td><td><\/td><\/tr><tr><td><p>Teil 1: Internationale Beziehungen (IntBez, Teil III) (Vorlesung), WS 2016\/2017<\/p><\/td><td><\/td><\/tr><tr><td><p>Teil 2: Strukturierte Betreuung (IntBez, Teil III) (\u00dcbung), WS 2016\/2017<\/p><\/td><td><\/td><\/tr><tr><td><p>G4 Aufbaumodul &#8222;Politikwissenschaft&#8220;<\/p><\/td><td><\/td><\/tr><tr><td><p>Studierende der F\u00e4cher PWG, KIG, Politikwissenschaft sowie des Studienganges Sozialwissenschaft k\u00f6nnen an dem Modul nicht teilnehmen!<\/p><\/td><td><\/td><\/tr><tr><td><p><\/p><\/td><td><\/td><\/tr><tr><td width=\"90%\"><p><a href=\"https:\/\/vvz.ruhr-uni-bochum.de\/campus\/all\/module.asp?gguid=0x2AD129B16624F64095278D7FC0AA30AA&amp;fieldgguid=&amp;mode=&amp;findmodule=politikwissensch&amp;tguid=0x0DE70DAC81C5DB4A9C9E41DE3843EACA\">Politikwissenschaft: Politisches System Deutschlands (5 CP)<\/a><\/p><\/td><td><\/td><\/tr><tr><td><p>Teil 1: Einf\u00fchrung in das politische System Deutschlands (PolWiss, Teil II; PolSys, Teil I) (Vorlesung), WS 2016\/2017<\/p><\/td><td><\/td><\/tr><tr><td><p>Teil 2: Strukturierte Betreuung (PolSys, Teil II; PolWiss, Teil III) (\u00dcbung), WS 2016\/2017<\/p><\/td><td><\/td><\/tr><tr><td><p>G4 Basismodul &#8222;Politikwissenschaft&#8220;<\/p><\/td><td><\/td><\/tr><tr><td><p>Studierende der F\u00e4cher PWG, KIG, Politikwissenschaft sowie des Studienganges Sozialwissenschaft k\u00f6nnen an dem Modul nicht teilnehmen!<\/p><\/td><td><\/td><\/tr><tr><td><p><\/p><\/td><td><\/td><\/tr><tr><td width=\"90%\"><p><a href=\"https:\/\/vvz.ruhr-uni-bochum.de\/campus\/all\/module.asp?gguid=0xD9CB8630D89E344D9C6E0BD674F29F75&amp;fieldgguid=&amp;mode=&amp;findmodule=sozial&amp;tguid=0x0DE70DAC81C5DB4A9C9E41DE3843EACA\">Sozial- und Kulturpsychologie (5 CP)<\/a><\/p><\/td><td><\/td><\/tr><tr><td><p>Teil 1: Einf\u00fchrung in die Sozial- und Kulturpsychologie (GrundSopsy, Teil I) (Vorlesung), WS 2016\/2017<\/p><\/td><td><\/td><\/tr><tr><td><p>Teil 2: Strukturierte Betreuung (GrundSopsy, Teil III) (\u00dcbung), WS 2016\/2017<\/p><\/td><td><\/td><\/tr><tr><td><p>G4 Basismodul &#8222;Sozialpsychologie&#8220;<\/p><\/td><td><\/td><\/tr><tr><td><p>Studierende des Faches Sozialpsychologie und -anthropologie, des Faches KIG, sowie des Studienganges Sozialwissenschaft k\u00f6nnen an dem Modul nicht teilnehmen.<\/p><\/td><td><\/td><\/tr><tr><td><p><\/p><\/td><td><\/td><\/tr><tr><td width=\"90%\"><p><a href=\"https:\/\/vvz.ruhr-uni-bochum.de\/campus\/all\/module.asp?gguid=0x89C16695A557CB4499797FDB7188A9F3&amp;fieldgguid=&amp;mode=&amp;findmodule=sozial&amp;tguid=0x0DE70DAC81C5DB4A9C9E41DE3843EACA\">Sozial- und Kulturtheorie (5 CP)<\/a><\/p><\/td><td><\/td><\/tr><tr><td><p>Teil 1: Einf\u00fchrung in die Sozial- und Kulturtheorie. Positionen und Entwicklungen im 20. und 21. Jahrhundert (SozThe, Teil I) (Vorlesung), WS 2016\/2017<\/p><\/td><td><\/td><\/tr><tr><td><p>Teil 2: Sozial- und Kulturtheorie. Ausgew\u00e4hlte Lekt\u00fcre (SozThe, Teil II) (\u00dcbung), WS 2016\/2017<\/p><\/td><td><\/td><\/tr><tr><td><p>G4 Aufbaumodul &#8222;Sozialpsychologie&#8220;<\/p><\/td><td><\/td><\/tr><tr><td><p>Studierende des Faches Sozialpsychologie und -anthropologie sowie des Studiengangs Sozialwissenschaft k\u00f6nnen an dem Modul nicht teilnehmen!<\/p><\/td><td><\/td><\/tr><tr><td><p><\/p><\/td><td><\/td><\/tr><tr><td width=\"90%\"><p><a href=\"https:\/\/vvz.ruhr-uni-bochum.de\/campus\/all\/module.asp?gguid=0x0633634DB1BA504D8764B5EB8D9DCCCE&amp;fieldgguid=&amp;mode=&amp;findmodule=sozial&amp;tguid=0x0DE70DAC81C5DB4A9C9E41DE3843EACA\">Sozialanthropologie (5 CP)<\/a><\/p><\/td><td><\/td><\/tr><tr><td><p>Teil 1: Einf\u00fchrung in die Sozial- und Kulturanthropologie (GrundSopsy, Teil II) (Vorlesung), WS 2016\/2017<\/p><\/td><td><\/td><\/tr><tr><td><p>Teil 2: Strukturierte Betreuung (GrundSopsy, Teil II) (\u00dcbung), WS 2016\/2017<\/p><\/td><td><\/td><\/tr><tr><td><p>G4 Basismodul &#8222;Sozialpsychologie&#8220;<\/p><\/td><td><\/td><\/tr><tr><td><p>Studierende des Faches Sozialpsychologie und -anthropologie, des Faches KIG, sowie des Studiengangs Sozialwissenschaft k\u00f6nnen an dem Modul nicht teilnehmen.<\/p><\/td><td><\/td><\/tr><tr><td><p><\/p><\/td><td><\/td><\/tr><tr><td width=\"90%\"><p><a href=\"https:\/\/vvz.ruhr-uni-bochum.de\/campus\/all\/module.asp?gguid=0x2024FDBB2D2ADD41B13156BCE0FC2905&amp;fieldgguid=&amp;findmodule=sozialstruktur&amp;tguid=0x0DE70DAC81C5DB4A9C9E41DE3843EACA&amp;strSignMessage=\">Sozialstruktur und sozialer Wandel (Soziologie II) (5 CP)<\/a><\/p><\/td><td><\/td><\/tr><tr><td><p>Teil 1: Sozialstruktur und sozialer Wandel (Soz, Teil II; SozStrukt, Teil I) (Vorlesung), WS 2016\/2017<\/p><\/td><td><\/td><\/tr><tr><td><p>Teil 2: Strukturierte Betreuung (Soz, Teil III; SozStrukt, Teil III) (\u00dcbung), WS 2016\/2017<\/p><\/td><td><\/td><\/tr><tr><td><p>G4 Aufbaumodul &#8222;Soziologie&#8220;<\/p><\/td><td><\/td><\/tr><tr><td><p>Studierende der F\u00e4cher PWG, KIG, Soziologie, Politikwissenschaft und Sozialpsychologie\/-anthropologie sowie des Studiengangs Sozialwissenschaft k\u00f6nnen an diesem Modul nicht teilnehmen!<\/p><\/td><td><\/td><\/tr><tr><td><p><\/p><\/td><td><\/td><\/tr><tr><td width=\"90%\"><p><a href=\"https:\/\/vvz.ruhr-uni-bochum.de\/campus\/all\/module.asp?gguid=0xD2131330A448C54E820E2847DFC478F4&amp;fieldgguid=&amp;findmodule=theorien+und+methoden&amp;tguid=0x0DE70DAC81C5DB4A9C9E41DE3843EACA&amp;strSignMessage=\">Theorien und Methoden der Kulturpsychologie (5 CP)<\/a><\/p><\/td><td><\/td><\/tr><tr><td><p>Teil 1: Theorien und Methoden der Kulturpsychologie (SozKult, Teil I ) (Vorlesung), WS 2016\/2017<\/p><\/td><td><\/td><\/tr><tr><td><p>Teil 2: Strukturierte Betreuung (SozKult, Teil III ) (\u00dcbung), WS 2016\/2017<\/p><\/td><td><\/td><\/tr><tr><td><p>G4 Aufbaumodul &#8222;Sozialpsychologie&#8220;<\/p><\/td><td><\/td><\/tr><tr><td><p>Studierende des Faches Sozialpsychologie und -anthropologie, des Faches KIG, sowie des Studiengangs Sozialwissenschaft k\u00f6nnen an dem Modul nicht teilnehmen.<\/p><\/td><td><\/td><\/tr><tr><td><\/td><td><\/td><\/tr><tr><td colspan=\"2\"><p>Sportwissenschaft<\/p><\/td><\/tr><tr><td width=\"90%\"><p><a href=\"https:\/\/vvz.ruhr-uni-bochum.de\/campus\/all\/module.asp?gguid=0x5ED5D77DDF25FB42ACF2F1A1E91EDCB2&amp;fieldgguid=&amp;findmodule=aufbau+des+k%F6rpers&amp;tguid=0x0DE70DAC81C5DB4A9C9E41DE3843EACA&amp;strSignMessage=\">Aufbau des K\u00f6rpers sowie Funktionsweise in Ruhe und w\u00e4hrend k\u00f6rperlicher Belastung (5 CP)<\/a><\/p><\/td><td><\/td><\/tr><tr><td><p>Teil 1: Vorlesung Sportmedizin (Vorlesung), WS 2016\/2017<\/p><\/td><td><\/td><\/tr><tr><td><p>Teil 2: Aufbau des K\u00f6rpers sowie Funktionsweise in Ruhe und w\u00e4hrend k\u00f6rperlicher Belastung (begleitende Blackboard-\u00dcbung zur Vorlesung) (Distant-Learning-Seminar), WS 2016\/2017<\/p><\/td><td><\/td><\/tr><tr><td><p>G4 Sportmedizin<\/p><\/td><td><\/td><\/tr><tr><td width=\"100%\"><p>Studierende der Sportwissenschaft k\u00f6nnen an diesem Modul nicht teilnehmen!<\/p><\/td><td><\/td><\/tr><tr><td><p><\/p><\/td><td><\/td><\/tr><tr><td width=\"90%\"><p><a href=\"https:\/\/vvz.ruhr-uni-bochum.de\/campus\/all\/module.asp?gguid=0x201740C2299E72459D76BDB02E4ABC18&amp;fieldgguid=&amp;findmodule=choreo&amp;tguid=0x0DE70DAC81C5DB4A9C9E41DE3843EACA&amp;strSignMessage=\">Choreographische Werkstatt (5 CP)<\/a><\/p><\/td><td><\/td><\/tr><tr><td><p>Teil 1: Seminar Elemente des Choreographierens im Tanz (Seminar), WS 2016\/2017<\/p><\/td><td><\/td><\/tr><tr><td><p>Teil 2: Seminar Zeitgen\u00f6ssischer B\u00fchnentanz und Tanz im Film (Seminar), WS 2016\/2017<\/p><\/td><td><\/td><\/tr><tr><td><p>G4 Sport und Gesellschaft<\/p><\/td><td><\/td><\/tr><tr><td width=\"100%\"><p>Studierende des 1-Fach-Sport-Bachelor k\u00f6nnen an diesem Modul nur teilnehmen, wenn Teil 1 (Elemente des Choreografierens im Tanz) nicht Bestandteil des Fachmoduls ist!<\/p><\/td><td><\/td><\/tr><tr><td><p><\/p><\/td><td><\/td><\/tr><tr><td width=\"90%\"><p><a href=\"https:\/\/vvz.ruhr-uni-bochum.de\/campus\/all\/module.asp?gguid=0x8F089D6BB4CE7B439AA9F93AB7BC537F&amp;fieldgguid=&amp;findmodule=sportsozio&amp;tguid=0x0DE70DAC81C5DB4A9C9E41DE3843EACA&amp;strSignMessage=\">Sportsoziologie (5 CP)<\/a><\/p><\/td><td><\/td><\/tr><tr><td><p>Teil 1: Vorlesung Sport in soziologischer Perspektive (Vorlesung), WS 2016\/2017<\/p><\/td><td><\/td><\/tr><tr><td><p>Teil 2a: Sport und K\u00f6rper (Seminar), WS 2016\/2017<\/p><\/td><td><\/td><\/tr><tr><td><p>Teil 2b: Integration im und durch Sport (Seminar), WS 2016\/2017<\/p><\/td><td><\/td><\/tr><tr><td><p>G4 Sport und Gesellschaft<\/p><\/td><td><\/td><\/tr><tr><td width=\"100%\"><p>Studierende der Sportwissenschaft k\u00f6nnen an diesem Modul nicht teilnehmen!<\/p><\/td><td><\/td><\/tr><tr><td><p><\/p><\/td><td><\/td><\/tr><tr><td colspan=\"2\"><p>Theaterwissenschaft<\/p><\/td><\/tr><tr><td width=\"90%\"><p><a href=\"https:\/\/vvz.ruhr-uni-bochum.de\/campus\/all\/module.asp?gguid=0xC1E72A29694D5546A1D1009B8C51E18D&amp;fieldgguid=&amp;mode=&amp;findmodule=theorien&amp;tguid=0x0DE70DAC81C5DB4A9C9E41DE3843EACA\">Theorien des Szenischen (5 CP)<\/a><\/p><\/td><td><\/td><\/tr><tr><td><p>Teil 1: Fachgeschichte als Theoriegeschichte (Vorlesung), WS 2016\/2017<\/p><\/td><td><\/td><\/tr><tr><td><p>Teil 2: Ringvorlesung Theatertheorie (Vorlesung), WS 2016\/2017<\/p><\/td><td><\/td><\/tr><tr><td><p>G4 Basismodul &#8222;Grundlagen der Theaterwissenschaft&#8220;<\/p><\/td><td><\/td><\/tr><tr><td><p>F\u00fcr Studierende der Theaterwissenschaft ist die Teilnahme im Rahmen des Optionalbereichs ausgeschlossen.<\/p><\/td><td><\/td><\/tr><tr><td><p><\/p><\/td><td><\/td><\/tr><tr><td colspan=\"2\"><p>Wirtschaftswissenschaft<\/p><\/td><\/tr><tr><td width=\"90%\"><p><a href=\"https:\/\/vvz.ruhr-uni-bochum.de\/campus\/all\/module.asp?gguid=0x4BFAB34DBA14374F966BF7DDA29A8EC5&amp;fieldgguid=&amp;mode=&amp;findmodule=einf%FChrung+in+das+rechnungs&amp;tguid=0x0DE70DAC81C5DB4A9C9E41DE3843EACA\">Einf\u00fchrung in das Rechnungswesen\/Controlling (5 CP)<\/a><\/p><\/td><td><\/td><\/tr><tr><td><p>Teil 1: Einf\u00fchrung in das Rechnungswesen\/Controlling (Vorlesung), WS 2016\/2017<\/p><\/td><td><\/td><\/tr><tr><td><p>Teil 2: Einf\u00fchrung in das Rechnungswesen\/Controlling (\u00dcbung), WS 2016\/2017<\/p><\/td><td><\/td><\/tr><tr><td><p>G4 Basismodul &#8222;Rechnungswesen&#8220;<\/p><\/td><td><\/td><\/tr><tr><td><p>Teilnehmende des Moduls &#8222;Grundlagen der BWL f\u00fcr Nicht\u00f6konomen und Existenzgr\u00fcnder&#8220; k\u00f6nnen an diesem Modul nicht teilnehmen!<\/p><\/td><td><\/td><\/tr><tr><td><p>Studierende der Wirtschaftswissenschaft (&#8222;Management&#8220;, &#8222;Economics&#8220; und &#8222;Management and Economics&#8220;) und 2-Fach-Bachelor Studierende mit dem Fach BWL k\u00f6nnen an diesem Modul nicht teilnehmen!<\/p><\/td><td><\/td><\/tr><tr><td><p><\/p><\/td><td><\/td><\/tr><tr><td width=\"90%\"><p><a href=\"https:\/\/vvz.ruhr-uni-bochum.de\/campus\/all\/module.asp?gguid=0xCBBCA7B66BDDCC48917A00B1DE996E43&amp;fieldgguid=&amp;mode=&amp;findmodule=einf%FChrung+in+die+betriebs&amp;tguid=0x0DE70DAC81C5DB4A9C9E41DE3843EACA\">Einf\u00fchrung in die Betriebs- sowie Volkswirtschaftslehre (5 CP)<\/a><\/p><\/td><td><\/td><\/tr><tr><td><p>Teil 1: Einf\u00fchrung in die VWL (Vorlesung), WS 2016\/2017<\/p><\/td><td><\/td><\/tr><tr><td><p>Teil 2: Einf\u00fchrung in die BWL (Vorlesung mit \u00dcbung), SoSe 2017<\/p><\/td><td><\/td><\/tr><tr><td><p>G4 Basismodul &#8222;\u00d6konomie&#8220;<\/p><\/td><td><\/td><\/tr><tr><td><p>Teilnehmende des Moduls &#8222;Grundlagen der BWL f\u00fcr Nicht\u00f6konomen und Existenzgr\u00fcnder&#8220; sowie Studierende des Fachs Wirtschaftswissenschaft k\u00f6nnen an diesem Modul nicht teilnehmen!<\/p><\/td><td><\/td><\/tr><tr><td><p><\/p><\/td><td><\/td><\/tr><tr><td width=\"90%\"><p><a href=\"https:\/\/vvz.ruhr-uni-bochum.de\/campus\/all\/module.asp?gguid=0xBB5208241575614A9B6F76339E8087A0&amp;fieldgguid=&amp;mode=&amp;findmodule=grundlagen+der+existenz&amp;tguid=0x0DE70DAC81C5DB4A9C9E41DE3843EACA\">Grundlagen der Existenzgr\u00fcndung (5 CP)<\/a><\/p><\/td><td><\/td><\/tr><tr><td><p>Teil 1: Teil 1: Grundlagen der Existenzgr\u00fcndung (Vorlesung), WS 2016\/2017<\/p><\/td><td><\/td><\/tr><tr><td><p>Teil 2: Teil 2: Grundlagen der Existenzgr\u00fcndung (\u00dcbung), WS 2016\/2017<\/p><\/td><td><\/td><\/tr><tr><td><p>G4 Basismodul Existenzgr\u00fcndung<\/p><\/td><td><\/td><\/tr><tr><td><p>Studierende der Wirtschaftswissenschaft k\u00f6nnen an diesem Modul nicht teilnehmen!<\/p><\/td><td><\/td><\/tr><tr><td><\/td><td><\/td><\/tr><tr><td colspan=\"2\"><p>Interdisziplin\u00e4re Module<\/p><\/td><\/tr><tr><td width=\"90%\"><p><a href=\"https:\/\/vvz.ruhr-uni-bochum.de\/campus\/all\/module.asp?gguid=0xCAF8CD8DEA92574CB1287E44DF24D517&amp;fieldgguid=&amp;mode=&amp;findmodule=Arguments&amp;tguid=0x0DE70DAC81C5DB4A9C9E41DE3843EACA\">Arguments in action! (5 CP)<\/a><\/p><\/td><td><\/td><\/tr><tr><td><p>Teil 1: Argumentation in context (Seminar), WS 2016\/2017<\/p><\/td><td><\/td><\/tr><tr><td><p>Teil 2: Debating (Practical skills), WS 2016\/2017<\/p><\/td><td><\/td><\/tr><tr><td><\/td><td><\/td><\/tr><tr><td><p><\/p><\/td><td><\/td><\/tr><tr><td width=\"90%\"><p><a href=\"https:\/\/vvz.ruhr-uni-bochum.de\/campus\/all\/module.asp?gguid=0xD3A14D313595DD4DB513FDA5C28E4695&amp;fieldgguid=&amp;findmodule=Erforschung+von+Gruppendynamik&amp;tguid=0x0DE70DAC81C5DB4A9C9E41DE3843EACA&amp;strSignMessage=\">Erforschung von Gruppendynamik am Beispiel des Transdisciplinary Learning-Lab: Exploring the Transformation towards Product-Service-System (PSS) (5 CP)<\/a><\/p><\/td><td><\/td><\/tr><tr><td><p>Teil 1: Erforschung von Gruppendynamik am Beispiel des Lernlabors Product-Service-Systems (PSS) (Praktische \u00dcbung), WS 2016\/2017<\/p><\/td><td><\/td><\/tr><tr><td><p>Teil 2: PSS (e-learning-Phase), WS 2016\/2017<\/p><\/td><td><\/td><\/tr><tr><td><p>G4 intensiv studieren<\/p><\/td><td><\/td><\/tr><tr><td><p><\/p><\/td><td><\/td><\/tr><tr><td width=\"90%\"><p><a href=\"https:\/\/vvz.ruhr-uni-bochum.de\/campus\/all\/module.asp?gguid=0xC9636D7ABC5F6F4895061AE700C5ACEA&amp;fieldgguid=&amp;findmodule=facing&amp;tguid=0x0DE70DAC81C5DB4A9C9E41DE3843EACA&amp;strSignMessage=\">Facing Genocid &#8211; Die Zukunft der Gewalt (Summer School) (5 CP)<\/a><\/p><\/td><td><\/td><\/tr><tr><td><p>Teil 1: Facing Genocid: Eine wissenschaftliche Ann\u00e4herung an das Thema (Workshop), WS 2016\/2017<\/p><\/td><td><\/td><\/tr><tr><td><p>Teil 2: Facing Genocid: Projektarbeitsphase (praktische \u00dcbung), WS 2016\/2017<\/p><\/td><td><\/td><\/tr><tr><td><p>Teil 3: Facing Genocid: Abschlusspr\u00e4sentation (Workshop), WS 2016\/2017<\/p><\/td><td><\/td><\/tr><tr><td><p>G4 Interdisziplin\u00e4r studieren<\/p><\/td><td><\/td><\/tr><tr><td><p>Studierende des Fachs Sozialwissenschaften k\u00f6nnen dieses Modul nicht im Optionalbereich belegen.<\/p><\/td><td><\/td><\/tr><tr><td><\/td><td><\/td><\/tr><tr><td width=\"90%\"><p><a href=\"https:\/\/vvz.ruhr-uni-bochum.de\/campus\/all\/module.asp?gguid=0x17475F1307F7CE4C86683F7F5228E597&amp;fieldgguid=&amp;findmodule=farben+sehen&amp;tguid=0x0DE70DAC81C5DB4A9C9E41DE3843EACA&amp;strSignMessage=\">Farben sehen und erleben (5 CP) <\/a><\/p><\/td><td><\/td><\/tr><tr><td><p>Teil 1: Farben sehen und erleben. Praktische Einf\u00fchrung in die Malerei, mit dem Schwerpunkt Farben (praktische \u00dcbung), WS 2016\/2017<\/p><\/td><td><\/td><\/tr><tr><td><p>Teil 2: Farben sehen und erleben. Theoretische Grundlagen (Seminar), WS 2016\/2017<\/p><\/td><td><\/td><\/tr><tr><td><p>G4 Basismodul &#8222;Kunst und Kultur&#8220;<\/p><\/td><td><\/td><\/tr><tr><td><p><\/p><\/td><td><\/td><\/tr><tr><td width=\"90%\"><p><a href=\"https:\/\/vvz.ruhr-uni-bochum.de\/campus\/all\/module.asp?gguid=0x180BADC8B00CE347A5D42B284F9273A9&amp;fieldgguid=&amp;findmodule=food&amp;tguid=0x0DE70DAC81C5DB4A9C9E41DE3843EACA&amp;strSignMessage=\">Food and Fitness (Optionalbereich) (10 CP) <\/a><\/p><\/td><td><\/td><\/tr><tr><td><p>Teil 1: Food, WS 2016\/2017<\/p><\/td><td><\/td><\/tr><tr><td><p>Teil 1a: Food: Food: Questions, Facts, Teamwork, WS 2016\/2017<\/p><\/td><td><\/td><\/tr><tr><td><p>Teil 1b: Food: Defence Day, WS 2016\/2017<\/p><\/td><td><\/td><\/tr><tr><td><p>Teil 2: Fitness, SoSe 2017<\/p><\/td><td><\/td><\/tr><tr><td><p>Teil 2a: Teil 2a: Fitness: Questions, Facts, Teamwork, SoSe 2017<\/p><\/td><td><\/td><\/tr><tr><td><p>Teil 2b: Teil 2b: Fitness: Defence Day, SoSe 2017<\/p><\/td><td><\/td><\/tr><tr><td><\/td><td><\/td><\/tr><tr><td><p>Das Modul ist nur f\u00fcr Biologie B.Sc. -Studierende ab dem dritten Fachsemester belegbar.<\/p><\/td><td><\/td><\/tr><tr><td><p><\/p><\/td><td><\/td><\/tr><tr><td width=\"90%\"><p><a href=\"https:\/\/vvz.ruhr-uni-bochum.de\/campus\/all\/module.asp?gguid=0xAFD94B14D5101541A7FA7309703F208F&amp;fieldgguid=&amp;findmodule=heroes&amp;tguid=0x0DE70DAC81C5DB4A9C9E41DE3843EACA&amp;strSignMessage=\">Heroes &#8211; Helden und Anti-Helden im geteilten und vereinten Deutschland (5 CP) <\/a><\/p><\/td><td><\/td><\/tr><tr><td><p>Teil 1: Helden, Anti-Helden, Alltagshelden. Heoren des Sozialismus und gefallene Helden als Provokation f\u00fcr die Demokratie (Ringvorlesung), WS 2016\/2017<\/p><\/td><td><\/td><\/tr><tr><td><p>Teil 2: Verf\u00fchrung und Identifikation. Leitbilder in Diktatur und Demokratie (\u00dcbung), WS 2016\/2017<\/p><\/td><td><\/td><\/tr><tr><td><p>G4 Basismodul &#8222;Identit\u00e4t und Differenz&#8220;<\/p><\/td><td><\/td><\/tr><tr><td><p><\/p><\/td><td><\/td><\/tr><tr><td width=\"90%\"><p><a href=\"https:\/\/vvz.ruhr-uni-bochum.de\/campus\/all\/module.asp?gguid=0x7CA5F10ACF7FC14E95C4D6D60D1FC497&amp;fieldgguid=&amp;mode=&amp;findmodule=introduction&amp;tguid=0x0DE70DAC81C5DB4A9C9E41DE3843EACA\">Introduction to Humanitarian Action (5 CP) <\/a><\/p><\/td><td><\/td><\/tr><tr><td><p>Teil 1: Introduction to Humanitarian Action (lecture) (IntStrukt, Teil I) (Seminar), WS 2016\/2017<\/p><\/td><td><\/td><\/tr><tr><td><p>Teil 2: Introduction to Humanitarian Action (study trip) (Exkursion), WS 2016\/2017<\/p><\/td><td><\/td><\/tr><tr><td><p>G4 Interdisziplin\u00e4r studieren<\/p><\/td><td><\/td><\/tr><tr><td><p>Das Modul ist ab dem 2. Fachsemester belegbar.<\/p><\/td><td><\/td><\/tr><tr><td><p><\/p><\/td><td><\/td><\/tr><tr><td width=\"90%\"><p><a href=\"https:\/\/vvz.ruhr-uni-bochum.de\/campus\/all\/module.asp?gguid=0xCD3A6B0510FCA94B943BD176FBA5621C&amp;fieldgguid=&amp;mode=&amp;findmodule=irland&amp;tguid=0x0DE70DAC81C5DB4A9C9E41DE3843EACA\">Irland: Sprache und Kultur I (5 CP)<\/a><\/p><\/td><td><\/td><\/tr><tr><td><p>Teil 1a: Irisch f\u00fcr Anf\u00e4nger\/innen (Irisch Ia) (Sprachkurs), WS 2016\/2017<\/p><\/td><td><\/td><\/tr><tr><td><p>Teil 1b: Irisch f\u00fcr Anf\u00e4nger\/innen (Irisch Ib) (Sprachkurs), WS 2016\/2017<\/p><\/td><td><\/td><\/tr><tr><td><p>Teil 2: Irische Kultur: Ireland in the Last 150 Years &#8211; From \u00c9riu to \u00c9ire \/ The Prehistory of Present, WS 2016\/2017<\/p><\/td><td><\/td><\/tr><tr><td><p>G1 Modul Irisch I \/ G4 Basismodul &#8222;Kulturelle Kompetenz&#8220;<\/p><\/td><td><\/td><\/tr><tr><td><p><\/p><\/td><td><\/td><\/tr><tr><td width=\"90%\"><p><a href=\"https:\/\/vvz.ruhr-uni-bochum.de\/campus\/all\/module.asp?gguid=0x74E95FC6E714F141BC46BABE7CC33EB8&amp;fieldgguid=&amp;mode=&amp;findmodule=irland&amp;tguid=0x0DE70DAC81C5DB4A9C9E41DE3843EACA\">Irland: Sprache und Kultur II (5 CP)<\/a><\/p><\/td><td><\/td><\/tr><tr><td><p>Teil 1: Irisch II (Sprachkurs), WS 2016\/2017<\/p><\/td><td><\/td><\/tr><tr><td><p>Teil 2a: Lekt\u00fcrekurs: Irische Texte, WS 2016\/2017<\/p><\/td><td><\/td><\/tr><tr><td><p>Teil 2b: Irische Kultur: Irland in the Last 150 Years (Seminar), SoSe 2017<\/p><\/td><td><\/td><\/tr><tr><td><p>G1 Modul Irisch II \/ G4 Basismodul &#8222;Kulturelle Kompetenz&#8220;<\/p><\/td><td><\/td><\/tr><tr><td><p>Die erfolgreiche Teilnahme an einem Irischkurs (mindestens Irisch I) ist Voraussetzung f\u00fcr die Teilnahme an diesem Modul!<\/p><\/td><td><\/td><\/tr><tr><td><p><\/p><\/td><td><\/td><\/tr><tr><td width=\"90%\"><p><a href=\"https:\/\/vvz.ruhr-uni-bochum.de\/campus\/all\/module.asp?gguid=0x716B66C0C6B4CF4287B946D9B1CB9924&amp;fieldgguid=&amp;mode=&amp;findmodule=irland&amp;tguid=0x0DE70DAC81C5DB4A9C9E41DE3843EACA\">Irland: Sprache und Kultur III (5 CP)<\/a><\/p><\/td><td><\/td><\/tr><tr><td><p>Teil 1: Irisch III (Sprachkurs), WS 2016\/2017<\/p><\/td><td><\/td><\/tr><tr><td><p>Teil 2a: Lekt\u00fcrekurs: Irische Texte, WS 2016\/2017<\/p><\/td><td><\/td><\/tr><tr><td><p>Teil 2b: Irische Kultur: Irland in the Last 150 Years (Seminar), WS 2016\/2017<\/p><\/td><td><\/td><\/tr><tr><td><p>G1 Modul Irisch III \/ G4 Basismodul &#8222;Kulturelle Kompetenz&#8220;<\/p><\/td><td><\/td><\/tr><tr><td><p>Die erfolgreiche Teilnahme an einem Irischkurs (mindestens Irisch II) ist Voraussetzung f\u00fcr die Teilnahme an diesem Modul!<\/p><\/td><td><\/td><\/tr><tr><td><p><\/p><\/td><td><\/td><\/tr><tr><td width=\"90%\"><p><a href=\"https:\/\/vvz.ruhr-uni-bochum.de\/campus\/all\/module.asp?gguid=0x26A2C8D35ED2614F961A8BDA60F42019&amp;fieldgguid=&amp;mode=&amp;findmodule=irland&amp;tguid=0x0DE70DAC81C5DB4A9C9E41DE3843EACA\">Irland: Sprache und Kultur IV (5 CP)<\/a><\/p><\/td><td><\/td><\/tr><tr><td><p>Teil 1: Teil 1: Irisch Fortgeschrittene (Irisch IV) , WS 2016\/2017<\/p><\/td><td><\/td><\/tr><tr><td><p>Teil 2a: Irische Kultur: Ireland in the Last 150 Years, WS 2016\/2017<\/p><\/td><td><\/td><\/tr><tr><td><p>Teil 2b: Lekt\u00fcrekurs: Irische Texte, WS 2016\/2017<\/p><\/td><td><\/td><\/tr><tr><td><p>G1 Modul Irisch IV \/ G4 Basismodul &#8222;Kulturelle Kompetenz&#8220;<\/p><\/td><td><\/td><\/tr><tr><td><p>Voraussetzung f\u00fcr die Teilnahme ist der erfolgreiche Abschluss des Kurses Irisch f\u00fcr Anf\u00e4ngerinnen (Irisch III) bzw. der Nachweis gleichwertiger Grundkenntnisse.<\/p><\/td><td><\/td><\/tr><tr><td><p><\/p><\/td><td><\/td><\/tr><tr><td width=\"90%\"><p><a href=\"http:\/\/www.ruhr-uni-bochum.de\/optionalbereich\/downloads\/Kunsttransfer_WS_2016-17.pdf\">Kunsttransfer und Erfinderwerkstatt (5 CP) NEU &#8211; Kooperation mit TU Dortmund<\/a><\/p><\/td><td><\/td><\/tr><tr><td><p>Teil 1: Kunsttransfer (Seminar), WS 2016\/2017<\/p><\/td><td><\/td><\/tr><tr><td><p>Teil 2: Erfinderwerkstatt \u2013 interdisziplin\u00e4r: Der (Um-) Weg ist das Ziel (Seminar), WS 2016\/2017<\/p><\/td><td><\/td><\/tr><tr><td><p>G4 Basismodul &#8222;Wissenschaft in der Praxis&#8220;<\/p><\/td><td><\/td><\/tr><tr><td><p><\/p><\/td><td><\/td><\/tr><tr><td width=\"90%\"><p><a href=\"https:\/\/vvz.ruhr-uni-bochum.de\/campus\/all\/module.asp?gguid=0xB16139A552CD0842ABFB88CA94025473&amp;fieldgguid=&amp;findmodule=landnutz&amp;tguid=0x0DE70DAC81C5DB4A9C9E41DE3843EACA&amp;strSignMessage=\">Landnutzung, Infrastruktur und Nachhaltigkeit: Voraussetzungen, Akteure und Geschichte (10 CP)<\/a><\/p><\/td><td><\/td><\/tr><tr><td><p>Teil 1: Landnutzung, Infrastruktur und Nachhaltigkeit (Vorlesung), WS 2016\/2017<\/p><\/td><td><\/td><\/tr><tr><td><p>Teil 2: Landnutzung, Infrastruktur und Nachhaltigkeit (Seminar), WS 2016\/2017<\/p><\/td><td><\/td><\/tr><tr><td><p>Teil 3: Landnutzung, Infrastruktur und Nachhaltigkeit (Exkursion), SoSe 2017<\/p><\/td><td><\/td><\/tr><tr><td><p>G4 Interdisziplin\u00e4r studieren<\/p><\/td><td><\/td><\/tr><tr><td><p><\/p><\/td><td><\/td><\/tr><tr><td width=\"90%\"><p><a href=\"https:\/\/vvz.ruhr-uni-bochum.de\/campus\/all\/module.asp?gguid=0x828040347F64494997AD1DBB1989C31C&amp;fieldgguid=&amp;findmodule=%22musique+sacr%E9e%22&amp;tguid=0x0DE70DAC81C5DB4A9C9E41DE3843EACA&amp;strSignMessage=\">&#8222;musique sacr\u00e9e&#8220; oder &#8222;sacr\u00e9e musique&#8220;? \u00dcber Konventionen und Erwartungshaltungen in der Musik oder Musik und ihre Sprachlichkeit (5 CP)<\/a><\/p><\/td><td><\/td><\/tr><tr><td><p>Teil 1: &#8222;musique sacr\u00e9e&#8220; oder &#8222;sacr\u00e9e musique&#8220;? \u00dcber Konventionen und Erwartungshaltungen in der Musik oder Musik und ihre Sprachlichkeit (Blockseminar) , WS 2016\/2017<\/p><\/td><td><\/td><\/tr><tr><td><p>Teil 2a: Universit\u00e4tschor (praktische \u00dcbung), WS 2016\/2017<\/p><\/td><td><\/td><\/tr><tr><td><p>Teil 2b: Universit\u00e4tsorchester (praktische \u00dcbung), WS 2016\/2017<\/p><\/td><td><\/td><\/tr><tr><td><p>G4 Basismodul &#8222;Kunst und Kultur&#8220;<\/p><\/td><td><\/td><\/tr><tr><td><p><\/p><\/td><td><\/td><\/tr><tr><td width=\"90%\"><p><a href=\"https:\/\/vvz.ruhr-uni-bochum.de\/campus\/all\/module.asp?gguid=0x24F417BD264B8E458CE7D8C862763E68&amp;fieldgguid=&amp;mode=&amp;findmodule=Projektmodul&amp;tguid=0x0DE70DAC81C5DB4A9C9E41DE3843EACA\">Projektmodul: Kritische Edition des Schlegel\/Tieck-Shakespeare (10 CP)<\/a><\/p><\/td><td><\/td><\/tr><tr><td><p>Teil 1: Ludwig Tiek und William Shakespeare (A1, V1, inStudies) (Seminar), WS 2016\/17<\/p><\/td><td><\/td><\/tr><tr><td><p>Teil 2: Editionswissenschaftliches Kolloquium (V2, inStudies) (Blockseminar), WS 2016\/17 und SoSe 2017<\/p><\/td><td><\/td><\/tr><tr><td><p>Teil 3: Buch, Satz und Schrift (V2, inStudies) (Blockseminar), WS 2016\/17<\/p><\/td><td><\/td><\/tr><tr><td><p>Teil 4: Der Begriff der Kritik in der Romantik (Seminar), SoSe 2017<\/p><\/td><td><\/td><\/tr><tr><td><p>G2 Intensiv studieren \/ G4 Intensiv studieren<\/p><\/td><td><\/td><\/tr><tr><td><p>Studierende der Allgemeinen und vergleichenden Literaturwissenschaft\/ Komparatistik k\u00f6nnen an dem Modul teilnehmen, sofern die Veranstaltungen nicht zum Fachstudium geh\u00f6ren.<\/p><\/td><td><\/td><\/tr><tr><td><p><\/p><\/td><td><\/td><\/tr><tr><td width=\"90%\"><p><a href=\"https:\/\/vvz.ruhr-uni-bochum.de\/campus\/all\/module.asp?gguid=0xB4B3FCF284536A42A51E4F088244E218&amp;fieldgguid=&amp;findmodule=Situiertes+Wissen&amp;tguid=0x0DE70DAC81C5DB4A9C9E41DE3843EACA&amp;strSignMessage=\">Situiertes Wissen und forschende Praxis: Die Reise als Feld wissenschaftskritischer \u00dcberlegungen (10 CP)<\/a><\/p><\/td><td><\/td><\/tr><tr><td><p>Teil 1: Theoretische Perspektiven (queer-)feministischer und postkolonialer Wissenschaftskritik (Seminar), WS 2016\/17<\/p><\/td><td><\/td><\/tr><tr><td><p>Teil 2: Teil 2: Wissen_schaft und Reisen (Projektseminar), SoSe 2017<\/p><\/td><td><\/td><\/tr><tr><td><p>Teil 3: Teil 3: Abschlusssymposium und Pr\u00e4sentation der Forschungsarbeiten (Pr\u00e4sentation), SoSe 2017<\/p><\/td><td><\/td><\/tr><tr><td><p>G2 Intensiv studieren \/ G4 Intensiv studieren<\/p><\/td><td><\/td><\/tr><tr><td><p><\/p><\/td><td><\/td><\/tr><tr><td><p><\/p><\/td><td><\/td><\/tr><tr><td width=\"90%\"><p><a href=\"https:\/\/vvz.ruhr-uni-bochum.de\/campus\/all\/module.asp?gguid=0x7B39B740E909AC41BF7888967B81F9D2&amp;fieldgguid=&amp;findmodule=unterricht+im+inklusiven&amp;tguid=0x0DE70DAC81C5DB4A9C9E41DE3843EACA&amp;strSignMessage=\">Unterricht im inklusiven Kontext &#8211; Praxisbeobachtungen in der Schule (5 CP)<\/a><\/p><\/td><td><\/td><\/tr><tr><td><p>Teil 1: Unterricht im inklusiven Kontext (Seminar), WS 2016\/2017<\/p><\/td><td><\/td><\/tr><tr><td><p>Teil 2: Praxisbeobachtung (Praktikum), WS 2016\/2017<\/p><\/td><td><\/td><\/tr><tr><td><p>Teil 3: Praxisbeobachtung (Besprechung), WS 2016\/2017<\/p><\/td><td><\/td><\/tr><tr><td><p>G4 Interdisziplin\u00e4r studieren<\/p><\/td><td><\/td><\/tr><\/tbody><\/table><p><\/p><\/div>\n\t\t\t\t<\/div>\n\t\t\t\t\t\t\t<div class=\"elementor-accordion-item\">\n\t\t\t\t\t<div id=\"elementor-tab-title-91610\" class=\"elementor-tab-title\" data-tab=\"10\" role=\"button\" aria-controls=\"elementor-tab-content-91610\" aria-expanded=\"false\">\n\t\t\t\t\t\t\t\t\t\t\t\t\t<span class=\"elementor-accordion-icon elementor-accordion-icon-left\" aria-hidden=\"true\">\n\t\t\t\t\t\t\t\t\t\t\t\t\t\t\t<span class=\"elementor-accordion-icon-closed\"><i class=\"fas fa-plus\"><\/i><\/span>\n\t\t\t\t\t\t\t\t<span class=\"elementor-accordion-icon-opened\"><i class=\"fas fa-minus\"><\/i><\/span>\n\t\t\t\t\t\t\t\t\t\t\t\t\t\t<\/span>\n\t\t\t\t\t\t\t\t\t\t\t\t<a class=\"elementor-accordion-title\" tabindex=\"0\">SoSe 2016<\/a>\n\t\t\t\t\t<\/div>\n\t\t\t\t\t<div id=\"elementor-tab-content-91610\" class=\"elementor-tab-content elementor-clearfix\" data-tab=\"10\" role=\"region\" aria-labelledby=\"elementor-tab-title-91610\"><table width=\"100%\"><tbody><tr><td colspan=\"2\"><p>Grundlagenmodule anderer F\u00e4cher<\/p><\/td><\/tr><tr><td colspan=\"2\"><p>Allgemeine &amp; vergleichende Literaturwissenschaft<\/p><\/td><\/tr><tr><td width=\"90%\"><p>In diesem Semester liegt leider kein Angebot vor.<\/p><\/td><td><\/td><\/tr><tr><td><p><\/p><\/td><td><\/td><\/tr><tr><td colspan=\"2\"><p>Anglistik\/Amerikanistik<\/p><\/td><\/tr><tr><td width=\"90%\"><p><a href=\"https:\/\/vvz.ruhr-uni-bochum.de\/campus\/all\/module.asp?gguid=0x6CDC13A1C2CCC5489F74C3E5A308F17F&amp;fieldgguid=&amp;findmodule=ethnicities&amp;tguid=0x8DF001AFFC178E4AB8EBBF80826CFCEC&amp;strSignMessage=\">Ethnicities in US American Literature and Culture (5 CP)<\/a><\/p><\/td><td><\/td><\/tr><tr><td><p>Teil 1: U.S. Ethnic Literatures (Vorlesung), SoSe 2016<\/p><\/td><td><\/td><\/tr><tr><td><p>Teil 2a: Passing (\u00dcbung), SoSe 2016<\/p><\/td><td><\/td><\/tr><tr><td><p>Teil 2b: Constructions of Race and Ethnicity (\u00dcbung), SoSe 2016<\/p><\/td><td><\/td><\/tr><tr><td><p>G4 Basismodul &#8222;English Literature and Culture&#8220;<\/p><\/td><td><\/td><\/tr><tr><td><p>Studierende der Anglistik\/Amerikanistik k\u00f6nnen an diesem Modul zwar teilnehmen, jedoch keine Credit Points f\u00fcr den Optionalbereich erwerben! Beherrschung der englischen Sprache in Wort und Schrift mind. auf Niveau B2<\/p><\/td><td><\/td><\/tr><tr><td><p><\/p><\/td><td><\/td><\/tr><tr><td width=\"90%\"><p><a href=\"https:\/\/vvz.ruhr-uni-bochum.de\/campus\/all\/module.asp?gguid=0x087FFEE997206646AF105C4212743509&amp;fieldgguid=&amp;findmodule=Literature&amp;tguid=0x8DF001AFFC178E4AB8EBBF80826CFCEC&amp;strSignMessage=\">Literature and Film (5 CP)<\/a><\/p><\/td><td><\/td><\/tr><tr><td><p>Teil 1: Through Artificial Eyes: Visions of the Middle Ages and Medieval Literature in Film (\u00dcbung), SoSe 2016<\/p><\/td><td><\/td><\/tr><tr><td><p>Teil 2: US Literary Classics on Screen (\u00dcbung), SoSe 2016<\/p><\/td><td><\/td><\/tr><tr><td><p>G4 Basismodul &#8222;English Literature and Culture&#8220;<\/p><\/td><td><\/td><\/tr><tr><td><p>Studierende der Anglistik\/Amerikanistik k\u00f6nnen an diesem Modul zwar teilnehmen, jedoch keine Credit Points f\u00fcr den Optionalbereich erwerben! Beherrschung der englischen Sprache in Wort und Schrift mind. auf Niveau B2.<\/p><\/td><td><\/td><\/tr><tr><td><p><\/p><\/td><td><\/td><\/tr><tr><td width=\"90%\"><p><a href=\"https:\/\/vvz.ruhr-uni-bochum.de\/campus\/all\/module.asp?gguid=0xB0C179A6E72AA440BD75FCB80871B66F&amp;fieldgguid=&amp;findmodule=multicultural+britain&amp;tguid=0x8DF001AFFC178E4AB8EBBF80826CFCEC&amp;strSignMessage=\">Multicultural Britain (5 CP)<\/a><\/p><\/td><td><\/td><\/tr><tr><td><p>Teil 1: Multiculturalism (\u00dcbung), SoSe 2016,<\/p><\/td><td><\/td><\/tr><tr><td><p>Teil 2: Re-Reading Classics: Stuart Hall (\u00dcbung), SoSe 2016<\/p><\/td><td><\/td><\/tr><tr><td><p>G4 Basismodul &#8222;English Literature and Culture&#8220;<\/p><\/td><td><\/td><\/tr><tr><td><p>Studierende der Anglistik\/Amerikanistik k\u00f6nnen an diesem Modul zwar teilnehmen, jedoch keine Credit Points f\u00fcr den Optionalbereich erwerben! Beherrschung der englischen Sprache in Wort und Schrift mind. auf Niveau B2.<\/p><\/td><td><\/td><\/tr><tr><td><p><\/p><\/td><td><\/td><\/tr><tr><td width=\"90%\"><p><a href=\"https:\/\/vvz.ruhr-uni-bochum.de\/campus\/all\/module.asp?gguid=0x888F405154EF5A41955D9F6EE80E06E6&amp;fieldgguid=&amp;findmodule=the+english&amp;tguid=0x8DF001AFFC178E4AB8EBBF80826CFCEC&amp;strSignMessage=\">The English Renaissance (5 CP)<\/a><\/p><\/td><td><\/td><\/tr><tr><td><p>Teil 1: Introduction to Renaissance Prose (Vorlesung), SoSe 2016,<\/p><\/td><td><\/td><\/tr><tr><td><p>Teil 2: Reading Measure for Measure (\u00dcbung), SoSe 2016<\/p><\/td><td><\/td><\/tr><tr><td><p>G4 Basismodul &#8222;English Literature and Culture&#8220;<\/p><\/td><td><\/td><\/tr><tr><td><p>Studierende der Anglistik\/Amerikanistik k\u00f6nnen an diesem Modul zwar teilnehmen, jedoch keine Credit Points f\u00fcr den Optionalbereich erwerben! Beherrschung der englischen Sprache in Wort und Schrift mind. auf Niveau B2.<\/p><\/td><td><\/td><\/tr><tr><td><\/td><td><\/td><\/tr><tr><td colspan=\"2\"><p>Arch\u00e4ologische Wissenschaften<\/p><\/td><\/tr><tr><td width=\"90%\"><p><a href=\"https:\/\/vvz.ruhr-uni-bochum.de\/campus\/all\/module.asp?gguid=0x44710C8A6E1FBC408CF677ACAE916BB2&amp;fieldgguid=&amp;findmodule=das+antike&amp;tguid=0x8DF001AFFC178E4AB8EBBF80826CFCEC&amp;strSignMessage=\">Das antike Athen (5 CP)<\/a><\/p><\/td><td><\/td><\/tr><tr><td><p>Teil 1: Topographie des antiken Athen (Vorlesung), SoSe 2016<\/p><\/td><td><\/td><\/tr><tr><td><p>Teil 2: Neue Funde und Forschungen (Kolloquium), SoSe 2016<\/p><\/td><td><\/td><\/tr><tr><td><p>G4 Basismodul &#8222;Schwerpunkt Klassische Arch\u00e4ologie&#8220;<\/p><\/td><td><\/td><\/tr><tr><td><p>Studierende der ArWi k\u00f6nnen in diesem Modul keine Kreditpunkte f\u00fcr den Optionalbereich erwerben!<\/p><\/td><td><\/td><\/tr><tr><td><p><\/p><\/td><td><\/td><\/tr><tr><td width=\"90%\"><p><a href=\"https:\/\/vvz.ruhr-uni-bochum.de\/campus\/all\/module.asp?gguid=0xC4C624B701961842AA743EE9A8EFF399&amp;fieldgguid=&amp;findmodule=kelten&amp;tguid=0x8DF001AFFC178E4AB8EBBF80826CFCEC&amp;strSignMessage=\">Kelten, R\u00f6mer und Germanen (5 CP)<\/a><\/p><\/td><td><\/td><\/tr><tr><td><p>Teil 1: \u00dcberblick \u00fcber die \u00dcbergangs- und \u00e4ltere r\u00f6mische Kaiserzeit (Vorlesung), SoSe 2016<\/p><\/td><td><\/td><\/tr><tr><td><p>Teil 2: Neue Funde und Forschungen (Kolloquium), SoSe 2016<\/p><\/td><td><\/td><\/tr><tr><td><p>G4 Basismodul &#8222;Schwerpunkt Ur- und Fr\u00fchgeschichte&#8220;<\/p><\/td><td><\/td><\/tr><tr><td><p>Studierende der ArWi k\u00f6nnen in diesem Modul keine Kreditpunkte f\u00fcr den Optionalbereich erwerben!<\/p><\/td><td><\/td><\/tr><tr><td><p><\/p><\/td><td><\/td><\/tr><tr><td width=\"90%\"><p><a href=\"https:\/\/vvz.ruhr-uni-bochum.de\/campus\/all\/module.asp?gguid=0xD285A45A1298D24EA0B0CAAD9A99DC93&amp;fieldgguid=&amp;mode=&amp;findmodule=wirtschaft&amp;tguid=0x8DF001AFFC178E4AB8EBBF80826CFCEC\">Wirtschaft und Rohstoffe vor der Antike (5 CP)<\/a><\/p><\/td><td><\/td><\/tr><tr><td><p>Teil 1: Rohrstoffe und Wirtschaftsstrukturen in den \u00e4lteren Epochen der Ur- und Fr\u00fchgeschichte (Vorlesung), SoSe 2016<\/p><\/td><td><\/td><\/tr><tr><td><p>Teil 2: Neue Funde und Forschungen (Kolloquium), SoSe 2016<\/p><\/td><td><\/td><\/tr><tr><td><p>G4 Basismodul &#8222;Schwerpunkt Ur- und Fr\u00fchgeschichte&#8220;<\/p><\/td><td><\/td><\/tr><tr><td><p>Studierende der ArWi k\u00f6nnen in diesem Modul keine Kreditpunkte f\u00fcr den Optionalbereich erwerben!<\/p><\/td><td><\/td><\/tr><tr><td><\/td><td><\/td><\/tr><tr><td colspan=\"2\"><p>Biologie<\/p><\/td><\/tr><tr><td width=\"90%\"><p><a href=\"https:\/\/vvz.ruhr-uni-bochum.de\/campus\/all\/module.asp?gguid=0x412759F0866BA8469D8037F5819603E1&amp;fieldgguid=&amp;findmodule=botanik&amp;tguid=0x8DF001AFFC178E4AB8EBBF80826CFCEC&amp;strSignMessage=\">Botanik im Alltag (Optionalbereich) (5 CP)<\/a><\/p><\/td><td><\/td><\/tr><tr><td><p>Teil 1: \u00dcbungen zum Thema &#8222;Botanik im Alltag&#8220;, SoSe 2016<\/p><\/td><td><\/td><\/tr><tr><td><p>Teil 2: Exkursionen zum Thema &#8222;Botanik im Alltag&#8220;, SoSe 2016<\/p><\/td><td><\/td><\/tr><tr><td><p>G4 Botanik im Alltag<\/p><\/td><td><\/td><\/tr><tr><td><p><\/p><\/td><td><\/td><\/tr><tr><td width=\"90%\"><p><a href=\"https:\/\/vvz.ruhr-uni-bochum.de\/campus\/all\/module.asp?gguid=0x306E55F4746E234790657E261BB8F168&amp;fieldgguid=&amp;findmodule=botanische&amp;tguid=0x8DF001AFFC178E4AB8EBBF80826CFCEC&amp;strSignMessage=\">Botanische Bestimmungs\u00fcbungen (Optionalbereich) (5 CP)<\/a><\/p><\/td><td><\/td><\/tr><tr><td><p>Teil 1: Botanische Bestimmungs\u00fcbungen (\u00dcbung), SoSe 2016<\/p><\/td><td><\/td><\/tr><tr><td><p>Teil 2: Exkursionen zu den Botanischen Bestimmungs\u00fcbungen (Exkursion), SoSe 2016<\/p><\/td><td><\/td><\/tr><tr><td><p>G4 Botanische Bestimmungs\u00fcbungen<\/p><\/td><td><\/td><\/tr><tr><td><p>Biologiestudierende (B.Sc.) und Geographiestudierende (B.Sc.) k\u00f6nnen in diesem Modul keine Kreditpunkte f\u00fcr den Optionalbereich erwerben!<\/p><\/td><td><\/td><\/tr><tr><td><p><\/p><\/td><td><\/td><\/tr><tr><td width=\"90%\"><p><a href=\"https:\/\/vvz.ruhr-uni-bochum.de\/campus\/all\/module.asp?gguid=0x6B2118B17BB1A54E88B1A4C08DF98E14&amp;fieldgguid=&amp;mode=&amp;findmodule=G%E4rtnern&amp;tguid=0x8DF001AFFC178E4AB8EBBF80826CFCEC\">G\u00e4rtnern f\u00fcr Nicht-Biologen (5 CP)<\/a><\/p><\/td><td><\/td><\/tr><tr><td><p>Teil 1: G\u00e4rtnern f\u00fcr Nicht-Biologen (Vorlesung), SoSe 2016<\/p><\/td><td><\/td><\/tr><tr><td><p>Teil 2: G\u00e4rtnern f\u00fcr Nicht-Biologen (\u00dcbung), SoSe 2016<\/p><\/td><td><\/td><\/tr><tr><td><p>G4 G\u00e4rtnern f\u00fcr Nicht-Biologen<\/p><\/td><td><\/td><\/tr><tr><td><p>Eine Mitarbeit in der Studigarten-Initiative des ASTA ist erw\u00fcnscht. Das Modul richtet sich ausdr\u00fccklich an Nicht-Biologen. Eine aktuelle Tetanus-Impfung ist Teilnahmevoraussetzung.<\/p><\/td><td><\/td><\/tr><tr><td><p><\/p><\/td><td><\/td><\/tr><tr><td width=\"90%\"><p><a href=\"https:\/\/vvz.ruhr-uni-bochum.de\/campus\/all\/module.asp?gguid=0x21B561FC39289F48B5D5488C48EBDD2D&amp;fieldgguid=&amp;mode=&amp;findmodule=Gr%FCne&amp;tguid=0x8DF001AFFC178E4AB8EBBF80826CFCEC\">Gr\u00fcne Gentechnik: Genfood und mehr (5 CP)<\/a><\/p><\/td><td><\/td><\/tr><tr><td><p>Teil 1: Gr\u00fcne Gentechnik: Genfood und mehr (Vorlesung), SoSe 2016<\/p><\/td><td><\/td><\/tr><tr><td><p>Teil 2: Gr\u00fcne Gentechnik: Genfood und mehr (\u00dcbung), SoSe 2016<\/p><\/td><td><\/td><\/tr><tr><td><p>Teil 3: Gr\u00fcne Gentechnik: Genfood und mehr (Seminar), SoSe 2016<\/p><\/td><td><\/td><\/tr><tr><td><p>G4 Gr\u00fcne Gentechnik: Genfood und mehr<\/p><\/td><td><\/td><\/tr><tr><td><p><\/p><\/td><td><\/td><\/tr><tr><td width=\"90%\"><p><a href=\"https:\/\/vvz.ruhr-uni-bochum.de\/campus\/all\/module.asp?gguid=0xC4C29E2B3FA1BA4DAB79305592A8EFB6&amp;fieldgguid=&amp;findmodule=Marine&amp;tguid=0x8DF001AFFC178E4AB8EBBF80826CFCEC&amp;strSignMessage=\">Marine Lebensr\u00e4ume des Atlantiks &#8211; meeresbiologische Exkursion auf die Azoren (5 CP)<\/a><\/p><\/td><td><\/td><\/tr><tr><td><p>Teil 1: Vorbereitungsworkshop, SoSe 2016<\/p><\/td><td><\/td><\/tr><tr><td><p>Teil 1: Selbstst\u00e4ndige vorbereitende Lekt\u00fcre und Vortragsvorbereitung, SoSe 2016<\/p><\/td><td><\/td><\/tr><tr><td><p>Teil 2: Exkursion (29.04.2016 &#8211; 15.05.2016), SoSe 2016<\/p><\/td><td><\/td><\/tr><tr><td><p>G4 Marine Lebensr\u00e4ume des Atlantiks &#8211; meeresbiologische Exkursion auf die Azoren<\/p><\/td><td><\/td><\/tr><tr><td><p>Dieses Modul kann nicht von Studierenden der 1-Fach Biologie belegt werden.<\/p><\/td><td><\/td><\/tr><tr><td><p><\/p><\/td><td><\/td><\/tr><tr><td width=\"90%\"><p><a href=\"https:\/\/vvz.ruhr-uni-bochum.de\/campus\/all\/module.asp?gguid=0xBD7726EFB6803A4DA9F5CDCAEE7FDE4F&amp;fieldgguid=&amp;mode=&amp;findmodule=Methoden+der&amp;tguid=0x8DF001AFFC178E4AB8EBBF80826CFCEC\">Methoden der Bioinformatik (Optionalbereich) (5 CP)<\/a><\/p><\/td><td><\/td><\/tr><tr><td><p>Teil 1: Methoden der Bioinformatik (Vorlesung), SoSe 2016<\/p><\/td><td><\/td><\/tr><tr><td><p>Teil 2: Methoden der Bioinformatik (\u00dcbungen), SoSe 2016<\/p><\/td><td><\/td><\/tr><tr><td><p>G4 Methoden der Bioinformatik<\/p><\/td><td><\/td><\/tr><tr><td><p><\/p><\/td><td><\/td><\/tr><tr><td width=\"90%\"><p><a href=\"https:\/\/vvz.ruhr-uni-bochum.de\/campus\/all\/module.asp?gguid=0xBA864F4E6DC7294891B9AC8E42024173&amp;fieldgguid=&amp;mode=&amp;findmodule=Monster&amp;tguid=0x8DF001AFFC178E4AB8EBBF80826CFCEC\">Monster, Minds and Molecules (5 CP)<\/a><\/p><\/td><td><\/td><\/tr><tr><td><p>Teil 1: Monster, Minds and Molecules &#8211; molekularzellul\u00e4re Grundlagen (Vorlesung), SoSe 2016<\/p><\/td><td><\/td><\/tr><tr><td><p>Teil 2: Monster, Minds and Molecules &#8211; Krankheitsbilder (Seminar), SoSe 2016<\/p><\/td><td><\/td><\/tr><tr><td><p>G4 Monster, Minds and Molecules &#8211; die Entwicklung der Hirnrinde bei S\u00e4ugetieren<\/p><\/td><td><\/td><\/tr><tr><td><p>Grundlagen der Zellbiologie oder Neurobiologie im Umfang eines Leistungskurses Biologie \/ Sek II oder einer Grundvorlesung in Zellbiologie oder Neurobiologie sind erforderlich.;<\/p><\/td><td><\/td><\/tr><tr><td><p><\/p><\/td><td><\/td><\/tr><tr><td width=\"90%\"><p><a href=\"https:\/\/vvz.ruhr-uni-bochum.de\/campus\/all\/module.asp?gguid=0x9F00B032D155DD4B86B5E1850493A912&amp;fieldgguid=&amp;findmodule=Praktische+Bienenkunde&amp;tguid=0x8DF001AFFC178E4AB8EBBF80826CFCEC&amp;strSignMessage=\">Praktische Bienenkunde (Optionalbereich) (5 CP)<\/a><\/p><\/td><td><\/td><\/tr><tr><td><p>Teil 1: Einf\u00fchrung in die Bienenkunde (Vorlesung), SoSe 2016<\/p><\/td><td><\/td><\/tr><tr><td><p>Teil 2: \u00dcbungen zur Bienenkunde und Imkerei (\u00dcbung), SoSe 2016<\/p><\/td><td><\/td><\/tr><tr><td><p>G4 Praktische Bienenkunde<\/p><\/td><td><\/td><\/tr><tr><td><p><\/p><\/td><td><\/td><\/tr><tr><td width=\"90%\"><p><a href=\"https:\/\/vvz.ruhr-uni-bochum.de\/campus\/all\/module.asp?gguid=0x93EB5C031C0E854F99D5E9952EE24ECF&amp;fieldgguid=&amp;mode=&amp;findmodule=%DCberleben+von&amp;tguid=0x8DF001AFFC178E4AB8EBBF80826CFCEC\">\u00dcberleben von motorischen Nervenzellen (Optionalbereich) (5 CP)<\/a><\/p><\/td><td><\/td><\/tr><tr><td><p>Teil 1: Artikelpr\u00e4sentation: \u00dcberleben von motorischen Nervenzellen (Seminar), SoSe 2016<\/p><\/td><td><\/td><\/tr><tr><td><p>Teil 2: Literaturseminar: \u00dcberleben von motorischen Nervenzellen (Seminar), SoSe 2016<\/p><\/td><td><\/td><\/tr><tr><td><p>G4 \u00dcberleben von motorischen Nervenzellen<\/p><\/td><td><\/td><\/tr><tr><td><\/td><td><\/td><\/tr><tr><td colspan=\"2\"><p>Chemie<\/p><\/td><\/tr><tr><td width=\"90%\"><p><a href=\"https:\/\/vvz.ruhr-uni-bochum.de\/campus\/all\/module.asp?gguid=0xFBF972ADA281E7439D85205828CA8F4B&amp;fieldgguid=&amp;mode=&amp;findmodule=Einf%FChrung+in+die+Bi&amp;tguid=0x8DF001AFFC178E4AB8EBBF80826CFCEC\">Einf\u00fchrung in die Biochemie (5 CP)<\/a><\/p><\/td><td><\/td><\/tr><tr><td><p>Teil 1: Einf\u00fchrung in die Biochemie (Vorlesung), SoSe 2016<\/p><\/td><td><\/td><\/tr><tr><td><p>Teil 2: Einf\u00fchrung in die Biochemie (\u00dcbung), SoSe 2016<\/p><\/td><td><\/td><\/tr><tr><td><p>G4 Basismodul &#8222;Grundlagen der Biochemie&#8220;<\/p><\/td><td><\/td><\/tr><tr><td><p><\/p><\/td><td><\/td><\/tr><tr><td width=\"90%\"><p><a href=\"https:\/\/vvz.ruhr-uni-bochum.de\/campus\/all\/module.asp?gguid=0xBA76269A9E3A624C976194D30D1F4AC7&amp;fieldgguid=&amp;mode=&amp;findmodule=Methoden+der+Strukturanalyse+II&amp;tguid=0x8DF001AFFC178E4AB8EBBF80826CFCEC\">Methoden der Strukturanalyse II &#8211; R\u00f6ntgenstrukturanalyse (5 CP)<\/a><\/p><\/td><td><\/td><\/tr><tr><td><p>Teil 1: Methoden der Strukturanalyse II (R\u00f6ntgenstruktur- und Elektronendichteanalyse) (Vorlesung), SoSe 2016<\/p><\/td><td><\/td><\/tr><tr><td><p>Teil 2: \u00dcbungen zur Vorlesung &#8222;Methoden der Strukturanalyse II&#8220; (\u00dcbung), SoSe 2016<\/p><\/td><td><\/td><\/tr><tr><td><p>G4 Basismodul R\u00f6ntgenstrukturanalyse<\/p><\/td><td><\/td><\/tr><tr><td><p>Studierende der 1-Fach-Bachelorstudieng\u00e4nge Chemie und Biochemie k\u00f6nnen an diesem Modul nicht teilnehmen!<\/p><\/td><td><\/td><\/tr><tr><td><p><\/p><\/td><td><\/td><\/tr><tr><td width=\"90%\"><p><a href=\"https:\/\/vvz.ruhr-uni-bochum.de\/campus\/all\/module.asp?gguid=0x82441A8D2661974D847BFCF0471C952A&amp;fieldgguid=&amp;findmodule=Organische+Chemie+1&amp;tguid=0x8DF001AFFC178E4AB8EBBF80826CFCEC&amp;strSignMessage=\">Organische Chemie 1 (5 CP)<\/a><\/p><\/td><td><\/td><\/tr><tr><td><p>Teil 1: Organische Chemie 1 (Vorlesung), SoSe 2016<\/p><\/td><td><\/td><\/tr><tr><td><p>Teil 2: Organische Chemie 1 (\u00dcbung), SoSe 2016<\/p><\/td><td><\/td><\/tr><tr><td><p>G4 Basismodul &#8222;Grundlagen der Chemie&#8220;<\/p><\/td><td><\/td><\/tr><tr><td><p>Studierende der Chemie k\u00f6nnen an diesem Modul nicht teilnehmen!<\/p><\/td><td><\/td><\/tr><tr><td><\/td><td><\/td><\/tr><tr><td colspan=\"2\"><p>Erziehungswissenschaften<\/p><\/td><\/tr><tr><td width=\"90%\"><p><a href=\"https:\/\/vvz.ruhr-uni-bochum.de\/campus\/all\/module.asp?gguid=0xFFA7A2D98BD94A4A94D4C9A13B364E7B&amp;fieldgguid=&amp;mode=&amp;findmodule=Bildungswissenschaftliches+Basismodul&amp;tguid=0x8DF001AFFC178E4AB8EBBF80826CFCEC\">Bildungswissenschaftliches Basismodul (ab SoSe 2015) (9 CP)<\/a><\/p><\/td><td><\/td><\/tr><tr><td><p>Teil 1: Erziehungs- und Bildungstheorien (\u00dcberblicksvorlesung), SoSe 2016<\/p><\/td><td><\/td><\/tr><tr><td><p>Teil 2: Einf\u00fchrung in Lern- und Entwicklungstheorien (\u00dcberblicksvorlesung), SoSe 2016<\/p><\/td><td><\/td><\/tr><tr><td><p>Teil 3: Theorien der Sozialisation (\u00dcberblicksvorlesung), SoSe 2016<\/p><\/td><td><\/td><\/tr><tr><td><p>Teil 4: Schule als Beruf: Perspektiven f\u00fcr angehende Lehrerinnen und Lehrer (\u00dcberblicksvorlesung), SoSe 2016<\/p><\/td><td><\/td><\/tr><tr><td><\/td><td><\/td><\/tr><tr><td><p>G4 &#8222;EWL zum M.Ed.&#8220;<\/p><\/td><td><\/td><\/tr><tr><td><p>Modul kann in 1, 2, 3 oder 4 Semestern abgeschlossen werden. Studierende, die das Fach Erziehungswissenschaft im 2-Fach-B. A.-Studiengang studieren und das M. Ed.-Studium anschlie\u00dfen m\u00f6chten, absolvieren anstelle des &#8222;Bildungswissenschaftlichen Basismoduls&#8220; in Gebiet 4 das Modul &#8222;Berufsziel Lehramt: Empirische Forschung&#8220; in Gebiet 3, da die Vorlesungen &#8222;Erziehungs- und Bildungstheorien&#8220;, &#8222;Einf\u00fchrung in Lern- und Entwicklungstheorien&#8220; und &#8222;Theorien der Sozialisation&#8220; bereits zu ihrem Fachstudium geh\u00f6ren.<\/p><\/td><td><\/td><\/tr><tr><td><p><\/p><\/td><td><\/td><\/tr><tr><td width=\"90%\"><p><a href=\"https:\/\/vvz.ruhr-uni-bochum.de\/campus\/all\/module.asp?gguid=0x8A6A3C9715709943B54F2320CA9026CB&amp;fieldgguid=&amp;mode=&amp;findmodule=Bildungswissenschaftliches+Basismodul&amp;tguid=0x8DF001AFFC178E4AB8EBBF80826CFCEC\">Bildungswissenschaftliches Basismodul (9 CP)<\/a> !Nur als Fortsetzung!<\/p><\/td><td><\/td><\/tr><tr><td><p>Teil 1: Erziehungs- und Bildungstheorien (\u00dcberblicksvorlesung), SoSe 2016<\/p><\/td><td><\/td><\/tr><tr><td><p>Teil 2: Lern- und Entwicklungstheorien (\u00dcberblicksvorlesung), SoSe 2016<\/p><\/td><td><\/td><\/tr><tr><td><p>Teil 3: Theorien der Sozialisation (\u00dcberblicksvorlesung), SoSe 2016<\/p><\/td><td><\/td><\/tr><tr><td><p>Teil 4: Schule als Beruf: Perspektiven f\u00fcr angehende Lehrerinnen und Lehrer (ehemals Lehrerberuf, Lehrerbildung, Lehrerprofessionalit\u00e4t) (\u00dcberblicksvorlesung), SoSe 2016<\/p><\/td><td><\/td><\/tr><tr><td><\/td><td><\/td><\/tr><tr><td><p>G4 &#8222;EWL zum M.Ed.&#8220;<\/p><\/td><td><\/td><\/tr><tr><td><p>Modul kann in 1, 2, 3 oder 4 Semestern abgeschlossen werden. Studierende, die das Fach Erziehungswissenschaft im 2-Fach-B. A.-Studiengang studieren und das M. Ed.-Studium anschlie\u00dfen m\u00f6chten, absolvieren anstelle des &#8222;Bildungswissenschaftlichen Basismoduls&#8220; in Gebiet 4 das Modul &#8222;Berufsziel Lehramt: Empirische Forschung&#8220; in Gebiet 3, da die Vorlesungen &#8222;Erziehungs- und Bildungstheorien&#8220;, &#8222;Einf\u00fchrung in Lern- und Entwicklungstheorien&#8220; und &#8222;Theorien der Sozialisation&#8220; bereits zu ihrem Fachstudium geh\u00f6ren.<\/p><\/td><td><\/td><\/tr><tr><td><\/td><td><\/td><\/tr><tr><td colspan=\"2\"><p>Evangelische Theologie<\/p><\/td><\/tr><tr><td width=\"90%\"><p>In diesem Semester liegt leider kein Angebot vor.<\/p><\/td><td><\/td><\/tr><tr><td><p><\/p><\/td><td><\/td><\/tr><tr><td colspan=\"2\"><p>Geographie<\/p><\/td><\/tr><tr><td width=\"90%\"><p><a href=\"https:\/\/vvz.ruhr-uni-bochum.de\/campus\/all\/module.asp?gguid=0x48631C36E29B1A4FB24C479629A2DC51&amp;fieldgguid=&amp;findmodule=Exkursion+Spitzbergen+-+Geographie+und+R&amp;tguid=0x8DF001AFFC178E4AB8EBBF80826CFCEC&amp;strSignMessage=\">Exkursion Spitzbergen &#8211; Geographie und Raum der Arktis (5 CP)<\/a><\/p><\/td><td><\/td><\/tr><tr><td><p>Teil 1: Blockseminar 17.06., 24.06. und 01.07.2016, SoSe 2016<\/p><\/td><td><\/td><\/tr><tr><td><p>Teil 2: Exkursion, Semesterferien, 12 Tage zwischen dem 30.07. und 10.08.2016, SoSe 2016<\/p><\/td><td><\/td><\/tr><tr><td><p>Teil 3: Nachbereitung, Selbstst\u00e4ndige Erarbeitung eines Exkursionsreaders, SoSe 2016<\/p><\/td><td><\/td><\/tr><tr><td><p>G4 Geographie auf Achse<\/p><\/td><td><\/td><\/tr><tr><td><p>Geographie-Studierende k\u00f6nnen an diesem Modul nicht teilnehmen.<\/p><\/td><td><\/td><\/tr><tr><td><p>K\u00f6rperliche Fitness ist auf der Exkursion Grundvoraussetzung.<\/p><\/td><td><\/td><\/tr><tr><td><p><\/p><\/td><td><\/td><\/tr><tr><td width=\"90%\"><p><a href=\"https:\/\/vvz.ruhr-uni-bochum.de\/campus\/all\/module.asp?gguid=0xF828851F039F9F4C9D03EFA21D88E058&amp;fieldgguid=&amp;mode=&amp;findmodule=geog&amp;tguid=0x8DF001AFFC178E4AB8EBBF80826CFCEC\">Geographie auf Achse (5 CP)<\/a><\/p><\/td><td><\/td><\/tr><tr><td><p>Teil 1: Geographie auf Achse: Reisen und Exkursionen in aller Welt (Vorlesung), SoSe 2016<\/p><\/td><td><\/td><\/tr><tr><td><p>Teil 2: Geographie auf Achse: Reisen und Exkursionen in aller Welt (\u00dcbung), SoSe 2016<\/p><\/td><td><\/td><\/tr><tr><td><p>G4 Geographie auf Achse<\/p><\/td><td><\/td><\/tr><tr><td><p>Geographie-Studierende k\u00f6nnen an diesem Modul nicht teilnehmen.<\/p><\/td><td><\/td><\/tr><tr><td><p><\/p><\/td><td><\/td><\/tr><tr><td width=\"90%\"><p><a href=\"https:\/\/vvz.ruhr-uni-bochum.de\/campus\/all\/module.asp?gguid=0x4F1A19714DBF7244874FFE8460291D9F&amp;fieldgguid=&amp;findmodule=geographien&amp;tguid=0x8DF001AFFC178E4AB8EBBF80826CFCEC&amp;strSignMessage=\">Geographien der Flucht (5 CP)<\/a><\/p><\/td><td><\/td><\/tr><tr><td><p>Teil 1 und 2: Geographien der Flucht (Seminar), SoSe 2016<\/p><\/td><td><\/td><\/tr><tr><td><p>G4 Basismodul Identit\u00e4t und Differenz<\/p><\/td><td><\/td><\/tr><tr><td><\/td><td><\/td><\/tr><tr><td colspan=\"2\"><p>Germanistik<\/p><\/td><\/tr><tr><td width=\"90%\"><p>In diesem Semester liegt leider kein Angebot vor.<\/p><\/td><td><\/td><\/tr><tr><td><p><\/p><\/td><td><\/td><\/tr><tr><td colspan=\"2\"><p>Geschichte<\/p><\/td><\/tr><tr><td width=\"90%\"><p><a href=\"https:\/\/vvz.ruhr-uni-bochum.de\/campus\/all\/module.asp?gguid=0x35C48107C366994BB008D80B80FD26DA&amp;error=&amp;expand=0x8DF001AFFC178E4AB8EBBF80826CFCEC&amp;tguid=0x8DF001AFFC178E4AB8EBBF80826CFCEC#0x8DF001AFFC178E4AB8EBBF80826CFCEC\">Die USA als Einwanderungsland(5 CP) Neu ab dem 21.03.2016!<\/a><\/p><\/td><td><\/td><\/tr><tr><td><p>Teil 1: Politische Polizei und Geheimdienste in Deutschland und den USA (Vorlesung), SoSe 2016<\/p><\/td><td><\/td><\/tr><tr><td><p>Teil 2: Die USA als Einwanderungsland (Seminar), SoSe 2016<\/p><\/td><td><\/td><\/tr><tr><td><p>G4 Basismodul &#8222;Neuere und Neueste Geschichte&#8220;<\/p><\/td><td><\/td><\/tr><tr><td><p>Achtung: Studierende der Geschichte k\u00f6nnen an diesem Modul nur teilnehmen, wenn die Vorlesung (Teil 1) nicht Bestandteil eines Fachmoduls oder eines anderen Moduls im Optionalbereich ist! Studierende, die das Modul &#8222;Journalistische Textsorten&#8220; besuchen, k\u00f6nnen an diesem Modul nicht teilnehmen!<\/p><\/td><td><\/td><\/tr><tr><td><p><\/p><\/td><td><\/td><\/tr><tr><td width=\"90%\"><p><a href=\"https:\/\/vvz.ruhr-uni-bochum.de\/campus\/all\/module.asp?gguid=0x7C565A5F9FDD0641A83CB57415ABEB4D&amp;fieldgguid=&amp;findmodule=Kriegsgeschichte&amp;tguid=0x8DF001AFFC178E4AB8EBBF80826CFCEC&amp;strSignMessage=\">Kriegsgeschichte im Mittelalter (5 CP)<\/a><\/p><\/td><td><\/td><\/tr><tr><td><p>Teil 1: Der Krieg im Mittelalter: Vorstellungen und soziale Praxis (\u00dcbung f\u00fcr Fortgeschrittene), SoSe 2016<\/p><\/td><td><\/td><\/tr><tr><td><p>Teil 2: Quellenlese\u00fcbung (\u00dcbung zu speziellen Methoden und Theorien, SoSe 2016<\/p><\/td><td><\/td><\/tr><tr><td><p>G4 Basismodul &#8222;Neuere und Neueste Geschichte&#8220;<\/p><\/td><td><\/td><\/tr><tr><td><p>Studierende des BA Geschichte k\u00f6nnen dieses Modul nur f\u00fcr den Optionalbereich verwenden, wenn die Modulbestandteile nicht Bestandteil des Fachstudiums sind!<\/p><\/td><td><\/td><\/tr><tr><td><p><\/p><\/td><td><\/td><\/tr><tr><td width=\"90%\"><p><a href=\"https:\/\/vvz.ruhr-uni-bochum.de\/campus\/all\/module.asp?gguid=0xAC05433EE1E6334E983985A6AA9039D7&amp;fieldgguid=&amp;findmodule=die+geschichte+der&amp;tguid=0x8DF001AFFC178E4AB8EBBF80826CFCEC&amp;strSignMessage=\">Die Geschichte der Menschenrechte von 1945 bis zur Gegenwart (5 CP) Neu ab dem 21.03.2016!<\/a><\/p><\/td><td><\/td><\/tr><tr><td><p>Teil 1: National Historiographies in Global Historical Perspective (Vorlesung) , SoSe 2016<\/p><\/td><td><\/td><\/tr><tr><td><p>Teil 2: Die Geschichte der Menschenrechte vom 1945 bis zur Gegenwart , SoSe 2016<\/p><\/td><td><\/td><\/tr><tr><td><p>G4 Basismodul &#8222;Neuere und Neueste Geschichte&#8220;<\/p><\/td><td><\/td><\/tr><tr><td><p>Achtung: Studierende der Geschichte k\u00f6nnen an diesem Modul nur teilnehmen, wenn die Vorlesung (Teil 1) nicht Bestandteil eines Fachmoduls oder eines anderen Moduls im Optionalbereich ist!<\/p><\/td><td><\/td><\/tr><tr><td><\/td><td><\/td><\/tr><tr><td colspan=\"2\"><p>Katholische Theologie<\/p><\/td><\/tr><tr><td width=\"90%\"><p><a href=\"https:\/\/vvz.ruhr-uni-bochum.de\/campus\/all\/module.asp?gguid=0x36C1998D0016664093B9A45C194D9795&amp;fieldgguid=&amp;findmodule=Ausgew%E4hlte+Schwerpunkte+der+Kirchengesc&amp;tguid=0x8DF001AFFC178E4AB8EBBF80826CFCEC&amp;strSignMessage=\">Ausgew\u00e4hlte Schwerpunkte der Kirchengeschichte (5 CP)<\/a><\/p><\/td><td><\/td><\/tr><tr><td><p>Teil 1: Die Begegnung der Christen mit den anderen Religionen: Archaische Religionen, Judentum, Islam (Vorlesung), SoSe 2016<\/p><\/td><td><\/td><\/tr><tr><td><p>Teil 2: Kirche in der BRD: Konzil und pluralistische Gesellschaft (Hauptseminar), SoSe 2016<\/p><\/td><td><\/td><\/tr><tr><td><p>G4 Entwicklungslinien des Christentums<\/p><\/td><td><\/td><\/tr><tr><td><p>Studierende der Katholischen Theologie k\u00f6nnen an diesem Modul zwar teilnehmen, jedoch keine Credit Points f\u00fcr den Optionalbereich erwerben!<\/p><\/td><td><\/td><\/tr><tr><td><p><\/p><\/td><td><\/td><\/tr><tr><td width=\"90%\"><p><a href=\"https:\/\/vvz.ruhr-uni-bochum.de\/campus\/all\/module.asp?gguid=0x34F2242622EB174184AA7E278DCBE0B4&amp;fieldgguid=&amp;findmodule=Gott+und+politik&amp;tguid=0x8DF001AFFC178E4AB8EBBF80826CFCEC&amp;strSignMessage=\">Gott und Politik im Spiegel des Neuen Testaments (5 CP)<\/a><\/p><\/td><td><\/td><\/tr><tr><td><p>Teil 1: Zeitwende? Religion und Politik zwischen Rom und Jerusalem (Vorlesung), SoSe 2016<\/p><\/td><td><\/td><\/tr><tr><td><p>Teil 2: Jeus in der Kritik. Streitgespr\u00e4che der Evangelien &#8211; Formen, Themen und Pointen (Hauptseminar), SoSe 2016<\/p><\/td><td><\/td><\/tr><tr><td><p>G4 Politik und Religion<\/p><\/td><td><\/td><\/tr><tr><td><p>Wer dieses Modul belegt, kann nicht auch Religionskritik im fr\u00fchen Christentum belegen.<\/p><\/td><td><\/td><\/tr><tr><td><p><\/p><\/td><td><\/td><\/tr><tr><td width=\"90%\"><p><a href=\"https:\/\/vvz.ruhr-uni-bochum.de\/campus\/all\/module.asp?gguid=0xA62DBB22AFD4BE4EA610603744E14D0B&amp;fieldgguid=&amp;findmodule=Gottesdienst+im+Wandel&amp;tguid=0x8DF001AFFC178E4AB8EBBF80826CFCEC&amp;strSignMessage=\">Gottesdienst im Wandel (5 CP)<\/a><\/p><\/td><td><\/td><\/tr><tr><td><p>Teil 1: Geschichte der Liturgie (Vorlesung), SoSe 2016<\/p><\/td><td><\/td><\/tr><tr><td><p>Teil 2: Gottesdienst im 19. Jahrhundert (Lekt\u00fcrekurs), SoSe 2016<\/p><\/td><td><\/td><\/tr><tr><td><p>G4 Christentum und Kultur<\/p><\/td><td><\/td><\/tr><tr><td><p>Studierende der Katholischen Theologie k\u00f6nnen sich dieses Modul nicht anrechnen lassen, wenn sie es als Teil des Curriculums besuchen.<\/p><\/td><td><\/td><\/tr><tr><td><p><\/p><\/td><td><\/td><\/tr><tr><td width=\"90%\"><p><a href=\"https:\/\/vvz.ruhr-uni-bochum.de\/campus\/all\/module.asp?gguid=0x8505D89E8D290A41A2AF4D7626B43DCC&amp;fieldgguid=&amp;findmodule=Jugendliche+Religiosit%E4t+im+Spiegel+von&amp;tguid=0x8DF001AFFC178E4AB8EBBF80826CFCEC&amp;strSignMessage=\">Jugendliche Religiosit\u00e4t im Spiegel von Kirche und Social Media (5 CP)<\/a><\/p><\/td><td><\/td><\/tr><tr><td><p>Teil 1: &#8222;Red&#8216; nich&#8216; &#8211; zeig&#8217;s mir!&#8220; Jugendpastoral im iconic turn der Gegenwartsgesellschaft (Vorlesung), SoSe 2016<\/p><\/td><td><\/td><\/tr><tr><td><p>Teil 2: Glaubenskommunikation in den Chancen von Twitter, Facebook &amp; Co. (Blockseminar), SoSe 2016<\/p><\/td><td><\/td><\/tr><tr><td><p>G4 Religion und Moderne<\/p><\/td><td><\/td><\/tr><tr><td><p>Studierende der Katholischen Theologie k\u00f6nnen an diesem Modul nicht teilnehmen.<\/p><\/td><td><\/td><\/tr><tr><td><p><\/p><\/td><td><\/td><\/tr><tr><td width=\"90%\"><p><a href=\"https:\/\/vvz.ruhr-uni-bochum.de\/campus\/all\/module.asp?gguid=0xBF43771B164B2442A2C699A003898982&amp;fieldgguid=&amp;findmodule=Religionskritik&amp;tguid=0x8DF001AFFC178E4AB8EBBF80826CFCEC&amp;strSignMessage=\">Religionskritik im fr\u00fchen Christentum (5 CP)<\/a><\/p><\/td><td><\/td><\/tr><tr><td><p>Teil 1: Im Lichte der Vollendung. Die Briefe an die Thessalonicher (Vorlesung), SoSe 2016<\/p><\/td><td><\/td><\/tr><tr><td><p>Teil 2: Jesus in der Kritik. Streitgespr\u00e4che der Evangelien &#8211; Formen, Themen und Pointen (Hauptseminar), SoSe 2016<\/p><\/td><td><\/td><\/tr><tr><td><p>G4 Entwicklungslinien des Christentums<\/p><\/td><td><\/td><\/tr><tr><td><p>Wer dieses Modul belegt, kann nicht auch Gott und Politik im Spiegel des Neuen Testaments belegen.<\/p><\/td><td><\/td><\/tr><tr><td><p><\/p><\/td><td><\/td><\/tr><tr><td width=\"90%\"><p><a href=\"https:\/\/vvz.ruhr-uni-bochum.de\/campus\/all\/module.asp?gguid=0x21B1AEDB1ED0774CBC535288FF4C9F95&amp;fieldgguid=&amp;findmodule=Theologische+Grundla&amp;tguid=0x8DF001AFFC178E4AB8EBBF80826CFCEC&amp;strSignMessage=\">Theologische Grundlagen der christlich-abendl\u00e4ndischen Kunst (5 CP)<\/a><\/p><\/td><td><\/td><\/tr><tr><td><p>Teil 1: Anfang und Ende (Vorlesung), SoSe 2016<\/p><\/td><td><\/td><\/tr><tr><td><p>Teil 2: Allgemeine Themen (ganzt\u00e4tige Exkursionen), SoSe 2016<\/p><\/td><td><\/td><\/tr><tr><td><p>G4 &#8222;Christentum und Kultur&#8220;<\/p><\/td><td><\/td><\/tr><tr><td><\/td><td><\/td><\/tr><tr><td colspan=\"2\"><p>Mathematik<\/p><\/td><\/tr><tr><td width=\"90%\"><p><a href=\"https:\/\/vvz.ruhr-uni-bochum.de\/campus\/all\/module.asp?gguid=0x0A9FA61DAAA5784F861CB00A42B34BDC&amp;fieldgguid=&amp;mode=&amp;findmodule=Einf%FChrung+in+die+Mathematik+%28Schwer&amp;tguid=0x8DF001AFFC178E4AB8EBBF80826CFCEC\">Einf\u00fchrung in die Mathematik (Schwerpunkte: Mathematik und Physik) (5 CP)<\/a><\/p><\/td><td><\/td><\/tr><tr><td><p>Teil 1: Vorkurs in Mathematik f\u00fcr Mathematiker und Physiker (Vorlesung), SoSe 2016<\/p><\/td><td><\/td><\/tr><tr><td><p>Teil 2: Vorkurs in Mathematik f\u00fcr Mathematiker und Physiker (\u00dcbung), SoSe 2016<\/p><\/td><td><\/td><\/tr><tr><td><p>G4 Basismodul &#8222;Grundlagen der Mathematik&#8220;<\/p><\/td><td><\/td><\/tr><tr><td><p>Studierende der Mathematik k\u00f6nnen an diesem Modul zwar teilnehmen, jedoch Credit Points nur dann f\u00fcr den Optionalbereich erwerben, wenn sie den Vorkurs vor ihrem ersten Fachsemester besuchen!<\/p><\/td><td><\/td><\/tr><tr><td><p><\/p><\/td><td><\/td><\/tr><tr><td width=\"90%\"><p><a href=\"https:\/\/vvz.ruhr-uni-bochum.de\/campus\/all\/module.asp?gguid=0x58D394C847FD4B46901ED0FD1041CCFF&amp;fieldgguid=&amp;mode=&amp;findmodule=Einf%FChrung+in+die+Mathematik+%28Schwer&amp;tguid=0x8DF001AFFC178E4AB8EBBF80826CFCEC\">Einf\u00fchrung in die Mathematik (Schwerpunkte: Natur- und Ingenieurwissenschaften sowie Informatik) (5 CP)<\/a><\/p><\/td><td><\/td><\/tr><tr><td><p>Teil 1: Vorkurs in Mathematik f\u00fcr k\u00fcnftige Studierende der Ingenieurwissenschaften (Vorkurs), SoSe 2016<\/p><\/td><td><\/td><\/tr><tr><td><p>Teil 2: Vorkurs in Mathematik f\u00fcr k\u00fcnftige Studierende der Ingenieurwissenschaften (\u00dcbung), SoSe 2016<\/p><\/td><td><\/td><\/tr><tr><td><p>G4 Basismodul &#8222;Grundlagen der Mathematik&#8220;<\/p><\/td><td><\/td><\/tr><tr><td><p>Studierende der Mathematik und der Physik k\u00f6nnen an diesem Modul zwar teilnehmen, jedoch keine Credit Points f\u00fcr den Optionalbereich erwerben!<\/p><\/td><td><\/td><\/tr><tr><td><p><\/p><\/td><td><\/td><\/tr><tr><td width=\"90%\"><p><a href=\"https:\/\/vvz.ruhr-uni-bochum.de\/campus\/all\/module.asp?gguid=0x21A477E575AC16469B438498DDF166D6&amp;fieldgguid=&amp;findmodule=Einf%FChrung+in+die+Mathematik+II&amp;tguid=0x8DF001AFFC178E4AB8EBBF80826CFCEC&amp;strSignMessage=\">Einf\u00fchrung in die Mathematik II (Schwerpunkt: Physik und Geophysik) (10 CP)<\/a><\/p><\/td><td><\/td><\/tr><tr><td><p>Teil 1: Mathematik f\u00fcr Physiker II (Vorlesung), SoSe 2016<\/p><\/td><td><\/td><\/tr><tr><td><p>Teil 2: Mathematik f\u00fcr Physiker II (\u00dcbung), SoSe 2016<\/p><\/td><td><\/td><\/tr><tr><td><p>G4 Aufbaumodul &#8222;H\u00f6here Mathematik&#8220;<\/p><\/td><td><\/td><\/tr><tr><td><p>Studierende der Mathematik k\u00f6nnen an diesem Modul zwar teilnehmen, jedoch keine Credit Points f\u00fcr den Optionalbereich erwerben!<\/p><\/td><td><\/td><\/tr><tr><td><p><\/p><\/td><td><\/td><\/tr><tr><td width=\"90%\"><p><a href=\"https:\/\/vvz.ruhr-uni-bochum.de\/campus\/all\/module.asp?gguid=0x9B541A9C6C669B4DB82FC3F055152440&amp;fieldgguid=&amp;findmodule=H%F6here+Mathematik+I&amp;tguid=0x8DF001AFFC178E4AB8EBBF80826CFCEC&amp;strSignMessage=\">H\u00f6here Mathematik I + II (Schwerpunkt: Angewandte Informatik) (10 CP)<\/a><\/p><\/td><td><\/td><\/tr><tr><td><p>Teil 1: H\u00f6here Mathematik II (im Rahmen der Studienrichtung Angewandte Informatik) (Vorlesung), SoSe 2016<\/p><\/td><td><\/td><\/tr><tr><td><p>Teil 2: H\u00f6here Mathematik II (im Rahmen der Studienrichtung Angewandte Informatik) (\u00dcbung), SoSe 2016<\/p><\/td><td><\/td><\/tr><tr><td><p>G4 Aufbaumodul &#8222;H\u00f6here Mathematik&#8220;<\/p><\/td><td><\/td><\/tr><tr><td><p>Studierende der Mathematik k\u00f6nnen an diesem Modul zwar teilnehmen, jedoch keine Credit Points f\u00fcr den Optionalbereich erwerben!<\/p><\/td><td><\/td><\/tr><tr><td><p><\/p><\/td><td><\/td><\/tr><tr><td width=\"90%\"><p><a href=\"https:\/\/vvz.ruhr-uni-bochum.de\/campus\/all\/module.asp?gguid=0x32976CD60332B141964254CC14851194&amp;fieldgguid=&amp;findmodule=Statistische+Methoden+%28Schwerpunkt%3A&amp;tguid=0x8DF001AFFC178E4AB8EBBF80826CFCEC&amp;strSignMessage=\">Statistische Methoden (Schwerpunkt: Biologie und Naturwissenschaften) (5 CP)<\/a><\/p><\/td><td><\/td><\/tr><tr><td><p>Teil 1: Statistische Methoden f\u00fcr Biologen und andere Naturwissenschaftler (Vorlesung), SoSe 2016<\/p><\/td><td><\/td><\/tr><tr><td><p>Teil 2: Statistische Methoden f\u00fcr Biologen und andere Naturwissenschaftler (\u00dcbung), SoSe 2016<\/p><\/td><td><\/td><\/tr><tr><td><p>G4 Basismodul &#8222;Mathematische Anwendungen&#8220;<\/p><\/td><td><\/td><\/tr><tr><td><p>Studierende der Mathematik k\u00f6nnen an diesem Modul zwar teilnehmen, jedoch keine Credit Points f\u00fcr den Optionalbereich erwerben!<\/p><\/td><td><\/td><\/tr><tr><td><\/td><td><\/td><\/tr><tr><td colspan=\"2\"><p>Medienwissenschaft<\/p><\/td><\/tr><tr><td width=\"90%\"><p><a href=\"https:\/\/vvz.ruhr-uni-bochum.de\/campus\/all\/module.asp?gguid=0xB5487589490DA3438514D139D3BC90FC&amp;fieldgguid=&amp;findmodule=amerikanisch&amp;tguid=0x8DF001AFFC178E4AB8EBBF80826CFCEC&amp;strSignMessage=\">Amerikanische Filmgeschichte (5 CP) Neu ab dem 21.03.2016! <\/a><\/p><\/td><td><\/td><\/tr><tr><td><p>Teil 1: Amerikanische Filmgeschichte II (Vorlesung), SoSe 2016<\/p><\/td><td><\/td><\/tr><tr><td><p>Teil 2: Amerikanische Filmgeschichte II (\u00dcbung), SoSe 2016<\/p><\/td><td><\/td><\/tr><tr><td><p>G4 Basismodul Mediengeschichte und Medien\u00e4sthetik<\/p><\/td><td><\/td><\/tr><tr><td><p>Studierende der Medienwissenschaften k\u00f6nnen in diesem Modul keine Credit Points f\u00fcr den Optionalbereich erwerben!<\/p><\/td><td><\/td><\/tr><tr><td><p><\/p><\/td><td><\/td><\/tr><tr><td width=\"90%\"><p><a href=\"https:\/\/vvz.ruhr-uni-bochum.de\/campus\/all\/module.asp?gguid=0x40356BD9F6EDB14082C9453A66C749E3&amp;fieldgguid=&amp;findmodule=die+realit%E4t&amp;tguid=0x8DF001AFFC178E4AB8EBBF80826CFCEC&amp;strSignMessage=\">Die Realit\u00e4t der Massenmedien(5 CP) Neu ab dem 21.03.2016!<\/a><\/p><\/td><td><\/td><\/tr><tr><td><p>Teil 1: Die Macht der Diskurse. Interdiskursanalyse am Beispiel von Flucht, Asyl und Migration (Seminar), SoSe 2016<\/p><\/td><td><\/td><\/tr><tr><td><p>Teil 2: Die Realit\u00e4t der Massenmedien (Seminar), SoSe 2016<\/p><\/td><td><\/td><\/tr><tr><td><p>G4 Basismodul Mediengeschichte und Medien\u00e4sthetik<\/p><\/td><td><\/td><\/tr><tr><td><p>Studierende der Medienwissenschaften k\u00f6nnen in diesem Modul keine Credit Points f\u00fcr den Optionalbereich erwerben!<\/p><\/td><td><\/td><\/tr><tr><td><p><\/p><\/td><td><\/td><\/tr><tr><td width=\"90%\"><p><a href=\"https:\/\/vvz.ruhr-uni-bochum.de\/campus\/all\/module.asp?gguid=0x8AD899FC29D94D4CA3703CF2C145EACE&amp;fieldgguid=&amp;findmodule=zur+theo&amp;tguid=0x8DF001AFFC178E4AB8EBBF80826CFCEC&amp;strSignMessage=\">Zur Theorie und Visualit\u00e4t des Kinos (5 CP) Neu ab dem 21.03.2016!<\/a><\/p><\/td><td><\/td><\/tr><tr><td><p>Teil 1: Einf\u00fchrung in die Filmtheorie unter besonderer Ber\u00fccksichtigung von Gilles Deleuze&#8216; Kinotherie (Seminar), SoSe 2016<\/p><\/td><td><\/td><\/tr><tr><td><p>Teil 2: World cinema: the contemporary audiovisual and its globalized image (Seminar), SoSe 2016<\/p><\/td><td><\/td><\/tr><tr><td><p>G4 Basismodul Mediengeschichte und Medien\u00e4sthetik<\/p><\/td><td><\/td><\/tr><tr><td><p>Studierende der Medienwissenschaften k\u00f6nnen in diesem Modul keine Credit Points f\u00fcr den Optionalbereich erwerben!<\/p><\/td><td><\/td><\/tr><tr><td><p><\/p><\/td><td><\/td><\/tr><tr><td colspan=\"2\"><p>Medizin<\/p><\/td><\/tr><tr><td width=\"90%\"><p>In diesem Semester liegt leider kein Angebot vor.<\/p><\/td><td><\/td><\/tr><tr><td><\/td><td><\/td><\/tr><tr><td colspan=\"2\"><p>Orientalistik und Islamwissenschaften<\/p><\/td><\/tr><tr><td width=\"90%\"><p><a href=\"https:\/\/vvz.ruhr-uni-bochum.de\/campus\/all\/module.asp?gguid=0x5939711D2AC63C418CA43BE50957BDEC&amp;fieldgguid=&amp;findmodule=Persische+Kalligraphie+und+Landeskunde&amp;tguid=0x8DF001AFFC178E4AB8EBBF80826CFCEC&amp;strSignMessage=\">Persische Kalligraphie und Landeskunde (5 CP)<\/a><\/p><\/td><td><\/td><\/tr><tr><td><p>Teil 1: Landeskunde Iran (\u00dcbung), SoSe 2016<\/p><\/td><td><\/td><\/tr><tr><td><p>Teil 2: Arabisch-Persische Kalligraphie (\u00dcbung), SoSe 2016<\/p><\/td><td><\/td><\/tr><tr><td><p>G4 Basismodul &#8222;Einf\u00fchrung in die islamische Welt&#8220;<\/p><\/td><td><\/td><\/tr><tr><td><p>Studierende der Orientalistik\/Islamwissenschaften k\u00f6nnen an diesem Modul nicht teilnehmen!<\/p><\/td><td><\/td><\/tr><tr><td><p><\/p><\/td><td><\/td><\/tr><tr><td colspan=\"2\"><p>Ostasienwissenschaften<\/p><\/td><\/tr><tr><td width=\"90%\"><p><a href=\"https:\/\/vvz.ruhr-uni-bochum.de\/campus\/all\/module.asp?gguid=0x241657113758514DB236BEAD57170EA0&amp;fieldgguid=&amp;mode=&amp;findmodule=basismodul&amp;tguid=0x8DF001AFFC178E4AB8EBBF80826CFCEC\">Basismodul Sinologie (5 CP) Neu ab dem 21.03.2016!<\/a><\/p><\/td><td><\/td><\/tr><tr><td><p>Teil 1: Einf\u00fchrung in die chinesische Literaturgeschichte, jedes Sommersemester<\/p><\/td><td><\/td><\/tr><tr><td><p>Teil 2: Einf\u00fchrung in die chinesische Philosophie, jedes Wintersemester<\/p><\/td><td><\/td><\/tr><tr><td><p>Teil 3: Grundz\u00fcge der chinesischen Geschichte, jedes Sommersemester<\/p><\/td><td><\/td><\/tr><tr><td><p>Teil 4: Einf\u00fchrung in die Sprachwissenschaft des Chinesischen, jedes Wintersemester<\/p><\/td><td><\/td><\/tr><tr><td><p>G4 Basismodul &#8222;China&#8220;<\/p><\/td><td><\/td><\/tr><tr><td><p>F\u00fcr den Besuch von Teil 4 sind Vorkenntnisse der chinesischen Sprache auf dem Niveau des Moduls &#8222;Modernes Chinesisch Grundstufe 1&#8220; erforderlich. Das Modul ist auch Teil des sinologischen Grundstudiums (f\u00fcr Sinologiestudenten deshalb nicht \u00fcber den Optionalbereich sondern den Studiengang Sinologie kreditiert).<\/p><\/td><td><\/td><\/tr><tr><td><p><\/p><\/td><td><\/td><\/tr><tr><td width=\"90%\"><p><a href=\"https:\/\/vvz.ruhr-uni-bochum.de\/campus\/all\/module.asp?gguid=0x2C63526CC64AC54CB2269296AEF1B9B1&amp;fieldgguid=&amp;findmodule=Einf%FChrung+in+die+koreanische+Geschichte&amp;tguid=0x8DF001AFFC178E4AB8EBBF80826CFCEC&amp;strSignMessage=\">Einf\u00fchrung in die koreanische Geschichte (5 CP)<\/a><\/p><\/td><td><\/td><\/tr><tr><td><p>Teil 1: Grundkurs: Vormoderne koreanische Geschichte (Einf\u00fchrung in die Geschichte Koreas I), jedes WiSe<\/p><\/td><td><\/td><\/tr><tr><td><p>Teil 2: Neuere Geschichte Koreas (Einf\u00fchrung in die Geschichte Koreas II) jedes SoSe<\/p><\/td><td><\/td><\/tr><tr><td><p>G4 Basismodul &#8222;Korea&#8220;<\/p><\/td><td><\/td><\/tr><tr><td><p>Studierende der Koreanistik k\u00f6nnen an diesem Modul zwar teilnehmen, jedoch keine Credit Points f\u00fcr den Optionalbereich erwerben.<\/p><\/td><td><\/td><\/tr><tr><td><p><\/p><\/td><td><\/td><\/tr><tr><td width=\"90%\"><p><a href=\"https:\/\/vvz.ruhr-uni-bochum.de\/campus\/all\/module.asp?gguid=0xEC7EA166F1741549811452B0A18EAC5C&amp;fieldgguid=&amp;findmodule=nihon&amp;tguid=0x8DF001AFFC178E4AB8EBBF80826CFCEC&amp;strSignMessage=\">Nihongogaku (5 CP) Neu ab dem 21.03.2016!<\/a><\/p><\/td><td><\/td><\/tr><tr><td><p>Teil 1: \u00dcberblick \u00fcber die japanische Sprache I (Seminar), SoSe 2016<\/p><\/td><td><\/td><\/tr><tr><td><p>Teil 2: \u00dcberblick \u00fcber die japanische Sprache II (Seminar), WS 2016\/17<\/p><\/td><td><\/td><\/tr><tr><td><p>G4 Basismodul &#8222;Japan&#8220;<\/p><\/td><td><\/td><\/tr><tr><td><p>Studierende der Japanologie k\u00f6nnen an diesem Modul zwar teilnehmen, jedoch keine Credit Points f\u00fcr den Optionalbereich erwerben.<\/p><\/td><td><\/td><\/tr><tr><td><\/td><td><\/td><\/tr><tr><td colspan=\"2\"><p>Philosophie<\/p><\/td><\/tr><tr><td width=\"90%\"><p><a href=\"https:\/\/vvz.ruhr-uni-bochum.de\/campus\/all\/module.asp?gguid=0x939F2EC67C0C7D49927DDF010EF7A0D0&amp;fieldgguid=&amp;findmodule=Einf%FChrung+in+die+Philosophie%3A+Ne&amp;tguid=0x8DF001AFFC178E4AB8EBBF80826CFCEC&amp;strSignMessage=\">Einf\u00fchrung in die Philosophie: Neuzeitliche Philosophie und Praktische Philosophie (5 CP)<\/a><\/p><\/td><td><\/td><\/tr><tr><td><p>Teil 1: Zentrale Themen der Philosophie in Neuzeit und Gegenwart: Rationalit\u00e4t und Vernunft in der Moderne (Vorlesung), SoSe 2016<\/p><\/td><td><\/td><\/tr><tr><td><p>Teil 2: Einf\u00fchrung in die Ethik, Grundprobleme, Grundbegriffe und Theorien der normativen Ethik (Vorlesung), SoSe 2016<\/p><\/td><td><\/td><\/tr><tr><td><p>G4 Basismodul &#8222;Theoretische Philosophie&#8220; und G4 Basismodul &#8222;Praktische Philosophie&#8220;<\/p><\/td><td><\/td><\/tr><tr><td><p>Studierende der Philosophie k\u00f6nnen an diesem Modul nicht teilnehmen.<\/p><\/td><td><\/td><\/tr><tr><td><p><\/p><\/td><td><\/td><\/tr><tr><td width=\"90%\"><p><a href=\"https:\/\/vvz.ruhr-uni-bochum.de\/campus\/all\/module.asp?gguid=0x43D177CF8973CD4BAD2E27AC94CB1846&amp;fieldgguid=&amp;findmodule=Philosophische+Probleme+der+Mathematik&amp;tguid=0x8DF001AFFC178E4AB8EBBF80826CFCEC&amp;strSignMessage=\">Philosophische Probleme der Mathematik (5 CP)<\/a><\/p><\/td><td><\/td><\/tr><tr><td><p>Teil 1: Philosophische Probleme der Mathematik von Platon bis Hilbert (Vorlesung), SoSe 2016<\/p><\/td><td><\/td><\/tr><tr><td><p>Teil 2: Philosophische Probleme der modernen Mathematik (Seminar), SoSe 2016<\/p><\/td><td><\/td><\/tr><tr><td><p>G4 Basismodul &#8222;Theoretische Philosophie&#8220;<\/p><\/td><td><\/td><\/tr><tr><td><p>Studierende der Philosophie k\u00f6nnen an diesem Modul nicht teilnehmen.<\/p><\/td><td><\/td><\/tr><tr><td><\/td><td><\/td><\/tr><tr><td colspan=\"2\"><p>Physik und Astronomie<\/p><\/td><\/tr><tr><td width=\"90%\"><p><a href=\"https:\/\/vvz.ruhr-uni-bochum.de\/campus\/all\/module.asp?gguid=0x28B641230AA0DD4DABA6079F6EC13487&amp;fieldgguid=&amp;findmodule=Digitalelektronik&amp;tguid=0x8DF001AFFC178E4AB8EBBF80826CFCEC&amp;strSignMessage=\">Digitalelektronik (OPT) (5 CP)<\/a><\/p><\/td><td><\/td><\/tr><tr><td><p>Teil 1: Digitalelektronik (Vorlesung), SoSe 2016<\/p><\/td><td><\/td><\/tr><tr><td><p>Teil 2: Digitalelektronik (Praktische \u00dcbung), SoSe 2016<\/p><\/td><td><\/td><\/tr><tr><td><p>G4 Basismodul &#8222;Elektronik f\u00fcr physikalische Experimente&#8220;<\/p><\/td><td><\/td><\/tr><tr><td><p>Studierende der Physik k\u00f6nnen an diesem Modul nicht teilnehmen!<\/p><\/td><td><\/td><\/tr><tr><td><p><\/p><\/td><td><\/td><\/tr><tr><td width=\"90%\"><p><a href=\"https:\/\/vvz.ruhr-uni-bochum.de\/campus\/all\/module.asp?gguid=0x59250459D0BEB84CBC4E647444CD6B47&amp;fieldgguid=&amp;findmodule=Leben+im+Weltraum%3F&amp;tguid=0x8DF001AFFC178E4AB8EBBF80826CFCEC&amp;strSignMessage=\">Leben im Weltraum? (5 CP)<\/a><\/p><\/td><td><\/td><\/tr><tr><td><p>Teil 1: Leben im Weltraum? (Vorlesung), SoSe 2016<\/p><\/td><td><\/td><\/tr><tr><td><p>Teil 2: Leben im Weltraum? (\u00dcbung), SoSe 2016<\/p><\/td><td><\/td><\/tr><tr><td><p>G4 Basismodul &#8222;Physik des Universums&#8220;<\/p><\/td><td><\/td><\/tr><tr><td><p>Studierende der Physik k\u00f6nnen an diesem Modul zwar teilnehmen, jedoch keine CP f\u00fcr den Optionalbereich erwerben!<\/p><\/td><td><\/td><\/tr><tr><td><p><\/p><\/td><td><\/td><\/tr><tr><td width=\"90%\"><p><a href=\"https:\/\/vvz.ruhr-uni-bochum.de\/campus\/all\/module.asp?gguid=0xA16AE5024B0F1F479889CD84B25F7E58&amp;fieldgguid=&amp;findmodule=Mathematische+Hilfsmittel+der+Physik&amp;tguid=0x8DF001AFFC178E4AB8EBBF80826CFCEC&amp;strSignMessage=\">Mathematische Hilfsmittel der Physik (OPT) (5 CP)<\/a><\/p><\/td><td><\/td><\/tr><tr><td><p>Teil 1: Einf\u00fchrung in die mathematischen Hilfsmittel der Physik (Vorlesung), SoSe 2016<\/p><\/td><td><\/td><\/tr><tr><td><p>Teil 2: Einf\u00fchrung in die mathematischen Hilfsmittel der Physik (\u00dcbung), SoSe 2016<\/p><\/td><td><\/td><\/tr><tr><td><p>G4 Basismodul &#8222;Mathematische Methoden f\u00fcr die Physik&#8220;<\/p><\/td><td><\/td><\/tr><tr><td><p>Bitte beachten Sie: 2-Fach-B.A.-Studierende der Physik und \/ oder Mathematik k\u00f6nnen nur dann CP f\u00fcr den Optionalbereich erwerben, wenn sie das Modul vor ihrem ersten Fachsemester besuchen.<\/p><\/td><td><\/td><\/tr><tr><td><p>Studierende der Physik (B.Sc.) k\u00f6nnen an diesem Modul nicht teilnehmen!<\/p><\/td><td><\/td><\/tr><tr><td><p><\/p><\/td><td><\/td><\/tr><tr><td width=\"90%\"><p><a href=\"https:\/\/vvz.ruhr-uni-bochum.de\/campus\/all\/module.asp?gguid=0x8381776260792844B0078EFCE6A142BE&amp;fieldgguid=&amp;findmodule=Mathematische+Methoden+der+Physik+II+%28&amp;tguid=0x8DF001AFFC178E4AB8EBBF80826CFCEC&amp;strSignMessage=\">Mathematische Methoden der Physik II (OPT) (5 CP)<\/a><\/p><\/td><td><\/td><\/tr><tr><td><p>Teil 1: Mathematische Methoden II (Vorlesung), SoSe 2016<\/p><\/td><td><\/td><\/tr><tr><td><p>Teil 2: Mathematische Methoden II (Lerngruppe), SoSe 2016<\/p><\/td><td><\/td><\/tr><tr><td><p>G4 Basismodul &#8222;Mathematische Methoden f\u00fcr die Physik&#8220;<\/p><\/td><td><\/td><\/tr><tr><td><p>Studierende der Physik k\u00f6nnen an diesem Modul zwar teilnehmen aber keine CP f\u00fcr den Optionalbereich erwerben!<\/p><\/td><td><\/td><\/tr><tr><td><p><\/p><\/td><td><\/td><\/tr><tr><td width=\"90%\"><p><a href=\"https:\/\/vvz.ruhr-uni-bochum.de\/campus\/all\/module.asp?gguid=0xEC43D13F7213F444999775ABBEF71E44&amp;fieldgguid=&amp;findmodule=Physik+I+%28Schwerpunkt+Biologie%29&amp;tguid=0x8DF001AFFC178E4AB8EBBF80826CFCEC&amp;strSignMessage=\">Physik I (Schwerpunkt Biologie) (OPT) (5 CP)<\/a><\/p><\/td><td><\/td><\/tr><tr><td><p>Teil 1: Physik I f\u00fcr Studierende der Biologie (Vorlesung), SoSe 2016<\/p><\/td><td><\/td><\/tr><tr><td><p>Teil 2: Physik I f\u00fcr Studierende der Biologie (\u00dcbung), SoSe 2016<\/p><\/td><td><\/td><\/tr><tr><td><p>G4 Basismodul &#8222;Grundlagen der Physik&#8220;<\/p><\/td><td><\/td><\/tr><tr><td><p>Da die Veranstaltung inhaltlich der Physik I (Schwerpunkt Chemie) gleicht, kann nur jeweils eine von beiden f\u00fcr den Optionalbereich anerkannt werden. F\u00fcr Studierende des B.Sc. &#8211; Studiengangs Biologie ist dieses Modul nicht im Optionalbereich anrechenbar. Studierende der Physik k\u00f6nnen an diesem Modul nicht teilnehmen!<\/p><\/td><td><\/td><\/tr><tr><td><p><\/p><\/td><td><\/td><\/tr><tr><td width=\"90%\"><p><a href=\"https:\/\/vvz.ruhr-uni-bochum.de\/campus\/all\/module.asp?gguid=0xB015C0D0C31D8E4A957DFB972389F8AA&amp;fieldgguid=&amp;findmodule=Physik+II+%28Schwerpunkte+Chemie%2C+Biochemi&amp;tguid=0x8DF001AFFC178E4AB8EBBF80826CFCEC&amp;strSignMessage=\">Physik II (Schwerpunkte Chemie, Biochemie und Geowissenschaften) (OPT) (5 CP)<\/a><\/p><\/td><td><\/td><\/tr><tr><td><p>Teil 1: Physik II f\u00fcr Studierende der Biochemie, Chemie und Geowissenschaften (Vorlesung), SoSe 2016<\/p><\/td><td><\/td><\/tr><tr><td><p>Teil 2: Physik II f\u00fcr Studierende der Biochemie, Chemie und Geowissenschaften (\u00dcbung), SoSe 2016<\/p><\/td><td><\/td><\/tr><tr><td><p>G4 Basismodul &#8222;Grundlagen der Physik&#8220;<\/p><\/td><td><\/td><\/tr><tr><td><p>Studierende der Physik k\u00f6nnen an diesem Modul nicht teilnehmen. Da die Veranstaltung inhaltlich der Physik II (Schwerpunkt Biologie) gleicht, kann nur jeweils eine von beiden f\u00fcr den Optionalbereich anerkannt werden. F\u00fcr Studierende des B.Sc. Studiengangs Chemie, Biochemie, Geowissenschaften ist dieses Modul nicht im Optionalbereich anrechenbar.<\/p><\/td><td><\/td><\/tr><tr><td><p><\/p><\/td><td><\/td><\/tr><tr><td width=\"90%\"><p><a href=\"https:\/\/vvz.ruhr-uni-bochum.de\/campus\/all\/module.asp?gguid=0x9500570E1D19B043B07CF022A71895AF&amp;fieldgguid=&amp;findmodule=Physik+f%FCr+Nicht%2DPhysikerinnen+und+Nicht&amp;tguid=0x8DF001AFFC178E4AB8EBBF80826CFCEC&amp;strSignMessage=\">Physik f\u00fcr Nicht-Physikerinnen und Nicht-Physiker (OPT) (5 CP)<\/a><\/p><\/td><td><\/td><\/tr><tr><td><p>Teil 1: Physik f\u00fcr Nicht-Physiker (Vorlesung), SoSe 2016<\/p><\/td><td><\/td><\/tr><tr><td><p>Teil 2: Physik f\u00fcr Nicht-Physiker (\u00dcbung), SoSe 2016<\/p><\/td><td><\/td><\/tr><tr><td><p>G4 Basismodul &#8222;Grundlagen der Physik&#8220;<\/p><\/td><td><\/td><\/tr><tr><td><p>Studierende der Physik k\u00f6nnen an diesem Modul nicht teilnehmen!<\/p><\/td><td><\/td><\/tr><tr><td><\/td><td><\/td><\/tr><tr><td colspan=\"2\"><p>Rechtswissenschaft<\/p><\/td><\/tr><tr><td width=\"90%\"><p><a href=\"https:\/\/vvz.ruhr-uni-bochum.de\/campus\/all\/module.asp?gguid=0xA42D94325E88DE40BBD8CFDFD11AD3D1&amp;fieldgguid=&amp;findmodule=Basismodul+Grundlagen+des+Rechts&amp;tguid=0x8DF001AFFC178E4AB8EBBF80826CFCEC&amp;strSignMessage=\">Basismodul Grundlagen des Rechts (5 CP)<\/a><\/p><\/td><td><\/td><\/tr><tr><td><p>Teil 1: Rechtsphilosophie (Vorlesung), SoSe 2016<\/p><\/td><td><\/td><\/tr><tr><td><p>Teil 2a: Law and Economics (Vorlesung), SoSe 2016<\/p><\/td><td><\/td><\/tr><tr><td><p>Teil 2b: Staat und Religion (Blockkurs in den Pfingstferien), SoSe 2016<\/p><\/td><td><\/td><\/tr><tr><td><p>G4 Basismodul Rechtswissenschaft<\/p><\/td><td><\/td><\/tr><tr><td><p>Studierende, die in vergangenen Semestern bereits das &#8222;Basismodul Grundlagen des Rechts&#8220; belegt haben, k\u00f6nnen an diesem Modul nicht teilnehmen.<\/p><\/td><td><\/td><\/tr><tr><td><p><\/p><\/td><td><\/td><\/tr><tr><td width=\"90%\"><p><a href=\"https:\/\/vvz.ruhr-uni-bochum.de\/campus\/all\/module.asp?gguid=0x318730FBA3C7454585895F1FA5FBBC2E&amp;fieldgguid=&amp;mode=&amp;findmodule=Basismodul+Rechtsgeschichte&amp;tguid=0x8DF001AFFC178E4AB8EBBF80826CFCEC\">Basismodul Rechtsgeschichte (5 CP)<\/a><\/p><\/td><td><\/td><\/tr><tr><td><p>Teil 1: Deutsche Rechtsgeschichte (Vorlesung), SoSe 2016<\/p><\/td><td><\/td><\/tr><tr><td><p>Teil 2: R\u00f6mische Rechtsgeschichte, WS 2016\/17<\/p><\/td><td><\/td><\/tr><tr><td><p>G4 Basismodul Rechtswissenschaft<\/p><\/td><td><\/td><\/tr><tr><td><p>Studierende, die das Modul &#8222;Deutsche Rechtsgeschichte&#8220; belegen, k\u00f6nnen an diesem Modul nicht teilnehmen.<\/p><\/td><td><\/td><\/tr><tr><td><p><\/p><\/td><td><\/td><\/tr><tr><td><\/td><td><\/td><\/tr><tr><td colspan=\"2\"><p>Religionswissenschaft<\/p><\/td><\/tr><tr><td width=\"90%\"><p><a href=\"https:\/\/vvz.ruhr-uni-bochum.de\/campus\/all\/module.asp?gguid=0x2B80B9870C9A534EBDB90F269276ABDD&amp;fieldgguid=&amp;findmodule=islamisch&amp;tguid=0x8DF001AFFC178E4AB8EBBF80826CFCEC&amp;strSignMessage=\">Islamische Religionsgeschichte (5 CP) Neu ab dem 21.03.2016!<\/a><\/p><\/td><td><\/td><\/tr><tr><td><p>Teil 1: Islam I &#8211; Eine Einf\u00fchrung in die Religion und fr\u00fchere Geschichte (Seminar), SoSe 2016<\/p><\/td><td><\/td><\/tr><tr><td><p>Teil 2: Islam II &#8211; Vom Mongolensturm bis zur Gegenwart(Seminar), WS 2015\/16<\/p><\/td><td><\/td><\/tr><tr><td><p>G4 Grundlagen der Religionswissenschaft<\/p><\/td><td><\/td><\/tr><tr><td><p>Studierende der Religionswissenschaft k\u00f6nnen in diesem Modul keine CP f\u00fcr den Optionalbereich erwerben! Studierende des Optionalbereichs k\u00f6nnen, wenn sie dieses Modul belegen, nicht das Modul &#8222;Religionswissenschaftliche Zug\u00e4nge zu islamischer Religionsgeschichte&#8220; belegen.<\/p><\/td><td><\/td><\/tr><tr><td><p><\/p><\/td><td><\/td><\/tr><tr><td width=\"90%\"><p><a href=\"https:\/\/vvz.ruhr-uni-bochum.de\/campus\/all\/module.asp?gguid=0x90AB29209B1BA34BA060EBA260CCDBE8&amp;fieldgguid=&amp;findmodule=j%FCdische&amp;tguid=0x8DF001AFFC178E4AB8EBBF80826CFCEC&amp;strSignMessage=\">J\u00fcdische Religionsgeschichte (5 CP) Neu ab dem 21.03.2016!<\/a><\/p><\/td><td><\/td><\/tr><tr><td><p>Teil 1: Grundkurs Judentum I: Antikes bis fr\u00fchmittelalterliches Judentum (Seminar), SoSe 2016<\/p><\/td><td><\/td><\/tr><tr><td><p>Teil 2: Judentum vom Mittelalter bis zur Gegenwart (Seminar) WS 16\/17<\/p><\/td><td><\/td><\/tr><tr><td><p>G4 Grundlagen der Religionswissenschaft<\/p><\/td><td><\/td><\/tr><tr><td><p>Studierende der Religionswissenschaft k\u00f6nnen in diesem Modul keine CP f\u00fcr den Optionalbereich erwerben! Studierende des Optionalbereichs k\u00f6nnen, wenn sie dieses Modul belegen, nicht das Modul Religionswissenschaftliche Zug\u00e4nge zu j\u00fcdischer Religionsgeschichte belegen.<\/p><\/td><td><\/td><\/tr><tr><td><p><\/p><\/td><td><\/td><\/tr><tr><td width=\"90%\"><p><a href=\"https:\/\/vvz.ruhr-uni-bochum.de\/campus\/all\/module.asp?gguid=0xC938F655539EEE4DB4485F477F066225&amp;error=&amp;expand=0x8DF001AFFC178E4AB8EBBF80826CFCEC&amp;tguid=0x8DF001AFFC178E4AB8EBBF80826CFCEC#0x8DF001AFFC178E4AB8EBBF80826CFCEC\">Religionswissenschaftliche Zug\u00e4nge zu antiker Religionsgeschichte (5 CP) Neu ab dem 21.03.2016!<\/a><\/p><\/td><td><\/td><\/tr><tr><td><p>Teil 1: Grundbegriffe der Religionswissenschaft (Vorlesung), SoSe 2016<\/p><\/td><td><\/td><\/tr><tr><td><p>Teil 2: Einf\u00fchrung in die Antike Religionsgeschichte (Seminar), SoSe 2016<\/p><\/td><td><\/td><\/tr><tr><td><p>G4 Grundlagen der Religionswissenschaft<\/p><\/td><td><\/td><\/tr><tr><td><p>Studierende der Religionswissenschaft k\u00f6nnen in diesem Modul keine CP f\u00fcr den Optionalbereich erwerben! Bitte beachten Sie unbedingt die Hinweise unter dem Punkt &#8222;Voraussetzungen&#8220; der Modulbeschreibung!<\/p><\/td><td><\/td><\/tr><tr><td><p><\/p><\/td><td><\/td><\/tr><tr><td width=\"90%\"><p><a href=\"https:\/\/vvz.ruhr-uni-bochum.de\/campus\/all\/module.asp?gguid=0xFCE8EB58F8ABE543B73BF33622359958&amp;fieldgguid=&amp;mode=&amp;findmodule=religionswi&amp;tguid=0x8DF001AFFC178E4AB8EBBF80826CFCEC\">Religionswissenschaftliche Zug\u00e4nge zu indischer Religionsgeschichte (5 CP) Neu ab dem 21.03.2016!<\/a><\/p><\/td><td><\/td><\/tr><tr><td><p>Teil 1: Grundbegriffe der Religionswissenschaft (Vorlesung), SoSe 2016<\/p><\/td><td><\/td><\/tr><tr><td><p>Teil 2: Buddhismus und Jainismus (Seminar), SoSe 2016<\/p><\/td><td><\/td><\/tr><tr><td><p>G4 Grundlagen der Religionswissenschaft<\/p><\/td><td><\/td><\/tr><tr><td><p>Studierende der Religionswissenschaft k\u00f6nnen in diesem Modul keine CP f\u00fcr den Optionalbereich erwerben! Bitte beachten Sie unbedingt die Hinweise unter dem Punkt &#8222;Voraussetzungen&#8220; der Modulbeschreibung!<\/p><\/td><td><\/td><\/tr><tr><td><p><\/p><\/td><td><\/td><\/tr><tr><td width=\"90%\"><p><a href=\"https:\/\/vvz.ruhr-uni-bochum.de\/campus\/all\/module.asp?gguid=0xCE99BB9A6B2E1F49AB0A83A04ABDCBA3&amp;fieldgguid=&amp;mode=&amp;findmodule=religionswi&amp;tguid=0x8DF001AFFC178E4AB8EBBF80826CFCEC\">Religionswissenschaftliche Zug\u00e4nge zu islamischer Religionsgeschichte (5 CP) Neu ab dem 21.03.2016!<\/a><\/p><\/td><td><\/td><\/tr><tr><td><p>Teil 1: Grundbegriffe der Religionswissenschaft (Vorlesung), SoSe 2016<\/p><\/td><td><\/td><\/tr><tr><td><p>Teil 2: Islam I &#8211; Eine Einf\u00fchrung in die Religion und fr\u00fchere Geschichte (Seminar), SoSe 2016<\/p><\/td><td><\/td><\/tr><tr><td><p>G4 Grundlagen der Religionswissenschaft<\/p><\/td><td><\/td><\/tr><tr><td><p>Studierende der Religionswissenschaft k\u00f6nnen in diesem Modul keine CP f\u00fcr den Optionalbereich erwerben! Bitte beachten Sie unbedingt die Hinweise unter dem Punkt &#8222;Voraussetzungen&#8220; der Modulbeschreibung!<\/p><\/td><td><\/td><\/tr><tr><td><p><\/p><\/td><td><\/td><\/tr><tr><td width=\"90%\"><p><a href=\"https:\/\/vvz.ruhr-uni-bochum.de\/campus\/all\/module.asp?gguid=0xAAB61B434762F148A49E477A70080636&amp;fieldgguid=&amp;mode=&amp;findmodule=religionswi&amp;tguid=0x8DF001AFFC178E4AB8EBBF80826CFCEC\">Religionswissenschaftliche Zug\u00e4nge zu j\u00fcdischer Religionsgeschichte (5 CP) Neu ab dem 21.03.2016!<\/a><\/p><\/td><td><\/td><\/tr><tr><td><p>Teil 1: Grundbegriffe der Religionswissenschaft (Vorlesung), SoSe 2016<\/p><\/td><td><\/td><\/tr><tr><td><p>Teil 2: Grundkurs Judentum I: Antikes, rabbinisches und mittelalterliches Judentum (Seminar), SoSe 2016<\/p><\/td><td><\/td><\/tr><tr><td><p>G4 Grundlagen der Religionswissenschaft<\/p><\/td><td><\/td><\/tr><tr><td><p>Studierende der Religionswissenschaft k\u00f6nnen in diesem Modul keine CP f\u00fcr den Optionalbereich erwerben! Bitte beachten Sie unbedingt die Hinweise unter dem Punkt &#8222;Voraussetzungen&#8220; der Modulbeschreibung!<\/p><\/td><td><\/td><\/tr><tr><td><p><\/p><\/td><td><\/td><\/tr><tr><td width=\"90%\"><p><a href=\"https:\/\/vvz.ruhr-uni-bochum.de\/campus\/all\/module.asp?gguid=0x3C77B4E8B812564F983C11B76EE7025A&amp;fieldgguid=&amp;mode=&amp;findmodule=religionswi&amp;tguid=0x8DF001AFFC178E4AB8EBBF80826CFCEC\">Religionswissenschaftliche Zug\u00e4nge zu ostasiatischer Religionsgeschichte (5 CP) Neu ab dem 21.03.2016!<\/a><\/p><\/td><td><\/td><\/tr><tr><td><p>Teil 1: Grundbegriffe der Religionswissenschaft (Vorlesung), SoSe 2016<\/p><\/td><td><\/td><\/tr><tr><td><p>Teil 2: Religions- und Geistesgeschichte Koreas (Seminar), SoSe 2016<\/p><\/td><td><\/td><\/tr><tr><td><p>G4 Grundlagen der Religionswissenschaft<\/p><\/td><td><\/td><\/tr><tr><td><p>Studierende der Religionswissenschaft k\u00f6nnen in diesem Modul keine CP f\u00fcr den Optionalbereich erwerben! Bitte beachten Sie unbedingt die Hinweise unter dem Punkt &#8222;Voraussetzungen&#8220; der Modulbeschreibung!<\/p><\/td><td><\/td><\/tr><tr><td><p><\/p><\/td><td><\/td><\/tr><tr><td width=\"90%\"><p><a href=\"https:\/\/vvz.ruhr-uni-bochum.de\/campus\/all\/module.asp?gguid=0xB3A89828FDEF45438CD7303E4CAA5D00&amp;fieldgguid=&amp;mode=&amp;findmodule=religionswi&amp;tguid=0x8DF001AFFC178E4AB8EBBF80826CFCEC\">Religionswissenschaftliche Zug\u00e4nge zu systematischer Religionswissenschaft (5 CP) Neu ab dem 21.03.2016!<\/a><\/p><\/td><td><\/td><\/tr><tr><td><p>Teil 1: Grundbegriffe der Religionswissenschaft (Vorlesung), SoSe 2016<\/p><\/td><td><\/td><\/tr><tr><td><p>Teil 2: Theorien und Ans\u00e4tze der Religionswissenschaft (Seminar), SoSe 2016<\/p><\/td><td><\/td><\/tr><tr><td><p>G4 Grundlagen der Religionswissenschaft<\/p><\/td><td><\/td><\/tr><tr><td><p>Studierende der Religionswissenschaft k\u00f6nnen in diesem Modul keine CP f\u00fcr den Optionalbereich erwerben! Bitte beachten Sie unbedingt die Hinweise unter dem Punkt &#8222;Voraussetzungen&#8220; der Modulbeschreibung!<\/p><\/td><td><\/td><\/tr><tr><td><p><\/p><\/td><td><\/td><\/tr><tr><td width=\"90%\"><p><a href=\"https:\/\/vvz.ruhr-uni-bochum.de\/campus\/all\/module.asp?gguid=0x7AF35F256E5279488E6B3E4A6A33D8C5&amp;fieldgguid=&amp;mode=&amp;findmodule=religionswi&amp;tguid=0x8DF001AFFC178E4AB8EBBF80826CFCEC\">Religionswissenschaftliche Zug\u00e4nge zu zentralasiatischer Religionsgeschichte (5 CP) Neu ab dem 21.03.2016!<\/a><\/p><\/td><td><\/td><\/tr><tr><td><p>Teil 1: Grundbegriffe der Religionswissenschaft (Vorlesung), SoSe 2016<\/p><\/td><td><\/td><\/tr><tr><td><p>Teil 2: Religionsgeschichte Tibets und der Mongolei von den Anf\u00e4ngen bis in die Gegenwart (Seminar), SoSe 2016<\/p><\/td><td><\/td><\/tr><tr><td><p>G4 Grundlagen der Religionswissenschaft<\/p><\/td><td><\/td><\/tr><tr><td><p>Studierende der Religionswissenschaft k\u00f6nnen in diesem Modul keine CP f\u00fcr den Optionalbereich erwerben! Bitte beachten Sie unbedingt die Hinweise unter dem Punkt &#8222;Voraussetzungen&#8220; der Modulbeschreibung!<\/p><\/td><td><\/td><\/tr><tr><td><p><\/p><\/td><td><\/td><\/tr><tr><td width=\"90%\"><p><a href=\"https:\/\/vvz.ruhr-uni-bochum.de\/campus\/all\/module.asp?gguid=0x4DEE439A6215A04E9A068C580B9ED5CE&amp;fieldgguid=&amp;mode=&amp;findmodule=sprache+und&amp;tguid=0x8DF001AFFC178E4AB8EBBF80826CFCEC\">Sprache und Kultur Indiens (5 CP) Neu ab dem 21.03.2016!<\/a><\/p><\/td><td><\/td><\/tr><tr><td><p>Teil 1: Sanskrit I (\u00dcbung), SoSe 2016<\/p><\/td><td><\/td><\/tr><tr><td><p>Teil 2: Buddhismus und Jainismus, SoSe 2016<\/p><\/td><td><\/td><\/tr><tr><td><p>G1 Modul Sanskrit \/ G4 Basismodul &#8222;Kulturelle Kompetenz&#8220;<\/p><\/td><td><\/td><\/tr><tr><td><p>Studierende, die das Modul f\u00fcr Ihr Fachstudium anrechnen lassen, d\u00fcrfen dieses nicht im Rahmen des Optionalbereichs besuchen. Studierende des Optionalbereichs k\u00f6nnen, wenn sie dieses Modul belegen, nicht das Modul &#8222;Sanskrit&#8220; belegen.<\/p><\/td><td><\/td><\/tr><tr><td><p><\/p><\/td><td><\/td><\/tr><tr><td width=\"90%\"><p><a href=\"https:\/\/vvz.ruhr-uni-bochum.de\/campus\/all\/module.asp?gguid=0xB99E558387673949A6ECED5E5AF0C98C&amp;fieldgguid=&amp;mode=&amp;findmodule=sprache+und&amp;tguid=0x8DF001AFFC178E4AB8EBBF80826CFCEC\">Sprache und Kultur Zentralasiens (5 CP) Neu ab dem 21.03.2016!<\/a><\/p><\/td><td><\/td><\/tr><tr><td><p>Teil 1: Religionsgeschichte Tibets und der Mongolei von den Anf\u00e4ngen bis in die Gegenwart, (Seminar), SoSe 2016<\/p><\/td><td><\/td><\/tr><tr><td><p>Teil 2: Lekt\u00fcre leich tibetischer Texte (\u00dcbung), SoSe 16<\/p><\/td><td><\/td><\/tr><tr><td><p>G1 Modul Modernes Tibetisch \/ G4 Basismodul &#8222;Kulturelle Kompetenz&#8220;<\/p><\/td><td><\/td><\/tr><tr><td><p>Studierende der Religionswissenschaft k\u00f6nnen in diesem Modul keine CP f\u00fcr den Optionalbereich erwerben! Studierende des Optionalbereichs k\u00f6nnen, wenn sie dieses Modul belegen, nicht die Module &#8222;Religionswissenschaftliche Zug\u00e4nge zu zentralasiatischer Religionsgeschichte&#8220; und &#8222;Lekt\u00fcre tibetischer Texte&#8220; belegen.<\/p><\/td><td><\/td><\/tr><tr><td><\/td><td><\/td><\/tr><tr><td colspan=\"2\"><p>Romanistik<\/p><\/td><\/tr><tr><td width=\"90%\"><p><a href=\"https:\/\/vvz.ruhr-uni-bochum.de\/campus\/all\/module.asp?gguid=0x39D113D5250EB042A2C51917263D490F&amp;fieldgguid=&amp;mode=&amp;findmodule=Katalanisch&amp;tguid=0x8DF001AFFC178E4AB8EBBF80826CFCEC\">Katalanisch &#8211; Sprache und Kultur 2 Intensiv (B2) (5 CP)<\/a><\/p><\/td><td><\/td><\/tr><tr><td><p>Teil 1: Das Katalanische Literatursystem (Blockveranstaltung), SoSe 2016<\/p><\/td><td><\/td><\/tr><tr><td><p>Teil 2: Praxis Literarische \u00dcbersetzung (Blockveranstaltung), SoSe 2016<\/p><\/td><td><\/td><\/tr><tr><td><p>G2 Katalanische Fachsprache f\u00fcr den Beruf \/ G4 Basismodul &#8222;Kulturelle Kompetenz&#8220;<\/p><\/td><td><\/td><\/tr><tr><td><p>Teilnahmevoraussetzung ist der erfolgreiche Abschluss vom Kurs Katalanisch 2 oder Kenntnisse, die dem Niveau B1\/B2 entsprechen.<\/p><\/td><td><\/td><\/tr><tr><td><p><\/p><\/td><td><\/td><\/tr><tr><td width=\"90%\"><p><a href=\"https:\/\/vvz.ruhr-uni-bochum.de\/campus\/all\/module.asp?gguid=0xFE843CE6319A434F91D3558DFD7B71E8&amp;fieldgguid=&amp;mode=&amp;findmodule=Portugiesisch&amp;tguid=0x8DF001AFFC178E4AB8EBBF80826CFCEC\">Portugiesisch: Einf\u00fchrung in die Sprache und Kulturen Brasiliens, Portugals und des lusophonen Afrikas III (5 CP)<\/a><\/p><\/td><td><\/td><\/tr><tr><td><p>Teil 1: Portugu\u00eas III (\u00dcbung), SoSe 2016<\/p><\/td><td><\/td><\/tr><tr><td><p>Teil 2: Landeskundeseminar Lusophonie I(Proseminar), WS 2016\/17<\/p><\/td><td><\/td><\/tr><tr><td><p>G4 Aufbaumodul &#8222;Portugiesisch&#8220; und G 1 Modul Portugiesisch III<\/p><\/td><td><\/td><\/tr><tr><td><p>Studierende der Romanischen Philologie k\u00f6nnen an diesem Modul nur teilnehmen, sofern Modulteil 2 nicht Bestandteil eines Fachmoduls ist! Bitte beachten Sie unbedingt die Hinweise unter dem Punkt &#8222;Voraussetzungen&#8220; der Modulbeschreibung!<\/p><\/td><td><\/td><\/tr><tr><td><\/td><td><\/td><\/tr><tr><td colspan=\"2\"><p>Sozialwissenschaft<\/p><\/td><\/tr><tr><td width=\"90%\"><p><a href=\"https:\/\/vvz.ruhr-uni-bochum.de\/campus\/all\/module.asp?gguid=0x8DD472D5B526814F8BB615C063FA56E4&amp;fieldgguid=&amp;findmodule=Arbeits-%2C+Wirtschafts-+und+Organisations&amp;tguid=0x8DF001AFFC178E4AB8EBBF80826CFCEC&amp;strSignMessage=\">Arbeits-, Wirtschafts- und Organisationssoziologie (5 CP)<\/a><\/p><\/td><td><\/td><\/tr><tr><td><p>Teil 1: Einf\u00fchrung in die Arbeits-, Wirtschafts- und Organisationssoziologie (Seminar), SoSe 2016<\/p><\/td><td><\/td><\/tr><tr><td><p>Teil 2: Strukturierte Betreuung (\u00dcbung), SoSe 2016<\/p><\/td><td><\/td><\/tr><tr><td><p>G4 Aufbaumodul &#8222;Soziologie&#8220;<\/p><\/td><td><\/td><\/tr><tr><td><p>Studierende der F\u00e4cher PWG, KIG und Soziologie sowie des Studiengangs Sozialwissenschaft k\u00f6nnen an diesem Modul nicht teilnehmen!<\/p><\/td><td><\/td><\/tr><tr><td><p><\/p><\/td><td><\/td><\/tr><tr><td width=\"90%\"><p><a href=\"https:\/\/vvz.ruhr-uni-bochum.de\/campus\/all\/module.asp?gguid=0xA06341F90002BF4BBB3FCD6889D40C4F&amp;fieldgguid=&amp;mode=&amp;findmodule=Einf%FChrung+in+die+Wir&amp;tguid=0x8DF001AFFC178E4AB8EBBF80826CFCEC\">Einf\u00fchrung in die Wirtschafts- und Sozialpolitik (5 CP)<\/a><\/p><\/td><td><\/td><\/tr><tr><td><p>Teil 1: Einf\u00fchrung in die Wirtschafts- und Sozialpolitik (Vorlesung), SoSe 2016<\/p><\/td><td><\/td><\/tr><tr><td><p>Teil 2: Strukturierte Betreuung (GrundSoz\u00f6k, Teil III) (\u00dcbung), SoSe 2016<\/p><\/td><td><\/td><\/tr><tr><td><p>G4 Basismodul &#8222;Sozial\u00f6konomik&#8220;<\/p><\/td><td><\/td><\/tr><tr><td><p>Studierende der F\u00e4cher PWG, Soziologie, Politikwissenschaft und Sozialpsychologie\/-anthropologie sowie des Studiengangs Sozialwissenschaft k\u00f6nnen an diesem Modul nicht teilnehmen!<\/p><\/td><td><\/td><\/tr><tr><td><p><\/p><\/td><td><\/td><\/tr><tr><td width=\"90%\"><p><a href=\"https:\/\/vvz.ruhr-uni-bochum.de\/campus\/all\/module.asp?gguid=0x0E74C64488130E44B4AE08B72DFE2CC8&amp;fieldgguid=&amp;findmodule=Grundfragen+und+Hauptbegriffe+der+Soziol&amp;tguid=0x8DF001AFFC178E4AB8EBBF80826CFCEC&amp;strSignMessage=\">Grundfragen und Hauptbegriffe der Soziologie (Soziologie I) (5 CP)<\/a><\/p><\/td><td><\/td><\/tr><tr><td><p>Teil 1: Grundfragen und Hauptbegriffe der Soziologie (Soziologie I) (Vorlesung), SoSe 2016<\/p><\/td><td><\/td><\/tr><tr><td><p>Teil 2: Strukturierte Betreuung zur Soziologie I (\u00dcbung), SoSe 2016<\/p><\/td><td><\/td><\/tr><tr><td><p>G4 Basismodul &#8222;Soziologie&#8220;<\/p><\/td><td><\/td><\/tr><tr><td><p>Studierende der F\u00e4cher PWG, KIG, Soziologie, Politikwissenschaft und Sozialpsychologie\/-anthropologie sowie des Studiengangs Sozialwissenschaft k\u00f6nnen an diesem Modul nicht teilnehmen!<\/p><\/td><td><\/td><\/tr><tr><td><p><\/p><\/td><td><\/td><\/tr><tr><td width=\"90%\"><p><a href=\"https:\/\/vvz.ruhr-uni-bochum.de\/campus\/all\/module.asp?gguid=0x4E18B24A8799DF4A9627FAC26DEFE639&amp;fieldgguid=&amp;findmodule=Politikwissenschaft%3A+Internationale+Bezi&amp;tguid=0x8DF001AFFC178E4AB8EBBF80826CFCEC&amp;strSignMessage=\">Politikwissenschaft: Internationale Beziehungen (5 CP)<\/a><\/p><\/td><td><\/td><\/tr><tr><td><p>Teil 1: Internationale Beziehungen (Vorlesung), SoSe 2016<\/p><\/td><td><\/td><\/tr><tr><td><p>Teil 2: Strukturierte Betreuung (\u00dcbung), SoSe 2016<\/p><\/td><td><\/td><\/tr><tr><td><p>G4 Aufbaumodul &#8222;Politikwissenschaft&#8220;<\/p><\/td><td><\/td><\/tr><tr><td><p>Studierende des Faches Politikwissenschaft, des Faches Politik, Wirtschaft und Gesellschaft, sowie des Faches Sozialwissenschaft k\u00f6nnen an dem Modul nicht teilnehmen!<\/p><\/td><td><\/td><\/tr><tr><td><p><\/p><\/td><td><\/td><\/tr><tr><td width=\"90%\"><p><a href=\"https:\/\/vvz.ruhr-uni-bochum.de\/campus\/all\/module.asp?gguid=0xB93A80C9E854C24881FDC086E27CC127&amp;fieldgguid=&amp;findmodule=Politikwissenschaft%3A+Politisches+System&amp;tguid=0x8DF001AFFC178E4AB8EBBF80826CFCEC&amp;strSignMessage=\">Politikwissenschaft: Politisches System Deutschlands (5 CP)<\/a><\/p><\/td><td><\/td><\/tr><tr><td><p>Teil 1: Einf\u00fchrung in das politische System Deutschlands (Vorlesung), SoSe 2016<\/p><\/td><td><\/td><\/tr><tr><td><p>Teil 2: Strukturierte Betreuung (\u00dcbung), SoSe 2016<\/p><\/td><td><\/td><\/tr><tr><td><p>G4 Basismodul &#8222;Politikwissenschaft&#8220;<\/p><\/td><td><\/td><\/tr><tr><td><p>Studierende der F\u00e4cher PWG, KIG, Politikwissenschaft sowie des Studienganges Sozialwissenschaft k\u00f6nnen an dem Modul nicht teilnehmen!<\/p><\/td><td><\/td><\/tr><tr><td><p><\/p><\/td><td><\/td><\/tr><tr><td width=\"90%\"><p><a href=\"https:\/\/vvz.ruhr-uni-bochum.de\/campus\/all\/module.asp?gguid=0x04C491DA6573E2429E5BFA834DEB66A9&amp;fieldgguid=&amp;findmodule=Politikwissenschaft%3A+Vergleichende+Polit&amp;tguid=0x8DF001AFFC178E4AB8EBBF80826CFCEC&amp;strSignMessage=\">Politikwissenschaft: Vergleichende Politikwissenschaft (5 CP)<\/a><\/p><\/td><td><\/td><\/tr><tr><td><p>Teil 1: Einf\u00fchrung in die Vergleichende Politikwissenschaft (Vorlesung), SoSe 2016<\/p><\/td><td><\/td><\/tr><tr><td><p>Teil 2: Strukturierte Betreuung (\u00dcbung), SoSe 2016<\/p><\/td><td><\/td><\/tr><tr><td><p>G4 Aufbaumodul &#8222;Politikwissenschaft&#8220;<\/p><\/td><td><\/td><\/tr><tr><td><p>Studierende des Faches Politikwissenschaft, des Faches PWG sowie des Studiengangs Sozialwissenschaft k\u00f6nnen an diesem Modul nicht teilnehmen!<\/p><\/td><td><\/td><\/tr><tr><td><p><\/p><\/td><td><\/td><\/tr><tr><td width=\"90%\"><p><a href=\"https:\/\/vvz.ruhr-uni-bochum.de\/campus\/all\/module.asp?gguid=0xFC68FE9323F6EC49B2DC84C05CC43652&amp;fieldgguid=&amp;findmodule=Sozialanthropologie&amp;tguid=0x8DF001AFFC178E4AB8EBBF80826CFCEC&amp;strSignMessage=\">Sozialanthropologie (5 CP)<\/a><\/p><\/td><td><\/td><\/tr><tr><td><p>Teil 1: Einf\u00fchrung in die Sozial- und Kulturanthropologie (Vorlesung), SoSe 2016<\/p><\/td><td><\/td><\/tr><tr><td><p>Teil 2: Strukturierte Betreuung (\u00dcbung), SoSe 2016<\/p><\/td><td><\/td><\/tr><tr><td><p>G4 Basismodul &#8222;Sozialpsychologie&#8220;<\/p><\/td><td><\/td><\/tr><tr><td><p>Studierende des Faches Sozialpsychologie und -anthropologie, des Faches KIG sowie des Studienganges Sozialwissenschaft k\u00f6nnen an dem Modul nicht teilnehmen!<\/p><\/td><td><\/td><\/tr><tr><td><p><\/p><\/td><td><\/td><\/tr><tr><td width=\"90%\"><p><a href=\"https:\/\/vvz.ruhr-uni-bochum.de\/campus\/all\/module.asp?gguid=0x6901628BB1B02F4D96D0535AFDDB2DF2&amp;fieldgguid=&amp;findmodule=Sozial-+und+Kulturpsychologie&amp;tguid=0x8DF001AFFC178E4AB8EBBF80826CFCEC&amp;strSignMessage=\">Sozial- und Kulturpsychologie (5 CP)<\/a><\/p><\/td><td><\/td><\/tr><tr><td><p>Teil 1: Einf\u00fchrung in die Sozial- und Kulturpsychologie (Vorlesung), SoSe 2016<\/p><\/td><td><\/td><\/tr><tr><td><p>Teil 2: Strukturierte Betreuung (\u00dcbung), SoSe 2016<\/p><\/td><td><\/td><\/tr><tr><td><p>G4 Basismodul &#8222;Sozialpsychologie&#8220;<\/p><\/td><td><\/td><\/tr><tr><td><p>Studierende des Faches Sozialpsychologie und -anthropologie, des Faches KIG sowie des Studiengangs Sozialwissenschaft k\u00f6nnen an dem Modul nicht teilnehmen!<\/p><\/td><td><\/td><\/tr><tr><td><p><\/p><\/td><td><\/td><\/tr><tr><td width=\"90%\"><p><a href=\"https:\/\/vvz.ruhr-uni-bochum.de\/campus\/all\/module.asp?gguid=0x43A3E3F1F23BDB4CAD82C9A7423B6817&amp;fieldgguid=&amp;findmodule=Sozial-+und+Kulturtheorie&amp;tguid=0x8DF001AFFC178E4AB8EBBF80826CFCEC&amp;strSignMessage=\">Sozial- und Kulturtheorie (5 CP)<\/a><\/p><\/td><td><\/td><\/tr><tr><td><p>Teil 1: Einf\u00fchrung in die Sozial- und Kulturtheorie (Vorlesung), SoSe 2016<\/p><\/td><td><\/td><\/tr><tr><td><p>Teil 2: Sozial- und Kulturtheorie. Ausgew\u00e4hlte Lekt\u00fcren (\u00dcbung), SoSe 2016<\/p><\/td><td><\/td><\/tr><tr><td><p>G4 Aufbaumodul &#8222;Sozialpsychologie&#8220;<\/p><\/td><td><\/td><\/tr><tr><td><p>Studierende des Faches Sozialpsychologie und -anthropologie sowie des Studiengangs Sozialwissenschaft k\u00f6nnen an dem Modul nicht teilnehmen!<\/p><\/td><td><\/td><\/tr><tr><td><p><\/p><\/td><td><\/td><\/tr><tr><td width=\"90%\"><p><a href=\"https:\/\/vvz.ruhr-uni-bochum.de\/campus\/all\/module.asp?gguid=0x22A7B1D2F8522A4EA4EC9061DA17217A&amp;fieldgguid=&amp;findmodule=Sozialstruktur+und+sozialer+Wandel&amp;tguid=0x8DF001AFFC178E4AB8EBBF80826CFCEC&amp;strSignMessage=\">Sozialstruktur und sozialer Wandel (Soziologie II) (5 CP)<\/a><\/p><\/td><td><\/td><\/tr><tr><td><p>Teil 1: Sozialstruktur und sozialer Wandel (Vorlesung), SoSe 2016<\/p><\/td><td><\/td><\/tr><tr><td><p>Teil 2: Strukturierte Betreuung Sozialstruktur und sozialer Wandel(\u00dcbung), SoSe 2016<\/p><\/td><td><\/td><\/tr><tr><td><\/td><td><\/td><\/tr><tr><td><p>G4 Aufbaumodul &#8222;Soziologie&#8220;<\/p><\/td><td><\/td><\/tr><tr><td><p>Studierende der F\u00e4cher PWG, KIG, Soziologie, Politikwissenschaft und Sozialpsychologie\/-anthropologie sowie des Studiengangs Sozialwissenschaft k\u00f6nnen an diesem Modul nicht teilnehmen!<\/p><\/td><td><\/td><\/tr><tr><td><p><\/p><\/td><td><\/td><\/tr><tr><td width=\"90%\"><p><a href=\"https:\/\/vvz.ruhr-uni-bochum.de\/campus\/all\/module.asp?gguid=0x178E09BBCCE6A74D93EEF3A32DC164B0&amp;fieldgguid=&amp;findmodule=Theorien+und+Methoden+der+Kulturpsycholo&amp;tguid=0x8DF001AFFC178E4AB8EBBF80826CFCEC&amp;strSignMessage=\">Theorien und Methoden der Kulturpsychologie (5 CP)<\/a><\/p><\/td><td><\/td><\/tr><tr><td><p>Teil 1: Theorien und Methoden der Kulturpsychologie (Vorlesung), SoSe 2016<\/p><\/td><td><\/td><\/tr><tr><td><p>Teil 2: Strukturierte Betreuung (\u00dcbung), SoSe 2016<\/p><\/td><td><\/td><\/tr><tr><td><p>G4 Aufbaumodul &#8222;Sozialpsychologie&#8220;<\/p><\/td><td><\/td><\/tr><tr><td><p>Studierende des Faches Sozialpsychologie und -anthropologie, des Faches KIG sowie des Studiengangs Sozialwissenschaft k\u00f6nnen an dem Modul nicht teilnehmen!<\/p><\/td><td><\/td><\/tr><tr><td><\/td><td><\/td><\/tr><tr><td colspan=\"2\"><p>Sportwissenschaft<\/p><\/td><\/tr><tr><td width=\"90%\"><p><a href=\"https:\/\/vvz.ruhr-uni-bochum.de\/campus\/all\/module.asp?gguid=0x4710C27795E6DE4CA680E27C959EAFB6&amp;fieldgguid=&amp;mode=&amp;findmodule=Basismodul&amp;tguid=0x8DF001AFFC178E4AB8EBBF80826CFCEC\">Basismodul Bewegung unter verschiedenen Umgebungsbedingungen: STONE AGE light &#8211; Back to real nature (5 CP)<\/a><\/p><\/td><td><\/td><\/tr><tr><td><p>Teil 1: Bewegung unter verschiedenen Umgebungsbedingungen und Ern\u00e4hrungsmodifikationen &#8211; Theorie und Projektentwicklung (Seminar), SoSe 2016<\/p><\/td><td><\/td><\/tr><tr><td><p>Teil 2: Projektentwicklung und Vorbereitung einer Feldstudie (\u00dcbung), SoSe 2016<\/p><\/td><td><\/td><\/tr><tr><td><p>G4 Intensiv studieren<\/p><\/td><td><\/td><\/tr><tr><td><p>Das Modul richtet sich prim\u00e4r an Studierende des 2-Fach-B.A.<\/p><\/td><td><\/td><\/tr><tr><td><p><\/p><\/td><td><\/td><\/tr><tr><td width=\"90%\"><p><a href=\"https:\/\/vvz.ruhr-uni-bochum.de\/campus\/all\/module.asp?gguid=0xDBE0F354A1843B4A9C3A743B97AC1A09&amp;fieldgguid=&amp;findmodule=Bewegungskultur&amp;tguid=0x8DF001AFFC178E4AB8EBBF80826CFCEC&amp;strSignMessage=\">Bewegungskultur und Sport in historischer Perspektive (5 CP)<\/a><\/p><\/td><td><\/td><\/tr><tr><td><p>Teil 1: Einf\u00fchrung in die Sportgeschichte (Vorlesung), SoSe 2016<\/p><\/td><td><\/td><\/tr><tr><td><p>Teil 2: Bewegungskultur und Sport in historischer Perspektive (vertiefendes Seminar), SoSe 2016<\/p><\/td><td><\/td><\/tr><tr><td><p>G4 Sport und Gesellschaft<\/p><\/td><td><\/td><\/tr><tr><td><p>Studierende der Sportwissenschaft d\u00fcrfen an diesem Modul nicht teilnehmen.<\/p><\/td><td><\/td><\/tr><tr><td><p><\/p><\/td><td><\/td><\/tr><tr><td width=\"90%\"><p><a href=\"https:\/\/vvz.ruhr-uni-bochum.de\/campus\/all\/module.asp?gguid=0x047E3FF1ED2E954DB7B2DF3792EABA3C&amp;fieldgguid=&amp;findmodule=Gymnastik+und&amp;tguid=0x8DF001AFFC178E4AB8EBBF80826CFCEC&amp;strSignMessage=\">Gymnastik und K\u00f6rperarbeit (5 CP)<\/a><\/p><\/td><td><\/td><\/tr><tr><td><p>Teil 1: Gymnastik Spezialfach (Seminar), SoSe 2016<\/p><\/td><td><\/td><\/tr><tr><td><p>Teil 2: Pilates &#8211; Alexander Feldenkrais ganzheitliche Systeme der K\u00f6rperarbeit (Seminar), SoSe 2016<\/p><\/td><td><\/td><\/tr><tr><td><p>G4 Sport und Gesellschaft<\/p><\/td><td><\/td><\/tr><tr><td><p><\/p><\/td><td><\/td><\/tr><tr><td width=\"90%\"><p><a href=\"https:\/\/vvz.ruhr-uni-bochum.de\/campus\/all\/module.asp?gguid=0x6F3BB77D6558554C99F1DEBE87F14ED5&amp;fieldgguid=&amp;findmodule=Sport+und+erziehung&amp;tguid=0x8DF001AFFC178E4AB8EBBF80826CFCEC&amp;strSignMessage=\">Sport und Erziehung (5 CP)<\/a><\/p><\/td><td><\/td><\/tr><tr><td><p>Teil 1: Grundlagen der Sportp\u00e4dagogik und -didaktik (Vorlesung), SoSe 2016<\/p><\/td><td><\/td><\/tr><tr><td><p>Teil 2: Inklusion im Sport ein Ding der Unm\u00f6glichkeit? (Seminar), SoSe 2016<\/p><\/td><td><\/td><\/tr><tr><td><p>G4 Sportpsychologie\/Sportp\u00e4dagogik<\/p><\/td><td><\/td><\/tr><tr><td><p>Studierende der Sportwissenschaft d\u00fcrfen an diesem Modul nicht teilnehmen.<\/p><\/td><td><\/td><\/tr><tr><td><\/td><td><\/td><\/tr><tr><td colspan=\"2\"><p>Theaterwissenschaft<\/p><\/td><\/tr><tr><td width=\"90%\"><p><a href=\"https:\/\/vvz.ruhr-uni-bochum.de\/campus\/all\/module.asp?gguid=0x0AB896C5336DF548BC5CE5C65246C6C2&amp;fieldgguid=&amp;findmodule=Die+Italienische+Oper&amp;tguid=0x8DF001AFFC178E4AB8EBBF80826CFCEC&amp;strSignMessage=\">Die italienische Oper und die Entstehung des Balletts (5 CP)<\/a><\/p><\/td><td><\/td><\/tr><tr><td><p>Teil 1: L&#8217;arte di far libretti oder Wie macht man eine italienische Oper? (Seminar), SoSe 2016<\/p><\/td><td><\/td><\/tr><tr><td><p>Teil 2: Der K\u00f6nig und seine Degeneration (Seminar), SoSe 2016<\/p><\/td><td><\/td><\/tr><tr><td><p>F\u00fcr Studierende der Theaterwissenschaft ist die Teilnahme im Rahmen des Optionalbereich ausgeschlossen.<\/p><\/td><td><\/td><\/tr><tr><td><p>G4 Basismodul Musiktheater<\/p><\/td><td><\/td><\/tr><tr><td><\/td><td><\/td><\/tr><tr><td colspan=\"2\"><p>Wirtschaftswissenschaft<\/p><\/td><\/tr><tr><td width=\"90%\"><p><a href=\"https:\/\/vvz.ruhr-uni-bochum.de\/campus\/all\/module.asp?gguid=0x4BFAB34DBA14374F966BF7DDA29A8EC5&amp;fieldgguid=&amp;mode=&amp;findmodule=Einf%FChrung+in+das+Rechnungs&amp;tguid=0x8DF001AFFC178E4AB8EBBF80826CFCEC\">Einf\u00fchrung in das Rechnungswesen\/Controlling (5 CP)<\/a><\/p><\/td><td><\/td><\/tr><tr><td><p>Teil 1: Einf\u00fchrung in das Rechnungswesen\/Controlling (Vorlesung), SoSe 2016<\/p><\/td><td><\/td><\/tr><tr><td><p>Teil 2: Einf\u00fchrung in das Rechnungswesen\/Controlling (\u00dcbung), SoSe 2016<\/p><\/td><td><\/td><\/tr><tr><td><p>G4 Basismodul &#8222;Rechnungswesen&#8220;<\/p><\/td><td><\/td><\/tr><tr><td><p>Studierende der Wirtschaftswissenschaft (&#8222;Management&#8220;, &#8222;Economics&#8220; und &#8222;Management and Economics&#8220;) und 2-Fach-Bachelor Studierende mit dem Fach BWL k\u00f6nnen an diesem Modul nicht teilnehmen! Achtung: Studierende, die das Modul &#8222;Grundlagen der BWL f\u00fcr Nicht\u00f6konomen und Existenzgr\u00fcnder&#8220; in der Vergangenheit bereits belegt haben, k\u00f6nnen an diesem Modul nicht teilnehmen!<\/p><\/td><td><\/td><\/tr><tr><td><p><\/p><\/td><td><\/td><\/tr><tr><td width=\"90%\"><p><a href=\"https:\/\/vvz.ruhr-uni-bochum.de\/campus\/all\/module.asp?gguid=0xCBBCA7B66BDDCC48917A00B1DE996E43&amp;fieldgguid=&amp;findmodule=Einf%FChrung+in+die+Betriebs%2D&amp;tguid=0x8DF001AFFC178E4AB8EBBF80826CFCEC&amp;strSignMessage=\">Einf\u00fchrung in die Betriebs- sowie Volkswirtschaftslehre (5 CP)<\/a><\/p><\/td><td><\/td><\/tr><tr><td><p>Teil 1: Einf\u00fchrung in die VWL f\u00fcr Nicht\u00f6konomen (Vorlesung), jedes Wintersemester<\/p><\/td><td><\/td><\/tr><tr><td><p>Teil 2: Einf\u00fchrung in die BWL f\u00fcr Nicht\u00f6konomen (Vorlesung und \u00dcbung), jedes Sommersemester<\/p><\/td><td><\/td><\/tr><tr><td><p>G4 Basismodul &#8222;\u00d6konomie&#8220;<\/p><\/td><td><\/td><\/tr><tr><td><p>Studierende der Wirtschaftswissenschaft k\u00f6nnen an diesem Modul nicht teilnehmen! Studierende, die das Modul &#8222;Grundlagen der BWL f\u00fcr Nicht\u00f6konomen und Existenzgr\u00fcnder&#8220; belegen oder belegt haben, k\u00f6nnen an diesem Modul nicht teilnehmen!<\/p><\/td><td><\/td><\/tr><tr><td><p><\/p><\/td><td><\/td><\/tr><tr><td width=\"90%\"><p><a href=\"https:\/\/vvz.ruhr-uni-bochum.de\/campus\/all\/module.asp?gguid=0x91BABEEE7BEB7549AB92F439B94D7203&amp;fieldgguid=&amp;findmodule=Grundlagen+der+Businessplanerstellung&amp;tguid=0x8DF001AFFC178E4AB8EBBF80826CFCEC&amp;strSignMessage=\">Grundlagen der Businessplanerstellung (5 CP)<\/a><\/p><\/td><td><\/td><\/tr><tr><td><p>Teil 1: Grundlagen der Businessplanerstellung (eLearning Vorlesung), SoSe 2016<\/p><\/td><td><\/td><\/tr><tr><td><p>Teil 2: Grundlagen der Businessplanerstellung (\u00dcbung), SoSe 2016<\/p><\/td><td><\/td><\/tr><tr><td><p>G4 Aufbaumodul Existenzgr\u00fcndung<\/p><\/td><td><\/td><\/tr><tr><td><p>Studierende der Wirtschaftswissenschaft (&#8222;Management&#8220;, &#8222;Economics&#8220; und &#8222;Management and Economics&#8220;) und 2-Fach-Bachelor Studierende mit dem Fach BWL k\u00f6nnen an diesem Modul nicht teilnehmen!<\/p><\/td><td><\/td><\/tr><tr><td><\/td><td><\/td><\/tr><tr><td colspan=\"2\"><p>Interdisziplin\u00e4re Module<\/p><\/td><\/tr><tr><td width=\"90%\"><p><a href=\"https:\/\/vvz.ruhr-uni-bochum.de\/campus\/all\/module.asp?gguid=0x143DD790CDC3394095E97E707DAF5580&amp;fieldgguid=&amp;findmodule=Angst&amp;tguid=0x8DF001AFFC178E4AB8EBBF80826CFCEC&amp;strSignMessage=\">Angst, Aggression, Engagement &#8211; Migration und Integration in Deutschland (5 CP)<\/a><\/p><\/td><td><\/td><\/tr><tr><td><p>Teil 1: &#8222;Fremd&#8220; im Lande 2.0? Ein altes Problem in neuen Perspektiven (Ringvorlesung), SoSe 2016<\/p><\/td><td><\/td><\/tr><tr><td><p>Teil 2: \u201eFl\u00fcchtlingsgespr\u00e4che \u2013vom politischen Diskurs zum literarischen Genre\u201c (Lekt\u00fcre\u00fcbung), SoSe 2016<\/p><\/td><td><\/td><\/tr><tr><td><p>G4 Basismodul Identit\u00e4t und Differenz<\/p><\/td><td><\/td><\/tr><tr><td><p><\/p><\/td><td><\/td><\/tr><tr><td width=\"90%\"><p><a href=\"http:\/\/vvz.uv.ruhr-uni-bochum.de\/campus\/all\/module.asp?gguid=0x403B43972E4D1F4596E504209BE911F0&amp;fieldgguid=&amp;mode=&amp;findmodule=Bioe&amp;tguid=0x8DF001AFFC178E4AB8EBBF80826CFCEC\">Bioethische Grundfragen (Summer School) (5 CP)<\/a><\/p><\/td><td><\/td><\/tr><tr><td><p>Teil 1: Summer School Grundlagen der Bioethik in Wissenschaft und Gesellschaft (Blockseminar), SoSe 2016<\/p><\/td><td><\/td><\/tr><tr><td><p>Teil 2: Bioethik vermitteln: Didaktik und Praxis (Workshop), SoSe 2016<\/p><\/td><td><\/td><\/tr><tr><td><p>G4 Interdisziplin\u00e4r studieren<\/p><\/td><td><\/td><\/tr><tr><td><p><\/p><\/td><td><\/td><\/tr><tr><td width=\"90%\"><p><a href=\"https:\/\/vvz.ruhr-uni-bochum.de\/campus\/all\/module.asp?gguid=0x176FF24058F13E4C9D239AB7B4AD32DC&amp;tguid=0x8DF001AFFC178E4AB8EBBF80826CFCEC\">Erinnerungskultur in Deutschland und bei seinen \u00f6stlichen Nachbarn (5 CP)<\/a><\/p><\/td><td><\/td><\/tr><tr><td><p>Teil 1: Erinnerungskultur in Deutschland und bei seinen \u00f6stlichen Nachbarn (Proseminar), SoSe 2016<\/p><\/td><td><\/td><\/tr><tr><td><p>Teil 2: Deutsch-polnische Zusammenarbeit im Tandem-Kurs (\u00dcbung), SoSe 2016<\/p><\/td><td><\/td><\/tr><tr><td><p>Teil 3: Geschichtspolitik fr\u00fcher und heute \u2013 in Polen, Russland, Tschechien (Workshop), SoSe 2016<\/p><\/td><td><\/td><\/tr><tr><td><p>G4 Interdisziplin\u00e4r studieren<\/p><\/td><td><\/td><\/tr><tr><td><p><\/p><\/td><td><\/td><\/tr><tr><td width=\"90%\"><p><a href=\"https:\/\/vvz.ruhr-uni-bochum.de\/campus\/all\/module.asp?gguid=0x3CA3C0BB089E8B44AA94B878B72705DA&amp;fieldgguid=&amp;findmodule=erforschung&amp;tguid=0x8DF001AFFC178E4AB8EBBF80826CFCEC&amp;strSignMessage=\">Erforschung von Gruppendynamik am Beispiel des Lernlabors Product-Service-Sytems (PSS) (5 CP)<\/a> NEU am 26.03.2016<\/p><\/td><td><\/td><\/tr><tr><td><p>Teil 1: Erforschung von Gruppendynamik am Beispiel des \u201eTransdisciplinary Learning-Lab: Exploring the Transformation towards Product-Service-Systems (Praktische \u00dcbung), SoSe 2016<\/p><\/td><td><\/td><\/tr><tr><td><p>Teil 2: PSS (eLearning-Phase), SoSe 2016<\/p><\/td><td><\/td><\/tr><tr><td><p>G4 Intensiv Studieren<\/p><\/td><td><\/td><\/tr><tr><td><p><\/p><\/td><td><\/td><\/tr><tr><td width=\"90%\"><p><a href=\"https:\/\/vvz.ruhr-uni-bochum.de\/campus\/all\/module.asp?gguid=0xA4380E4ED3141143980B9BCF42837069&amp;fieldgguid=&amp;findmodule=Farben+sehen&amp;tguid=0x8DF001AFFC178E4AB8EBBF80826CFCEC&amp;strSignMessage=\">Farben sehen und erleben (5 CP)<\/a><\/p><\/td><td><\/td><\/tr><tr><td><p>Teil 1: Farben sehen und erleben. Praktische Einf\u00fchrung in die Malerei, mit dem Schwerpunkt Farben (Praktische \u00dcbung), SoSe 2016<\/p><\/td><td><\/td><\/tr><tr><td><p>Teil 2: Farben sehen und erleben. Theoretische Grundlagen (Seminar), SoSe 2016<\/p><\/td><td><\/td><\/tr><tr><td><p>G4 Basismodul &#8222;Kunst und Kultur&#8220;<\/p><\/td><td><\/td><\/tr><tr><td><p>Bitte beachten Sie, dass ein Materialkostenzuschuss von 15 Euro anf\u00e4llt.<\/p><\/td><td><\/td><\/tr><tr><td><p><\/p><\/td><td><\/td><\/tr><tr><td width=\"90%\"><p><a href=\"http:\/\/www.ruhr-uni-bochum.de\/optionalbereich\/downloads\/G2-G4_Maschinenbau_Technische_Produktentwicklung_SoSe2016.pdf\">Interdisziplin\u00e4re Projektarbeit in der technischen Produktentwicklung (5 CP)<\/a><\/p><\/td><td><\/td><\/tr><tr><td><p>Teil 1: Interdisziplin\u00e4re Projektarbeit in der technischen Produktentwicklung (Vorlesung), SoSe 2016<\/p><\/td><td><\/td><\/tr><tr><td><p>Teil 2: Interdisziplin\u00e4re Projektarbeit in der technischen Produktentwicklung (\u00dcbung), SoSe 2016<\/p><\/td><td><\/td><\/tr><tr><td><p>G2 Interdisziplin\u00e4r studieren \/ G4 Interdisziplin\u00e4r studieren<\/p><\/td><td><\/td><\/tr><tr><td><p><\/p><\/td><td><\/td><\/tr><tr><td width=\"90%\"><p><a href=\"https:\/\/vvz.ruhr-uni-bochum.de\/campus\/all\/module.asp?gguid=0x4A8F76F72EEB4E488B535291B218C103&amp;fieldgguid=&amp;mode=&amp;findmodule=Irland&amp;tguid=0x8DF001AFFC178E4AB8EBBF80826CFCEC\">Irland: Sprache und Kultur I (5 CP)<\/a><\/p><\/td><td><\/td><\/tr><tr><td><p>Teil 1: Irisch f\u00fcr Anf\u00e4nger\/innen (Irisch I), SoSe 2016<\/p><\/td><td><\/td><\/tr><tr><td><p>Teil 2: Irische Kultur: Ireland in the Last 150 Years &#8211; From \u00c9riu to \u00c9ire \/ Ireland through the Millenia (Seminar), SoSe 2016<\/p><\/td><td><\/td><\/tr><tr><td><p>G1 Modul Irisch I \/ G4 Basismodul &#8222;Kulturelle Kompetenz&#8220;<\/p><\/td><td><\/td><\/tr><tr><td><p><\/p><\/td><td><\/td><\/tr><tr><td width=\"90%\"><p><a href=\"https:\/\/vvz.ruhr-uni-bochum.de\/campus\/all\/module.asp?gguid=0xAFFED90410CBD84F97AD0625AEE572BD&amp;fieldgguid=&amp;mode=&amp;findmodule=Irland&amp;tguid=0x8DF001AFFC178E4AB8EBBF80826CFCEC\">Irland: Sprache und Kultur II &#8211; vor Ort (5 CP)<\/a><\/p><\/td><td><\/td><\/tr><tr><td><p>Teil 1: Exkursion nach Ballyferriter\/ Kerry\/ Irland (Exkursion), SoSe 2016<\/p><\/td><td><\/td><\/tr><tr><td><p>Teil 2a: Lekt\u00fcrekurs: Irische Texte, SoSe 2016<\/p><\/td><td><\/td><\/tr><tr><td><p>Teil 2b: 7-t\u00e4gige Exkursion nach Ballyferriter\/ Kerry\/ Irland , SoSe 2016<\/p><\/td><td><\/td><\/tr><tr><td><p>G1 Modul Irisch &#8211; vor Ort \/G1 Modul Irisch II \/ G4 Basismodul &#8222;Kulturelle Kompetenz&#8220;<\/p><\/td><td><\/td><\/tr><tr><td><p>Achtung: Die erfolgreiche Teilnahme an einem Irischkurs (mindestens Irisch I) ist Voraussetzung f\u00fcr die Teilnahme an diesem Modul!<\/p><\/td><td><\/td><\/tr><tr><td><p><\/p><\/td><td><\/td><\/tr><tr><td width=\"90%\"><p><a href=\"https:\/\/vvz.ruhr-uni-bochum.de\/campus\/all\/module.asp?gguid=0x014F1B44885C5E4FB50DD4B4EBD7A0D6&amp;fieldgguid=&amp;mode=&amp;findmodule=Irland&amp;tguid=0x8DF001AFFC178E4AB8EBBF80826CFCEC\">Irland: Sprache und Kultur II (5 CP)<\/a><\/p><\/td><td><\/td><\/tr><tr><td><p>Teil 1: Irisch II (Sprachkurs), SoSe 2016<\/p><\/td><td><\/td><\/tr><tr><td><p>Teil 2a: Lekt\u00fcrekurs: Irische Texte, SoSe 2016<\/p><\/td><td><\/td><\/tr><tr><td><p>Teil 2b: Irische Kultur: Ireland in the Last 150 Years (Seminar), SoSe 2016<\/p><\/td><td><\/td><\/tr><tr><td><p>G1 Modul Irisch II \/ G4 Basismodul &#8222;Kulturelle Kompetenz&#8220;<\/p><\/td><td><\/td><\/tr><tr><td><p><\/p><\/td><td><\/td><\/tr><tr><td width=\"90%\"><p><a href=\"https:\/\/vvz.ruhr-uni-bochum.de\/campus\/all\/module.asp?gguid=0x06C08FECEDC2894F9F544CD673E11D58&amp;fieldgguid=&amp;mode=&amp;findmodule=Irland&amp;tguid=0x8DF001AFFC178E4AB8EBBF80826CFCEC\">Irland: Sprache und Kultur III (5 CP)<\/a><\/p><\/td><td><\/td><\/tr><tr><td><p>Teil 1: Irisch III (Sprachkurs), SoSe 2016<\/p><\/td><td><\/td><\/tr><tr><td><p>Teil 2a: Lekt\u00fcrekurs: Irische Texte, SoSe 2016<\/p><\/td><td><\/td><\/tr><tr><td><p>Teil 2b: Irische Kultur: Ireland in the Last 150 Years (Seminar), SoSe 2016<\/p><\/td><td><\/td><\/tr><tr><td><p>G1 Modul Irisch III \/ G4 Basismodul &#8222;Kulturelle Kompetenz&#8220;<\/p><\/td><td><\/td><\/tr><tr><td><p><\/p><\/td><td><\/td><\/tr><tr><td width=\"90%\"><p><a href=\"https:\/\/vvz.ruhr-uni-bochum.de\/campus\/all\/module.asp?gguid=0x872597BAD3A79541AD2BA8F7852BBCD6&amp;fieldgguid=&amp;mode=&amp;findmodule=Irland&amp;tguid=0x8DF001AFFC178E4AB8EBBF80826CFCEC\">Irland: Sprache und Kultur IV (5 CP)<\/a><\/p><\/td><td><\/td><\/tr><tr><td><p>Teil 1: Irisch IV (Sprachkurs), SoSe 2016<\/p><\/td><td><\/td><\/tr><tr><td><p>Teil 2a: Lekt\u00fcrekurs: Irische Texte, SoSe 2016<\/p><\/td><td><\/td><\/tr><tr><td><p>Teil 2b: Irische Kultur: Ireland in the Last 150 Years (Seminar), SoSe 2016<\/p><\/td><td><\/td><\/tr><tr><td><p>G1 Modul Irisch IV \/ G4 Basismodul &#8222;Kulturelle Kompetenz&#8220;<\/p><\/td><td><\/td><\/tr><tr><td><p><\/p><\/td><td><\/td><\/tr><tr><td width=\"90%\"><p><a href=\"http:\/\/vvz.uv.ruhr-uni-bochum.de\/campus\/all\/module.asp?gguid=0xFB5D1A1B7362B14386831A9D0F5895E3&amp;fieldgguid=&amp;mode=&amp;findmodule=Kulturelle+Bildung&amp;tguid=0x8DF001AFFC178E4AB8EBBF80826CFCEC\">Kulturelle Bildung: Urbanes Lernen. Kulturelle Bildung in urbanen \u00f6ffentlichen R\u00e4umen (Summer School) (5 CP)<\/a><\/p><\/td><td><\/td><\/tr><tr><td><p>Teil 1: Kulturelle Bildung (Seminar), SoSe 2016<\/p><\/td><td><\/td><\/tr><tr><td><p>Teil 2: Summer School Urbanes Lernen (Blockseminar), SoSe 2016<\/p><\/td><td><\/td><\/tr><tr><td><p>G4 Interdisziplin\u00e4r studieren<\/p><\/td><td><\/td><\/tr><tr><td><p>Das Modul kann alternativ zum Modul &#8222;Kulturelle Bildung&#8220; f\u00fcr das Zertifikat f\u00fcr die profilbildenden Studien &#8222;Kulturelle Bildung&#8220; anerkannt werden.<\/p><\/td><td><\/td><\/tr><tr><td><p><\/p><\/td><td><\/td><\/tr><tr><td width=\"90%\"><p><a href=\"https:\/\/vvz.ruhr-uni-bochum.de\/campus\/all\/module.asp?gguid=0x305EBB863782DF4AA25429AE76DB15CA&amp;fieldgguid=&amp;findmodule=Landnutzung&amp;tguid=0x8DF001AFFC178E4AB8EBBF80826CFCEC&amp;strSignMessage=\">Landnutzung, Infrastruktur und Nachhaltigkeit: Voraussetzungen, Akteure und Geschichte (10 CP) <\/a><\/p><\/td><td><\/td><\/tr><tr><td><p>Teil 1: Landnutzung, Infrastruktur und Nachhaltigkeit (Blockvorlesung in der vorlesungsfreien Zeit), WS 2015\/16<\/p><\/td><td><\/td><\/tr><tr><td><p>Teil 2: Landnutzung, Infrastruktur und Nachhaltigkeit (Blockseminar in der vorlesungsfreien Zeit), WS 2015\/16<\/p><\/td><td><\/td><\/tr><tr><td><p>Teil 3: Landnutzung, Infrastruktur und Nachhaltigkeit: Voraussetzungen, Akteure und Geschichte (Blockseminar mit Exkursion und Planspiel), SoSe 2016<\/p><\/td><td><\/td><\/tr><tr><td><p>G4 Interdisziplin\u00e4r studieren<\/p><\/td><td><\/td><\/tr><tr><td><p>Keine Anmeldung mehr m\u00f6glich! Fortf\u00fchrung aus dem WS 2015\/16.<\/p><\/td><td><\/td><\/tr><tr><td><p><\/p><\/td><td><\/td><\/tr><tr><td width=\"90%\"><p><a href=\"https:\/\/vvz.ruhr-uni-bochum.de\/campus\/all\/module.asp?gguid=0x75A3E0EF9F5A564C8F6A8DAD4B8DA9CA&amp;fieldgguid=&amp;findmodule=Lehrprojekt&amp;tguid=0x8DF001AFFC178E4AB8EBBF80826CFCEC&amp;strSignMessage=\">Lehrprojekt: Leben auf &#8222;begrenztem&#8220; Raum &#8211; Wechselwirkungen zwischen sozialen und naturr\u00e4umlichen Bedingungen auf Helgoland (10 CP) <\/a><\/p><\/td><td><\/td><\/tr><tr><td><p>Teil 1: Projektplanung, SoSe 2016<\/p><\/td><td><\/td><\/tr><tr><td><p>Teil 2: Projektdurchf\u00fchrung (Exkursion), WS 2016\/17<\/p><\/td><td><\/td><\/tr><tr><td><p>Teil 3: Nachbereitung und Projektabschluss, WS 2016\/17<\/p><\/td><td><\/td><\/tr><tr><td><p>G4 Interdisziplin\u00e4r studieren<\/p><\/td><td><\/td><\/tr><tr><td><p>Dieses Modul richtet sich an Studierende ab dem 3. Fachsemester, die bereits die theoretischen und methodischen Grundlagen ihres Faches erworben haben. F\u00fcr die Exkursion fallen Teilnahmekosten an: 395 \u20ac pro Person<\/p><\/td><td><\/td><\/tr><tr><td><p><\/p><\/td><td><\/td><\/tr><tr><td width=\"90%\"><p><a href=\"https:\/\/vvz.ruhr-uni-bochum.de\/campus\/all\/module.asp?gguid=0x97DD9E9CC18AF44D8C8C60DC36AA147A&amp;fieldgguid=&amp;mode=&amp;findmodule=Medizinische&amp;tguid=0x8DF001AFFC178E4AB8EBBF80826CFCEC\">Medizinische Physik: Von der Entstehung des Lebens zur modernen Medizinphysik (Summer School) (5 CP)<\/a><\/p><\/td><td><\/td><\/tr><tr><td><p>Teil 1: Medizinische Physik: eine Einf\u00fchrung in grundlegende Fragestellungen (Workshop), SoSe 2016<\/p><\/td><td><\/td><\/tr><tr><td><p>Teil 2: Summer School Von der Entstehung des Lebens mit zur modernen Medizinphysik (Blockseminar), SoSe 2016<\/p><\/td><td><\/td><\/tr><tr><td><p>Teil 3: Medizinische Physik: Analyse der Herausforderungen eines interdisziplin\u00e4ren Forschungsgebiets (Abschlusspr\u00e4sentation), SoSe 2016<\/p><\/td><td><\/td><\/tr><tr><td><p>G4 Interdisziplin\u00e4r studieren<\/p><\/td><td><\/td><\/tr><tr><td><p><\/p><\/td><td><\/td><\/tr><tr><td width=\"90%\"><p><a href=\"http:\/\/vvz.uv.ruhr-uni-bochum.de\/campus\/all\/module.asp?gguid=0xF8DB48E3E35DF746994ED636859DB67F&amp;fieldgguid=&amp;findmodule=Modellierung&amp;tguid=0x8DF001AFFC178E4AB8EBBF80826CFCEC&amp;strSignMessage=\">Modellierung von Zeit (Summer School) (5 CP) <\/a><\/p><\/td><td><\/td><\/tr><tr><td><p>Teil 1: Die Wahrnehmung von Zeit in Theorie und Medien (Lekt\u00fcrekurs), SoSe 2016<\/p><\/td><td><\/td><\/tr><tr><td><p>Teil 2: Summer School Modellierung von Zeit (Blockseminar), SoSe 2016<\/p><\/td><td><\/td><\/tr><tr><td><p>Teil 3: Zur\u00fcck in die Zukunft (Projektarbeit, Zukunftswerkstatt), SoSe 2016<\/p><\/td><td><\/td><\/tr><tr><td><p>G4 Interdisziplin\u00e4r studieren<\/p><\/td><td><\/td><\/tr><tr><td><p>Das Modul ist richtet sich an Studierende ab dem 3. Fachsemester!<\/p><\/td><td><\/td><\/tr><tr><td><p><\/p><\/td><td><\/td><\/tr><tr><td width=\"90%\"><p><a href=\"https:\/\/vvz.ruhr-uni-bochum.de\/campus\/all\/module.asp?gguid=0x28E1F69CE5AE7D4487DFE0F23AC84211&amp;fieldgguid=&amp;findmodule=not+in+my&amp;tguid=0x8DF001AFFC178E4AB8EBBF80826CFCEC&amp;strSignMessage=\">Not in my back yard! &#8211; \u00d6ffentlichkeitsbeteiligung bei Industrie- und Infrastrukturprojekten (5 CP)<\/a><\/p><\/td><td><\/td><\/tr><tr><td><p>Teil 1: Vorlesung und Blockseminar: \u00d6ffentlichkeitsbeteiligung bei Industrie- und Infrastrukturprojekten aus multidisziplin\u00e4rer Sicht (Vorlesung und Blockseminar), SoSe 2016<\/p><\/td><td><\/td><\/tr><tr><td><p>Teil 2: Fallbearbeitungen (Problem-based Learning) zur Thematik der \u00d6ffentlichkeitsbeteiligung bei Industrie- und Infrastrukturprojekten (\u00dcbung), SoSe 2016<\/p><\/td><td><\/td><\/tr><tr><td><p>G2 Kommunikation und Mediation und G4 Basismodul &#8222;Wissenschaft in der Praxis&#8220;<\/p><\/td><td><\/td><\/tr><tr><td><p>Das Modul ist richtet sich an Studierende ab dem 3.\/4. Fachsemester! Keine der Veranstaltungen darf Bestandteil des Fachstudiums sein, wenn Sie die Anrechnung f\u00fcr den Optionalbereich anstreben.<\/p><\/td><td><\/td><\/tr><tr><td><p><\/p><\/td><td><\/td><\/tr><tr><td width=\"90%\"><p><a href=\"https:\/\/vvz.ruhr-uni-bochum.de\/campus\/all\/module.asp?gguid=0xA6DD3C1E81E5C04887B7DE7A44609BD4&amp;fieldgguid=&amp;findmodule=Rubarts&amp;tguid=0x8DF001AFFC178E4AB8EBBF80826CFCEC&amp;strSignMessage=\">RUBArts International (Musisches Zentrum) (5 CP) <\/a><\/p><\/td><td><\/td><\/tr><tr><td><p>Teil 1: Site Specific Art: Exploring the Campus (Workshop), SoSe 2016<\/p><\/td><td><\/td><\/tr><tr><td><p>Teil 2: Live Project on Campus (Workshop), SoSe 2016<\/p><\/td><td><\/td><\/tr><tr><td><p>G4 Basismodul &#8222;Kunst und Kultur&#8220;<\/p><\/td><td><\/td><\/tr><tr><td><p><\/p><\/td><td><\/td><\/tr><tr><td width=\"90%\"><p><a href=\"https:\/\/vvz.ruhr-uni-bochum.de\/campus\/all\/module.asp?gguid=0x33EE5B30B0C1B746BDC2545242210393&amp;fieldgguid=&amp;findmodule=Rivalit%E4t&amp;tguid=0x8DF001AFFC178E4AB8EBBF80826CFCEC&amp;strSignMessage=\">Rivalit\u00e4t, Ritual, Rassismus: Expedition und Wissen_schaft (5 CP) <\/a><\/p><\/td><td><\/td><\/tr><tr><td><p>Teil 1: Expeditionen in Natur- und Kulturwissenschaften (Seminar), SoSe 2016<\/p><\/td><td><\/td><\/tr><tr><td><p>Teil 2: Konzeption: Forschungsreisen im Schulunterricht (Blockseminar), SoSe 2016<\/p><\/td><td><\/td><\/tr><tr><td><p>Teil 3: Workshop mit Sch\u00fclerinnen und Sch\u00fclern im Sch\u00fclerlabor (Workshop), SoSe 2016<\/p><\/td><td><\/td><\/tr><tr><td><p>G4 Basismodul &#8222;Neuere und Neueste Geschichte&#8220;<\/p><\/td><td><\/td><\/tr><tr><td><p><\/p><\/td><td><\/td><\/tr><tr><td width=\"90%\"><p><a href=\"http:\/\/vvz.uv.ruhr-uni-bochum.de\/campus\/all\/module.asp?gguid=0x2E3489D926996844B736EC519FF7A546&amp;fieldgguid=&amp;findmodule=Social+Mov&amp;tguid=0x8DF001AFFC178E4AB8EBBF80826CFCEC&amp;strSignMessage=\">Social Movements in International Perspectives: Past, Present and Future (Summer School) (5 CP)<\/a><\/p><\/td><td><\/td><\/tr><tr><td><p>Teil 1: Social Movements: Basics and Specifics (Distant-Learning-Seminar), SoSe 2016<\/p><\/td><td><\/td><\/tr><tr><td><p>Teil 2: Summer School &#8222;Social Movements in Global Perspectives (Konferenz), SoSe 2016<\/p><\/td><td><\/td><\/tr><tr><td><p>Teil 3: Social Movements and their Future (Workshop), SoSe 2016<\/p><\/td><td><\/td><\/tr><tr><td><p>G4 Interdisziplin\u00e4r studieren<\/p><\/td><td><\/td><\/tr><tr><td><p>The module is aimed at students of all subjects from the third semester onwards (BA) who are interested in interdisciplinary research on the history and present of social movements. Please note: As the program is international, the language (literature and discussions) will at all times be English. Thorough knowledge of English is mandatory.<\/p><\/td><td><\/td><\/tr><tr><td><p><\/p><\/td><td><\/td><\/tr><tr><td width=\"90%\"><p><a href=\"http:\/\/vvz.uv.ruhr-uni-bochum.de\/campus\/all\/module.asp?gguid=0x3472CD6F14F0A745A12F9EAB14CDD490&amp;fieldgguid=&amp;mode=&amp;findmodule=Sommerschule&amp;tguid=0x8DF001AFFC178E4AB8EBBF80826CFCEC\">Sommerschule: Inklusion &#8211; Perspektiven f\u00fcr Schule und Unterricht (5 CP)<\/a><\/p><\/td><td><\/td><\/tr><tr><td><p>Teil 1: &#8222;Inklusion &#8211; Perspektiven f\u00fcr Schule und Unterricht&#8220; (Blockveranstaltung), SoSe 2016<\/p><\/td><td><\/td><\/tr><tr><td><p>Teil 2: &#8222;Inklusion &#8211; Perspektiven f\u00fcr Schule und Unterricht&#8220; (Projektarbeit), SoSe 2016<\/p><\/td><td><\/td><\/tr><tr><td><p>Teil 3: &#8222;Inklusion &#8211; Perspektiven f\u00fcr Schule und Unterricht&#8220; (Projekttag), SoSe 2016<\/p><\/td><td><\/td><\/tr><tr><td><p>G4 Interdisziplin\u00e4r studieren<\/p><\/td><td><\/td><\/tr><tr><td><p>Voraussetzung ist das Absolvieren des Basismoduls: Schulpraxisstudien ( Orientierungspraktikum).<\/p><\/td><td><\/td><\/tr><tr><td><p><\/p><\/td><td><\/td><\/tr><tr><td width=\"90%\"><p><a href=\"https:\/\/vvz.ruhr-uni-bochum.de\/campus\/all\/module.asp?gguid=0x944A1C42D2C0F64FA1558820D671F1BC&amp;fieldgguid=&amp;findmodule=Summer+school&amp;tguid=0x8DF001AFFC178E4AB8EBBF80826CFCEC&amp;strSignMessage=\">Summer School Humanitarian Action in the 21st Century (5 CP)<\/a><\/p><\/td><td><\/td><\/tr><tr><td><p>Teil 1: Preparatory Session and Summer School: Humanitarian Action in the 21st Century (Blockveranstaltung), SoSe 2016<\/p><\/td><td><\/td><\/tr><tr><td><p>Teil 2: Simulation Exercise (Blockveranstaltung), SoSe 2016<\/p><\/td><td><\/td><\/tr><tr><td><p>Teil 3: Career Panel (Blockveranstaltung), SoSe 2016<\/p><\/td><td><\/td><\/tr><tr><td><p>G4 Interdisziplin\u00e4r studieren<\/p><\/td><td><\/td><\/tr><tr><td><p>Das Modul ist erst ab dem 3. Fachsemester belegbar. Gute Englischkenntnisse werden vorausgesetzt.<\/p><\/td><td><\/td><\/tr><tr><td><p><\/p><\/td><td><\/td><\/tr><tr><td width=\"90%\"><p><a href=\"http:\/\/vvz.uv.ruhr-uni-bochum.de\/campus\/all\/module.asp?gguid=0x9D1C92E9C5E9024088D80B38A0F5FBF2&amp;fieldgguid=&amp;findmodule=unterricht+im&amp;tguid=0x8DF001AFFC178E4AB8EBBF80826CFCEC&amp;strSignMessage=\">Unterricht im inklusiven Kontext &#8211; Praxisbeobachtungen in der Schule (5 CP) <\/a><\/p><\/td><td><\/td><\/tr><tr><td><p>Teil 1: Unterricht im inklusiven Kontext (Seminar), SoSe 2016<\/p><\/td><td><\/td><\/tr><tr><td><p>Teil 2: Praxisbeobachtung, SoSe 2016<\/p><\/td><td><\/td><\/tr><tr><td><p>Teil 3: Plenum (Blockveranstaltung), SoSe 2016<\/p><\/td><td><\/td><\/tr><tr><td><p>G4 Interdisziplin\u00e4r studieren<\/p><\/td><td><\/td><\/tr><tr><td><p>Voraussetzung ist das Absolvieren des Basismoduls: Schulpraxisstudien ( Orientierungspraktikum).<\/p><\/td><td><\/td><\/tr><\/tbody><\/table><p><\/p><\/div>\n\t\t\t\t<\/div>\n\t\t\t\t\t\t\t<div class=\"elementor-accordion-item\">\n\t\t\t\t\t<div id=\"elementor-tab-title-91611\" class=\"elementor-tab-title\" data-tab=\"11\" role=\"button\" aria-controls=\"elementor-tab-content-91611\" aria-expanded=\"false\">\n\t\t\t\t\t\t\t\t\t\t\t\t\t<span class=\"elementor-accordion-icon elementor-accordion-icon-left\" aria-hidden=\"true\">\n\t\t\t\t\t\t\t\t\t\t\t\t\t\t\t<span class=\"elementor-accordion-icon-closed\"><i class=\"fas fa-plus\"><\/i><\/span>\n\t\t\t\t\t\t\t\t<span class=\"elementor-accordion-icon-opened\"><i class=\"fas fa-minus\"><\/i><\/span>\n\t\t\t\t\t\t\t\t\t\t\t\t\t\t<\/span>\n\t\t\t\t\t\t\t\t\t\t\t\t<a class=\"elementor-accordion-title\" tabindex=\"0\">WS 2015\/16<\/a>\n\t\t\t\t\t<\/div>\n\t\t\t\t\t<div id=\"elementor-tab-content-91611\" class=\"elementor-tab-content elementor-clearfix\" data-tab=\"11\" role=\"region\" aria-labelledby=\"elementor-tab-title-91611\"><table width=\"100%\"><tbody><tr><td colspan=\"2\"><p>Grundlagenmodule anderer F\u00e4cher<\/p><\/td><\/tr><tr><td colspan=\"2\"><p>Allgemeine &amp; vergleichende Literaturwissenschaft<\/p><\/td><\/tr><tr><td><p>In diesem Semester liegt leider kein Angebot vor.<\/p><\/td><td><\/td><\/tr><tr><td><p><\/p><\/td><td><\/td><\/tr><tr><td colspan=\"2\"><p>Anglistik\/Amerikanistik<\/p><\/td><\/tr><tr><td width=\"90%\"><p><a href=\"https:\/\/vvz.ruhr-uni-bochum.de\/campus\/all\/module.asp?gguid=0xAA6E1BCEB07768488BDF49A4571B9847&amp;fieldgguid=&amp;findmodule=Britische+Kultur&amp;tguid=0x39FF9E73E27E1445BFB66A7776030329&amp;strSignMessage=\">Britische Kultur (5 CP) <\/a><\/p><\/td><td><\/td><\/tr><tr><td><p>Teil 1: Modernist Britain (Vorlesung), WS 2015\/16<\/p><\/td><td><\/td><\/tr><tr><td><p>Teil 2a: Britain and Europe (\u00dcbung), WS 2015\/16 oder<\/p><\/td><td><\/td><\/tr><tr><td><p>Teil 2b: Reading London (\u00dcbung), WS 2015\/16<\/p><\/td><td><\/td><\/tr><tr><td><p>G4 Basismodul &#8222;English Literature and Culture&#8220;<\/p><\/td><td><\/td><\/tr><tr><td><p>Studierende der Anglistik\/Amerikanistik k\u00f6nnen an diesem Modul zwar teilnehmen, jedoch keine Credit Points f\u00fcr den Optionalbereich erwerben! Beherrschung der englischen Sprache in Wort und Schrift mind. auf Niveau B2.<\/p><\/td><td><\/td><\/tr><tr><td><p><\/p><\/td><td><\/td><\/tr><tr><td width=\"90%\"><p><a href=\"https:\/\/vvz.ruhr-uni-bochum.de\/campus\/all\/module.asp?gguid=0x165FB27A6178A24A999C26EE8863E68F&amp;fieldgguid=&amp;findmodule=Die+englische+Renaissance&amp;tguid=0x39FF9E73E27E1445BFB66A7776030329&amp;strSignMessage=\">Die englische Renaissance (5 CP)<\/a><\/p><\/td><td><\/td><\/tr><tr><td><p>Teil 1: Introduction to Renaissance Drama (Vorlesung), WS 2015\/16<\/p><\/td><td><\/td><\/tr><tr><td><p>Teil 2: Late Medieval and Renaissance Ballads (\u00dcbung), WS 2015\/16<\/p><\/td><td><\/td><\/tr><tr><td><p>G4 Basismodul &#8222;English Literature and Culture&#8220;<\/p><\/td><td><\/td><\/tr><tr><td><p>Studierende der Anglistik\/Amerikanistik k\u00f6nnen an diesem Modul zwar teilnehmen, jedoch keine Credit Points f\u00fcr den Optionalbereich erwerben! Beherrschung der englischen Sprache in Wort und Schrift mind. auf Niveau B2.<\/p><\/td><td><\/td><\/tr><tr><td><p><\/p><\/td><td><\/td><\/tr><tr><td width=\"90%\"><p><a href=\"https:\/\/vvz.ruhr-uni-bochum.de\/campus\/all\/module.asp?gguid=0x072BC84B83A11543B551B9FFA65516AF&amp;fieldgguid=&amp;findmodule=Englisches+Drama&amp;tguid=0x39FF9E73E27E1445BFB66A7776030329&amp;strSignMessage=\">Englisches Drama (5 CP)<\/a><\/p><\/td><td><\/td><\/tr><tr><td><p>Teil 1: Introduction to the Study of Drama (Seminar) , WS 2015\/16<\/p><\/td><td><\/td><\/tr><tr><td><p>Teil 2a: Reading The Comedy of Errors (\u00dcbung), WS 2015\/16 oder<\/p><\/td><td><\/td><\/tr><tr><td><p>Teil 2b: Samuel Beckett and Harold Pinter (\u00dcbung), WS 2015\/16<\/p><\/td><td><\/td><\/tr><tr><td><p>G4 Basismodul &#8222;English Literature and Culture&#8220;<\/p><\/td><td><\/td><\/tr><tr><td><p>Studierende der Anglistik\/Amerikanistik k\u00f6nnen an diesem Modul zwar teilnehmen, jedoch keine Credit Points f\u00fcr den Optionalbereich erwerben! Beherrschung der englischen Sprache in Wort und Schrift mind. auf Niveau B2.<\/p><\/td><td><\/td><\/tr><tr><td><p><\/p><\/td><td><\/td><\/tr><tr><td width=\"90%\"><p><a href=\"https:\/\/vvz.ruhr-uni-bochum.de\/campus\/all\/module.asp?gguid=0xE0EFE7A56F858B42AA2612660C2C74EE&amp;fieldgguid=&amp;findmodule=US-Amerikanische+Kultur&amp;tguid=0x39FF9E73E27E1445BFB66A7776030329&amp;strSignMessage=\">US-Amerikanische Kultur (5 CP)<\/a><\/p><\/td><td><\/td><\/tr><tr><td><p>Teil 1: American Literature and Culture after World War II (Vorlesung), WS 2015\/16<\/p><\/td><td><\/td><\/tr><tr><td><p>Teil 2a: Class Matters in American Culture (\u00dcbung), WS 2015\/16 oder<\/p><\/td><td><\/td><\/tr><tr><td><p>Teil 2b: American Childhoods (\u00dcbung), WS 2015\/16<\/p><\/td><td><\/td><\/tr><tr><td><p>G4 Basismodul &#8222;American Literature and Culture&#8220;<\/p><\/td><td><\/td><\/tr><tr><td><p>Studierende der Anglistik\/Amerikanistik k\u00f6nnen an diesem Modul zwar teilnehmen, jedoch keine Credit Points f\u00fcr den Optionalbereich erwerben! Beherrschung der englischen Sprache in Wort und Schrift mind. auf Niveau B2.<\/p><\/td><td><\/td><\/tr><tr><td><p><\/p><\/td><td><\/td><\/tr><tr><td colspan=\"2\"><p>Arch\u00e4ologische Wissenschaften<\/p><\/td><\/tr><tr><td width=\"90%\"><p><a href=\"https:\/\/vvz.ruhr-uni-bochum.de\/campus\/all\/module.asp?gguid=0x8520DDA80D57F54EA3F4B64EC5E29FD9&amp;fieldgguid=&amp;findmodule=Die+Architektur+der+R%F6mer&amp;tguid=0x39FF9E73E27E1445BFB66A7776030329&amp;strSignMessage=\">Die Architektur der R\u00f6mer (5 CP)<\/a><\/p><\/td><td><\/td><\/tr><tr><td><p>Teil 1: R\u00f6mische Architektur (Vorlesung), WS 2015\/16<\/p><\/td><td><\/td><\/tr><tr><td><p>Teil 2: &#8222;Neue Funde und Forschungen&#8220; (Kolloquium), WS 2015\/16<\/p><\/td><td><\/td><\/tr><tr><td><p>G4 Basismodul &#8222;Schwerpunkt Klassische Arch\u00e4ologie&#8220;<\/p><\/td><td><\/td><\/tr><tr><td><p>Studierende der Arch\u00e4ologischen Wissenschaften k\u00f6nnen in diesem Modul keine Kreditpunkte f\u00fcr den Optionalbereich erwerben! Studierende, die die Module &#8222;Fr\u00fche christliche Kunst&#8220; oder &#8222;Karthago und die Welt der Punier&#8220; belegen, k\u00f6nnen in diesem Modul keine Credit Points f\u00fcr den Optionalbereich erwerben<\/p><\/td><td><\/td><\/tr><tr><td><p><\/p><\/td><td><\/td><\/tr><tr><td width=\"90%\"><p><a href=\"https:\/\/vvz.ruhr-uni-bochum.de\/campus\/all\/module.asp?gguid=0x5FECC44F62021A49BFF1DB71B5A516F1&amp;fieldgguid=&amp;findmodule=Fr%FChe+christliche+Kunst&amp;tguid=0x39FF9E73E27E1445BFB66A7776030329&amp;strSignMessage=\">Fr\u00fche christliche Kunst (5 CP)<\/a><\/p><\/td><td><\/td><\/tr><tr><td><p>Teil 1: Von der Erschaffung der Welt bis zu ihrem Ende: Paradies, Geburt, Tod und Jenseitsvorstellungen auf antiken und sp\u00e4tantiken Denkm\u00e4lern(Vorlesung), WS 2015\/16<\/p><\/td><td><\/td><\/tr><tr><td><p>Teil 2: &#8222;Neue Funde und Forschungen&#8220; (Kolloquium), WS 2015\/16<\/p><\/td><td><\/td><\/tr><tr><td><p>G4 Basismodul &#8222;Schwerpunkt Klassische Arch\u00e4ologie&#8220;<\/p><\/td><td><\/td><\/tr><tr><td><p>Studierende der Arch\u00e4ologischen Wissenschaften k\u00f6nnen in diesem Modul keine Kreditpunkte f\u00fcr den Optionalbereich erwerben! Studierende, die die Module &#8222;Die Architektur der R\u00f6mer&#8220; oder &#8222;Karthago und die Welt der Punier&#8220; belegen, k\u00f6nnen in diesem Modul keine Credit Points f\u00fcr den Optionalbereich erwerben!<\/p><\/td><td><\/td><\/tr><tr><td><p><\/p><\/td><td><\/td><\/tr><tr><td width=\"90%\"><p><a href=\"https:\/\/vvz.ruhr-uni-bochum.de\/campus\/all\/module.asp?gguid=0x7ECC55674AD83D49B60561543AA55273&amp;fieldgguid=&amp;findmodule=Karthago+und+die+Welt+der+Punier&amp;tguid=0x39FF9E73E27E1445BFB66A7776030329&amp;strSignMessage=\">Karthago und die Welt der Punier (5 CP)<\/a><\/p><\/td><td><\/td><\/tr><tr><td><p>Teil 1: Karthago(Vorlesung), WS 2015\/16<\/p><\/td><td><\/td><\/tr><tr><td><p>Teil 2: &#8222;Neue Funde und Forschungen&#8220; (Kolloquium), WS 2015\/16<\/p><\/td><td><\/td><\/tr><tr><td><p>G4 Basismodul &#8222;Schwerpunkt Klassische Arch\u00e4ologie&#8220;<\/p><\/td><td><\/td><\/tr><tr><td><p>Studierende der Arch\u00e4ologischen Wissenschaften k\u00f6nnen in diesem Modul keine Kreditpunkte f\u00fcr den Optionalbereich erwerben! Studierende, die die Module &#8222;Fr\u00fche christliche Kunst&#8220;, &#8222;Die Architektur der R\u00f6mer&#8220; belegen, k\u00f6nnen in diesem Modul keine Credit Points f\u00fcr den Optionalbereich erwerben!<\/p><\/td><td><\/td><\/tr><tr><td><\/td><td><\/td><\/tr><tr><td colspan=\"2\"><p>Biologie<\/p><\/td><\/tr><tr><td width=\"90%\"><p><a href=\"https:\/\/vvz.ruhr-uni-bochum.de\/campus\/all\/module.asp?gguid=0xA4A634FC4D65024E9F04708212F915AD&amp;fieldgguid=&amp;findmodule=Biologie+der+Zelle&amp;tguid=0x39FF9E73E27E1445BFB66A7776030329&amp;strSignMessage=\">Biologie der Zelle (5 CP)<\/a><\/p><\/td><td><\/td><\/tr><tr><td><p>Teil 1: Biologie der Zelle (Vorlesung), WS 2015\/16<\/p><\/td><td><\/td><\/tr><tr><td><p>Teil 2: Biologie der Zelle (Seminar), WS 2015\/16<\/p><\/td><td><\/td><\/tr><tr><td><p>G4 Biologie der Zelle<\/p><\/td><td><\/td><\/tr><tr><td><p>Studierende der Biologie k\u00f6nnen an diesem Modul zwar teilnehmen, jedoch keine Credit Points f\u00fcr den Optionalbereich erwerben!<\/p><\/td><td><\/td><\/tr><tr><td><p><\/p><\/td><td><\/td><\/tr><tr><td width=\"90%\"><p><a href=\"https:\/\/vvz.ruhr-uni-bochum.de\/campus\/all\/module.asp?gguid=0xF034051D66FE7E4892E8CDDAEA72425E&amp;tguid=0x39FF9E73E27E1445BFB66A7776030329\">Die Wildtiere Afrikas &#8211; \u00d6kologie und angewandter Naturschutz &#8211; eine biologische Exkursion nach Kenia (10 CP)<\/a><\/p><\/td><td><\/td><\/tr><tr><td><p>Teil 1: Die Wildtiere Afrikas &#8211; \u00d6kologie und angewandter Naturschutz &#8211; eine biologische Exkursion nach Kenia (Seminar), WS 2015\/16<\/p><\/td><td><\/td><\/tr><tr><td><p>Teil 2: Die Wildtiere Afrikas &#8211; \u00d6kologie und angewandter Naturschutz &#8211; eine biologische Exkursion nach Kenia (\u00dcbung), WS 2015\/16<\/p><\/td><td><\/td><\/tr><tr><td><p>G4 Die Wildtiere Afrikas &#8211; \u00d6kologie und angewandter Naturschutz &#8211; eine biologische Exkursion nach Kenia<\/p><\/td><td><\/td><\/tr><tr><td><p><\/p><\/td><td><\/td><\/tr><tr><td width=\"90%\"><p><a href=\"https:\/\/vvz.ruhr-uni-bochum.de\/campus\/all\/module.asp?gguid=0xADDB90678D00134B95EB0FA390796992&amp;fieldgguid=&amp;findmodule=Einf%FChrung+in+die+Grundlagen+der+zellul%E4&amp;tguid=0x39FF9E73E27E1445BFB66A7776030329&amp;strSignMessage=\">Einf\u00fchrung in die Grundlagen der zellul\u00e4ren Bioenergetik (5 CP)<\/a><\/p><\/td><td><\/td><\/tr><tr><td><p>Teil 1: Einf\u00fchrung in die Grundlagen der Bioenergetik (Vorlesung), WS 2015\/16<\/p><\/td><td><\/td><\/tr><tr><td><p>Teil 2: Einf\u00fchrung in biochemische Methoden (Seminar), WS 2015\/16<\/p><\/td><td><\/td><\/tr><tr><td><p>G4 Einf\u00fchrung in die Grundlagen der zellul\u00e4ren Bioenergetik<\/p><\/td><td><\/td><\/tr><tr><td><p>Studierende der Biologie k\u00f6nnen an diesem Modul zwar teilnehmen, jedoch keine Credit Points f\u00fcr den Optionalbereich erwerben! Grundlegende Kenntnisse (Oberstufenkenntnisse) in Biochemie und Chemie sind erw\u00fcnscht.<\/p><\/td><td><\/td><\/tr><tr><td><p><\/p><\/td><td><\/td><\/tr><tr><td width=\"90%\"><p><a href=\"https:\/\/vvz.ruhr-uni-bochum.de\/campus\/all\/module.asp?gguid=0x01326556F8FAAE49893C69AB3BFE3FC3&amp;fieldgguid=&amp;findmodule=Einf%FChrung+in+die+moderne+Biophysik&amp;tguid=0x39FF9E73E27E1445BFB66A7776030329&amp;strSignMessage=\">Einf\u00fchrung in die moderne Biophysik (5 CP)<\/a><\/p><\/td><td><\/td><\/tr><tr><td><p>Teil 1: Moderne Biophysik (Vorlesung), WS 2015\/16<\/p><\/td><td><\/td><\/tr><tr><td><p>Teil 2: Biophysikalisches Seminar (Seminar), WS 2015\/16<\/p><\/td><td><\/td><\/tr><tr><td><p>G4 Einf\u00fchrung in die moderne Biophysik<\/p><\/td><td><\/td><\/tr><tr><td><p>Studierende der Biologie k\u00f6nnen an diesem Modul zwar teilnehmen, jedoch keine Credit Points f\u00fcr den Optionalbereich erwerben! Gute schulische Grundkenntnisse in den F\u00e4chern Biologie, Chemie, Physik und Mathematik werden vorausgesetzt.<\/p><\/td><td><\/td><\/tr><tr><td><p><\/p><\/td><td><\/td><\/tr><tr><td width=\"90%\"><p><a href=\"https:\/\/vvz.ruhr-uni-bochum.de\/campus\/all\/module.asp?gguid=0x6A0456B5BF9E9F478A034617B7C38B2D&amp;fieldgguid=&amp;mode=&amp;findmodule=Evolution+des+Menschen&amp;tguid=0x39FF9E73E27E1445BFB66A7776030329\">Evolution des Menschen (5 CP)<\/a><\/p><\/td><td><\/td><\/tr><tr><td><p>Teil 1: Evolution des Menschen (Vorlesung), WS 2015\/16<\/p><\/td><td><\/td><\/tr><tr><td><p>Teil 2: Evolution des Menschen (Seminar), WS 2015\/16<\/p><\/td><td><\/td><\/tr><tr><td><p>G4 Evolution des Menschen<\/p><\/td><td><\/td><\/tr><tr><td><p>Grundlagenkenntnisse der Zoologie im Umfang eines Leistungskurses Biologie \/ Sek II oder der Vorlesung Zoologie sind zwingend erforderlich.<\/p><\/td><td><\/td><\/tr><tr><td><p><\/p><\/td><td><\/td><\/tr><tr><td width=\"90%\"><p><a href=\"https:\/\/vvz.ruhr-uni-bochum.de\/campus\/all\/module.asp?gguid=0x521F0FFBF246744E974D6F28357A3DB4&amp;fieldgguid=&amp;mode=&amp;findmodule=Grundlagen+der+Bioinformatik&amp;tguid=0x39FF9E73E27E1445BFB66A7776030329\">Grundlagen der Bioinformatik (5 CP)<\/a><\/p><\/td><td><\/td><\/tr><tr><td><p>Teil 1: Einf\u00fchrung in die Bioinformatik (Vorlesung), WS 2015\/16<\/p><\/td><td><\/td><\/tr><tr><td><p>Teil 2: Einf\u00fchrung in die Bioinformatik (\u00dcbung), WS 2015\/16<\/p><\/td><td><\/td><\/tr><tr><td><p>G4 Grundlagen der Bioinformatik<\/p><\/td><td><\/td><\/tr><tr><td><p>Gute schulische Grundkenntnisse in den F\u00e4chern Biologie und Mathematik werden vorausgesetzt.<\/p><\/td><td><\/td><\/tr><tr><td><p><\/p><\/td><td><\/td><\/tr><tr><td width=\"90%\"><p><a href=\"https:\/\/vvz.ruhr-uni-bochum.de\/campus\/all\/module.asp?gguid=0xCB91BDF14BE94947A0C027D9EA6D0780&amp;fieldgguid=&amp;findmodule=Grundlagen+der+Mikrobiologie+und+Genetik&amp;tguid=0x39FF9E73E27E1445BFB66A7776030329&amp;strSignMessage=\">Grundlagen der Mikrobiologie und Genetik (5 CP)<\/a><\/p><\/td><td><\/td><\/tr><tr><td><p>Teil 1: Grundlagen der Mikrobiologie und Genetik (Vorlesung), WS 2015\/16<\/p><\/td><td><\/td><\/tr><tr><td><p>Teil 2: Grundlagen der Mikrobiologie und Genetik (Seminar), WS 2015\/16<\/p><\/td><td><\/td><\/tr><tr><td><p>G4 Grundlagen der Mikrobiologie und Genetik<\/p><\/td><td><\/td><\/tr><tr><td><p>Studierende der Biologie k\u00f6nnen an diesem Modul zwar teilnehmen, jedoch keine Credit Points f\u00fcr den Optionalbereich erwerben!<\/p><\/td><td><\/td><\/tr><tr><td><p><\/p><\/td><td><\/td><\/tr><tr><td width=\"90%\"><p><a href=\"https:\/\/vvz.ruhr-uni-bochum.de\/campus\/all\/module.asp?gguid=0xEFB00D52A4075A4CBEC95A9C114904C5&amp;tguid=0x39FF9E73E27E1445BFB66A7776030329\">Marine Lebensr\u00e4ume. Meeresbiologische Exkursion zum europ\u00e4ischen Nordmeer (5 CP)<\/a><\/p><\/td><td><\/td><\/tr><tr><td><p>Teil 1: Seminar: Marine Lebensr\u00e4ume &#8211; meeresbiologische Exkursion in das Europ\u00e4ische Nordmeer (Seminar), WS 2015\/16<\/p><\/td><td><\/td><\/tr><tr><td><p>Teil 2: \u00dcbung: Marine Lebensr\u00e4ume &#8211; meeresbiologische Exkursion in das Europ\u00e4ische Nordmeer (\u00dcbung), WS 2015\/16<\/p><\/td><td><\/td><\/tr><tr><td><p>G4 Marine Lebensr\u00e4ume &#8211; meeresbiologische Exkursion in das Europ\u00e4ische Nordmeer<\/p><\/td><td><\/td><\/tr><tr><td><p><\/p><\/td><td><\/td><\/tr><tr><td width=\"90%\"><p><a href=\"https:\/\/vvz.ruhr-uni-bochum.de\/campus\/all\/module.asp?gguid=0xCA33CBCB9052C143AAD8B46EC944E7C3&amp;fieldgguid=&amp;mode=&amp;findmodule=summer+uni&amp;tguid=0x35D2D2252219884DA5B39E2B57260CC6\">Summer University Grundlagen der Naturwissenschaften (5 CP)<\/a><\/p><\/td><td><\/td><\/tr><tr><td><p>Teil 1: Vorlesung: Grundlagen der Naturwissenschaften (Vorlesung), WS 2015\/16<\/p><\/td><td><\/td><\/tr><tr><td><p>Teil 2: \u00dcbung: Grundlagen der Naturwissenschaften (\u00dcbung), WS 2015\/16<\/p><\/td><td><\/td><\/tr><tr><td><p>G4 Grundlagen der Naturwissenschaft<\/p><\/td><td><\/td><\/tr><tr><td><p>Studieninteressierte, die sich f\u00fcr das Fach Biologie im Rahmen des Zweifach-Studiengangs (Bachelor of Arts) interessieren und Biologie-Studierende im Zweifach-Studiengang Biologie des zweiten Fachsemesters, wird der Kurs besonders empfohlen.<\/p><\/td><td><\/td><\/tr><tr><td><\/td><td><\/td><\/tr><tr><td><p>Studierende der Biologie im Bachelor of Science k\u00f6nnen an dem Modul teilnehmen, jedoch keine Kreditpunkte f\u00fcr den Optionalbereich erwerben!<\/p><\/td><td><\/td><\/tr><tr><td><p><\/p><\/td><td><\/td><\/tr><tr><td width=\"90%\"><p><a href=\"https:\/\/vvz.ruhr-uni-bochum.de\/campus\/all\/module.asp?gguid=0x3F549C4CE85EC443BCBE94D4053C701A&amp;fieldgguid=&amp;findmodule=What%27%27s+Life%3F+-+Studienprojekt&amp;tguid=0x39FF9E73E27E1445BFB66A7776030329&amp;strSignMessage=\">What&#8217;s Life? &#8211; Studienprojekt (10 CP) <\/a><\/p><\/td><td><\/td><\/tr><tr><td><p>Teil 1: Studienprojekt (Projekt), WS 2015\/16<\/p><\/td><td><\/td><\/tr><tr><td><p>Teil 2: Betreuung (Kolloquium), WS 2015\/16<\/p><\/td><td><\/td><\/tr><tr><td><p>G4 Intensiv studieren<\/p><\/td><td><\/td><\/tr><tr><td><p>Die vorherige Teilnahme am Modul &#8222;What\u00b4s Life? Wissenschaftliches Arbeiten &#8220; (SoSe 2015) ist nicht verpflichtend, wird jedoch empfohlen!<\/p><\/td><td><\/td><\/tr><tr><td><\/td><td><\/td><\/tr><tr><td colspan=\"2\"><p>Chemie<\/p><\/td><\/tr><tr><td width=\"90%\"><p><a href=\"https:\/\/vvz.ruhr-uni-bochum.de\/campus\/all\/module.asp?gguid=0x430AE3C6FF6F1A4481F3B0AB6F7BB013&amp;fieldgguid=&amp;mode=&amp;findmodule=Theorie+der+chemischen+Bindung&amp;tguid=0x39FF9E73E27E1445BFB66A7776030329\">Theorie der chemischen Bindung (5 CP)<\/a><\/p><\/td><td><\/td><\/tr><tr><td><p>Teil 1: Theorie der chemischen Bindung (Vorlesung), WS 2015\/16<\/p><\/td><td><\/td><\/tr><tr><td><p>Teil 2: Theorie der chemischen Bindung (\u00dcbung), WS 2015\/16<\/p><\/td><td><\/td><\/tr><tr><td><p>G4 Basismodul &#8222;Theoretische Chemie&#8220;<\/p><\/td><td><\/td><\/tr><tr><td><p>Studierende des 1-Fach-Bachelorstudiengangs Chemie k\u00f6nnen in diesem Modul keine Credit Points f\u00fcr den Optionalbereich erwerben!<\/p><\/td><td><\/td><\/tr><tr><td><p><\/p><\/td><td><\/td><\/tr><tr><td width=\"90%\"><p><a href=\"https:\/\/vvz.ruhr-uni-bochum.de\/campus\/all\/module.asp?gguid=0x931961B398272846A5CF9DB3B0E75C6A&amp;fieldgguid=&amp;findmodule=Theoretische+Chemie+I%3A+Grundlagen&amp;tguid=0x39FF9E73E27E1445BFB66A7776030329&amp;strSignMessage=\">Theoretische Chemie I: Grundlagen (5 CP)<\/a><\/p><\/td><td><\/td><\/tr><tr><td><p>Teil 1: Theoretische Chemie I: Grundlagen (Vorlesung), WS 2015\/16<\/p><\/td><td><\/td><\/tr><tr><td><p>Teil 2: Theoretische Chemie I: Grundlagen (\u00dcbung), WS 2015\/16<\/p><\/td><td><\/td><\/tr><tr><td><p>G4 Basismodul &#8222;Theoretische Chemie&#8220;<\/p><\/td><td><\/td><\/tr><tr><td><p>Studierende des 1-Fach-Bachelorstudiengangs Chemie k\u00f6nnen in diesem Modul keine Credit Points f\u00fcr den Optionalbereich erwerben! Voraussetzung f\u00fcr die Teilnahme an diesem Modul ist der erfolgreiche Abschluss des Moduls &#8222;Theorie der chemischen Bindung&#8220; in einem vorangegangenen Semester.<\/p><\/td><td><\/td><\/tr><tr><td><\/td><td><\/td><\/tr><tr><td colspan=\"2\"><p>Erziehungswissenschaften<\/p><\/td><\/tr><tr><td width=\"90%\"><p><a href=\"https:\/\/vvz.ruhr-uni-bochum.de\/campus\/all\/module.asp?gguid=0x8A6A3C9715709943B54F2320CA9026CB&amp;fieldgguid=&amp;mode=&amp;findmodule=Bildungswissenschaftliches+Basismodul&amp;tguid=0x39FF9E73E27E1445BFB66A7776030329\">Bildungswissenschaftliches Basismodul (9 CP)<\/a><\/p><\/td><td><\/td><\/tr><tr><td><p>Teil 1: Erziehungs- und Bildungstheorien (Vorlesung), WS 2015\/16<\/p><\/td><td><\/td><\/tr><tr><td><p>Teil 2: Einf\u00fchrung in Lern- und Entwicklungstheorien (Vorlesung), WS 2015\/16<\/p><\/td><td><\/td><\/tr><tr><td><p>Teil 3: Theorien der Sozialisation (Vorlesung), WS 2015\/16<\/p><\/td><td><\/td><\/tr><tr><td><p>Teil 4: Schule als Beruf: Perspektiven f\u00fcr angehende Lehrerinnen und Lehrer (Vorlesung), WS 2015\/16<\/p><\/td><td><\/td><\/tr><tr><td><\/td><td><\/td><\/tr><tr><td><p>G4 EWL zum M.Ed.<\/p><\/td><td><\/td><\/tr><tr><td><p>Studierende, die das Fach Erziehungswissenschaft im 2-Fach B. A. studieren, m\u00fcssen nur den vierten Teil des Moduls absolvieren, da die Teile 1 bis 3 bereits zu ihrem Fachstudium geh\u00f6ren. Als Kompensation wird der Besuch einer Werkstatt f\u00fcr empirische Forschungsmethoden verlangt. Das Modul kann in 1, 2, 3 oder 4 Semestern abgeschlossen werden.<\/p><\/td><td><\/td><\/tr><tr><td><p><\/p><\/td><td><\/td><\/tr><tr><td width=\"90%\"><p><a href=\"https:\/\/vvz.ruhr-uni-bochum.de\/campus\/all\/module.asp?gguid=0xFFA7A2D98BD94A4A94D4C9A13B364E7B&amp;fieldgguid=&amp;mode=&amp;findmodule=bildungsw&amp;tguid=0x39FF9E73E27E1445BFB66A7776030329\">Bildungswissenschaftliches Basismodul (SoSe 2016) (9 CP)<\/a><\/p><\/td><td><\/td><\/tr><tr><td><p>Teil 1: Erziehungs- und Bildungstheorien (Vorlesung), WS 2015\/16<\/p><\/td><td><\/td><\/tr><tr><td><p>Teil 2: Lern- und Entwicklungstheorien (Vorlesung), WS 2015\/16<\/p><\/td><td><\/td><\/tr><tr><td><p>Teil 3: Theorien der Sozialisation (Vorlesung), WS 2015\/16<\/p><\/td><td><\/td><\/tr><tr><td><p>Teil 4: Schule als Beruf: Perspektiven f\u00fcr angehende Lehrerinnen und Lehrer (Vorlesung), WS 2015\/16<\/p><\/td><td><\/td><\/tr><tr><td><\/td><td><\/td><\/tr><tr><td><p>G4 EWL zum M.Ed.<\/p><\/td><td><\/td><\/tr><tr><td><p>Studierende, die das Fach Erziehungswissenschaft im 2-Fach B. A. studieren, m\u00fcssen nur den vierten Teil des Moduls absolvieren, da die Teile 1 bis 3 bereits zu ihrem Fachstudium geh\u00f6ren. Als Kompensation wird der Besuch einer Werkstatt f\u00fcr empirische Forschungsmethoden verlangt. Das Modul kann in 1, 2, 3 oder 4 Semestern abgeschlossen werden.<\/p><\/td><td><\/td><\/tr><tr><td><\/td><td><\/td><\/tr><tr><td colspan=\"2\"><p>Evangelische Theologie<\/p><\/td><\/tr><tr><td width=\"90%\"><p><a href=\"https:\/\/vvz.ruhr-uni-bochum.de\/campus\/all\/module.asp?gguid=0xB22B3F7F36C720458EAFE0A5B9714408&amp;fieldgguid=&amp;findmodule=das+neue+Testament&amp;tguid=0x39FF9E73E27E1445BFB66A7776030329&amp;strSignMessage=\">Das Neue Testament f\u00fcr Nicht-Theologen (5 CP)<\/a><\/p><\/td><td><\/td><\/tr><tr><td><p>Teil 1a: Einf\u00fchrung in das Neue Testament mit Schwerpunkt Antike Religionsgeschichte (Vorlesung), WS 2015\/16<\/p><\/td><td><\/td><\/tr><tr><td><p>Teil 1b: Einf\u00fchrung in das Neue Testament im Rahmen des antiken Judentums (Vorlesung), WS 2015\/16<\/p><\/td><td><\/td><\/tr><tr><td><p>Teil 2: Paulus f\u00fcr Nichttheologen (Seminar), SoSe 2016<\/p><\/td><td><\/td><\/tr><tr><td><p>G4 Basismodul &#8222;Grundfragen evangelischer Theologie&#8220;<\/p><\/td><td><\/td><\/tr><tr><td><p>Studierende der Evangelischen Theologie k\u00f6nnen an dem Modul zwar teilnehmen, jedoch keine Credit Points f\u00fcr den Optionalbereich erwerben!<\/p><\/td><td><\/td><\/tr><tr><td><\/td><td><\/td><\/tr><tr><td colspan=\"2\"><p>Geographie<\/p><\/td><\/tr><tr><td width=\"90%\"><p><a href=\"https:\/\/vvz.ruhr-uni-bochum.de\/campus\/all\/module.asp?gguid=0xFE76298A28526E48A9547ACC5DA421FC&amp;fieldgguid=&amp;findmodule=Geographen+reisen+anders&amp;tguid=0x39FF9E73E27E1445BFB66A7776030329&amp;strSignMessage=\">Geographen reisen anders (5 CP)<\/a><\/p><\/td><td><\/td><\/tr><tr><td><p>Teil 1: Geographen reisen anders: St\u00e4dte und Regionen der Erde (Vorlesung), WS 2015\/16<\/p><\/td><td><\/td><\/tr><tr><td><p>Teil 2: Geographen reisen anders: St\u00e4dte und Regionen der Erde (\u00dcbung), WS 2015\/16<\/p><\/td><td><\/td><\/tr><tr><td><p>G4 Geographen reisen anders: St\u00e4dte und Regionen der Erde<\/p><\/td><td><\/td><\/tr><tr><td><p>Geographie-Studierende k\u00f6nnen an diesem Modul nicht teilnehmen!<\/p><\/td><td><\/td><\/tr><tr><td><p><\/p><\/td><td><\/td><\/tr><tr><td width=\"90%\"><p><a href=\"https:\/\/vvz.ruhr-uni-bochum.de\/campus\/all\/module.asp?gguid=0xE57DA71887C4F24899716ECAE7305578&amp;fieldgguid=&amp;findmodule=Hawaii+%26+Alaska+-+Feuer+und+Eis&amp;tguid=0x39FF9E73E27E1445BFB66A7776030329&amp;strSignMessage=\">Hawaii &#8211; ein geographisches &#8222;Paradies&#8220; zwischen Vulkangipfeln und Korallenriffen (5 CP)<\/a><\/p><\/td><td><\/td><\/tr><tr><td><p>Teil 1: Selbstst\u00e4ndige vorbereitende Lekt\u00fcre (Lekt\u00fcrekurs), WS 2015\/16<\/p><\/td><td><\/td><\/tr><tr><td><p>Teil 2: Vorbereitungsseminar (Blockkurs), WS 2015\/16<\/p><\/td><td><\/td><\/tr><tr><td><p>Teil 3: Exkursion und Blockseminar in Alaska (7 Tage) und auf Hawaii (8 Tage), WS 2015\/16<\/p><\/td><td><\/td><\/tr><tr><td><p>Teil 4: Nachbereitung (Blocktag), WS 2015\/16<\/p><\/td><td><\/td><\/tr><tr><td><p>G4 Einf\u00fchrung in die Physische Geographie<\/p><\/td><td><\/td><\/tr><tr><td><p>Geographie-Studierende k\u00f6nnen an diesem Modul nicht teilnehmen.<\/p><\/td><td><\/td><\/tr><tr><td><\/td><td><\/td><\/tr><tr><td colspan=\"2\"><p>Germanistik<\/p><\/td><\/tr><tr><td><p>In diesem Semester liegt leider kein Angebot vor.<\/p><\/td><td><\/td><\/tr><tr><td><p><\/p><\/td><td><\/td><\/tr><tr><td colspan=\"2\"><p>Geschichte<\/p><\/td><\/tr><tr><td width=\"90%\"><p><a href=\"https:\/\/vvz.ruhr-uni-bochum.de\/campus\/all\/module.asp?gguid=0x4264A88163BEDD4FB5F0B54B0E56513E&amp;fieldgguid=&amp;findmodule=Die+USA+als+Einwanderungsland+Ende+des+1&amp;tguid=0x39FF9E73E27E1445BFB66A7776030329&amp;strSignMessage=\">Die USA als Einwanderungsland Ende des 19. bis Ende des 20. Jahrhunderts (5 CP)<\/a><\/p><\/td><td><\/td><\/tr><tr><td><p>Teil 1: The American Century. Die USA im 20. Jahrhundert (Vorlesung), WS 2015\/16<\/p><\/td><td><\/td><\/tr><tr><td><p>Teil 2: Die USA als Einwanderungsland (Seminar), WS 2015\/16<\/p><\/td><td><\/td><\/tr><tr><td><p>G4 Basismodul &#8222;Neuere und Neueste Geschichte&#8220;<\/p><\/td><td><\/td><\/tr><tr><td><p><\/p><\/td><td><\/td><\/tr><tr><td width=\"90%\"><p><a href=\"https:\/\/vvz.ruhr-uni-bochum.de\/campus\/all\/module.asp?gguid=0x0659E0824BBF6441B7FEEE97FBB4EE4F&amp;fieldgguid=&amp;findmodule=Die+Fl%FCchtlinge+aus+dem+nationalsozialis&amp;tguid=0x39FF9E73E27E1445BFB66A7776030329&amp;strSignMessage=\">Die Fl\u00fcchtlinge aus dem nationalsozialistischen Deutschland und ihre Bedeutung f\u00fcr die internationale Fl\u00fcchtlingspolitik (5 CP)<\/a><\/p><\/td><td><\/td><\/tr><tr><td><p>Teil 1: &#8222;Volksgemeinschaft&#8220; und europ\u00e4ischer Gro\u00dfraum. Das nationalsozialistische Projekt und die deutsche Gesellschaft, WS 2015\/16<\/p><\/td><td><\/td><\/tr><tr><td><p>Teil 2: Die Fl\u00fcchtlinge aus dem nationalsozialistischen Deutschland und ihre Bedeutung f\u00fcr die internationale Fl\u00fcchtlingspolitik, WS 2015\/16<\/p><\/td><td><\/td><\/tr><tr><td><p>G4 Basismodul &#8222;Neuere und Neueste Geschichte&#8220;<\/p><\/td><td><\/td><\/tr><tr><td><\/td><td><\/td><\/tr><tr><td colspan=\"2\"><p>Katholische Theologie<\/p><\/td><\/tr><tr><td width=\"90%\"><p><a href=\"https:\/\/vvz.ruhr-uni-bochum.de\/campus\/all\/module.asp?gguid=0x6259619BDD651447A4367BEE452D0B37&amp;fieldgguid=&amp;findmodule=Antike+und+sp%E4tantike+Denkm%E4ler&amp;tguid=0x39FF9E73E27E1445BFB66A7776030329&amp;strSignMessage=\">Antike und sp\u00e4tantike Denkm\u00e4ler (5 CP)<\/a><\/p><\/td><td><\/td><\/tr><tr><td><p>Teil 1: Die fr\u00fchen Christen und ihr Verh\u00e4ltnis zum Kultgeb\u00e4ude und zum Bild (Hauptseminar), WS 2015\/16<\/p><\/td><td><\/td><\/tr><tr><td><p>Teil 2: Von der Erschaffung der Welt bis zu ihrem Ende: Paradies, Geburt, Tod und Jenseitsvorstellungen auf antiken und sp\u00e4tantiken Denkm\u00e4lern (Vorlesung), WS 2015\/16<\/p><\/td><td><\/td><\/tr><tr><td><p>G4 &#8222;Christentum und Kultur&#8220;<\/p><\/td><td><\/td><\/tr><tr><td><p><\/p><\/td><td><\/td><\/tr><tr><td width=\"90%\"><p><a href=\"https:\/\/vvz.ruhr-uni-bochum.de\/campus\/all\/module.asp?gguid=0x59E94A3624C76A4AAC871309E2D46CE4&amp;fieldgguid=&amp;findmodule=Ausgew%E4hlte+Schwerpunkte+der+Kirchengesc&amp;tguid=0x39FF9E73E27E1445BFB66A7776030329&amp;strSignMessage=\">Ausgew\u00e4hlte Schwerpunkte der Kirchengeschichte (5 CP)<\/a><\/p><\/td><td><\/td><\/tr><tr><td><p>Teil 1: Kirchengeschichte des Mittelalters und der Reformation (Vorlesung), WS 2015\/16<\/p><\/td><td><\/td><\/tr><tr><td><p>Teil 2: Geschlechterdiskurse in der Kirche. Vom Mittelalter bis in die Gegenwart (Hauptseminar), WS 2015\/16<\/p><\/td><td><\/td><\/tr><tr><td><p>G4 Entwicklungslinien des Christentums<\/p><\/td><td><\/td><\/tr><tr><td><p>Studierende der katholischen Theologie k\u00f6nnen an diesem Modul nicht teilnehmen!<\/p><\/td><td><\/td><\/tr><tr><td><p><\/p><\/td><td><\/td><\/tr><tr><td width=\"90%\"><p><a href=\"https:\/\/vvz.ruhr-uni-bochum.de\/campus\/all\/module.asp?gguid=0x25200675539A0A4790F8DA66AF11F024&amp;fieldgguid=&amp;findmodule=Fr%FChchristliche+Denkm%E4ler&amp;tguid=0x39FF9E73E27E1445BFB66A7776030329&amp;strSignMessage=\">Fr\u00fchchristliche Denkm\u00e4ler (5 CP)<\/a><\/p><\/td><td><\/td><\/tr><tr><td><p>Teil 1: Die fr\u00fchen Christen und ihr Verh\u00e4ltnis zum Kultgeb\u00e4ude und zum Bild. (Hauptseminar), WS 2015\/16<\/p><\/td><td><\/td><\/tr><tr><td><p>Teil 2: Sepulchralkultur in Rom und Umgebung (Hauptseminar mit mehrt\u00e4giger Exkursion nach Rom), WS 2015\/16<\/p><\/td><td><\/td><\/tr><tr><td><p>G4 Basismodul &#8222;Christentum und Kultur&#8220;<\/p><\/td><td><\/td><\/tr><tr><td><p><\/p><\/td><td><\/td><\/tr><tr><td width=\"90%\"><p><a href=\"https:\/\/vvz.ruhr-uni-bochum.de\/campus\/all\/module.asp?gguid=0xD781ACD847A6E94DA32E726ADEC7ADBE&amp;fieldgguid=&amp;findmodule=Geschichte+des+antiken+Israels&amp;tguid=0x39FF9E73E27E1445BFB66A7776030329&amp;strSignMessage=\">Geschichte des antiken Israels (5 CP)<\/a><\/p><\/td><td><\/td><\/tr><tr><td><p>Teil 1: Geschichte Israels (Vorlesung), WS 2015\/16<\/p><\/td><td><\/td><\/tr><tr><td><p>Teil 2: Exkursion bzw. Studienreise in das Louvre-Museum (Paris), SoSe 2016<\/p><\/td><td><\/td><\/tr><tr><td><p>G4 Entstehung des Christentums<\/p><\/td><td><\/td><\/tr><tr><td><p>Studierende der Kath. Theologie und der Religionswissenschaften, die die Vorlesung (Teil 1) im Rahmen ihres Fachcurriculums belegen, sind von diesem Modul ausgeschlossen.<\/p><\/td><td><\/td><\/tr><tr><td><p><\/p><\/td><td><\/td><\/tr><tr><td width=\"90%\"><p><a href=\"https:\/\/vvz.ruhr-uni-bochum.de\/campus\/all\/module.asp?gguid=0xF256EFAF731B2F4DA487533A1478B63A&amp;fieldgguid=&amp;findmodule=Politische+Ethik&amp;tguid=0x39FF9E73E27E1445BFB66A7776030329&amp;strSignMessage=\">Politische Ethik (5 CP)<\/a><\/p><\/td><td><\/td><\/tr><tr><td><p>Teil 1: Politische Ethik (Vorlesung), WS 2015\/16<\/p><\/td><td><\/td><\/tr><tr><td><p>Teil 2: Ethik der Menschenrechte (Proseminar), WS 2015\/16<\/p><\/td><td><\/td><\/tr><tr><td><p>G4 Basismodul &#8222;Christliche Weltverantwortung&#8220;<\/p><\/td><td><\/td><\/tr><tr><td><p>Studierende der katholischen Theologie k\u00f6nnen an diesem Modul nicht teilnehmen!<\/p><\/td><td><\/td><\/tr><tr><td><p><\/p><\/td><td><\/td><\/tr><tr><td width=\"90%\"><p><a href=\"https:\/\/vvz.ruhr-uni-bochum.de\/campus\/all\/module.asp?gguid=0xD3E3A92D1B5C964B95FE4EABC4202130&amp;fieldgguid=&amp;findmodule=Theologische+Grundlagen+der+christlich+a&amp;tguid=0x39FF9E73E27E1445BFB66A7776030329&amp;strSignMessage=\">Theologische Grundlagen der christlich abendl\u00e4ndischen Kunst (5 CP)<\/a><\/p><\/td><td><\/td><\/tr><tr><td><p>Teil 1: Auftreten und Lehre Jesu (Vorlesung), WS 2015\/16<\/p><\/td><td><\/td><\/tr><tr><td><p>Teil 2: Allgemeine Themen (Exkursionen), WS 2015\/16<\/p><\/td><td><\/td><\/tr><tr><td><p>G4 &#8222;Christentum und Kultur&#8220;<\/p><\/td><td><\/td><\/tr><tr><td><p><\/p><\/td><td><\/td><\/tr><tr><td width=\"90%\"><p><a href=\"https:\/\/vvz.ruhr-uni-bochum.de\/campus\/all\/module.asp?gguid=0x6259619BDD651447A4367BEE452D0B37&amp;fieldgguid=&amp;findmodule=Antike+und+sp%E4tantike+Denkm%E4ler&amp;tguid=0x39FF9E73E27E1445BFB66A7776030329&amp;strSignMessage=\">Wirtschaftsethik (5 CP)<\/a><\/p><\/td><td><\/td><\/tr><tr><td><p>Teil 1: Sch\u00f6pfung-\u00d6kologische Ethik- Umwelt\u00f6konomik (Blockseminar), SS 2015<\/p><\/td><td><\/td><\/tr><tr><td><p>Teil 2: Wirtschaftsethik (Vorlesung), WS 2015\/16<\/p><\/td><td><\/td><\/tr><tr><td><p>G4 Basismodul &#8222;Christliche Weltverantwortung&#8220;<\/p><\/td><td><\/td><\/tr><tr><td><p><\/p><\/td><td><\/td><\/tr><tr><td><\/td><td><\/td><\/tr><tr><td colspan=\"2\"><p>Maschinenbau<\/p><\/td><\/tr><tr><td><p>In diesem Semester liegt leider kein Angebot vor.<\/p><\/td><td><\/td><\/tr><tr><td><p><\/p><\/td><td><\/td><\/tr><tr><td colspan=\"2\"><p>Mathematik<\/p><\/td><\/tr><tr><td width=\"90%\"><p><a href=\"https:\/\/vvz.ruhr-uni-bochum.de\/campus\/all\/module.asp?gguid=0xA6A45BF494D85446B0B5DDDD84FCF539&amp;fieldgguid=&amp;mode=&amp;findmodule=Mathematik&amp;tguid=0x35D2D2252219884DA5B39E2B57260CC6\">Mathematik (Schwerpunkt: Chemie) (5 CP)<\/a><\/p><\/td><td><\/td><\/tr><tr><td><p>Teil 1: Mathematik f\u00fcr Chemiker (Vorlesung), WS 2015\/16<\/p><\/td><td><\/td><\/tr><tr><td><p>Teil 2: Mathematik f\u00fcr Chemiker (\u00dcbung), WS 2015\/16<\/p><\/td><td><\/td><\/tr><tr><td><p>G4 Basismodul &#8222;Grundlagen der Mathematik&#8220;<\/p><\/td><td><\/td><\/tr><tr><td><p>Studierende der Mathematik und Physik k\u00f6nnen an diesem Modul zwar teilnehmen, jedoch keine Credit Points f\u00fcr den Optionalbereich erwerben!<\/p><\/td><td><\/td><\/tr><tr><td><p><\/p><\/td><td><\/td><\/tr><tr><td width=\"90%\"><p><a href=\"https:\/\/vvz.ruhr-uni-bochum.de\/campus\/all\/module.asp?gguid=0x36E116FDE0D24D429D8B0A8E8A69153C&amp;fieldgguid=&amp;findmodule=Mathematik+%28Schwerpunkt%3A+Geowissenschaft&amp;tguid=0x35D2D2252219884DA5B39E2B57260CC6&amp;strSignMessage=\">Mathematik (Schwerpunkt: Geowissenschaften) (5 CP)<\/a><\/p><\/td><td><\/td><\/tr><tr><td><p>Teil 1: Mathematik I f\u00fcr Geowissenschaftler und SEPM (Vorlesung), WS 2015\/16<\/p><\/td><td><\/td><\/tr><tr><td><p>Teil 2: Mathematik I f\u00fcr Geowissenschaftler und SEPM (\u00dcbung), WS 2015\/16<\/p><\/td><td><\/td><\/tr><tr><td><p>G4 Basismodul &#8222;Grundlagen der Mathematik&#8220;<\/p><\/td><td><\/td><\/tr><tr><td><p>Studierende der Mathematik k\u00f6nnen an diesem Modul zwar teilnehmen, jedoch keine Credit Points f\u00fcr den Optionalbereich erwerben!<\/p><\/td><td><\/td><\/tr><tr><td><p><\/p><\/td><td><\/td><\/tr><tr><td width=\"90%\"><p><a href=\"https:\/\/vvz.ruhr-uni-bochum.de\/campus\/all\/module.asp?gguid=0x360CD45A66FE9B409AA223D14E374C93&amp;fieldgguid=&amp;mode=&amp;findmodule=Einf%FChrung+in+die+Mathematik+%28Schwerpunk&amp;tguid=0x35D2D2252219884DA5B39E2B57260CC6\">Einf\u00fchrung in die Mathematik (Schwerpunkt: Biologie) (5 CP)<\/a><\/p><\/td><td><\/td><\/tr><tr><td><p>Teil 1: Mathematik f\u00fcr Biologen (Vorlesung), WS 2015\/16<\/p><\/td><td><\/td><\/tr><tr><td><p>Teil 2: Mathematik f\u00fcr Biologen (\u00dcbung), WS 2015\/16<\/p><\/td><td><\/td><\/tr><tr><td><p>G4 Basismodul &#8222;Grundlagen der Mathematik&#8220;<\/p><\/td><td><\/td><\/tr><tr><td><p>Studierende der Mathematik und der Physik k\u00f6nnen an diesem Modul zwar teilnehmen, jedoch keine Credit Points f\u00fcr den Optionalbereich erwerben! B.Sc.- und M.Sc.-Studierende der Biologie k\u00f6nnen an diesem Modul zwar teilnehmen, jedoch keine Credit Points f\u00fcr den Optionalbereich erwerben!<\/p><\/td><td><\/td><\/tr><tr><td><p><\/p><\/td><td><\/td><\/tr><tr><td width=\"90%\"><p><a href=\"https:\/\/vvz.ruhr-uni-bochum.de\/campus\/all\/module.asp?gguid=0x0A9FA61DAAA5784F861CB00A42B34BDC&amp;fieldgguid=&amp;mode=&amp;findmodule=Einf%FChrung+in+die+Mathematik+%28Schwerpunk&amp;tguid=0x35D2D2252219884DA5B39E2B57260CC6\">Einf\u00fchrung in die Mathematik (Schwerpunkte: Mathematik und Physik) (5 CP)<\/a><\/p><\/td><td><\/td><\/tr><tr><td><p>Teil 1: Mathematischer Vorkurs f\u00fcr k\u00fcnftige Studierende der Mathematik und Physik (Vorlesung), WS 2015\/16<\/p><\/td><td><\/td><\/tr><tr><td><p>Teil 2: Mathematischer Vorkurs f\u00fcr k\u00fcnftige Studierende der Mathematik und Physik (\u00dcbung), WS 2015\/16<\/p><\/td><td><\/td><\/tr><tr><td><p>G4 Basismodul &#8222;Grundlagen der Mathematik&#8220;<\/p><\/td><td><\/td><\/tr><tr><td><p>Studierende der Mathematik k\u00f6nnen an diesem Modul zwar teilnehmen, jedoch Credit Points nur dann f\u00fcr den Optionalbereich erwerben, wenn sie den Vorkurs vor ihrem ersten Fachsemester besuchen!<\/p><\/td><td><\/td><\/tr><tr><td><p><\/p><\/td><td><\/td><\/tr><tr><td width=\"90%\"><p><a href=\"https:\/\/vvz.ruhr-uni-bochum.de\/campus\/all\/module.asp?gguid=0x58D394C847FD4B46901ED0FD1041CCFF&amp;fieldgguid=&amp;mode=&amp;findmodule=einf%FChrung+in+die+mathematik&amp;tguid=0x39FF9E73E27E1445BFB66A7776030329\">Einf\u00fchrung in die Mathematik (Schwerpunkte: Natur- und Ingenieurwissenschaften sowie Informatik) (5 CP)<\/a><\/p><\/td><td><\/td><\/tr><tr><td><p>Teil 1: Vorkurs in Mathematik f\u00fcr k\u00fcnftige Studierende der Ingenieurwissenschaften (Vorkurs), ACHTUNG: Kursdaten des SoSe 2016 beachten WS 2015\/16<\/p><\/td><td><\/td><\/tr><tr><td><p>Teil 2: \u00dcbungen zum Vorkurs in Mathematik f\u00fcr k\u00fcnftige Studierende der Ingenieurwissenschaften (\u00dcbung), WS 2015\/16<\/p><\/td><td><\/td><\/tr><tr><td><p>G4 Basismodul &#8222;Grundlagen der Mathematik&#8220;<\/p><\/td><td><\/td><\/tr><tr><td><p>Studierende der Mathematik und der Physik k\u00f6nnen an diesem Modul zwar teilnehmen, jedoch keine Credit Points f\u00fcr den Optionalbereich erwerben!<\/p><\/td><td><\/td><\/tr><tr><td><p><\/p><\/td><td><\/td><\/tr><tr><td width=\"90%\"><p><a href=\"https:\/\/vvz.ruhr-uni-bochum.de\/campus\/all\/module.asp?gguid=0x289F09DEF7BB8842BC4201FC16D30F13&amp;fieldgguid=&amp;mode=&amp;findmodule=Einf%FChrung+in+die+Mathematik&amp;tguid=0x39FF9E73E27E1445BFB66A7776030329\">Einf\u00fchrung in die Mathematik I (Schwerpunkte: Physik und Geophysik) (10 CP)<\/a><\/p><\/td><td><\/td><\/tr><tr><td><p>Teil 1: Mathematischer Vorkurs f\u00fcr k\u00fcnftige Studierende der Mathematik und Physik (Vorkurs), WS 2015\/16<\/p><\/td><td><\/td><\/tr><tr><td><p>Teil 2: \u00dcbungen zum Mathematischen Vorkurs f\u00fcr k\u00fcnftige Studierende der Mathematik und Physik (\u00dcbung), WS 2015\/16<\/p><\/td><td><\/td><\/tr><tr><td><p>G4 Basismodul &#8222;Grundlagen der Mathematik&#8220;<\/p><\/td><td><\/td><\/tr><tr><td><p>BA-Studierende der Mathematik k\u00f6nnen an diesem Modul zwar teilnehmen, jedoch Credit Points nur dann f\u00fcr den Optionalbereich erwerben, wenn sie den Vorkurs vor ihrem ersten Fachsemester besuchen.<\/p><\/td><td><\/td><\/tr><tr><td><p><\/p><\/td><td><\/td><\/tr><tr><td width=\"90%\"><p><a href=\"https:\/\/vvz.ruhr-uni-bochum.de\/campus\/all\/module.asp?gguid=0x1408184BC24A73488940971D25A80EF9&amp;fieldgguid=&amp;findmodule=einf%FChrung+in+die+statistik&amp;tguid=0x39FF9E73E27E1445BFB66A7776030329&amp;strSignMessage=\">Einf\u00fchrung in die Statistik (Schwerpunkt: Geographie) (5 CP)<\/a><\/p><\/td><td><\/td><\/tr><tr><td><p>Teil 1: Einf\u00fchrung in die Statistik f\u00fcr Geographen (Vorlesung), WS 2015\/16<\/p><\/td><td><\/td><\/tr><tr><td><p>Teil 2: Einf\u00fchrung in die Statistik f\u00fcr Geographen (\u00dcbung), WS 2015\/16<\/p><\/td><td><\/td><\/tr><tr><td><p>G4 Basismodul &#8222;Grundlagen der Mathematik&#8220;<\/p><\/td><td><\/td><\/tr><tr><td><p>Studierende der Mathematik und Studierende der Geographie k\u00f6nnen an diesem Modul zwar teilnehmen, jedoch keine Credit Points f\u00fcr den Optionalbereich erwerben! Solides Schulwissen in Mathematik wird vorausgesetzt.<\/p><\/td><td><\/td><\/tr><tr><td><p><\/p><\/td><td><\/td><\/tr><tr><td width=\"90%\"><p><a href=\"https:\/\/vvz.ruhr-uni-bochum.de\/campus\/all\/module.asp?gguid=0x9B541A9C6C669B4DB82FC3F055152440&amp;fieldgguid=&amp;mode=&amp;findmodule=h%F6here&amp;tguid=0x39FF9E73E27E1445BFB66A7776030329\">H\u00f6here Mathematik I+II (Schwerpunkt: Angewandte Informatik) (10 CP)<\/a><\/p><\/td><td><\/td><\/tr><tr><td><p>Teil 1: H\u00f6here Mathematik I (im Rahmen des Studiengangs Angewandte Informatik) (Vorlesung), WS 2015\/16<\/p><\/td><td><\/td><\/tr><tr><td><p>Teil 2: H\u00f6here Mathematik I (im Rahmen des Studiengangs Angewandte Informatik) (\u00dcbung), WS 2015\/16<\/p><\/td><td><\/td><\/tr><tr><td><p>G4 Aufbaumodul &#8222;H\u00f6here Mathematik&#8220;<\/p><\/td><td><\/td><\/tr><tr><td><p>Studierende der Mathematik k\u00f6nnen an diesem Modul zwar teilnehmen, jedoch keine Credit Points f\u00fcr den Optionalbereich erwerben!<\/p><\/td><td><\/td><\/tr><tr><td><p><\/p><\/td><td><\/td><\/tr><tr><td width=\"90%\"><p><a href=\"https:\/\/vvz.ruhr-uni-bochum.de\/campus\/all\/module.asp?gguid=0xB9F23822C8B15E46A2A2252CF0558D31&amp;fieldgguid=&amp;mode=&amp;findmodule=Summer+University&amp;tguid=0x39FF9E73E27E1445BFB66A7776030329\">Summer University Mathematische Grundlagen der Statistik (5 CP)<\/a><\/p><\/td><td><\/td><\/tr><tr><td><p>Teil 1: Mathematische Grundlagen der Statistik (Vorlesung), WS 2015\/16<\/p><\/td><td><\/td><\/tr><tr><td><p>Teil 2: Mathematische Grundlagen der Statistik (\u00dcbung), WS 2015\/16<\/p><\/td><td><\/td><\/tr><tr><td><p>G4 Basismodul &#8222;Mathematische Anwendungen&#8220;<\/p><\/td><td><\/td><\/tr><tr><td><p>Die Summer University ist empfehlenswert f\u00fcr alle Studienanf\u00e4nger und Studierende nichtmathematischer F\u00e4cher, die Kenntnisse in Statistik ben\u00f6tigen. Dieses Modul ersetzt nicht die jeweiligen fachspezifischen Statistik-Veranstaltungen.<\/p><\/td><td><\/td><\/tr><tr><td><\/td><td><\/td><\/tr><tr><td><p>Studierende der Sozialwissenschaft und Management and Economics im Ein-Fach-Bachelor sowie PWG, KIG, Erziehungswissenschaft, Volkswirtschaftslehre und Betriebswirtschaftslehre im Zwei-Fach-Bachelor k\u00f6nnen an dem Modul zwar teilnehmen, jedoch keine Kreditpunkte f\u00fcr den Optionalbereich erwerben.<\/p><\/td><td><\/td><\/tr><tr><td><p><\/p><\/td><td><\/td><\/tr><tr><td width=\"90%\"><p><a href=\"https:\/\/vvz.ruhr-uni-bochum.de\/campus\/all\/module.asp?gguid=0x95F59348666FCF41984F508C412B04C0&amp;fieldgguid=&amp;mode=&amp;findmodule=Summer+University&amp;tguid=0x39FF9E73E27E1445BFB66A7776030329\">Summer University Mathematik f\u00fcr k\u00fcnftige Studierende der Naturwissenschaften (5 CP)<\/a><\/p><\/td><td><\/td><\/tr><tr><td><p>Teil 1: Vorkurs f\u00fcr k\u00fcnftige Studierende der Naturwissenschaften (Vorlesung), WS 2015\/16<\/p><\/td><td><\/td><\/tr><tr><td><p>Teil 2: Vorkurs f\u00fcr k\u00fcnftige Studierende der Naturwissenschaften (\u00dcbung), WS 2015\/16<\/p><\/td><td><\/td><\/tr><tr><td><p>G4 Basismodul &#8222;Grundlagen der Mathematik&#8220;<\/p><\/td><td><\/td><\/tr><tr><td><p>Das Modul richtet sich an Studierende aller F\u00e4cher und Studieninteressierte, die ihr mathematisches Grundwissen vertiefen m\u00f6chten. Besonders empfohlen wird die Teilnahme vor Aufnahme eines naturwissenschaftlichen Studiums (Biologie, Chemie, Geografie, Geowissenschaften oder Physik).<\/p><\/td><td><\/td><\/tr><tr><td><\/td><td><\/td><\/tr><tr><td><p>Falls in den ersten Fachsemestern Ihres naturwissenschaftlichen Studiums Mathematikveranstaltungen vorgesehen sind, kann der Besuch dieses Moduls nur dann kreditiert werden, wenn er vor Ihrem ersten Fachsemester besucht wird.<\/p><\/td><td><\/td><\/tr><tr><td><\/td><td><\/td><\/tr><tr><td><\/td><td><\/td><\/tr><tr><td colspan=\"2\"><p>Medienwissenschaft<\/p><\/td><\/tr><tr><td width=\"90%\"><p><a href=\"https:\/\/vvz.ruhr-uni-bochum.de\/campus\/all\/module.asp?gguid=0xCE7093F69015CF4E8816613F0DC08AB5&amp;fieldgguid=&amp;mode=&amp;findmodule=Medieng&amp;tguid=0x39FF9E73E27E1445BFB66A7776030329\">Mediengeschichte und Medien\u00e4sthetik A (5 CP)<\/a><\/p><\/td><td><\/td><\/tr><tr><td><p>Teil 1: Mediengeschichte und Medien\u00e4sthetik (Seminar), WS 2015\/16<\/p><\/td><td><\/td><\/tr><tr><td><p>Teil 2: Mediengeschichte und Medien\u00e4sthetik (Seminar), WS 2015\/16<\/p><\/td><td><\/td><\/tr><tr><td><p>G4 Basismodul &#8222;Mediengeschichte und Medien\u00e4sthetik&#8220;<\/p><\/td><td><\/td><\/tr><tr><td><p>Studierende der Medienwissenschaften k\u00f6nnen an diesem Modul nicht teilnehmen!<\/p><\/td><td><\/td><\/tr><tr><td><p><\/p><\/td><td><\/td><\/tr><tr><td width=\"90%\"><p><a href=\"https:\/\/vvz.ruhr-uni-bochum.de\/campus\/all\/module.asp?gguid=0xBC2762E8D6D85D439226AAB9C9F2DEBE&amp;fieldgguid=&amp;mode=&amp;findmodule=Medieng&amp;tguid=0x39FF9E73E27E1445BFB66A7776030329\">Mediengeschichte und Medien\u00e4sthetik B (5 CP)<\/a><\/p><\/td><td><\/td><\/tr><tr><td><p>Teil 1: Mediengeschichte und Medien\u00e4sthetik (Seminar), WS 2015\/16<\/p><\/td><td><\/td><\/tr><tr><td><p>Teil 2: Mediengeschichte und Medien\u00e4sthetik (Seminar), WS 2015\/16<\/p><\/td><td><\/td><\/tr><tr><td><p>G4 Basismodul &#8222;Mediengeschichte und Medien\u00e4sthetik&#8220;<\/p><\/td><td><\/td><\/tr><tr><td><p>Studierende der Medienwissenschaften k\u00f6nnen an diesem Modul nicht teilnehmen!<\/p><\/td><td><\/td><\/tr><tr><td><p><\/p><\/td><td><\/td><\/tr><tr><td width=\"90%\"><p><a href=\"https:\/\/vvz.ruhr-uni-bochum.de\/campus\/all\/module.asp?gguid=0xA9940E613C685044969FE398EC6D8343&amp;fieldgguid=&amp;mode=&amp;findmodule=Medieng&amp;tguid=0x39FF9E73E27E1445BFB66A7776030329\">Mediengeschichte und Medien\u00e4sthetik C (5 CP)<\/a><\/p><\/td><td><\/td><\/tr><tr><td><p>Teil 1: Mediengeschichte und Medien\u00e4sthetik (Seminar), WS 2015\/16<\/p><\/td><td><\/td><\/tr><tr><td><p>Teil 2: Mediengeschichte und Medien\u00e4sthetik (Seminar), WS 2015\/16<\/p><\/td><td><\/td><\/tr><tr><td><p>G4 Basismodul &#8222;Mediengeschichte und Medien\u00e4sthetik&#8220;<\/p><\/td><td><\/td><\/tr><tr><td><p>Studierende der Medienwissenschaften k\u00f6nnen an diesem Modul nicht teilnehmen!<\/p><\/td><td><\/td><\/tr><tr><td><\/td><td><\/td><\/tr><tr><td colspan=\"2\"><p>Medizin<\/p><\/td><\/tr><tr><td><p>In diesem Semester liegt leider kein Angebot vor.<\/p><\/td><td><\/td><\/tr><tr><td><p><\/p><\/td><td><\/td><\/tr><tr><td colspan=\"2\"><p>Orientalistik und Islamwissenschaften<\/p><\/td><\/tr><tr><td width=\"90%\"><p><a href=\"https:\/\/vvz.ruhr-uni-bochum.de\/campus\/all\/module.asp?gguid=0x79A625FD784A6847A16ED74F6A485D6E&amp;fieldgguid=&amp;findmodule=Persische+Kalligraphie+und+Landeskunde&amp;tguid=0x39FF9E73E27E1445BFB66A7776030329&amp;strSignMessage=\">Persische Kalligraphie und Landeskunde (5 CP)<\/a><\/p><\/td><td><\/td><\/tr><tr><td><p>Teil 1: Arabisch-Persische Kalligraphie (\u00dcbung), WS 2015\/16<\/p><\/td><td><\/td><\/tr><tr><td><p>Teil 2: Landeskunde Iran (\u00dcbung), WS 2015\/16<\/p><\/td><td><\/td><\/tr><tr><td><p>G4 Basismodul &#8222;Einf\u00fchrung in die islamische Welt&#8220;<\/p><\/td><td><\/td><\/tr><tr><td><p>Studierende der Orientalistik\/Islamwissenschaften k\u00f6nnen an diesem Modul nicht teilnehmen!<\/p><\/td><td><\/td><\/tr><tr><td><p><\/p><\/td><td><\/td><\/tr><tr><td width=\"90%\"><p><a href=\"https:\/\/vvz.ruhr-uni-bochum.de\/campus\/all\/module.asp?gguid=0x113204D9746E4A49B58414C0408B7B25&amp;fieldgguid=&amp;findmodule=Zug%E4nge+zur+islamischen+Geschichte+und+K&amp;tguid=0x39FF9E73E27E1445BFB66A7776030329&amp;strSignMessage=\">Zug\u00e4nge zur islamischen Geschichte und Kultur (5 CP)<\/a><\/p><\/td><td><\/td><\/tr><tr><td><p>Teil 1: \u00dcbung: Einf\u00fchrung in die Islamwissenschaft und Arabistik (\u00dcbung), WS 2015\/16<\/p><\/td><td><\/td><\/tr><tr><td><p>Teil 2a: Vorlesung: Islam in Europe &#8211; Past and Present (englischsprachig), WS 2015\/16 oder<\/p><\/td><td><\/td><\/tr><tr><td><p>Teil 2b: Vorlesung: Einf\u00fchrung in die islamische Theologie (&#8218;ilm al-kalam), WS 2015\/16<\/p><\/td><td><\/td><\/tr><tr><td><p>G4 Basismodul &#8222;Einf\u00fchrung in die islamische Welt&#8220;<\/p><\/td><td><\/td><\/tr><tr><td><p>Studierende der Orientalistik\/Islamwissenschaften k\u00f6nnen an diesem Modul nicht teilnehmen!<\/p><\/td><td><\/td><\/tr><tr><td><\/td><td><\/td><\/tr><tr><td colspan=\"2\"><p>Ostasienwissenschaften<\/p><\/td><\/tr><tr><td width=\"90%\"><p><a href=\"https:\/\/vvz.ruhr-uni-bochum.de\/campus\/all\/module.asp?gguid=0x241657113758514DB236BEAD57170EA0&amp;fieldgguid=&amp;findmodule=Basismodul+Sinologie&amp;tguid=0x39FF9E73E27E1445BFB66A7776030329&amp;strSignMessage=\">Basismodul Sinologie (5 CP)<\/a><\/p><\/td><td><\/td><\/tr><tr><td><p>Teil 1: Einf\u00fchrung in die chinesische Literaturgeschichte, SoSe 2016<\/p><\/td><td><\/td><\/tr><tr><td><p>Teil 2: Einf\u00fchrung in die chinesische Philosophie, WS 2015\/16<\/p><\/td><td><\/td><\/tr><tr><td><p>Teil 3: Grundz\u00fcge der chinesischen Geschichte, SoSe 2016<\/p><\/td><td><\/td><\/tr><tr><td><p>Teil 4: Einf\u00fchrung in die Sprachwissenschaft des Chinesischen, WS 2015\/16<\/p><\/td><td><\/td><\/tr><tr><td><p>G4 Basismodul &#8222;China&#8220;<\/p><\/td><td><\/td><\/tr><tr><td><p>Zwei der angebotenen Veranstaltungen bilden das Modul. Sie k\u00f6nnen frei w\u00e4hlen, welche zwei Teile Sie besuchen m\u00f6chten. Das Modul kann je nach Zusammensetzung sowohl im Winter- als auch Sommersemester begonnen werden. Das Modul ist auch Teil des sinologischen Grundstudiums und kann daher f\u00fcr Sinologiestudenten nicht \u00fcber den Optionalbereich sondern nur f\u00fcr den Studiengang Sinologie kreditiert werden.<\/p><\/td><td><\/td><\/tr><tr><td><p>Das Modul ist auch Teil des sinologischen Grundstudiums (f\u00fcr Sinologiestudenten deshalb nicht \u00fcber den Optionalbereich sondern den Studiengang Sinologie kreditiert).<\/p><\/td><td><\/td><\/tr><tr><td><p><\/p><\/td><td><\/td><\/tr><tr><td width=\"90%\"><p><a href=\"https:\/\/vvz.ruhr-uni-bochum.de\/campus\/all\/module.asp?gguid=0x2C63526CC64AC54CB2269296AEF1B9B1&amp;fieldgguid=&amp;findmodule=Einf%FChrung+in+die+koreanische+Geschichte&amp;tguid=0x39FF9E73E27E1445BFB66A7776030329&amp;strSignMessage=\">Einf\u00fchrung in die koreanische Geschichte (5 CP)<\/a><\/p><\/td><td><\/td><\/tr><tr><td><p>Teil 1: Vormoderne koreanische Geschichte (Einf\u00fchrung in die Geschichte Koreas I) (Grundkurs), WS 2015\/16<\/p><\/td><td><\/td><\/tr><tr><td><p>Teil 2: Neuere Geschichte Koreas (Einf\u00fchrung in die Geschichte Koreas II) (Vorlesung), SoSe 2016<\/p><\/td><td><\/td><\/tr><tr><td><p>G4 Basismodul &#8222;Korea&#8220;<\/p><\/td><td><\/td><\/tr><tr><td><p>Studierende der Koreanistik k\u00f6nnen an diesem Modul zwar teilnehmen, jedoch keine Credit Points f\u00fcr den Optionalbereich erwerben!<\/p><\/td><td><\/td><\/tr><tr><td><p><\/p><\/td><td><\/td><\/tr><tr><td width=\"90%\"><p><a href=\"https:\/\/vvz.ruhr-uni-bochum.de\/campus\/all\/module.asp?gguid=0xEC7EA166F1741549811452B0A18EAC5C&amp;fieldgguid=&amp;findmodule=Nihongogaku&amp;tguid=0x39FF9E73E27E1445BFB66A7776030329&amp;strSignMessage=\">Nihongogaku (5 CP)<\/a><\/p><\/td><td><\/td><\/tr><tr><td><p>Teil 1: \u00dcberblick \u00fcber die japanische Sprache I, SoSe 2016<\/p><\/td><td><\/td><\/tr><tr><td><p>Teil 2: \u00dcberblick \u00fcber die japanische Sprache II, WS 2015\/16<\/p><\/td><td><\/td><\/tr><tr><td><p>G4 Basismodul &#8222;Japan&#8220;<\/p><\/td><td><\/td><\/tr><tr><td><p>Studierende der Japanologie k\u00f6nnen an diesem Modul zwar teilnehmen, jedoch keine Credit Points f\u00fcr den Optionalbereich erwerben!<\/p><\/td><td><\/td><\/tr><tr><td><p>Das Modul geht \u00fcber zwei Semester und kann sowohl im Sommersemester als auch im Wintersemester gestartet werden.<\/p><\/td><td><\/td><\/tr><tr><td><\/td><td><\/td><\/tr><tr><td colspan=\"2\"><p>Philosophie<\/p><\/td><\/tr><tr><td width=\"90%\"><p><a href=\"https:\/\/vvz.ruhr-uni-bochum.de\/campus\/all\/module.asp?gguid=0x6AB24366F0E8574F9EA7D4E6076B3DA3&amp;fieldgguid=&amp;findmodule=philosophische&amp;tguid=0x39FF9E73E27E1445BFB66A7776030329&amp;strSignMessage=\">Philosophische Prop\u00e4deutik (5 CP)<\/a><\/p><\/td><td><\/td><\/tr><tr><td><p>Teil 1: Philosophische Prop\u00e4deutik I, WS 2015\/16<\/p><\/td><td><\/td><\/tr><tr><td><p>Teil 2: Philosophische Prop\u00e4deutik, WS 2015\/16<\/p><\/td><td><\/td><\/tr><tr><td><p>G4 Basismodul &#8222;Praktische Philosophie&#8220;<\/p><\/td><td><\/td><\/tr><tr><td><p>Studierende des Faches Philosophie d\u00fcrfen an diesem Modul nicht teilnehmen.<\/p><\/td><td><\/td><\/tr><tr><td><p><\/p><\/td><td><\/td><\/tr><tr><td width=\"90%\"><p><a href=\"https:\/\/vvz.ruhr-uni-bochum.de\/campus\/all\/module.asp?gguid=0xFD12A9D7302C864F85FE89CCDC471AB3&amp;tguid=0x39FF9E73E27E1445BFB66A7776030329\">Einf\u00fchrung in die Grundz\u00fcge der Logik (5 CP)<\/a><\/p><\/td><td><\/td><\/tr><tr><td><p>Teil 1: Grundz\u00fcge der Logik (Vorlesung), WS 2015\/16<\/p><\/td><td><\/td><\/tr><tr><td><p>Teil 2: \u00dcbung zur Vorlesung: Grundz\u00fcge der Logik, WS 2015\/16<\/p><\/td><td><\/td><\/tr><tr><td><p>G4 Basismodul &#8222;Praktische Philosophie&#8220;<\/p><\/td><td><\/td><\/tr><tr><td><p>Studierende des Faches Philosophie d\u00fcrfen an diesem Modul nicht teilnehmen!<\/p><\/td><td><\/td><\/tr><tr><td><p><\/p><\/td><td><\/td><\/tr><tr><td width=\"90%\"><p><a href=\"https:\/\/vvz.ruhr-uni-bochum.de\/campus\/all\/module.asp?gguid=0xFEF62C3986CF7C43A171B72F2AA00C8A&amp;fieldgguid=&amp;findmodule=grundprobleme&amp;tguid=0x39FF9E73E27E1445BFB66A7776030329&amp;strSignMessage=\">Grundprobleme der Theoretischen Philosophie aus historischer und aktueller Perspektive (5 CP)<\/a><\/p><\/td><td><\/td><\/tr><tr><td><p>Teil 1: Grundprobleme der Theoretischen Philosophie aus historischer und aktueller Perspektive I: Einf\u00fchrung in die Philosophie der Antike und des Mittelalters (Vorlesung), WS 2015\/16<\/p><\/td><td><\/td><\/tr><tr><td><p>Teil 2: Grundprobleme der Theoretischen Philosophie aus historischer und aktueller Perspektive II: Einf\u00fchrung in die Theoretische Philosophie: (Vorlesung), WS 2015\/2016<\/p><\/td><td><\/td><\/tr><tr><td><p>G4 Basismodul &#8222;Geschichte der Philosophie&#8220;<\/p><\/td><td><\/td><\/tr><tr><td><p>Zus\u00e4tzlich gesonderte Treffen \/ Sprechstunden f\u00fcr die Studierenden des Optionalbereichs, nach Absprache, mindestens alle 14 Tage. Studierende der Philosophie k\u00f6nnen an diesem Modul nicht teilnehmen.<\/p><\/td><td><\/td><\/tr><tr><td><\/td><td><\/td><\/tr><tr><td colspan=\"2\"><p>Physik und Astronomie<\/p><\/td><\/tr><tr><td width=\"90%\"><p><a href=\"https:\/\/vvz.ruhr-uni-bochum.de\/campus\/all\/module.asp?gguid=0xCEA7C740C0DE3F478EECCCD6DC918AA1&amp;fieldgguid=&amp;mode=&amp;findmodule=analoge&amp;tguid=0x39FF9E73E27E1445BFB66A7776030329\">Analogelektronik (5 CP)<\/a><\/p><\/td><td><\/td><\/tr><tr><td><p>Teil 1: Analogelektronik (Vorlesung), WS 2015\/16<\/p><\/td><td><\/td><\/tr><tr><td><p>Teil 2: Analogelektronik (\u00dcbung), WS 2015\/16<\/p><\/td><td><\/td><\/tr><tr><td><p>G4 Basismodul &#8222;Elektronik f\u00fcr physikalische Experimente&#8220;<\/p><\/td><td><\/td><\/tr><tr><td><p>Studierende der Physik k\u00f6nnen sich dieses Modul nicht f\u00fcr den Optionalbereich anrechnen lassen.<\/p><\/td><td><\/td><\/tr><tr><td><p><\/p><\/td><td><\/td><\/tr><tr><td width=\"90%\"><p><a href=\"https:\/\/vvz.ruhr-uni-bochum.de\/campus\/all\/module.asp?gguid=0xA16AE5024B0F1F479889CD84B25F7E58&amp;fieldgguid=&amp;mode=&amp;findmodule=mathematisch&amp;tguid=0x39FF9E73E27E1445BFB66A7776030329\">Mathematische Hilfsmittel der Physik (5 CP)<\/a><\/p><\/td><td><\/td><\/tr><tr><td><p>Teil 1: Einf\u00fchrung in die mathematischen Hilfsmittel der Physik (Vorlesung), WS 2015\/16<\/p><\/td><td><\/td><\/tr><tr><td><p>Teil 2: Einf\u00fchrung in die mathematischen Hilfsmittel der Physik (\u00dcbung), WS 2015\/16<\/p><\/td><td><\/td><\/tr><tr><td><p>G4 Basismodul &#8222;Mathematischen Methoden f\u00fcr die Physik&#8220;<\/p><\/td><td><\/td><\/tr><tr><td><p>Bitte beachten Sie: 2-Fach-B.A.-Studierende der Physik und \/ oder Mathematik k\u00f6nnen nur dann CP f\u00fcr den Optionalbereich erwerben, wenn sie das Modul vor Ihrem ersten Fachsemester besuchen.<\/p><\/td><td><\/td><\/tr><tr><td><p><\/p><\/td><td><\/td><\/tr><tr><td width=\"90%\"><p><a href=\"https:\/\/vvz.ruhr-uni-bochum.de\/campus\/all\/module.asp?gguid=0x1568ADBA95674346ABFF5C4DDC53A7DD&amp;fieldgguid=&amp;mode=&amp;findmodule=mathematische&amp;tguid=0x39FF9E73E27E1445BFB66A7776030329\">Mathematische Methoden der Physik I (5 CP)<\/a><\/p><\/td><td><\/td><\/tr><tr><td><p>Teil 1: Mathematische Methoden der Physik I (Vorlesung), WS 2015\/16<\/p><\/td><td><\/td><\/tr><tr><td><p>Teil 2: Mathematische Methoden der Physik I (\u00dcbung), WS 2015\/16<\/p><\/td><td><\/td><\/tr><tr><td><p>Teil 3: Lerngruppen zu Mathematische Methoden der Physik I, WS 2015\/16<\/p><\/td><td><\/td><\/tr><tr><td><p>G4 Basismodul &#8222;Mathematische Methoden f\u00fcr die Physik&#8220;<\/p><\/td><td><\/td><\/tr><tr><td><p><\/p><\/td><td><\/td><\/tr><tr><td width=\"90%\"><p><a href=\"https:\/\/vvz.ruhr-uni-bochum.de\/campus\/all\/module.asp?gguid=0x783EB5F7580F934E942782093D40261F&amp;fieldgguid=&amp;mode=&amp;findmodule=physik&amp;tguid=0x39FF9E73E27E1445BFB66A7776030329\">Physik des Universums: Vom Urknall bis zur Supernova (5 CP)<\/a><\/p><\/td><td><\/td><\/tr><tr><td><p>Teil 1: Physik des Universums: Vom Urknall bis zur Supernova (Vorlesung), WS 2015\/16<\/p><\/td><td><\/td><\/tr><tr><td><p>Teil 2: Physik des Universums: Vom Urknall bis zur Supernova (\u00dcbung), WS 2015\/16<\/p><\/td><td><\/td><\/tr><tr><td><p>G4 Basismodul &#8222;Physik des Universums&#8220;<\/p><\/td><td><\/td><\/tr><tr><td><p>Studierende der Physik k\u00f6nnen an diesem Modul nicht teilnehmen!<\/p><\/td><td><\/td><\/tr><tr><td><p><\/p><\/td><td><\/td><\/tr><tr><td width=\"90%\"><p><a href=\"https:\/\/vvz.ruhr-uni-bochum.de\/campus\/all\/module.asp?gguid=0x12C096F7DAAA47498974A5E2E9C61E6F&amp;fieldgguid=&amp;mode=&amp;findmodule=physik&amp;tguid=0x39FF9E73E27E1445BFB66A7776030329\">Physik f\u00fcr Nicht-Physikerinnen und Nicht-Physiker (OPT) (5 CP)<\/a><\/p><\/td><td><\/td><\/tr><tr><td><p>Teil 1: Physik f\u00fcr Nicht-Physikerinnen und Nicht-Physiker (Vorlesung), WS 2015\/16<\/p><\/td><td><\/td><\/tr><tr><td><p>Teil 2: Physik f\u00fcr Nicht-Physikerinnen und Nicht-Physiker (\u00dcbung), WS 2015\/16<\/p><\/td><td><\/td><\/tr><tr><td><p>G4 Basismodul &#8222;Grundlagen der Physik&#8220;<\/p><\/td><td><\/td><\/tr><tr><td><p>Studierende der Physik k\u00f6nnen an diesem Modul nicht teilnehmen!<\/p><\/td><td><\/td><\/tr><tr><td><p><\/p><\/td><td><\/td><\/tr><tr><td width=\"90%\"><p><a href=\"https:\/\/vvz.ruhr-uni-bochum.de\/campus\/all\/module.asp?gguid=0x214313404D7E4849B4EAA91383DE1753&amp;fieldgguid=&amp;mode=&amp;findmodule=physik&amp;tguid=0x39FF9E73E27E1445BFB66A7776030329\">Physik I (Schwerpunkt Chemie, Biochemie, Geowissenschaften) (5 CP)<\/a><\/p><\/td><td><\/td><\/tr><tr><td><p>Teil 1: Physik I f\u00fcr Studierende der Biochemie, Chemie und Geowissenschaften (Vorlesung), WS 2015\/16<\/p><\/td><td><\/td><\/tr><tr><td><p>Teil 2: Physik I f\u00fcr Studierende der Biochemie, Chemie und Geowissenschaften (\u00dcbung), WS 2015\/16<\/p><\/td><td><\/td><\/tr><tr><td><p>G4 Basismodul &#8222;Grundlagen der Physik&#8220;<\/p><\/td><td><\/td><\/tr><tr><td><p>Da die Veranstaltung inhaltlich der Physik I (Schwerpunkt Biologie) gleicht, kann nur jeweils eine von beiden f\u00fcr den Optionalbereich anerkannt werden. Studierende des B.Sc. &#8211; Studiengangs Chemie, Biochemie, Geowissenschaften sowie Studierende der Physik k\u00f6nnen an diesem Modul nicht teilnehmen!<\/p><\/td><td><\/td><\/tr><tr><td><p><\/p><\/td><td><\/td><\/tr><tr><td width=\"90%\"><p><a href=\"https:\/\/vvz.ruhr-uni-bochum.de\/campus\/all\/module.asp?gguid=0xB929A78FC3A7D1458AC126D738B18F61&amp;fieldgguid=&amp;mode=&amp;findmodule=physik&amp;tguid=0x39FF9E73E27E1445BFB66A7776030329\">Physik II (Schwerpunkt Biologie) (5 CP)<\/a><\/p><\/td><td><\/td><\/tr><tr><td><p>Teil 1: Physik II f\u00fcr Studierende der Biologie (Vorlesung), WS 2015\/16<\/p><\/td><td><\/td><\/tr><tr><td><p>Teil 2: Physik II f\u00fcr Studierende der Biologie (\u00dcbung), WS 2015\/16<\/p><\/td><td><\/td><\/tr><tr><td><p>G4 Basismodul &#8222;Grundlagen der Physik&#8220;<\/p><\/td><td><\/td><\/tr><tr><td><p>Da die Veranstaltung inhaltlich der Physik II (Schwerpunkt Chemie) gleicht, kann nur jeweils eine von beiden f\u00fcr den Optionalbereich anerkannt werden. F\u00fcr Studierende des B.Sc. &#8211; Studiengangs Biologie ist dieses Modul nicht im Optionalbereich anrechenbar. Studierende der Physik k\u00f6nnen an diesem Modul nicht teilnehmen!<\/p><\/td><td><\/td><\/tr><tr><td><\/td><td><\/td><\/tr><tr><td colspan=\"2\"><p>Rechtswissenschaft<\/p><\/td><\/tr><tr><td width=\"90%\"><p><a href=\"https:\/\/vvz.ruhr-uni-bochum.de\/campus\/all\/module.asp?gguid=0xCFDF4E3B8E671945AA42B729568479E9&amp;fieldgguid=&amp;findmodule=basismodul+arbeitsrecht&amp;tguid=0x39FF9E73E27E1445BFB66A7776030329&amp;strSignMessage=\">Basismodul Arbeitsrecht (5 CP)<\/a><\/p><\/td><td><\/td><\/tr><tr><td><p>Teil 1: Arbeitsrecht f\u00fcr Nichtjuristen (Vorlesung), WS 2015\/16<\/p><\/td><td><\/td><\/tr><tr><td><p>Teil 2: Methodenlehre (Vorlesung), WS 2015\/16<\/p><\/td><td><\/td><\/tr><tr><td><p>G4 Basismodul &#8222;Rechtswissenschaft&#8220;<\/p><\/td><td><\/td><\/tr><tr><td><p>Studierende, die das &#8222;Basismodul Grundlagen des Rechts&#8220; in Optionalbereich besuchen, d\u00fcrfen an diesem Modul nicht teilnehmen.<\/p><\/td><td><\/td><\/tr><tr><td><p><\/p><\/td><td><\/td><\/tr><tr><td width=\"90%\"><p><a href=\"https:\/\/vvz.ruhr-uni-bochum.de\/campus\/all\/module.asp?gguid=0xF9F90DDA68EADB4FBB26C40B3539C564&amp;fieldgguid=&amp;findmodule=basismodul+evangelisc&amp;tguid=0x39FF9E73E27E1445BFB66A7776030329&amp;strSignMessage=\">Basismodul Evangelisches und Katholisches Kirchenrecht (5 CP)<\/a><\/p><\/td><td><\/td><\/tr><tr><td><p>Teil 1 und 2: Evangelisches und Katholisches Kirchenrecht (Vorlesung), WS 2015\/16<\/p><\/td><td><\/td><\/tr><tr><td><p>G4 Basismodul &#8222;Rechtswissenschaft&#8220;<\/p><\/td><td><\/td><\/tr><tr><td><p><\/p><\/td><td><\/td><\/tr><tr><td width=\"90%\"><p><a href=\"https:\/\/vvz.ruhr-uni-bochum.de\/campus\/all\/module.asp?gguid=0xECE873BDC4427741A8662C399828DFA4&amp;fieldgguid=&amp;findmodule=Basismodul+Grundlagen+des+Rechts&amp;tguid=0x39FF9E73E27E1445BFB66A7776030329&amp;strSignMessage=\">Basismodul Grundlagen des Rechts (5 CP)<\/a><\/p><\/td><td><\/td><\/tr><tr><td><p>Teil 1: Philosophy of Law (Vorlesung), WS 2015\/16<\/p><\/td><td><\/td><\/tr><tr><td><p>Teil 2: Methodenlehre (Vorlesung), WS 2015\/16<\/p><\/td><td><\/td><\/tr><tr><td><p>G4 Basismodul &#8222;Rechtswissenschaft&#8220;<\/p><\/td><td><\/td><\/tr><tr><td><p>Studierende, die das &#8222;Basismodul Arbeitsrecht&#8220; in Optionalbereich besuchen, d\u00fcrfen an diesem Modul nicht teilnehmen.<\/p><\/td><td><\/td><\/tr><tr><td><p><\/p><\/td><td><\/td><\/tr><tr><td width=\"90%\"><p><a href=\"https:\/\/vvz.ruhr-uni-bochum.de\/campus\/all\/module.asp?gguid=0x4ADFC96A59EA4041A64E05E86357288E&amp;fieldgguid=&amp;findmodule=Basismodul+rechtsgeschichte&amp;tguid=0x39FF9E73E27E1445BFB66A7776030329&amp;strSignMessage=\">Basismodul Rechtsgeschichte (5 CP)<\/a><\/p><\/td><td><\/td><\/tr><tr><td><p>Teil 1: R\u00f6mische Rechtsgeschichte (Vorlesung), WS 2015\/16<\/p><\/td><td><\/td><\/tr><tr><td><p>Teil 2: Deutsche Rechtsgeschichte (Vorlesung), SoSe 2016<\/p><\/td><td><\/td><\/tr><tr><td><p>G4 Basismodul &#8222;Rechtswissenschaft&#8220;<\/p><\/td><td><\/td><\/tr><tr><td><p><\/p><\/td><td><\/td><\/tr><tr><td width=\"90%\"><p><a href=\"https:\/\/vvz.ruhr-uni-bochum.de\/campus\/all\/module.asp?gguid=0xC4D6B0F9F1C55D478242AF9CD6DCA2D5&amp;fieldgguid=&amp;findmodule=kriminologie&amp;tguid=0x39FF9E73E27E1445BFB66A7776030329&amp;strSignMessage=\">Kriminologie (5 CP)<\/a><\/p><\/td><td><\/td><\/tr><tr><td><p>Teil 1: Kriminologie I (Vorlesung), WS 2015\/16<\/p><\/td><td><\/td><\/tr><tr><td><p>Teil 2: Ausgew\u00e4hlte Themen zur Kriminologie (\u00dcbung), WS 2015\/16<\/p><\/td><td><\/td><\/tr><tr><td><p>G4 Basismodul &#8222;Rechtswissenschaft&#8220;<\/p><\/td><td><\/td><\/tr><tr><td><\/td><td><\/td><\/tr><tr><td colspan=\"2\"><p>Religionswissenschaft<\/p><\/td><\/tr><tr><td width=\"90%\"><p><a href=\"https:\/\/vvz.ruhr-uni-bochum.de\/campus\/all\/module.asp?gguid=0x3DAE1CD477C1304C8BFDC7EC3190FEB2&amp;fieldgguid=&amp;findmodule=indische+r&amp;tguid=0x39FF9E73E27E1445BFB66A7776030329&amp;strSignMessage=\">Indische Religionsgeschichte (5 CP)<\/a> !! NEU: 06.10. !!<\/p><\/td><td><\/td><\/tr><tr><td><p>Teil 1: Veda und Hinduismus (Seminar), WS 2015\/16<\/p><\/td><td><\/td><\/tr><tr><td><p>Teil 2: (Seminar), SoSe 2016<\/p><\/td><td><\/td><\/tr><tr><td><p>G4 Grundlagen der Religionswissenschaft<\/p><\/td><td><\/td><\/tr><tr><td><p>Studierende der Religionswissenschaft k\u00f6nnen in diesem Modul keine CP f\u00fcr den Optionalbereich erwerben! Bitte beachten Sie unbedingt die Hinweise unter dem Punkt &#8222;Voraussetzungen&#8220; der Modulbeschreibung!<\/p><\/td><td><\/td><\/tr><tr><td><p><\/p><\/td><td><\/td><\/tr><tr><td width=\"90%\"><p><a href=\"https:\/\/vvz.ruhr-uni-bochum.de\/campus\/all\/module.asp?gguid=0x7203354A4F950B4CAD8AC60A89122D66&amp;fieldgguid=&amp;mode=&amp;findmodule=ostasia&amp;tguid=0x39FF9E73E27E1445BFB66A7776030329\">Ostasiatische Religionsgeschichte (5 CP)<\/a> !! NEU: 06.10. !!<\/p><\/td><td><\/td><\/tr><tr><td><p>Teil 1: Einf\u00fchrung in die Religionen Chinas (Vorlesung), WS 2015\/16<\/p><\/td><td><\/td><\/tr><tr><td><p>Teil 2: (Seminar), SoSe 2016<\/p><\/td><td><\/td><\/tr><tr><td><p>G4 Grundlagen der Religionswissenschaft<\/p><\/td><td><\/td><\/tr><tr><td><p>Studierende der Religionswissenschaft k\u00f6nnen in diesem Modul keine CP f\u00fcr den Optionalbereich erwerben! Bitte beachten Sie unbedingt die Hinweise unter dem Punkt &#8222;Voraussetzungen&#8220; der Modulbeschreibung!<\/p><\/td><td><\/td><\/tr><tr><td><p><\/p><\/td><td><\/td><\/tr><tr><td width=\"90%\"><p><a href=\"https:\/\/vvz.ruhr-uni-bochum.de\/campus\/all\/module.asp?gguid=0x9F0AC10F58E7514F9EBDF2C8DA34EA94&amp;fieldgguid=&amp;mode=&amp;findmodule=zentral&amp;tguid=0x39FF9E73E27E1445BFB66A7776030329\">Zentralasiatische Religionsgeschichte (5 CP)<\/a> !! NEU: 06.10. !!<\/p><\/td><td><\/td><\/tr><tr><td><p>Teil 1: History of Religions in Central Asia (Seminar), WS 2015\/16<\/p><\/td><td><\/td><\/tr><tr><td><p>Teil 2: (Seminar), SoSe 2016<\/p><\/td><td><\/td><\/tr><tr><td><p>G4 Grundlagen der Religionswissenschaft<\/p><\/td><td><\/td><\/tr><tr><td><p>Studierende der Religionswissenschaft k\u00f6nnen in diesem Modul keine CP f\u00fcr den Optionalbereich erwerben! Bitte beachten Sie unbedingt die Hinweise unter dem Punkt &#8222;Voraussetzungen&#8220; der Modulbeschreibung!<\/p><\/td><td><\/td><\/tr><tr><td><p><\/p><\/td><td><\/td><\/tr><tr><td width=\"90%\"><p><a href=\"https:\/\/vvz.ruhr-uni-bochum.de\/campus\/all\/module.asp?gguid=0x5C633E2888A70342991D8B3B004668A2&amp;fieldgguid=&amp;mode=&amp;findmodule=Religionswissenschaftliche+Zug%E4nge&amp;tguid=0x39FF9E73E27E1445BFB66A7776030329\">Religionswissenschaftliche Zug\u00e4nge zu altorientalischer Religionsgeschichte (5 CP)<\/a> !! NEU: 06.10. !!<\/p><\/td><td><\/td><\/tr><tr><td><p>Teil 1: Einf\u00fchrung in die Religionswissenschaft (Vorlesung), WS 2015\/16<\/p><\/td><td><\/td><\/tr><tr><td><p>Teil 2: Einf\u00fchrung in die Altorientalische Religionsgeschichte (Seminar), WS 2015\/16<\/p><\/td><td><\/td><\/tr><tr><td><p>G4 Grundlagen der Religionswissenschaft<\/p><\/td><td><\/td><\/tr><tr><td><p>Studierende der Religionswissenschaft k\u00f6nnen in diesem Modul keine CP f\u00fcr den Optionalbereich erwerben! Bitte beachten Sie unbedingt die Hinweise unter dem Punkt &#8222;Voraussetzungen&#8220; der Modulbeschreibung!<\/p><\/td><td><\/td><\/tr><tr><td><p><\/p><\/td><td><\/td><\/tr><tr><td width=\"90%\"><p><a href=\"https:\/\/vvz.ruhr-uni-bochum.de\/campus\/all\/module.asp?gguid=0xCE99BB9A6B2E1F49AB0A83A04ABDCBA3&amp;fieldgguid=&amp;findmodule=Religionswissenschaftliche+Zug%E4nge+zu+is&amp;tguid=0x68EC47CBD8D7ED4F9C6EB19FCBF5132A&amp;strSignMessage=\">Religionswissenschaftliche Zug\u00e4nge zu antiker Religionsgeschichte (5 CP)<\/a> !! NEU: 06.10. !!<\/p><\/td><td><\/td><\/tr><tr><td><p>Teil 1: Einf\u00fchrung in die Religionswissenschaft (Vorlesung), WS 2015\/16<\/p><\/td><td><\/td><\/tr><tr><td><p>Teil 2: Einf\u00fchrung in die Antike Religionsgeschichte (Seminar), WS 2015\/16<\/p><\/td><td><\/td><\/tr><tr><td><p>G4 Grundlagen der Religionswissenschaft<\/p><\/td><td><\/td><\/tr><tr><td><p>Studierende der Religionswissenschaft k\u00f6nnen in diesem Modul keine CP f\u00fcr den Optionalbereich erwerben! Bitte beachten Sie unbedingt die Hinweise unter dem Punkt &#8222;Voraussetzungen&#8220; der Modulbeschreibung!<\/p><\/td><td><\/td><\/tr><tr><td><p><\/p><\/td><td><\/td><\/tr><tr><td width=\"90%\"><p><a href=\"https:\/\/vvz.ruhr-uni-bochum.de\/campus\/all\/module.asp?gguid=0x473E03438D855147A63E0D2D92C76B57&amp;fieldgguid=&amp;mode=&amp;findmodule=Religionswissenschaftliche+Zug%E4nge&amp;tguid=0x39FF9E73E27E1445BFB66A7776030329\">Religionswissenschaftliche Zug\u00e4nge zu indischer Religionsgeschichte (5 CP)<\/a> !! NEU: 06.10. !!<\/p><\/td><td><\/td><\/tr><tr><td><p>Teil 1: Einf\u00fchrung in die Religionswissenschaft (Vorlesung), WS 2015\/16<\/p><\/td><td><\/td><\/tr><tr><td><p>Teil 2: Veda und Hinduismus (Seminar), WS 2015\/16<\/p><\/td><td><\/td><\/tr><tr><td><p>G4 Grundlagen der Religionswissenschaft<\/p><\/td><td><\/td><\/tr><tr><td><p>Studierende der Religionswissenschaft k\u00f6nnen in diesem Modul keine CP f\u00fcr den Optionalbereich erwerben! Bitte beachten Sie unbedingt die Hinweise unter dem Punkt &#8222;Voraussetzungen&#8220; der Modulbeschreibung!<\/p><\/td><td><\/td><\/tr><tr><td><p><\/p><\/td><td><\/td><\/tr><tr><td width=\"90%\"><p><a href=\"https:\/\/vvz.ruhr-uni-bochum.de\/campus\/all\/module.asp?gguid=0x990E9AC8300CE541BA2CCDD14314C162&amp;fieldgguid=&amp;mode=&amp;findmodule=Religionswissenschaftliche+Zug%E4nge&amp;tguid=0x39FF9E73E27E1445BFB66A7776030329\">Religionswissenschaftliche Zug\u00e4nge zu islamischer Religionsgeschichte (5 CP)<\/a> !! NEU: 06.10. !!<\/p><\/td><td><\/td><\/tr><tr><td><p>Teil 1: Einf\u00fchrung in die Religionswissenschaft (Vorlesung), WS 2015\/16<\/p><\/td><td><\/td><\/tr><tr><td><p>Teil 2: Islam II &#8211; Vom Mongolensturm bis zur Gegenwart (Seminar), WS 2015\/16<\/p><\/td><td><\/td><\/tr><tr><td><p>G4 Grundlagen der Religionswissenschaft<\/p><\/td><td><\/td><\/tr><tr><td><p>Studierende der Religionswissenschaft k\u00f6nnen in diesem Modul keine CP f\u00fcr den Optionalbereich erwerben! Bitte beachten Sie unbedingt die Hinweise unter dem Punkt &#8222;Voraussetzungen&#8220; der Modulbeschreibung!<\/p><\/td><td><\/td><\/tr><tr><td><p><\/p><\/td><td><\/td><\/tr><tr><td width=\"90%\"><p><a href=\"https:\/\/vvz.ruhr-uni-bochum.de\/campus\/all\/module.asp?gguid=0xEFD705F9A602944089391791E69031C6&amp;fieldgguid=&amp;mode=&amp;findmodule=Religionswissenschaftliche+Zug%E4nge&amp;tguid=0x39FF9E73E27E1445BFB66A7776030329\">Religionswissenschaftliche Zug\u00e4nge zu j\u00fcdischer Religionsgeschichte (5 CP)<\/a> !! NEU: 06.10. !!<\/p><\/td><td><\/td><\/tr><tr><td><p>Teil 1: Einf\u00fchrung in die Religionswissenschaft (Vorlesung), WS 2015\/16<\/p><\/td><td><\/td><\/tr><tr><td><p>Teil 2: Judentum vom Mittelalter bis zur Gegenwart (Seminar), WS 2015\/16<\/p><\/td><td><\/td><\/tr><tr><td><p>G4 Grundlagen der Religionswissenschaft<\/p><\/td><td><\/td><\/tr><tr><td><p>Studierende der Religionswissenschaft k\u00f6nnen in diesem Modul keine CP f\u00fcr den Optionalbereich erwerben! Bitte beachten Sie unbedingt die Hinweise unter dem Punkt &#8222;Voraussetzungen&#8220; der Modulbeschreibung!<\/p><\/td><td><\/td><\/tr><tr><td><p><\/p><\/td><td><\/td><\/tr><tr><td width=\"90%\"><p><a href=\"https:\/\/vvz.ruhr-uni-bochum.de\/campus\/all\/module.asp?gguid=0xF842E885200030479894876D3F26C3F7&amp;fieldgguid=&amp;mode=&amp;findmodule=Religionswissenschaftliche+Zug%E4nge&amp;tguid=0x39FF9E73E27E1445BFB66A7776030329\">Religionswissenschaftliche Zug\u00e4nge zu ostasiatischer Religionsgeschichte (5 CP)<\/a> !! NEU: 06.10. !!<\/p><\/td><td><\/td><\/tr><tr><td><p>Teil 1: Einf\u00fchrung in die Religionswissenschaft (Vorlesung), WS 2015\/16<\/p><\/td><td><\/td><\/tr><tr><td><p>Teil 2: Einf\u00fchrung in die Religionen Chinas (Seminar), WS 2015\/16<\/p><\/td><td><\/td><\/tr><tr><td><p>G4 Grundlagen der Religionswissenschaft<\/p><\/td><td><\/td><\/tr><tr><td><p>Studierende der Religionswissenschaft k\u00f6nnen in diesem Modul keine CP f\u00fcr den Optionalbereich erwerben! Bitte beachten Sie unbedingt die Hinweise unter dem Punkt &#8222;Voraussetzungen&#8220; der Modulbeschreibung!<\/p><\/td><td><\/td><\/tr><tr><td><p><\/p><\/td><td><\/td><\/tr><tr><td width=\"90%\"><p><a href=\"https:\/\/vvz.ruhr-uni-bochum.de\/campus\/all\/module.asp?gguid=0xF318D7561A1A444FA5B02D4DEC22EFBA&amp;fieldgguid=&amp;mode=&amp;findmodule=Religionswissenschaftliche+Zug%E4nge&amp;tguid=0x39FF9E73E27E1445BFB66A7776030329\">Religionswissenschaftliche Zug\u00e4nge zu systematischer Religionswissenschaft (5 CP)<\/a> !! NEU: 06.10. !!<\/p><\/td><td><\/td><\/tr><tr><td><p>Teil 1: Einf\u00fchrung in die Religionswissenschaft (Vorlesung), WS 2015\/16<\/p><\/td><td><\/td><\/tr><tr><td><p>Teil 2: Theorien und Ans\u00e4tze der Religionswissenschaft (Seminar), WS 2015\/16<\/p><\/td><td><\/td><\/tr><tr><td><p>G4 Grundlagen der Religionswissenschaft<\/p><\/td><td><\/td><\/tr><tr><td><p>Studierende der Religionswissenschaft k\u00f6nnen in diesem Modul keine CP f\u00fcr den Optionalbereich erwerben! Bitte beachten Sie unbedingt die Hinweise unter dem Punkt &#8222;Voraussetzungen&#8220; der Modulbeschreibung!<\/p><\/td><td><\/td><\/tr><tr><td><p><\/p><\/td><td><\/td><\/tr><tr><td width=\"90%\"><p><a href=\"https:\/\/vvz.ruhr-uni-bochum.de\/campus\/all\/module.asp?gguid=0x167FC67965A8524F8A08FB0755434C28&amp;fieldgguid=&amp;mode=&amp;findmodule=Religionswissenschaftliche+Zug%E4nge&amp;tguid=0x39FF9E73E27E1445BFB66A7776030329\">Religionswissenschaftliche Zug\u00e4nge zu zentralasiatischer Religionsgeschichte (5 CP)<\/a> !! NEU: 06.10. !!<\/p><\/td><td><\/td><\/tr><tr><td><p>Teil 1: Einf\u00fchrung in die Religionswissenschaft (Vorlesung), WS 2015\/16<\/p><\/td><td><\/td><\/tr><tr><td><p>Teil 2: History of Religions in Central Asia (Seminar), WS 2015\/16<\/p><\/td><td><\/td><\/tr><tr><td><p>G4 Grundlagen der Religionswissenschaft<\/p><\/td><td><\/td><\/tr><tr><td><p>Studierende der Religionswissenschaft k\u00f6nnen in diesem Modul keine CP f\u00fcr den Optionalbereich erwerben! Bitte beachten Sie unbedingt die Hinweise unter dem Punkt &#8222;Voraussetzungen&#8220; der Modulbeschreibung!<\/p><\/td><td><\/td><\/tr><tr><td><\/td><td><\/td><\/tr><tr><td colspan=\"2\"><p>Romanistik<\/p><\/td><\/tr><tr><td width=\"90%\"><p><a href=\"https:\/\/vvz.ruhr-uni-bochum.de\/campus\/all\/module.asp?gguid=0x0B4DA1FA634C3E458BCC1512F9A266C6&amp;fieldgguid=&amp;mode=&amp;findmodule=Katalanisch&amp;tguid=0x39FF9E73E27E1445BFB66A7776030329\">Katalanisch &#8211; Sprache und Kultur 1 (B1\/B2) (5 CP)<\/a><\/p><\/td><td><\/td><\/tr><tr><td><p>Teil 1: Mediterr\u00e0nia, creativa i cool: Barcelona al cinema (\u00dcbung), WS 2015\/16<\/p><\/td><td><\/td><\/tr><tr><td><p>Teil 2: Lekt\u00fcre Katalanischer Texte (\u00dcbung), SoSe 2016<\/p><\/td><td><\/td><\/tr><tr><td><p>G4 Basismodul &#8222;Kulturelle Kompetenz&#8220; \/ G1 Modul Katalanisch II<\/p><\/td><td><\/td><\/tr><tr><td><p><\/p><\/td><td><\/td><\/tr><tr><td width=\"90%\"><p><a href=\"https:\/\/vvz.ruhr-uni-bochum.de\/campus\/all\/module.asp?gguid=0x3DF0D4E196067A4584988FED2AFECD98&amp;fieldgguid=&amp;mode=&amp;findmodule=Katalanisch&amp;tguid=0x39FF9E73E27E1445BFB66A7776030329\">Katalanisch &#8211; Sprache und Kultur 2 Intensiv (B2) (5 CP)<\/a><\/p><\/td><td><\/td><\/tr><tr><td><p>Teil 1: Journalismus und Medien in den katalanischen L\u00e4ndern (Blockkurs), WS 2015\/16<\/p><\/td><td><\/td><\/tr><tr><td><p>Teil 2: Mediterr\u00e0nia, creativa i cool: Barcelona al cinema (\u00dcbung), WS 2015\/16<\/p><\/td><td><\/td><\/tr><tr><td><p>G4 Basismodul &#8222;Kulturelle Kompetenz&#8220; \/ G1 Katalanische Fachsprache f\u00fcr den Beruf<\/p><\/td><td><\/td><\/tr><tr><td><p><\/p><\/td><td><\/td><\/tr><tr><td width=\"90%\"><p><a href=\"https:\/\/vvz.ruhr-uni-bochum.de\/campus\/all\/module.asp?gguid=0xEDB1585402400B469E7A3860F4E74292&amp;fieldgguid=&amp;mode=&amp;findmodule=Portugiesisch&amp;tguid=0x39FF9E73E27E1445BFB66A7776030329\">Portugiesisch: Sprache und Kulturen Brasiliens, Portugals und des lusophonen Afrikas (B1) (5 CP)<\/a><\/p><\/td><td><\/td><\/tr><tr><td><p>Teil 1: Portugu\u00eas IV (\u00dcbung), WS 2015\/16<\/p><\/td><td><\/td><\/tr><tr><td><p>Teil 2: Landeskundeseminar Lusophonie II (Proseminar), SoSe 2016<\/p><\/td><td><\/td><\/tr><tr><td><p>G4 Aufbaumodul &#8222;Portugiesisch&#8220; \/ G1 Modul Portugiesisch III (bras.)<\/p><\/td><td><\/td><\/tr><tr><td><p>Studierende der Romanischen Philologie k\u00f6nnen an diesem Modul nur teilnehmen, jedoch keine Credit Points f\u00fcr den Optionalbereich erwerben.<\/p><\/td><td><\/td><\/tr><tr><td><\/td><td><\/td><\/tr><tr><td colspan=\"2\"><p>Slavistik<\/p><\/td><\/tr><tr><td><p>In diesem Semester liegt leider kein Angebot vor.<\/p><\/td><td><\/td><\/tr><tr><td><p><\/p><\/td><td><\/td><\/tr><tr><td colspan=\"2\"><p>Sozialwissenschaft<\/p><\/td><\/tr><tr><td width=\"90%\"><p><a href=\"https:\/\/vvz.ruhr-uni-bochum.de\/campus\/all\/module.asp?gguid=0x604971F8D677D448AD408C741B5FF718&amp;fieldgguid=&amp;mode=&amp;findmodule=Arbeits&amp;tguid=0x39FF9E73E27E1445BFB66A7776030329\">Arbeits-, Wirtschafts- und Organisationssoziologie (5 CP)<\/a><\/p><\/td><td><\/td><\/tr><tr><td><p>Teil 1: Einf\u00fchrung in die Arbeits-, Wirtschafts- und Organisationssoziologie (Seminar), WS 2015\/16<\/p><\/td><td><\/td><\/tr><tr><td><p>Teil 2: Strukturierte Betreuung (\u00dcbung), WS 2015\/16<\/p><\/td><td><\/td><\/tr><tr><td><p>G4 Aufbaumodul &#8222;Soziologie&#8220;<\/p><\/td><td><\/td><\/tr><tr><td><p>Studierende der F\u00e4cher PWG, KIG und Soziologie sowie des Studiengangs Sozialwissenschaft k\u00f6nnen an diesem Modul nicht teilnehmen!<\/p><\/td><td><\/td><\/tr><tr><td><p><\/p><\/td><td><\/td><\/tr><tr><td width=\"90%\"><p><a href=\"https:\/\/vvz.ruhr-uni-bochum.de\/campus\/all\/module.asp?gguid=0x1F2564CE009280489271CD00AC92116B&amp;fieldgguid=&amp;mode=&amp;findmodule=Einf%FChrung+in+die+Wirtsch&amp;tguid=0x39FF9E73E27E1445BFB66A7776030329\">Einf\u00fchrung in die Wirtschafts- und Sozialpolitik (5 CP)<\/a><\/p><\/td><td><\/td><\/tr><tr><td><p>Teil 1: Einf\u00fchrung in die Wirtschafts- und Sozialpolitik (Vorlesung), WS 2015\/16<\/p><\/td><td><\/td><\/tr><tr><td><p>Teil 2: Strukturierte Betreuung WiSoPo (\u00dcbung), WS 2015\/16<\/p><\/td><td><\/td><\/tr><tr><td><p>G4 Basismodul &#8222;Sozial\u00f6konomik&#8220;<\/p><\/td><td><\/td><\/tr><tr><td><p>Studierende der F\u00e4cher PWG, Soziologie, Politikwissenschaft und Sozialpsychologie\/-anthropologie sowie des Studiengangs Sozialwissenschaft k\u00f6nnen an diesem Modul nicht teilnehmen!<\/p><\/td><td><\/td><\/tr><tr><td><p><\/p><\/td><td><\/td><\/tr><tr><td width=\"90%\"><p><a href=\"https:\/\/vvz.ruhr-uni-bochum.de\/campus\/all\/module.asp?gguid=0x1AD520D1ABF84D49A3F4A02C432681D3&amp;fieldgguid=&amp;findmodule=Grundfragen+und+Hauptbegriffe&amp;tguid=0x39FF9E73E27E1445BFB66A7776030329&amp;strSignMessage=\">Grundfragen und Hauptbegriffe der Soziologie (Soziologie I) (5 CP)<\/a><\/p><\/td><td><\/td><\/tr><tr><td><p>Teil 1: Grundfragen und Hauptbegriffe der Soziologie I (Vorlesung), WS 2015\/16<\/p><\/td><td><\/td><\/tr><tr><td><p>Teil 2: Strukturierte Betreuung zur Soziologie I (\u00dcbung), WS 2015\/16<\/p><\/td><td><\/td><\/tr><tr><td><p>G4 Basismodul &#8222;Soziologie&#8220;<\/p><\/td><td><\/td><\/tr><tr><td><p>Studierende der F\u00e4cher PWG, KIG, Soziologie, Politikwissenschaft und Sozialpsychologie\/-anthropologie sowie des Studiengangs Sozialwissenschaft k\u00f6nnen an diesem Modul nicht teilnehmen.<\/p><\/td><td><\/td><\/tr><tr><td><p><\/p><\/td><td><\/td><\/tr><tr><td width=\"90%\"><p><a href=\"https:\/\/vspl-vvz.ruhr-uni-bochum.de\/campus\/all\/module.asp?gguid=0x5AA4D03FA8218244ACB94D39029EF38A&amp;fieldgguid=&amp;findmodule=Politikwissenschaft%3A+Internationale+Bezi&amp;tguid=0x39FF9E73E27E1445BFB66A7776030329&amp;strSignMessage=\">Politikwissenschaft: Internationale Beziehungen (5 CP) <\/a>Neu! am 06.10.<\/p><\/td><td><\/td><\/tr><tr><td><p>Teil 1: Internationale Beziehungen (Vorlesung), WS 2015\/16<\/p><\/td><td><\/td><\/tr><tr><td><p>Teil 2: Strukturierte Betreuung (\u00dcbung), WS 2015\/16<\/p><\/td><td><\/td><\/tr><tr><td><p>G4 Aufbaumodul &#8222;Politikwissenschaft&#8220;<\/p><\/td><td><\/td><\/tr><tr><td><p>Studierende der F\u00e4cher PWG, KIG, Politikwissenschaft sowie des Studienganges Sozialwissenschaft k\u00f6nnen an dem Modul nicht teilnehmen!<\/p><\/td><td><\/td><\/tr><tr><td><p><\/p><\/td><td><\/td><\/tr><tr><td width=\"90%\"><p><a href=\"https:\/\/vvz.ruhr-uni-bochum.de\/campus\/all\/module.asp?gguid=0x2706A4B16F2DA547B47DB75D3D86DA2B&amp;fieldgguid=&amp;mode=&amp;findmodule=politikwissenschaft&amp;tguid=0x39FF9E73E27E1445BFB66A7776030329\">Politikwissenschaft: Politisches System Deutschlands (5 CP)<\/a><\/p><\/td><td><\/td><\/tr><tr><td><p>Teil 1: Einf\u00fchrung in das politische System Deutschlands (Vorlesung), WS 2015\/16<\/p><\/td><td><\/td><\/tr><tr><td><p>Teil 2: Strukturierte Betreuung (\u00dcbung), WS 2015\/16<\/p><\/td><td><\/td><\/tr><tr><td><p>G4 Basismodul &#8222;Politikwissenschaft&#8220;<\/p><\/td><td><\/td><\/tr><tr><td><p>Studierende der F\u00e4cher PWG, KIG, Politikwissenschaft sowie des Studienganges Sozialwissenschaft k\u00f6nnen an dem Modul nicht teilnehmen!<\/p><\/td><td><\/td><\/tr><tr><td><p><\/p><\/td><td><\/td><\/tr><tr><td width=\"90%\"><p><a href=\"https:\/\/vvz.ruhr-uni-bochum.de\/campus\/all\/module.asp?gguid=0x3AB8233B3A4B3A4E8FABEBCAC545D1C0&amp;fieldgguid=&amp;mode=&amp;findmodule=Sozial-+und&amp;tguid=0x39FF9E73E27E1445BFB66A7776030329\">Sozial- und Kulturpsychologie (5 CP)<\/a><\/p><\/td><td><\/td><\/tr><tr><td><p>Teil 1: Einf\u00fchrung in die Sozial- und Kulturpsychologie (Vorlesung), WS 2015\/16<\/p><\/td><td><\/td><\/tr><tr><td><p>Teil 2: Strukturierte Betreuung (\u00dcbung), WS 2015\/16<\/p><\/td><td><\/td><\/tr><tr><td><p>G4 Basismodul &#8222;Sozialpsychologie&#8220;<\/p><\/td><td><\/td><\/tr><tr><td><p>Studierende des Faches Sozialpsychologie und -anthropologie, des Faches KIG, sowie des Studienganges Sozialwissenschaft k\u00f6nnen an dem Modul nicht teilnehmen.<\/p><\/td><td><\/td><\/tr><tr><td><p><\/p><\/td><td><\/td><\/tr><tr><td width=\"90%\"><p><a href=\"https:\/\/vvz.ruhr-uni-bochum.de\/campus\/all\/module.asp?gguid=0x8307256F7B321B458BF9D841CD18372D&amp;fieldgguid=&amp;mode=&amp;findmodule=Sozial-+und&amp;tguid=0x39FF9E73E27E1445BFB66A7776030329\">Sozial- und Kulturtheorie (5 CP)<\/a><\/p><\/td><td><\/td><\/tr><tr><td><p>Teil 1: Einf\u00fchrung in die Sozial- und Kulturtheorie (Vorlesung), WS 2015\/16<\/p><\/td><td><\/td><\/tr><tr><td><p>Teil 2: Sozial- und Kulturtheorie. Ausgew\u00e4hlte Lekt\u00fcren (\u00dcbung), WS 2015\/16<\/p><\/td><td><\/td><\/tr><tr><td><p>G4 Aufbaumodul &#8222;Sozialpsychologie&#8220;<\/p><\/td><td><\/td><\/tr><tr><td><p>Studierende des Faches Sozialpsychologie und -anthropologie sowie des Studiengangs Sozialwissenschaft k\u00f6nnen an dem Modul nicht teilnehmen!<\/p><\/td><td><\/td><\/tr><tr><td><p><\/p><\/td><td><\/td><\/tr><tr><td width=\"90%\"><p><a href=\"https:\/\/vvz.ruhr-uni-bochum.de\/campus\/all\/module.asp?gguid=0x16F5E8DEC86CF344B0F618568EF03A71&amp;fieldgguid=&amp;findmodule=Sozialanthrop&amp;tguid=0x39FF9E73E27E1445BFB66A7776030329&amp;strSignMessage=\">Sozialanthropologie (5 CP)<\/a><\/p><\/td><td><\/td><\/tr><tr><td><p>Teil 1: Einf\u00fchrung in die Sozial- und Kulturanthropologie (Vorlesung), WS 2015\/16<\/p><\/td><td><\/td><\/tr><tr><td><p>Teil 2: Strukturierte Betreuung (\u00dcbung), WS 2015\/16<\/p><\/td><td><\/td><\/tr><tr><td><p>G4 Basismodul &#8222;Sozialpsychologie&#8220;<\/p><\/td><td><\/td><\/tr><tr><td><p>Studierende des Faches Sozialpsychologie und -anthropologie, des Faches KIG, sowie des Studiengangs Sozialwissenschaft k\u00f6nnen an dem Modul nicht teilnehmen.<\/p><\/td><td><\/td><\/tr><tr><td><p><\/p><\/td><td><\/td><\/tr><tr><td width=\"90%\"><p><a href=\"https:\/\/vvz.ruhr-uni-bochum.de\/campus\/all\/module.asp?gguid=0x5276400D34A43D45B47F17B782ED9C43&amp;fieldgguid=&amp;findmodule=sozialstru&amp;tguid=0x39FF9E73E27E1445BFB66A7776030329&amp;strSignMessage=\">Sozialstruktur und sozialer Wandel (Soziologie II) (5 CP)<\/a><\/p><\/td><td><\/td><\/tr><tr><td><p>Teil 1: Sozialstruktur und sozialer Wandel (Vorlesung), WS 2015\/16<\/p><\/td><td><\/td><\/tr><tr><td><p>Teil 2: Strukturierte Betreuung Sozialstruktur und sozialer Wandel (\u00dcbung), WS 2015\/16<\/p><\/td><td><\/td><\/tr><tr><td><p>G4 Aufbaumodul &#8222;Soziologie&#8220;<\/p><\/td><td><\/td><\/tr><tr><td><p>Studierende der F\u00e4cher PWG, KIG, Soziologie, Politikwissenschaft und Sozialpsychologie\/-anthropologie sowie des Studiengangs Sozialwissenschaft k\u00f6nnen an diesem Modul nicht teilnehmen!<\/p><\/td><td><\/td><\/tr><tr><td><p><\/p><\/td><td><\/td><\/tr><tr><td width=\"90%\"><p><a href=\"https:\/\/vvz.ruhr-uni-bochum.de\/campus\/all\/module.asp?gguid=0x43C90644C16E8C48962EF116872D970D&amp;fieldgguid=&amp;findmodule=theorien+und+methoden&amp;tguid=0x39FF9E73E27E1445BFB66A7776030329&amp;strSignMessage=\">Theorien und Methoden der Kulturpsychologie (5 CP)<\/a><\/p><\/td><td><\/td><\/tr><tr><td><p>Teil 1: Theorien und Methoden der Kulturpsychologie (Vorlesung), WS 2015\/16<\/p><\/td><td><\/td><\/tr><tr><td><p>Teil 2: Strukturierte Betreuung (SozKult, Teil III ) (\u00dcbung), WS 2015\/16<\/p><\/td><td><\/td><\/tr><tr><td><p>G4 Aufbaumodul &#8222;Sozialpsychologie&#8220;<\/p><\/td><td><\/td><\/tr><tr><td><p>Studierende des Faches Sozialpsychologie und -anthropologie, des Faches KIG, sowie des Studiengangs Sozialwissenschaft k\u00f6nnen an dem Modul nicht teilnehmen.<\/p><\/td><td><\/td><\/tr><tr><td><\/td><td><\/td><\/tr><tr><td colspan=\"2\"><p>Sportwissenschaft<\/p><\/td><\/tr><tr><td width=\"90%\"><p><a href=\"https:\/\/vvz.ruhr-uni-bochum.de\/campus\/all\/module.asp?gguid=0x5ED5D77DDF25FB42ACF2F1A1E91EDCB2&amp;fieldgguid=&amp;mode=&amp;findmodule=Aufbau&amp;tguid=0x39FF9E73E27E1445BFB66A7776030329\">Aufbau des K\u00f6rpers sowie Funktionsweise in Ruhe und w\u00e4hrend k\u00f6rperlicher Belastung (5 CP)<\/a><\/p><\/td><td><\/td><\/tr><tr><td><p>Teil 1: Sportmedizin (Vorlesung), WS 2015\/16<\/p><\/td><td><\/td><\/tr><tr><td><p>Teil 2: Aufbau des K\u00f6rpers sowie Funktionsweise in Ruhe und w\u00e4hrend k\u00f6rperlicher Belastung (Blackboard-\u00dcbung), WS 2015\/16<\/p><\/td><td><\/td><\/tr><tr><td><p>G4 Sportmedizin<\/p><\/td><td><\/td><\/tr><tr><td width=\"100%\"><p>Studierende der Sportwissenschaft k\u00f6nnen an diesem Modul nicht teilnehmen!<\/p><\/td><td><\/td><\/tr><tr><td><p><\/p><\/td><td><\/td><\/tr><tr><td width=\"90%\"><p><a href=\"https:\/\/vvz.ruhr-uni-bochum.de\/campus\/all\/module.asp?gguid=0x201740C2299E72459D76BDB02E4ABC18&amp;fieldgguid=&amp;findmodule=choreo&amp;tguid=0x39FF9E73E27E1445BFB66A7776030329&amp;strSignMessage=\">Choreographische Werkstatt (5 CP)<\/a><\/p><\/td><td><\/td><\/tr><tr><td><p>Teil 1: Elemente des Choreographierens im Tanz, WS 2015\/16<\/p><\/td><td><\/td><\/tr><tr><td><p>Teil 2: Zeitgen\u00f6ssischer B\u00fchnentanz und Tanz im Film, WS 2015\/16<\/p><\/td><td><\/td><\/tr><tr><td><p>G4 Sport und Gesellschaft<\/p><\/td><td><\/td><\/tr><tr><td width=\"100%\"><p>Studierende des 1-Fach-Sport-Bachelor k\u00f6nnen an diesem Modul nur teilnehmen, wenn Teil 1 (Elemente des Choreografierens im Tanz) nicht Bestandteil des Fachmoduls ist!<\/p><\/td><td><\/td><\/tr><tr><td><p><\/p><\/td><td><\/td><\/tr><tr><td width=\"90%\"><p><a href=\"https:\/\/vvz.ruhr-uni-bochum.de\/campus\/all\/module.asp?gguid=0x8F089D6BB4CE7B439AA9F93AB7BC537F&amp;fieldgguid=&amp;findmodule=sportsozio&amp;tguid=0x39FF9E73E27E1445BFB66A7776030329&amp;strSignMessage=\">Sportsoziologie (5 CP)<\/a><\/p><\/td><td><\/td><\/tr><tr><td><p>Teil 1: Vorlesung Sport in soziologischer Perspektive (Vorlesung), WS 2015\/16<\/p><\/td><td><\/td><\/tr><tr><td><p>Teil 2: Soziologie des Mediensports (Seminar), WS 2015\/16<\/p><\/td><td><\/td><\/tr><tr><td><p>G4 Sport und Gesellschaft<\/p><\/td><td><\/td><\/tr><tr><td width=\"100%\"><p>Studierende der Sportwissenschaft k\u00f6nnen an diesem Modul nicht teilnehmen!<\/p><\/td><td><\/td><\/tr><tr><td><p><\/p><\/td><td><\/td><\/tr><tr><td width=\"90%\"><p><a href=\"https:\/\/vvz.ruhr-uni-bochum.de\/campus\/all\/module.asp?gguid=0x6F3BB77D6558554C99F1DEBE87F14ED5&amp;fieldgguid=&amp;findmodule=sport+und+erziehung&amp;tguid=0x39FF9E73E27E1445BFB66A7776030329&amp;strSignMessage=\">Sport und Erziehung (5 CP)<\/a><\/p><\/td><td><\/td><\/tr><tr><td><p>Teil 1: Wieviel Vielfalt vertr\u00e4gt kulturelle Bildung? (Seminar), WS 2015\/16<\/p><\/td><td><\/td><\/tr><tr><td><p>Teil 2: Sportdidaktische Grundprobleme (Seminar), WS 2015\/16<\/p><\/td><td><\/td><\/tr><tr><td><p>G4 Sportpsychologie\/Sportp\u00e4dagogik<\/p><\/td><td><\/td><\/tr><tr><td width=\"100%\"><p>Studierende der Sportwissenschaft k\u00f6nnen an diesem Modul nicht teilnehmen!<\/p><\/td><td><\/td><\/tr><tr><td><\/td><td><\/td><\/tr><tr><td colspan=\"2\"><p>Theaterwissenschaft<\/p><\/td><\/tr><tr><td width=\"90%\"><p><a href=\"https:\/\/vvz.ruhr-uni-bochum.de\/campus\/all\/module.asp?gguid=0xE835DAD13BB37445BD75F860E4043C4A&amp;fieldgguid=&amp;findmodule=theaterg&amp;tguid=0x39FF9E73E27E1445BFB66A7776030329&amp;strSignMessage=\">Theatergeschichte und die Psychoanalyse (5 CP)<\/a> Neu! am 13.10.<\/p><\/td><td><\/td><\/tr><tr><td><p>Teil 1: Theatergeschichte (Vorlesung), WS 2015\/16<\/p><\/td><td><\/td><\/tr><tr><td><p>Teil 2: short circuits &#8211; Denken mit der Psychoanalyse (Seminar), WS 2015\/16<\/p><\/td><td><\/td><\/tr><tr><td><p>G4 Basismodul &#8222;Grundlagen der Theaterwissenschaft&#8220;<\/p><\/td><td><\/td><\/tr><tr><td><p>Studierende der Theaterwissenschaft k\u00f6nnen an diesem Modul nicht im Rahmen des Optionalbereichs teilnehmen!<\/p><\/td><td><\/td><\/tr><tr><td><p><\/p><\/td><td><\/td><\/tr><tr><td colspan=\"2\"><p>Wirtschaftswissenschaft<\/p><\/td><\/tr><tr><td width=\"90%\"><p><a href=\"https:\/\/vvz.ruhr-uni-bochum.de\/campus\/all\/module.asp?gguid=0x4BFAB34DBA14374F966BF7DDA29A8EC5&amp;fieldgguid=&amp;mode=&amp;findmodule=Einf%FChrung+in+das+rechnung&amp;tguid=0x39FF9E73E27E1445BFB66A7776030329\">Einf\u00fchrung in das Rechnungswesen \/ Controlling (5 CP)<\/a><\/p><\/td><td><\/td><\/tr><tr><td><p>Teil 1: Einf\u00fchrung in das Rechnungswesen \/ Controlling (Vorlesung), WS 2015\/16<\/p><\/td><td><\/td><\/tr><tr><td><p>Teil 2: Einf\u00fchrung in das Rechnungswesen \/ Controlling (\u00dcbung), WS 2015\/16<\/p><\/td><td><\/td><\/tr><tr><td><p>G4 Basismodul &#8222;Rechnungswesen&#8220;<\/p><\/td><td><\/td><\/tr><tr><td><p>Teilnehmende des Moduls &#8222;Grundlagen der BWL f\u00fcr Nicht\u00f6konomen und Existenzgr\u00fcnder&#8220; k\u00f6nnen an diesem Modul nicht teilnehmen!<\/p><\/td><td><\/td><\/tr><tr><td><p>Studierende der Wirtschaftswissenschaft (&#8222;Management&#8220;, &#8222;Economics&#8220; und &#8222;Management and Economics&#8220;) und 2-Fach-Bachelor Studierende mit dem Fach BWL k\u00f6nnen an diesem Modul nicht teilnehmen!<\/p><\/td><td><\/td><\/tr><tr><td><p><\/p><\/td><td><\/td><\/tr><tr><td width=\"90%\"><p><a href=\"https:\/\/vvz.ruhr-uni-bochum.de\/campus\/all\/module.asp?gguid=0xCBBCA7B66BDDCC48917A00B1DE996E43&amp;fieldgguid=&amp;mode=&amp;findmodule=Einf%FChrung+in+die+betriebs&amp;tguid=0x39FF9E73E27E1445BFB66A7776030329\">Einf\u00fchrung in die Betriebs- sowie Volkswirtschaftslehre (5 CP)<\/a><\/p><\/td><td><\/td><\/tr><tr><td><p>Teil 1: Einf\u00fchrung in die VWL f\u00fcr Nicht\u00f6konomen (Vorlesung), WS 2015\/16<\/p><\/td><td><\/td><\/tr><tr><td><p>Teil 2: Einf\u00fchrung in die BWL f\u00fcr Nicht\u00f6konomen (Vorlesung mit \u00dcbung), SoSe 2016<\/p><\/td><td><\/td><\/tr><tr><td><p>G4 Basismodul &#8222;\u00d6konomie&#8220;<\/p><\/td><td><\/td><\/tr><tr><td><p>Teilnehmende des Moduls &#8222;Grundlagen der BWL f\u00fcr Nicht\u00f6konomen und Existenzgr\u00fcnder&#8220; sowie Studierende des Fachs Wirtschaftswissenschaft k\u00f6nnen an diesem Modul nicht teilnehmen!<\/p><\/td><td><\/td><\/tr><tr><td><p><\/p><\/td><td><\/td><\/tr><tr><td width=\"90%\"><p><a href=\"https:\/\/vvz.ruhr-uni-bochum.de\/campus\/all\/module.asp?gguid=0xBB5208241575614A9B6F76339E8087A0&amp;fieldgguid=&amp;mode=&amp;findmodule=Grundlagen+der+Exi&amp;tguid=0x39FF9E73E27E1445BFB66A7776030329\">Grundlagen der Existenzgr\u00fcndung (5 CP)<\/a><\/p><\/td><td><\/td><\/tr><tr><td><p>Teil 1: Grundlagen der Existenzgr\u00fcndung (Vorlesung), WS 2015\/16<\/p><\/td><td><\/td><\/tr><tr><td><p>Teil 2: Grundlagen der Existenzgr\u00fcndung (\u00dcbung), WS 2015\/16<\/p><\/td><td><\/td><\/tr><tr><td><p>G4 Basismodul Existenzgr\u00fcndung<\/p><\/td><td><\/td><\/tr><tr><td><p>Studierende der Wirtschaftswissenschaft k\u00f6nnen an diesem Modul nicht teilnehmen!<\/p><\/td><td><\/td><\/tr><tr><td><\/td><td><\/td><\/tr><tr><td colspan=\"2\"><p>Interdisziplin\u00e4re Module<\/p><\/td><\/tr><tr><td width=\"90%\"><p><a href=\"https:\/\/vvz.ruhr-uni-bochum.de\/campus\/all\/module.asp?gguid=0x30A0848D20DF5744941E649EA5D6E386&amp;fieldgguid=&amp;findmodule=conflicting&amp;tguid=0x39FF9E73E27E1445BFB66A7776030329&amp;strSignMessage=\">Conflicting ideas, conflicting interests: science and society (5 CP)<\/a><\/p><\/td><td><\/td><\/tr><tr><td><p>Teil 1: Conflicting ideas, conflicting interests: science and society (Seminar), WS 2015\/16<\/p><\/td><td><\/td><\/tr><tr><td><p>Teil 2: Debating and argumentative reasoning (Practical skills), WS 2015\/16<\/p><\/td><td><\/td><\/tr><tr><td><p>G4 Basismodul &#8222;Wissenschaft in der Praxis&#8220;<\/p><\/td><td><\/td><\/tr><tr><td><p><\/p><\/td><td><\/td><\/tr><tr><td width=\"90%\"><p><a href=\"https:\/\/vvz.ruhr-uni-bochum.de\/campus\/all\/module.asp?gguid=0x175B644355F20B4EA2960BC99E322411&amp;fieldgguid=&amp;findmodule=Europa+in+der+Krise&amp;tguid=0x39FF9E73E27E1445BFB66A7776030329&amp;strSignMessage=\">Europa in der Krise (5 CP)<\/a><\/p><\/td><td><\/td><\/tr><tr><td><p>Teil 1: &#8222;In Einheit zerstritten&#8220;? Europas Krise: zentrifugale Kr\u00e4fte und die Macht der Verst\u00e4ndigung (Ringvorlesung), WS 2015\/16<\/p><\/td><td><\/td><\/tr><tr><td><p>Teil 2: Eine Antwort auf die Krise? Europ\u00e4ische Kultur und Kulturpolitik (Seminar), WS 2015\/16<\/p><\/td><td><\/td><\/tr><tr><td><p>G4 Basismodul &#8222;Identit\u00e4t und Differenz&#8220;<\/p><\/td><td><\/td><\/tr><tr><td><p><\/p><\/td><td><\/td><\/tr><tr><td width=\"90%\"><p><a href=\"https:\/\/vvz.ruhr-uni-bochum.de\/campus\/all\/module.asp?gguid=0xB981CCB5EB3EAE489E5A79C858D291BC&amp;fieldgguid=&amp;findmodule=Exkursion&amp;tguid=0x39FF9E73E27E1445BFB66A7776030329&amp;strSignMessage=\">Exkursion nach Kapstadt &#8211; R\u00e4umliche Entwicklung am Kap der guten Hoffnung (5 CP)<\/a><\/p><\/td><td><\/td><\/tr><tr><td><p>Teil 1: Verpflichtende Infoveranstaltung und zweit\u00e4giges Blockseminar, WS 2015\/16<\/p><\/td><td><\/td><\/tr><tr><td><p>Teil 2: Exkursion, WS 2015\/16<\/p><\/td><td><\/td><\/tr><tr><td><p>Teil 3: Nachbereitung, Selbstst\u00e4ndige Erarbeitung eines Exkursionsreaders, WS 2015\/16<\/p><\/td><td><\/td><\/tr><tr><td><p>G4 Modul &#8222;Exkursionen&#8220;<\/p><\/td><td><\/td><\/tr><tr><td><p>Studierende der Geographie k\u00f6nnen an diesem Modul leider nicht teilnehmen.<\/p><\/td><td><\/td><\/tr><tr><td><p><\/p><\/td><td><\/td><\/tr><tr><td width=\"90%\"><p><a href=\"https:\/\/vvz.ruhr-uni-bochum.de\/campus\/all\/module.asp?gguid=0xAB8C93BF456971439166B735801DB0BE&amp;fieldgguid=&amp;findmodule=farben&amp;tguid=0x39FF9E73E27E1445BFB66A7776030329&amp;strSignMessage=\">Farben sehen und erleben (5 CP) <\/a><\/p><\/td><td><\/td><\/tr><tr><td><p>Teil 1: Praktische Einf\u00fchrung in die Malerei mit dem Schwerpunkt Farben, WS 2015\/16<\/p><\/td><td><\/td><\/tr><tr><td><p>Teil 2: Theorie und Geschichte, WS 2015\/16<\/p><\/td><td><\/td><\/tr><tr><td><p>G4 Basismodul &#8222;Kunst und Kultur&#8220;<\/p><\/td><td><\/td><\/tr><tr><td><p><\/p><\/td><td><\/td><\/tr><tr><td width=\"90%\"><p><a href=\"https:\/\/vvz.ruhr-uni-bochum.de\/campus\/all\/module.asp?gguid=0x79A82319987AB44590EE6049DB7CBFDC&amp;fieldgguid=&amp;mode=&amp;findmodule=industrial&amp;tguid=0x39FF9E73E27E1445BFB66A7776030329\">Industrial Heritage. South Wales and the Ruhr (5 CP)<\/a><\/p><\/td><td><\/td><\/tr><tr><td><p>Teil 1: Industriekultur im Ruhrgebiet und S\u00fcdwales im Vergleich (Hauptseminar), WS 2015\/16<\/p><\/td><td><\/td><\/tr><tr><td><p>Teil 2: Einw\u00f6chiger Forschungsaufenthalt an der Swansea University, S\u00fcdwales (Exkursion), WS 2015\/16<\/p><\/td><td><\/td><\/tr><tr><td><p>Teil 3: Erkundung industriekultureller St\u00e4tten des Ruhrgebiets mit Studierenden der Swansea University (Blockseminar), WS 2015\/16<\/p><\/td><td><\/td><\/tr><tr><td><p>G4 Interdisziplin\u00e4r studieren<\/p><\/td><td><\/td><\/tr><tr><td><p>Studierende der Geschichte k\u00f6nnen teilnehmen, sofern sie den Modulteil 1 nicht im Fachstudium belegen.<\/p><\/td><td><\/td><\/tr><tr><td><p><\/p><\/td><td><\/td><\/tr><tr><td width=\"90%\"><p><a href=\"https:\/\/vvz.ruhr-uni-bochum.de\/campus\/all\/module.asp?gguid=0x73C738DC3D97AD41853D0A2E77A019CB&amp;fieldgguid=&amp;mode=&amp;findmodule=introduction+to&amp;tguid=0x39FF9E73E27E1445BFB66A7776030329\">Introduction to Humanitarian Action (5 CP) <\/a><\/p><\/td><td><\/td><\/tr><tr><td><p>Teil 1: Introduction to Humanitarian Action (lecture), WS 2015\/16<\/p><\/td><td><\/td><\/tr><tr><td><p>Teil 2: Introduction to Humanitarian Action (study trip, duration of 3 days), WS 2015\/16<\/p><\/td><td><\/td><\/tr><tr><td><p>G4 Interdisziplin\u00e4r studieren<\/p><\/td><td><\/td><\/tr><tr><td><p><\/p><\/td><td><\/td><\/tr><tr><td width=\"90%\"><p><a href=\"https:\/\/vvz.ruhr-uni-bochum.de\/campus\/all\/module.asp?gguid=0xD2005CE16251754B82C31727375188ED&amp;fieldgguid=&amp;mode=&amp;findmodule=irland&amp;tguid=0x39FF9E73E27E1445BFB66A7776030329\">Irland: Sprache und Kultur I (5 CP)<\/a><\/p><\/td><td><\/td><\/tr><tr><td><p>Teil 1: Irisch f\u00fcr Anf\u00e4nger\/innen (Irisch I) (Sprachkurs), WS 2015\/16<\/p><\/td><td><\/td><\/tr><tr><td><p>Teil 2: Irische Kultur: Ireland in the Last 150 Years (Seminar), WS 2015\/16<\/p><\/td><td><\/td><\/tr><tr><td><p>G1 Modul Irisch I \/ G4 Basismodul &#8222;Kulturelle Kompetenz&#8220;<\/p><\/td><td><\/td><\/tr><tr><td><p><\/p><\/td><td><\/td><\/tr><tr><td width=\"90%\"><p><a href=\"https:\/\/vvz.ruhr-uni-bochum.de\/campus\/all\/module.asp?gguid=0x7F3EACA65D8EDD4C980005E54504B197&amp;fieldgguid=&amp;mode=&amp;findmodule=irland&amp;tguid=0x39FF9E73E27E1445BFB66A7776030329\">Irland: Sprache und Kultur II (5 CP)<\/a><\/p><\/td><td><\/td><\/tr><tr><td><p>Teil 1: Irisch II (Sprachkurs), WS 2015\/16<\/p><\/td><td><\/td><\/tr><tr><td><p>Teil 2a: Lekt\u00fcrekurs: Irische Texte, WS 2015\/16<\/p><\/td><td><\/td><\/tr><tr><td><p>Teil 2b: Irische Kultur: Irland in the Last 150 Years (Seminar), SoSe 2016<\/p><\/td><td><\/td><\/tr><tr><td><p>G1 Modul Irisch II \/ G4 Basismodul &#8222;Kulturelle Kompetenz&#8220;<\/p><\/td><td><\/td><\/tr><tr><td><p>Die erfolgreiche Teilnahme an einem Irischkurs (mindestens Irisch I) ist Voraussetzung f\u00fcr die Teilnahme an diesem Modul!<\/p><\/td><td><\/td><\/tr><tr><td><p><\/p><\/td><td><\/td><\/tr><tr><td width=\"90%\"><p><a href=\"https:\/\/vvz.ruhr-uni-bochum.de\/campus\/all\/module.asp?gguid=0x73C6C93D7481E44BA3D2666EB5E6CAFB&amp;fieldgguid=&amp;mode=&amp;findmodule=irland&amp;tguid=0x39FF9E73E27E1445BFB66A7776030329\">Irland: Sprache und Kultur III (5 CP)<\/a><\/p><\/td><td><\/td><\/tr><tr><td><p>Teil 1: Irisch III (Sprachkurs), WS 2015\/16<\/p><\/td><td><\/td><\/tr><tr><td><p>Teil 2a: Lekt\u00fcrekurs: Irische Texte, WS 2015\/16<\/p><\/td><td><\/td><\/tr><tr><td><p>Teil 2b: Irische Kultur: Irland in the Last 150 Years (Seminar), WS 2015\/16<\/p><\/td><td><\/td><\/tr><tr><td><p>G1 Modul Irisch III \/ G4 Basismodul &#8222;Kulturelle Kompetenz&#8220;<\/p><\/td><td><\/td><\/tr><tr><td><p>Die erfolgreiche Teilnahme an einem Irischkurs (mindestens Irisch II) ist Voraussetzung f\u00fcr die Teilnahme an diesem Modul!<\/p><\/td><td><\/td><\/tr><tr><td><p><\/p><\/td><td><\/td><\/tr><tr><td width=\"90%\"><p><a href=\"http:\/\/vvz.uv.ruhr-uni-bochum.de\/campus\/all\/module.asp?gguid=0x305EBB863782DF4AA25429AE76DB15CA&amp;fieldgguid=&amp;findmodule=Landnutzung&amp;tguid=0x39FF9E73E27E1445BFB66A7776030329&amp;strSignMessage=\">Landnutzung, Infrastruktur und Nachhaltigkeit: Voraussetzungen, Akteure und Geschichte (10 CP) <\/a>NEU am 18.01.2016!<\/p><\/td><td><\/td><\/tr><tr><td><p>Teil 1: Landnutzung, Infrastruktur und Nachhaltigkeit (Blockseminar in der vorlesungsfreien Zeit), WS 2015\/16<\/p><\/td><td><\/td><\/tr><tr><td><p>Teil 2: Landnutzung, Infrastruktur und Nachhaltigkeit (betreute Eigenarbeit in der vorlesungsfreien Zeit), WS 2015\/16<\/p><\/td><td><\/td><\/tr><tr><td><p>Teil 3: Landnutzung, Infrastruktur und Nachhaltigkeit: Voraussetzungen, Akteure und Geschichte (Planspiel und Exkursion), SoSe 2016<\/p><\/td><td><\/td><\/tr><tr><td><p>G4 Interdisziplin\u00e4r studieren<\/p><\/td><td><\/td><\/tr><tr><td><p><\/p><\/td><td><\/td><\/tr><tr><td width=\"90%\"><p><a href=\"https:\/\/vvz.ruhr-uni-bochum.de\/campus\/all\/module.asp?gguid=0x3A65C1A3F3CCFE41AD3F7E55AA9619AB&amp;fieldgguid=&amp;findmodule=kultur-m&amp;tguid=0x39FF9E73E27E1445BFB66A7776030329&amp;strSignMessage=\">Kultur-Modelle. Kultur und Kulturpolitik im Vergleich: Die Beispiele DDR und Europa (5 CP)<\/a> Neu! am 11.10.<\/p><\/td><td><\/td><\/tr><tr><td><p>Teil 1: Feuer und Eiszeit. Kulturgeschichte(n) der DDR im Film (Workshop), WS 2015\/16<\/p><\/td><td><\/td><\/tr><tr><td><p>Teil 2: Eine Antwort auf die Krise? Europ\u00f6ische Kultur und Kulturpolitik (Seminar), WS 2015\/16<\/p><\/td><td><\/td><\/tr><tr><td><p>G4 Basismodul &#8222;Kulturelle Kompetenz&#8220;<\/p><\/td><td><\/td><\/tr><tr><td><p><\/p><\/td><td><\/td><\/tr><tr><td width=\"90%\"><p><a href=\"https:\/\/vvz.ruhr-uni-bochum.de\/campus\/all\/module.asp?gguid=0xD5E2DD1885638249857A1CB8C49B41D6&amp;fieldgguid=&amp;findmodule=MAREM&amp;tguid=0x39FF9E73E27E1445BFB66A7776030329&amp;strSignMessage=\">MAREM &#8211; MApping REfugees&#8216; arrivals at the Mediterranean borders (20 CP)<\/a><\/p><\/td><td><\/td><\/tr><tr><td><p>Teil 1: MApping REfugees&#8216; arrivals at the Mediterranean borders: Migration, Refugees, Border Regimes &#8211; an interdisciplinary perspective, WS 2015\/16 and SoSe 2016<\/p><\/td><td><\/td><\/tr><tr><td><p>Teil 2: Structured supervision for the Research Project, WS 2015\/16 and SoSe 2016<\/p><\/td><td><\/td><\/tr><tr><td><p>Teil 3: Preparation for the field trips (Blockseminar), WS 2015\/16<\/p><\/td><td><\/td><\/tr><tr><td><p>Teil 4: Field Research (Exkursion), WS 2015\/16 and SoSe 2016<\/p><\/td><td><\/td><\/tr><tr><td><p>Teil 5: Public presentation of research results (Public Presentation), SoSe 2016<\/p><\/td><td><\/td><\/tr><tr><td><p>G2 Intensiv studieren \/ G4 Intensiv studieren<\/p><\/td><td><\/td><\/tr><tr><td><p><\/p><\/td><td><\/td><\/tr><tr><td width=\"90%\"><p><a href=\"https:\/\/vvz.ruhr-uni-bochum.de\/campus\/all\/module.asp?gguid=0xB308AC131DB4DC4BA48DDB2FBE1D79C3&amp;fieldgguid=&amp;findmodule=osteuropa&amp;tguid=0x39FF9E73E27E1445BFB66A7776030329&amp;strSignMessage=\">Osteuropa und der Holocaust (5 CP)<\/a><\/p><\/td><td><\/td><\/tr><tr><td><p>Teil 1: Osteuropa und der Holocaust, WS 2015\/16<\/p><\/td><td><\/td><\/tr><tr><td><p>Teil 2a: auf den j\u00fcdischen Spuren in Polen (Exkursion), WS 2015\/16<\/p><\/td><td><\/td><\/tr><tr><td><p>G4 International studieren<\/p><\/td><td><\/td><\/tr><tr><td><p><\/p><\/td><td><\/td><\/tr><tr><td width=\"90%\"><p><a href=\"https:\/\/vvz.ruhr-uni-bochum.de\/campus\/all\/module.asp?gguid=0x98460B74B3EA0A43B75E992DC524FFA8&amp;fieldgguid=&amp;mode=&amp;findmodule=Projektmodul&amp;tguid=0x39FF9E73E27E1445BFB66A7776030329\">Projektmodul: Kritische Edition des Schlegel\/Tieck-Shakespeare (10 CP)<\/a><\/p><\/td><td><\/td><\/tr><tr><td><p>Teil 1: William Shakespeares &#8222;The Tempest&#8220;: \u00dcbersetzung und Rezeption (Seminar), WS 2015\/16<\/p><\/td><td><\/td><\/tr><tr><td><p>Teil 2: Editionswissenschaftliches Kolloquium (Kolloquium und Exkursion), WS 2015\/16 und SoSe 2016<\/p><\/td><td><\/td><\/tr><tr><td><p>Teil 3: Buch, Satz und Schrift (Blockseminar), WS 2015\/16<\/p><\/td><td><\/td><\/tr><tr><td><p>Teil 4: Der Begriff der Kritik in der Romantik (Seminar), SoSe 2016<\/p><\/td><td><\/td><\/tr><tr><td><p>G2 Intensiv studieren \/ G4 Intensiv studieren<\/p><\/td><td><\/td><\/tr><tr><td><p>Studierende der Allgemeinen und vergleichenden Literaturwissenschaft\/ Komparatistik k\u00f6nnen an dem Modul teilnehmen, sofern die Veranstaltungen nicht zum Fachstudium geh\u00f6ren.<\/p><\/td><td><\/td><\/tr><tr><td><p><\/p><\/td><td><\/td><\/tr><tr><td width=\"90%\"><p><a href=\"https:\/\/vvz.ruhr-uni-bochum.de\/campus\/all\/module.asp?gguid=0x95B662511D7D374CADF4E720267850F0&amp;fieldgguid=&amp;findmodule=Religion+in+Literatur%2C+Kunst+und+Film&amp;tguid=0x39FF9E73E27E1445BFB66A7776030329&amp;strSignMessage=\">Religion in Literatur, Kunst und Film (5 CP)<\/a><\/p><\/td><td><\/td><\/tr><tr><td><p>Teil 1: Religion in Literatur, Kunst und Film (Seminar), WS 2015\/16<\/p><\/td><td><\/td><\/tr><tr><td><p>Teil 2: Spurensuche in religi\u00f6sen Landschaften der Moderne (Blended-Learning mit Exkursionen nach K\u00f6ln und H\u00f6xter), WS 2015\/16<\/p><\/td><td><\/td><\/tr><tr><td><p>G4 intensiv studieren<\/p><\/td><td><\/td><\/tr><tr><td><p>Studierende der katholischen Theologie k\u00f6nnen teilnehmen, sofern sie den Modulteil 1 nicht im Fachstudium belegen.<\/p><\/td><td><\/td><\/tr><tr><td><p><\/p><\/td><td><\/td><\/tr><tr><td width=\"90%\"><p><a href=\"https:\/\/vvz.ruhr-uni-bochum.de\/campus\/all\/module.asp?gguid=0x7707DFC95EB09A408667746093E2C0A0&amp;fieldgguid=&amp;mode=&amp;findmodule=Sprache+und+Kultur&amp;tguid=0x39FF9E73E27E1445BFB66A7776030329\">Sprache und Kultur Chinas (5 CP)<\/a> !! NEU: 06.10. !!<\/p><\/td><td><\/td><\/tr><tr><td><p>Teil 1: Einf\u00fchrung in die Religionen Chinas, (Vorlesung), WS 15\/16<\/p><\/td><td><\/td><\/tr><tr><td><p>Teil 2: Textlekt\u00fcre: Texte des Chan-Buddhismus, (\u00dcbung), WS 15\/16<\/p><\/td><td><\/td><\/tr><tr><td><p>G1 Chinesische Fachsprache \/ G4 Basismodul &#8222;Kulturelle Kompetenz&#8220;<\/p><\/td><td><\/td><\/tr><tr><td><p><\/p><\/td><td><\/td><\/tr><tr><td width=\"90%\"><p><a href=\"https:\/\/vvz.ruhr-uni-bochum.de\/campus\/all\/module.asp?gguid=0x8B8B6E2FDD1F4340A103E1BC1657953F&amp;fieldgguid=&amp;mode=&amp;findmodule=Sprache+und+Kultur&amp;tguid=0x39FF9E73E27E1445BFB66A7776030329\">Sprache und Kultur des Judentums (5 CP)<\/a> !! NEU: 06.10. !!<\/p><\/td><td><\/td><\/tr><tr><td><p>Teil 1: Ivrith, (\u00dcbung), WS 15\/16<\/p><\/td><td><\/td><\/tr><tr><td><p>Teil 2: Judentum vom Mittelalter bis zur Gegenwart, (Seminar), WS 15\/16<\/p><\/td><td><\/td><\/tr><tr><td><p>G1 Neuhebr\u00e4isch (Iwrit) \/ G4 Basismodul &#8222;Kulturelle Kompetenz&#8220;<\/p><\/td><td><\/td><\/tr><tr><td><p><\/p><\/td><td><\/td><\/tr><tr><td width=\"90%\"><p><a href=\"https:\/\/vvz.ruhr-uni-bochum.de\/campus\/all\/module.asp?gguid=0x67B39D768188EA4DBE971FA890411822&amp;fieldgguid=&amp;mode=&amp;findmodule=statistik&amp;tguid=0x39FF9E73E27E1445BFB66A7776030329\">Statistik im Alltag &#8211; F\u00fcr Fortgeschrittene (5 CP) <\/a><\/p><\/td><td><\/td><\/tr><tr><td><p>Teil 1: Statistik im Alltag (Projektseminar mit seminarbegleitenden Arbeitsgruppenphasen), WS 2015\/16<\/p><\/td><td><\/td><\/tr><tr><td><p>Teil 2: Abschlusskolloquium (Kolloquium), WS 2015\/16<\/p><\/td><td><\/td><\/tr><tr><td><p>G4 Intensiv studieren<\/p><\/td><td><\/td><\/tr><tr><td><p><\/p><\/td><td><\/td><\/tr><tr><td width=\"90%\"><p><a href=\"https:\/\/vvz.ruhr-uni-bochum.de\/campus\/all\/module.asp?gguid=0x2391218F468B9B4AAACB1BCDD77341D2&amp;fieldgguid=&amp;findmodule=%22%BFgegen+die+Islami&amp;tguid=0x39FF9E73E27E1445BFB66A7776030329&amp;strSignMessage=\">Sozialwissenschaftliche Erkundungen zu Islamfeindlichkeit und Rassismus (Lehrforschungsprojekt) (15 CP)<\/a> Neu! am 10.09.<\/p><\/td><td><\/td><\/tr><tr><td><p>Teil 1: &#8222;&#8230;gegen die Islamisierung des Abendlandes&#8220; &#8211; Sozialwissenschaftliche Erkundungen zu Islamfeindlichkeit und Rassismus (Forschungsseminar), WS 2015\/16<\/p><\/td><td><\/td><\/tr><tr><td><p>Teil 2: Fortsetzung von Teil 1 plus Exkursion, SoSe 2016<\/p><\/td><td><\/td><\/tr><tr><td><p>G2 intensiv studieren \/ G4 intensiv studieren<\/p><\/td><td><\/td><\/tr><tr><td><p><\/p><\/td><td><\/td><\/tr><tr><td width=\"90%\"><p><a href=\"https:\/\/vvz.ruhr-uni-bochum.de\/campus\/all\/module.asp?gguid=0x3BE9DB307828B7479BB98D1E1A4499C2&amp;fieldgguid=&amp;findmodule=Unerlaubte+Fragen+%2D+%D6ffentliche+S%E4tze&amp;tguid=0x39FF9E73E27E1445BFB66A7776030329&amp;strSignMessage=\">Unerlaubte Fragen &#8211; \u00d6ffentliche S\u00e4tze (5 CP)<\/a> Neu! am 06.10.<\/p><\/td><td><\/td><\/tr><tr><td><p>Teil 1: Unerlaubte Fragen &#8211; non-lineares Denken (Seminar), WS 2015\/16<\/p><\/td><td><\/td><\/tr><tr><td><p>Teil 2: \u00d6ffentliche S\u00e4tze &#8211; non lineares Handeln, Erfinderwerkstatt (praktische \u00dcbung), WS 2015\/16<\/p><\/td><td><\/td><\/tr><tr><td><p>G4 Basismodul &#8222;Wissenschaft in der Praxis&#8220;<\/p><\/td><td><\/td><\/tr><tr><td><p><\/p><\/td><td><\/td><\/tr><tr><td width=\"90%\"><p><a href=\"https:\/\/vvz.ruhr-uni-bochum.de\/campus\/all\/module.asp?gguid=0xED754980BA3F514AB709E5247D5E7839&amp;fieldgguid=&amp;findmodule=%22voll&amp;tguid=0x39FF9E73E27E1445BFB66A7776030329&amp;strSignMessage=\">&#8222;Vollendet unvollendet &#8211; Komponieren als unabgeschlossener Prozess&#8220; (am Beispiel von Werken Franz Schuberts) (5 CP)<\/a> Neu! am 13.10.<\/p><\/td><td><\/td><\/tr><tr><td><p>Teil 1: &#8222;Vollendet unvollendet &#8211; Komponieren als unabgeschlossener Prozess&#8220; (am Beispiel von Werken Franz Schuberts) (Seminar), WS 2015\/16<\/p><\/td><td><\/td><\/tr><tr><td><p>Teil 2: Musikpraktische \u00dcbung im Universit\u00e4tschor oder -orchester, WS 2015\/16<\/p><\/td><td><\/td><\/tr><tr><td><p>G4 Basismodul &#8222;Kunst und Kultur&#8220;<\/p><\/td><td><\/td><\/tr><tr><td><p><\/p><\/td><td><\/td><\/tr><tr><td width=\"90%\"><p><a href=\"https:\/\/vvz.ruhr-uni-bochum.de\/campus\/all\/module.asp?gguid=0x5426CDFDCD6DFA40A84511A2E4F2DFAA&amp;fieldgguid=&amp;findmodule=was+braucht&amp;tguid=0x39FF9E73E27E1445BFB66A7776030329&amp;strSignMessage=\">Was braucht eine Stadt? Ein Bochumer Bilanziergang von A-Z (5 CP)<\/a><\/p><\/td><td><\/td><\/tr><tr><td><p>Teil 1: Was braucht eine Stadt? (Seminar), WS 2015\/16<\/p><\/td><td><\/td><\/tr><tr><td><p>Teil 2: Bochumer Bilanziergang A-Z (Projekt-Workshop mit Exkursionen), WS 2015\/16<\/p><\/td><td><\/td><\/tr><tr><td><p>G4 Basismodul &#8222;Wissenschaft in der Praxis&#8220;<\/p><\/td><td><\/td><\/tr><tr><td><p><\/p><\/td><td><\/td><\/tr><\/tbody><\/table><p><\/p><\/div>\n\t\t\t\t<\/div>\n\t\t\t\t\t\t\t<div class=\"elementor-accordion-item\">\n\t\t\t\t\t<div id=\"elementor-tab-title-91612\" class=\"elementor-tab-title\" data-tab=\"12\" role=\"button\" aria-controls=\"elementor-tab-content-91612\" aria-expanded=\"false\">\n\t\t\t\t\t\t\t\t\t\t\t\t\t<span class=\"elementor-accordion-icon elementor-accordion-icon-left\" aria-hidden=\"true\">\n\t\t\t\t\t\t\t\t\t\t\t\t\t\t\t<span class=\"elementor-accordion-icon-closed\"><i class=\"fas fa-plus\"><\/i><\/span>\n\t\t\t\t\t\t\t\t<span class=\"elementor-accordion-icon-opened\"><i class=\"fas fa-minus\"><\/i><\/span>\n\t\t\t\t\t\t\t\t\t\t\t\t\t\t<\/span>\n\t\t\t\t\t\t\t\t\t\t\t\t<a class=\"elementor-accordion-title\" tabindex=\"0\">SoSe 2015 <\/a>\n\t\t\t\t\t<\/div>\n\t\t\t\t\t<div id=\"elementor-tab-content-91612\" class=\"elementor-tab-content elementor-clearfix\" data-tab=\"12\" role=\"region\" aria-labelledby=\"elementor-tab-title-91612\"><table width=\"100%\"><tbody><tr><td colspan=\"2\"><p>Grundlagenmodule anderer F\u00e4cher<\/p><\/td><\/tr><tr><td colspan=\"2\"><p>Allgemeine &amp; vergleichende Literaturwissenschaft<\/p><\/td><\/tr><tr><td width=\"90%\"><p><a href=\"https:\/\/vvz.ruhr-uni-bochum.de\/campus\/all\/module.asp?gguid=0xB6F5CBDC7785ED4F9048BB83FEF7EB1F&amp;fieldgguid=&amp;findmodule=Einf%FChrung+in+Dantes+%22G%F6ttliche+Kom%F6die%22&amp;tguid=0x68EC47CBD8D7ED4F9C6EB19FCBF5132A&amp;strSignMessage=\">Einf\u00fchrung in Dantes &#8222;G\u00f6ttliche Kom\u00f6die&#8220; (5 CP) <\/a><\/p><\/td><td><\/td><\/tr><tr><td><p>Teil 1: Dante: Divina Commedia\/G\u00f6ttliche Kom\u00f6die (Blockseminar), WS 2014\/15 \/ SoSe 2015<\/p><\/td><td><\/td><\/tr><tr><td><p>Teil 2: Dantes G\u00f6ttliche Kom\u00f6die (Ringvorlesung), SoSe 2015<\/p><\/td><td><\/td><\/tr><tr><td><p>G4 Literatur Interdisziplin\u00e4r<\/p><\/td><td><\/td><\/tr><tr><td><p>Studierende der Komparatistik k\u00f6nnen an diesem Modul zwar teilnehmern, aber keine Credit Points f\u00fcr den Optionalbereich erwerben!<\/p><\/td><td><\/td><\/tr><tr><td><p><\/p><\/td><td><\/td><\/tr><tr><td width=\"90%\"><p><a href=\"https:\/\/vvz.ruhr-uni-bochum.de\/campus\/all\/module.asp?gguid=0x63C08F18E2FA064B9169F78FC6D089A2&amp;fieldgguid=&amp;findmodule=Literaturk&amp;tguid=0x68EC47CBD8D7ED4F9C6EB19FCBF5132A&amp;strSignMessage=\">Literaturkonzepte um 1800: Von der Nationalliteratur zur Weltliteratur (5 CP) <\/a>!! NEU: 27.03. !!<\/p><\/td><td><\/td><\/tr><tr><td><p>Teil 1: E.T.A. Hoffmann im literarischen und \u00e4sthetischen Kontext (Vorlesung), SoSe 2015<\/p><\/td><td><\/td><\/tr><tr><td><p>Teil 2: \u00dcbersetzen um 1800: Theorien und Modelle (Seminar), SoSe 2015<\/p><\/td><td><\/td><\/tr><tr><td><p>G4 Basismodul &#8222;Kunst und Kultur&#8220;<\/p><\/td><td><\/td><\/tr><tr><td><p>Studierende der Komparatistik k\u00f6nnen an diesem Modul zwar teilnehmern, aber keine Credit Points f\u00fcr den Optionalbereich erwerben!<\/p><\/td><td><\/td><\/tr><tr><td><p><\/p><\/td><td><\/td><\/tr><tr><td colspan=\"2\"><p>Anglistik\/Amerikanistik<\/p><\/td><\/tr><tr><td width=\"90%\"><p><a href=\"https:\/\/vvz.ruhr-uni-bochum.de\/campus\/all\/module.asp?gguid=0xABFE22DDA7E88F45BE6C1F47314A428F&amp;fieldgguid=&amp;findmodule=Englisches+Drama&amp;tguid=0x68EC47CBD8D7ED4F9C6EB19FCBF5132A&amp;strSignMessage=\">Englisches Drama (5 CP)<\/a><\/p><\/td><td><\/td><\/tr><tr><td><p>Teil 1: Theory of Drama (Vorlesung), SoSe 2015<\/p><\/td><td><\/td><\/tr><tr><td><p>Teil 2: Rehearsal Plays (\u00dcbung), SoSe 2015<\/p><\/td><td><\/td><\/tr><tr><td><p>G4 Basismodul &#8222;English Literature and Culture&#8220;<\/p><\/td><td><\/td><\/tr><tr><td><p>Studierende der Anglistik\/Amerikanistik k\u00f6nnen an diesem Modul zwar teilnehmen, jedoch keine Credit Points f\u00fcr den Optionalbereich erwerben!<\/p><\/td><td><\/td><\/tr><tr><td><p><\/p><\/td><td><\/td><\/tr><tr><td width=\"90%\"><p><a href=\"https:\/\/vvz.ruhr-uni-bochum.de\/campus\/all\/module.asp?gguid=0x602C2BE219249F46B07FF514F96D21EA&amp;fieldgguid=&amp;findmodule=Englische+Lyrik&amp;tguid=0x68EC47CBD8D7ED4F9C6EB19FCBF5132A&amp;strSignMessage=\">Englische Lyrik (5 CP)<\/a><\/p><\/td><td><\/td><\/tr><tr><td><p>Teil 1: Renaissance Poetry (Vorlesung), SoSe 2015<\/p><\/td><td><\/td><\/tr><tr><td><p>Teil 2a: Introduction to the Study of Poetry (Seminar), SoSe 2015 oder<\/p><\/td><td><\/td><\/tr><tr><td><p>Teil 2b: First World War Poetry (Seminar), SoSe 2015<\/p><\/td><td><\/td><\/tr><tr><td><p>G4 Basismodul &#8222;English Literature and Culture&#8220;<\/p><\/td><td><\/td><\/tr><tr><td><p>Studierende der Anglistik\/Amerikanistik k\u00f6nnen an diesem Modul zwar teilnehmen, jedoch keine Credit Points f\u00fcr den Optionalbereich erwerben!<\/p><\/td><td><\/td><\/tr><tr><td><p><\/p><\/td><td><\/td><\/tr><tr><td width=\"90%\"><p><a href=\"https:\/\/vvz.ruhr-uni-bochum.de\/campus\/all\/module.asp?gguid=0xE8988BCA739A434D850424BE67AD1BB2&amp;fieldgguid=&amp;findmodule=Englische+Sprache+und+Literatur+des+Mitt&amp;tguid=0x68EC47CBD8D7ED4F9C6EB19FCBF5132A&amp;strSignMessage=\">Englische Sprache und Literatur des Mittelalters (5 CP)<\/a><\/p><\/td><td><\/td><\/tr><tr><td><p>Teil 1: Medieval English Literature (\u00dcbung), SS 2015,<\/p><\/td><td><\/td><\/tr><tr><td><p>Teil 2: Gender and Medieval Romance: The `Constance Tradition` (Seminar), SoSe 2015<\/p><\/td><td><\/td><\/tr><tr><td><p>G4 Basismodul &#8222;English Literature and Culture&#8220;<\/p><\/td><td><\/td><\/tr><tr><td><p>Studierende der Anglistik\/Amerikanistik k\u00f6nnen an diesem Modul zwar teilnehmen, jedoch keine Credit Points f\u00fcr den Optionalbereich erwerben!<\/p><\/td><td><\/td><\/tr><tr><td><p><\/p><\/td><td><\/td><\/tr><tr><td width=\"90%\"><p><a href=\"https:\/\/vvz.ruhr-uni-bochum.de\/campus\/all\/module.asp?gguid=0xC9CD4CD129166D41B95A16F937222D7B&amp;fieldgguid=&amp;findmodule=The+British+Media&amp;tguid=0x68EC47CBD8D7ED4F9C6EB19FCBF5132A&amp;strSignMessage=\">The British Media (5 CP)<\/a><\/p><\/td><td><\/td><\/tr><tr><td><p>Teil 1: British Sitcoms (Vorlesung), SoSe 2015<\/p><\/td><td><\/td><\/tr><tr><td><p>Teil 2: Representations of Politics in the British Media (Seminar), SoSe 2015<\/p><\/td><td><\/td><\/tr><tr><td><p>G4 Basismodul &#8222;English Literature and Culture&#8220;<\/p><\/td><td><\/td><\/tr><tr><td><p>Studierende der Anglistik\/Amerikanistik k\u00f6nnen an diesem Modul zwar teilnehmen, jedoch keine Credit Points f\u00fcr den Optionalbereich erwerben!<\/p><\/td><td><\/td><\/tr><tr><td><p><\/p><\/td><td><\/td><\/tr><tr><td width=\"90%\"><p><a href=\"https:\/\/vvz.ruhr-uni-bochum.de\/campus\/all\/module.asp?gguid=0x2FE12C172524024AAA5CBBB13B9D9C15&amp;fieldgguid=&amp;findmodule=US-Amerikanische+Literatur+und+Kultur&amp;tguid=0x68EC47CBD8D7ED4F9C6EB19FCBF5132A&amp;strSignMessage=\">US-Amerikanische Literatur und Kultur (5 CP)<\/a><\/p><\/td><td><\/td><\/tr><tr><td><p>Teil 1: American Literature and Culture from 1865 to World War II (Vorlesung), SoSe 2015<\/p><\/td><td><\/td><\/tr><tr><td><p>Teil 2a: Native American Literature (Seminar), SoSe 2015 oder<\/p><\/td><td><\/td><\/tr><tr><td><p>Teil 2b: War in American Literature (Seminar), SoSe 2015<\/p><\/td><td><\/td><\/tr><tr><td><p>Teil 2c: Heroes (Seminar), SoSe 2015<\/p><\/td><td><\/td><\/tr><tr><td><p>G4 Basismodul &#8222;American Literature and Culture&#8220;<\/p><\/td><td><\/td><\/tr><tr><td><p>Studierende der Anglistik\/Amerikanistik k\u00f6nnen an diesem Modul zwar teilnehmen, jedoch keine Credit Points f\u00fcr den Optionalbereich erwerben!<\/p><\/td><td><\/td><\/tr><tr><td><\/td><td><\/td><\/tr><tr><td colspan=\"2\"><p>Arch\u00e4ologische Wissenschaften<\/p><\/td><\/tr><tr><td width=\"90%\"><p><a href=\"https:\/\/vvz.ruhr-uni-bochum.de\/campus\/all\/module.asp?gguid=0xAF54916B89C6D64AB870CBA985F3656E&amp;fieldgguid=&amp;findmodule=Arch%E4ologie+der+Steinzeit&amp;tguid=0x68EC47CBD8D7ED4F9C6EB19FCBF5132A&amp;strSignMessage=\">Arch\u00e4ologie der Steinzeit (5 CP)<\/a><\/p><\/td><td><\/td><\/tr><tr><td><p>Teil 1: Das Sp\u00e4tpal\u00e4olithikum und Mesolithikum (Vorlesung), SoSe 2015<\/p><\/td><td><\/td><\/tr><tr><td><p>Teil 2: Kolloquium Neue Funde und Forschungen (Kolloquium), SoSe 2015<\/p><\/td><td><\/td><\/tr><tr><td><p>G4 Basismodul &#8222;Schwerpunkt Ur- und Fr\u00fchgeschichte&#8220;<\/p><\/td><td><\/td><\/tr><tr><td><p>Achtung: Studierende der ArWi k\u00f6nnen in diesem Modul keine Kreditpunkte f\u00fcr den Optionalbereich erwerben! Studierende, die die Module &#8222;Europa in der Bronzezeit&#8220; oder &#8222;Das Mittelmeer der Ph\u00f6nizier&#8220; belegen, k\u00f6nnen in diesem Modul keine Credit Points f\u00fcr den Optionalbereich erwerben!<\/p><\/td><td><\/td><\/tr><tr><td><p><\/p><\/td><td><\/td><\/tr><tr><td width=\"90%\"><p><a href=\"https:\/\/vvz.ruhr-uni-bochum.de\/campus\/all\/module.asp?gguid=0x2EF127854E416A4487B18972DB62BA84&amp;fieldgguid=&amp;findmodule=europa+i&amp;tguid=0xD5A3A96E7649FA4BB6E721A4533F4B18&amp;strSignMessage=\">Das Mittelmeer der Ph\u00f6nizier (5 CP)<\/a><\/p><\/td><td><\/td><\/tr><tr><td><p>Teil 1: Das ph\u00f6nizische Handelsnetz (Vorlesung), SoSe 2015<\/p><\/td><td><\/td><\/tr><tr><td><p>Teil 2: Kolloquium Neue Funde und Forschungen (Kolloquium), SoSe 2015<\/p><\/td><td><\/td><\/tr><tr><td><p>G4 Basismodul &#8222;Schwerpunkt Klassische Arch\u00e4ologie&#8220;<\/p><\/td><td><\/td><\/tr><tr><td><p>Achtung: Studierende der ArWi k\u00f6nnen in diesem Modul keine Kreditpunkte f\u00fcr den Optionalbereich erwerben! Studierende, die die Module &#8222;Europa in der Bronzezeit&#8220; oder &#8222;Arch\u00e4ologie der Steinzeit&#8220; belegen, k\u00f6nnen in diesem Modul keine Credit Points f\u00fcr den Optionalbereich erwerben!<\/p><\/td><td><\/td><\/tr><tr><td><p><\/p><\/td><td><\/td><\/tr><tr><td width=\"90%\"><p><a href=\"https:\/\/vvz.ruhr-uni-bochum.de\/campus\/all\/module.asp?gguid=0xD81DE743878B034AA69CAB44D1A52215&amp;fieldgguid=&amp;findmodule=Europa+in+der+Bronzezeit&amp;tguid=0x68EC47CBD8D7ED4F9C6EB19FCBF5132A&amp;strSignMessage=\">Europa in der Bronzezeit (5 CP)<\/a><\/p><\/td><td><\/td><\/tr><tr><td><p>Teil 1: Arch\u00e4ologie der Fr\u00fchbronzezeit zwischen Mittelmeerraum und Zentraleuropa (Vorlesung), SoSe 2015<\/p><\/td><td><\/td><\/tr><tr><td><p>Teil 2: Kolloquium Neue Funde und Forschungen (Kolloquium), SoSe 2015<\/p><\/td><td><\/td><\/tr><tr><td><p>G4 Basismodul &#8222;Schwerpunkt Ur- und Fr\u00fchgeschichte&#8220;<\/p><\/td><td><\/td><\/tr><tr><td><p>Achtung: Studierende der ArWi k\u00f6nnen in diesem Modul keine Kreditpunkte f\u00fcr den Optionalbereich erwerben! Studierende, die die Module &#8222;Das Mittelmeer der Ph\u00f6nizier&#8220; oder &#8222;Arch\u00e4ologie der Steinzeit&#8220; belegen, k\u00f6nnen in diesem Modul keine Credit Points f\u00fcr den Optionalbereich erwerben!<\/p><\/td><td><\/td><\/tr><tr><td><p><\/p><\/td><td><\/td><\/tr><tr><td colspan=\"2\"><p>Biologie<\/p><\/td><\/tr><tr><td width=\"90%\"><p><a href=\"https:\/\/vvz.ruhr-uni-bochum.de\/campus\/all\/module.asp?gguid=0xE7F00BD4558E2A41AE7373A78FF68692&amp;fieldgguid=&amp;findmodule=Botanik+im+Alltag&amp;tguid=0x68EC47CBD8D7ED4F9C6EB19FCBF5132A&amp;strSignMessage=\">Botanik im Alltag (Optionalbereich) (5 CP)<\/a><\/p><\/td><td><\/td><\/tr><tr><td><p>Teil 1: \u00dcbungen zum Thema &#8222;Botanik im Alltag&#8220;, SoSe 2015<\/p><\/td><td><\/td><\/tr><tr><td><p>Teil 2: Exkursionen zum Thema &#8222;Botanik im Alltag&#8220;, SoSe 2015<\/p><\/td><td><\/td><\/tr><tr><td><p>G4 Botanik im Alltag<\/p><\/td><td><\/td><\/tr><tr><td><p><\/p><\/td><td><\/td><\/tr><tr><td width=\"90%\"><p><a href=\"https:\/\/vvz.ruhr-uni-bochum.de\/campus\/all\/module.asp?gguid=0xE28035B6CA4A1F409524BF5957DAD10D&amp;fieldgguid=&amp;findmodule=Botanische+Bestimmungs%FCbungen&amp;tguid=0x68EC47CBD8D7ED4F9C6EB19FCBF5132A&amp;strSignMessage=\">Botanische Bestimmungs\u00fcbungen (Optionalbereich) (5 CP)<\/a><\/p><\/td><td><\/td><\/tr><tr><td><p>Teil 1: Botanische Bestimmungs\u00fcbungen f\u00fcr Geographen (\u00dcbung), SoSe 2015<\/p><\/td><td><\/td><\/tr><tr><td><p>Teil 2: Exkursionen zu den Botanischen Bestimmungs\u00fcbungen f\u00fcr Geographen (Exkursion), SoSe 2015<\/p><\/td><td><\/td><\/tr><tr><td><p>G4 Botanische Bestimmungs\u00fcbungen<\/p><\/td><td><\/td><\/tr><tr><td><p>Biologiestudierende (B.Sc.) und Geographiestudierende (B.Sc.) k\u00f6nnen in diesem Modul keine Kreditpunkte f\u00fcr den Optionalbereich erwerben!<\/p><\/td><td><\/td><\/tr><tr><td><p><\/p><\/td><td><\/td><\/tr><tr><td width=\"90%\"><p><a href=\"https:\/\/vvz.ruhr-uni-bochum.de\/campus\/all\/module.asp?gguid=0x63DE6482298BB844A389B094BC77DF32&amp;fieldgguid=&amp;mode=&amp;findmodule=Gr%FCne+Gentechnik%3A+Genfood+und+mehr&amp;tguid=0x68EC47CBD8D7ED4F9C6EB19FCBF5132A\">Gr\u00fcne Gentechnik: Genfood und mehr (Optionalbereich) (5 CP)<\/a><\/p><\/td><td><\/td><\/tr><tr><td><p>Teil 1: Gr\u00fcne Gentechnik: Genfood und mehr (Vorlesung), SoSe 2015<\/p><\/td><td><\/td><\/tr><tr><td><p>Teil 2: Gr\u00fcne Gentechnik: Genfood und mehr (\u00dcbung), SoSe 2015<\/p><\/td><td><\/td><\/tr><tr><td><p>Teil 3: Gr\u00fcne Gentechnik: Genfood und mehr (Seminar), SoSe 2015<\/p><\/td><td><\/td><\/tr><tr><td><p>G4 Gr\u00fcne Gentechnik: Genfood und mehr<\/p><\/td><td><\/td><\/tr><tr><td><p><\/p><\/td><td><\/td><\/tr><tr><td width=\"90%\"><p><a href=\"https:\/\/vvz.ruhr-uni-bochum.de\/campus\/all\/module.asp?gguid=0x5FA115EDB82D4043BDFBD487F59CD4FF&amp;fieldgguid=&amp;findmodule=Marine+Lebensr%E4ume+des+Atlantiks+%2D+meere&amp;tguid=0x68EC47CBD8D7ED4F9C6EB19FCBF5132A&amp;strSignMessage=\">Marine Lebensr\u00e4ume des Atlantiks &#8211; meeresbiologische Exkursion auf die Azoren (Optionalbereich) (5 CP)<\/a><\/p><\/td><td><\/td><\/tr><tr><td><p>Teil 1: Seminar Marine Lebensr\u00e4ume des Atlantiks &#8211; meeresbiologische Exkursion auf die Azoren, SoSe 2015<\/p><\/td><td><\/td><\/tr><tr><td><p>Teil 2: \u00dcbung: Marine Lebensr\u00e4ume des Atlantiks &#8211; meeresbiologische Exkursion auf die Azoren, SoSe 2015<\/p><\/td><td><\/td><\/tr><tr><td><p>G4 Marine Lebensr\u00e4ume des Atlantiks &#8211; meeresbiologische Exkursion auf die Azoren<\/p><\/td><td><\/td><\/tr><tr><td><p><\/p><\/td><td><\/td><\/tr><tr><td width=\"90%\"><p><a href=\"https:\/\/vvz.ruhr-uni-bochum.de\/campus\/all\/module.asp?gguid=0x9E5791F75D003B48B181181E022CA2A6&amp;fieldgguid=&amp;findmodule=Marine+Lebensr%E4ume+%2D+meeresbiologische+E&amp;tguid=0x68EC47CBD8D7ED4F9C6EB19FCBF5132A&amp;strSignMessage=\">Marine Lebensr\u00e4ume &#8211; meeresbiologische Exkursion ins europ\u00e4ische Mittelmeer (Optionalbereich) (5 CP)<\/a> !! NEU: 20.03. !!<\/p><\/td><td><\/td><\/tr><tr><td><p>Teil 1: Seminar Marine Lebensr\u00e4ume &#8211; meeresbiologische Exkursion ins europ\u00e4ische Mittelmeer, SoSe 2015<\/p><\/td><td><\/td><\/tr><tr><td><p>Teil 2: \u00dcbung Marine Lebensr\u00e4ume &#8211; meeresbiologische Exkursion ins europ\u00e4ische Mittelmeer, SoSe 2015<\/p><\/td><td><\/td><\/tr><tr><td><p>G4 Marine Lebensr\u00e4ume &#8211; meeresbiologische Exkursion ins europ\u00e4ische Mittelmeer (Optionalbereich)<\/p><\/td><td><\/td><\/tr><tr><td><p><\/p><\/td><td><\/td><\/tr><tr><td width=\"90%\"><p><a href=\"https:\/\/vvz.ruhr-uni-bochum.de\/campus\/all\/module.asp?gguid=0x6A3F4BF9E1AD7547AF822F00E959A766&amp;fieldgguid=&amp;mode=&amp;findmodule=Methoden+der+Bioinformatik&amp;tguid=0x68EC47CBD8D7ED4F9C6EB19FCBF5132A\">Methoden der Bioinformatik (Optionalbereich) (5 CP)<\/a><\/p><\/td><td><\/td><\/tr><tr><td><p>Teil 1: Methoden der Bioinformatik (Vorlesung), SoSe 2015<\/p><\/td><td><\/td><\/tr><tr><td><p>Teil 2: Methoden der Bioinformatik (\u00dcbungen), SoSe 2015<\/p><\/td><td><\/td><\/tr><tr><td><p>G4 Methoden der Bioinformatik<\/p><\/td><td><\/td><\/tr><tr><td><p><\/p><\/td><td><\/td><\/tr><tr><td width=\"90%\"><p><a href=\"https:\/\/vvz.ruhr-uni-bochum.de\/campus\/all\/module.asp?gguid=0x35D23C8384AADD49A3A7F14E531E8767&amp;fieldgguid=&amp;mode=&amp;findmodule=Monster%2C+Minds+and+Molecules&amp;tguid=0x68EC47CBD8D7ED4F9C6EB19FCBF5132A\">Monster, Minds and Molecules &#8211; die Entwicklung der Hirnrinde bei S\u00e4ugetieren (Optionalbereich) (5 CP)<\/a><\/p><\/td><td><\/td><\/tr><tr><td><p>Teil 1: Monster, Minds and Molecules &#8211; molekularzellul\u00e4re Grundlagen (Vorlesung), SoSe 2015<\/p><\/td><td><\/td><\/tr><tr><td><p>Teil 2: Monster, Minds and Molecules &#8211; Krankheitsbilder (Seminar), SoSe 2015<\/p><\/td><td><\/td><\/tr><tr><td><p>G4 Monster, Minds and Molecules &#8211; die Entwicklung der Hirnrinde bei S\u00e4ugetieren<\/p><\/td><td><\/td><\/tr><tr><td><p><\/p><\/td><td><\/td><\/tr><tr><td width=\"90%\"><p><a href=\"https:\/\/vvz.ruhr-uni-bochum.de\/campus\/all\/module.asp?gguid=0xEE02840C7336854EA3EBF342A5B0ED4B&amp;fieldgguid=&amp;findmodule=%D6kologie+und+Biodiversit%E4t+der+Korallenr&amp;tguid=0x68EC47CBD8D7ED4F9C6EB19FCBF5132A&amp;strSignMessage=\">\u00d6kologie und Biodiversit\u00e4t der Korallenriffe &#8211; meeresbiologische Exkursion auf die Seychellen (Optionalbereich) (5 CP)<\/a> !! NEU: 20.03. !!<\/p><\/td><td><\/td><\/tr><tr><td><p>Teil 1: Seminar \u00d6kologie und Biodiversit\u00e4t der Korallenriffe &#8211; meeresbiologische Exkursion auf die Seyschellen (Senminar), SoSe 2015<\/p><\/td><td><\/td><\/tr><tr><td><p>Teil 2: \u00dcbung \u00d6kologie und Biodiversit\u00e4t der Korallenriffe &#8211; meeresbiologische Exkursion auf die Seychellen (\u00dcbung), SoSe 2015<\/p><\/td><td><\/td><\/tr><tr><td><p>G4 \u00d6kologie und Biodiversit\u00e4t der Korallenriffe &#8211; meeresbiologische Exkursion auf die Seychellen (Optionalbereich)<\/p><\/td><td><\/td><\/tr><tr><td><p><\/p><\/td><td><\/td><\/tr><tr><td width=\"90%\"><p><a href=\"https:\/\/vvz.ruhr-uni-bochum.de\/campus\/all\/module.asp?gguid=0xDB604F1E77437846A0A3CAA95C9492E8&amp;fieldgguid=&amp;findmodule=Praktische+Bienenkunde&amp;tguid=0x68EC47CBD8D7ED4F9C6EB19FCBF5132A&amp;strSignMessage=\">Praktische Bienenkunde (Optionalbereich) (5 CP)<\/a><\/p><\/td><td><\/td><\/tr><tr><td><p>Teil 1: Einf\u00fchrung in die Bienenkunde (Vorlesung), SoSe 2015<\/p><\/td><td><\/td><\/tr><tr><td><p>Teil 2: Bienenkunde und Imkerei (\u00dcbung), SoSe 2015<\/p><\/td><td><\/td><\/tr><tr><td><p>G4 Praktische Bienenkunde<\/p><\/td><td><\/td><\/tr><tr><td><p><\/p><\/td><td><\/td><\/tr><tr><td width=\"90%\"><p><a href=\"https:\/\/vvz.ruhr-uni-bochum.de\/campus\/all\/module.asp?gguid=0xFE19CA9671156D4EB08F7BC758271979&amp;fieldgguid=&amp;mode=&amp;findmodule=%DCberleben+von+motorischen+Nervenzellen&amp;tguid=0x68EC47CBD8D7ED4F9C6EB19FCBF5132A\">\u00dcberleben von motorischen Nervenzellen (Optionalbereich) (5 CP)<\/a><\/p><\/td><td><\/td><\/tr><tr><td><p>Teil 1: Artikelpr\u00e4sentation: \u00dcberleben von motorischen Nervenzellen (Seminar), SoSe 2015<\/p><\/td><td><\/td><\/tr><tr><td><p>Teil 2: Literaturseminar: \u00dcberleben von motorischen Nervenzellen (Seminar), SoSe 2015<\/p><\/td><td><\/td><\/tr><tr><td><p>G4 \u00dcberleben von motorischen Nervenzellen<\/p><\/td><td><\/td><\/tr><tr><td><\/td><td><\/td><\/tr><tr><td colspan=\"2\"><p>Chemie<\/p><\/td><\/tr><tr><td width=\"90%\"><p><a href=\"https:\/\/vvz.ruhr-uni-bochum.de\/campus\/all\/module.asp?gguid=0xE9AD0A1388066244834FAF520396D86D&amp;fieldgguid=&amp;mode=&amp;findmodule=Einf%FChrung+in+die+Biochemie&amp;tguid=0x68EC47CBD8D7ED4F9C6EB19FCBF5132A\">Einf\u00fchrung in die Biochemie (5 CP)<\/a><\/p><\/td><td><\/td><\/tr><tr><td><p>Teil 1: Einf\u00fchrung in die Biochemie (Vorlesung), SoSe 2015<\/p><\/td><td><\/td><\/tr><tr><td><p>Teil 2: Einf\u00fchrung in die Biochemie (\u00dcbung), SoSe 2015<\/p><\/td><td><\/td><\/tr><tr><td><p>G4 Basismodul &#8222;Grundlagen der Biochemie&#8220;<\/p><\/td><td><\/td><\/tr><tr><td><p><\/p><\/td><td><\/td><\/tr><tr><td width=\"90%\"><p><a href=\"https:\/\/vvz.ruhr-uni-bochum.de\/campus\/all\/module.asp?gguid=0x56062047B50B854F9F876465D9146333&amp;fieldgguid=&amp;findmodule=Methoden+der+Strukturanalyse+II+%2D+R%F6ntge&amp;tguid=0x68EC47CBD8D7ED4F9C6EB19FCBF5132A&amp;strSignMessage=\">Methoden der Strukturanalyse II &#8211; R\u00f6ntgenstrukturanalyse (5 CP)<\/a><\/p><\/td><td><\/td><\/tr><tr><td><p>Teil 1: Methoden der Strukturanalyse II (R\u00f6ntgenstrukturanalyse) (Vorlesung), SoSe 2015<\/p><\/td><td><\/td><\/tr><tr><td><p>Teil 2: \u00dcbungen zur Vorlesung &#8222;Methoden der Strukturanalyse II&#8220; (\u00dcbung), SoSe 2015<\/p><\/td><td><\/td><\/tr><tr><td><p>G4 Basismodul R\u00f6ntgenstrukturanalyse<\/p><\/td><td><\/td><\/tr><tr><td><p>Studierende der 1-Fach-Bachelorstudieng\u00e4nge Chemie und Biochemie k\u00f6nnen an diesem Modul nicht teilnehmen!<\/p><\/td><td><\/td><\/tr><tr><td><p><\/p><\/td><td><\/td><\/tr><tr><td width=\"90%\"><p><a href=\"https:\/\/vvz.ruhr-uni-bochum.de\/campus\/all\/module.asp?gguid=0x23D7CE64E5E49743ADB19710F7321126&amp;fieldgguid=&amp;mode=&amp;findmodule=Organische+Chemie&amp;tguid=0x68EC47CBD8D7ED4F9C6EB19FCBF5132A\">Organische Chemie 1 (5 CP)<\/a><\/p><\/td><td><\/td><\/tr><tr><td><p>Teil 1: Organische Chemie 1 (Vorlesung), SoSe 2015<\/p><\/td><td><\/td><\/tr><tr><td><p>Teil 2: Organische Chemie 1 (\u00dcbung), SoSe 2015<\/p><\/td><td><\/td><\/tr><tr><td><p>G4 Basismodul &#8222;Grundlagen der Chemie&#8220;<\/p><\/td><td><\/td><\/tr><tr><td><p>Studierende der Chemie k\u00f6nnen an diesem Modul nicht teilnehmen!<\/p><\/td><td><\/td><\/tr><tr><td><\/td><td><\/td><\/tr><tr><td colspan=\"2\"><p>Erziehungswissenschaften<\/p><\/td><\/tr><tr><td width=\"90%\"><p><a href=\"https:\/\/vvz.ruhr-uni-bochum.de\/campus\/all\/module.asp?gguid=0xFFA7A2D98BD94A4A94D4C9A13B364E7B&amp;fieldgguid=&amp;findmodule=Bildungswissenschaftliches+Basismodul+%28a&amp;tguid=0x68EC47CBD8D7ED4F9C6EB19FCBF5132A&amp;strSignMessage=\">Bildungswissenschaftliches Basismodul (ab SoSe 2015) (9 CP)<\/a> !Nur f\u00fcr Neueinsteiger!<\/p><\/td><td><\/td><\/tr><tr><td><p>Teil 1: Erziehungs- und Bildungstheorien (\u00dcberblicksvorlesung), SoSe 2015<\/p><\/td><td><\/td><\/tr><tr><td><p>Teil 2: Einf\u00fchrung in Lern- und Entwicklungstheorien (\u00dcberblicksvorlesung), SoSe 2015<\/p><\/td><td><\/td><\/tr><tr><td><p>Teil 3: Theorien der Sozialisation (\u00dcberblicksvorlesung), SoSe 2015<\/p><\/td><td><\/td><\/tr><tr><td><p>Teil 4: Schule als Beruf: Perspektiven f\u00fcr angehende Lehrerinnen und Lehrer (\u00dcberblicksvorlesung), SoSe 2015<\/p><\/td><td><\/td><\/tr><tr><td><\/td><td><\/td><\/tr><tr><td><p>G4 &#8222;EWL zum M.Ed.&#8220;<\/p><\/td><td><\/td><\/tr><tr><td><p>Modul kann in 1, 2, 3 oder 4 Semestern abgeschlossen werden. Studierende, die das Fach Erziehungswissenschaft im 2-Fach-B. A.-Studiengang studieren und das M. Ed.-Studium anschlie\u00dfen m\u00f6chten, absolvieren anstelle des &#8222;Bildungswissenschaftlichen Basismoduls&#8220; in Gebiet 4 das Modul &#8222;Berufsziel Lehramt: Empirische Forschung&#8220; in Gebiet 3, da die Vorlesungen &#8222;Erziehungs- und Bildungstheorien&#8220;, &#8222;Einf\u00fchrung in Lern- und Entwicklungstheorien&#8220; und &#8222;Theorien der Sozialisation&#8220; bereits zu ihrem Fachstudium geh\u00f6ren.<\/p><\/td><td><\/td><\/tr><tr><td><p><\/p><\/td><td><\/td><\/tr><tr><td width=\"90%\"><p><a href=\"https:\/\/vvz.ruhr-uni-bochum.de\/campus\/all\/module.asp?gguid=0x8A6A3C9715709943B54F2320CA9026CB&amp;fieldgguid=&amp;mode=&amp;findmodule=Bildungswi&amp;tguid=0x68EC47CBD8D7ED4F9C6EB19FCBF5132A\">Bildungswissenschaftliches Basismodul (9 CP)<\/a> !Nur als Fortsetzung!<\/p><\/td><td><\/td><\/tr><tr><td><p>Teil 1: Erziehungs- und Bildungstheorien (\u00dcberblicksvorlesung), SoSe 2015<\/p><\/td><td><\/td><\/tr><tr><td><p>Teil 2: Lern- und Entwicklungstheorien (\u00dcberblicksvorlesung), SoSe 2015<\/p><\/td><td><\/td><\/tr><tr><td><p>Teil 3: Theorien der Sozialisation (\u00dcberblicksvorlesung), SoSe 2015<\/p><\/td><td><\/td><\/tr><tr><td><p>Teil 4: Schule als Beruf: Perspektiven f\u00fcr angehende Lehrerinnen und Lehrer (ehemals Lehrerberuf, Lehrerbildung, Lehrerprofessionalit\u00e4t) (\u00dcberblicksvorlesung), SoSe 2015<\/p><\/td><td><\/td><\/tr><tr><td><\/td><td><\/td><\/tr><tr><td><p>G4 &#8222;EWL zum M.Ed.&#8220;<\/p><\/td><td><\/td><\/tr><tr><td><p>Modul kann in 1, 2, 3 oder 4 Semestern abgeschlossen werden. Studierende, die das Fach Erziehungswissenschaft im 2-Fach-B. A.-Studiengang studieren und das M. Ed.-Studium anschlie\u00dfen m\u00f6chten, absolvieren anstelle des &#8222;Bildungswissenschaftlichen Basismoduls&#8220; in Gebiet 4 das Modul &#8222;Berufsziel Lehramt: Empirische Forschung&#8220; in Gebiet 3, da die Vorlesungen &#8222;Erziehungs- und Bildungstheorien&#8220;, &#8222;Einf\u00fchrung in Lern- und Entwicklungstheorien&#8220; und &#8222;Theorien der Sozialisation&#8220; bereits zu ihrem Fachstudium geh\u00f6ren.<\/p><\/td><td><\/td><\/tr><tr><td><p><\/p><\/td><td><\/td><\/tr><tr><td colspan=\"2\"><p>Evangelische Theologie<\/p><\/td><\/tr><tr><td width=\"90%\"><p><a href=\"https:\/\/vvz.ruhr-uni-bochum.de\/campus\/all\/module.asp?gguid=0x6234AFCEF1AD494BA157EF743E990F11&amp;fieldgguid=&amp;findmodule=Einf%FChrung+in+das+Neue+Testament&amp;tguid=0x68EC47CBD8D7ED4F9C6EB19FCBF5132A&amp;strSignMessage=\">Einf\u00fchrung in das Neue Testament (5 CP)<\/a><\/p><\/td><td><\/td><\/tr><tr><td><p>Teil 1: Bibelkunde des Neuen Testaments (Seminar), SoSe 2015<\/p><\/td><td><\/td><\/tr><tr><td><p>Teil 2: Einf\u00fchrung in die Exegese des Neuen Testaments (Seminar), SoSe 2015<\/p><\/td><td><\/td><\/tr><tr><td><p>G4 Basismodul &#8222;Grundfragen evangelischer Theologie&#8220;<\/p><\/td><td><\/td><\/tr><tr><td><p>Studierende der Evangelischen Theologie k\u00f6nnen in diesem Modul keine CP f\u00fcr den Optionalbereich erwerben!<\/p><\/td><td><\/td><\/tr><tr><td><p><\/p><\/td><td><\/td><\/tr><tr><td width=\"90%\"><p><a href=\"https:\/\/vvz.ruhr-uni-bochum.de\/campus\/all\/module.asp?gguid=0xBD7746702AB5604A9C61AF554F42EA83&amp;fieldgguid=&amp;findmodule=Einf%FChrung+in+die+europ%E4ische+Kirchenges&amp;tguid=0x68EC47CBD8D7ED4F9C6EB19FCBF5132A&amp;strSignMessage=\">Einf\u00fchrung in die europ\u00e4ische Kirchengeschichte (5 CP)<\/a><\/p><\/td><td><\/td><\/tr><tr><td><p>Teil 1: Kirchengeschichte im \u00dcberblick (Vorlesung), SoSe 2015<\/p><\/td><td><\/td><\/tr><tr><td><p>Teil 2: Christianisierung Europas (Seminar), SoSe 2015<\/p><\/td><td><\/td><\/tr><tr><td><p>G4 Basismodul &#8222;Religion und Gesellschaft&#8220;<\/p><\/td><td><\/td><\/tr><tr><td><p>Studierende der Evangelischen Theologie k\u00f6nnen in diesem Modul keine CP f\u00fcr den Optionalbereich erwerben!<\/p><\/td><td><\/td><\/tr><tr><td><p><\/p><\/td><td><\/td><\/tr><tr><td colspan=\"2\"><p>Geographie<\/p><\/td><\/tr><tr><td width=\"90%\"><p><a href=\"https:\/\/vvz.ruhr-uni-bochum.de\/campus\/all\/module.asp?gguid=0xF828851F039F9F4C9D03EFA21D88E058&amp;fieldgguid=&amp;findmodule=Geographie+auf+Achse&amp;tguid=0x68EC47CBD8D7ED4F9C6EB19FCBF5132A&amp;strSignMessage=\">Geographie auf Achse (Modul) (5 CP)<\/a><\/p><\/td><td><\/td><\/tr><tr><td><p>Teil 1: Geographie auf Achse: Reisen und Exkursionen in aller Welt (Vorlesung), SoSe 2015<\/p><\/td><td><\/td><\/tr><tr><td><p>Teil 2: Geographie auf Achse: Reisen und Exkursionen in aller Welt (\u00dcbung), SoSe 2015<\/p><\/td><td><\/td><\/tr><tr><td><p>G4 Geographie auf Achse<\/p><\/td><td><\/td><\/tr><tr><td><p>Geographie-Studierende k\u00f6nnen an diesem Modul nicht teilnehmen.<\/p><\/td><td><\/td><\/tr><tr><td><p><\/p><\/td><td><\/td><\/tr><tr><td width=\"90%\"><p><a href=\"https:\/\/vvz.ruhr-uni-bochum.de\/campus\/all\/module.asp?gguid=0xBF9918DA599D5E4D8774FDA57C1136BB&amp;fieldgguid=&amp;mode=&amp;findmodule=pola&amp;tguid=0x68EC47CBD8D7ED4F9C6EB19FCBF5132A\">Polarregionen Europas aus geographischer Sicht &#8211; Exkursion nach Nordskandinavien (5 CP)<\/a> NEU am 04.03.!!<\/p><\/td><td><\/td><\/tr><tr><td><p>Teil 1: Polarregionen Europas aus geographischer Sicht &#8211; Einf\u00fchrung (Blockseminar), SoSe 2015<\/p><\/td><td><\/td><\/tr><tr><td><p>Teil 2: Exkursion nach Nordskandinavien (Exkursion), SoSe 2015<\/p><\/td><td><\/td><\/tr><tr><td><p>Teil 3: Polarregionen Europas aus geographischer Sicht &#8211; Selbst\u00e4ndige Erarbeitung eines Exkursionsreaders (Kolloquium), SoSe 2015<\/p><\/td><td><\/td><\/tr><tr><td><p>G4 Einf\u00fchrung in die Humangeographie<\/p><\/td><td><\/td><\/tr><tr><td><p><\/p><\/td><td><\/td><\/tr><tr><td width=\"90%\"><p><a href=\"https:\/\/vvz.ruhr-uni-bochum.de\/campus\/all\/module.asp?gguid=0xE3976D80A45B8F48B84BC8006DCED100&amp;fieldgguid=&amp;findmodule=Wege+zu+einer+zukunftsf%E4higen+Mobilit%E4t&amp;tguid=0x68EC47CBD8D7ED4F9C6EB19FCBF5132A&amp;strSignMessage=\">Wege zu einer zukunftsf\u00e4higen Mobilit\u00e4t &#8211; von individuellen Verkehrsbed\u00fcrfnissen zu \u00f6ffentlicher Verkehrsinfrastruktur (5 CP)<\/a><\/p><\/td><td><\/td><\/tr><tr><td><p>Teil 1: Alltagsmobilit\u00e4t Grundlagen und individuelle Zug\u00e4nge (Seminar), SoSe 2015<\/p><\/td><td><\/td><\/tr><tr><td><p>Teil 2: Alltagsmobilit\u00e4t empirische Bausteine (\u00dcbung), SoSe 2015<\/p><\/td><td><\/td><\/tr><tr><td><p>G4 Einf\u00fchrung in die Humangeographie<\/p><\/td><td><\/td><\/tr><tr><td><p><\/p><\/td><td><\/td><\/tr><tr><td colspan=\"2\"><p>Germanistik<\/p><\/td><\/tr><tr><td width=\"90%\"><p>In diesem Semester liegt leider kein Angebot vor.<\/p><\/td><td><\/td><\/tr><tr><td><\/td><td><\/td><\/tr><tr><td colspan=\"2\"><p>Geschichte<\/p><\/td><\/tr><tr><td width=\"90%\"><p><a href=\"https:\/\/vvz.ruhr-uni-bochum.de\/campus\/all\/module.asp?gguid=0x6BD46B7BE168D240AC7ED2F1F5D8B242&amp;fieldgguid=&amp;findmodule=%22Echoe&amp;tguid=0x68EC47CBD8D7ED4F9C6EB19FCBF5132A&amp;strSignMessage=\">&#8222;Echoes from a Nation\u00b4s Past&#8220; &#8211; Die USA als Einwanderungsland Ende des 19. bis Ende des 20. Jahrhunderts (5 CP)<\/a><\/p><\/td><td><\/td><\/tr><tr><td><p>Teil 1: Konkurrenten in der Neuen Welt. Die europ\u00e4ische Kolonisierung Nordamerikas (Vorlesung), SoSe 2015<\/p><\/td><td><\/td><\/tr><tr><td><p>Teil 2: Transnationale Migration in der europ\u00e4ischen Kultur: Film, Literatur, zeitgen\u00f6ssische Diskurse (Seminar), SoSe 2015<\/p><\/td><td><\/td><\/tr><tr><td><p>G4 Basismodul &#8222;Neuere und Neueste Geschichte&#8220;<\/p><\/td><td><\/td><\/tr><tr><td><p>Studierende des BA Geschichte k\u00f6nnen dieses Modul nicht f\u00fcr den Optionalbereich anrechnen lassen!<\/p><\/td><td><\/td><\/tr><tr><td><p><\/p><\/td><td><\/td><\/tr><tr><td width=\"90%\"><p><a href=\"https:\/\/vvz.ruhr-uni-bochum.de\/campus\/all\/module.asp?gguid=0xF9CB3B8A8E72D843B5EDCD4C1CCCA90B&amp;fieldgguid=&amp;findmodule=Die+Geschichte+der+Menschenrechte+vom+En&amp;tguid=0x68EC47CBD8D7ED4F9C6EB19FCBF5132A&amp;strSignMessage=\">Die Geschichte der Menschenrechte vom Ende des Ersten Weltkriegs bis zur Gegenwart (5 CP)<\/a><\/p><\/td><td><\/td><\/tr><tr><td><p>Teil 1: Transformation und Vernichtung &#8211; Dimensionen genozidaler Politik im 20. Jahrhundert. Der V\u00f6lkermord an den Armeniern im Osmanischen Reich , SoSe 2015<\/p><\/td><td><\/td><\/tr><tr><td><p>Teil 2: Die Geschichte der Menschenrechte vom Ende des Ersten Weltkriegs bis zur Gegenwart , SoSe 2015<\/p><\/td><td><\/td><\/tr><tr><td><p>G4 Basismodul &#8222;Neuere und Neueste Geschichte&#8220;<\/p><\/td><td><\/td><\/tr><tr><td><p>Studierende des BA Geschichte k\u00f6nnen dieses Modul nicht f\u00fcr den Optionalbereich anrechnen lassen!<\/p><\/td><td><\/td><\/tr><tr><td><\/td><td><\/td><\/tr><tr><td colspan=\"2\"><p>Katholische Theologie<\/p><\/td><\/tr><tr><td width=\"90%\"><p><a href=\"https:\/\/vvz.ruhr-uni-bochum.de\/campus\/all\/module.asp?gguid=0x7009C56A89DA5542A9A238D12C5EFC08&amp;fieldgguid=&amp;findmodule=Ausgew%E4hlte+Schwerpunkte+der+Kirchengesc&amp;tguid=0x68EC47CBD8D7ED4F9C6EB19FCBF5132A&amp;strSignMessage=\">Ausgew\u00e4hlte Schwerpunkte der Kirchengeschichte (5 CP)<\/a><\/p><\/td><td><\/td><\/tr><tr><td><p>Teil 1: Kirchengeschichte des 20. Jahrhunderts: NS-Diktatur und BRD (Vorlesung), SoSe 2015<\/p><\/td><td><\/td><\/tr><tr><td><p>Teil 2: Orden und geistliche Gemeinschaften in der Kirchengeschichte (Blockseminar), SoSe 2015<\/p><\/td><td><\/td><\/tr><tr><td><p>G4 Entwicklungslinien des Christentums<\/p><\/td><td><\/td><\/tr><tr><td><p>Studierende der Katholischen Theologie k\u00f6nnen an diesem Modul zwar teilnehmen, jedoch keine Credit Points f\u00fcr den Optionalbereich erwerben!<\/p><\/td><td><\/td><\/tr><tr><td><p><\/p><\/td><td><\/td><\/tr><tr><td width=\"90%\"><p><a href=\"https:\/\/vvz.ruhr-uni-bochum.de\/campus\/all\/module.asp?gguid=0xE28DEAB108429E49B37031C896298901&amp;fieldgguid=&amp;findmodule=Ikonographie+des+antiken+Pal%E4stinas%2FIsra&amp;tguid=0x68EC47CBD8D7ED4F9C6EB19FCBF5132A&amp;strSignMessage=\">Ikonographie des antiken Pal\u00e4stinas\/Israels (5 CP)<\/a><\/p><\/td><td><\/td><\/tr><tr><td><p>Teil 1: Einf\u00fchrung in die Ikonographie des antiken Pal\u00e4stinas\/Israels (Seminar), SoSe 2015<\/p><\/td><td><\/td><\/tr><tr><td><p>Teil 2: Exkursion ins BIBEL+ORIENT Museum Fribourg (zweit\u00e4gige Studienreise bzw. Exkursion), SoSe 2015<\/p><\/td><td><\/td><\/tr><tr><td><p>G4 Basismodul &#8222;Religionsgeschichte&#8220;<\/p><\/td><td><\/td><\/tr><tr><td><p><\/p><\/td><td><\/td><\/tr><tr><td width=\"90%\"><p><a href=\"https:\/\/vvz.ruhr-uni-bochum.de\/campus\/all\/module.asp?gguid=0x30417DFC5554284BB871F35F8B5957D9&amp;fieldgguid=&amp;findmodule=Liturgie&amp;tguid=0x68EC47CBD8D7ED4F9C6EB19FCBF5132A&amp;strSignMessage=\">Liturgie in Krankheit, Tod und Trauer (5 CP)<\/a> !! NEU: 27.03. !!<\/p><\/td><td><\/td><\/tr><tr><td><p>Teil 1: Liturgie in Krankheit, Tod und Trauer (Vorlesung), SoSe 2015<\/p><\/td><td><\/td><\/tr><tr><td><p>Teil 2: Exkursion (mit Vortr\u00e4gen) zum Sepulkralmuseum nach Kassel, SoSe 15, voraussichtlicher Termin: 16. Juni 2015<\/p><\/td><td><\/td><\/tr><tr><td><p>G4 &#8222;Religi\u00f6se Organisationen&#8220;<\/p><\/td><td><\/td><\/tr><tr><td><p>Studierende der katholischen Theologie k\u00f6nnen teilnehmen, sofern sie den Modulteil 1 nicht im Fachstudium belegen. Sollten Sie unsicher sein, ob Sie teilnehmen k\u00f6nnen, wenden Sie sich bitte an Prof. Dr. Stefan B\u00f6ntert (stefan.boentert@rub.de)<\/p><\/td><td><\/td><\/tr><tr><td><p><\/p><\/td><td><\/td><\/tr><tr><td width=\"90%\"><p><a href=\"https:\/\/vvz.ruhr-uni-bochum.de\/campus\/all\/module.asp?gguid=0xA81124C69C85AE4282790022E66ABB63&amp;fieldgguid=&amp;findmodule=Theologische+Grundlagen+der+christlich+a&amp;tguid=0x68EC47CBD8D7ED4F9C6EB19FCBF5132A&amp;strSignMessage=\">Theologische Grundlagen der christlich-abendl\u00e4ndischen Kunst (5 CP)<\/a><\/p><\/td><td><\/td><\/tr><tr><td><p>Teil 1: Wunder im Neuen Testament und Alten Testament (Vorlesung), SoSe 2015<\/p><\/td><td><\/td><\/tr><tr><td><p>Teil 2: Theol. Grundlagen der christlich abendl\u00e4ndischen Kunst Teil II: Allgemeine Themen (Exkursion), SoSe 2015<\/p><\/td><td><\/td><\/tr><tr><td><p>G4 &#8222;Christentum und Kultur&#8220;<\/p><\/td><td><\/td><\/tr><tr><td><\/td><td><\/td><\/tr><tr><td colspan=\"2\"><p>Mathematik<\/p><\/td><\/tr><tr><td width=\"90%\"><p><a href=\"https:\/\/vvz.ruhr-uni-bochum.de\/campus\/all\/module.asp?gguid=0x0A9FA61DAAA5784F861CB00A42B34BDC&amp;fieldgguid=&amp;mode=&amp;findmodule=Einf%FChrung+in+die+Mathematik+%28Schwerpunk&amp;tguid=0x68EC47CBD8D7ED4F9C6EB19FCBF5132A\">Einf\u00fchrung in die Mathematik (Schwerpunkte: Mathematik und Physik) (5 CP)<\/a><\/p><\/td><td><\/td><\/tr><tr><td><p>Teil 1: 1. Vorkurs in Mathematik f\u00fcr Mathematiker und Physiker (Vorlesung), SoSe 2015<\/p><\/td><td><\/td><\/tr><tr><td><p>Teil 2: 1. Vorkurs in Mathematik f\u00fcr Mathematiker und Physiker (\u00dcbung), SoSe 2015<\/p><\/td><td><\/td><\/tr><tr><td><p>G4 Basismodul &#8222;Grundlagen der Mathematik&#8220;<\/p><\/td><td><\/td><\/tr><tr><td><p>Studierende der Mathematik k\u00f6nnen an diesem Modul zwar teilnehmen, jedoch Credit Points nur dann f\u00fcr den Optionalbereich erwerben, wenn sie den Vorkurs vor ihrem ersten Fachsemester besuchen!<\/p><\/td><td><\/td><\/tr><tr><td><p><\/p><\/td><td><\/td><\/tr><tr><td width=\"90%\"><p><a href=\"https:\/\/vvz.ruhr-uni-bochum.de\/campus\/all\/module.asp?gguid=0x58D394C847FD4B46901ED0FD1041CCFF&amp;fieldgguid=&amp;mode=&amp;findmodule=Einf%FChrung+in+die+Mathematik+%28Schwerpunk&amp;tguid=0x68EC47CBD8D7ED4F9C6EB19FCBF5132A\">Einf\u00fchrung in die Mathematik (Schwerpunkte: Natur- und Ingenieurwissenschaften sowie Informatik) (5 CP)<\/a><\/p><\/td><td><\/td><\/tr><tr><td><p>Teil 1: Vorkurs in Mathematik f\u00fcr k\u00fcnftige Studierende der Ingenieurwissenschaften (Vorkurs), SoSe 2015<\/p><\/td><td><\/td><\/tr><tr><td><p>Teil 2: Vorkurs in Mathematik f\u00fcr k\u00fcnftige Studierende der Ingenieurwissenschaften (\u00dcbung), SoSe 2015<\/p><\/td><td><\/td><\/tr><tr><td><p>G4 Basismodul &#8222;Grundlagen der Mathematik&#8220;<\/p><\/td><td><\/td><\/tr><tr><td><p>Studierende der Mathematik und der Physik k\u00f6nnen an diesem Modul zwar teilnehmen, jedoch keine Credit Points f\u00fcr den Optionalbereich erwerben!<\/p><\/td><td><\/td><\/tr><tr><td><p><\/p><\/td><td><\/td><\/tr><tr><td width=\"90%\"><p><a href=\"https:\/\/vvz.ruhr-uni-bochum.de\/campus\/all\/module.asp?gguid=0x21A477E575AC16469B438498DDF166D6&amp;fieldgguid=&amp;findmodule=Einf%FChrung+in+die+Mathematik+II+%28Schwerp&amp;tguid=0x68EC47CBD8D7ED4F9C6EB19FCBF5132A&amp;strSignMessage=\">Einf\u00fchrung in die Mathematik II (Schwerpunkt: Physik und Geophysik) (10 CP)<\/a><\/p><\/td><td><\/td><\/tr><tr><td><p>Teil 1: Mathematik f\u00fcr Physiker II (Vorlesung), SoSe 2015<\/p><\/td><td><\/td><\/tr><tr><td><p>Teil 2: Mathematik f\u00fcr Physiker II (\u00dcbung), SoSe 2015<\/p><\/td><td><\/td><\/tr><tr><td><p>G4 Aufbaumodul &#8222;H\u00f6here Mathematik&#8220;<\/p><\/td><td><\/td><\/tr><tr><td><p>Studierende der Mathematik k\u00f6nnen an diesem Modul zwar teilnehmen, jedoch keine Credit Points f\u00fcr den Optionalbereich erwerben!<\/p><\/td><td><\/td><\/tr><tr><td><p><\/p><\/td><td><\/td><\/tr><tr><td width=\"90%\"><p><a href=\"https:\/\/vvz.ruhr-uni-bochum.de\/campus\/all\/module.asp?gguid=0x9B541A9C6C669B4DB82FC3F055152440&amp;fieldgguid=&amp;findmodule=H%F6here+Mathematik+I+%2B+II+%28Schwerpunkt%3A+A&amp;tguid=0x68EC47CBD8D7ED4F9C6EB19FCBF5132A&amp;strSignMessage=\">H\u00f6here Mathematik I + II (Schwerpunkt: Angewandte Informatik) (10 CP)<\/a><\/p><\/td><td><\/td><\/tr><tr><td><p>Teil 1: H\u00f6here Mathematik II (im Rahmen der Studienrichtung Angewandte Informatik) (Vorlesung), SoSe 2015<\/p><\/td><td><\/td><\/tr><tr><td><p>Teil 2: H\u00f6here Mathematik II (im Rahmen der Studienrichtung Angewandte Informatik) (\u00dcbung), SoSe 2015<\/p><\/td><td><\/td><\/tr><tr><td><p>G4 Aufbaumodul &#8222;H\u00f6here Mathematik&#8220;<\/p><\/td><td><\/td><\/tr><tr><td><p>Studierende der Mathematik k\u00f6nnen an diesem Modul zwar teilnehmen, jedoch keine Credit Points f\u00fcr den Optionalbereich erwerben!<\/p><\/td><td><\/td><\/tr><tr><td><p><\/p><\/td><td><\/td><\/tr><tr><td width=\"90%\"><p><a href=\"https:\/\/vvz.ruhr-uni-bochum.de\/campus\/all\/module.asp?gguid=0x32976CD60332B141964254CC14851194&amp;fieldgguid=&amp;findmodule=Statistische+Methoden+%28Schwerpunkt%3A+Biol&amp;tguid=0x68EC47CBD8D7ED4F9C6EB19FCBF5132A&amp;strSignMessage=\">Statistische Methoden (Schwerpunkt: Biologie und Naturwissenschaften) (5 CP)<\/a><\/p><\/td><td><\/td><\/tr><tr><td><p>Teil 1: Statistische Methoden f\u00fcr Biologen und andere Naturwissenschaftler (Vorlesung), SoSe 2015<\/p><\/td><td><\/td><\/tr><tr><td><p>Teil 2: Statistische Methoden f\u00fcr Biologen und andere Naturwissenschaftler (\u00dcbung), SoSe 2015<\/p><\/td><td><\/td><\/tr><tr><td><p>G4 Basismodul &#8222;Mathematische Anwendungen&#8220;<\/p><\/td><td><\/td><\/tr><tr><td><p>Studierende der Mathematik k\u00f6nnen an diesem Modul zwar teilnehmen, jedoch keine Credit Points f\u00fcr den Optionalbereich erwerben!<\/p><\/td><td><\/td><\/tr><tr><td><\/td><td><\/td><\/tr><tr><td colspan=\"2\"><p>Medienwissenschaft<\/p><\/td><\/tr><tr><td width=\"90%\"><p><a href=\"https:\/\/vvz.ruhr-uni-bochum.de\/campus\/all\/module.asp?gguid=0x3E4F4DA01760B54891A770A5A4C55DB0&amp;fieldgguid=&amp;mode=&amp;findmodule=medien-&amp;tguid=0xD5A3A96E7649FA4BB6E721A4533F4B18\">Einf\u00fchrung in die Medientheorie (5 CP)<\/a> !! NEU: 20.03. !!<\/p><\/td><td><\/td><\/tr><tr><td><p>Teil 1: Vorlesung: Medientheorie und Kommunikationstheorie (Vorlesung), SoSe 2015<\/p><\/td><td><\/td><\/tr><tr><td><p>Teil 2: \u00dcbung zur Vorlesung: Medientheorie und Kommunikationstheorie (\u00dcbung), SoSe 2015<\/p><\/td><td><\/td><\/tr><tr><td><p>G4 Basismodul &#8222;Medientheorie und Kommunikationstheorie&#8220;<\/p><\/td><td><\/td><\/tr><tr><td><p>Studierende der Medienwissenschaften k\u00f6nnen in diesem Modul keine Credit Points f\u00fcr den Optionalbereich erwerben!<\/p><\/td><td><\/td><\/tr><tr><td><p><\/p><\/td><td><\/td><\/tr><tr><td width=\"90%\"><p><a href=\"https:\/\/vvz.ruhr-uni-bochum.de\/campus\/all\/module.asp?gguid=0x961BE0B0EF023847B604C7514BF6A767&amp;fieldgguid=&amp;findmodule=Medien+und+Gender&amp;tguid=0x68EC47CBD8D7ED4F9C6EB19FCBF5132A&amp;strSignMessage=\">Medien und Gender (5 CP)<\/a> !! NEU: 20.03. !!<\/p><\/td><td><\/td><\/tr><tr><td><p>Teil 1: Fe\/Male Gaze (Seminar), SoSe 2015<\/p><\/td><td><\/td><\/tr><tr><td><p>Teil 2: Die Sitcom (Seminar), SoSe 2015<\/p><\/td><td><\/td><\/tr><tr><td><p>G4 Basismodul &#8222;Medientheorie und Kommunikationstheorie&#8220;<\/p><\/td><td><\/td><\/tr><tr><td><p>Studierende der Medienwissenschaften k\u00f6nnen an diesem Modul nicht teilnehmen!<\/p><\/td><td><\/td><\/tr><tr><td><p><\/p><\/td><td><\/td><\/tr><tr><td colspan=\"2\"><p>Medizin<\/p><\/td><\/tr><tr><td width=\"90%\"><p>In diesem Semester liegt leider kein Angebot vor.<\/p><\/td><td><\/td><\/tr><tr><td><\/td><td><\/td><\/tr><tr><td colspan=\"2\"><p>Orientalistik und Islamwissenschaften<\/p><\/td><\/tr><tr><td width=\"90%\"><p><a href=\"https:\/\/vvz.ruhr-uni-bochum.de\/campus\/all\/module.asp?gguid=0xCFFA7F6B0C861A48BD20A1FF8E8C1CD7&amp;fieldgguid=&amp;findmodule=Persische+Kalligraphie+und+Landeskunde&amp;tguid=0x68EC47CBD8D7ED4F9C6EB19FCBF5132A&amp;strSignMessage=\">Persische Kalligraphie und Landeskunde (5 CP)<\/a><\/p><\/td><td><\/td><\/tr><tr><td><p>Teil 1: Landeskunde Iran (\u00dcbung), SoSe 2015<\/p><\/td><td><\/td><\/tr><tr><td><p>Teil 2: Arabisch-Persische Kalligraphie (\u00dcbung), SoSe 2015<\/p><\/td><td><\/td><\/tr><tr><td><p>G4 Basismodul &#8222;Einf\u00fchrung in die islamische Welt&#8220;<\/p><\/td><td><\/td><\/tr><tr><td><p>Studierende der Orientalistik\/Islamwissenschaften k\u00f6nnen an diesem Modul nicht teilnehmen!<\/p><\/td><td><\/td><\/tr><tr><td><p><\/p><\/td><td><\/td><\/tr><tr><td width=\"90%\"><p><a href=\"https:\/\/vvz.ruhr-uni-bochum.de\/campus\/all\/module.asp?gguid=0xBC84E65D3D6D9344A0FC5BC92A8AB44C&amp;fieldgguid=&amp;findmodule=Zug%E4nge+zur+islamischen+Geschichte+und+K&amp;tguid=0x68EC47CBD8D7ED4F9C6EB19FCBF5132A&amp;strSignMessage=\">Zug\u00e4nge zur islamischen Geschichte und Kultur<\/a><\/p><\/td><td><\/td><\/tr><tr><td><p>Teil 1: Einf\u00fchrung in die Islamwissenschaft und Arabistik (\u00dcbung), WS 13\/14<\/p><\/td><td><\/td><\/tr><tr><td><p>Teil 2a: Medizin in der islamischen Welt: Geschichte und Gegenwar (Vorlesung), SoSe 2015 oder<\/p><\/td><td><\/td><\/tr><tr><td><p>Teil 2b: Einf\u00fchrung in die arabische Logik (Vorlesung), SoSe 2015<\/p><\/td><td><\/td><\/tr><tr><td><p>G4 Basismodul &#8222;Einf\u00fchrung in die islamische Welt&#8220;<\/p><\/td><td><\/td><\/tr><tr><td><p>Studierende der Orientalistik\/Islamwissenschaften k\u00f6nnen an diesem Modul nicht teilnehmen!<\/p><\/td><td><\/td><\/tr><tr><td><p><\/p><\/td><td><\/td><\/tr><tr><td colspan=\"2\"><p>Ostasienwissenschaften<\/p><\/td><\/tr><tr><td width=\"90%\"><p><a href=\"https:\/\/vvz.ruhr-uni-bochum.de\/campus\/all\/module.asp?gguid=0x241657113758514DB236BEAD57170EA0&amp;fieldgguid=&amp;findmodule=Basismodul+Sinologie&amp;tguid=0x68EC47CBD8D7ED4F9C6EB19FCBF5132A&amp;strSignMessage=\">Basismodul Sinologie (5 CP)<\/a><\/p><\/td><td><\/td><\/tr><tr><td><p>Teil 1: Einf\u00fchrung in die chinesische Literaturgeschichte (Vorlesung), SoSe 2015<\/p><\/td><td><\/td><\/tr><tr><td><p>Teil 2: Einf\u00fchrung in die chinesische Philosophie (Vorlesung), WS 2015\/16<\/p><\/td><td><\/td><\/tr><tr><td><p>Teil 3: Grundz\u00fcge der chinesischen Geschichte (Vorlesung), SoSe 2015<\/p><\/td><td><\/td><\/tr><tr><td><p>Teil 4: Einf\u00fchrung in die Sprachwissenschaft des Chinesischen (Vorlesung), WS 2015\/16<\/p><\/td><td><\/td><\/tr><tr><td><p>G4 Basismodul &#8222;China&#8220;<\/p><\/td><td><\/td><\/tr><tr><td><p>Zwei der angebotenen Modulteile bilden das Modul. Sie k\u00f6nnen frei w\u00e4hlen, welche zwei Teile Sie besuchen m\u00f6chten.<\/p><\/td><td><\/td><\/tr><tr><td><p>Studierende der Sinologie k\u00f6nnen in diesem Modul keine Credit Points f\u00fcr den Optionalbereich erwerben!<\/p><\/td><td><\/td><\/tr><tr><td><p><\/p><\/td><td><\/td><\/tr><tr><td width=\"90%\"><p><a href=\"https:\/\/vvz.ruhr-uni-bochum.de\/campus\/all\/module.asp?gguid=0x2C63526CC64AC54CB2269296AEF1B9B1&amp;fieldgguid=&amp;findmodule=Einf%FChrung+in+die+koreanische+Geschichte&amp;tguid=0x68EC47CBD8D7ED4F9C6EB19FCBF5132A&amp;strSignMessage==\">Einf\u00fchrung in die koreanische Geschichte (5 CP)<\/a><\/p><\/td><td><\/td><\/tr><tr><td><p>Teil 1: Grundkurs: Vormoderne koreanische Geschichte (Einf\u00fchrung in die Geschichte Koreas I), jedes WiSe<\/p><\/td><td><\/td><\/tr><tr><td><p>Teil 2: Neuere Geschichte Koreas (Einf\u00fchrung in die Geschichte Koreas II) jedes SoSe<\/p><\/td><td><\/td><\/tr><tr><td><p>G4 Basismodul &#8222;Korea&#8220;<\/p><\/td><td><\/td><\/tr><tr><td><p>Studierende der Koreanistik k\u00f6nnen an diesem Modul zwar teilnehmen, jedoch keine Credit Points f\u00fcr den Optionalbereich erwerben.<\/p><\/td><td><\/td><\/tr><tr><td><p><\/p><\/td><td><\/td><\/tr><tr><td width=\"90%\"><p><a href=\"https:\/\/vvz.ruhr-uni-bochum.de\/campus\/all\/module.asp?gguid=0x77288D1CDE371445835050652C9098A2&amp;fieldgguid=&amp;findmodule=Japan+in+Geschichte+und+Gegenwart&amp;tguid=0x68EC47CBD8D7ED4F9C6EB19FCBF5132A&amp;strSignMessage=\">Japan in Geschichte und Gegenwart (5 CP)<\/a><\/p><\/td><td><\/td><\/tr><tr><td><p>Teil 1: Grundlagen der politikwissenschaftlichen Japanforschung (Blockseminar), SoSe 2015<\/p><\/td><td><\/td><\/tr><tr><td><p>Teil 2: Die Japanische Geschichte des 20. Jahrhunderts (Vorlesung), SoSe 2015 oder<\/p><\/td><td><\/td><\/tr><tr><td><p>Teil 3: Aktuelle Fragen der Japanologie: Feste und Feiern im Jahreszyklus (Vorlesung), SoSe 2015<\/p><\/td><td><\/td><\/tr><tr><td><p>G4 Basismodul &#8222;Japan&#8220;<\/p><\/td><td><\/td><\/tr><tr><td><p>2 der angebotenen Modulteile bilden das Modul. Eine der beiden Vorlesungen (Teil 2 oder Teil 3) und die \u00dcbung (Teil 1) m\u00fcssen belegt werden.<\/p><\/td><td><\/td><\/tr><tr><td><p>Studierende der Japanologie k\u00f6nnen an diesem Modul nicht teilnehmen!<\/p><\/td><td><\/td><\/tr><tr><td><p><\/p><\/td><td><\/td><\/tr><tr><td width=\"90%\"><p><a href=\"https:\/\/vvz.ruhr-uni-bochum.de\/campus\/all\/module.asp?gguid=0xEC7EA166F1741549811452B0A18EAC5C&amp;error=&amp;expand=0x68EC47CBD8D7ED4F9C6EB19FCBF5132A&amp;tguid=0x68EC47CBD8D7ED4F9C6EB19FCBF5132A#0x68EC47CBD8D7ED4F9C6EB19FCBF5132A\">Nihongogaku (5 CP)<\/a><\/p><\/td><td><\/td><\/tr><tr><td><p>Teil 1: \u00dcberblick \u00fcber die japanische Sprache I, SoSe 2015<\/p><\/td><td><\/td><\/tr><tr><td><p>Teil 2: \u00dcberblick \u00fcber die japanische Sprache II, WS 2015\/16<\/p><\/td><td><\/td><\/tr><tr><td><p>G4 Basismodul &#8222;Japan&#8220;<\/p><\/td><td><\/td><\/tr><tr><td><p>Das Modul geht \u00fcber zwei Semester und kann sowohl im Sommersemester als auch im Wintersemester gestartet werden.<\/p><\/td><td><\/td><\/tr><tr><td><p>Studierende der Japanologie k\u00f6nnen an diesem Modul zwar teilnehmen, jedoch keine Credit Points f\u00fcr den Optionalbereich erwerben!<\/p><\/td><td><\/td><\/tr><tr><td><\/td><td><\/td><\/tr><tr><td colspan=\"2\"><p>Philosophie<\/p><\/td><\/tr><tr><td width=\"90%\"><p><a href=\"https:\/\/vvz.ruhr-uni-bochum.de\/campus\/all\/module.asp?gguid=0xE030FCFD86B2A84C98513079B8A54021&amp;fieldgguid=&amp;findmodule=Einf%FChrung+in+die+Philosophie%3A+Neuzeitli&amp;tguid=0x68EC47CBD8D7ED4F9C6EB19FCBF5132A&amp;strSignMessage=\">Einf\u00fchrung in die Philosophie: Neuzeitliche Philosophie und Praktische Philosophie (5 CP)<\/a><\/p><\/td><td><\/td><\/tr><tr><td><p>Teil 1: Zentrale Themen der Philosophie in Neuzeit und Gegenwart: Rationalit\u00e4t und Vernunft in der Moderne (Vorlesung), SoSe 2015<\/p><\/td><td><\/td><\/tr><tr><td><p>Teil 2: Einf\u00fchrung in die Ethik, Grundprobleme, Grundbegriffe und Theorien der normativen Ethik (Vorlesung), SoSe 2015<\/p><\/td><td><\/td><\/tr><tr><td><p>G4 Basismodul &#8222;Theoretische Philosophie&#8220; und G4 Basismodul &#8222;Praktische Philosophie&#8220;<\/p><\/td><td><\/td><\/tr><tr><td><p>Studierende der Philosophie k\u00f6nnen an diesem Modul nicht teilnehmen.<\/p><\/td><td><\/td><\/tr><tr><td><p><\/p><\/td><td><\/td><\/tr><tr><td width=\"90%\"><p><a href=\"https:\/\/vvz.ruhr-uni-bochum.de\/campus\/all\/module.asp?gguid=0x7EBC14E907349948B3B7DBBD424EEFF7&amp;fieldgguid=&amp;findmodule=Wissenschaftstheorie+im+20.+Jahrhundert&amp;tguid=0x68EC47CBD8D7ED4F9C6EB19FCBF5132A&amp;strSignMessage=\">Wissenschaftstheorie im 20. Jahrhundert (5 CP)<\/a><\/p><\/td><td><\/td><\/tr><tr><td><p>Teil 1: Wissenschaftstheorie im 20. Jahrhundert (Vorlesung), SoSe 2015<\/p><\/td><td><\/td><\/tr><tr><td><p>Teil 2: Seminar zur Vorlesung Wissenschaftstheorie im 20. Jahrhundert (Seminar), SoSe 2015<\/p><\/td><td><\/td><\/tr><tr><td><p>G4 Basismodul &#8222;Theoretische Philosophie&#8220;<\/p><\/td><td><\/td><\/tr><tr><td><p>Studierende des Faches Philosophie d\u00fcrfen an diesem Modul nicht teilnehmen!<\/p><\/td><td><\/td><\/tr><tr><td><\/td><td><\/td><\/tr><tr><td colspan=\"2\"><p>Physik und Astronomie<\/p><\/td><\/tr><tr><td width=\"90%\"><p><a href=\"https:\/\/vvz.ruhr-uni-bochum.de\/campus\/all\/module.asp?gguid=0x28B641230AA0DD4DABA6079F6EC13487&amp;fieldgguid=&amp;mode=&amp;findmodule=Digitalelektronik&amp;tguid=0x68EC47CBD8D7ED4F9C6EB19FCBF5132A\">Digitalelektronik (OPT) (5 CP)<\/a><\/p><\/td><td><\/td><\/tr><tr><td><p>Teil 1: Digitalelektronik (Vorlesung), SoSe 2015<\/p><\/td><td><\/td><\/tr><tr><td><p>Teil 2: Digitalelektronik (Praktische \u00dcbung), SoSe 2015<\/p><\/td><td><\/td><\/tr><tr><td><p>G4 Basismodul &#8222;Elektronik f\u00fcr physikalische Experimente&#8220;<\/p><\/td><td><\/td><\/tr><tr><td><p>Studierende der Physik k\u00f6nnen an diesem Modul nicht teilnehmen!<\/p><\/td><td><\/td><\/tr><tr><td><p><\/p><\/td><td><\/td><\/tr><tr><td width=\"90%\"><p><a href=\"https:\/\/vvz.ruhr-uni-bochum.de\/campus\/all\/module.asp?gguid=0x59250459D0BEB84CBC4E647444CD6B47&amp;fieldgguid=&amp;findmodule=Leben+im+Weltraum%3F&amp;tguid=0x68EC47CBD8D7ED4F9C6EB19FCBF5132A&amp;strSignMessage=\">Leben im Weltraum? (5 CP)<\/a><\/p><\/td><td><\/td><\/tr><tr><td><p>Teil 1: Leben im Weltraum? (Vorlesung), SoSe 2015<\/p><\/td><td><\/td><\/tr><tr><td><p>Teil 2: Leben im Weltraum? (\u00dcbung), SoSe 2015<\/p><\/td><td><\/td><\/tr><tr><td><p>G4 Basismodul &#8222;Physik des Universums&#8220;<\/p><\/td><td><\/td><\/tr><tr><td><p>Studierende der Physik k\u00f6nnen an diesem Modul nicht teilnehmen!<\/p><\/td><td><\/td><\/tr><tr><td><p><\/p><\/td><td><\/td><\/tr><tr><td width=\"90%\"><p><a href=\"https:\/\/vvz.ruhr-uni-bochum.de\/campus\/all\/module.asp?gguid=0xA16AE5024B0F1F479889CD84B25F7E58&amp;fieldgguid=&amp;findmodule=Mathematische+Hilfsmittel+der+Physik&amp;tguid=0x68EC47CBD8D7ED4F9C6EB19FCBF5132A&amp;strSignMessage=\">Mathematische Hilfsmittel der Physik (OPT) (5 CP)<\/a><\/p><\/td><td><\/td><\/tr><tr><td><p>Teil 1: Einf\u00fchrung in die mathematischen Hilfsmittel der Physik (Vorlesung), SoSe 2015<\/p><\/td><td><\/td><\/tr><tr><td><p>Teil 2: Einf\u00fchrung in die mathematischen Hilfsmittel der Physik (\u00dcbung), SoSe 2015<\/p><\/td><td><\/td><\/tr><tr><td><p>G4 Basismodul &#8222;Mathematische Methoden f\u00fcr die Physik&#8220;<\/p><\/td><td><\/td><\/tr><tr><td><p>Bitte beachten Sie: 2-Fach-B.A.-Studierende der Physik und \/ oder Mathematik k\u00f6nnen nur dann CP f\u00fcr den Optionalbereich erwerben, wenn sie das Modul vor ihrem ersten Fachsemester besuchen.<\/p><\/td><td><\/td><\/tr><tr><td><p>Studierende der Physik (B.Sc.) k\u00f6nnen an diesem Modul nicht teilnehmen!<\/p><\/td><td><\/td><\/tr><tr><td><p><\/p><\/td><td><\/td><\/tr><tr><td width=\"90%\"><p><a href=\"https:\/\/vvz.ruhr-uni-bochum.de\/campus\/all\/module.asp?gguid=0x8381776260792844B0078EFCE6A142BE&amp;fieldgguid=&amp;findmodule=Mathematische+Methoden+der+Physik+II&amp;tguid=0x68EC47CBD8D7ED4F9C6EB19FCBF5132A&amp;strSignMessage=\">Mathematische Methoden der Physik II (OPT) (5 CP)<\/a><\/p><\/td><td><\/td><\/tr><tr><td><p>Teil 1: Mathematische Methoden II (Vorlesung), SoSe 2015<\/p><\/td><td><\/td><\/tr><tr><td><p>Teil 2: Mathematische Methoden II (\u00dcbung), SoSe 2015<\/p><\/td><td><\/td><\/tr><tr><td><p>G4 Basismodul &#8222;Mathematische Methoden f\u00fcr die Physik&#8220;<\/p><\/td><td><\/td><\/tr><tr><td><p>Studierende der Physik k\u00f6nnen an diesem Modul zwar teilnehmen aber keine CP f\u00fcr den Optionalbereich erwerben!<\/p><\/td><td><\/td><\/tr><tr><td><p><\/p><\/td><td><\/td><\/tr><tr><td width=\"90%\"><p><a href=\"https:\/\/vvz.ruhr-uni-bochum.de\/campus\/all\/module.asp?gguid=0x9500570E1D19B043B07CF022A71895AF&amp;fieldgguid=&amp;findmodule=Physik+f%FCr+Nicht%2DPhysikerinnen+und+Nicht&amp;tguid=0x68EC47CBD8D7ED4F9C6EB19FCBF5132A&amp;strSignMessage=\">Physik f\u00fcr Nicht-Physikerinnen und Nicht-Physiker (OPT) (5 CP)<\/a><\/p><\/td><td><\/td><\/tr><tr><td><p>Teil 1: Physik f\u00fcr Nicht-Physiker (Vorlesung), SoSe 2015<\/p><\/td><td><\/td><\/tr><tr><td><p>Teil 2: Physik f\u00fcr Nicht-Physiker (\u00dcbung), SoSe 2015<\/p><\/td><td><\/td><\/tr><tr><td><p>G4 Basismodul &#8222;Grundlagen der Physik&#8220;<\/p><\/td><td><\/td><\/tr><tr><td><p>Studierende der Physik k\u00f6nnen an diesem Modul nicht teilnehmen!<\/p><\/td><td><\/td><\/tr><tr><td><p><\/p><\/td><td><\/td><\/tr><tr><td width=\"90%\"><p><a href=\"https:\/\/vvz.ruhr-uni-bochum.de\/campus\/all\/module.asp?gguid=0xEC43D13F7213F444999775ABBEF71E44&amp;fieldgguid=&amp;findmodule=Physik+I+%28Schwerpunkt+Biologie%29&amp;tguid=0x68EC47CBD8D7ED4F9C6EB19FCBF5132A&amp;strSignMessage=\">Physik I (Schwerpunkt Biologie) (OPT) (5 CP)<\/a><\/p><\/td><td><\/td><\/tr><tr><td><p>Teil 1: Physik I f\u00fcr Studierende der Biologie (Vorlesung), SoSe 2015<\/p><\/td><td><\/td><\/tr><tr><td><p>Teil 2: Physik I f\u00fcr Studierende der Biologie (\u00dcbung), SoSe 2015<\/p><\/td><td><\/td><\/tr><tr><td><p>G4 Basismodul &#8222;Grundlagen der Physik&#8220;<\/p><\/td><td><\/td><\/tr><tr><td><p>Da die Veranstaltung inhaltlich der Physik I (Schwerpunkt Chemie) gleicht, kann nur jeweils eine von beiden f\u00fcr den Optionalbereich anerkannt werden. F\u00fcr Studierende des B.Sc. &#8211; Studiengangs Biologie ist dieses Modul nicht im Optionalbereich anrechenbar. Studierende der Physik k\u00f6nnen an diesem Modul nicht teilnehmen!<\/p><\/td><td><\/td><\/tr><tr><td><p><\/p><\/td><td><\/td><\/tr><tr><td width=\"90%\"><p><a href=\"https:\/\/vvz.ruhr-uni-bochum.de\/campus\/all\/module.asp?gguid=0xB015C0D0C31D8E4A957DFB972389F8AA&amp;fieldgguid=&amp;findmodule=Physik+II+%28Schwerpunkte+Chemie%2C+Biochemi&amp;tguid=0x68EC47CBD8D7ED4F9C6EB19FCBF5132A&amp;strSignMessage=\">Physik II (Schwerpunkte Chemie, Biochemie und Geowissenschaften) (OPT) (5 CP)<\/a><\/p><\/td><td><\/td><\/tr><tr><td><p>Teil 1: Physik II f\u00fcr Studierende der Biochemie, Chemie und Geowissenschaften (Vorlesung), SoSe 2015<\/p><\/td><td><\/td><\/tr><tr><td><p>Teil 2: Physik II f\u00fcr Studierende der Biochemie, Chemie und Geowissenschaften (\u00dcbung), SoSe 2015<\/p><\/td><td><\/td><\/tr><tr><td><p>G4 Basismodul &#8222;Grundlagen der Physik&#8220;<\/p><\/td><td><\/td><\/tr><tr><td><p>Da die Veranstaltung inhaltlich der Physik II (Schwerpunkt Biologie) gleicht, kann nur jeweils eine von beiden f\u00fcr den Optionalbereich anerkannt werden. Studierende des B.Sc. &#8211; Studiengangs Chemie, Biochemie, Geowissenschaften sowie Studierende der Physik k\u00f6nnen an diesem Modul nicht teilnehmen!<\/p><\/td><td><\/td><\/tr><tr><td><\/td><td><\/td><\/tr><tr><td colspan=\"2\"><p>Rechtswissenschaft<\/p><\/td><\/tr><tr><td width=\"90%\"><p>In diesem Semester liegt leider kein Angebot vor.<\/p><\/td><td><\/td><\/tr><tr><td><p><\/p><\/td><td><\/td><\/tr><tr><td colspan=\"2\"><p>Religionswissenschaft<\/p><\/td><\/tr><tr><td width=\"90%\"><p><a href=\"https:\/\/vvz.ruhr-uni-bochum.de\/campus\/all\/module.asp?gguid=0x2B80B9870C9A534EBDB90F269276ABDD&amp;fieldgguid=&amp;findmodule=Islamische+Religionsgeschichte&amp;tguid=0x68EC47CBD8D7ED4F9C6EB19FCBF5132A&amp;strSignMessage=\">Islamische Religionsgeschichte (5 CP)<\/a> !! NEU: 20.03. !!<\/p><\/td><td><\/td><\/tr><tr><td><p>Teil 1: Islam I &#8211; Eine Einf\u00fchrung in die Religion und fr\u00fchere Geschichte (Seminar), SoSe 2015<\/p><\/td><td><\/td><\/tr><tr><td><p>Teil 2: (Seminar), WS 2015\/16<\/p><\/td><td><\/td><\/tr><tr><td><p>G4 Grundlagen der Religionswissenschaft<\/p><\/td><td><\/td><\/tr><tr><td><p>Studierende der Religionswissenschaft k\u00f6nnen in diesem Modul keine CP f\u00fcr den Optionalbereich erwerben! Bitte beachten Sie unbedingt die Hinweise unter dem Punkt &#8222;Voraussetzungen&#8220; der Modulbeschreibung!<\/p><\/td><td><\/td><\/tr><tr><td><p><\/p><\/td><td><\/td><\/tr><tr><td width=\"90%\"><p><a href=\"https:\/\/vvz.ruhr-uni-bochum.de\/campus\/all\/module.asp?gguid=0x90AB29209B1BA34BA060EBA260CCDBE8&amp;fieldgguid=&amp;findmodule=J%FCdische+Religionsgeschichte&amp;tguid=0x68EC47CBD8D7ED4F9C6EB19FCBF5132A&amp;strSignMessage=\">J\u00fcdische Religionsgeschichte (5 CP)<\/a> !! NEU: 20.03. !!<\/p><\/td><td><\/td><\/tr><tr><td><p>Teil 1: Grundkurs Judentum I: Antikes, rabbinisches, und mittelalterliches Judentum (Seminar), SoSe 2015<\/p><\/td><td><\/td><\/tr><tr><td><p>Teil 2: (Seminar), WS 2015\/16<\/p><\/td><td><\/td><\/tr><tr><td><p>G4 Grundlagen der Religionswissenschaft<\/p><\/td><td><\/td><\/tr><tr><td><p>Studierende der Religionswissenschaft k\u00f6nnen in diesem Modul keine CP f\u00fcr den Optionalbereich erwerben! Bitte beachten Sie unbedingt die Hinweise unter dem Punkt &#8222;Voraussetzungen&#8220; der Modulbeschreibung!<\/p><\/td><td><\/td><\/tr><tr><td><p><\/p><\/td><td><\/td><\/tr><tr><td width=\"90%\"><p><a href=\"https:\/\/vvz.ruhr-uni-bochum.de\/campus\/all\/module.asp?gguid=0xC938F655539EEE4DB4485F477F066225&amp;fieldgguid=&amp;findmodule=Religionswissenschaftliche+Zug%E4nge+zu+an&amp;tguid=0x68EC47CBD8D7ED4F9C6EB19FCBF5132A&amp;strSignMessage=\">Religionswissenschaftliche Zug\u00e4nge zu antiker Religionsgeschichte (5 CP)<\/a> !! NEU: 20.03. !!<\/p><\/td><td><\/td><\/tr><tr><td><p>Teil 1: Grundbegriffe der Religionswissenschaft (Vorlesung), SoSe 2015<\/p><\/td><td><\/td><\/tr><tr><td><p>Teil 2: Einf\u00fchrung in die Antike Religionsgeschichte (Seminar), SoSe 2015<\/p><\/td><td><\/td><\/tr><tr><td><p>G4 Grundlagen der Religionswissenschaft<\/p><\/td><td><\/td><\/tr><tr><td><p>Studierende der Religionswissenschaft k\u00f6nnen in diesem Modul keine CP f\u00fcr den Optionalbereich erwerben! Bitte beachten Sie unbedingt die Hinweise unter dem Punkt &#8222;Voraussetzungen&#8220; der Modulbeschreibung!<\/p><\/td><td><\/td><\/tr><tr><td><p><\/p><\/td><td><\/td><\/tr><tr><td width=\"90%\"><p><a href=\"https:\/\/vvz.ruhr-uni-bochum.de\/campus\/all\/module.asp?gguid=0xFCE8EB58F8ABE543B73BF33622359958&amp;fieldgguid=&amp;findmodule=Religionswissenschaftliche+Zug%E4nge+zu+in&amp;tguid=0x68EC47CBD8D7ED4F9C6EB19FCBF5132A&amp;strSignMessage=\">Religionswissenschaftliche Zug\u00e4nge zu indischer Religionsgeschichte (5 CP)<\/a> !! NEU: 20.03. !!<\/p><\/td><td><\/td><\/tr><tr><td><p>Teil 1: Grundbegriffe der Religionswissenschaft (Vorlesung), SoSe 2015<\/p><\/td><td><\/td><\/tr><tr><td><p>Teil 2: Buddhismus und Jainismus (Seminar), SoSe 2015<\/p><\/td><td><\/td><\/tr><tr><td><p>G4 Grundlagen der Religionswissenschaft<\/p><\/td><td><\/td><\/tr><tr><td><p>Studierende der Religionswissenschaft k\u00f6nnen in diesem Modul keine CP f\u00fcr den Optionalbereich erwerben! Bitte beachten Sie unbedingt die Hinweise unter dem Punkt &#8222;Voraussetzungen&#8220; der Modulbeschreibung!<\/p><\/td><td><\/td><\/tr><tr><td><p><\/p><\/td><td><\/td><\/tr><tr><td width=\"90%\"><p><a href=\"https:\/\/vvz.ruhr-uni-bochum.de\/campus\/all\/module.asp?gguid=0xCE99BB9A6B2E1F49AB0A83A04ABDCBA3&amp;fieldgguid=&amp;findmodule=Religionswissenschaftliche+Zug%E4nge+zu+is&amp;tguid=0x68EC47CBD8D7ED4F9C6EB19FCBF5132A&amp;strSignMessage=\">Religionswissenschaftliche Zug\u00e4nge zu islamischer Religionsgeschichte (5 CP)<\/a> !! NEU: 20.03. !!<\/p><\/td><td><\/td><\/tr><tr><td><p>Teil 1: Grundbegriffe der Religionswissenschaft (Vorlesung), SoSe 2015<\/p><\/td><td><\/td><\/tr><tr><td><p>Teil 2: Islam I &#8211; Eine Einf\u00fchrung in die Religion und fr\u00fchere Geschichte (Seminar), SoSe 2015<\/p><\/td><td><\/td><\/tr><tr><td><p>G4 Grundlagen der Religionswissenschaft<\/p><\/td><td><\/td><\/tr><tr><td><p>Studierende der Religionswissenschaft k\u00f6nnen in diesem Modul keine CP f\u00fcr den Optionalbereich erwerben! Bitte beachten Sie unbedingt die Hinweise unter dem Punkt &#8222;Voraussetzungen&#8220; der Modulbeschreibung!<\/p><\/td><td><\/td><\/tr><tr><td><p><\/p><\/td><td><\/td><\/tr><tr><td width=\"90%\"><p><a href=\"https:\/\/vvz.ruhr-uni-bochum.de\/campus\/all\/module.asp?gguid=0xAAB61B434762F148A49E477A70080636&amp;fieldgguid=&amp;findmodule=Religionswissenschaftliche+Zug%E4nge+zu+j%FC&amp;tguid=0x68EC47CBD8D7ED4F9C6EB19FCBF5132A&amp;strSignMessage=\">Religionswissenschaftliche Zug\u00e4nge zu j\u00fcdischer Religionsgeschichte (5 CP)<\/a> !! NEU: 20.03. !!<\/p><\/td><td><\/td><\/tr><tr><td><p>Teil 1: Grundbegriffe der Religionswissenschaft (Vorlesung), SoSe 2015<\/p><\/td><td><\/td><\/tr><tr><td><p>Teil 2: Grundkurs Judentum I: Antikes, rabbinisches und mittelalterliches Judentum (Seminar), SoSe 2015<\/p><\/td><td><\/td><\/tr><tr><td><p>G4 Grundlagen der Religionswissenschaft<\/p><\/td><td><\/td><\/tr><tr><td><p>Studierende der Religionswissenschaft k\u00f6nnen in diesem Modul keine CP f\u00fcr den Optionalbereich erwerben! Bitte beachten Sie unbedingt die Hinweise unter dem Punkt &#8222;Voraussetzungen&#8220; der Modulbeschreibung!<\/p><\/td><td><\/td><\/tr><tr><td><p><\/p><\/td><td><\/td><\/tr><tr><td width=\"90%\"><p><a href=\"https:\/\/vvz.ruhr-uni-bochum.de\/campus\/all\/module.asp?gguid=0x3C77B4E8B812564F983C11B76EE7025A&amp;fieldgguid=&amp;findmodule=Religionswissenschaftliche+Zug%E4nge+zu+os&amp;tguid=0x68EC47CBD8D7ED4F9C6EB19FCBF5132A&amp;strSignMessage=\">Religionswissenschaftliche Zug\u00e4nge zu ostasiatischer Religionsgeschichte (5 CP)<\/a> !! NEU: 20.03. !!<\/p><\/td><td><\/td><\/tr><tr><td><p>Teil 1: Grundbegriffe der Religionswissenschaft (Vorlesung), SoSe 2015<\/p><\/td><td><\/td><\/tr><tr><td><p>Teil 2: Religions- und Geistesgeschichte Koreas (Seminar), SoSe 2015<\/p><\/td><td><\/td><\/tr><tr><td><p>G4 Grundlagen der Religionswissenschaft<\/p><\/td><td><\/td><\/tr><tr><td><p>Studierende der Religionswissenschaft k\u00f6nnen in diesem Modul keine CP f\u00fcr den Optionalbereich erwerben! Bitte beachten Sie unbedingt die Hinweise unter dem Punkt &#8222;Voraussetzungen&#8220; der Modulbeschreibung!<\/p><\/td><td><\/td><\/tr><tr><td><p><\/p><\/td><td><\/td><\/tr><tr><td width=\"90%\"><p><a href=\"https:\/\/vvz.ruhr-uni-bochum.de\/campus\/all\/module.asp?gguid=0xB3A89828FDEF45438CD7303E4CAA5D00&amp;fieldgguid=&amp;findmodule=Religionswissenschaftliche+Zug%E4nge+zu+sy&amp;tguid=0x68EC47CBD8D7ED4F9C6EB19FCBF5132A&amp;strSignMessage=\">Religionswissenschaftliche Zug\u00e4nge zu systematischer Religionswissenschaft (5 CP)<\/a> !! NEU: 20.03. !!<\/p><\/td><td><\/td><\/tr><tr><td><p>Teil 1: Grundbegriffe der Religionswissenschaft (Vorlesung), SoSe 2015<\/p><\/td><td><\/td><\/tr><tr><td><p>Teil 2: Theorien und Ans\u00e4tze der Religionswissenschaft (Seminar), SoSe 2015<\/p><\/td><td><\/td><\/tr><tr><td><p>G4 Grundlagen der Religionswissenschaft<\/p><\/td><td><\/td><\/tr><tr><td><p>Studierende der Religionswissenschaft k\u00f6nnen in diesem Modul keine CP f\u00fcr den Optionalbereich erwerben! Bitte beachten Sie unbedingt die Hinweise unter dem Punkt &#8222;Voraussetzungen&#8220; der Modulbeschreibung!<\/p><\/td><td><\/td><\/tr><tr><td><p><\/p><\/td><td><\/td><\/tr><tr><td width=\"90%\"><p><a href=\"https:\/\/vvz.ruhr-uni-bochum.de\/campus\/all\/module.asp?gguid=0x7AF35F256E5279488E6B3E4A6A33D8C5&amp;fieldgguid=&amp;findmodule=Religionswissenschaftliche+Zug%E4nge+zu+ze&amp;tguid=0x68EC47CBD8D7ED4F9C6EB19FCBF5132A&amp;strSignMessage=\">Religionswissenschaftliche Zug\u00e4nge zu zentralasiatischer Religionsgeschichte (5 CP)<\/a> !! NEU: 20.03. !!<\/p><\/td><td><\/td><\/tr><tr><td><p>Teil 1: Grundbegriffe der Religionswissenschaft (Vorlesung), SoSe 2015<\/p><\/td><td><\/td><\/tr><tr><td><p>Teil 2: Religionsgeschichte Tibets und der Mongolei von den Anf\u00e4ngen bis in die Gegenwart (Seminar), SoSe 2015<\/p><\/td><td><\/td><\/tr><tr><td><p>G4 Grundlagen der Religionswissenschaft<\/p><\/td><td><\/td><\/tr><tr><td><p>Studierende der Religionswissenschaft k\u00f6nnen in diesem Modul keine CP f\u00fcr den Optionalbereich erwerben! Bitte beachten Sie unbedingt die Hinweise unter dem Punkt &#8222;Voraussetzungen&#8220; der Modulbeschreibung!<\/p><\/td><td><\/td><\/tr><tr><td><p><\/p><\/td><td><\/td><\/tr><tr><td width=\"90%\"><p><a href=\"https:\/\/vvz.ruhr-uni-bochum.de\/campus\/all\/module.asp?gguid=0xFA048A5DD97D974A9CD1B903F1D21D44&amp;fieldgguid=&amp;findmodule=Sprache+und+Kultur+des+Alten+Orients&amp;tguid=0x68EC47CBD8D7ED4F9C6EB19FCBF5132A&amp;strSignMessage=\">Sprache und Kultur des Alten Orients (5 CP)<\/a> !! NEU am 26.03. !!<\/p><\/td><td><\/td><\/tr><tr><td><p>Teil 1: Akkadisch I (\u00dcbung), SoSe 15<\/p><\/td><td><\/td><\/tr><tr><td><p>Teil 2: Kulturteil (\u00dcbung), WS 2015\/16<\/p><\/td><td><\/td><\/tr><tr><td><p>G1 Aufbaumodul Akkadisch \/ G4 Basismodul &#8222;Kulturelle Kompetenz&#8220;<\/p><\/td><td><\/td><\/tr><tr><td><p>Studierende, die das Modul f\u00fcr Ihr Fachstudium anrechnen lassen, d\u00fcrfen dieses nicht im Rahmen des Optionalbereichs besuchen!<\/p><\/td><td><\/td><\/tr><tr><td><p><\/p><\/td><td><\/td><\/tr><tr><td width=\"90%\"><p><a href=\"https:\/\/vvz.ruhr-uni-bochum.de\/campus\/all\/module.asp?gguid=0x4DEE439A6215A04E9A068C580B9ED5CE&amp;fieldgguid=&amp;findmodule=Sprache+und+Kultur+Indiens&amp;tguid=0x68EC47CBD8D7ED4F9C6EB19FCBF5132A&amp;strSignMessage=\">Sprache und Kultur Indiens (5 CP)<\/a> !! NEU: 13.03. !!<\/p><\/td><td><\/td><\/tr><tr><td><p>Teil 1: Sanskrit I (\u00dcbung), SoSe 2015<\/p><\/td><td><\/td><\/tr><tr><td><p>Teil 2: Buddhismus und Jainismus, SoSe 2015<\/p><\/td><td><\/td><\/tr><tr><td><p>G1 Modul Sanskrit \/ G4 Basismodul &#8222;Kulturelle Kompetenz&#8220;<\/p><\/td><td><\/td><\/tr><tr><td><p>Studierende, die das Modul f\u00fcr Ihr Fachstudium anrechnen lassen, d\u00fcrfen dieses nicht im Rahmen des Optionalbereichs besuchen. Studierende des Optionalbereichs k\u00f6nnen, wenn sie dieses Modul belegen, nicht das Modul &#8222;Sanskrit&#8220; belegen.<\/p><\/td><td><\/td><\/tr><tr><td><p><\/p><\/td><td><\/td><\/tr><tr><td width=\"90%\"><p><a href=\"https:\/\/vvz.ruhr-uni-bochum.de\/campus\/all\/module.asp?gguid=0xB99E558387673949A6ECED5E5AF0C98C&amp;fieldgguid=&amp;findmodule=Sprache+und+Kultur+Zentralasiens&amp;tguid=0x68EC47CBD8D7ED4F9C6EB19FCBF5132A&amp;strSignMessage=\">Sprache und Kultur Zentralasiens (5 CP)<\/a> !! NEU: 20.03. !!<\/p><\/td><td><\/td><\/tr><tr><td><p>Teil 1: Religionsgeschichte Tibets und der Mongolei von den Anf\u00e4ngen bis in die Gegenwart, (Seminar), SoSe 2015<\/p><\/td><td><\/td><\/tr><tr><td><p>Teil 2: Modernes Tibetisch, (Sprachkurs), WS 15\/16<\/p><\/td><td><\/td><\/tr><tr><td><p>G1 Modul Modernes Tibetisch \/ G4 Basismodul &#8222;Kulturelle Kompetenz&#8220;<\/p><\/td><td><\/td><\/tr><tr><td><p><\/p><\/td><td><\/td><\/tr><tr><td width=\"90%\"><p><a href=\"https:\/\/vvz.ruhr-uni-bochum.de\/campus\/all\/module.asp?gguid=0x9F0AC10F58E7514F9EBDF2C8DA34EA94&amp;fieldgguid=&amp;findmodule=Zentralasiatische+Religionsgeschichte&amp;tguid=0x68EC47CBD8D7ED4F9C6EB19FCBF5132A&amp;strSignMessage=\">Zentralasiatische Religionsgeschichte (5 CP)<\/a> !! NEU: 23.03. !!<\/p><\/td><td><\/td><\/tr><tr><td><p>Teil 1: Religionsgeschichte Tibets und der Mongolei von den Anf\u00e4ngen bis in die Gegenwart (Seminar), SoSe 2015<\/p><\/td><td><\/td><\/tr><tr><td><p>Teil 2: (Seminar), WS 2015\/16<\/p><\/td><td><\/td><\/tr><tr><td><p>G4 Grundlagen der Religionswissenschaft<\/p><\/td><td><\/td><\/tr><tr><td><p>Studierende der Religionswissenschaft k\u00f6nnen in diesem Modul keine CP f\u00fcr den Optionalbereich erwerben! Bitte beachten Sie unbedingt die Hinweise unter dem Punkt &#8222;Voraussetzungen&#8220; der Modulbeschreibung!<\/p><\/td><td><\/td><\/tr><tr><td><p><\/p><\/td><td><\/td><\/tr><tr><td colspan=\"2\"><p>Romanistik<\/p><\/td><\/tr><tr><td width=\"90%\"><p><a href=\"https:\/\/vvz.ruhr-uni-bochum.de\/campus\/all\/module.asp?gguid=0x7821E9B9DA2D5647BD4EECC39A413313&amp;fieldgguid=&amp;mode=&amp;findmodule=portugiesisch&amp;tguid=0x68EC47CBD8D7ED4F9C6EB19FCBF5132A\">Portugiesisch: Sprache und Kulturen Brasiliens, Portugals und des lusophonen Afrikas III (5 CP)<\/a><\/p><\/td><td><\/td><\/tr><tr><td><p>Teil 1: Portugiesisch III (\u00dcbung), SoSe 2015<\/p><\/td><td><\/td><\/tr><tr><td><p>Teil 2: Pensar Portugal: Ant\u00f3nio Jos\u00e9 Saraiva, Eduardo Louren\u00e7o e Jos\u00e9 Gil, int\u00e9rpretes da lusitanidade (Proseminar), WS 2015\/16<\/p><\/td><td><\/td><\/tr><tr><td><p>G4 Aufbaumodul &#8222;Portugiesisch&#8220; und G 1 Modul Portugiesisch II<\/p><\/td><td><\/td><\/tr><tr><td><p>Studierende der Romanischen Philologie k\u00f6nnen an diesem Modul nur teilnehmen, sofern Modulteil 2 nicht Bestandteil eines Fachmoduls ist! Bitte beachten Sie unbedingt die Hinweise unter dem Punkt &#8222;Voraussetzungen&#8220; der Modulbeschreibung!<\/p><\/td><td><\/td><\/tr><tr><td><\/td><td><\/td><\/tr><tr><td colspan=\"2\"><p>Sozialwissenschaft<\/p><\/td><\/tr><tr><td width=\"90%\"><p><a href=\"https:\/\/vvz.ruhr-uni-bochum.de\/campus\/all\/module.asp?gguid=0x9349F2A5A89FAC46B29B29597F61940A&amp;fieldgguid=&amp;mode=&amp;findmodule=Arbeits&amp;tguid=0x68EC47CBD8D7ED4F9C6EB19FCBF5132A\">Arbeits-, Wirtschafts- und Organisationssoziologie (5 CP)<\/a><\/p><\/td><td><\/td><\/tr><tr><td><p>Teil 1a oder Teil 1b: Einf\u00fchrung in die Arbeits-, Wirtschafts- und Organisationssoziologie (Seminar), SoSe 2015<\/p><\/td><td><\/td><\/tr><tr><td><p>Teil 2: Strukturierte Betreuung (\u00dcbung), SoSe 2015<\/p><\/td><td><\/td><\/tr><tr><td><p>G4 Aufbaumodul &#8222;Soziologie&#8220;<\/p><\/td><td><\/td><\/tr><tr><td><p>Studierende der F\u00e4cher PWG, KIG und Soziologie sowie des Studiengangs Sozialwissenschaft k\u00f6nnen an diesem Modul nicht teilnehmen!<\/p><\/td><td><\/td><\/tr><tr><td><p><\/p><\/td><td><\/td><\/tr><tr><td width=\"90%\"><p><a href=\"https:\/\/vvz.ruhr-uni-bochum.de\/campus\/all\/module.asp?gguid=0x6C4DD4E4083B514A8CB447B792B7012C&amp;fieldgguid=&amp;findmodule=Einf%FChrung+in+die+Wirtschafts%2D+und+Sozia&amp;tguid=0x68EC47CBD8D7ED4F9C6EB19FCBF5132A&amp;strSignMessage=\">Einf\u00fchrung in die Wirtschafts- und Sozialpolitik (5 CP)<\/a><\/p><\/td><td><\/td><\/tr><tr><td><p>Teil 1: Einf\u00fchrung in die Wirtschafts- und Sozialpolitik (Vorlesung), SoSe 2015<\/p><\/td><td><\/td><\/tr><tr><td><p>Teil 2: Strukturierte Betreuung (GrundSoz\u00f6k, Teil III) (\u00dcbung), SoSe 2015<\/p><\/td><td><\/td><\/tr><tr><td><p>G4 Basismodul &#8222;Sozial\u00f6konomik&#8220;<\/p><\/td><td><\/td><\/tr><tr><td><p>Studierende der F\u00e4cher PWG, Soziologie, Politikwissenschaft und Sozialpsychologie\/-anthropologie sowie des Studiengangs Sozialwissenschaft k\u00f6nnen an diesem Modul nicht teilnehmen!<\/p><\/td><td><\/td><\/tr><tr><td><p><\/p><\/td><td><\/td><\/tr><tr><td width=\"90%\"><p><a href=\"https:\/\/vvz.ruhr-uni-bochum.de\/campus\/all\/module.asp?gguid=0xD8EE23B7C89D4944A81FCDF543845DF1&amp;fieldgguid=&amp;findmodule=Grundfragen+und+Hauptbegriffe+der+Soziol&amp;tguid=0x68EC47CBD8D7ED4F9C6EB19FCBF5132A&amp;strSignMessage=\">Grundfragen und Hauptbegriffe der Soziologie (Soziologie I) (5 CP)<\/a><\/p><\/td><td><\/td><\/tr><tr><td><p>Teil 1: Grundfragen und Hauptbegriffe der Soziologie (Soziologie I) (Vorlesung), SoSe 2015<\/p><\/td><td><\/td><\/tr><tr><td><p>Teil 2: Strukturierte Betreuung zur Soziologie I (\u00dcbung), SoSe 2015<\/p><\/td><td><\/td><\/tr><tr><td><p>G4 Basismodul &#8222;Soziologie&#8220;<\/p><\/td><td><\/td><\/tr><tr><td><p>Studierende der F\u00e4cher PWG, KIG, Soziologie, Politikwissenschaft und Sozialpsychologie\/-anthropologie sowie des Studiengangs Sozialwissenschaft k\u00f6nnen an diesem Modul nicht teilnehmen!<\/p><\/td><td><\/td><\/tr><tr><td><p><\/p><\/td><td><\/td><\/tr><tr><td width=\"90%\"><p><a href=\"https:\/\/vvz.ruhr-uni-bochum.de\/campus\/all\/module.asp?gguid=0xD9D360819137BF4FA11E052E1698652B&amp;fieldgguid=&amp;findmodule=Politikwissenschaft%3A+Internationale+Bezi&amp;tguid=0x68EC47CBD8D7ED4F9C6EB19FCBF5132A&amp;strSignMessage=\">Politikwissenschaft: Internationale Beziehungen (5 CP)<\/a><\/p><\/td><td><\/td><\/tr><tr><td><p>Teil 1: Internationale Beziehungen (Vorlesung), SoSe 2015<\/p><\/td><td><\/td><\/tr><tr><td><p>Teil 2: Strukturierte Betreuung (\u00dcbung), SoSe 2015<\/p><\/td><td><\/td><\/tr><tr><td><p>G4 Aufbaumodul &#8222;Politikwissenschaft&#8220;<\/p><\/td><td><\/td><\/tr><tr><td><p>Studierende des Faches Politikwissenschaft, des Faches Politik, Wirtschaft und Gesellschaft, sowie des Faches Sozialwissenschaft k\u00f6nnen an dem Modul nicht teilnehmen!<\/p><\/td><td><\/td><\/tr><tr><td><p><\/p><\/td><td><\/td><\/tr><tr><td width=\"90%\"><p><a href=\"https:\/\/vvz.ruhr-uni-bochum.de\/campus\/all\/module.asp?gguid=0xFC0D45ABD1177B42B98710D6941AC860&amp;fieldgguid=&amp;findmodule=Politikwissenschaft%3A+Politisches+System&amp;tguid=0x68EC47CBD8D7ED4F9C6EB19FCBF5132A&amp;strSignMessage=\">Politikwissenschaft: Politisches System Deutschlands (5 CP)<\/a> !! NEU: 23.03. !!<\/p><\/td><td><\/td><\/tr><tr><td><p>Teil 1: Einf\u00fchrung in das politische System Deutschlands (Vorlesung), SoSe 2015<\/p><\/td><td><\/td><\/tr><tr><td><p>Teil 2: Strukturierte Betreuung (\u00dcbung), SoSe 2015<\/p><\/td><td><\/td><\/tr><tr><td><p>G4 Basismodul &#8222;Politikwissenschaft&#8220;<\/p><\/td><td><\/td><\/tr><tr><td><p>Studierende der F\u00e4cher PWG, KIG, Politikwissenschaft sowie des Studienganges Sozialwissenschaft k\u00f6nnen an dem Modul nicht teilnehmen!<\/p><\/td><td><\/td><\/tr><tr><td><p><\/p><\/td><td><\/td><\/tr><tr><td width=\"90%\"><p><a href=\"https:\/\/vvz.ruhr-uni-bochum.de\/campus\/all\/module.asp?gguid=0x2CC6F09F59A2874ABF7F671941DE0018&amp;fieldgguid=&amp;findmodule=Politikwissenschaft%3A+Vergleichende+Polit&amp;tguid=0x68EC47CBD8D7ED4F9C6EB19FCBF5132A&amp;strSignMessage=\">Politikwissenschaft: Vergleichende Politikwissenschaft (5 CP)<\/a><\/p><\/td><td><\/td><\/tr><tr><td><p>Teil 1: Einf\u00fchrung in die Vergleichende Politikwissenschaft (Vorlesung), SoSe 2015<\/p><\/td><td><\/td><\/tr><tr><td><p>Teil 2: Strukturierte Betreuung (\u00dcbung), SoSe 2015<\/p><\/td><td><\/td><\/tr><tr><td><p>G4 Aufbaumodul &#8222;Politikwissenschaft&#8220;<\/p><\/td><td><\/td><\/tr><tr><td><p>Studierende des Faches Politikwissenschaft, des Faches PWG sowie des Studiengangs Sozialwissenschaft k\u00f6nnen an diesem Modul nicht teilnehmen!<\/p><\/td><td><\/td><\/tr><tr><td><p><\/p><\/td><td><\/td><\/tr><tr><td width=\"90%\"><p><a href=\"https:\/\/vvz.ruhr-uni-bochum.de\/campus\/all\/module.asp?gguid=0xD50D07B761648F4392C3ACF5AB231C4B&amp;fieldgguid=&amp;findmodule=Sozialanthropologie&amp;tguid=0x68EC47CBD8D7ED4F9C6EB19FCBF5132A&amp;strSignMessage=\">Sozialanthropologie (5 CP)<\/a><\/p><\/td><td><\/td><\/tr><tr><td><p>Teil 1: Einf\u00fchrung in die Sozial- und Kulturanthropologie (Vorlesung), SoSe 2015<\/p><\/td><td><\/td><\/tr><tr><td><p>Teil 2: Strukturierte Betreuung (\u00dcbung), SoSe 2015<\/p><\/td><td><\/td><\/tr><tr><td><p>G4 Basismodul &#8222;Sozialpsychologie&#8220;<\/p><\/td><td><\/td><\/tr><tr><td><p>Studierende des Faches Sozialpsychologie und -anthropologie, des Faches KIG sowie des Studienganges Sozialwissenschaft k\u00f6nnen an dem Modul nicht teilnehmen!<\/p><\/td><td><\/td><\/tr><tr><td><p><\/p><\/td><td><\/td><\/tr><tr><td width=\"90%\"><p><a href=\"https:\/\/vvz.ruhr-uni-bochum.de\/campus\/all\/module.asp?gguid=0xFB0F318ECE0F8142A566ECAF89A1997B&amp;fieldgguid=&amp;findmodule=Sozial-+und+Kulturpsychologie&amp;tguid=0x68EC47CBD8D7ED4F9C6EB19FCBF5132A&amp;strSignMessage=\">Sozial- und Kulturpsychologie (5 CP)<\/a><\/p><\/td><td><\/td><\/tr><tr><td><p>Teil 1: Einf\u00fchrung in die Sozial- und Kulturpsychologie (Vorlesung), SoSe 2015<\/p><\/td><td><\/td><\/tr><tr><td><p>Teil 2: Strukturierte Betreuung (\u00dcbung), SoSe 2015<\/p><\/td><td><\/td><\/tr><tr><td><p>G4 Basismodul &#8222;Sozialpsychologie&#8220;<\/p><\/td><td><\/td><\/tr><tr><td><p>Studierende des Faches Sozialpsychologie und -anthropologie, des Faches KIG sowie des Studiengangs Sozialwissenschaft k\u00f6nnen an dem Modul nicht teilnehmen!<\/p><\/td><td><\/td><\/tr><tr><td><p><\/p><\/td><td><\/td><\/tr><tr><td width=\"90%\"><p><a href=\"https:\/\/vvz.ruhr-uni-bochum.de\/campus\/all\/module.asp?gguid=0x93648D7AFD048642AB9A50D3B6CF4693&amp;fieldgguid=&amp;findmodule=Sozial-+und+Kulturtheorie&amp;tguid=0x68EC47CBD8D7ED4F9C6EB19FCBF5132A&amp;strSignMessage=\">Sozial- und Kulturtheorie (5 CP)<\/a><\/p><\/td><td><\/td><\/tr><tr><td><p>Teil 1: Einf\u00fchrung in die Sozial- und Kulturtheorie (Vorlesung), SoSe 2015<\/p><\/td><td><\/td><\/tr><tr><td><p>Teil 2: Sozial- und Kulturtheorie. Ausgew\u00e4hlte Lekt\u00fcren (\u00dcbung), SoSe 2015<\/p><\/td><td><\/td><\/tr><tr><td><p>G4 Aufbaumodul &#8222;Sozialpsychologie&#8220;<\/p><\/td><td><\/td><\/tr><tr><td><p>Studierende des Faches Sozialpsychologie und -anthropologie sowie des Studiengangs Sozialwissenschaft k\u00f6nnen an dem Modul nicht teilnehmen!<\/p><\/td><td><\/td><\/tr><tr><td><p><\/p><\/td><td><\/td><\/tr><tr><td width=\"90%\"><p><a href=\"https:\/\/vvz.ruhr-uni-bochum.de\/campus\/all\/module.asp?gguid=0xFABD4CB30F47BE46BF24F7C79CED9EC8&amp;fieldgguid=&amp;findmodule=Sozialstruktur+und+sozialer+Wandel&amp;tguid=0x68EC47CBD8D7ED4F9C6EB19FCBF5132A&amp;strSignMessage=\">Sozialstruktur und sozialer Wandel (Soziologie II) (5 CP)<\/a><\/p><\/td><td><\/td><\/tr><tr><td><p>Teil 1: Sozialstruktur und sozialer Wandel (Vorlesung), SoSe 2015<\/p><\/td><td><\/td><\/tr><tr><td><p>Teil 2: Strukturierte Betreuung zur Soziologie II (\u00dcbung), SoSe 2015<\/p><\/td><td><\/td><\/tr><tr><td><\/td><td><\/td><\/tr><tr><td><p>G4 Aufbaumodul &#8222;Soziologie&#8220;<\/p><\/td><td><\/td><\/tr><tr><td><p>Studierende der F\u00e4cher PWG, KIG, Soziologie, Politikwissenschaft und Sozialpsychologie\/-anthropologie sowie des Studiengangs Sozialwissenschaft k\u00f6nnen an diesem Modul nicht teilnehmen!<\/p><\/td><td><\/td><\/tr><tr><td><p><\/p><\/td><td><\/td><\/tr><tr><td width=\"90%\"><p><a href=\"https:\/\/vvz.ruhr-uni-bochum.de\/campus\/all\/module.asp?gguid=0x688FD661624E174789394D9D282630C1&amp;fieldgguid=&amp;findmodule=Theorien+und+Methoden+der+Kulturpsycholo&amp;tguid=0x68EC47CBD8D7ED4F9C6EB19FCBF5132A&amp;strSignMessage=\">Theorien und Methoden der Kulturpsychologie (5 CP)<\/a><\/p><\/td><td><\/td><\/tr><tr><td><p>Teil 1: Theorien und Methoden der Kulturpsychologie (Vorlesung), SoSe 2015<\/p><\/td><td><\/td><\/tr><tr><td><p>Teil 2: Strukturierte Betreuung (\u00dcbung), SoSe 2015<\/p><\/td><td><\/td><\/tr><tr><td><p>G4 Aufbaumodul &#8222;Sozialpsychologie&#8220;<\/p><\/td><td><\/td><\/tr><tr><td><p>Studierende des Faches Sozialpsychologie und -anthropologie, des Faches KIG sowie des Studiengangs Sozialwissenschaft k\u00f6nnen an dem Modul nicht teilnehmen!<\/p><\/td><td><\/td><\/tr><tr><td><\/td><td><\/td><\/tr><tr><td colspan=\"2\"><p>Sportwissenschaft<\/p><\/td><\/tr><tr><td width=\"90%\"><p><a href=\"https:\/\/vvz.ruhr-uni-bochum.de\/campus\/all\/module.asp?gguid=0x2D1CA28791B98B4C902761186BA57907&amp;fieldgguid=&amp;findmodule=1Fit&amp;tguid=0x68EC47CBD8D7ED4F9C6EB19FCBF5132A&amp;strSignMessage=\">Fit von Kopf bis Fu\u00df (5 CP)<\/a><\/p><\/td><td><\/td><\/tr><tr><td><p>Teil 1: Grundlagen der Trainingswissenschaft (Vorlesung), SoSe 2015<\/p><\/td><td><\/td><\/tr><tr><td><p>Teil 2: Fit von Kopf bis Fu\u00df (Seminar), SoSe 2015<\/p><\/td><td><\/td><\/tr><tr><td><p>G4 Sport und Gesellschaft<\/p><\/td><td><\/td><\/tr><tr><td width=\"100%\"><p>Studierende der Sportwissenschaft k\u00f6nnen an diesem Modul nicht teilnehmen!<\/p><\/td><td><\/td><\/tr><tr><td><p><\/p><\/td><td><\/td><\/tr><tr><td width=\"90%\"><p><a href=\"https:\/\/vvz.ruhr-uni-bochum.de\/campus\/all\/module.asp?gguid=0x6F3BB77D6558554C99F1DEBE87F14ED5&amp;fieldgguid=&amp;findmodule=Sport+und+Erziehung&amp;tguid=0x68EC47CBD8D7ED4F9C6EB19FCBF5132A&amp;strSignMessage=\">Sport und Erziehung (5 CP)<\/a><\/p><\/td><td><\/td><\/tr><tr><td><p>Teil 1: Einf\u00fchrung in die Sportp\u00e4dagogik und Sportdidaktik (Vorlesung), SoSe 2015<\/p><\/td><td><\/td><\/tr><tr><td><p>Teil 2a: Sportp\u00e4dagogische\/sportdidaktische Vertiefung: Offen oder geschlossen ausbilden? &#8211; Chancen und Risiken. (Seminar), SoSe 2015 oder<\/p><\/td><td><\/td><\/tr><tr><td><p>Teil 2b: Sportp\u00e4dagogische\/sportdidaktische Vertiefung: Sport mit delinquenten Jugendlichen? (Seminar), SoSe 2015<\/p><\/td><td><\/td><\/tr><tr><td><p>G4 Sportpsychologie\/Sportp\u00e4dagogik,<\/p><\/td><td><\/td><\/tr><tr><td><p><\/p><\/td><td><\/td><\/tr><tr><td colspan=\"2\"><p>Theaterwissenschaft<\/p><\/td><\/tr><tr><td width=\"90%\"><p><a href=\"https:\/\/vvz.ruhr-uni-bochum.de\/campus\/all\/module.asp?gguid=0x48944E9B4353FD4FA64624DAD82AFCEA&amp;fieldgguid=&amp;findmodule=Theatertheorien+und+ihre+Realisierungsko&amp;tguid=0x68EC47CBD8D7ED4F9C6EB19FCBF5132A&amp;strSignMessage=\">Theatertheorien und ihre Realisierungskonzeptionen in der Neoavantgarde (5 CP)<\/a> !! NEU: 20.03. !!<\/p><\/td><td><\/td><\/tr><tr><td><p>Teil 1: Ringvorlesung Theatertheorie (Vorlesung), SoSe 2015<\/p><\/td><td><\/td><\/tr><tr><td><p>Teil 2: Situation &#8211; Event &#8211; Happening. Neoavangardistische Konzeptionen der Vergegenw\u00e4rtigung (Seminar), SoSe 2015<\/p><\/td><td><\/td><\/tr><tr><td><p>G4 Basismodul &#8222;Grundlagen der Theaterwissenschaft&#8220;<\/p><\/td><td><\/td><\/tr><tr><td width=\"100%\"><p>Studierende der Theaterwissenschaft k\u00f6nnen an diesem Modul nicht teilnehmen.<\/p><\/td><td><\/td><\/tr><tr><td><\/td><td><\/td><\/tr><tr><td colspan=\"2\"><p>Wirtschaftswissenschaft<\/p><\/td><\/tr><tr><td width=\"90%\"><p><a href=\"https:\/\/vvz.ruhr-uni-bochum.de\/campus\/all\/module.asp?gguid=0x4BFAB34DBA14374F966BF7DDA29A8EC5&amp;fieldgguid=&amp;mode=&amp;findmodule=Einf%FChrung+in+das+Rechnungswesen%2FControl&amp;tguid=0x68EC47CBD8D7ED4F9C6EB19FCBF5132A\">Einf\u00fchrung in das Rechnungswesen\/Controlling (5 CP)<\/a><\/p><\/td><td><\/td><\/tr><tr><td><p>Teil 1: Einf\u00fchrung in das Rechnungswesen\/Controlling (Vorlesung), SoSe 2015<\/p><\/td><td><\/td><\/tr><tr><td><p>Teil 2: Einf\u00fchrung in das Rechnungswesen\/Controlling (\u00dcbung), SoSe 2015<\/p><\/td><td><\/td><\/tr><tr><td><p>G4 Basismodul &#8222;Rechnungswesen&#8220;<\/p><\/td><td><\/td><\/tr><tr><td><p>Teilnehmende des Moduls &#8222;Grundlagen der BWL f\u00fcr Nicht\u00f6konomen und Existenzgr\u00fcnder&#8220; sowie Studierende der Wirtschaftswissenschaft k\u00f6nnen an diesem Modul nicht teilnehmen!<\/p><\/td><td><\/td><\/tr><tr><td><p><\/p><\/td><td><\/td><\/tr><tr><td width=\"90%\"><p><a href=\"https:\/\/vvz.ruhr-uni-bochum.de\/campus\/all\/module.asp?gguid=0xCBBCA7B66BDDCC48917A00B1DE996E43&amp;fieldgguid=&amp;findmodule=Einf%FChrung+in+die+Betriebs%2D+sowie+Volksw&amp;tguid=0x68EC47CBD8D7ED4F9C6EB19FCBF5132A&amp;strSignMessage=\">Einf\u00fchrung in die Betriebs- sowie Volkswirtschaftslehre (5 CP)<\/a><\/p><\/td><td><\/td><\/tr><tr><td><p>Teil 1: Einf\u00fchrung in die VWL f\u00fcr Nicht\u00f6konomen (Vorlesung), WS 2015\/16<\/p><\/td><td><\/td><\/tr><tr><td><p>Teil 2: Einf\u00fchrung in die BWL f\u00fcr Nicht\u00f6konomen (Vorlesung und \u00dcbung), SoSe 2015<\/p><\/td><td><\/td><\/tr><tr><td><p>G4 Basismodul &#8222;\u00d6konomie&#8220;<\/p><\/td><td><\/td><\/tr><tr><td><p>Teilnehmende des Moduls &#8222;Grundlagen der BWL f\u00fcr Nicht\u00f6konomen und Existenzgr\u00fcnder&#8220; sowie Studierende des Fachs Wirtschaftswissenschaft k\u00f6nnen an diesem Modul nicht teilnehmen!<\/p><\/td><td><\/td><\/tr><tr><td><p><\/p><\/td><td><\/td><\/tr><tr><td width=\"90%\"><p><a href=\"https:\/\/vvz.ruhr-uni-bochum.de\/campus\/all\/module.asp?gguid=0x91BABEEE7BEB7549AB92F439B94D7203&amp;fieldgguid=&amp;findmodule=Grundlagen+der+Businessplanerstellung&amp;tguid=0x68EC47CBD8D7ED4F9C6EB19FCBF5132A&amp;strSignMessage=\">Grundlagen der Businessplanerstellung (5 CP)<\/a><\/p><\/td><td><\/td><\/tr><tr><td><p>Teil 1: Grundlagen der Businessplanerstellung (Vorlesung), SoSe 2015<\/p><\/td><td><\/td><\/tr><tr><td><p>Teil 2: Grundlagen der Businessplanerstellung (\u00dcbung), SoSe 2015<\/p><\/td><td><\/td><\/tr><tr><td><p>G4 Aufbaumodul Existenzgr\u00fcndung<\/p><\/td><td><\/td><\/tr><tr><td><p>Studierende der Wirtschaftswissenschaft (&#8222;Management&#8220;, &#8222;Economics&#8220; und &#8222;Management and Economics&#8220;) und 2-Fach-Bachelor Studierende mit dem Fach BWL k\u00f6nnen an diesem Modul nicht teilnehmen!<\/p><\/td><td><\/td><\/tr><tr><td><\/td><td><\/td><\/tr><tr><td colspan=\"2\"><p>Interdisziplin\u00e4re Module<\/p><\/td><\/tr><tr><td width=\"90%\"><p><a href=\"https:\/\/vvz.ruhr-uni-bochum.de\/campus\/all\/module.asp?gguid=0x95B0C3854EC3204291CE2C1F7DEB8E05&amp;tguid=0x68EC47CBD8D7ED4F9C6EB19FCBF5132A\">Basismodul &#8222;Sport und Natur im Diskurs: STONE-AGE-light&#8220; (5 CP)<\/a><\/p><\/td><td><\/td><\/tr><tr><td><p>Teil 1: Bewegung unter verschiedenen Umgebungsbedingungen und Ern\u00e4hrungsmodifikationen &#8211; Theorie und Projektentwicklung (Seminar), SoSe 2015<\/p><\/td><td><\/td><\/tr><tr><td><p>Teil 2:Projektentwicklung und Vorbereitung einer Feldstudie (\u00dcbung), SoSe 2015<\/p><\/td><td><\/td><\/tr><tr><td><p>Teil 3: Abschlu\u00dfsymposium, WS 2015\/16<\/p><\/td><td><\/td><\/tr><tr><td><p>G4 Intensiv studieren<\/p><\/td><td><\/td><\/tr><tr><td><p>Das Modul kann nur in Verbindung mit dem Aufbaumodul &#8222;Sport und Natur im Diskurs: STONE-AGE-light&#8220; (10 CP, Gebiet 2) belegt werden. Das Modul wird fakult\u00e4ts\u00fcbergreifend gemeinsam mit dem Modul &#8222;Basismodul Sport und Natur im Diskurs: STONE-AGE-light&#8220; der Fakult\u00e4t f\u00fcr Sportwissenschaften angeboten.<\/p><\/td><td><\/td><\/tr><tr><td><p><\/p><\/td><td><\/td><\/tr><tr><td width=\"90%\"><p><a href=\"https:\/\/vvz.ruhr-uni-bochum.de\/campus\/all\/module.asp?gguid=0x5825A60B76E1CF439CB2058F9B4482CB&amp;fieldgguid=&amp;findmodule=Bioethische+Grundfragen&amp;tguid=0x68EC47CBD8D7ED4F9C6EB19FCBF5132A&amp;strSignMessage=\">Bioethische Grundfragen (Summer School) (5 CP)<\/a><\/p><\/td><td><\/td><\/tr><tr><td><p>Teil 1: Summer School Grundlagen der Bioethik in Wissenschaft und Gesellschaft (Blockseminar), SoSe 2015<\/p><\/td><td><\/td><\/tr><tr><td><p>Teil 2: Bioethik vermitteln: Didaktik und Praxis (Workshop), SoSe 2015<\/p><\/td><td><\/td><\/tr><tr><td><p>G4 Interdisziplin\u00e4r studieren<\/p><\/td><td><\/td><\/tr><tr><td><p><\/p><\/td><td><\/td><\/tr><tr><td width=\"90%\"><p><a href=\"https:\/\/vvz.ruhr-uni-bochum.de\/campus\/all\/module.asp?gguid=0x5B1100313D0A4943B9AEA06CD4A7502A&amp;fieldgguid=&amp;mode=&amp;findmodule=Entwicklung+praxisrelevanter+Forschungsf&amp;tguid=0x68EC47CBD8D7ED4F9C6EB19FCBF5132A\">Entwicklung praxisrelevanter Forschungsfragen im Praktikum (15 CP)<\/a><\/p><\/td><td><\/td><\/tr><tr><td><p>Teil 1: Forschungsfragen und -zyklen entwickeln (Seminar), SoSe 2015<\/p><\/td><td><\/td><\/tr><tr><td><p>Teil 2: Begleitetes Praktikum (Praktikum), SoSe 2015<\/p><\/td><td><\/td><\/tr><tr><td><p>Teil 3: Nachbereitung der Forschungsfrage aus dem Praktikum (Abschlusskolloquium), WS 2015\/16<\/p><\/td><td><\/td><\/tr><tr><td><p>G4 Interdisziplin\u00e4r studieren und G5 Praktikum des Optionalbereichs<\/p><\/td><td><\/td><\/tr><tr><td><p><\/p><\/td><td><\/td><\/tr><tr><td width=\"90%\"><p><a href=\"https:\/\/vvz.ruhr-uni-bochum.de\/campus\/all\/module.asp?gguid=0x3B591905416CAE4F9A4CE1790ECFBBA3&amp;fieldgguid=&amp;findmodule=Erinnerungskultur+in+Deutschland+und+bei&amp;tguid=0x68EC47CBD8D7ED4F9C6EB19FCBF5132A&amp;strSignMessage=\">Erinnerungskultur in Deutschland und bei seinen \u00f6stlichen Nachbarn (5 CP)<\/a><\/p><\/td><td><\/td><\/tr><tr><td><p>Teil 1: Erinnerungskultur in Deutschland und bei seinen \u00f6stlichen Nachbarn (Seminar),, SoSe 2015<\/p><\/td><td><\/td><\/tr><tr><td><p>Teil 2: Polnische Erinnerungskultur in Lublin (Exkursion), SoSe 2015<\/p><\/td><td><\/td><\/tr><tr><td><p>G4 International studieren<\/p><\/td><td><\/td><\/tr><tr><td><p><\/p><\/td><td><\/td><\/tr><tr><td width=\"90%\"><p><a href=\"https:\/\/vvz.ruhr-uni-bochum.de\/campus\/all\/module.asp?gguid=0x818DC58891C74747A12270B61A466F16&amp;fieldgguid=&amp;findmodule=Farben+sehen+und+erleben&amp;tguid=0x68EC47CBD8D7ED4F9C6EB19FCBF5132A&amp;strSignMessage=\">Farben sehen und erleben (5 CP)<\/a><\/p><\/td><td><\/td><\/tr><tr><td><p>Teil 1: Farben sehen und erleben &#8211; Theorie und Geschichte (Seminar), SoSe 2015<\/p><\/td><td><\/td><\/tr><tr><td><p>Teil 2: Farben sehen und erleben &#8211; Praktische Einf\u00fchrung in die Welt der Farben und der Malerei (Praktische \u00dcbung), SoSe 2015<\/p><\/td><td><\/td><\/tr><tr><td><p>G4 Basismodul &#8222;Kunst und Kultur&#8220;<\/p><\/td><td><\/td><\/tr><tr><td><p>Bitte beachten Sie, dass ein Materialkostenzuschuss von 15 Euro anf\u00e4llt.<\/p><\/td><td><\/td><\/tr><tr><td><p><\/p><\/td><td><\/td><\/tr><tr><td width=\"90%\"><p><a href=\"https:\/\/vvz.ruhr-uni-bochum.de\/campus\/all\/module.asp?gguid=0x770EA83163F53C49AE988D5760F00924&amp;fieldgguid=&amp;findmodule=Gender+-+Medien+-+Performanz.+Inszenieru&amp;tguid=0x68EC47CBD8D7ED4F9C6EB19FCBF5132A&amp;strSignMessage=\">Gender &#8211; Medien &#8211; Performanz. Inszenierungen von Geschlecht in Geschichte und Gegenwart (10 CP)<\/a> !! NEU: 20.03. !!<\/p><\/td><td><\/td><\/tr><tr><td><p>Teil 1: Gender &#8211; Medien &#8211; Performanz. Einf\u00fchrung (Seminar), SoSe 2015<\/p><\/td><td><\/td><\/tr><tr><td><p>Teil 2: Die h\u00f6fische Gesellschaft in Frankreich (Landeskunde) (Hauptseminar), SoSe 2015<\/p><\/td><td><\/td><\/tr><tr><td><p>Teil 3: S Gender-Performance in Alltagswelt und Medienkultur. Ein studentisches Forschungsprojekt (Blockseminar), SoSe 2015<\/p><\/td><td><\/td><\/tr><tr><td><p>Teil 4: Die Performance der Schauspielerin im 18. Jahrhundert (Seminar), SoSe 2015<\/p><\/td><td><\/td><\/tr><tr><td><p>G4 Interdisziplin\u00e4r studieren<\/p><\/td><td><\/td><\/tr><tr><td><p>Achtung: Studierende der Romanischen Philologie, der Gender Studies und der Theaterwissenschaft k\u00f6nnen an diesem Modul im Rahmen des Optionalbereichs nur teilnehmen, wenn die jeweiligen Einzelveranstaltungen des Moduls (Teil 1-4) nicht Bestandteil eines Fachmoduls bzw. des Fachstudiums in Romanischer Philologie, Theaterwissenschaft und\/oder Gender Studies sind!<\/p><\/td><td><\/td><\/tr><tr><td><p><\/p><\/td><td><\/td><\/tr><tr><td width=\"90%\"><p><a href=\"https:\/\/vvz.ruhr-uni-bochum.de\/campus\/all\/module.asp?gguid=0xF73D8613B5FCEB4098DC4A94172F7650&amp;fieldgguid=&amp;mode=&amp;findmodule=huma&amp;tguid=0xD5A3A96E7649FA4BB6E721A4533F4B18\">Humanitarian Action in the 21st Century (Summer School) (5 CP)<\/a><\/p><\/td><td><\/td><\/tr><tr><td><p>Teil 1: Humanitarian Action in the 21st Century: Principles, Practices and New Challenges (block course), SoSe 2015<\/p><\/td><td><\/td><\/tr><tr><td><p>Teil 2: Summer School Desaster Response (simulation exercise), SoSe 2015<\/p><\/td><td><\/td><\/tr><tr><td><p>G4 Interdisziplin\u00e4r studieren<\/p><\/td><td><\/td><\/tr><tr><td><p>Das Modul ist erst ab dem 3. Fachsemester belegbar! Gute Englischkenntnisse werden vorausgesetzt.<\/p><\/td><td><\/td><\/tr><tr><td><p><\/p><\/td><td><\/td><\/tr><tr><td width=\"90%\"><p><a href=\"https:\/\/vvz.ruhr-uni-bochum.de\/campus\/all\/module.asp?gguid=0x6D33880D23EA9642840D969766C95C28&amp;fieldgguid=&amp;mode=&amp;findmodule=irland&amp;tguid=0x68EC47CBD8D7ED4F9C6EB19FCBF5132A\">Irland: Sprache und Kultur I (5 CP)<\/a><\/p><\/td><td><\/td><\/tr><tr><td><p>Teil 1: Irisch I (Sprachkurs), SoSe 2015<\/p><\/td><td><\/td><\/tr><tr><td><p>Teil 2: Irische Kultur: Ireland in the Last 150 Years (Seminar), SoSe 2015<\/p><\/td><td><\/td><\/tr><tr><td><p>G1 Modul Irisch I \/ G4 Basismodul &#8222;Kulturelle Kompetenz&#8220;<\/p><\/td><td><\/td><\/tr><tr><td><p><\/p><\/td><td><\/td><\/tr><tr><td width=\"90%\"><p><a href=\"https:\/\/vvz.ruhr-uni-bochum.de\/campus\/all\/module.asp?gguid=0x24FC0973F91EBA40A33377C71BA604C3&amp;fieldgguid=&amp;mode=&amp;findmodule=irland&amp;tguid=0x68EC47CBD8D7ED4F9C6EB19FCBF5132A\">Irland: Sprache und Kultur II &#8211; vor Ort (5 CP)<\/a><\/p><\/td><td><\/td><\/tr><tr><td><p>Teil 1: Exkursion nach Ballyferriter\/ Kerry\/ Irland (Exkursion), SoSe 2015<\/p><\/td><td><\/td><\/tr><tr><td><p>Teil 2a: Lekt\u00fcrekurs: Irische Texte, SoSe 2015<\/p><\/td><td><\/td><\/tr><tr><td><p>Teil 2b: Irisch II (Sprachkurs), SoSe 2015<\/p><\/td><td><\/td><\/tr><tr><td><p>G1 Modul Irisch &#8211; vor Ort \/G1 Modul Irisch II \/ G4 Basismodul &#8222;Kulturelle Kompetenz&#8220;<\/p><\/td><td><\/td><\/tr><tr><td><p>Achtung: Die erfolgreiche Teilnahme an einem Irischkurs (mindestens Irisch I) ist Voraussetzung f\u00fcr die Teilnahme an diesem Modul!<\/p><\/td><td><\/td><\/tr><tr><td><p><\/p><\/td><td><\/td><\/tr><tr><td width=\"90%\"><p><a href=\"https:\/\/vvz.ruhr-uni-bochum.de\/campus\/all\/module.asp?gguid=0x2B2A95F558037F4684AF9ECF804C996B&amp;fieldgguid=&amp;mode=&amp;findmodule=irland&amp;tguid=0x68EC47CBD8D7ED4F9C6EB19FCBF5132A\">Irland: Sprache und Kultur II (5 CP)<\/a><\/p><\/td><td><\/td><\/tr><tr><td><p>Teil 1: Irisch II (Sprachkurs), SoSe 2015<\/p><\/td><td><\/td><\/tr><tr><td><p>Teil 2a: Lekt\u00fcrekurs: Irische Texte, SoSe 2015<\/p><\/td><td><\/td><\/tr><tr><td><p>Teil 2b: Irische Kultur: Ireland in the Last 150 Years (Seminar), SoSe 2015<\/p><\/td><td><\/td><\/tr><tr><td><p>G1 Modul Irisch II \/ G4 Basismodul &#8222;Kulturelle Kompetenz&#8220;<\/p><\/td><td><\/td><\/tr><tr><td><p><\/p><\/td><td><\/td><\/tr><tr><td width=\"90%\"><p><a href=\"https:\/\/vvz.ruhr-uni-bochum.de\/campus\/all\/module.asp?gguid=0x42F2554E702B5742AA2FE3F1554E35A1&amp;fieldgguid=&amp;mode=&amp;findmodule=irland&amp;tguid=0x68EC47CBD8D7ED4F9C6EB19FCBF5132A\">Irland: Sprache und Kultur III (5 CP)<\/a><\/p><\/td><td><\/td><\/tr><tr><td><p>Teil 1: Irisch III (Sprachkurs), SoSe 2015<\/p><\/td><td><\/td><\/tr><tr><td><p>Teil 2a: Lekt\u00fcrekurs: Irische Texte, SoSe 2015<\/p><\/td><td><\/td><\/tr><tr><td><p>Teil 2b: Irische Kultur: Ireland in the Last 150 Years (Seminar), SoSe 2015<\/p><\/td><td><\/td><\/tr><tr><td><p>G1 Modul Irisch III \/ G4 Basismodul &#8222;Kulturelle Kompetenz&#8220;<\/p><\/td><td><\/td><\/tr><tr><td><p><\/p><\/td><td><\/td><\/tr><tr><td width=\"90%\"><p><a href=\"https:\/\/vvz.ruhr-uni-bochum.de\/campus\/all\/module.asp?gguid=0x79B5BA286D837E49A2F4E1206DBC3451&amp;fieldgguid=&amp;mode=&amp;findmodule=irland&amp;tguid=0x68EC47CBD8D7ED4F9C6EB19FCBF5132A\">Irland: Sprache und Kultur IV(5 CP)<\/a><\/p><\/td><td><\/td><\/tr><tr><td><p>Teil 1: Irisch IV (Sprachkurs), SoSe 2015<\/p><\/td><td><\/td><\/tr><tr><td><p>Teil 2a: Lekt\u00fcrekurs: Irische Texte, SoSe 2015<\/p><\/td><td><\/td><\/tr><tr><td><p>Teil 2b: Irische Kultur: Ireland in the Last 150 Years (Seminar), SoSe 2015<\/p><\/td><td><\/td><\/tr><tr><td><p>G1 Modul Irisch IV \/ G4 Basismodul &#8222;Kulturelle Kompetenz&#8220;<\/p><\/td><td><\/td><\/tr><tr><td><p><\/p><\/td><td><\/td><\/tr><tr><td width=\"90%\"><p><a href=\"https:\/\/vvz.ruhr-uni-bochum.de\/campus\/all\/module.asp?gguid=0x78CE37C0FF33024B87DC90D4D4A6220B&amp;fieldgguid=&amp;mode=&amp;findmodule=Kulturelle&amp;tguid=0x68EC47CBD8D7ED4F9C6EB19FCBF5132A\">Kulturelle Bildung: Urbanes Lernen. Kulturelle Bildung in urbanen \u00f6ffentlichen R\u00e4umen (Summer School) (5 CP)<\/a><\/p><\/td><td><\/td><\/tr><tr><td><p>Teil 1: Urbanes Lernen (Symposium), SoSe 2015<\/p><\/td><td><\/td><\/tr><tr><td><p>Teil 2: Summer School Urbanes Lernen (Blockseminar), SoSe 2015<\/p><\/td><td><\/td><\/tr><tr><td><p>G4 Interdisziplin\u00e4r studieren<\/p><\/td><td><\/td><\/tr><tr><td><p>Das Modul kann alternativ zum Modul &#8222;Kulturelle Bildung&#8220; f\u00fcr das Zertifikat f\u00fcr die profilbildenden Studien &#8222;Kulturelle Bildung&#8220; anerkannt werden.<\/p><\/td><td><\/td><\/tr><tr><td><p><\/p><\/td><td><\/td><\/tr><tr><td width=\"90%\"><p><a href=\"https:\/\/vvz.ruhr-uni-bochum.de\/campus\/all\/module.asp?gguid=0x46F2462307E5DA41868784554AC19E3F&amp;fieldgguid=&amp;findmodule=Landnutzung&amp;tguid=0x35D2D2252219884DA5B39E2B57260CC6&amp;strSignMessage=\">Landnutzung, Infrastruktur und Nachhaltigkeit: Voraussetzungen, Akteure und Geschichte (10 CP) <\/a><\/p><\/td><td><\/td><\/tr><tr><td><p>Teil 1: Landnutzung, Infrastruktur und Nachhaltigkeit (Blockseminar in der vorlesungsfreien Zeit), WS 2014\/15<\/p><\/td><td><\/td><\/tr><tr><td><p>Teil 2: Landnutzung, Infrastruktur und Nachhaltigkeit (betreute Eigenarbeit in der vorlesungsfreien Zeit), WS 2014\/15<\/p><\/td><td><\/td><\/tr><tr><td><p>Teil 3: Landnutzung, Infrastruktur und Nachhaltigkeit: Voraussetzungen, Akteure und Geschichte (Planspiel und Exkursion), SoSe 2015<\/p><\/td><td><\/td><\/tr><tr><td><p>G4 Interdisziplin\u00e4r studieren<\/p><\/td><td><\/td><\/tr><tr><td><p>Keine Anmeldung mehr m\u00f6glich! Fortf\u00fchrung aus dem WS 2014\/15.<\/p><\/td><td><\/td><\/tr><tr><td><p><\/p><\/td><td><\/td><\/tr><tr><td width=\"90%\"><p><a href=\"https:\/\/vvz.ruhr-uni-bochum.de\/campus\/all\/module.asp?gguid=0x6CB0229D26E5CF479174428B986D1098&amp;fieldgguid=&amp;findmodule=Medizin+trifft+%D6konomie%2E+Eine+interdiszi&amp;tguid=0x68EC47CBD8D7ED4F9C6EB19FCBF5132A&amp;strSignMessage=\">Medizin trifft \u00d6konomie. Eine interdisziplin\u00e4re Expedition ins Krankenhaus (10 CP)<\/a><\/p><\/td><td><\/td><\/tr><tr><td><p>Teil 1: \u00d6konomisierung des Gesundheitswesens und die Auswirkungen auf medizinisches Handeln (Blockseminar), SoSe 2015<\/p><\/td><td><\/td><\/tr><tr><td><p>Teil 2: Begleitetes Forschungsprojekt I, SoSe 2015<\/p><\/td><td><\/td><\/tr><tr><td><p>Teil 3: Das Krankenhaus im Wandel &#8211; Zwischen Kostendruck und Patientenwohl (Seminar), WS 2015\/16<\/p><\/td><td><\/td><\/tr><tr><td><p>Teil 4: Begleitetes Forschungsprojekt II, WS 2015\/16<\/p><\/td><td><\/td><\/tr><tr><td><p>G4 Intensiv studieren<\/p><\/td><td><\/td><\/tr><tr><td><p><\/p><\/td><td><\/td><\/tr><tr><td width=\"90%\"><p><a href=\"https:\/\/www.ruhr-uni-bochum.de\/optionalbereich\/sites\/modularchiv\/geb4\/mod_4_51_a.shtml\">Medizinische Physik: Von der Entstehung des Lebens zur modernen Medizintechnik (Summer School) (5 CP)<\/a><\/p><\/td><td><\/td><\/tr><tr><td><p>Teil 1: Medizinische Physik: eine Einf\u00fchrung in grundlegende Fragestellungen (Workshop), SoSe 2015<\/p><\/td><td><\/td><\/tr><tr><td><p>Teil 2: Summer School Von der Entstehung des Lebens mit zur modernen Medizinphysik (Blockseminar), SoSe 2015<\/p><\/td><td><\/td><\/tr><tr><td><p>Teil 3: Medizinische Physik: Analyse der Herausforderungen eines interdisziplin\u00e4ren Forschungsgebiets (Abschlusspr\u00e4sentation), SoSe 2015<\/p><\/td><td><\/td><\/tr><tr><td><p>G4 Interdisziplin\u00e4r studieren<\/p><\/td><td><\/td><\/tr><tr><td><p><\/p><\/td><td><\/td><\/tr><tr><td width=\"90%\"><p><a href=\"https:\/\/vvz.ruhr-uni-bochum.de\/campus\/all\/module.asp?gguid=0x55E7F0DAE74A1149B24FEF3EF554364A&amp;fieldgguid=&amp;findmodule=Modellierung+von+Zeit&amp;tguid=0x68EC47CBD8D7ED4F9C6EB19FCBF5132A&amp;strSignMessage=\">Modellierung von Zeit (Summer School) (5 CP) <\/a><\/p><\/td><td><\/td><\/tr><tr><td><p>Teil 1: Die Wahrnehmung von Zeit in Theorie und Medien (Lekt\u00fcrekurs), SoSe 2015<\/p><\/td><td><\/td><\/tr><tr><td><p>Teil 2: Summer School Modellierung von Zeit (Blockseminar), SoSe 2015<\/p><\/td><td><\/td><\/tr><tr><td><p>Teil 3: Zur\u00fcck in die Zukunft (Projektarbeit, Zukunftswerkstatt), SoSe 2015<\/p><\/td><td><\/td><\/tr><tr><td><p>G4 Interdisziplin\u00e4r studieren<\/p><\/td><td><\/td><\/tr><tr><td><p>Das Modul ist richtet sich an Studierende ab dem 3. Fachsemester!<\/p><\/td><td><\/td><\/tr><tr><td><p><\/p><\/td><td><\/td><\/tr><tr><td width=\"90%\"><p><a href=\"https:\/\/vvz.ruhr-uni-bochum.de\/campus\/all\/module.asp?gguid=0xACEFE39C781F0F4ABBB016360E3FD96E&amp;fieldgguid=&amp;findmodule=New+Challenges+of+Humanitarian+Action+in&amp;tguid=0x68EC47CBD8D7ED4F9C6EB19FCBF5132A&amp;strSignMessage=\">New Challenges of Humanitarian Action in the 21st Century (5 CP)<\/a><\/p><\/td><td><\/td><\/tr><tr><td><p>Teil 1: New Challenges of Humanitarian Action (lecture)SoSe 2015<\/p><\/td><td><\/td><\/tr><tr><td><p>Teil 2: Practical training (internship) of around four weeks SoSe 2015<\/p><\/td><td><\/td><\/tr><tr><td><p>G4Interdisziplin\u00e4r studieren<\/p><\/td><td><\/td><\/tr><tr><td><p>This course is open to B.A. students from all Faculties at Ruhr University Bochum with a strong interest in interdisciplinary themes. Requirements for participation: minimum: 3rd semester, good knowledge of the English language (course is entirely taught in English), and a high degree of interest in international humanitarian action. Students from specific assignments dealing with humanitarian issues, e.g. medical, civil engineering, law students, etc., who would like to work or study in humanitarian settings in the future, are also welcome &#8211; space permitting. Prerequisite for this course is either the completion of module one &#8222;Organizing Interventions in Humanitarian Crises&#8220;, or the Summer School &#8222;Humanitarian Action&#8220;, respectively.<\/p><\/td><td><\/td><\/tr><tr><td><p><\/p><\/td><td><\/td><\/tr><tr><td width=\"90%\"><p><a href=\"https:\/\/vvz.ruhr-uni-bochum.de\/campus\/all\/module.asp?gguid=0xA569A95EB53E6A4C9B6AC98504B84EA6&amp;fieldgguid=&amp;findmodule=Not+in+my+back+yar&amp;tguid=0x68EC47CBD8D7ED4F9C6EB19FCBF5132A&amp;strSignMessage=\">Not in my back yard! &#8211; \u00d6ffentlichkeitsbeteiligung bei Industrie- und Infrastrukturprojekten (5 CP)<\/a><\/p><\/td><td><\/td><\/tr><tr><td><p>Teil 1: \u00d6ffentlichkeitsbeteiligung bei Industrie- und Infrastrukturprojekten aus multidisziplin\u00e4rer Sicht (Vorlesung), SoSe 2015<\/p><\/td><td><\/td><\/tr><tr><td><p>Teil 2: Fallbearbeitungen (Problem-based Learning) zur Thematik der \u00d6ffentlichkeitsbeteiligung bei Industrie- und Infrastrukturprojekten (\u00dcbung), SoSe 2015<\/p><\/td><td><\/td><\/tr><tr><td><p>G2 Kommunikation und Mediation und G4 Basismodul &#8222;Wissenschaft in der Praxis&#8220;<\/p><\/td><td><\/td><\/tr><tr><td><p>Das Modul ist richtet sich an Studierende ab dem 3.\/4. Fachsemester!<\/p><\/td><td><\/td><\/tr><tr><td><p><\/p><\/td><td><\/td><\/tr><tr><td width=\"90%\"><p><a href=\"https:\/\/vvz.ruhr-uni-bochum.de\/campus\/all\/module.asp?gguid=0x9477A749272DD24F89C63B1A5731B70D&amp;fieldgguid=&amp;findmodule=Politik+und+Religion&amp;tguid=0x68EC47CBD8D7ED4F9C6EB19FCBF5132A&amp;strSignMessage=\">Politik und Religion (10 CP)<\/a><\/p><\/td><td><\/td><\/tr><tr><td><p>Teil 1: Erschlie\u00dfung wissenschaftlicher Themen (Vorlesung\/Seminar), SoSe 2015 Die verschiedenen Veranstaltungen aus denen man w\u00e4hlen kann entnehmen Sie bitte der Modulbeschreibung in CampusOffice<\/p><\/td><td><\/td><\/tr><tr><td><p>Teil 2: Politik und Religion (praktische \u00dcbung), SoSe 2015 und WS 2015716<\/p><\/td><td><\/td><\/tr><tr><td><p>Teil 3: Religion und Gesellschaft in den antiken Kulturen (Vorlesung), WS 2015\/16<\/p><\/td><td><\/td><\/tr><tr><td><p>Teil 4: Heilige Menschen? Die Stellung von Priestern und Sehern in der Politik der antiken Gesellschaften (\u00dcbung), WS 2015\/16<\/p><\/td><td><\/td><\/tr><tr><td><p>G4 Interdisziplin\u00e4r studieren<\/p><\/td><td><\/td><\/tr><tr><td><p><\/p><\/td><td><\/td><\/tr><tr><td width=\"90%\"><p><a href=\"https:\/\/vvz.ruhr-uni-bochum.de\/campus\/all\/module.asp?gguid=0xCE5395776CCC0A4CAECD54C1F2F5A722&amp;fieldgguid=&amp;findmodule=Religion+und+Normativit%E4t&amp;tguid=0x68EC47CBD8D7ED4F9C6EB19FCBF5132A&amp;strSignMessage=\">Religion und Normativit\u00e4t (5 CP)<\/a><\/p><\/td><td><\/td><\/tr><tr><td><p>Teil 1: Religi\u00f6se Vielfalt. Eine Herausforderung f\u00fcr Politik, Religion und Gesellschaft (Seminar), SoSe 2015<\/p><\/td><td><\/td><\/tr><tr><td><p>Teil 2: Spurenlese in religi\u00f6sen Landschaften der Moderne (e-learning mit Exkursion), SoSe 2015<\/p><\/td><td><\/td><\/tr><tr><td><p>G4 Intensiv studieren<\/p><\/td><td><\/td><\/tr><tr><td><p><\/p><\/td><td><\/td><\/tr><tr><td width=\"90%\"><p><a href=\"https:\/\/vvz.ruhr-uni-bochum.de\/campus\/all\/module.asp?gguid=0x29C0D3293DFF9B4992E960CB1EA4A4A2&amp;fieldgguid=&amp;mode=&amp;findmodule=Social&amp;tguid=0x68EC47CBD8D7ED4F9C6EB19FCBF5132A\">Social Movements in European Perspectives: Past, Present and Future (Summer School) (5 CP)<\/a><\/p><\/td><td><\/td><\/tr><tr><td><p>Teil 1: Social Movements: Basics and Specifics(Distant-Learning-Seminar), SoSe 2015<\/p><\/td><td><\/td><\/tr><tr><td><p>Teil 2: Summer School &#8222;Social Movements in Global Perspectives(Konferenz), SoSe 2015<\/p><\/td><td><\/td><\/tr><tr><td><p>Teil 3: Social Movements and their Future (Workshop), SoSe 2015<\/p><\/td><td><\/td><\/tr><tr><td><p>G4 Interdisziplin\u00e4r studieren<\/p><\/td><td><\/td><\/tr><tr><td><p>The module is aimed at students of all subjects from the third semester onwards (BA) who are interested in interdisciplinary research on the history and present of social movements. Please note: As the program is international, the language (literature and discussions) will at all times be English. Thorough knowledge of English is mandatory.<\/p><\/td><td><\/td><\/tr><tr><td><p><\/p><\/td><td><\/td><\/tr><tr><td width=\"90%\"><p><a href=\"https:\/\/vvz.ruhr-uni-bochum.de\/campus\/all\/module.asp?gguid=0x012BD0D77AC1F744B09D8FF558E71428&amp;fieldgguid=&amp;findmodule=Policy-Argumente+und+EU-Interessenvermit&amp;tguid=0x617D4B1934C59B4EB8B4036A80DCE504&amp;strSignMessage=\">Soziale Netze in multidisziplin\u00e4rer Perspektive (10 CP)<\/a><\/p><\/td><td><\/td><\/tr><tr><td><p>Teil 1: Soziale Netze (Vorlesung), SoSe 2015<\/p><\/td><td><\/td><\/tr><tr><td><p>Teil 2: Planspiel Soziale Netze (Praktische \u00dcbung), SoSe 2015<\/p><\/td><td><\/td><\/tr><tr><td><p>Teil 3: Soziale Netze (Hauptseminar), WS 2015\/16<\/p><\/td><td><\/td><\/tr><tr><td><p>Teil 4: Soziale Netze (Tutorials), SoSe 2015 und WS 2013\/14<\/p><\/td><td><\/td><\/tr><tr><td><p>G4 Interdisziplin\u00e4r studieren<\/p><\/td><td><\/td><\/tr><tr><td><p>Das Modul richtet sich an Studierende aller Fachrichtungen ab dem 3. Fachsemester mit hohem Interesse an interdisziplin\u00e4rem wissenschaftlichem Arbeiten und der Bereitschaft, sich auch auf fachfremde Texte einzulassen.<\/p><\/td><td><\/td><\/tr><tr><td><p><\/p><\/td><td><\/td><\/tr><tr><td width=\"90%\"><p><a href=\"https:\/\/vvz.ruhr-uni-bochum.de\/campus\/all\/module.asp?gguid=0x36891B8DDBE83D42A6656AB925AA8549&amp;fieldgguid=&amp;mode=&amp;findmodule=Sport+und+Natur+im+Diskurs&amp;tguid=0x68EC47CBD8D7ED4F9C6EB19FCBF5132A\">Sport und Natur im Diskurs (Optionalbereich) (10 CP)<\/a><\/p><\/td><td><\/td><\/tr><tr><td><p>Teil 1: Studienprojekt im Rahmen einer Feldversuchsreihe in Lappland\/Schweden (Exkursion), SoSe 2015<\/p><\/td><td><\/td><\/tr><tr><td><p>Teil 2: Datenauswertung und -aufbereitung (\u00dcbung), WS 15\/16<\/p><\/td><td><\/td><\/tr><tr><td><p>Teil 3: Abschlu\u00dfsymposium, WS 15\/16<\/p><\/td><td><\/td><\/tr><tr><td><p>G4 Intensiv studieren<\/p><\/td><td><\/td><\/tr><tr><td><p>Das Modul wird fakult\u00e4ts\u00fcbergreifend gemeinsam mit dem Modul &#8222;Basismodul Sport und Natur im Diskurs: STONE-AGE-light&#8220; der Fakult\u00e4t f\u00fcr Sportwissenschaften angeboten.<\/p><\/td><td><\/td><\/tr><tr><td><p><\/p><\/td><td><\/td><\/tr><tr><td width=\"90%\"><p><a href=\"https:\/\/vvz.ruhr-uni-bochum.de\/campus\/all\/module.asp?gguid=0xB99E558387673949A6ECED5E5AF0C98C&amp;fieldgguid=&amp;findmodule=Sprache+und+Kultur+Zentralasiens&amp;tguid=0x68EC47CBD8D7ED4F9C6EB19FCBF5132A&amp;strSignMessage=\">Sprache und Kultur Zentralasiens (5 CP)<\/a> !! NEU: 20.03. !!<\/p><\/td><td><\/td><\/tr><tr><td><p>Teil 1: Religionsgeschichte Tibets und der Mongolei von den Anf\u00e4ngen bis in die Gegenwart, (Seminar), SoSe 2015<\/p><\/td><td><\/td><\/tr><tr><td><p>Teil 2: Modernes Tibetisch, (Sprachkurs), WS 15\/16<\/p><\/td><td><\/td><\/tr><tr><td><p>G1 Modul Modernes Tibetisch \/ G4 Basismodul &#8222;Kulturelle Kompetenz&#8220;<\/p><\/td><td><\/td><\/tr><tr><td><p><\/p><\/td><td><\/td><\/tr><tr><td width=\"90%\"><p><a href=\"https:\/\/vvz.ruhr-uni-bochum.de\/campus\/all\/module.asp?gguid=0xA17D744F4F977343862A8741EE34F021&amp;fieldgguid=&amp;findmodule=Summer+School+Humanitarian+Action+in+the&amp;tguid=0x68EC47CBD8D7ED4F9C6EB19FCBF5132A&amp;strSignMessage=\">Summer School Humanitarian Action in the 21st Century (5 CP) <\/a>!! NEU: 20.03. !!<\/p><\/td><td><\/td><\/tr><tr><td><p>Teil 1: Humanitarian Action in the 21st Century: Principles, Practices and New Challenges (Blockveranstaltung), SoSe 2015<\/p><\/td><td><\/td><\/tr><tr><td><p>Teil 2: Desaster Response: An simulation exercise (Blockveranstaltung) , SoSe 2015<\/p><\/td><td><\/td><\/tr><tr><td><p>Teil 3: Meeting the Practitioners (Blockveranstaltung), SoSe 2015<\/p><\/td><td><\/td><\/tr><tr><td><p>G4 Interdisziplin\u00e4r studieren<\/p><\/td><td><\/td><\/tr><tr><td><p>&amp;The Summer school is open to B.A. students from all faculties at Ruhr-University Bochum with a high interest in interdisciplinary themes and methods, as well as students from other universities. Requirements for participation: minimum: 3rd semester, good knowledge of English (course is entirely taught in English), interest in international humanitarian action as proved in a one-page motivation letter.;<\/p><\/td><td><\/td><\/tr><tr><td><p><\/p><\/td><td><\/td><\/tr><tr><td width=\"90%\"><p><a href=\"https:\/\/vvz.ruhr-uni-bochum.de\/campus\/all\/module.asp?gguid=0x14119D0E80A1C34CA4C3CD2CC06AB436&amp;fieldgguid=&amp;findmodule=The+Best+Nation%3F+Deutschland+internation&amp;tguid=0x68EC47CBD8D7ED4F9C6EB19FCBF5132A&amp;strSignMessage=\">The Best Nation? Deutschland international in Theorie und Praxis (5 CP)<\/a><\/p><\/td><td><\/td><\/tr><tr><td><p>Teil 1: Ringvorlesung &#8222;Das vereinte Deutschland in internationaler Perspektive&#8220; SoSe 2015<\/p><\/td><td><\/td><\/tr><tr><td><p>Teil 2: \u00dcbung &#8222;Deutschlandbilder &#8211; Modelle im Praxistest&#8220;, SoSe 2015<\/p><\/td><td><\/td><\/tr><tr><td><p>G4 Basismodul &#8222;Identit\u00e4t und Differenz&#8220;<\/p><\/td><td><\/td><\/tr><tr><td><p><\/p><\/td><td><\/td><\/tr><tr><td width=\"90%\"><p><a href=\"https:\/\/vvz.ruhr-uni-bochum.de\/campus\/all\/module.asp?gguid=0xCFE234DCF86CD24693EADB610A07080D&amp;fieldgguid=&amp;findmodule=von+g&amp;tguid=0x68EC47CBD8D7ED4F9C6EB19FCBF5132A&amp;strSignMessage=\">Von G\u00f6ttern, Titanen, Helden, Genien&#8230; und Menschen &#8211; Vertonungen antiker Stoffe (5 CP)<\/a><\/p><\/td><td><\/td><\/tr><tr><td><p>Teil 1: Von G\u00f6ttern, Titanen, Helden, Genien&#8230; und Menschen &#8211; Vertonungen antiker Stoffe (Seminar), SoSe 2015<\/p><\/td><td><\/td><\/tr><tr><td><p>Teil 2: Musikpraktische \u00dcbung im Universit\u00e4tschor oder -orchester , SoSe 2015<\/p><\/td><td><\/td><\/tr><tr><td><p>G4 Basismodul &#8222;Kunst und Kultur&#8220;<\/p><\/td><td><\/td><\/tr><\/tbody><\/table><p><\/p><\/div>\n\t\t\t\t<\/div>\n\t\t\t\t\t\t\t<div class=\"elementor-accordion-item\">\n\t\t\t\t\t<div id=\"elementor-tab-title-91613\" class=\"elementor-tab-title\" data-tab=\"13\" role=\"button\" aria-controls=\"elementor-tab-content-91613\" aria-expanded=\"false\">\n\t\t\t\t\t\t\t\t\t\t\t\t\t<span class=\"elementor-accordion-icon elementor-accordion-icon-left\" aria-hidden=\"true\">\n\t\t\t\t\t\t\t\t\t\t\t\t\t\t\t<span class=\"elementor-accordion-icon-closed\"><i class=\"fas fa-plus\"><\/i><\/span>\n\t\t\t\t\t\t\t\t<span class=\"elementor-accordion-icon-opened\"><i class=\"fas fa-minus\"><\/i><\/span>\n\t\t\t\t\t\t\t\t\t\t\t\t\t\t<\/span>\n\t\t\t\t\t\t\t\t\t\t\t\t<a class=\"elementor-accordion-title\" tabindex=\"0\">WS 2014\/15<\/a>\n\t\t\t\t\t<\/div>\n\t\t\t\t\t<div id=\"elementor-tab-content-91613\" class=\"elementor-tab-content elementor-clearfix\" data-tab=\"13\" role=\"region\" aria-labelledby=\"elementor-tab-title-91613\"><table width=\"100%\"><tbody><tr><td colspan=\"2\"><p>Grundlagenmodule anderer F\u00e4cher<\/p><\/td><\/tr><tr><td colspan=\"2\"><p>Allgemeine &amp; vergleichende Literaturwissenschaft<\/p><\/td><\/tr><tr><td width=\"90%\"><p>In diesem Semester liegt leider kein Angebot vor.<\/p><\/td><td><\/td><\/tr><tr><td><p><\/p><\/td><td><\/td><\/tr><tr><td colspan=\"2\"><p>Anglistik\/Amerikanistik<\/p><\/td><\/tr><tr><td width=\"90%\"><p><a href=\"https:\/\/vvz.ruhr-uni-bochum.de\/campus\/all\/module.asp?gguid=0x75CC5C4F999BF648A3B1702F3ED963CF&amp;fieldgguid=&amp;findmodule=British+Politics&amp;tguid=0x35D2D2252219884DA5B39E2B57260CC6&amp;strSignMessage=\">British Politics (5 CP) <\/a><\/p><\/td><td><\/td><\/tr><tr><td><p>Teil 1: A History of Social Movements in Britain (Seminar), WS 2014\/15<\/p><\/td><td><\/td><\/tr><tr><td><p>Teil 2: Fascism and Anti-Fascism in Britain (Seminar), WS 2014\/15<\/p><\/td><td><\/td><\/tr><tr><td><p>G4 Basismodul &#8222;English Literature and Culture&#8220;<\/p><\/td><td><\/td><\/tr><tr><td><p>Studierende der Anglistik\/Amerikanistik k\u00f6nnen an diesem Modul zwar teilnehmen, jedoch keine Credit Points f\u00fcr den Optionalbereich erwerben!<\/p><\/td><td><\/td><\/tr><tr><td><p><\/p><\/td><td><\/td><\/tr><tr><td width=\"90%\"><p><a href=\"https:\/\/vvz.ruhr-uni-bochum.de\/campus\/all\/module.asp?gguid=0x62B9145C76838042A36FFBFF16284D45&amp;fieldgguid=&amp;findmodule=Englische+Sprache+und+Literatur+des+Mitt&amp;tguid=0x35D2D2252219884DA5B39E2B57260CC6&amp;strSignMessage=\">Englische Sprache und Literatur des Mittelalters (5 CP)<\/a><\/p><\/td><td><\/td><\/tr><tr><td><p>Teil 1: Medieval English Literature (\u00dcbung), WS 2014\/15<\/p><\/td><td><\/td><\/tr><tr><td><p>Teil 2a: Excalibur strikes again: Thomas Malory&#8217;s Morte D&#8217;Arthur (Seminar), WS 2014\/15 oder<\/p><\/td><td><\/td><\/tr><tr><td><p>Teil 2b: An Introduction to Middle English (Seminar), WS 2014\/15<\/p><\/td><td><\/td><\/tr><tr><td><p>G4 Basismodul &#8222;English Literature and Culture&#8220;<\/p><\/td><td><\/td><\/tr><tr><td><p>Studierende der Anglistik\/Amerikanistik k\u00f6nnen an diesem Modul zwar teilnehmen, jedoch keine Credit Points f\u00fcr den Optionalbereich erwerben!<\/p><\/td><td><\/td><\/tr><tr><td><p><\/p><\/td><td><\/td><\/tr><tr><td width=\"90%\"><p><a href=\"https:\/\/vvz.ruhr-uni-bochum.de\/campus\/all\/module.asp?gguid=0x6C468EF385E7044384BD0696E1A8697F&amp;fieldgguid=&amp;findmodule=Englische+Literatur&amp;tguid=0x35D2D2252219884DA5B39E2B57260CC6&amp;strSignMessage=\">Englische Literatur (5 CP)<\/a><\/p><\/td><td><\/td><\/tr><tr><td><p>Teil 1: The Literature of Sensibility (Vorlesung), WS 2014\/15<\/p><\/td><td><\/td><\/tr><tr><td><p>Teil 2a: The Commemoration of the First World War in British Poetry and Fiction (Seminar), WS 2014\/15 oder<\/p><\/td><td><\/td><\/tr><tr><td><p>Teil 2b: Modernist Short Stories (Seminar), WS 2014\/15<\/p><\/td><td><\/td><\/tr><tr><td><p>G4 Basismodul &#8222;English Literature and Culture&#8220;<\/p><\/td><td><\/td><\/tr><tr><td><p>Studierende der Anglistik\/Amerikanistik k\u00f6nnen an diesem Modul zwar teilnehmen, jedoch keine Credit Points f\u00fcr den Optionalbereich erwerben!<\/p><\/td><td><\/td><\/tr><tr><td><p><\/p><\/td><td><\/td><\/tr><tr><td width=\"90%\"><p><a href=\"https:\/\/vvz.ruhr-uni-bochum.de\/campus\/all\/module.asp?gguid=0x080E4A290F69F740925C1C9E7B8D9081&amp;fieldgguid=&amp;findmodule=Scottish+Culture&amp;tguid=0x35D2D2252219884DA5B39E2B57260CC6&amp;strSignMessage=\">Scottish Culture (5 CP)<\/a><\/p><\/td><td><\/td><\/tr><tr><td><p>Teil 1: Kilts, Whisky, Heroin: Representations of Scotland in Film (Seminar), WS 2014\/15<\/p><\/td><td><\/td><\/tr><tr><td><p>Teil 2: Scotland after the Referendum (\u00dcbung), WS 2014\/15<\/p><\/td><td><\/td><\/tr><tr><td><p>G4 Basismodul &#8222;English Literature and Culture&#8220;<\/p><\/td><td><\/td><\/tr><tr><td><p>Studierende der Anglistik\/Amerikanistik k\u00f6nnen an diesem Modul zwar teilnehmen, jedoch keine Credit Points f\u00fcr den Optionalbereich erwerben!<\/p><\/td><td><\/td><\/tr><tr><td><p><\/p><\/td><td><\/td><\/tr><tr><td width=\"90%\"><p><a href=\"https:\/\/vvz.ruhr-uni-bochum.de\/campus\/all\/module.asp?gguid=0xDA708512048AF44D9460C5772B5A192C&amp;fieldgguid=&amp;findmodule=US-Amerikanische+Literatur+und+Kultur+vo&amp;tguid=0x35D2D2252219884DA5B39E2B57260CC6&amp;strSignMessage=\">US-Amerikanische Literatur und Kultur vor 1900 (5 CP)<\/a><\/p><\/td><td><\/td><\/tr><tr><td><p>Teil 1: American Literature and Culture from the Beginnings to the Civil War (Vorlesung), WS 2014\/15<\/p><\/td><td><\/td><\/tr><tr><td><p>Teil 2a: &#8222;Quoth the raven, &#8218;Nevermore'&#8220;: Edgar Allan Poe in Literary and Cultural History (Seminar), WS 2014\/15 oder<\/p><\/td><td><\/td><\/tr><tr><td><p>Teil 2b: Reading Melville&#8217;s Moby Dick (Seminar), WS 2014\/15<\/p><\/td><td><\/td><\/tr><tr><td><p>G4 Basismodul &#8222;English Literature and Culture&#8220;<\/p><\/td><td><\/td><\/tr><tr><td><p>Studierende der Anglistik\/Amerikanistik k\u00f6nnen an diesem Modul zwar teilnehmen, jedoch keine Credit Points f\u00fcr den Optionalbereich erwerben!<\/p><\/td><td><\/td><\/tr><tr><td><\/td><td><\/td><\/tr><tr><td colspan=\"2\"><p>Arch\u00e4ologische Wissenschaften<\/p><\/td><\/tr><tr><td width=\"90%\"><p><a href=\"https:\/\/vvz.ruhr-uni-bochum.de\/campus\/all\/module.asp?gguid=0xAAB2A24A99F69745B31AED2299A97F9F&amp;fieldgguid=&amp;findmodule=Europa+im+Fr%FChmittelalter&amp;tguid=0x35D2D2252219884DA5B39E2B57260CC6&amp;strSignMessage=\">Europa im Fr\u00fchmittelalter (5 CP)<\/a><\/p><\/td><td><\/td><\/tr><tr><td><p>Teil 1: Die Neuordnung Europas: arch\u00e4ologische Quellen des 8.-11. Jahrhunderts (Vorlesung), WS 2014\/15<\/p><\/td><td><\/td><\/tr><tr><td><p>Teil 2: &#8222;Neue Funde und Forschungen&#8220; (Kolloquium), WS 2014\/15<\/p><\/td><td><\/td><\/tr><tr><td><p>G4 Basismodul &#8222;Schwerpunkt Klassische Arch\u00e4ologie&#8220;<\/p><\/td><td><\/td><\/tr><tr><td><p>Studierende der Arch\u00e4ologischen Wissenschaften k\u00f6nnen in diesem Modul keine Kreditpunkte f\u00fcr den Optionalbereich erwerben! Studierende, die die Module &#8222;Technik in der Antike&#8220; oder &#8222;Ikonographie&#8220; belegen, k\u00f6nnen in diesem Modul keine Credit Points f\u00fcr den Optionalbereich erwerben<\/p><\/td><td><\/td><\/tr><tr><td><p><\/p><\/td><td><\/td><\/tr><tr><td width=\"90%\"><p><a href=\"https:\/\/vvz.ruhr-uni-bochum.de\/campus\/all\/module.asp?gguid=0x676A29248120424B86EC81141391D194&amp;fieldgguid=&amp;findmodule=Technik+in+der+Antike&amp;tguid=0x35D2D2252219884DA5B39E2B57260CC6&amp;strSignMessage=\">Technik in der Antike (5 CP)<\/a><\/p><\/td><td><\/td><\/tr><tr><td><p>Teil 1: Infrastruktur und Ingenieurbau der Antike (Vorlesung), WS 2014\/15<\/p><\/td><td><\/td><\/tr><tr><td><p>Teil 2: &#8222;Neue Funde und Forschungen&#8220; (Kolloquium), WS 2014\/15<\/p><\/td><td><\/td><\/tr><tr><td><p>G4 Basismodul &#8222;Schwerpunkt Klassische Arch\u00e4ologie&#8220;<\/p><\/td><td><\/td><\/tr><tr><td><p>Studierende der Arch\u00e4ologischen Wissenschaften k\u00f6nnen in diesem Modul keine Kreditpunkte f\u00fcr den Optionalbereich erwerben! Studierende, die die Module &#8222;Europa im Fr\u00fchmittelalter&#8220; oder &#8222;Ikonographie&#8220; belegen, k\u00f6nnen in diesem Modul keine Credit Points f\u00fcr den Optionalbereich erwerben!<\/p><\/td><td><\/td><\/tr><tr><td><p><\/p><\/td><td><\/td><\/tr><tr><td width=\"90%\"><p><a href=\"https:\/\/vvz.ruhr-uni-bochum.de\/campus\/all\/module.asp?gguid=0xAC96F5B507625C46ABF456E767269448&amp;fieldgguid=&amp;findmodule=Ikonographie&amp;tguid=0x35D2D2252219884DA5B39E2B57260CC6&amp;strSignMessage=\">Ikonographie (5 CP)<\/a><\/p><\/td><td><\/td><\/tr><tr><td><p>Teil 1: Ikonographie und Ikonologie. Methodik bei der Behandlung fr\u00fchchristlicher Denkm\u00e4ler. (Was sehe ich? Was bedeutet das? Wie deute ich es?) (Vorlesung), WS 2014\/15<\/p><\/td><td><\/td><\/tr><tr><td><p>Teil 2: &#8222;Neue Funde und Forschungen&#8220; (Kolloquium), WS 2014\/15<\/p><\/td><td><\/td><\/tr><tr><td><p>G4 Basismodul &#8222;Schwerpunkt Klassische Arch\u00e4ologie&#8220;<\/p><\/td><td><\/td><\/tr><tr><td><p>Achtung: Studierende der Arch\u00e4ologischen Wissenschaften k\u00f6nnen in diesem Modul keine Kreditpunkte f\u00fcr den Optionalbereich erwerben! Studierende, die die Module &#8222;Technik in der Antike&#8220;, &#8222;Europa im Fr\u00fchmittelalter&#8220; sowie &#8222;Bildkompetenz&#8220; (Gebiet 2) belegen, k\u00f6nnen in diesem Modul keine Credit Points f\u00fcr den Optionalbereich erwerben!<\/p><\/td><td><\/td><\/tr><tr><td><\/td><td><\/td><\/tr><tr><td colspan=\"2\"><p>Biologie<\/p><\/td><\/tr><tr><td width=\"90%\"><p><a href=\"https:\/\/vvz.ruhr-uni-bochum.de\/campus\/all\/module.asp?gguid=0x0AD101BFD72C614CB96C31B080532B6E&amp;fieldgguid=&amp;findmodule=Biologie+der+Zelle&amp;tguid=0x35D2D2252219884DA5B39E2B57260CC6&amp;strSignMessage=\">Biologie der Zelle (5 CP)<\/a><\/p><\/td><td><\/td><\/tr><tr><td><p>Teil 1: Biologie der Zelle (Vorlesung), WS 2014\/15<\/p><\/td><td><\/td><\/tr><tr><td><p>Teil 2: Biologie der Zelle (Seminar), WS 2014\/15<\/p><\/td><td><\/td><\/tr><tr><td><p>G4 Biologie der Zelle<\/p><\/td><td><\/td><\/tr><tr><td><p>Studierende der Biologie k\u00f6nnen an diesem Modul zwar teilnehmen, jedoch keine Credit Points f\u00fcr den Optionalbereich erwerben!<\/p><\/td><td><\/td><\/tr><tr><td><p><\/p><\/td><td><\/td><\/tr><tr><td width=\"90%\"><p><a href=\"https:\/\/vvz.ruhr-uni-bochum.de\/campus\/all\/module.asp?gguid=0xAEF001E7573A6B4084427DADC1774F09&amp;fieldgguid=&amp;findmodule=Einf%FChrung+in+die+Grundlagen+der+zellul%E4&amp;tguid=0x35D2D2252219884DA5B39E2B57260CC6&amp;strSignMessage=\">Einf\u00fchrung in die Grundlagen der zellul\u00e4ren Bioenergetik (5 CP)<\/a><\/p><\/td><td><\/td><\/tr><tr><td><p>Teil 1: Einf\u00fchrung in die Grundlagen der Bioenergetik (Vorlesung), WS 2014\/15<\/p><\/td><td><\/td><\/tr><tr><td><p>Teil 2: Einf\u00fchrung in biochemische Methoden (Seminar), WS 2014\/15<\/p><\/td><td><\/td><\/tr><tr><td><p>G4 Einf\u00fchrung in die Grundlagen der zellul\u00e4ren Bioenergetik<\/p><\/td><td><\/td><\/tr><tr><td><p>Studierende der Biologie k\u00f6nnen an diesem Modul zwar teilnehmen, jedoch keine Credit Points f\u00fcr den Optionalbereich erwerben! Grundlegende Kenntnisse (Oberstufenkenntnisse) in Biochemie und Chemie sind erw\u00fcnscht.<\/p><\/td><td><\/td><\/tr><tr><td><p><\/p><\/td><td><\/td><\/tr><tr><td width=\"90%\"><p><a href=\"https:\/\/vvz.ruhr-uni-bochum.de\/campus\/all\/module.asp?gguid=0x5C288E3B0362614CA5BFD89674BFC9E3&amp;fieldgguid=&amp;findmodule=Einf%FChrung+in+die+moderne+Biophysik&amp;tguid=0x35D2D2252219884DA5B39E2B57260CC6&amp;strSignMessage=\">Einf\u00fchrung in die moderne Biophysik (5 CP)<\/a><\/p><\/td><td><\/td><\/tr><tr><td><p>Teil 1: Moderne Biophysik (Vorlesung), WS 2014\/15<\/p><\/td><td><\/td><\/tr><tr><td><p>Teil 2: Biophysikalisches Seminar (Seminar), WS 2014\/15<\/p><\/td><td><\/td><\/tr><tr><td><p>G4 Einf\u00fchrung in die moderne Biophysik<\/p><\/td><td><\/td><\/tr><tr><td><p>Studierende der Biologie k\u00f6nnen an diesem Modul zwar teilnehmen, jedoch keine Credit Points f\u00fcr den Optionalbereich erwerben! Gute schulische Grundkenntnisse in den F\u00e4chern Biologie, Chemie, Physik und Mathematik werden vorausgesetzt.<\/p><\/td><td><\/td><\/tr><tr><td><p><\/p><\/td><td><\/td><\/tr><tr><td width=\"90%\"><p><a href=\"https:\/\/vvz.ruhr-uni-bochum.de\/campus\/all\/module.asp?gguid=0x87E72973CE67BA4189B9D17E347C361A&amp;fieldgguid=&amp;mode=&amp;findmodule=Evolution+des+Menschen&amp;tguid=0x35D2D2252219884DA5B39E2B57260CC6\">Evolution des Menschen (5 CP)<\/a><\/p><\/td><td><\/td><\/tr><tr><td><p>Teil 1: Evolution des Menschen (Vorlesung), WS 2014\/15<\/p><\/td><td><\/td><\/tr><tr><td><p>Teil 2: Evolution des Menschen (Seminar), WS 2014\/15<\/p><\/td><td><\/td><\/tr><tr><td><p>G4 Evolution des Menschen<\/p><\/td><td><\/td><\/tr><tr><td><p>Grundlagenkenntnisse der Zoologie im Umfang eines Leistungskurses Biologie \/ Sek II oder der Vorlesung Zoologie sind zwingend erforderlich.<\/p><\/td><td><\/td><\/tr><tr><td><p><\/p><\/td><td><\/td><\/tr><tr><td width=\"90%\"><p><a href=\"https:\/\/vvz.ruhr-uni-bochum.de\/campus\/all\/module.asp?gguid=0xE631B9471C897A41B7423987D46DFFE4&amp;fieldgguid=&amp;mode=&amp;findmodule=Grundlagen+der+Bioinformatik&amp;tguid=0x35D2D2252219884DA5B39E2B57260CC6\">Grundlagen der Bioinformatik (5 CP)<\/a><\/p><\/td><td><\/td><\/tr><tr><td><p>Teil 1: Einf\u00fchrung in die Bioinformatik (Vorlesung), WS 2014\/15<\/p><\/td><td><\/td><\/tr><tr><td><p>Teil 2: Einf\u00fchrung in die Bioinformatik (\u00dcbung), WS 2014\/15<\/p><\/td><td><\/td><\/tr><tr><td><p>G4 Grundlagen der Bioinformatik<\/p><\/td><td><\/td><\/tr><tr><td><p>Gute schulische Grundkenntnisse in den F\u00e4chern Biologie und Mathematik werden vorausgesetzt.<\/p><\/td><td><\/td><\/tr><tr><td><p><\/p><\/td><td><\/td><\/tr><tr><td width=\"90%\"><p><a href=\"https:\/\/vvz.ruhr-uni-bochum.de\/campus\/all\/module.asp?gguid=0x1C34C9C414E01542A2DCFAE8510E3B2E&amp;fieldgguid=&amp;findmodule=Grundlagen+der+Mikrobiologie+und+Genetik&amp;tguid=0x35D2D2252219884DA5B39E2B57260CC6&amp;strSignMessage=\">Grundlagen der Mikrobiologie und Genetik (5 CP)<\/a><\/p><\/td><td><\/td><\/tr><tr><td><p>Teil 1: Grundlagen der Mikrobiologie und Genetik (Vorlesung), WS 2014\/15<\/p><\/td><td><\/td><\/tr><tr><td><p>Teil 2: Grundlagen der Mikrobiologie und Genetik (Seminar), WS 2014\/15<\/p><\/td><td><\/td><\/tr><tr><td><p>G4 Grundlagen der Mikrobiologie und Genetik<\/p><\/td><td><\/td><\/tr><tr><td><p>Studierende der Biologie k\u00f6nnen an diesem Modul zwar teilnehmen, jedoch keine Credit Points f\u00fcr den Optionalbereich erwerben!<\/p><\/td><td><\/td><\/tr><tr><td><p><\/p><\/td><td><\/td><\/tr><tr><td width=\"90%\"><p><a href=\"https:\/\/vvz.ruhr-uni-bochum.de\/campus\/all\/module.asp?gguid=0x5BAE1D74E344A946B7E2EAAF54AD2456&amp;fieldgguid=&amp;mode=&amp;findmodule=marine&amp;tguid=0x35D2D2252219884DA5B39E2B57260CC6\">Marine Lebensr\u00e4ume. Meeresbiologische Exkursion zum europ\u00e4ischen Nordmeer (5 CP)<\/a> NEU am 06.08.!<\/p><\/td><td><\/td><\/tr><tr><td><p>Teil 1: Seminar: Marine Lebensr\u00e4ume &#8211; meeresbiologische Exkursion in das Europ\u00e4ische Nordmeer, WS 2014\/15<\/p><\/td><td><\/td><\/tr><tr><td><p>Teil 2: \u00dcbung: Marine Lebensr\u00e4ume &#8211; meeresbiologische Exkursion in das Europ\u00e4ische Nordmeer, WS 2014\/15<\/p><\/td><td><\/td><\/tr><tr><td><p>G4 Marine Lebensr\u00e4ume &#8211; meeresbiologische Exkursion in das Europ\u00e4ische Nordmeer<\/p><\/td><td><\/td><\/tr><tr><td><p><\/p><\/td><td><\/td><\/tr><tr><td width=\"90%\"><p><a href=\"https:\/\/vvz.ruhr-uni-bochum.de\/campus\/all\/module.asp?gguid=0xCA33CBCB9052C143AAD8B46EC944E7C3&amp;fieldgguid=&amp;mode=&amp;findmodule=summer+uni&amp;tguid=0x35D2D2252219884DA5B39E2B57260CC6\">Summer University Grundlagen der Naturwissenschaften (5 CP)<\/a><\/p><\/td><td><\/td><\/tr><tr><td><p>Teil 1: Grundlagen der Grundlagen der Naturwissenschaft (Vorlesung), WS 2014\/15<\/p><\/td><td><\/td><\/tr><tr><td><p>Teil 2: Grundlagen der Naturwissenschaft (\u00dcbung), WS 2014\/15<\/p><\/td><td><\/td><\/tr><tr><td><p>G4 Grundlagen der Naturwissenschaft<\/p><\/td><td><\/td><\/tr><tr><td><p>Studieninteressierte, die sich f\u00fcr das Fach Biologie im Rahmen des Zweifach-Studiengangs (Bachelor of Arts) interessieren und Biologie-Studierende im Zweifach-Studiengang Biologie des zweiten Fachsemesters, wird der Kurs besonders empfohlen.<\/p><\/td><td><\/td><\/tr><tr><td><\/td><td><\/td><\/tr><tr><td><p>Studierende der Biologie im Bachelor of Science k\u00f6nnen an dem Modul teilnehmen, jedoch keine Kreditpunkte f\u00fcr den Optionalbereich erwerben!<\/p><\/td><td><\/td><\/tr><tr><td><p><\/p><\/td><td><\/td><\/tr><tr><td width=\"90%\"><p><a href=\"https:\/\/vvz.ruhr-uni-bochum.de\/campus\/all\/module.asp?gguid=0xECC7ECD8FB40C446B78E0F81A98BF49C&amp;fieldgguid=&amp;mode=&amp;findmodule=what&amp;tguid=0x35D2D2252219884DA5B39E2B57260CC6\">What&#8217;s Life? &#8211; Studienprojekt (10 CP) <\/a><\/p><\/td><td><\/td><\/tr><tr><td><p>Teil 1: Studienprojekt, WS 2014\/15<\/p><\/td><td><\/td><\/tr><tr><td><p>Teil 2: Kolloquium, WS 2014\/15<\/p><\/td><td><\/td><\/tr><tr><td><p>Teil 3: Verteidigung (Pr\u00e4sentation), WS 2014\/15<\/p><\/td><td><\/td><\/tr><tr><td><p>G4 Intensiv studieren<\/p><\/td><td><\/td><\/tr><tr><td><p>Die vorherige Teilnahme am Modul &#8222;What\u00b4s Life? Wissenschaftliches Arbeiten &#8220; (SoSe 2014) ist nicht verpflichtend, wird jedoch empfohlen!<\/p><\/td><td><\/td><\/tr><tr><td><\/td><td><\/td><\/tr><tr><td colspan=\"2\"><p>Chemie<\/p><\/td><\/tr><tr><td width=\"90%\"><p><a href=\"https:\/\/vvz.ruhr-uni-bochum.de\/campus\/all\/module.asp?gguid=0xEB569CFC15C61A45B070077B54AE4300&amp;fieldgguid=&amp;mode=&amp;findmodule=Theorie+der+chemischen+Bindung&amp;tguid=0x35D2D2252219884DA5B39E2B57260CC6\">Theorie der chemischen Bindung (5 CP)<\/a><\/p><\/td><td><\/td><\/tr><tr><td><p>Teil 1: Theorie der chemischen Bindung (Vorlesung), WS 2014\/15<\/p><\/td><td><\/td><\/tr><tr><td><p>Teil 2: Theorie der chemischen Bindung (\u00dcbung), WS 2014\/15<\/p><\/td><td><\/td><\/tr><tr><td><p>G4 Basismodul &#8222;Theoretische Chemie&#8220;<\/p><\/td><td><\/td><\/tr><tr><td><p>Studierende des 1-Fach-Bachelorstudiengangs Chemie k\u00f6nnen in diesem Modul keine Credit Points f\u00fcr den Optionalbereich erwerben!<\/p><\/td><td><\/td><\/tr><tr><td><p><\/p><\/td><td><\/td><\/tr><tr><td width=\"90%\"><p><a href=\"https:\/\/vvz.ruhr-uni-bochum.de\/campus\/all\/module.asp?gguid=0x8097F36205B9F14CA02DC1DA9A231C1F&amp;fieldgguid=&amp;findmodule=Theoretische+Chemie+I%3A+Grundlagen&amp;tguid=0x35D2D2252219884DA5B39E2B57260CC6&amp;strSignMessage=\">Theoretische Chemie I: Grundlagen (5 CP)<\/a><\/p><\/td><td><\/td><\/tr><tr><td><p>Teil 1: Theoretische Chemie I: Grundlagen (Vorlesung), WS 2014\/15<\/p><\/td><td><\/td><\/tr><tr><td><p>Teil 2: &#8222;Theoretische Chemie I: Grundlagen&#8220; (\u00dcbung), WS 2014\/15<\/p><\/td><td><\/td><\/tr><tr><td><p>G4 Basismodul &#8222;Theoretische Chemie&#8220;<\/p><\/td><td><\/td><\/tr><tr><td><p>Studierende des 1-Fach-Bachelorstudiengangs Chemie k\u00f6nnen in diesem Modul keine Credit Points f\u00fcr den Optionalbereich erwerben! Voraussetzung f\u00fcr die Teilnahme an diesem Modul ist der erfolgreiche Abschluss des Moduls &#8222;Theorie der chemischen Bindung&#8220; in einem vorangegangenen Semester.<\/p><\/td><td><\/td><\/tr><tr><td><\/td><td><\/td><\/tr><tr><td colspan=\"2\"><p>Erziehungswissenschaften<\/p><\/td><\/tr><tr><td width=\"90%\"><p><a href=\"https:\/\/vvz.ruhr-uni-bochum.de\/campus\/all\/module.asp?gguid=0x8A6A3C9715709943B54F2320CA9026CB&amp;fieldgguid=&amp;findmodule=Bildungswissenschaftliches+Basismodul&amp;tguid=0x35D2D2252219884DA5B39E2B57260CC6&amp;strSignMessage=\">Bildungswissenschaftliches Basismodul (9 CP)<\/a><\/p><\/td><td><\/td><\/tr><tr><td><p>Teil 1: Erziehungs- und Bildungstheorien (Vorlesung), WS 2014\/15<\/p><\/td><td><\/td><\/tr><tr><td><p>Teil 2: Einf\u00fchrung in Lern- und Entwicklungstheorien (Vorlesung), WS 2014\/15<\/p><\/td><td><\/td><\/tr><tr><td><p>Teil 3: Theorien der Sozialisation (Vorlesung), WS 2014\/15<\/p><\/td><td><\/td><\/tr><tr><td><p>Teil 4: Lehrerberuf, Lehrerbildung, Lehrerprofessionalit\u00e4t (Vorlesung), WS 2014\/15<\/p><\/td><td><\/td><\/tr><tr><td><\/td><td><\/td><\/tr><tr><td><p>G4 EWL zum M.Ed.<\/p><\/td><td><\/td><\/tr><tr><td><p>Studierende, die das Fach Erziehungswissenschaft im 2-Fach B. A. studieren, m\u00fcssen nur den vierten Teil des Moduls absolvieren, da die Teile 1 bis 3 bereits zu ihrem Fachstudium geh\u00f6ren. Als Kompensation wird der Besuch einer Werkstatt f\u00fcr empirische Forschungsmethoden verlangt. Das Modul kann in 1, 2, 3 oder 4 Semestern abgeschlossen werden.<\/p><\/td><td><\/td><\/tr><tr><td><p><\/p><\/td><td><\/td><\/tr><tr><td colspan=\"2\"><p>Evangelische Theologie<\/p><\/td><\/tr><tr><td width=\"90%\"><p><a href=\"https:\/\/vvz.ruhr-uni-bochum.de\/campus\/all\/module.asp?gguid=0x8BDEF5F519FFBD419A2934EF3AE156FB&amp;fieldgguid=&amp;findmodule=Christliche+Mission+im+18.+und+19.+Jahrh&amp;tguid=0x35D2D2252219884DA5B39E2B57260CC6&amp;strSignMessage=\">Christliche Mission im 18. und 19. Jahrhundert (5 CP)<\/a><\/p><\/td><td><\/td><\/tr><tr><td><p>Teil 1: Kirchengeschichte 4 \/ II: 1789 bis 1918 (Vorlesung), WS 2014\/15<\/p><\/td><td><\/td><\/tr><tr><td><p>Teil 2: Mission &#8211; europ\u00e4ische Expansion &#8211; Kulturkontakt &#8211; Beispiele aus dem deutschsprachigen Raum des 18.\/19. Jahrhunderts (Seminar), WS 2014\/15<\/p><\/td><td><\/td><\/tr><tr><td><p>G4 Basismodul &#8222;Grundfragen evangelischer Theologie&#8220;<\/p><\/td><td><\/td><\/tr><tr><td><p>Studierende der Evangelischen Theologie k\u00f6nnen an dem Modul zwar teilnehmen, jedoch keine Credit Points f\u00fcr den Optionalbereich erwerben!<\/p><\/td><td><\/td><\/tr><tr><td><p><\/p><\/td><td><\/td><\/tr><tr><td width=\"90%\"><p><a href=\"https:\/\/vvz.ruhr-uni-bochum.de\/campus\/all\/module.asp?gguid=0xF49D0C489622F54B911593958D522379&amp;fieldgguid=&amp;findmodule=Europas+Weg+zum+%22christlichen+Abendland%22&amp;tguid=0x35D2D2252219884DA5B39E2B57260CC6&amp;strSignMessage=\">Europas Weg zum &#8222;christlichen Abendland&#8220; (5 CP)<\/a><\/p><\/td><td><\/td><\/tr><tr><td><p>Teil 1: Die Christianisierung Europas in Sp\u00e4tantike und Mittelalter (Seminar), WS 2014\/15<\/p><\/td><td><\/td><\/tr><tr><td><p>Teil 2: Kirchen- und Theologiegeschichte I (Alte Kirche und Mittelalter) (Seminar), WS 2014\/15<\/p><\/td><td><\/td><\/tr><tr><td><p>G4 &#8222;Religion und Gesellschaft&#8220;<\/p><\/td><td><\/td><\/tr><tr><td><p>Studierende der Evangelischen Theologie k\u00f6nnen an dem Modul zwar teilnehmen, jedoch keine Credit Points f\u00fcr den Optionalbereich erwerben.<\/p><\/td><td><\/td><\/tr><tr><td><p><\/p><\/td><td><\/td><\/tr><tr><td width=\"90%\"><p><a href=\"https:\/\/vvz.ruhr-uni-bochum.de\/campus\/all\/module.asp?gguid=0xB2EC010C33917749AADB9602D888C7B7&amp;fieldgguid=&amp;findmodule=Grundlinien+des+christlichen+Glaubens&amp;tguid=0x35D2D2252219884DA5B39E2B57260CC6&amp;strSignMessage=\">Grundlinien des christlichen Glaubens (5 CP)<\/a><\/p><\/td><td><\/td><\/tr><tr><td><p>Teil 1: Das Glaubensbekenntnis und seine alttestamentlichen Traditionen (Seminar), WS 2014\/15<\/p><\/td><td><\/td><\/tr><tr><td><p>Teil 2: Grundfragen der Dogmatik: Das Apostolische Glaubensbekenntnis (Seminar), WS 2014\/15<\/p><\/td><td><\/td><\/tr><tr><td><p>G4 Basismodul &#8222;Grundfragen evangelischer Theologie&#8220;<\/p><\/td><td><\/td><\/tr><tr><td><p>Studierende der Evangelischen Theologie k\u00f6nnen an dem Modul zwar teilnehmen, jedoch keine Credit Points f\u00fcr den Optionalbereich erwerben.<\/p><\/td><td><\/td><\/tr><tr><td><p><\/p><\/td><td><\/td><\/tr><tr><td width=\"90%\"><p><a href=\"https:\/\/vvz.ruhr-uni-bochum.de\/campus\/all\/module.asp?gguid=0x4153110BEB8FBC48BA163734589254AB&amp;fieldgguid=&amp;findmodule=Krippe+und+Stall%3F+Die+Weihnachtsgeschich&amp;tguid=0x35D2D2252219884DA5B39E2B57260CC6&amp;strSignMessage=\">Krippe und Stall? Die Weihnachtsgeschichten im Neuen Testament (5 CP)<\/a><\/p><\/td><td><\/td><\/tr><tr><td><p>Teil 1: Die Weihnachtsgeschichten des Neuen Testaments (Seminar),WS 2014\/15<\/p><\/td><td><\/td><\/tr><tr><td><p>Teil 2: Einf\u00fchrung in das Neue Testament im Rahmen des Antiken Judentums (Seminar),WS 2014\/15<\/p><\/td><td><\/td><\/tr><tr><td><p>G4 Basismodul &#8222;Grundfragen evangelischer Theologie&#8220;<\/p><\/td><td><\/td><\/tr><tr><td><p>Studierende der Evangelischen Theologie k\u00f6nnen an dem Modul zwar teilnehmen, jedoch keine Credit Points f\u00fcr den Optionalbereich erwerben.<\/p><\/td><td><\/td><\/tr><tr><td><p><\/p><\/td><td><\/td><\/tr><tr><td width=\"90%\"><p><a href=\"https:\/\/www.ruhr-uni-bochum.de\/optionalbereich\/sites\/modularchiv\/geb4\/mod_4_42_a.shtml\"><span style=\"text-decoration: line-through;\">Reformation &amp; Bekenntnis(se) (5 CP)<\/span><\/a> ENTF\u00c4LLT!<\/p><\/td><td><\/td><\/tr><tr><td><p>Teil 1: Konfessionskunde (Vorlesung), WS 2014\/15<\/p><\/td><td><\/td><\/tr><tr><td><p>Teil 2: Martin Luther. Einf\u00fchrung in Leben und Werk (Seminar), WS 2014\/15<\/p><\/td><td><\/td><\/tr><tr><td><p>G4 Basismodul &#8222;Grundfragen evangelischer Theologie&#8220;<\/p><\/td><td><\/td><\/tr><tr><td><p>Studierende der Evangelischen Theologie k\u00f6nnen an dem Modul zwar teilnehmen, jedoch keine Credit Points f\u00fcr den Optionalbereich erwerben!<\/p><\/td><td><\/td><\/tr><tr><td><p><\/p><\/td><td><\/td><\/tr><tr><td width=\"90%\"><p><a href=\"https:\/\/vvz.ruhr-uni-bochum.de\/campus\/all\/module.asp?gguid=0x6B2A4738D5537D4F8D13A3B51E0D8ADF&amp;fieldgguid=&amp;findmodule=Psalmen+-+Gebete+der+Bibel&amp;tguid=0x35D2D2252219884DA5B39E2B57260CC6&amp;strSignMessage=\">Psalmen &#8211; Gebete der Bibel (5 CP)<\/a><\/p><\/td><td><\/td><\/tr><tr><td><p>Teil 1: Die Psalmen (Vorlesung), WS 2014\/15<\/p><\/td><td><\/td><\/tr><tr><td><p>Teil 2: Gottes N\u00e4he in der Gottesferne. Einf\u00fchrung in das Buch der Psalmen (Blockseminar), WS 2014\/15<\/p><\/td><td><\/td><\/tr><tr><td><p>G4 Basismodul &#8222;Religion und Gesellschaft&#8220;<\/p><\/td><td><\/td><\/tr><tr><td><p>Studierende der Evangelischen Theologie k\u00f6nnen an dem Modul zwar teilnehmen, jedoch keine Credit Points f\u00fcr den Optionalbereich erwerben!<\/p><\/td><td><\/td><\/tr><tr><td><p><\/p><\/td><td><\/td><\/tr><tr><td width=\"90%\"><p><a href=\"https:\/\/vvz.ruhr-uni-bochum.de\/campus\/all\/module.asp?gguid=0x6466AEBBCA1E074C82326136FD8F154B&amp;fieldgguid=&amp;findmodule=Tempel%2C+Kult+und+Opfer+-+Die+Welt+des+Al&amp;tguid=0x35D2D2252219884DA5B39E2B57260CC6&amp;strSignMessage=\">Tempel, Kult und Opfer &#8211; Die Welt des Alten Testaments (5 CP)<\/a><\/p><\/td><td><\/td><\/tr><tr><td><p>Teil 1: Einf\u00fchrung in das Alte Testament (Vorlesung), WS 2014\/15<\/p><\/td><td><\/td><\/tr><tr><td><p>Teil 2: Tempel, Kult und Opfer in der alttestamentlichen \u00dcberlieferung (Seminar), WS 2014\/15<\/p><\/td><td><\/td><\/tr><tr><td><p>G4 Basismodul &#8222;Grundfragen evangelischer Theologie&#8220;<\/p><\/td><td><\/td><\/tr><tr><td><p>Studierende der Evangelischen Theologie k\u00f6nnen an dem Modul zwar teilnehmen, jedoch keine Credit Points f\u00fcr den Optionalbereich erwerben!<\/p><\/td><td><\/td><\/tr><tr><td><p><\/p><\/td><td><\/td><\/tr><tr><td width=\"90%\"><p><a href=\"https:\/\/vvz.ruhr-uni-bochum.de\/campus\/all\/module.asp?gguid=0x8F0E2D2A40AB8C4EB9C8308BA5DA9014&amp;fieldgguid=&amp;findmodule=Warum+es+mehr+als+nur+eine+Geschichte+vo&amp;tguid=0x35D2D2252219884DA5B39E2B57260CC6&amp;strSignMessage=\">Warum es mehr als nur eine Geschichte von Jesus gibt. Die synoptischen Evangelien (5 CP)<\/a><\/p><\/td><td><\/td><\/tr><tr><td><p>Teil 1: Einf\u00fchrung in das Neue Testament (Vorlesung), WS 2014\/15<\/p><\/td><td><\/td><\/tr><tr><td><p>Teil 2: Konstruktion und Charakteristika der synoptischen Evangelien (Blockseminar), WS 2014\/15<\/p><\/td><td><\/td><\/tr><tr><td><p>G4 Basismodul &#8222;Grundfragen evangelischer Theologie&#8220;<\/p><\/td><td><\/td><\/tr><tr><td><p>Studierende der Evangelischen Theologie k\u00f6nnen an dem Modul zwar teilnehmen, jedoch keine Credit Points f\u00fcr den Optionalbereich erwerben.<\/p><\/td><td><\/td><\/tr><tr><td><\/td><td><\/td><\/tr><tr><td colspan=\"2\"><p>Geographie<\/p><\/td><\/tr><tr><td width=\"90%\"><p><a href=\"https:\/\/vvz.ruhr-uni-bochum.de\/campus\/all\/module.asp?gguid=0xFE76298A28526E48A9547ACC5DA421FC&amp;fieldgguid=&amp;findmodule=Geographen+reisen+anders&amp;tguid=0x35D2D2252219884DA5B39E2B57260CC6&amp;strSignMessage=\">Geographen reisen anders (5 CP)<\/a><\/p><\/td><td><\/td><\/tr><tr><td><p>Teil 1: Geographen reisen anders: St\u00e4dte und Regionen der Erde (Vorlesung), WS 2014\/15<\/p><\/td><td><\/td><\/tr><tr><td><p>Teil 2: Geographen reisen anders: St\u00e4dte und Regionen der Erde (\u00dcbung), WS 2014\/15<\/p><\/td><td><\/td><\/tr><tr><td><p>G4 Geographen reisen anders: St\u00e4dte und Regionen der Erde<\/p><\/td><td><\/td><\/tr><tr><td><p>Geographie-Studierende k\u00f6nnen an diesem Modul nicht teilnehmen!<\/p><\/td><td><\/td><\/tr><tr><td><p><\/p><\/td><td><\/td><\/tr><tr><td width=\"90%\"><p><a href=\"https:\/\/vvz.ruhr-uni-bochum.de\/campus\/all\/module.asp?gguid=0x7415857BFB42CB48B5F6AF42D11921DD&amp;fieldgguid=&amp;findmodule=hawaii&amp;tguid=0x35D2D2252219884DA5B39E2B57260CC6&amp;strSignMessage=\">Hawaii &#8211; ein geographisches &#8222;Paradies&#8220; zwischen Vulkangipfeln und Korallenriffen (5 CP)<\/a><\/p><\/td><td><\/td><\/tr><tr><td><p>Teil 1: Selbstst\u00e4ndige vorbereitende Lekt\u00fcre (Lekt\u00fcrekurs), WS 2014\/15<\/p><\/td><td><\/td><\/tr><tr><td><p>Teil 2: Vorbereitungsseminar (Blockkurs), WS 2014\/15<\/p><\/td><td><\/td><\/tr><tr><td><p>Teil 3: Exkursion und Blockseminar auf Hawaii (14 Tage) incl. Halbpension (Exkursion), WS 2014\/15<\/p><\/td><td><\/td><\/tr><tr><td><p>Teil 4: Nachbereitung (Blocktag), WS 2014\/15<\/p><\/td><td><\/td><\/tr><tr><td><p>G4 Einf\u00fchrung in die Physische Geographie<\/p><\/td><td><\/td><\/tr><tr><td><p>Geographie-Studierende k\u00f6nnen an diesem Modul nicht teilnehmen.<\/p><\/td><td><\/td><\/tr><tr><td><p>Die Kosten der Exkursion werden sich auf ca. 2.970 Euro incl. Halbpension belaufen.<\/p><\/td><td><\/td><\/tr><tr><td><\/td><td><\/td><\/tr><tr><td colspan=\"2\"><p>Germanistik<\/p><\/td><\/tr><tr><td width=\"90%\"><p>In diesem Semester liegt leider kein Angebot vor.<\/p><\/td><td><\/td><\/tr><tr><td><\/td><td><\/td><\/tr><tr><td colspan=\"2\"><p>Geschichte<\/p><\/td><\/tr><tr><td width=\"90%\"><p><a href=\"https:\/\/vvz.ruhr-uni-bochum.de\/campus\/all\/module.asp?gguid=0x39CFB389BD81F6438EB69BE4A3254BD7&amp;fieldgguid=&amp;findmodule=Migration+im+Europa+des+20.+Jahrhunderts&amp;tguid=0x35D2D2252219884DA5B39E2B57260CC6&amp;strSignMessage=\">Migration im Europa des 20. Jahrhunderts: Hintergr\u00fcnde, Wanderungsmuster, Deutungen (5 CP)<\/a><\/p><\/td><td><\/td><\/tr><tr><td><p>Teil 1: Teil 1: Einwanderungs- und Integrationspolitik im Europa des 20. Jahrhunderts: Gro\u00dfbritannien, Frankreich, BRD, Schweiz, Italien (Seminar), WS 2014\/15<\/p><\/td><td><\/td><\/tr><tr><td><p>Teil 2: Teil 2: Transnationale Migration in der europ\u00e4ischen Kultur: Film, Literatur, zeitgen\u00f6ssische Diskurse (Seminar), WS 2014\/15<\/p><\/td><td><\/td><\/tr><tr><td><p>G4 Basismodul &#8222;Neuere und Neueste Geschichte&#8220;<\/p><\/td><td><\/td><\/tr><tr><td><\/td><td><\/td><\/tr><tr><td colspan=\"2\"><p>Katholische Theologie<\/p><\/td><\/tr><tr><td width=\"90%\"><p><a href=\"https:\/\/vvz.ruhr-uni-bochum.de\/campus\/all\/module.asp?gguid=0xF424BF7B428CFF42BCD30D3FCC6C45E4&amp;fieldgguid=&amp;findmodule=antikes&amp;tguid=0x35D2D2252219884DA5B39E2B57260CC6&amp;strSignMessage=\">Antikes Pilgerwesen (5 CP)<\/a><\/p><\/td><td><\/td><\/tr><tr><td><p>Teil 1: Antikes und sp\u00e4tantikes Pilgerwesen (Seminar), WS 2014\/15<\/p><\/td><td><\/td><\/tr><tr><td><p>Teil 2: Ravenna (mit mehrt\u00e4giger Exkursion nach Ravenna) (Seminar), WS 2014\/15<\/p><\/td><td><\/td><\/tr><tr><td><p>G4 Basismodul &#8222;Christentum und Kultur&#8220;<\/p><\/td><td><\/td><\/tr><tr><td><p>Studierende der Arch\u00e4ologischen Wissenschaften k\u00f6nnen in diesem Modul keine Kreditpunkte f\u00fcr den Optionalbereich erwerben!<\/p><\/td><td><\/td><\/tr><tr><td><p>Studierende, die das Modul &#8222;Sp\u00e4tantike Kultur&#8220; besuchen, k\u00f6nnen in diesem Modul keine Kreditpunkte f\u00fcr den Optionalbereich erwerben!<\/p><\/td><td><\/td><\/tr><tr><td><p><\/p><\/td><td><\/td><\/tr><tr><td width=\"90%\"><p><a href=\"https:\/\/vvz.ruhr-uni-bochum.de\/campus\/all\/module.asp?gguid=0x3AE48B529B23DA4E81516A5F7D968131&amp;fieldgguid=&amp;findmodule=Ausgew%E4hlte+Schwerpunkte+der+Kirchengesc&amp;tguid=0x35D2D2252219884DA5B39E2B57260CC6&amp;strSignMessage=\">Ausgew\u00e4hlte Schwerpunkte der Kirchengeschichte (5 CP)<\/a><\/p><\/td><td><\/td><\/tr><tr><td><p>Teil 1: Kirchengeschichte der Neuzeit: Von der Aufkl\u00e4rung bis zur Weimarer Republik (Vorlesung), WS 2014\/15<\/p><\/td><td><\/td><\/tr><tr><td><p>Teil 2: Ausgew\u00e4hlte Schwerpunkte der Kirchengeschichte im Religionsunterricht (Hauptseminar), WS 2014\/15<\/p><\/td><td><\/td><\/tr><tr><td><p>G4 Entwicklungslinien des Christentums<\/p><\/td><td><\/td><\/tr><tr><td><p>Studierende der Katholischen Theologie k\u00f6nnen an diesem Modul nicht teilnehmen!<\/p><\/td><td><\/td><\/tr><tr><td><p><\/p><\/td><td><\/td><\/tr><tr><td width=\"90%\"><p><a href=\"https:\/\/vvz.ruhr-uni-bochum.de\/campus\/all\/module.asp?gguid=0x04A3807449AC1C4A97DB8AFA4C59ECC8&amp;fieldgguid=&amp;findmodule=Einf%FChrung+in+die+Analytische+Religionsp&amp;tguid=0x35D2D2252219884DA5B39E2B57260CC6&amp;strSignMessage=\">Einf\u00fchrung in die Analytische Religionsphilosophie (5 CP)<\/a><\/p><\/td><td><\/td><\/tr><tr><td><p>Teil 1: Einf\u00fchrung in die Religionsphilosophie (Vorlesung), WS 2014\/15<\/p><\/td><td><\/td><\/tr><tr><td><p>Teil 2: Basistexte der analytischen Religionsphilosophie (Seminar), WS 2014\/15<\/p><\/td><td><\/td><\/tr><tr><td><p>G4 Religionsphilosophie<\/p><\/td><td><\/td><\/tr><tr><td><p>Studierende der katholischen Theologie k\u00f6nnen an diesem Modul nicht teilnehmen!<\/p><\/td><td><\/td><\/tr><tr><td><p><\/p><\/td><td><\/td><\/tr><tr><td width=\"90%\"><p><a href=\"https:\/\/vvz.ruhr-uni-bochum.de\/campus\/all\/module.asp?gguid=0x96B92D254EA7804F845C5492E35483F0&amp;fieldgguid=&amp;findmodule=Geschichte+des+antiken+Israels&amp;tguid=0x35D2D2252219884DA5B39E2B57260CC6&amp;strSignMessage=\">Geschichte des antiken Israels (5 CP)<\/a><\/p><\/td><td><\/td><\/tr><tr><td><p>Teil 1: Geschichte Israels (Vorlesung), WS 2014\/15<\/p><\/td><td><\/td><\/tr><tr><td><p>Teil 2: eTutorium zur Geschichte Israels (Tutorium), WS 2014\/15<\/p><\/td><td><\/td><\/tr><tr><td><p>G4 Entstehung des Christentums<\/p><\/td><td><\/td><\/tr><tr><td><p>Studierende der katholischen Theologie k\u00f6nnen an diesem Modul nicht teilnehmen!<\/p><\/td><td><\/td><\/tr><tr><td><p><\/p><\/td><td><\/td><\/tr><tr><td width=\"90%\"><p><a href=\"https:\/\/vvz.ruhr-uni-bochum.de\/campus\/all\/module.asp?gguid=0x4E790195A49E7F43A0A56237494E23FB&amp;fieldgguid=&amp;findmodule=Heil+und+Erl%F6sung&amp;tguid=0x35D2D2252219884DA5B39E2B57260CC6&amp;strSignMessage=\">Heil und Erl\u00f6sung (5 CP)<\/a><\/p><\/td><td><\/td><\/tr><tr><td><p>Teil 1: Einf\u00fchrung in die Christologie und Gotteslehre (Vorlesung), WS 2014\/15<\/p><\/td><td><\/td><\/tr><tr><td><p>Teil 2: Soteriologie, Christus-Verst\u00e4ndnis und Heavy Metal (Seminar), WS 2014\/15<\/p><\/td><td><\/td><\/tr><tr><td><p>G4 &#8222;Glaube und Vernunft&#8220;<\/p><\/td><td><\/td><\/tr><tr><td><p>Studierende der katholischen Theologie k\u00f6nnen an diesem Modul nicht teilnehmen!<\/p><\/td><td><\/td><\/tr><tr><td><p><\/p><\/td><td><\/td><\/tr><tr><td width=\"90%\"><p><a href=\"https:\/\/vvz.ruhr-uni-bochum.de\/campus\/all\/module.asp?gguid=0xD3AB2797659A3447B7B9C874F009A2F0&amp;fieldgguid=&amp;findmodule=Sp%E4tantike+Kultur&amp;tguid=0x35D2D2252219884DA5B39E2B57260CC6&amp;strSignMessage=\">Sp\u00e4tantike Kultur (5 CP)<\/a><\/p><\/td><td><\/td><\/tr><tr><td><p>Teil 1: Ikonographie und Ikonologie. Methodik bei der Behandlung fr\u00fchchristlicher Denkm\u00e4ler. (Was sehe ich? Was bedeutet das? Wie deute ich es?) (Vorlesung), WS 2014\/15<\/p><\/td><td><\/td><\/tr><tr><td><p>Teil 2: Antikes und sp\u00e4tantikes Pilgerwesen (Seminar), WS 2014\/15<\/p><\/td><td><\/td><\/tr><tr><td><p>G4 &#8222;Christentum und Kultur&#8220;<\/p><\/td><td><\/td><\/tr><tr><td><p>Studierende der Arch\u00e4ologischen Wissenschaft k\u00f6nnen in diesem Modul keine Credit Points f\u00fcr den Optionalbereich erwerben.<\/p><\/td><td><\/td><\/tr><tr><td><p>Studierende, die das Modul &#8222;Antikes Pilgerwesen&#8220; besuchen, k\u00f6nnen in diesem Modul keine Kreditpunkte f\u00fcr den Optionalbereich erwerben!<\/p><\/td><td><\/td><\/tr><tr><td><p><\/p><\/td><td><\/td><\/tr><tr><td width=\"90%\"><p><a href=\"https:\/\/vvz.ruhr-uni-bochum.de\/campus\/all\/module.asp?gguid=0xC431A51D2EB86F47A66E0287B1B13CAE&amp;fieldgguid=&amp;findmodule=Theologische+Grundlagen+der+christlich+a&amp;tguid=0x35D2D2252219884DA5B39E2B57260CC6&amp;strSignMessage=\">Theologische Grundlagen der christlich abendl\u00e4ndischen Kunst (5 CP)<\/a><\/p><\/td><td><\/td><\/tr><tr><td><p>Teil 1: Gro\u00dfe Gestalten aus Bibel und Kirchengeschichte (Vorlesung), WS 2014\/15<\/p><\/td><td><\/td><\/tr><tr><td><p>Teil 2: Allgemeine Themen (Exkursion), WS 2014\/15<\/p><\/td><td><\/td><\/tr><tr><td><p>G4 &#8222;Christentum und Kultur&#8220;<\/p><\/td><td><\/td><\/tr><tr><td><p><\/p><\/td><td><\/td><\/tr><tr><td width=\"90%\"><p><a href=\"https:\/\/vvz.ruhr-uni-bochum.de\/campus\/all\/module.asp?gguid=0xF87B9B89CDDFA64C8207186DA4C98093&amp;fieldgguid=&amp;mode=&amp;findmodule=wirtschafts&amp;tguid=0x35D2D2252219884DA5B39E2B57260CC6\">Wirtschaftsethik (5 CP)<\/a><\/p><\/td><td><\/td><\/tr><tr><td><p>Teil 1: Bibel &#8211; Ethik &#8211; Wirtschaft (Blockseminar), WS 2014\/15<\/p><\/td><td><\/td><\/tr><tr><td><p>Teil 2: Ethik der globalen Wirtschaft (Vorlesung), WS 2014\/15<\/p><\/td><td><\/td><\/tr><tr><td><p>G4 Basismodul &#8222;Christliche Weltverantwortung&#8220;<\/p><\/td><td><\/td><\/tr><tr><td><p>Studierende der Katholischen Theologie k\u00f6nnen in diesem Modul keine Credit Points f\u00fcr den Optionalbereich erwerben.<\/p><\/td><td><\/td><\/tr><tr><td><\/td><td><\/td><\/tr><tr><td colspan=\"2\"><p>Maschinenbau<\/p><\/td><\/tr><tr><td width=\"90%\"><p><a href=\"https:\/\/vvz.ruhr-uni-bochum.de\/campus\/all\/module.asp?gguid=0x7229CDBCFA74E5479DAC6E5B7FE8F7CD&amp;fieldgguid=&amp;findmodule=Management+und+Organisation+von+Arbeit&amp;tguid=0x35D2D2252219884DA5B39E2B57260CC6&amp;strSignMessage=\">Management und Organisation von Arbeit (5 CP)<\/a><\/p><\/td><td><\/td><\/tr><tr><td><p>Teil 1: Management und Organisation von Arbeit (Vorlesung), WS 2014\/15<\/p><\/td><td><\/td><\/tr><tr><td><p>Teil 2: Management und Organisation von Arbeit &#8211; Praxistransfer (\u00dcbung), SoSe 2015<\/p><\/td><td><\/td><\/tr><tr><td><p>G4 Basismodul &#8222;Wissenschaft in der Praxis&#8220;<\/p><\/td><td><\/td><\/tr><tr><td><p>Studierende der Soziologie, des Faches PWG sowie des Faches Sozialwis\u00acsenschaft k\u00f6nnen an diesem Modul nicht teilnehmen.<\/p><\/td><td><\/td><\/tr><tr><td><\/td><td><\/td><\/tr><tr><td colspan=\"2\"><p>Mathematik<\/p><\/td><\/tr><tr><td width=\"90%\"><p><a href=\"https:\/\/vvz.ruhr-uni-bochum.de\/campus\/all\/module.asp?gguid=0xA6A45BF494D85446B0B5DDDD84FCF539&amp;fieldgguid=&amp;mode=&amp;findmodule=Mathematik&amp;tguid=0x35D2D2252219884DA5B39E2B57260CC6\">Mathematik (Schwerpunkt: Chemie) (5 CP)<\/a><\/p><\/td><td><\/td><\/tr><tr><td><p>Teil 1: Mathematik f\u00fcr Chemiker (Vorlesung), WS 2014\/15<\/p><\/td><td><\/td><\/tr><tr><td><p>Teil 2: Mathematik f\u00fcr Chemiker (\u00dcbung), WS 2014\/15<\/p><\/td><td><\/td><\/tr><tr><td><p>G4 Basismodul &#8222;Grundlagen der Mathematik&#8220;<\/p><\/td><td><\/td><\/tr><tr><td><p>Studierende der Mathematik und Physik k\u00f6nnen an diesem Modul zwar teilnehmen, jedoch keine Credit Points f\u00fcr den Optionalbereich erwerben!<\/p><\/td><td><\/td><\/tr><tr><td><p><\/p><\/td><td><\/td><\/tr><tr><td width=\"90%\"><p><a href=\"https:\/\/vvz.ruhr-uni-bochum.de\/campus\/all\/module.asp?gguid=0x36E116FDE0D24D429D8B0A8E8A69153C&amp;fieldgguid=&amp;findmodule=Mathematik+%28Schwerpunkt%3A+Geowissenschaft&amp;tguid=0x35D2D2252219884DA5B39E2B57260CC6&amp;strSignMessage=\">Mathematik (Schwerpunkt: Geowissenschaften) (5 CP)<\/a><\/p><\/td><td><\/td><\/tr><tr><td><p>Teil 1: Mathematik I f\u00fcr Geowissenschaftler und SEPM (Vorlesung), WS 2014\/15<\/p><\/td><td><\/td><\/tr><tr><td><p>Teil 2: Mathematik I f\u00fcr Geowissenschaftler und SEPM (\u00dcbung), WS 2014\/15<\/p><\/td><td><\/td><\/tr><tr><td><p>G4 Basismodul &#8222;Grundlagen der Mathematik&#8220;<\/p><\/td><td><\/td><\/tr><tr><td><p>Studierende der Mathematik k\u00f6nnen an diesem Modul zwar teilnehmen, jedoch keine Credit Points f\u00fcr den Optionalbereich erwerben!<\/p><\/td><td><\/td><\/tr><tr><td><p><\/p><\/td><td><\/td><\/tr><tr><td width=\"90%\"><p><a href=\"https:\/\/vvz.ruhr-uni-bochum.de\/campus\/all\/module.asp?gguid=0x360CD45A66FE9B409AA223D14E374C93&amp;fieldgguid=&amp;mode=&amp;findmodule=Einf%FChrung+in+die+Mathematik+%28Schwerpunk&amp;tguid=0x35D2D2252219884DA5B39E2B57260CC6\">Einf\u00fchrung in die Mathematik (Schwerpunkt: Biologie) (5 CP)<\/a><\/p><\/td><td><\/td><\/tr><tr><td><p>Teil 1: Mathematik f\u00fcr Biologen (Vorlesung), WS 2014\/15<\/p><\/td><td><\/td><\/tr><tr><td><p>Teil 2: Mathematik f\u00fcr Biologen (\u00dcbung), WS 2014\/15<\/p><\/td><td><\/td><\/tr><tr><td><p>G4 Basismodul &#8222;Grundlagen der Mathematik&#8220;<\/p><\/td><td><\/td><\/tr><tr><td><p>Studierende der Mathematik und der Physik k\u00f6nnen an diesem Modul zwar teilnehmen, jedoch keine Credit Points f\u00fcr den Optionalbereich erwerben! B.Sc.- und M.Sc.-Studierende der Biologie k\u00f6nnen an diesem Modul zwar teilnehmen, jedoch keine Credit Points f\u00fcr den Optionalbereich erwerben!<\/p><\/td><td><\/td><\/tr><tr><td><p><\/p><\/td><td><\/td><\/tr><tr><td width=\"90%\"><p><a href=\"https:\/\/vvz.ruhr-uni-bochum.de\/campus\/all\/module.asp?gguid=0x0A9FA61DAAA5784F861CB00A42B34BDC&amp;fieldgguid=&amp;mode=&amp;findmodule=Einf%FChrung+in+die+Mathematik+%28Schwerpunk&amp;tguid=0x35D2D2252219884DA5B39E2B57260CC6\">Einf\u00fchrung in die Mathematik (Schwerpunkte: Mathematik und Physik) (5 CP)<\/a><\/p><\/td><td><\/td><\/tr><tr><td><p>Teil 1: Mathematischer Vorkurs f\u00fcr k\u00fcnftige Studierende der Mathematik und Physik (Vorlesung), WS 2014\/15<\/p><\/td><td><\/td><\/tr><tr><td><p>Teil 2: Mathematischer Vorkurs f\u00fcr k\u00fcnftige Studierende der Mathematik und Physik (\u00dcbung), WS 2014\/15<\/p><\/td><td><\/td><\/tr><tr><td><p>G4 Basismodul &#8222;Grundlagen der Mathematik&#8220;<\/p><\/td><td><\/td><\/tr><tr><td><p>Studierende der Mathematik k\u00f6nnen an diesem Modul zwar teilnehmen, jedoch Credit Points nur dann f\u00fcr den Optionalbereich erwerben, wenn sie den Vorkurs vor ihrem ersten Fachsemester besuchen!<\/p><\/td><td><\/td><\/tr><tr><td><p><\/p><\/td><td><\/td><\/tr><tr><td width=\"90%\"><p><a href=\"https:\/\/vvz.ruhr-uni-bochum.de\/campus\/all\/module.asp?gguid=0x58D394C847FD4B46901ED0FD1041CCFF&amp;fieldgguid=&amp;mode=&amp;findmodule=einf%FChrung+in+die+ma&amp;tguid=0x35D2D2252219884DA5B39E2B57260CC6\">Einf\u00fchrung in die Mathematik (Schwerpunkte: Natur- und Ingenieurwissenschaften sowie Informatik) (5 CP)<\/a><\/p><\/td><td><\/td><\/tr><tr><td><p>Teil 1: Vorkurs in Mathematik f\u00fcr k\u00fcnftige Studierende der Ingenieurwissenschaften (Vorkurs), ACHTUNG: Kursdaten des SoSe 2014 beachten WS 2014\/15<\/p><\/td><td><\/td><\/tr><tr><td><p>Teil 2: \u00dcbungen zum Vorkurs in Mathematik f\u00fcr k\u00fcnftige Studierende der Ingenieurwissenschaften (\u00dcbung), WS 2014\/15<\/p><\/td><td><\/td><\/tr><tr><td><p>G4 Basismodul &#8222;Grundlagen der Mathematik&#8220;<\/p><\/td><td><\/td><\/tr><tr><td><p>Studierende der Mathematik und der Physik k\u00f6nnen an diesem Modul zwar teilnehmen, jedoch keine Credit Points f\u00fcr den Optionalbereich erwerben!<\/p><\/td><td><\/td><\/tr><tr><td><p><\/p><\/td><td><\/td><\/tr><tr><td width=\"90%\"><p><a href=\"https:\/\/vvz.ruhr-uni-bochum.de\/campus\/all\/module.asp?gguid=0x0A9FA61DAAA5784F861CB00A42B34BDC&amp;fieldgguid=&amp;mode=&amp;findmodule=Einf%FChrung+in+die+Mathematik&amp;tguid=0x35D2D2252219884DA5B39E2B57260CC6\">Einf\u00fchrung in die Mathematik I (Schwerpunkte: Physik und Geophysik) (10 CP)<\/a><\/p><\/td><td><\/td><\/tr><tr><td><p>Teil 1: Mathematischer Vorkurs f\u00fcr k\u00fcnftige Studierende der Mathematik und Physik (Vorkurs), WS 2014\/15<\/p><\/td><td><\/td><\/tr><tr><td><p>Teil 2: \u00dcbungen zum Mathematischen Vorkurs f\u00fcr k\u00fcnftige Studierende der Mathematik und Physik (\u00dcbung), WS 2014\/15<\/p><\/td><td><\/td><\/tr><tr><td><p>G4 Basismodul &#8222;Grundlagen der Mathematik&#8220;<\/p><\/td><td><\/td><\/tr><tr><td><p>BA-Studierende der Mathematik k\u00f6nnen an diesem Modul zwar teilnehmen, jedoch Credit Points nur dann f\u00fcr den Optionalbereich erwerben, wenn sie den Vorkurs vor ihrem ersten Fachsemester besuchen.<\/p><\/td><td><\/td><\/tr><tr><td><p><\/p><\/td><td><\/td><\/tr><tr><td width=\"90%\"><p><a href=\"https:\/\/vvz.ruhr-uni-bochum.de\/campus\/all\/module.asp?gguid=0x1408184BC24A73488940971D25A80EF9&amp;fieldgguid=&amp;findmodule=Einf%FChrung+in+die+Statistik+%28Schwerpunkt&amp;tguid=0x35D2D2252219884DA5B39E2B57260CC6&amp;strSignMessage=\">Einf\u00fchrung in die Statistik (Schwerpunkt: Geographie) (5 CP)<\/a><\/p><\/td><td><\/td><\/tr><tr><td><p>Teil 1: Einf\u00fchrung in die Statistik f\u00fcr Geographen (Vorlesung), WS 2014\/15<\/p><\/td><td><\/td><\/tr><tr><td><p>Teil 2: Einf\u00fchrung in die Statistik f\u00fcr Geographen (\u00dcbung), WS 2014\/15<\/p><\/td><td><\/td><\/tr><tr><td><p>G4 Basismodul &#8222;Grundlagen der Mathematik&#8220;<\/p><\/td><td><\/td><\/tr><tr><td><p>Studierende der Mathematik und Studierende der Geographie k\u00f6nnen an diesem Modul zwar teilnehmen, jedoch keine Credit Points f\u00fcr den Optionalbereich erwerben! Solides Schulwissen in Mathematik wird vorausgesetzt.<\/p><\/td><td><\/td><\/tr><tr><td><p><\/p><\/td><td><\/td><\/tr><tr><td width=\"90%\"><p><a href=\"https:\/\/vvz.ruhr-uni-bochum.de\/campus\/all\/module.asp?gguid=0x9B541A9C6C669B4DB82FC3F055152440&amp;fieldgguid=&amp;findmodule=H%F6here+Mathematik+I+%2B+II+%28Schwerpunkt%3A+A&amp;tguid=0x35D2D2252219884DA5B39E2B57260CC6&amp;strSignMessage=\">H\u00f6here Mathematik I+II (Schwerpunkt: Angewandte Informatik) (10 CP)<\/a><\/p><\/td><td><\/td><\/tr><tr><td><p>Teil 1: H\u00f6here Mathematik I (im Rahmen des Studiengangs Angewandte Informatik) (Vorlesung), WS 2014\/15<\/p><\/td><td><\/td><\/tr><tr><td><p>Teil 2: H\u00f6here Mathematik I (im Rahmen des Studiengangs Angewandte Informatik) (\u00dcbung), WS 2014\/15<\/p><\/td><td><\/td><\/tr><tr><td><p>G4 Aufbaumodul &#8222;H\u00f6here Mathematik&#8220;<\/p><\/td><td><\/td><\/tr><tr><td><p>Studierende der Mathematik k\u00f6nnen an diesem Modul zwar teilnehmen, jedoch keine Credit Points f\u00fcr den Optionalbereich erwerben!<\/p><\/td><td><\/td><\/tr><tr><td><p><\/p><\/td><td><\/td><\/tr><tr><td width=\"90%\"><p><a href=\"https:\/\/vvz.ruhr-uni-bochum.de\/campus\/all\/module.asp?gguid=0xB9F23822C8B15E46A2A2252CF0558D31&amp;fieldgguid=&amp;mode=&amp;findmodule=summer+uni&amp;tguid=0x35D2D2252219884DA5B39E2B57260CC6\">Summer University Mathematische Grundlagen der Statistik (5 CP)<\/a><\/p><\/td><td><\/td><\/tr><tr><td><p>Teil 1: Mathematische Grundlagen der Statistik (Vorlesung), ACHTUNG: Kursdaten des SoSe 2014 beachten WS 2014\/15<\/p><\/td><td><\/td><\/tr><tr><td><p>Teil 2: Mathematische Grundlagen der Statistik (\u00dcbung), WS 2014\/15<\/p><\/td><td><\/td><\/tr><tr><td><p>G4 Basismodul &#8222;Mathematische Anwendungen&#8220;<\/p><\/td><td><\/td><\/tr><tr><td><p>Die Summer University ist empfehlenswert f\u00fcr alle Studienanf\u00e4nger und Studierende nichtmathematischer F\u00e4cher, die Kenntnisse in Statistik ben\u00f6tigen. Dieses Modul ersetzt nicht die jeweiligen fachspezifischen Statistik-Veranstaltungen.<\/p><\/td><td><\/td><\/tr><tr><td><\/td><td><\/td><\/tr><tr><td><p>Studierende der Sozialwissenschaft und Management and Economics im Ein-Fach-Bachelor sowie PWG, KIG, Erziehungswissenschaft, Volkswirtschaftslehre und Betriebswirtschaftslehre im Zwei-Fach-Bachelor k\u00f6nnen an dem Modul zwar teilnehmen, jedoch keine Kreditpunkte f\u00fcr den Optionalbereich erwerben.<\/p><\/td><td><\/td><\/tr><tr><td><p><\/p><\/td><td><\/td><\/tr><tr><td width=\"90%\"><p><a href=\"https:\/\/vvz.ruhr-uni-bochum.de\/campus\/all\/module.asp?gguid=0x95F59348666FCF41984F508C412B04C0&amp;fieldgguid=&amp;mode=&amp;findmodule=summer+uni&amp;tguid=0x35D2D2252219884DA5B39E2B57260CC6\">Summer University Mathematik f\u00fcr k\u00fcnftige Studierende der Naturwissenschaften (5 CP)<\/a><\/p><\/td><td><\/td><\/tr><tr><td><p>Teil 1: Vorkurs f\u00fcr k\u00fcnftige Studierende der Naturwissenschaften (Vorlesung), WS 2014\/15<\/p><\/td><td><\/td><\/tr><tr><td><p>Teil 2: Vorkurs f\u00fcr k\u00fcnftige Studierende der Naturwissenschaften (\u00dcbung), WS 2014\/15<\/p><\/td><td><\/td><\/tr><tr><td><p>G4 Basismodul &#8222;Grundlagen der Mathematik&#8220;<\/p><\/td><td><\/td><\/tr><tr><td><p>Das Modul richtet sich an Studierende aller F\u00e4cher und Studieninteressierte, die ihr mathematisches Grundwissen vertiefen m\u00f6chten. Besonders empfohlen wird die Teilnahme vor Aufnahme eines naturwissenschaftlichen Studiums (Biologie, Chemie, Geografie, Geowissenschaften oder Physik).<\/p><\/td><td><\/td><\/tr><tr><td><\/td><td><\/td><\/tr><tr><td><p>Falls in den ersten Fachsemestern Ihres naturwissenschaftlichen Studiums Mathematikveranstaltungen vorgesehen sind, kann der Besuch dieses Moduls nur dann kreditiert werden, wenn er vor Ihrem ersten Fachsemester besucht wird.<\/p><\/td><td><\/td><\/tr><tr><td><\/td><td><\/td><\/tr><tr><td><\/td><td><\/td><\/tr><tr><td colspan=\"2\"><p>Medienwissenschaft<\/p><\/td><\/tr><tr><td width=\"90%\"><p><a href=\"https:\/\/vvz.ruhr-uni-bochum.de\/campus\/all\/module.asp?gguid=0xC7CC012D5B6CE147AC3FB119263C5B46&amp;fieldgguid=&amp;mode=&amp;findmodule=Medieng&amp;tguid=0x35D2D2252219884DA5B39E2B57260CC6\">Mediengeschichte und Medien\u00e4sthetik A (5 CP)<\/a><\/p><\/td><td><\/td><\/tr><tr><td><p>Teil 1: Mediengeschichte und Medien\u00e4sthetik (Seminar), WS 2014\/15<\/p><\/td><td><\/td><\/tr><tr><td><p>Teil 2: Mediengeschichte und Medien\u00e4sthetik (Seminar), WS 2014\/15<\/p><\/td><td><\/td><\/tr><tr><td><p>G4 Basismodul &#8222;Mediengeschichte und Medien\u00e4sthetik&#8220;<\/p><\/td><td><\/td><\/tr><tr><td><p>Studierende der Medienwissenschaften k\u00f6nnen an diesem Modul nicht teilnehmen!<\/p><\/td><td><\/td><\/tr><tr><td><p><\/p><\/td><td><\/td><\/tr><tr><td width=\"90%\"><p><a href=\"https:\/\/vvz.ruhr-uni-bochum.de\/campus\/all\/module.asp?gguid=0xD8E18A495F5032449EE614B4543F891B&amp;fieldgguid=&amp;mode=&amp;findmodule=Medieng&amp;tguid=0x35D2D2252219884DA5B39E2B57260CC6\">Mediengeschichte und Medien\u00e4sthetik B (5 CP)<\/a><\/p><\/td><td><\/td><\/tr><tr><td><p>Teil 1: Mediengeschichte und Medien\u00e4sthetik (Seminar), WS 2014\/15<\/p><\/td><td><\/td><\/tr><tr><td><p>Teil 2: Mediengeschichte und Medien\u00e4sthetik (Seminar), WS 2014\/15<\/p><\/td><td><\/td><\/tr><tr><td><p>G4 Basismodul &#8222;Mediengeschichte und Medien\u00e4sthetik&#8220;<\/p><\/td><td><\/td><\/tr><tr><td><p>Studierende der Medienwissenschaften k\u00f6nnen an diesem Modul nicht teilnehmen!<\/p><\/td><td><\/td><\/tr><tr><td><p><\/p><\/td><td><\/td><\/tr><tr><td width=\"90%\"><p><a href=\"https:\/\/vvz.ruhr-uni-bochum.de\/campus\/all\/module.asp?gguid=0x6B042E4F6A853F41AD382E637958B94A&amp;fieldgguid=&amp;mode=&amp;findmodule=Medieng&amp;tguid=0x35D2D2252219884DA5B39E2B57260CC6\">Mediengeschichte und Medien\u00e4sthetik C (5 CP)<\/a><\/p><\/td><td><\/td><\/tr><tr><td><p>Teil 1: Mediengeschichte und Medien\u00e4sthetik (Seminar), WS 2014\/15<\/p><\/td><td><\/td><\/tr><tr><td><p>Teil 2: Mediengeschichte und Medien\u00e4sthetik (Seminar), WS 2014\/15<\/p><\/td><td><\/td><\/tr><tr><td><p>G4 Basismodul &#8222;Mediengeschichte und Medien\u00e4sthetik&#8220;<\/p><\/td><td><\/td><\/tr><tr><td><p>Studierende der Medienwissenschaften k\u00f6nnen an diesem Modul nicht teilnehmen!<\/p><\/td><td><\/td><\/tr><tr><td><\/td><td><\/td><\/tr><tr><td colspan=\"2\"><p>Medizin<\/p><\/td><\/tr><tr><td width=\"90%\"><p>In diesem Semester liegt leider kein Angebot vor.<\/p><\/td><td><\/td><\/tr><tr><td><p><\/p><\/td><td><\/td><\/tr><tr><td colspan=\"2\"><p>Orientalistik und Islamwissenschaften<\/p><\/td><\/tr><tr><td width=\"90%\"><p><a href=\"https:\/\/vvz.ruhr-uni-bochum.de\/campus\/all\/module.asp?gguid=0x083DF10015702E46AD4CD277A6ACB5C1&amp;fieldgguid=&amp;findmodule=Persische+Kalligraphie+und+Landeskunde&amp;tguid=0x35D2D2252219884DA5B39E2B57260CC6&amp;strSignMessage=\">Persische Kalligraphie und Landeskunde (5 CP)<\/a><\/p><\/td><td><\/td><\/tr><tr><td><p>Teil 1: Landeskunde Iran (\u00dcbung), WS 2014\/15<\/p><\/td><td><\/td><\/tr><tr><td><p>Teil 2: Arabisch-Persische Kalligraphie (\u00dcbung), WS 2014\/15<\/p><\/td><td><\/td><\/tr><tr><td><p>G4 Basismodul &#8222;Einf\u00fchrung in die islamische Welt&#8220;<\/p><\/td><td><\/td><\/tr><tr><td><p>Studierende der Orientalistik\/Islamwissenschaften k\u00f6nnen an diesem Modul nicht teilnehmen!<\/p><\/td><td><\/td><\/tr><tr><td><p><\/p><\/td><td><\/td><\/tr><tr><td width=\"90%\"><p><a href=\"https:\/\/vvz.ruhr-uni-bochum.de\/campus\/all\/module.asp?gguid=0x1F8C2AFF1F10A44FA83956BC6A5C6BCB&amp;fieldgguid=&amp;findmodule=Zug%E4nge+zur+islamischen+Geschichte+und+K&amp;tguid=0x35D2D2252219884DA5B39E2B57260CC6&amp;strSignMessage=\">Zug\u00e4nge zur islamischen Geschichte und Kultur (5 CP)<\/a><\/p><\/td><td><\/td><\/tr><tr><td><p>Teil 1: \u00dcbung: Einf\u00fchrung in die Islamwissenschaft und Arabistik (\u00dcbung), WS 2014\/15<\/p><\/td><td><\/td><\/tr><tr><td><p>Teil 2a: Vorlesung: Islam in Europe &#8211; Past and Present (englischsprachig), WS 2014\/15 oder<\/p><\/td><td><\/td><\/tr><tr><td><p>Teil 2b: Vorlesung: Einf\u00fchrung in die islamische Theologie (&#8218;ilm al-kalam), WS 2014\/15<\/p><\/td><td><\/td><\/tr><tr><td><p>G4 Basismodul &#8222;Einf\u00fchrung in die islamische Welt&#8220;<\/p><\/td><td><\/td><\/tr><tr><td><p>Studierende der Orientalistik\/Islamwissenschaften k\u00f6nnen an diesem Modul nicht teilnehmen!<\/p><\/td><td><\/td><\/tr><tr><td><\/td><td><\/td><\/tr><tr><td colspan=\"2\"><p>Ostasienwissenschaften<\/p><\/td><\/tr><tr><td width=\"90%\"><p><a href=\"https:\/\/vvz.ruhr-uni-bochum.de\/campus\/all\/module.asp?gguid=0x241657113758514DB236BEAD57170EA0&amp;fieldgguid=&amp;findmodule=Basismodul+Sinologie&amp;tguid=0x35D2D2252219884DA5B39E2B57260CC6&amp;strSignMessage=\">Basismodul Sinologie (5 CP)<\/a><\/p><\/td><td><\/td><\/tr><tr><td><p>Teil 1: Einf\u00fchrung in die chinesische Literaturgeschichte, SoSe 2015<\/p><\/td><td><\/td><\/tr><tr><td><p>Teil 2: Einf\u00fchrung in die chinesische Philosophie, WS 2014\/15<\/p><\/td><td><\/td><\/tr><tr><td><p>Teil 3: Grundz\u00fcge der chinesischen Geschichte, SoSe 2015<\/p><\/td><td><\/td><\/tr><tr><td><p>Teil 4: Einf\u00fchrung in die Sprachwissenschaft des Chinesischen, WS 2014\/15<\/p><\/td><td><\/td><\/tr><tr><td><p>G4 Basismodul &#8222;China&#8220;<\/p><\/td><td><\/td><\/tr><tr><td><p>Zwei der angebotenen Veranstaltungen bilden das Modul. Sie k\u00f6nnen frei w\u00e4hlen, welche zwei Teile Sie besuchen m\u00f6chten. Das Modul kann je nach Zusammensetzung sowohl im Winter- als auch Sommersemester begonnen werden. Das Modul ist auch Teil des sinologischen Grundstudiums und kann daher f\u00fcr Sinologiestudenten nicht \u00fcber den Optionalbereich sondern nur f\u00fcr den Studiengang Sinologie kreditiert werden.<\/p><\/td><td><\/td><\/tr><tr><td><p>Das Modul ist auch Teil des sinologischen Grundstudiums (f\u00fcr Sinologiestudenten deshalb nicht \u00fcber den Optionalbereich sondern den Studiengang Sinologie kreditiert).<\/p><\/td><td><\/td><\/tr><tr><td><p><\/p><\/td><td><\/td><\/tr><tr><td width=\"90%\"><p><a href=\"https:\/\/vvz.ruhr-uni-bochum.de\/campus\/all\/module.asp?gguid=0x2C63526CC64AC54CB2269296AEF1B9B1&amp;fieldgguid=&amp;findmodule=Einf%FChrung+in+die+koreanische+Geschichte&amp;tguid=0x35D2D2252219884DA5B39E2B57260CC6&amp;strSignMessage=\">Einf\u00fchrung in die koreanische Geschichte (5 CP)<\/a><\/p><\/td><td><\/td><\/tr><tr><td><p>Teil 1: Vormoderne koreanische Geschichte (Einf\u00fchrung in die Geschichte Koreas I) (Grundkurs), WS 2014\/15<\/p><\/td><td><\/td><\/tr><tr><td><p>Teil 2: Neuere Geschichte Koreas (Einf\u00fchrung in die Geschichte Koreas II) (Vorlesung), SoSe 2015<\/p><\/td><td><\/td><\/tr><tr><td><p>G4 Basismodul &#8222;Korea&#8220;<\/p><\/td><td><\/td><\/tr><tr><td><p>Studierende der Koreanistik k\u00f6nnen an diesem Modul zwar teilnehmen, jedoch keine Credit Points f\u00fcr den Optionalbereich erwerben!<\/p><\/td><td><\/td><\/tr><tr><td><p><\/p><\/td><td><\/td><\/tr><tr><td width=\"90%\"><p><a href=\"https:\/\/vvz.ruhr-uni-bochum.de\/campus\/all\/module.asp?gguid=0xEC7EA166F1741549811452B0A18EAC5C&amp;fieldgguid=&amp;findmodule=nihongo&amp;tguid=0x35D2D2252219884DA5B39E2B57260CC6&amp;strSignMessage=\">Nihongogaku (5 CP)<\/a><\/p><\/td><td><\/td><\/tr><tr><td><p>Teil 1: \u00dcberblick \u00fcber die japanische Sprache I, SoSe 2015<\/p><\/td><td><\/td><\/tr><tr><td><p>Teil 2: \u00dcberblick \u00fcber die japanische Sprache II, WS 2014\/15<\/p><\/td><td><\/td><\/tr><tr><td><p>G4 Basismodul &#8222;Japan&#8220;<\/p><\/td><td><\/td><\/tr><tr><td><p>Studierende der Japanologie k\u00f6nnen an diesem Modul zwar teilnehmen, jedoch keine Credit Points f\u00fcr den Optionalbereich erwerben!<\/p><\/td><td><\/td><\/tr><tr><td><p>Das Modul geht \u00fcber zwei Semester und kann sowohl im Sommersemester als auch im Wintersemester gestartet werden.<\/p><\/td><td><\/td><\/tr><tr><td><\/td><td><\/td><\/tr><tr><td colspan=\"2\"><p>Philosophie<\/p><\/td><\/tr><tr><td width=\"90%\"><p><a href=\"https:\/\/vvz.ruhr-uni-bochum.de\/campus\/all\/module.asp?gguid=0xE18723CC29CCED4ABC5C9BFD7A44164E&amp;fieldgguid=&amp;findmodule=Philosophische+Prop%E4deutik&amp;tguid=0x35D2D2252219884DA5B39E2B57260CC6&amp;strSignMessage=\">Philosophische Prop\u00e4deutik (5 CP)<\/a><\/p><\/td><td><\/td><\/tr><tr><td><p>Teil 1: Einf\u00fchrung in die Philosophie und ihre Geschichte (Vorlesung), WS 2014\/15<\/p><\/td><td><\/td><\/tr><tr><td><p>Teil 2: Einf\u00fchrung in die Ethik (Seminar), WS 2014\/15<\/p><\/td><td><\/td><\/tr><tr><td><p>G4 Basismodul &#8222;Praktische Philosophie&#8220;<\/p><\/td><td><\/td><\/tr><tr><td><p>Studierende des Faches Philosophie d\u00fcrfen an diesem Modul nicht teilnehmen.<\/p><\/td><td><\/td><\/tr><tr><td><p><\/p><\/td><td><\/td><\/tr><tr><td width=\"90%\"><p><a href=\"https:\/\/vvz.ruhr-uni-bochum.de\/campus\/all\/module.asp?gguid=0x3C246F3DB37A4A4B8B1BE2E67796698A&amp;fieldgguid=&amp;findmodule=Einf%FChrung+in+die+Grundz%FCge+der+Logik&amp;tguid=0x35D2D2252219884DA5B39E2B57260CC6&amp;strSignMessage=\">Einf\u00fchrung in die Grundz\u00fcge der Logik (5 CP)<\/a><\/p><\/td><td><\/td><\/tr><tr><td><p>Teil 1: Grundz\u00fcge der Logik (Vorlesung), WS 2014\/15<\/p><\/td><td><\/td><\/tr><tr><td><p>Teil 2: Grundz\u00fcge der Logik (\u00dcbung), WS 2014\/15<\/p><\/td><td><\/td><\/tr><tr><td><p>G4 Basismodul &#8222;Praktische Philosophie&#8220;<\/p><\/td><td><\/td><\/tr><tr><td><p>Studierende des Faches Philosophie d\u00fcrfen an diesem Modul nicht teilnehmen!<\/p><\/td><td><\/td><\/tr><tr><td><p><\/p><\/td><td><\/td><\/tr><tr><td width=\"90%\"><p><a href=\"https:\/\/vvz.ruhr-uni-bochum.de\/campus\/all\/module.asp?gguid=0x74F902DAF0AFFB48B12C66741DA4C080&amp;fieldgguid=&amp;findmodule=Grundprobleme+der+Theoretischen+Philosop&amp;tguid=0x35D2D2252219884DA5B39E2B57260CC6&amp;strSignMessage=\">Grundprobleme der Theoretischen Philosophie aus historischer und aktueller Perspektive (5 CP)<\/a><\/p><\/td><td><\/td><\/tr><tr><td><p>Teil 1: Grundprobleme der Theoretischen Philosophie aus historischer und aktueller Perspektive I: Einf\u00fchrung in die Philosophie der Antike und des Mittelalters, WS 2014\/15<\/p><\/td><td><\/td><\/tr><tr><td><p>Teil 2: Grundprobleme der Theoretischen Philosophie aus historischer und aktueller Perspektive II: Einf\u00fchrung in die Theoretische Philosophie: (Vorlesung), WS 2014\/2015<\/p><\/td><td><\/td><\/tr><tr><td><p>G4 Basismodul &#8222;Geschichte der Philosophie&#8220; \/ G4 Basismodul &#8222;Theoretische Philosophie&#8220;<\/p><\/td><td><\/td><\/tr><tr><td><p>Zus\u00e4tzlich gesonderte Treffen \/ Sprechstunden f\u00fcr die Studierenden des Optionalbereichs, nach Absprache, mindestens alle 14 Tage. Studierende der Philosophie k\u00f6nnen an diesem Modul nicht teilnehmen.<\/p><\/td><td><\/td><\/tr><tr><td><\/td><td><\/td><\/tr><tr><td colspan=\"2\"><p>Physik und Astronomie<\/p><\/td><\/tr><tr><td width=\"90%\"><p><a href=\"https:\/\/vvz.ruhr-uni-bochum.de\/campus\/all\/module.asp?gguid=0xCEA7C740C0DE3F478EECCCD6DC918AA1&amp;fieldgguid=&amp;mode=&amp;findmodule=Analogelektronik&amp;tguid=0x35D2D2252219884DA5B39E2B57260CC6\">Analogelektronik (5 CP)<\/a><\/p><\/td><td><\/td><\/tr><tr><td><p>Teil 1: Analogelektronik (Vorlesung), WS 2014\/15<\/p><\/td><td><\/td><\/tr><tr><td><p>Teil 2: Analogelektronik (\u00dcbung), WS 2014\/15<\/p><\/td><td><\/td><\/tr><tr><td><p>G4 Basismodul &#8222;Elektronik f\u00fcr physikalische Experimente&#8220;<\/p><\/td><td><\/td><\/tr><tr><td><p>Studierende der Physik k\u00f6nnen sich dieses Modul nicht f\u00fcr den Optionalbereich anrechnen lassen.<\/p><\/td><td><\/td><\/tr><tr><td><p><\/p><\/td><td><\/td><\/tr><tr><td width=\"90%\"><p><a href=\"https:\/\/vvz.ruhr-uni-bochum.de\/campus\/all\/module.asp?gguid=0xA16AE5024B0F1F479889CD84B25F7E58&amp;fieldgguid=&amp;findmodule=Mathematische+Hilfsmittel+der+Physik&amp;tguid=0x35D2D2252219884DA5B39E2B57260CC6&amp;strSignMessage=\">Mathematische Hilfsmittel der Physik (5 CP)<\/a><\/p><\/td><td><\/td><\/tr><tr><td><p>Teil 1: Einf\u00fchrung in die mathematischen Hilfsmittel der Physik (Vorlesung), WS 2014\/15<\/p><\/td><td><\/td><\/tr><tr><td><p>Teil 2: Einf\u00fchrung in die mathematischen Hilfsmittel der Physik (\u00dcbung), WS 2014\/15<\/p><\/td><td><\/td><\/tr><tr><td><p>G4 Basismodul &#8222;Mathematischen Hilfsmittel f\u00fcr die Physik&#8220;<\/p><\/td><td><\/td><\/tr><tr><td><p>Bitte beachten Sie: 2-Fach-B.A.-Studierende der Physik und \/ oder Mathematik k\u00f6nnen nur dann CP f\u00fcr den Optionalbereich erwerben, wenn sie das Modul vor Ihrem ersten Fachsemester besuchen.<\/p><\/td><td><\/td><\/tr><tr><td><p><\/p><\/td><td><\/td><\/tr><tr><td width=\"90%\"><p><a href=\"https:\/\/vvz.ruhr-uni-bochum.de\/campus\/all\/module.asp?gguid=0x1568ADBA95674346ABFF5C4DDC53A7DD&amp;fieldgguid=&amp;findmodule=Mathematische+Methoden+der+Physik+I&amp;tguid=0x35D2D2252219884DA5B39E2B57260CC6&amp;strSignMessage=\">Mathematische Methoden der Physik I (5 CP)<\/a><\/p><\/td><td><\/td><\/tr><tr><td><p>Teil 1: Mathematische Methoden der Physik I (Vorlesung), WS 2014\/15<\/p><\/td><td><\/td><\/tr><tr><td><p>Teil 2: Mathematische Methoden der Physik I (\u00dcbung), WS 2014\/15<\/p><\/td><td><\/td><\/tr><tr><td><p>G4 Basismodul &#8222;Mathematische Methoden f\u00fcr die Physik&#8220;<\/p><\/td><td><\/td><\/tr><tr><td><p><\/p><\/td><td><\/td><\/tr><tr><td width=\"90%\"><p><a href=\"https:\/\/vvz.ruhr-uni-bochum.de\/campus\/all\/module.asp?gguid=0x783EB5F7580F934E942782093D40261F&amp;fieldgguid=&amp;findmodule=Physik+des+Universums%3A+Vom+Urknall+bis+z&amp;tguid=0x35D2D2252219884DA5B39E2B57260CC6&amp;strSignMessage=\">Physik des Universums: Vom Urknall bis zur Supernova (5 CP)<\/a><\/p><\/td><td><\/td><\/tr><tr><td><p>Teil 1: Physik des Universums: Vom Urknall bis zur Supernova (Vorlesung), WS 2014\/15<\/p><\/td><td><\/td><\/tr><tr><td><p>Teil 2: Physik des Universums: Vom Urknall bis zur Supernova (\u00dcbung), WS 2014\/15<\/p><\/td><td><\/td><\/tr><tr><td><p>G4 Basismodul &#8222;Physik des Universums&#8220;<\/p><\/td><td><\/td><\/tr><tr><td><p>Studierende der Physik k\u00f6nnen an diesem Modul nicht teilnehmen!<\/p><\/td><td><\/td><\/tr><tr><td><p><\/p><\/td><td><\/td><\/tr><tr><td width=\"90%\"><p><a href=\"https:\/\/vvz.ruhr-uni-bochum.de\/campus\/all\/module.asp?gguid=0x12C096F7DAAA47498974A5E2E9C61E6F&amp;fieldgguid=&amp;findmodule=Physik+f%FCr+Nicht%2DPhysikerinnen+und+Nicht&amp;tguid=0x35D2D2252219884DA5B39E2B57260CC6&amp;strSignMessage=\">Physik f\u00fcr Nicht-Physikerinnen und Nicht-Physiker (OPT) (5 CP)<\/a><\/p><\/td><td><\/td><\/tr><tr><td><p>Teil 1: Physik f\u00fcr Nicht-Physikerinnen und Nicht-Physiker (Vorlesung), WS 2014\/15<\/p><\/td><td><\/td><\/tr><tr><td><p>Teil 2: Physik f\u00fcr Nicht-Physikerinnen und Nicht-Physiker (\u00dcbung), WS 2014\/15<\/p><\/td><td><\/td><\/tr><tr><td><p>G4 Basismodul &#8222;Grundlagen der Physik&#8220;<\/p><\/td><td><\/td><\/tr><tr><td><p>Studierende der Physik k\u00f6nnen an diesem Modul nicht teilnehmen!<\/p><\/td><td><\/td><\/tr><tr><td><p><\/p><\/td><td><\/td><\/tr><tr><td width=\"90%\"><p><a href=\"https:\/\/vvz.ruhr-uni-bochum.de\/campus\/all\/module.asp?gguid=0x214313404D7E4849B4EAA91383DE1753&amp;fieldgguid=&amp;findmodule=Physik+I+%28Schwerpunkt+Chemie%2C+Biochemie%2C&amp;tguid=0x35D2D2252219884DA5B39E2B57260CC6&amp;strSignMessage=\">Physik I (Schwerpunkt Chemie, Biochemie, Geowissenschaften) (5 CP)<\/a><\/p><\/td><td><\/td><\/tr><tr><td><p>Teil 1: Physik I f\u00fcr Studierende der Biochemie, Chemie und Geowissenschaften (Vorlesung), WS 2014\/15<\/p><\/td><td><\/td><\/tr><tr><td><p>Teil 2: Physik I f\u00fcr Studierende der Biochemie, Chemie und Geowissenschaften (\u00dcbung), WS 2014\/15<\/p><\/td><td><\/td><\/tr><tr><td><p>G4 Basismodul &#8222;Grundlagen der Physik&#8220;<\/p><\/td><td><\/td><\/tr><tr><td><p>Da die Veranstaltung inhaltlich der Physik I (Schwerpunkt Biologie) gleicht, kann nur jeweils eine von beiden f\u00fcr den Optionalbereich anerkannt werden. Studierende des B.Sc. &#8211; Studiengangs Chemie, Biochemie, Geowissenschaften sowie Studierende der Physik k\u00f6nnen an diesem Modul nicht teilnehmen!<\/p><\/td><td><\/td><\/tr><tr><td><p><\/p><\/td><td><\/td><\/tr><tr><td width=\"90%\"><p><a href=\"https:\/\/vvz.ruhr-uni-bochum.de\/campus\/all\/module.asp?gguid=0xB929A78FC3A7D1458AC126D738B18F61&amp;fieldgguid=&amp;findmodule=Physik+II+%28Schwerpunkt+Biologie%29&amp;tguid=0x35D2D2252219884DA5B39E2B57260CC6&amp;strSignMessage=\">Physik II (Schwerpunkt Biologie) (5 CP)<\/a><\/p><\/td><td><\/td><\/tr><tr><td><p>Teil 1: Physik II f\u00fcr Studierende der Biologie (Vorlesung), WS 2014\/15<\/p><\/td><td><\/td><\/tr><tr><td><p>Teil 2: Physik II f\u00fcr Studierende der Biologie (\u00dcbung), WS 2014\/15<\/p><\/td><td><\/td><\/tr><tr><td><p>G4 Basismodul &#8222;Grundlagen der Physik&#8220;<\/p><\/td><td><\/td><\/tr><tr><td><p>Da die Veranstaltung inhaltlich der Physik II (Schwerpunkt Chemie) gleicht, kann nur jeweils eine von beiden f\u00fcr den Optionalbereich anerkannt werden. F\u00fcr Studierende des B.Sc. &#8211; Studiengangs Biologie ist dieses Modul nicht im Optionalbereich anrechenbar. Studierende der Physik k\u00f6nnen an diesem Modul nicht teilnehmen!<\/p><\/td><td><\/td><\/tr><tr><td><\/td><td><\/td><\/tr><tr><td colspan=\"2\"><p>Rechtswissenschaft<\/p><\/td><\/tr><tr><td width=\"90%\"><p><a href=\"https:\/\/vvz.ruhr-uni-bochum.de\/campus\/all\/module.asp?gguid=0x64BA55031A1B3C4186093A25BB4A7B11&amp;fieldgguid=&amp;findmodule=Kriminologie&amp;tguid=0x35D2D2252219884DA5B39E2B57260CC6&amp;strSignMessage=\">Kriminologie (5 CP)<\/a><\/p><\/td><td><\/td><\/tr><tr><td><p>Teil 1: Kriminologie I (Vorlesung), WS 2014\/15<\/p><\/td><td><\/td><\/tr><tr><td><p>Teil 2: Ausgew\u00e4hlte Themen zur Kriminologie (\u00dcbung), WS 2014\/15<\/p><\/td><td><\/td><\/tr><tr><td><p>G4 Basismodul &#8222;Rechtswissenschaft&#8220;<\/p><\/td><td><\/td><\/tr><tr><td><\/td><td><\/td><\/tr><tr><td colspan=\"2\"><p>Religionswissenschaft<\/p><\/td><\/tr><tr><td width=\"90%\"><p><a href=\"https:\/\/vvz.ruhr-uni-bochum.de\/campus\/all\/module.asp?gguid=0x581F5AEF6EECD64CBB0B92465723E0EF&amp;fieldgguid=&amp;findmodule=Religionswissenschaftliche+Zug%E4nge+zu+al&amp;tguid=0x35D2D2252219884DA5B39E2B57260CC6&amp;strSignMessage=\">Religionswissenschaftliche Zug\u00e4nge zu altorientalischer Religionsgeschichte (5 CP)<\/a> Neu!<\/p><\/td><td><\/td><\/tr><tr><td><p>Teil 1: Einf\u00fchrung in die Religionswissenschaft (Vorlesung), WS 2014\/15<\/p><\/td><td><\/td><\/tr><tr><td><p>Teil 2: Einf\u00fchrung in die Altorientalischen Religionen (Seminar), WS 2014\/15<\/p><\/td><td><\/td><\/tr><tr><td><p>G4 Basismodul &#8222;Grundlagen der Religionswissenschaft&#8220;<\/p><\/td><td><\/td><\/tr><tr><td><p>Studierende der Religionswissenschaft k\u00f6nnen in diesem Modul keine CP f\u00fcr den Optionalbereich erwerben!<\/p><\/td><td><\/td><\/tr><tr><td><p>Studierende des Optionalbereichs k\u00f6nnen, wenn sie dieses Modul belegen, nicht die Module &#8222;Religionswissenschaftliche Zug\u00e4nge zu j\u00fcdischer Religionsgeschichte&#8220;, &#8222;Religionswissenschaftliche Zug\u00e4nge zu islamischer Religionsgeschichte&#8220;, &#8222;Religionswissenschaftliche Zug\u00e4nge zu zentralasiatischer Religionsgeschichte&#8220; und &#8222;Religionswissenschaftliche Zug\u00e4nge zu ostasiatischer Religionsgeschichte&#8220; belegen.<\/p><\/td><td><\/td><\/tr><tr><td><p><\/p><\/td><td><\/td><\/tr><tr><td width=\"90%\"><p><a href=\"https:\/\/vvz.ruhr-uni-bochum.de\/campus\/all\/module.asp?gguid=0xAAB61B434762F148A49E477A70080636&amp;fieldgguid=&amp;findmodule=Religionswissenschaftliche+Zug%E4nge+zu+j%FC&amp;tguid=0x35D2D2252219884DA5B39E2B57260CC6&amp;strSignMessage=\">Religionswissenschaftliche Zug\u00e4nge zu j\u00fcdischer Religionsgeschichte (5 CP)<\/a> Neu!<\/p><\/td><td><\/td><\/tr><tr><td><p>Teil 1: Einf\u00fchrung in die Religionswissenschaft (Vorlesung), WS 2014\/15<\/p><\/td><td><\/td><\/tr><tr><td><p>Teil 2: Judentum vom Mittelalter bis zum Gegenwart (Seminar), WS 2014\/15<\/p><\/td><td><\/td><\/tr><tr><td><p>G4 Basismodul &#8222;Grundlagen der Religionswissenschaft&#8220;<\/p><\/td><td><\/td><\/tr><tr><td><p>Studierende der Religionswissenschaft k\u00f6nnen in diesem Modul keine CP f\u00fcr den Optionalbereich erwerben!<\/p><\/td><td><\/td><\/tr><tr><td><p>Studierende des Optionalbereichs k\u00f6nnen, wenn sie dieses Modul belegen, nicht die Module &#8222;Religionswissenschaftliche Zug\u00e4nge zu altorientalischer Religionsgeschichte&#8220;, &#8222;Religionswissenschaftliche Zug\u00e4nge zu islamischer Religionsgeschichte&#8220;, &#8222;Religionswissenschaftliche Zug\u00e4nge zu zentralasiatischer Religionsgeschichte&#8220; und &#8222;Religionswissenschaftliche Zug\u00e4nge zu ostasiatischer Religionsgeschichte&#8220; belegen.<\/p><\/td><td><\/td><\/tr><tr><td><p><\/p><\/td><td><\/td><\/tr><tr><td width=\"90%\"><p><a href=\"https:\/\/vvz.ruhr-uni-bochum.de\/campus\/all\/module.asp?gguid=0xCE99BB9A6B2E1F49AB0A83A04ABDCBA3&amp;fieldgguid=&amp;findmodule=Religionswissenschaftliche+Zug%E4nge+zu+is&amp;tguid=0x35D2D2252219884DA5B39E2B57260CC6&amp;strSignMessage=\">Religionswissenschaftliche Zug\u00e4nge zu islamischer Religionsgeschichte (5 CP)<\/a> Neu!<\/p><\/td><td><\/td><\/tr><tr><td><p>Teil 1: Einf\u00fchrung in die Religionswissenschaft (Vorlesung), WS 2014\/15<\/p><\/td><td><\/td><\/tr><tr><td><p>Teil 2: Islam II &#8211; Vom Mongolensturm bis zur Gegenwart (Seminar), WS 2014\/15<\/p><\/td><td><\/td><\/tr><tr><td><p>G4 Basismodul &#8222;Grundlagen der Religionswissenschaft&#8220;<\/p><\/td><td><\/td><\/tr><tr><td><p>Studierende der Religionswissenschaft k\u00f6nnen in diesem Modul keine CP f\u00fcr den Optionalbereich erwerben!<\/p><\/td><td><\/td><\/tr><tr><td><p>Studierende des Optionalbereichs k\u00f6nnen, wenn sie dieses Modul belegen, nicht die Module &#8222;Religionswissenschaftliche Zug\u00e4nge zu j\u00fcdischer Religionsgeschichte&#8220;, &#8222;Religionswissenschaftliche Zug\u00e4nge zu altorientalischer Religionsgeschichte&#8220;, &#8222;Religionswissenschaftliche Zug\u00e4nge zu zentralasiatischer Religionsgeschichte&#8220; und &#8222;Religionswissenschaftliche Zug\u00e4nge zu ostasiatischer Religionsgeschichte&#8220; belegen.<\/p><\/td><td><\/td><\/tr><tr><td><p><\/p><\/td><td><\/td><\/tr><tr><td width=\"90%\"><p><a href=\"https:\/\/vvz.ruhr-uni-bochum.de\/campus\/all\/module.asp?gguid=0x3C77B4E8B812564F983C11B76EE7025A&amp;fieldgguid=&amp;findmodule=Religionswissenschaftliche+Zug%E4nge+zu+os&amp;tguid=0x35D2D2252219884DA5B39E2B57260CC6&amp;strSignMessage=\">Religionswissenschaftliche Zug\u00e4nge zu ostasiatischer Religionsgeschichte (5 CP)<\/a> Neu!<\/p><\/td><td><\/td><\/tr><tr><td><p>Teil 1: Einf\u00fchrung in die Religionswissenschaft (Vorlesung), WS 2014\/15<\/p><\/td><td><\/td><\/tr><tr><td><p>Teil 2: Einf\u00fchrung in die Religionen Chinas (Seminar), WS 2014\/15<\/p><\/td><td><\/td><\/tr><tr><td><p>G4 Basismodul &#8222;Grundlagen der Religionswissenschaft&#8220;<\/p><\/td><td><\/td><\/tr><tr><td><p>Studierende der Religionswissenschaft k\u00f6nnen in diesem Modul keine CP f\u00fcr den Optionalbereich erwerben!<\/p><\/td><td><\/td><\/tr><tr><td><p>Studierende des Optionalbereichs k\u00f6nnen, wenn sie dieses Modul belegen, nicht die Module &#8222;Religionswissenschaftliche Zug\u00e4nge zu j\u00fcdischer Religionsgeschichte&#8220;, &#8222;Religionswissenschaftliche Zug\u00e4nge zu islamischer Religionsgeschichte&#8220;, &#8222;Religionswissenschaftliche Zug\u00e4nge zu zentralasiatischer Religionsgeschichte&#8220; und &#8222;Religionswissenschaftliche Zug\u00e4nge zu altorientalischer Religionsgeschichte&#8220; belegen.<\/p><\/td><td><\/td><\/tr><tr><td><p><\/p><\/td><td><\/td><\/tr><tr><td width=\"90%\"><p><a href=\"https:\/\/vvz.ruhr-uni-bochum.de\/campus\/all\/module.asp?gguid=0x7AF35F256E5279488E6B3E4A6A33D8C5&amp;fieldgguid=&amp;findmodule=Religionswissenschaftliche+Zug%E4nge+zu+ze&amp;tguid=0x35D2D2252219884DA5B39E2B57260CC6&amp;strSignMessage=\">Religionswissenschaftliche Zug\u00e4nge zu zentralasiatischer Religionsgeschichte (5 CP) <\/a>Neu!<\/p><\/td><td><\/td><\/tr><tr><td><p>Teil 1: Einf\u00fchrung in die Religionswissenschaft (Vorlesung), WS 2014\/15<\/p><\/td><td><\/td><\/tr><tr><td><p>Teil 2: Religionsgeschichte Zentralasiens von den Anf\u00e4ngen bis in die Gegenwart (Seminar), WS 2014\/15<\/p><\/td><td><\/td><\/tr><tr><td><p>G4 Basismodul &#8222;Grundlagen der Religionswissenschaft&#8220;<\/p><\/td><td><\/td><\/tr><tr><td><p>Studierende der Religionswissenschaft k\u00f6nnen in diesem Modul keine CP f\u00fcr den Optionalbereich erwerben!<\/p><\/td><td><\/td><\/tr><tr><td><p>Studierende des Optionalbereichs k\u00f6nnen, wenn sie dieses Modul belegen, nicht die Module &#8222;Religionswissenschaftliche Zug\u00e4nge zu j\u00fcdischer Religionsgeschichte&#8220;, &#8222;Religionswissenschaftliche Zug\u00e4nge zu islamischer Religionsgeschichte&#8220;, &#8222;Religionswissenschaftliche Zug\u00e4nge zu altorientalischer Religionsgeschichte&#8220; und &#8222;Religionswissenschaftliche Zug\u00e4nge zu ostasiatischer Religionsgeschichte&#8220; belegen.<\/p><\/td><td><\/td><\/tr><tr><td><p><\/p><\/td><td><\/td><\/tr><tr><td width=\"90%\"><p><a href=\"https:\/\/vvz.ruhr-uni-bochum.de\/campus\/all\/module.asp?gguid=0xC81EF2AFBC969340B2AB91FB041BBDA8&amp;fieldgguid=&amp;findmodule=Religi%F6se+Vielfalt+im+Gesundheitswesen&amp;tguid=0x35D2D2252219884DA5B39E2B57260CC6&amp;strSignMessage=\">Religi\u00f6se Vielfalt im Gesundheitswesen (5 CP)<\/a> Neu!<\/p><\/td><td><\/td><\/tr><tr><td><p>Teil 1: Religi\u00f6se Vielfalt im Gesundheitswesen (Seminar), WS 2014\/15<\/p><\/td><td><\/td><\/tr><tr><td><p>Teil 2: Religi\u00f6se Vielfalt im Gesundheitswesen (Seminar), SoSe 2015<\/p><\/td><td><\/td><\/tr><tr><td><p>G4 Basismodul &#8222;Religion und Gesellschaft&#8220;<\/p><\/td><td><\/td><\/tr><tr><td><p>Studierende der Religionswissenschaft k\u00f6nnen in diesem Modul keine CP f\u00fcr den Optionalbereich erwerben!<\/p><\/td><td><\/td><\/tr><tr><td><\/td><td><\/td><\/tr><tr><td colspan=\"2\"><p>Romanistik<\/p><\/td><\/tr><tr><td width=\"90%\"><p><a href=\"https:\/\/vvz.ruhr-uni-bochum.de\/campus\/all\/module.asp?gguid=0xD63B654D6EADD448BBA9C7C9D01D8B7A&amp;fieldgguid=&amp;findmodule=Portugiesisch%3A+Sprache+und+Kulturen+Bras&amp;tguid=0x35D2D2252219884DA5B39E2B57260CC6&amp;strSignMessage=\">Portugiesisch: Sprache und Kulturen Brasiliens, Portugals und des lusophonen Afrikas (B1) (5 CP)<\/a><\/p><\/td><td><\/td><\/tr><tr><td><p>Teil 1: Portugu\u00eas IV (\u00dcbung), WS 2014\/15<\/p><\/td><td><\/td><\/tr><tr><td><p>Teil 2: Landeskundeseminar Lusophonie II (Proseminar), SoSe 2015<\/p><\/td><td><\/td><\/tr><tr><td><p>G4 Aufbaumodul &#8222;Portugiesisch&#8220; \/ G1 Modul Portugiesisch III (bras.)<\/p><\/td><td><\/td><\/tr><tr><td><p>Studierende der Romanischen Philologie k\u00f6nnen an diesem Modul nur teilnehmen, sofern Modulteil 2 nicht Bestandteil eines Fachmoduls ist! Bitte beachten Sie unbedingt die Hinweise unter dem Punkt &#8222;Voraussetzungen&#8220; der Modulbeschreibung!<\/p><\/td><td><\/td><\/tr><tr><td><\/td><td><\/td><\/tr><tr><td colspan=\"2\"><p>Sozialwissenschaft<\/p><\/td><\/tr><tr><td width=\"90%\"><p><a href=\"https:\/\/vvz.ruhr-uni-bochum.de\/campus\/all\/module.asp?gguid=0x7A86C7A6700FD74EAC02A1A2A3AE9EF7&amp;fieldgguid=&amp;mode=&amp;findmodule=Arbeits-&amp;tguid=0x35D2D2252219884DA5B39E2B57260CC6\">Arbeits-, Wirtschafts- und Organisationssoziologie (5 CP)<\/a><\/p><\/td><td><\/td><\/tr><tr><td><p>Teil 1: Einf\u00fchrung in die Arbeits-, Wirtschafts- und Organisationssoziologie (Seminar), WS 2014\/15<\/p><\/td><td><\/td><\/tr><tr><td><p>Teil 2: Strukturierte Betreuung (\u00dcbung), WS 2014\/15<\/p><\/td><td><\/td><\/tr><tr><td><p>G4 Aufbaumodul &#8222;Soziologie&#8220;<\/p><\/td><td><\/td><\/tr><tr><td><p>Studierende der F\u00e4cher PWG, KIG und Soziologie sowie des Studiengangs Sozialwissenschaft k\u00f6nnen an diesem Modul nicht teilnehmen!<\/p><\/td><td><\/td><\/tr><tr><td><p><\/p><\/td><td><\/td><\/tr><tr><td width=\"90%\"><p><a href=\"https:\/\/vvz.ruhr-uni-bochum.de\/campus\/all\/module.asp?gguid=0x1B686A6D79C9B04F88E1806064766973&amp;fieldgguid=&amp;findmodule=Einf%FChrung+in+die+Wirtschafts%2D+und+Sozia&amp;tguid=0x35D2D2252219884DA5B39E2B57260CC6&amp;strSignMessage=\">Einf\u00fchrung in die Wirtschafts- und Sozialpolitik (5 CP)<\/a><\/p><\/td><td><\/td><\/tr><tr><td><p>Teil 1: Einf\u00fchrung in die Wirtschafts- und Sozialpolitik (Vorlesung), WS 2014\/15<\/p><\/td><td><\/td><\/tr><tr><td><p>Teil 2: Strukturierte Betreuung (GrundSoz\u00f6k, Teil III) (\u00dcbung), WS 2014\/15<\/p><\/td><td><\/td><\/tr><tr><td><p>G4 Basismodul &#8222;Sozial\u00f6konomik&#8220;<\/p><\/td><td><\/td><\/tr><tr><td><p>Studierende der F\u00e4cher PWG, Soziologie, Politikwissenschaft und Sozialpsychologie\/-anthropologie sowie des Studiengangs Sozialwissenschaft k\u00f6nnen an diesem Modul nicht teilnehmen!<\/p><\/td><td><\/td><\/tr><tr><td><p><\/p><\/td><td><\/td><\/tr><tr><td width=\"90%\"><p><a href=\"https:\/\/vvz.ruhr-uni-bochum.de\/campus\/all\/module.asp?gguid=0x4568FEEB45AD724199F13975548C1ACD&amp;fieldgguid=&amp;findmodule=Grundfragen+und+Hauptbegriffe+der+Soziol&amp;tguid=0x35D2D2252219884DA5B39E2B57260CC6&amp;strSignMessage=\">Grundfragen und Hauptbegriffe der Soziologie (Soziologie I) (5 CP)<\/a><\/p><\/td><td><\/td><\/tr><tr><td><p>Teil 1: Grundfragen und Hauptbegriffe der Soziologie (Soziologie I), WS 2014\/15<\/p><\/td><td><\/td><\/tr><tr><td><p>Teil 2: Strukturierte Betreuung zur Soziologie I (\u00dcbung), WS 2014\/15<\/p><\/td><td><\/td><\/tr><tr><td><p>G4 Basismodul &#8222;Soziologie&#8220;<\/p><\/td><td><\/td><\/tr><tr><td><p>Studierende der F\u00e4cher PWG, KIG, Soziologie, Politikwissenschaft und Sozialpsychologie\/-anthropologie sowie des Studiengangs Sozialwissenschaft k\u00f6nnen an diesem Modul nicht teilnehmen.<\/p><\/td><td><\/td><\/tr><tr><td><p><\/p><\/td><td><\/td><\/tr><tr><td width=\"90%\"><p><a href=\"https:\/\/vvz.ruhr-uni-bochum.de\/campus\/all\/module.asp?gguid=0x7DE07BA3670C994686EF0C3BD1C8912C&amp;fieldgguid=&amp;findmodule=Politikwissenschaft%3A+Politisches+System&amp;tguid=0x35D2D2252219884DA5B39E2B57260CC6&amp;strSignMessage=\">Politikwissenschaft: Politisches System Deutschlands (5 CP)<\/a><\/p><\/td><td><\/td><\/tr><tr><td><p>Teil 1: Einf\u00fchrung in das politische System Deutschlands (Vorlesung), WS 2014\/15<\/p><\/td><td><\/td><\/tr><tr><td><p>Teil 2: Strukturierte Betreuung (\u00dcbung), WS 2014\/15<\/p><\/td><td><\/td><\/tr><tr><td><p>G4 Basismodul &#8222;Politikwissenschaft&#8220;<\/p><\/td><td><\/td><\/tr><tr><td><p>Studierende der F\u00e4cher PWG, KIG, Politikwissenschaft sowie des Studienganges Sozialwissenschaft k\u00f6nnen an dem Modul nicht teilnehmen!<\/p><\/td><td><\/td><\/tr><tr><td><p><\/p><\/td><td><\/td><\/tr><tr><td width=\"90%\"><p><a href=\"https:\/\/vvz.ruhr-uni-bochum.de\/campus\/all\/module.asp?gguid=0x5FF87E402A893143A2316E58100E0B2A&amp;fieldgguid=&amp;findmodule=Sozial-+und+Kulturpsychologie&amp;tguid=0x35D2D2252219884DA5B39E2B57260CC6&amp;strSignMessage=\">Sozial- und Kulturpsychologie (5 CP)<\/a><\/p><\/td><td><\/td><\/tr><tr><td><p>Teil 1: Einf\u00fchrung in die Sozial- und Kulturpsychologie (Vorlesung), WS 2014\/15<\/p><\/td><td><\/td><\/tr><tr><td><p>Teil 2: Strukturierte Betreuung (\u00dcbung), WS 2014\/15<\/p><\/td><td><\/td><\/tr><tr><td><p>G4 Basismodul &#8222;Sozialpsychologie&#8220;<\/p><\/td><td><\/td><\/tr><tr><td><p>Studierende des Faches Sozialpsychologie und -anthropologie, des Faches KIG, sowie des Studienganges Sozialwissenschaft k\u00f6nnen an dem Modul nicht teilnehmen.<\/p><\/td><td><\/td><\/tr><tr><td><p><\/p><\/td><td><\/td><\/tr><tr><td width=\"90%\"><p><a href=\"https:\/\/vvz.ruhr-uni-bochum.de\/campus\/all\/module.asp?gguid=0xB47055BB6E26774384C158A2B1757F14&amp;fieldgguid=&amp;findmodule=Sozial-+und+Kulturtheorie&amp;tguid=0x35D2D2252219884DA5B39E2B57260CC6&amp;strSignMessage=\">Sozial- und Kulturtheorie (5 CP)<\/a><\/p><\/td><td><\/td><\/tr><tr><td><p>Teil 1: Einf\u00fchrung in die Sozial- und Kulturtheorie (Vorlesung), WS 2014\/15<\/p><\/td><td><\/td><\/tr><tr><td><p>Teil 2: Strukturierte Betreuung (SozThe, Teil III) (\u00dcbung), WS 2014\/15<\/p><\/td><td><\/td><\/tr><tr><td><p>G4 Aufbaumodul &#8222;Sozialpsychologie&#8220;<\/p><\/td><td><\/td><\/tr><tr><td><p>Studierende des Faches Sozialpsychologie und -anthropologie sowie des Studiengangs Sozialwissenschaft k\u00f6nnen an dem Modul nicht teilnehmen!<\/p><\/td><td><\/td><\/tr><tr><td><p><\/p><\/td><td><\/td><\/tr><tr><td width=\"90%\"><p><a href=\"https:\/\/vvz.ruhr-uni-bochum.de\/campus\/all\/module.asp?gguid=0x51E8E3EE0278C548B93226BAF6FB18CA&amp;fieldgguid=&amp;findmodule=Sozialanthropologie&amp;tguid=0x35D2D2252219884DA5B39E2B57260CC6&amp;strSignMessage=\">Sozialanthropologie (5 CP)<\/a><\/p><\/td><td><\/td><\/tr><tr><td><p>Teil 1: Einf\u00fchrung in die Sozial- und Kulturanthropologie (Vorlesung), WS 2014\/15<\/p><\/td><td><\/td><\/tr><tr><td><p>Teil 2: Strukturierte Betreuung (\u00dcbung), WS 2014\/15<\/p><\/td><td><\/td><\/tr><tr><td><p>G4 Basismodul &#8222;Sozialpsychologie&#8220;<\/p><\/td><td><\/td><\/tr><tr><td><p>Studierende des Faches Sozialpsychologie und -anthropologie, des Faches KIG, sowie des Studiengangs Sozialwissenschaft k\u00f6nnen an dem Modul nicht teilnehmen.<\/p><\/td><td><\/td><\/tr><tr><td><p><\/p><\/td><td><\/td><\/tr><tr><td width=\"90%\"><p><a href=\"https:\/\/vvz.ruhr-uni-bochum.de\/campus\/all\/module.asp?gguid=0xA74782F67EC29C438178C29116E85C5A&amp;fieldgguid=&amp;findmodule=Sozialstruktur+und+sozialer+Wandel+%28Sozi&amp;tguid=0x35D2D2252219884DA5B39E2B57260CC6&amp;strSignMessage=\">Sozialstruktur und sozialer Wandel (Soziologie II) (5 CP)<\/a><\/p><\/td><td><\/td><\/tr><tr><td><p>Teil 1: Sozialstruktur und sozialer Wandel (Vorlesung), WS 2014\/15<\/p><\/td><td><\/td><\/tr><tr><td><p>Teil 2: Strukturierte Betreuung zur Soziologie II (\u00dcbung), WS 2014\/15<\/p><\/td><td><\/td><\/tr><tr><td><\/td><td><\/td><\/tr><tr><td><p>G4 Aufbaumodul &#8222;Soziologie&#8220;<\/p><\/td><td><\/td><\/tr><tr><td><p>Studierende der F\u00e4cher PWG, KIG, Soziologie, Politikwissenschaft und Sozialpsychologie\/-anthropologie sowie des Studiengangs Sozialwissenschaft k\u00f6nnen an diesem Modul nicht teilnehmen!<\/p><\/td><td><\/td><\/tr><tr><td><p><\/p><\/td><td><\/td><\/tr><tr><td width=\"90%\"><p><a href=\"https:\/\/vvz.ruhr-uni-bochum.de\/campus\/all\/module.asp?gguid=0x568C46604B362748BA950E31FB4AB34A&amp;fieldgguid=&amp;findmodule=Theorien+und+Methoden+der+Kulturpsycholo&amp;tguid=0x35D2D2252219884DA5B39E2B57260CC6&amp;strSignMessage=\">Theorien und Methoden der Kulturpsychologie (5 CP)<\/a><\/p><\/td><td><\/td><\/tr><tr><td><p>Teil 1: Theorien und Methoden der Kulturpsychologie (Vorlesung), WS 2014\/15<\/p><\/td><td><\/td><\/tr><tr><td><p>Teil 2: Strukturierte Betreuung (SozKult, Teil III ) (\u00dcbung), WS 2014\/15<\/p><\/td><td><\/td><\/tr><tr><td><p>G4 Aufbaumodul &#8222;Sozialpsychologie&#8220;<\/p><\/td><td><\/td><\/tr><tr><td><p>Studierende des Faches Sozialpsychologie und -anthropologie, des Faches KIG, sowie des Studiengangs Sozialwissenschaft k\u00f6nnen an dem Modul nicht teilnehmen.<\/p><\/td><td><\/td><\/tr><tr><td><\/td><td><\/td><\/tr><tr><td colspan=\"2\"><p>Sportwissenschaft<\/p><\/td><\/tr><tr><td width=\"90%\"><p><a href=\"https:\/\/vvz.ruhr-uni-bochum.de\/campus\/all\/module.asp?gguid=0x5ED5D77DDF25FB42ACF2F1A1E91EDCB2&amp;fieldgguid=&amp;findmodule=Aufbau+des+K%F6rpers+sowie+Funktionsweise&amp;tguid=0x35D2D2252219884DA5B39E2B57260CC6&amp;strSignMessage=\">Aufbau des K\u00f6rpers sowie Funktionsweise in Ruhe und w\u00e4hrend k\u00f6rperlicher Belastung (5 CP)<\/a><\/p><\/td><td><\/td><\/tr><tr><td><p>Teil 1: Sportmedizin, WS 2014\/15<\/p><\/td><td><\/td><\/tr><tr><td><p>Teil 2: Aufbau des K\u00f6rpers sowie Funktionsweise in Ruhe und w\u00e4hrend k\u00f6rperlicher Belastung (Blackboard-\u00dcbung), WS 2014\/15<\/p><\/td><td><\/td><\/tr><tr><td><p>G4 Sportmedizin<\/p><\/td><td><\/td><\/tr><tr><td width=\"100%\"><p>Studierende der Sportwissenschaft k\u00f6nnen an diesem Modul nicht teilnehmen!<\/p><\/td><td><\/td><\/tr><tr><td><p><\/p><\/td><td><\/td><\/tr><tr><td width=\"90%\"><p><a href=\"https:\/\/vvz.ruhr-uni-bochum.de\/campus\/all\/module.asp?gguid=0x201740C2299E72459D76BDB02E4ABC18&amp;fieldgguid=&amp;findmodule=Choreographische+Werkstatt&amp;tguid=0x35D2D2252219884DA5B39E2B57260CC6&amp;strSignMessage=\">Choreographische Werkstatt (5 CP)<\/a><\/p><\/td><td><\/td><\/tr><tr><td><p>Teil 1: Elemente des Choreographierens im Tanz, WS 2014\/15<\/p><\/td><td><\/td><\/tr><tr><td><p>Teil 2: Zeitgen\u00f6ssischer B\u00fchnentanz und Tanz im Film, WS 2014\/15<\/p><\/td><td><\/td><\/tr><tr><td><p>G4 Sport und Gesellschaft<\/p><\/td><td><\/td><\/tr><tr><td width=\"100%\"><p>Studierende des 1-Fach-Sport-Bachelor k\u00f6nnen an diesem Modul nur teilnehmen, wenn Teil 1 (Elemente des Choreografierens im Tanz) nicht Bestandteil des Fachmoduls ist!<\/p><\/td><td><\/td><\/tr><tr><td><p><\/p><\/td><td><\/td><\/tr><tr><td width=\"90%\"><p><a href=\"https:\/\/vvz.ruhr-uni-bochum.de\/campus\/all\/module.asp?gguid=0x6F3BB77D6558554C99F1DEBE87F14ED5&amp;fieldgguid=&amp;findmodule=Sport+und+Erziehung&amp;tguid=0x35D2D2252219884DA5B39E2B57260CC6&amp;strSignMessage=\">Sport und Erziehung (5 CP)<\/a><\/p><\/td><td><\/td><\/tr><tr><td><p>Teil 1: Einf\u00fchrung in die Sportp\u00e4dagogik und Sportdidaktik (Vorlesung), WS 2014\/15<\/p><\/td><td><\/td><\/tr><tr><td><p>Teil 2: Seminar Offen oder geschlossen ausbilden? &#8211; Chancen und Risiken (Seminar), WS 2014\/15<\/p><\/td><td><\/td><\/tr><tr><td><p>G4 Sportpsychologie\/Sportp\u00e4dagogik<\/p><\/td><td><\/td><\/tr><tr><td width=\"100%\"><p>Studierende der Sportwissenschaft k\u00f6nnen an diesem Modul nicht teilnehmen!<\/p><\/td><td><\/td><\/tr><tr><td><p><\/p><\/td><td><\/td><\/tr><tr><td width=\"90%\"><p><a href=\"https:\/\/vvz.ruhr-uni-bochum.de\/campus\/all\/module.asp?gguid=0x8F089D6BB4CE7B439AA9F93AB7BC537F&amp;fieldgguid=&amp;findmodule=Sportsoziologie&amp;tguid=0x35D2D2252219884DA5B39E2B57260CC6&amp;strSignMessage=\">Sportsoziologie (5 CP)<\/a><\/p><\/td><td><\/td><\/tr><tr><td><p>Teil 1: Vorlesung Sport aus soziologischer Perspektive (Vorlesung), WS 2014\/15<\/p><\/td><td><\/td><\/tr><tr><td><p>Teil 2a: Trends im Sport (Seminar), WS 2014\/15 oder<\/p><\/td><td><\/td><\/tr><tr><td><p>Teil 2b: Sport und K\u00f6rper (Seminar), WS 2014\/15 oder<\/p><\/td><td><\/td><\/tr><tr><td><p>Teil 2c: Sport und K\u00f6rper (Seminar), WS 2014\/15<\/p><\/td><td><\/td><\/tr><tr><td><p>G4 Sport und Gesellschaft<\/p><\/td><td><\/td><\/tr><tr><td width=\"100%\"><p>Studierende der Sportwissenschaft k\u00f6nnen an diesem Modul nicht teilnehmen!<\/p><\/td><td><\/td><\/tr><tr><td><\/td><td><\/td><\/tr><tr><td colspan=\"2\"><p>Theaterwissenschaft<\/p><\/td><\/tr><tr><td width=\"90%\"><p>In diesem Semester liegt leider kein Angebot vor.<\/p><\/td><td><\/td><\/tr><tr><td><\/td><td><\/td><\/tr><tr><td colspan=\"2\"><p>Wirtschaftswissenschaft<\/p><\/td><\/tr><tr><td width=\"90%\"><p><a href=\"https:\/\/vvz.ruhr-uni-bochum.de\/campus\/all\/module.asp?gguid=0x4BFAB34DBA14374F966BF7DDA29A8EC5&amp;fieldgguid=&amp;findmodule=Einf%FChrung+in+das+Rechnungswesen&amp;tguid=0x35D2D2252219884DA5B39E2B57260CC6&amp;strSignMessage=\">Einf\u00fchrung in das Rechnungswesen \/ Controlling (5 CP)<\/a><\/p><\/td><td><\/td><\/tr><tr><td><p>Teil 1: Einf\u00fchrung in das Rechnungswesen \/ Controlling (Vorlesung), WS 2014\/15<\/p><\/td><td><\/td><\/tr><tr><td><p>Teil 2: Einf\u00fchrung in das Rechnungswesen \/ Controlling (\u00dcbung), WS 2014\/15<\/p><\/td><td><\/td><\/tr><tr><td><p>G4 Basismodul &#8222;Rechnungswesen&#8220;<\/p><\/td><td><\/td><\/tr><tr><td><p>Teilnehmende des Moduls &#8222;Grundlagen der BWL f\u00fcr Nicht\u00f6konomen und Existenzgr\u00fcnder&#8220; k\u00f6nnen an diesem Modul nicht teilnehmen!<\/p><\/td><td><\/td><\/tr><tr><td><p>Studierende der Wirtschaftswissenschaft (&#8222;Management&#8220;, &#8222;Economics&#8220; und &#8222;Management and Economics&#8220;) und 2-Fach-Bachelor Studierende mit dem Fach BWL k\u00f6nnen an diesem Modul nicht teilnehmen!<\/p><\/td><td><\/td><\/tr><tr><td><p><\/p><\/td><td><\/td><\/tr><tr><td width=\"90%\"><p><a href=\"https:\/\/vvz.ruhr-uni-bochum.de\/campus\/all\/module.asp?gguid=0xCBBCA7B66BDDCC48917A00B1DE996E43&amp;fieldgguid=&amp;mode=&amp;findmodule=Einf%FChrung+in+di&amp;tguid=0x35D2D2252219884DA5B39E2B57260CC6\">Einf\u00fchrung in die Betriebs- sowie Volkswirtschaftslehre (5 CP)<\/a><\/p><\/td><td><\/td><\/tr><tr><td><p>Teil 1: Einf\u00fchrung in die VWL f\u00fcr Nicht\u00f6konomen (Vorlesung), WS 2014\/15<\/p><\/td><td><\/td><\/tr><tr><td><p>Teil 2: Einf\u00fchrung in die BWL f\u00fcr Nicht\u00f6konomen (Vorlesung), SoSe 2015<\/p><\/td><td><\/td><\/tr><tr><td><p>Teil 3: Einf\u00fchrung in die BWL f\u00fcr Nicht\u00f6konomen (Tutorium), SoSe 2015<\/p><\/td><td><\/td><\/tr><tr><td><p>G4 Basismodul &#8222;\u00d6konomie&#8220;<\/p><\/td><td><\/td><\/tr><tr><td><p>Teilnehmende des Moduls &#8222;Grundlagen der BWL f\u00fcr Nicht\u00f6konomen und Existenzgr\u00fcnder&#8220; sowie Studierende des Fachs Wirtschaftswissenschaft k\u00f6nnen an diesem Modul nicht teilnehmen!<\/p><\/td><td><\/td><\/tr><tr><td><p><\/p><\/td><td><\/td><\/tr><tr><td width=\"90%\"><p><a href=\"https:\/\/vvz.ruhr-uni-bochum.de\/campus\/all\/module.asp?gguid=0xBB5208241575614A9B6F76339E8087A0&amp;fieldgguid=&amp;findmodule=Grundlagen+der+Existenzgr%FCndung&amp;tguid=0x35D2D2252219884DA5B39E2B57260CC6&amp;strSignMessage=\">Grundlagen der Existenzgr\u00fcndung (5 CP)<\/a><\/p><\/td><td><\/td><\/tr><tr><td><p>Teil 1: Grundlagen der Existenzgr\u00fcndung (Vorlesung), WS 2014\/15<\/p><\/td><td><\/td><\/tr><tr><td><p>Teil 2: Grundlagen der Existenzgr\u00fcndung (\u00dcbung), WS 2014\/15<\/p><\/td><td><\/td><\/tr><tr><td><p>G4 Basismodul Existenzgr\u00fcndung<\/p><\/td><td><\/td><\/tr><tr><td><p>Studierende der Wirtschaftswissenschaft k\u00f6nnen an diesem Modul nicht teilnehmen!<\/p><\/td><td><\/td><\/tr><tr><td><\/td><td><\/td><\/tr><tr><td colspan=\"2\"><p>Interdisziplin\u00e4re Module<\/p><\/td><\/tr><tr><td width=\"90%\"><p><a href=\"https:\/\/vvz.ruhr-uni-bochum.de\/campus\/all\/module.asp?gguid=0xCC1DF2EE02C68D49A1892BF3D62F32A5&amp;fieldgguid=&amp;findmodule=die+fa&amp;tguid=0x35D2D2252219884DA5B39E2B57260CC6&amp;strSignMessage=\">Die factory f\u00f6rdert Querdenker! &#8211; Kunsttransfer: K\u00fcnstlerisches Denken als Innovationsportal in au\u00dferk\u00fcnstlerischen Feldern (5 CP)<\/a> NEU am 27.09.2014<\/p><\/td><td><\/td><\/tr><tr><td><p>Teil 1: Erfinderwerkstatt &#8211; K\u00fcnstlerisches Denken und Handeln in au\u00dferk\u00fcnstlerischen Feldern (Seminar), WS 2014\/15<\/p><\/td><td><\/td><\/tr><tr><td><p>Teil 2: Erfinderwerkstatt &#8211; Werkstatttage 2 (Blockseminar), WS 2014\/15<\/p><\/td><td><\/td><\/tr><tr><td><p>G4 Basismodul &#8222;Wissenschaft in der Praxis&#8220;<\/p><\/td><td><\/td><\/tr><tr><td><p><\/p><\/td><td><\/td><\/tr><tr><td width=\"90%\"><p><a href=\"https:\/\/vvz.ruhr-uni-bochum.de\/campus\/all\/module.asp?gguid=0x1FFACE3AA8B5EE43A419989BD256A39F&amp;fieldgguid=&amp;findmodule=die+sozial&amp;tguid=0x35D2D2252219884DA5B39E2B57260CC6&amp;strSignMessage=\">Die Sozialwissenschaften im Theater: Forschung in szenierten Welten (15 CP)<\/a><\/p><\/td><td><\/td><\/tr><tr><td><p>Teil 1: Inszenierungen von Wirklichkeit: Theorie und Empirie (Seminar), WS 2014\/15 und SoSe 2015<\/p><\/td><td><\/td><\/tr><tr><td><p>Teil 2: Methoden qualitativer Sozialforschung (Strukturierte Betreuung), WS 2014\/15 und SoSe 2015<\/p><\/td><td><\/td><\/tr><tr><td><p>Teil 3: Performative Wissenschaft (Exkursion), SoSe 2015<\/p><\/td><td><\/td><\/tr><tr><td><p>G2 Intensiv studieren \/ G4 Intensiv studieren,<\/p><\/td><td><\/td><\/tr><tr><td><p>Studierende des Ein-Fach-Bachelors Sozialwissenschaft k\u00f6nnen an dem Modul teilnehmen und sich das Modul als Empiriemodul im Rahmen ihres Fachstudiums anrechnen lassen.<\/p><\/td><td><\/td><\/tr><tr><td><p><\/p><\/td><td><\/td><\/tr><tr><td width=\"90%\"><p><a href=\"https:\/\/vvz.ruhr-uni-bochum.de\/campus\/all\/module.asp?gguid=0xAB39E6607CA5D84D9470AA10F1D2404D&amp;fieldgguid=&amp;findmodule=Drama&amp;tguid=0x35D2D2252219884DA5B39E2B57260CC6&amp;strSignMessage=\">Drama, Theatre and Performance (5 CP)<\/a><\/p><\/td><td><\/td><\/tr><tr><td><p>Part 1: Introduction to Drama in English (Seminar), WS 2014\/15<\/p><\/td><td><\/td><\/tr><tr><td><p>Part 2: Acting Workshop (Blockseminar), WS 2014\/15 in der vorlesungsfreien Zeit<\/p><\/td><td><\/td><\/tr><tr><td><p>G4 International studieren<\/p><\/td><td><\/td><\/tr><tr><td><\/td><td><\/td><\/tr><tr><td><p><\/p><\/td><td><\/td><\/tr><tr><td width=\"90%\"><p><a href=\"https:\/\/vvz.ruhr-uni-bochum.de\/campus\/all\/module.asp?gguid=0x8B2A764B7C158B4A9A32D280D4171628&amp;fieldgguid=&amp;mode=&amp;findmodule=Entwicklung+praxisrelevanter+Forschungsf&amp;tguid=0x35D2D2252219884DA5B39E2B57260CC6\">Entwicklung praxisrelevanter Forschungsfragen im Praktikum (15 CP)<\/a><\/p><\/td><td><\/td><\/tr><tr><td><p>Teil 1: Forschungsfragen und -zyklen entwickeln (Seminar)<\/p><\/td><td><\/td><\/tr><tr><td><p>Teil 2: Reflexion im Praktikum (e-learning), semesterbegleitend<\/p><\/td><td><\/td><\/tr><tr><td><p>Teil 3: Nachbereitung der Forschungsfrage aus dem Praktikum, einmalig SoSe 2015<\/p><\/td><td><\/td><\/tr><tr><td><p>G 4 Interdisziplin\u00e4r studieren \/ G5 Praktikum des Optionalbereich<\/p><\/td><td><\/td><\/tr><tr><td><p><\/p><\/td><td><\/td><\/tr><tr><td width=\"90%\"><p><a href=\"https:\/\/vvz.ruhr-uni-bochum.de\/campus\/all\/module.asp?gguid=0x96C92DA5E195484EA74D926681121E2F&amp;fieldgguid=&amp;findmodule=eu-poli&amp;tguid=0xD5A3A96E7649FA4BB6E721A4533F4B18&amp;strSignMessage=\">EU-Politik in den Medien (15 CP)<\/a><\/p><\/td><td><\/td><\/tr><tr><td><p>Teil 1: Europapolitik in den Medien &#8211; Teil 1 (Seminar), SoSe 2014<\/p><\/td><td><\/td><\/tr><tr><td><p>Teil 2: Einf\u00fchrung in die Computersoftware MAXQDA und Projektentwicklung (Blockseminar), SoSe 2014<\/p><\/td><td><\/td><\/tr><tr><td><p>Teil 3: Europapolitik in den Medien &#8211; Teil 2 (Seminar), WS 2014\/15<\/p><\/td><td><\/td><\/tr><tr><td><p>Teil 4: Datenanalyse, -auswertung und Projektdokumentation (Blockseminar), WS 2014\/15<\/p><\/td><td><\/td><\/tr><tr><td><p>Teil 5: Pr\u00e4sentation der Forschungsergebnisse (Tagung), WS 2014\/15<\/p><\/td><td><\/td><\/tr><tr><td><p>G3 Praktische Anwendungen oder G4 Intensiv studieren<\/p><\/td><td><\/td><\/tr><tr><td><p>Keine Anmeldung m\u00f6glich! Fortf\u00fchrung aus dem SoSe 2014<\/p><\/td><td><\/td><\/tr><tr><td><p><\/p><\/td><td><\/td><\/tr><tr><td width=\"90%\"><p><a href=\"https:\/\/vvz.ruhr-uni-bochum.de\/campus\/all\/module.asp?gguid=0xE4E1709ABA5A864A8A5E7DC944A09261&amp;fieldgguid=&amp;findmodule=Farben+sehen+und+erleben&amp;tguid=0x35D2D2252219884DA5B39E2B57260CC6&amp;strSignMessage=\">Farben sehen und erleben (5 CP)<\/a><\/p><\/td><td><\/td><\/tr><tr><td><p>Teil 1: Farben sehen und erleben &#8211; Theorie und Geschichte (Seminar), WS 2014\/15<\/p><\/td><td><\/td><\/tr><tr><td><p>Teil 2: Farben sehen und erleben &#8211; Praktische Einf\u00fchrung in die Welt der Farben und der Malerei (Praktische \u00dcbung), WS 2014\/15<\/p><\/td><td><\/td><\/tr><tr><td><p>G4 Basismodul &#8222;Kunst und Kultur&#8220;<\/p><\/td><td><\/td><\/tr><tr><td><p>Bitte beachten Sie, dass ein Materialkostenzuschuss von 15 Euro anf\u00e4llt.<\/p><\/td><td><\/td><\/tr><tr><td><p><\/p><\/td><td><\/td><\/tr><tr><td width=\"90%\"><p><a href=\"https:\/\/vvz.ruhr-uni-bochum.de\/campus\/all\/module.asp?gguid=0x686D08924DFAD64B8F8E29FFB1328E4B&amp;fieldgguid=&amp;findmodule=gamifi&amp;tguid=0x35D2D2252219884DA5B39E2B57260CC6&amp;strSignMessage=\">Gamification zwischen Theorie und Praxis (5 CP)<\/a> NEU am 13.08.!<\/p><\/td><td><\/td><\/tr><tr><td><p>Teil 1: Arbeitest du noch oder spielst du schon? Gamification als neuartiges Motivationskonzept (Seminar), WS 2014\/15<\/p><\/td><td><\/td><\/tr><tr><td><p>Teil 2: Gamification in der Praxis \u00bf Konzeption eines Health Games (Blockseminar), WS 2014\/15<\/p><\/td><td><\/td><\/tr><tr><td><p>G4 Interdisziplin\u00e4r studieren<\/p><\/td><td><\/td><\/tr><tr><td><p>Gute Englischkenntnisse werden vorausgesetzt<\/p><\/td><td><\/td><\/tr><tr><td><p><\/p><\/td><td><\/td><\/tr><tr><td width=\"90%\"><p><a href=\"https:\/\/vvz.ruhr-uni-bochum.de\/campus\/all\/module.asp?gguid=0xB9F937A42AFD2547960D52602B5B269D&amp;fieldgguid=&amp;findmodule=gute+gr%FCnde&amp;tguid=0x35D2D2252219884DA5B39E2B57260CC6&amp;strSignMessage=\">Gute Gr\u00fcnde f\u00fcr schlechte Akten: Wie Kinder beschrieben werden (5 CP) <\/a><\/p><\/td><td><\/td><\/tr><tr><td><p>Teil 1: Theoretische und methodische Grundlagen professioneller Dokumentationspraktiken (Seminar), WS 2014\/15<\/p><\/td><td><\/td><\/tr><tr><td><p>Teil 2: Professionelle Dokumentationspraktiken in der Praxis (Blockseminar), WS 2014\/15<\/p><\/td><td><\/td><\/tr><tr><td><p>G4 Intensiv studieren<\/p><\/td><td><\/td><\/tr><tr><td><p>Studierende des Ein-Fach-Bachelors der Sozialwissenschaft k\u00f6nnen sich den Besuch das Modul alternativ als Teil II f\u00fcr das Modul Sozial- und Kulturtheorie anrechnen lassen. Eine Anerkennung als Empiriemodul ist nur m\u00f6glich, sofern auch das Folgemodul &#8222;Kommunizierte Kinder: Dokumentationen und Konsequenzen&#8220; im SoSe 2015 erfolgreich besucht und abgeschlossen wird.<\/p><\/td><td><\/td><\/tr><tr><td><p><\/p><\/td><td><\/td><\/tr><tr><td width=\"90%\"><p><a href=\"https:\/\/vvz.ruhr-uni-bochum.de\/campus\/all\/module.asp?gguid=0x432EF86AB84FB749BDB8DE7FBA218632&amp;fieldgguid=&amp;mode=&amp;findmodule=Hans+Pfitzners+Eichendorff-Kantate+%27%27Von&amp;tguid=0x35D2D2252219884DA5B39E2B57260CC6\">Hans Pfitzners Eichendorff-Kantate &#8218;Von deutscher Seele&#8216; &#8211; Liederzyklen in der Romantik von Schubert und Schumann \u00fcber Brahms und Wolf zu Pfitzner und Strauss (5 CP)<\/a><\/p><\/td><td><\/td><\/tr><tr><td><p>Teil 1: Hans Pfitzners Eichendorff-Kantate &#8218;Von deutscher Seele&#8216; &#8211; Liederzyklen in der Romantik von Schubert und Schumann \u00fcber Brahms und Wolf zu Pfitzner und Strauss (Seminar), WS 2014\/15<\/p><\/td><td><\/td><\/tr><tr><td><p>Teil 2: Chor der Universit\u00e4t (praktische \u00dcbung), WS 2014\/15<\/p><\/td><td><\/td><\/tr><tr><td><p>G4 Basismodul &#8222;Kunst und Kultur&#8220;<\/p><\/td><td><\/td><\/tr><tr><td><p>Studierende, die in den vergangenen Semestern bereits ein Modul in Verbindung mit Chor oder Orchester erfolgreich abgeschlossen haben, k\u00f6nnen bei erneuter Teilnahme an diesem Modul keine Credit Points anerkannt bekommen.<\/p><\/td><td><\/td><\/tr><tr><td><p><\/p><\/td><td><\/td><\/tr><tr><td width=\"90%\"><p><a href=\"https:\/\/vvz.ruhr-uni-bochum.de\/campus\/all\/module.asp?gguid=0x899C33DE994199418FD479105B2AD3F4&amp;fieldgguid=&amp;mode=&amp;findmodule=Hans+Pfitzners+Eichendorff-Kantate+%27%27Von&amp;tguid=0x35D2D2252219884DA5B39E2B57260CC6\">Hans Pfitzners Eichendorff-Kantate &#8218;Von deutscher Seele&#8216; &#8211; Liederzyklen in der Romantik von Schubert und Schumann \u00fcber Brahms und Wolf zu Pfitzner und Strauss (10 CP)<\/a><\/p><\/td><td><\/td><\/tr><tr><td><p>Teil 1: Hans Pfitzners Eichendorff-Kantate &#8218;Von deutscher Seele&#8216; &#8211; Liederzyklen in der Romantik von Schubert und Schumann \u00fcber Brahms und Wolf zu Pfitzner und Strauss (Seminar), WS 2014\/15<\/p><\/td><td><\/td><\/tr><tr><td><p>Teil 2: Chor der Universit\u00e4t (praktische \u00dcbung), WS 2014\/15<\/p><\/td><td><\/td><\/tr><tr><td><p>Teil 3: Chor der Universit\u00e4t &#8211; Thema n.V. (praktische \u00dcbung), SoSe 2015<\/p><\/td><td><\/td><\/tr><tr><td><p>Teil 4: Chor der Universit\u00e4t &#8211; Thema n.V. (praktische \u00dcbung), WS 2015\/16<\/p><\/td><td><\/td><\/tr><tr><td><p>G4 Basismodul &#8222;Kunst und Kultur&#8220;<\/p><\/td><td><\/td><\/tr><tr><td><p>Studierende, die in den vergangenen Semestern bereits ein Modul in Verbindung mit Chor oder Orchester erfolgreich abgeschlossen haben, k\u00f6nnen bei erneuter Teilnahme an diesem Modul keine Credit Points anerkannt bekommen.<\/p><\/td><td><\/td><\/tr><tr><td><p><\/p><\/td><td><\/td><\/tr><tr><td width=\"90%\"><p><a href=\"https:\/\/vvz.ruhr-uni-bochum.de\/campus\/all\/module.asp?gguid=0x0756902A4281A547BD0779A1406393A2&amp;fieldgguid=&amp;mode=&amp;findmodule=Industrial&amp;tguid=0x35D2D2252219884DA5B39E2B57260CC6\">Industrial Heritage. South Wales and the Ruhr (5 CP)<\/a> Neu!<\/p><\/td><td><\/td><\/tr><tr><td><p>Teil 1: Industriekultur im Ruhrgebiet und S\u00fcdwales im Vergleich (Seminar), WS 2014\/15<\/p><\/td><td><\/td><\/tr><tr><td><p>Teil 2: Einw\u00f6chiger Forschungsaufenthalt an der Swansea University, S\u00fcdwales (Exkursion), WS 2014\/15<\/p><\/td><td><\/td><\/tr><tr><td><p>Teil 3: Erkundung industriekultureller St\u00e4tten des Ruhrgebiets mit Studierenden der Swansea University (Blockseminar), WS 2014\/15 in der vorlesungsfreien Zeit<\/p><\/td><td><\/td><\/tr><tr><td><p>G4 International studieren<\/p><\/td><td><\/td><\/tr><tr><td><\/td><td><\/td><\/tr><tr><td><p><\/p><\/td><td><\/td><\/tr><tr><td width=\"90%\"><p><a href=\"https:\/\/vvz.ruhr-uni-bochum.de\/campus\/all\/module.asp?gguid=0x801898511304D642998FB6B016EACA91&amp;fieldgguid=&amp;findmodule=Interkulturelle+Kommunikation+und+Repr%E4s&amp;tguid=0x35D2D2252219884DA5B39E2B57260CC6&amp;strSignMessage=\">Interkulturelle Kommunikation und Repr\u00e4sentation &#8218;fremder&#8216; Kulturen: Professionelle Inszenierungen Chinas (15 CP) <\/a>NEU am 13.08.!<\/p><\/td><td><\/td><\/tr><tr><td><p>Teil 1: Attraktion und Angst: Professionelle Inszenierungen Chinas. Kulturveranstaltungen als Orte interkultureller Kommunikation (Seminar), WS 2014\/15<\/p><\/td><td><\/td><\/tr><tr><td><p>Teil 2: Attraktion und Angst: Professionelle Inszenierungen Chinas. Kulturveranstaltungen als Orte interkultureller Kommunikation (Seminar), SoSe 2015<\/p><\/td><td><\/td><\/tr><tr><td><p>G2 Intensiv studieren \/ G4 Intensiv studieren<\/p><\/td><td><\/td><\/tr><tr><td><p>Studierende des 1-Fach BA Sozialwissenschaft k\u00f6nnen dieses Modul nicht im Rahmen des Optionalbereichs besuchen (sondern nur als Empiriemodul im eigenen Fach).<\/p><\/td><td><\/td><\/tr><tr><td><p><\/p><\/td><td><\/td><\/tr><tr><td width=\"90%\"><p><a href=\"https:\/\/vvz.ruhr-uni-bochum.de\/campus\/all\/module.asp?gguid=0x46F2462307E5DA41868784554AC19E3F&amp;fieldgguid=&amp;findmodule=Landnutzung&amp;tguid=0x35D2D2252219884DA5B39E2B57260CC6&amp;strSignMessage=\">Landnutzung, Infrastruktur und Nachhaltigkeit: Voraussetzungen, Akteure und Geschichte (10 CP) <\/a>NEU am 03.12.2014!<\/p><\/td><td><\/td><\/tr><tr><td><p>Teil 1: Landnutzung, Infrastruktur und Nachhaltigkeit (Blockseminar in der vorlesungsfreien Zeit), WS 2014\/15<\/p><\/td><td><\/td><\/tr><tr><td><p>Teil 2: Landnutzung, Infrastruktur und Nachhaltigkeit (betreute Eigenarbeit in der vorlesungsfreien Zeit), WS 2014\/15<\/p><\/td><td><\/td><\/tr><tr><td><p>Teil 3: Landnutzung, Infrastruktur und Nachhaltigkeit: Voraussetzungen, Akteure und Geschichte (Planspiel und Exkursion), SoSe 2015<\/p><\/td><td><\/td><\/tr><tr><td><p>G4 Interdisziplin\u00e4r studieren<\/p><\/td><td><\/td><\/tr><tr><td><p><\/p><\/td><td><\/td><\/tr><tr><td width=\"90%\"><p><a href=\"https:\/\/vvz.ruhr-uni-bochum.de\/campus\/all\/module.asp?gguid=0xD27AB5F1EA17F84D93D48BE4DB185D0A&amp;fieldgguid=&amp;findmodule=MAREM&amp;tguid=0x35D2D2252219884DA5B39E2B57260CC6&amp;strSignMessage=\">MAREM &#8211; MApping REfugees&#8216; arrivals at the Mediterranean borders (20 CP) <\/a><\/p><\/td><td><\/td><\/tr><tr><td><p>Teil 1: MApping REfugees&#8216; arrivals at the Mediterranean borders: Migration, Refugees, Border Regimes &#8211; an interdisciplinary perspective, WS 2014\/15 and SoSe 2015<\/p><\/td><td><\/td><\/tr><tr><td><p>Teil 2: Structured supervision for the Research Project (guides exercise), WS 2014\/15 and SoSe 2015<\/p><\/td><td><\/td><\/tr><tr><td><p>Teil 3: Introduction into Google Earth (Blockseminar), WS 2014\/15<\/p><\/td><td><\/td><\/tr><tr><td><p>Teil 4: 1 Excursion abroad and 1 excursion in Bochum, WS 2014\/15 and SoSe 2015<\/p><\/td><td><\/td><\/tr><tr><td><p>Teil 5: Public presentation of research results (Public Presentation), one day in July 2015<\/p><\/td><td><\/td><\/tr><tr><td><p>G2 Intensiv studieren \/ G4 Intensiv studieren<\/p><\/td><td><\/td><\/tr><tr><td><p><\/p><\/td><td><\/td><\/tr><tr><td width=\"90%\"><p><a href=\"https:\/\/vvz.ruhr-uni-bochum.de\/campus\/all\/module.asp?gguid=0x8B5671E8BE0B37438AC6F938EF01037B&amp;fieldgguid=&amp;findmodule=medienerziehung&amp;tguid=0x35D2D2252219884DA5B39E2B57260CC6&amp;strSignMessage=\">Medienerziehung in Deutschland und in den USA im Vergleich (5 CP) <\/a><\/p><\/td><td><\/td><\/tr><tr><td><p>Teil 1: Konzepte der Medienerziehung in den USA und in Deutschland (Seminar), WS 2014\/15<\/p><\/td><td><\/td><\/tr><tr><td><p>Teil 2: Videobasierte Reflexion von Lehr- und Lernprozessen \u00fcber Medien in der Praxis (\u00dcbung), WS 2014\/15<\/p><\/td><td><\/td><\/tr><tr><td><p>G3 Praktische Anwendungen \/ G4 Intensiv studieren<\/p><\/td><td><\/td><\/tr><tr><td><p>Das Modul ist richtet sich an Studierende ab dem 2. Fachsemester!<\/p><\/td><td><\/td><\/tr><tr><td><\/td><td><\/td><\/tr><tr><td width=\"90%\"><p><a href=\"https:\/\/vvz.ruhr-uni-bochum.de\/campus\/all\/module.asp?gguid=0x72E00A953DA8E94095A53C0D7D3F53F6&amp;fieldgguid=&amp;findmodule=new&amp;tguid=0x35D2D2252219884DA5B39E2B57260CC6&amp;strSignMessage=\">New Challenges of Humanitarian Action in the 21st Century (5 CP)<\/a><\/p><\/td><td><\/td><\/tr><tr><td><p>Teil 1: New Challenges of Humanitarian Action in the 21st Century (lecture), WS 2014\/15<\/p><\/td><td><\/td><\/tr><tr><td><p>Teil 2: Practical training (internship) of around four weeks, WS 2014\/15<\/p><\/td><td><\/td><\/tr><tr><td><p>G4 Interdisziplin\u00e4r studieren<\/p><\/td><td><\/td><\/tr><tr><td><p>Das Modul ist erst ab dem 3. Fachsemester belegbar! Gute Englischkenntnisse werden vorausgesetzt.<\/p><\/td><td><\/td><\/tr><tr><td><p><\/p><\/td><td><\/td><\/tr><tr><td width=\"90%\"><p><a href=\"https:\/\/vvz.ruhr-uni-bochum.de\/campus\/all\/module.asp?gguid=0x0050F1BC93ECBA40A82C0BA5410F377F&amp;fieldgguid=&amp;findmodule=Organizing+Interventions+in+Humanitarian&amp;tguid=0x35D2D2252219884DA5B39E2B57260CC6&amp;strSignMessage=\">Organizing Interventions in Humanitarian Crises (5 CP)<\/a> NEU am 12.08.2014!<\/p><\/td><td><\/td><\/tr><tr><td><p>Teil 1: Organizing Interventions in Humanitarian Crises (lecture), WS 2014\/15<\/p><\/td><td><\/td><\/tr><tr><td><p>Teil 2: Disaster Response (simulation game), WS 2014\/15<\/p><\/td><td><\/td><\/tr><tr><td><p>G4 Interdisziplin\u00e4r studieren<\/p><\/td><td><\/td><\/tr><tr><td><p>Das Modul ist erst ab dem 3. Fachsemester belegbar! Gute Englischkenntnisse werden vorausgesetzt.<\/p><\/td><td><\/td><\/tr><tr><td><p><\/p><\/td><td><\/td><\/tr><tr><td width=\"90%\"><p><a href=\"https:\/\/vvz.ruhr-uni-bochum.de\/campus\/all\/module.asp?gguid=0x9477A749272DD24F89C63B1A5731B70D&amp;fieldgguid=&amp;mode=&amp;findmodule=politik&amp;tguid=0x35D2D2252219884DA5B39E2B57260CC6\"><\/a>NEU!<\/p><\/td><td><\/td><\/tr><tr><td><p>Teil 1: Einf\u00fchrung (Workshop), WS 2014\/15<\/p><\/td><td><\/td><\/tr><tr><td><p>Teil 2: Interdisziplin\u00e4res Seminar I, WS 2014\/15<\/p><\/td><td><\/td><\/tr><tr><td><p>Teil 3: Interdisziplin\u00e4res Seminar II, WS 2014\/15<\/p><\/td><td><\/td><\/tr><tr><td><p>Teil 4: Interdisziplin\u00e4res Seminar III, SoSe 2015<\/p><\/td><td><\/td><\/tr><tr><td><p>Teil 5: Reflexion (Workshop), SoSe 2015<\/p><\/td><td><\/td><\/tr><tr><td><p>Teil 6: Abschlusspr\u00e4sentation, SoSe 2015<\/p><\/td><td><\/td><\/tr><tr><td><p>G4 Interdisziplin\u00e4r studieren<\/p><\/td><td><\/td><\/tr><tr><td><p><\/p><\/td><td><\/td><\/tr><tr><td width=\"90%\"><p><a href=\"https:\/\/vvz.ruhr-uni-bochum.de\/campus\/all\/module.asp?gguid=0x4AA5ADFA04FD6242969C7A261CF6852C&amp;fieldgguid=&amp;mode=&amp;findmodule=Projektmodul&amp;tguid=0x35D2D2252219884DA5B39E2B57260CC6\">Projektmodul: Kritische Edition des Schlegel\/Tieck-Shakespeare (10 CP)<\/a> Neu!<\/p><\/td><td><\/td><\/tr><tr><td><p>Teil 1: Shakespeare-Rezeption um 1800 (Seminar), WS 2014\/15<\/p><\/td><td><\/td><\/tr><tr><td><p>Teil 2: Editionswissenschaftliches Kolloquium (Kolloquium und Exkursion), WiSe 2014\/15 und SoSe 2015<\/p><\/td><td><\/td><\/tr><tr><td><p>Teil 3: Buch, Satz und Schrift (Blockseminar), WiSe 2014\/15 in der vorlesungsfreien Zeit<\/p><\/td><td><\/td><\/tr><tr><td><p>Teil 4: \u00dcbersetzung und Kritik um 1800 (Seminar), SoSe 2015<\/p><\/td><td><\/td><\/tr><tr><td><p>G4 intensiv studieren \/ G 2 intensiv studieren<\/p><\/td><td><\/td><\/tr><tr><td><p><\/p><\/td><td><\/td><\/tr><tr><td width=\"90%\"><p><a href=\"https:\/\/vvz.ruhr-uni-bochum.de\/campus\/all\/module.asp?gguid=0x64B56413F390BB4FBFE7EED2801A4B1B&amp;fieldgguid=&amp;findmodule=Revolution+in+Deutschland&amp;tguid=0x35D2D2252219884DA5B39E2B57260CC6&amp;strSignMessage=\">Revolution in Deutschland (5 CP)<\/a><\/p><\/td><td><\/td><\/tr><tr><td><p>Teil 1: Die Friedliche Revolution: Voraussetzungen, Akteure, Ereignisse und internationale Perspektiven (Vorlesung), WS 2014\/15<\/p><\/td><td><\/td><\/tr><tr><td><p>Teil 2: Alltag einer Revolution (Oktober 1989-M\u00e4rz 1990) (\u00dcbung), WS 2014\/15<\/p><\/td><td><\/td><\/tr><tr><td><p>G4 Basismodul &#8222;Identit\u00e4t und Differenz&#8220;<\/p><\/td><td><\/td><\/tr><tr><td><p><\/p><\/td><td><\/td><\/tr><tr><td width=\"90%\"><p><a href=\"https:\/\/vvz.ruhr-uni-bochum.de\/campus\/all\/module.asp?gguid=0x31609B0FA18D15468EC50BB412C61077&amp;fieldgguid=&amp;findmodule=Soziale+Netze&amp;tguid=0x35D2D2252219884DA5B39E2B57260CC6&amp;strSignMessage=\"> <\/a>NEU!<\/p><\/td><td><\/td><\/tr><tr><td><p>Teil 1: Soziale Netze (Vorlesung mit begleitendem Tutorium), WS 2014\/15<\/p><\/td><td><\/td><\/tr><tr><td><p>Teil 2: Soziale Netze (Hauptseminar), SoSe 2015<\/p><\/td><td><\/td><\/tr><tr><td><p>Teil 3: Soziale Netze (Planspiel), SoSe 2015<\/p><\/td><td><\/td><\/tr><tr><td><p>G4 Interdisziplin\u00e4r studieren<\/p><\/td><td><\/td><\/tr><tr><td><p><\/p><\/td><td><\/td><\/tr><tr><td width=\"90%\"><p><a href=\"https:\/\/vvz.ruhr-uni-bochum.de\/campus\/all\/module.asp?gguid=0xFE17F60547F9094B8BC94729087C29A3&amp;fieldgguid=&amp;findmodule=Statistik+im+Alltag&amp;tguid=0x35D2D2252219884DA5B39E2B57260CC6&amp;strSignMessage=\">Statistik im Alltag &#8211; f\u00fcr Fortgeschrittene (5 CP)<\/a><\/p><\/td><td><\/td><\/tr><tr><td><p>Teil 1: Statistik im Alltag (Projektseminar mit seminarbegleitenden Arbeitsgruppenphasen), WS 2014\/15<\/p><\/td><td><\/td><\/tr><tr><td><p>Teil 2: Abschlusskolloquium (Kolloquium), WS 2014\/15<\/p><\/td><td><\/td><\/tr><tr><td><p>G4 Intensiv studieren<\/p><\/td><td><\/td><\/tr><\/tbody><\/table><p><\/p><\/div>\n\t\t\t\t<\/div>\n\t\t\t\t\t\t\t<div class=\"elementor-accordion-item\">\n\t\t\t\t\t<div id=\"elementor-tab-title-91614\" class=\"elementor-tab-title\" data-tab=\"14\" role=\"button\" aria-controls=\"elementor-tab-content-91614\" aria-expanded=\"false\">\n\t\t\t\t\t\t\t\t\t\t\t\t\t<span class=\"elementor-accordion-icon elementor-accordion-icon-left\" aria-hidden=\"true\">\n\t\t\t\t\t\t\t\t\t\t\t\t\t\t\t<span class=\"elementor-accordion-icon-closed\"><i class=\"fas fa-plus\"><\/i><\/span>\n\t\t\t\t\t\t\t\t<span class=\"elementor-accordion-icon-opened\"><i class=\"fas fa-minus\"><\/i><\/span>\n\t\t\t\t\t\t\t\t\t\t\t\t\t\t<\/span>\n\t\t\t\t\t\t\t\t\t\t\t\t<a class=\"elementor-accordion-title\" tabindex=\"0\">SoSe 2014<\/a>\n\t\t\t\t\t<\/div>\n\t\t\t\t\t<div id=\"elementor-tab-content-91614\" class=\"elementor-tab-content elementor-clearfix\" data-tab=\"14\" role=\"region\" aria-labelledby=\"elementor-tab-title-91614\"><table width=\"100%\"><tbody><tr><td colspan=\"2\"><p>Grundlagenmodule anderer F\u00e4cher<\/p><\/td><\/tr><tr><td colspan=\"2\"><p>Allgemeine &amp; vergleichende Literaturwissenschaft<\/p><\/td><\/tr><tr><td width=\"90%\"><p>In diesem Semester liegt leider kein Angebot vor.<\/p><\/td><td><\/td><\/tr><tr><td><p><\/p><\/td><td><\/td><\/tr><tr><td colspan=\"2\"><p>Anglistik\/Amerikanistik<\/p><\/td><\/tr><tr><td width=\"90%\"><p><a href=\"https:\/\/vvz.ruhr-uni-bochum.de\/campus\/all\/module.asp?gguid=0xE1E0CFB9A66CB2409F78A6FA0A037E54&amp;fieldgguid=&amp;findmodule=der+englische&amp;tguid=0xD5A3A96E7649FA4BB6E721A4533F4B18&amp;strSignMessage=\">Der englische Roman (5 CP)<\/a><\/p><\/td><td><\/td><\/tr><tr><td><p>Teil 1: The (Meta-)Historical Novel (Vorlesung), SoSe 2014<\/p><\/td><td><\/td><\/tr><tr><td><p>Teil 2: Charles Dickens: Oliver Twist (Seminar), SoSe 2014<\/p><\/td><td><\/td><\/tr><tr><td><p>G4 Basismodul &#8222;English Literature and Culture&#8220;<\/p><\/td><td><\/td><\/tr><tr><td><p>Studierende der Anglistik\/Amerikanistik k\u00f6nnen an diesem Modul zwar teilnehmen, jedoch keine Credit Points f\u00fcr den Optionalbereich erwerben!<\/p><\/td><td><\/td><\/tr><tr><td><p><\/p><\/td><td><\/td><\/tr><tr><td width=\"90%\"><p><a href=\"https:\/\/vvz.ruhr-uni-bochum.de\/campus\/all\/module.asp?gguid=0x68044CB6A08BC6409E55956CFA490339&amp;fieldgguid=&amp;mode=&amp;findmodule=englische&amp;tguid=0xD5A3A96E7649FA4BB6E721A4533F4B18\">Englische Literatur des Mittelalters (5 CP)<\/a><\/p><\/td><td><\/td><\/tr><tr><td><p>Teil 1a: Medieval English Literature Gruppe A (\u00dcbung), SS 2014, oder<\/p><\/td><td><\/td><\/tr><tr><td><p>Teil 1b: Medieval English Literature Gruppe B (\u00dcbung), SS 2014<\/p><\/td><td><\/td><\/tr><tr><td><p>Teil 2a: Belles Lettres: Epistles and Epistolography of the Long Eighteenth Century (Seminar), SoSe 2014<\/p><\/td><td><\/td><\/tr><tr><td><p>Teil 2b: Belles Lettres: Epistles and Epistolography of the Long Eighteenth Century (Seminar), SoSe 2014<\/p><\/td><td><\/td><\/tr><tr><td><p>G4 Basismodul &#8222;English Literature and Culture&#8220;<\/p><\/td><td><\/td><\/tr><tr><td><p>Studierende der Anglistik\/Amerikanistik k\u00f6nnen an diesem Modul zwar teilnehmen, jedoch keine Credit Points f\u00fcr den Optionalbereich erwerben!<\/p><\/td><td><\/td><\/tr><tr><td><p><\/p><\/td><td><\/td><\/tr><tr><td width=\"90%\"><p><a href=\"https:\/\/vvz.ruhr-uni-bochum.de\/campus\/all\/module.asp?gguid=0x9BF16078839D4E47874F2AF14FE83CC2&amp;fieldgguid=&amp;findmodule=US-Amer&amp;tguid=0xD5A3A96E7649FA4BB6E721A4533F4B18&amp;strSignMessage=\">US-Amerikanische Literatur (5 CP)<\/a><\/p><\/td><td><\/td><\/tr><tr><td><p>Teil 1: U.S. Ethnic Literature (Vorlesung), SoSe 2014<\/p><\/td><td><\/td><\/tr><tr><td><p>Teil 2a: The New Negro Renaissance (Seminar), SoSe 2014 oder<\/p><\/td><td><\/td><\/tr><tr><td><p>Teil 2b: Recent American Fiction (Seminar), SoSe 2014<\/p><\/td><td><\/td><\/tr><tr><td><p>G4 Basismodul &#8222;American Literature and Culture&#8220;<\/p><\/td><td><\/td><\/tr><tr><td><p>Studierende der Anglistik\/Amerikanistik k\u00f6nnen an diesem Modul zwar teilnehmen, jedoch keine Credit Points f\u00fcr den Optionalbereich erwerben!<\/p><\/td><td><\/td><\/tr><tr><td><p><\/p><\/td><td><\/td><\/tr><tr><td width=\"90%\"><p><a href=\"https:\/\/vvz.ruhr-uni-bochum.de\/campus\/all\/module.asp?gguid=0xF9FB5E0A8B59AE459ED0296E374C321D&amp;fieldgguid=&amp;findmodule=U.S.+Mas&amp;tguid=0xD5A3A96E7649FA4BB6E721A4533F4B18&amp;strSignMessage=\">U.S. Masculinities (5 CP)<\/a><\/p><\/td><td><\/td><\/tr><tr><td><p>Teil 1: Introduction to Gender Studies and Queer Theory (\u00dcbung), SoSe 2014<\/p><\/td><td><\/td><\/tr><tr><td><p>Teil 2: American Masculinities (Seminar), SoSe 2014<\/p><\/td><td><\/td><\/tr><tr><td><p>G4 Basismodul &#8222;American Literature and Culture&#8220;<\/p><\/td><td><\/td><\/tr><tr><td><p>Studierende der Anglistik\/Amerikanistik k\u00f6nnen an diesem Modul zwar teilnehmen, jedoch keine Credit Points f\u00fcr den Optionalbereich erwerben!<\/p><\/td><td><\/td><\/tr><tr><td><p><\/p><\/td><td><\/td><\/tr><tr><td width=\"90%\"><p><a href=\"https:\/\/vvz.ruhr-uni-bochum.de\/campus\/all\/module.asp?gguid=0x4FF539EDBD78554590CE94ED55B09305&amp;fieldgguid=&amp;findmodule=shakespea&amp;tguid=0xD5A3A96E7649FA4BB6E721A4533F4B18&amp;strSignMessage=\">Shakespeares Kom\u00f6dien (5 CP)<\/a><\/p><\/td><td><\/td><\/tr><tr><td><p>Teil 1: Shakespeares Comedies (Vorlesung), SoSe 2014<\/p><\/td><td><\/td><\/tr><tr><td><p>Teil 2: Reading A Midsummer Nights Deam (\u00dcbung), SoSe 2014<\/p><\/td><td><\/td><\/tr><tr><td><p>G4 Basismodul &#8222;American Literature and Culture&#8220;<\/p><\/td><td><\/td><\/tr><tr><td><p>Studierende der Anglistik\/Amerikanistik k\u00f6nnen an diesem Modul zwar teilnehmen, jedoch keine Credit Points f\u00fcr den Optionalbereich erwerben!<\/p><\/td><td><\/td><\/tr><tr><td><\/td><td><\/td><\/tr><tr><td colspan=\"2\"><p>Arch\u00e4ologische Wissenschaften<\/p><\/td><\/tr><tr><td width=\"90%\"><p><a href=\"https:\/\/vvz.ruhr-uni-bochum.de\/campus\/all\/module.asp?gguid=0x83C0FC1D8BFA7E45AC177473A9DAC926&amp;fieldgguid=&amp;findmodule=ethno&amp;tguid=0xD5A3A96E7649FA4BB6E721A4533F4B18&amp;strSignMessage=\">Ethnoarch\u00e4ologie (5 CP)<\/a><\/p><\/td><td><\/td><\/tr><tr><td><p>Teil 1: Ethnoarch\u00e4ologische Zug\u00e4nge zur au\u00dfereurop\u00e4ischen Rohstoffgewinnung (Vorlesung), SoSe 2014<\/p><\/td><td><\/td><\/tr><tr><td><p>Teil 2: Neue Funde und Forschungen, SoSe 2014<\/p><\/td><td><\/td><\/tr><tr><td><p>G4 Basismodul &#8222;Schwerpunkt Klassische Arch\u00e4ologie&#8220;<\/p><\/td><td><\/td><\/tr><tr><td><p>Studierende der Arch\u00e4ologischen Wissenschaften k\u00f6nnen in diesem Modul keine Kreditpunkte f\u00fcr den Optionalbereich erwerben! Studierende, die die Module &#8222;Siedlungsarch\u00e4ologie&#8220; oder &#8222;Europa im Fr\u00fchmittelalter&#8220; belegen, k\u00f6nnen in diesem Modul keine Credit Points f\u00fcr den Optionalbereich erwerben!<\/p><\/td><td><\/td><\/tr><tr><td><p><\/p><\/td><td><\/td><\/tr><tr><td width=\"90%\"><p><a href=\"https:\/\/vvz.ruhr-uni-bochum.de\/campus\/all\/module.asp?gguid=0x2EF127854E416A4487B18972DB62BA84&amp;fieldgguid=&amp;findmodule=europa+i&amp;tguid=0xD5A3A96E7649FA4BB6E721A4533F4B18&amp;strSignMessage=\">Europa im Fr\u00fchmittelalter (5 CP)<\/a><\/p><\/td><td><\/td><\/tr><tr><td><p>Teil 1: Das fr\u00fchmittelalterliche Europa (Vorlesung), SoSe 2014<\/p><\/td><td><\/td><\/tr><tr><td><p>Teil 2: Neue Funde und Forschungen (Kolloquium), SoSe 2014<\/p><\/td><td><\/td><\/tr><tr><td><p>G4 Basismodul &#8222;Schwerpunkt Klassische Arch\u00e4ologie&#8220;<\/p><\/td><td><\/td><\/tr><tr><td><p>Studierende der Arch\u00e4ologischen Wissenschaften k\u00f6nnen in diesem Modul keine Kreditpunkte f\u00fcr den Optionalbereich erwerben! Studierende, die die Module &#8222;Siedlungsarch\u00e4ologie&#8220; oder &#8222;Ethnoarch\u00e4ologie&#8220; belegen, k\u00f6nnen in diesem Modul keine Credit Points f\u00fcr den Optionalbereich erwerben!<\/p><\/td><td><\/td><\/tr><tr><td><p><\/p><\/td><td><\/td><\/tr><tr><td width=\"90%\"><p><a href=\"https:\/\/vvz.ruhr-uni-bochum.de\/campus\/all\/module.asp?gguid=0x06100635BB014846BC8E6E8E1624F1D7&amp;fieldgguid=&amp;findmodule=siedlungs&amp;tguid=0xD5A3A96E7649FA4BB6E721A4533F4B18&amp;strSignMessage=\">Siedlungsarch\u00e4ologie (5 CP)<\/a><\/p><\/td><td><\/td><\/tr><tr><td><p>Teil 1: Siedlungsformen und Polisbildung im fr\u00fchen Griechenland (Vorlesung), SoSe 2014<\/p><\/td><td><\/td><\/tr><tr><td><p>Teil 2: Neue Funde und Forschungen (Kolloquium), SoSe 2014<\/p><\/td><td><\/td><\/tr><tr><td><p>G4 Basismodul &#8222;Schwerpunkt Klassische Arch\u00e4ologie&#8220;<\/p><\/td><td><\/td><\/tr><tr><td><p>Studierende der Ar\u00e4ologischen Wissenschaften k\u00f6nnen in diesem Modul keine Kreditpunkte f\u00fcr den Optionalbereich erwerben! Studierende, die die Module &#8222;Europa im Fr\u00fchmittelalter&#8220; oder &#8222;Ethnoarch\u00e4ologie&#8220; belegen, k\u00f6nnen in diesem Modul keine Credit Points f\u00fcr den Optionalbereich erwerben!<\/p><\/td><td><\/td><\/tr><tr><td><p><\/p><\/td><td><\/td><\/tr><tr><td colspan=\"2\"><p>Biologie<\/p><\/td><\/tr><tr><td width=\"90%\"><p><a href=\"https:\/\/vvz.ruhr-uni-bochum.de\/campus\/all\/module.asp?gguid=0x34D38DE240296347AE7B59BC8883D794&amp;fieldgguid=&amp;findmodule=Botanik+im+Alltag&amp;tguid=0xD5A3A96E7649FA4BB6E721A4533F4B18&amp;strSignMessage=\">Botanik im Alltag (5 CP)<\/a><\/p><\/td><td><\/td><\/tr><tr><td><p>Teil 1: Botanik im Alltag (\u00dcbung), SoSe 2014<\/p><\/td><td><\/td><\/tr><tr><td><p>Teil 2: Botanik im Alltag (Exkursion), SoSe 2014<\/p><\/td><td><\/td><\/tr><tr><td><p>G4 Botanik im Alltag<\/p><\/td><td><\/td><\/tr><tr><td><p><\/p><\/td><td><\/td><\/tr><tr><td width=\"90%\"><p><a href=\"https:\/\/vvz.ruhr-uni-bochum.de\/campus\/all\/module.asp?gguid=0x07EE79B62104FC408B622DFA579AD017&amp;fieldgguid=&amp;findmodule=Botanische+Bestimmungs%FCbungen&amp;tguid=0xD5A3A96E7649FA4BB6E721A4533F4B18&amp;strSignMessage=\">Botanische Bestimmungs\u00fcbungen (5 CP)<\/a><\/p><\/td><td><\/td><\/tr><tr><td><p>Teil 1: Botanische Bestimmungs\u00fcbungen f\u00fcr Geographen (\u00dcbung), SoSe 2014<\/p><\/td><td><\/td><\/tr><tr><td><p>Teil 2: Exkursionen zu den Botanischen Bestimmungs\u00fcbungen f\u00fcr Geographen (Exkursion), SoSe 2014<\/p><\/td><td><\/td><\/tr><tr><td><p>G4 Botanische Bestimmungs\u00fcbungen<\/p><\/td><td><\/td><\/tr><tr><td><p>Biologiestudierende (B.Sc.) und Geographiestudierende (B.Sc.) k\u00f6nnen in diesem Modul keine Kreditpunkte f\u00fcr den Optionalbereich erwerben!<\/p><\/td><td><\/td><\/tr><tr><td><p><\/p><\/td><td><\/td><\/tr><tr><td width=\"90%\"><p><a href=\"https:\/\/vvz.ruhr-uni-bochum.de\/campus\/all\/module.asp?gguid=0x8A672EB35296BA438FC29B658F862BDD&amp;fieldgguid=&amp;mode=&amp;findmodule=gr%FCne+gentechn&amp;tguid=0xD5A3A96E7649FA4BB6E721A4533F4B18\">Gr\u00fcne Gentechnik: Genfood und mehr (5 CP)<\/a><\/p><\/td><td><\/td><\/tr><tr><td><p>Teil 1: Gr\u00fcne Gentechnik: Genfood und mehr (Vorlesung), SoSe 2014<\/p><\/td><td><\/td><\/tr><tr><td><p>Teil 2: Gr\u00fcne Gentechnik: Genfood und mehr (\u00dcbung), SoSe 2014<\/p><\/td><td><\/td><\/tr><tr><td><p>Teil 3: Gr\u00fcne Gentechnik: Genfood und mehr (Seminar), SoSe 2014<\/p><\/td><td><\/td><\/tr><tr><td><p>G4 Gr\u00fcne Gentechnik: Genfood und mehr<\/p><\/td><td><\/td><\/tr><tr><td><p><\/p><\/td><td><\/td><\/tr><tr><td width=\"90%\"><p><a href=\"https:\/\/vvz.ruhr-uni-bochum.de\/campus\/all\/module.asp?gguid=0x968D6DF9A723614BA3F307A7CAE9D5BB&amp;fieldgguid=&amp;mode=&amp;findmodule=Methoden+der&amp;tguid=0xD5A3A96E7649FA4BB6E721A4533F4B18\">Methoden der Bioinformatik (5 CP)<\/a><\/p><\/td><td><\/td><\/tr><tr><td><p>Teil 1: Methoden der Bioinformatik (Vorlesung), SoSe 2014<\/p><\/td><td><\/td><\/tr><tr><td><p>Teil 2: Methoden der Bioinformatik (\u00dcbungen), SoSe 2014<\/p><\/td><td><\/td><\/tr><tr><td><p>G4 Methoden der Bioinformatik<\/p><\/td><td><\/td><\/tr><tr><td><p><\/p><\/td><td><\/td><\/tr><tr><td width=\"90%\"><p><a href=\"https:\/\/vvz.ruhr-uni-bochum.de\/campus\/all\/module.asp?gguid=0xD59FA782AB3E3B46BEC2B91EEE1C3CE5&amp;fieldgguid=&amp;mode=&amp;findmodule=Methodik&amp;tguid=0xD5A3A96E7649FA4BB6E721A4533F4B18\">Methodik faunistischer Kartierungen (Amphibien, Reptilien, S\u00e4ugetiere und V\u00f6gel) (5 CP)<\/a><\/p><\/td><td><\/td><\/tr><tr><td><p>Teil 1: Methodik faunistischer Kartierungen (Vorlesung), SoSe 2014<\/p><\/td><td><\/td><\/tr><tr><td><p>Teil 2: Methodik faunistischer Kartieungen (Feld\u00fcbungen, Exkursionen), SoSe 2014<\/p><\/td><td><\/td><\/tr><tr><td><p>G4 Methodik faunistischer Kartierungen (Amphibien, Reptilien, S\u00e4ugetiere, V\u00f6gel)<\/p><\/td><td><\/td><\/tr><tr><td><p><\/p><\/td><td><\/td><\/tr><tr><td width=\"90%\"><p><a href=\"https:\/\/vvz.ruhr-uni-bochum.de\/campus\/all\/module.asp?gguid=0x8D8176B19FDF194290B4278452D8B894&amp;fieldgguid=&amp;mode=&amp;findmodule=monster&amp;tguid=0xD5A3A96E7649FA4BB6E721A4533F4B18\">Monster, Minds and Molecules &#8211; die Entwicklung der Hirnrinde bei S\u00e4ugetieren (5 CP)<\/a><\/p><\/td><td><\/td><\/tr><tr><td><p>Teil 1: Monster, Minds and Molecules &#8211; molekularzellul\u00e4re Grundlagen (Vorlesung), SoSe 2014<\/p><\/td><td><\/td><\/tr><tr><td><p>Teil 2: Monster, Minds and Molecules &#8211; Krankheitsbilder (Seminar), SoSe 2014<\/p><\/td><td><\/td><\/tr><tr><td><p>G4 Monster, Minds and Molecules &#8211; die Entwicklung der Hirnrinde bei S\u00e4ugetieren<\/p><\/td><td><\/td><\/tr><tr><td><p><\/p><\/td><td><\/td><\/tr><tr><td width=\"90%\"><p><a href=\"https:\/\/vvz.ruhr-uni-bochum.de\/campus\/all\/module.asp?gguid=0x54917D9812021341BD0E10623CAD98CD&amp;fieldgguid=&amp;mode=&amp;findmodule=praktische&amp;tguid=0xD5A3A96E7649FA4BB6E721A4533F4B18\">Praktische Bienenkunde (5 CP)<\/a><\/p><\/td><td><\/td><\/tr><tr><td><p>Teil 1: Einf\u00fchrung in die Bienenkunde (Vorlesung), SoSe 2014<\/p><\/td><td><\/td><\/tr><tr><td><p>Teil 2: Bienenkunde und Imkerei (\u00dcbung), SoSe 2014<\/p><\/td><td><\/td><\/tr><tr><td><p>G4 Praktische Bienenkunde<\/p><\/td><td><\/td><\/tr><tr><td><p><\/p><\/td><td><\/td><\/tr><tr><td width=\"90%\"><p><a href=\"https:\/\/vvz.ruhr-uni-bochum.de\/campus\/all\/module.asp?gguid=0x00655B085F574940A9E4879A7CEE0519&amp;fieldgguid=&amp;mode=&amp;findmodule=%DCberleben&amp;tguid=0xD5A3A96E7649FA4BB6E721A4533F4B18\">\u00dcberleben von motorischen Nervenzellen (5 CP)<\/a><\/p><\/td><td><\/td><\/tr><tr><td><p>Teil 1: Artikelpr\u00e4sentation: \u00dcberleben von motorischen Nervenzellen (Seminar), SoSe 2014<\/p><\/td><td><\/td><\/tr><tr><td><p>Teil 2: Literaturseminar: \u00dcberleben von motorischen Nervenzellen (Seminar), SoSe 2014<\/p><\/td><td><\/td><\/tr><tr><td><p>G4 \u00dcberleben von motorischen Nervenzellen<\/p><\/td><td><\/td><\/tr><tr><td><\/td><td><\/td><\/tr><tr><td colspan=\"2\"><p>Chemie<\/p><\/td><\/tr><tr><td width=\"90%\"><p><a href=\"https:\/\/vvz.ruhr-uni-bochum.de\/campus\/all\/module.asp?gguid=0xE760962AEA6BEA45A9A124878446A4F6&amp;fieldgguid=&amp;mode=&amp;findmodule=einf%FChrung+in+die+bio&amp;tguid=0xD5A3A96E7649FA4BB6E721A4533F4B18\">Einf\u00fchrung in die Biochemie (5 CP)<\/a><\/p><\/td><td><\/td><\/tr><tr><td><p>Teil 1: Einf\u00fchrung in die Biochemie (Vorlesung), SoSe 2014<\/p><\/td><td><\/td><\/tr><tr><td><p>Teil 2: Einf\u00fchrung in die Biochemie (\u00dcbung), SoSe 2014<\/p><\/td><td><\/td><\/tr><tr><td><p>G4 Basismodul &#8222;Grundlagen der Biochemie&#8220;<\/p><\/td><td><\/td><\/tr><tr><td><p><\/p><\/td><td><\/td><\/tr><tr><td width=\"90%\"><p><a href=\"https:\/\/vvz.ruhr-uni-bochum.de\/campus\/all\/module.asp?gguid=0xBD5F9AAE2C6A8945B32D254A774CD314&amp;fieldgguid=&amp;findmodule=Methoden+der+Strukturanalyse+%2D+R%F6ntgenst&amp;tguid=0xD5A3A96E7649FA4BB6E721A4533F4B18&amp;strSignMessage=\">Methoden der Strukturanalyse II &#8211; R\u00f6ntgenstrukturanalyse (5 CP)<\/a><\/p><\/td><td><\/td><\/tr><tr><td><p>Teil 1: Methoden der Strukturanalyse II (R\u00f6ntgenstrukturanalyse) (Vorlesung), SoSe 2014<\/p><\/td><td><\/td><\/tr><tr><td><p>Teil 2: \u00dcbungen zur Vorlesung &#8222;Methoden der Strukturanalyse II&#8220; (\u00dcbung), SoSe 2014<\/p><\/td><td><\/td><\/tr><tr><td><p>G4 Basismodul R\u00f6ntgenstrukturanalyse<\/p><\/td><td><\/td><\/tr><tr><td><p>Studierende der 1-Fach-Bachelorstudieng\u00e4nge Chemie und Biochemie k\u00f6nnen an diesem Modul nicht teilnehmen!<\/p><\/td><td><\/td><\/tr><tr><td><p><\/p><\/td><td><\/td><\/tr><tr><td width=\"90%\"><p><a href=\"https:\/\/vvz.ruhr-uni-bochum.de\/campus\/all\/module.asp?gguid=0x501A13DC4401F2428273AF20067D2119&amp;fieldgguid=&amp;findmodule=Organische+Chemie+1&amp;tguid=0xD5A3A96E7649FA4BB6E721A4533F4B18&amp;strSignMessage=\">Organische Chemie I (5 CP)<\/a><\/p><\/td><td><\/td><\/tr><tr><td><p>Teil 1: Organische Chemie I (Vorlesung), SoSe 2014<\/p><\/td><td><\/td><\/tr><tr><td><p>Teil 2: Organische Chemie I (\u00dcbung), SoSe 2014<\/p><\/td><td><\/td><\/tr><tr><td><p>G4 Basismodul &#8222;Grundlagen der Chemie&#8220;<\/p><\/td><td><\/td><\/tr><tr><td><p>Studierende der Chemie k\u00f6nnen an diesem Modul nicht teilnehmen!<\/p><\/td><td><\/td><\/tr><tr><td><p><\/p><\/td><td><\/td><\/tr><tr><td width=\"90%\"><p><a href=\"https:\/\/vvz.ruhr-uni-bochum.de\/campus\/all\/module.asp?gguid=0x21DD4F1A4484CD40A4AC75AD447B06AD&amp;fieldgguid=&amp;mode=&amp;findmodule=Organische+Chemie&amp;tguid=0xD5A3A96E7649FA4BB6E721A4533F4B18\">Organische Chemie (Schwerpunkt Biologie) (5 CP)<\/a><\/p><\/td><td><\/td><\/tr><tr><td><p>Teil 2: Organische Chemie II f\u00fcr Biologen, SoSe 2014<\/p><\/td><td><\/td><\/tr><tr><td><p>Teil 1: Organische Chemie f\u00fcr Studierende der Medizin, Biologie und Geowissenschaften, WS 2014\/15<\/p><\/td><td><\/td><\/tr><tr><td><p>G4 Aufbaumodul &#8222;Chemie&#8220;<\/p><\/td><td><\/td><\/tr><tr><td><p>Bei gen\u00fcgender Vorkenntnis ist es m\u00f6glich Teil 2 vor Teil 1 zu besuchen.<\/p><\/td><td><\/td><\/tr><tr><td><p>Studierende der Chemie k\u00f6nnen in diesem Modul keine Credit Points f\u00fcr den Optionalbereich erwerben!<\/p><\/td><td><\/td><\/tr><tr><td><\/td><td><\/td><\/tr><tr><td colspan=\"2\"><p>Erziehungswissenschaften<\/p><\/td><\/tr><tr><td width=\"90%\"><p><a href=\"https:\/\/vvz.ruhr-uni-bochum.de\/campus\/all\/module.asp?gguid=0x8A6A3C9715709943B54F2320CA9026CB&amp;fieldgguid=&amp;findmodule=Bildungswissenschaftliches+Basismodul&amp;tguid=0xD5A3A96E7649FA4BB6E721A4533F4B18&amp;strSignMessage=\">Bildungswissenschaftliches Basismodul (9 CP)<\/a><\/p><\/td><td><\/td><\/tr><tr><td><p>Teil 1: Erziehungs- und Bildungstheorien (\u00dcberblicksvorlesung), SoSe 2014<\/p><\/td><td><\/td><\/tr><tr><td><p>Teil 2: Einf\u00fchrung in Lern- und Entwicklungstheorien (\u00dcberblicksvorlesung), SoSe 2014<\/p><\/td><td><\/td><\/tr><tr><td><p>Teil 3: Theorien der Sozialisation (\u00dcberblicksvorlesung), SoSe 2014<\/p><\/td><td><\/td><\/tr><tr><td><p>Teil 4: Lehrerberuf, Lehrerbildung, Lehrerprofessionalit\u00e4t (\u00dcberblicksvorlesung), SoSe 2014<\/p><\/td><td><\/td><\/tr><tr><td><\/td><td><\/td><\/tr><tr><td><p>G4 &#8222;EWL zum M.Ed.&#8220;<\/p><\/td><td><\/td><\/tr><tr><td><p>Modul kann in 1, 2, 3 oder 4 Semestern abgeschlossen werden. Studierende, die das Fach Erziehungswissenschaft im 2-Fach B. A. studieren, m\u00fcssen nur den vierten Teil des Moduls absolvieren, da die Teile 1 bis 3 bereits zu ihrem Fachstudium geh\u00f6ren. Als Kompensation wird der Besuch einer Werkstatt f\u00fcr empirische Forschungsmethoden verlangt.<\/p><\/td><td><\/td><\/tr><tr><td><\/td><td><\/td><\/tr><tr><td colspan=\"2\"><p>Evangelische Theologie<\/p><\/td><\/tr><tr><td width=\"90%\"><p><a href=\"https:\/\/vvz.ruhr-uni-bochum.de\/campus\/all\/module.asp?gguid=0x1401BAE5D959A048BC997DFDB439D6A6&amp;fieldgguid=&amp;findmodule=aspekte+einer&amp;tguid=0xD5A3A96E7649FA4BB6E721A4533F4B18&amp;strSignMessage=\">Aspekte einer evangelischen Ethik (5 CP)<\/a><\/p><\/td><td><\/td><\/tr><tr><td><p>Teil 1: Lebensf\u00fchrung in evangelischer Perspektive &#8211; Einf\u00fchrung in die evangelische Ethik (Vorlesung), SoSe 2014<\/p><\/td><td><\/td><\/tr><tr><td><p>Teil 2: Tierethik (Seminar), SoSe 2014<\/p><\/td><td><\/td><\/tr><tr><td><p>G4 Basismodul &#8222;Grundfragen evangelischer Theologie&#8220;<\/p><\/td><td><\/td><\/tr><tr><td><p>Studierende der Evangelischen Theologie k\u00f6nnen in diesem Modul keine CP f\u00fcr den Optionalbereich erwerben!<\/p><\/td><td><\/td><\/tr><tr><td><p><\/p><\/td><td><\/td><\/tr><tr><td width=\"90%\"><p><a href=\"https:\/\/vvz.ruhr-uni-bochum.de\/campus\/all\/module.asp?gguid=0x12B0A0A18BC3F446ABA765C56A379A3A&amp;fieldgguid=&amp;findmodule=das+verh&amp;tguid=0xD5A3A96E7649FA4BB6E721A4533F4B18&amp;strSignMessage=\">Das Verh\u00e4ltnis von Kirche und Staat (5 CP)<\/a><\/p><\/td><td><\/td><\/tr><tr><td><p>Teil 1: Durchblick durch die Kirchengeschichte &#8211; Kirche und Staat (Vorlesung), SoSe 2014<\/p><\/td><td><\/td><\/tr><tr><td><p>Teil 2: Gott &#8211; Kirche &#8211; Politik (Seminar), SoSe 2014<\/p><\/td><td><\/td><\/tr><tr><td><p>G4 Basismodul &#8222;Religion und Gesellschaft&#8220;<\/p><\/td><td><\/td><\/tr><tr><td><p><\/p><\/td><td><\/td><\/tr><tr><td width=\"90%\"><p><a href=\"https:\/\/vvz.ruhr-uni-bochum.de\/campus\/all\/module.asp?gguid=0x71EFC541C40FFD44878FB54C30C6CC49&amp;fieldgguid=&amp;findmodule=einblicke&amp;tguid=0xD5A3A96E7649FA4BB6E721A4533F4B18&amp;strSignMessage=\">Einblicke in die Kirchengeschichte: Die Reformation (5 CP)<\/a><\/p><\/td><td><\/td><\/tr><tr><td><p>Teil 1: Kirchen- und Theologiegeschichte II: Reformation und Neuzeit (Vorlesung), SoSe 2014<\/p><\/td><td><\/td><\/tr><tr><td><p>Teil 2: Die marginalisierte Reformation (Seminar), SoSe 2014<\/p><\/td><td><\/td><\/tr><tr><td><p>G4 Basismodul &#8222;Grundfragen evangelischer Theologie&#8220;<\/p><\/td><td><\/td><\/tr><tr><td><p><\/p><\/td><td><\/td><\/tr><tr><td width=\"90%\"><p><a href=\"https:\/\/vvz.ruhr-uni-bochum.de\/campus\/all\/module.asp?gguid=0x3EB36ECF1FEB8D4A8FC800913E67351E&amp;fieldgguid=&amp;findmodule=krieg+und&amp;tguid=0xD5A3A96E7649FA4BB6E721A4533F4B18&amp;strSignMessage=\">Krieg und Frieden (5 CP)<\/a><\/p><\/td><td><\/td><\/tr><tr><td><p>Teil 1: Gewalt im Alten Testament (Vorlesung), SoSe 2014<\/p><\/td><td><\/td><\/tr><tr><td><p>Teil 2: Frieden und Vers\u00f6hnung als Herausforderung evangelischer Ethik (Seminar), SoSe 2014<\/p><\/td><td><\/td><\/tr><tr><td><p>G4 Basismodul &#8222;Religion und Gesellschaft&#8220;<\/p><\/td><td><\/td><\/tr><tr><td><\/td><td><\/td><\/tr><tr><td colspan=\"2\"><p>Geographie<\/p><\/td><\/tr><tr><td width=\"90%\"><p><a href=\"https:\/\/vvz.ruhr-uni-bochum.de\/campus\/all\/module.asp?gguid=0xF828851F039F9F4C9D03EFA21D88E058&amp;fieldgguid=&amp;findmodule=Geographie+auf+Achse&amp;tguid=0xD5A3A96E7649FA4BB6E721A4533F4B18&amp;strSignMessage=\">Geographie auf Achse (5 CP)<\/a><\/p><\/td><td><\/td><\/tr><tr><td><p>Teil 1: Geographie auf Achse: Reisen und Exkursionen in aller Welt (Vorlesung), SoSe 2014<\/p><\/td><td><\/td><\/tr><tr><td><p>Teil 2: Geographie auf Achse: Reisen und Exkursionen in aller Welt (\u00dcbung), SoSe 2014<\/p><\/td><td><\/td><\/tr><tr><td><p>G4 Geographie auf Achse<\/p><\/td><td><\/td><\/tr><tr><td><p>Geographie-Studierende k\u00f6nnen an diesem Modul nicht teilnehmen.<\/p><\/td><td><\/td><\/tr><tr><td><p><\/p><\/td><td><\/td><\/tr><tr><td colspan=\"2\"><p>Germanistik<\/p><\/td><\/tr><tr><td width=\"90%\"><p>In diesem Semester liegt leider kein Angebot vor.<\/p><\/td><td><\/td><\/tr><tr><td><\/td><td><\/td><\/tr><tr><td colspan=\"2\"><p>Geschichte<\/p><\/td><\/tr><tr><td width=\"90%\"><p><a href=\"https:\/\/vvz.ruhr-uni-bochum.de\/campus\/all\/module.asp?gguid=0x17071FE71AA1B648863193AF3D0160A7&amp;fieldgguid=&amp;findmodule=migration&amp;tguid=0xD5A3A96E7649FA4BB6E721A4533F4B18&amp;strSignMessage=\">Migration im Europa des 20. Jahrhunderts: Hintergr\u00fcnde, Wanderungsmuster, Deutungen (5 CP)<\/a><\/p><\/td><td><\/td><\/tr><tr><td><p>Teil 1: Einwanderungs- und Integrationspolitik im Europa des 20. Jahrhunderts: Gro\u00dfbritannien, Frankreich, BRD, Schweiz, Italien (Seminar), SoSe 2014<\/p><\/td><td><\/td><\/tr><tr><td><p>Teil 2: Transnationale Migration in der europ\u00e4ischen Kultur: Film, Literatur, zeitgen\u00f6ssische Diskurse (Seminar), SoSe 2014<\/p><\/td><td><\/td><\/tr><tr><td><p>G4 Basismodul &#8222;Neuere und Neueste Geschichte&#8220;<\/p><\/td><td><\/td><\/tr><tr><td><p><\/p><\/td><td><\/td><\/tr><tr><td colspan=\"2\"><p>Katholische Theologie<\/p><\/td><\/tr><tr><td width=\"90%\"><p><a href=\"https:\/\/vvz.ruhr-uni-bochum.de\/campus\/all\/module.asp?gguid=0x3AAB9DEECCF8FA4980C0E6929F9341B4&amp;fieldgguid=&amp;findmodule=Christentum+und+Judentum&amp;tguid=0xD5A3A96E7649FA4BB6E721A4533F4B18&amp;strSignMessage=\">Christentum und Judentum (5 CP)<\/a><\/p><\/td><td><\/td><\/tr><tr><td><p>Teil 1: Jesus im Judentum seiner Zeit (Vorlesung), SoSe 2014<\/p><\/td><td><\/td><\/tr><tr><td><p>Teil 2: J\u00fcdisch christlicher Dialog &#8211; Das Beispiel des Matth\u00e4usevangeliums (Hauptseminar), SoSe 2014<\/p><\/td><td><\/td><\/tr><tr><td><p>G4 &#8222;Christentum und Kultur&#8220;<\/p><\/td><td><\/td><\/tr><tr><td><p>Studierende der Katholischen Theologie k\u00f6nnen an diesem Modul zwar teilnehmen, jedoch keine Credit Points f\u00fcr den Optionalbereich erwerben!<\/p><\/td><td><\/td><\/tr><tr><td><p>Wer dieses Modul belegt, kann nicht auch &#8222;Der Ursprung des Christentums&#8220; belegen!<\/p><\/td><td><\/td><\/tr><tr><td><p><\/p><\/td><td><\/td><\/tr><tr><td width=\"90%\"><p><a href=\"https:\/\/vvz.ruhr-uni-bochum.de\/campus\/all\/module.asp?gguid=0x0D6D4421F8B0DD42814F46920A418659&amp;fieldgguid=&amp;findmodule=der+ursprung+des+Christentum&amp;tguid=0xD5A3A96E7649FA4BB6E721A4533F4B18&amp;strSignMessage=\">Der Ursprung des Christentums (5 CP)<\/a><\/p><\/td><td><\/td><\/tr><tr><td><p>Teil 1: Der Philipperbrief (Vorlesung), SoSe 2014<\/p><\/td><td><\/td><\/tr><tr><td><p>Teil 2: J\u00fcdisch christlicher Dialog &#8211; Das Beispiel des Matth\u00e4usevangeliums (Hauptseminar), SoSe 2014<\/p><\/td><td><\/td><\/tr><tr><td><p>G4 &#8222;Christentum und Kultur&#8220;<\/p><\/td><td><\/td><\/tr><tr><td><p>Studierende der Katholischen Theologie k\u00f6nnen an diesem Modul zwar teilnehmen, jedoch keine Credit Points f\u00fcr den Optionalbereich erwerben!<\/p><\/td><td><\/td><\/tr><tr><td><p>Wer dieses Modul belegt, kann nicht auch &#8222;Christentum und Judentum&#8220; belegen!<\/p><\/td><td><\/td><\/tr><tr><td><p><\/p><\/td><td><\/td><\/tr><tr><td width=\"90%\"><p><a href=\"https:\/\/vvz.ruhr-uni-bochum.de\/campus\/all\/module.asp?gguid=0x4551F56C47F0B248845BA52137D122EA&amp;fieldgguid=&amp;findmodule=sch%F6pfung+und+e&amp;tguid=0xD5A3A96E7649FA4BB6E721A4533F4B18&amp;strSignMessage=\">Sch\u00f6pfung und Eschatologie (5 CP)<\/a><\/p><\/td><td><\/td><\/tr><tr><td><p>Teil 1: Grundfragen der Sch\u00f6pfungstheologie und Eschatologie (Vorlesung), SoSe 2014<\/p><\/td><td><\/td><\/tr><tr><td><p>Teil 2: Denn alle Lust will Ewigkeit &#8211; Gottesrede angesichts des Todes: \u00fcber den Umgang mit Leib, Lust und Tod in Kunst, Dichtung, Musik und Theologie&#8220; (Hauptseminar), SoSe 2014<\/p><\/td><td><\/td><\/tr><tr><td><p>G4 &#8222;Glaube und Vernunft&#8220;<\/p><\/td><td><\/td><\/tr><tr><td><p><\/p><\/td><td><\/td><\/tr><tr><td width=\"90%\"><p><a href=\"https:\/\/vvz.ruhr-uni-bochum.de\/campus\/all\/module.asp?gguid=0x9DC1D8519EAEB14691BDB5A0499A2938&amp;fieldgguid=&amp;findmodule=Theologische+grundlagen&amp;tguid=0xD5A3A96E7649FA4BB6E721A4533F4B18&amp;strSignMessage=\">Theologische Grundlagen der christlich-abendl\u00e4ndischen Kunst (5 CP)<\/a><\/p><\/td><td><\/td><\/tr><tr><td><p>Teil 1: Theologische Grundlagen der christlich abendl\u00e4ndischen Kunst Teil I: Geburt und Kindheit Jesu (Vorlesung), SoSe 2014<\/p><\/td><td><\/td><\/tr><tr><td><p>Teil 2: Theol. Grundlagen der christlich abendl\u00e4ndischen Kunst Teil II: Allgemeine Themen (Exkursion), SoSe 2014<\/p><\/td><td><\/td><\/tr><tr><td><p>G4 &#8222;Christentum und Kultur&#8220;<\/p><\/td><td><\/td><\/tr><tr><td><\/td><td><\/td><\/tr><tr><td colspan=\"2\"><p>Mathematik<\/p><\/td><\/tr><tr><td width=\"90%\"><p><a href=\"https:\/\/vvz.ruhr-uni-bochum.de\/campus\/all\/module.asp?gguid=0x0A9FA61DAAA5784F861CB00A42B34BDC&amp;fieldgguid=&amp;findmodule=Einf%FChrung+in+die+Mathematik+%28Schwerpunk&amp;tguid=0xD5A3A96E7649FA4BB6E721A4533F4B18&amp;strSignMessage=\">Einf\u00fchrung in die Mathematik (Schwerpunkte: Mathematik und Physik) (5 CP)<\/a><\/p><\/td><td><\/td><\/tr><tr><td><p>Teil 1: 1. Vorkurs in Mathematik f\u00fcr Mathematiker und Physiker (Vorlesung), SoSe 2014<\/p><\/td><td><\/td><\/tr><tr><td><p>Teil 2: 1. Vorkurs in Mathematik f\u00fcr Mathematiker und Physiker (\u00dcbung), SoSe 2014<\/p><\/td><td><\/td><\/tr><tr><td><p>G4 Basismodul &#8222;Grundlagen der Mathematik&#8220;<\/p><\/td><td><\/td><\/tr><tr><td><p>Studierende der Mathematik k\u00f6nnen an diesem Modul zwar teilnehmen, jedoch Credit Points nur dann f\u00fcr den Optionalbereich erwerben, wenn sie den Vorkurs vor ihrem ersten Fachsemester besuchen!<\/p><\/td><td><\/td><\/tr><tr><td><p><\/p><\/td><td><\/td><\/tr><tr><td width=\"90%\"><p><a href=\"https:\/\/vvz.ruhr-uni-bochum.de\/campus\/all\/module.asp?gguid=0x9B541A9C6C669B4DB82FC3F055152440&amp;fieldgguid=&amp;mode=&amp;findmodule=h%F6here+mathem&amp;tguid=0xD5A3A96E7649FA4BB6E721A4533F4B18\">H\u00f6here Mathematik I + II (Schwerpunkt: Angewandte Informatik) (10 CP)<\/a><\/p><\/td><td><\/td><\/tr><tr><td><p>Teil 1: H\u00f6here Mathematik II (im Rahmen der Studienrichtung Angewandte Informatik) (Vorlesung), SoSe 2014<\/p><\/td><td><\/td><\/tr><tr><td><p>Teil 2: H\u00f6here Mathematik II (im Rahmen der Studienrichtung Angewandte Informatik) (\u00dcbung), SoSe 2014<\/p><\/td><td><\/td><\/tr><tr><td><p>G4 Aufbaumodul &#8222;H\u00f6here Mathematik&#8220;<\/p><\/td><td><\/td><\/tr><tr><td><p>Studierende der Mathematik k\u00f6nnen an diesem Modul zwar teilnehmen, jedoch keine Credit Points f\u00fcr den Optionalbereich erwerben!<\/p><\/td><td><\/td><\/tr><tr><td><p><\/p><\/td><td><\/td><\/tr><tr><td width=\"90%\"><p><a href=\"https:\/\/vvz.ruhr-uni-bochum.de\/campus\/all\/module.asp?gguid=0x32976CD60332B141964254CC14851194&amp;fieldgguid=&amp;findmodule=statistische&amp;tguid=0xD5A3A96E7649FA4BB6E721A4533F4B18&amp;strSignMessage=\">Statistische Methoden (Schwerpunkt: Biologie und Naturwissenschaften) (5 CP)<\/a><\/p><\/td><td><\/td><\/tr><tr><td><p>Teil 1: Statistische Methoden f\u00fcr Biologen und andere Naturwissenschaftler (Vorlesung), SoSe 2014<\/p><\/td><td><\/td><\/tr><tr><td><p>Teil 2: Statistische Methoden f\u00fcr Biologen und andere Naturwissenschaftler (\u00dcbung), SoSe 2014<\/p><\/td><td><\/td><\/tr><tr><td><p>G4 Basismodul &#8222;Mathematische Anwendungen&#8220;<\/p><\/td><td><\/td><\/tr><tr><td><p>Studierende der Mathematik k\u00f6nnen an diesem Modul zwar teilnehmen, jedoch keine Credit Points f\u00fcr den Optionalbereich erwerben!<\/p><\/td><td><\/td><\/tr><tr><td><\/td><td><\/td><\/tr><tr><td colspan=\"2\"><p>Medienwissenschaft<\/p><\/td><\/tr><tr><td width=\"90%\"><p><a href=\"https:\/\/vvz.ruhr-uni-bochum.de\/campus\/all\/module.asp?gguid=0x3E4F4DA01760B54891A770A5A4C55DB0&amp;fieldgguid=&amp;mode=&amp;findmodule=medien-&amp;tguid=0xD5A3A96E7649FA4BB6E721A4533F4B18\">Medien- und Kommunikationstheorien (5 CP)<\/a><\/p><\/td><td><\/td><\/tr><tr><td><p>Teil 1: Medien- und Kommunikationstheorien (Vorlesung), SoSe 2014<\/p><\/td><td><\/td><\/tr><tr><td><p>Teil 2: \u00dcbung zur Vorlesung (\u00dcbung), SoSe 2014<\/p><\/td><td><\/td><\/tr><tr><td><p>G4 Basismodul &#8222;Medientheorie und Kommunikationstheorie&#8220;<\/p><\/td><td><\/td><\/tr><tr><td><p>Studierende der Medienwissenschaften k\u00f6nnen in diesem Modul keine Credit Points f\u00fcr den Optionalbereich erwerben!<\/p><\/td><td><\/td><\/tr><tr><td><p><\/p><\/td><td><\/td><\/tr><tr><td colspan=\"2\"><p>Medizin<\/p><\/td><\/tr><tr><td width=\"90%\"><p>In diesem Semester liegt leider kein Angebot vor.<\/p><\/td><td><\/td><\/tr><tr><td><\/td><td><\/td><\/tr><tr><td colspan=\"2\"><p>Orientalistik und Islamwissenschaften<\/p><\/td><\/tr><tr><td width=\"90%\"><p><a href=\"https:\/\/vvz.ruhr-uni-bochum.de\/campus\/all\/module.asp?gguid=0x4F674D30F3666345B333DD6A55D41224&amp;fieldgguid=&amp;findmodule=persische&amp;tguid=0xD5A3A96E7649FA4BB6E721A4533F4B18&amp;strSignMessage=\">Persische Kalligraphie und Landeskunde (5 CP)<\/a><\/p><\/td><td><\/td><\/tr><tr><td><p>Teil 1: Landeskunde Iran (\u00dcbung), SoSe 2014<\/p><\/td><td><\/td><\/tr><tr><td><p>Teil 2: Arabisch-Persische Kalligraphie (\u00dcbung), SoSe 2014<\/p><\/td><td><\/td><\/tr><tr><td><p>G4 Basismodul &#8222;Einf\u00fchrung in die islamische Welt&#8220;<\/p><\/td><td><\/td><\/tr><tr><td><p>Studierende der Orientalistik\/Islamwissenschaften k\u00f6nnen an diesem Modul nicht teilnehmen!<\/p><\/td><td><\/td><\/tr><tr><td><\/td><td><\/td><\/tr><tr><td colspan=\"2\"><p>Ostasienwissenschaften<\/p><\/td><\/tr><tr><td width=\"90%\"><p><a href=\"https:\/\/vvz.ruhr-uni-bochum.de\/campus\/all\/module.asp?gguid=0x241657113758514DB236BEAD57170EA0&amp;fieldgguid=&amp;findmodule=Basismodul+Sinologie&amp;tguid=0xD5A3A96E7649FA4BB6E721A4533F4B18&amp;strSignMessage=\">Basismodul Sinologie (5 CP)<\/a><\/p><\/td><td><\/td><\/tr><tr><td><p>Teil 1: Einf\u00fchrung in die chinesische Literaturgeschichte (Vorlesung), SoSe 2014<\/p><\/td><td><\/td><\/tr><tr><td><p>Teil 2: Einf\u00fchrung in die chinesische Philosophie (Vorlesung), WS 2014\/15<\/p><\/td><td><\/td><\/tr><tr><td><p>Teil 3: Grundz\u00fcge der chinesischen Geschichte (Vorlesung), SoSe 2014<\/p><\/td><td><\/td><\/tr><tr><td><p>Teil 4: Einf\u00fchrung in die Sprachwissenschaft des Chinesischen (Vorlesung), WS 2014\/15<\/p><\/td><td><\/td><\/tr><tr><td><p>G4 Basismodul &#8222;China&#8220;<\/p><\/td><td><\/td><\/tr><tr><td><p>Zwei der angebotenen Modulteile bilden das Modul. Sie k\u00f6nnen frei w\u00e4hlen, welche zwei Teile Sie besuchen m\u00f6chten.<\/p><\/td><td><\/td><\/tr><tr><td><p>Studierende der Sinologie k\u00f6nnen in diesem Modul keine Credit Points f\u00fcr den Optionalbereich erwerben!<\/p><\/td><td><\/td><\/tr><tr><td><p><\/p><\/td><td><\/td><\/tr><tr><td width=\"90%\"><p><a href=\"https:\/\/vvz.ruhr-uni-bochum.de\/campus\/all\/module.asp?gguid=0x77288D1CDE371445835050652C9098A2&amp;fieldgguid=&amp;findmodule=japan+in&amp;tguid=0xD5A3A96E7649FA4BB6E721A4533F4B18&amp;strSignMessage=\">Japan in Geschichte und Gegenwart (5 CP)<\/a><\/p><\/td><td><\/td><\/tr><tr><td><p>Teil 1: Grundlagen der politikwissenschaftlichen Japanforschung (Blockseminar), SoSe 2014<\/p><\/td><td><\/td><\/tr><tr><td><p>Teil 2: Die Japanische Geschichte des 20. Jahrhunderts (Vorlesung), SoSe 2014 oder<\/p><\/td><td><\/td><\/tr><tr><td><p>Teil 3: Aktuelle Fragen der Japanologie: Feste und Feiern im Jahreszyklus (Vorlesung), SoSe 2014<\/p><\/td><td><\/td><\/tr><tr><td><p>G4 Basismodul &#8222;Japan&#8220;<\/p><\/td><td><\/td><\/tr><tr><td><p>2 der angebotenen Modulteile bilden das Modul. Eine der beiden Vorlesungen (Teil 2 oder Teil 3) und die \u00dcbung (Teil 1) m\u00fcssen belegt werden.<\/p><\/td><td><\/td><\/tr><tr><td><p>Studierende der Japanologie k\u00f6nnen an diesem Modul nicht teilnehmen!<\/p><\/td><td><\/td><\/tr><tr><td><p><\/p><\/td><td><\/td><\/tr><tr><td width=\"90%\"><p><a href=\"https:\/\/vvz.ruhr-uni-bochum.de\/campus\/all\/module.asp?gguid=0xEC7EA166F1741549811452B0A18EAC5C&amp;fieldgguid=&amp;findmodule=nihon&amp;tguid=0xD5A3A96E7649FA4BB6E721A4533F4B18&amp;strSignMessage=\">Nihongogaku (10 CP)<\/a><\/p><\/td><td><\/td><\/tr><tr><td><p>Teil 1: \u00dcberblick \u00fcber die japanische Sprache I, SoSe 2014<\/p><\/td><td><\/td><\/tr><tr><td><p>Teil 2: \u00dcberblick \u00fcber die japanische Sprache II, WS 2014\/15<\/p><\/td><td><\/td><\/tr><tr><td><p>G4 Basismodul &#8222;Japan&#8220;<\/p><\/td><td><\/td><\/tr><tr><td><p>Das Modul geht \u00fcber zwei Semester und kann sowohl im Sommersemester als auch im Wintersemester gestartet werden.<\/p><\/td><td><\/td><\/tr><tr><td><p>Studierende der Japanologie k\u00f6nnen an diesem Modul zwar teilnehmen, jedoch keine Credit Points f\u00fcr den Optionalbereich erwerben!<\/p><\/td><td><\/td><\/tr><tr><td><\/td><td><\/td><\/tr><tr><td colspan=\"2\"><p>Philosophie<\/p><\/td><\/tr><tr><td width=\"90%\"><p><a href=\"https:\/\/vvz.ruhr-uni-bochum.de\/campus\/all\/module.asp?gguid=0xE4DC9CA61379D14987583CB62A6BE1CC&amp;fieldgguid=&amp;findmodule=einf%FChrung+in+die+phil&amp;tguid=0xD5A3A96E7649FA4BB6E721A4533F4B18&amp;strSignMessage=\">Einf\u00fchrung in die Philosophie: Neuzeitliche Philosophie und Praktische Philosophie (5 CP)<\/a><\/p><\/td><td><\/td><\/tr><tr><td><p>Teil 1: Zentrale Themen der Philosophie in Neuzeit und Gegenwart: Rationalit\u00e4t und Vernunft in der Moderne (Vorlesung), SoSe 2014<\/p><\/td><td><\/td><\/tr><tr><td><p>Teil 2: Einf\u00fchrung in die Ethik, Grundprobleme, Grundbegriffe und Theorien der normativen Ethik (Vorlesung), SoSe 2014<\/p><\/td><td><\/td><\/tr><tr><td><p>G4 Basismodul &#8222;Theoretische Philosophie&#8220; und G4 Basismodul &#8222;Praktische Philosophie&#8220;<\/p><\/td><td><\/td><\/tr><tr><td><p>Studierende der Philosophie k\u00f6nnen an diesem Modul nicht teilnehmen.<\/p><\/td><td><\/td><\/tr><tr><td><\/td><td><\/td><\/tr><tr><td colspan=\"2\"><p>Physik und Astronomie<\/p><\/td><\/tr><tr><td width=\"90%\"><p><a href=\"https:\/\/vvz.ruhr-uni-bochum.de\/campus\/all\/module.asp?gguid=0x28B641230AA0DD4DABA6079F6EC13487&amp;fieldgguid=&amp;mode=&amp;findmodule=Digitalelektronik&amp;tguid=0xD5A3A96E7649FA4BB6E721A4533F4B18\">Digitalelektronik (5 CP)<\/a><\/p><\/td><td><\/td><\/tr><tr><td><p>Teil 1: Digitalelektronik (Vorlesung), SoSe 2014<\/p><\/td><td><\/td><\/tr><tr><td><p>Teil 2: Digitalelektronik (Praktische \u00dcbung), SoSe 2014<\/p><\/td><td><\/td><\/tr><tr><td><p>G4 Basismodul &#8222;Elektronik f\u00fcr physikalische Experimente&#8220;<\/p><\/td><td><\/td><\/tr><tr><td><p>Studierende der Physik k\u00f6nnen an diesem Modul nicht teilnehmen!<\/p><\/td><td><\/td><\/tr><tr><td><p><\/p><\/td><td><\/td><\/tr><tr><td width=\"90%\"><p><a href=\"https:\/\/vvz.ruhr-uni-bochum.de\/campus\/all\/module.asp?gguid=0x59250459D0BEB84CBC4E647444CD6B47&amp;fieldgguid=&amp;findmodule=leben+im+welt&amp;tguid=0xD5A3A96E7649FA4BB6E721A4533F4B18&amp;strSignMessage=\">Leben im Weltraum? (5 CP)<\/a><\/p><\/td><td><\/td><\/tr><tr><td><p>Teil 1: Leben im Weltraum? (Vorlesung), SoSe 2014<\/p><\/td><td><\/td><\/tr><tr><td><p>Teil 2: Leben im Weltraum? (\u00dcbung), SoSe 2014<\/p><\/td><td><\/td><\/tr><tr><td><p>G4 Basismodul &#8222;Physik des Universums&#8220;<\/p><\/td><td><\/td><\/tr><tr><td><p>Studierende der Physik k\u00f6nnen an diesem Modul nicht teilnehmen!<\/p><\/td><td><\/td><\/tr><tr><td><p><\/p><\/td><td><\/td><\/tr><tr><td width=\"90%\"><p><a href=\"https:\/\/vvz.ruhr-uni-bochum.de\/campus\/all\/module.asp?gguid=0xA16AE5024B0F1F479889CD84B25F7E58&amp;fieldgguid=&amp;mode=&amp;findmodule=mathematische&amp;tguid=0xD5A3A96E7649FA4BB6E721A4533F4B18\">Mathematische Hilfsmittel der Physik (5 CP)<\/a><\/p><\/td><td><\/td><\/tr><tr><td><p>Teil 1: Einf\u00fchrung in die mathematischen Hilfsmittel der Physik (Vorlesung), SoSe 2014<\/p><\/td><td><\/td><\/tr><tr><td><p>Teil 2: Einf\u00fchrung in die mathematischen Hilfsmittel der Physik (\u00dcbung), SoSe 2014<\/p><\/td><td><\/td><\/tr><tr><td><p>G4 Basismodul &#8222;Mathematische Methoden f\u00fcr die Physik&#8220;<\/p><\/td><td><\/td><\/tr><tr><td><p>Bitte beachten Sie: 2-Fach-B.A.-Studierende der Physik und \/ oder Mathematik k\u00f6nnen nur dann CP f\u00fcr den Optionalbereich erwerben, wenn sie das Modul vor ihrem ersten Fachsemester besuchen.<\/p><\/td><td><\/td><\/tr><tr><td><p>Studierende der Physik (B.Sc.) k\u00f6nnen an diesem Modul nicht teilnehmen!<\/p><\/td><td><\/td><\/tr><tr><td><p><\/p><\/td><td><\/td><\/tr><tr><td width=\"90%\"><p><a href=\"https:\/\/vvz.ruhr-uni-bochum.de\/campus\/all\/module.asp?gguid=0x8381776260792844B0078EFCE6A142BE&amp;fieldgguid=&amp;mode=&amp;findmodule=mathematische&amp;tguid=0xD5A3A96E7649FA4BB6E721A4533F4B18\">Mathematische Methoden der Physik II (5 CP)<\/a><\/p><\/td><td><\/td><\/tr><tr><td><p>Teil 1: Mathematische Methoden II (Vorlesung), SoSe 2014<\/p><\/td><td><\/td><\/tr><tr><td><p>Teil 2: Mathematische Methoden II (\u00dcbung), SoSe 2014<\/p><\/td><td><\/td><\/tr><tr><td><p>G4 Basismodul &#8222;Mathematische Methoden f\u00fcr die Physik&#8220;<\/p><\/td><td><\/td><\/tr><tr><td><p>Studierende der Physik k\u00f6nnen an diesem Modul zwar teilnehmen aber keine CP f\u00fcr den Optionalbereich erwerben!<\/p><\/td><td><\/td><\/tr><tr><td><p><\/p><\/td><td><\/td><\/tr><tr><td width=\"90%\"><p><a href=\"https:\/\/vvz.ruhr-uni-bochum.de\/campus\/all\/module.asp?gguid=0x9500570E1D19B043B07CF022A71895AF&amp;fieldgguid=&amp;mode=&amp;findmodule=Physik&amp;tguid=0xD5A3A96E7649FA4BB6E721A4533F4B18\">Physik f\u00fcr Nicht-Physikerinnen und Nicht-Physiker II (5 CP)<\/a><\/p><\/td><td><\/td><\/tr><tr><td><p>Teil 1: Physik f\u00fcr Nicht-Physiker II (Elektrizit\u00e4tslehre, Optik) (Vorlesung), SoSe 2014<\/p><\/td><td><\/td><\/tr><tr><td><p>Teil 2: Physik f\u00fcr Nicht-Physiker II (\u00dcbung), SoSe 2014<\/p><\/td><td><\/td><\/tr><tr><td><p>G4 Basismodul &#8222;Grundlagen der Physik&#8220;<\/p><\/td><td><\/td><\/tr><tr><td><p>Studierende der Physik k\u00f6nnen an diesem Modul nicht teilnehmen!<\/p><\/td><td><\/td><\/tr><tr><td><p><\/p><\/td><td><\/td><\/tr><tr><td width=\"90%\"><p><a href=\"https:\/\/vvz.ruhr-uni-bochum.de\/campus\/all\/module.asp?gguid=0xEC43D13F7213F444999775ABBEF71E44&amp;fieldgguid=&amp;findmodule=Physik+I+%28Schwerpunkt+Biologie%29&amp;tguid=0xD5A3A96E7649FA4BB6E721A4533F4B18&amp;strSignMessage=\">Physik I (Schwerpunkt Biologie) (5 CP)<\/a><\/p><\/td><td><\/td><\/tr><tr><td><p>Teil 1: Physik I f\u00fcr Studierende der Biologie (Vorlesung), SoSe 2014<\/p><\/td><td><\/td><\/tr><tr><td><p>Teil 2: Physik I f\u00fcr Studierende der Biologie (\u00dcbung), SoSe 2014<\/p><\/td><td><\/td><\/tr><tr><td><p>G4 Basismodul &#8222;Grundlagen der Physik&#8220;<\/p><\/td><td><\/td><\/tr><tr><td><p>Da die Veranstaltung inhaltlich der Physik I (Schwerpunkt Chemie) gleicht, kann nur jeweils eine von beiden f\u00fcr den Optionalbereich anerkannt werden. F\u00fcr Studierende des B.Sc. &#8211; Studiengangs Biologie ist dieses Modul nicht im Optionalbereich anrechenbar. Studierende der Physik k\u00f6nnen an diesem Modul nicht teilnehmen!<\/p><\/td><td><\/td><\/tr><tr><td><p><\/p><\/td><td><\/td><\/tr><tr><td width=\"90%\"><p><a href=\"https:\/\/vvz.ruhr-uni-bochum.de\/campus\/all\/module.asp?gguid=0xB015C0D0C31D8E4A957DFB972389F8AA&amp;fieldgguid=&amp;mode=&amp;findmodule=Physik+II&amp;tguid=0xD5A3A96E7649FA4BB6E721A4533F4B18\">Physik II (Schwerpunkt Chemie, Biochemie, Geowissenschaften) (5 CP)<\/a><\/p><\/td><td><\/td><\/tr><tr><td><p>Teil 1: Physik II f\u00fcr Studierende der Biochemie, Chemie und Geowissenschaften (Vorlesung), SoSe 2014<\/p><\/td><td><\/td><\/tr><tr><td><p>Teil 2: Physik II f\u00fcr Studierende der Biochemie, Chemie und Geowissenschaften (\u00dcbung), SoSe 2014<\/p><\/td><td><\/td><\/tr><tr><td><p>G4 Basismodul &#8222;Grundlagen der Physik&#8220;<\/p><\/td><td><\/td><\/tr><tr><td><p>Da die Veranstaltung inhaltlich der Physik II (Schwerpunkt Biologie) gleicht, kann nur jeweils eine von beiden f\u00fcr den Optionalbereich anerkannt werden. Studierende des B.Sc. &#8211; Studiengangs Chemie, Biochemie, Geowissenschaften sowie Studierende der Physik k\u00f6nnen an diesem Modul nicht teilnehmen!<\/p><\/td><td><\/td><\/tr><tr><td><\/td><td><\/td><\/tr><tr><td colspan=\"2\"><p>Rechtswissenschaft<\/p><\/td><\/tr><tr><td width=\"90%\"><p>In diesem Semester liegt leider kein Angebot vor.<\/p><\/td><td><\/td><\/tr><tr><td><p><\/p><\/td><td><\/td><\/tr><tr><td colspan=\"2\"><p>Religionswissenschaft<\/p><\/td><\/tr><tr><td width=\"90%\"><p>In diesem Semester liegt leider kein Angebot vor.<\/p><\/td><td><\/td><\/tr><tr><td><\/td><td><\/td><\/tr><tr><td colspan=\"2\"><p>Romanistik<\/p><\/td><\/tr><tr><td width=\"90%\"><p><a href=\"https:\/\/vvz.ruhr-uni-bochum.de\/campus\/all\/module.asp?gguid=0xCFC34CB2BC27CC4AB21869C297C44158&amp;fieldgguid=&amp;findmodule=las+cult&amp;tguid=0xD5A3A96E7649FA4BB6E721A4533F4B18&amp;strSignMessage=\">Las culturas de Am\u00e9rica Latina &#8211; Die Kulturen Lateinamerikas (5 CP)<\/a><\/p><\/td><td><\/td><\/tr><tr><td><p>Teil 1a: Ayer y hoy del Movimiento Anarquista en Espa\u00f1a y Latinoam\u00e9rica (Proseminar), SoSe 2014 oder<\/p><\/td><td><\/td><\/tr><tr><td><p>Teil 1b: Do Real ao Mundial: quest\u00f5es do Brasil contempor\u00e2neo (1994-2014) (Proseminar), SoSe 2014<\/p><\/td><td><\/td><\/tr><tr><td><p>Teil 2: Miradas pluriculturales del Ecuador contempor\u00e1neo (Proseminar), SoSe 2014<\/p><\/td><td><\/td><\/tr><tr><td><p>G4 Basismodul &#8222;Kultur Lateinamerikas&#8220;<\/p><\/td><td><\/td><\/tr><tr><td><p>Studierende der Romanischen Philologie k\u00f6nnen an diesem Modul nur teilnehmen, sofern kein Modulteil zugleich Bestandteil eines Fachmoduls ist!<\/p><\/td><td><\/td><\/tr><tr><td><p>Spanischkenntnisse (ab Niveau A2) sind notwendig, bei Veranstaltungen mit Brasilien-Bezug auch passive Portugiesischkenntnisse (bei guten bis sehr guten Spanischkenntnissen ist dies in der Regel gegeben).<\/p><\/td><td><\/td><\/tr><tr><td><p><\/p><\/td><td><\/td><\/tr><tr><td width=\"90%\"><p><a href=\"https:\/\/vvz.ruhr-uni-bochum.de\/campus\/all\/module.asp?gguid=0xC4CEC487A8A4434EB7FBEFBD0FD155FC&amp;fieldgguid=&amp;mode=&amp;findmodule=Portugiesisch%3A+Sprach&amp;tguid=0xD5A3A96E7649FA4BB6E721A4533F4B18\">Portugiesisch: Sprache und Kulturen Brasiliens, Portugals und des lusophonen Afrikas (5 CP)<\/a><\/p><\/td><td><\/td><\/tr><tr><td><p>Teil 1: Portugiesisch III (\u00dcbung), SoSe 2014<\/p><\/td><td><\/td><\/tr><tr><td><p>Teil 2: Pensar Portugal: Ant\u00f3nio Jos\u00e9 Saraiva, Eduardo Louren\u00e7o e Jos\u00e9 Gil, int\u00e9rpretes da lusitanidade (Proseminar), WS 2014\/15<\/p><\/td><td><\/td><\/tr><tr><td><p>G4 Aufbaumodul &#8222;Portugiesisch&#8220; und G 1 Modul Portugiesisch II (bras.)<\/p><\/td><td><\/td><\/tr><tr><td><p>Studierende der Romanischen Philologie k\u00f6nnen an diesem Modul nur teilnehmen, sofern Modulteil 2 nicht Bestandteil eines Fachmoduls ist! Bitte beachten Sie unbedingt die Hinweise unter dem Punkt &#8222;Voraussetzungen&#8220; der Modulbeschreibung!<\/p><\/td><td><\/td><\/tr><tr><td><\/td><td><\/td><\/tr><tr><td colspan=\"2\"><p>Sozialwissenschaft<\/p><\/td><\/tr><tr><td width=\"90%\"><p><a href=\"https:\/\/vvz.ruhr-uni-bochum.de\/campus\/all\/module.asp?gguid=0xE1E67C206A1DE24AA24900FCC4C6FD0E&amp;fieldgguid=&amp;mode=&amp;findmodule=arbeits-&amp;tguid=0xD5A3A96E7649FA4BB6E721A4533F4B18\">Arbeits-, Wirtschafts- und Organisationssoziologie (5 CP)<\/a><\/p><\/td><td><\/td><\/tr><tr><td><p>Teil 1a oder Teil 1b: Einf\u00fchrung in die Arbeits-, Wirtschafts- und Organisationssoziologie (Seminar), SoSe 2014<\/p><\/td><td><\/td><\/tr><tr><td><p>Teil 2: Strukturierte Betreuung (\u00dcbung), SoSe 2014<\/p><\/td><td><\/td><\/tr><tr><td><p>G4 Aufbaumodul &#8222;Soziologie&#8220;<\/p><\/td><td><\/td><\/tr><tr><td><p>Studierende der F\u00e4cher PWG, KIG und Soziologie sowie des Studiengangs Sozialwissenschaft k\u00f6nnen an diesem Modul nicht teilnehmen!<\/p><\/td><td><\/td><\/tr><tr><td><p><\/p><\/td><td><\/td><\/tr><tr><td width=\"90%\"><p><a href=\"https:\/\/vvz.ruhr-uni-bochum.de\/campus\/all\/module.asp?gguid=0x7748766BB1D54540A0148CCC1FAF6AAE&amp;fieldgguid=&amp;findmodule=Einf%FChrung+in+die+Wirtschafts%2D+und+Sozia&amp;tguid=0xD5A3A96E7649FA4BB6E721A4533F4B18&amp;strSignMessage=\">Einf\u00fchrung in die Wirtschafts- und Sozialpolitik (5 CP)<\/a><\/p><\/td><td><\/td><\/tr><tr><td><p>Teil 1: Einf\u00fchrung in die Wirtschafts- und Sozialpolitik (Vorlesung), SoSe 2014<\/p><\/td><td><\/td><\/tr><tr><td><p>Teil 2: Strukturierte Betreuung (GrundSoz\u00f6k, Teil III) (\u00dcbung), SoSe 2014<\/p><\/td><td><\/td><\/tr><tr><td><p>G4 Basismodul &#8222;Sozial\u00f6konomik&#8220;<\/p><\/td><td><\/td><\/tr><tr><td><p>Studierende der F\u00e4cher PWG, Soziologie, Politikwissenschaft und Sozialpsychologie\/-anthropologie sowie des Studiengangs Sozialwissenschaft k\u00f6nnen an diesem Modul nicht teilnehmen!<\/p><\/td><td><\/td><\/tr><tr><td><p><\/p><\/td><td><\/td><\/tr><tr><td width=\"90%\"><p><a href=\"https:\/\/vvz.ruhr-uni-bochum.de\/campus\/all\/module.asp?gguid=0x84D32C11CFF8C346B45EAC5654AA5B86&amp;fieldgguid=&amp;findmodule=Grundfragen+und+Hauptbegriffe+der+Soziol&amp;tguid=0xD5A3A96E7649FA4BB6E721A4533F4B18&amp;strSignMessage=\">Grundfragen und Hauptbegriffe der Soziologie (Soziologie I) (5 CP)<\/a><\/p><\/td><td><\/td><\/tr><tr><td><p>Teil 1: Grundfragen und Hauptbegriffe der Soziologie (Soziologie I) (Vorlesung), SoSe 2014<\/p><\/td><td><\/td><\/tr><tr><td><p>Teil 2: Strukturierte Betreuung zur Soziologie I (\u00dcbung), SoSe 2014<\/p><\/td><td><\/td><\/tr><tr><td><p>G4 Basismodul &#8222;Soziologie&#8220;<\/p><\/td><td><\/td><\/tr><tr><td><p>Studierende der F\u00e4cher PWG, KIG, Soziologie, Politikwissenschaft und Sozialpsychologie\/-anthropologie sowie des Studiengangs Sozialwissenschaft k\u00f6nnen an diesem Modul nicht teilnehmen!<\/p><\/td><td><\/td><\/tr><tr><td><p><\/p><\/td><td><\/td><\/tr><tr><td width=\"90%\"><p><a href=\"https:\/\/vvz.ruhr-uni-bochum.de\/campus\/all\/module.asp?gguid=0xEA1178F34B0F0D40A5B6114F73F739BD&amp;fieldgguid=&amp;findmodule=Politikwissenschaft%3A+Internationale+Bezi&amp;tguid=0xD5A3A96E7649FA4BB6E721A4533F4B18&amp;strSignMessage=\">Politikwissenschaft: Internationale Beziehungen (5 CP)<\/a><\/p><\/td><td><\/td><\/tr><tr><td><p>Teil 1: Internationale Beziehungen (Vorlesung), SoSe 2014<\/p><\/td><td><\/td><\/tr><tr><td><p>Teil 2: Strukturierte Betreuung (\u00dcbung), SoSe 2014<\/p><\/td><td><\/td><\/tr><tr><td><p>G4 Aufbaumodul &#8222;Politikwissenschaft&#8220;<\/p><\/td><td><\/td><\/tr><tr><td><p>Studierende des Faches Politikwissenschaft, des Faches Politik, Wirtschaft und Gesellschaft, sowie des Faches Sozialwissenschaft k\u00f6nnen an dem Modul nicht teilnehmen!<\/p><\/td><td><\/td><\/tr><tr><td><p><\/p><\/td><td><\/td><\/tr><tr><td width=\"90%\"><p><a href=\"https:\/\/vvz.ruhr-uni-bochum.de\/campus\/all\/module.asp?gguid=0xDF06F12576B4CF4E88483EE4731CC1B1&amp;fieldgguid=&amp;findmodule=Politikwissenschaft%3A+Politisches+System&amp;tguid=0xD5A3A96E7649FA4BB6E721A4533F4B18&amp;strSignMessage=\">Politikwissenschaft: Politisches System Deutschlands (5 CP)<\/a><\/p><\/td><td><\/td><\/tr><tr><td><p>Teil 1: Einf\u00fchrung in das politische System Deutschlands (Vorlesung), SoSe 2014<\/p><\/td><td><\/td><\/tr><tr><td><p>Teil 2: Strukturierte Betreuung (\u00dcbung), SoSe 2014<\/p><\/td><td><\/td><\/tr><tr><td><p>G4 Basismodul &#8222;Politikwissenschaft&#8220;<\/p><\/td><td><\/td><\/tr><tr><td><p>Studierende der F\u00e4cher PWG, KIG, Politikwissenschaft sowie des Studienganges Sozialwissenschaft k\u00f6nnen an dem Modul nicht teilnehmen!<\/p><\/td><td><\/td><\/tr><tr><td><p><\/p><\/td><td><\/td><\/tr><tr><td width=\"90%\"><p><a href=\"https:\/\/vvz.ruhr-uni-bochum.de\/campus\/all\/module.asp?gguid=0x39ED6AD71AC2E74C9A10473C8B01816F&amp;fieldgguid=&amp;findmodule=Politikwissenschaft%3A+Vergleichende+Polit&amp;tguid=0xD5A3A96E7649FA4BB6E721A4533F4B18&amp;strSignMessage=\">Politikwissenschaft: Vergleichende Politikwissenschaft (5 CP)<\/a><\/p><\/td><td><\/td><\/tr><tr><td><p>Teil 1: Einf\u00fchrung in die Vergleichende Politikwissenschaft (Vorlesung), SoSe 2014<\/p><\/td><td><\/td><\/tr><tr><td><p>Teil 2: Strukturierte Betreuung (\u00dcbung), SoSe 2014<\/p><\/td><td><\/td><\/tr><tr><td><p>G4 Aufbaumodul &#8222;Politikwissenschaft&#8220;<\/p><\/td><td><\/td><\/tr><tr><td><p>Studierende des Faches Politikwissenschaft, des Faches PWG sowie des Studiengangs Sozialwissenschaft k\u00f6nnen an diesem Modul nicht teilnehmen!<\/p><\/td><td><\/td><\/tr><tr><td><p><\/p><\/td><td><\/td><\/tr><tr><td width=\"90%\"><p><a href=\"https:\/\/vvz.ruhr-uni-bochum.de\/campus\/all\/module.asp?gguid=0x973B091070FC3A47A1980EED4DEF78CA&amp;fieldgguid=&amp;findmodule=Sozialanthropologie&amp;tguid=0xD5A3A96E7649FA4BB6E721A4533F4B18&amp;strSignMessage=\">Sozialanthropologie (5 CP)<\/a><\/p><\/td><td><\/td><\/tr><tr><td><p>Teil 1: Einf\u00fchrung in die Sozial- und Kulturanthropologie (Vorlesung), SoSe 2014<\/p><\/td><td><\/td><\/tr><tr><td><p>Teil 2: Strukturierte Betreuung (\u00dcbung), SoSe 2014<\/p><\/td><td><\/td><\/tr><tr><td><p>G4 Basismodul &#8222;Sozialpsychologie&#8220;<\/p><\/td><td><\/td><\/tr><tr><td><p>Studierende des Faches Sozialpsychologie und -anthropologie, des Faches KIG sowie des Studienganges Sozialwissenschaft k\u00f6nnen an dem Modul nicht teilnehmen!<\/p><\/td><td><\/td><\/tr><tr><td><p><\/p><\/td><td><\/td><\/tr><tr><td width=\"90%\"><p><a href=\"https:\/\/vvz.ruhr-uni-bochum.de\/campus\/all\/module.asp?gguid=0x8AD48B0C2F23234F8550D4AB4F9108C9&amp;fieldgguid=&amp;findmodule=Sozial-+und+Kulturpsychologie&amp;tguid=0xD5A3A96E7649FA4BB6E721A4533F4B18&amp;strSignMessage=\">Sozial- und Kulturpsychologie (5 CP)<\/a><\/p><\/td><td><\/td><\/tr><tr><td><p>Teil 1: Einf\u00fchrung in die Sozial- und Kulturpsychologie (Vorlesung), SoSe 2014<\/p><\/td><td><\/td><\/tr><tr><td><p>Teil 2: Strukturierte Betreuung (\u00dcbung), SoSe 2014<\/p><\/td><td><\/td><\/tr><tr><td><p>G4 Basismodul &#8222;Sozialpsychologie&#8220;<\/p><\/td><td><\/td><\/tr><tr><td><p>Studierende des Faches Sozialpsychologie und -anthropologie, des Faches KIG sowie des Studiengangs Sozialwissenschaft k\u00f6nnen an dem Modul nicht teilnehmen!<\/p><\/td><td><\/td><\/tr><tr><td><p><\/p><\/td><td><\/td><\/tr><tr><td width=\"90%\"><p><a href=\"https:\/\/vvz.ruhr-uni-bochum.de\/campus\/all\/module.asp?gguid=0xAAA71FD6C2D3EF478D84F89E4B4E80BF&amp;fieldgguid=&amp;findmodule=Sozial-+und+Kulturtheorie&amp;tguid=0xD5A3A96E7649FA4BB6E721A4533F4B18&amp;strSignMessage=\">Sozial- und Kulturtheorie (5 CP)<\/a><\/p><\/td><td><\/td><\/tr><tr><td><p>Teil 1: Einf\u00fchrung in die Sozial- und Kulturtheorie (Vorlesung), SoSe 2014<\/p><\/td><td><\/td><\/tr><tr><td><p>Teil 2: Sozial- und Kulturtheorie. Ausgew\u00e4hlte Lekt\u00fcren (\u00dcbung), SoSe 2014<\/p><\/td><td><\/td><\/tr><tr><td><p>G4 Aufbaumodul &#8222;Sozialpsychologie&#8220;<\/p><\/td><td><\/td><\/tr><tr><td><p>Studierende des Faches Sozialpsychologie und -anthropologie sowie des Studiengangs Sozialwissenschaft k\u00f6nnen an dem Modul nicht teilnehmen!<\/p><\/td><td><\/td><\/tr><tr><td><p><\/p><\/td><td><\/td><\/tr><tr><td width=\"90%\"><p><a href=\"https:\/\/vvz.ruhr-uni-bochum.de\/campus\/all\/module.asp?gguid=0x8314F0D62587724D9886DCB3BDA2CA98&amp;fieldgguid=&amp;findmodule=Sozialstruktur+und+sozialer+Wandel+%28Sozi&amp;tguid=0xD5A3A96E7649FA4BB6E721A4533F4B18&amp;strSignMessage=\">Sozialstruktur und sozialer Wandel (Soziologie II) (5 CP)<\/a><\/p><\/td><td><\/td><\/tr><tr><td><p>Teil 1: Sozialstruktur und sozialer Wandel (Vorlesung), SoSe 2014<\/p><\/td><td><\/td><\/tr><tr><td><p>Teil 2: Strukturierte Betreuung zur Soziologie II (\u00dcbung), SoSe 2014<\/p><\/td><td><\/td><\/tr><tr><td><\/td><td><\/td><\/tr><tr><td><p>G4 Aufbaumodul &#8222;Soziologie&#8220;<\/p><\/td><td><\/td><\/tr><tr><td><p>Studierende der F\u00e4cher PWG, KIG, Soziologie, Politikwissenschaft und Sozialpsychologie\/-anthropologie sowie des Studiengangs Sozialwissenschaft k\u00f6nnen an diesem Modul nicht teilnehmen!<\/p><\/td><td><\/td><\/tr><tr><td><p><\/p><\/td><td><\/td><\/tr><tr><td width=\"90%\"><p><a href=\"https:\/\/vvz.ruhr-uni-bochum.de\/campus\/all\/module.asp?gguid=0x16C16A3D25C0D54B878F346B38C706A7&amp;fieldgguid=&amp;findmodule=Theorien+und+Methoden+der+Kulturpsycholo&amp;tguid=0xD5A3A96E7649FA4BB6E721A4533F4B18&amp;strSignMessage=\">Theorien und Methoden der Kulturpsychologie (5 CP)<\/a><\/p><\/td><td><\/td><\/tr><tr><td><p>Teil 1: Theorien und Methoden der Kulturpsychologie (Vorlesung), SoSe 2014<\/p><\/td><td><\/td><\/tr><tr><td><p>Teil 2: Strukturierte Betreuung (\u00dcbung), SoSe 2014<\/p><\/td><td><\/td><\/tr><tr><td><p>G4 Aufbaumodul &#8222;Sozialpsychologie&#8220;<\/p><\/td><td><\/td><\/tr><tr><td><p>Studierende des Faches Sozialpsychologie und -anthropologie, des Faches KIG sowie des Studiengangs Sozialwissenschaft k\u00f6nnen an dem Modul nicht teilnehmen!<\/p><\/td><td><\/td><\/tr><tr><td><\/td><td><\/td><\/tr><tr><td colspan=\"2\"><p>Sportwissenschaft<\/p><\/td><\/tr><tr><td width=\"90%\"><p><a href=\"https:\/\/vvz.ruhr-uni-bochum.de\/campus\/all\/module.asp?gguid=0x2D1CA28791B98B4C902761186BA57907&amp;fieldgguid=&amp;findmodule=fit+von&amp;tguid=0xD5A3A96E7649FA4BB6E721A4533F4B18&amp;strSignMessage=\">Fit von Kopf bis Fu\u00df (5 CP)<\/a><\/p><\/td><td><\/td><\/tr><tr><td><p>Teil 1: Grundlagen der Trainingswissenschaft (Vorlesung), SoSe 2014<\/p><\/td><td><\/td><\/tr><tr><td><p>Teil 2: Fit von Kopf bis Fu\u00df (Seminar), SoSe 2014<\/p><\/td><td><\/td><\/tr><tr><td><p>G4 Sport und Gesellschaft<\/p><\/td><td><\/td><\/tr><tr><td width=\"100%\"><p>Studierende der Sportwissenschaft k\u00f6nnen an diesem Modul nicht teilnehmen!<\/p><\/td><td><\/td><\/tr><tr><td><p><\/p><\/td><td><\/td><\/tr><tr><td width=\"90%\"><p><a href=\"https:\/\/vvz.ruhr-uni-bochum.de\/campus\/all\/module.asp?gguid=0x047E3FF1ED2E954DB7B2DF3792EABA3C&amp;fieldgguid=&amp;findmodule=gymnastik&amp;tguid=0xD5A3A96E7649FA4BB6E721A4533F4B18&amp;strSignMessage=\">Gymnastik und K\u00f6rperarbeit (5 CP)<\/a><\/p><\/td><td><\/td><\/tr><tr><td><p>Teil 1: Gymnastik Spezialfach (Seminar), SoSe 2014<\/p><\/td><td><\/td><\/tr><tr><td><p>Teil 2: Pilates &#8211; Alexander &#8211; Feldenkrais. Ganzheitliche Systeme der K\u00f6rperarbeit (Seminar), SoSe 2014<\/p><\/td><td><\/td><\/tr><tr><td><p>G4 Sport und Gesellschaft<\/p><\/td><td><\/td><\/tr><tr><td><\/td><td><\/td><\/tr><tr><td colspan=\"2\"><p>Theaterwissenschaft<\/p><\/td><\/tr><tr><td width=\"90%\"><p><a href=\"https:\/\/vvz.ruhr-uni-bochum.de\/campus\/all\/module.asp?gguid=0x31F0475866472C4886896C598405504E&amp;fieldgguid=&amp;findmodule=grundlagen+der+theater&amp;tguid=0xD5A3A96E7649FA4BB6E721A4533F4B18&amp;strSignMessage=\">Grundlagen der Theaterwissenschaft (5 CP)<\/a><\/p><\/td><td><\/td><\/tr><tr><td><p>Teil 1: E. O&#8216; Neill und T. Williams: Theater\u00e4sthetiken jenseits des Broadways? (Seminar), SoSe 2014<\/p><\/td><td><\/td><\/tr><tr><td><p>Teil 2: Theater\/Theorie (Seminar), SoSe 2014<\/p><\/td><td><\/td><\/tr><tr><td><p>Teil 3: Das Opfer der Darstellung (Seminar), SoSe 2014<\/p><\/td><td><\/td><\/tr><tr><td><p>Teil 4: Papier, Werkstatt, B\u00fchne: Ausschnitte vergangener und gegenw\u00e4rtiger Shakespeare-Inszenierungen (Seminar), SoSe 2014<\/p><\/td><td><\/td><\/tr><tr><td width=\"100%\"><p>Zum erfolgreichen Abschluss dieses Moduls im Optionalbereich sind zwei Kurse aus den vier Veranstaltungen zu belegen.<\/p><\/td><td><\/td><\/tr><tr><td width=\"100%\"><p>Studierende der Theaterwissenschaft k\u00f6nnen an diesem Modul nicht teilnehmen.<\/p><\/td><td><\/td><\/tr><tr><td><\/td><td><\/td><\/tr><tr><td colspan=\"2\"><p>Wirtschaftswissenschaft<\/p><\/td><\/tr><tr><td width=\"90%\"><p><a href=\"https:\/\/vvz.ruhr-uni-bochum.de\/campus\/all\/module.asp?gguid=0x4BFAB34DBA14374F966BF7DDA29A8EC5&amp;fieldgguid=&amp;findmodule=Einf%FChrung+in+das+Rechnungswesen%2FControl&amp;tguid=0xD5A3A96E7649FA4BB6E721A4533F4B18&amp;strSignMessage=\">Einf\u00fchrung in das Rechnungswesen\/Controlling (5 CP)<\/a><\/p><\/td><td><\/td><\/tr><tr><td><p>Teil 1: Einf\u00fchrung in das Rechnungswesen\/Controlling (Vorlesung), SoSe 2014<\/p><\/td><td><\/td><\/tr><tr><td><p>Teil 2: Einf\u00fchrung in das Rechnungswesen\/Controlling (\u00dcbung), SoSe 2014<\/p><\/td><td><\/td><\/tr><tr><td><p>G4 Basismodul &#8222;Rechnungswesen&#8220;<\/p><\/td><td><\/td><\/tr><tr><td><p>Teilnehmende des Moduls &#8222;Grundlagen der BWL f\u00fcr Nicht\u00f6konomen und Existenzgr\u00fcnder&#8220; sowie Studierende der Wirtschaftswissenschaft k\u00f6nnen an diesem Modul nicht teilnehmen!<\/p><\/td><td><\/td><\/tr><tr><td><p><\/p><\/td><td><\/td><\/tr><tr><td width=\"90%\"><p><a href=\"https:\/\/vvz.ruhr-uni-bochum.de\/campus\/all\/module.asp?gguid=0xCBBCA7B66BDDCC48917A00B1DE996E43&amp;fieldgguid=&amp;findmodule=Einf%FChrung+in+die+Betriebs%2D+sowie+Volksw&amp;tguid=0xD5A3A96E7649FA4BB6E721A4533F4B18&amp;strSignMessage=\">Einf\u00fchrung in die Betriebs- sowie Volkswirtschaftslehre (5 CP)<\/a><\/p><\/td><td><\/td><\/tr><tr><td><p>Teil 1: Einf\u00fchrung in die VWL f\u00fcr Nicht\u00f6konomen (Vorlesung), WS 2014\/15<\/p><\/td><td><\/td><\/tr><tr><td><p>Teil 2: Einf\u00fchrung in die BWL f\u00fcr Nicht\u00f6konomen (Vorlesung und \u00dcbung), SoSe 2014<\/p><\/td><td><\/td><\/tr><tr><td><p>G4 Basismodul &#8222;\u00d6konomie&#8220;<\/p><\/td><td><\/td><\/tr><tr><td><p>Teilnehmende des Moduls &#8222;Grundlagen der BWL f\u00fcr Nicht\u00f6konomen und Existenzgr\u00fcnder&#8220; sowie Studierende des Fachs Wirtschaftswissenschaft k\u00f6nnen an diesem Modul nicht teilnehmen!<\/p><\/td><td><\/td><\/tr><tr><td><p><\/p><\/td><td><\/td><\/tr><tr><td width=\"90%\"><p><a href=\"https:\/\/vvz.ruhr-uni-bochum.de\/campus\/all\/module.asp?gguid=0x91BABEEE7BEB7549AB92F439B94D7203&amp;fieldgguid=&amp;findmodule=Grundlagen+der+Businessplanerstellung&amp;tguid=0xD5A3A96E7649FA4BB6E721A4533F4B18&amp;strSignMessage=\">Grundlagen der Businessplanerstellung (5 CP)<\/a><\/p><\/td><td><\/td><\/tr><tr><td><p>Teil 1: Grundlagen der Businessplanerstellung (Vorlesung), SoSe 2014<\/p><\/td><td><\/td><\/tr><tr><td><p>Teil 2: Grundlagen der Businessplanerstellung (\u00dcbung), SoSe 2014<\/p><\/td><td><\/td><\/tr><tr><td><p>G4 Aufbaumodul Existenzgr\u00fcndung<\/p><\/td><td><\/td><\/tr><tr><td><p>Studierende der Wirtschaftswissenschaft (&#8222;Management&#8220;, &#8222;Economics&#8220; und &#8222;Management and Economics&#8220;) und 2-Fach-Bachelor Studierende mit dem Fach BWL k\u00f6nnen an diesem Modul nicht teilnehmen!<\/p><\/td><td><\/td><\/tr><tr><td><\/td><td><\/td><\/tr><tr><td colspan=\"2\"><p>Interdisziplin\u00e4re Module<\/p><\/td><\/tr><tr><td width=\"90%\"><p><a href=\"https:\/\/vvz.ruhr-uni-bochum.de\/campus\/all\/module.asp?gguid=0xB999A15F92FD6441BD97B992F5013273&amp;fieldgguid=&amp;mode=&amp;findmodule=Beethovens+%27%27Neunte%27%27+%2D+H%F6hepunkt+und+Ende&amp;tguid=0xD5A3A96E7649FA4BB6E721A4533F4B18\">Beethovens &#8218;Neunte&#8216; &#8211; H\u00f6hepunkt und Ende der klassischen Symphonie? (10 CP)<\/a><\/p><\/td><td><\/td><\/tr><tr><td><p>Teil 1: Beethovens &#8218;Neunte&#8216; &#8211; H\u00f6hepunkt und Ende der klassischen Symphonie?&#8220; (Seminar), SoSe 2014<\/p><\/td><td><\/td><\/tr><tr><td><p>Teil 2a: Musikpraktische \u00dcbung im Universit\u00e4tschor, SoSe 2014 oder<\/p><\/td><td><\/td><\/tr><tr><td><p>Teil 2b: Musikpraktische \u00dcbung im Universit\u00e4tsorchester, SoSe 2014<\/p><\/td><td><\/td><\/tr><tr><td><p>Teil 3: Musikpraktische \u00dcbung im Universit\u00e4tschor oder Universit\u00e4tsorchester, WS 2014\/15<\/p><\/td><td><\/td><\/tr><tr><td><p>Teil 4: Musikpraktische \u00dcbung im Universit\u00e4tschor oder Universit\u00e4tsorchester, SoSe 2015<\/p><\/td><td><\/td><\/tr><tr><td><p>G4 Basismodul &#8222;Kunst und Kultur&#8220;<\/p><\/td><td><\/td><\/tr><tr><td><p>Studierende, die in den vergangenen Semestern bereits ein Modul in Verbindung mit Chor oder Orchester erfolgreich abgeschlossen haben, k\u00f6nnen bei erneuter Teilnahme an diesem Modul keine Kreditpunkte anerkannt bekommen.<\/p><\/td><td><\/td><\/tr><tr><td><p><\/p><\/td><td><\/td><\/tr><tr><td width=\"90%\"><p><a href=\"https:\/\/vvz.ruhr-uni-bochum.de\/campus\/all\/module.asp?gguid=0xCA95F5E68F21A444B8FF19CE62893EF8&amp;fieldgguid=&amp;mode=&amp;findmodule=beethoven&amp;tguid=0xD5A3A96E7649FA4BB6E721A4533F4B18\">Beethovens &#8218;Neunte&#8216; &#8211; H\u00f6hepunkt und Ende der klassischen Symphonie? (5 CP)<\/a><\/p><\/td><td><\/td><\/tr><tr><td><p>Teil 1: Beethovens &#8218;Neunte&#8216; &#8211; H\u00f6hepunkt und Ende der klassischen Symphonie?&#8220; (Seminar), SoSe 2014<\/p><\/td><td><\/td><\/tr><tr><td><p>Teil 2a: Musikpraktische \u00dcbung im Universit\u00e4tschor, SoSe 2014 oder<\/p><\/td><td><\/td><\/tr><tr><td><p>Teil 2b: Musikpraktische \u00dcbung im Universit\u00e4tsorchester, SoSe 2014<\/p><\/td><td><\/td><\/tr><tr><td><p>G4 Basismodul &#8222;Kunst und Kultur&#8220;<\/p><\/td><td><\/td><\/tr><tr><td><p>Studierende, die in den vergangenen Semestern bereits ein Modul in Verbindung mit Chor oder Orchester erfolgreich abgeschlossen haben, k\u00f6nnen bei erneuter Teilnahme an diesem Modul keine Kreditpunkte anerkannt bekommen.<\/p><\/td><td><\/td><\/tr><tr><td><p>Semesterbeitrag f\u00fcr die musikpraktische \u00dcbung 12 Euro\/Semester<\/p><\/td><td><\/td><\/tr><tr><td><p><\/p><\/td><td><\/td><\/tr><tr><td width=\"90%\"><p><a href=\"https:\/\/vvz.ruhr-uni-bochum.de\/campus\/all\/module.asp?gguid=0x75714F0909EDE242BC15494C98BC6AF3&amp;fieldgguid=&amp;mode=&amp;findmodule=BIOETH&amp;tguid=0xD5A3A96E7649FA4BB6E721A4533F4B18\">Bioethische Grundfragen (Summer School) (5 CP)<\/a><\/p><\/td><td><\/td><\/tr><tr><td><p>Teil 1: Summer School Grundlagen der Bioethik in Wissenschaft und Gesellschaft (Blockseminar), SoSe 2014<\/p><\/td><td><\/td><\/tr><tr><td><p>Teil 2: Bioethik vermitteln: Didaktik und Praxis (Workshop), SoSe 2014<\/p><\/td><td><\/td><\/tr><tr><td><p>G4 Interdisziplin\u00e4r studieren<\/p><\/td><td><\/td><\/tr><tr><td><p><\/p><\/td><td><\/td><\/tr><tr><td width=\"90%\"><p><a href=\"https:\/\/vvz.ruhr-uni-bochum.de\/campus\/all\/module.asp?gguid=0xFD26329B9113124BBBB633F5F17BB354&amp;fieldgguid=&amp;findmodule=das+eur&amp;tguid=0xD5A3A96E7649FA4BB6E721A4533F4B18&amp;strSignMessage=\">Das Europ\u00e4ische Jahr der Zeitgeschichte (5 CP)<\/a><\/p><\/td><td><\/td><\/tr><tr><td><p>Teil 1: Von der Urkatastrophe zur Wiedervereinigung Europas? Eine Jahrhundertbilanz. (Ringvorlesung), SoSe 2014<\/p><\/td><td><\/td><\/tr><tr><td><p>Teil 2: Kultur und Politik im Zeitalter der Extreme biographische Zugriffe und nationale Modelle (Seminar), SoSe 2014<\/p><\/td><td><\/td><\/tr><tr><td><p>G4 Basismodul &#8222;Identit\u00e4t und Differenz&#8220;<\/p><\/td><td><\/td><\/tr><tr><td><p><\/p><\/td><td><\/td><\/tr><tr><td width=\"90%\"><p><a href=\"https:\/\/vvz.ruhr-uni-bochum.de\/campus\/all\/module.asp?gguid=0x4E2551B39163EC408C0430F88443CCDA&amp;fieldgguid=&amp;findmodule=die+sozialwissenschaften&amp;tguid=0x4E76EF3543327D46B442C91CA39AD68A&amp;strSignMessage=\">Die Sozialwissenschaften im Theater: ein Ort zwischen Inszenierung und Authentizit\u00e4t (15 CP)<\/a><\/p><\/td><td><\/td><\/tr><tr><td><p>Teil 1: Die Konstruktion und Inszenierung psychosozialer Wirklichkeit. Theoretische Grundlagen und Perspektiven (Blockseminar), WS 2013\/14 und SoSe 2014<\/p><\/td><td><\/td><\/tr><tr><td><p>Teil 2: \u00d6ffentliche Pr\u00e4sentation der Forschungsergebnisse (Seminar), WS 2013\/14 und SoSe 2014<\/p><\/td><td><\/td><\/tr><tr><td><p>Teil 3: Lehrforschungsprojekt: &#8222;Die Sozialwissenschaften im Theater: interpretative Sozialforschung und Kulturanalyse auf den Spuren von Inszenierung und Authentizit\u00e4t&#8220; (Seminar), WS 2013\/14<\/p><\/td><td><\/td><\/tr><tr><td><p>Teil 4: Strukturierte Betreuung zum Lehrforschungsprojekt (\u00dcbung), WS 2013\/14<\/p><\/td><td><\/td><\/tr><tr><td><p>G2 Intensiv studieren \/ G4 Intensiv studieren<\/p><\/td><td><\/td><\/tr><tr><td><p>Keine Anmeldung m\u00f6glich! Fortf\u00fchrung aus dem WS 2013\/14<\/p><\/td><td><\/td><\/tr><tr><td><p><\/p><\/td><td><\/td><\/tr><tr><td width=\"90%\"><p><a href=\"https:\/\/vvz.ruhr-uni-bochum.de\/campus\/all\/module.asp?gguid=0x512B2B00F8342E4B818B3481E6C6EC7C&amp;fieldgguid=&amp;mode=&amp;findmodule=Entwicklung+praxisrelevanter+Forschungsf&amp;tguid=0xD5A3A96E7649FA4BB6E721A4533F4B18\">Entwicklung praxisrelevanter Forschungsfragen im Praktikum (15 CP)<\/a><\/p><\/td><td><\/td><\/tr><tr><td><p>Teil 1: Forschungsfragen und -zyklen entwickeln (Seminar), SoSe 2014<\/p><\/td><td><\/td><\/tr><tr><td><p>Teil 2: Begleitetes Praktikum (Praktikum), SoSe 2014<\/p><\/td><td><\/td><\/tr><tr><td><p>Teil 3: Nachbereitung der Forschungsfrage aus dem Praktikum (Abschlusskolloquium), WS 2014\/15<\/p><\/td><td><\/td><\/tr><tr><td><p>G4 Interdisziplin\u00e4r studieren und G5 Praktikum des Optionalbereichs<\/p><\/td><td><\/td><\/tr><tr><td><p><\/p><\/td><td><\/td><\/tr><tr><td width=\"90%\"><p><a href=\"https:\/\/vvz.ruhr-uni-bochum.de\/campus\/all\/module.asp?gguid=0x96C92DA5E195484EA74D926681121E2F&amp;fieldgguid=&amp;findmodule=eu-polit&amp;tguid=0xD5A3A96E7649FA4BB6E721A4533F4B18&amp;strSignMessage=\">EU-Politik in den Medien (15 CP)<\/a><\/p><\/td><td><\/td><\/tr><tr><td><p>Teil 1: Europapolitik in den Medien, Teil 1 (Seminar), SoSe 2014<\/p><\/td><td><\/td><\/tr><tr><td><p>Teil 2: Einf\u00fchrung in die Computersoftware MAXQDA und Projektentwicklung (Blockseminar), SoSe 2014<\/p><\/td><td><\/td><\/tr><tr><td><p>Teil 3: Europapolitik in den Medien, Teil 2 (Seminar), WS 2014\/15<\/p><\/td><td><\/td><\/tr><tr><td><p>Teil 4: Datenanalyse, -auswertung und Projektdokumentation (Blockseminar), WS 2014\/15<\/p><\/td><td><\/td><\/tr><tr><td><p>Teil 5: Pr\u00e4sentation der Forschungsergebnisse (Tagung), WS 2014\/15<\/p><\/td><td><\/td><\/tr><tr><td><p>G4 Intensiv studieren und G3 Praktische Anwendungen<\/p><\/td><td><\/td><\/tr><tr><td><p><\/p><\/td><td><\/td><\/tr><tr><td width=\"90%\"><p><a href=\"https:\/\/vvz.ruhr-uni-bochum.de\/campus\/all\/module.asp?gguid=0xE14BBE180D07DD408674A6B62F55ED7B&amp;fieldgguid=&amp;findmodule=farben+sehen&amp;tguid=0xD5A3A96E7649FA4BB6E721A4533F4B18&amp;strSignMessage=\">Farben sehen und erleben (5 CP)<\/a><\/p><\/td><td><\/td><\/tr><tr><td><p>Teil 1: Farben sehen und erleben &#8211; Theorie und Geschichte (Seminar), SoSe 2014<\/p><\/td><td><\/td><\/tr><tr><td><p>Teil 2: Farben sehen und erleben &#8211; Praktische Einf\u00fchrung in die Welt der Farben und der Malerei (Praktische \u00dcbung), SoSe 2014<\/p><\/td><td><\/td><\/tr><tr><td><p>G4 Basismodul &#8222;Kunst und Kultur&#8220;<\/p><\/td><td><\/td><\/tr><tr><td><p>Bitte beachten Sie, dass ein Materialkostenzuschuss von 15 Euro anf\u00e4llt.<\/p><\/td><td><\/td><\/tr><tr><td><p><\/p><\/td><td><\/td><\/tr><tr><td width=\"90%\"><p><a href=\"https:\/\/vvz.ruhr-uni-bochum.de\/campus\/all\/module.asp?gguid=0xA386F9A1492C004AB48EB85A10EBD321&amp;fieldgguid=&amp;findmodule=gute+gr%FCnde&amp;tguid=0xD5A3A96E7649FA4BB6E721A4533F4B18&amp;strSignMessage=\">Gute Gr\u00fcnde f\u00fcr schlechte Akten: Wie Kinder beschrieben werden (5 CP)<\/a><\/p><\/td><td><\/td><\/tr><tr><td><p>Teil 1: Theoretische und methodische Grundlagen professioneller Dokumentationspraktiken (Seminar), SoSe 2014<\/p><\/td><td><\/td><\/tr><tr><td><p>Teil 2: Professionelle Dokumentationspraktiken in der Praxis (Blockseminar), SoSe 2014<\/p><\/td><td><\/td><\/tr><tr><td><p>G4 Intensiv studieren<\/p><\/td><td><\/td><\/tr><tr><td><p><\/p><\/td><td><\/td><\/tr><tr><td width=\"90%\"><p><a href=\"https:\/\/vvz.ruhr-uni-bochum.de\/campus\/all\/module.asp?gguid=0xF73D8613B5FCEB4098DC4A94172F7650&amp;fieldgguid=&amp;mode=&amp;findmodule=huma&amp;tguid=0xD5A3A96E7649FA4BB6E721A4533F4B18\">Humanitarian Action in the 21st Century (Summer School) (5 CP)<\/a><\/p><\/td><td><\/td><\/tr><tr><td><p>Teil 1: Humanitarian Action in the 21st Century: Principles, Practices and New Challenges (block course), SoSe 2014<\/p><\/td><td><\/td><\/tr><tr><td><p>Teil 2: Summer School Desaster Response (simulation exercise), SoSe 2014<\/p><\/td><td><\/td><\/tr><tr><td><p>G4 Interdisziplin\u00e4r studieren<\/p><\/td><td><\/td><\/tr><tr><td><p>Das Modul ist erst ab dem 3. Fachsemester belegbar! Gute Englischkenntnisse werden vorausgesetzt.<\/p><\/td><td><\/td><\/tr><tr><td><p><\/p><\/td><td><\/td><\/tr><tr><td width=\"90%\"><p><a href=\"https:\/\/vvz.ruhr-uni-bochum.de\/campus\/all\/module.asp?gguid=0xE0DC61C22D9FAC42B16743EC6D640FED&amp;fieldgguid=&amp;findmodule=Interessenkonfl&amp;tguid=0x4E76EF3543327D46B442C91CA39AD68A&amp;strSignMessage=\">Interessenkonflikte in der EU-Energie- und Klimapolitik. Eine Einf\u00fchrung in die qualitative Inhaltsanalyse (15 CP) <\/a><\/p><\/td><td><\/td><\/tr><tr><td><p>Teil 1: Interessenkonflikte in der EU-Energie- und Klimapolitik. Eine Einf\u00fchrung in die qualitative Inhaltsanalyse (Seminar), WS 2013\/14<\/p><\/td><td><\/td><\/tr><tr><td><p>Teil 2: Einf\u00fchrung in die Computersoftware MAXQDA und Projektentwicklung (Blockseminar), WS 2013\/14<\/p><\/td><td><\/td><\/tr><tr><td><p>Teil 3: Interessenkonflikte in der EU-Energie- und Klimapolitik, Teil II (Seminar), SoSe 2014<\/p><\/td><td><\/td><\/tr><tr><td><p>Teil 4: Datenanalyse, -auswertung und Projektdokumentation (Blockseminar), SoSe 2014<\/p><\/td><td><\/td><\/tr><tr><td><p>Teil 5: Pr\u00e4sentation der Ergebnisse (Tagung), SoSe 2014<\/p><\/td><td><\/td><\/tr><tr><td><p>G2 Intensiv studieren \/ G3 Praktische Anwendungen \/ G4 Intensiv studieren<\/p><\/td><td><\/td><\/tr><tr><td><p>Keine Anmeldung m\u00f6glich! Fortf\u00fchrung aus dem WS 2013\/14<\/p><\/td><td><\/td><\/tr><tr><td><p><\/p><\/td><td><\/td><\/tr><tr><td width=\"90%\"><p><a href=\"https:\/\/vvz.ruhr-uni-bochum.de\/campus\/all\/module.asp?gguid=0xF90D3C1D9D0B9241968984A729C5FF73&amp;fieldgguid=&amp;findmodule=Jugendliche+f%FCr&amp;tguid=0xD5A3A96E7649FA4BB6E721A4533F4B18&amp;strSignMessage=\">Jugendliche f\u00fcr kulturelle Bildung begeistern: in und au\u00dferhalb der Schule (Summer School) (5 CP)<\/a><\/p><\/td><td><\/td><\/tr><tr><td><p>Teil 1: Kulturelle Bildung: Begriffsverst\u00e4ndnis und theoretischer Diskurs (Seminar\/Lekt\u00fcrekurs), SS 2014<\/p><\/td><td><\/td><\/tr><tr><td><p>Teil 2: Kulturelle Bildung und Schule (Workshop), SS 2014<\/p><\/td><td><\/td><\/tr><tr><td><p>Teil 3: Reflexion der Praxisphase im Kontext des Lekt\u00fcrekurses (Abschlusskolloquium),, SoSe 2014<\/p><\/td><td><\/td><\/tr><tr><td><p>G4 Interdisziplin\u00e4r studieren<\/p><\/td><td><\/td><\/tr><tr><td><p>Das Modul ist erst ab dem 2. Fachsemester belegbar!<\/p><\/td><td><\/td><\/tr><tr><td><p><\/p><\/td><td><\/td><\/tr><tr><td width=\"90%\"><p><a href=\"https:\/\/vvz.ruhr-uni-bochum.de\/campus\/all\/module.asp?gguid=0xD0ED2BD16CD8C9458318043D35FF9E54&amp;fieldgguid=&amp;findmodule=lernen+mit+und&amp;tguid=0xD5A3A96E7649FA4BB6E721A4533F4B18&amp;strSignMessage=\">Lernen mit und \u00fcber Medien in internationaler Perspektive (5 CP)<\/a><\/p><\/td><td><\/td><\/tr><tr><td><p>Teil 1: Empirische und theoretische Grundlagen der Medienp\u00e4dagogik in den USA und in Deutschland (Seminar), SoSe 2014<\/p><\/td><td><\/td><\/tr><tr><td><p>Teil 2: Beschreibung, Analyse und Bewertung aktueller Beispiele der Medienp\u00e4dagogik in den USA und in Deutschland (\u00dcbung), SoSe 2014<\/p><\/td><td><\/td><\/tr><tr><td><p>G4 Intensiv studieren und G3 Praktische Anwendungen<\/p><\/td><td><\/td><\/tr><tr><td><p>Das Modul ist richtet sich an Studierende ab dem 2. Fachsemester mit guten Englischkenntnissen!<\/p><\/td><td><\/td><\/tr><tr><td><p><\/p><\/td><td><\/td><\/tr><tr><td width=\"90%\"><p><a href=\"https:\/\/vvz.ruhr-uni-bochum.de\/campus\/all\/module.asp?gguid=0x3F4F0BF486C597429221EED253B78FC9&amp;fieldgguid=&amp;findmodule=marem&amp;tguid=0x4E76EF3543327D46B442C91CA39AD68A&amp;strSignMessage=\">MAREM &#8211; MApping REfugees&#8216; arrivals at the Mediterranean borders (20 CP) <\/a><\/p><\/td><td><\/td><\/tr><tr><td><p>Teil 1: MApping REfugees&#8216; arrivals at the Mediterranean borders: Migration, Refugees, Border Regimes &#8211; an interdisciplinary perspective, WS 2013\/14 and SoSe 2014<\/p><\/td><td><\/td><\/tr><tr><td><p>Teil 2: Structured student guidance for the Research Project (guides exercise), WS 2013\/14 and SoSe 2014<\/p><\/td><td><\/td><\/tr><tr><td><p>Teil 3: Migration, flight, border regime from sociological and social geographical perspective (Blockseminar), WS 2013\/14<\/p><\/td><td><\/td><\/tr><tr><td><p>Teil 4: Excursion and field research (excursion), WS 2013\/14 and SoSe 2014<\/p><\/td><td><\/td><\/tr><tr><td><p>Teil 5: Public presentation of research results (Public Presentation), one day in September 2014<\/p><\/td><td><\/td><\/tr><tr><td><p>G2 Intensiv studieren \/ G4 Intensiv studieren<\/p><\/td><td><\/td><\/tr><tr><td><p>Keine Anmeldung m\u00f6glich! Fortf\u00fchrung aus dem WS 2013\/14\u00a0<\/p><\/td><td><\/td><\/tr><tr><td><p><\/p><\/td><td><\/td><\/tr><tr><td width=\"90%\"><p><a href=\"https:\/\/vvz.ruhr-uni-bochum.de\/campus\/all\/module.asp?gguid=0x032AC08E9746CF4FA43C5356F17BD992&amp;error=&amp;expand=0xD5A3A96E7649FA4BB6E721A4533F4B18&amp;tguid=0xD5A3A96E7649FA4BB6E721A4533F4B18#0xD5A3A96E7649FA4BB6E721A4533F4B18\">Modellierung von Zeit (Summer School) (5 CP) <\/a><\/p><\/td><td><\/td><\/tr><tr><td><p>Teil 1: Die Zeit in Theorie und Medien (Lekt\u00fcrekurs), SoSe 2014<\/p><\/td><td><\/td><\/tr><tr><td><p>Teil 2: Summer School Zeitmodelle im interdisziplin\u00e4ren Diskurs (Blockveranstaltung), SoSe 2014<\/p><\/td><td><\/td><\/tr><tr><td><p>Teil 3: Zur\u00fcck in die Zukunft (Zukunftswerkstatt), SoSe 2014<\/p><\/td><td><\/td><\/tr><tr><td><p>G4 Interdisziplin\u00e4r studieren<\/p><\/td><td><\/td><\/tr><tr><td><p>Das Modul ist richtet sich an Studierende ab dem 3. Fachsemester!<\/p><\/td><td><\/td><\/tr><tr><td><p><\/p><\/td><td><\/td><\/tr><tr><td width=\"90%\"><p><a href=\"https:\/\/vvz.ruhr-uni-bochum.de\/campus\/all\/module.asp?gguid=0x337DAAB4BD8B5B4BA85F3F7AD50D8502&amp;fieldgguid=&amp;findmodule=multiple&amp;tguid=0xD5A3A96E7649FA4BB6E721A4533F4B18&amp;strSignMessage=\">Multiple Vergangenheiten, multiple Modernen: Indien zwischen Geschichte und Gegenwart (10 CP)<\/a><\/p><\/td><td><\/td><\/tr><tr><td><p>Teil 1: Yoga, Veda, Ayurveda die Pr\u00e4senz des Vergangenen (Seminar), SoSe 2014<\/p><\/td><td><\/td><\/tr><tr><td><p>Teil 2: &#8222;India today&#8220; (Distant-Learning-Seminar), SoSe 2014<\/p><\/td><td><\/td><\/tr><tr><td><p>Teil 3: Politik und Wirtschaft Indiens &#8211; zuk\u00fcnftige Perspektiven (Blockveranstaltung), SoSe 2014<\/p><\/td><td><\/td><\/tr><tr><td><p>Teil 4: Methodenworkshop (Workshop), SoSe 2014<\/p><\/td><td><\/td><\/tr><tr><td><p>G4 International studieren<\/p><\/td><td><\/td><\/tr><tr><td><p>Das Modul richtet sich an Studierende ab dem 2. Fachsemester! Bitte beachten Sie, dass im verpflichtenden Folgemodul f\u00fcr eine Studienreise eine Eigenbeteiligung in H\u00f6he von 200 Euro erforderlich ist.<\/p><\/td><td><\/td><\/tr><tr><td><p><\/p><\/td><td><\/td><\/tr><tr><td width=\"90%\"><p><a href=\"https:\/\/vvz.ruhr-uni-bochum.de\/campus\/all\/module.asp?gguid=0xC31A6FD0943F0149A8CF049B5EE3BE4E&amp;fieldgguid=&amp;findmodule=not+in+my&amp;tguid=0xD5A3A96E7649FA4BB6E721A4533F4B18&amp;strSignMessage=\">Not in my back yard! &#8211; \u00d6ffentlichkeitsbeteiligung bei Industrie- und Infrastrukturprojekten (5 CP)<\/a><\/p><\/td><td><\/td><\/tr><tr><td><p>Teil 1: \u00d6ffentlichkeitsbeteiligung bei Industrie- und Infrastrukturprojekten aus multidisziplin\u00e4rer Sicht (Vorlesung), SoSe 2014<\/p><\/td><td><\/td><\/tr><tr><td><p>Teil 2: Fallbearbeitungen (Problem-based Learning) zur Thematik der \u00d6ffentlichkeitsbeteiligung bei Industrie- und Infrastrukturprojekten (\u00dcbung), SoSe 2014<\/p><\/td><td><\/td><\/tr><tr><td><p>G2 Kommunikation und Mediation und G4 Basismodul &#8222;Wissenschaft in der Praxis&#8220;<\/p><\/td><td><\/td><\/tr><tr><td><p>Das Modul ist richtet sich an Studierende ab dem 3.\/4. Fachsemester!<\/p><\/td><td><\/td><\/tr><tr><td><p><\/p><\/td><td><\/td><\/tr><tr><td width=\"90%\"><p><a href=\"https:\/\/vvz.ruhr-uni-bochum.de\/campus\/all\/module.asp?gguid=0x7C92FBFC42D4ED458DDAE1B76812E95F&amp;fieldgguid=&amp;findmodule=Organizing+Interventions&amp;tguid=0xD5A3A96E7649FA4BB6E721A4533F4B18&amp;strSignMessage=\">Organizing Interventions in Humanitarian Crisis (5 CP)<\/a><\/p><\/td><td><\/td><\/tr><tr><td><p>Teil 1: Organizing Interventions in Humanitarian Crisis (Lecture), SoSe 2014<\/p><\/td><td><\/td><\/tr><tr><td><p>Teil 2: Desaster Response (Simulation Game), SoSe 2014<\/p><\/td><td><\/td><\/tr><tr><td><p>G4 Interdisziplin\u00e4r studieren<\/p><\/td><td><\/td><\/tr><tr><td><p><\/p><\/td><td><\/td><\/tr><tr><td width=\"90%\"><p><a href=\"https:\/\/vvz.ruhr-uni-bochum.de\/campus\/all\/module.asp?gguid=0xDD0D26E78676BA43A24C8A019EF0A166&amp;fieldgguid=&amp;findmodule=pop+und&amp;tguid=0xD5A3A96E7649FA4BB6E721A4533F4B18&amp;strSignMessage=\">Pop und Gender in aktuellen Medienformationen (5 CP)<\/a><\/p><\/td><td><\/td><\/tr><tr><td><p>Teil 1: #aufschrei bis Pussy Riot &#8211; Pop und Gender in aktuellen Medienformationen (Seminar), SoSe 2014<\/p><\/td><td><\/td><\/tr><tr><td><p>Teil 2: Pop und Gender &#8211; Forschung an der Schnittstelle von Medienwissenschaft und Gender Studies (Tagung), SoSe 2014<\/p><\/td><td><\/td><\/tr><tr><td><p>G4 Interdisziplin\u00e4r studieren<\/p><\/td><td><\/td><\/tr><tr><td><p><\/p><\/td><td><\/td><\/tr><tr><td width=\"90%\"><p><a href=\"https:\/\/vvz.ruhr-uni-bochum.de\/campus\/all\/module.asp?gguid=0x9342BD0C0E374C46B1D2249FB9DAA762&amp;fieldgguid=&amp;findmodule=Religion&amp;tguid=0xD5A3A96E7649FA4BB6E721A4533F4B18&amp;strSignMessage=\">Religion und Normativit\u00e4t (5 CP)<\/a><\/p><\/td><td><\/td><\/tr><tr><td><p>Teil 1: Religi\u00f6se Vielfalt. Eine Herausforderung f\u00fcr Politik, Religion und Gesellschaft (Seminar), SoSe 2014<\/p><\/td><td><\/td><\/tr><tr><td><p>Teil 2: Spurenlese in religi\u00f6sen Landschaften der Moderne (e-learning), SoSe 2014<\/p><\/td><td><\/td><\/tr><tr><td><p>Teil 3: Exkursion nach Berlin (Exkursion), SoSe 2014<\/p><\/td><td><\/td><\/tr><tr><td><p>G4 Religion und Moderne<\/p><\/td><td><\/td><\/tr><tr><td><p><\/p><\/td><td><\/td><\/tr><tr><td width=\"90%\"><p><a href=\"https:\/\/vvz.ruhr-uni-bochum.de\/campus\/all\/module.asp?gguid=0x47AC1A7793C53A4BA4E49F5E5592392B&amp;fieldgguid=&amp;mode=&amp;findmodule=social&amp;tguid=0xD5A3A96E7649FA4BB6E721A4533F4B18\">Social Movements in Global Perspectives: Past, Present and Future (Summer School) (10 CP)<\/a><\/p><\/td><td><\/td><\/tr><tr><td><p>Teil 1: Social Movements: Basics and Specifics (Distant-Learning-Seminar), SoSe 2014<\/p><\/td><td><\/td><\/tr><tr><td><p>Teil 2: Summer School &#8222;Social Movements in Global Perspectives (Konferenz), SoSe 2014<\/p><\/td><td><\/td><\/tr><tr><td><p>Teil 3: Social Movements and their Future (Workshop), SoSe 2014<\/p><\/td><td><\/td><\/tr><tr><td><p>G4 Interdisziplin\u00e4r studieren<\/p><\/td><td><\/td><\/tr><tr><td><p>The module is aimed at students of all subjects from the third semester onwards (BA) who are interested in interdisciplinary research on the history and present of social movements. Please note: As the program is international, the language (literature and discussions) will at all times be English. Thorough knowledge of English is mandatory.<\/p><\/td><td><\/td><\/tr><tr><td><p><\/p><\/td><td><\/td><\/tr><tr><td width=\"90%\"><p><a href=\"https:\/\/vvz.ruhr-uni-bochum.de\/campus\/all\/module.asp?gguid=0x8629A9AB7A43564782BA10AC333011B3&amp;fieldgguid=&amp;mode=&amp;findmodule=stat&amp;tguid=0xD5A3A96E7649FA4BB6E721A4533F4B18\">Statistik im Alltag &#8211; f\u00fcr Fortgeschrittene (5 CP)<\/a><\/p><\/td><td><\/td><\/tr><tr><td><p>Teil 1: Statistik im Alltag (Seminar), SoSe 2014<\/p><\/td><td><\/td><\/tr><tr><td><p>Teil 2: Abschlusskolloquium (Kolloquium), SoSe 2014<\/p><\/td><td><\/td><\/tr><tr><td><p>G4 Intensiv studieren<\/p><\/td><td><\/td><\/tr><tr><td><p>Das Modul richtet sich an Bachelor-Studierende ab dem 4. Fachsemester mit Interesse an statistischen Fragestellungen und soliden Vorkenntnissen der Methodenlehre und Statistik. Angesprochen werden vor allem Studierende, die ein Lehramt anstreben, vorzugsweise mit Mathematik als einem der F\u00e4cher. Sollten Sie unsicher sein, ob Sie teilnehmen k\u00f6nnen, wenden Sie sich bitte direkt an die Dozentin, Frau Carina Gerstenberger (Carina.Gerstenberger@rub.de)<\/p><\/td><td><\/td><\/tr><\/tbody><\/table><p><\/p><\/div>\n\t\t\t\t<\/div>\n\t\t\t\t\t\t\t<div class=\"elementor-accordion-item\">\n\t\t\t\t\t<div id=\"elementor-tab-title-91615\" class=\"elementor-tab-title\" data-tab=\"15\" role=\"button\" aria-controls=\"elementor-tab-content-91615\" aria-expanded=\"false\">\n\t\t\t\t\t\t\t\t\t\t\t\t\t<span class=\"elementor-accordion-icon elementor-accordion-icon-left\" aria-hidden=\"true\">\n\t\t\t\t\t\t\t\t\t\t\t\t\t\t\t<span class=\"elementor-accordion-icon-closed\"><i class=\"fas fa-plus\"><\/i><\/span>\n\t\t\t\t\t\t\t\t<span class=\"elementor-accordion-icon-opened\"><i class=\"fas fa-minus\"><\/i><\/span>\n\t\t\t\t\t\t\t\t\t\t\t\t\t\t<\/span>\n\t\t\t\t\t\t\t\t\t\t\t\t<a class=\"elementor-accordion-title\" tabindex=\"0\">WS 2013\/14 <\/a>\n\t\t\t\t\t<\/div>\n\t\t\t\t\t<div id=\"elementor-tab-content-91615\" class=\"elementor-tab-content elementor-clearfix\" data-tab=\"15\" role=\"region\" aria-labelledby=\"elementor-tab-title-91615\"><table width=\"100%\"><tbody><tr><td colspan=\"2\"><p>Grundlagenmodule anderer F\u00e4cher<\/p><\/td><\/tr><tr><td colspan=\"2\"><p>Allgemeine &amp; vergleichende Literaturwissenschaft<\/p><\/td><\/tr><tr><td width=\"90%\"><p>In diesem Semester liegt leider kein Angebot vor.<\/p><\/td><td><\/td><\/tr><tr><td><p><\/p><\/td><td><\/td><\/tr><tr><td colspan=\"2\"><p>Anglistik\/Amerikanistik<\/p><\/td><\/tr><tr><td width=\"90%\"><p><a href=\"https:\/\/vvz.ruhr-uni-bochum.de\/campus\/all\/module.asp?gguid=0x45E570B91012534DB8C57A4127E36AC0&amp;fieldgguid=&amp;findmodule=Amerikanische+Literatur+und+Kultur+nach&amp;tguid=0x4E76EF3543327D46B442C91CA39AD68A&amp;strSignMessage=\">Amerikanische Literatur und Kultur nach 1945 (5 CP) <\/a><\/p><\/td><td><\/td><\/tr><tr><td><p>Teil 1: American Literature and Culture after World War II (Vorlesung), WS 2013\/14<\/p><\/td><td><\/td><\/tr><tr><td><p>Teil 2a: American Music and Music Writing (Seminar), WS 2013\/14 oder<\/p><\/td><td><\/td><\/tr><tr><td><p>Teil 2b: Regionalism and the American Imagination (Seminar), WS 2013\/14<\/p><\/td><td><\/td><\/tr><tr><td><p>G4 Basismodul &#8222;American Literature and Culture&#8220;<\/p><\/td><td><\/td><\/tr><tr><td><p>Studierende der Anglistik\/Amerikanistik k\u00f6nnen an diesem Modul zwar teilnehmen, jedoch keine Credit Points f\u00fcr den Optionalbereich erwerben!<\/p><\/td><td><\/td><\/tr><tr><td><p><\/p><\/td><td><\/td><\/tr><tr><td width=\"90%\"><p><a href=\"https:\/\/vvz.ruhr-uni-bochum.de\/campus\/all\/module.asp?gguid=0xEF5C9FB28036874BA1160CF9AFD9ED28&amp;fieldgguid=&amp;findmodule=Britische+Kom%F6die+und+britischer+Humor&amp;tguid=0x4E76EF3543327D46B442C91CA39AD68A&amp;strSignMessage=\">Britische Kom\u00f6die und britischer Humor (5 CP)<\/a><\/p><\/td><td><\/td><\/tr><tr><td><p>Teil 1: Comedy and the Comic (Vorlesung), WS 2013\/14<\/p><\/td><td><\/td><\/tr><tr><td><p>Teil 2: British Humour (Seminar), WS 2013\/14<\/p><\/td><td><\/td><\/tr><tr><td><p>G4 Basismodul &#8222;English Literature and Culture&#8220;<\/p><\/td><td><\/td><\/tr><tr><td><p>Studierende der Anglistik\/Amerikanistik k\u00f6nnen an diesem Modul zwar teilnehmen, jedoch keine Credit Points f\u00fcr den Optionalbereich erwerben!<\/p><\/td><td><\/td><\/tr><tr><td><p><\/p><\/td><td><\/td><\/tr><tr><td width=\"90%\"><p><a href=\"https:\/\/vvz.ruhr-uni-bochum.de\/campus\/all\/module.asp?gguid=0x4F0A57F616B26947AF76507701F46B3B&amp;fieldgguid=&amp;findmodule=Britische+Kulturgeschichte&amp;tguid=0x4E76EF3543327D46B442C91CA39AD68A&amp;strSignMessage=\">Britische Kulturgeschichte (5 CP)<\/a><\/p><\/td><td><\/td><\/tr><tr><td><p>Teil 1: Eighteenth-Century Culture (Vorlesung), WS 2013\/14<\/p><\/td><td><\/td><\/tr><tr><td><p>Teil 2a: &#8222;There&#8217;s just no place for a Street Fighting Man&#8220;: British Urban Landscapes (Seminar), WS 2013\/14 oder<\/p><\/td><td><\/td><\/tr><tr><td><p>Teil 2b: Upstairs, Downton: Representations of Class in Heritage TV (Seminar), WS 2013\/14<\/p><\/td><td><\/td><\/tr><tr><td><p>G4 Basismodul &#8222;English Literature and Culture&#8220;<\/p><\/td><td><\/td><\/tr><tr><td><p>Studierende der Anglistik\/Amerikanistik k\u00f6nnen an diesem Modul zwar teilnehmen, jedoch keine Credit Points f\u00fcr den Optionalbereich erwerben!<\/p><\/td><td><\/td><\/tr><tr><td><p><\/p><\/td><td><\/td><\/tr><tr><td width=\"90%\"><p><a href=\"https:\/\/vvz.ruhr-uni-bochum.de\/campus\/all\/module.asp?gguid=0x23BE82847EE1244F976D15EF1034316D&amp;fieldgguid=&amp;findmodule=Englische+Literatur+des+Mittelalters&amp;tguid=0x4E76EF3543327D46B442C91CA39AD68A&amp;strSignMessage=\">Englische Literatur und Kultur des Mittelalters (5 CP)<\/a><\/p><\/td><td><\/td><\/tr><tr><td><p>Teil 1: Medieval English Literature (\u00dcbung), WS 2013\/14<\/p><\/td><td><\/td><\/tr><tr><td><p>Teil 2a: Anger, Joy and Fear &#8211; Emotions in Old English Literature (Seminar), WS 2013\/14 oder<\/p><\/td><td><\/td><\/tr><tr><td><p>Teil 2b: Tales with Tails: The Medieval English Fable Tradition (Seminar), WS 2013\/14<\/p><\/td><td><\/td><\/tr><tr><td><p>G4 Basismodul &#8222;English Literature and Culture&#8220;<\/p><\/td><td><\/td><\/tr><tr><td><p>Studierende der Anglistik\/Amerikanistik k\u00f6nnen an diesem Modul zwar teilnehmen, jedoch keine Credit Points f\u00fcr den Optionalbereich erwerben!<\/p><\/td><td><\/td><\/tr><tr><td><p><\/p><\/td><td><\/td><\/tr><tr><td width=\"90%\"><p><a href=\"https:\/\/vvz.ruhr-uni-bochum.de\/campus\/all\/module.asp?gguid=0xA506ACBFD1506849BBDA28713AD027D0&amp;fieldgguid=&amp;findmodule=Shakespeares+Dramen&amp;tguid=0x4E76EF3543327D46B442C91CA39AD68A&amp;strSignMessage=\">Shakespeares Dramen (5 CP)<\/a><\/p><\/td><td><\/td><\/tr><tr><td><p>Teil 1: Introduction to Shakespeare&#8217;s History Plays (Vorlesung), WS 2013\/14<\/p><\/td><td><\/td><\/tr><tr><td><p>Teil 2: Reading Coriolanus (Seminar), WS 2013\/14<\/p><\/td><td><\/td><\/tr><tr><td><p>G4 Basismodul &#8222;English Literature and Culture&#8220;<\/p><\/td><td><\/td><\/tr><tr><td><p>Studierende der Anglistik\/Amerikanistik k\u00f6nnen an diesem Modul zwar teilnehmen, jedoch keine Credit Points f\u00fcr den Optionalbereich erwerben!<\/p><\/td><td><\/td><\/tr><tr><td><\/td><td><\/td><\/tr><tr><td colspan=\"2\"><p>Arch\u00e4ologische Wissenschaften<\/p><\/td><\/tr><tr><td width=\"90%\"><p><a href=\"https:\/\/vvz.ruhr-uni-bochum.de\/campus\/all\/module.asp?gguid=0x298CF363DECF4C478E41604DB6461415&amp;fieldgguid=&amp;findmodule=Antike+Mosaike&amp;tguid=0x4E76EF3543327D46B442C91CA39AD68A&amp;strSignMessage=\">Antike Mosaike (5 CP)<\/a> NEU!<\/p><\/td><td><\/td><\/tr><tr><td><p>Teil 1: Die Entwicklung der Mosaikkunst bis zum Ende der Sp\u00e4tantike (Fu\u00dfb\u00f6den, W\u00e4nde, gekr\u00fcmmte Raumelemente) (Vorlesung), WS 2013\/14<\/p><\/td><td><\/td><\/tr><tr><td><p>Teil 2: Studium Generale (Kolloquium), WS 2013\/14<\/p><\/td><td><\/td><\/tr><tr><td><p>G4 Basismodul &#8222;Schwerpunkt Klassische Arch\u00e4ologie&#8220;<\/p><\/td><td><\/td><\/tr><tr><td><p>Studierende der ArWi k\u00f6nnen in diesem Modul keine Credit Points f\u00fcr den Optionalbereich erwerben! Eine gleichzeitige Kreditierung der Module &#8222;Griechische Mythen in der Etruskischen Kunst&#8220; und &#8222;Hellenistische Repr\u00e4sentationsformen&#8220; ist nicht m\u00f6glich.<\/p><\/td><td><\/td><\/tr><tr><td><p><\/p><\/td><td><\/td><\/tr><tr><td width=\"90%\"><p><a href=\"https:\/\/vvz.ruhr-uni-bochum.de\/campus\/all\/module.asp?gguid=0xDC210C7C0E83B94EB81D316A39716DC6&amp;fieldgguid=&amp;findmodule=Griechische+Mythen+in+der+etruskischen+K&amp;tguid=0x4E76EF3543327D46B442C91CA39AD68A&amp;strSignMessage=\">Griechische Mythen in der Etruskischen Kunst (5 CP)<\/a> NEU!<\/p><\/td><td><\/td><\/tr><tr><td><p>Teil 1: Griechische Mythen in der Etruskischen Kunst (Vorlesung), WS 2013\/14<\/p><\/td><td><\/td><\/tr><tr><td><p>Teil 2: Studium Generale (Kolloquium), WS 2013\/14<\/p><\/td><td><\/td><\/tr><tr><td><p>G4 Basismodul &#8222;Schwerpunkt Klassische Arch\u00e4ologie&#8220;<\/p><\/td><td><\/td><\/tr><tr><td><p>Studierende der ArWi k\u00f6nnen in diesem Modul keine Credit Points f\u00fcr den Optionalbereich erwerben! Eine gleichzeitige Kreditierung der Module &#8222;Antike Mosaike&#8220; und &#8222;Hellenistische Repr\u00e4sentationsformen&#8220; ist nicht m\u00f6glich.<\/p><\/td><td><\/td><\/tr><tr><td><p><\/p><\/td><td><\/td><\/tr><tr><td width=\"90%\"><p><a href=\"https:\/\/vvz.ruhr-uni-bochum.de\/campus\/all\/module.asp?gguid=0xF8ADDD4C4E6E5641838844A2A7EF6298&amp;fieldgguid=&amp;findmodule=Hellenistische+Repr%E4sentationsformen&amp;tguid=0x4E76EF3543327D46B442C91CA39AD68A&amp;strSignMessage=\">Hellenistische Repr\u00e4sentationsformen (5 CP)<\/a> NEU!<\/p><\/td><td><\/td><\/tr><tr><td><p>Teil 1: Hellenistische Repr\u00e4sentationsformen (Vorlesung), WS 2013\/14<\/p><\/td><td><\/td><\/tr><tr><td><p>Teil 2: Studium Generale (Kolloquium), WS 2013\/14<\/p><\/td><td><\/td><\/tr><tr><td><p>G4 Basismodul &#8222;Schwerpunkt Klassische Arch\u00e4ologie&#8220;<\/p><\/td><td><\/td><\/tr><tr><td><p>Studierende der ArWi k\u00f6nnen in diesem Modul keine Credit Points f\u00fcr den Optionalbereich erwerben! Eine gleichzeitige Kreditierung der Module &#8222;Antike Mosaike&#8220; und &#8222;Griechische Mythen in der Etruskischen Kunst&#8220; ist nicht m\u00f6glich.<\/p><\/td><td><\/td><\/tr><tr><td><p><\/p><\/td><td><\/td><\/tr><tr><td colspan=\"2\"><p>Biologie<\/p><\/td><\/tr><tr><td width=\"90%\"><p><a href=\"https:\/\/vvz.ruhr-uni-bochum.de\/campus\/all\/module.asp?gguid=0x682A66B71BE129408C4576E17C9AAE62&amp;fieldgguid=&amp;findmodule=Biologie+der+Zelle&amp;tguid=0x4E76EF3543327D46B442C91CA39AD68A&amp;strSignMessage=\">Biologie der Zelle (5 CP)<\/a><\/p><\/td><td><\/td><\/tr><tr><td><p>Teil 1: Biologie der Zelle (Vorlesung), WS 2013\/14<\/p><\/td><td><\/td><\/tr><tr><td><p>Teil 2: Biologie der Zelle (Seminar), WS 2013\/14<\/p><\/td><td><\/td><\/tr><tr><td><p>G4 Biologie der Zelle<\/p><\/td><td><\/td><\/tr><tr><td><p>Studierende der Biologie k\u00f6nnen an diesem Modul zwar teilnehmen, jedoch keine Credit Points f\u00fcr den Optionalbereich erwerben!<\/p><\/td><td><\/td><\/tr><tr><td><p><\/p><\/td><td><\/td><\/tr><tr><td width=\"90%\"><p><a href=\"https:\/\/vvz.ruhr-uni-bochum.de\/campus\/all\/module.asp?gguid=0x192DAC52E7E8634A9CC9678A779F25ED&amp;fieldgguid=&amp;mode=&amp;findmodule=bio%F6ko&amp;tguid=0x4E76EF3543327D46B442C91CA39AD68A\">Bio\u00f6konomie II: Verhaltens\u00f6konomie (5 CP)<\/a><\/p><\/td><td><\/td><\/tr><tr><td><p>Teil 1: Bio\u00f6konomie II (Seminar), WS 2013\/14<\/p><\/td><td><\/td><\/tr><tr><td><p>Teil 2: Bio\u00f6konomie II (\u00dcbung), WS 2013\/14<\/p><\/td><td><\/td><\/tr><tr><td><p>G4 Bio\u00f6konomie 2: Verhaltens\u00f6konomie<\/p><\/td><td><\/td><\/tr><tr><td><p>Das Modul eignet sich f\u00fcr interessierte Studierende ab dem zweiten Semester des Bachelorstudiums, Interesse und Grundkenntnisse in Biologie und \u00d6konomie werden vorausgesetzt.<\/p><\/td><td><\/td><\/tr><tr><td><p><\/p><\/td><td><\/td><\/tr><tr><td width=\"90%\"><p><a href=\"https:\/\/vvz.ruhr-uni-bochum.de\/campus\/all\/module.asp?gguid=0x3EF55381B1525B45B46B5C47E0B03A2F&amp;fieldgguid=&amp;findmodule=einf%FChrung+in+die+grundlagen+der+z&amp;tguid=0x4E76EF3543327D46B442C91CA39AD68A&amp;strSignMessage=\">Einf\u00fchrung in die Grundlagen der zellul\u00e4ren Bioenergetik (5 CP)<\/a><\/p><\/td><td><\/td><\/tr><tr><td><p>Teil 1: Einf\u00fchrung in die Grundlagen der Bioenergetik (Vorlesung), WS 2013\/14<\/p><\/td><td><\/td><\/tr><tr><td><p>Teil 2: Einf\u00fchrung in biochemische Methoden (Seminar), WS 2013\/14<\/p><\/td><td><\/td><\/tr><tr><td><p>G4 Einf\u00fchrung in die Grundlagen der zellul\u00e4ren Bioenergetik<\/p><\/td><td><\/td><\/tr><tr><td><p>Studierende der Biologie k\u00f6nnen an diesem Modul zwar teilnehmen, jedoch keine Credit Points f\u00fcr den Optionalbereich erwerben! Grundlegende Kenntnisse (Oberstufenkenntnisse) in Biochemie und Chemie sind erw\u00fcnscht.<\/p><\/td><td><\/td><\/tr><tr><td><p><\/p><\/td><td><\/td><\/tr><tr><td width=\"90%\"><p><a href=\"https:\/\/vvz.ruhr-uni-bochum.de\/campus\/all\/module.asp?gguid=0x7CF7C7B51119D643BB63C8241138952E&amp;fieldgguid=&amp;findmodule=Einf%FChrung+in+die+moderne+Biophysik&amp;tguid=0x4E76EF3543327D46B442C91CA39AD68A&amp;strSignMessage=\">Einf\u00fchrung in die moderne Biophysik (5 CP)<\/a><\/p><\/td><td><\/td><\/tr><tr><td><p>Teil 1: Moderne Biophysik (Vorlesung), WS 2013\/14<\/p><\/td><td><\/td><\/tr><tr><td><p>Teil 2: Biophysikalisches Seminar (Seminar), WS 2013\/14<\/p><\/td><td><\/td><\/tr><tr><td><p>G4 Einf\u00fchrung in die moderne Biophysik<\/p><\/td><td><\/td><\/tr><tr><td><p>Studierende der Biologie k\u00f6nnen an diesem Modul zwar teilnehmen, jedoch keine Credit Points f\u00fcr den Optionalbereich erwerben! Gute schulische Grundkenntnisse in den F\u00e4chern Biologie, Chemie, Physik und Mathematik werden vorausgesetzt.<\/p><\/td><td><\/td><\/tr><tr><td><p><\/p><\/td><td><\/td><\/tr><tr><td width=\"90%\"><p><a href=\"https:\/\/vvz.ruhr-uni-bochum.de\/campus\/all\/module.asp?gguid=0x4CA7733FBCAA6D4A97BF8B8CF6B25B08&amp;fieldgguid=&amp;mode=&amp;findmodule=Evolution+des+Menschen&amp;tguid=0x4E76EF3543327D46B442C91CA39AD68A\">Evolution des Menschen (5 CP)<\/a><\/p><\/td><td><\/td><\/tr><tr><td><p>Teil 1: Evolution des Menschen (Vorlesung), WS 2013\/14<\/p><\/td><td><\/td><\/tr><tr><td><p>Teil 2: Evolution des Menschen (Seminar), WS 2013\/14<\/p><\/td><td><\/td><\/tr><tr><td><p>G4 Evolution des Menschen<\/p><\/td><td><\/td><\/tr><tr><td><p>Grundlagenkenntnisse der Zoologie im Umfang eines Leistungskurses Biologie \/ Sek II oder der Vorlesung Zoologie sind zwingend erforderlich.<\/p><\/td><td><\/td><\/tr><tr><td><p><\/p><\/td><td><\/td><\/tr><tr><td width=\"90%\"><p><a href=\"https:\/\/vvz.ruhr-uni-bochum.de\/campus\/all\/module.asp?gguid=0xB488B1F7DEC2704DBCA41411D10B3F7B&amp;fieldgguid=&amp;mode=&amp;findmodule=Grundlagen+der+Bioinformatik&amp;tguid=0x4E76EF3543327D46B442C91CA39AD68A\">Grundlagen der Bioinformatik (5 CP)<\/a><\/p><\/td><td><\/td><\/tr><tr><td><p>Teil 1: Einf\u00fchrung in die Bioinformatik (Vorlesung), WS 2013\/14<\/p><\/td><td><\/td><\/tr><tr><td><p>Teil 2: Einf\u00fchrung in die Bioinformatik (\u00dcbung), WS 2013\/14<\/p><\/td><td><\/td><\/tr><tr><td><p>G4 Grundlagen der Bioinformatik<\/p><\/td><td><\/td><\/tr><tr><td><p>Gute schulische Grundkenntnisse in den F\u00e4chern Biologie und Mathematik werden vorausgesetzt.<\/p><\/td><td><\/td><\/tr><tr><td><p><\/p><\/td><td><\/td><\/tr><tr><td width=\"90%\"><p><a href=\"https:\/\/vvz.ruhr-uni-bochum.de\/campus\/all\/module.asp?gguid=0xC2DEF82B3F604F49B68586C27C625CDB&amp;fieldgguid=&amp;findmodule=Grundlagen+der+Mikrobiologie+und+Genetik&amp;tguid=0x4E76EF3543327D46B442C91CA39AD68A&amp;strSignMessage=\">Grundlagen der Mikrobiologie und Genetik (5 CP)<\/a><\/p><\/td><td><\/td><\/tr><tr><td><p>Teil 1: Grundlagen der Mikrobiologie und Genetik (Vorlesung), WS 2013\/14<\/p><\/td><td><\/td><\/tr><tr><td><p>Teil 2: Grundlagen der Mikrobiologie und Genetik (Seminar), WS 2013\/14<\/p><\/td><td><\/td><\/tr><tr><td><p>G4 Grundlagen der Mikrobiologie und Genetik<\/p><\/td><td><\/td><\/tr><tr><td><p>Studierende der Biologie k\u00f6nnen an diesem Modul zwar teilnehmen, jedoch keine Credit Points f\u00fcr den Optionalbereich erwerben!<\/p><\/td><td><\/td><\/tr><tr><td><p><\/p><\/td><td><\/td><\/tr><tr><td width=\"90%\"><p><a href=\"https:\/\/vvz.ruhr-uni-bochum.de\/campus\/all\/module.asp?gguid=0xCA33CBCB9052C143AAD8B46EC944E7C3&amp;error=&amp;expand=0x4E76EF3543327D46B442C91CA39AD68A&amp;tguid=0xACB220D905C7D54EAD1D1ECB7EE259CF#0x4E76EF3543327D46B442C91CA39AD68A\">Summer University &#8222;Grundlagen der Naturwissenschaft (5 CP)<\/a><\/p><\/td><td><\/td><\/tr><tr><td><p>Teil 1: Grundlagen der Grundlagen der Naturwissenschaft (Vorlesung), WS 2013\/14<\/p><\/td><td><\/td><\/tr><tr><td><p>Teil 2: Grundlagen der Naturwissenschaft (\u00dcbung), WS 2013\/14<\/p><\/td><td><\/td><\/tr><tr><td><p>G4 Grundlagen der Naturwissenschaft<\/p><\/td><td><\/td><\/tr><tr><td><p>Studierende der Biologie im Bachelor of Science k\u00f6nnen an dem Modul teilnehmen, jedoch keine Kreditpunkte f\u00fcr den Optionalbereich erwerben!<\/p><\/td><td><\/td><\/tr><tr><td><p><\/p><\/td><td><\/td><\/tr><tr><td colspan=\"2\"><p>Chemie<\/p><\/td><\/tr><tr><td width=\"90%\"><p><a href=\"https:\/\/vvz.ruhr-uni-bochum.de\/campus\/all\/module.asp?gguid=0x62927DB04FEC1E4E95FACF1D25ACF7A1&amp;fieldgguid=&amp;mode=&amp;findmodule=chemik&amp;tguid=0x4E76EF3543327D46B442C91CA39AD68A\">Chemikalienrecht &#8211; Toxikologie (5 CP)<\/a><\/p><\/td><td><\/td><\/tr><tr><td><p>Teil 1: Chemikalienrecht &#8211; Toxikologie (Vorlesung), WS 2013\/14<\/p><\/td><td><\/td><\/tr><tr><td><p>Teil 2: Chemikalienrecht &#8211; Toxikologie (\u00dcbung), WS 2013\/14<\/p><\/td><td><\/td><\/tr><tr><td><p>G4 Basismodul &#8222;Chemikalienrecht&#8220;<\/p><\/td><td><\/td><\/tr><tr><td><p>Studierende der Chemie k\u00f6nnen an diesem Modul zwar teilnehmen, jedoch keine Credit Points f\u00fcr den Optionalbereich erwerben!<\/p><\/td><td><\/td><\/tr><tr><td><p><\/p><\/td><td><\/td><\/tr><tr><td width=\"90%\"><p><a href=\"https:\/\/vvz.ruhr-uni-bochum.de\/campus\/all\/module.asp?gguid=0xCEB916B93E6F1948A0B541A9B8603427&amp;fieldgguid=&amp;mode=&amp;findmodule=ein&amp;tguid=0x4E76EF3543327D46B442C91CA39AD68A\">Einf\u00fchrung in die Allgemeine Chemie (5 CP)<\/a><\/p><\/td><td><\/td><\/tr><tr><td><p>Teil 1: Allgemeine Chemie (Vorlesung), WS 2013\/14<\/p><\/td><td><\/td><\/tr><tr><td><p>Teil 2: Allgemeine Chemie (\u00dcbung), WS 2013\/14<\/p><\/td><td><\/td><\/tr><tr><td><p>G4 Basismodul &#8222;Grundlagen der Chemie&#8220;<\/p><\/td><td><\/td><\/tr><tr><td><p>Studierende der Chemie k\u00f6nnen an diesem Modul zwar teilnehmen, jedoch keine Credit Points f\u00fcr den Optionalbereich erwerben!<\/p><\/td><td><\/td><\/tr><tr><td><p><\/p><\/td><td><\/td><\/tr><tr><td width=\"90%\"><p><a href=\"https:\/\/vvz.ruhr-uni-bochum.de\/campus\/all\/module.asp?gguid=0x21DD4F1A4484CD40A4AC75AD447B06AD&amp;fieldgguid=&amp;mode=&amp;findmodule=organische+chemie&amp;tguid=0x4E76EF3543327D46B442C91CA39AD68A\">Organische Chemie I (5 CP)<\/a> NEU am 04.10.2013!<\/p><\/td><td><\/td><\/tr><tr><td><p>Teil 1: Organische Chemie f\u00fcr Studierende der Biologie und Geowissenschaften (Vorlesung mit \u00dcbung),WS 2013\/14<\/p><\/td><td><\/td><\/tr><tr><td><p>Teil 2: Organische Chemie f\u00fcr Biologen (Vorlesung mit \u00dcbung), SoSe 2014<\/p><\/td><td><\/td><\/tr><tr><td><p>G4 Basismodul &#8222;Grundlagen der Chemie&#8220;<\/p><\/td><td><\/td><\/tr><tr><td><p>Studierende der Chemie k\u00f6nnen an diesem Modul nicht teilnehmen!<\/p><\/td><td><\/td><\/tr><tr><td><p><\/p><\/td><td><\/td><\/tr><tr><td width=\"90%\"><p><a href=\"https:\/\/vvz.ruhr-uni-bochum.de\/campus\/all\/module.asp?gguid=0xECD326E422A4EE42894BEDBCCA0AF10B&amp;fieldgguid=&amp;mode=&amp;findmodule=Theorie+der+chemischen+Bindung&amp;tguid=0x4E76EF3543327D46B442C91CA39AD68A\">Theorie der chemischen Bindung (5 CP)<\/a><\/p><\/td><td><\/td><\/tr><tr><td><p>Teil 1: Theorie der chemischen Bindung (Vorlesung), WS 2013\/14<\/p><\/td><td><\/td><\/tr><tr><td><p>Teil 2: Theorie der chemischen Bindung (\u00dcbung), WS 2013\/14<\/p><\/td><td><\/td><\/tr><tr><td><p>G4 Basismodul &#8222;Theoretische Chemie&#8220;<\/p><\/td><td><\/td><\/tr><tr><td><p>Studierende des 1-Fach-Bachelorstudiengangs Chemie k\u00f6nnen in diesem Modul keine Credit Points f\u00fcr den Optionalbereich erwerben!<\/p><\/td><td><\/td><\/tr><tr><td><\/td><td><\/td><\/tr><tr><td colspan=\"2\"><p>Erziehungswissenschaften<\/p><\/td><\/tr><tr><td width=\"90%\"><p><a href=\"https:\/\/vvz.ruhr-uni-bochum.de\/campus\/all\/module.asp?gguid=0x8A6A3C9715709943B54F2320CA9026CB&amp;fieldgguid=&amp;findmodule=Bildungswissenschaftliches+Basismodul&amp;tguid=0x4E76EF3543327D46B442C91CA39AD68A&amp;strSignMessage=\">Bildungswissenschaftliches Basismodul (9 CP)<\/a><\/p><\/td><td><\/td><\/tr><tr><td><p>Teil 1: Erziehungs- und Bildungstheorien (Vorlesung), WS 2013\/14<\/p><\/td><td><\/td><\/tr><tr><td><p>Teil 2: Einf\u00fchrung in Lern- und Entwicklungstheorien (Vorlesung), WS 2013\/14<\/p><\/td><td><\/td><\/tr><tr><td><p>Teil 3: Theorien der Sozialisation (Vorlesung), WS 2013\/14<\/p><\/td><td><\/td><\/tr><tr><td><p>Teil 4: Lehrerberuf, Lehrerbildung, Lehrerprofessionalit\u00e4t (Vorlesung), WS 2013\/14<\/p><\/td><td><\/td><\/tr><tr><td><\/td><td><\/td><\/tr><tr><td><p>G4 EWL zum M.Ed.<\/p><\/td><td><\/td><\/tr><tr><td><p>Studierende, die das Fach Erziehungswissenschaft im 2-Fach B. A. studieren, m\u00fcssen nur den vierten Teil des Moduls absolvieren, da die Teile 1 bis 3 bereits zu ihrem Fachstudium geh\u00f6ren. Als Kompensation wird der Besuch einer Werkstatt f\u00fcr empirische Forschungsmethoden verlangt. Das Modul kann in 1, 2, 3 oder 4 Semestern abgeschlossen werden.<\/p><\/td><td><\/td><\/tr><tr><td><p><\/p><\/td><td><\/td><\/tr><tr><td colspan=\"2\"><p>Evangelische Theologie<\/p><\/td><\/tr><tr><td width=\"90%\"><p><a href=\"https:\/\/vvz.ruhr-uni-bochum.de\/campus\/all\/module.asp?gguid=0x6BC27E24B8D48044894C7F68A4511935&amp;fieldgguid=&amp;findmodule=Die+Alte+Kirche+und+ihre+Theologie&amp;tguid=0x4E76EF3543327D46B442C91CA39AD68A&amp;strSignMessage=\">Die Alte Kirche und Ihre Theologie (5 CP)<\/a><\/p><\/td><td><\/td><\/tr><tr><td><p>Teil 1: Das Christentum von der Antike bis zum Mittelalter (Vorlesung), WS 2013\/14<\/p><\/td><td><\/td><\/tr><tr><td><p>Teil 2: De civitate Dei (Vom Gottesstaat) (Seminar), WS 2013\/14<\/p><\/td><td><\/td><\/tr><tr><td><p>G4 Basismodul &#8222;Grundfragen evangelischer Theologie&#8220;<\/p><\/td><td><\/td><\/tr><tr><td><p>Studierende der Evangelischen Theologie k\u00f6nnen an dem Modul zwar teilnehmen, jedoch keine Credit Points f\u00fcr den Optionalbereich erwerben!<\/p><\/td><td><\/td><\/tr><tr><td><p><\/p><\/td><td><\/td><\/tr><tr><td width=\"90%\"><p><a href=\"https:\/\/vvz.ruhr-uni-bochum.de\/campus\/all\/module.asp?gguid=0x1B2C62930F0424468AE7BDC8D4366C1D&amp;fieldgguid=&amp;findmodule=Jesus+und+seine+Nachfolger%2E+Einf%FChrung+i&amp;tguid=0x4E76EF3543327D46B442C91CA39AD68A&amp;strSignMessage=\">Jesus und seine Nachfolger. Einf\u00fchrung in das Neue Testament (5 CP)<\/a><\/p><\/td><td><\/td><\/tr><tr><td><p>Teil 1: Gleichnisse Jesu (Seminar), WS 2013\/14<\/p><\/td><td><\/td><\/tr><tr><td><p>Teil 2: Apostelgeschichte (Vorlesung), WS 2013\/14<\/p><\/td><td><\/td><\/tr><tr><td><p>G4 Basismodul &#8222;Grundfragen evangelischer Theologie&#8220;<\/p><\/td><td><\/td><\/tr><tr><td><p>Studierende der Evangelischen Theologie k\u00f6nnen an dem Modul zwar teilnehmen, jedoch keine Credit Points f\u00fcr den Optionalbereich erwerben!<\/p><\/td><td><\/td><\/tr><tr><td><p><\/p><\/td><td><\/td><\/tr><tr><td width=\"90%\"><p><a href=\"https:\/\/vvz.ruhr-uni-bochum.de\/campus\/all\/module.asp?gguid=0xAEB42FC1CF92A24BBD26C4D747D78001&amp;fieldgguid=&amp;findmodule=Propheten+haben+nichts+zu+lachen%3F%21+Einf%FC&amp;tguid=0x4E76EF3543327D46B442C91CA39AD68A&amp;strSignMessage=\">Propheten haben nichts zu lachen?! Einf\u00fchrung in das Alte Testament (5 CP)<\/a><\/p><\/td><td><\/td><\/tr><tr><td><p>Teil 1: &#8222;Aber wer im Himmel wohnet, lachet Ihrer&#8220; (Psalm 2,4) &#8211; Humor und Ironie im Alten Testament (Seminar), WS 2013\/14<\/p><\/td><td><\/td><\/tr><tr><td><p>Teil 2: Einf\u00fchrung in die alttestamentliche Prophetie (Vorlesung), WS 2013\/14<\/p><\/td><td><\/td><\/tr><tr><td><p>G4 Basismodul &#8222;Religion und Gesellschaft&#8220;<\/p><\/td><td><\/td><\/tr><tr><td><p>Studierende der Evangelischen Theologie k\u00f6nnen an dem Modul zwar teilnehmen, jedoch keine Credit Points f\u00fcr den Optionalbereich erwerben!<\/p><\/td><td><\/td><\/tr><tr><td><p><\/p><\/td><td><\/td><\/tr><tr><td width=\"90%\"><p><a href=\"https:\/\/vvz.ruhr-uni-bochum.de\/campus\/all\/module.asp?gguid=0x01DEB7FF31B4DB47B50D97E7BDD1D46A&amp;fieldgguid=&amp;findmodule=Protestantismus+und+die+soziale+Frage&amp;tguid=0x4E76EF3543327D46B442C91CA39AD68A&amp;strSignMessage=\">Protestantismus und die soziale Frage (5 CP)<\/a><\/p><\/td><td><\/td><\/tr><tr><td><p>Teil 1: Die soziale Frage und die Reaktion der Kirchen (Seminar), WS 2013\/14<\/p><\/td><td><\/td><\/tr><tr><td><p>Teil 2: Protestantismus vor der sozialen Frage im 19. und 20. Jahrhundert (Vorlesung), WS 2013\/14<\/p><\/td><td><\/td><\/tr><tr><td><p>G4 Basismodul &#8222;Grundfragen evangelischer Theologie&#8220;<\/p><\/td><td><\/td><\/tr><tr><td><p>Studierende der Evangelischen Theologie k\u00f6nnen an dem Modul zwar teilnehmen, jedoch keine Credit Points f\u00fcr den Optionalbereich erwerben!<\/p><\/td><td><\/td><\/tr><tr><td><p><\/p><\/td><td><\/td><\/tr><tr><td colspan=\"2\"><p>Geographie<\/p><\/td><\/tr><tr><td width=\"90%\"><p><a href=\"https:\/\/vvz.ruhr-uni-bochum.de\/campus\/all\/module.asp?gguid=0xFE76298A28526E48A9547ACC5DA421FC&amp;fieldgguid=&amp;findmodule=Geographen+reisen+anders&amp;tguid=0x4E76EF3543327D46B442C91CA39AD68A&amp;strSignMessage=\">Geographen reisen anders (5 CP)<\/a><\/p><\/td><td><\/td><\/tr><tr><td><p>Teil 1: Geographen reisen anders: St\u00e4dte und Regionen der Erde (Vorlesung), WS 2013\/14<\/p><\/td><td><\/td><\/tr><tr><td><p>Teil 2: Geographen reisen anders: St\u00e4dte und Regionen der Erde (\u00dcbung), WS 2013\/14<\/p><\/td><td><\/td><\/tr><tr><td><p>G4 Geographen reisen anders: St\u00e4dte und Regionen der Erde<\/p><\/td><td><\/td><\/tr><tr><td><p>Geographie-Studierende k\u00f6nnen an diesem Modul nicht teilnehmen!<\/p><\/td><td><\/td><\/tr><tr><td><p><\/p><\/td><td><\/td><\/tr><tr><td colspan=\"2\"><p>Germanistik<\/p><\/td><\/tr><tr><td width=\"90%\"><p>In diesem Semester liegt leider kein Angebot vor.<\/p><\/td><td><\/td><\/tr><tr><td><\/td><td><\/td><\/tr><tr><td colspan=\"2\"><p>Geschichte<\/p><\/td><\/tr><tr><td width=\"90%\"><p><a href=\"https:\/\/vvz.ruhr-uni-bochum.de\/campus\/all\/module.asp?gguid=0x512FCA968DB8A841A6D4572B089100C1&amp;fieldgguid=&amp;findmodule=Geschichte+und+Kultur+Polens+im+20.+Jahr&amp;tguid=0x4E76EF3543327D46B442C91CA39AD68A&amp;strSignMessage=\">Geschichte und Kultur Polens im 20. Jahrhundert (5 CP)<\/a><\/p><\/td><td><\/td><\/tr><tr><td><p>Teil 1: Der Aufstieg des Nationalsozialismus und die deutschen Minderheiten in Ostmitteleuropa (Seminar), WS 2013\/14<\/p><\/td><td><\/td><\/tr><tr><td><p>Teil 2: Geschichte der deutschen Minderheit im Polen des 20. Jh. (\u00dcbung), WS 2013\/14<\/p><\/td><td><\/td><\/tr><tr><td><p>G4 Basismodul &#8222;Neuere und Neueste Geschichte&#8220;<\/p><\/td><td><\/td><\/tr><tr><td><p>Die \u00dcbung richtet sich an Personen, die mindestens \u00fcber mittlere Polnischkenntnisse verf\u00fcgen und ihre Schreib- und Lesekenntnisse erweitern wollen. Aktives bzw. muttersprachliches Polnisch ist von Vorteil, aber nicht Voraussetzung f\u00fcr die Teilnahme.<br \/>Studiernde der Geschichte k\u00f6nnen an diesem Modul zwar teilnehmen, jedoch nur dann Credit Points f\u00fcr den Optionalbereich erwerben, wenn keine Veranstaltung dem Fachstudium zugerechnet werden kann.<\/p><\/td><td><\/td><\/tr><tr><td><p><\/p><\/td><td><\/td><\/tr><tr><td width=\"90%\"><p><a href=\"https:\/\/vvz.ruhr-uni-bochum.de\/campus\/all\/module.asp?gguid=0x00497092F4A9234D8956FC528FF5A757&amp;fieldgguid=&amp;findmodule=Migration+im+Europa+des+20.+Jahrhunderts&amp;tguid=0x4E76EF3543327D46B442C91CA39AD68A&amp;strSignMessage=\">Migration im Europa des 20. Jahrhunderts: Hintergr\u00fcnde, Wanderungsmuster, Deutungen (5 CP)<\/a><\/p><\/td><td><\/td><\/tr><tr><td><p>Teil 1: Einwanderungs- und Integrationspolitik im Europa des 20. Jahrhunderts: Gro\u00dfbritannien, Frankreich, BRD, Schweiz, Italien (Seminar), WS 2013\/14<\/p><\/td><td><\/td><\/tr><tr><td><p>Teil 2: Transnationale Migration in der europ\u00e4ischen Kultur: Film, Literatur, zeitgen\u00f6ssische Diskurse (Seminar), WS 2013\/14<\/p><\/td><td><\/td><\/tr><tr><td><p>G4 Basismodul &#8222;Neuere und Neueste Geschichte&#8220;<\/p><\/td><td><\/td><\/tr><tr><td><p><\/p><\/td><td><\/td><\/tr><tr><td colspan=\"2\"><p>Katholische Theologie<\/p><\/td><\/tr><tr><td width=\"90%\"><p><a href=\"https:\/\/vvz.ruhr-uni-bochum.de\/campus\/all\/module.asp?gguid=0x6C5278BFC37701409E076425F3E01788&amp;fieldgguid=&amp;mode=&amp;findmodule=Die+Anf%E4nge+des+Christentums&amp;tguid=0x4E76EF3543327D46B442C91CA39AD68A\">Die Anf\u00e4nge des Christentums (5 CP)<\/a><\/p><\/td><td><\/td><\/tr><tr><td><p>Teil 1: Einleitung in das Neue Testament (Vorlesung), WS 2013\/14<\/p><\/td><td><\/td><\/tr><tr><td><p>Teil 2: Christus in der Kunst (Hauptseminar), WS 2013\/14<\/p><\/td><td><\/td><\/tr><tr><td><p>G4 &#8222;Christentum und Kultur&#8220;<\/p><\/td><td><\/td><\/tr><tr><td><p>Studierende der katholischen Theologie k\u00f6nnen an diesem Modul nicht teilnehmen! Studierende, die das Modul &#8222;Anf\u00e4nge des Christentums &#8211; Jesus und die Kirche&#8220; belegen, k\u00f6nnen nicht an diesem Modul teilnehmen!<\/p><\/td><td><\/td><\/tr><tr><td><p><\/p><\/td><td><\/td><\/tr><tr><td width=\"90%\"><p><a href=\"https:\/\/vvz.ruhr-uni-bochum.de\/campus\/all\/module.asp?gguid=0x423F151588D7A344816733916113633F&amp;fieldgguid=&amp;mode=&amp;findmodule=Die+Anf%E4nge+des+Christentums&amp;tguid=0x4E76EF3543327D46B442C91CA39AD68A\">Die Anf\u00e4nge des Christentums &#8211; Jesus und die Kirche (5 CP)<\/a><\/p><\/td><td><\/td><\/tr><tr><td><p>Teil 1: Die Anf\u00e4nge im Kleinen &#8211; Neutestamentliche und apokryphe Kindheitsevangelien (Vorlesung), WS 2013\/14<\/p><\/td><td><\/td><\/tr><tr><td><p>Teil 2: Christus in der Kunst (Hauptseminar), WS 2013\/14<\/p><\/td><td><\/td><\/tr><tr><td><p>G4 &#8222;Christentum und Kultur&#8220;<\/p><\/td><td><\/td><\/tr><tr><td><p>Studierende der katholischen Theologie k\u00f6nnen an diesem Modul nicht teilnehmen! Studierende, die das Modul &#8222;Anf\u00e4nge des Christentums&#8220; belegen, k\u00f6nnen nicht an diesem Modul teilnehmen!<\/p><\/td><td><\/td><\/tr><tr><td><p><\/p><\/td><td><\/td><\/tr><tr><td width=\"90%\"><p><a href=\"https:\/\/vvz.ruhr-uni-bochum.de\/campus\/all\/module.asp?gguid=0x2D095BCC8820E545B36E98BF2B86583A&amp;fieldgguid=&amp;findmodule=Fr%FChes+Christentum+und+sp%E4tantike+Kultur&amp;tguid=0x4E76EF3543327D46B442C91CA39AD68A&amp;strSignMessage=\">Fr\u00fches Christentum und sp\u00e4tantike Kultur (5 CP)<\/a><\/p><\/td><td><\/td><\/tr><tr><td><p>Teil 1: Sp\u00e4tantike Buchmalerei und Epigramme (Hauptseminar), WS 2013\/14<\/p><\/td><td><\/td><\/tr><tr><td><p>Teil 2: Die Entwicklung der Mosaikkunst bis zum Ende der Sp\u00e4tantike (Fu\u00dfb\u00f6den, W\u00e4nde, gekr\u00fcmmte Raumelemente (Vorlesung), WS 2013\/14<\/p><\/td><td><\/td><\/tr><tr><td><p>G4 Basismodul &#8222;Christentum und Kultur&#8220;<\/p><\/td><td><\/td><\/tr><tr><td><p>Studierende der katholischen Theologie k\u00f6nnen an diesem Modul nicht teilnehmen! Studierende, die das Modul &#8222;Anf\u00e4nge des Christentums&#8220; belegen, k\u00f6nnen nicht an diesem Modul teilnehmen!<\/p><\/td><td><\/td><\/tr><tr><td><p><\/p><\/td><td><\/td><\/tr><tr><td width=\"90%\"><p><a href=\"https:\/\/vvz.ruhr-uni-bochum.de\/campus\/all\/module.asp?gguid=0xD5D47FEF46E2D441AD5C692216AEB993&amp;fieldgguid=&amp;findmodule=Politische+Ethik&amp;tguid=0x4E76EF3543327D46B442C91CA39AD68A&amp;strSignMessage=\">Politische Ethik (5 CP)<\/a><\/p><\/td><td><\/td><\/tr><tr><td><p>Teil 1: Politische Ethik (Vorlesung), WS 2013\/14<\/p><\/td><td><\/td><\/tr><tr><td><p>Teil 2: Menschenrechte (Proseminar), WS 2013\/14<\/p><\/td><td><\/td><\/tr><tr><td><p>G4 Basismodul &#8222;Christliche Weltverantwortung&#8220;<\/p><\/td><td><\/td><\/tr><tr><td><p>Studierende der katholischen Theologie k\u00f6nnen an diesem Modul zwar teilnehmen, jedoch keine Credit Points f\u00fcr den Optionalbereich erwerben!<\/p><\/td><td><\/td><\/tr><tr><td><p><\/p><\/td><td><\/td><\/tr><tr><td width=\"90%\"><p><a href=\"https:\/\/vvz.ruhr-uni-bochum.de\/campus\/all\/module.asp?gguid=0x192A264CE873DF408C8E37D20F6878ED&amp;fieldgguid=&amp;findmodule=Sp%E4tantike+Denkm%E4ler&amp;tguid=0x4E76EF3543327D46B442C91CA39AD68A&amp;strSignMessage=\">Sp\u00e4tantike Denkm\u00e4ler (5 CP)<\/a><\/p><\/td><td><\/td><\/tr><tr><td><p>Teil 1: Sp\u00e4tantike Buchmalerei und Epigramme (Hauptseminar), WS 2013\/14<\/p><\/td><td><\/td><\/tr><tr><td><p>Teil 2: Antike und sp\u00e4tantike Kunst in englischen Sammlungen mit mehrt\u00e4gigen Exkursionen nach London (Hauptseminar), WS 2013\/14<\/p><\/td><td><\/td><\/tr><tr><td><p>G4 Basismodul &#8222;Christentum und Kultur&#8220;<\/p><\/td><td><\/td><\/tr><tr><td><p>Studierende der Arch\u00e4ologischen Wissenschaften k\u00f6nnen in diesem Modul keine Kreditpunkte f\u00fcr den Optionalbereich erwerben! Teilnehmer dieses Moduls sind von der Teilnahme am Modul &#8222;Fr\u00fches Christentum und sp\u00e4tantike Kultur&#8220; (Angebot der Katholisch-Theologischen Fakult\u00e4t) ausgeschlossen.<\/p><\/td><td><\/td><\/tr><tr><td><p><\/p><\/td><td><\/td><\/tr><tr><td width=\"90%\"><p><a href=\"https:\/\/vvz.ruhr-uni-bochum.de\/campus\/all\/module.asp?gguid=0xF0332018BC3D904A917CE2645127F1BE&amp;fieldgguid=&amp;findmodule=Theologische+Grundlagen+der+christlich+a&amp;tguid=0x4E76EF3543327D46B442C91CA39AD68A&amp;strSignMessage=\">Theologische Grundlagen der christlich-abendl\u00e4ndischen Kunst (5 CP)<\/a><\/p><\/td><td><\/td><\/tr><tr><td><p>Teil 1: Theologische Grundlagen der christlich abendl\u00e4ndischen Kunst Teil I: Passion und Auferstehung (Vorlesung), WS 2013\/14<\/p><\/td><td><\/td><\/tr><tr><td><p>Teil 2: Theologische Grundlagen der christlich abendl\u00e4ndischen Kunst Teil II: Allgemeine Themen (Exkursion), WS 2013\/14<\/p><\/td><td><\/td><\/tr><tr><td><p>G4 Basismodul &#8222;Christentum und Kultur&#8220;<\/p><\/td><td><\/td><\/tr><tr><td><p><\/p><\/td><td><\/td><\/tr><tr><td><\/td><td><\/td><\/tr><tr><td colspan=\"2\"><p>Mathematik<\/p><\/td><\/tr><tr><td width=\"90%\"><p><a href=\"https:\/\/vvz.ruhr-uni-bochum.de\/campus\/all\/module.asp?gguid=0x0A9FA61DAAA5784F861CB00A42B34BDC&amp;fieldgguid=&amp;mode=&amp;findmodule=Einf%FChrung+in+die+Mathematik+%28Schwerpunk&amp;tguid=0x4E76EF3543327D46B442C91CA39AD68A\">Einf\u00fchrung in die Mathematik (Schwerpunkte: Mathematik und Physik) (5 CP)<\/a><\/p><\/td><td><\/td><\/tr><tr><td><p>Teil 1: 1. Vorkurs in Mathematik f\u00fcr Mathematiker und Physiker (Vorlesung), WS 2013\/14<\/p><\/td><td><\/td><\/tr><tr><td><p>Teil 2: 1. Vorkurs in Mathematik f\u00fcr Mathematiker und Physiker (\u00dcbung), WS 2013\/14<\/p><\/td><td><\/td><\/tr><tr><td><p>G4 Basismodul &#8222;Grundlagen der Mathematik&#8220;<\/p><\/td><td><\/td><\/tr><tr><td><p>Studierende der Mathematik k\u00f6nnen an diesem Modul zwar teilnehmen, jedoch Credit Points nur dann f\u00fcr den Optionalbereich erwerben, wenn sie den Vorkurs vor ihrem ersten Fachsemester besuchen!<\/p><\/td><td><\/td><\/tr><tr><td><p><\/p><\/td><td><\/td><\/tr><tr><td width=\"90%\"><p><a href=\"https:\/\/vvz.ruhr-uni-bochum.de\/campus\/all\/module.asp?gguid=0x360CD45A66FE9B409AA223D14E374C93&amp;fieldgguid=&amp;mode=&amp;findmodule=Einf%FChrung+in+die+Mathematik+%28Schwerpunk&amp;tguid=0x4E76EF3543327D46B442C91CA39AD68A\">Einf\u00fchrung in die Mathematik I (Schwerpunkt: Biologie) (5 CP)<\/a><\/p><\/td><td><\/td><\/tr><tr><td><p>Teil 1: Mathematik f\u00fcr Biologen (Vorlesung), WS 2013\/14<\/p><\/td><td><\/td><\/tr><tr><td><p>Teil 2: Mathematik f\u00fcr Biologen (\u00dcbung), WS 2013\/14<\/p><\/td><td><\/td><\/tr><tr><td><p>G4 Basismodul &#8222;Grundlagen der Mathematik&#8220;<\/p><\/td><td><\/td><\/tr><tr><td><p>Studierende der Mathematik und der Physik k\u00f6nnen an diesem Modul zwar teilnehmen, jedoch keine Credit Points f\u00fcr den Optionalbereich erwerben! B.Sc.- und M.Sc.-Studierende der Biologie k\u00f6nnen an diesem Modul zwar teilnehmen, jedoch keine Credit Points f\u00fcr den Optionalbereich erwerben!<\/p><\/td><td><\/td><\/tr><tr><td><p><\/p><\/td><td><\/td><\/tr><tr><td width=\"90%\"><p><a href=\"https:\/\/vvz.ruhr-uni-bochum.de\/campus\/all\/module.asp?gguid=0x289F09DEF7BB8842BC4201FC16D30F13&amp;fieldgguid=&amp;findmodule=Einf%FChrung+in+die+Mathematik+I+%28Schwerpu&amp;tguid=0x4E76EF3543327D46B442C91CA39AD68A&amp;strSignMessage=\">Einf\u00fchrung in die Mathematik I (Schwerpunkte: Physik und Geophysik) (10 CP)<\/a><\/p><\/td><td><\/td><\/tr><tr><td><p>Teil 1: Mathematik f\u00fcr Physiker I (Vorlesung), WS 2013\/14<\/p><\/td><td><\/td><\/tr><tr><td><p>Teil 2: Mathematik f\u00fcr Physiker I (\u00dcbung), WS 2013\/14<\/p><\/td><td><\/td><\/tr><tr><td><p>G4 Basismodul &#8222;Grundlagen der Mathematik&#8220;<\/p><\/td><td><\/td><\/tr><tr><td><p>Studierende der Mathematik k\u00f6nnen an diesem Modul zwar teilnehmen, jedoch keine Credit Points f\u00fcr den Optionalbereich erwerben! Solides Schulwissen in Mathematik wird vorausgesetzt.<\/p><\/td><td><\/td><\/tr><tr><td><p><\/p><\/td><td><\/td><\/tr><tr><td width=\"90%\"><p><a href=\"https:\/\/vvz.ruhr-uni-bochum.de\/campus\/all\/module.asp?gguid=0x1408184BC24A73488940971D25A80EF9&amp;fieldgguid=&amp;findmodule=Einf%FChrung+in+die+Statistik+%28Schwerpunkt&amp;tguid=0x4E76EF3543327D46B442C91CA39AD68A&amp;strSignMessage=\">Einf\u00fchrung in die Statistik (Schwerpunkt: Geographie) (5 CP)<\/a><\/p><\/td><td><\/td><\/tr><tr><td><p>Teil 1: Einf\u00fchrung in die Statistik f\u00fcr Geographen (Vorlesung), WS 2013\/14<\/p><\/td><td><\/td><\/tr><tr><td><p>Teil 2: Einf\u00fchrung in die Statistik f\u00fcr Geographen (\u00dcbung), WS 2013\/14<\/p><\/td><td><\/td><\/tr><tr><td><p>G4 Basismodul &#8222;Grundlagen der Mathematik&#8220;<\/p><\/td><td><\/td><\/tr><tr><td><p>Studierende der Mathematik und Studierende der Geographie k\u00f6nnen an diesem Modul zwar teilnehmen, jedoch keine Credit Points f\u00fcr den Optionalbereich erwerben! Solides Schulwissen in Mathematik wird vorausgesetzt.<\/p><\/td><td><\/td><\/tr><tr><td><p><\/p><\/td><td><\/td><\/tr><tr><td width=\"90%\"><p><a href=\"https:\/\/vvz.ruhr-uni-bochum.de\/campus\/all\/module.asp?gguid=0x9B541A9C6C669B4DB82FC3F055152440&amp;fieldgguid=&amp;findmodule=H%F6here+Mathematik+I+%2B+II+%28Schwerpunkt%3A+A&amp;tguid=0x4E76EF3543327D46B442C91CA39AD68A&amp;strSignMessage=\">H\u00f6here Mathematik I+II (Schwerpunkt: Angewandte Informatik) (10 CP)<\/a><\/p><\/td><td><\/td><\/tr><tr><td><p>Teil 1: H\u00f6here Mathematik I (im Rahmen des Studiengangs Angewandte Informatik) (Vorlesung), WS 2013\/14<\/p><\/td><td><\/td><\/tr><tr><td><p>Teil 2: H\u00f6here Mathematik I (im Rahmen des Studiengangs Angewandte Informatik) (\u00dcbung), WS 2013\/14<\/p><\/td><td><\/td><\/tr><tr><td><p>G4 Aufbaumodul &#8222;H\u00f6here Mathematik&#8220;<\/p><\/td><td><\/td><\/tr><tr><td><p>Studierende der Mathematik k\u00f6nnen an diesem Modul zwar teilnehmen, jedoch keine Credit Points f\u00fcr den Optionalbereich erwerben!<\/p><\/td><td><\/td><\/tr><tr><td><p><\/p><\/td><td><\/td><\/tr><tr><td width=\"90%\"><p><a href=\"https:\/\/vvz.ruhr-uni-bochum.de\/campus\/all\/module.asp?gguid=0xA6A45BF494D85446B0B5DDDD84FCF539&amp;fieldgguid=&amp;mode=&amp;findmodule=mathematik+%28sch&amp;tguid=0x4E76EF3543327D46B442C91CA39AD68A\">Mathematik (Schwerpunkt: Chemie) (5 CP)<\/a><\/p><\/td><td><\/td><\/tr><tr><td><p>Teil 1: Mathematik f\u00fcr Chemiker (Vorlesung), WS 2013\/14<\/p><\/td><td><\/td><\/tr><tr><td><p>Teil 2: Mathematik f\u00fcr Chemiker (\u00dcbung), WS 2013\/14<\/p><\/td><td><\/td><\/tr><tr><td><p>G4 Basismodul &#8222;Grundlagen der Mathematik&#8220;<\/p><\/td><td><\/td><\/tr><tr><td><p>Studierende der Mathematik k\u00f6nnen an diesem Modul zwar teilnehmen, jedoch keine Credit Points f\u00fcr den Optionalbereich erwerben!<\/p><\/td><td><\/td><\/tr><tr><td><p><\/p><\/td><td><\/td><\/tr><tr><td width=\"90%\"><p><a href=\"https:\/\/vvz.ruhr-uni-bochum.de\/campus\/all\/module.asp?gguid=0x36E116FDE0D24D429D8B0A8E8A69153C&amp;fieldgguid=&amp;findmodule=Mathematik+%28Schwerpunkt%3A+Geowissenschaft&amp;tguid=0x4E76EF3543327D46B442C91CA39AD68A&amp;strSignMessage=\">Mathematik (Schwerpunkt: Geowissenschaften) (5 CP)<\/a><\/p><\/td><td><\/td><\/tr><tr><td><p>Teil 1: Mathematik I f\u00fcr Geowissenschaftler und SEPM (Vorlesung), WS 2013\/14<\/p><\/td><td><\/td><\/tr><tr><td><p>Teil 2: Mathematik I f\u00fcr Geowissenschaftler und SEPM (\u00dcbung), WS 2013\/14<\/p><\/td><td><\/td><\/tr><tr><td><p>G4 Basismodul &#8222;Grundlagen der Mathematik&#8220;<\/p><\/td><td><\/td><\/tr><tr><td><p>Studierende der Mathematik k\u00f6nnen an diesem Modul zwar teilnehmen, jedoch keine Credit Points f\u00fcr den Optionalbereich erwerben!<\/p><\/td><td><\/td><\/tr><tr><td><p><\/p><\/td><td><\/td><\/tr><tr><td width=\"90%\"><p><a href=\"https:\/\/vvz.ruhr-uni-bochum.de\/campus\/all\/module.asp?gguid=0x95F59348666FCF41984F508C412B04C0&amp;fieldgguid=&amp;mode=&amp;findmodule=Summer+University&amp;tguid=0x617D4B1934C59B4EB8B4036A80DCE504\">Summer University Mathematik f\u00fcr k\u00fcnftige Studierende der Naturwissenschaften (5 CP)<\/a><\/p><\/td><td><\/td><\/tr><tr><td><p>Teil 1: Mathematik f\u00fcr Studierende der Naturwissenschaften (Vorlesung), WS 2013\/14<\/p><\/td><td><\/td><\/tr><tr><td><p>Teil 2: Mathematik f\u00fcr Studierende der Naturwissenschaften (\u00dcbung), WS 2013\/14<\/p><\/td><td><\/td><\/tr><tr><td><p>Teil 3: Abschlusskolloquium zur Summer University Mathematik f\u00fcr k\u00fcnftige Studierende der Naturwissenschaften (Pr\u00fcfung), WS 2013\/14<\/p><\/td><td><\/td><\/tr><tr><td><p>G4 Basismodul &#8222;Grundlagen der Mathematik&#8220;<\/p><\/td><td><\/td><\/tr><tr><td><p>Sollten Sie unsicher sein ob Sie das Modul zus\u00e4tzlich zu Ihren Mathematik-Veranstaltungen im Rahmen des Optionalbereichs besuchen d\u00fcrfen, wenden Sie sich bitte an Ihre\/n Studienfachberater\/in.<\/p><\/td><td><\/td><\/tr><tr><td><p><\/p><\/td><td><\/td><\/tr><tr><td width=\"90%\"><p><a href=\"https:\/\/vvz.ruhr-uni-bochum.de\/campus\/all\/module.asp?gguid=0xB9F23822C8B15E46A2A2252CF0558D31&amp;fieldgguid=&amp;mode=&amp;findmodule=Summer+University&amp;tguid=0x4E76EF3543327D46B442C91CA39AD68A\">Summer University Mathematische Grundlagen der Statistik (5 CP)<\/a><\/p><\/td><td><\/td><\/tr><tr><td><p>Teil 1: Mathematische Grundlagen der Statistik (Vorlesung), WS 2013\/14<\/p><\/td><td><\/td><\/tr><tr><td><p>Teil 2: Mathematische Grundlagen der Statistik (\u00dcbung), WS 2013\/14<\/p><\/td><td><\/td><\/tr><tr><td><p>Teil 3: Hausaufgaben zum selbst\u00e4ndigen \u00dcben (freie Zeiteinteilung), WS 2013\/14<\/p><\/td><td><\/td><\/tr><tr><td><p>G4 Basismodul &#8222;Mathematische Anwendungen&#8220;<\/p><\/td><td><\/td><\/tr><tr><td><p>Studierende der Sozialwissenschaft und Management and Economics im Ein-Fach-Bachelor sowie PWG, KIG, Erziehungswissenschaft, Volkswirtschaftslehre und Betriebswirtschaftslehre im Zwei-Fach-Bachelor k\u00f6nnen an dem Modul zwar teilnehmen, jedoch keine Kreditpunkte f\u00fcr den Optionalbereich erwerben.<\/p><\/td><td><\/td><\/tr><tr><td><p><\/p><\/td><td><\/td><\/tr><tr><td colspan=\"2\"><p>Medienwissenschaft<\/p><\/td><\/tr><tr><td width=\"90%\"><p><a href=\"https:\/\/vvz.ruhr-uni-bochum.de\/campus\/all\/module.asp?gguid=0x1E696328DDD8CF40BB8A43DB8D6CF46B&amp;fieldgguid=&amp;mode=&amp;findmodule=Mediengeschichte+und+Medien%E4sthetik&amp;tguid=0x4E76EF3543327D46B442C91CA39AD68A\">Mediengeschichte und Medien\u00e4sthetik A (5 CP)<\/a><\/p><\/td><td><\/td><\/tr><tr><td><p>Teil 1: Mediengeschichte und Medien\u00e4sthetik (Seminar), WS 2013\/14<\/p><\/td><td><\/td><\/tr><tr><td><p>Teil 2: Mediengeschichte und Medien\u00e4sthetik (Seminar), WS 2013\/14<\/p><\/td><td><\/td><\/tr><tr><td><p>G4 Basismodul &#8222;Mediengeschichte und Medien\u00e4sthetik&#8220;<\/p><\/td><td><\/td><\/tr><tr><td><p>Studierende der Medienwissenschaften k\u00f6nnen an diesem Modul nicht teilnehmen!<\/p><\/td><td><\/td><\/tr><tr><td><p><\/p><\/td><td><\/td><\/tr><tr><td width=\"90%\"><p><a href=\"https:\/\/vvz.ruhr-uni-bochum.de\/campus\/all\/module.asp?gguid=0x46DA950F00A41A44B1E8FD79F0F69D30&amp;fieldgguid=&amp;mode=&amp;findmodule=Mediengeschichte+und+Medien%E4sthetik&amp;tguid=0x4E76EF3543327D46B442C91CA39AD68A\">Mediengeschichte und Medien\u00e4sthetik B (5 CP)<\/a><\/p><\/td><td><\/td><\/tr><tr><td><p>Teil 1: Mediengeschichte und Medien\u00e4sthetik (Seminar), WS 2013\/14<\/p><\/td><td><\/td><\/tr><tr><td><p>Teil 2: Mediengeschichte und Medien\u00e4sthetik (Seminar), WS 2013\/14<\/p><\/td><td><\/td><\/tr><tr><td><p>G4 Basismodul &#8222;Mediengeschichte und Medien\u00e4sthetik&#8220;<\/p><\/td><td><\/td><\/tr><tr><td><p>Studierende der Medienwissenschaften k\u00f6nnen an diesem Modul nicht teilnehmen!<\/p><\/td><td><\/td><\/tr><tr><td><p><\/p><\/td><td><\/td><\/tr><tr><td width=\"90%\"><p><a href=\"https:\/\/vvz.ruhr-uni-bochum.de\/campus\/all\/module.asp?gguid=0x6D5BE5393D94904EB934C8E2CC5DD7BA&amp;fieldgguid=&amp;mode=&amp;findmodule=Mediengeschichte+und+Medien%E4sthetik&amp;tguid=0x4E76EF3543327D46B442C91CA39AD68A\">Mediengeschichte und Medien\u00e4sthetik C (5 CP)<\/a><\/p><\/td><td><\/td><\/tr><tr><td><p>Teil 1: Mediengeschichte und Medien\u00e4sthetik (Seminar), WS 2013\/14<\/p><\/td><td><\/td><\/tr><tr><td><p>Teil 2: Mediengeschichte und Medien\u00e4sthetik (Seminar), WS 2013\/14<\/p><\/td><td><\/td><\/tr><tr><td><p>G4 Basismodul &#8222;Mediengeschichte und Medien\u00e4sthetik&#8220;<\/p><\/td><td><\/td><\/tr><tr><td><p>Studierende der Medienwissenschaften k\u00f6nnen an diesem Modul nicht teilnehmen!<\/p><\/td><td><\/td><\/tr><tr><td><p><\/p><\/td><td><\/td><\/tr><tr><td colspan=\"2\"><p>Medizin<\/p><\/td><\/tr><tr><td width=\"90%\"><p>In diesem Semester liegt leider kein Angebot vor.<\/p><\/td><td><\/td><\/tr><tr><td><\/td><td><\/td><\/tr><tr><td colspan=\"2\"><p>Orientalistik und Islamwissenschaften<\/p><\/td><\/tr><tr><td><p><\/p><\/td><td><\/td><\/tr><tr><td width=\"90%\"><p><a href=\"https:\/\/vvz.ruhr-uni-bochum.de\/campus\/all\/module.asp?gguid=0xE2B663DA0D5F1148B5992A7E98424610&amp;fieldgguid=&amp;findmodule=persische&amp;tguid=0x4E76EF3543327D46B442C91CA39AD68A&amp;strSignMessage=\">Persische Kalligraphie und Landeskunde (5 CP)<\/a> am 13.09. dem Angebot hinzugef\u00fcgt!<\/p><\/td><td><\/td><\/tr><tr><td><p>Teil 1: Landeskunde Iran (\u00dcbung),WS 2013\/14<\/p><\/td><td><\/td><\/tr><tr><td><p>Teil 2: Arabisch-Persische Kalligraphie (\u00dcbung),WS 2013\/14<\/p><\/td><td><\/td><\/tr><tr><td><p>G4 Basismodul &#8222;Einf\u00fchrung in die islamische Welt&#8220;<\/p><\/td><td><\/td><\/tr><tr><td><p>Studierende der Orientalistik\/Islamwissenschaften k\u00f6nnen an diesem Modul nicht teilnehmen!<\/p><\/td><td><\/td><\/tr><tr><td><p><\/p><\/td><td><\/td><\/tr><tr><td width=\"90%\"><p><a href=\"https:\/\/vvz.ruhr-uni-bochum.de\/campus\/all\/module.asp?gguid=0xFF30CECA0709BF43ADEF1AB038647784&amp;fieldgguid=&amp;findmodule=Zug%E4nge+zur+islamischen&amp;tguid=0x4E76EF3543327D46B442C91CA39AD68A&amp;strSignMessage=\">Zug\u00e4nge zur islamischen Geschichte und Kultur (5 CP)<\/a> am 13.09. dem Angebot hinzugef\u00fcgt!<\/p><\/td><td><\/td><\/tr><tr><td><p>Teil 1a: Vorlesung: Die islamische Welt der Fr\u00fchen Neuzeit (1450 &#8211; 1850) (Vorlesung),WS 2013\/14 oder<\/p><\/td><td><\/td><\/tr><tr><td><p>Teil 1b: Vorlesung: Zwischen Rhetorik und Theologie: Zum Konzept der &#8222;Unnachahmlichkeit des Korans&#8220; (Vorlesung),WS 2013\/14<\/p><\/td><td><\/td><\/tr><tr><td><p>Teil 2: \u00dcbung: Einf\u00fchrung in die Islamwissenschaft und Arabistik (\u00dcbung),WS 2013\/14<\/p><\/td><td><\/td><\/tr><tr><td><p>G4 Basismodul &#8222;Einf\u00fchrung in die islamische Welt&#8220;<\/p><\/td><td><\/td><\/tr><tr><td><p>Studierende der Orientalistik\/Islamwissenschaften k\u00f6nnen an diesem Modul nicht teilnehmen!<\/p><\/td><td><\/td><\/tr><tr><td><\/td><td><\/td><\/tr><tr><td colspan=\"2\"><p>Ostasienwissenschaften<\/p><\/td><\/tr><tr><td width=\"90%\"><p><a href=\"https:\/\/vvz.ruhr-uni-bochum.de\/campus\/all\/module.asp?gguid=0x241657113758514DB236BEAD57170EA0&amp;fieldgguid=&amp;findmodule=Basismodul+Sinologie&amp;tguid=0x4E76EF3543327D46B442C91CA39AD68A&amp;strSignMessage=\">Basismodul Sinologie (5 CP)<\/a><\/p><\/td><td><\/td><\/tr><tr><td><p>Teil 1: Einf\u00fchrung in die chinesische Literaturgeschichte, SoSe 2014<\/p><\/td><td><\/td><\/tr><tr><td><p>Teil 2: Einf\u00fchrung in die chinesische Philosophie, WS 2013\/14<\/p><\/td><td><\/td><\/tr><tr><td><p>Teil 3: Grundz\u00fcge der chinesischen Geschichte, SoSe 2014<\/p><\/td><td><\/td><\/tr><tr><td><p>Teil 4: Einf\u00fchrung in die Sprachwissenschaft des Chinesischen, WS 2013\/14<\/p><\/td><td><\/td><\/tr><tr><td><p>G4 Basismodul &#8222;China&#8220;<\/p><\/td><td><\/td><\/tr><tr><td><p>Zwei der angebotenen Veranstaltungen bilden das Modul. Sie k\u00f6nnen frei w\u00e4hlen, welche zwei Teile Sie besuchen m\u00f6chten. Das Modul kann je nach Zusammensetzung sowohl im Winter- als auch Sommersemester begonnen werden. Das Modul ist auch Teil des sinologischen Grundstudiums und kann daher f\u00fcr Sinologiestudenten nicht \u00fcber den Optionalbereich sondern nur f\u00fcr den Studiengang Sinologie kreditiert werden.<\/p><\/td><td><\/td><\/tr><tr><td><p><\/p><\/td><td><\/td><\/tr><tr><td width=\"90%\"><p><a href=\"https:\/\/vvz.ruhr-uni-bochum.de\/campus\/all\/module.asp?gguid=0x2C63526CC64AC54CB2269296AEF1B9B1&amp;fieldgguid=&amp;findmodule=Einf%FChrung+in+die+koreanische+Geschichte&amp;tguid=0x4E76EF3543327D46B442C91CA39AD68A&amp;strSignMessage=\">Einf\u00fchrung in die koreanische Geschichte (5 CP)<\/a><\/p><\/td><td><\/td><\/tr><tr><td><p>Teil 1: Vormoderne koreanische Geschichte (Einf\u00fchrung in die Geschichte Koreas I) (Grundkurs), WS 2013\/14<\/p><\/td><td><\/td><\/tr><tr><td><p>Teil 2: Neuere Geschichte Koreas (Einf\u00fchrung in die Geschichte Koreas II) (Vorlesung), SoSe 2014<\/p><\/td><td><\/td><\/tr><tr><td><p>G4 Basismodul &#8222;Korea&#8220;<\/p><\/td><td><\/td><\/tr><tr><td><p>Studierende der Koreanistik k\u00f6nnen an diesem Modul zwar teilnehmen, jedoch keine Credit Points f\u00fcr den Optionalbereich erwerben!<\/p><\/td><td><\/td><\/tr><tr><td><p><\/p><\/td><td><\/td><\/tr><tr><td colspan=\"2\"><p>Philosophie<\/p><\/td><\/tr><tr><td width=\"90%\"><p><a href=\"https:\/\/vvz.ruhr-uni-bochum.de\/campus\/all\/module.asp?gguid=0xBC8FE8FEF4503C48A145866B8C4CF77A&amp;fieldgguid=&amp;findmodule=Einf%FChrung+in+die+Philosophie+der+Antike&amp;tguid=0x4E76EF3543327D46B442C91CA39AD68A&amp;strSignMessage=\">Einf\u00fchrung in die Philosophie der Antike und die Grundz\u00fcge der Logik (5 CP)<\/a><\/p><\/td><td><\/td><\/tr><tr><td><p>Teil 1: Einf\u00fchrung in die Philosophie der Antike und die Grundz\u00fcge der Logik I: Zentrale Themen der Philosophie in Antike und Mittelalter (Vorlesung), WS 2013\/14<\/p><\/td><td><\/td><\/tr><tr><td><p>Teil 2: Einf\u00fchrung in die Philosophie der Antike und die Grundz\u00fcge der Logik II: Grundz\u00fcge der Logik (Vorlesung), WS 2013\/14<\/p><\/td><td><\/td><\/tr><tr><td><p>G4 Basismodul &#8222;Theoretische Philosophie&#8220;<\/p><\/td><td><\/td><\/tr><tr><td><p>Zus\u00e4tzlich gesonderte Treffen \/ Sprechstunden f\u00fcr die Studierenden des Optionalbereichs, nach Absprache, mindestens alle 14 Tage. Studierende der Philosophie k\u00f6nnen an diesem Modul nicht teilnehmen.<\/p><\/td><td><\/td><\/tr><tr><td><p><\/p><\/td><td><\/td><\/tr><tr><td width=\"90%\"><p><a href=\"https:\/\/vvz.ruhr-uni-bochum.de\/campus\/all\/module.asp?gguid=0x42FEE1787793A149B9F328E7AA466185&amp;fieldgguid=&amp;findmodule=Einf%FChrung+in+die+Theoretische+Philosoph&amp;tguid=0x4E76EF3543327D46B442C91CA39AD68A&amp;strSignMessage=\">Einf\u00fchrung in die Theoretische Philosophie und Logik (5 CP)<\/a><\/p><\/td><td><\/td><\/tr><tr><td><p>Teil 1: Einf\u00fchrung in die Theoretische Philosophie und Logik I: Einf\u00fchrung in die Theoretische Philosophie (Vorlesung), WS 2013\/14<\/p><\/td><td><\/td><\/tr><tr><td><p>Teil 2: Einf\u00fchrung in die Theoretische Philosophie und Logik II: Grundz\u00fcge der Logik (Vorlesung), WS 2013\/14<\/p><\/td><td><\/td><\/tr><tr><td><p>G4 Basismodul &#8222;Praktische Philosophie&#8220; \/ G4 Basismodul &#8222;Theoretische Philosophie&#8220;<\/p><\/td><td><\/td><\/tr><tr><td><p>Zus\u00e4tzlich gesonderte Treffen \/ Sprechstunden f\u00fcr die Studierenden des Optionalbereichs, nach Absprache, mindestens alle 14 Tage. Studierende der Philosophie k\u00f6nnen an diesem Modul nicht teilnehmen.<\/p><\/td><td><\/td><\/tr><tr><td><p><\/p><\/td><td><\/td><\/tr><tr><td width=\"90%\"><p><a href=\"https:\/\/vvz.ruhr-uni-bochum.de\/campus\/all\/module.asp?gguid=0x20502A79478CC74695CA3000E3387585&amp;fieldgguid=&amp;findmodule=Grundprobleme+der+Theoretischen+Philosop&amp;tguid=0x4E76EF3543327D46B442C91CA39AD68A&amp;strSignMessage=\">Grundprobleme der Theoretischen Philosophie aus historischer und aktueller Perspektive (5 CP)<\/a><\/p><\/td><td><\/td><\/tr><tr><td><p>Teil 1: Grundprobleme der Theoretischen Philosophie aus historischer und aktueller Perspektive I: Einf\u00fchrung in die Philosophie der Antike und des Mittelalters, WS 2013\/14<\/p><\/td><td><\/td><\/tr><tr><td><p>Teil 2: Grundprobleme der Theoretischen Philosophie aus historischer und aktueller Perspektive II: Einf\u00fchrung in die Theoretische Philosophie: (Vorlesung), WS 2013\/2014<\/p><\/td><td><\/td><\/tr><tr><td><p>G4 Basismodul &#8222;Praktische Philosophie&#8220; \/ G4 Basismodul &#8222;Theoretische Philosophie&#8220;<\/p><\/td><td><\/td><\/tr><tr><td><p>Zus\u00e4tzlich gesonderte Treffen \/ Sprechstunden f\u00fcr die Studierenden des Optionalbereichs, nach Absprache, mindestens alle 14 Tage. Studierende der Philosophie k\u00f6nnen an diesem Modul nicht teilnehmen.<\/p><\/td><td><\/td><\/tr><tr><td><p><\/p><\/td><td><\/td><\/tr><tr><td width=\"90%\"><p><a href=\"https:\/\/vvz.ruhr-uni-bochum.de\/campus\/all\/module.asp?gguid=0xA40BCD3839DBFC479A491266A2D33A4B&amp;fieldgguid=&amp;findmodule=Evolution+und+Gehirn%2E+Ausgew%E4hlte+philos&amp;tguid=0x4E76EF3543327D46B442C91CA39AD68A&amp;strSignMessage=\">Evolution und Gehirn. Ausgew\u00e4hlte philosophische Theorien (5 CP)<\/a><\/p><\/td><td><\/td><\/tr><tr><td><p>Teil 1: Philosophische Theorien zur Evolution des Gehirns im 19. Jahrhundert (Vorlesung), WS 13\/14<\/p><\/td><td><\/td><\/tr><tr><td><p>Teil 2: Neuere philosophische Theorien zur Evolution des Gehirns (Seminar), WS 13\/14<\/p><\/td><td><\/td><\/tr><tr><td><p>G4 Basismodul &#8222;Praktische Philosophie&#8220;<\/p><\/td><td><\/td><\/tr><tr><td><p>Studierende der Philosophie k\u00f6nnen an diesem Modul nicht teilnehmen.<\/p><\/td><td><\/td><\/tr><tr><td><\/td><td><\/td><\/tr><tr><td colspan=\"2\"><p>Physik und Astronomie<\/p><\/td><\/tr><tr><td width=\"90%\"><p><a href=\"https:\/\/vvz.ruhr-uni-bochum.de\/campus\/all\/module.asp?gguid=0xCEA7C740C0DE3F478EECCCD6DC918AA1&amp;fieldgguid=&amp;findmodule=Analogelektronik+%28OPT%29&amp;tguid=0x4E76EF3543327D46B442C91CA39AD68A&amp;strSignMessage=\">Analogelektronik (5 CP)<\/a><\/p><\/td><td><\/td><\/tr><tr><td><p>Teil 1: Einf\u00fchrung in die mathematischen Hilfsmittel der Physik (Vorlesung), WS 2013\/14<\/p><\/td><td><\/td><\/tr><tr><td><p>Teil 2: \u00dcbungen zur Einf\u00fchrung in die mathematischen Hilfsmittel der Physik (\u00dcbung), WS 2013\/14<\/p><\/td><td><\/td><\/tr><tr><td><p>G4 Basismodul &#8222;Mathematische Methoden f\u00fcr die Physik&#8220;<\/p><\/td><td><\/td><\/tr><tr><td><p>Bitte beachten Sie: 2-Fach-B.A.-Studierende der Physik und \/ oder Mathematik k\u00f6nnen nur dann CP f\u00fcr den Optionalbereich erwerben, wenn sie das Modul vor Ihrem ersten Fachsemester besuchen. Ein sp\u00e4terer Besuch ist m\u00f6glich, wird aber nicht kreditiert.<\/p><\/td><td><\/td><\/tr><tr><td><p><\/p><\/td><td><\/td><\/tr><tr><td width=\"90%\"><p><a href=\"https:\/\/vvz.ruhr-uni-bochum.de\/campus\/all\/module.asp?gguid=0xA16AE5024B0F1F479889CD84B25F7E58&amp;fieldgguid=&amp;findmodule=Mathematische+Hilfsmittel+der+Physik+%28OP&amp;tguid=0x4E76EF3543327D46B442C91CA39AD68A&amp;strSignMessage=\">Mathematische Hilfsmittel der Physik (OPT) (5 CP)<\/a><\/p><\/td><td><\/td><\/tr><tr><td><p>Teil 1: Digitalelektronik (Vorlesung), WS 2013\/14<\/p><\/td><td><\/td><\/tr><tr><td><p>Teil 2: Digitalelektronik (Praktische \u00dcbung), WS 2013\/14<\/p><\/td><td><\/td><\/tr><tr><td><p>G4 Basismodul &#8222;Elektronik f\u00fcr physikalische Experimente&#8220;<\/p><\/td><td><\/td><\/tr><tr><td><p>Studierende der Physik k\u00f6nnen an diesem Modul nicht teilnehmen!<\/p><\/td><td><\/td><\/tr><tr><td><p><\/p><\/td><td><\/td><\/tr><tr><td width=\"90%\"><p><a href=\"https:\/\/vvz.ruhr-uni-bochum.de\/campus\/all\/module.asp?gguid=0x1568ADBA95674346ABFF5C4DDC53A7DD&amp;fieldgguid=&amp;findmodule=Mathematische+Methoden+der+Physik+I+%28OPT&amp;tguid=0x4E76EF3543327D46B442C91CA39AD68A&amp;strSignMessage=\">Mathematische Methoden der Physik I (OPT) (5 CP)<\/a><\/p><\/td><td><\/td><\/tr><tr><td><p>Teil 1: Mathematische Methoden der Physik I (Vorlesung), WS 2013\/14<\/p><\/td><td><\/td><\/tr><tr><td><p>Teil 2: \u00dcbungen zu Mathematische Methoden der Physik I (\u00dcbung), WS 2013\/14<\/p><\/td><td><\/td><\/tr><tr><td><p>G4 Basismodul &#8222;Mathematische Methoden f\u00fcr die Physik&#8220;<\/p><\/td><td><\/td><\/tr><tr><td><p><\/p><\/td><td><\/td><\/tr><tr><td width=\"90%\"><p><a href=\"https:\/\/vvz.ruhr-uni-bochum.de\/campus\/all\/module.asp?gguid=0xB929A78FC3A7D1458AC126D738B18F61&amp;fieldgguid=&amp;findmodule=Physik+II+%28Schwerpunkt+Biologie%29+%28OPT%29&amp;tguid=0x4E76EF3543327D46B442C91CA39AD68A&amp;strSignMessage=\">Physik II (Schwerpunkt Biologie) (OPT) (5 CP)<\/a><\/p><\/td><td><\/td><\/tr><tr><td><p>Teil 1: Physik II f\u00fcr Studierende der Biologie (Vorlesung), WS 2013\/14<\/p><\/td><td><\/td><\/tr><tr><td><p>Teil 2: \u00dcbungen zur Physik II f\u00fcr Studierende der Biologie (\u00dcbung), WS 2013\/14<\/p><\/td><td><\/td><\/tr><tr><td><p>G4 Basismodul &#8222;Grundlagen der Physik&#8220;<\/p><\/td><td><\/td><\/tr><tr><td><p>Da die Veranstaltung inhaltlich der Physik II (Schwerpunkt Chemie) gleicht, kann nur jeweils eine von beiden f\u00fcr den Optionalbereich anerkannt werden. F\u00fcr Studierende des B.Sc. &#8211; Studiengangs Biologie ist dieses Modul nicht im Optionalbereich anrechenbar. Studierende der Physik k\u00f6nnen an diesem Modul nicht teilnehmen!<\/p><\/td><td><\/td><\/tr><tr><td><p><\/p><\/td><td><\/td><\/tr><tr><td width=\"90%\"><p><a href=\"https:\/\/vvz.ruhr-uni-bochum.de\/campus\/all\/module.asp?gguid=0x214313404D7E4849B4EAA91383DE1753&amp;fieldgguid=&amp;findmodule=Physik+I+%28Schwerpunkt+Chemie%2C+Biochemie%2C&amp;tguid=0x4E76EF3543327D46B442C91CA39AD68A&amp;strSignMessage=\">Physik I (Schwerpunkt Chemie, Biochemie, Geowissenschaften) (OPT) (5 CP)<\/a><\/p><\/td><td><\/td><\/tr><tr><td><p>Teil 1: Physik I f\u00fcr Studierende der Biochemie, Chemie und Geowissenschaften (Vorlesung), WS 2013\/14<\/p><\/td><td><\/td><\/tr><tr><td><p>Teil 2: \u00dcbungen zur Physik I f\u00fcr Studierende der Biochemie, Chemie und Geowissenschaften (\u00dcbung), WS 2013\/14<\/p><\/td><td><\/td><\/tr><tr><td><p>G4 Basismodul &#8222;Grundlagen der Physik&#8220;<\/p><\/td><td><\/td><\/tr><tr><td><p>Da die Veranstaltung inhaltlich der Physik I (Schwerpunkt Biologie) gleicht, kann nur jeweils eine von beiden f\u00fcr den Optionalbereich anerkannt werden. Studierende des B.Sc. &#8211; Studiengangs Chemie, Biochemie, Geowissenschaften sowie Studierende der Physik k\u00f6nnen an diesem Modul nicht teilnehmen!<\/p><\/td><td><\/td><\/tr><tr><td><p><\/p><\/td><td><\/td><\/tr><tr><td width=\"90%\"><p><a href=\"https:\/\/vvz.ruhr-uni-bochum.de\/campus\/all\/module.asp?gguid=0x783EB5F7580F934E942782093D40261F&amp;fieldgguid=&amp;findmodule=Physik+des+Universums%3A+Vom+Urknall+bis+z&amp;tguid=0x4E76EF3543327D46B442C91CA39AD68A&amp;strSignMessage=\">Physik des Universums: Vom Urknall bis zur Supernova (OPT) (5 CP)<\/a><\/p><\/td><td><\/td><\/tr><tr><td><p>Teil 1: Physik des Universums: Vom Urknall bis zur Supernova (Vorlesung), WS 2013\/14<\/p><\/td><td><\/td><\/tr><tr><td><p>Teil 2: \u00dcbungen zur Physik des Universums: Vom Urknall bis zur Supernova, WS 2013\/14<\/p><\/td><td><\/td><\/tr><tr><td><p>G4 Basismodul &#8222;Physik des Universums&#8220;<\/p><\/td><td><\/td><\/tr><tr><td><p>Studierende der Physik k\u00f6nnen an diesem Modul nicht teilnehmen!<\/p><\/td><td><\/td><\/tr><tr><td><p><\/p><\/td><td><\/td><\/tr><tr><td width=\"90%\"><p><a href=\"https:\/\/vvz.ruhr-uni-bochum.de\/campus\/all\/module.asp?gguid=0x12C096F7DAAA47498974A5E2E9C61E6F&amp;error=&amp;expand=0x4E76EF3543327D46B442C91CA39AD68A&amp;tguid=0x4E76EF3543327D46B442C91CA39AD68A#0x4E76EF3543327D46B442C91CA39AD68A\">Physik f\u00fcr Nicht-Physikerinnen und Nicht-Physiker (OPT) (5 CP)<\/a><\/p><\/td><td><\/td><\/tr><tr><td><p>Teil 1: Physik f\u00fcr Nicht-Physikerinnen und Nicht-Physiker (Vorlesung), WS 2013\/14<\/p><\/td><td><\/td><\/tr><tr><td><p>Teil 2: \u00dcbungen zur Physik f\u00fcr Nicht-Physikerinnen und Nicht-Physiker, WS 2013\/14<\/p><\/td><td><\/td><\/tr><tr><td><p>G4 Basismodul &#8222;Grundlagen der Physik&#8220;<\/p><\/td><td><\/td><\/tr><tr><td><p>Studierende der Physik k\u00f6nnen an diesem Modul nicht teilnehmen!<\/p><\/td><td><\/td><\/tr><tr><td><\/td><td><\/td><\/tr><tr><td colspan=\"2\"><p>Rechtswissenschaft<\/p><\/td><\/tr><tr><td width=\"90%\"><p><a href=\"https:\/\/vvz.ruhr-uni-bochum.de\/campus\/all\/module.asp?gguid=0x8388D05A1C9A7146827B9410B50485A1&amp;fieldgguid=&amp;findmodule=Kriminologie+%28Optionalbereich%29&amp;tguid=0x4E76EF3543327D46B442C91CA39AD68A&amp;strSignMessage=\">Kriminologie (5 CP)<\/a><\/p><\/td><td><\/td><\/tr><tr><td><p>Teil 1: Kriminologie I (Vorlesung), WS 2013\/14<\/p><\/td><td><\/td><\/tr><tr><td><p>Teil 2: Ausgew\u00e4hlte Themen zur Kriminologie (\u00dcbung), WS 2013\/14<\/p><\/td><td><\/td><\/tr><tr><td><p>G4 Basismodul &#8222;Rechtswissenschaft&#8220;<\/p><\/td><td><\/td><\/tr><tr><td><\/td><td><\/td><\/tr><tr><td colspan=\"2\"><p>Religionswissenschaft<\/p><\/td><\/tr><tr><td width=\"90%\"><p>In diesem Semester liegt leider kein Angebot vor.<\/p><\/td><td><\/td><\/tr><tr><td><\/td><td><\/td><\/tr><tr><td colspan=\"2\"><p>Romanistik<\/p><\/td><\/tr><tr><td width=\"90%\"><p><a href=\"https:\/\/vvz.ruhr-uni-bochum.de\/campus\/all\/module.asp?gguid=0x2FDD9C1EE3F93E4DA450F5679D0DDC19&amp;fieldgguid=&amp;findmodule=Las+culturas+de+Am%E9rica+Latina+%2D+Die+Kul&amp;tguid=0x4E76EF3543327D46B442C91CA39AD68A&amp;strSignMessage=\">Las culturas de Am\u00e9rica Latina &#8211; Die Kulturen Lateinamerikas (5 CP)<\/a><\/p><\/td><td><\/td><\/tr><tr><td><p>Teil 1: Cultura de la memoria en Am\u00e9rica Latina (Proseminar), WS 2013\/14<\/p><\/td><td><\/td><\/tr><tr><td><p>Teil 2: Paraguay: un pa\u00eds de consentidas duplicidades (Proseminar), WS 2013\/14<\/p><\/td><td><\/td><\/tr><tr><td><p>G4 Basismodul &#8222;Kultur Lateinamerikas&#8220;<\/p><\/td><td><\/td><\/tr><tr><td><p>Studierende der Romanischen Philologie k\u00f6nnen an diesem Modul nur teilnehmen, sofern kein Modulteil zugleich Bestandteil eines Fachmoduls ist!<\/p><\/td><td><\/td><\/tr><tr><td><p><\/p><\/td><td><\/td><\/tr><tr><td width=\"90%\"><p><a href=\"https:\/\/vvz.ruhr-uni-bochum.de\/campus\/all\/module.asp?gguid=0x7C6CF41C70E5D7439A0B9E2C3AC889DE&amp;fieldgguid=&amp;mode=&amp;findmodule=Portugiesisch%3A+Sprache+und+Kulturen+Bras&amp;tguid=0x4E76EF3543327D46B442C91CA39AD68A\">Portugiesisch: Sprache und Kulturen Brasiliens, Portugals und des lusophonen Afrikas (B1) (5 CP)<\/a><\/p><\/td><td><\/td><\/tr><tr><td><p>Teil 1: Portugiesisch IV (\u00dcbung), WS 2013\/14<\/p><\/td><td><\/td><\/tr><tr><td><p>Teil 2: Landeskundeseminar Lusophonie II (Proseminar), SoSe 2014<\/p><\/td><td><\/td><\/tr><tr><td><p>G4 Aufbaumodul &#8222;Portugiesisch&#8220; \/ G 1 Modul Portugiesisch II (bras.)<\/p><\/td><td><\/td><\/tr><tr><td><p>Studierende der Romanischen Philologie k\u00f6nnen an diesem Modul nur teilnehmen, sofern Modulteil 2 nicht Bestandteil eines Fachmoduls ist! Bitte beachten Sie unbedingt die Hinweise unter dem Punkt &#8222;Voraussetzungen&#8220; der Modulbeschreibung!<\/p><\/td><td><\/td><\/tr><tr><td><\/td><td><\/td><\/tr><tr><td colspan=\"2\"><p>Sozialwissenschaft<\/p><\/td><\/tr><tr><td width=\"90%\"><p><a href=\"https:\/\/vvz.ruhr-uni-bochum.de\/campus\/all\/module.asp?gguid=0x33C49F39A0A6C645B9B350EFFAEE3989&amp;fieldgguid=&amp;findmodule=Arbeits-%2C+Wirtschafts-+und+Organisations&amp;tguid=0x4E76EF3543327D46B442C91CA39AD68A&amp;strSignMessage=\">Arbeits-, Wirtschafts- und Organisationssoziologie (5 CP)<\/a><\/p><\/td><td><\/td><\/tr><tr><td><p>Teil 1: Einf\u00fchrung in die Arbeits-, Wirtschafts- und Organisationssoziologie (Seminar), WS 2013\/14<\/p><\/td><td><\/td><\/tr><tr><td><p>Teil 2: Strukturierte Betreuung (\u00dcbung), WS 2013\/14<\/p><\/td><td><\/td><\/tr><tr><td><p>G4 Aufbaumodul &#8222;Soziologie&#8220;<\/p><\/td><td><\/td><\/tr><tr><td><p>Studierende der F\u00e4cher PWG, KIG und Soziologie sowie des Studiengangs Sozialwissenschaft k\u00f6nnen an diesem Modul nicht teilnehmen!<\/p><\/td><td><\/td><\/tr><tr><td><p><\/p><\/td><td><\/td><\/tr><tr><td width=\"90%\"><p><a href=\"https:\/\/vvz.ruhr-uni-bochum.de\/campus\/all\/module.asp?gguid=0xCA54F8C4687D5849A380130790E8A79B&amp;fieldgguid=&amp;findmodule=Einf%FChrung+in+die+Wirtschafts%2D+und+Sozia&amp;tguid=0x4E76EF3543327D46B442C91CA39AD68A&amp;strSignMessage=\">Einf\u00fchrung in die Wirtschafts- und Sozialpolitik (5 CP)<\/a><\/p><\/td><td><\/td><\/tr><tr><td><p>Teil 1: Einf\u00fchrung in die Wirtschafts- und Sozialpolitik (Vorlesung), WS 2013\/14<\/p><\/td><td><\/td><\/tr><tr><td><p>Teil 2: Strukturierte Betreuung (GrundSoz\u00f6k, Teil III) (\u00dcbung), WS 2013\/14<\/p><\/td><td><\/td><\/tr><tr><td><p>G4 Basismodul &#8222;Sozial\u00f6konomik&#8220;<\/p><\/td><td><\/td><\/tr><tr><td><p>Studierende der F\u00e4cher PWG, Soziologie, Politikwissenschaft und Sozialpsychologie\/-anthropologie sowie des Studiengangs Sozialwissenschaft k\u00f6nnen an diesem Modul nicht teilnehmen!<\/p><\/td><td><\/td><\/tr><tr><td><p><\/p><\/td><td><\/td><\/tr><tr><td width=\"90%\"><p><a href=\"https:\/\/vvz.ruhr-uni-bochum.de\/campus\/all\/module.asp?gguid=0x5B1A63DCE9AB8449A9E824E9F622741F&amp;fieldgguid=&amp;findmodule=Grundfragen+und+Hauptbegriffe+der+Soziol&amp;tguid=0x4E76EF3543327D46B442C91CA39AD68A&amp;strSignMessage=\">Grundfragen und Hauptbegriffe der Soziologie (Soziologie I) (5 CP)<\/a><\/p><\/td><td><\/td><\/tr><tr><td><p>Teil 1: Grundfragen und Hauptbegriffe der Soziologie (Soziologie I), WS 2013\/14<\/p><\/td><td><\/td><\/tr><tr><td><p>Teil 2: Strukturierte Betreuung zur Soziologie I (\u00dcbung), WS 2013\/14<\/p><\/td><td><\/td><\/tr><tr><td><p>G4 Basismodul &#8222;Soziologie&#8220;<\/p><\/td><td><\/td><\/tr><tr><td><p>Studierende der F\u00e4cher PWG, KIG, Soziologie, Politikwissenschaft und Sozialpsychologie\/-anthropologie sowie des Studiengangs Sozialwissenschaft k\u00f6nnen an diesem Modul nicht teilnehmen.<\/p><\/td><td><\/td><\/tr><tr><td><p><\/p><\/td><td><\/td><\/tr><tr><td width=\"90%\"><p><a href=\"https:\/\/vvz.ruhr-uni-bochum.de\/campus\/all\/module.asp?gguid=0xBEDDB16197424D4A88E68ED20B63CA00&amp;fieldgguid=&amp;mode=&amp;findmodule=politik&amp;tguid=0x4E76EF3543327D46B442C91CA39AD68A\">Politikwissenschaft: Internationale Beziehungen (5 CP)<\/a> neu seit 02.09.<\/p><\/td><td><\/td><\/tr><tr><td><p>Teil 1: Internationale Beziehungen (Vorlesung), WS 2013\/14<\/p><\/td><td><\/td><\/tr><tr><td><p>Teil 2: Strukturierte Betreuung (IntBez, Teil III) (\u00dcbung), WS 2013\/14<\/p><\/td><td><\/td><\/tr><tr><td><p>G4 Aufbaumodul &#8222;Politikwissenschaft&#8220;<\/p><\/td><td><\/td><\/tr><tr><td><p>Studierende des Faches Politikwissenschaft, des Faches Politik, Wirtschaft und Gesellschaft, sowie des Faches Sozialwissenschaft k\u00f6nnen an dem Modul nicht teilnehmen!<\/p><\/td><td><\/td><\/tr><tr><td><p><\/p><\/td><td><\/td><\/tr><tr><td width=\"90%\"><p><a href=\"https:\/\/vvz.ruhr-uni-bochum.de\/campus\/all\/module.asp?gguid=0x671E5F6A46669C4F838CA25B23887635&amp;fieldgguid=&amp;findmodule=Politikwissenschaft%3A+Politisches+System&amp;tguid=0x4E76EF3543327D46B442C91CA39AD68A&amp;strSignMessage=\">Politikwissenschaft: Politisches System Deutschlands (5 CP)<\/a><\/p><\/td><td><\/td><\/tr><tr><td><p>Teil 1: Einf\u00fchrung in das politische System Deutschlands (Vorlesung), WS 2013\/14<\/p><\/td><td><\/td><\/tr><tr><td><p>Teil 2: Strukturierte Betreuung (\u00dcbung), WS 2013\/14<\/p><\/td><td><\/td><\/tr><tr><td><p>G4 Basismodul &#8222;Politikwissenschaft&#8220;<\/p><\/td><td><\/td><\/tr><tr><td><p>Studierende der F\u00e4cher PWG, KIG, Politikwissenschaft sowie des Studienganges Sozialwissenschaft k\u00f6nnen an dem Modul nicht teilnehmen!<\/p><\/td><td><\/td><\/tr><tr><td><p><\/p><\/td><td><\/td><\/tr><tr><td width=\"90%\"><p><a href=\"https:\/\/vvz.ruhr-uni-bochum.de\/campus\/all\/module.asp?gguid=0xE4E7F72A347FC945B113ED15C668EBBD&amp;fieldgguid=&amp;findmodule=Sozial-+und+Kulturpsychologie&amp;tguid=0x4E76EF3543327D46B442C91CA39AD68A&amp;strSignMessage=\">Sozial- und Kulturpsychologie (5 CP)<\/a><\/p><\/td><td><\/td><\/tr><tr><td><p>Teil 1: Einf\u00fchrung in die Sozial- und Kulturpsychologie (Vorlesung), WS 2013\/14<\/p><\/td><td><\/td><\/tr><tr><td><p>Teil 2: Strukturierte Betreuung (\u00dcbung), WS 2013\/14<\/p><\/td><td><\/td><\/tr><tr><td><p>G4 Basismodul &#8222;Sozialpsychologie&#8220;<\/p><\/td><td><\/td><\/tr><tr><td><p>Studierende des Faches Sozialpsychologie und -anthropologie sowie des Studiengangs Sozialwissenschaft k\u00f6nnen an dem Modul nicht teilnehmen!<\/p><\/td><td><\/td><\/tr><tr><td><p><\/p><\/td><td><\/td><\/tr><tr><td width=\"90%\"><p><a href=\"https:\/\/vvz.ruhr-uni-bochum.de\/campus\/all\/module.asp?gguid=0x9CFDEE26B4997A4C9DA649787FD92E2E&amp;fieldgguid=&amp;findmodule=Sozial-+und+Kulturtheorie&amp;tguid=0x4E76EF3543327D46B442C91CA39AD68A&amp;strSignMessage=\">Sozial- und Kulturtheorie (5 CP)<\/a><\/p><\/td><td><\/td><\/tr><tr><td><p>Teil 1: Einf\u00fchrung in die Sozial- und Kulturtheorie (Vorlesung), WS 2013\/14<\/p><\/td><td><\/td><\/tr><tr><td><p>Teil 2: Strukturierte Betreuung (SozThe, Teil III) (\u00dcbung), WS 2013\/14<\/p><\/td><td><\/td><\/tr><tr><td><p>G4 Aufbaumodul &#8222;Sozialpsychologie&#8220;<\/p><\/td><td><\/td><\/tr><tr><td><p>Studierende des Faches Sozialpsychologie und -anthropologie sowie des Studiengangs Sozialwissenschaft k\u00f6nnen an dem Modul nicht teilnehmen!<\/p><\/td><td><\/td><\/tr><tr><td><p><\/p><\/td><td><\/td><\/tr><tr><td width=\"90%\"><p><a href=\"https:\/\/vvz.ruhr-uni-bochum.de\/campus\/all\/module.asp?gguid=0x8CE358DF2E6A044B9EE069A21C92C0BA&amp;fieldgguid=&amp;findmodule=Sozialanthropologie&amp;tguid=0x4E76EF3543327D46B442C91CA39AD68A&amp;strSignMessage=\">Sozialanthropologie (5 CP)<\/a><\/p><\/td><td><\/td><\/tr><tr><td><p>Teil 1: Einf\u00fchrung in die Sozial- und Kulturanthropologie (Vorlesung), WS 2013\/14<\/p><\/td><td><\/td><\/tr><tr><td><p>Teil 2: Strukturierte Betreuung (\u00dcbung), WS 2013\/14<\/p><\/td><td><\/td><\/tr><tr><td><p>G4 Basismodul &#8222;Sozialpsychologie&#8220;<\/p><\/td><td><\/td><\/tr><tr><td><p>Studierende des Faches Sozialpsychologie und -anthropologie sowie des Studienganges Sozialwissenschaft k\u00f6nnen an dem Modul nicht teilnehmen!<\/p><\/td><td><\/td><\/tr><tr><td><p><\/p><\/td><td><\/td><\/tr><tr><td width=\"90%\"><p><a href=\"https:\/\/vvz.ruhr-uni-bochum.de\/campus\/all\/module.asp?gguid=0x6EFCD1F81C3833448C72BBC2E2C4207E&amp;fieldgguid=&amp;findmodule=Sozialstruktur+und+sozialer+Wandel+%28Sozi&amp;tguid=0x4E76EF3543327D46B442C91CA39AD68A&amp;strSignMessage=\">Sozialstruktur und sozialer Wandel (Soziologie II) (5 CP)<\/a><\/p><\/td><td><\/td><\/tr><tr><td><p>Teil 1: Sozialstruktur und sozialer Wandel (Vorlesung), WS 2013\/14<\/p><\/td><td><\/td><\/tr><tr><td><p>Teil 2: Strukturierte Betreuung zur Soziologie II (\u00dcbung), WS 2013\/14<\/p><\/td><td><\/td><\/tr><tr><td><\/td><td><\/td><\/tr><tr><td><p>G4 Aufbaumodul &#8222;Soziologie&#8220;<\/p><\/td><td><\/td><\/tr><tr><td><p>Studierende der F\u00e4cher PWG, KIG, Soziologie, Politikwissenschaft und Sozialpsychologie\/-anthropologie sowie des Studiengangs Sozialwissenschaft k\u00f6nnen an diesem Modul nicht teilnehmen!<\/p><\/td><td><\/td><\/tr><tr><td><p><\/p><\/td><td><\/td><\/tr><tr><td width=\"90%\"><p><a href=\"https:\/\/vvz.ruhr-uni-bochum.de\/campus\/all\/module.asp?gguid=0xD00B426D4B4F304EA02FC21A0B2FB227&amp;fieldgguid=&amp;findmodule=Theorien+und+Methoden+der+Kulturpsycholo&amp;tguid=0x4E76EF3543327D46B442C91CA39AD68A&amp;strSignMessage=\">Theorien und Methoden der Kulturpsychologie (5 CP)<\/a><\/p><\/td><td><\/td><\/tr><tr><td><p>Teil 1: Theorien und Methoden der Kulturpsychologie (Vorlesung), WS 2013\/14<\/p><\/td><td><\/td><\/tr><tr><td><p>Teil 2: Strukturierte Betreuung (SozKult, Teil III ) (\u00dcbung), WS 2013\/14<\/p><\/td><td><\/td><\/tr><tr><td><p>G4 Aufbaumodul &#8222;Sozialpsychologie&#8220;<\/p><\/td><td><\/td><\/tr><tr><td><p>Studierende des Faches Sozialpsychologie und -anthropologie sowie des Studiengangs Sozialwissenschaft k\u00f6nnen an dem Modul nicht teilnehmen!<\/p><\/td><td><\/td><\/tr><tr><td><\/td><td><\/td><\/tr><tr><td colspan=\"2\"><p>Sportwissenschaft<\/p><\/td><\/tr><tr><td width=\"90%\"><p><a href=\"https:\/\/vvz.ruhr-uni-bochum.de\/campus\/all\/module.asp?gguid=0x5ED5D77DDF25FB42ACF2F1A1E91EDCB2&amp;fieldgguid=&amp;findmodule=Aufbau+des+K%F6rpers+sowie+Funktionsweise&amp;tguid=0x4E76EF3543327D46B442C91CA39AD68A&amp;strSignMessage=\">Aufbau des K\u00f6rpers sowie Funktionsweise in Ruhe und w\u00e4hrend k\u00f6rperlicher Belastung (5 CP)<\/a><\/p><\/td><td><\/td><\/tr><tr><td><p>Teil 1: Sportmedizin, WS 2013\/14<\/p><\/td><td><\/td><\/tr><tr><td><p>Teil 2: Aufbau des K\u00f6rpers sowie Funktionsweise in Ruhe und w\u00e4hrend k\u00f6rperlicher Belastung (Blackboard-\u00dcbung), WS 2013\/14<\/p><\/td><td><\/td><\/tr><tr><td><p>G4 Sportmedizin<\/p><\/td><td><\/td><\/tr><tr><td width=\"100%\"><p>Studierende der Sportwissenschaft k\u00f6nnen an diesem Modul nicht teilnehmen!<\/p><\/td><td><\/td><\/tr><tr><td><p><\/p><\/td><td><\/td><\/tr><tr><td width=\"90%\"><p><a href=\"https:\/\/vvz.ruhr-uni-bochum.de\/campus\/all\/module.asp?gguid=0x201740C2299E72459D76BDB02E4ABC18&amp;fieldgguid=&amp;findmodule=Choreographische+Werkstatt&amp;tguid=0x4E76EF3543327D46B442C91CA39AD68A&amp;strSignMessage=\">Choreographische Werkstatt (5 CP)<\/a><\/p><\/td><td><\/td><\/tr><tr><td><p>Teil 1: Elemente des Choreographierens im Tanz, WS 2013\/14<\/p><\/td><td><\/td><\/tr><tr><td><p>Teil 2: Zeitgen\u00f6ssischer B\u00fchnentanz und Tanz im Film, WS 2013\/14<\/p><\/td><td><\/td><\/tr><tr><td><p>G4 Sport und Gesellschaft<\/p><\/td><td><\/td><\/tr><tr><td width=\"100%\"><p>Studierende des 1-Fach-Sport-Bachelor k\u00f6nnen an diesem Modul nur teilnehmen, wenn Teil 1 (Elemente des Choreografierens im Tanz) nicht Bestandteil des Fachmoduls ist!<\/p><\/td><td><\/td><\/tr><tr><td><p><\/p><\/td><td><\/td><\/tr><tr><td width=\"90%\"><p><a href=\"https:\/\/vvz.ruhr-uni-bochum.de\/campus\/all\/module.asp?gguid=0x6F3BB77D6558554C99F1DEBE87F14ED5&amp;fieldgguid=&amp;findmodule=Sport+und+Erziehung&amp;tguid=0x4E76EF3543327D46B442C91CA39AD68A&amp;strSignMessage=\">Sport und Erziehung (5 CP)<\/a><\/p><\/td><td><\/td><\/tr><tr><td><p>Teil 1: Einf\u00fchrung in die Sportp\u00e4dagogik und Sportdidaktik (Vorlesung), WS 2013\/14<\/p><\/td><td><\/td><\/tr><tr><td><p>Teil 2: Sportp\u00e4dagogische \/ sportdidaktische Vertiefung: Kulturelle Bildung (Seminar), WS 2013\/14<\/p><\/td><td><\/td><\/tr><tr><td><p>G4 Sportpsychologie\/Sportp\u00e4dagogik<\/p><\/td><td><\/td><\/tr><tr><td width=\"100%\"><p>Studierende der Sportwissenschaft k\u00f6nnen an diesem Modul nicht teilnehmen!<\/p><\/td><td><\/td><\/tr><tr><td><\/td><td><\/td><\/tr><tr><td colspan=\"2\"><p>Theaterwissenschaft<\/p><\/td><\/tr><tr><td width=\"90%\"><p><a href=\"https:\/\/vvz.ruhr-uni-bochum.de\/campus\/all\/module.asp?gguid=0x76F39FF8AA9A5441917FA7746D204A7F&amp;fieldgguid=&amp;mode=&amp;findmodule=Grundlagen+der+Theaterwissenschaft&amp;tguid=0x4E76EF3543327D46B442C91CA39AD68A\">Grundlagen der Theaterwissenschaft A (5 CP)<\/a><\/p><\/td><td><\/td><\/tr><tr><td><p>Teil 1: &#8222;Inszenierungen von Europa&#8220; (Ringvorlesung), WS 2013\/14<\/p><\/td><td><\/td><\/tr><tr><td><p>Teil 2a: VOR.STADT.THEATER (Seminar), WS 2013\/14<\/p><\/td><td><\/td><\/tr><tr><td><p>Teil 2b: Gewalt auf der B\u00fchne (Seminar), WS 2013\/14<\/p><\/td><td><\/td><\/tr><tr><td><p>Teil 2c: Hamlet im Frack (Seminar), WS 2013\/14<\/p><\/td><td><\/td><\/tr><tr><td width=\"100%\"><p>Studierende der Theaterwissenschaft k\u00f6nnen an dem Modul zwar teilnehmen, jedoch keine Credit Points f\u00fcr den Optionalbereich erwerben. Studierende, die das Modul &#8222;Europa: Bilder, Texte, Inszenierungen&#8220; besuchen, k\u00f6nnen an diesem Modul nicht teilnehmen! Studierende, die das Modul &#8222;Grundlagen der Theaterwissenschaft B&#8220; besuchen, k\u00f6nnen an diesem Modul nicht teilnehmen!<\/p><\/td><td><\/td><\/tr><tr><td><p><\/p><\/td><td><\/td><\/tr><tr><td width=\"90%\"><p><a href=\"https:\/\/vvz.ruhr-uni-bochum.de\/campus\/all\/module.asp?gguid=0x053EADEA08B14E45BFF54D7584A11E6F&amp;fieldgguid=&amp;mode=&amp;findmodule=Grundlagen+der+Theaterwissenschaft&amp;tguid=0x4E76EF3543327D46B442C91CA39AD68A\">Grundlagen der Theaterwissenschaft B (5 CP)<\/a><\/p><\/td><td><\/td><\/tr><tr><td><p>Teil 1: &#8222;Inszenierungen von Europa&#8220; (Ringvorlesung), WS 2013\/14<\/p><\/td><td><\/td><\/tr><tr><td><p>Teil 2a: Die russische Kom\u00f6die von Gogol bis Tschechow (Seminar), WS 2013\/14<\/p><\/td><td><\/td><\/tr><tr><td><p>Teil 2b: Verdi und die Oper in Italien (Seminar), WS 2013\/14<\/p><\/td><td><\/td><\/tr><tr><td width=\"100%\"><p>Studierende der Theaterwissenschaft k\u00f6nnen an dem Modul zwar teilnehmen, jedoch keine Credit Points f\u00fcr den Optionalbereich erwerben. Studierende, die das Modul &#8222;Europa: Bilder, Texte, Inszenierungen&#8220; besuchen, k\u00f6nnen an diesem Modul nicht teilnehmen! Studierende, die das Modul &#8222;Grundlagen der Theaterwissenschaft A&#8220; besuchen, k\u00f6nnen an diesem Modul nicht teilnehmen!<\/p><\/td><td><\/td><\/tr><tr><td><\/td><td><\/td><\/tr><tr><td colspan=\"2\"><p>Wirtschaftswissenschaft<\/p><\/td><\/tr><tr><td width=\"90%\"><p><a href=\"https:\/\/vvz.ruhr-uni-bochum.de\/campus\/all\/module.asp?gguid=0x4BFAB34DBA14374F966BF7DDA29A8EC5&amp;fieldgguid=&amp;findmodule=Einf%FChrung+in+das+Rechnungswesen%2FControl&amp;tguid=0x4E76EF3543327D46B442C91CA39AD68A&amp;strSignMessage=\">Einf\u00fchrung in das Rechnungswesen\/Controlling (5 CP)<\/a><\/p><\/td><td><\/td><\/tr><tr><td><p>Teil 1: Einf\u00fchrung in das Rechnungswesen\/Controlling (Vorlesung), WS 2013\/14<\/p><\/td><td><\/td><\/tr><tr><td><p>Teil 2: Einf\u00fchrung in das Rechnungswesen\/Controlling (\u00dcbung), WS 2013\/14<\/p><\/td><td><\/td><\/tr><tr><td><p>G4 Basismodul &#8222;Rechnungswesen&#8220;<\/p><\/td><td><\/td><\/tr><tr><td><p>Teilnehmende des Moduls &#8222;Grundlagen der BWL f\u00fcr Nicht\u00f6konomen und Existenzgr\u00fcnder&#8220; sowie Studierende der Wirtschaftswissenschaft k\u00f6nnen an diesem Modul nicht teilnehmen!<\/p><\/td><td><\/td><\/tr><tr><td><p><\/p><\/td><td><\/td><\/tr><tr><td width=\"90%\"><p><a href=\"https:\/\/vvz.ruhr-uni-bochum.de\/campus\/all\/module.asp?gguid=0xCBBCA7B66BDDCC48917A00B1DE996E43&amp;fieldgguid=&amp;findmodule=Einf%FChrung+in+die+Betriebs%2D+sowie+Volksw&amp;tguid=0x4E76EF3543327D46B442C91CA39AD68A&amp;strSignMessage=\">Einf\u00fchrung in die Betriebs- sowie Volkswirtschaftslehre (5 CP)<\/a><\/p><\/td><td><\/td><\/tr><tr><td><p>Teil 1: Einf\u00fchrung in die VWL f\u00fcr Nicht\u00f6konomen (Vorlesung), WS 2013\/14<\/p><\/td><td><\/td><\/tr><tr><td><p>Teil 2: Einf\u00fchrung in die BWL f\u00fcr Nicht\u00f6konomen (\u00dcbung), SoSe 2014<\/p><\/td><td><\/td><\/tr><tr><td><p>G4 Basismodul &#8222;\u00d6konomie&#8220;<\/p><\/td><td><\/td><\/tr><tr><td><p>Studierende, die das Modul &#8222;Grundlagen der BWL f\u00fcr Nicht\u00f6konomen und Existenzgr\u00fcnder&#8220; belegen oder belegt haben, sowie Studierende der Wirtschaftswissenschaft k\u00f6nnen an diesem Modul nicht teilnehmen!<\/p><\/td><td><\/td><\/tr><tr><td><p><\/p><\/td><td><\/td><\/tr><tr><td width=\"90%\"><p><a href=\"https:\/\/vvz.ruhr-uni-bochum.de\/campus\/all\/module.asp?gguid=0xBB5208241575614A9B6F76339E8087A0&amp;fieldgguid=&amp;findmodule=Grundlagen+der+Existenzgr%FCndung&amp;tguid=0x4E76EF3543327D46B442C91CA39AD68A&amp;strSignMessage=\">Grundlagen der Existenzgr\u00fcndung (5 CP)<\/a><\/p><\/td><td><\/td><\/tr><tr><td><p>Teil 1: Grundlagen der Existenzgr\u00fcndung (Vorlesung), WS 2013\/14<\/p><\/td><td><\/td><\/tr><tr><td><p>Teil 2: Grundlagen der Existenzgr\u00fcndung (\u00dcbung), WS 2013\/14<\/p><\/td><td><\/td><\/tr><tr><td><p>G4 Basismodul Existenzgr\u00fcndung<\/p><\/td><td><\/td><\/tr><tr><td><p>Studierende der Wirtschaftswissenschaft k\u00f6nnen an diesem Modul nicht teilnehmen!<\/p><\/td><td><\/td><\/tr><tr><td><\/td><td><\/td><\/tr><tr><td colspan=\"2\"><p>Interdisziplin\u00e4re Module<\/p><\/td><\/tr><tr><td width=\"90%\"><p><a href=\"https:\/\/vvz.ruhr-uni-bochum.de\/campus\/all\/module.asp?gguid=0x19CA43A3BFCF7D458380FFD1DB107944&amp;fieldgguid=&amp;findmodule=basismodul+%22h%F6&amp;tguid=0x617D4B1934C59B4EB8B4036A80DCE504&amp;strSignMessage=\">Basismodul &#8222;H\u00f6henphysiologie und H\u00f6henadaptation&#8220; (10 CP)<\/a><\/p><\/td><td><\/td><\/tr><tr><td><p>Teil 1: H\u00f6henphysiologie und H\u00f6henadaptation Theorie und Projektentwicklung (Seminar), SoSe 2013<\/p><\/td><td><\/td><\/tr><tr><td><p>Teil 2: Grundlagen der Pr\u00e4sentation \/ Pr\u00e4sentationstechniken (\u00dcbung), SoSe 2013 und WS 2013\/14<\/p><\/td><td><\/td><\/tr><tr><td><p>Teil 3: Vorbereitung einer Feldstudie (\u00dcbung), SoSe 2013<\/p><\/td><td><\/td><\/tr><tr><td><p>G4 Intensiv studieren<\/p><\/td><td><\/td><\/tr><tr><td><p>Keine Anmeldung m\u00f6glich. Fortf\u00fchrung aus dem SoSe 2013.<\/p><\/td><td><\/td><\/tr><tr><td><p><\/p><\/td><td><\/td><\/tr><tr><td width=\"90%\"><p><a href=\"https:\/\/vvz.ruhr-uni-bochum.de\/campus\/all\/module.asp?gguid=0x4E2551B39163EC408C0430F88443CCDA&amp;fieldgguid=&amp;findmodule=die+sozialwissenschaften&amp;tguid=0x4E76EF3543327D46B442C91CA39AD68A&amp;strSignMessage=\">Die Sozialwissenschaften im Theater: ein Ort zwischen Inszenierung und Authentizit\u00e4t (15 CP)<\/a><\/p><\/td><td><\/td><\/tr><tr><td><p>Teil 1: Die Konstruktion und Inszenierung psychosozialer Wirklichkeit. Theoretische Grundlagen und Perspektiven (Blockseminar), WS 2013\/14 und SoSe 2014<\/p><\/td><td><\/td><\/tr><tr><td><p>Teil 2: \u00d6ffentliche Pr\u00e4sentation der Forschungsergebnisse (Seminar), WS 2013\/14 und SoSe 2014<\/p><\/td><td><\/td><\/tr><tr><td><p>Teil 3: Lehrforschungsprojekt: &#8222;Die Sozialwissenschaften im Theater: interpretative Sozialforschung und Kulturanalyse auf den Spuren von Inszenierung und Authentizit\u00e4t&#8220; (Seminar), WS 2013\/14<\/p><\/td><td><\/td><\/tr><tr><td><p>Teil 4: Strukturierte Betreuung zum Lehrforschungsprojekt (\u00dcbung), WS 2013\/14<\/p><\/td><td><\/td><\/tr><tr><td><p>G2 Intensiv studieren \/ G4 Intensiv studieren<\/p><\/td><td><\/td><\/tr><tr><td><p>Das Modul richtet sich an Studierende ab dem dritten Fachsemester mit einem ausgepr\u00e4gten Interesse an qualitativer empirischer Forschung und theoretischen sowie methodischen Perspektiven der interdisziplin\u00e4r arbeitenden Sozial- und Kulturwissenschaften. Studierende des 1-Fach-Bachelors Sozialwissenschaft k\u00f6nnen an diesem Modul nicht teilnehmen.<\/p><\/td><td><\/td><\/tr><tr><td><p><\/p><\/td><td><\/td><\/tr><tr><td width=\"90%\"><p><a href=\"https:\/\/vvz.ruhr-uni-bochum.de\/campus\/all\/module.asp?gguid=0xCC7DDD9996385C49967E782918D0BF45&amp;fieldgguid=&amp;findmodule=die+fa&amp;tguid=0x4E76EF3543327D46B442C91CA39AD68A&amp;strSignMessage=\">Die factory f\u00f6rdert Querdenker! &#8211; Kunsttransfer: K\u00fcnstlerisches Denken als Innovationsportal in au\u00dferk\u00fcnstlerischen Feldern (5 CP)<\/a> neu seit 02.09.<\/p><\/td><td><\/td><\/tr><tr><td><p>Teil 1: [ID]factory-Preis: Informatik trifft Kunst, (Vorlesung), WS 2013\/14 in Dortmund<\/p><\/td><td><\/td><\/tr><tr><td><p>Teil 2: Erfinderwerkstatt der [ID]factory &#8211; Interdisziplin\u00e4re Experimente, (\u00dcbung), WS 2013\/14 in Dortmund<\/p><\/td><td><\/td><\/tr><tr><td><p>G4 Basismodul &#8222;Wissenschaft in der Praxis&#8220;<\/p><\/td><td><\/td><\/tr><tr><td><p><\/p><\/td><td><\/td><\/tr><tr><td width=\"90%\"><p><a href=\"https:\/\/vvz.ruhr-uni-bochum.de\/campus\/all\/module.asp?gguid=0xEB9C45A4AAC92547A9F6C2B843315D26&amp;fieldgguid=&amp;findmodule=Drama&amp;tguid=0x4E76EF3543327D46B442C91CA39AD68A&amp;strSignMessage=\">Drama, Theatre and Performance (5 CP) <\/a><\/p><\/td><td><\/td><\/tr><tr><td><p>Teil 1: Introduction to Drama in English (Seminar), WS 2013\/14<\/p><\/td><td><\/td><\/tr><tr><td><p>Teil 2: Acting Workshop (Blockseminar), WS 2013\/14<\/p><\/td><td><\/td><\/tr><tr><td><p>G4 International studieren<\/p><\/td><td><\/td><\/tr><tr><td><p><\/p><\/td><td><\/td><\/tr><tr><td width=\"90%\"><p><a href=\"https:\/\/vvz.ruhr-uni-bochum.de\/campus\/all\/module.asp?gguid=0xC811A65D894784469AD3F3A8F0B71E83&amp;fieldgguid=&amp;mode=&amp;findmodule=entwicklung&amp;tguid=0x4E76EF3543327D46B442C91CA39AD68A\">Entwicklung praxisrelevanter Forschungsfragen im Praktikum (15 CP) <\/a><\/p><\/td><td><\/td><\/tr><tr><td><p>Teil 1: Forschungsfragen und -zyklen entwickeln (Seminar), WS 2013\/14<\/p><\/td><td><\/td><\/tr><tr><td><p>Teil 2: Begleitetes Praktikum, WS 2013\/14<\/p><\/td><td><\/td><\/tr><tr><td><p>Teil 3: Nachbereitung der Forschungsfrage aus dem Praktikum (Postersession) SoSe 2014<\/p><\/td><td><\/td><\/tr><tr><td><p>G4 Interdisziplin\u00e4r studieren<\/p><\/td><td><\/td><\/tr><tr><td><p><\/p><\/td><td><\/td><\/tr><tr><td width=\"90%\"><p><a href=\"https:\/\/vvz.ruhr-uni-bochum.de\/campus\/all\/module.asp?gguid=0x422F8A4C8C621743AC9337291286AF22&amp;fieldgguid=&amp;findmodule=Einf%FChrung+in+die+Jazzgeschichte&amp;tguid=0x4E76EF3543327D46B442C91CA39AD68A&amp;strSignMessage=\">Einf\u00fchrung in die Jazzgeschichte (5 CP)<\/a><\/p><\/td><td><\/td><\/tr><tr><td><p>Teil 1: Jazzgeschichte im \u00dcberblick (Seminar), WS 2013\/14<\/p><\/td><td><\/td><\/tr><tr><td><p>Teil 2: Die gro\u00dfen Jazzmusiker und Jazzmusikerinnen (Seminar), WS 2013\/14<\/p><\/td><td><\/td><\/tr><tr><td><p>G4 Basismodul &#8222;Kunst und Kultur&#8220;<\/p><\/td><td><\/td><\/tr><tr><td><p><\/p><\/td><td><\/td><\/tr><tr><td width=\"90%\"><p><a href=\"https:\/\/vvz.ruhr-uni-bochum.de\/campus\/all\/module.asp?gguid=0x9CC8BFC033530746886C349C7DD98633&amp;fieldgguid=&amp;mode=&amp;findmodule=europa&amp;tguid=0x4E76EF3543327D46B442C91CA39AD68A\">Europa zwischen Frieden und Krieg (5 CP)<\/a><\/p><\/td><td><\/td><\/tr><tr><td><p>Teil 1: Frieden oder Krieg Europa vor 100 Jahren. Eine Epochenbilanz (Vorlesung), WS 2013\/14<\/p><\/td><td><\/td><\/tr><tr><td><p>Teil 2: Europ\u00e4ische Texte aus drei Jahrhunderten (\u00dcbung), WS 2013\/14<\/p><\/td><td><\/td><\/tr><tr><td><p>G4 Basismodul &#8222;Identit\u00e4t und Differenz&#8220;<\/p><\/td><td><\/td><\/tr><tr><td><p><\/p><\/td><td><\/td><\/tr><tr><td width=\"90%\"><p><a href=\"https:\/\/vvz.ruhr-uni-bochum.de\/campus\/all\/module.asp?gguid=0x5915EF623E886E4EB91285B0ABC01776&amp;fieldgguid=&amp;findmodule=Europa%3A+Bilder%2C+Texte%2C+Inszenierungen&amp;tguid=0x4E76EF3543327D46B442C91CA39AD68A&amp;strSignMessage=\">Europa: Bilder, Texte, Inszenierungen (5 CP)<\/a><\/p><\/td><td><\/td><\/tr><tr><td><p>Teil 1: Inszenierungen von Europa (Vorlesung), WS 2013\/14<\/p><\/td><td><\/td><\/tr><tr><td><p>Teil 2: &#8222;Europ\u00e4ische Texte&#8220; aus drei Jahrhunderten (\u00dcbung), WS 2013\/14<\/p><\/td><td><\/td><\/tr><tr><td><p>G4 Basismodul &#8222;Identit\u00e4t und Differenz&#8220;<\/p><\/td><td><\/td><\/tr><tr><td><p>Studierende, die das Modul &#8222;Grundlagen der Theaterwissenschaft&#8220; besuchen, k\u00f6nnen an diesem Modul nicht teilnehmen!<\/p><\/td><td><\/td><\/tr><tr><td><p><\/p><\/td><td><\/td><\/tr><tr><td width=\"90%\"><p><a href=\"https:\/\/vvz.ruhr-uni-bochum.de\/campus\/all\/module.asp?gguid=0x8051CF33BDFBFB4496F4B4694FB0019D&amp;fieldgguid=&amp;findmodule=Farben+sehen+und+erleben&amp;tguid=0x4E76EF3543327D46B442C91CA39AD68A&amp;strSignMessage=\">Farben sehen und erleben (5 CP)<\/a><\/p><\/td><td><\/td><\/tr><tr><td><p>Teil 1: Farben sehen und erleben &#8211; Theorie und Geschichte (Seminar), WS 2013\/14<\/p><\/td><td><\/td><\/tr><tr><td><p>Teil 2: Farben sehen und erleben &#8211; Praktische Einf\u00fchrung in die Welt der Farben und der Malerei (Praktische \u00dcbung), WS 2013\/14<\/p><\/td><td><\/td><\/tr><tr><td><p>G4 Basismodul &#8222;Kunst und Kultur&#8220;<\/p><\/td><td><\/td><\/tr><tr><td><p>Bitte beachten Sie, dass ein Materialkostenzuschuss von 15 Euro anf\u00e4llt.<\/p><\/td><td><\/td><\/tr><tr><td><p><\/p><\/td><td><\/td><\/tr><tr><td width=\"90%\"><p><a href=\"https:\/\/vvz.ruhr-uni-bochum.de\/campus\/all\/module.asp?gguid=0x55DB527C73AE51438C0415C2B8573177&amp;fieldgguid=&amp;findmodule=Gamif&amp;tguid=0x4E76EF3543327D46B442C91CA39AD68A&amp;strSignMessage=\">Gamification zwischen Theorie und Praxis (5 CP) <\/a><\/p><\/td><td><\/td><\/tr><tr><td><p>Teil 1: Arbeitest du noch oder spielst du schon? Gamification als neuartiges Motivationskonzept (Seminar), WS 2013\/14<\/p><\/td><td><\/td><\/tr><tr><td><p>Teil 2: Gamification in der Praxis &#8211; Konzeption eines Health Games (Blockseminar), WS 2013\/14<\/p><\/td><td><\/td><\/tr><tr><td><p>G4 Interdisziplin\u00e4r studieren<\/p><\/td><td><\/td><\/tr><tr><td><p><\/p><\/td><td><\/td><\/tr><tr><td width=\"90%\"><p><a href=\"https:\/\/vvz.ruhr-uni-bochum.de\/campus\/all\/module.asp?gguid=0xE0DC61C22D9FAC42B16743EC6D640FED&amp;fieldgguid=&amp;findmodule=Interessenkonfl&amp;tguid=0x4E76EF3543327D46B442C91CA39AD68A&amp;strSignMessage=\">Interessenkonflikte in der EU-Energie- und Klimapolitik. Eine Einf\u00fchrung in die qualitative Inhaltsanalyse (15 CP) <\/a><\/p><\/td><td><\/td><\/tr><tr><td><p>Teil 1: Interessenkonflikte in der EU-Energie- und Klimapolitik. Eine Einf\u00fchrung in die qualitative Inhaltsanalyse (Seminar), WS 2013\/14<\/p><\/td><td><\/td><\/tr><tr><td><p>Teil 2: Einf\u00fchrung in die Computersoftware MAXQDA und Projektentwicklung (Blockseminar), WS 2013\/14<\/p><\/td><td><\/td><\/tr><tr><td><p>Teil 3: Interessenkonflikte in der EU-Energie- und Klimapolitik, Teil II (Seminar), SoSe 2014<\/p><\/td><td><\/td><\/tr><tr><td><p>Teil 4: Datenanalyse, -auswertung und Projektdokumentation (Blockseminar), SoSe 2014<\/p><\/td><td><\/td><\/tr><tr><td><p>Teil 5: Pr\u00e4sentation der Ergebnisse (Tagung), SoSe 2014<\/p><\/td><td><\/td><\/tr><tr><td><p>G2 Intensiv studieren \/ G3 Praktische Anwendungen \/ G4 Intensiv studieren<\/p><\/td><td><\/td><\/tr><tr><td><p>Studierende des 1-Fach-Bachelors Sozialwissenschaft k\u00f6nnen keine CP f\u00fcr den Optionalbereich erwerben.<\/p><\/td><td><\/td><\/tr><tr><td><p><\/p><\/td><td><\/td><\/tr><tr><td width=\"90%\"><p><a href=\"https:\/\/vvz.ruhr-uni-bochum.de\/campus\/all\/module.asp?gguid=0x9DC21A7A2557F34B853F44B830F945A8&amp;fieldgguid=&amp;findmodule=J%FCdi&amp;tguid=0x4E76EF3543327D46B442C91CA39AD68A&amp;strSignMessage=\">J\u00fcdische Kultur in Polen (10 CP) <\/a><\/p><\/td><td><\/td><\/tr><tr><td><p>Teil 1: J\u00fcdisches Leben in Polen bis 1945 (Seminar), WS 2013\/14<\/p><\/td><td><\/td><\/tr><tr><td><p>Teil 2: Die polnische Kultur nach 1945 und der Holocaust (Blockseminar), WS 2013\/14<\/p><\/td><td><\/td><\/tr><tr><td><p>G4 International studieren<\/p><\/td><td><\/td><\/tr><tr><td><p>Dieses Modul ist Teil des Lehrprojektes &#8222;Polen und der Holocaust&#8220; und kann nur in Kombination mit dem Modul &#8222;Der Holocaust und die Erinnerungskultur heute&#8220; im SoSe 2014 belegt werden.<\/p><\/td><td><\/td><\/tr><tr><td><p><\/p><\/td><td><\/td><\/tr><tr><td width=\"90%\"><p><a href=\"https:\/\/vvz.ruhr-uni-bochum.de\/campus\/all\/module.asp?gguid=0x35CBA21AA9458E4D864C5ED8FC12B596&amp;fieldgguid=&amp;findmodule=kultur+und&amp;tguid=0x4E76EF3543327D46B442C91CA39AD68A&amp;strSignMessage=\">Kultur und Politik im heutigen Marokko &#8211; Culture and Politics in contemporary Morroco (10 CP) <\/a><\/p><\/td><td><\/td><\/tr><tr><td><p>Teil 1: Kultur und Politik im heutigen Marokko (Seminar), WS 2013\/14<\/p><\/td><td><\/td><\/tr><tr><td><p>Teil 2: Exkursion nach Marokko (Exkursion), WS 2013\/14<\/p><\/td><td><\/td><\/tr><tr><td><p>G4 International studieren<\/p><\/td><td><\/td><\/tr><tr><td><p>Bitte beachten Sie, dass die Teilnahme am Modul &#8222;Kultur und Politik im heutigen Marokko&#8220; im WiSe 2013\/14 und an der Exkursion nach Marokko im Februar 2014 nur in Kombination mit dem Folgemodul &#8222;Das Marokko der Marokkaner&#8220; (10 CP, G 2) im SoSe 2014 m\u00f6glich sind.<\/p><\/td><td><\/td><\/tr><tr><td><p><\/p><\/td><td><\/td><\/tr><tr><td width=\"90%\"><p><a href=\"https:\/\/vvz.ruhr-uni-bochum.de\/campus\/all\/module.asp?gguid=0x3F4F0BF486C597429221EED253B78FC9&amp;fieldgguid=&amp;findmodule=marem&amp;tguid=0x4E76EF3543327D46B442C91CA39AD68A&amp;strSignMessage=\">MAREM &#8211; MApping REfugees&#8216; arrivals at the Mediterranean borders (20 CP) <\/a><\/p><\/td><td><\/td><\/tr><tr><td><p>Teil 1: MApping REfugees&#8216; arrivals at the Mediterranean borders: Migration, Refugees, Border Regimes &#8211; an interdisciplinary perspective, WS 2013\/14 and SoSe 2014<\/p><\/td><td><\/td><\/tr><tr><td><p>Teil 2: Structured student guidance for the Research Project (guides exercise), WS 2013\/14 and SoSe 2014<\/p><\/td><td><\/td><\/tr><tr><td><p>Teil 3: Migration, flight, border regime from sociological and social geographical perspective (Blockseminar), WS 2013\/14<\/p><\/td><td><\/td><\/tr><tr><td><p>Teil 4: Excursion and field research (excursion), WS 2013\/14 and SoSe 2014<\/p><\/td><td><\/td><\/tr><tr><td><p>Teil 5: Public presentation of research results (Public Presentation), one day in September 2014<\/p><\/td><td><\/td><\/tr><tr><td><p>G2 Intensiv studieren \/ G4 Intensiv studieren<\/p><\/td><td><\/td><\/tr><tr><td><p><\/p><\/td><td><\/td><\/tr><tr><td width=\"90%\"><p><a href=\"https:\/\/vvz.ruhr-uni-bochum.de\/campus\/all\/module.asp?gguid=0x5D8E3F6BC9478243B396782C5B949E32&amp;fieldgguid=&amp;findmodule=Medienerziehung+in+Deutschland+und+in+de&amp;tguid=0x4E76EF3543327D46B442C91CA39AD68A&amp;strSignMessage=\">Medienerziehung in Deutschland und in den USA im Vergleich (5 CP) <\/a><\/p><\/td><td><\/td><\/tr><tr><td><p>Teil 1: Konzepte der Medienerziehung in den USA und in Deutschland (Seminar), WS 2013\/14<\/p><\/td><td><\/td><\/tr><tr><td><p>Teil 2: Videobasierte Reflexion von Lehr- und Lernprozessen \u00fcber Medien in der Praxis (\u00dcbung), WS 2013\/14<\/p><\/td><td><\/td><\/tr><tr><td><p>G3 Praktische Anwendungen \/ G4 Intensiv studieren<\/p><\/td><td><\/td><\/tr><tr><td><p>Das Modul ist richtet sich an Studierende ab dem 2. Fachsemester!<\/p><\/td><td><\/td><\/tr><tr><td><p><\/p><\/td><td><\/td><\/tr><tr><td width=\"90%\"><p><a href=\"https:\/\/vvz.ruhr-uni-bochum.de\/campus\/all\/module.asp?gguid=0x32ED2A50EB61D74A82DFB025035EC02F&amp;fieldgguid=&amp;mode=&amp;findmodule=summer+school&amp;tguid=0x617D4B1934C59B4EB8B4036A80DCE504\">Summer School: Bioethische Grundfragen (5 CP)<\/a><\/p><\/td><td><\/td><\/tr><tr><td><p>Teil 1: Summer School Bioethische Grundlagen im interdisziplin\u00e4ren Diskurs (Blockveranstaltung), SoSe 2013<\/p><\/td><td><\/td><\/tr><tr><td><p>Teil 2: Bioethik in Wissenschaft und Gesellschaft (\u00dcbung), WiSe 2013\/14<\/p><\/td><td><\/td><\/tr><tr><td><p>Teil 3: Konzepte ethischen Handelns (Projektwoche und zweit\u00e4giger Workshop), WiSe 2013\/14<\/p><\/td><td><\/td><\/tr><tr><td><p>G4 Interdisziplin\u00e4r studieren<\/p><\/td><td><\/td><\/tr><tr><td><p>Keine Anmeldung m\u00f6glich! Fortf\u00fchrung aus dem SoSe 2013<\/p><\/td><td><\/td><\/tr><tr><td><p><\/p><\/td><td><\/td><\/tr><tr><td width=\"90%\"><p><a href=\"https:\/\/vvz.ruhr-uni-bochum.de\/campus\/all\/module.asp?gguid=0x091E23D7F919294E9B6AFDA8A95D593F&amp;fieldgguid=&amp;findmodule=professionelle+dokumentationspr&amp;tguid=0x4E76EF3543327D46B442C91CA39AD68A&amp;strSignMessage=\"><\/a> ENTF\u00c4LLT!<\/p><\/td><td><\/td><\/tr><tr><td><p>Teil 1: Theoretische und methodische Grundlagen professioneller Dokumentationspraktiken (Lekt\u00fcrekurs), WS 2013\/14<\/p><\/td><td><\/td><\/tr><tr><td><p>Teil 2: Theoretische Reflektionen der Praktiken des Dokumentierens (Blockseminar), WS 2013\/14<\/p><\/td><td><\/td><\/tr><tr><td><p>Teil 3: Professionelle Dokumentationspraktiken in der Praxis (Blockseminar), WS 2013\/14<\/p><\/td><td><\/td><\/tr><tr><td><p>Teil 4: Die Dokumentation als wissenschaftliche Publikation (betreutes Selbststudium), SoSe 2014<\/p><\/td><td><\/td><\/tr><tr><td><p>Teil 5: Professionelle Dokumentationspraktiken in Wissenschaft und Praxis (Tagung), SoSe 2014<\/p><\/td><td><\/td><\/tr><tr><td><p>G4 International studieren<\/p><\/td><td><\/td><\/tr><tr><td><p>Das Modul richtet sich an Studierende aller Fachrichtungen ab dem 3. Fachsemester mit Interesse an der theoretischen Reflexion konkreter Berufspraktiken. Eine Teilnahme empfiehlt sich besonders f\u00fcr Studierende der Sozialwissenschaft, Rechtswissenschaft, Erziehungswissenschaft, Medizin und Psychologie sowie f\u00fcr Studierende mit dem Berufsziel Lehramt.<\/p><\/td><td><\/td><\/tr><tr><td><p><\/p><\/td><td><\/td><\/tr><tr><td width=\"90%\"><p><a href=\"https:\/\/vvz.ruhr-uni-bochum.de\/campus\/all\/module.asp?gguid=0x062E1F987441464A9E5DF7355E60C73B&amp;fieldgguid=&amp;mode=&amp;findmodule=what%27%27s&amp;tguid=0x4E76EF3543327D46B442C91CA39AD68A\">What&#8217;s Life? &#8211; Studienprojekt (10 CP) <\/a><\/p><\/td><td><\/td><\/tr><tr><td><p>Teil 1: Projektplanung (Seminar), WS 2013\/14<\/p><\/td><td><\/td><\/tr><tr><td><p>Teil 2: Betreuung (Kolloquium), WS 2013\/14<\/p><\/td><td><\/td><\/tr><tr><td><p>Teil 3: Verteidigung (Pr\u00e4sentation), WS 2013\/14<\/p><\/td><td><\/td><\/tr><tr><td><p>G4 Intensiv studieren<\/p><\/td><td><\/td><\/tr><tr><td><p>Das Angebot richtet sich an Studierende der Biologie im 3. Fachsemester. Die vorherige Teilnahme am Modul &#8222;What\u00b4s Life? Wissenschaftliches Arbeiten &#8220; (SS 2013) ist nicht verpflichtend, wird jedoch empfohlen.<\/p><\/td><td><\/td><\/tr><tr><td><\/td><td><\/td><\/tr><\/tbody><\/table><p><\/p><\/div>\n\t\t\t\t<\/div>\n\t\t\t\t\t\t\t<div class=\"elementor-accordion-item\">\n\t\t\t\t\t<div id=\"elementor-tab-title-91616\" class=\"elementor-tab-title\" data-tab=\"16\" role=\"button\" aria-controls=\"elementor-tab-content-91616\" aria-expanded=\"false\">\n\t\t\t\t\t\t\t\t\t\t\t\t\t<span class=\"elementor-accordion-icon elementor-accordion-icon-left\" aria-hidden=\"true\">\n\t\t\t\t\t\t\t\t\t\t\t\t\t\t\t<span class=\"elementor-accordion-icon-closed\"><i class=\"fas fa-plus\"><\/i><\/span>\n\t\t\t\t\t\t\t\t<span class=\"elementor-accordion-icon-opened\"><i class=\"fas fa-minus\"><\/i><\/span>\n\t\t\t\t\t\t\t\t\t\t\t\t\t\t<\/span>\n\t\t\t\t\t\t\t\t\t\t\t\t<a class=\"elementor-accordion-title\" tabindex=\"0\">SoSe 2013 <\/a>\n\t\t\t\t\t<\/div>\n\t\t\t\t\t<div id=\"elementor-tab-content-91616\" class=\"elementor-tab-content elementor-clearfix\" data-tab=\"16\" role=\"region\" aria-labelledby=\"elementor-tab-title-91616\"><table width=\"100%\"><tbody><tr><td colspan=\"2\"><p>Grundlagenmodule anderer F\u00e4cher<\/p><\/td><\/tr><tr><td colspan=\"2\"><p>Allgemeine &amp; vergleichende Literaturwissenschaft<\/p><\/td><\/tr><tr><td width=\"90%\"><p>In diesem Semester liegt leider kein Angebot vor.<\/p><\/td><td><\/td><\/tr><tr><td><p><\/p><\/td><td><\/td><\/tr><tr><td colspan=\"2\"><p>Anglistik\/Amerikanistik<\/p><\/td><\/tr><tr><td width=\"90%\"><p><a href=\"https:\/\/vvz.ruhr-uni-bochum.de\/campus\/all\/module.asp?gguid=0xDA7FE81B9B88644D810690CD7B1391FE&amp;fieldgguid=&amp;findmodule=amerika&amp;tguid=0x617D4B1934C59B4EB8B4036A80DCE504&amp;strSignMessage=\">Amerikanische Literatur und Kultur um 1900 (5 CP) <\/a><\/p><\/td><td><\/td><\/tr><tr><td><p>Teil 1: American Literature and Culture: From the Civil War to World War II (Vorlesung), SoSe 2013<\/p><\/td><td><\/td><\/tr><tr><td><p>Teil 2a: &#8222;To turn from this great world of Gentlemen, to the small lowly sphere&#8220; &#8211; The Cultural Work of Local Color (Seminar), SoSe 2013 oder<\/p><\/td><td><\/td><\/tr><tr><td><p>Teil 2b: Writing Women and Women&#8217;s Writing in the Late Nineteenth Century (\u00dcbung), SoSe 2013<\/p><\/td><td><\/td><\/tr><tr><td><p>G4 Basismodul &#8222;American Literature and Culture&#8220;<\/p><\/td><td><\/td><\/tr><tr><td><p>Studierende der Anglistik\/Amerikanistik k\u00f6nnen an diesem Modul zwar teilnehmen, jedoch keine Credit Points f\u00fcr den Optionalbereich erwerben!<\/p><\/td><td><\/td><\/tr><tr><td><p><\/p><\/td><td><\/td><\/tr><tr><td width=\"90%\"><p><a href=\"https:\/\/vvz.ruhr-uni-bochum.de\/campus\/all\/module.asp?gguid=0x3A567229F350F34BADDA685CEA72F330&amp;fieldgguid=&amp;mode=&amp;findmodule=englische+lit&amp;tguid=0x617D4B1934C59B4EB8B4036A80DCE504\">Englische Literatur und Kultur zwischen 1660 und 1789 (5 CP)<\/a><\/p><\/td><td><\/td><\/tr><tr><td><p>Teil 1a: Restoration Culture (Vorlesung), SoSe 2013 oder<\/p><\/td><td><\/td><\/tr><tr><td><p>Teil 1b: The English Novel in the Eighteenth Century: From Aphra Behn to Jane Austen (Vorlesung), SoSe 2013<\/p><\/td><td><\/td><\/tr><tr><td><p>Teil 2: Belles Lettres: Epistles and Epistolography of the Long Eighteenth Century (Seminar), SoSe 2013<\/p><\/td><td><\/td><\/tr><tr><td><p>G4 Basismodul &#8222;English Literature and Culture&#8220;<\/p><\/td><td><\/td><\/tr><tr><td><p>Studierende der Anglistik\/Amerikanistik k\u00f6nnen an diesem Modul zwar teilnehmen, jedoch keine Credit Points f\u00fcr den Optionalbereich erwerben!<\/p><\/td><td><\/td><\/tr><tr><td><p><\/p><\/td><td><\/td><\/tr><tr><td width=\"90%\"><p><a href=\"https:\/\/vvz.ruhr-uni-bochum.de\/campus\/all\/module.asp?gguid=0x4D0325158C2DCB4390286BF354094A39&amp;fieldgguid=&amp;mode=&amp;findmodule=englische+lit&amp;tguid=0x617D4B1934C59B4EB8B4036A80DCE504\">Englische Literatur und Kultur des Mittelalters (5 CP)<\/a><\/p><\/td><td><\/td><\/tr><tr><td><p>Teil 1: Medieval English Literature (Vorlesung), SoSe 2013<\/p><\/td><td><\/td><\/tr><tr><td><p>Teil 2a: The Grail Romances (Seminar), SoSe 2013 oder<\/p><\/td><td><\/td><\/tr><tr><td><p>Teil 2b: Under the Greenwood Tree: Robin Hood and the Outlaw Tradition (Seminar), SoSe 2013<\/p><\/td><td><\/td><\/tr><tr><td><p>G4 Basismodul &#8222;English Literature and Culture&#8220;<\/p><\/td><td><\/td><\/tr><tr><td><p>Studierende der Anglistik\/Amerikanistik k\u00f6nnen an diesem Modul zwar teilnehmen, jedoch keine Credit Points f\u00fcr den Optionalbereich erwerben!<\/p><\/td><td><\/td><\/tr><tr><td><p><\/p><\/td><td><\/td><\/tr><tr><td width=\"90%\"><p><a href=\"https:\/\/vvz.ruhr-uni-bochum.de\/campus\/all\/module.asp?gguid=0x1EA49A70C7CAE54895CA4EB2DCDE06B3&amp;fieldgguid=&amp;findmodule=shakespeares+dramen&amp;tguid=0x617D4B1934C59B4EB8B4036A80DCE504&amp;strSignMessage=\">Shakespeares Dramen (5 CP)<\/a><\/p><\/td><td><\/td><\/tr><tr><td><p>Teil 1: Introduction to Shakespeare&#8217;s Tragedies (Vorlesung), SoSe 2013<\/p><\/td><td><\/td><\/tr><tr><td><p>Teil 2: As You Like It (Seminar), SoSe 2013<\/p><\/td><td><\/td><\/tr><tr><td><p>G4 Basismodul &#8222;English Literature and Culture&#8220;<\/p><\/td><td><\/td><\/tr><tr><td><p>Studierende der Anglistik\/Amerikanistik k\u00f6nnen an diesem Modul zwar teilnehmen, jedoch keine Credit Points f\u00fcr den Optionalbereich erwerben!<\/p><\/td><td><\/td><\/tr><tr><td><\/td><td><\/td><\/tr><tr><td colspan=\"2\"><p>Arch\u00e4ologische Wissenschaften<\/p><\/td><\/tr><tr><td width=\"90%\"><p><a href=\"https:\/\/vvz.ruhr-uni-bochum.de\/campus\/all\/module.asp?gguid=0xC148723608A22B4385016EB9326B53A5&amp;fieldgguid=&amp;findmodule=Arch%E4ologie+der+Steinzeit&amp;tguid=0x617D4B1934C59B4EB8B4036A80DCE504&amp;strSignMessage=\">Arch\u00e4ologie der Steinzeit (5 CP)<\/a><\/p><\/td><td><\/td><\/tr><tr><td><p>Teil 1: Das Alt- und Mittelpal\u00e4olithikum (Vorlesung), SoSe 2013<\/p><\/td><td><\/td><\/tr><tr><td><p>Teil 2: Neue Funde und Forschungen (Kolloquium), SoSe 2013<\/p><\/td><td><\/td><\/tr><tr><td><p>G4 Basismodul &#8222;Schwerpunkt Ur- und Fr\u00fchgeschichte&#8220;<\/p><\/td><td><\/td><\/tr><tr><td><p>Studierende der ArWi k\u00f6nnen in diesem Modul keine Credit Points f\u00fcr den Optionalbereich erwerben!<\/p><\/td><td><\/td><\/tr><tr><td><p><\/p><\/td><td><\/td><\/tr><tr><td width=\"90%\"><p><a href=\"https:\/\/vvz.ruhr-uni-bochum.de\/campus\/all\/module.asp?gguid=0xCB68572ADB95074481AFE79D23A142EA&amp;fieldgguid=&amp;findmodule=Arch%E4ologie+der+Sp%E4tbronzezeit+und+Fr%FChe&amp;tguid=0x617D4B1934C59B4EB8B4036A80DCE504&amp;strSignMessage=\">Arch\u00e4ologie der Sp\u00e4tbronzezeit und Fr\u00fcheisenzeit im Ostmittelmeerraum (5 CP)<\/a><\/p><\/td><td><\/td><\/tr><tr><td><p>Teil 1: Die Sp\u00e4tbronzezeit und Fr\u00fcheisenzeit im Ostmittelmeerraum (Vorlesung), SoSe 2013<\/p><\/td><td><\/td><\/tr><tr><td><p>Teil 2: Neue Funde und Forschungen (Kolloquium), SoSe 2013<\/p><\/td><td><\/td><\/tr><tr><td><p>G4 Basismodul &#8222;Schwerpunkt Ur- und Fr\u00fchgeschichte&#8220;<\/p><\/td><td><\/td><\/tr><tr><td><p>Studierende der ArWi k\u00f6nnen in diesem Modul keine Credit Points f\u00fcr den Optionalbereich erwerben!<\/p><\/td><td><\/td><\/tr><tr><td><p><\/p><\/td><td><\/td><\/tr><tr><td width=\"90%\"><p><a href=\"https:\/\/vvz.ruhr-uni-bochum.de\/campus\/all\/module.asp?gguid=0x2B5D1B64A18F3B499B197B286A8D6A3F&amp;fieldgguid=&amp;findmodule=Der+Olymp&amp;tguid=0x617D4B1934C59B4EB8B4036A80DCE504&amp;strSignMessage=\">Der Olymp (5 CP)<\/a><\/p><\/td><td><\/td><\/tr><tr><td><p>Teil 1: Der Olymp. Arch\u00e4ologie und Imagination eines Berges (Vorlesung), SoSe 2013<\/p><\/td><td><\/td><\/tr><tr><td><p>Teil 2: Neue Funde und Forschungen (Kolloquium), SoSe 2013<\/p><\/td><td><\/td><\/tr><tr><td><p>G4 Basismodul &#8222;Schwerpunkt Klassische Arch\u00e4ologie&#8220;<\/p><\/td><td><\/td><\/tr><tr><td><p>Studierende der ArWi k\u00f6nnen in diesem Modul keine Credit Points f\u00fcr den Optionalbereich erwerben!<\/p><\/td><td><\/td><\/tr><tr><td><\/td><td><\/td><\/tr><tr><td colspan=\"2\"><p>Biologie<\/p><\/td><\/tr><tr><td width=\"90%\"><p><a href=\"https:\/\/vvz.ruhr-uni-bochum.de\/campus\/all\/module.asp?gguid=0xE2D0BD32188CA643BA9E311612BDE2FB&amp;fieldgguid=&amp;mode=&amp;findmodule=Bio%F6konomie+1%3A+Grundlagen+der+Bio%F6konomi&amp;tguid=0x617D4B1934C59B4EB8B4036A80DCE504\">Bio\u00f6konomie 1: Grundlagen der Bio\u00f6konomie (5 CP)<\/a><\/p><\/td><td><\/td><\/tr><tr><td><p>Teil 1: Bio\u00f6konomie I (Seminar), SoSe 2013<\/p><\/td><td><\/td><\/tr><tr><td><p>Teil 2: Bio\u00f6konomie I (\u00dcbung), SoSe 2013<\/p><\/td><td><\/td><\/tr><tr><td><p>G4 Bio\u00f6konomie I: Grundlagen der Bio\u00f6konomie<\/p><\/td><td><\/td><\/tr><tr><td><p>Grundkenntnisse in Biologie, \u00d6kologie und \u00d6konomie sind empfehlenswert.<\/p><\/td><td><\/td><\/tr><tr><td><p><\/p><\/td><td><\/td><\/tr><tr><td width=\"90%\"><p><a href=\"https:\/\/vvz.ruhr-uni-bochum.de\/campus\/all\/module.asp?gguid=0x827052BFA31E824FBFCD3698E8908D01&amp;fieldgguid=&amp;findmodule=Botanik+im+Alltag+%28Optionalbereich%29&amp;tguid=0x617D4B1934C59B4EB8B4036A80DCE504&amp;strSignMessage=\">Botanik im Alltag (5 CP)<\/a><\/p><\/td><td><\/td><\/tr><tr><td><p>Teil 1: Botanik im Alltag (\u00dcbung), SoSe 2013<\/p><\/td><td><\/td><\/tr><tr><td><p>Teil 2: Botanik im Alltag (Exkursion), SoSe 2013<\/p><\/td><td><\/td><\/tr><tr><td><p>G4 Botanik im Alltag<\/p><\/td><td><\/td><\/tr><tr><td><p><\/p><\/td><td><\/td><\/tr><tr><td width=\"90%\"><p><a href=\"https:\/\/vvz.ruhr-uni-bochum.de\/campus\/all\/module.asp?gguid=0x8AA3C9573D24C147A5B42FF1F382E512&amp;fieldgguid=&amp;findmodule=Botanische+Bestimmungs%FCbungen+%28Optionalb&amp;tguid=0x617D4B1934C59B4EB8B4036A80DCE504&amp;strSignMessage=\">Botanische Bestimmungs\u00fcbungen (5 CP)<\/a><\/p><\/td><td><\/td><\/tr><tr><td><p>Teil 1: Botanische Bestimmungs\u00fcbungen f\u00fcr Geographen (\u00dcbung), SoSe 2013<\/p><\/td><td><\/td><\/tr><tr><td><p>Teil 2: Botanische Bestimmungs\u00fcbungen f\u00fcr Geographen (Exkursionen), SoSe 2013<\/p><\/td><td><\/td><\/tr><tr><td><\/td><td><\/td><\/tr><tr><td><p>G4 Botanische Bestimmungs\u00fcbungen<\/p><\/td><td><\/td><\/tr><tr><td><p>Biologiestudierende (B.Sc.) und Geographiestudierende (B.Sc.) k\u00f6nnen in diesem Modul keine Credit Points f\u00fcr den Optionalbereich erwerben!<\/p><\/td><td><\/td><\/tr><tr><td><p><\/p><\/td><td><\/td><\/tr><tr><td width=\"90%\"><p><a href=\"https:\/\/vvz.ruhr-uni-bochum.de\/campus\/all\/module.asp?gguid=0xE8F1402D9027724E8354A40291A98F86&amp;fieldgguid=&amp;findmodule=Gr%FCne+Gentechnik%3A+Genfood+und+mehr+%28Opti&amp;tguid=0x617D4B1934C59B4EB8B4036A80DCE504&amp;strSignMessage=\">Gr\u00fcne Gentechnik: Genfood und mehr (5 CP)<\/a><\/p><\/td><td><\/td><\/tr><tr><td><p>Teil 1: Gr\u00fcne Gentechnik: Genfood und mehr (Vorlesung), SoSe 2013<\/p><\/td><td><\/td><\/tr><tr><td><p>Teil 2: Gr\u00fcne Gentechnik: Genfood und mehr (\u00dcbung), SoSe 2013<\/p><\/td><td><\/td><\/tr><tr><td><p>Teil 3: Gr\u00fcne Gentechnik: Genfood und mehr (Seminar), SoSe 2013<\/p><\/td><td><\/td><\/tr><tr><td><p>G4 Gr\u00fcne Gentechnik: Genfood und mehr<\/p><\/td><td><\/td><\/tr><tr><td><p><\/p><\/td><td><\/td><\/tr><tr><td width=\"90%\"><p><a href=\"https:\/\/vvz.ruhr-uni-bochum.de\/campus\/all\/module.asp?gguid=0xD3CB1A1EED563445A493DEFF849E8880&amp;fieldgguid=&amp;findmodule=Methoden+der+Bioinformatik+%28Optionalbere&amp;tguid=0x617D4B1934C59B4EB8B4036A80DCE504&amp;strSignMessage=\">Methoden der Bioinformatik (5 CP)<\/a><\/p><\/td><td><\/td><\/tr><tr><td><p>Teil 1: Methoden der Bioinformatik (Vorlesung), SoSe 2013<\/p><\/td><td><\/td><\/tr><tr><td><p>Teil 2: Methoden der Bioinformatik (\u00dcbungen), SoSe 2013<\/p><\/td><td><\/td><\/tr><tr><td><p>G4 Methoden der Bioinformatik<\/p><\/td><td><\/td><\/tr><tr><td><p><\/p><\/td><td><\/td><\/tr><tr><td width=\"90%\"><p><a href=\"https:\/\/vvz.ruhr-uni-bochum.de\/campus\/all\/module.asp?gguid=0x2C72D83182E5984C9C02A4626B0B3310&amp;fieldgguid=&amp;mode=&amp;findmodule=Monster&amp;tguid=0x617D4B1934C59B4EB8B4036A80DCE504\">Monster, Minds and Molecules &#8211; die Entwicklung der Hirnrinde bei S\u00e4ugetieren (5 CP)<\/a><\/p><\/td><td><\/td><\/tr><tr><td><p>Teil 1: Monster, Minds and Molecules &#8211; molekularzellul\u00e4re Grundlagen (Vorlesung), SoSe 2013<\/p><\/td><td><\/td><\/tr><tr><td><p>Teil 2: Monster, Minds and Molecules &#8211; Krankheitsbilder (Seminar), SoSe 2013<\/p><\/td><td><\/td><\/tr><tr><td><p>G4 Monster, Minds and Molecules &#8211; die Entwicklung der Hirnrinde bei S\u00e4ugetieren<\/p><\/td><td><\/td><\/tr><tr><td><p><\/p><\/td><td><\/td><\/tr><tr><td width=\"90%\"><p><a href=\"https:\/\/vvz.ruhr-uni-bochum.de\/campus\/all\/module.asp?gguid=0x8653C41F341DDA4D87A7D513AFE1D362&amp;fieldgguid=&amp;findmodule=Praktische+Bienenkunde+%28Optionalbereich%29&amp;tguid=0x617D4B1934C59B4EB8B4036A80DCE504&amp;strSignMessage=\">Praktische Bienenkunde (5 CP)<\/a><\/p><\/td><td><\/td><\/tr><tr><td><p>Teil 1: Einf\u00fchrung in die Bienenkunde (Vorlesung), SoSe 2013<\/p><\/td><td><\/td><\/tr><tr><td><p>Teil 2: Bienenkunde und Imkerei (\u00dcbung), SoSe 2013<\/p><\/td><td><\/td><\/tr><tr><td><p>G4 Praktische Bienenkunde<\/p><\/td><td><\/td><\/tr><tr><td><p><\/p><\/td><td><\/td><\/tr><tr><td width=\"90%\"><p><a href=\"https:\/\/vvz.ruhr-uni-bochum.de\/campus\/all\/module.asp?gguid=0xD15EA4ADD0F177468C2E54F2E73231B3&amp;fieldgguid=&amp;findmodule=%DCberleben+von+motorischen+Nervenzellen+%28&amp;tguid=0x617D4B1934C59B4EB8B4036A80DCE504&amp;strSignMessage=\">\u00dcberleben von motorischen Nervenzellen (5 CP)<\/a><\/p><\/td><td><\/td><\/tr><tr><td><p>Teil 1: Artikelpr\u00e4sentation: \u00dcberleben von motorischen Nervenzellen (Seminar), SoSe 2013<\/p><\/td><td><\/td><\/tr><tr><td><p>Teil 2: Literaturseminar: \u00dcberleben von motorischen Nervenzellen (Seminar), SoSe 2013<\/p><\/td><td><\/td><\/tr><tr><td><p>G4 \u00dcberleben von motorischen Nervenzellen<\/p><\/td><td><\/td><\/tr><tr><td><\/td><td><\/td><\/tr><tr><td colspan=\"2\"><p>Chemie<\/p><\/td><\/tr><tr><td width=\"90%\"><p><a href=\"https:\/\/vvz.ruhr-uni-bochum.de\/campus\/all\/module.asp?gguid=0xA93962B3CA08104696901A5592021851&amp;fieldgguid=&amp;mode=&amp;findmodule=einf%FChrung+in+die+bio&amp;tguid=0x617D4B1934C59B4EB8B4036A80DCE504\">Einf\u00fchrung in die Biochemie (5 CP)<\/a><\/p><\/td><td><\/td><\/tr><tr><td><p>Teil 1: Einf\u00fchrung in die Biochemie (Vorlesung), SoSe 2013<\/p><\/td><td><\/td><\/tr><tr><td><p>Teil 2: Einf\u00fchrung in die Biochemie (\u00dcbung), SoSe 2013<\/p><\/td><td><\/td><\/tr><tr><td><p>G4 Basismodul &#8222;Grundlagen der Biochemie&#8220;<\/p><\/td><td><\/td><\/tr><tr><td><p><\/p><\/td><td><\/td><\/tr><tr><td width=\"90%\"><p><a href=\"https:\/\/vvz.ruhr-uni-bochum.de\/campus\/all\/module.asp?gguid=0x60AD6B0B2C8AED4BAF91B081F8559DE2&amp;fieldgguid=&amp;mode=&amp;findmodule=organ&amp;tguid=0x617D4B1934C59B4EB8B4036A80DCE504\">Organische Chemie I (5 CP)<\/a><\/p><\/td><td><\/td><\/tr><tr><td><p>Teil 1: Organische Chemie I (Vorlesung), SoSe 2013<\/p><\/td><td><\/td><\/tr><tr><td><p>Teil 2: Organische Chemie I (\u00dcbung), SoSe 2013<\/p><\/td><td><\/td><\/tr><tr><td><p>G4 Basismodul &#8222;Grundlagen der Chemie&#8220;<\/p><\/td><td><\/td><\/tr><tr><td><p>Studierende der Chemie k\u00f6nnen an diesem Modul nicht teilnehmen!<\/p><\/td><td><\/td><\/tr><tr><td><p><\/p><\/td><td><\/td><\/tr><tr><td width=\"90%\"><p><a href=\"https:\/\/vvz.ruhr-uni-bochum.de\/campus\/all\/module.asp?gguid=0xCA4D0A8BE4E6E04384312F571310BA9D&amp;fieldgguid=&amp;mode=&amp;findmodule=organische+ch&amp;tguid=0x617D4B1934C59B4EB8B4036A80DCE504\">Organische Chemie (Schwerpunkt Biologie) (5 CP)<\/a><\/p><\/td><td><\/td><\/tr><tr><td><p>Teil 1: Organische Chemie f\u00fcr Studierende der Medizin, Biologie und Geowissenschaften, SoSe 2013<\/p><\/td><td><\/td><\/tr><tr><td><p>Teil 2: Organische Chemie f\u00fcr Biologen, WiSe 2013\/14<\/p><\/td><td><\/td><\/tr><tr><td><p>G4 Aufbaumodul &#8222;Chemie&#8220;<\/p><\/td><td><\/td><\/tr><tr><td><p>Studierende der Chemie k\u00f6nnen in diesem Modul keine Credit Points f\u00fcr den Optionalbereich erwerben!<\/p><\/td><td><\/td><\/tr><tr><td><\/td><td><\/td><\/tr><tr><td colspan=\"2\"><p>Erziehungswissenschaften<\/p><\/td><\/tr><tr><td width=\"90%\"><p><a href=\"https:\/\/vvz.ruhr-uni-bochum.de\/campus\/all\/module.asp?gguid=0x8A6A3C9715709943B54F2320CA9026CB&amp;fieldgguid=&amp;findmodule=Bildungswissenschaftliches+Basismodul&amp;tguid=0x617D4B1934C59B4EB8B4036A80DCE504&amp;strSignMessage=\">Bildungswissenschaftliches Basismodul (9 CP)<\/a><\/p><\/td><td><\/td><\/tr><tr><td><p>Teil 1: Erziehungs- und Bildungstheorien (\u00dcberblicksvorlesung), SoSe 2013<\/p><\/td><td><\/td><\/tr><tr><td><p>Teil 2: Einf\u00fchrung in Lern- und Entwicklungstheorien (\u00dcberblicksvorlesung), SoSe 2013<\/p><\/td><td><\/td><\/tr><tr><td><p>Teil 3: Theorien der Sozialisation (\u00dcberblicksvorlesung), SoSe 2013<\/p><\/td><td><\/td><\/tr><tr><td><p>Teil 4: Lehrerberuf, Lehrerbildung, Lehrerprofessionalit\u00e4t (\u00dcberblicksvorlesung), SoSe 2013<\/p><\/td><td><\/td><\/tr><tr><td><\/td><td><\/td><\/tr><tr><td><p>G4 &#8222;EWL zum M.Ed.&#8220;<\/p><\/td><td><\/td><\/tr><tr><td><p>Studierende, die das Fach Erziehungswissenschaft im 2-Fach B. A. studieren, m\u00fcssen nur den vierten Teil des Moduls absolvieren, da die Teile 1 bis 3 bereits zu ihrem Fachstudium geh\u00f6ren. Als Kompensation wird der Besuch einer Werkstatt f\u00fcr empirische Forschungsmethoden verlangt. Modul kann in 1, 2, 3 oder 4 Semestern abgeschlossen werden.<\/p><\/td><td><\/td><\/tr><tr><td><p><\/p><\/td><td><\/td><\/tr><tr><td colspan=\"2\"><p>Evangelische Theologie<\/p><\/td><\/tr><tr><td width=\"90%\"><p><a href=\"https:\/\/vvz.ruhr-uni-bochum.de\/campus\/all\/module.asp?gguid=0x8429AABB13AB2248B74A6B39AF5FA7F8&amp;fieldgguid=&amp;findmodule=Einf%FChrung+in+den+christlichen+Gottesdie&amp;tguid=0x617D4B1934C59B4EB8B4036A80DCE504&amp;strSignMessage=\">Einf\u00fchrung in den christlichen Gottesdienst und das orthodoxe Christentum (5 CP)<\/a><\/p><\/td><td><\/td><\/tr><tr><td><p>Teil 1: Theorie und Praxis des Gottesdienstes in Geschichte und Gegenwart (Vorlesung), SoSe 2013<\/p><\/td><td><\/td><\/tr><tr><td><p>Teil 2: Orthodoxes Christentum. Eine Einf\u00fchrung (Seminar), SoSe 2013<\/p><\/td><td><\/td><\/tr><tr><td><p>G4 Basismodul &#8222;Grundfragen evangelischer Theologie&#8220;<\/p><\/td><td><\/td><\/tr><tr><td><p>Studierende der Evangelischen Theologie k\u00f6nnen an dem Modul zwar teilnehmen, jedoch keine Credit Points f\u00fcr den Optionalbereich erwerben.<\/p><\/td><td><\/td><\/tr><tr><td><p><\/p><\/td><td><\/td><\/tr><tr><td width=\"90%\"><p><a href=\"https:\/\/vvz.ruhr-uni-bochum.de\/campus\/all\/module.asp?gguid=0x87523D6C43EF394AAF20AC9B07733FB0&amp;fieldgguid=&amp;findmodule=Einf%FChrung+in+die+gesch&amp;tguid=0x617D4B1934C59B4EB8B4036A80DCE504&amp;strSignMessage=\">Einf\u00fchrung in die Geschichte der Reformation (5 CP)<\/a> NEU!<\/p><\/td><td><\/td><\/tr><tr><td><p>Teil 1: KG III: Reformation (Vorlesung), SoSe 2013<\/p><\/td><td><\/td><\/tr><tr><td><p>Teil 2: Die Reformation aus \u00f6kumenischer und kirchengeschichtlicher Sicht (\u00dcbung), SoSe 2013<\/p><\/td><td><\/td><\/tr><tr><td><p>G4 Basismodul &#8222;Grundfragen evangelischer Theologie&#8220;<\/p><\/td><td><\/td><\/tr><tr><td><p>Studierende der Evangelischen Theologie k\u00f6nnen an dem Modul zwar teilnehmen, jedoch keine Credit Points f\u00fcr den Optionalbereich erwerben.<\/p><\/td><td><\/td><\/tr><tr><td><p><\/p><\/td><td><\/td><\/tr><tr><td width=\"90%\"><p><a href=\"https:\/\/vvz.ruhr-uni-bochum.de\/campus\/all\/module.asp?gguid=0x12434F14309A944A9FF3D6045F78F066&amp;fieldgguid=&amp;findmodule=Ethik+des+Alters&amp;tguid=0x617D4B1934C59B4EB8B4036A80DCE504&amp;strSignMessage=\">Ethik des Alters (5 CP)<\/a><\/p><\/td><td><\/td><\/tr><tr><td><p>Teil 1: Generationengerechtigkeit (Kurs), SoSe 2013<\/p><\/td><td><\/td><\/tr><tr><td><p>Teil 2: Demenz als Herausforderung theologischer Ethik (Seminar), SoSe 2013<\/p><\/td><td><\/td><\/tr><tr><td><p>G4 Basismodul &#8222;Religion und Gesellschaft&#8220;<\/p><\/td><td><\/td><\/tr><tr><td><p>Studierende der Evangelischen Theologie k\u00f6nnen an dem Modul zwar teilnehmen, jedoch keine Credit Points f\u00fcr den Optionalbereich erwerben.<\/p><\/td><td><\/td><\/tr><tr><td><p><\/p><\/td><td><\/td><\/tr><tr><td width=\"90%\"><p><a href=\"https:\/\/vvz.ruhr-uni-bochum.de\/campus\/all\/module.asp?gguid=0x929B39687FEE4B42988157192E6F8D3C&amp;fieldgguid=&amp;findmodule=Von+und+mit+Gott+sprechen&amp;tguid=0x617D4B1934C59B4EB8B4036A80DCE504&amp;strSignMessage=\">Von und mit Gott sprechen (5 CP)<\/a><\/p><\/td><td><\/td><\/tr><tr><td><p>Teil 1: Das Vaterunser als theologisches Programm (Vorlesung), SoSe 2013<\/p><\/td><td><\/td><\/tr><tr><td><p>Teil 2: Gottesbilder &#8211; Menschenbilder (Blockseminar), SoSe 2013<\/p><\/td><td><\/td><\/tr><tr><td><p>G4 Basismodul &#8222;Religion und Gesellschaft&#8220;<\/p><\/td><td><\/td><\/tr><tr><td><p>Studierende der Evangelischen Theologie k\u00f6nnen an dem Modul zwar teilnehmen, jedoch keine Credit Points f\u00fcr den Optionalbereich erwerben.<\/p><\/td><td><\/td><\/tr><tr><td><\/td><td><\/td><\/tr><tr><td colspan=\"2\"><p>Geographie<\/p><\/td><\/tr><tr><td width=\"90%\"><p><a href=\"https:\/\/vvz.ruhr-uni-bochum.de\/campus\/all\/module.asp?gguid=0xF828851F039F9F4C9D03EFA21D88E058&amp;fieldgguid=&amp;mode=&amp;findmodule=geogra&amp;tguid=0x617D4B1934C59B4EB8B4036A80DCE504\">Geographie auf Achse (5 CP)<\/a><\/p><\/td><td><\/td><\/tr><tr><td><p>Teil 1: Geographie auf Achse: Reisen und Exkursionen in aller Welt (Vorlesung), SoSe 2013<\/p><\/td><td><\/td><\/tr><tr><td><p>Teil 2: Geographie auf Achse: Reisen und Exkursionen in aller Welt (\u00dcbung), SoSe 2013<\/p><\/td><td><\/td><\/tr><tr><td><p>G4 Geographie auf Achse<\/p><\/td><td><\/td><\/tr><tr><td><p>Geographie-Studierende k\u00f6nnen an diesem Modul nicht teilnehmen.<\/p><\/td><td><\/td><\/tr><tr><td><p><\/p><\/td><td><\/td><\/tr><tr><td colspan=\"2\"><p>Germanistik<\/p><\/td><\/tr><tr><td width=\"90%\"><p>In diesem Semester liegt leider kein Angebot vor.<\/p><\/td><td><\/td><\/tr><tr><td><\/td><td><\/td><\/tr><tr><td colspan=\"2\"><p>Geschichte<\/p><\/td><\/tr><tr><td width=\"90%\"><p><a href=\"https:\/\/vvz.ruhr-uni-bochum.de\/campus\/all\/module.asp?gguid=0x5C48DE5CE2C01F41A440245FBE28A8F3&amp;fieldgguid=&amp;findmodule=Migration+im+Europa+des+20.+Jahrhunderts&amp;tguid=0x617D4B1934C59B4EB8B4036A80DCE504&amp;strSignMessage=\">Migration im Europa des 20. Jahrhunderts: Hintergr\u00fcnde, Wanderungsmuster, Deutungen (5 CP)<\/a><\/p><\/td><td><\/td><\/tr><tr><td><p>Teil 1: Einwanderungs- und Integrationspolitik im Europa des 20. Jahrhunderts: Gro\u00dfbritannien, Frankreich, BRD, Schweiz, Italien (Seminar), SoSe 2013<\/p><\/td><td><\/td><\/tr><tr><td><p>Teil 2: Transnationale Migration in der europ\u00e4ischen Kultur: Film, Literatur, zeitgen\u00f6ssische Diskurse (Seminar), SoSe 2013<\/p><\/td><td><\/td><\/tr><tr><td><p>G4 Basismodul &#8222;Neuere und Neueste Geschichte&#8220;<\/p><\/td><td><\/td><\/tr><tr><td><p><\/p><\/td><td><\/td><\/tr><tr><td width=\"90%\"><p><a href=\"https:\/\/vvz.ruhr-uni-bochum.de\/campus\/all\/module.asp?gguid=0x893F5EB26AC54C4BA1C6D36991C4F33D&amp;fieldgguid=&amp;findmodule=mittelmeer&amp;tguid=0x617D4B1934C59B4EB8B4036A80DCE504&amp;strSignMessage=\">Mittelmeerforschung im 21. Jahrhundert (5 CP)<\/a> NEU!<\/p><\/td><td><\/td><\/tr><tr><td><p>Teil 1: Vorlesung: New Horizons: Mediterranean research in the 21st century, SoSe 2013<\/p><\/td><td><\/td><\/tr><tr><td><p>Teil 2a: \u00dcbung zu speziellen Methoden und Theorien: Die Stadt in der griechisch \/ r\u00f6mischen Antike, SoSe 2013 oder<\/p><\/td><td><\/td><\/tr><tr><td><p>Teil 2b: \u00dcbung zu speziellen Methoden und Theorien: Sozialgeschichte des Mittelalters: Quellen und Methoden, SoSe 2013 oder<\/p><\/td><td><\/td><\/tr><tr><td><p>Teil 2c: \u00dcbung f\u00fcr Fortgeschrittene: Forschen studieren in der Geschichtswissenschaft mit eigener Archivarbeit, SoSe 2013 oder<\/p><\/td><td><\/td><\/tr><tr><td><p>Teil 2d: \u00dcbung f\u00fcr Fortgeschrittene: Europas S\u00fcden. Die moderne Repr\u00e4sentation des Mittelmeerraumes (19.\/20. Jh.), SoSe 2013<\/p><\/td><td><\/td><\/tr><tr><td><p>G4 Basismodul &#8222;Mittelalterliche Geschichte&#8220;,<\/p><\/td><td><\/td><\/tr><tr><td><p>Studierende der Arch\u00e4ologie und der Geschichte k\u00f6nnen an diesem Modul zwar teilnehmen, jedoch keine Credit Points f\u00fcr den Optionalbereich erwerben.<\/p><\/td><td><\/td><\/tr><tr><td><\/td><td><\/td><\/tr><tr><td colspan=\"2\"><p>Katholische Theologie<\/p><\/td><\/tr><tr><td width=\"90%\"><p><a href=\"https:\/\/vvz.ruhr-uni-bochum.de\/campus\/all\/module.asp?gguid=0x4A7CE5EC812A444CBF3998CE153F9234&amp;tguid=0x617D4B1934C59B4EB8B4036A80DCE504\">Arch\u00e4ologie der Sp\u00e4tantike: Das christlich-arch\u00e4ologische Jordanien (5 CP)<\/a><\/p><\/td><td><\/td><\/tr><tr><td><p>Teil 1: Blockseminar: Exkursion &#8222;Jordanien&#8220;, SoSe 2013<\/p><\/td><td><\/td><\/tr><tr><td><p>Teil 2: Exkursion: Jordanien (Exkursion), SoSe 2013<\/p><\/td><td><\/td><\/tr><tr><td><p>G4 Basismodul &#8222;Christentum und Kultur&#8220;<\/p><\/td><td><\/td><\/tr><tr><td><p>Studierende der Arch\u00e4ologischen Wissenschaften k\u00f6nnen in diesem Modul keine Kreditpunkte f\u00fcr den Optionalbereich erwerben!<\/p><\/td><td><\/td><\/tr><tr><td><p><\/p><\/td><td><\/td><\/tr><tr><td width=\"90%\"><p><a href=\"https:\/\/vvz.ruhr-uni-bochum.de\/campus\/all\/module.asp?gguid=0x9EAE63D85232CB43A223100A05416265&amp;fieldgguid=&amp;findmodule=Sch%F6pfung+und+Eschatologie&amp;tguid=0x617D4B1934C59B4EB8B4036A80DCE504&amp;strSignMessage=\">Sch\u00f6pfung und Eschatologie (5 CP)<\/a><\/p><\/td><td><\/td><\/tr><tr><td><p>Teil 1: Grundfragen der Sch\u00f6pfungstheologie und Eschatologie (Vorlesung), SoSe 2013<\/p><\/td><td><\/td><\/tr><tr><td><p>Teil 2: Sch\u00f6pfung und Eschatologie in &#8222;nichtchristlicher&#8220; Deutung, Literatur und Kunst. (Hauptseminar), SoSe 2013<\/p><\/td><td><\/td><\/tr><tr><td><p>G4 &#8222;Glaube und Vernunft&#8220;<\/p><\/td><td><\/td><\/tr><tr><td><p><\/p><\/td><td><\/td><\/tr><tr><td width=\"90%\"><p><a href=\"https:\/\/vvz.ruhr-uni-bochum.de\/campus\/all\/module.asp?gguid=0x3138F6E9285CE845AD85E8D50C6B7C04&amp;fieldgguid=&amp;findmodule=Theologische+Grundlagen+der+christlich+a&amp;tguid=0x617D4B1934C59B4EB8B4036A80DCE504&amp;strSignMessage=\">Theologische Grundlagen der christlich-abendl\u00e4ndischen Kunst (5 CP)<\/a><\/p><\/td><td><\/td><\/tr><tr><td><p>Teil 1: Theologische Grundlagen der christlich abendl\u00e4ndischen Kunst Teil I: Anfang und Ende (Vorlesung), SoSe 2013<\/p><\/td><td><\/td><\/tr><tr><td><p>Teil 2: Theol. Grundlagen der christlich abendl\u00e4ndischen Kunst Teil II: Allgemeine Themen (Exkursion), SoSe 2013<\/p><\/td><td><\/td><\/tr><tr><td><p>G4 Basismodul &#8222;Christentum und Kultur&#8220;<\/p><\/td><td><\/td><\/tr><tr><td><p><\/p><\/td><td><\/td><\/tr><tr><td width=\"90%\"><p><a href=\"https:\/\/vvz.ruhr-uni-bochum.de\/campus\/all\/module.asp?gguid=0x97A4675E350469408C62B1B4945B0251&amp;fieldgguid=&amp;mode=&amp;findmodule=Wege+des+Glaubens&amp;tguid=0x617D4B1934C59B4EB8B4036A80DCE504\">Wege des Glaubens (5 CP)<\/a><\/p><\/td><td><\/td><\/tr><tr><td><p>Teil 1: Gott ist die Liebe. Die Theologie der Johannesbriefe (Vorlesung), SoSe 2013<\/p><\/td><td><\/td><\/tr><tr><td><p>Teil 2: Auferstanden von den Toten. Die neutestamentlichen und apokryphen Osterevangelien (Hauptseminar), SoSe 2013<\/p><\/td><td><\/td><\/tr><tr><td><p>G4 &#8222;Christentum und Kultur&#8220;<\/p><\/td><td><\/td><\/tr><tr><td><p>Studierende der katholischen Theologie k\u00f6nnen das Modul nicht im Optionalbereich belegen!<\/p><\/td><td><\/td><\/tr><tr><td><p>Wer dieses Modul belegt, kann nicht auch &#8222;Wege des Glaubens- Der Anfang des Christentums&#8220; belegen!<\/p><\/td><td><\/td><\/tr><tr><td><p><\/p><\/td><td><\/td><\/tr><tr><td width=\"90%\"><p><a href=\"https:\/\/vvz.ruhr-uni-bochum.de\/campus\/all\/module.asp?gguid=0xC16C8E2B2AFE634E8BDD17AF13898D0E&amp;fieldgguid=&amp;mode=&amp;findmodule=Wege+des+Glaubens&amp;tguid=0x617D4B1934C59B4EB8B4036A80DCE504\">Wege des Glaubens &#8211; Der Anfang des Christentums (5 CP)<\/a><\/p><\/td><td><\/td><\/tr><tr><td><p>Teil 1: Antike Weltbilder und Neues Testament &#8211; Eine interdisziplin\u00e4re Vorlesung (Vorlesung), SoSe 2013<\/p><\/td><td><\/td><\/tr><tr><td><p>Teil 2: Auferstanden von den Toten. Die neutestamentlichen und apokryphen Osterevangelien (Hauptseminar), SoSe 2013<\/p><\/td><td><\/td><\/tr><tr><td><p>G4 &#8222;Christentum und Kultur&#8220;<\/p><\/td><td><\/td><\/tr><tr><td><p>Studierende der katholischen Theologie k\u00f6nnen das Modul nicht im Optionalbereich belegen!<\/p><\/td><td><\/td><\/tr><tr><td><p>Wer dieses Modul belegt, kann nicht auch &#8222;Wege des Glaubens&#8220; belegen!<\/p><\/td><td><\/td><\/tr><tr><td><\/td><td><\/td><\/tr><tr><td colspan=\"2\"><p>Mathematik<\/p><\/td><\/tr><tr><td width=\"90%\"><p><a href=\"https:\/\/vvz.ruhr-uni-bochum.de\/campus\/all\/module.asp?gguid=0x0A9FA61DAAA5784F861CB00A42B34BDC&amp;fieldgguid=&amp;mode=&amp;findmodule=einf%FChrung+in+die+math&amp;tguid=0x617D4B1934C59B4EB8B4036A80DCE504\">Einf\u00fchrung in die Mathematik (Schwerpunkte: Mathematik und Physik) (5 CP)<\/a><\/p><\/td><td><\/td><\/tr><tr><td><p>Teil 1: 1. Vorkurs in Mathematik f\u00fcr Mathematiker und Physiker (Vorlesung), SoSe 2013<\/p><\/td><td><\/td><\/tr><tr><td><p>Teil 2: 1. Vorkurs in Mathematik f\u00fcr Mathematiker und Physiker (\u00dcbung), SoSe 2013<\/p><\/td><td><\/td><\/tr><tr><td><p>G4 Basismodul &#8222;Grundlagen der Mathematik&#8220;<\/p><\/td><td><\/td><\/tr><tr><td><p>Studierende der Mathematik k\u00f6nnen an diesem Modul zwar teilnehmen, jedoch Credit Points nur dann f\u00fcr den Optionalbereich erwerben, wenn sie den Vorkurs vor ihrem ersten Fachsemester besuchen!<\/p><\/td><td><\/td><\/tr><tr><td><p><\/p><\/td><td><\/td><\/tr><tr><td width=\"90%\"><p><a href=\"https:\/\/vvz.ruhr-uni-bochum.de\/campus\/all\/module.asp?gguid=0x58D394C847FD4B46901ED0FD1041CCFF&amp;fieldgguid=&amp;mode=&amp;findmodule=Einf%FChrung+in+die+Mathematik+%28Schwerpunk&amp;tguid=0x617D4B1934C59B4EB8B4036A80DCE504\">Einf\u00fchrung in die Mathematik (Schwerpunkte: Natur- und Ingenieurwissenschaften sowie Informatik) (5 CP)<\/a><\/p><\/td><td><\/td><\/tr><tr><td><p>Teil 1: Vorkurs in Mathematik f\u00fcr k\u00fcnftige Studierende der Ingenieurwissenschaften (Vorkurs), SoSe 2013<\/p><\/td><td><\/td><\/tr><tr><td><p>Teil 2: Vorkurs in Mathematik f\u00fcr k\u00fcnftige Studierende der Ingenieurwissenschaften (\u00dcbung), SoSe 2013<\/p><\/td><td><\/td><\/tr><tr><td><p>G4 Basismodul &#8222;Grundlagen der Mathematik&#8220;<\/p><\/td><td><\/td><\/tr><tr><td><p>Studierende der Mathematik und der Physik k\u00f6nnen an diesem Modul zwar teilnehmen, jedoch keine Credit Points f\u00fcr den Optionalbereich erwerben!<\/p><\/td><td><\/td><\/tr><tr><td><p><\/p><\/td><td><\/td><\/tr><tr><td width=\"90%\"><p><a href=\"https:\/\/vvz.ruhr-uni-bochum.de\/campus\/all\/module.asp?gguid=0x21A477E575AC16469B438498DDF166D6&amp;fieldgguid=&amp;findmodule=Einf%FChrung+in+die+Mathematik+II+%28Schwerp&amp;tguid=0x617D4B1934C59B4EB8B4036A80DCE504&amp;strSignMessage=\">Einf\u00fchrung in die Mathematik II (Schwerpunkt: Physik und Geophysik) (10 CP)<\/a><\/p><\/td><td><\/td><\/tr><tr><td><p>Teil 1: Mathematik f\u00fcr Physiker II (Vorlesung), SoSe 2013<\/p><\/td><td><\/td><\/tr><tr><td><p>Teil 2: Mathematik f\u00fcr Physiker II (\u00dcbung), SoSe 2013<\/p><\/td><td><\/td><\/tr><tr><td><p>G4 Aufbaumodul &#8222;H\u00f6here Mathematik&#8220;<\/p><\/td><td><\/td><\/tr><tr><td><p>Studierende der Mathematik k\u00f6nnen an diesem Modul zwar teilnehmen, jedoch keine Credit Points f\u00fcr den Optionalbereich erwerben!<\/p><\/td><td><\/td><\/tr><tr><td><p><\/p><\/td><td><\/td><\/tr><tr><td width=\"90%\"><p><a href=\"https:\/\/vvz.ruhr-uni-bochum.de\/campus\/all\/module.asp?gguid=0x9B541A9C6C669B4DB82FC3F055152440&amp;fieldgguid=&amp;mode=&amp;findmodule=h%F6here&amp;tguid=0x617D4B1934C59B4EB8B4036A80DCE504\">H\u00f6here Mathematik I+II (Schwerpunkt: Angewandte Informatik) (10 CP)<\/a><\/p><\/td><td><\/td><\/tr><tr><td><p>Teil 1: H\u00f6here Mathematik II (im Rahmen der Studienrichtung Angewandte Informatik) (Vorlesung), SoSe 2013<\/p><\/td><td><\/td><\/tr><tr><td><p>Teil 2: H\u00f6here Mathematik II (im Rahmen der Studienrichtung Angewandte Informatik) (\u00dcbung), SoSe 2013<\/p><\/td><td><\/td><\/tr><tr><td><p>G4 Aufbaumodul &#8222;H\u00f6here Mathematik&#8220;<\/p><\/td><td><\/td><\/tr><tr><td><p>Studierende der Mathematik k\u00f6nnen an diesem Modul zwar teilnehmen, jedoch keine Credit Points f\u00fcr den Optionalbereich erwerben!<\/p><\/td><td><\/td><\/tr><tr><td><p><\/p><\/td><td><\/td><\/tr><tr><td width=\"90%\"><p><a href=\"https:\/\/vvz.ruhr-uni-bochum.de\/campus\/all\/module.asp?gguid=0x32976CD60332B141964254CC14851194&amp;fieldgguid=&amp;findmodule=Statistische+Methoden+%28Schwerpunkt%3A+Biol&amp;tguid=0x617D4B1934C59B4EB8B4036A80DCE504&amp;strSignMessage=\">Statistische Methoden (Schwerpunkt: Biologie und Naturwissenschaften) (5 CP)<\/a><\/p><\/td><td><\/td><\/tr><tr><td><p>Teil 1: Statistische Methoden f\u00fcr Biologen und andere Naturwissenschaftler (Vorlesung), SoSe 2013<\/p><\/td><td><\/td><\/tr><tr><td><p>Teil 2: Statistische Methoden f\u00fcr Biologen und andere Naturwissenschaftler (\u00dcbung), SoSe 2013<\/p><\/td><td><\/td><\/tr><tr><td><p>G4 Basismodul &#8222;Mathematische Anwendungen&#8220;<\/p><\/td><td><\/td><\/tr><tr><td><p>Studierende der Mathematik k\u00f6nnen an diesem Modul zwar teilnehmen, jedoch keine Credit Points f\u00fcr den Optionalbereich erwerben!<\/p><\/td><td><\/td><\/tr><tr><td><\/td><td><\/td><\/tr><tr><td colspan=\"2\"><p>Medienwissenschaft<\/p><\/td><\/tr><tr><td width=\"90%\"><p><a href=\"https:\/\/vvz.ruhr-uni-bochum.de\/campus\/all\/module.asp?gguid=0xCC527AB4074256408CE897105BD3F016&amp;fieldgguid=&amp;findmodule=soziale+med&amp;tguid=0x617D4B1934C59B4EB8B4036A80DCE504&amp;strSignMessage=\">Soziale Medien und Netzwerke (5 CP)<\/a><\/p><\/td><td><\/td><\/tr><tr><td><p>Teil 1: Die Faszination des Freien und Offenen. Kritische \u00d6kologie der Partizipation in sozialen Medien und Netzwerken (Seminar), SoSe 2013<\/p><\/td><td><\/td><\/tr><tr><td><p>Teil 2: Vernetzte Identit\u00e4ten &#8211; Identit\u00e4ten durch Vernetzung (Seminar), SoSe 2013<\/p><\/td><td><\/td><\/tr><tr><td><p>G4 Basismodul &#8222;Medientheorie und Kommunikationstheorie&#8220;<\/p><\/td><td><\/td><\/tr><tr><td><p>Studierende der Medienwissenschaften k\u00f6nnen an diesem Modul zwar teilnehmen, jedoch keine Credit Points f\u00fcr den Optionalbereich erwerben!<\/p><\/td><td><\/td><\/tr><tr><td><p><\/p><\/td><td><\/td><\/tr><tr><td colspan=\"2\"><p>Medizin<\/p><\/td><\/tr><tr><td width=\"90%\"><p>In diesem Semester liegt leider kein Angebot vor.<\/p><\/td><td><\/td><\/tr><tr><td><\/td><td><\/td><\/tr><tr><td colspan=\"2\"><p>Orientalistik und Islamwissenschaften<\/p><\/td><\/tr><tr><td width=\"90%\"><p><a href=\"https:\/\/vvz.ruhr-uni-bochum.de\/campus\/all\/module.asp?gguid=0xD55B5CAFB0461944981D477B7108B686&amp;fieldgguid=&amp;findmodule=Persische+Kalligraphie+und+Landeskunde&amp;tguid=0x617D4B1934C59B4EB8B4036A80DCE504&amp;strSignMessage=\">Persische Kalligraphie und Landeskunde (5 CP)<\/a><\/p><\/td><td><\/td><\/tr><tr><td><p>Teil 1: Landeskunde Iran (\u00dcbung), SoSe 2013<\/p><\/td><td><\/td><\/tr><tr><td><p>Teil 2: Arabisch-Persische Kalligraphie (\u00dcbung), SoSe 2013<\/p><\/td><td><\/td><\/tr><tr><td><p>G4 Basismodul &#8222;Einf\u00fchrung in die islamische Welt&#8220;<\/p><\/td><td><\/td><\/tr><tr><td><p>Studierende der Orientalistik\/Islamwissenschaften k\u00f6nnen an diesem Modul nicht teilnehmen!<\/p><\/td><td><\/td><\/tr><tr><td><\/td><td><\/td><\/tr><tr><td colspan=\"2\"><p>Ostasienwissenschaften<\/p><\/td><\/tr><tr><td width=\"90%\"><p><a href=\"https:\/\/vvz.ruhr-uni-bochum.de\/campus\/all\/module.asp?gguid=0x241657113758514DB236BEAD57170EA0&amp;fieldgguid=&amp;findmodule=Basismodul+Sinologie&amp;tguid=0x617D4B1934C59B4EB8B4036A80DCE504&amp;strSignMessage=\">Basismodul Sinologie (5 CP)<\/a><\/p><\/td><td><\/td><\/tr><tr><td><p>Teil 1: Einf\u00fchrung in die chinesische Literaturgeschichte, SoSe 2013<\/p><\/td><td><\/td><\/tr><tr><td><p>Teil 2: Einf\u00fchrung in die chinesische Philosophie, WS 2013\/14<\/p><\/td><td><\/td><\/tr><tr><td><p>Teil 3: Grundz\u00fcge der chinesischen Geschichte, SoSe 2013<\/p><\/td><td><\/td><\/tr><tr><td><p>Teil 4: Einf\u00fchrung in die Sprachwissenschaft des Chinesischen, WS 2013\/14<\/p><\/td><td><\/td><\/tr><tr><td><p>G4 Basismodul &#8222;China&#8220;<\/p><\/td><td><\/td><\/tr><tr><td><p>2 der angebotenen Modulteile bilden das Modul. Sie k\u00f6nnen frei w\u00e4hlen, welche 2 Teile Sie besuchen m\u00f6chten. Das Modul kann je nach Zusammensetzung sowohl im Winter- als auch Sommersemester begonnen werden. Das Modul ist auch Teil des sinologischen Grundstudiums (f\u00fcr Sinologiestudenten deshalb nicht \u00fcber den Optionalbereich sondern den Studiengang Sinologie kreditiert).<\/p><\/td><td><\/td><\/tr><tr><td><p><\/p><\/td><td><\/td><\/tr><tr><td width=\"90%\"><p><a href=\"https:\/\/vvz.ruhr-uni-bochum.de\/campus\/all\/module.asp?gguid=0x2C63526CC64AC54CB2269296AEF1B9B1&amp;fieldgguid=&amp;findmodule=Einf%FChrung+in+die+koreanische+Geschichte&amp;tguid=0x617D4B1934C59B4EB8B4036A80DCE504&amp;strSignMessage=\">Einf\u00fchrung in die koreanische Geschichte (5 CP)<\/a><\/p><\/td><td><\/td><\/tr><tr><td><p>Teil 1: Vormoderne koreanische Geschichte (Einf\u00fchrung in die Geschichte Koreas I) (Grundkurs), WS 2013\/14<\/p><\/td><td><\/td><\/tr><tr><td><p>Teil 2: Neuere Geschichte Koreas (Einf\u00fchrung in die Geschichte Koreas II) (Vorlesung), SoSe 2013<\/p><\/td><td><\/td><\/tr><tr><td><p>G4 Basismodul &#8222;Korea&#8220;<\/p><\/td><td><\/td><\/tr><tr><td><p>Studierende der Koreanistik k\u00f6nnen an diesem Modul zwar teilnehmen, jedoch keine Credit Points f\u00fcr den Optionalbereich erwerben!<\/p><\/td><td><\/td><\/tr><tr><td><p><\/p><\/td><td><\/td><\/tr><tr><td width=\"90%\"><p><a href=\"https:\/\/vvz.ruhr-uni-bochum.de\/campus\/all\/module.asp?gguid=0x77288D1CDE371445835050652C9098A2&amp;fieldgguid=&amp;mode=&amp;findmodule=japan+in+geschichte+und+gegenwart&amp;tguid=0x617D4B1934C59B4EB8B4036A80DCE504\">Japan in Geschichte und Gegenwart (5 CP)<\/a><\/p><\/td><td><\/td><\/tr><tr><td><p>Teil 1: Grundlagen der politikwissenschaftlichen Japanforschung (Blockseminar), SoSe 2013<\/p><\/td><td><\/td><\/tr><tr><td><p>Teil 2: Die Japanische Geschichte des 20. Jahrhunderts (Vorlesung), SoSe 2013 oder<\/p><\/td><td><\/td><\/tr><tr><td><p>Teil 3: Aktuelle Fragen der Japanologie: Feste und Feiern im Jahreszyklus (Vorlesung), SoSe 2013<\/p><\/td><td><\/td><\/tr><tr><td><p>G4 Basismodul &#8222;Japan&#8220;<\/p><\/td><td><\/td><\/tr><tr><td><p>2 der angebotenen Modulteile bilden das Modul. Eine der beiden Vorlesungen (Teil 2 ODER Teil 3) UND die \u00dcbung (Teil 1) m\u00fcssen belegt werden. Studierende der Japanologie k\u00f6nnen an diesem Modul nicht teilnehmen!<\/p><\/td><td><\/td><\/tr><tr><td><p><\/p><\/td><td><\/td><\/tr><tr><td width=\"90%\"><p><a href=\"https:\/\/vvz.ruhr-uni-bochum.de\/campus\/all\/module.asp?gguid=0xFEC750006BB04A48A211C0175B94BD32&amp;fieldgguid=&amp;findmodule=Nihongogaku&amp;tguid=0x617D4B1934C59B4EB8B4036A80DCE504&amp;strSignMessage=\">Nihongogaku (10 CP)<\/a><\/p><\/td><td><\/td><\/tr><tr><td><p>Teil 1: \u00dcberblick \u00fcber die japanische Sprache I, WS 2013\/14<\/p><\/td><td><\/td><\/tr><tr><td><p>Teil 2: \u00dcberblick \u00fcber die japanische Sprache II, SoSe 2013<\/p><\/td><td><\/td><\/tr><tr><td><p>G4 Basismodul &#8222;Japan&#8220;<\/p><\/td><td><\/td><\/tr><tr><td><p>Studierende der Japanologie k\u00f6nnen an diesem Modul zwar teilnehmen, jedoch keine Credit Points f\u00fcr den Optionalbereich erwerben!<\/p><\/td><td><\/td><\/tr><tr><td><\/td><td><\/td><\/tr><tr><td colspan=\"2\"><p>Philosophie<\/p><\/td><\/tr><tr><td width=\"90%\"><p><a href=\"https:\/\/vvz.ruhr-uni-bochum.de\/campus\/all\/module.asp?gguid=0xBFD92F52628AA7409C8C79FB60084A0D&amp;fieldgguid=&amp;findmodule=Philosophie+der+Mathematik&amp;tguid=0x617D4B1934C59B4EB8B4036A80DCE504&amp;strSignMessage=\">Philosophie der Mathematik (5 CP)<\/a><\/p><\/td><td><\/td><\/tr><tr><td><p>Teil 1: Philosophische Probleme der Mathematik von Platon bis Hilbert (Vorlesung), SoSe 2013<\/p><\/td><td><\/td><\/tr><tr><td><p>Teil 2: Philosophie der Mathematik im 20. Jahrhundert (Seminar), SoSe 2013<\/p><\/td><td><\/td><\/tr><tr><td><p>G4 Basismodul &#8222;Theoretische Philosophie&#8220;<\/p><\/td><td><\/td><\/tr><tr><td><p>Studierende der Philosophie k\u00f6nnen an diesem Modul nicht teilnehmen.<\/p><\/td><td><\/td><\/tr><tr><td><\/td><td><\/td><\/tr><tr><td colspan=\"2\"><p>Physik und Astronomie<\/p><\/td><\/tr><tr><td width=\"90%\"><p><a href=\"https:\/\/vvz.ruhr-uni-bochum.de\/campus\/all\/module.asp?gguid=0x28B641230AA0DD4DABA6079F6EC13487&amp;fieldgguid=&amp;mode=&amp;findmodule=Digitalelektronik&amp;tguid=0x617D4B1934C59B4EB8B4036A80DCE504\">Digitalelektronik (5 CP)<\/a><\/p><\/td><td><\/td><\/tr><tr><td><p>Teil 1: Digitalelektronik (Vorlesung), SoSe 2013<\/p><\/td><td><\/td><\/tr><tr><td><p>Teil 2: Digitalelektronik (Praktische \u00dcbung), SoSe 2013<\/p><\/td><td><\/td><\/tr><tr><td><p>G4 Basismodul &#8222;Elektronik f\u00fcr physikalische Experimente&#8220;<\/p><\/td><td><\/td><\/tr><tr><td><p>Studierende der Physik k\u00f6nnen an diesem Modul nicht teilnehmen!<\/p><\/td><td><\/td><\/tr><tr><td><p><\/p><\/td><td><\/td><\/tr><tr><td width=\"90%\"><p><a href=\"https:\/\/vvz.ruhr-uni-bochum.de\/campus\/all\/module.asp?gguid=0x59250459D0BEB84CBC4E647444CD6B47&amp;fieldgguid=&amp;findmodule=Leben+im+Weltraum%3F&amp;tguid=0x617D4B1934C59B4EB8B4036A80DCE504&amp;strSignMessage=\">Leben im Weltraum? (5 CP)<\/a><\/p><\/td><td><\/td><\/tr><tr><td><p>Teil 1: Leben im Weltraum? (Vorlesung), SoSe 2013<\/p><\/td><td><\/td><\/tr><tr><td><p>Teil 2: Leben im Weltraum? (\u00dcbung), SoSe 2013<\/p><\/td><td><\/td><\/tr><tr><td><p>G4 Basismodul &#8222;Physik des Universums&#8220;<\/p><\/td><td><\/td><\/tr><tr><td><p>Studierende der Physik k\u00f6nnen an diesem Modul nicht teilnehmen!<\/p><\/td><td><\/td><\/tr><tr><td><p><\/p><\/td><td><\/td><\/tr><tr><td width=\"90%\"><p><a href=\"https:\/\/vvz.ruhr-uni-bochum.de\/campus\/all\/module.asp?gguid=0xA16AE5024B0F1F479889CD84B25F7E58&amp;fieldgguid=&amp;findmodule=Mathematische+Hilfsmittel+der+Physik+%28OP&amp;tguid=0x617D4B1934C59B4EB8B4036A80DCE504&amp;strSignMessage=\">Mathematische Hilfsmittel der Physik (5 CP)<\/a><\/p><\/td><td><\/td><\/tr><tr><td><p>Teil 1: Einf\u00fchrung in die mathematischen Hilfsmittel der Physik (Vorlesung), SoSe 2013<\/p><\/td><td><\/td><\/tr><tr><td><p>Teil 2: Einf\u00fchrung in die mathematischen Hilfsmittel der Physik (\u00dcbung), SoSe 2013<\/p><\/td><td><\/td><\/tr><tr><td><p>G4 Basismodul &#8222;Mathematische Methoden f\u00fcr die Physik&#8220;<\/p><\/td><td><\/td><\/tr><tr><td><p>Studierende der Physik (B.Sc.) k\u00f6nnen an diesem Modul nicht teilnehmen!<\/p><\/td><td><\/td><\/tr><tr><td><p><\/p><\/td><td><\/td><\/tr><tr><td width=\"90%\"><p><a href=\"https:\/\/vvz.ruhr-uni-bochum.de\/campus\/all\/module.asp?gguid=0x8381776260792844B0078EFCE6A142BE&amp;fieldgguid=&amp;findmodule=Mathematische+Methoden+der+Physik+II+%28OP&amp;tguid=0x617D4B1934C59B4EB8B4036A80DCE504&amp;strSignMessage=\">Mathematische Methoden der Physik II (5 CP)<\/a><\/p><\/td><td><\/td><\/tr><tr><td><p>Teil 1: Mathematische Methoden II (Vorlesung), SoSe 2013<\/p><\/td><td><\/td><\/tr><tr><td><p>Teil 2: Mathematische Methoden II (\u00dcbung), SoSe 2013<\/p><\/td><td><\/td><\/tr><tr><td><p>G4 Basismodul &#8222;Mathematische Methoden f\u00fcr die Physik&#8220;<\/p><\/td><td><\/td><\/tr><tr><td><p>Studierende der Physik und der Mathematik k\u00f6nnen an diesem Modul nicht teilnehmen!<\/p><\/td><td><\/td><\/tr><tr><td><p><\/p><\/td><td><\/td><\/tr><tr><td width=\"90%\"><p><a href=\"https:\/\/vvz.ruhr-uni-bochum.de\/campus\/all\/module.asp?gguid=0x9500570E1D19B043B07CF022A71895AF&amp;fieldgguid=&amp;findmodule=Physik+f%FCr+Nicht%2DPhysikerinnen+und+Nicht&amp;tguid=0x617D4B1934C59B4EB8B4036A80DCE504&amp;strSignMessage=\">Physik f\u00fcr Nicht-Physikerinnen und Nicht-Physiker (5 CP)<\/a><\/p><\/td><td><\/td><\/tr><tr><td><p>Teil 1: Physik f\u00fcr Nicht-Physiker (Vorlesung), SoSe 2013<\/p><\/td><td><\/td><\/tr><tr><td><p>Teil 2: Physik f\u00fcr Nicht-Physiker (\u00dcbung), SoSe 2013<\/p><\/td><td><\/td><\/tr><tr><td><p>G4 Basismodul &#8222;Grundlagen der Physik&#8220;<\/p><\/td><td><\/td><\/tr><tr><td><p>Studierende der Physik k\u00f6nnen an diesem Modul nicht teilnehmen!<\/p><\/td><td><\/td><\/tr><tr><td><p><\/p><\/td><td><\/td><\/tr><tr><td width=\"90%\"><p><a href=\"https:\/\/vvz.ruhr-uni-bochum.de\/campus\/all\/module.asp?gguid=0xEC43D13F7213F444999775ABBEF71E44&amp;fieldgguid=&amp;findmodule=Physik+I+%28Schwerpunkt+Biologie%29+%28OPT%29&amp;tguid=0x617D4B1934C59B4EB8B4036A80DCE504&amp;strSignMessage=\">Physik I (Schwerpunkt Biologie) (5 CP)<\/a><\/p><\/td><td><\/td><\/tr><tr><td><p>Teil 1: Physik I f\u00fcr Studierende der Biologie (Vorlesung), SoSe 2013<\/p><\/td><td><\/td><\/tr><tr><td><p>Teil 2: Physik I f\u00fcr Studierende der Biologie (\u00dcbung), SoSe 2013<\/p><\/td><td><\/td><\/tr><tr><td><p>G4 Basismodul &#8222;Grundlagen der Physik&#8220;<\/p><\/td><td><\/td><\/tr><tr><td><p>Da die Veranstaltung inhaltlich der Physik I (Schwerpunkt Chemie) gleicht, kann nur jeweils eine von beiden f\u00fcr den Optionalbereich anerkannt werden. F\u00fcr Studierende des B.Sc. &#8211; Studiengangs Biologie ist dieses Modul nicht im Optionalbereich anrechenbar. Studierende der Physik k\u00f6nnen an diesem Modul nicht teilnehmen!<\/p><\/td><td><\/td><\/tr><tr><td><p><\/p><\/td><td><\/td><\/tr><tr><td width=\"90%\"><p><a href=\"https:\/\/vvz.ruhr-uni-bochum.de\/campus\/all\/module.asp?gguid=0xB015C0D0C31D8E4A957DFB972389F8AA&amp;fieldgguid=&amp;mode=&amp;findmodule=physik+II&amp;tguid=0x617D4B1934C59B4EB8B4036A80DCE504\">Physik II (Schwerpunkt Chemie, Biochemie, Geowissenschaften) (5 CP)<\/a><\/p><\/td><td><\/td><\/tr><tr><td><p>Teil 1: Physik II f\u00fcr Studierende der Biochemie, Chemie und Geowissenschaften (Vorlesung), SoSe 2013<\/p><\/td><td><\/td><\/tr><tr><td><p>Teil 2: Physik II f\u00fcr Studierende der Biochemie, Chemie und Geowissenschaften (\u00dcbung), SoSe 2013<\/p><\/td><td><\/td><\/tr><tr><td><p>G4 Basismodul &#8222;Grundlagen der Physik&#8220;<\/p><\/td><td><\/td><\/tr><tr><td><p>Da die Veranstaltung inhaltlich der Physik II (Schwerpunkt Biologie) gleicht, kann nur jeweils eine von beiden f\u00fcr den Optionalbereich anerkannt werden. Studierende des B.Sc. &#8211; Studiengangs Chemie, Biochemie, Geowissenschaften sowie Studierende der Physik k\u00f6nnen an diesem Modul nicht teilnehmen!<\/p><\/td><td><\/td><\/tr><tr><td><\/td><td><\/td><\/tr><tr><td colspan=\"2\"><p>Rechtswissenschaft<\/p><\/td><\/tr><tr><td width=\"90%\"><p>In diesem Semester liegt leider kein Angebot vor.<\/p><\/td><td><\/td><\/tr><tr><td><p><\/p><\/td><td><\/td><\/tr><tr><td colspan=\"2\"><p>Religionswissenschaft<\/p><\/td><\/tr><tr><td width=\"90%\"><p><a href=\"https:\/\/vvz.ruhr-uni-bochum.de\/campus\/all\/module.asp?gguid=0x29247953F4AC504FA70587062457FADD&amp;fieldgguid=&amp;findmodule=Religion+und+Ritus&amp;tguid=0x617D4B1934C59B4EB8B4036A80DCE504&amp;strSignMessage=\">Religion und Ritus (5 CP)<\/a><\/p><\/td><td><\/td><\/tr><tr><td><p>Teil 1: Hinduismus (Vorlesung), SoSe 2013<\/p><\/td><td><\/td><\/tr><tr><td><p>Teil 2: Religion and Food (Seminar, in Englisch), SoSe 2013<\/p><\/td><td><\/td><\/tr><tr><td><p>G4 Basismodul &#8222;Religion und Gesellschaft&#8220;<\/p><\/td><td><\/td><\/tr><tr><td><p>Studierende der Religionswissenschaft k\u00f6nnen an dem Modul zwar teilnehmen, jedoch keine Credit Points f\u00fcr den Optionalbereich erwerben.<\/p><\/td><td><\/td><\/tr><tr><td><\/td><td><\/td><\/tr><tr><td colspan=\"2\"><p>Romanistik<\/p><\/td><\/tr><tr><td width=\"90%\"><p><a href=\"https:\/\/vvz.ruhr-uni-bochum.de\/campus\/all\/module.asp?gguid=0xDA6395BDBB2F284D8C995721D4FCB45E&amp;fieldgguid=&amp;findmodule=las+cultu&amp;tguid=0x617D4B1934C59B4EB8B4036A80DCE504&amp;strSignMessage=\">Las culturas de Am\u00e9rica Latina &#8211; Die Kulturen Lateinamerikas (5 CP)<\/a><\/p><\/td><td><\/td><\/tr><tr><td><p>Teil 1: &#8222;Loquito por ti&#8220;: ritmos, m\u00fasica y cultura popular en Am\u00e9rica Latina (Proseminar), SoSe 2013<\/p><\/td><td><\/td><\/tr><tr><td><p>Teil 2a: Fronteras, exilios, caminos del cine latinoamericano contempor\u00e1neo (Proseminar), SoSe 2013 oder<\/p><\/td><td><\/td><\/tr><tr><td><p>Teil 2b: Die Comedias von Juan Ru\u00edz de Alarc\u00f3n (Proseminar), SoSe 2013<\/p><\/td><td><\/td><\/tr><tr><td><p>G4 Basismodul &#8222;Kultur Lateinamerikas&#8220;<\/p><\/td><td><\/td><\/tr><tr><td><p>Studierende der Romanischen Philologie k\u00f6nnen an diesem Modul nur teilnehmen, sofern kein Modulteil zugleich Bestandteil eines Fachmoduls ist!<\/p><\/td><td><\/td><\/tr><tr><td><p><\/p><\/td><td><\/td><\/tr><tr><td width=\"90%\"><p><a href=\"https:\/\/vvz.ruhr-uni-bochum.de\/campus\/all\/module.asp?gguid=0x6EB88103884E454EBE2CAC62FE45EDD1&amp;fieldgguid=&amp;mode=&amp;findmodule=Portugiesisch%3A+Sprache+und+Kulturen+Bras&amp;tguid=0x617D4B1934C59B4EB8B4036A80DCE504\">Portugiesisch: Sprache und Kulturen Brasiliens, Portugals und des lusophonen Afrikas (A 2\/B 1) (5 CP)<\/a><\/p><\/td><td><\/td><\/tr><tr><td><p>Teil 1: Portugiesisch III (\u00dcbung), SoSe 2013<\/p><\/td><td><\/td><\/tr><tr><td><p>Teil 2: Landeskundeseminar Lusophonie I (Proseminar), WS 2013\/14<\/p><\/td><td><\/td><\/tr><tr><td><p>G4 Aufbaumodul &#8222;Portugiesisch&#8220; \/ G 1 Modul Portugiesisch II (bras.)<\/p><\/td><td><\/td><\/tr><tr><td><p>Studierende der Romanischen Philologie k\u00f6nnen an diesem Modul nur teilnehmen, sofern Modulteil 2 nicht Bestandteil eines Fachmoduls ist! Bitte beachten Sie unbedingt die Hinweise unter dem Punkt &#8222;Voraussetzungen&#8220; der Modulbeschreibung!<\/p><\/td><td><\/td><\/tr><tr><td><\/td><td><\/td><\/tr><tr><td colspan=\"2\"><p>Sozialwissenschaft<\/p><\/td><\/tr><tr><td width=\"90%\"><p><a href=\"https:\/\/vvz.ruhr-uni-bochum.de\/campus\/all\/module.asp?gguid=0x52AC04BC6362B24CA4B9FFA38FFFF3A0&amp;fieldgguid=&amp;findmodule=Arbeits-%2C+Wirtschafts-+und+Organisations&amp;tguid=0x617D4B1934C59B4EB8B4036A80DCE504&amp;strSignMessage=\">Arbeits-, Wirtschafts- und Organisationssoziologie (5 CP)<\/a><\/p><\/td><td><\/td><\/tr><tr><td><p>Teil 1: Einf\u00fchrung in die Arbeits-, Wirtschafts- und Organisationssoziologie (Seminar), SoSe 2013<\/p><\/td><td><\/td><\/tr><tr><td><p>Teil 2: Strukturierte Betreuung (\u00dcbung), SoSe 2013<\/p><\/td><td><\/td><\/tr><tr><td><p>G4 Aufbaumodul &#8222;Soziologie&#8220;<\/p><\/td><td><\/td><\/tr><tr><td><p>Studierende der F\u00e4cher PWG, KIG und Soziologie sowie des Studiengangs Sozialwissenschaft k\u00f6nnen an diesem Modul nicht teilnehmen!<\/p><\/td><td><\/td><\/tr><tr><td><p><\/p><\/td><td><\/td><\/tr><tr><td width=\"90%\"><p><a href=\"https:\/\/vvz.ruhr-uni-bochum.de\/campus\/all\/module.asp?gguid=0xC0192AA49418D34590F09DCA26681ECB&amp;fieldgguid=&amp;findmodule=Einf%FChrung+in+die+Wirtschafts%2D+und+Sozia&amp;tguid=0x617D4B1934C59B4EB8B4036A80DCE504&amp;strSignMessage=\">Einf\u00fchrung in die Wirtschafts- und Sozialpolitik (5 CP)<\/a><\/p><\/td><td><\/td><\/tr><tr><td><p>Teil 1: Einf\u00fchrung in die Wirtschafts- und Sozialpolitik (Vorlesung), SoSe 2013<\/p><\/td><td><\/td><\/tr><tr><td><p>Teil 2: Strukturierte Betreuung (GrundSoz\u00f6k, Teil III) (\u00dcbung), SoSe 2013<\/p><\/td><td><\/td><\/tr><tr><td><p>G4 Basismodul &#8222;Sozial\u00f6konomik&#8220;<\/p><\/td><td><\/td><\/tr><tr><td><p>Studierende der F\u00e4cher PWG, Soziologie, Politikwissenschaft und Sozialpsychologie\/-anthropologie sowie des Studiengangs Sozialwissenschaft k\u00f6nnen an diesem Modul nicht teilnehmen!<\/p><\/td><td><\/td><\/tr><tr><td><p><\/p><\/td><td><\/td><\/tr><tr><td width=\"90%\"><p><a href=\"https:\/\/vvz.ruhr-uni-bochum.de\/campus\/all\/module.asp?gguid=0x789C352841B74144A9EC548341CC7B88&amp;fieldgguid=&amp;findmodule=Politikwissenschaft%3A+Internationale+Bezi&amp;tguid=0x617D4B1934C59B4EB8B4036A80DCE504&amp;strSignMessage=\">Politikwissenschaft: Internationale Beziehungen (5 CP)<\/a><\/p><\/td><td><\/td><\/tr><tr><td><p>Teil 1: Internationale Beziehungen (Vorlesung), SoSe 2013<\/p><\/td><td><\/td><\/tr><tr><td><p>Teil 2a: Theorie und Praxis der &#8222;Varieties of Capitalism&#8220; im internationalen Vergleich (Seminar), SoSe 2013 oder<\/p><\/td><td><\/td><\/tr><tr><td><p>Teil 2b: Deutschland in Global Governance (Seminar), SoSe 2013 oder<\/p><\/td><td><\/td><\/tr><tr><td><p>Teil 2c: Planspiel: The WTO-Doha-Round of World Trade Negotiations (Seminar), SoSe 2013<\/p><\/td><td><\/td><\/tr><tr><td><p>G4 Aufbaumodul &#8222;Politikwissenschaft&#8220;<\/p><\/td><td><\/td><\/tr><tr><td><p>Studierende des Faches Politikwissenschaft, des Faches Politik, Wirtschaft und Gesellschaft, sowie des Faches Sozialwissenschaft k\u00f6nnen an dem Modul nicht teilnehmen!<\/p><\/td><td><\/td><\/tr><tr><td><p><\/p><\/td><td><\/td><\/tr><tr><td width=\"90%\"><p><a href=\"https:\/\/vvz.ruhr-uni-bochum.de\/campus\/all\/module.asp?gguid=0x2C336A2024EB9745AA8D8AAD33CFEE9D&amp;fieldgguid=&amp;findmodule=Politikwissenschaft%3A+Politisches+System&amp;tguid=0x617D4B1934C59B4EB8B4036A80DCE504&amp;strSignMessage=\">Politikwissenschaft: Politisches System Deutschlands (5 CP)<\/a><\/p><\/td><td><\/td><\/tr><tr><td><p>Teil 1: Einf\u00fchrung in das politische System Deutschlands (Vorlesung), SoSe 2013<\/p><\/td><td><\/td><\/tr><tr><td><p>Teil 2a: Gewerkschaften und (Partei-)Politik (Seminar), SoSe 2013 oder<\/p><\/td><td><\/td><\/tr><tr><td><p>Teil 2b: Verwaltung und Verwaltungswissenschaft in Deutschland (Seminar), SoSe 2013 oder<\/p><\/td><td><\/td><\/tr><tr><td><p>Teil 2c: Der Akteurszentrierte Institutionalismus und seine Anwendung auf die Bundespolitik (Seminar), SoSe 2013 oder<\/p><\/td><td><\/td><\/tr><tr><td><p>Teil 2d: Die extreme Rechte in Deutschland: Sozialwissenschaftliche Perspektiven (Seminar), SoSe 2013<\/p><\/td><td><\/td><\/tr><tr><td><p>G4 Basismodul &#8222;Politikwissenschaft&#8220;<\/p><\/td><td><\/td><\/tr><tr><td><p>Studierende der F\u00e4cher PWG, KIG, Politikwissenschaft sowie des Studienganges Sozialwissenschaft k\u00f6nnen an dem Modul nicht teilnehmen!<\/p><\/td><td><\/td><\/tr><tr><td><p><\/p><\/td><td><\/td><\/tr><tr><td width=\"90%\"><p><a href=\"https:\/\/vvz.ruhr-uni-bochum.de\/campus\/all\/module.asp?gguid=0x5CE5C19FDA357245B17CDD2168DF27D2&amp;fieldgguid=&amp;mode=&amp;findmodule=politikwissenschaft&amp;tguid=0x617D4B1934C59B4EB8B4036A80DCE504\">Politikwissenschaft: Vergleichende Politikwissenschaft (5 CP)<\/a><\/p><\/td><td><\/td><\/tr><tr><td><p>Teil 1: Einf\u00fchrung in die Vergleichende Politikwissenschaft (Vorlesung), SoSe 2013<\/p><\/td><td><\/td><\/tr><tr><td><p>Teil 2a: Interest groups in EU politics: How to lobby EU? (Seminar), SoSe 2013 oder<\/p><\/td><td><\/td><\/tr><tr><td><p>Teil 2b: Wandel durch Demonstrationen? &#8211; Erfolgsaussichten von Demokratiebewegungen im Vergleich (Seminar), SoSe 2013 oder<\/p><\/td><td><\/td><\/tr><tr><td><p>Teil 2c: Zweite Kammern im Vergleich (Seminar), SoSe 2013<\/p><\/td><td><\/td><\/tr><tr><td><p>G4 Aufbaumodul &#8222;Politikwissenschaft&#8220;<\/p><\/td><td><\/td><\/tr><tr><td><p>Studierende des Faches Politikwissenschaft sowie des Studiengangs Sozialwissenschaft k\u00f6nnen an diesem Modul nicht teilnehmen!<\/p><\/td><td><\/td><\/tr><tr><td><p><\/p><\/td><td><\/td><\/tr><tr><td width=\"90%\"><p><a href=\"https:\/\/vvz.ruhr-uni-bochum.de\/campus\/all\/module.asp?gguid=0xA29B7C04DA7FAB4BA436250C62C27BDE&amp;fieldgguid=&amp;findmodule=Sozialanthropologie&amp;tguid=0x617D4B1934C59B4EB8B4036A80DCE504&amp;strSignMessage=\">Sozialanthropologie (5 CP)<\/a><\/p><\/td><td><\/td><\/tr><tr><td><p>Teil 1: Einf\u00fchrung in die Sozial- und Kulturanthropologie (Vorlesung), SoSe 2013<\/p><\/td><td><\/td><\/tr><tr><td><p>Teil 2: Strukturierte Betreuung (\u00dcbung), SoSe 2013<\/p><\/td><td><\/td><\/tr><tr><td><p>G4 Basismodul &#8222;Sozialpsychologie&#8220;<\/p><\/td><td><\/td><\/tr><tr><td><p>Studierende des Faches Sozialpsychologie und -anthropologie sowie des Studienganges Sozialwissenschaft k\u00f6nnen an dem Modul nicht teilnehmen!<\/p><\/td><td><\/td><\/tr><tr><td><p><\/p><\/td><td><\/td><\/tr><tr><td width=\"90%\"><p><a href=\"https:\/\/vvz.ruhr-uni-bochum.de\/campus\/all\/module.asp?gguid=0x171276F2C59DBB4BAFAB78DA36A9A7E6&amp;fieldgguid=&amp;findmodule=Sozial-+und+Kulturpsychologie&amp;tguid=0x617D4B1934C59B4EB8B4036A80DCE504&amp;strSignMessage=\">Sozial- und Kulturpsychologie (5 CP)<\/a><\/p><\/td><td><\/td><\/tr><tr><td><p>Teil 1: Einf\u00fchrung in die Sozial- und Kulturpsychologie (Vorlesung), SoSe 2013<\/p><\/td><td><\/td><\/tr><tr><td><p>Teil 2: Strukturierte Betreuung (\u00dcbung), SoSe 2013<\/p><\/td><td><\/td><\/tr><tr><td><p>G4 Basismodul &#8222;Sozialpsychologie&#8220;<\/p><\/td><td><\/td><\/tr><tr><td><p>Studierende des Faches Sozialpsychologie und -anthropologie sowie des Studiengangs Sozialwissenschaft k\u00f6nnen an dem Modul nicht teilnehmen!<\/p><\/td><td><\/td><\/tr><tr><td><p><\/p><\/td><td><\/td><\/tr><tr><td width=\"90%\"><p><a href=\"https:\/\/vvz.ruhr-uni-bochum.de\/campus\/all\/module.asp?gguid=0x640834F38D7F1A4A977EC38B82F4E1D4&amp;fieldgguid=&amp;findmodule=Sozial-+und+Kulturtheorie&amp;tguid=0x617D4B1934C59B4EB8B4036A80DCE504&amp;strSignMessage=\">Sozial- und Kulturtheorie (5 CP)<\/a><\/p><\/td><td><\/td><\/tr><tr><td><p>Teil 1: Einf\u00fchrung in die Sozial- und Kulturtheorie (Vorlesung), SoSe 2013<\/p><\/td><td><\/td><\/tr><tr><td><p>Teil 2: Strukturierte Betreuung (SozThe, Teil III) (\u00dcbung), SoSe 2013<\/p><\/td><td><\/td><\/tr><tr><td><p>G4 Aufbaumodul &#8222;Sozialpsychologie&#8220;<\/p><\/td><td><\/td><\/tr><tr><td><p>Studierende des Faches Sozialpsychologie und -anthropologie sowie des Studiengangs Sozialwissenschaft k\u00f6nnen an dem Modul nicht teilnehmen!<\/p><\/td><td><\/td><\/tr><tr><td><p><\/p><\/td><td><\/td><\/tr><tr><td width=\"90%\"><p><a href=\"https:\/\/vvz.ruhr-uni-bochum.de\/campus\/all\/module.asp?gguid=0x0BC5430AD7A8584797134AC8D8777887&amp;fieldgguid=&amp;findmodule=Theorien+und+Methoden+der+Kulturpsycholo&amp;tguid=0x617D4B1934C59B4EB8B4036A80DCE504&amp;strSignMessage=\">Theorien und Methoden der Kulturpsychologie (5 CP)<\/a><\/p><\/td><td><\/td><\/tr><tr><td><p>Teil 1: Theorien und Methoden der Kulturpsychologie (Vorlesung), SoSe 2013<\/p><\/td><td><\/td><\/tr><tr><td><p>Teil 2: Strukturierte Betreuung (SozKult, Teil III ) (\u00dcbung), SoSe 2013<\/p><\/td><td><\/td><\/tr><tr><td><p>G4 Aufbaumodul &#8222;Sozialpsychologie&#8220;<\/p><\/td><td><\/td><\/tr><tr><td><p>Studierende des Faches Sozialpsychologie und -anthropologie sowie des Studiengangs Sozialwissenschaft k\u00f6nnen an dem Modul nicht teilnehmen!<\/p><\/td><td><\/td><\/tr><tr><td><p><\/p><\/td><td><\/td><\/tr><tr><td width=\"90%\"><p><a href=\"https:\/\/vvz.ruhr-uni-bochum.de\/campus\/all\/module.asp?gguid=0x21E773447F2C0B4B9C3C27D8308E0BD8&amp;fieldgguid=&amp;findmodule=Grundfragen+und+Hauptbegriffe+der+Soziol&amp;tguid=0x617D4B1934C59B4EB8B4036A80DCE504&amp;strSignMessage=\">Grundfragen und Hauptbegriffe der Soziologie (Soziologie I) (5 CP)<\/a><\/p><\/td><td><\/td><\/tr><tr><td><p>Teil 1: Grundfragen und Hauptbegriffe der Soziologie (Soziologie I) (Vorlesung), SoSe 2013<\/p><\/td><td><\/td><\/tr><tr><td><p>Teil 2: Strukturierte Betreuung zur Soziologie I (\u00dcbung), SoSe 2013<\/p><\/td><td><\/td><\/tr><tr><td><p>G4 Basismodul &#8222;Soziologie&#8220;<\/p><\/td><td><\/td><\/tr><tr><td><p>Studierende der F\u00e4cher PWG, KIG, Soziologie, Politikwissenschaft und Sozialpsychologie\/-anthropologie sowie des Studiengangs Sozialwissenschaft k\u00f6nnen an diesem Modul nicht teilnehmen!<\/p><\/td><td><\/td><\/tr><tr><td><p><\/p><\/td><td><\/td><\/tr><tr><td width=\"90%\"><p><a href=\"https:\/\/vvz.ruhr-uni-bochum.de\/campus\/all\/module.asp?gguid=0xED42BB6BD10D3A498AA1181DC689CDD6&amp;fieldgguid=&amp;findmodule=Sozialstruktur+und+sozialer+Wandel+%28Sozi&amp;tguid=0x617D4B1934C59B4EB8B4036A80DCE504&amp;strSignMessage=\">Sozialstruktur und sozialer Wandel (Soziologie II) (5 CP)<\/a><\/p><\/td><td><\/td><\/tr><tr><td><p>Teil 1: Sozialstruktur und sozialer Wandel (Vorlesung), SoSe 2013<\/p><\/td><td><\/td><\/tr><tr><td><p>Teil 2: Strukturierte Betreuung zur Soziologie II (\u00dcbung), SoSe 2013<\/p><\/td><td><\/td><\/tr><tr><td><\/td><td><\/td><\/tr><tr><td><p>G4 Aufbaumodul &#8222;Soziologie&#8220;<\/p><\/td><td><\/td><\/tr><tr><td><p>Studierende der F\u00e4cher PWG, KIG, Soziologie, Politikwissenschaft und Sozialpsychologie\/-anthropologie sowie des Studiengangs Sozialwissenschaft k\u00f6nnen an diesem Modul nicht teilnehmen!<\/p><\/td><td><\/td><\/tr><tr><td><\/td><td><\/td><\/tr><tr><td colspan=\"2\"><p>Sportwissenschaft<\/p><\/td><\/tr><tr><td width=\"90%\"><p>In diesem Semester liegt leider kein Angebot vor.<\/p><\/td><td><\/td><\/tr><tr><td><p><\/p><\/td><td><\/td><\/tr><tr><td colspan=\"2\"><p>Theaterwissenschaft<\/p><\/td><\/tr><tr><td><p><\/p><\/td><td><\/td><\/tr><tr><td width=\"90%\"><p><a href=\"https:\/\/vvz.ruhr-uni-bochum.de\/campus\/all\/module.asp?gguid=0x1B7DF61BB73A5944AABD73DE45455F65&amp;fieldgguid=&amp;findmodule=Theatertheorie+und+Analyse+des+Gegenwart&amp;tguid=0x617D4B1934C59B4EB8B4036A80DCE504&amp;strSignMessage=\">Theatertheorie und Analyse des Gegenwartstheaters (5 CP)<\/a> NEU!<\/p><\/td><td><\/td><\/tr><tr><td><p>Teil 1: S Das hat mich (nicht) ber\u00fchrt. Theater im Kontext der Erlebnisgesellschaft, SoSe 2013<\/p><\/td><td><\/td><\/tr><tr><td><p>Teil 2: S Schreiben nach Brecht. Politische Gegenwartsdramatik in der Tradition von Bertolt Brecht, SoSe 2013<\/p><\/td><td><\/td><\/tr><tr><td width=\"100%\"><p>Studierende der Theaterwissenschaft k\u00f6nnen an diesem Modul nicht teilnehmen.<\/p><\/td><td><\/td><\/tr><tr><td><p><\/p><\/td><td><\/td><\/tr><tr><td colspan=\"2\"><p>Wirtschaftswissenschaft<\/p><\/td><\/tr><tr><td width=\"90%\"><p><a href=\"https:\/\/vvz.ruhr-uni-bochum.de\/campus\/all\/module.asp?gguid=0xCBBCA7B66BDDCC48917A00B1DE996E43&amp;fieldgguid=&amp;findmodule=Einf%FChrung+in+die+Betriebs%2D+sowie+Volksw&amp;tguid=0x617D4B1934C59B4EB8B4036A80DCE504&amp;strSignMessage=\">Einf\u00fchrung in die Betriebs- sowie Volkswirtschaftslehre (5 CP)<\/a><\/p><\/td><td><\/td><\/tr><tr><td><p>Teil 1: Einf\u00fchrung in die VWL f\u00fcr Nicht\u00f6konomen (Vorlesung), WS 2012\/13<\/p><\/td><td><\/td><\/tr><tr><td><p>Teil 2: Einf\u00fchrung in die BWL f\u00fcr Nicht\u00f6konomen (Vorlesung), SoSe 2013<\/p><\/td><td><\/td><\/tr><tr><td><p>Teil 3: Einf\u00fchrung in die BWL f\u00fcr Nicht\u00f6konomen (Tutorium), SoSe 2013<\/p><\/td><td><\/td><\/tr><tr><td><p>G4 Basismodul &#8222;\u00d6konomie&#8220;<\/p><\/td><td><\/td><\/tr><tr><td><p>Teilnehmende des Moduls &#8222;Grundlagen der BWL f\u00fcr Nicht\u00f6konomen und Existenzgr\u00fcnder&#8220; sowie Studierende des Fachs Wirtschaftswissenschaft k\u00f6nnen an diesem Modul nicht teilnehmen!<\/p><\/td><td><\/td><\/tr><tr><td><p><\/p><\/td><td><\/td><\/tr><tr><td width=\"90%\"><p><a href=\"https:\/\/vvz.ruhr-uni-bochum.de\/campus\/all\/module.asp?gguid=0x4BFAB34DBA14374F966BF7DDA29A8EC5&amp;fieldgguid=&amp;findmodule=einf%FChrung+in+das+rechnungsw&amp;tguid=0x617D4B1934C59B4EB8B4036A80DCE504&amp;strSignMessage=\">Einf\u00fchrung in das Rechnungswesen\/Controlling (5 CP)<\/a><\/p><\/td><td><\/td><\/tr><tr><td><p>Teil 1: Einf\u00fchrung in das Rechnungswesen\/Controlling (Vorlesung), SoSe 2013<\/p><\/td><td><\/td><\/tr><tr><td><p>Teil 2: Einf\u00fchrung in das Rechnungswesen\/Controlling (\u00dcbung), SoSe 2013<\/p><\/td><td><\/td><\/tr><tr><td><p>G4 Basismodul &#8222;Rechnungswesen&#8220;<\/p><\/td><td><\/td><\/tr><tr><td><p>Teilnehmende des Moduls &#8222;Grundlagen der BWL f\u00fcr Nicht\u00f6konomen und Existenzgr\u00fcnder&#8220; sowie Studierende der Wirtschaftswissenschaft k\u00f6nnen an diesem Modul nicht teilnehmen!<\/p><\/td><td><\/td><\/tr><tr><td><p><\/p><\/td><td><\/td><\/tr><tr><td width=\"90%\"><p><a href=\"https:\/\/vvz.ruhr-uni-bochum.de\/campus\/all\/module.asp?gguid=0x3B063D9C8BFD0E4E8D4A1ADB400D7C9B&amp;fieldgguid=&amp;findmodule=general+m&amp;tguid=0x617D4B1934C59B4EB8B4036A80DCE504&amp;strSignMessage=\">General Management f\u00fcr Existenzgr\u00fcnder (10 CP)<\/a><\/p><\/td><td><\/td><\/tr><tr><td><p>Teil 1: General Management (Vorlesung), SoSe 2013<\/p><\/td><td><\/td><\/tr><tr><td><p>Teil 2: Businessplanerstellung (\u00dcbung), SoSe 2013<\/p><\/td><td><\/td><\/tr><tr><td><p>G4 Aufbaumodul Existenzgr\u00fcndung<\/p><\/td><td><\/td><\/tr><tr><td><p>Studierende der Wirtschaftwissenschaft (BWL\/VWL) k\u00f6nnen an diesem Modul nicht teilnehmen!<\/p><\/td><td><\/td><\/tr><tr><td><p><\/p><\/td><td><\/td><\/tr><tr><td width=\"90%\"><p><a href=\"https:\/\/vvz.ruhr-uni-bochum.de\/campus\/all\/module.asp?gguid=0x279D33E9D440B9439775ACDD35FE46D0&amp;fieldgguid=&amp;mode=&amp;findmodule=Grundlagen+der&amp;tguid=0xF6D6C16D8202A74C8FD36C4FB58CFC2A\">Grundlagen der BWL f\u00fcr Nicht\u00f6konomen und Existenzgr\u00fcnder (10 CP) NEU!<\/a><\/p><\/td><td><\/td><\/tr><tr><td><p>Teil 1: V Einf\u00fchrung in die BWL f\u00fcr Nicht\u00f6konomen (Vorlesung), SoSe 2013<\/p><\/td><td><\/td><\/tr><tr><td><p>Teil 2: T Einf\u00fchrung in die BWL f\u00fcr Nicht\u00f6konomen (Tutorium), SoSe 2013<\/p><\/td><td><\/td><\/tr><tr><td><p>Teil 3: V Einf\u00fchrung in das Rechnungswesen \/ Controlling (Vorlesung), SoSe 2013<\/p><\/td><td><\/td><\/tr><tr><td><p>Teil 4: \u00dc Einf\u00fchrung in das Rechnungswesen \/ Controlling (\u00dcbung), SoSe 2013<\/p><\/td><td><\/td><\/tr><tr><td><p>G4 Basismodul &#8222;\u00d6konomie&#8220;\/ G4 Basismodul &#8222;Rechnungswesen&#8220;<\/p><\/td><td><\/td><\/tr><tr><td><p>Studierende der Wirtschaftwissenschaft (BWL\/VWL), sowie Teilnehmende der Module &#8222;Einf\u00fchrung in die Betriebs- sowie Volkswirtschaftslehre&#8220;, und &#8220; Einf\u00fchrung in das Rechnungswesen\/Controlling&#8220; k\u00f6nnen an diesem Modul nicht teilnehmen!<\/p><\/td><td><\/td><\/tr><tr><td><p><\/p><\/td><td><\/td><\/tr><tr><td width=\"90%\"><p><a href=\"https:\/\/vvz.ruhr-uni-bochum.de\/campus\/all\/module.asp?gguid=0x91BABEEE7BEB7549AB92F439B94D7203&amp;fieldgguid=&amp;findmodule=Grundlagen+der+Businessplanerstellung&amp;tguid=0x617D4B1934C59B4EB8B4036A80DCE504&amp;strSignMessage=\">Grundlagen der Businessplanerstellung (5 CP)<\/a><\/p><\/td><td><\/td><\/tr><tr><td><p>Teil 1: Grundlagen der Businessplanerstellung (Vorlesung), SoSe 2013<\/p><\/td><td><\/td><\/tr><tr><td><p>Teil 2: Grundlagen der Businessplanerstellung (\u00dcbung), SoSe 2013<\/p><\/td><td><\/td><\/tr><tr><td><p>G4 Aufbaumodul Existenzgr\u00fcndung<\/p><\/td><td><\/td><\/tr><tr><td><p>Studierende der Wirtschaftwissenschaft (BWL\/VWL) k\u00f6nnen an diesem Modul nicht teilnehmen!<\/p><\/td><td><\/td><\/tr><tr><td><\/td><td><\/td><\/tr><tr><td colspan=\"2\"><p>Interdisziplin\u00e4re Module<\/p><\/td><\/tr><tr><td width=\"90%\"><p><a href=\"https:\/\/vvz.ruhr-uni-bochum.de\/campus\/all\/module.asp?gguid=0x19CA43A3BFCF7D458380FFD1DB107944&amp;fieldgguid=&amp;findmodule=basismodul+%22h%F6&amp;tguid=0x617D4B1934C59B4EB8B4036A80DCE504&amp;strSignMessage=\">Basismodul &#8222;H\u00f6henphysiologie und H\u00f6henadaptation&#8220; (10 CP)<\/a><\/p><\/td><td><\/td><\/tr><tr><td><p>Teil 1: H\u00f6henphysiologie und H\u00f6henadaptation Theorie und Projektentwicklung (Seminar), SoSe 2013<\/p><\/td><td><\/td><\/tr><tr><td><p>Teil 2: Grundlagen der Pr\u00e4sentation \/ Pr\u00e4sentationstechniken (\u00dcbung), SoSe 2013 und WS 2013\/14<\/p><\/td><td><\/td><\/tr><tr><td><p>Teil 3: Vorbereitung einer Feldstudie (\u00dcbung), SoSe 2013<\/p><\/td><td><\/td><\/tr><tr><td><p>G4 Intensiv studieren<\/p><\/td><td><\/td><\/tr><tr><td><p>Das Modul ist erst ab dem 2. Fachsemester belegbar! Beachten Sie, dass das Basismodul nur in Verbindung mit dem Aufbaumodul H\u00f6henphysiologie und H\u00f6henadaptation (SoSe 2013 bis WS 2013\/14, 10 CP, Gebiet 2) belegt werden kann.<\/p><\/td><td><\/td><\/tr><tr><td><p><\/p><\/td><td><\/td><\/tr><tr><td width=\"90%\"><p><a href=\"https:\/\/vvz.ruhr-uni-bochum.de\/campus\/all\/module.asp?gguid=0xCCEF6A4B2F3947479BF19C66B649FB0A&amp;fieldgguid=&amp;findmodule=Die+Inszenierung&amp;tguid=0x617D4B1934C59B4EB8B4036A80DCE504&amp;strSignMessage=\">Die Inszenierung lateinamerikanischer Nationalkultur (5 CP)<\/a><\/p><\/td><td><\/td><\/tr><tr><td><p>Teil 1: Feldtheorie und Literatursoziologie: Von der Theorie zur Empirie anhand von lateinamerikanischen Beispielen (Seminar), SoSe 2013<\/p><\/td><td><\/td><\/tr><tr><td><p>Teil 2: Tendenzen im zeitgen\u00f6ssischen lateinamerikanischen Theater am Beispiel der L\u00e4nder Argentinien, Kolumbien, Brasilien und Mexiko (Blockseminar), SoSe 2013<\/p><\/td><td><\/td><\/tr><tr><td><p>Teil 3: Lateinamerikanische Kunst des 20. Jahrhunderts (Blockseminar), SoSe 2013<\/p><\/td><td><\/td><\/tr><tr><td><p>G4 Intensive Track<\/p><\/td><td><\/td><\/tr><tr><td><p>Das Modul ist richtet sich an Studierende ab dem 3. Fachsemester! Studierende k\u00f6nnen nur die Veranstaltungen belegen, die nicht zugleich Bestandteil eines Fachmoduls ihrer Studieng\u00e4nge sind (z.B. Romanistik, Theaterwissenschaft, Kunstgeschichte etc.).<\/p><\/td><td><\/td><\/tr><tr><td><p><\/p><\/td><td><\/td><\/tr><tr><td width=\"90%\"><p><a href=\"https:\/\/vvz.ruhr-uni-bochum.de\/campus\/all\/module.asp?gguid=0x4E2551B39163EC408C0430F88443CCDA&amp;fieldgguid=&amp;findmodule=die+sozialwiss&amp;tguid=0x617D4B1934C59B4EB8B4036A80DCE504&amp;strSignMessage=\">Die Sozialwissenschaften im Theater: ein Ort zwischen Inszenierung und Authentizit\u00e4t (20 CP)<\/a><\/p><\/td><td><\/td><\/tr><tr><td><p>Teil 1: Lehrforschungsprojekt: &#8222;Die Sozialwissenschaften im Theater: interpretative Sozialforschung und Kulturanalyse auf den Spuren von Inszenierung und Authentizit\u00e4t&#8220;, SoSe 2013 und WiSe 2013\/14<\/p><\/td><td><\/td><\/tr><tr><td><p>Teil 2: Strukturierte Betreuung zum Lehrforschungsprojekt, SoSe 2013 und WiSe 2013\/14<\/p><\/td><td><\/td><\/tr><tr><td><p>Teil 3: &#8222;Die Konstruktion und Inszenierung psychosozialer Wirklichkeit. Gef\u00fchle und Orte als Hort der Authentizit\u00e4t?&#8220; (Seminar), SoSe 2013<\/p><\/td><td><\/td><\/tr><tr><td><p>Teil 4: mehrt\u00e4gige Theaterexkursion nach Bad Hersfeld<\/p><\/td><td><\/td><\/tr><tr><td><p>Teil 5: \u00f6ffentliche Pr\u00e4sentation der Forschungsergebnisse<\/p><\/td><td><\/td><\/tr><tr><td><p>G4 Intensiv studieren \/ G2 Intensiv studieren<\/p><\/td><td><\/td><\/tr><tr><td><p>Studierende des 1-Fach-Bachelors Sozialwissenschaft k\u00f6nnen an diesem Modul nicht teilnehmen!<\/p><\/td><td><\/td><\/tr><tr><td><p><\/p><\/td><td><\/td><\/tr><tr><td width=\"90%\"><p><a href=\"https:\/\/vvz.ruhr-uni-bochum.de\/campus\/all\/module.asp?gguid=0x3F48796CB8E7C840A8024F79A40A08E1&amp;fieldgguid=&amp;findmodule=Farben+sehen+und+erleben&amp;tguid=0x617D4B1934C59B4EB8B4036A80DCE504&amp;strSignMessage=\">Farben sehen und erleben (5 CP)<\/a><\/p><\/td><td><\/td><\/tr><tr><td><p>Teil 1: Farben sehen und erleben &#8211; Theorie und Geschichte (Seminar), SoSe 2013<\/p><\/td><td><\/td><\/tr><tr><td><p>Teil 2: Farben sehen und erleben &#8211; Praktische Einf\u00fchrung in die Welt der Farben und der Malerei (Praktische \u00dcbung), SoSe 2013<\/p><\/td><td><\/td><\/tr><tr><td><p>G4 Basismodul &#8222;Kunst und Kultur&#8220;<\/p><\/td><td><\/td><\/tr><tr><td><p>Bitte beachten Sie, dass ein Materialkostenzuschuss von 15 Euro anf\u00e4llt.<\/p><\/td><td><\/td><\/tr><tr><td><p><\/p><\/td><td><\/td><\/tr><tr><td width=\"90%\"><p><a href=\"https:\/\/vvz.ruhr-uni-bochum.de\/campus\/all\/module.asp?gguid=0x32ED2A50EB61D74A82DFB025035EC02F&amp;fieldgguid=&amp;mode=&amp;findmodule=summer+school&amp;tguid=0x617D4B1934C59B4EB8B4036A80DCE504\">Summer School: Bioethische Grundfragen (5 CP)<\/a><\/p><\/td><td><\/td><\/tr><tr><td><p>Teil 1: Summer School Bioethische Grundlagen im interdisziplin\u00e4ren Diskurs (Blockveranstaltung), SoSe 2013<\/p><\/td><td><\/td><\/tr><tr><td><p>Teil 2: Bioethik in Wissenschaft und Gesellschaft (\u00dcbung), WiSe 2013\/14<\/p><\/td><td><\/td><\/tr><tr><td><p>Teil 3: Konzepte ethischen Handelns (Projektwoche und zweit\u00e4giger Workshop), WiSe 2013\/14<\/p><\/td><td><\/td><\/tr><tr><td><p>G4 Interdisziplin\u00e4r studieren<\/p><\/td><td><\/td><\/tr><tr><td><p>Das Modul ist richtet sich an Studierende ab dem 3. Fachsemester!<\/p><\/td><td><\/td><\/tr><tr><td><p><\/p><\/td><td><\/td><\/tr><tr><td width=\"90%\"><p><a href=\"https:\/\/vvz.ruhr-uni-bochum.de\/campus\/all\/module.asp?gguid=0x09159330BF32AF468FE3A0CB4B3E77E2&amp;fieldgguid=&amp;mode=&amp;findmodule=summer+school&amp;tguid=0x617D4B1934C59B4EB8B4036A80DCE504\">Summer School Humanitarian Action in the 21st Century (5 CP)<\/a><\/p><\/td><td><\/td><\/tr><tr><td><p>Teil 1: Humanitarian Action in the 21st Century: Principles, Practices and New Challenges (Summer School), SoSe 2013<\/p><\/td><td><\/td><\/tr><tr><td><p>Teil 2: Organizing Interventions in Humanitarian Crises (Vorlesung), WiSe 2013\/14<\/p><\/td><td><\/td><\/tr><tr><td><p>Teil 3: Deepening Perspectives on Humanitarian Invention (Tutorium), WiSe 2013\/14<\/p><\/td><td><\/td><\/tr><tr><td><p>G4 Interdisziplin\u00e4r studieren<\/p><\/td><td><\/td><\/tr><tr><td><p>Das Modul ist erst ab dem 3. Fachsemester belegbar! Gute Englischkenntnisse werden vorausgesetzt.<\/p><\/td><td><\/td><\/tr><tr><td><p><\/p><\/td><td><\/td><\/tr><tr><td width=\"90%\"><p><a href=\"https:\/\/vvz.ruhr-uni-bochum.de\/campus\/all\/module.asp?gguid=0x9984354BD223D145B80443EAE806DC8C&amp;fieldgguid=&amp;findmodule=lebenswelt+d&amp;tguid=0x617D4B1934C59B4EB8B4036A80DCE504&amp;strSignMessage=\">Lebenswelt DDR &#8211; kulturelle Zug\u00e4nge (5 CP)<\/a><\/p><\/td><td><\/td><\/tr><tr><td><p>Teil 1: Kulturgeschichte der DDR &#8211; Einblicke in eine &#8222;fremde&#8220; Welt (Ringvorlesung), SoSe 2013<\/p><\/td><td><\/td><\/tr><tr><td><p>Teil 2: Kultur im Kalten Krieg &#8211; Alltagskulturelle, k\u00fcnstlerische und beziehungsgeschichtliche Zug\u00e4nge zur DDR (\u00dcbung), SoSe 2013<\/p><\/td><td><\/td><\/tr><tr><td><p>G4 Basismodul &#8222;Identit\u00e4t und Differenz&#8220;<\/p><\/td><td><\/td><\/tr><tr><td><p><\/p><\/td><td><\/td><\/tr><tr><td width=\"90%\"><p><a href=\"https:\/\/vvz.ruhr-uni-bochum.de\/campus\/all\/module.asp?gguid=0xCF9756B43ED2FB49B940A4530A251306&amp;fieldgguid=&amp;findmodule=Lernen+mit+und+%FCber+Medien+in+internatio&amp;tguid=0x617D4B1934C59B4EB8B4036A80DCE504&amp;strSignMessage=\">Lernen mit und \u00fcber Medien in internationaler Perspektive (5 CP)<\/a><\/p><\/td><td><\/td><\/tr><tr><td><p>Teil 1: Empirische und theoretische Grundlagen der Medienp\u00e4dagogik in den USA und in Deutschland (Seminar), SoSe 2013<\/p><\/td><td><\/td><\/tr><tr><td><p>Teil 2: Beschreibung, Analyse und Bewertung aktueller Beispiele der Medienp\u00e4dagogik in den USA und in Deutschland (\u00dcbung), SoSe 2013<\/p><\/td><td><\/td><\/tr><tr><td><p>G4 Intensiv studieren \/ G3 Praktische Anwendungen<\/p><\/td><td><\/td><\/tr><tr><td><p>Das Modul ist richtet sich an Studierende ab dem 2. Fachsemester!<\/p><\/td><td><\/td><\/tr><tr><td><p><\/p><\/td><td><\/td><\/tr><tr><td width=\"90%\"><p><a href=\"https:\/\/vvz.ruhr-uni-bochum.de\/campus\/all\/module.asp?gguid=0x1F3439A9F962D44082E95F835880409B&amp;fieldgguid=&amp;findmodule=%22meine&amp;tguid=0x617D4B1934C59B4EB8B4036A80DCE504&amp;strSignMessage=\">&#8222;Meine Geschichte f\u00fcr Europa&#8220; &#8211; Europ\u00e4ische B\u00fcrger-Dialoge gestalten (5 CP)<\/a><\/p><\/td><td><\/td><\/tr><tr><td><p>Teil 1: Europa 2013 Aktuelle und historische Aspekte der europ\u00e4ischen Integration (Blockseminar), SoSe 2013<\/p><\/td><td><\/td><\/tr><tr><td><p>Teil 2: &#8222;Meine Geschichte f\u00fcr Europa&#8220; &#8211; zur Praxis europ\u00e4ischer Kommunikation (Blockseminar), SoSe 2013<\/p><\/td><td><\/td><\/tr><tr><td><p>G4 Basismodul &#8222;Identit\u00e4t und Differenz&#8220;<\/p><\/td><td><\/td><\/tr><tr><td><p><\/p><\/td><td><\/td><\/tr><tr><td width=\"90%\"><p><a href=\"https:\/\/vvz.ruhr-uni-bochum.de\/campus\/all\/module.asp?gguid=0x5283923E8EE9554492C8778E1131E7B0&amp;fieldgguid=&amp;mode=&amp;findmodule=summer+school&amp;tguid=0x617D4B1934C59B4EB8B4036A80DCE504\">Summer School Modellierung von Zeit (5 CP) <\/a><\/p><\/td><td><\/td><\/tr><tr><td><p>Teil 1: Die Zeit in Theorie und Medien (Lekt\u00fcrekurs), SoSe 2013<\/p><\/td><td><\/td><\/tr><tr><td><p>Teil 2: Zeit im interdisziplin\u00e4ren Diskurs (Blockveranstaltung), SoSe 2013<\/p><\/td><td><\/td><\/tr><tr><td><p>Teil 3: Ein Tag f\u00fcr die Zeit (Tagung), SoSe 2013<\/p><\/td><td><\/td><\/tr><tr><td><p>G4 Interdisziplin\u00e4r studieren<\/p><\/td><td><\/td><\/tr><tr><td><p>Das Modul ist richtet sich an Studierende ab dem 3. Fachsemester!<\/p><\/td><td><\/td><\/tr><tr><td><p><\/p><\/td><td><\/td><\/tr><tr><td width=\"90%\"><p><a href=\"https:\/\/vvz.ruhr-uni-bochum.de\/campus\/all\/module.asp?gguid=0x4E1D8B451ABD6B44993EA50964A76D82&amp;fieldgguid=&amp;findmodule=multiple&amp;tguid=0x617D4B1934C59B4EB8B4036A80DCE504&amp;strSignMessage=\">Multiple Vergangenheiten, multiple Modernen: Indien zwischen Geschichte und Gegenwart (10 CP)<\/a><\/p><\/td><td><\/td><\/tr><tr><td><p>Teil 1: Yoga, Veda, Ayurveda die Pr\u00e4senz des Vergangenen (Seminar), SoSe 2013<\/p><\/td><td><\/td><\/tr><tr><td><p>Teil 2: Politik und Wirtschaft zuk\u00fcnftige Perspektiven (f\u00fcnft\u00e4gige Blockveranstaltung in der vorlesungsfreien Zeit), SoSe 2013<\/p><\/td><td><\/td><\/tr><tr><td><p>G4 International studieren<\/p><\/td><td><\/td><\/tr><tr><td><\/td><td><\/td><\/tr><tr><td><p>Das Modul richtet sich an Studierende ab dem 2. Fachsemester! Bitte beachten Sie, dass im verpflichtenden Folgemodul f\u00fcr eine Studienreise eine Eigenbeteiligung in H\u00f6he von 200 Euro erforderlich ist.<\/p><\/td><td><\/td><\/tr><tr><td><p><\/p><\/td><td><\/td><\/tr><tr><td width=\"90%\"><p><a href=\"https:\/\/vvz.ruhr-uni-bochum.de\/campus\/all\/module.asp?gguid=0xDAF6B876B0016A4BB5D8E148051FB626&amp;fieldgguid=&amp;mode=&amp;findmodule=summer+school&amp;tguid=0x617D4B1934C59B4EB8B4036A80DCE504\">Summer School &#8222;Nichtlineare Dynamiken&#8220; (5 CP)<\/a><\/p><\/td><td><\/td><\/tr><tr><td><p>Teil 1: Vorbereitungsphase (Lekt\u00fcrekurs), SoSe 2013<\/p><\/td><td><\/td><\/tr><tr><td><p>Teil 2: Sommerschule Nichtlineare Dynamiken (Blockseminar), SoSe 2013<\/p><\/td><td><\/td><\/tr><tr><td><p>Teil 3: Sch\u00fclerlabor Nichtlineare Dynamiken (Workshop), SoSe 2013<\/p><\/td><td><\/td><\/tr><tr><td><p>G4 Interdisziplin\u00e4r studieren<\/p><\/td><td><\/td><\/tr><tr><td><p><\/p><\/td><td><\/td><\/tr><tr><td width=\"90%\"><p><a href=\"https:\/\/vvz.ruhr-uni-bochum.de\/campus\/all\/module.asp?gguid=0x2E1028E699CCD742B48BA1AFBD9B89F8&amp;fieldgguid=&amp;mode=&amp;findmodule=organisch-chem&amp;tguid=0x617D4B1934C59B4EB8B4036A80DCE504\">Organisch-Chemisches Grundpraktikum (5 CP)<\/a><\/p><\/td><td><\/td><\/tr><tr><td><p>Teil 1: Praktische Organische Chemie (\u00dcbung), SoSe 2013<\/p><\/td><td><\/td><\/tr><tr><td><p>Teil 2: Nachhaltiges Organisch-Chemisches Grundpraktikum (Praktikum), SoSe 2013<\/p><\/td><td><\/td><\/tr><tr><td><p>G4 Intensiv studieren<\/p><\/td><td><\/td><\/tr><tr><td><p>Die Teilnahme ist nur nach bestandener Modulabschlussklausur Organische Chemie 1 oder Organische Chemie 2 m\u00f6glich. Bitte beachten Sie! Von der Teilnahme ausgeschlossen sind Studierende, die bereits ein OC-Grundpraktikum im Umfang von 7 bis 11 CP absolviert haben.<\/p><\/td><td><\/td><\/tr><tr><td><p><\/p><\/td><td><\/td><\/tr><tr><td width=\"90%\"><p><a href=\"https:\/\/vvz.ruhr-uni-bochum.de\/campus\/all\/module.asp?gguid=0x012BD0D77AC1F744B09D8FF558E71428&amp;fieldgguid=&amp;findmodule=Policy-Argumente+und+EU-Interessenvermit&amp;tguid=0x617D4B1934C59B4EB8B4036A80DCE504&amp;strSignMessage=\">Policy-Argumente und EU-Interessenvermittlung. Eine Einf\u00fchrung in die computergest\u00fctzte Inhaltsanalyse (20 CP)<\/a><\/p><\/td><td><\/td><\/tr><tr><td><p>Teil 1: Policy-Framing und EU-Interessenvermittlung. Eine Einf\u00fchrung in die Inhaltsanalyse (Seminar), SoSe 2013<\/p><\/td><td><\/td><\/tr><tr><td><p>Teil 2: Einf\u00fchrung in MAXQDA und Projektentwicklung (Blockseminar), SoSe 2013<\/p><\/td><td><\/td><\/tr><tr><td><p>Teil 3: Inhaltsanalyse und EU-Interessenvermittlung: studentische Forschungsprojekte (Seminar), WiSe 2013\/14<\/p><\/td><td><\/td><\/tr><tr><td><p>Teil 4: Datenanalyse, -auswertung und Projektdokumentation (Blockseminar), WiSe 2013\/14<\/p><\/td><td><\/td><\/tr><tr><td><p>Teil 5: Pr\u00e4sentation der Ergebnisse (Tagung), WiSe 2013\/14<\/p><\/td><td><\/td><\/tr><tr><td><p>G4 Intensiv studieren \/ G2 Intensiv studieren \/ G3 Praktische Anwendungen<\/p><\/td><td><\/td><\/tr><tr><td><p>Studierende des 1-Fach-Bachelors Sozialwissenschaft k\u00f6nnen an diesem Modul nicht teilnehmen!<\/p><\/td><td><\/td><\/tr><tr><td><p><\/p><\/td><td><\/td><\/tr><tr><td width=\"90%\"><p><a href=\"https:\/\/vvz.ruhr-uni-bochum.de\/campus\/all\/module.asp?gguid=0x8263CB03BFFB62409B73BEE683B7BA06&amp;fieldgguid=&amp;findmodule=religion+und+normativit%E4t&amp;tguid=0x617D4B1934C59B4EB8B4036A80DCE504&amp;strSignMessage=\">Religion und Normativit\u00e4t (5 CP)<\/a><\/p><\/td><td><\/td><\/tr><tr><td><p>Teil 1: Religi\u00f6se Vielfalt. Eine Herausforderung f\u00fcr Politik, Religion und Gesellschaft (Seminar), SoSe 2013<\/p><\/td><td><\/td><\/tr><tr><td><p>Teil 2: Spurenlese in religi\u00f6sen Landschaften der Moderne (e-learning), SoSe 2013<\/p><\/td><td><\/td><\/tr><tr><td><p>G4 Intensiv studieren<\/p><\/td><td><\/td><\/tr><tr><td><p>Das Modul ist erst ab dem 2. Fachsemester belegbar! Studierende der Katholischen Theologie k\u00f6nnen nur teilnehmen, sofern Teil 1 nicht Bestandteil eines Fachmoduls ist.<\/p><\/td><td><\/td><\/tr><tr><td><p><\/p><\/td><td><\/td><\/tr><tr><td width=\"90%\"><p><a href=\"https:\/\/vvz.ruhr-uni-bochum.de\/campus\/all\/module.asp?gguid=0xA3FA0E982BEDE14EA7570513F9A16A86&amp;fieldgguid=&amp;findmodule=schutz&amp;tguid=0x617D4B1934C59B4EB8B4036A80DCE504&amp;strSignMessage=\">Schutzbrille allein gen\u00fcgt nicht! Interdisziplin\u00e4re Aspekte im Arbeitsschutz (5 CP) NEU!<\/a><\/p><\/td><td><\/td><\/tr><tr><td><p>Teil 1: Interdisziplin\u00e4re Aspekte im Arbeitsschutz: Grundlagen des Arbeits- und Gesundheitsschutzes (Vorlesung), SoSe 2013<\/p><\/td><td><\/td><\/tr><tr><td><p>Teil 2: Interdisziplin\u00e4re Aspekte im Arbeitsschutz: Bearbeitung von Fallbeispielen (Problem-based Learning (PBL)) (\u00dcbung), SoSe 2013<\/p><\/td><td><\/td><\/tr><tr><td><\/td><td><\/td><\/tr><tr><td><p>G4 Basismodul &#8222;Gesundheitswesen&#8220;<\/p><\/td><td><\/td><\/tr><tr><td><p>Keine der Veranstaltungen darf Bestandteil des Fachstudiums sein, wenn Sie die Anrechnung f\u00fcr den Optionalbereich anstreben. Das Modul eignet sich f\u00fcr Studierende ab dem 3. oder 4. Fachsemester.<\/p><\/td><td><\/td><\/tr><tr><td><\/td><td><\/td><\/tr><tr><td width=\"90%\"><p><a href=\"https:\/\/vvz.ruhr-uni-bochum.de\/campus\/all\/module.asp?gguid=0x6C6BADE0147B18448895E94463864A1D&amp;fieldgguid=&amp;mode=&amp;findmodule=tagesz&amp;tguid=0x617D4B1934C59B4EB8B4036A80DCE504\">Tageszeiten &#8211; Jahreszeiten &#8211; Lebenszeiten (10 CP)<\/a><\/p><\/td><td><\/td><\/tr><tr><td><p>Teil 1: Tageszeiten &#8211; Jahreszeiten &#8211; Lebenszeiten \/ Das Ph\u00e4nomen der Zeit im Spiegel von Kompositionen aus unterschiedlichen Zeitaltern, besonders am Beispiel des Oratoriums &#8222;Die Jahreszeiten&#8220; von Joseph Haydn (Seminar), SoSe 2013<\/p><\/td><td><\/td><\/tr><tr><td><p>Teil 2: Universit\u00e4tschor (praktische \u00dcbung), SoSe 2013<\/p><\/td><td><\/td><\/tr><tr><td><p>Teil 3: Universit\u00e4tschor (praktische \u00dcbung), WS 2013\/14<\/p><\/td><td><\/td><\/tr><tr><td><p>Teil 4a: Universit\u00e4tschor (praktische \u00dcbung), SoSe 2014 oder<\/p><\/td><td><\/td><\/tr><tr><td><p>Teil 4b: Universit\u00e4tsorchester (praktische \u00dcbung), SoSe 2014<\/p><\/td><td><\/td><\/tr><tr><td><p>G4 Basismodul &#8222;Kunst und Kultur&#8220;<\/p><\/td><td><\/td><\/tr><tr><td><p>Studierende, die in den vergangenen Semestern bereits ein Modul in Verbindung mit Chor oder Orchester erfolgreich abgeschlossen haben, k\u00f6nnen bei erneuter Teilnahme an diesem Modul keine Credit Points anerkannt bekommen.<\/p><\/td><td><\/td><\/tr><tr><td><p><\/p><\/td><td><\/td><\/tr><tr><td width=\"90%\"><p><a href=\"https:\/\/vvz.ruhr-uni-bochum.de\/campus\/all\/module.asp?gguid=0x24A39757A3EFE14FBA4ABA19151D7B3E&amp;fieldgguid=&amp;mode=&amp;findmodule=tagesz&amp;tguid=0x617D4B1934C59B4EB8B4036A80DCE504\">Tageszeiten &#8211; Jahreszeiten &#8211; Lebenszeiten (5 CP)<\/a><\/p><\/td><td><\/td><\/tr><tr><td><p>Teil 1: Tageszeiten &#8211; Jahreszeiten &#8211; Lebenszeiten \/ Das Ph\u00e4nomen der Zeit im Spiegel von Kompositionen aus unterschiedlichen Zeitaltern, besonders am Beispiel des Oratoriums &#8222;Die Jahreszeiten&#8220; von Joseph Haydn (Seminar), SoSe 2013<\/p><\/td><td><\/td><\/tr><tr><td><p>Teil 2: Chor der Universit\u00e4t (praktische \u00dcbung), SoSe 2013<\/p><\/td><td><\/td><\/tr><tr><td><p>G4 Basismodul &#8222;Kunst und Kultur&#8220;<\/p><\/td><td><\/td><\/tr><tr><td><p>Studierende, die in den vergangenen Semestern bereits ein Modul in Verbindung mit Chor oder Orchester erfolgreich abgeschlossen haben, k\u00f6nnen bei erneuter Teilnahme an diesem Modul keine Credit Points anerkannt bekommen.<\/p><\/td><td><\/td><\/tr><tr><td><p><\/p><\/td><td><\/td><\/tr><\/tbody><\/table><p><\/p><\/div>\n\t\t\t\t<\/div>\n\t\t\t\t\t\t\t<div class=\"elementor-accordion-item\">\n\t\t\t\t\t<div id=\"elementor-tab-title-91617\" class=\"elementor-tab-title\" data-tab=\"17\" role=\"button\" aria-controls=\"elementor-tab-content-91617\" aria-expanded=\"false\">\n\t\t\t\t\t\t\t\t\t\t\t\t\t<span class=\"elementor-accordion-icon elementor-accordion-icon-left\" aria-hidden=\"true\">\n\t\t\t\t\t\t\t\t\t\t\t\t\t\t\t<span class=\"elementor-accordion-icon-closed\"><i class=\"fas fa-plus\"><\/i><\/span>\n\t\t\t\t\t\t\t\t<span class=\"elementor-accordion-icon-opened\"><i class=\"fas fa-minus\"><\/i><\/span>\n\t\t\t\t\t\t\t\t\t\t\t\t\t\t<\/span>\n\t\t\t\t\t\t\t\t\t\t\t\t<a class=\"elementor-accordion-title\" tabindex=\"0\">WS 2012\/13 <\/a>\n\t\t\t\t\t<\/div>\n\t\t\t\t\t<div id=\"elementor-tab-content-91617\" class=\"elementor-tab-content elementor-clearfix\" data-tab=\"17\" role=\"region\" aria-labelledby=\"elementor-tab-title-91617\"><table width=\"100%\"><tbody><tr><td colspan=\"2\"><p>Grundlagenmodule anderer F\u00e4cher<\/p><\/td><\/tr><tr><td><p><\/p><\/td><td><\/td><\/tr><tr><td colspan=\"2\"><p>Allgemeine &amp; vergleichende Literaturwissenschaft<\/p><\/td><\/tr><tr><td width=\"90%\"><p><a href=\"https:\/\/vvz.ruhr-uni-bochum.de\/campus\/all\/module.asp?gguid=0xC672A5EDE698154097848683B19FE0DC&amp;fieldgguid=&amp;findmodule=Mythen+in+der+Literatur&amp;tguid=0xACB220D905C7D54EAD1D1ECB7EE259CF&amp;strSignMessage=\">Mythen in der Literatur: Ophelia und Narzi\u00df (5 CP) <\/a><\/p><\/td><td><\/td><\/tr><tr><td><p>Teil 1: Mythos Ophelia (Vorlesung), WS 2012\/13<\/p><\/td><td><\/td><\/tr><tr><td><p>Teil 2: Mythos Narzi\u00df (Seminar), WS 2012\/13<\/p><\/td><td><\/td><\/tr><tr><td><p>G4 Basismodul &#8222;Literatur Interdisziplin\u00e4r&#8220;<\/p><\/td><td><\/td><\/tr><tr><td><p>Studierende der Komparatistik k\u00f6nnen an diesem Modul zwar teilnehmen, jedoch keine Credit Points f\u00fcr den Optionalbereich erwerben!<\/p><\/td><td><\/td><\/tr><tr><td><p><\/p><\/td><td><\/td><\/tr><tr><td colspan=\"2\"><p>Anglistik\/Amerikanistik<\/p><\/td><\/tr><tr><td width=\"90%\"><p><a href=\"https:\/\/vvz.ruhr-uni-bochum.de\/campus\/all\/module.asp?gguid=0x23CD64C5AC4C5A459898F0BF99F8595C&amp;error=&amp;expand=0xACB220D905C7D54EAD1D1ECB7EE259CF&amp;tguid=0xACB220D905C7D54EAD1D1ECB7EE259CF#0xACB220D905C7D54EAD1D1ECB7EE259CF\">Amerikanische Literatur und Kultur (5 CP) <\/a><\/p><\/td><td><\/td><\/tr><tr><td><p>Teil 1: American Literature and Culture: Beginnings to Civil War (Vorlesung), WS 2012\/13<\/p><\/td><td><\/td><\/tr><tr><td><p>Teil 2: &#8222;I have no accurate knowledge of my age&#8220; &#8211; American Slave Narratives (Seminar), WS 2012\/13<\/p><\/td><td><\/td><\/tr><tr><td><p>G4 Basismodul &#8222;English Literature and Culture&#8220;<\/p><\/td><td><\/td><\/tr><tr><td><p>Studierende der Anglistik\/Amerikanistik k\u00f6nnen an diesem Modul zwar teilnehmen, jedoch keine Credit Points f\u00fcr den Optionalbereich erwerben!<\/p><\/td><td><\/td><\/tr><tr><td><p><\/p><\/td><td><\/td><\/tr><tr><td width=\"90%\"><p><a href=\"https:\/\/vvz.ruhr-uni-bochum.de\/campus\/all\/module.asp?gguid=0x710A15C5ADEE2B4EB84D814B318A4359&amp;fieldgguid=&amp;findmodule=britische+kult&amp;tguid=0xACB220D905C7D54EAD1D1ECB7EE259CF&amp;strSignMessage=\">Britische Kulturgeschichte (5 CP)<\/a><\/p><\/td><td><\/td><\/tr><tr><td><p>Teil 1: Renaissance Culture (Vorlesung), WS 2012\/13<\/p><\/td><td><\/td><\/tr><tr><td><p>Teil 2a: A Short History British Colonialsm (Seminar), WS 2012\/13 oder<\/p><\/td><td><\/td><\/tr><tr><td><p>Teil 2b: Renaissance Culture (Seminar), WS 2012\/13<\/p><\/td><td><\/td><\/tr><tr><td><p>Teil 2c: Terrorism (Seminar), WS 2012\/13<\/p><\/td><td><\/td><\/tr><tr><td><p>G4 Basismodul &#8222;English Literature and Culture&#8220;<\/p><\/td><td><\/td><\/tr><tr><td><p>Studierende der Anglistik\/Amerikanistik k\u00f6nnen an diesem Modul zwar teilnehmen, jedoch keine Credit Points f\u00fcr den Optionalbereich erwerben!<\/p><\/td><td><\/td><\/tr><tr><td><p><\/p><\/td><td><\/td><\/tr><tr><td width=\"90%\"><p><a href=\"https:\/\/vvz.ruhr-uni-bochum.de\/campus\/all\/module.asp?gguid=0x3E5DF6B538C1D84E85F891B3F02B8CD0&amp;fieldgguid=&amp;mode=&amp;findmodule=englische+literat&amp;tguid=0xACB220D905C7D54EAD1D1ECB7EE259CF\">Englische Literatur der Shakespearezeit (5 CP)<\/a><\/p><\/td><td><\/td><\/tr><tr><td><p>Teil 1: Shakespeare and Literary Theory (Vorlesung), WS 2012\/13<\/p><\/td><td><\/td><\/tr><tr><td><p>Teil 2: The Sonnet from Wyatt to Milton (Seminar), WS 2012\/13<\/p><\/td><td><\/td><\/tr><tr><td><p>G4 Basismodul &#8222;English Literature and Culture&#8220;<\/p><\/td><td><\/td><\/tr><tr><td><p>Studierende der Anglistik\/Amerikanistik k\u00f6nnen an diesem Modul zwar teilnehmen, jedoch keine Credit Points f\u00fcr den Optionalbereich erwerben!<\/p><\/td><td><\/td><\/tr><tr><td><p><\/p><\/td><td><\/td><\/tr><tr><td width=\"90%\"><p><a href=\"https:\/\/vvz.ruhr-uni-bochum.de\/campus\/all\/module.asp?gguid=0xD8A4708EE6D72F4F802039B233A2BD98&amp;fieldgguid=&amp;mode=&amp;findmodule=englische+literat&amp;tguid=0xACB220D905C7D54EAD1D1ECB7EE259CF\">Englische Literatur und Kultur des Mittelalters (5 CP)<\/a><\/p><\/td><td><\/td><\/tr><tr><td><p>Teil 1: The Reinvention of Chaucer: Chaucer and the Critics (Vorlesung), WS 2012\/13<\/p><\/td><td><\/td><\/tr><tr><td><p>Teil 2a: Saints and Sinners in Old and Middle English (Seminar), WS 2012\/13 oder<\/p><\/td><td><\/td><\/tr><tr><td><p>Teil 2b: The Symbolic Mode: Middle English Allegorical Poetry (Seminar), WS 2012\/13 oder<\/p><\/td><td><\/td><\/tr><tr><td><p>Teil 2c: What&#8217;s love got to do with it? Affect, Ethics and Medieval Literature (Seminar), WS 2012\/13<\/p><\/td><td><\/td><\/tr><tr><td><p>G4 Basismodul &#8222;English Literature and Culture&#8220;<\/p><\/td><td><\/td><\/tr><tr><td><p>Studierende der Anglistik\/Amerikanistik k\u00f6nnen an diesem Modul zwar teilnehmen, jedoch keine Credit Points f\u00fcr den Optionalbereich erwerben!<\/p><\/td><td><\/td><\/tr><tr><td><p><\/p><\/td><td><\/td><\/tr><tr><td width=\"90%\"><p><a href=\"https:\/\/vvz.ruhr-uni-bochum.de\/campus\/all\/module.asp?gguid=0x93D0C82C3C61DA40BE59F5C14D2A0FE5&amp;fieldgguid=&amp;mode=&amp;findmodule=englische+literat&amp;tguid=0xACB220D905C7D54EAD1D1ECB7EE259CF\">Englische Literatur von 1700 bis zur Gegenwart (5 CP)<\/a><\/p><\/td><td><\/td><\/tr><tr><td><p>Teil 1: Narrative Theory (Vorlesung), WS 2012\/13<\/p><\/td><td><\/td><\/tr><tr><td><p>Teil 2a: Reading Poetry: An Approach through Genre (Seminar), WS 2012\/13 oder<\/p><\/td><td><\/td><\/tr><tr><td><p>Teil 2b: Selected Works by Oscar Wilde (Seminar), WS 2012\/13<\/p><\/td><td><\/td><\/tr><tr><td><p>G4 Basismodul &#8222;English Literature and Culture&#8220;<\/p><\/td><td><\/td><\/tr><tr><td><p>Studierende der Anglistik\/Amerikanistik k\u00f6nnen an diesem Modul zwar teilnehmen, jedoch keine Credit Points f\u00fcr den Optionalbereich erwerben!<\/p><\/td><td><\/td><\/tr><tr><td><p><\/p><\/td><td><\/td><\/tr><tr><td width=\"90%\"><p><a href=\"https:\/\/vvz.ruhr-uni-bochum.de\/campus\/all\/module.asp?gguid=0x494A5A616404DA4F993875DAC33EF419&amp;fieldgguid=&amp;findmodule=introduction&amp;tguid=0xACB220D905C7D54EAD1D1ECB7EE259CF&amp;strSignMessage=\">Introduction to British Studies (10 CP)<\/a><\/p><\/td><td><\/td><\/tr><tr><td><p>Teil 1: Representations of Britain: Beyond Bowler Hats, Pubs and Five OClock Tea, (Seminar), WS 2012\/13<\/p><\/td><td><\/td><\/tr><tr><td><p>Teil 2: Myths, Politics and Identity on the Island of Ireland, (Blockseminar), WS 2012\/13<\/p><\/td><td><\/td><\/tr><tr><td><p>G4 Basismodul &#8222;English Literature and Culture&#8220;<\/p><\/td><td><\/td><\/tr><tr><td><p><strong>Attention!<\/strong> The module is the first part of the two-part course British Studies. It can only be attended in combination with the module A Visit to London, offered in the summer semester 2013. Students of Anglistik\/Amerikanistik are invited to participate in this module, provided they have not already taken similar modules.<\/p><\/td><td><\/td><\/tr><tr><td><p><\/p><\/td><td><\/td><\/tr><tr><td><\/td><td><\/td><\/tr><tr><td><p><\/p><\/td><td><\/td><\/tr><tr><td colspan=\"2\"><p>Arch\u00e4ologische Wissenschaften<\/p><\/td><\/tr><tr><td width=\"90%\"><p><a href=\"https:\/\/vvz.ruhr-uni-bochum.de\/campus\/all\/module.asp?gguid=0x81895BE1A935674793162E44E585B96B&amp;fieldgguid=&amp;mode=&amp;findmodule=arch%E4ologie&amp;tguid=0xACB220D905C7D54EAD1D1ECB7EE259CF\">Arch\u00e4ologie der Bronzezeit (5 CP)<\/a><\/p><\/td><td><\/td><\/tr><tr><td><p>Teil 1: Die Bronzezeit &#8211; eine Einf\u00fchrung (Vorlesung), WS 2012\/13<\/p><\/td><td><\/td><\/tr><tr><td><p>Teil 2: Neue Funde und Forschungen (Kolloquium), WS 2012\/13<\/p><\/td><td><\/td><\/tr><tr><td><p>G4 Basismodul &#8222;Schwerpunkt Ur- und Fr\u00fchgeschichte&#8220;<\/p><\/td><td><\/td><\/tr><tr><td><p>Studierende der ArWi k\u00f6nnen in diesem Modul keine Kreditpunkte f\u00fcr den Optionalbereich erwerben! Es ist <strong>nicht<\/strong> m\u00f6glich ebenfalls die Module &#8222;Arch\u00e4ologie der \u00e4lteren r\u00f6mischen Kaiserzeit&#8220; oder &#8222;St\u00e4dte in der Sp\u00e4tantike&#8220; zu belegen.<\/p><\/td><td><\/td><\/tr><tr><td><p><\/p><\/td><td><\/td><\/tr><tr><td width=\"90%\"><p><a href=\"https:\/\/vvz.ruhr-uni-bochum.de\/campus\/all\/module.asp?gguid=0x06A8C561BB1C2F4280DBB9ED119FA13C&amp;fieldgguid=&amp;mode=&amp;findmodule=arch%E4ologie&amp;tguid=0xACB220D905C7D54EAD1D1ECB7EE259CF\">Arch\u00e4ologie der \u00e4lteren r\u00f6mischen Kaiserzeit (5 CP)<\/a><\/p><\/td><td><\/td><\/tr><tr><td><p>Teil 1: Die \u00e4ltere r\u00f6mische Kaiserzeit (Vorlesung), WS 2012\/13<\/p><\/td><td><\/td><\/tr><tr><td><p>Teil 2: Neue Funde und Forschungen (Kolloquium), WS 2012\/13<\/p><\/td><td><\/td><\/tr><tr><td><p>G4 Basismodul &#8222;Schwerpunkt Ur- und Fr\u00fchgeschichte&#8220;<\/p><\/td><td><\/td><\/tr><tr><td><p>Studierende der ArWi k\u00f6nnen in diesem Modul keine Kreditpunkte f\u00fcr den Optionalbereich erwerben! Es ist <strong>nicht<\/strong> m\u00f6glich ebenfalls die Module &#8222;Arch\u00e4ologie der Bronzezeit&#8220; oder &#8222;St\u00e4dte in der Sp\u00e4tantike&#8220; zu belegen.<\/p><\/td><td><\/td><\/tr><tr><td><p><\/p><\/td><td><\/td><\/tr><tr><td width=\"90%\"><p><a href=\"https:\/\/vvz.ruhr-uni-bochum.de\/campus\/all\/module.asp?gguid=0x3935E0BF3CCCB0489DA7A7631A9DD2D1&amp;fieldgguid=&amp;findmodule=St%E4dte+in+der+Sp%E4tantike&amp;tguid=0xACB220D905C7D54EAD1D1ECB7EE259CF&amp;strSignMessage=\">St\u00e4dte in der Sp\u00e4tantike (5 CP)<\/a><\/p><\/td><td><\/td><\/tr><tr><td><p>Teil 1: Ausgew\u00e4hlte St\u00e4dte der Sp\u00e4tantike (Vorlesung) , WS 2012\/13<\/p><\/td><td><\/td><\/tr><tr><td><p>Teil 2: Neue Funde und Forschungen (Kolloquium), WS 2012\/13<\/p><\/td><td><\/td><\/tr><tr><td><p>G4 Basismodul &#8222;Schwerpunkt Ur- und Fr\u00fchgeschichte&#8220;<\/p><\/td><td><\/td><\/tr><tr><td><p>Studierende der ArWi k\u00f6nnen in diesem Modul keine Kreditpunkte f\u00fcr den Optionalbereich erwerben! Es ist <strong>nicht<\/strong> m\u00f6glich ebenfalls die Module &#8222;Arch\u00e4ologie der Bronzezeit&#8220; oder &#8222;Arch\u00e4ologie der \u00e4lteren r\u00f6mischen Kaiserzeit&#8220; zu belegen.<\/p><\/td><td><\/td><\/tr><tr><td><\/td><td><\/td><\/tr><tr><td><p><\/p><\/td><td><\/td><\/tr><tr><td colspan=\"2\"><p>Biologie<\/p><\/td><\/tr><tr><td width=\"90%\"><p><a href=\"https:\/\/vvz.ruhr-uni-bochum.de\/campus\/all\/module.asp?gguid=0x157EEDB1CBEE6842946471E7C47DE2A2&amp;error=&amp;expand=0xACB220D905C7D54EAD1D1ECB7EE259CF&amp;tguid=0xACB220D905C7D54EAD1D1ECB7EE259CF#0xACB220D905C7D54EAD1D1ECB7EE259CF\">Biologie der Zelle (5 CP)<\/a><\/p><\/td><td><\/td><\/tr><tr><td><p>Teil 1: Biologie der Zelle (Vorlesung), WS 2012\/13<\/p><\/td><td><\/td><\/tr><tr><td><p>Teil 2: Biologie der Zelle (Seminar), WS 2012\/13<\/p><\/td><td><\/td><\/tr><tr><td><p>G4 Biologie der Zelle<\/p><\/td><td><\/td><\/tr><tr><td><p>Biologiestudierende k\u00f6nnen in diesem Modul keine Kreditpunkte f\u00fcr den Optionalbereich erwerben!<\/p><\/td><td><\/td><\/tr><tr><td><p><\/p><\/td><td><\/td><\/tr><tr><td width=\"90%\"><p><a href=\"https:\/\/vvz.ruhr-uni-bochum.de\/campus\/all\/module.asp?gguid=0xCC2BBE06B98A224286150FAEE44871B2&amp;fieldgguid=&amp;mode=&amp;findmodule=bio%F6ko&amp;tguid=0xACB220D905C7D54EAD1D1ECB7EE259CF\">Bio\u00f6konomie 2: Verhaltens\u00f6konomie (5 CP)<\/a><\/p><\/td><td><\/td><\/tr><tr><td><p>Teil 1: Bio\u00f6konomie 2: Verhaltens\u00f6konomie (Seminar), WS 2012\/13<\/p><\/td><td><\/td><\/tr><tr><td><p>Teil 2: Bio\u00f6konomie 2: Verhaltens\u00f6konomie (\u00dcbung), WS 2012\/13<\/p><\/td><td><\/td><\/tr><tr><td><p>G4 Bio\u00f6konomie 2: Verhaltens\u00f6konomie&#8220;<\/p><\/td><td><\/td><\/tr><tr><td><p>Grundkenntnisse in Biologie, \u00d6kologie und \u00d6konomie werden vorausgesetzt.<\/p><\/td><td><\/td><\/tr><tr><td><p><\/p><\/td><td><\/td><\/tr><tr><td width=\"90%\"><p><a href=\"https:\/\/vvz.ruhr-uni-bochum.de\/campus\/all\/module.asp?gguid=0x207A2E84E9C0DD4DA45F00E4BE94E761&amp;fieldgguid=&amp;mode=&amp;findmodule=die+f%FCnf+sinne&amp;tguid=0xACB220D905C7D54EAD1D1ECB7EE259CF\">Die f\u00fcnf Sinne: Einf\u00fchrung in die Sinnesphysiologie (5 CP)<\/a><\/p><\/td><td><\/td><\/tr><tr><td><p>Teil 1: Grundlagen der Sinnesphysiologie (Vorlesung), WS 2012\/13<\/p><\/td><td><\/td><\/tr><tr><td><p>Teil 2: Forschungsfragen der Sinnesphysiologie (\u00dcbung), WS 2012\/13<\/p><\/td><td><\/td><\/tr><tr><td><p>G4 Intensive Track<\/p><\/td><td><\/td><\/tr><tr><td><p><strong>Achtung!<\/strong> Das Modul kann nur in Verbindung mit den Modulen Die f\u00fcnf Sinne: Forschung in die Praxis kommunizieren (WS 2012\/13 bis SoSe 2013) und Die f\u00fcnf Sinne: Forschen in der Sinnesphysiologie (WS 2012\/13 bis SoSe 2013) belegt werden.<\/p><\/td><td><\/td><\/tr><tr><td><p><\/p><\/td><td><\/td><\/tr><tr><td width=\"90%\"><p><a href=\"https:\/\/vvz.ruhr-uni-bochum.de\/campus\/all\/module.asp?gguid=0x0EBADFA538DAE045B158621AEC4C940B&amp;fieldgguid=&amp;mode=&amp;findmodule=einf%FChrung+in+die&amp;tguid=0xACB220D905C7D54EAD1D1ECB7EE259CF\">Einf\u00fchrung in die Grundlagen der zellul\u00e4ren Bioenergetik (5 CP)<\/a><\/p><\/td><td><\/td><\/tr><tr><td><p>Teil 1: Einf\u00fchrung in die Grundlagen der Bioenergetik (Vorlesung), WS 2012\/13<\/p><\/td><td><\/td><\/tr><tr><td><p>Teil 2: Einf\u00fchrung in biochemische Methoden (Seminar), WS 2012\/13<\/p><\/td><td><\/td><\/tr><tr><td><p>G4 Einf\u00fchrung in die Grundlagen der zellul\u00e4ren Bioenergetik<\/p><\/td><td><\/td><\/tr><tr><td><p>Biologiestudierende k\u00f6nnen in diesem Modul keine Kreditpunkte f\u00fcr den Optionalbereich erwerben!<\/p><\/td><td><\/td><\/tr><tr><td><p><\/p><\/td><td><\/td><\/tr><tr><td width=\"90%\"><p><a href=\"https:\/\/vvz.ruhr-uni-bochum.de\/campus\/all\/module.asp?gguid=0x2E7710ACC59B994F91C9A159BB98B92D&amp;error=&amp;expand=0xACB220D905C7D54EAD1D1ECB7EE259CF&amp;tguid=0xACB220D905C7D54EAD1D1ECB7EE259CF#0xACB220D905C7D54EAD1D1ECB7EE259CF\">Einf\u00fchrung in die moderne Biophysik (5 CP)<\/a><\/p><\/td><td><\/td><\/tr><tr><td><p>Teil 1: Moderne Biophysik (Vorlesung), WS 2012\/13<\/p><\/td><td><\/td><\/tr><tr><td><p>Teil 2: Biophysikalische Seminar (Seminar), WS 2012\/13<\/p><\/td><td><\/td><\/tr><tr><td><p>G4 Einf\u00fchrung in die moderne Biophysik<\/p><\/td><td><\/td><\/tr><tr><td><p>Biologiestudierende k\u00f6nnen in diesem Modul keine Kreditpunkte f\u00fcr den Optionalbereich erwerben!<\/p><\/td><td><\/td><\/tr><tr><td><p><\/p><\/td><td><\/td><\/tr><tr><td width=\"90%\"><p><a href=\"https:\/\/vvz.ruhr-uni-bochum.de\/campus\/all\/module.asp?gguid=0x561C4D31A21FBB4AA691FCD7AD36F58F&amp;fieldgguid=&amp;mode=&amp;findmodule=evolution&amp;tguid=0xACB220D905C7D54EAD1D1ECB7EE259CF\">Evolution des Menschen (5 CP)<\/a><\/p><\/td><td><\/td><\/tr><tr><td><p>Teil 1: Evolution des Menschen (Vorlesung), WS 2012\/13<\/p><\/td><td><\/td><\/tr><tr><td><p>Teil 2: Evultion des Menschen (Seminar), WS 2012\/13<\/p><\/td><td><\/td><\/tr><tr><td><p>G4 Evolution des Menschen<\/p><\/td><td><\/td><\/tr><tr><td><p><\/p><\/td><td><\/td><\/tr><tr><td width=\"90%\"><p><a href=\"https:\/\/vvz.ruhr-uni-bochum.de\/campus\/all\/module.asp?gguid=0xD535FC1889D3774E851DE02289540FDE&amp;error=&amp;expand=0xACB220D905C7D54EAD1D1ECB7EE259CF&amp;tguid=0xACB220D905C7D54EAD1D1ECB7EE259CF#0xACB220D905C7D54EAD1D1ECB7EE259CF\">Grundlagen der Bioinformatik (5 CP)<\/a><\/p><\/td><td><\/td><\/tr><tr><td><p>Teil 1: Bioinformatik (Vorlesung), WS 2012\/13<\/p><\/td><td><\/td><\/tr><tr><td><p>Teil 2: \u00dcbungem zur Bioinformatik (\u00dcbung), WS 2012\/13<\/p><\/td><td><\/td><\/tr><tr><td><p>G4 Grundlagen der Bioinformatik<\/p><\/td><td><\/td><\/tr><tr><td><p><\/p><\/td><td><\/td><\/tr><tr><td width=\"90%\"><p><a href=\"https:\/\/vvz.ruhr-uni-bochum.de\/campus\/all\/module.asp?gguid=0xFF065CC91BE8B14B981694770E46473A&amp;fieldgguid=&amp;findmodule=grundlagen+der+mikrobio&amp;tguid=0xACB220D905C7D54EAD1D1ECB7EE259CF&amp;strSignMessage=\">Grundlagen der Mikrobiologie und Genetik (5 CP)<\/a><\/p><\/td><td><\/td><\/tr><tr><td><p>Teil 1: Grundlagen der Mikrobiologie und Genetik (Vorlesung), WS 2012\/13<\/p><\/td><td><\/td><\/tr><tr><td><p>Teil 2: Grundlagen der Mikrobiologie und Genetik (Seminar), WS 2012\/13<\/p><\/td><td><\/td><\/tr><tr><td><p>G4 Grundlagen der Mikrobiologie und Genetik<\/p><\/td><td><\/td><\/tr><tr><td><p>Biologiestudierende k\u00f6nnen in diesem Modul keine Kreditpunkte f\u00fcr den Optionalbereich erwerben!<\/p><\/td><td><\/td><\/tr><tr><td><p><\/p><\/td><td><\/td><\/tr><tr><td width=\"90%\"><p><a href=\"https:\/\/vvz.ruhr-uni-bochum.de\/campus\/all\/module.asp?gguid=0xCA33CBCB9052C143AAD8B46EC944E7C3&amp;fieldgguid=&amp;mode=&amp;findmodule=Grundlagen+der+Natur&amp;tguid=0xACB220D905C7D54EAD1D1ECB7EE259CF\">Grundlagen der Naturwissenschaften (Summer University) (5 CP)<\/a><\/p><\/td><td><\/td><\/tr><tr><td><p>Teil 1: Grundlagen der Naturwissenschaften (Vorlesung), WS 2012\/13<\/p><\/td><td><\/td><\/tr><tr><td><p>Teil 2: Grundlagen der Naturwissenschaften (\u00dcbungen), WS 2012\/13<\/p><\/td><td><\/td><\/tr><tr><td><p>G4 Grundlagen der Naturwissenschaften<\/p><\/td><td><\/td><\/tr><tr><td><p><\/p><\/td><td><\/td><\/tr><tr><td width=\"90%\"><p><a href=\"https:\/\/vvz.ruhr-uni-bochum.de\/campus\/all\/module.asp?gguid=0x099783AB1548374E8FBF8909CADB5B84&amp;fieldgguid=&amp;mode=&amp;findmodule=%FCberleben+von&amp;tguid=0xACB220D905C7D54EAD1D1ECB7EE259CF\">\u00dcberleben von motorischen Nervenzellen (5 CP)<\/a><\/p><\/td><td><\/td><\/tr><tr><td><p>Teil 1: \u00dcberleben von motorischen Nervenzellen (Literaturseminar), WS 2012\/13<\/p><\/td><td><\/td><\/tr><tr><td><p>Teil 2: \u00dcberleben von motorischen Nervenzellen (Ergebnispr\u00e4sentation), WS 2012\/13<\/p><\/td><td><\/td><\/tr><tr><td><p>G4 \u00dcberleben von motorischen Nervenzellen<\/p><\/td><td><\/td><\/tr><tr><td><p><\/p><\/td><td><\/td><\/tr><tr><td width=\"90%\"><p><a href=\"https:\/\/vvz.ruhr-uni-bochum.de\/campus\/all\/module.asp?gguid=0x40E488F8F018CA4AAF92795DF0AEDC0F&amp;fieldgguid=&amp;mode=&amp;findmodule=What''s+Life&amp;tguid=0xACB220D905C7D54EAD1D1ECB7EE259CF\">What&#8217;s Life? &#8211; Studienprojekt (10 CP)<\/a><\/p><\/td><td><\/td><\/tr><tr><td><p>Teil 1: Studienprojekt, 3.\/4. Semester B.A. &amp; B. Sc. Biologie, WS 2012\/13<\/p><\/td><td><\/td><\/tr><tr><td><p>Teil 2: Seminar zum Studienprojekt What\u00b4s Life?, 3.\/4. Semester B.A. &amp; B. Sc. Biologie, WS 2012\/13<\/p><\/td><td><\/td><\/tr><tr><td><p>G4 Intensiv studieren<\/p><\/td><td><\/td><\/tr><tr><td><p><\/p><\/td><td><\/td><\/tr><tr><td><\/td><td><\/td><\/tr><tr><td colspan=\"2\"><p>Chemie<\/p><\/td><\/tr><tr><td width=\"90%\"><p><a href=\"https:\/\/vvz.ruhr-uni-bochum.de\/campus\/all\/module.asp?gguid=0x5774F980D48C904896CE2F4B45A02239&amp;fieldgguid=&amp;mode=&amp;findmodule=chemikali&amp;tguid=0xACB220D905C7D54EAD1D1ECB7EE259CF\">Chemikalienrecht &#8211; Toxikologie (5 CP)<\/a><\/p><\/td><td><\/td><\/tr><tr><td><p>Teil 1: Chemikalienrecht &#8211; Toxikologie (Vorlesung), WS 2012\/13<\/p><\/td><td><\/td><\/tr><tr><td><p>Teil 2: \u00dcbungen zur Vorlesung &#8222;Chemikalienrecht &#8211; Toxikologie&#8220;, WS 2012\/13<\/p><\/td><td><\/td><\/tr><tr><td><p>G4 Basismodul Chemiekalienrecht<\/p><\/td><td><\/td><\/tr><tr><td><p>Studierende der Chemie k\u00f6nnen in diesem Modul keine Kreditpunkte f\u00fcr den Optionalbereich erwerben!<\/p><\/td><td><\/td><\/tr><tr><td><p><\/p><\/td><td><\/td><\/tr><tr><td width=\"90%\"><p><a href=\"https:\/\/vvz.ruhr-uni-bochum.de\/campus\/all\/module.asp?gguid=0xCA4D0A8BE4E6E04384312F571310BA9D&amp;fieldgguid=&amp;mode=&amp;findmodule=organis&amp;tguid=0xACB220D905C7D54EAD1D1ECB7EE259CF\">Organische Chemie (Schwerpunkt Biologie) (5 CP)<\/a><\/p><\/td><td><\/td><\/tr><tr><td><p>Teil 1: Organische Chemie I (Vorlesung), WS 2012\/13<\/p><\/td><td><\/td><\/tr><tr><td><p>Teil 2: Organische Chemie f\u00fcr Biologen, SoSe 2013<\/p><\/td><td><\/td><\/tr><tr><td><p>G4 Basismodul &#8222;Grundlagen der Chemie&#8220;&#8220;<\/p><\/td><td><\/td><\/tr><tr><td><p>Studierende der Chemie k\u00f6nnen in diesem Modul keine Credit Points f\u00fcr den Optionalbereich erwerben!<\/p><\/td><td><\/td><\/tr><tr><td><\/td><td><\/td><\/tr><tr><td colspan=\"2\"><p>Erziehungswissenschaften<\/p><\/td><\/tr><tr><td width=\"90%\"><p><a href=\"https:\/\/vvz.ruhr-uni-bochum.de\/campus\/all\/module.asp?gguid=0x8A6A3C9715709943B54F2320CA9026CB&amp;fieldgguid=&amp;findmodule=bildungswisse&amp;tguid=0xACB220D905C7D54EAD1D1ECB7EE259CF&amp;strSignMessage=\">Bildungswissenschaftliches Basismodul (9 CP)<\/a><\/p><\/td><td><\/td><\/tr><tr><td><p>Teil 1: Einf\u00fchrung in Lern- und Entwicklungstheorien (\u00dcberblicksvorlesung), WS 2012\/13<\/p><\/td><td><\/td><\/tr><tr><td><p>Teil 2: Erziehungs- und Bildungstheorien (\u00dcberblicksvorlesung), WS 2012\/13<\/p><\/td><td><\/td><\/tr><tr><td><p>Teil 3: Theorien der Sozialisation (\u00dcberblicksvorlesung), WS 2012\/13<\/p><\/td><td><\/td><\/tr><tr><td><p>Teil 4: Lehrerberuf, Lehrerbildung, Lehrerprofessionalit\u00e4t (\u00dcberblicksvorlesung), WS 2012\/13<\/p><\/td><td><\/td><\/tr><tr><td><p>G4 &#8222;EWL zum M.Ed.&#8220;<\/p><\/td><td><\/td><\/tr><tr><td><p>Studierende, die das Fach Erziehungswissenschaft im 2-Fach B. A. studieren, m\u00fcssen nur den vierten Teil des Moduls absolvieren, da die Teile 1 bis 3 bereits zu ihrem Fachstudium geh\u00f6ren. Als Kompensation wird der Besuch einer Werkstatt f\u00fcr empirische Forschungsmethoden verlangt. Modul kann in 1, 2, 3 oder 4 Semestern abgeschlossen werden.<\/p><\/td><td><\/td><\/tr><tr><td><\/td><td><\/td><\/tr><tr><td colspan=\"2\"><p>Evangelische Theologie<\/p><\/td><\/tr><tr><td width=\"90%\"><p>In diesem Semester liegt leider kein Angebot vor.<\/p><\/td><td><\/td><\/tr><tr><td><\/td><td><\/td><\/tr><tr><td colspan=\"2\"><p>Geographie<\/p><\/td><\/tr><tr><td width=\"90%\"><p><a href=\"https:\/\/vvz.ruhr-uni-bochum.de\/campus\/all\/module.asp?gguid=0xFE76298A28526E48A9547ACC5DA421FC&amp;fieldgguid=&amp;mode=&amp;findmodule=geogra&amp;tguid=0xACB220D905C7D54EAD1D1ECB7EE259CF\">Geographen reisen anders (5 CP)<\/a><\/p><\/td><td><\/td><\/tr><tr><td><p>Teil 1: Geographen reisen anders: St\u00e4dte und Regionen der Erde (Vorlesung), WS 2012\/13<\/p><\/td><td><\/td><\/tr><tr><td><p>Teil 2: Geographen reisen anders: St\u00e4dte und Regionen der Erde (\u00dcbung), WS 2012\/13<\/p><\/td><td><\/td><\/tr><tr><td><p>G4 Geographie auf Achse&#8220;<\/p><\/td><td><\/td><\/tr><tr><td><p>Geographie-Studierende k\u00f6nnen an diesem Modul nicht teilnehmen.<\/p><\/td><td><\/td><\/tr><tr><td><\/td><td><\/td><\/tr><tr><td colspan=\"2\"><p>Germanistik<\/p><\/td><\/tr><tr><td width=\"90%\"><\/td><td><\/td><\/tr><tr><td width=\"90%\"><p><a href=\"https:\/\/vvz.ruhr-uni-bochum.de\/campus\/all\/module.asp?gguid=0x02EA1743CDDD554BAAF985D853BCCCE4&amp;fieldgguid=&amp;mode=&amp;findmodule=literatur&amp;tguid=0xACB220D905C7D54EAD1D1ECB7EE259CF\">Literatur, Kultur und Medien der Vormoderne (5 CP)<\/a><\/p><\/td><td><\/td><\/tr><tr><td><p>Teil 1: Einf\u00fchrung in die \u00e4ltere deutsche Sprache und Literatur (Vorlesung), WS 2012\/13<\/p><\/td><td><\/td><\/tr><tr><td><p>Teil 2: Einf\u00fchrung in die \u00e4ltere deutsche Sprache und Literatur (\u00dcbung), WS 2012\/13<\/p><\/td><td><\/td><\/tr><tr><td><p>G4 Intensive Track<\/p><\/td><td><\/td><\/tr><tr><td><p><strong>Achtung!<\/strong> Das Modul ist Bestandteil des Intensive Track &#8222;Forschen studieren in der Germanistischen Medi\u00e4vistik&#8220; und kann nur in Kombination mit den Modulen &#8222;Neue Medien in der Vormoderne: Entwicklung und Durchf\u00fchrung eines spezifischen Forschungsprojekts&#8220; (WS 2012\/13 und SoSe 2013) und &#8222;Neue Medien in der Vormoderne: Ergebnissicherung und Pr\u00e4sentation&#8220; (SoSe 2013) belegt werden.<\/p><\/td><td><\/td><\/tr><tr><td><p><\/p><\/td><td><\/td><\/tr><tr><td><\/td><td><\/td><\/tr><tr><td colspan=\"2\"><p>Geschichte<\/p><\/td><\/tr><tr><td width=\"90%\"><p><a href=\"https:\/\/vvz.ruhr-uni-bochum.de\/campus\/all\/module.asp?gguid=0x3D5BF226932FF54ABC4D3BD26838F652&amp;fieldgguid=&amp;findmodule=Migration+im+Europa+des+20.&amp;tguid=0xACB220D905C7D54EAD1D1ECB7EE259CF&amp;strSignMessage=\">Migration im Europa des 20. Jahrhunderts: Hintergr\u00fcnde, Wanderungsmuster, Deutungen (5 CP)<\/a><\/p><\/td><td><\/td><\/tr><tr><td><p>Teil 1: Einwanderungs- und Integrationspolitik im Europa des 20. Jahrhunderts: Gro\u00dfbritannien, Frankreich, BRD, Schweiz, Italien (Seminar), WS 2012\/13<\/p><\/td><td><\/td><\/tr><tr><td><p>Teil 2: Transnationale Migration in der europ\u00e4ischen Kultur: Film, Literatur, zeitgen\u00f6ssische Diskurse (Seminar), WS 2012\/13<\/p><\/td><td><\/td><\/tr><tr><td><p>G4 Basismodul &#8222;Neuere und Neueste Geschichte&#8220;<\/p><\/td><td><\/td><\/tr><tr><td><p><\/p><\/td><td><\/td><\/tr><tr><td width=\"90%\"><p><a href=\"https:\/\/vvz.ruhr-uni-bochum.de\/campus\/all\/module.asp?gguid=0x326D99100FACCE458030603C9F686065&amp;fieldgguid=&amp;findmodule=Technikgesc&amp;tguid=0xACB220D905C7D54EAD1D1ECB7EE259CF&amp;strSignMessage=\">Technikgeschichte in Mittelalter und Renaissance (5 CP)<\/a><\/p><\/td><td><\/td><\/tr><tr><td><p>Teil 1: Technik und Umweltgeschichte I: Mittelalter und Renaissance (Vorlesung), WS 2012\/13<\/p><\/td><td><\/td><\/tr><tr><td><p>Teil 2: Metalle und Macht: Technik und Wirtschaft 1400-1600, WS 2012\/13<\/p><\/td><td><\/td><\/tr><tr><td><p>Studierende der Geschichte k\u00f6nnen in diesem Modul keine Kreditpunkte f\u00fcr den Optionalbereich erwerben!<\/p><\/td><td><\/td><\/tr><tr><td><p>G4 Basismodul &#8222;Mittelalterliche Geschichte&#8220;<\/p><\/td><td><\/td><\/tr><tr><td><\/td><td><\/td><\/tr><tr><td colspan=\"2\"><p>Katholische Theologie<\/p><\/td><\/tr><tr><td width=\"90%\"><p><a href=\"https:\/\/vvz.ruhr-uni-bochum.de\/campus\/all\/module.asp?gguid=0xBB6E011847B61F439ADBA278DAEC6CE0&amp;fieldgguid=&amp;mode=&amp;findmodule=Arch%E4ologie+der&amp;tguid=0xACB220D905C7D54EAD1D1ECB7EE259CF\">Arch\u00e4ologie der Sp\u00e4tantike mit Exkursion nach Istanbul (5 CP)<\/a><\/p><\/td><td><\/td><\/tr><tr><td><p>Teil 1: Ausgew\u00e4hlte Szenen des NT auf sp\u00e4tantiken Denkm\u00e4lern (Seminar), WS 2012\/13<\/p><\/td><td><\/td><\/tr><tr><td><p>Teil 2: Das antike und sp\u00e4tantike Konstantinopel: Arch\u00e4ologisches Museum, Hippodrom und Umgebung (Seminar), WS 2012\/13<\/p><\/td><td><\/td><\/tr><tr><td><p>G4 &#8222;Christentum und Kultur&#8220;<\/p><\/td><td><\/td><\/tr><tr><td><p><\/p><\/td><td><\/td><\/tr><tr><td width=\"90%\"><p><a href=\"https:\/\/vvz.ruhr-uni-bochum.de\/campus\/all\/module.asp?gguid=0x04A4A15BE4150B4E8F64F658B228C9B6&amp;fieldgguid=&amp;findmodule=Das+Gute&amp;tguid=0xACB220D905C7D54EAD1D1ECB7EE259CF&amp;strSignMessage=\">Das Gute (5 CP)<\/a><\/p><\/td><td><\/td><\/tr><tr><td><p>Teil 1: Das Gute (Lekt\u00fcrekurs), WS 2012\/13<\/p><\/td><td><\/td><\/tr><tr><td><p>Teil 2: Philosophie der Moral (Seminar), WS 2012\/13<\/p><\/td><td><\/td><\/tr><tr><td><p>G4 &#8222;Christentum und Kultur&#8220;<\/p><\/td><td><\/td><\/tr><tr><td><p><\/p><\/td><td><\/td><\/tr><tr><td width=\"90%\"><p><a href=\"https:\/\/vvz.ruhr-uni-bochum.de\/campus\/all\/module.asp?gguid=0x9A4384BE5808FE439A35DF82FDD285EA&amp;fieldgguid=&amp;mode=&amp;findmodule=Ethik&amp;tguid=0xACB220D905C7D54EAD1D1ECB7EE259CF\">Ethik in der Medizin (5 CP)<\/a> NEU !!!<\/p><\/td><td><\/td><\/tr><tr><td><p>Teil 1: Bioethik I &#8211; Ethische Fragen am Beginn menschlichen Lebens (Vorlesung, 14-tg.), WS 2012\/13<\/p><\/td><td><\/td><\/tr><tr><td><p>Teil 2: Die Lebensphase des Sterbens &#8211; Sterben als Teil des Lebens (Vorlesung, 14-tg.), WS 2012\/13<\/p><\/td><td><\/td><\/tr><tr><td><p>Teil 3: Blackboard-\u00dcbung zu den Vorlesungen (\u00dcbung), WS 2012\/13<\/p><\/td><td><\/td><\/tr><tr><td><p>G4 Basismodul &#8222;Christliche Weltverantwortung&#8220;<\/p><\/td><td><\/td><\/tr><tr><td><p><\/p><\/td><td><\/td><\/tr><tr><td width=\"90%\"><p><a href=\"https:\/\/vvz.ruhr-uni-bochum.de\/campus\/all\/module.asp?gguid=0xF7BECDD57027E741B2475250C1B06FBB&amp;fieldgguid=&amp;findmodule=%22Jesus&amp;tguid=0xACB220D905C7D54EAD1D1ECB7EE259CF&amp;strSignMessage=\">&#8222;Jesus Christus&#8220; in Literatur, Kunst und Film (5 CP)<\/a><\/p><\/td><td><\/td><\/tr><tr><td><p>Teil 1: Der Gott Jesu Christi. Einf\u00fchrung in die Christologie und Gotteslehre (Vorlesung), WS 2012\/13<\/p><\/td><td><\/td><\/tr><tr><td><p>Teil 2: &#8222;Jesus Christus&#8220; in Literatur, Kunst und Film, WS 2012\/13<\/p><\/td><td><\/td><\/tr><tr><td><p>G4 &#8222;Glaube und Vernunft&#8220;<\/p><\/td><td><\/td><\/tr><tr><td><p>Studierende der katholischen Theologie k\u00f6nnen an diesem Modul nicht teilnehmen!<\/p><\/td><td><\/td><\/tr><tr><td><p><\/p><\/td><td><\/td><\/tr><tr><td width=\"90%\"><p><a href=\"https:\/\/vvz.ruhr-uni-bochum.de\/campus\/all\/module.asp?gguid=0x330BEAB6D91BB84494B1108B49B7E9A6&amp;fieldgguid=&amp;findmodule=Theologische+Grundlagen&amp;tguid=0xACB220D905C7D54EAD1D1ECB7EE259CF&amp;strSignMessage=\">Theologische Grundlagen der christlich abendl\u00e4ndischen Kunst (5 CP)<\/a><\/p><\/td><td><\/td><\/tr><tr><td><p>Teil 1: Theologische Grundlagen der christlich abendl\u00e4ndischen Kunst. Teil I: Auftreten und Lehre Jesu (Vorlesung), WS 2012\/13<\/p><\/td><td><\/td><\/tr><tr><td><p>Teil 2: Theologische Grundlagen der christlich abendl\u00e4ndischen Kunst. Teil II: Allgemeine Themen (Exkursion), WS 2012\/13<\/p><\/td><td><\/td><\/tr><tr><td><p>G4 &#8222;Christentum und Kultur&#8220;<\/p><\/td><td><\/td><\/tr><tr><td><p><\/p><\/td><td><\/td><\/tr><tr><td width=\"90%\"><p><a href=\"https:\/\/vvz.ruhr-uni-bochum.de\/campus\/all\/module.asp?gguid=0x8A95DF4FEEBB6842B5C3D9F031A85158&amp;fieldgguid=&amp;mode=&amp;findmodule=Wege+des&amp;tguid=0xACB220D905C7D54EAD1D1ECB7EE259CF\">Wege des Glaubens &#8211; neustamentliche Perspektiven I (5 CP)<\/a><\/p><\/td><td><\/td><\/tr><tr><td><p>Teil 1: Einleitung in das Neue Testament (Vorlesung), WS 2012\/13<\/p><\/td><td><\/td><\/tr><tr><td><p>Teil 2: Leben aus dem Wasser &#8211; Die Taufe (Seminar), WS 2012\/13<\/p><\/td><td><\/td><\/tr><tr><td><p>G4 &#8222;Christentum und Kultur&#8220;<\/p><\/td><td><\/td><\/tr><tr><td><p>Studierende der katholischen Theologie k\u00f6nnen an diesem Modul nicht teilnehmen! Wer dieses Modul belegt, kann <strong>nicht<\/strong> zugleich &#8222;Wege des Glaubens &#8211; Neutestamentliche Perspektiven II belegen&#8220;<\/p><\/td><td><\/td><\/tr><tr><td><p><\/p><\/td><td><\/td><\/tr><tr><td width=\"90%\"><p><a href=\"https:\/\/vvz.ruhr-uni-bochum.de\/campus\/all\/module.asp?gguid=0x72E2A777B07C6D42BCA6445DD489A059&amp;fieldgguid=&amp;mode=&amp;findmodule=Wege+des&amp;tguid=0xACB220D905C7D54EAD1D1ECB7EE259CF\">Wege des Glaubens &#8211; neustamentliche Perspektiven II (5 CP)<\/a><\/p><\/td><td><\/td><\/tr><tr><td><p>Teil 1: Reise nach Jerusalem &#8211; Das Lukasevangelium (Vorlesung), WS 2012\/13<\/p><\/td><td><\/td><\/tr><tr><td><p>Teil 2: Leben aus dem Wasser &#8211; Die Taufe (Seminar), WS 2012\/13<\/p><\/td><td><\/td><\/tr><tr><td><p>G4 &#8222;Christentum und Kultur&#8220;<\/p><\/td><td><\/td><\/tr><tr><td><p>Studierende der katholischen Theologie k\u00f6nnen an diesem Modul nicht teilnehmen! Wer dieses Modul belegt, kann <strong>nicht<\/strong> zugleich &#8222;Wege des Glaubens &#8211; Neutestamentliche Perspektiven I belegen&#8220;<\/p><\/td><td><\/td><\/tr><tr><td><\/td><td><\/td><\/tr><tr><td colspan=\"2\"><p>Mathematik<\/p><\/td><\/tr><tr><td width=\"90%\"><p><a href=\"https:\/\/vvz.ruhr-uni-bochum.de\/campus\/all\/module.asp?gguid=0x360CD45A66FE9B409AA223D14E374C93&amp;error=&amp;expand=0xACB220D905C7D54EAD1D1ECB7EE259CF&amp;tguid=0xACB220D905C7D54EAD1D1ECB7EE259CF#0xACB220D905C7D54EAD1D1ECB7EE259CF\">Einf\u00fchrung in die Mathematik (Schwerpunkte: Biologie) (5 CP)<\/a><\/p><\/td><td><\/td><\/tr><tr><td><p>Teil 1:Mathemtik f\u00fcr Biologen, WS 2012\/13<\/p><\/td><td><\/td><\/tr><tr><td><p>Teil 2: \u00dcbungen zur Mathematik f\u00fcr Biologen, WS 2012\/13<\/p><\/td><td><\/td><\/tr><tr><td><p>G4 Basismodul &#8222;Grundlagen der Mathematik&#8220;<\/p><\/td><td><\/td><\/tr><tr><td><p>Studierende der Mathematik k\u00f6nnen an diesem Modul zwar teilnehmen, jedoch Credit Points nur dann f\u00fcr den Optionalbereich erwerben, wenn sie den Vorkurs vor ihrem ersten Fachsemester besuchen!<\/p><\/td><td><\/td><\/tr><tr><td><p><\/p><\/td><td><\/td><\/tr><tr><td width=\"90%\"><p><a href=\"https:\/\/vvz.ruhr-uni-bochum.de\/campus\/all\/module.asp?gguid=0x0A9FA61DAAA5784F861CB00A42B34BDC&amp;fieldgguid=&amp;mode=&amp;findmodule=Einf%FChrung+in+die+Mathematik&amp;tguid=0xACB220D905C7D54EAD1D1ECB7EE259CF\">Einf\u00fchrung in die Mathematik I (Schwerpunkte: Mathematik und Physik) (5 CP)<\/a><\/p><\/td><td><\/td><\/tr><tr><td><p>Teil 1:Mathemtik f\u00fcr Physiker I, WS 2012\/13<\/p><\/td><td><\/td><\/tr><tr><td><p>Teil 2: \u00dcbungen zum 1. Vorkurs in Mathematik f\u00fcr Physiker I, WS 2012\/13<\/p><\/td><td><\/td><\/tr><tr><td><p>G4 Basismodul &#8222;Grundlagen der Mathematik&#8220;<\/p><\/td><td><\/td><\/tr><tr><td><p>Studierende der Mathematik k\u00f6nnen an diesem Modul zwar teilnehmen, jedoch Credit Points nur dann f\u00fcr den Optionalbereich erwerben, wenn sie den Vorkurs vor ihrem ersten Fachsemester besuchen!<\/p><\/td><td><\/td><\/tr><tr><td><p><\/p><\/td><td><\/td><\/tr><tr><td width=\"90%\"><p><a href=\"https:\/\/vvz.ruhr-uni-bochum.de\/campus\/all\/module.asp?gguid=0x58D394C847FD4B46901ED0FD1041CCFF&amp;fieldgguid=&amp;mode=&amp;findmodule=Einf%FChrung+in+die+Mathe&amp;tguid=0xACB220D905C7D54EAD1D1ECB7EE259CF\">Einf\u00fchrung in die Mathematik (Schwerpunkte: Natur- und Ingenieurwissenschaften sowie Informatik) (5 CP)<\/a><\/p><\/td><td><\/td><\/tr><tr><td><p>Teil 1: Vorkurs in Mathematik f\u00fcr k\u00fcnftige Studierende der Ingenieurwissenschaften, WS 2012\/13<\/p><\/td><td><\/td><\/tr><tr><td><p>Teil 2: \u00dcbungen zum Vorkurs in Mathematik f\u00fcr k\u00fcnftige Studierende der Ingenieurwissenschaften, WS 2012\/13<\/p><\/td><td><\/td><\/tr><tr><td><p>G4 Basismodul &#8222;Grundlagen der Mathematik&#8220;<\/p><\/td><td><\/td><\/tr><tr><td><p>Studierende der Mathematik und der Physik k\u00f6nnen an diesem Modul zwar teilnehmen, jedoch keine Credit Points f\u00fcr den Optionalbereich erwerben!<\/p><\/td><td><\/td><\/tr><tr><td><p><\/p><\/td><td><\/td><\/tr><tr><td width=\"90%\"><p><a href=\"https:\/\/vvz.ruhr-uni-bochum.de\/campus\/all\/module.asp?gguid=0x289F09DEF7BB8842BC4201FC16D30F13&amp;fieldgguid=&amp;findmodule=Einf%FChrung+in+die+Mathematik+I+%28Schwerpu&amp;tguid=0xACB220D905C7D54EAD1D1ECB7EE259CF&amp;strSignMessage=\">Einf\u00fchrung in die Mathematik I (Schwerpunkt: Physik und Geophysik) (10 CP)<\/a><\/p><\/td><td><\/td><\/tr><tr><td><p>Teil 1: Mathematik f\u00fcr Physiker I (Vorlesung), WS 2012\/13<\/p><\/td><td><\/td><\/tr><tr><td><p>Teil 2: \u00dcbungen zu Mathematik f\u00fcr Physiker I, WS 2012\/13<\/p><\/td><td><\/td><\/tr><tr><td><p>G4 Grundlagen der Mathematik<\/p><\/td><td><\/td><\/tr><tr><td><p>Studierende der Mathematik k\u00f6nnen an diesem Modul zwar teilnehmen, jedoch keine Credit Points f\u00fcr den Optionalbereich erwerben!<\/p><\/td><td><\/td><\/tr><tr><td><p><\/p><\/td><td><\/td><\/tr><tr><td width=\"90%\"><p><a href=\"https:\/\/vvz.ruhr-uni-bochum.de\/campus\/all\/module.asp?gguid=0x1408184BC24A73488940971D25A80EF9&amp;fieldgguid=&amp;findmodule=einf%FChrung+in+die+stat&amp;tguid=0xACB220D905C7D54EAD1D1ECB7EE259CF&amp;strSignMessage=\">Einf\u00fchrung in die Statistik (Schwerpunkt: Geographie) (5 CP)<\/a><\/p><\/td><td><\/td><\/tr><tr><td><p>Teil 1: Einf\u00fchrung in die Statistik f\u00fcr Geographen (Vorlesung), WS 2012\/13<\/p><\/td><td><\/td><\/tr><tr><td><p>Teil 2: \u00dcbungen zu Einf\u00fchrung in die Statistik f\u00fcr Geographen, WS 2012\/13<\/p><\/td><td><\/td><\/tr><tr><td><p>G4 Grundlagen der Mathematik<\/p><\/td><td><\/td><\/tr><tr><td><p>Studierende der Mathematik k\u00f6nnen an diesem Modul zwar teilnehmen, jedoch keine Credit Points f\u00fcr den Optionalbereich erwerben!<\/p><\/td><td><\/td><\/tr><tr><td><p><\/p><\/td><td><\/td><\/tr><tr><td width=\"90%\"><p><a href=\"https:\/\/vvz.ruhr-uni-bochum.de\/campus\/all\/module.asp?gguid=0x9B541A9C6C669B4DB82FC3F055152440&amp;fieldgguid=&amp;mode=&amp;findmodule=H%F6here&amp;tguid=0xACB220D905C7D54EAD1D1ECB7EE259CF\">H\u00f6here Mathematik I+II (Schwerpunkt: Angewandte Informatik) (10 CP)<\/a><\/p><\/td><td><\/td><\/tr><tr><td><p>Teil 1: H\u00f6here Mathematik II (im Rahmen der Studienrichtung Angewandte Informatik)(Vorlesung), WS 2012\/13<\/p><\/td><td><\/td><\/tr><tr><td><p>Teil 2: \u00dcbungen zu H\u00f6here Mathematik II (im Rahmen der Studienrichtung Angewandte Informatik), WS 2012\/13<\/p><\/td><td><\/td><\/tr><tr><td><p>G4 Aufbaumodul &#8222;H\u00f6here Mathematik&#8220;<\/p><\/td><td><\/td><\/tr><tr><td><p>Studierende der Mathematik k\u00f6nnen an diesem Modul zwar teilnehmen, jedoch keine Credit Points f\u00fcr den Optionalbereich erwerben!<\/p><\/td><td><\/td><\/tr><tr><td><p><\/p><\/td><td><\/td><\/tr><tr><td width=\"90%\"><p><a href=\"https:\/\/vvz.ruhr-uni-bochum.de\/campus\/all\/module.asp?gguid=0xA6A45BF494D85446B0B5DDDD84FCF539&amp;fieldgguid=&amp;mode=&amp;findmodule=Mathematik&amp;tguid=0xACB220D905C7D54EAD1D1ECB7EE259CF\">Mathematik (Schwerpunkt: Chemie) (5 CP)<\/a><\/p><\/td><td><\/td><\/tr><tr><td><p>Teil 1: Mathematik f\u00fcr Chemiker I (Vorlesung), WS 2012\/13<\/p><\/td><td><\/td><\/tr><tr><td><p>Teil 2: \u00dcbungen zu Mathematik f\u00fcr Chemiker, WS 2012\/13<\/p><\/td><td><\/td><\/tr><tr><td><p>G4 Grundlagen der Mathematik<\/p><\/td><td><\/td><\/tr><tr><td><p>Studierende der Mathematik und Physik k\u00f6nnen an diesem Modul zwar teilnehmen, jedoch keine Credit Points f\u00fcr den Optionalbereich erwerben!<\/p><\/td><td><\/td><\/tr><tr><td><p><\/p><\/td><td><\/td><\/tr><tr><td width=\"90%\"><p><a href=\"https:\/\/vvz.ruhr-uni-bochum.de\/campus\/all\/module.asp?gguid=0x36E116FDE0D24D429D8B0A8E8A69153C&amp;fieldgguid=&amp;mode=&amp;findmodule=Mathematik&amp;tguid=0xACB220D905C7D54EAD1D1ECB7EE259CF\">Mathematik (Schwerpunkt: Geowissenschaften) (5 CP)<\/a><\/p><\/td><td><\/td><\/tr><tr><td><p>Teil 1: Mathematik I f\u00fcr Geowissenschaftler und SEPM (Vorlesung), WS 2012\/13<\/p><\/td><td><\/td><\/tr><tr><td><p>Teil 2: \u00dcbungen zu Mathematik I f\u00fcr Geowissenschaftler und SEPM, WS 2012\/13<\/p><\/td><td><\/td><\/tr><tr><td><p>G4 Grundlagen der Mathematik<\/p><\/td><td><\/td><\/tr><tr><td><p>Studierende der Mathematik k\u00f6nnen an diesem Modul zwar teilnehmen, jedoch keine Credit Points f\u00fcr den Optionalbereich erwerben!<\/p><\/td><td><\/td><\/tr><tr><td><p><\/p><\/td><td><\/td><\/tr><tr><td width=\"90%\"><p><a href=\"https:\/\/vvz.ruhr-uni-bochum.de\/campus\/all\/module.asp?gguid=0x95F59348666FCF41984F508C412B04C0&amp;fieldgguid=&amp;findmodule=Mathematik+f%FCr+k%FCnftige+Studierende+der&amp;tguid=0xACB220D905C7D54EAD1D1ECB7EE259CF&amp;strSignMessage=\">Summer University Mathematik f\u00fcr k\u00fcnftige Studierende der Naturwissenschaften (5 CP)<\/a><\/p><\/td><td><\/td><\/tr><tr><td><p>Teil 1: Mathematik f\u00fcr Studierende der Naturwissenschaften (Vorlesung), WS 2012\/13<\/p><\/td><td><\/td><\/tr><tr><td><p>Teil 2: Mathematik f\u00fcr Studierende der Naturwissenschaften (\u00dcbung), WS 2012\/13<\/p><\/td><td><\/td><\/tr><tr><td><p>G4 Basismodul &#8222;Grundlagen der Mathematik&#8220;<\/p><\/td><td><\/td><\/tr><tr><td><p>Sollten Sie unsicher sein ob Sie das Modul zus\u00e4tzlich zu Ihren Mathematik-Veranstaltungen im Rahmen des Optionalbereichs besuchen d\u00fcrfen, wenden Sie sich bitte an Ihre\/n Studienfachberater\/in.<\/p><\/td><td><\/td><\/tr><tr><td><p><\/p><\/td><td><\/td><\/tr><tr><td width=\"90%\"><p><a href=\"https:\/\/vvz.ruhr-uni-bochum.de\/campus\/all\/module.asp?gguid=0xB9F23822C8B15E46A2A2252CF0558D31&amp;fieldgguid=&amp;findmodule=Mathematische+Grundlagen+der+Statistik+%28&amp;tguid=0xACB220D905C7D54EAD1D1ECB7EE259CF&amp;strSignMessage=\">Summer University Mathematische Grundlagen der Statistik (5 CP)<\/a><\/p><\/td><td><\/td><\/tr><tr><td><p>Teil 1: Mathematische Grundlagen der Statistik (Vorlesung), WS 2012\/13<\/p><\/td><td><\/td><\/tr><tr><td><p>Teil 2: Mathematische Grundlagen der Statistik (\u00dcbung), WS 2012\/13<\/p><\/td><td><\/td><\/tr><tr><td><p>Teil 3: Hausaufgaben zum selbst\u00e4ndigen \u00dcben (freie Zeiteinteilung), WS 2012\/13<\/p><\/td><td><\/td><\/tr><tr><td><p>G4 Basismodul &#8222;Mathematische Anwendungen&#8220;<\/p><\/td><td><\/td><\/tr><tr><td><p>Studierende der Sozialwissenschaft und Management and Economics im Ein-Fach-Bachelor sowie PWG, KIG, Erziehungswissenschaft, Volkswirtschaftslehre und Betriebswirtschaftslehre im Zwei-Fach-Bachelor k\u00f6nnen an dem Modul zwar teilnehmen, jedoch keine Kreditpunkte f\u00fcr den Optionalbereich erwerben.<\/p><\/td><td><\/td><\/tr><tr><td><p><\/p><\/td><td><\/td><\/tr><tr><td><\/td><td><\/td><\/tr><tr><td colspan=\"2\"><p>Medienwissenschaft<\/p><\/td><\/tr><tr><td width=\"90%\"><p>In diesem Semester liegt leider kein Angebot vor.<\/p><\/td><td><\/td><\/tr><tr><td><\/td><td><\/td><\/tr><tr><td colspan=\"2\"><p>Medizin<\/p><\/td><\/tr><tr><td width=\"90%\"><p>In diesem Semester liegt leider kein Angebot vor.<\/p><\/td><td><\/td><\/tr><tr><td><\/td><td><\/td><\/tr><tr><td colspan=\"2\"><p>Orientalistik und Islamwissenschaften<\/p><\/td><\/tr><tr><td width=\"90%\"><p><a href=\"https:\/\/vvz.ruhr-uni-bochum.de\/campus\/all\/module.asp?gguid=0x124EB4AFD4A13346BB11DF780773358B&amp;fieldgguid=&amp;findmodule=Persische+kalli&amp;tguid=0xACB220D905C7D54EAD1D1ECB7EE259CF&amp;strSignMessage=\">Persische Kalligraphie und Landeskunde (5 CP)<\/a><\/p><\/td><td><\/td><\/tr><tr><td><p>Teil 1: \u00dcbung: Landeskunde Iran, WS 2012\/13<\/p><\/td><td><\/td><\/tr><tr><td><p>Teil 2: \u00dcbung: Arabisch-Persische Kalligraphie, WS 2012\/13<\/p><\/td><td><\/td><\/tr><tr><td><p>G4 Basismodul &#8222;Einf\u00fchrung in die islamische Welt&#8220;<\/p><\/td><td><\/td><\/tr><tr><td><p>Studierende der Orientalistik\/Islamwissenschaften k\u00f6nnen an diesem Modul nicht teilnehmen!<\/p><\/td><td><\/td><\/tr><tr><td><p><\/p><\/td><td><\/td><\/tr><tr><td width=\"90%\"><p><a href=\"https:\/\/vvz.ruhr-uni-bochum.de\/campus\/all\/module.asp?gguid=0xE30A6303C8070B41B991DEF7BC11D452&amp;fieldgguid=&amp;findmodule=zug%E4nge+zur&amp;tguid=0xACB220D905C7D54EAD1D1ECB7EE259CF&amp;strSignMessage=\">Zug\u00e4nge zur islamischen Geschichte und Kultur (5 CP)<\/a><\/p><\/td><td><\/td><\/tr><tr><td><p>Teil 1a: Einf\u00fchrung in die islamische Theologie ( &#8218;ilm al-kalam) (Vorlesung), WS 2012\/13 oder<\/p><\/td><td><\/td><\/tr><tr><td><p>Teil 1b: Islamische Kultur und Kunst im Mogulreich (Vorlesung), WS 2012\/13<\/p><\/td><td><\/td><\/tr><tr><td><p>Teil 2: Einf\u00fchrung in die Islamwissenschaft und Arabistik (\u00dcbung), WS 2012\/13<\/p><\/td><td><\/td><\/tr><tr><td><p>G4 Basismodul &#8222;Einf\u00fchrung in die islamische Welt&#8220;<\/p><\/td><td><\/td><\/tr><tr><td><p>Studierende der Orientalistik\/Islamwissenschaften k\u00f6nnen an diesem Modul nicht teilnehmen!<\/p><\/td><td><\/td><\/tr><tr><td><\/td><td><\/td><\/tr><tr><td colspan=\"2\"><p>Ostasienwissenschaften<\/p><\/td><\/tr><tr><td width=\"90%\"><p><a href=\"https:\/\/vvz.ruhr-uni-bochum.de\/campus\/all\/module.asp?gguid=0x241657113758514DB236BEAD57170EA0&amp;fieldgguid=&amp;findmodule=basismodul+si&amp;tguid=0xACB220D905C7D54EAD1D1ECB7EE259CF&amp;strSignMessage=\">Basismodul Sinologie (5 CP)<\/a><\/p><\/td><td><\/td><\/tr><tr><td><p>Teil 1: Einf\u00fchrung in die Sprachwissenschaft des Chinesischen (Vorlesung), WS 2012\/13<\/p><\/td><td><\/td><\/tr><tr><td><p>Teil 2: Einf\u00fchrung in die chinesische Philosophie (Seminar), WS 2012\/13<\/p><\/td><td><\/td><\/tr><tr><td><p>Teil 3: Grundz\u00fcge der chinesischen Geschichte, SoSe 2012\/13<\/p><\/td><td><\/td><\/tr><tr><td><p>Teil 1: Einf\u00fchrung in die chinesische Literaturgeschichte (Vorlesung), SoSe 2012\/13<\/p><\/td><td><\/td><\/tr><tr><td><p>G4 Basismodul &#8222;China&#8220;<\/p><\/td><td><\/td><\/tr><tr><td><p>2 der angebotenen Modulteile bilden das Modul. Sie k\u00f6nnen frei w\u00e4hlen, welche 2 Teile Sie besuchen m\u00f6chten. Das Modul kann je nach Zusammensetzung sowohl im Winter- als auch Sommersemester begonnen werden. Das Modul ist auch Teil des sinologischen Grundstudiums (f\u00fcr Sinologiestudenten deshalb nicht \u00fcber den Optionalbereich sondern den Studiengang Sinologie kreditiert).<\/p><\/td><td><\/td><\/tr><tr><td><p><\/p><\/td><td><\/td><\/tr><tr><td width=\"90%\"><p><a href=\"https:\/\/vvz.ruhr-uni-bochum.de\/campus\/all\/module.asp?gguid=0x2C63526CC64AC54CB2269296AEF1B9B1&amp;fieldgguid=&amp;mode=&amp;findmodule=einf%FChrung+in+die+kor&amp;tguid=0xACB220D905C7D54EAD1D1ECB7EE259CF\">Einf\u00fchrung in die koreanische Geschichte (5 CP)<\/a><\/p><\/td><td><\/td><\/tr><tr><td><p>Teil 1: Grundkurs: Vormoderne koreanische Geschichte (Einf\u00fchrung in die Geschichte Koreas I)<\/p><\/td><td><\/td><\/tr><tr><td><p>Teil 2: Vorlesung: Neuere Geschichte Koreas SoSe 2013<\/p><\/td><td><\/td><\/tr><tr><td><p>G4 Basismodul &#8222;Korea&#8220;<\/p><\/td><td><\/td><\/tr><tr><td><p>Studierende der Koreanistik k\u00f6nnen an diesem Modul zwar teilnehmen, jedoch keine Credit Points f\u00fcr den Optionalbereich erwerben!<\/p><\/td><td><\/td><\/tr><tr><td><p><\/p><\/td><td><\/td><\/tr><tr><td width=\"90%\"><p><a href=\"https:\/\/vvz.ruhr-uni-bochum.de\/campus\/all\/module.asp?gguid=0xEC7EA166F1741549811452B0A18EAC5C&amp;fieldgguid=&amp;findmodule=Nihon&amp;tguid=0xACB220D905C7D54EAD1D1ECB7EE259CF&amp;strSignMessage=\">Nihongogaku (5 CP)<\/a><\/p><\/td><td><\/td><\/tr><tr><td><p>Teil 1: \u00dcberblick \u00fcber die japanische Sprache I, WS 2012\/13<\/p><\/td><td><\/td><\/tr><tr><td><p>Teil 2: \u00dcberblick \u00fcber die japanische Sprache II, SoSe 2013<\/p><\/td><td><\/td><\/tr><tr><td><p>G4 Basismodul &#8222;Japan&#8220;<\/p><\/td><td><\/td><\/tr><tr><td><p>Studierende der Japanologie k\u00f6nnen an diesem Modul zwar teilnehmen, jedoch keine Credit Points f\u00fcr den Optionalbereich erwerben!<\/p><\/td><td><\/td><\/tr><tr><td><\/td><td><\/td><\/tr><tr><td colspan=\"2\"><p>Philosophie<\/p><\/td><\/tr><tr><td width=\"90%\"><p><a href=\"https:\/\/vvz.ruhr-uni-bochum.de\/campus\/all\/module.asp?gguid=0x049309F08E81AB42B885D1B3C1300935&amp;fieldgguid=&amp;findmodule=Einf%FChrung+in+die+Systematische+Philosop&amp;tguid=0xACB220D905C7D54EAD1D1ECB7EE259CF&amp;strSignMessage=\">Einf\u00fchrung in die Systematische Philosophie (5 CP)<\/a><\/p><\/td><td><\/td><\/tr><tr><td><p>Teil 1: Einf\u00fchrung in die Theoretische Philosophie (Vorlesung), WS 2012\/13<\/p><\/td><td><\/td><\/tr><tr><td><p>Teil 2: Einf\u00fchrung in die Praktische Philosophie (Vorlesung), SoSe 2013<\/p><\/td><td><\/td><\/tr><tr><td><p>G4 Basismodul &#8222;Geschichte der Philosophie&#8220;<\/p><\/td><td><\/td><\/tr><tr><td><p>Studierende des Faches Philosophie d\u00fcrfen an diesem Modul nicht teilnehmen!<\/p><\/td><td><\/td><\/tr><tr><td><p><\/p><\/td><td><\/td><\/tr><tr><td width=\"90%\"><p><a href=\"https:\/\/vvz.ruhr-uni-bochum.de\/campus\/all\/module.asp?gguid=0x7C82762F6A102D40B5D9890570534AF9&amp;fieldgguid=&amp;findmodule=Historische+Einf%FChrung+in+die+Philosophi&amp;tguid=0xACB220D905C7D54EAD1D1ECB7EE259CF&amp;strSignMessage=\">Historische Einf\u00fchrung in die Philosophie (5 CP)<\/a><\/p><\/td><td><\/td><\/tr><tr><td><p>Teil 1: Historische Einf\u00fchrung in die Philosophie I: Zentrale Themen der Philosophie in Antike und Mittelalter (Vorlesung), WS 2012\/13<\/p><\/td><td><\/td><\/tr><tr><td><p>Teil 2: Historische Einf\u00fchrung in die Philosophie II: Zentrale Themen der Philosophie in Neuzeit und Gegenwart (Vorlesung), SoSe 2013<\/p><\/td><td><\/td><\/tr><tr><td><p>G4 Basismodul &#8222;Geschichte der Philosophie&#8220;<\/p><\/td><td><\/td><\/tr><tr><td><p>Studierende des Faches Philosophie d\u00fcrfen an diesem Modul nicht teilnehmen!<\/p><\/td><td><\/td><\/tr><tr><td><p><\/p><\/td><td><\/td><\/tr><tr><td width=\"90%\"><p><a href=\"https:\/\/vvz.ruhr-uni-bochum.de\/campus\/all\/module.asp?gguid=0x9774D69AC2B4F845A4C50D1EF23C36AB&amp;fieldgguid=&amp;mode=&amp;findmodule=einf%FChrung+in+die&amp;tguid=0xACB220D905C7D54EAD1D1ECB7EE259CF\">Einf\u00fchrung in die \u00c4sthetik (5 CP)<\/a><\/p><\/td><td><\/td><\/tr><tr><td><p>Teil 1: Einf\u00fchrung in die \u00c4sthetik I (Seminar), WS 2012\/13<\/p><\/td><td><\/td><\/tr><tr><td><p>Teil 2: Einf\u00fchrung in die \u00c4sthetik II (Seminar), WS 2012\/13<\/p><\/td><td><\/td><\/tr><tr><td><p>G4 Basismodul &#8222;Praktische Philosophie&#8220;<\/p><\/td><td><\/td><\/tr><tr><td><p>Studierende des Faches Philosophie d\u00fcrfen an diesem Modul nicht teilnehmen!<\/p><\/td><td><\/td><\/tr><tr><td><\/td><td><\/td><\/tr><tr><td colspan=\"2\"><p>Physik und Astronomie<\/p><\/td><\/tr><tr><td width=\"90%\"><p><a href=\"https:\/\/vvz.ruhr-uni-bochum.de\/campus\/all\/module.asp?gguid=0xCEA7C740C0DE3F478EECCCD6DC918AA1&amp;fieldgguid=&amp;mode=&amp;findmodule=analog&amp;tguid=0xACB220D905C7D54EAD1D1ECB7EE259CF\">Analogelektronik (5 CP)<\/a><\/p><\/td><td><\/td><\/tr><tr><td><p>Teil 1: Analogelektronik (Vorlesung), WS 2012\/13<\/p><\/td><td><\/td><\/tr><tr><td><p>Teil 2: \u00dcbungen zur Abaloglelektronik, WS 2012\/13<\/p><\/td><td><\/td><\/tr><tr><td><p>G4 Basismodul &#8222;Elektronik f\u00fcr physikalische Experimente&#8220;<\/p><\/td><td><\/td><\/tr><tr><td><p>Studierende der Physik k\u00f6nnen an diesem Modul nicht teilnehmen!<\/p><\/td><td><\/td><\/tr><tr><td><p><\/p><\/td><td><\/td><\/tr><tr><td width=\"90%\"><p><a href=\"https:\/\/vvz.ruhr-uni-bochum.de\/campus\/all\/module.asp?gguid=0xA16AE5024B0F1F479889CD84B25F7E58&amp;fieldgguid=&amp;findmodule=mathematische+hilfs&amp;tguid=0xACB220D905C7D54EAD1D1ECB7EE259CF&amp;strSignMessage=\">Mathematische Hilfsmittel der Physik (5 CP)<\/a><\/p><\/td><td><\/td><\/tr><tr><td><p>Teil 1: Einf\u00fchrung in die mathematischen Hilfsmittel der Physik (Vorlesung), WS 2012\/13<\/p><\/td><td><\/td><\/tr><tr><td><p>Teil 2: \u00dcbungen zur Einf\u00fchrung in die mathematischen Hilfsmittel der Physik, WS 2012\/13<\/p><\/td><td><\/td><\/tr><tr><td><p>G4 Basismodul &#8222;Mathematische Methoden f\u00fcr die Physik&#8220;<\/p><\/td><td><\/td><\/tr><tr><td><p>Studierende der Mathematik sowie der Physik k\u00f6nnen an diesem Modul nicht teilnehmen!<\/p><\/td><td><\/td><\/tr><tr><td><p><\/p><\/td><td><\/td><\/tr><tr><td width=\"90%\"><p><a href=\"https:\/\/vvz.ruhr-uni-bochum.de\/campus\/all\/module.asp?gguid=0x69BA1E4D129AA7448BEBEA40C413B387&amp;fieldgguid=&amp;findmodule=mathematische+methoden&amp;tguid=0xACB220D905C7D54EAD1D1ECB7EE259CF&amp;strSignMessage=\">Mathematische Methoden der Physik (5 CP)<\/a><\/p><\/td><td><\/td><\/tr><tr><td><p>Teil 1: Mathematische Methoden der Physik (Vorlesung), WS 2012\/13<\/p><\/td><td><\/td><\/tr><tr><td><p>Teil 2: \u00dcbungen zu mathematischen Methoden der Physik, WS 2012\/13<\/p><\/td><td><\/td><\/tr><tr><td><p>G4 Basismodul &#8222;Mathematische Methoden f\u00fcr die Physik&#8220;<\/p><\/td><td><\/td><\/tr><tr><td><p>Studierende der Physik k\u00f6nnen an diesem Modul nicht teilnehmen!<\/p><\/td><td><\/td><\/tr><tr><td><p><\/p><\/td><td><\/td><\/tr><tr><td width=\"90%\"><p><a href=\"https:\/\/vvz.ruhr-uni-bochum.de\/campus\/all\/module.asp?gguid=0x214313404D7E4849B4EAA91383DE1753&amp;fieldgguid=&amp;mode=&amp;findmodule=Physik&amp;tguid=0xACB220D905C7D54EAD1D1ECB7EE259CF\">Physik I (Schwerpunkt Chemie, Biochemie, Geowissenschaften) (5 CP)<\/a><\/p><\/td><td><\/td><\/tr><tr><td><p>Teil 1: Physik I f\u00fcr Studierende der Biochemie, Chemie und Geowissenschaften (Vorlesung), WS 2012\/13<\/p><\/td><td><\/td><\/tr><tr><td><p>Teil 2: \u00dcbungen zur Physik I f\u00fcr Studierende der Biochemie, Chemie und Geowissenschaften, WS 2012\/13<\/p><\/td><td><\/td><\/tr><tr><td><p>G4 Basismodul &#8222;Grundlagen der Physik&#8220;<\/p><\/td><td><\/td><\/tr><tr><td><p>Studierende des B.Sc. Studiengangs Chemie, Biochemie, Geowissenschaften sowie Studierende der Physik (B.A.) k\u00f6nnen an diesem Modul nicht teilnehmen!<\/p><\/td><td><\/td><\/tr><tr><td><p><\/p><\/td><td><\/td><\/tr><tr><td width=\"90%\"><p><a href=\"https:\/\/vvz.ruhr-uni-bochum.de\/campus\/all\/module.asp?gguid=0xB929A78FC3A7D1458AC126D738B18F61&amp;fieldgguid=&amp;mode=&amp;findmodule=Physik&amp;tguid=0xACB220D905C7D54EAD1D1ECB7EE259CF\">Physik II (Schwerpunkt Biologie) (5 CP)<\/a><\/p><\/td><td><\/td><\/tr><tr><td><p>Teil 1: Physik II f\u00fcr Studierende der Biologie (Vorlesung), WS 2012\/13<\/p><\/td><td><\/td><\/tr><tr><td><p>Teil 2: \u00dcbungen zur Physik II f\u00fcr Studierende der Biologie, WS 2012\/13<\/p><\/td><td><\/td><\/tr><tr><td><p>G4 Basismodul &#8222;Grundlagen der Physik&#8220;<\/p><\/td><td><\/td><\/tr><tr><td><p>Da die Veranstaltung inhaltlich der Physik II (Schwerpunkt Chemie) gleicht, kann nur jeweils eine von beiden f\u00fcr den Optionalbereich anerkannt werden. F\u00fcr Studierende des B.Sc. Studiengangs Biologie ist dieses Modul nicht im Optionalbereich anrechenbar. Studierende der Physik k\u00f6nnen an diesem Modul nicht teilnehmen!<\/p><\/td><td><\/td><\/tr><tr><td><p><\/p><\/td><td><\/td><\/tr><tr><td width=\"90%\"><p><a href=\"https:\/\/vvz.ruhr-uni-bochum.de\/campus\/all\/module.asp?gguid=0x12C096F7DAAA47498974A5E2E9C61E6F&amp;fieldgguid=&amp;mode=&amp;findmodule=Physik&amp;tguid=0xACB220D905C7D54EAD1D1ECB7EE259CF\">Physik f\u00fcr Nicht-Physikerinnen und Nicht-Physiker I (5 CP)<\/a><\/p><\/td><td><\/td><\/tr><tr><td><p>Teil 1: Physik f\u00fcr Nichtphysikerinnen und Nicht-Physiker (Vorlesung), WS 2012\/13<\/p><\/td><td><\/td><\/tr><tr><td><p>Teil 2: \u00dcbungen zur Physik f\u00fcr Nicht-Physikerinnen und Nicht-Physiker, WS 2012\/13<\/p><\/td><td><\/td><\/tr><tr><td><p>G4 Basismodul &#8222;Grundlagen der Physik&#8220;<\/p><\/td><td><\/td><\/tr><tr><td><p>Studierende der Physik k\u00f6nnen an diesem Modul nicht teilnehmen!<\/p><\/td><td><\/td><\/tr><tr><td><p><\/p><\/td><td><\/td><\/tr><tr><td width=\"90%\"><p><a href=\"https:\/\/vvz.ruhr-uni-bochum.de\/campus\/all\/module.asp?gguid=0x783EB5F7580F934E942782093D40261F&amp;fieldgguid=&amp;mode=&amp;findmodule=Physik&amp;tguid=0xACB220D905C7D54EAD1D1ECB7EE259CF\">Physik des Universums: Vom Urknall bis zur Supernova (5 CP)<\/a><\/p><\/td><td><\/td><\/tr><tr><td><p>Teil 1: Physik des Universums: Vom Urknall bis zur Supernova (Vorlesung), WS 2012\/13<\/p><\/td><td><\/td><\/tr><tr><td><p>Teil 2: \u00dcbungen zur Physik des Universums: Vom Urknall bis zur Supernova, WS 2012\/13<\/p><\/td><td><\/td><\/tr><tr><td><p>G4 Basismodul &#8222;Physik des Universums&#8220;<\/p><\/td><td><\/td><\/tr><tr><td><p>Studierende der Physik k\u00f6nnen an diesem Modul nicht teilnehmen!<\/p><\/td><td><\/td><\/tr><tr><td><\/td><td><\/td><\/tr><tr><td><p><\/p><\/td><td><\/td><\/tr><tr><td colspan=\"2\"><p>Rechtswissenschaft<\/p><\/td><\/tr><tr><td width=\"90%\"><p><a href=\"https:\/\/vvz.ruhr-uni-bochum.de\/campus\/all\/module.asp?gguid=0xBD762F692CF1054CA847F4643400A95F&amp;fieldgguid=&amp;findmodule=Krimino&amp;tguid=0xACB220D905C7D54EAD1D1ECB7EE259CF&amp;strSignMessage=\">Kriminologie (5 CP)<\/a><\/p><\/td><td><\/td><\/tr><tr><td><p>Teil 1: Kriminologie I (Vorlesung), WS 2012\/13<\/p><\/td><td><\/td><\/tr><tr><td><p>Teil 2: Ausgew\u00e4hlte Themen zur Kriminologie (\u00dcbung), WS 2012\/13<\/p><\/td><td><\/td><\/tr><tr><td><p>G4 Basismodul &#8222;Rechtswissenschaft&#8220;<\/p><\/td><td><\/td><\/tr><tr><td><p><\/p><\/td><td><\/td><\/tr><tr><td colspan=\"2\"><p>Romanistik<\/p><\/td><\/tr><tr><td width=\"90%\"><p><a href=\"https:\/\/vvz.ruhr-uni-bochum.de\/campus\/all\/module.asp?gguid=0xFC5042901DB7AD41820285218449777D&amp;fieldgguid=&amp;findmodule=las+culturas&amp;tguid=0xACB220D905C7D54EAD1D1ECB7EE259CF&amp;strSignMessage=\">Las culturas de Am\u00e9rica Latina &#8211; Die Kulturen Lateinamerikas (5 CP)<\/a><\/p><\/td><td><\/td><\/tr><tr><td><p>Teil 1: Colombia: diversidades geogr\u00e1fica y cultural (Proseminar), WS 2012\/13<\/p><\/td><td><\/td><\/tr><tr><td><p>Teil 2: Independ\u00e8ncia do Brasil (Proseminar), WS 2012\/13<\/p><\/td><td><\/td><\/tr><tr><td><p>G4 Basismodul &#8222;Kultur Lateinamerikas&#8220;<\/p><\/td><td><\/td><\/tr><tr><td><p>Studierende der Romanischen Philologie k\u00f6nnen an diesem Modul nur teilnehmen, sofern kein Modulteil zugleich Bestandteil eines Fachmoduls ist!<\/p><\/td><td><\/td><\/tr><tr><td><\/td><td><\/td><\/tr><tr><td colspan=\"2\"><p>Slavistik<\/p><\/td><\/tr><tr><td width=\"90%\"><p><a href=\"https:\/\/vvz.ruhr-uni-bochum.de\/campus\/all\/module.asp?gguid=0x638814EA9956494A8D1AD2EE18CBE3AB&amp;fieldgguid=&amp;findmodule=j%FCdische&amp;tguid=0xACB220D905C7D54EAD1D1ECB7EE259CF&amp;strSignMessage=\">J\u00fcdische Kultur in Polen (10 CP)<\/a><\/p><\/td><td><\/td><\/tr><tr><td><p>Teil 1: J\u00fcdisches Leben in Polen bis 1945 (Seminar), WS 2012\/13<\/p><\/td><td><\/td><\/tr><tr><td><p>Teil 2: Die polnische Kultur nach 1945 und der Holocaust (Blockseminar), WS 2012\/13<\/p><\/td><td><\/td><\/tr><tr><td><p>G4 Basismodul &#8222;Slavistik&#8220;<\/p><\/td><td><\/td><\/tr><tr><td><p><strong>Achtung!<\/strong> Dieses Modul ist Teil des Lehrprojektes &#8222;Polen und der Holocaust&#8220; und kann nur in Kombination mit dem Modul &#8222;Der Holocaust und die Erinnerungskultur heute&#8220; im SoSe 2013 belegt werden.<\/p><\/td><td><\/td><\/tr><tr><td><p><\/p><\/td><td><\/td><\/tr><tr><td><\/td><td><\/td><\/tr><tr><td colspan=\"2\"><p>Sozialwissenschaft<\/p><\/td><\/tr><tr><td width=\"90%\"><p><a href=\"https:\/\/vvz.ruhr-uni-bochum.de\/campus\/all\/module.asp?gguid=0x4DD3FA3A3F8E724286F4F7BE801E634B&amp;fieldgguid=&amp;findmodule=arbeits-&amp;tguid=0xACB220D905C7D54EAD1D1ECB7EE259CF&amp;strSignMessage=\">Arbeits-, Wirtschafts- und Organisationssoziologie (5 CP)<\/a><\/p><\/td><td><\/td><\/tr><tr><td><p>Teil 1a: Einf\u00fchrung in die Arbeits-, Wirtschafts- und Organisationssoziologie (Seminar), WS 2012\/13 oder<\/p><\/td><td><\/td><\/tr><tr><td><p>Teil 1b: Einf\u00fchrung in die Arbeits-, Wirtschafts- und Organisationssoziologie (Seminar), WS 2012\/13 oder<\/p><\/td><td><\/td><\/tr><tr><td><p>Teil 1c: Einf\u00fchrung in die Arbeits-, Wirtschafts- und Organisationssoziologie (Seminar), WS 2012\/13<\/p><\/td><td><\/td><\/tr><tr><td><p>Teil 2: Strukturierte Betreuung (\u00dcbung), WS 2012\/13<\/p><\/td><td><\/td><\/tr><tr><td><p>G4 Aufbaumodul &#8222;Soziologie&#8220;<\/p><\/td><td><\/td><\/tr><tr><td><p>Studierende der F\u00e4cher PWG, KIG und Soziologie sowie des Studiengangs Sozialwissenschaft k\u00f6nnen an diesem Modul nicht teilnehmen!<\/p><\/td><td><\/td><\/tr><tr><td><p><\/p><\/td><td><\/td><\/tr><tr><td width=\"90%\"><p><a href=\"https:\/\/vvz.ruhr-uni-bochum.de\/campus\/all\/module.asp?gguid=0x8082EA6C6961E940A3DC968A25162F60&amp;error=&amp;expand=0xACB220D905C7D54EAD1D1ECB7EE259CF&amp;tguid=0xACB220D905C7D54EAD1D1ECB7EE259CF#0xACB220D905C7D54EAD1D1ECB7EE259CF\">Einf\u00fchrung in die Wirtschafts- und Sozialpolitik (5 CP)<\/a><\/p><\/td><td><\/td><\/tr><tr><td><p>Teil 1: Einf\u00fchrung in die Wirtschafts- und Sozialpolitik (Vorlesung), WS 2012\/13<\/p><\/td><td><\/td><\/tr><tr><td><p>Teil 2: Wirtschafts- und Sozialpolitik (\u00dcbung), WS 2012\/13<\/p><\/td><td><\/td><\/tr><tr><td><p>G4 Basismodul &#8222;Sozial\u00f6konomik&#8220;<\/p><\/td><td><\/td><\/tr><tr><td><p>Studierende der F\u00e4cher PWG, Soziologie, Politikwissenschaft und Sozialpsychologie\/-anthropologie sowie des Studiengangs Sozialwissenschaft k\u00f6nnen an diesem Modul nicht teilnehmen!<\/p><\/td><td><\/td><\/tr><tr><td><p><\/p><\/td><td><\/td><\/tr><tr><td width=\"90%\"><p><a href=\"https:\/\/vvz.ruhr-uni-bochum.de\/campus\/all\/module.asp?gguid=0x6EC4D4FD79197749AE85AD6816F8E4C6&amp;fieldgguid=&amp;findmodule=grundfragen+und+hauptbegriff&amp;tguid=0xACB220D905C7D54EAD1D1ECB7EE259CF&amp;strSignMessage=\">Grundfragen und Hauptbegriffe der Soziologie (Soziologie I) (5 CP)<\/a><\/p><\/td><td><\/td><\/tr><tr><td><p>Teil 1: V Grundfragen und Hauptbegriffe der Soziologie (GrundSoz, Teil I; Soz, Teil I) (Vorlesung), WS 2012\/13<\/p><\/td><td><\/td><\/tr><tr><td><p>Teil 2: \u00dc Strukturierte Betreuung (Soz, Teil III; GrundSoz, Teil III)), WS 2012\/13<\/p><\/td><td><\/td><\/tr><tr><td><p>G4 Basismodul &#8222;Soziologie&#8220;<\/p><\/td><td><\/td><\/tr><tr><td><p>Studierende der F\u00e4cher PWG, KIG, Soziologie, Politikwissenschaft und Sozialpsychologie\/-anthropologie sowie des Studiengangs Sozialwissenschaft k\u00f6nnen an diesem Modul nicht teilnehmen!<\/p><\/td><td><\/td><\/tr><tr><td><p><\/p><\/td><td><\/td><\/tr><tr><td width=\"90%\"><p><a href=\"https:\/\/vvz.ruhr-uni-bochum.de\/campus\/all\/module.asp?gguid=0xB4996F752E1C79448BF0FADCFC8307A9&amp;fieldgguid=&amp;findmodule=internation&amp;tguid=0xACB220D905C7D54EAD1D1ECB7EE259CF&amp;strSignMessage=\">Internationalisierung (5 CP)<\/a><\/p><\/td><td><\/td><\/tr><tr><td><p>Teil 1a: Internally Displaced Persons (IDPs) im Kontext von kriegerischen Auseinandersetzungen und Klimawandel (InterVerg, Teil I) (Seminar), WS 2012\/13 oder<\/p><\/td><td><\/td><\/tr><tr><td><p>Teil 1b: Migration and Development &#8211; Triple Win or Double Loss? (InterVerg, Teil I; IntStrukt, Teil II; KuWaMi, Teil II) (Seminar), WS 2012\/13<\/p><\/td><td><\/td><\/tr><tr><td><p>Teil 2: \u00dc Strukturierte Betreuung (InterVerg, Teil III), WS 2012\/13<\/p><\/td><td><\/td><\/tr><tr><td><p>G4 Basismodul &#8222;Soziologie&#8220;<\/p><\/td><td><\/td><\/tr><tr><td><p>Studierende der F\u00e4cher KIG und Soziologie sowie des Studiengangs Sozialwissenschaft k\u00f6nnen an diesem Modul nicht teilnehmen!<\/p><\/td><td><\/td><\/tr><tr><td><p><\/p><\/td><td><\/td><\/tr><tr><td width=\"90%\"><p><a href=\"https:\/\/vvz.ruhr-uni-bochum.de\/campus\/all\/module.asp?gguid=0x273AE5911F97FF4FB4630E3D35B92431&amp;fieldgguid=&amp;findmodule=Lehrforschungsmodul+qualitative+Sozialfo&amp;tguid=0xACB220D905C7D54EAD1D1ECB7EE259CF&amp;strSignMessage=\">Lehrforschungsmodul qualitative Sozialforschung und Kulturanalyse (20 CP)<\/a><\/p><\/td><td><\/td><\/tr><tr><td><p>Teil 1 (2 Semester): Lehrforschungsprojekt: Kommunikation 2.0? Leben in und mit den neuen Medien, WS 2012\/13 und SoSe 2013<\/p><\/td><td><\/td><\/tr><tr><td><p>Teil 2 (2 Semester): Strukturierte Betreuung zum Lehrforschungsseminar, WS 2012\/13 und SoSe 2013<\/p><\/td><td><\/td><\/tr><tr><td><p>Teil 3: Seminar: Kommunikation 2.0? Leben in und mit den neuen Medien. Theoretische Sondierungen, WS 2012\/13<\/p><\/td><td><\/td><\/tr><tr><td><p>Teil 4: \u00d6ffentliche Pr\u00e4sentation der Forschungsergebnisse<\/p><\/td><td><\/td><\/tr><tr><td><p>G4 Intensiv studieren<\/p><\/td><td><\/td><\/tr><tr><td><p><strong>Bitte beachten Sie:<\/strong> Eine sinnvolle Erg\u00e4nzung zu diesem Modul ist der Besuch des Moduls &#8222;Die Inszenierung lateinamerikanischer Nationalkultur&#8220; (SoSe 2013) und des Moduls &#8222;Feldstudie auf der Frankfurter Buchmesse&#8220; (SoSe 2013 bis WS 2013\/14).<\/p><\/td><td><\/td><\/tr><tr><td><p><\/p><\/td><td><\/td><\/tr><tr><td width=\"90%\"><p><a href=\"https:\/\/vvz.ruhr-uni-bochum.de\/campus\/all\/module.asp?gguid=0x5E2ECB4F8CB82847AA534A66B4805C2D&amp;fieldgguid=&amp;findmodule=politikwisse&amp;tguid=0xACB220D905C7D54EAD1D1ECB7EE259CF&amp;strSignMessage=\">Politikwissenschaft: Politisches System Deutschlands (5 CP)<\/a><\/p><\/td><td><\/td><\/tr><tr><td><p>Teil 1: Einf\u00fchrung in das politische System Deutschlands (Vorlesung), WS 2012\/13<\/p><\/td><td><\/td><\/tr><tr><td><p>Teil 2a: Rechtsextremismus in der Bundesrepublik Deutschland (Seminar), WS 2012\/13 Bereits voll!<\/p><\/td><td><\/td><\/tr><tr><td><p>Teil 2b: Das deutsche Parteiensystem im Wandel (Seminar), WS 2012\/13 oder<\/p><\/td><td><\/td><\/tr><tr><td><p>Teil 2c: Organisierte Interessen im politischen System der BRD (Seminar), WS 2012\/13 oder<\/p><\/td><td><\/td><\/tr><tr><td><p>Teil 2d: Kommunalpolitik und Kommunalverwaltung (Seminar), WS 2012\/13<\/p><\/td><td><\/td><\/tr><tr><td><p>G4 Basismodul &#8222;Politikwissenschaft&#8220;<\/p><\/td><td><\/td><\/tr><tr><td><p>Studierende der F\u00e4cher PWG, Politikwissenschaft sowie des Studienganges Sozialwissenschaft k\u00f6nnen an dem Modul nicht teilnehmen!<\/p><\/td><td><\/td><\/tr><tr><td><p><\/p><\/td><td><\/td><\/tr><tr><td width=\"90%\"><p><a href=\"https:\/\/vvz.ruhr-uni-bochum.de\/campus\/all\/module.asp?gguid=0x5AA76FF00398C547A847EDFCA8426C71&amp;fieldgguid=&amp;findmodule=sozialstruktur&amp;tguid=0xACB220D905C7D54EAD1D1ECB7EE259CF&amp;strSignMessage=\">Sozialstruktur und sozialer Wandel (Soziologie II) (5 CP)<\/a><\/p><\/td><td><\/td><\/tr><tr><td><p>Teil 1: Sozialstruktur und sozialer Wandel (Vorlesung), WS 2012\/13<\/p><\/td><td><\/td><\/tr><tr><td><p>Teil 2: Strukturierte Betreuung (\u00dcbung), WS 2012\/13<\/p><\/td><td><\/td><\/tr><tr><td><p>G4 Aufbaumodul &#8222;Soziologie&#8220;<\/p><\/td><td><\/td><\/tr><tr><td><p>Studierende der F\u00e4cher PWG, KIG, Soziologie, Politikwissenschaft und Sozialpsychologie\/-anthropologie sowie des Studiengangs Sozialwissenschaft k\u00f6nnen an diesem Modul nicht teilnehmen!<\/p><\/td><td><\/td><\/tr><tr><td><p><\/p><\/td><td><\/td><\/tr><tr><td width=\"90%\"><p><a href=\"https:\/\/vvz.ruhr-uni-bochum.de\/campus\/all\/module.asp?gguid=0x676A121E4EA5894398FB390C65514BE5&amp;fieldgguid=&amp;mode=&amp;findmodule=sozial-+und&amp;tguid=0xACB220D905C7D54EAD1D1ECB7EE259CF\">Sozial- und Kulturpsychologie (5 CP)<\/a><\/p><\/td><td><\/td><\/tr><tr><td><p>Teil 1: Einf\u00fchrung in die Sozial- und Kulturpsychologie (Vorlesung), WS 2012\/13<\/p><\/td><td><\/td><\/tr><tr><td><p>Teil 2: Strukturierte Betreuung (\u00dcbung), WS 2012\/13<\/p><\/td><td><\/td><\/tr><tr><td><p>G4 Basismodul &#8222;Sozialpsychologie&#8220;<\/p><\/td><td><\/td><\/tr><tr><td><p>Studierende des Faches Sozialpsychologie und -anthropologie sowie des Studiengangs Sozialwissenschaft k\u00f6nnen an dem Modul nicht teilnehmen!<\/p><\/td><td><\/td><\/tr><tr><td><p><\/p><\/td><td><\/td><\/tr><tr><td width=\"90%\"><p><a href=\"https:\/\/vvz.ruhr-uni-bochum.de\/campus\/all\/module.asp?gguid=0x20AF954D61D27C4D8140FD02B0A09B61&amp;fieldgguid=&amp;findmodule=sozialanthro&amp;tguid=0xACB220D905C7D54EAD1D1ECB7EE259CF&amp;strSignMessage=\">Sozialanthropologie (5 CP)<\/a><\/p><\/td><td><\/td><\/tr><tr><td><p>Teil 1: Einf\u00fchrung in die Sozialanthropologie (Vorlesung), WS 2012\/13<\/p><\/td><td><\/td><\/tr><tr><td><p>Teil 2: Strukturierte Betreuung (\u00dcbung), WS 2012\/13<\/p><\/td><td><\/td><\/tr><tr><td><p>G4 Basismodul &#8222;Sozialpsychologie&#8220;<\/p><\/td><td><\/td><\/tr><tr><td><p>Studierende des Faches Sozialpsychologie und -anthropologie sowie des Studienganges Sozialwissenschaft k\u00f6nnen an dem Modul nicht teilnehmen!<\/p><\/td><td><\/td><\/tr><tr><td><p><\/p><\/td><td><\/td><\/tr><tr><td width=\"90%\"><p><a href=\"https:\/\/vvz.ruhr-uni-bochum.de\/campus\/all\/module.asp?gguid=0xEAA32322E97BD64AA43044908B539D6A&amp;fieldgguid=&amp;mode=&amp;findmodule=sozial-+und&amp;tguid=0xACB220D905C7D54EAD1D1ECB7EE259CF\">Sozial- und Kulturtheorie (5 CP)<\/a><\/p><\/td><td><\/td><\/tr><tr><td><p>Teil 1: Einf\u00fchrung in die Sozial- und Kulturtheorie (Vorlesung), WS 2012\/13<\/p><\/td><td><\/td><\/tr><tr><td><p>Teil 2: \u00dc Strukturierte Betreuung (SozThe, Teil III)(\u00dcbung), WS 2012\/13<\/p><\/td><td><\/td><\/tr><tr><td><p>G4 Basismodul &#8222;Sozialpsychologie&#8220;<\/p><\/td><td><\/td><\/tr><tr><td><p>Studierende des Faches Sozialpsychologie und -anthropologie sowie des Studiengangs Sozialwissenschaft k\u00f6nnen an dem Modul nicht teilnehmen!<\/p><\/td><td><\/td><\/tr><tr><td><p><\/p><\/td><td><\/td><\/tr><tr><td width=\"90%\"><p><a href=\"https:\/\/vvz.ruhr-uni-bochum.de\/campus\/all\/module.asp?gguid=0x756F34342A24B445BC861FED44FA0A6D&amp;fieldgguid=&amp;findmodule=theorien+und+methoden&amp;tguid=0xACB220D905C7D54EAD1D1ECB7EE259CF&amp;strSignMessage=\">Theorien und Methoden der Kulturphsychologie (5 CP)<\/a><\/p><\/td><td><\/td><\/tr><tr><td><p>Teil 1: Theoretische und methodische Grundlagen (Vorlesung), WS 2012\/13<\/p><\/td><td><\/td><\/tr><tr><td><p>Teil 2: Strukturierte Betreuung (\u00dcbung), WS 2012\/13<\/p><\/td><td><\/td><\/tr><tr><td><p>G4 Aufbaumodul &#8222;Sozialpsychologie&#8220;<\/p><\/td><td><\/td><\/tr><tr><td><p>Studierende des Faches Sozialpsychologie und -anthropologie sowie des Studiengangs Sozialwissenschaft k\u00f6nnen an dem Modul nicht teilnehmen!<\/p><\/td><td><\/td><\/tr><tr><td><\/td><td><\/td><\/tr><tr><td colspan=\"2\"><p>Sportwissenschaft<\/p><\/td><\/tr><tr><td width=\"90%\"><p><a href=\"https:\/\/vvz.ruhr-uni-bochum.de\/campus\/all\/module.asp?gguid=0x5ED5D77DDF25FB42ACF2F1A1E91EDCB2&amp;fieldgguid=&amp;findmodule=aufbau+des+k%F6rpers&amp;tguid=0xACB220D905C7D54EAD1D1ECB7EE259CF&amp;strSignMessage=\">Aufbau des K\u00f6rpers sowie Funktionsweise in Ruhe und w\u00e4hrend k\u00f6rperlicher Belastung (5 CP)<\/a><\/p><\/td><td><\/td><\/tr><tr><td><p>Teil 1: Sportmedizin (Vorlesung), WS 2012\/13<\/p><\/td><td><\/td><\/tr><tr><td><p>Teil 2: Aufbau des K\u00f6rpers sowie Funktionsweise in Ruhe und w\u00e4hrend k\u00f6rperlicher Belastung (Blackboard\u00fcbung), WS 2012\/13<\/p><\/td><td><\/td><\/tr><tr><td><p>G4 Sportmedizin<\/p><\/td><td><\/td><\/tr><tr><td width=\"100%\"><p>Studierende der Sportwissenschaft k\u00f6nnen an diesem Modul nicht teilnehmen!<\/p><\/td><td><\/td><\/tr><tr><td><p><\/p><\/td><td><\/td><\/tr><tr><td width=\"90%\"><p><a href=\"https:\/\/vvz.ruhr-uni-bochum.de\/campus\/all\/module.asp?gguid=0x201740C2299E72459D76BDB02E4ABC18&amp;fieldgguid=&amp;findmodule=choreo&amp;tguid=0xACB220D905C7D54EAD1D1ECB7EE259CF&amp;strSignMessage=\">Choreographische Werkstatt (5 CP)<\/a><\/p><\/td><td><\/td><\/tr><tr><td><p>Teil 1: Elemente des Choreographierens im Tanz (Seminar), WS 2012\/13<\/p><\/td><td><\/td><\/tr><tr><td><p>Teil 2: Zeitgen\u00f6ssischer B\u00fchnentanz und Tanz im Film (Seminar), WS 2012\/13<\/p><\/td><td><\/td><\/tr><tr><td><p>G4 Sport und Gesellschaft<\/p><\/td><td><\/td><\/tr><tr><td width=\"100%\"><p>Studierende des 1-Fach-Sport-Bachelor k\u00f6nnen an diesem Modul nicht teilnehmen, wenn Teil 1 (Elemente des Choreografierens im Tanz) nicht Bestandteil des Fachmoduls ist!<\/p><\/td><td><\/td><\/tr><tr><td><p><\/p><\/td><td><\/td><\/tr><tr><td width=\"90%\"><p><a href=\"https:\/\/vvz.ruhr-uni-bochum.de\/campus\/all\/module.asp?gguid=0x8F089D6BB4CE7B439AA9F93AB7BC537F&amp;error=&amp;expand=0xACB220D905C7D54EAD1D1ECB7EE259CF&amp;tguid=0x4ECA312407D78348A1A0289F4DE738EA#0xACB220D905C7D54EAD1D1ECB7EE259CF\">Sportsoziologie (5 CP)<\/a><\/p><\/td><td><\/td><\/tr><tr><td><p>Teil 1: Sportsoziologie (C3): Sport in soziologischer Perspektive (Vorlesung), WS 2012\/13<\/p><\/td><td><\/td><\/tr><tr><td><p>Teil 2: Sportsoziologie: Integration im und durch Sport (Seminar), WS 2012\/13<\/p><\/td><td><\/td><\/tr><tr><td><p>G4 Sport und Gesellschaft<\/p><\/td><td><\/td><\/tr><tr><td width=\"100%\"><p>Studierende der Sportwissenschaft k\u00f6nnen an diesem Modul nicht teilnehmen!<\/p><\/td><td><\/td><\/tr><tr><td><p><\/p><\/td><td><\/td><\/tr><tr><td width=\"90%\"><p><a href=\"https:\/\/vvz.ruhr-uni-bochum.de\/campus\/all\/module.asp?gguid=0x6F3BB77D6558554C99F1DEBE87F14ED5&amp;fieldgguid=&amp;findmodule=sport+und+erziehu&amp;tguid=0xACB220D905C7D54EAD1D1ECB7EE259CF&amp;strSignMessage=\">Sport und Erziehung (5 CP)<\/a><\/p><\/td><td><\/td><\/tr><tr><td><p>Teil 1: Vorlesung: Einf\u00fchrung in die Sportp\u00e4dagogik und Sportdidaktik (Vorlesung), WS 2012\/13<\/p><\/td><td><\/td><\/tr><tr><td><p>Teil 2: Sportp\u00e4dagogische \/ sportdidaktische Vertiefung: Kulturelle Bildung (Seminar), WS 2012\/13<\/p><\/td><td><\/td><\/tr><tr><td><p>G4 Sportpsychologie\/Sportp\u00e4dagogik<\/p><\/td><td><\/td><\/tr><tr><td width=\"100%\"><p>Studierende der Sportwissenschaft k\u00f6nnen an diesem Modul nicht teilnehmen! Studierende die an diesem Modul teilnehmen, k\u00f6nnen keine CP im Modul &#8222;Kulturelle Bildung in Theorie und Praxis&#8220; (Gebiet 2, WS 2012\/13) f\u00fcr den Optionalbereich erwerben.<\/p><\/td><td><\/td><\/tr><tr><td><\/td><td><\/td><\/tr><tr><td><p><\/p><\/td><td><\/td><\/tr><tr><td colspan=\"2\"><p>Theaterwissenschaft<\/p><\/td><\/tr><tr><td width=\"90%\"><p><a href=\"https:\/\/vvz.ruhr-uni-bochum.de\/campus\/all\/module.asp?gguid=0x51336E11537184459EA8627844B577F5&amp;fieldgguid=&amp;findmodule=Grundlagen+der+Theaterwissenschaft&amp;tguid=0xACB220D905C7D54EAD1D1ECB7EE259CF&amp;strSignMessage=\">Grundlagen der Theaterwissenschaft (5 CP)<\/a><\/p><\/td><td><\/td><\/tr><tr><td><p>Teil 1: Dramaturgische Grundbegriffe (Vorlesung), WS 2012\/13<\/p><\/td><td><\/td><\/tr><tr><td><p>Teil 2: Zwischen Semiose und Ph\u00e4nomenologie: Einf\u00fchrung in die Schauspielertheorie (Seminar), WS 2012\/13<\/p><\/td><td><\/td><\/tr><tr><td><p>G4 Basismodul &#8222;Grundlagen der Theaterwissenschaft&#8220;<\/p><\/td><td><\/td><\/tr><tr><td><p>Das Modul eignet sich f\u00fcr interessierte Studierende in jedem Studienjahr der Bachelor-Phase und erfordert keine speziellen Vorkenntnisse.<\/p><\/td><td><\/td><\/tr><tr><td><p><\/p><\/td><td><\/td><\/tr><tr><td colspan=\"2\"><p>Wirtschaftswissenschaft<\/p><\/td><\/tr><tr><td width=\"90%\"><p><a href=\"https:\/\/vvz.ruhr-uni-bochum.de\/campus\/all\/module.asp?gguid=0x4BFAB34DBA14374F966BF7DDA29A8EC5&amp;fieldgguid=&amp;findmodule=einf%FChrung+in+das+rechnu&amp;tguid=0xACB220D905C7D54EAD1D1ECB7EE259CF&amp;strSignMessage=\">Einf\u00fchrung in das Rechnungswesen\/Controlling (5 CP)<\/a><\/p><\/td><td><\/td><\/tr><tr><td><p>Teil 1: Einf\u00fchrung in das Rechnungswesen\/Controlling (Vorlesung), WS 2012\/13<\/p><\/td><td><\/td><\/tr><tr><td><p>Teil 2: \u00dcbung zur Einf\u00fchrung in das Rechnungswesen\/Controlling (\u00dcbung), WS 2012\/13<\/p><\/td><td><\/td><\/tr><tr><td><p>G4 Basismodul &#8222;Rechnungswesen&#8220;<\/p><\/td><td><\/td><\/tr><tr><td><p>Teilnehmende des Moduls &#8222;Grundlagen der BWL f\u00fcr Nicht\u00f6konomen und Existenzgr\u00fcnder&#8220; sowie Studierende der Wirtschaftswissenschaft k\u00f6nnen an diesem Modul nicht teilnehmen!<\/p><\/td><td><\/td><\/tr><tr><td><p><\/p><\/td><td><\/td><\/tr><tr><td width=\"90%\"><p><a href=\"https:\/\/vvz.ruhr-uni-bochum.de\/campus\/all\/module.asp?gguid=0xCBBCA7B66BDDCC48917A00B1DE996E43&amp;fieldgguid=&amp;mode=&amp;findmodule=einf%FChrung+in+die+betriebs&amp;tguid=0xACB220D905C7D54EAD1D1ECB7EE259CF\">Einf\u00fchrung in die Betriebs- sowie Volkswirtschaftslehre (5 CP)<\/a><\/p><\/td><td><\/td><\/tr><tr><td><p>Teil 1: Einf\u00fchrung in die VWL f\u00fcr Nicht\u00f6konomen (Vorlesung), WS 2012\/13<\/p><\/td><td><\/td><\/tr><tr><td><p>Teil 2: Einf\u00fchrung in die BWL f\u00fcr Nicht\u00f6konomen (Vorlesung mit \u00dcbung), SoSe 2013<\/p><\/td><td><\/td><\/tr><tr><td><p>G4 Bsismodul &#8222;\u00d6konomie&#8220;<\/p><\/td><td><\/td><\/tr><tr><td><p>Studierende der Wirtschaftwissenschaft (BWL\/VWL) k\u00f6nnen an diesem Modul nicht teilnehmen!<\/p><\/td><td><\/td><\/tr><tr><td><p><\/p><\/td><td><\/td><\/tr><tr><td width=\"90%\"><p><a href=\"https:\/\/vvz.ruhr-uni-bochum.de\/campus\/all\/module.asp?gguid=0x96CFAF7457EA8240A881CEF398ED620D&amp;fieldgguid=&amp;findmodule=Fallstudienseminar+Businessplanerstellun&amp;tguid=0xACB220D905C7D54EAD1D1ECB7EE259CF&amp;strSignMessage=\">Fallstudienseminar Businessplanerstellung (5 CP)<\/a><\/p><\/td><td><\/td><\/tr><tr><td><p>Teil 1: V Fallstudienseminar Businessplanerstellung (Vorlesung), WS 2012\/13<\/p><\/td><td><\/td><\/tr><tr><td><p>Teil 2: \u00dc Fallstudienseminar Businessplanerstellung (\u00dcbung), WS 2012\/13<\/p><\/td><td><\/td><\/tr><tr><td><p>G4 Aufbaumodul Existenzgr\u00fcndung<\/p><\/td><td><\/td><\/tr><tr><td><p>Studierende der Wirtschaftwissenschaft (BWL\/VWL) k\u00f6nnen an diesem Modul nicht teilnehmen! Achtung: Studierende, die das Modul &#8222;General Management f\u00fcr Existenzgr\u00fcnder&#8220; belegen oder belegt haben, k\u00f6nnen an diesem Modul nicht teilnehmen!<\/p><\/td><td><\/td><\/tr><tr><td><p><\/p><\/td><td><\/td><\/tr><tr><td width=\"90%\"><p><a href=\"https:\/\/vvz.ruhr-uni-bochum.de\/campus\/all\/module.asp?gguid=0xBB5208241575614A9B6F76339E8087A0&amp;fieldgguid=&amp;findmodule=Grundlagen+der+Existenzgr%FCndung&amp;tguid=0xACB220D905C7D54EAD1D1ECB7EE259CF&amp;strSignMessage=\">Grundlagen der Existenzgr\u00fcndung (5 CP)<\/a><\/p><\/td><td><\/td><\/tr><tr><td><p>Teil 1: V Grundlagen der Existenzgr\u00fcndung (Vorlesung), WS 2012\/13<\/p><\/td><td><\/td><\/tr><tr><td><p>Teil 2: \u00dc Grundlagen der Existenzgr\u00fcndung (\u00dcbung), WS 2012\/13<\/p><\/td><td><\/td><\/tr><tr><td><p>G4 Basismodul Existenzgr\u00fcndung<\/p><\/td><td><\/td><\/tr><tr><td><p>Studierende der Wirtschaftwissenschaft (BWL\/VWL) k\u00f6nnen an diesem Modul nicht teilnehmen!<\/p><\/td><td><\/td><\/tr><tr><td><p><\/p><\/td><td><\/td><\/tr><tr><td width=\"90%\"><p><a href=\"https:\/\/vvz.ruhr-uni-bochum.de\/campus\/all\/module.asp?gguid=0x6B4426C73AACD04D9C1730E2BF1AFA0E&amp;fieldgguid=&amp;findmodule=planspiel+existenz&amp;tguid=0xACB220D905C7D54EAD1D1ECB7EE259CF&amp;strSignMessage=\">Planspiel Existenzgr\u00fcndung (5 CP)<\/a><\/p><\/td><td><\/td><\/tr><tr><td><p>Teil 1: Planspiel Existenzgr\u00fcndung f\u00fcr Nicht\u00f6konomen (Vorlesung), WS 2012\/13<\/p><\/td><td><\/td><\/tr><tr><td><p>Teil 2: Planspiel Existenzgr\u00fcndung f\u00fcr Nicht\u00f6konomen (\u00dcbung), WS 2012\/13<\/p><\/td><td><\/td><\/tr><tr><td><p>G4 Bsismodul &#8222;\u00d6konomie&#8220;<\/p><\/td><td><\/td><\/tr><tr><td><p>Studierende der Wirtschaftwissenschaft (BWL\/VWL) k\u00f6nnen an diesem Modul nicht teilnehmen!<\/p><\/td><td><\/td><\/tr><tr><td><\/td><td><\/td><\/tr><tr><td><p><\/p><\/td><td><\/td><\/tr><tr><td colspan=\"2\"><p>Interdisziplin\u00e4re Module<\/p><\/td><\/tr><tr><td width=\"90%\"><p><a href=\"https:\/\/vvz.ruhr-uni-bochum.de\/campus\/all\/module.asp?gguid=0xF24FA54DCDF2DC48AF9A0628427F7C53&amp;fieldgguid=&amp;mode=&amp;findmodule=bioethik&amp;tguid=0xACB220D905C7D54EAD1D1ECB7EE259CF\">Bioethik im Diskurs (5 CP)<\/a><\/p><\/td><td><\/td><\/tr><tr><td><p>Teil 1: Bioethische Grundlagen im interdisziplin\u00e4ren Diskurs (Ringvorlesung), WS 2012\/13<\/p><\/td><td><\/td><\/tr><tr><td><p>Teil 2: Bioethik in Wissenschaft und Gesellschaft (\u00dcbung), WS 2012\/13<\/p><\/td><td><\/td><\/tr><tr><td><p>Teil 3: Konzepte ethischen Handelns (Projektwoche im Januar 2013 und zweit\u00e4giger Workshop im Februar 2013), WS 2012\/13<\/p><\/td><td><\/td><\/tr><tr><td><p>G4 Basismodul &#8222;Ethik&#8220;<\/p><\/td><td><\/td><\/tr><tr><td><p><\/p><\/td><td><\/td><\/tr><tr><td width=\"90%\"><p><a href=\"https:\/\/vvz.ruhr-uni-bochum.de\/campus\/all\/module.asp?gguid=0x25A70158A1D34A4B84ACB9EFAB0DF5BB&amp;fieldgguid=&amp;mode=&amp;findmodule=chorsy&amp;tguid=0xACB220D905C7D54EAD1D1ECB7EE259CF\"> <\/a>ENTF\u00c4LLT IN DIESEM SEMESTER<\/p><\/td><td><\/td><\/tr><tr><td><p>Teil 1: Wer kann nach Beethoven noch etwas machen? Chorsymphonik im 19. Jahrundert (Seminar), WS 2012\/13<\/p><\/td><td><\/td><\/tr><tr><td><p>Teil 2a: Musikpraktische \u00dcbung im Universit\u00e4ts-Chor (Mendelssohn Bartholdy: Symphonie Nr. 2 &#8222;Lobgesang&#8220;), WS 12\/13<\/p><\/td><td><\/td><\/tr><tr><td><p>Teil 2b: Musikpraktische \u00dcbung im Universit\u00e4ts-Orchester (Mendelssohn Bartholdy: Symphonie Nr. 2 &#8222;Lobgesang&#8220;), WS 12\/13<\/p><\/td><td><\/td><\/tr><tr><td><p>G4 Basismodul &#8222;Kunst und Kultur&#8220;<\/p><\/td><td><\/td><\/tr><tr><td><p><\/p><\/td><td><\/td><\/tr><tr><td width=\"90%\"><p><a href=\"https:\/\/vvz.ruhr-uni-bochum.de\/campus\/all\/module.asp?gguid=0x4A4873BDE0E15440963D6792BE21F263&amp;fieldgguid=&amp;mode=&amp;findmodule=chorsymphonik&amp;tguid=0xACB220D905C7D54EAD1D1ECB7EE259CF\"><\/a>ENTF\u00c4LLT IN DIESEM SEMESTER<\/p><\/td><td><\/td><\/tr><tr><td><p>Teil 1: Wer kann nach Beethoven noch etwas machen? Chorsymphonik im 19. Jahrundert (Seminar), WS 2012\/13<\/p><\/td><td><\/td><\/tr><tr><td><p>Teil 2a: Musikpraktische \u00dcbung im Universit\u00e4ts-Chor (Mendelssohn Bartholdy: Symphonie Nr. 2 &#8222;Lobgesang&#8220;), WS 12\/13<\/p><\/td><td><\/td><\/tr><tr><td><p>Teil 2b: Musikpraktische \u00dcbung im Universit\u00e4ts-Orchester (Mendelssohn Bartholdy: Symphonie Nr. 2 &#8222;Lobgesang&#8220;), WS 12\/13<\/p><\/td><td><\/td><\/tr><tr><td><p>Teil 3a: Musikpraktische \u00dcbung im Universit\u00e4ts-Chor (Haydn &#8222;Die Jahreszeiten&#8220;), SoSe 2013<\/p><\/td><td><\/td><\/tr><tr><td><p>Teil 3b: Musikpraktische \u00dcbung im Universit\u00e4ts-Orchester (Haydn &#8222;Die Jahreszeiten&#8220;), SoSe 2013<\/p><\/td><td><\/td><\/tr><tr><td><p>Teil 4a: Musikpraktische \u00dcbung im Universit\u00e4ts-Chor (Programm steht noch nicht fest), WS 2013\/14<\/p><\/td><td><\/td><\/tr><tr><td><p>Teil 4b: Musikpraktische \u00dcbung im Universit\u00e4ts-Orchester (Programm steht noch nicht fest), WS 2013\/14<\/p><\/td><td><\/td><\/tr><tr><td><p>G4 Basismodul &#8222;Kunst und Kultur&#8220;<\/p><\/td><td><\/td><\/tr><tr><td><p><\/p><\/td><td><\/td><\/tr><tr><td width=\"90%\"><p><a href=\"https:\/\/vvz.ruhr-uni-bochum.de\/campus\/all\/module.asp?gguid=0xB59DF23AE88D954CBFF3834B55C6E090&amp;fieldgguid=&amp;findmodule=die+USA&amp;tguid=0xACB220D905C7D54EAD1D1ECB7EE259CF&amp;strSignMessage=\">Die USA im 20. Jahrhundert (5 CP) <\/a><\/p><\/td><td><\/td><\/tr><tr><td><p>Teil 1: Die USA und die Herausforderungen des 20. Jahrhunderts (Vorlesung), WS 2012\/13<\/p><\/td><td><\/td><\/tr><tr><td><p>Teil 2: American Music: Geschichte des Jazz (Seminar), WS 2012\/13<\/p><\/td><td><\/td><\/tr><tr><td><p>G4 Basismodul &#8222;Neuere und Neueste Geschichte&#8220;<\/p><\/td><td><\/td><\/tr><tr><td><p><\/p><\/td><td><\/td><\/tr><tr><td width=\"90%\"><p><a href=\"https:\/\/vvz.ruhr-uni-bochum.de\/campus\/all\/module.asp?gguid=0x112F9D5DA96549489D4621E520282368&amp;fieldgguid=&amp;mode=&amp;findmodule=einf%FChrung+in+die+m&amp;tguid=0xACB220D905C7D54EAD1D1ECB7EE259CF\">Einf\u00fchrung in die Musikwirtschaft (5 CP) <\/a><\/p><\/td><td><\/td><\/tr><tr><td><p>Teil 1: Grundlagen der Musikwirtschaft (Seminar), WS 2012\/13<\/p><\/td><td><\/td><\/tr><tr><td><p>Teil 2: Strategien der Musikvermarktung bis heute und heute Wege in die Zukunft (Seminar), WS 2012\/13<\/p><\/td><td><\/td><\/tr><tr><td><p>G4 Basismodul Managment und PR<\/p><\/td><td><\/td><\/tr><tr><td><p><\/p><\/td><td><\/td><\/tr><tr><td width=\"90%\"><p><a href=\"https:\/\/vvz.ruhr-uni-bochum.de\/campus\/all\/module.asp?gguid=0xF46027C3A5C6FC4D90EF3884612F2902&amp;fieldgguid=&amp;findmodule=farben+sehen+und&amp;tguid=0xACB220D905C7D54EAD1D1ECB7EE259CF&amp;strSignMessage=\">Farben sehen und erleben (5 CP) <\/a><\/p><\/td><td><\/td><\/tr><tr><td><p>Teil 1: Farben sehen und erleben &#8211; Theorie und Geschichte (Seminar), WS 2012\/13<\/p><\/td><td><\/td><\/tr><tr><td><p>Teil 2: Farben sehen und erleben &#8211; Praktische Einf\u00fchrung in die Welt der Farben und der Malerei (praktische \u00dcbung), WS 2012\/13<\/p><\/td><td><\/td><\/tr><tr><td><p>G4 Basismodul &#8222;Kunst und Kultur&#8220;<\/p><\/td><td><\/td><\/tr><tr><td><p><\/p><\/td><td><\/td><\/tr><tr><td width=\"90%\"><p><a href=\"https:\/\/vvz.ruhr-uni-bochum.de\/campus\/all\/module.asp?gguid=0xDB22DE0CCC18F34999CE513672B389FF&amp;fieldgguid=&amp;findmodule=interkulturelle+kompe&amp;tguid=0xACB220D905C7D54EAD1D1ECB7EE259CF&amp;strSignMessage=\">Interkulturelle Kompetenz in Theorie und Praxis (5 CP) <\/a><\/p><\/td><td><\/td><\/tr><tr><td><p>Teil 1: Grundlagen und Voraussetzungen interkultureller Kompetenz (Seminar), WS 2012\/13<\/p><\/td><td><\/td><\/tr><tr><td><p>Teil 2: Vertiefende \u00dcbungen zur interkulturellen Kompetenz (\u00dcbung), WS 2012\/13<\/p><\/td><td><\/td><\/tr><tr><td><p>G4 Basismodul &#8222;Identit\u00e4t und Differenz&#8220;<\/p><\/td><td><\/td><\/tr><tr><td><p><\/p><\/td><td><\/td><\/tr><tr><td width=\"90%\"><p><a href=\"https:\/\/vvz.ruhr-uni-bochum.de\/campus\/all\/module.asp?gguid=0xC7B89E447750D844856DBCAD9864CF96&amp;fieldgguid=&amp;findmodule=kulturelle+bildung&amp;tguid=0xACB220D905C7D54EAD1D1ECB7EE259CF&amp;strSignMessage=\">Kulturelle Bildung in Theorie und Praxis (5 CP) <\/a><\/p><\/td><td><\/td><\/tr><tr><td><p>Teil 1: Grundlagen kultureller Bildung in Theorie und Praxis (Seminar), WS 2012\/13<\/p><\/td><td><\/td><\/tr><tr><td><p>Teil 2: Projektwoche an der Gesamtschule am Kaiserplatz in Krefeld, WS 2012\/13<\/p><\/td><td><\/td><\/tr><tr><td><p>G4 Basismodul Kulturelle Bildung<\/p><\/td><td><\/td><\/tr><tr><td><p><\/p><\/td><td><\/td><\/tr><tr><td width=\"90%\"><p><a href=\"https:\/\/vvz.ruhr-uni-bochum.de\/campus\/all\/module.asp?gguid=0x891F840348FF5E4F91754ACBE5F15533&amp;fieldgguid=&amp;findmodule=lateinamerikan&amp;tguid=0xACB220D905C7D54EAD1D1ECB7EE259CF&amp;strSignMessage=\">Lateinamerikanische Kultur in der Literatur, im Film und auf (Buch-)Messen (5 CP)<\/a><\/p><\/td><td><\/td><\/tr><tr><td><p>Teil 1: Die Gro\u00dfstadt \u00fcbersetzen: Theorie und Praxis der literarischen \u00dcbersetzung anhand von Texten \u00fcber Rio de Janeiro (\u00dcbung), WS 2012\/13<\/p><\/td><td><\/td><\/tr><tr><td><p>Teil 2: Junges Kino aus Lateinamerika (Blockseminar), WS 2012\/13<\/p><\/td><td><\/td><\/tr><tr><td><p>Teil 3: Wie B\u00fccher reisen: Funktionsweisen von literarischen Agenturen und des internationalen Literaturbetriebs (Blockseminar), WS 2012\/13<\/p><\/td><td><\/td><\/tr><tr><td><p>Teil 4: Independ\u00eancia do Brasil (\u00dcbung), WS 2012\/13<\/p><\/td><td><\/td><\/tr><tr><td><p>G4 Intensive Track<\/p><\/td><td><\/td><\/tr><tr><td><p><strong>Bitte beachten Sie:<\/strong> Eine sinnvolle Erg\u00e4nzung zu diesem Modul ist der Besuch des Moduls &#8222;Die Inszenierung lateinamerikanischer Nationalkultur&#8220; (SoSe 2013) und des Moduls &#8222;Feldstudie auf der Frankfurter Buchmesse&#8220; (SoSe 2013 bis WS 2013\/14).<\/p><\/td><td><\/td><\/tr><tr><td><p><\/p><\/td><td><\/td><\/tr><tr><td width=\"90%\"><p><a href=\"https:\/\/vvz.ruhr-uni-bochum.de\/campus\/all\/module.asp?gguid=0x938FB81179E157478C900993A695E554&amp;fieldgguid=&amp;mode=&amp;findmodule=MittelalterRealit%E4ten&amp;tguid=0xACB220D905C7D54EAD1D1ECB7EE259CF\">MittelalterRealit\u00e4ten (5 CP)<\/a><\/p><\/td><td><\/td><\/tr><tr><td><p>Teil 1: MittelalterRealit\u00e4ten (Vorlesung), WS 2012\/13<\/p><\/td><td><\/td><\/tr><tr><td><p>Teil 2a: Romantisches Mittelalter (Germanistik) (Seminar), WS 2012\/13 oder<\/p><\/td><td><\/td><\/tr><tr><td><p>Teil 2b: Die (Er)Findung und der politische Gebrauch des &#8218;Mittelalters&#8216; im Japan des 19. und 20. Jahrhunderts (Geschichte Japans) (Seminar), WS 2012\/13 oder<\/p><\/td><td><\/td><\/tr><tr><td><p>Teil 2c : MittelalterRealit\u00e4ten globalgeschichtlich: zwischen Ideologie, Kunst und Konsum (Seminar), WS 2012\/13<\/p><\/td><td><\/td><\/tr><tr><td><p>G4 Basismodul &#8222;Geschichtsbilder&#8220;<\/p><\/td><td><\/td><\/tr><tr><td><p>Studierende die das Modul &#8222;MittelalterRealit\u00e4ten (10 CP)&#8220; besuchen, k\u00f6nnen an diesem Modul nicht teilnehmen!<\/p><\/td><td><\/td><\/tr><tr><td><p><\/p><\/td><td><\/td><\/tr><tr><td width=\"90%\"><p><a href=\"https:\/\/vvz.ruhr-uni-bochum.de\/campus\/all\/module.asp?gguid=0xAE6B3C8C1C7C464DB158E835865E4D78&amp;fieldgguid=&amp;findmodule=TV.Rub&amp;tguid=0xACB220D905C7D54EAD1D1ECB7EE259CF&amp;strSignMessage=\">TV.RUB &#8211; Produktion einer Fernsehsendung (5 CP)<\/a><\/p><\/td><td><\/td><\/tr><tr><td><p>Teil 1: Fernsehmagazinsendung TV.RUB (praktische \u00dcbung), WS 2012\/13<\/p><\/td><td><\/td><\/tr><tr><td><p>Teil 2: Praxis Teil (praktische \u00dcbung), WS 2012\/13<\/p><\/td><td><\/td><\/tr><tr><td><p>G4 Basismodul &#8222;Kunst und Kultur&#8220;<\/p><\/td><td><\/td><\/tr><tr><td><p><\/p><\/td><td><\/td><\/tr><tr><td width=\"90%\"><p><a href=\"https:\/\/vvz.ruhr-uni-bochum.de\/campus\/all\/module.asp?gguid=0xA4BE8532D0DEC14D95A9B4E92F67A917&amp;fieldgguid=&amp;findmodule=%22%FCber&amp;tguid=0xACB220D905C7D54EAD1D1ECB7EE259CF&amp;strSignMessage=\">&#8222;\u00dcber die Grenze&#8220; &#8211; Deutsche Migrationsgeschichte (5 CP)<\/a><\/p><\/td><td><\/td><\/tr><tr><td><p>Teil 1: Grenzg\u00e4nger im geteilten Deutschland (Vorlesung mit G\u00e4sten), WS 2012\/13<\/p><\/td><td><\/td><\/tr><tr><td><p>Teil 2: Modelle biographischen Arbeitens (\u00dcbung), WS 2012\/13<\/p><\/td><td><\/td><\/tr><tr><td><p>G4 Basismodul &#8222;Identit\u00e4t und Differenz&#8220;,<\/p><\/td><td><\/td><\/tr><\/tbody><\/table><p><\/p><\/div>\n\t\t\t\t<\/div>\n\t\t\t\t\t\t\t<div class=\"elementor-accordion-item\">\n\t\t\t\t\t<div id=\"elementor-tab-title-91618\" class=\"elementor-tab-title\" data-tab=\"18\" role=\"button\" aria-controls=\"elementor-tab-content-91618\" aria-expanded=\"false\">\n\t\t\t\t\t\t\t\t\t\t\t\t\t<span class=\"elementor-accordion-icon elementor-accordion-icon-left\" aria-hidden=\"true\">\n\t\t\t\t\t\t\t\t\t\t\t\t\t\t\t<span class=\"elementor-accordion-icon-closed\"><i class=\"fas fa-plus\"><\/i><\/span>\n\t\t\t\t\t\t\t\t<span class=\"elementor-accordion-icon-opened\"><i class=\"fas fa-minus\"><\/i><\/span>\n\t\t\t\t\t\t\t\t\t\t\t\t\t\t<\/span>\n\t\t\t\t\t\t\t\t\t\t\t\t<a class=\"elementor-accordion-title\" tabindex=\"0\">SoSe 2012 <\/a>\n\t\t\t\t\t<\/div>\n\t\t\t\t\t<div id=\"elementor-tab-content-91618\" class=\"elementor-tab-content elementor-clearfix\" data-tab=\"18\" role=\"region\" aria-labelledby=\"elementor-tab-title-91618\"><table width=\"100%\"><tbody><tr><td colspan=\"2\"><p>Grundlagenmodule anderer F\u00e4cher<\/p><\/td><\/tr><tr><td colspan=\"2\"><p>Allgemeine &amp; vergleichende Literaturwissenschaft<\/p><\/td><\/tr><tr><td width=\"90%\"><p>In diesem Semester liegt leider kein Angebot vor.<\/p><\/td><td><\/td><\/tr><tr><td><p><\/p><\/td><td><\/td><\/tr><tr><td colspan=\"2\"><p>Anglistik\/Amerikanistik<\/p><\/td><\/tr><tr><td width=\"90%\"><p><a href=\"https:\/\/vvz.ruhr-uni-bochum.de\/campus\/all\/module.asp?gguid=0x020DE8A29FFE5046A148CC9DBF677C28&amp;fieldgguid=&amp;mode=&amp;findmodule=amerikan&amp;tguid=0xF6D6C16D8202A74C8FD36C4FB58CFC2A\">Amerikanische Kultur und Literatur (5 CP) <\/a><\/p><\/td><td><\/td><\/tr><tr><td><p>Teil 1: U.S. Ethnic Literatures (Vorlesung), SoSe 2012<\/p><\/td><td><\/td><\/tr><tr><td><p>Teil 2a: Asian American Cinema (Seminar), SoSe 2012 oder<\/p><\/td><td><\/td><\/tr><tr><td><p>Teil 2b: The American Mediascape (\u00dcbung), SoSe 2012<\/p><\/td><td><\/td><\/tr><tr><td><p>G4 Basismodul &#8222;English Literature and Culture&#8220;<\/p><\/td><td><\/td><\/tr><tr><td><p>Studierende der Anglistik\/Amerikanistik k\u00f6nnen an diesem Modul zwar teilnehmen, jedoch keine Credit Points f\u00fcr den Optionalbereich erwerben!<\/p><\/td><td><\/td><\/tr><tr><td><p><\/p><\/td><td><\/td><\/tr><tr><td width=\"90%\"><p><a href=\"https:\/\/vvz.ruhr-uni-bochum.de\/campus\/all\/module.asp?gguid=0xA0B0C6ABB6389E4B995540C42DA4EEE0&amp;fieldgguid=&amp;mode=&amp;findmodule=amerikan&amp;tguid=0xF6D6C16D8202A74C8FD36C4FB58CFC2A\">Amerikanische Literatur (5 CP)<\/a><\/p><\/td><td><\/td><\/tr><tr><td><p>Teil 1: U.S. Ethnic Literatures (Vorlesung), SoSe 2012<\/p><\/td><td><\/td><\/tr><tr><td><p>Teil 2a: Place and Displacement: Transnational Writing (Seminar), SoSe 2012<\/p><\/td><td><\/td><\/tr><tr><td><p>Teil 2b: Paul Auster: Fiction, Nonfiction and Poetry (Seminar), SoSe 2012 oder<\/p><\/td><td><\/td><\/tr><tr><td><p>Teil 2c: Extremely Loud and Incredibly Close: Contemporary US Literature (Seminar), SoSe 2012 oder<\/p><\/td><td><\/td><\/tr><tr><td><p>Teil 2d: Robert Coover: `The Public Burning), SoSe 2012 oder<\/p><\/td><td><\/td><\/tr><tr><td><p>Teil 2e: Reading Chinese American Literature (\u00dcbung), SoSe 2012<\/p><\/td><td><\/td><\/tr><tr><td><p>G4 Basismodul &#8222;English Literature and Culture&#8220;<\/p><\/td><td><\/td><\/tr><tr><td><p>Studierende der Anglistik\/Amerikanistik k\u00f6nnen an diesem Modul zwar teilnehmen, jedoch keine Credit Points f\u00fcr den Optionalbereich erwerben!<\/p><\/td><td><\/td><\/tr><tr><td><p><\/p><\/td><td><\/td><\/tr><tr><td width=\"90%\"><p><a href=\"https:\/\/vvz.ruhr-uni-bochum.de\/campus\/all\/module.asp?gguid=0x3458FA23358F354CA77BC7B0E92E9C35&amp;fieldgguid=&amp;findmodule=britische&amp;tguid=0xF6D6C16D8202A74C8FD36C4FB58CFC2A&amp;strSignMessage=\">Britische Kulturgeschichte (5 CP)<\/a><\/p><\/td><td><\/td><\/tr><tr><td><p>Teil 1: Postmodernist British Culture (Vorlesung), SoSe 2012<\/p><\/td><td><\/td><\/tr><tr><td><p>Teil 2a: Society, Culture, and Politics in Ireland (Seminar), SoSe 2012 oder<\/p><\/td><td><\/td><\/tr><tr><td><p>Teil 2b: Evil: Philosophies and Realities (Seminar), SoSe 2012<\/p><\/td><td><\/td><\/tr><tr><td><p>G4 Basismodul &#8222;English Literature and Culture&#8220;<\/p><\/td><td><\/td><\/tr><tr><td><p>Studierende der Anglistik\/Amerikanistik k\u00f6nnen an diesem Modul zwar teilnehmen, jedoch keine Credit Points f\u00fcr den Optionalbereich erwerben!<\/p><\/td><td><\/td><\/tr><tr><td><p><\/p><\/td><td><\/td><\/tr><tr><td width=\"90%\"><p><a href=\"https:\/\/vvz.ruhr-uni-bochum.de\/campus\/all\/module.asp?gguid=0x782987C0B9CCE043B13F89892688849E&amp;fieldgguid=&amp;mode=&amp;findmodule=englische&amp;tguid=0xF6D6C16D8202A74C8FD36C4FB58CFC2A\">Englische Literatur vor 1700 (5 CP)<\/a><\/p><\/td><td><\/td><\/tr><tr><td><p>Teil 1: Introduction to English Renaissance Drama (Vorlesung)<\/p><\/td><td><\/td><\/tr><tr><td><p>Teil 2a: Restoration Comedy (Seminar), SoSe 2012 oder<\/p><\/td><td><\/td><\/tr><tr><td><p>Teil 2b: Late Medieval and Renaissance Ballads (Seminar), SoSe 2012 oder<\/p><\/td><td><\/td><\/tr><tr><td><p>Teil 2c: Shakespeare&#8217;s &#8218;Problem Plays'(Seminar), SoSe 2012 oder<\/p><\/td><td><\/td><\/tr><tr><td><p>Teil 2d: Medieval English Literature, Gruppe A oder Gruppe B oder Gruppe C, (Vorlesung), SoSe 2012<\/p><\/td><td><\/td><\/tr><tr><td><p>G4 Basismodul &#8222;English Literature and Culture&#8220;<\/p><\/td><td><\/td><\/tr><tr><td><p>Studierende der Anglistik\/Amerikanistik k\u00f6nnen an diesem Modul zwar teilnehmen, jedoch keine Credit Points f\u00fcr den Optionalbereich erwerben!<\/p><\/td><td><\/td><\/tr><tr><td><p><\/p><\/td><td><\/td><\/tr><tr><td width=\"90%\"><p><a href=\"https:\/\/vvz.ruhr-uni-bochum.de\/campus\/all\/module.asp?gguid=0x78A8F6E9F64DEA40BE07A8325373CDB7&amp;fieldgguid=&amp;mode=&amp;findmodule=englische&amp;tguid=0xF6D6C16D8202A74C8FD36C4FB58CFC2A\">Englische Literatur von 1700 bis zur Gegenwart (5 CP)<\/a><\/p><\/td><td><\/td><\/tr><tr><td><p>Teil 1: History of Literary and Cultural Theory (Vorlesung), SoSe 2012<\/p><\/td><td><\/td><\/tr><tr><td><p>Teil 2a: Poetry of the First World War (Seminar), SoSe 2012 oder<\/p><\/td><td><\/td><\/tr><tr><td><p>Teil 2b: The Gothic, 1760-1830 (Seminar), SoSe 2012<\/p><\/td><td><\/td><\/tr><tr><td><p>G4 Basismodul &#8222;English Literature and Culture&#8220;<\/p><\/td><td><\/td><\/tr><tr><td><p>Studierende der Anglistik\/Amerikanistik k\u00f6nnen an diesem Modul zwar teilnehmen, jedoch keine Credit Points f\u00fcr den Optionalbereich erwerben!<\/p><\/td><td><\/td><\/tr><tr><td><\/td><td><\/td><\/tr><tr><td colspan=\"2\"><p>Arch\u00e4ologische Wissenschaften<\/p><\/td><\/tr><tr><td width=\"90%\"><p><a href=\"https:\/\/vvz.ruhr-uni-bochum.de\/campus\/all\/module.asp?gguid=0x6BDF86A4E2CEE449BAA4DBC3C4FF3796&amp;fieldgguid=&amp;mode=&amp;findmodule=arch%E4olo&amp;tguid=0xF6D6C16D8202A74C8FD36C4FB58CFC2A\">Arch\u00e4ologie der \u00e4lteren und mittleren Steinzeit (5 CP)<\/a><\/p><\/td><td><\/td><\/tr><tr><td><p>Teil 1: Vorlesung: Das europ\u00e4ische Alt- und Mittelneolithikum, SoSe 2012<\/p><\/td><td><\/td><\/tr><tr><td><p>Teil 2: Kolloquium: Neue Funde und Forschungen, SoSe 2012<\/p><\/td><td><\/td><\/tr><tr><td><p>G4 Basismodul &#8222;Schwerpunkt Ur- und Fr\u00fchgeschichte&#8220;<\/p><\/td><td><\/td><\/tr><tr><td><p>Studierende der ArWi k\u00f6nnen in diesem Modul keine Kreditpunkte f\u00fcr den Optionalbereich erwerben!<\/p><\/td><td><\/td><\/tr><tr><td><p><\/p><\/td><td><\/td><\/tr><tr><td width=\"90%\"><p><a href=\"https:\/\/vvz.ruhr-uni-bochum.de\/campus\/all\/module.asp?gguid=0x4A6ACBADCFE653458B0A4E33FD869258&amp;fieldgguid=&amp;mode=&amp;findmodule=arch%E4olo&amp;tguid=0xF6D6C16D8202A74C8FD36C4FB58CFC2A\">Arch\u00e4ologie der Etrusker (5 CP)<\/a><\/p><\/td><td><\/td><\/tr><tr><td><p>Teil 1: Vorlesung: Die Kunst der Etrusker als Zeugnis ihrer Politik und Gesellschaft, SoSe 2012<\/p><\/td><td><\/td><\/tr><tr><td><p>Teil 2: Kolloquium: Neue Funde und Forschungen, SoSe 2012<\/p><\/td><td><\/td><\/tr><tr><td><p>G4 Basismodul &#8222;Schwerpunkt Ur- und Fr\u00fchgeschichte&#8220;<\/p><\/td><td><\/td><\/tr><tr><td><p>Studierende der ArWi k\u00f6nnen in diesem Modul keine Kreditpunkte f\u00fcr den Optionalbereich erwerben!<\/p><\/td><td><\/td><\/tr><tr><td><p><\/p><\/td><td><\/td><\/tr><tr><td width=\"90%\"><p><a href=\"https:\/\/vvz.ruhr-uni-bochum.de\/campus\/all\/module.asp?gguid=0x442B35A48CD49644810A5DE96BC694BE&amp;fieldgguid=&amp;findmodule=Rohstoffarch&amp;tguid=0xF6D6C16D8202A74C8FD36C4FB58CFC2A&amp;strSignMessage=\">Rohstoffarch\u00e4ologie der Bronzezeit (5 CP)<\/a><\/p><\/td><td><\/td><\/tr><tr><td><p>Teil 1: Vorlesung: Rohstoffgewinnung der Bronzezeit im Ostmittelmeerraum und Vorderasien, SoSe 2012<\/p><\/td><td><\/td><\/tr><tr><td><p>Teil 2: Kolloquium: Neue Funde und Forschungen, SoSe 2012<\/p><\/td><td><\/td><\/tr><tr><td><p>G4 Basismodul &#8222;Schwerpunkt Ur- und Fr\u00fchgeschichte&#8220;<\/p><\/td><td><\/td><\/tr><tr><td><p>Studierende der ArWi k\u00f6nnen in diesem Modul keine Kreditpunkte f\u00fcr den Optionalbereich erwerben!<\/p><\/td><td><\/td><\/tr><tr><td><p><\/p><\/td><td><\/td><\/tr><tr><td><\/td><td><\/td><\/tr><tr><td colspan=\"2\"><p>Biologie<\/p><\/td><\/tr><tr><td width=\"90%\"><p><a href=\"https:\/\/vvz.ruhr-uni-bochum.de\/campus\/all\/module.asp?gguid=0xA5540EFFA4454F44A618F55657116BAD&amp;fieldgguid=&amp;mode=&amp;findmodule=Biologie+aus&amp;tguid=0xF6D6C16D8202A74C8FD36C4FB58CFC2A\">Biologie ausgew\u00e4hlter S\u00e4ugetiere (5 CP)<\/a><\/p><\/td><td><\/td><\/tr><tr><td><p>Teil 1: Biologie ausgew\u00e4hlter S\u00e4ugetiere (Vorlesung), SoSe 2012<\/p><\/td><td><\/td><\/tr><tr><td><p>Teil 2: Biologie ausgew\u00e4hlter S\u00e4ugetiere (Seminar), SoSe 2012<\/p><\/td><td><\/td><\/tr><tr><td><p>G4 Biologie ausgew\u00e4hlter S\u00e4ugetiere<\/p><\/td><td><\/td><\/tr><tr><td><p><\/p><\/td><td><\/td><\/tr><tr><td width=\"90%\"><p><a href=\"https:\/\/vvz.ruhr-uni-bochum.de\/campus\/all\/module.asp?gguid=0x6E863D601BF1534AABF9CDAA22C69A4A&amp;fieldgguid=&amp;mode=&amp;findmodule=Bio%F6konomie&amp;tguid=0xF6D6C16D8202A74C8FD36C4FB58CFC2A\">Bio\u00f6konomie 1: Grundlagen der Bio\u00f6konomie (5 CP)<\/a><\/p><\/td><td><\/td><\/tr><tr><td><p>Teil 1: Bio\u00f6konomie 1 (Seminar), SoSe 2012<\/p><\/td><td><\/td><\/tr><tr><td><p>Teil 2: Bio\u00f6konomie 1 (\u00dcbung), SoSe 2012<\/p><\/td><td><\/td><\/tr><tr><td><p>G4 Bio\u00f6konomie 1: Grundlagen der Bio\u00f6konomie<\/p><\/td><td><\/td><\/tr><tr><td><p>Grundkenntnisse in Biologie, \u00d6kologie und \u00d6konomie sind empfehlenswert.<\/p><\/td><td><\/td><\/tr><tr><td><p><\/p><\/td><td><\/td><\/tr><tr><td width=\"90%\"><p><a href=\"https:\/\/vvz.ruhr-uni-bochum.de\/campus\/all\/module.asp?gguid=0xAB191FB6A135CF4EBA0A2F972D54D528&amp;fieldgguid=&amp;findmodule=Botanik&amp;tguid=0xF6D6C16D8202A74C8FD36C4FB58CFC2A&amp;strSignMessage=\">Botanik im Alltag (5 CP)<\/a><\/p><\/td><td><\/td><\/tr><tr><td><p>Teil 1: \u00dcbungen zum Thema &#8222;Botanik im Alltag&#8220;, SoSe 2012<\/p><\/td><td><\/td><\/tr><tr><td><p>Teil 2: Exkursionen zum Thema &#8222;Botanik im Alltag&#8220;, SoSe 2012<\/p><\/td><td><\/td><\/tr><tr><td><p>G4 Botanik im Alltag<\/p><\/td><td><\/td><\/tr><tr><td><p><\/p><\/td><td><\/td><\/tr><tr><td width=\"90%\"><p><a href=\"https:\/\/vvz.ruhr-uni-bochum.de\/campus\/all\/module.asp?gguid=0x41CD882090C5884397EC30EA678071FD&amp;fieldgguid=&amp;findmodule=Botanisch&amp;tguid=0xF6D6C16D8202A74C8FD36C4FB58CFC2A&amp;strSignMessage=\">Botanische Bestimmungs\u00fcbungen (5 CP)<\/a><\/p><\/td><td><\/td><\/tr><tr><td><p>Teil 1: Botanische Bestimmungs\u00fcbungen f\u00fcr Geographen (\u00dcbung), SoSe 2012<\/p><\/td><td><\/td><\/tr><tr><td><p>Teil 2: Exkursionen zu den Botanische Bestimmungs\u00fcbungen f\u00fcr Geographen, SoSe 2012<\/p><\/td><td><\/td><\/tr><tr><td><\/td><td><\/td><\/tr><tr><td><p>G4 Botanische Bestimmungs\u00fcbungen<\/p><\/td><td><\/td><\/tr><tr><td><p>Biologiestudierende k\u00f6nnen in diesem Modul keine Kreditpunkte f\u00fcr den Optionalbereich erwerben!<\/p><\/td><td><\/td><\/tr><tr><td><p><\/p><\/td><td><\/td><\/tr><tr><td width=\"90%\"><p><a href=\"https:\/\/vvz.ruhr-uni-bochum.de\/campus\/all\/module.asp?gguid=0x5881CA204D705345A9F1124B9FD5843B&amp;fieldgguid=&amp;findmodule=die+f%FCnf&amp;tguid=0xF6D6C16D8202A74C8FD36C4FB58CFC2A&amp;strSignMessage=\"> (10 CP) <\/a>DIESES MODUL ENTF\u00c4LLT!<\/p><\/td><td><\/td><\/tr><tr><td><p>Teil 1: Einf\u00fchrung in die Sinnesphysiologie Theorie (Seminar), SoSe 2012<\/p><\/td><td><\/td><\/tr><tr><td><p>Teil 2: Grundlagen der Pr\u00e4sentation (Seminar), SoSe 2012<\/p><\/td><td><\/td><\/tr><tr><td><p>Teil 3: Einf\u00fchrung in die Sinnesphysiologie Praxis der Theorie(Feldversuch), SoSe 2012<\/p><\/td><td><\/td><\/tr><tr><td><p>Teil 4: Section Day Intensive Track (Tagung), SoSe 2012<\/p><\/td><td><\/td><\/tr><tr><td><p>G2 Intensive Track \/ G4 Intensive Track<\/p><\/td><td><\/td><\/tr><tr><td><p>Dieses Modul kann nur in Verbindung mit dem 2. Modul &#8222;Die f\u00fcnf Sinne Entwicklung und Durchf\u00fchrung eines spezifischen Forschungsprojekts&#8220; im Wintersemester belegt werden.<\/p><\/td><td><\/td><\/tr><tr><td><p><\/p><\/td><td><\/td><\/tr><tr><td width=\"90%\"><p><a href=\"https:\/\/vvz.ruhr-uni-bochum.de\/campus\/all\/module.asp?gguid=0xBB176F6477E5F6409A3546764B3E1E6D&amp;fieldgguid=&amp;mode=&amp;findmodule=Gr%FCne+Gen&amp;tguid=0xF6D6C16D8202A74C8FD36C4FB58CFC2A\">Gr\u00fcne Gentechnik: Genfood und mehr (5 CP)<\/a><\/p><\/td><td><\/td><\/tr><tr><td><p>Teil 1: Vorlesung: Gr\u00fcne Gentechnik: Genfood und mehr, SoSe 2012<\/p><\/td><td><\/td><\/tr><tr><td><p>Teil 2: \u00dcbung: Gr\u00fcne Gentechnik: Genfood und mehr, SoSe 2012<\/p><\/td><td><\/td><\/tr><tr><td><p>Teil 3: Seminar zur Vorlesung: Gr\u00fcne Gentechnik: Genfood und mehr, SoSe 2012<\/p><\/td><td><\/td><\/tr><tr><td><p>G4 Fr\u00fcne Gentechnik: Genfood und mehr<\/p><\/td><td><\/td><\/tr><tr><td><p><\/p><\/td><td><\/td><\/tr><tr><td width=\"90%\"><p><a href=\"https:\/\/vvz.ruhr-uni-bochum.de\/campus\/all\/module.asp?gguid=0x4DEAFE8F496BD4439519425F0401BEF3&amp;fieldgguid=&amp;mode=&amp;findmodule=Methoden+der+Bioinformatik&amp;tguid=0xF6D6C16D8202A74C8FD36C4FB58CFC2A\">Methoden der Bioinformatik (5 CP)<\/a><\/p><\/td><td><\/td><\/tr><tr><td><p>Teil 1: Vorlesung: Methoden der Bioinformatik, SoSe 2012<\/p><\/td><td><\/td><\/tr><tr><td><p>Teil 2: \u00dcbungen: Methoden der Bioinformatik, SoSe 2012<\/p><\/td><td><\/td><\/tr><tr><td><p>G4 Methoden der Bioinformatik<\/p><\/td><td><\/td><\/tr><tr><td><p><\/p><\/td><td><\/td><\/tr><tr><td width=\"90%\"><p><a href=\"https:\/\/vvz.ruhr-uni-bochum.de\/campus\/all\/module.asp?gguid=0x3DD1A82DAAAD084FAE50E77672E0FC96&amp;fieldgguid=&amp;mode=&amp;findmodule=Monster%2C+Minds&amp;tguid=0xF6D6C16D8202A74C8FD36C4FB58CFC2A\">Monster, Minds and Molecules &#8211; die Entwicklung der Hirnrinde bei S\u00e4ugetieren (5 CP)<\/a><\/p><\/td><td><\/td><\/tr><tr><td><p>Teil 1: Monster, Minds and Molecules &#8211; molekularzellul\u00e4re Grundlagen (Vorlesung), SoSe 2012<\/p><\/td><td><\/td><\/tr><tr><td><p>Teil 2: Monster, Minds and Molecules &#8211; Krankheitsbilder (Seminar), SoSe 2012<\/p><\/td><td><\/td><\/tr><tr><td><p>G4 Monster, Minds an Molecules &#8211; die Entwicklung der Hirnrinde bei S\u00e4ugetieren<\/p><\/td><td><\/td><\/tr><tr><td><p><\/p><\/td><td><\/td><\/tr><tr><td width=\"90%\"><p><a href=\"https:\/\/vvz.ruhr-uni-bochum.de\/campus\/all\/module.asp?gguid=0x00825A3879A95D49A7205C2C4450B74A&amp;fieldgguid=&amp;findmodule=Praktische+Bienenkunde&amp;tguid=0xF6D6C16D8202A74C8FD36C4FB58CFC2A&amp;strSignMessage=\">Praktische Bienenkunde (5 CP)<\/a><\/p><\/td><td><\/td><\/tr><tr><td><p>Teil 1: Einf\u00fchrung in die Bienenkunde (Vorlesung), SoSe 2012<\/p><\/td><td><\/td><\/tr><tr><td><p>Teil 2: \u00dcbung zur Bienenkunde und Imkerei (\u00dcbung), SoSe 2012<\/p><\/td><td><\/td><\/tr><tr><td><p>G4 Praktische Bienenkunde<\/p><\/td><td><\/td><\/tr><tr><td><\/td><td><\/td><\/tr><tr><td colspan=\"2\"><p>Chemie<\/p><\/td><\/tr><tr><td width=\"90%\"><p><a href=\"https:\/\/vvz.ruhr-uni-bochum.de\/campus\/all\/module.asp?gguid=0xFD834BAC582BC54787B6797A03160633&amp;fieldgguid=&amp;mode=&amp;findmodule=Einf%FChrung+in+die+Bio&amp;tguid=0xF6D6C16D8202A74C8FD36C4FB58CFC2A\">Einf\u00fchrung in die Biochemie (5 CP)<\/a><\/p><\/td><td><\/td><\/tr><tr><td><p>Teil 1: Einf\u00fchrung in die Biochemie (Vorlesung), SoSe 2012<\/p><\/td><td><\/td><\/tr><tr><td><p>Teil 2: \u00dcbungen zur Vorlesung &#8222;Einf\u00fchrung in die Biochemie&#8220;, SoSe 2012<\/p><\/td><td><\/td><\/tr><tr><td><p>G4 Basismodul &#8222;Grundlagen der Biochemie&#8220;<\/p><\/td><td><\/td><\/tr><tr><td><p><\/p><\/td><td><\/td><\/tr><tr><td width=\"90%\"><p><a href=\"https:\/\/vvz.ruhr-uni-bochum.de\/campus\/all\/module.asp?gguid=0x49B0D19D711C5342AD042EE18F006691&amp;fieldgguid=&amp;findmodule=Organische+Chemie+1&amp;tguid=0xF6D6C16D8202A74C8FD36C4FB58CFC2A&amp;strSignMessage=\">Organische Chemie I (5 CP)<\/a><\/p><\/td><td><\/td><\/tr><tr><td><p>Teil 1: Organische Chemie I (Vorlesung), SoSe 2012<\/p><\/td><td><\/td><\/tr><tr><td><p>Teil 2: \u00dcbungen zur Vorlesung &#8222;Organische Chemie I&#8220;, SoSe 2012<\/p><\/td><td><\/td><\/tr><tr><td><p>G4 Basismodul &#8222;Grundlagen der Chemie&#8220;<\/p><\/td><td><\/td><\/tr><tr><td><p>Studierende der Chemie k\u00f6nnen in diesem Modul keine Credit Points f\u00fcr den Optionalbereich erwerben!<\/p><\/td><td><\/td><\/tr><tr><td><\/td><td><\/td><\/tr><tr><td colspan=\"2\"><p>Erziehungswissenschaften<\/p><\/td><\/tr><tr><td width=\"90%\"><p><a href=\"https:\/\/vvz.ruhr-uni-bochum.de\/campus\/all\/module.asp?gguid=0x8A6A3C9715709943B54F2320CA9026CB&amp;fieldgguid=&amp;findmodule=Bildungswissenschaftliches+Basismodul&amp;tguid=0xF6D6C16D8202A74C8FD36C4FB58CFC2A&amp;strSignMessage=\">Bildungswissenschaftliches Basismodul (9 CP)<\/a><\/p><\/td><td><\/td><\/tr><tr><td><p>Teil 1: Einf\u00fchrung in Lern- und Entwicklungstheorien (\u00dcberblicksvorlesung), SoSe 2012<\/p><\/td><td><\/td><\/tr><tr><td><p>Teil 2: Erziehungs- und Bildungstheorien (\u00dcberblicksvorlesung), SoSe 2012<\/p><\/td><td><\/td><\/tr><tr><td><p>Teil 3: Theorien der Sozialisation (\u00dcberblicksvorlesung), SoSe 2012<\/p><\/td><td><\/td><\/tr><tr><td><p>Teil 4: Lehrerberuf, Lehrerbildung, Lehrerprofessionalit\u00e4t(\u00dcberblicksvorlesung), SoSe 2012<\/p><\/td><td><\/td><\/tr><tr><td><\/td><td><\/td><\/tr><tr><td><p>G4 &#8222;EWL zum M.Ed.&#8220;<\/p><\/td><td><\/td><\/tr><tr><td><p>Studierende, die das Fach Erziehungswissenschaft im 2-Fach B. A. studieren, m\u00fcssen nur den vierten Teil des Moduls absolvieren, da die Teile 1 bis 3 bereits zu ihrem Fachstudium geh\u00f6ren. Als Kompensation wird der Besuch einer Werkstatt f\u00fcr empirische Forschungsmethoden verlangt. Modul kann in 1, 2, 3 oder 4 Semestern abgeschlossen werden.<\/p><\/td><td><\/td><\/tr><tr><td><\/td><td><\/td><\/tr><tr><td colspan=\"2\"><p>Evangelische Theologie<\/p><\/td><\/tr><tr><td width=\"90%\"><p>In diesem Semester liegt leider kein Angebot vor.<\/p><\/td><td><\/td><\/tr><tr><td><\/td><td><\/td><\/tr><tr><td colspan=\"2\"><p>Geographie<\/p><\/td><\/tr><tr><td width=\"90%\"><p><a href=\"https:\/\/vvz.ruhr-uni-bochum.de\/campus\/all\/module.asp?gguid=0xF828851F039F9F4C9D03EFA21D88E058&amp;fieldgguid=&amp;mode=&amp;findmodule=Geographie&amp;tguid=0xF6D6C16D8202A74C8FD36C4FB58CFC2A\">Geographie auf Achse (5 CP)<\/a><\/p><\/td><td><\/td><\/tr><tr><td><p>Teil 1: Geographie auf Achse: Reisen und Exkursionen in aller Welt (Vorlesung), SoSe 2012<\/p><\/td><td><\/td><\/tr><tr><td><p>Teil 2: Geographie auf Achse: Reisen und Exkursionen in aller Welt (\u00dcbung), SoSe 2012<\/p><\/td><td><\/td><\/tr><tr><td><p>G4 Geographie auf Achse<\/p><\/td><td><\/td><\/tr><tr><td><p>Geographie-Studierende k\u00f6nnen an diesem Modul nicht teilnehmen.<\/p><\/td><td><\/td><\/tr><tr><td><\/td><td><\/td><\/tr><tr><td colspan=\"2\"><p>Germanistik<\/p><\/td><\/tr><tr><td width=\"90%\"><p>In diesem Semester liegt leider kein Angebot vor.<\/p><\/td><td><\/td><\/tr><tr><td><\/td><td><\/td><\/tr><tr><td colspan=\"2\"><p>Geschichte<\/p><\/td><\/tr><tr><td width=\"90%\"><p><a href=\"https:\/\/vvz.ruhr-uni-bochum.de\/campus\/all\/module.asp?gguid=0xA7190F25B8AB4C4F8719880B34F72B16&amp;fieldgguid=&amp;findmodule=migration&amp;tguid=0xF6D6C16D8202A74C8FD36C4FB58CFC2A&amp;strSignMessage=\">Migration im Europa des 20. Jahrhunderts: Hintergr\u00fcnde, Wanderungsmuster, Deutungen (5 CP)<\/a><\/p><\/td><td><\/td><\/tr><tr><td><p>Teil 1: Einwanderungs- und Integrationspolitik im Europa des 20. Jahrhunderts: Gro\u00dfbritannien, Frankreich, BRD, Schweiz, Italien (Seminar), SoSe 2012<\/p><\/td><td><\/td><\/tr><tr><td><p>Teil 2: Transnationale Migration in der europ\u00e4ischen Kultur: Film, Literatur, zeitgen\u00f6ssische Diskurse (Seminar), SoSe 2012<\/p><\/td><td><\/td><\/tr><tr><td><p>G4 Basismodul &#8222;Neuere und Neueste Geschichte&#8220;<\/p><\/td><td><\/td><\/tr><tr><td><p><\/p><\/td><td><\/td><\/tr><tr><td width=\"90%\"><p><a href=\"https:\/\/vvz.ruhr-uni-bochum.de\/campus\/all\/module.asp?gguid=0x356EBD1227D8DC4C804F1F9DFE51482B&amp;fieldgguid=&amp;findmodule=polnische&amp;tguid=0xF6D6C16D8202A74C8FD36C4FB58CFC2A&amp;strSignMessage=\">Polnische Geschichte und Kultur (5 CP)<\/a><\/p><\/td><td><\/td><\/tr><tr><td><p>Teil 1: Seminar: Die &#8222;Ruhrpolen&#8220; &#8211; Polnischsprachige Migration ins Ruhrgebiet 1870er-1980er Jahre, SoSe 2012<\/p><\/td><td><\/td><\/tr><tr><td><p>Teil 2: \u00dcbung: Teil 1: Geschichte und Kultur Polens in der Neuzeit. Polnisch-Lekt\u00fcrekurs, SoSe 2012<\/p><\/td><td><\/td><\/tr><tr><td><p>G4 Basismodul &#8222;Neuere und Neueste Geschichte&#8220;<\/p><\/td><td><\/td><\/tr><tr><td><\/td><td><\/td><\/tr><tr><td colspan=\"2\"><p>Katholische Theologie<\/p><\/td><\/tr><tr><td width=\"90%\"><p><a href=\"https:\/\/vvz.ruhr-uni-bochum.de\/campus\/all\/module.asp?gguid=0xC75801E240B683408ECB530699C3C0EF&amp;fieldgguid=&amp;findmodule=die+Anf%E4nge+des&amp;tguid=0xF6D6C16D8202A74C8FD36C4FB58CFC2A&amp;strSignMessage=\">Die Anf\u00e4nge des Christentums (5 CP)<\/a><\/p><\/td><td><\/td><\/tr><tr><td><p>Teil 1a: Aufbruch ins Weite &#8211; Geschichte des Urchristentums (Vorlesung), SoSe 2012 oder<\/p><\/td><td><\/td><\/tr><tr><td><p>Teil 1b: Die gro\u00dfe Vers\u00f6hnung &#8211; Der Zweite Korintherbrief (Vorlesung), SoSe 2012<\/p><\/td><td><\/td><\/tr><tr><td><p>Teil 2: Zeichen des Glaubens &#8211; Die Wunder Jesu im Johannesevangelium (Hauptseminar), SoSe 2012<\/p><\/td><td><\/td><\/tr><tr><td><p>G4 &#8222;Christentum und Kultur&#8220;<\/p><\/td><td><\/td><\/tr><tr><td><p>Studierende der katholischen Theologie k\u00f6nnen an diesem Modul nicht teilnehmen!<\/p><\/td><td><\/td><\/tr><tr><td><p><\/p><\/td><td><\/td><\/tr><tr><td width=\"90%\"><p><a href=\"https:\/\/vvz.ruhr-uni-bochum.de\/campus\/all\/module.asp?gguid=0x8B780FE927A070438B8B8BB50A503BF8&amp;fieldgguid=&amp;findmodule=Gottesdienst+in+kulturellen+R%E4umen&amp;tguid=0xF6D6C16D8202A74C8FD36C4FB58CFC2A&amp;strSignMessage=\">Gottesdienst in kulturellen R\u00e4umen (5 CP)<\/a><\/p><\/td><td><\/td><\/tr><tr><td><p>Teil 1: Geschichte der Liturgie (Vorlesung), SoSe 2012<\/p><\/td><td><\/td><\/tr><tr><td><p>Teil 2: Liturgie und Kunst (Hauptseminar), SoSe 2012<\/p><\/td><td><\/td><\/tr><tr><td><p>G4 &#8222;Christentum und Kultur&#8220;<\/p><\/td><td><\/td><\/tr><tr><td><p>Studierende der katholischen Theologie k\u00f6nnen an diesem Modul nicht teilnehmen!<\/p><\/td><td><\/td><\/tr><tr><td><p><\/p><\/td><td><\/td><\/tr><tr><td width=\"90%\"><p><a href=\"https:\/\/vvz.ruhr-uni-bochum.de\/campus\/all\/module.asp?gguid=0x5A178F900C12E543BBC6A2061CCD52CC&amp;fieldgguid=&amp;findmodule=Kirche+vor+Ort+-+Ekklesiologie+konkret&amp;tguid=0xF6D6C16D8202A74C8FD36C4FB58CFC2A&amp;strSignMessage=\">Kirche vor Ort &#8211; Ekklesiologie konkret (5 CP)<\/a><\/p><\/td><td><\/td><\/tr><tr><td><p>Teil 1: &#8222;Lumen Gentium&#8220; &#8211; Die dogmatische Konstitution des Zweiten Vatikanischen Konzils \u00fcber die Kirche. Grundfragen der Ekklesiologie und Sakramententheologie (Vorlesung), SoSe 2012<\/p><\/td><td><\/td><\/tr><tr><td><p>Teil 2: Ekklesiologie konkret (\u00dcbung mit Exkursion nach Essen), SoSe 2012<\/p><\/td><td><\/td><\/tr><tr><td><p>G4 &#8222;Religi\u00f6se Organisationen&#8220;<\/p><\/td><td><\/td><\/tr><tr><td><p>Studierende der katholischen Theologie k\u00f6nnen an diesem Modul nicht teilnehmen!<\/p><\/td><td><\/td><\/tr><tr><td><p><\/p><\/td><td><\/td><\/tr><tr><td width=\"90%\"><p><a href=\"https:\/\/vvz.ruhr-uni-bochum.de\/campus\/all\/module.asp?gguid=0x1E0C0C16894F79488FE4693767F75CAE&amp;fieldgguid=&amp;findmodule=Natur%2DWelt%2DSch%F6pfung&amp;tguid=0xF6D6C16D8202A74C8FD36C4FB58CFC2A&amp;strSignMessage=\">Natur-Welt-Sch\u00f6pfung (5 CP)<\/a><\/p><\/td><td><\/td><\/tr><tr><td><p>Teil 1: Der neue Anfang aller Dinge. Grundfragen der Sch\u00f6pfungstheologie und Eschatologie (Vorlesung), SoSe 2012<\/p><\/td><td><\/td><\/tr><tr><td><p>Teil 2: Ist Glaube und Vernunft eine Quadratur des Kreises? Ein interdiziplin\u00e4rer Streifzug durch Natur-Welt-Sch\u00f6pfung (Hauptseminar), SoSe 2012<\/p><\/td><td><\/td><\/tr><tr><td><p>G4 &#8222;Glaube und Vernunft&#8220;<\/p><\/td><td><\/td><\/tr><tr><td><p><\/p><\/td><td><\/td><\/tr><tr><td width=\"90%\"><p><a href=\"https:\/\/vvz.ruhr-uni-bochum.de\/campus\/all\/module.asp?gguid=0x54FF27D463F83148AF0785C99A0D5F5D&amp;fieldgguid=&amp;findmodule=%D6kologische+Ethik&amp;tguid=0xF6D6C16D8202A74C8FD36C4FB58CFC2A&amp;strSignMessage=\">\u00d6kologische Ethik (5 CP)<\/a><\/p><\/td><td><\/td><\/tr><tr><td><p>Teil 1: \u00d6kologische Ethik (Vorlesung), SoSe 2012<\/p><\/td><td><\/td><\/tr><tr><td><p>Teil 2: Texte zur \u00f6kologischen Ethik (Proseminar), SoSe 2012<\/p><\/td><td><\/td><\/tr><tr><td><p>G4 &#8222;Christliche Weltverantwortung&#8220;<\/p><\/td><td><\/td><\/tr><tr><td><p>Studierende der katholischen Theologie k\u00f6nnen an diesem Modul nicht teilnehmen!<\/p><\/td><td><\/td><\/tr><tr><td><\/td><td><\/td><\/tr><tr><td colspan=\"2\"><p>Mathematik<\/p><\/td><\/tr><tr><td width=\"90%\"><p><a href=\"https:\/\/vvz.ruhr-uni-bochum.de\/campus\/all\/module.asp?gguid=0x0A9FA61DAAA5784F861CB00A42B34BDC&amp;fieldgguid=&amp;mode=&amp;findmodule=einf%FChrung+in+die+mathe&amp;tguid=0xF6D6C16D8202A74C8FD36C4FB58CFC2A\">Einf\u00fchrung in die Mathematik (Schwerpunkte: Mathematik und Physik) (5 CP)<\/a><\/p><\/td><td><\/td><\/tr><tr><td><p>Teil 1: 1. Vorkurs in Mathematik f\u00fcr Mathematiker und Physiker, SoSe 2012<\/p><\/td><td><\/td><\/tr><tr><td><p>Teil 2: \u00dcbungen zum 1. Vorkurs in Mathematik f\u00fcr Mathematiker und Physiker, SoSe 2012<\/p><\/td><td><\/td><\/tr><tr><td><p>G4 Basismodul &#8222;Grundlagen der Mathematik&#8220;<\/p><\/td><td><\/td><\/tr><tr><td><p>Studierende der Mathematik k\u00f6nnen an diesem Modul zwar teilnehmen, jedoch Credit Points nur dann f\u00fcr den Optionalbereich erwerben, wenn sie den Vorkurs vor ihrem ersten Fachsemester besuchen!<\/p><\/td><td><\/td><\/tr><tr><td><p><\/p><\/td><td><\/td><\/tr><tr><td width=\"90%\"><p><a href=\"https:\/\/vvz.ruhr-uni-bochum.de\/campus\/all\/module.asp?gguid=0x58D394C847FD4B46901ED0FD1041CCFF&amp;fieldgguid=&amp;mode=&amp;findmodule=Einf%FChrung+in+die+Mathematik+%28Schwerpu&amp;tguid=0xF6D6C16D8202A74C8FD36C4FB58CFC2A\">Einf\u00fchrung in die Mathematik (Schwerpunkte: Natur- und Ingenieurwissenschaften sowie Informatik) (5 CP)<\/a><\/p><\/td><td><\/td><\/tr><tr><td><p>Teil 1: Vorkurs in Mathematik f\u00fcr k\u00fcnftige Studierende der Ingenieurwissenschaften, SoSe 2012<\/p><\/td><td><\/td><\/tr><tr><td><p>Teil 2: \u00dcbungen zum Vorkurs in Mathematik f\u00fcr k\u00fcnftige Studierende der Ingenieurwissenschaften, SoSe 2012<\/p><\/td><td><\/td><\/tr><tr><td><p>G4 Basismodul &#8222;Grundlagen der Mathematik&#8220;<\/p><\/td><td><\/td><\/tr><tr><td><p>Studierende der Mathematik und der Physik k\u00f6nnen an diesem Modul zwar teilnehmen, jedoch keine Credit Points f\u00fcr den Optionalbereich erwerben!<\/p><\/td><td><\/td><\/tr><tr><td><p><\/p><\/td><td><\/td><\/tr><tr><td width=\"90%\"><p><a href=\"https:\/\/vvz.ruhr-uni-bochum.de\/campus\/all\/module.asp?gguid=0x21A477E575AC16469B438498DDF166D6&amp;fieldgguid=&amp;mode=&amp;findmodule=einf%FChrung+in+die+mathe&amp;tguid=0xF6D6C16D8202A74C8FD36C4FB58CFC2A\">Einf\u00fchrung in die Mathematik II (Schwerpunkt: Physik und Geophysik) (5 CP)<\/a><\/p><\/td><td><\/td><\/tr><tr><td><p>Teil 1: Mathematik f\u00fcr Physiker II (Vorlesung), SoSe 2012<\/p><\/td><td><\/td><\/tr><tr><td><p>Teil 2: \u00dcbungen zu Mathematik f\u00fcr Physiker II, SoSe 2012<\/p><\/td><td><\/td><\/tr><tr><td><p>G4 Aufbaumodul &#8222;H\u00f6here Mathematik&#8220;<\/p><\/td><td><\/td><\/tr><tr><td><p>Studierende der Mathematik k\u00f6nnen an diesem Modul zwar teilnehmen, jedoch keine Credit Points f\u00fcr den Optionalbereich erwerben!<\/p><\/td><td><\/td><\/tr><tr><td><p><\/p><\/td><td><\/td><\/tr><tr><td width=\"90%\"><p><a href=\"https:\/\/vvz.ruhr-uni-bochum.de\/campus\/all\/module.asp?gguid=0x9B541A9C6C669B4DB82FC3F055152440&amp;fieldgguid=&amp;findmodule=H%F6here+Mathematik+I+%2B+II&amp;tguid=0xF6D6C16D8202A74C8FD36C4FB58CFC2A&amp;strSignMessage=\">H\u00f6here Mathematik I+II (Schwerpunkt: Angewandte Informatik) (10)<\/a><\/p><\/td><td><\/td><\/tr><tr><td><p>Teil 1: H\u00f6here Mathematik II (im Rahmen der Studienrichtung Angewandte Informatik)(Vorlesung), SoSe 2012<\/p><\/td><td><\/td><\/tr><tr><td><p>Teil 2: \u00dcbungen zu H\u00f6here Mathematik II (im Rahmen der Studienrichtung Angewandte Informatik), SoSe 2012<\/p><\/td><td><\/td><\/tr><tr><td><p>G4 Aufbaumodul &#8222;H\u00f6here Mathematik&#8220;<\/p><\/td><td><\/td><\/tr><tr><td><p>Studierende der Mathematik k\u00f6nnen an diesem Modul zwar teilnehmen, jedoch keine Credit Points f\u00fcr den Optionalbereich erwerben!<\/p><\/td><td><\/td><\/tr><tr><td><p><\/p><\/td><td><\/td><\/tr><tr><td width=\"90%\"><p><a href=\"https:\/\/vvz.ruhr-uni-bochum.de\/campus\/all\/module.asp?gguid=0x32976CD60332B141964254CC14851194&amp;fieldgguid=&amp;findmodule=statistische&amp;tguid=0xF6D6C16D8202A74C8FD36C4FB58CFC2A&amp;strSignMessage=\">Statistische Methoden (Schwerpunkt: Biologie und Naturwissenschaften) (5 CP)<\/a><\/p><\/td><td><\/td><\/tr><tr><td><p>Teil 1: Mathematik f\u00fcr Biologen, SoSe 2012<\/p><\/td><td><\/td><\/tr><tr><td><p>Teil 2: \u00dcbungen zu &#8222;Mathematik f\u00fcr Biologen&#8220;, SoSe 2012<\/p><\/td><td><\/td><\/tr><tr><td><p>G4 Basismodul &#8222;Mathematische Anwendungen&#8220;<\/p><\/td><td><\/td><\/tr><tr><td><p>Studierende der Mathematik k\u00f6nnen an diesem Modul zwar teilnehmen, jedoch keine Credit Points f\u00fcr den Optionalbereich erwerben!<\/p><\/td><td><\/td><\/tr><tr><td><\/td><td><\/td><\/tr><tr><td colspan=\"2\"><p>Medienwissenschaft<\/p><\/td><\/tr><tr><td width=\"90%\"><p><a href=\"https:\/\/vvz.ruhr-uni-bochum.de\/campus\/all\/module.asp?gguid=0x6B1453BFAE4B464D954995F760FFEFFF&amp;fieldgguid=&amp;mode=&amp;findmodule=medientheorie&amp;tguid=0xF6D6C16D8202A74C8FD36C4FB58CFC2A\">Medientheorie und Kommunikation (A) (5 CP)<\/a><\/p><\/td><td><\/td><\/tr><tr><td><p>Teil 1: Vorlesung: Medientheorie und Kommunikationstheorie, SoSe 2012<\/p><\/td><td><\/td><\/tr><tr><td><p>Teil 2: \u00dcbung zur Vorlesung: Medientheorie und Kommunikationstheorie, SoSe 2012<\/p><\/td><td><\/td><\/tr><tr><td><p>G4 Basismodul &#8222;Medientheorie und Kommunikationstheorie&#8220;<\/p><\/td><td><\/td><\/tr><tr><td><p>Studierende der Medienwissenschaften k\u00f6nnen an diesem Modul nicht teilnehmen!<\/p><\/td><td><\/td><\/tr><tr><td><p><\/p><\/td><td><\/td><\/tr><tr><td width=\"90%\"><p><a href=\"https:\/\/vvz.ruhr-uni-bochum.de\/campus\/all\/module.asp?gguid=0xA70A6862F573234684E791322BC4B6FF&amp;fieldgguid=&amp;mode=&amp;findmodule=medientheorie&amp;tguid=0xF6D6C16D8202A74C8FD36C4FB58CFC2A\">Medientheorie und Kommunikation (B) (5 CP)<\/a><\/p><\/td><td><\/td><\/tr><tr><td><p>Teil 1: Vorlesung: Medientheorie und Kommunikationstheorie, SoSe 2012<\/p><\/td><td><\/td><\/tr><tr><td><p>Teil 2: \u00dcbung zur Vorlesung: Medientheorie und Kommunikationstheorie, SoSe 2012<\/p><\/td><td><\/td><\/tr><tr><td><p>G4 Basismodul &#8222;Medientheorie und Kommunikationstheorie&#8220;<\/p><\/td><td><\/td><\/tr><tr><td><p>Studierende der Medienwissenschaften k\u00f6nnen an diesem Modul nicht teilnehmen!<\/p><\/td><td><\/td><\/tr><tr><td><p><\/p><\/td><td><\/td><\/tr><tr><td width=\"90%\"><p><a href=\"https:\/\/vvz.ruhr-uni-bochum.de\/campus\/all\/module.asp?gguid=0xD2528485C82D704F90C75C86E9C8657C&amp;fieldgguid=&amp;mode=&amp;findmodule=medientheorie&amp;tguid=0xF6D6C16D8202A74C8FD36C4FB58CFC2A\">Medientheorie und Kommunikation (C) (5 CP)<\/a><\/p><\/td><td><\/td><\/tr><tr><td><p>Teil 1: Vorlesung: Medientheorie und Kommunikationstheorie, SoSe 2012<\/p><\/td><td><\/td><\/tr><tr><td><p>Teil 2: \u00dcbung zur Vorlesung: Medientheorie und Kommunikationstheorie, SoSe 2012<\/p><\/td><td><\/td><\/tr><tr><td><p>G4 Basismodul &#8222;Medientheorie und Kommunikationstheorie&#8220;<\/p><\/td><td><\/td><\/tr><tr><td><p>Studierende der Medienwissenschaften k\u00f6nnen an diesem Modul nicht teilnehmen!<\/p><\/td><td><\/td><\/tr><tr><td><\/td><td><\/td><\/tr><tr><td colspan=\"2\"><p>Medizin<\/p><\/td><\/tr><tr><td width=\"90%\"><p>In diesem Semester liegt leider kein Angebot vor.<\/p><\/td><td><\/td><\/tr><tr><td><\/td><td><\/td><\/tr><tr><td colspan=\"2\"><p>Orientalistik und Islamwissenschaften<\/p><\/td><\/tr><tr><td width=\"90%\"><p><a href=\"https:\/\/vvz.ruhr-uni-bochum.de\/campus\/all\/module.asp?gguid=0x00740DB690CB3C488C610C69FA0AF8B3&amp;fieldgguid=&amp;mode=&amp;findmodule=Kultur&amp;tguid=0xF6D6C16D8202A74C8FD36C4FB58CFC2A\"> (10 CP)<\/a> DIESES MODUL ENTF\u00c4LLT!<\/p><\/td><td><\/td><\/tr><tr><td><p>Teil 1: Der Weg nach \u00c4gypten &#8211; \u00c4gyptens Weg &#8211; Der geographische und geschichtliche Kontext (Seminar)<\/p><\/td><td><\/td><\/tr><tr><td><p>Teil 2: Revolution und kultureller Wandel (Lekt\u00fcrekurs), SoSe 2012<\/p><\/td><td><\/td><\/tr><tr><td><p>Teil 3: Kultur und Medien in \u00c4gypten (f\u00fcnft\u00e4gige Blockveranstaltung in der vorlesungsfreien Zeit), SoSe 2012<\/p><\/td><td><\/td><\/tr><tr><td><p>G4 Basismodul &#8222;Einf\u00fchrung in die islamische Welt&#8220; oder G4 inSTUDIES<\/p><\/td><td><\/td><\/tr><tr><td><p><\/p><\/td><td><\/td><\/tr><tr><td width=\"90%\"><p><a href=\"https:\/\/vvz.ruhr-uni-bochum.de\/campus\/all\/module.asp?gguid=0xD81786B79F265A40BFFEE59AA8FD94CC&amp;fieldgguid=&amp;findmodule=persische+kalli&amp;tguid=0xF6D6C16D8202A74C8FD36C4FB58CFC2A&amp;strSignMessage=\">Persische Kalligraphie und Landeskunde (5 CP)<\/a><\/p><\/td><td><\/td><\/tr><tr><td><p>Teil 1: \u00dcbung: Landeskunde Iran, SoSe 2012<\/p><\/td><td><\/td><\/tr><tr><td><p>Teil 2: \u00dcbung: Arabisch-Persische Kalligraphie, SoSe 2012<\/p><\/td><td><\/td><\/tr><tr><td><p>G4 Basismodul &#8222;Einf\u00fchrung in die islamische Welt&#8220;<\/p><\/td><td><\/td><\/tr><tr><td><p>Studierende der Orientalistik\/Islamwissenschaften k\u00f6nnen an diesem Modul nicht teilnehmen!<\/p><\/td><td><\/td><\/tr><tr><td><\/td><td><\/td><\/tr><tr><td colspan=\"2\"><p>Ostasienwissenschaften<\/p><\/td><\/tr><tr><td width=\"90%\"><p><a href=\"https:\/\/vvz.ruhr-uni-bochum.de\/campus\/all\/module.asp?gguid=0x241657113758514DB236BEAD57170EA0&amp;fieldgguid=&amp;findmodule=basismodul+si&amp;tguid=0xF6D6C16D8202A74C8FD36C4FB58CFC2A&amp;strSignMessage=\">Basismodul Sinologie (5 CP)<\/a><\/p><\/td><td><\/td><\/tr><tr><td><p>Teil 1: Einf\u00fchrung in die chinesische Literaturgeschichte, SoSe 2012<\/p><\/td><td><\/td><\/tr><tr><td><p>Teil 2: Einf\u00fchrung in die chinesische Philosophie, WS 2012\/13<\/p><\/td><td><\/td><\/tr><tr><td><p>Teil 3: Grundz\u00fcge der chinesischen Geschichte, SoSe 2012<\/p><\/td><td><\/td><\/tr><tr><td><p>G4 Basismodul &#8222;China&#8220;<\/p><\/td><td><\/td><\/tr><tr><td><p>2 der angebotenen Modulteile bilden das Modul. Sie k\u00f6nnen frei w\u00e4hlen, welche 2 Teile Sie besuchen m\u00f6chten. Das Modul kann je nach Zusammensetzung sowohl im Winter- als auch Sommersemester begonnen werden. Das Modul ist auch Teil des sinologischen Grundstudiums (f\u00fcr Sinologiestudenten deshalb nicht \u00fcber den Optionalbereich sondern den Studiengang Sinologie kreditiert).<\/p><\/td><td><\/td><\/tr><tr><td><p><\/p><\/td><td><\/td><\/tr><tr><td width=\"90%\"><p><a href=\"https:\/\/vvz.ruhr-uni-bochum.de\/campus\/all\/module.asp?gguid=0x2C63526CC64AC54CB2269296AEF1B9B1&amp;fieldgguid=&amp;mode=&amp;findmodule=einf%FChrung+in+die+ko&amp;tguid=0xF6D6C16D8202A74C8FD36C4FB58CFC2A\">Einf\u00fchrung in die koreanische Geschichte (5 CP)<\/a><\/p><\/td><td><\/td><\/tr><tr><td><p>Teil 1: Grundkurs: Vormoderne koreanische Geschichte (Einf\u00fchrung in die Geschichte Koreas I), WS 2012\/13<\/p><\/td><td><\/td><\/tr><tr><td><p>Teil 2: Vorlesung: Neuere Geschichte Koreas, SoSe 2012<\/p><\/td><td><\/td><\/tr><tr><td><p>G4 Basismodul &#8222;Korea&#8220;<\/p><\/td><td><\/td><\/tr><tr><td><p>Studierende der Koreanistik k\u00f6nnen an diesem Modul zwar teilnehmen, jedoch keine Credit Points f\u00fcr den Optionalbereich erwerben!<\/p><\/td><td><\/td><\/tr><tr><td><p><\/p><\/td><td><\/td><\/tr><tr><td width=\"90%\"><p><a href=\"https:\/\/vvz.ruhr-uni-bochum.de\/campus\/all\/module.asp?gguid=0x04E29DD67F98904D8A5E01F6CFAB2566&amp;fieldgguid=&amp;findmodule=japan+in&amp;tguid=0xF6D6C16D8202A74C8FD36C4FB58CFC2A&amp;strSignMessage=\">Japan in Geschichte und Gegenwart (5 CP)<\/a><\/p><\/td><td><\/td><\/tr><tr><td><p>Teil 1: Japanische Geschichte bis zum 19. Jahrhundert, WS 2012\/13<\/p><\/td><td><\/td><\/tr><tr><td><p>Teil 2: Japans Geschichte, SoSe 2012<\/p><\/td><td><\/td><\/tr><tr><td><p>Teil 3: Vorlesung zu Fragen der Japanologie, SoSe 2012<\/p><\/td><td><\/td><\/tr><tr><td><p>G4 Basismodul &#8222;Japan&#8220;<\/p><\/td><td><\/td><\/tr><tr><td><p>2 der angebotenen Modulteile bilden das Modul. Sie k\u00f6nnen frei w\u00e4hlen, welche 2 Teile Sie besuchen m\u00f6chten. Das Modul kann je nach Zusammensetzung sowohl im Winter- als auch Sommersemester begonnen werden. Studierende der Japanologie k\u00f6nnen an diesem Modul nicht teilnehmen.<\/p><\/td><td><\/td><\/tr><tr><td><p><\/p><\/td><td><\/td><\/tr><tr><td width=\"90%\"><p><a href=\"https:\/\/vvz.ruhr-uni-bochum.de\/campus\/all\/module.asp?gguid=0xEC7EA166F1741549811452B0A18EAC5C&amp;error=&amp;expand=0xF6D6C16D8202A74C8FD36C4FB58CFC2A&amp;tguid=0xF6D6C16D8202A74C8FD36C4FB58CFC2A#0xF6D6C16D8202A74C8FD36C4FB58CFC2A\">Nihongogaku (5 CP)<\/a><\/p><\/td><td><\/td><\/tr><tr><td><p>Teil 1: \u00dcberblick \u00fcber die japanische Sprache I, SoSe 2012<\/p><\/td><td><\/td><\/tr><tr><td><p>Teil 2: \u00dcberblick \u00fcber die japanische Sprache II, WS 2012\/13<\/p><\/td><td><\/td><\/tr><tr><td><p>G4 Basismodul &#8222;Japan&#8220;<\/p><\/td><td><\/td><\/tr><tr><td><p>Studierende der Japanologie k\u00f6nnen an diesem Modul zwar teilnehmen, jedoch keine Credit Points f\u00fcr den Optionalbereich erwerben!<\/p><\/td><td><\/td><\/tr><tr><td><\/td><td><\/td><\/tr><tr><td colspan=\"2\"><p>Philosophie<\/p><\/td><\/tr><tr><td width=\"90%\"><p><a href=\"https:\/\/vvz.ruhr-uni-bochum.de\/campus\/all\/module.asp?gguid=0x9003F09F0EE0504D92D3C64DDC4E53A8&amp;fieldgguid=&amp;findmodule=philosophie+im&amp;tguid=0xF6D6C16D8202A74C8FD36C4FB58CFC2A&amp;strSignMessage=\">Philosophie im Mittelalter (5 CP)<\/a><\/p><\/td><td><\/td><\/tr><tr><td><p>Teil 1: Grundprobleme der mittelalterlichen Philosophie (Vorlesung), SoSe 2012<\/p><\/td><td><\/td><\/tr><tr><td><p>Teil 2: Die gro\u00dfen Philosophen des Mittelalters von Augustin bis Nikolaus von Kues (Seminar), SoSe 2012<\/p><\/td><td><\/td><\/tr><tr><td><p>G4 Basismodul &#8222;Geschichte der Philosophie&#8220;<\/p><\/td><td><\/td><\/tr><tr><td><p>Studierende des Faches Philosophie d\u00fcrfen an diesem Modul nicht teilnehmen!<\/p><\/td><td><\/td><\/tr><tr><td><p><\/p><\/td><td><\/td><\/tr><tr><td width=\"90%\"><p><a href=\"https:\/\/vvz.ruhr-uni-bochum.de\/campus\/all\/module.asp?gguid=0x83F0236B8AB2014581A17F31189FA77A&amp;fieldgguid=&amp;findmodule=sprache%2C+bedeut&amp;tguid=0xF6D6C16D8202A74C8FD36C4FB58CFC2A&amp;strSignMessage=\">Sprache, Bedeutung und Interpretation (5 CP)<\/a><\/p><\/td><td><\/td><\/tr><tr><td><p>Teil 1: \u00dcbersetzung und Interpretation (Seminar), SoSe 2012<\/p><\/td><td><\/td><\/tr><tr><td><p>Teil 2: Language and Communication (Seminar in englischer Sprache), SoSe 2012<\/p><\/td><td><\/td><\/tr><tr><td><p>G4 Basismodul &#8222;Theoretische Philosophie&#8220;<\/p><\/td><td><\/td><\/tr><tr><td><p>Studierende des Faches Philosophie d\u00fcrfen an diesem Modul nicht teilnehmen!<\/p><\/td><td><\/td><\/tr><tr><td><\/td><td><\/td><\/tr><tr><td colspan=\"2\"><p>Physik und Astronomie<\/p><\/td><\/tr><tr><td width=\"90%\"><p><a href=\"https:\/\/vvz.ruhr-uni-bochum.de\/campus\/all\/module.asp?gguid=0x28B641230AA0DD4DABA6079F6EC13487&amp;fieldgguid=&amp;mode=&amp;findmodule=Digital&amp;tguid=0xF6D6C16D8202A74C8FD36C4FB58CFC2A\">Digitalelektronik (5 CP)<\/a><\/p><\/td><td><\/td><\/tr><tr><td><p>Teil 1: Digitalelektronik (Vorlesung), SoSe 2012<\/p><\/td><td><\/td><\/tr><tr><td><p>Teil 2: \u00dcbungen zur Digitalelektronik, SoSe 2012<\/p><\/td><td><\/td><\/tr><tr><td><p>G4 Basismodul &#8222;Elektronik f\u00fcr physikalische Experimente&#8220;<\/p><\/td><td><\/td><\/tr><tr><td><p>Studierende der Physik k\u00f6nnen an diesem Modul nicht teilnehmen!<\/p><\/td><td><\/td><\/tr><tr><td><p><\/p><\/td><td><\/td><\/tr><tr><td width=\"90%\"><p><a href=\"https:\/\/vvz.ruhr-uni-bochum.de\/campus\/all\/module.asp?gguid=0x59250459D0BEB84CBC4E647444CD6B47&amp;fieldgguid=&amp;findmodule=leben&amp;tguid=0xF6D6C16D8202A74C8FD36C4FB58CFC2A&amp;strSignMessage=\">Leben im Weltraum? (5 CP)<\/a><\/p><\/td><td><\/td><\/tr><tr><td><p>Teil 1: Leben im Weltraum? (Vorlesung), SoSe 2012<\/p><\/td><td><\/td><\/tr><tr><td><p>Teil 2: \u00dcbungen zu Leben im Weltraum?, SoSe 2012<\/p><\/td><td><\/td><\/tr><tr><td><p>G4 Basismodul &#8222;Physik des Universums&#8220;<\/p><\/td><td><\/td><\/tr><tr><td><p>Studierende der Physik k\u00f6nnen an diesem Modul nicht teilnehmen!<\/p><\/td><td><\/td><\/tr><tr><td><p><\/p><\/td><td><\/td><\/tr><tr><td width=\"90%\"><p><a href=\"https:\/\/vvz.ruhr-uni-bochum.de\/campus\/all\/module.asp?gguid=0xA16AE5024B0F1F479889CD84B25F7E58&amp;fieldgguid=&amp;findmodule=Mathematische+Hilfsmittel+der+Physik&amp;tguid=0xF6D6C16D8202A74C8FD36C4FB58CFC2A&amp;strSignMessage=\">Mathematische Hilfsmittel der Physik (5 CP)<\/a><\/p><\/td><td><\/td><\/tr><tr><td><p>Teil 1: Einf\u00fchrung in die mathematischen Hilfsmittel der Physik (Vorlesung), SoSe 2012<\/p><\/td><td><\/td><\/tr><tr><td><p>Teil 2: \u00dcbungen zur Einf\u00fchrung in die mathematischen Hilfsmittel der Physik, SoSe 2012<\/p><\/td><td><\/td><\/tr><tr><td><p>G4 Basismodul &#8222;Mathematische Methoden f\u00fcr die Physik&#8220;<\/p><\/td><td><\/td><\/tr><tr><td><p>Studierende der Mathematik sowie der Physik k\u00f6nnen an diesem Modul nicht teilnehmen!<\/p><\/td><td><\/td><\/tr><tr><td><p><\/p><\/td><td><\/td><\/tr><tr><td width=\"90%\"><p><a href=\"https:\/\/vvz.ruhr-uni-bochum.de\/campus\/all\/module.asp?gguid=0x9500570E1D19B043B07CF022A71895AF&amp;fieldgguid=&amp;mode=&amp;findmodule=Physik+f%FCr+Nicht%2DPhysikerinn&amp;tguid=0xF6D6C16D8202A74C8FD36C4FB58CFC2A\">Physik f\u00fcr Nicht-Physikerinnen und Nicht-Physiker (5 CP)<\/a><\/p><\/td><td><\/td><\/tr><tr><td><p>Teil 1: Physik f\u00fcr Nichtphysiker (Vorlesung), SoSe 2012<\/p><\/td><td><\/td><\/tr><tr><td><p>Teil 2: \u00dcbungen zur Physik f\u00fcr Nicht-Physiker, SoSe 2012<\/p><\/td><td><\/td><\/tr><tr><td><p>G4 Basismodul &#8222;Grundlagen der Physik&#8220;<\/p><\/td><td><\/td><\/tr><tr><td><p>Studierende der Physik k\u00f6nnen an diesem Modul nicht teilnehmen!<\/p><\/td><td><\/td><\/tr><tr><td><p><\/p><\/td><td><\/td><\/tr><tr><td width=\"90%\"><p><a href=\"https:\/\/vvz.ruhr-uni-bochum.de\/campus\/all\/module.asp?gguid=0xEC43D13F7213F444999775ABBEF71E44&amp;fieldgguid=&amp;mode=&amp;findmodule=Physik+I&amp;tguid=0xF6D6C16D8202A74C8FD36C4FB58CFC2A\">Physik I (Schwerpunkt Biologie) (5 CP)<\/a><\/p><\/td><td><\/td><\/tr><tr><td><p>Teil 1: Physik I f\u00fcr Studierende der Biologie (Vorlesung), SoSe 2012<\/p><\/td><td><\/td><\/tr><tr><td><p>Teil 2: \u00dcbungen zur Physik I f\u00fcr Studierende der Biologie, SoSe 2012<\/p><\/td><td><\/td><\/tr><tr><td><p>G4 Basismodul &#8222;Grundlagen der Physik&#8220;<\/p><\/td><td><\/td><\/tr><tr><td><p>Da die Veranstaltung inhaltlich der Physik I (Schwerpunkt Chemie) gleicht, kann nur jeweils eine von beiden f\u00fcr den Optionalbereich anerkannt werden. F\u00fcr Studierende des B.Sc. Studiengangs Biologie ist dieses Modul nicht im Optionalbereich anrechenbar. Studierende der Physik k\u00f6nnen an diesem Modul nicht teilnehmen!<\/p><\/td><td><\/td><\/tr><tr><td><p><\/p><\/td><td><\/td><\/tr><tr><td width=\"90%\"><p><a href=\"https:\/\/vvz.ruhr-uni-bochum.de\/campus\/all\/module.asp?gguid=0xB015C0D0C31D8E4A957DFB972389F8AA&amp;fieldgguid=&amp;mode=&amp;findmodule=Physik+II&amp;tguid=0xF6D6C16D8202A74C8FD36C4FB58CFC2A\">Physik II (Schwerpunkt Chemie, Biochemie, Geowissenschaften) (5 CP)<\/a><\/p><\/td><td><\/td><\/tr><tr><td><p>Teil 1: Physik II f\u00fcr Studierende der Biochemie, Chemie und Geowissenschaften (Vorlesung), SoSe 2012<\/p><\/td><td><\/td><\/tr><tr><td><p>Teil 2: \u00dcbungen zur Physik II f\u00fcr Studierende der Biochemie, Chemie und Geowissenschaften, SoSe 2012<\/p><\/td><td><\/td><\/tr><tr><td><p>G4 Basismodul &#8222;Grundlagen der Physik&#8220;<\/p><\/td><td><\/td><\/tr><tr><td><p>Studierende des B.Sc. Studiengangs Chemie, Biochemie, Geowissenschaften sowie Studierende der Physik k\u00f6nnen an diesem Modul nicht teilnehmen!<\/p><\/td><td><\/td><\/tr><tr><td><\/td><td><\/td><\/tr><tr><td colspan=\"2\"><p>Rechtswissenschaft<\/p><\/td><\/tr><tr><td width=\"90%\"><p>In diesem Semester liegt leider kein Angebot vor.<\/p><\/td><td><\/td><\/tr><tr><td><\/td><td><\/td><\/tr><tr><td colspan=\"2\"><p>Romanistik<\/p><\/td><\/tr><tr><td width=\"90%\"><p><a href=\"https:\/\/vvz.ruhr-uni-bochum.de\/campus\/all\/module.asp?gguid=0x54AC0E81C477A34C8118FFE32AE48BB4&amp;fieldgguid=&amp;findmodule=Portugiesisch%3A+Las+culturas+de+Am%E9rica+L&amp;tguid=0xF6D6C16D8202A74C8FD36C4FB58CFC2A&amp;strSignMessage=\">Las culturas de Am\u00e9rica Latina &#8211; Die Kulturen Lateinamerikas (5 CP)<\/a><\/p><\/td><td><\/td><\/tr><tr><td><p>Teil 1: La Guatemala de Rigoberta Mench\u00fa Tum (Proseminar), SoSe 2012<\/p><\/td><td><\/td><\/tr><tr><td><p>Teil 2: Cuento latinoamericano del siglo XX: del Modernismo a la Postmodernidad (Proseminar), SoSe 2012<\/p><\/td><td><\/td><\/tr><tr><td><p>G4 Basismodul &#8222;Kultur Lateinamerikas&#8220;<\/p><\/td><td><\/td><\/tr><tr><td><p>Studierende der Romanischen Philologie k\u00f6nnen an diesem Modul nur teilnehmen, sofern kein Modulteil zugleich Bestandteil eines Fachmoduls ist!<\/p><\/td><td><\/td><\/tr><tr><td><p><\/p><\/td><td><\/td><\/tr><tr><td width=\"90%\"><p><a href=\"https:\/\/vvz.ruhr-uni-bochum.de\/campus\/all\/module.asp?gguid=0x6EB88103884E454EBE2CAC62FE45EDD1&amp;fieldgguid=&amp;mode=&amp;findmodule=portug&amp;tguid=0xF6D6C16D8202A74C8FD36C4FB58CFC2A\">Portugiesisch: Sprache und Kulturen Brasiliens, Portugals und des lusophonen Afrika (A2\/B1) (5 CP)<\/a><\/p><\/td><td><\/td><\/tr><tr><td><p>Teil 1: Portugiesisch III (\u00dcbung), SoSe 2012<\/p><\/td><td><\/td><\/tr><tr><td><p>Teil 2: Independ\u00eancia do Brasil (Proseminar), WS 2012\/13<\/p><\/td><td><\/td><\/tr><tr><td><p>G4 Basismodul &#8222;Portugiesisch&#8220; \/ G 1 Modul Portugiesisch II (bras.)<\/p><\/td><td><\/td><\/tr><tr><td><p>Studierende der Romanischen Philologie k\u00f6nnen an diesem Modul nur teilnehmen, sofern kein Modulteil zugleich Bestandteil eines Fachmoduls ist! Bitte beachten Sie unbedingt die Hinweise unter dem Punkt &#8222;Voraussetzungen&#8220; der Modulbeschreibung!<\/p><\/td><td><\/td><\/tr><tr><td><p><\/p><\/td><td><\/td><\/tr><tr><td width=\"90%\"><p><a href=\"https:\/\/vvz.ruhr-uni-bochum.de\/campus\/all\/module.asp?gguid=0x7C6CF41C70E5D7439A0B9E2C3AC889DE&amp;fieldgguid=&amp;mode=&amp;findmodule=portug&amp;tguid=0xF6D6C16D8202A74C8FD36C4FB58CFC2A\">Portugiesisch: Sprache und Kulturen Brasiliens, Protugals und des lusophonen Afrikas (B1) (5 CP)<\/a><\/p><\/td><td><\/td><\/tr><tr><td><p>Teil 1: Portugiesisch IV (\u00dcbung), SoSe 2012<\/p><\/td><td><\/td><\/tr><tr><td><p>Teil 2: Independ\u00eancia do Brasil (Proseminar), WS 2012\/13<\/p><\/td><td><\/td><\/tr><tr><td><p>G4 Aufbaumodul &#8222;Portugiesisch&#8220; \/ G 1 Modul Portugiesisch III (bras.)<\/p><\/td><td><\/td><\/tr><tr><td><p>Studierende der Romanischen Philologie k\u00f6nnen an diesem Modul nur teilnehmen, sofern kein Modulteil zugleich Bestandteil eines Fachmoduls ist! Bitte beachten Sie unbedingt die Hinweise unter dem Punkt &#8222;Voraussetzungen&#8220; der Modulbeschreibung!<\/p><\/td><td><\/td><\/tr><tr><td><\/td><td><\/td><\/tr><tr><td colspan=\"2\"><p>Sozialwissenschaft<\/p><\/td><\/tr><tr><td width=\"90%\"><p><a href=\"https:\/\/vvz.ruhr-uni-bochum.de\/campus\/all\/module.asp?gguid=0x5425EB028622564493A43D0FDC42133D&amp;fieldgguid=&amp;findmodule=Arbeits-%2C&amp;tguid=0xF6D6C16D8202A74C8FD36C4FB58CFC2A&amp;strSignMessage=\">Arbeits-, Wirtschafts- und Organisationssoziologie (5 CP)<\/a><\/p><\/td><td><\/td><\/tr><tr><td><p>Teil 1a: Einf\u00fchrung in die Arbeits-, Wirtschafts- und Organisationssoziologie (Seminar), SoSe 2012 oder<\/p><\/td><td><\/td><\/tr><tr><td><p>Teil 1b: Einf\u00fchrung in die Arbeits-, Wirtschafts- und Organisationssoziologie (Seminar), SoSe 2012<\/p><\/td><td><\/td><\/tr><tr><td><p>Teil 2: Strukturierte Betreuung (\u00dcbung), SoSe 2012<\/p><\/td><td><\/td><\/tr><tr><td><p>G4 Aufbaumodul &#8222;Soziologie&#8220;<\/p><\/td><td><\/td><\/tr><tr><td><p>Studierende der F\u00e4cher PWG, KIG und Soziologie sowie des Studiengangs Sozialwissenschaft k\u00f6nnen an diesem Modul nicht teilnehmen!<\/p><\/td><td><\/td><\/tr><tr><td><p><\/p><\/td><td><\/td><\/tr><tr><td width=\"90%\"><p><a href=\"https:\/\/vvz.ruhr-uni-bochum.de\/campus\/all\/module.asp?gguid=0xEB8152773102A94DA4A4EB9401566F3B&amp;fieldgguid=&amp;mode=&amp;findmodule=einf%FChrung+in+die+wirt&amp;tguid=0xF6D6C16D8202A74C8FD36C4FB58CFC2A\">Einf\u00fchrung in die Wirtschafts- und Sozialpolitik (5 CP)<\/a><\/p><\/td><td><\/td><\/tr><tr><td><p>Teil 1: Einf\u00fchrung in die Wirtschafts- und Sozialpolitik (Vorlesung), SoSe 2012<\/p><\/td><td><\/td><\/tr><tr><td><p>Teil 2: Wirtschafts- und Sozialpolitik (\u00dcbung), SoSe 2012<\/p><\/td><td><\/td><\/tr><tr><td><p>G4 Basismodul &#8222;Sozial\u00f6konomik&#8220;<\/p><\/td><td><\/td><\/tr><tr><td><p>Studierende der F\u00e4cher PWG, Soziologie, Politikwissenschaft und Sozialpsychologie\/-anthropologie sowie des Studiengangs Sozialwissenschaft k\u00f6nnen an diesem Modul nicht teilnehmen!<\/p><\/td><td><\/td><\/tr><tr><td><p><\/p><\/td><td><\/td><\/tr><tr><td width=\"90%\"><p><a href=\"https:\/\/vvz.ruhr-uni-bochum.de\/campus\/all\/module.asp?gguid=0xDF187BD216F187448CF97EAE3875125D&amp;fieldgguid=&amp;findmodule=internationalisierung&amp;tguid=0xF6D6C16D8202A74C8FD36C4FB58CFC2A&amp;strSignMessage=\">Internationalisierung (5 CP)<\/a><\/p><\/td><td><\/td><\/tr><tr><td><p>Teil 1a: Diaspora als Entwicklungsakteur? (Seminar), SoSe 2012 oder<\/p><\/td><td><\/td><\/tr><tr><td><p>Teil 1b: Neuere Ans\u00e4tze in der Entwicklungstheorie (Seminar), SoSe 2012<\/p><\/td><td><\/td><\/tr><tr><td><p>Teil 2: \u00dc Strukturierte Betreuung (InterVerg, Teil III), SoSe 2012<\/p><\/td><td><\/td><\/tr><tr><td><p>G4 Basismodul &#8222;Soziologie&#8220;<\/p><\/td><td><\/td><\/tr><tr><td><p>Studierende der F\u00e4cher KIG und Soziologie sowie des Studiengangs Sozialwissenschaft k\u00f6nnen an diesem Modul nicht teilnehmen!<\/p><\/td><td><\/td><\/tr><tr><td><p><\/p><\/td><td><\/td><\/tr><tr><td width=\"90%\"><p><a href=\"https:\/\/vvz.ruhr-uni-bochum.de\/campus\/all\/module.asp?gguid=0x31BE1647E852EA46B1B616324847F266&amp;fieldgguid=&amp;mode=&amp;findmodule=politikwisse&amp;tguid=0xF6D6C16D8202A74C8FD36C4FB58CFC2A\">Politikwissenschaft: Internationale Beziehungen (5 CP)<\/a><\/p><\/td><td><\/td><\/tr><tr><td><p>Teil 1: Einf\u00fchrung in die Internationalen Beziehungen (Vorlesung), SoSe 2012<\/p><\/td><td><\/td><\/tr><tr><td><p>Teil 2a: F\u00f6deralismus in der EU: Union, Staaten, Regionen (Seminar), SoSe 2012 oder<\/p><\/td><td><\/td><\/tr><tr><td><p>Teil 2b: Etablierte und aufstrebende M\u00e4chte in Verhandlungen \u00fcber Global Governance (Seminar), SoSe 2012 oder<\/p><\/td><td><\/td><\/tr><tr><td><p>Teil 2c: Interessen, Ideen und Institutionen in der vergleichenden Industriepolitik (Seminar), SoSe 2012<\/p><\/td><td><\/td><\/tr><tr><td><p>G4 Aufbaumodul &#8222;Politikwissenschaft&#8220;<\/p><\/td><td><\/td><\/tr><tr><td><p>Studierende des Faches Politikwissenschaft, des Faches Politik, Wirtschaft und Gesellschaft, sowie des Faches Sozialwissenschaft k\u00f6nnen an dem Modul nicht teilnehmen!<\/p><\/td><td><\/td><\/tr><tr><td><p><\/p><\/td><td><\/td><\/tr><tr><td width=\"90%\"><p><a href=\"https:\/\/vvz.ruhr-uni-bochum.de\/campus\/all\/module.asp?gguid=0x612A08C5B10F4541BBEB73D9EFD451F2&amp;fieldgguid=&amp;mode=&amp;findmodule=politikwisse&amp;tguid=0xF6D6C16D8202A74C8FD36C4FB58CFC2A\">Politikwissenschaft: Politisches System Deutschlands (5 CP)<\/a><\/p><\/td><td><\/td><\/tr><tr><td><p>Teil 1: Einf\u00fchrung in das politische System Deutschlands (Vorlesung), SoSe 2012<\/p><\/td><td><\/td><\/tr><tr><td><p>Teil 2a: Die Regulierung von Sicherheit und Freiheit: Sozialpolitik und B\u00fcrgerrechtspolitik im Vergleich (Seminar), SoSe 2012 oder<\/p><\/td><td><\/td><\/tr><tr><td><p>Teil 2b: Studentenbewegung und Neue Linke: Entwicklung, Institutionalisierung, Nachwirkung (Seminar), SoSe 2012 oder<\/p><\/td><td><\/td><\/tr><tr><td><p>Teil 2c: Verwaltung und Verwaltungswissenschaft in Deutschland (Seminar), SoSe 2012 oder<\/p><\/td><td><\/td><\/tr><tr><td><p>Teil 2d: Privatisierung kommunaler Leistungen (Seminar), SoSe 2012<\/p><\/td><td><\/td><\/tr><tr><td><p>G4 Aufbaumodul &#8222;Politikwissenschaft&#8220;<\/p><\/td><td><\/td><\/tr><tr><td><p>Studierende der F\u00e4cher PWG, Politikwissenschaft sowie des Studienganges Sozialwissenschaft k\u00f6nnen an dem Modul nicht teilnehmen!<\/p><\/td><td><\/td><\/tr><tr><td><p><\/p><\/td><td><\/td><\/tr><tr><td width=\"90%\"><p><a href=\"https:\/\/vvz.ruhr-uni-bochum.de\/campus\/all\/module.asp?gguid=0x66D2668C39550341BE1C796D496EB4B4&amp;fieldgguid=&amp;mode=&amp;findmodule=politikwisse&amp;tguid=0xF6D6C16D8202A74C8FD36C4FB58CFC2A\">Politikwissenschaft: Vergleichende Politikwissenschaft (5 CP)<\/a><\/p><\/td><td><\/td><\/tr><tr><td><p>Teil 1: Einf\u00fchrung in die Vergleichende Politikwissenschaft (Vorlesung), SoSe 2012<\/p><\/td><td><\/td><\/tr><tr><td><p>Teil 2a: Sozialpolitische Reformen in der Analyse (Seminar), SoSe 2012 oder<\/p><\/td><td><\/td><\/tr><tr><td><p>Teil 2b: Wandel durch Demonstrationen? &#8211; Erfolgsaussichten von Demokratiebewegungen im Vergleich (Seminar), SoSe 2012 oder<\/p><\/td><td><\/td><\/tr><tr><td><p>Teil 2c: F\u00f6deralistische politische Systeme im Vergleich (Seminar), SoSe 2012<\/p><\/td><td><\/td><\/tr><tr><td><p>G4 Aufbaumodul &#8222;Politikwissenschaft&#8220;<\/p><\/td><td><\/td><\/tr><tr><td><p>Studierende des Faches Politikwissenschaft sowie des Studiengangs Sozialwissenschaft k\u00f6nnen an diesem Modul nicht teilnehmen!<\/p><\/td><td><\/td><\/tr><tr><td><p><\/p><\/td><td><\/td><\/tr><tr><td width=\"90%\"><p><a href=\"https:\/\/vvz.ruhr-uni-bochum.de\/campus\/all\/module.asp?gguid=0xE72895C58F6C3642A41CFCA22FD08AE3&amp;fieldgguid=&amp;mode=&amp;findmodule=sozial-+und&amp;tguid=0xF6D6C16D8202A74C8FD36C4FB58CFC2A\">Sozial- und Kulturpsychologie (5 CP)<\/a><\/p><\/td><td><\/td><\/tr><tr><td><p>Teil 1: Einf\u00fchrung in die Sozial- und Kulturpsychologie (Vorlesung), SoSe 2012<\/p><\/td><td><\/td><\/tr><tr><td><p>Teil 2: Strukturierte Betreuung (\u00dcbung), SoSe 2012<\/p><\/td><td><\/td><\/tr><tr><td><p>G4 Basismodul &#8222;Sozialpsychologie&#8220;<\/p><\/td><td><\/td><\/tr><tr><td><p>Studierende des Faches Sozialpsychologie und -anthropologie sowie des Studiengangs Sozialwissenschaft k\u00f6nnen an dem Modul nicht teilnehmen!<\/p><\/td><td><\/td><\/tr><tr><td><p><\/p><\/td><td><\/td><\/tr><tr><td width=\"90%\"><p><a href=\"https:\/\/vvz.ruhr-uni-bochum.de\/campus\/all\/module.asp?gguid=0x1E7D3F5A335F3A4980F561FF71C613CC&amp;fieldgguid=&amp;findmodule=sozialanthro&amp;tguid=0xF6D6C16D8202A74C8FD36C4FB58CFC2A&amp;strSignMessage=\">Sozialanthropologie (5 CP)<\/a><\/p><\/td><td><\/td><\/tr><tr><td><p>Teil 1: Einf\u00fchrung in die Sozialanthropologie (Vorlesung), SoSe 2012<\/p><\/td><td><\/td><\/tr><tr><td><p>Teil 2: Strukturierte Betreuung (\u00dcbung), SoSe 2012<\/p><\/td><td><\/td><\/tr><tr><td><p>G4 Basismodul &#8222;Sozialpsychologie&#8220;<\/p><\/td><td><\/td><\/tr><tr><td><p>Studierende des Faches Sozialpsychologie und -anthropologie sowie des Studienganges Sozialwissenschaft k\u00f6nnen an dem Modul nicht teilnehmen!<\/p><\/td><td><\/td><\/tr><tr><td><p><\/p><\/td><td><\/td><\/tr><tr><td width=\"90%\"><p><a href=\"https:\/\/vvz.ruhr-uni-bochum.de\/campus\/all\/module.asp?gguid=0x0697496CD45CD34A9AB5EC4CF1792043&amp;fieldgguid=&amp;mode=&amp;findmodule=sozial-+und&amp;tguid=0xF6D6C16D8202A74C8FD36C4FB58CFC2A\">Sozial- und Kulturtheorie (5 CP)<\/a><\/p><\/td><td><\/td><\/tr><tr><td><p>Teil 1: Einf\u00fchrung in die Sozial- und Kulturtheorie (Vorlesung), SoSe 2012<\/p><\/td><td><\/td><\/tr><tr><td><p>Teil 2: \u00dc Strukturierte Betreuung (SozThe, Teil III)(\u00dcbung), SoSe 2012<\/p><\/td><td><\/td><\/tr><tr><td><p>G4 Basismodul &#8222;Sozialpsychologie&#8220;<\/p><\/td><td><\/td><\/tr><tr><td><p>Studierende des Faches Sozialpsychologie und -anthropologie sowie des Studiengangs Sozialwissenschaft k\u00f6nnen an dem Modul nicht teilnehmen!<\/p><\/td><td><\/td><\/tr><tr><td><p><\/p><\/td><td><\/td><\/tr><tr><td width=\"90%\"><p><a href=\"https:\/\/vvz.ruhr-uni-bochum.de\/campus\/all\/module.asp?gguid=0x02E0BF66EB1A9E45B41CFE676111885B&amp;fieldgguid=&amp;findmodule=theorien+und+methoden&amp;tguid=0xF6D6C16D8202A74C8FD36C4FB58CFC2A&amp;strSignMessage=\">Theorien und Methoden der Kulturphsychologie (5 CP)<\/a><\/p><\/td><td><\/td><\/tr><tr><td><p>Teil 1: Theorien und Methoden der Kulturpsychologie (Vorlesung), SoSe 2012<\/p><\/td><td><\/td><\/tr><tr><td><p>Teil 2a: Religion im Kontext von Kultur-Konflikt-Gewalt (Seminar), SoSe 2012<\/p><\/td><td><\/td><\/tr><tr><td><p>Teil 2b: Psychoanalyse in den Sozial- und Kulturwissenschaften: Klassische und neuere Perspektiven (Seminar), SoSe 2012<\/p><\/td><td><\/td><\/tr><tr><td><p>Teil 2c: Geschichte der modernen Psychologie (Seminar), SoSe 2012<\/p><\/td><td><\/td><\/tr><tr><td><p>Teil 2d: Interkulturelle Kompetenz in verschiedenen Berufsfeldern (Seminar), SoSe 2012<\/p><\/td><td><\/td><\/tr><tr><td><p>G4 Basismodul &#8222;Sozialpsychologie&#8220;<\/p><\/td><td><\/td><\/tr><tr><td><p>Studierende des Faches Sozialpsychologie und -anthropologie sowie des Studiengangs Sozialwissenschaft k\u00f6nnen an dem Modul nicht teilnehmen!<\/p><\/td><td><\/td><\/tr><tr><td><p><\/p><\/td><td><\/td><\/tr><tr><td width=\"90%\"><p><a href=\"https:\/\/vvz.ruhr-uni-bochum.de\/campus\/all\/module.asp?gguid=0xF98C217FE8935F45BD9B6456887BD692&amp;fieldgguid=&amp;findmodule=Grundfragen+und+Hauptbegriffe&amp;tguid=0xF6D6C16D8202A74C8FD36C4FB58CFC2A&amp;strSignMessage=\">Grundfragen und Hauptbegriffe der Soziologie (Soziologie I) (5 CP)<\/a><\/p><\/td><td><\/td><\/tr><tr><td><p>Teil 1: V Grundfragen und Hauptbegriffe der Soziologie (GrundSoz, Teil I; Soz, Teil I) (Vorlesung), SoSe 2012<\/p><\/td><td><\/td><\/tr><tr><td><p>Teil 2: \u00dc Strukturierte Betreuung (Soz, Teil III; GrundSoz, Teil III)), SoSe 2012<\/p><\/td><td><\/td><\/tr><tr><td><p>G4 Basismodul &#8222;Soziologie&#8220;<\/p><\/td><td><\/td><\/tr><tr><td><p>Studierende der F\u00e4cher PWG, KIG, Soziologie, Politikwissenschaft und Sozialpsychologie\/-anthropologie sowie des Studiengangs Sozialwissenschaft k\u00f6nnen an diesem Modul nicht teilnehmen!<\/p><\/td><td><\/td><\/tr><tr><td><p><\/p><\/td><td><\/td><\/tr><tr><td width=\"90%\"><p><a href=\"https:\/\/vvz.ruhr-uni-bochum.de\/campus\/all\/module.asp?gguid=0xBB28FA5BC0B3E14C9253C03021C285D4&amp;fieldgguid=&amp;findmodule=Sozialstruktur+und+sozialer+Wandel+%28Sozi&amp;tguid=0xF6D6C16D8202A74C8FD36C4FB58CFC2A&amp;strSignMessage=\">Sozialstruktur und sozialer Wandel (Soziologie II) (5 CP)<\/a><\/p><\/td><td><\/td><\/tr><tr><td><p>Teil 1: V Sozialstruktur und sozialer Wandel (Soz, Teil II; Sozstrukt, Teil I, SoSe 2012<\/p><\/td><td><\/td><\/tr><tr><td><p>Teil 2: \u00dc Strukturierte Betreuung (Soz, Teil III; Sozstrukt, Teil III), SoSe 2012<\/p><\/td><td><\/td><\/tr><tr><td><\/td><td><\/td><\/tr><tr><td><p>G4 Aufbaumodul &#8222;Soziologie&#8220;<\/p><\/td><td><\/td><\/tr><tr><td><p>Studierende der F\u00e4cher PWG, KIG, Soziologie, Politikwissenschaft und Sozialpsychologie\/-anthropologie sowie des Studiengangs Sozialwissenschaft k\u00f6nnen an diesem Modul nicht teilnehmen!<\/p><\/td><td><\/td><\/tr><tr><td><\/td><td><\/td><\/tr><tr><td colspan=\"2\"><p>Sportwissenschaft<\/p><\/td><\/tr><tr><td width=\"90%\"><p><a href=\"https:\/\/vvz.ruhr-uni-bochum.de\/campus\/all\/module.asp?gguid=0x2D1CA28791B98B4C902761186BA57907&amp;fieldgguid=&amp;findmodule=fit+von+Kopf&amp;tguid=0xF6D6C16D8202A74C8FD36C4FB58CFC2A&amp;strSignMessage=\">Fit von Kopf bis Fu\u00df (5 CP)<\/a><\/p><\/td><td><\/td><\/tr><tr><td><p>Teil 1: Vorlesung Trainingswissenschaft: Grundlagen der Trainingswissenschaft, SoSe 2012<\/p><\/td><td><\/td><\/tr><tr><td><p>Teil 2: Fit von Kopf bis Fu\u00df (Seminar), SoSe 2012<\/p><\/td><td><\/td><\/tr><tr><td><p>G4 Sport und Gesellschaft<\/p><\/td><td><\/td><\/tr><tr><td width=\"100%\"><p>Studierende der Sportwissenschaft k\u00f6nnen an diesem Modul nicht teilnehmen!<\/p><\/td><td><\/td><\/tr><tr><td><\/td><td><\/td><\/tr><tr><td colspan=\"2\"><p>Theaterwissenschaft<\/p><\/td><\/tr><tr><td width=\"90%\"><p><a href=\"https:\/\/vvz.ruhr-uni-bochum.de\/campus\/all\/module.asp?gguid=0x52F9336444FD334D81027EF54C4E3BEF&amp;fieldgguid=&amp;findmodule=Theatergeschichte&amp;tguid=0xF6D6C16D8202A74C8FD36C4FB58CFC2A&amp;strSignMessage=\">Theatergeschichte (5 CP)<\/a><\/p><\/td><td><\/td><\/tr><tr><td><p>Teil 1: V Theatergeschichte seit den sechziger Jahren: Entwicklung, Theorien, Analyse, SoSe 2012<\/p><\/td><td><\/td><\/tr><tr><td><p>Teil 2: S Genesis und Gattung des deutschen Regietheaters (1900-1980), SoSe 2012<\/p><\/td><td><\/td><\/tr><tr><td width=\"100%\"><p>Studierende der Theaterwissenschaft k\u00f6nnen an diesem Modul nicht teilnehmen.<\/p><\/td><td><\/td><\/tr><tr><td><\/td><td><\/td><\/tr><tr><td colspan=\"2\"><p>Wirtschaftswissenschaft<\/p><\/td><\/tr><tr><td width=\"90%\"><p><a href=\"https:\/\/vvz.ruhr-uni-bochum.de\/campus\/all\/module.asp?gguid=0xCBBCA7B66BDDCC48917A00B1DE996E43&amp;fieldgguid=&amp;findmodule=Einf%FChrung+in+die+Betriebs%2D+sowie+Volksw&amp;tguid=0xF6D6C16D8202A74C8FD36C4FB58CFC2A&amp;strSignMessage=\">Einf\u00fchrung in die Betriebs- sowie Volkswirtschaftslehre (5 CP)<\/a><\/p><\/td><td><\/td><\/tr><tr><td><p>Teil 1: V Einf\u00fchrung in die VWL f\u00fcr Nicht\u00f6konomen (Vorlesung), WS 2012\/13<\/p><\/td><td><\/td><\/tr><tr><td><p>Teil 2: V Einf\u00fchrung in die BWL f\u00fcr Nicht\u00f6konomen (Vorlesung), SoSe 2012<\/p><\/td><td><\/td><\/tr><tr><td><p>Teil 3: T Einf\u00fchrung in die BWL f\u00fcr Nicht\u00f6konomen (Tutorium), SoSe 2012<\/p><\/td><td><\/td><\/tr><tr><td><p>G4 Basismodul &#8222;\u00d6konomie&#8220;<\/p><\/td><td><\/td><\/tr><tr><td><p>Teilnehmende des Moduls &#8222;Grundlagen der BWL f\u00fcr Nicht\u00f6konomen und Existenzgr\u00fcnder&#8220; sowie Studierende des Fachs Wirtschaftswissenschaft k\u00f6nnen an diesem Modul nicht teilnehmen!<\/p><\/td><td><\/td><\/tr><tr><td><p><\/p><\/td><td><\/td><\/tr><tr><td width=\"90%\"><p><a href=\"https:\/\/vvz.ruhr-uni-bochum.de\/campus\/all\/module.asp?gguid=0x4BFAB34DBA14374F966BF7DDA29A8EC5&amp;fieldgguid=&amp;findmodule=Einf%FChrung+in+das+Rechnungswesen%2FControl&amp;tguid=0xF6D6C16D8202A74C8FD36C4FB58CFC2A&amp;strSignMessage=\">Einf\u00fchrung in das Rechnungswesen\/Controlling (5 CP)<\/a><\/p><\/td><td><\/td><\/tr><tr><td><p>Teil 1: Einf\u00fchrung in das Rechnungswesen\/Controlling (Vorlesung), SoSe 2012<\/p><\/td><td><\/td><\/tr><tr><td><p>Teil 2: \u00dcbung zur Einf\u00fchrung in das Rechnungswesen\/Controlling (\u00dcbung), SoSe 2012<\/p><\/td><td><\/td><\/tr><tr><td><p>G4 Basismodul &#8222;Rechnungswesen&#8220;<\/p><\/td><td><\/td><\/tr><tr><td><p>Teilnehmende des Moduls &#8222;Grundlagen der BWL f\u00fcr Nicht\u00f6konomen und Existenzgr\u00fcnder&#8220; sowie Studierende der Wirtschaftswissenschaft k\u00f6nnen an diesem Modul nicht teilnehmen!<\/p><\/td><td><\/td><\/tr><tr><td><p><\/p><\/td><td><\/td><\/tr><tr><td width=\"90%\"><p><a href=\"https:\/\/vvz.ruhr-uni-bochum.de\/campus\/all\/module.asp?gguid=0x3B063D9C8BFD0E4E8D4A1ADB400D7C9B&amp;fieldgguid=&amp;findmodule=General+Management+f%FCr+Existenzgr%FCnder&amp;tguid=0xF6D6C16D8202A74C8FD36C4FB58CFC2A&amp;strSignMessage=\">General Management f\u00fcr Existenzgr\u00fcnder (10 CP)<\/a><\/p><\/td><td><\/td><\/tr><tr><td><p>Teil 1: General Management (Vorlesung), SoSe 2012<\/p><\/td><td><\/td><\/tr><tr><td><p>Teil 2: \u00dc Businessplanerstellung(\u00dcbung), SoSe 2012<\/p><\/td><td><\/td><\/tr><tr><td><p>G4 Aufbaumodul Existenzgr\u00fcndung<\/p><\/td><td><\/td><\/tr><tr><td><p>Studierende der Wirtschaftwissenschaft (BWL\/VWL) k\u00f6nnen an diesem Modul nicht teilnehmen!<\/p><\/td><td><\/td><\/tr><tr><td><p><\/p><\/td><td><\/td><\/tr><tr><td width=\"90%\"><p><a href=\"https:\/\/vvz.ruhr-uni-bochum.de\/campus\/all\/module.asp?gguid=0x279D33E9D440B9439775ACDD35FE46D0&amp;fieldgguid=&amp;mode=&amp;findmodule=Grundlagen+der&amp;tguid=0xF6D6C16D8202A74C8FD36C4FB58CFC2A\">Grundlagen der BWL f\u00fcr Nicht\u00f6konomen und Existenzgr\u00fcnder (10 CP)<\/a><\/p><\/td><td><\/td><\/tr><tr><td><p>Teil 1: V Einf\u00fchrung in die BWL f\u00fcr Nicht\u00f6konomen (Vorlesung), SoSe 2012<\/p><\/td><td><\/td><\/tr><tr><td><p>Teil 2: T Einf\u00fchrung in die BWL f\u00fcr Nicht\u00f6konomen (Tutorium), SoSe 2012<\/p><\/td><td><\/td><\/tr><tr><td><p>Teil 3: V Einf\u00fchrung in das Rechnungswesen \/ Controlling (Vorlesung), SoSe 2012<\/p><\/td><td><\/td><\/tr><tr><td><p>Teil 4: \u00dc Einf\u00fchrung in das Rechnungswesen \/ Controlling (\u00dcbung), SoSe 2012<\/p><\/td><td><\/td><\/tr><tr><td><p>G4 Basismodul &#8222;\u00d6konomie&#8220;\/ G4 Basismodul &#8222;Rechnungswesen&#8220;<\/p><\/td><td><\/td><\/tr><tr><td><p>Studierende der Wirtschaftwissenschaft (BWL\/VWL), sowie Teilnehmende der Module &#8222;Einf\u00fchrung in die Betriebs- sowie Volkswirtschaftslehre&#8220;, und &#8220; Einf\u00fchrung in das Rechnungswesen\/Controlling&#8220; k\u00f6nnen an diesem Modul nicht teilnehmen!<\/p><\/td><td><\/td><\/tr><tr><td><\/td><td><\/td><\/tr><tr><td colspan=\"2\"><p>Interdisziplin\u00e4re Module<\/p><\/td><\/tr><tr><td width=\"90%\"><p><a href=\"https:\/\/vvz.ruhr-uni-bochum.de\/campus\/all\/module.asp?gguid=0x20CC2503CEDBFF4FA45615148C1F6936&amp;fieldgguid=&amp;findmodule=aspekte+der&amp;tguid=0xF6D6C16D8202A74C8FD36C4FB58CFC2A&amp;strSignMessage=\">Aspekte der Jazzgeschichte (5 CP)<\/a><\/p><\/td><td><\/td><\/tr><tr><td><p>Teil 1: Klassik &#8211; Jazz &#8211; Third Stream (Seminar), SoSe 2012<\/p><\/td><td><\/td><\/tr><tr><td><p>Teil 2: Miles Davis (Seminar), SoSe 2012<\/p><\/td><td><\/td><\/tr><tr><td><p>G4 Basismodul &#8222;Kunst und Kultur&#8220;<\/p><\/td><td><\/td><\/tr><tr><td><p><\/p><\/td><td><\/td><\/tr><tr><td width=\"90%\"><p><a href=\"https:\/\/vvz.ruhr-uni-bochum.de\/campus\/all\/module.asp?gguid=0x05A88225EAD6634095E731F8A5DFA240&amp;fieldgguid=&amp;mode=&amp;findmodule=die+f&amp;tguid=0xF6D6C16D8202A74C8FD36C4FB58CFC2A\">Die factory f\u00f6rdert Querdenker! &#8211; Kunsttransfer: K\u00fcnstlerisches Denken als Innovationsportal in au\u00dferk\u00fcnstlerischen Feldern (5 CP) NEU!<\/a><\/p><\/td><td><\/td><\/tr><tr><td><p>Teil 1: Kunsttransfer &#8211; K\u00fcnstlerisches Denken und Handeln in au\u00dferk\u00fcnstlerischen Feldern (Seminar), SoSe 2012<\/p><\/td><td><\/td><\/tr><tr><td><p>Teil 2: Kunst f\u00f6rdert Wissenschaft, SoSe 2012<\/p><\/td><td><\/td><\/tr><tr><td><p>G4 Basismodul &#8222;Wissenschaft in der Praxis&#8220;<\/p><\/td><td><\/td><\/tr><tr><td><p><\/p><\/td><td><\/td><\/tr><tr><td width=\"90%\"><p><a href=\"https:\/\/vvz.ruhr-uni-bochum.de\/campus\/all\/module.asp?gguid=0xA7B2C15F8A91544BAC866C6E8612CBF3&amp;fieldgguid=&amp;mode=&amp;findmodule=interkulturelle&amp;tguid=0xF6D6C16D8202A74C8FD36C4FB58CFC2A\">Interkulturelle Kompetenz in Theorie und Praxis (5 CP) <\/a><\/p><\/td><td><\/td><\/tr><tr><td><p>Teil 1: Seminar: Teil 1: Grundlagen und Voraussetzungen interkultureller Kompetenz, SoSe 2012<\/p><\/td><td><\/td><\/tr><tr><td><p>Teil 2: \u00dcbung: Teil 2: Vertiefende \u00dcbungen zur interkulturellen Kompetenz, SoSe 2012<\/p><\/td><td><\/td><\/tr><tr><td><p>G4 Basismodul &#8222;Identit\u00e4t und Differenz&#8220;<\/p><\/td><td><\/td><\/tr><tr><td><p><\/p><\/td><td><\/td><\/tr><tr><td width=\"90%\"><p><a href=\"https:\/\/vvz.ruhr-uni-bochum.de\/campus\/all\/module.asp?gguid=0x4DD1CEA94BA74C4CBBDB92AB7307DB18&amp;fieldgguid=&amp;mode=&amp;findmodule=Introd&amp;tguid=0xF6D6C16D8202A74C8FD36C4FB58CFC2A\">Introduction to Model United Nations; VIII. DuEMUN-Conference 2012 (5 CP) NEU!<\/a><\/p><\/td><td><\/td><\/tr><tr><td><p>Teil 1: &#8222;Introduction to Model United Nations&#8220; (Seminar), SoSe 2012<\/p><\/td><td><\/td><\/tr><tr><td><p>Teil 2: DuEMUN-Konferenz 2012 (Konferenz), SoSe 2012<\/p><\/td><td><\/td><\/tr><tr><td><p>G4 Basismodul &#8222;Landeskunde&#8220;<\/p><\/td><td><\/td><\/tr><tr><td><p><\/p><\/td><td><\/td><\/tr><tr><td width=\"90%\"><p><a href=\"https:\/\/vvz.ruhr-uni-bochum.de\/campus\/all\/module.asp?gguid=0x272EFEBD553E9E4D8FE283ADEE4D3894&amp;fieldgguid=&amp;findmodule=Farben+s&amp;tguid=0xF6D6C16D8202A74C8FD36C4FB58CFC2A&amp;strSignMessage=\">Farben sehen und erleben (5 CP) NEU!<\/a><\/p><\/td><td><\/td><\/tr><tr><td><p>Teil 1: Farben sehen und erleben &#8211; Theorie und Geschichte (Seminar), SoSe 2012<\/p><\/td><td><\/td><\/tr><tr><td><p>Teil 2: Farben sehen und erleben &#8211; Praktische Einf\u00fchrung in die Welt der Farben und der Malerei (praktische \u00dcbung), SoSe 2012<\/p><\/td><td><\/td><\/tr><tr><td><p>G4 Basismodul &#8222;Kunst und Kultur&#8220;<\/p><\/td><td><\/td><\/tr><tr><td><p><\/p><\/td><td><\/td><\/tr><tr><td width=\"90%\"><p><a href=\"https:\/\/vvz.ruhr-uni-bochum.de\/campus\/all\/module.asp?gguid=0x548C86DDA5CEEB4485ECCD29EF65CDDE&amp;fieldgguid=&amp;mode=&amp;findmodule=MittelalterRealit%E4ten&amp;tguid=0xF6D6C16D8202A74C8FD36C4FB58CFC2A\">MittelalterRealit\u00e4ten (5 CP)<\/a><\/p><\/td><td><\/td><\/tr><tr><td><p>Teil 1: MittelalterRealit\u00e4ten (Vorlesung), SoSe 2012<\/p><\/td><td><\/td><\/tr><tr><td><p>Teil 2: Ausstellungsdidaktik (Blockseminar), SoSe 2012<\/p><\/td><td><\/td><\/tr><tr><td><p>G4 Basismodul &#8222;Geschichtsbilder&#8220;<\/p><\/td><td><\/td><\/tr><tr><td><p>Studierende die das Modul &#8222;MittelalterRealit\u00e4ten (10 CP)&#8220; besuchen, k\u00f6nnen an diesem Modul nicht teilnehmen!<\/p><\/td><td><\/td><\/tr><tr><td><p><\/p><\/td><td><\/td><\/tr><tr><td width=\"90%\"><p><a href=\"https:\/\/vvz.ruhr-uni-bochum.de\/campus\/all\/module.asp?gguid=0xEDF63E84B3977C4DB03ABB22BBD50D8B&amp;fieldgguid=&amp;mode=&amp;findmodule=MittelalterRealit%E4ten&amp;tguid=0xF6D6C16D8202A74C8FD36C4FB58CFC2A\">MittelalterRealit\u00e4ten (10 CP)<\/a><\/p><\/td><td><\/td><\/tr><tr><td><p>Teil 1: MittelalterRealit\u00e4ten (Vorlesung), SoSe 2012<\/p><\/td><td><\/td><\/tr><tr><td><p>Teil 2: Ausstellungsdidaktik (Blockseminar), SoSe 2012<\/p><\/td><td><\/td><\/tr><tr><td><p>Teil 3: MittelalterRealit\u00e4ten (Ringvorlesung), WS 2012\/13<\/p><\/td><td><\/td><\/tr><tr><td><p>Teil 4: MittelalterRealit\u00e4ten globalgeschichtlich: zwischen Ideologie, Kunst und Konsum (Seminar), WS 2012\/13<\/p><\/td><td><\/td><\/tr><tr><td><p>G4 Basismodul &#8222;Geschichtsbilder&#8220;<\/p><\/td><td><\/td><\/tr><tr><td><p>Studierende die das Modul &#8222;MittelalterRealit\u00e4ten (5 CP)&#8220; besuchen, k\u00f6nnen an diesem Modul nicht teilnehmen!<\/p><\/td><td><\/td><\/tr><tr><td><p><\/p><\/td><td><\/td><\/tr><tr><td width=\"90%\"><p><a href=\"https:\/\/vvz.ruhr-uni-bochum.de\/campus\/all\/module.asp?gguid=0x75F60C7EF22BD4499E482CFEB340F123&amp;fieldgguid=&amp;findmodule=Religionsdialoge+in+Antike+und+Mittelalt&amp;tguid=0xF6D6C16D8202A74C8FD36C4FB58CFC2A&amp;strSignMessage=\">Religionsdialoge in Antike und Mittelalter (5 CP)<\/a><\/p><\/td><td><\/td><\/tr><tr><td><p>Teil 1: Vorlesung Komparatistik und Rezeption \/ Sach\u00fcbung (A): &#8222;Non armis, sed verbis&#8220; &#8211; Religionsdisputationen in Antike und Mittelalter (Ringvorlesung), SoSe 2012<\/p><\/td><td><\/td><\/tr><tr><td><p>Teil 2: Antike und mittelalterliche christlich-j\u00fcdische Religionsdialoge (Seminar), SoSe 2012<\/p><\/td><td><\/td><\/tr><tr><td><p>G4 Basismodul &#8222;Identit\u00e4t und Differenz&#8220;<\/p><\/td><td><\/td><\/tr><tr><td><p>Studierende der Klassischen Philologie und der Religionswissenschaft k\u00f6nnen an diesem Modul teilnehmen, sofern die Veranstaltungen nicht Bestandteil ihres Fachstudiums sind!<\/p><\/td><td><\/td><\/tr><tr><td><p><\/p><\/td><td><\/td><\/tr><tr><td width=\"90%\"><p><a href=\"https:\/\/vvz.ruhr-uni-bochum.de\/campus\/all\/module.asp?gguid=0x2F7883B548A9EB4A8D51840CECCD4A0C&amp;fieldgguid=&amp;mode=&amp;findmodule=Summer&amp;tguid=0xF6D6C16D8202A74C8FD36C4FB58CFC2A\">Summer School Modellierung von Zeit (10 CP) <\/a>NEU!<\/p><\/td><td><\/td><\/tr><tr><td><p>Teil 1: Die Wahrnehmung von Zeit in Theorie und Medien (Lekt\u00fcrekurs), SoSe 2012<\/p><\/td><td><\/td><\/tr><tr><td><p>Teil 2: Zeit im wissenschaftlichen Diskurs (Blockveranstaltung), SoSe 2012<\/p><\/td><td><\/td><\/tr><tr><td><p>Teil 3: Zwischen Raum und Zeit (Projektarbeit), SoSe 2012<\/p><\/td><td><\/td><\/tr><tr><td><p>Teil 4: Ein Tag f\u00fcr die Zeit (Tagung im Oktober), SoSe 2012<\/p><\/td><td><\/td><\/tr><tr><td><p>G4 inSTUDIES<\/p><\/td><td><\/td><\/tr><tr><td><p><\/p><\/td><td><\/td><\/tr><tr><td width=\"90%\"><p><a href=\"https:\/\/vvz.ruhr-uni-bochum.de\/campus\/all\/module.asp?gguid=0x48E47D923824024ABB61A310752CE74E&amp;fieldgguid=&amp;mode=&amp;findmodule=Summer&amp;tguid=0xF6D6C16D8202A74C8FD36C4FB58CFC2A\"> (10 CP) <\/a>Dieses Modul entf\u00e4llt!<\/p><\/td><td><\/td><\/tr><tr><td><p>Teil 1: Erkundung erz\u00e4hltheoretischer Grundlagen (Lekt\u00fcrekurs), SoSe 2012<\/p><\/td><td><\/td><\/tr><tr><td><p>Teil 2: Darstellungsformen sprachlicher Praxis (Blockveranstaltung) , SoSe 2012<\/p><\/td><td><\/td><\/tr><tr><td><p>Teil 3: Zwischen Die Ordnung von Wissen (Projektarbeit), SoSe 2012<\/p><\/td><td><\/td><\/tr><tr><td><p>Teil 4: Das Erz\u00e4hlte darstellen und pr\u00e4sentieren (Tagung im Oktober), SoSe 2012<\/p><\/td><td><\/td><\/tr><tr><td><p>G4 inSTUDIES<\/p><\/td><td><\/td><\/tr><tr><td><p><\/p><\/td><td><\/td><\/tr><tr><td width=\"90%\"><p><a href=\"https:\/\/vvz.ruhr-uni-bochum.de\/campus\/all\/module.asp?gguid=0x079CBDD42A672748AC9CA3C8E105D657&amp;fieldgguid=&amp;findmodule=Werte&amp;tguid=0xF6D6C16D8202A74C8FD36C4FB58CFC2A&amp;strSignMessage=\">Werte und Lebenswelten in Europa (5 CP)<\/a><\/p><\/td><td><\/td><\/tr><tr><td><p>Teil 1: Werte und Lebenswelten in Europa Teil 1, (Ringvorlesung mit \u00dcbung), SoSe 2012<\/p><\/td><td><\/td><\/tr><tr><td><p>Teil 2: Werte und Lebenswelten in Europa Teil 1, (Ringvorlesung mit \u00dcbung), WS 2012\/13<\/p><\/td><td><\/td><\/tr><tr><td><p>G4 Basismodul &#8222;Identit\u00e4t und Differenz&#8220;<\/p><\/td><td><\/td><\/tr><tr><td><p><\/p><\/td><td><\/td><\/tr><tr><td width=\"90%\"><p><a href=\"https:\/\/vvz.ruhr-uni-bochum.de\/campus\/all\/module.asp?gguid=0x70DA2D9310771A429066A40C5818410C&amp;fieldgguid=&amp;findmodule=Zwischen+Trauer+und+Trost&amp;tguid=0xF6D6C16D8202A74C8FD36C4FB58CFC2A&amp;strSignMessage=\">Zwischen Trauer und Trost (5 CP)<\/a><\/p><\/td><td><\/td><\/tr><tr><td><p>Teil 1: Zwischen Trauer und Trost: Johannes Brahms\u00bf \u00bbEin deutsches Requiem\u00ab (Seminar), SoSe 2012<\/p><\/td><td><\/td><\/tr><tr><td><p>Teil 2a: Orchester der Universit\u00e4t (praktische \u00dcbung), SoSe 2012<\/p><\/td><td><\/td><\/tr><tr><td><p>Teil 2b: Chor der Universit\u00e4t (praktische \u00dcbung), SoSe 2012<\/p><\/td><td><\/td><\/tr><tr><td><p>G4 Basismodul &#8222;Kunst und Kultur&#8220;<\/p><\/td><td><\/td><\/tr><tr><td><p>Studierende, die in den vergangenen Semestern bereits ein Modul in Verbindung mit Chor oder Orchester erfolgreich abgeschlossen haben, k\u00f6nnen bei erneuter Teilnahme an diesem Modul keine Kreditpunkte anerkannt bekommen.<\/p><\/td><td><\/td><\/tr><\/tbody><\/table><p><\/p><\/div>\n\t\t\t\t<\/div>\n\t\t\t\t\t\t\t<div class=\"elementor-accordion-item\">\n\t\t\t\t\t<div id=\"elementor-tab-title-91619\" class=\"elementor-tab-title\" data-tab=\"19\" role=\"button\" aria-controls=\"elementor-tab-content-91619\" aria-expanded=\"false\">\n\t\t\t\t\t\t\t\t\t\t\t\t\t<span class=\"elementor-accordion-icon elementor-accordion-icon-left\" aria-hidden=\"true\">\n\t\t\t\t\t\t\t\t\t\t\t\t\t\t\t<span class=\"elementor-accordion-icon-closed\"><i class=\"fas fa-plus\"><\/i><\/span>\n\t\t\t\t\t\t\t\t<span class=\"elementor-accordion-icon-opened\"><i class=\"fas fa-minus\"><\/i><\/span>\n\t\t\t\t\t\t\t\t\t\t\t\t\t\t<\/span>\n\t\t\t\t\t\t\t\t\t\t\t\t<a class=\"elementor-accordion-title\" tabindex=\"0\">WS 2011\/12 <\/a>\n\t\t\t\t\t<\/div>\n\t\t\t\t\t<div id=\"elementor-tab-content-91619\" class=\"elementor-tab-content elementor-clearfix\" data-tab=\"19\" role=\"region\" aria-labelledby=\"elementor-tab-title-91619\"><table width=\"100%\"><tbody><tr><td colspan=\"2\"><p>Grundlagenmodule anderer F\u00e4cher<\/p><\/td><\/tr><tr><td><p><\/p><\/td><td><\/td><\/tr><tr><td colspan=\"2\"><p>Allgemeine &amp; vergleichende Literaturwissenschaft<\/p><\/td><\/tr><tr><td width=\"90%\"><p>In diesem Semester liegt leider kein Angebot vor.<\/p><\/td><td><\/td><\/tr><tr><td><\/td><td><\/td><\/tr><tr><td colspan=\"2\"><p>Anglistik\/Amerikanistik<\/p><\/td><\/tr><tr><td width=\"90%\"><p><a href=\"https:\/\/vvz.ruhr-uni-bochum.de\/campus\/all\/module.asp?gguid=0xEA029F74F6149F46A14AE22DA0EC7028&amp;tguid=0x4ECA312407D78348A1A0289F4DE738EA\">Amerikanische Kultur (5 CP)<\/a><\/p><\/td><td><\/td><\/tr><tr><td><p>Teil 1: American Literature and Culture after World War II (Vorlesung), WS 2011\/12<\/p><\/td><td><\/td><\/tr><tr><td><p>Teil 2a: Comics &#8211; Intermedial &amp; Interdisziplin\u00e4r (Blockseminar, Symposium), WS 2011\/12<\/p><\/td><td><\/td><\/tr><tr><td><p>Teil 2b: Introduction to Contemporary Criticial Theory and Practice (Seminar), WS 2011\/12<\/p><\/td><td><\/td><\/tr><tr><td><p>G4 Basismodul &#8222;American Literature and Culture&#8220;<\/p><\/td><td><\/td><\/tr><tr><td><p>Studierende der Anglistik\/Amerikanistik k\u00f6nnen an diesem Modul zwar teilnehmen, jedoch keine Credit Points f\u00fcr den Optionalbereich erwerben!<\/p><\/td><td><\/td><\/tr><tr><td><p><\/p><\/td><td><\/td><\/tr><tr><td width=\"90%\"><p><a href=\"https:\/\/vvz.ruhr-uni-bochum.de\/campus\/all\/module.asp?gguid=0x6E8B8717EB946B448E5DF75E39054E9F&amp;tguid=0x4ECA312407D78348A1A0289F4DE738EA\">Amerikanische Literatur (5 CP)<\/a><\/p><\/td><td><\/td><\/tr><tr><td><p>Teil 1: American Literature and Culture after World War II (Vorlesung), WS 2011\/12<\/p><\/td><td><\/td><\/tr><tr><td><p>Teil 2a: American Drama (Seminar), WS 2011\/12<\/p><\/td><td><\/td><\/tr><tr><td><p>Teil 2b: Lost in Paris: American Expatriate Literature (Seminar), WS 2011\/12<\/p><\/td><td><\/td><\/tr><tr><td><p>Teil 2c: Introduction to Asian American Literature (\u00dcbung), WS 2011\/12<\/p><\/td><td><\/td><\/tr><tr><td><p>G4 Basismodul &#8222;American Literature and Culture&#8220;<\/p><\/td><td><\/td><\/tr><tr><td><p>Studierende der Anglistik\/Amerikanistik k\u00f6nnen an diesem Modul zwar teilnehmen, jedoch keine Credit Points f\u00fcr den Optionalbereich erwerben!<\/p><\/td><td><\/td><\/tr><tr><td><p><\/p><\/td><td><\/td><\/tr><tr><td width=\"90%\"><p><a href=\"https:\/\/vvz.ruhr-uni-bochum.de\/campus\/all\/module.asp?gguid=0x82DE63A56A2E5349BDCC50317C46F897&amp;tguid=0x4ECA312407D78348A1A0289F4DE738EA\">Britische Kulturgeschichte (5 CP)<\/a><\/p><\/td><td><\/td><\/tr><tr><td><p>Teil 1: Modernist Britain (Vorlesung), WS 2011\/12<\/p><\/td><td><\/td><\/tr><tr><td><p>Teil 2a: British Democracy (Seminar), WS 2011\/12<\/p><\/td><td><\/td><\/tr><tr><td><p>Teil 2b: Representations of Politics in the British Media (Seminar), WS 2011\/12<\/p><\/td><td><\/td><\/tr><tr><td><p>Teil 2c: &#8222;This is where I belong&#8220;: Spaces of British Cutural Identity (Seminar), WS 2011\/12<\/p><\/td><td><\/td><\/tr><tr><td><p>G4 Basismodul &#8222;English Literature and Culture&#8220;<\/p><\/td><td><\/td><\/tr><tr><td><p>Studierende der Anglistik\/Amerikanistik k\u00f6nnen an diesem Modul zwar teilnehmen, jedoch keine Credit Points f\u00fcr den Optionalbereich erwerben!<\/p><\/td><td><\/td><\/tr><tr><td><p><\/p><\/td><td><\/td><\/tr><tr><td width=\"90%\"><p><a href=\"https:\/\/vvz.ruhr-uni-bochum.de\/campus\/all\/module.asp?gguid=0xE53ADFA20DB76949B62A5C18DEB12ADE&amp;tguid=0x4ECA312407D78348A1A0289F4DE738EA\">Englische Literatur der Shakespearezeit (5 CP)<\/a><\/p><\/td><td><\/td><\/tr><tr><td><p>Teil 1: Introduction to Renaissance Poetry (Vorlesung), WS 2011\/12<\/p><\/td><td><\/td><\/tr><tr><td><p>Teil 2: Reading Hamlet (\u00dcbung), WS 2011\/12<\/p><\/td><td><\/td><\/tr><tr><td><p>G4 Basismodul &#8222;English Literature and Culture&#8220;<\/p><\/td><td><\/td><\/tr><tr><td><p>Studierende der Anglistik\/Amerikanistik k\u00f6nnen an diesem Modul zwar teilnehmen, jedoch keine Credit Points f\u00fcr den Optionalbereich erwerben!<\/p><\/td><td><\/td><\/tr><tr><td><p><\/p><\/td><td><\/td><\/tr><tr><td width=\"90%\"><p><a href=\"https:\/\/vvz.ruhr-uni-bochum.de\/campus\/all\/module.asp?gguid=0x7B8C0A4F21593B48B15042C5736C0DF1&amp;tguid=0x4ECA312407D78348A1A0289F4DE738EA\">Englische Literatur des Mittelalters und der Renaissance (5 CP)<\/a><\/p><\/td><td><\/td><\/tr><tr><td><p>Teil 1: From England to Byzantium and from Havelok to Sir Gawain: The Middle English Romances (Vorlesung), WS 2011\/12<\/p><\/td><td><\/td><\/tr><tr><td><p>Teil 2a: Armchair Travellers: Medieval Travel Literature (Seminar), WS 2011\/12<\/p><\/td><td><\/td><\/tr><tr><td><p>Teil 2b: Introduction to Old English Literature (Seminar), WS 2011\/12<\/p><\/td><td><\/td><\/tr><tr><td><p>Teil 2c: Through Artificial Eyes: Visions of the Middle Ages and Medieval Literature in Film (Seminar), WS 2011\/12<\/p><\/td><td><\/td><\/tr><tr><td><p>Teil 2d: &#8218;Turne over the leef and chese another tale&#8216; &#8211; The Dirty Middle Ages (Seminar), WS 2011\/12<\/p><\/td><td><\/td><\/tr><tr><td><p>G4 Basismodul &#8222;English Literature and Culture&#8220;<\/p><\/td><td><\/td><\/tr><tr><td><p>Studierende der Anglistik\/Amerikanistik k\u00f6nnen an diesem Modul zwar teilnehmen, jedoch keine Credit Points f\u00fcr den Optionalbereich erwerben!<\/p><\/td><td><\/td><\/tr><tr><td><p><\/p><\/td><td><\/td><\/tr><tr><td width=\"90%\"><p><a href=\"https:\/\/vvz.ruhr-uni-bochum.de\/campus\/all\/module.asp?gguid=0x14793BEB29DF3A4B9C83F3DDB3371388&amp;tguid=0x4ECA312407D78348A1A0289F4DE738EA\">Englische und Kanadische Literatur von 1700 bis zur Gegenwart (5 CP)<\/a><\/p><\/td><td><\/td><\/tr><tr><td><p>Teil 1: Contemporary British Poetry (Vorlesung), WS 2011\/12<\/p><\/td><td><\/td><\/tr><tr><td><p>Teil 2a: Margaret Atwood (Seminar), WS 2011\/12<\/p><\/td><td><\/td><\/tr><tr><td><p>Teil 2b: Romantic and Victorian Poetry: A Survey (\u00dcbung), WS 2011\/12<\/p><\/td><td><\/td><\/tr><tr><td><p>G4 Basismodul &#8222;English Literature and Culture&#8220;<\/p><\/td><td><\/td><\/tr><tr><td><p>Studierende der Anglistik\/Amerikanistik k\u00f6nnen an diesem Modul zwar teilnehmen, jedoch keine Credit Points f\u00fcr den Optionalbereich erwerben!<\/p><\/td><td><\/td><\/tr><tr><td><p><\/p><\/td><td><\/td><\/tr><tr><td width=\"90%\"><p><a href=\"https:\/\/vvz.ruhr-uni-bochum.de\/campus\/all\/module.asp?gguid=0xB964368EC4F76F428389D58B23BCE59E&amp;fieldgguid=&amp;mode=&amp;findmodule=Introduc&amp;tguid=0x4ECA312407D78348A1A0289F4DE738EA\">Introduction to American Studies (10 CP) <\/a><\/p><\/td><td><\/td><\/tr><tr><td><p>Teil 1: Cultural Narratives of the U.S.A.: Of Cowboys, Melting Pots, and American Dreams, WS 2011\/12<\/p><\/td><td><\/td><\/tr><tr><td><p>Teil 2: Genocide of Native Americans? (Blockveranstaltung), SoSe 2012<\/p><\/td><td><\/td><\/tr><tr><td><p>G4 &#8222;inStudies&#8220;<\/p><\/td><td><\/td><\/tr><tr><td><p>1. Modul des zweiteiligen Kurses &#8222;Transnational American Studies&#8220;. <strong>Nur in Verbindung mit dem 2. Modul im Sommersemester zu belegen! <\/strong><\/p><\/td><td><\/td><\/tr><tr><td><p><\/p><\/td><td><\/td><\/tr><tr><td width=\"90%\"><p><a href=\"https:\/\/vvz.ruhr-uni-bochum.de\/campus\/all\/module.asp?gguid=0xC17F2723FF88144394FC64446FFF88E6&amp;fieldgguid=&amp;mode=&amp;findmodule=Introduc&amp;tguid=0x4ECA312407D78348A1A0289F4DE738EA\">Introduction to British Studies (10 CP)<\/a><\/p><\/td><td><\/td><\/tr><tr><td><p>Teil 1: Representations of Britain: Beyond Bowler Hats, Pubs and Five O&#8217;Clock Tea, WS 2011\/12<\/p><\/td><td><\/td><\/tr><tr><td><p>Teil 2: Myths, Politics and Identity on the Island of Ireland (Blockveranstaltung), SoSe 2012<\/p><\/td><td><\/td><\/tr><tr><td><p>G4 &#8222;inStudies&#8220;<\/p><\/td><td><\/td><\/tr><tr><td><p>1. Modul des zweiteiligen Kurses &#8222;British Studies&#8220;. <strong>Nur in Verbindung mit dem 2. Modul im Sommersemester zu belegen! <\/strong><\/p><\/td><td><\/td><\/tr><tr><td><p><\/p><\/td><td><\/td><\/tr><tr><td width=\"90%\"><p><a href=\"https:\/\/vvz.ruhr-uni-bochum.de\/campus\/all\/module.asp?gguid=0xB516389F54D3B84E9057BDCD6E778908&amp;fieldgguid=&amp;mode=&amp;findmodule=Introduc&amp;tguid=0x4ECA312407D78348A1A0289F4DE738EA\">Introduction to Intercultural Communication in Postcolonial Contexts (10 CP) <\/a><\/p><\/td><td><\/td><\/tr><tr><td><p>Teil 1: Language, Culture, and Intercultural Communication, WS 2011\/12<\/p><\/td><td><\/td><\/tr><tr><td><p>Teil 2: Popular Culture and Social Life in Hong Kong (Blockveranstaltung), SoSe 2012<\/p><\/td><td><\/td><\/tr><tr><td><p>G4 &#8222;inStudies&#8220;<\/p><\/td><td><\/td><\/tr><tr><td><p>1. Modul des zweiteiligen Kurses &#8222;Intercultural Postcolonial Studies &#8211; Hong Kong&#8220;. <strong>Nur in Verbindung mit dem 2. Modul im Sommersemester zu belegen! <\/strong><\/p><\/td><td><\/td><\/tr><tr><td><\/td><td><\/td><\/tr><tr><td colspan=\"2\"><p>Arch\u00e4ologische Wissenschaften<\/p><\/td><\/tr><tr><td width=\"90%\"><p><a href=\"https:\/\/vvz.ruhr-uni-bochum.de\/campus\/all\/module.asp?gguid=0xBAB1F81AC77C3948A6CE69F8DF063BE2&amp;tguid=0x4ECA312407D78348A1A0289F4DE738EA\">Arch\u00e4ologie des Fr\u00fchen Mittelalters (5 CP)<\/a><\/p><\/td><td><\/td><\/tr><tr><td><p>Teil 1: Die Arch\u00e4ologie des fr\u00fchen Mittelalters (Vorlesung), WS 2011\/12<\/p><\/td><td><\/td><\/tr><tr><td><p>Teil 2: Neue Funde und Forschungen (Kolloquium), WS 2011\/12<\/p><\/td><td><\/td><\/tr><tr><td><p>G4 Basismodul &#8222;Schwerpunkt Klassische Arch\u00e4ologie&#8220;<\/p><\/td><td><\/td><\/tr><tr><td><p>Studierende der ArWi k\u00f6nnen in diesem Modul keine Kreditpunkte f\u00fcr den Optionalbereich erwerben!<\/p><\/td><td><\/td><\/tr><tr><td><p><\/p><\/td><td><\/td><\/tr><tr><td width=\"90%\"><p><a href=\"https:\/\/vvz.ruhr-uni-bochum.de\/campus\/all\/module.asp?gguid=0xDA5A86653EE5084A9F870547038DC3B4&amp;tguid=0x4ECA312407D78348A1A0289F4DE738EA\">Arch\u00e4ologie griechischer Heiligt\u00fcmer (5 CP)<\/a><\/p><\/td><td><\/td><\/tr><tr><td><p>Teil 1: Vorlesung: Griechische Heiligt\u00fcmer (Vorlesung), WS 2011\/12<\/p><\/td><td><\/td><\/tr><tr><td><p>Teil 2: Neue Funde und Forschungen (Kolloquium), WS 2011\/12<\/p><\/td><td><\/td><\/tr><tr><td><p>G4 Basismodul &#8222;Schwerpunkt Klassische Arch\u00e4ologie&#8220;<\/p><\/td><td><\/td><\/tr><tr><td><p>Studierende der ArWi k\u00f6nnen in diesem Modul keine Kreditpunkte f\u00fcr den Optionalbereich erwerben!<\/p><\/td><td><\/td><\/tr><tr><td><p><\/p><\/td><td><\/td><\/tr><tr><td width=\"90%\"><p><a href=\"https:\/\/vvz.ruhr-uni-bochum.de\/campus\/all\/module.asp?gguid=0xC59E849618E8884E9AF77AEBF6F71066&amp;tguid=0x4ECA312407D78348A1A0289F4DE738EA\">Rom in der Sp\u00e4tantike (5 CP)<\/a><\/p><\/td><td><\/td><\/tr><tr><td><p>Teil 1: Vorlesung: Rom von der Sp\u00e4tantike bis zur Karolingerzeit (Vorlesung), WS 2011\/12<\/p><\/td><td><\/td><\/tr><tr><td><p>Teil 2a: Ausgew\u00e4hlte Szenen des AT auf sp\u00e4tantiken Denkm\u00e4lern (Seminar), WS 2011\/12<\/p><\/td><td><\/td><\/tr><tr><td><p>Teil 2b: Kolloquium: Neue Funde und Forschungen (Kolloquium), WS 2011\/12<\/p><\/td><td><\/td><\/tr><tr><td><p>G4 Basismodul &#8222;Schwerpunkt Klassische Arch\u00e4ologie&#8220;<\/p><\/td><td><\/td><\/tr><tr><td><p>Teilnehmer dieses Moduls sind von der Teilnahme am Modul &#8218;Arch\u00e4ologie der Sp\u00e4tantike &#8222;Rom&#8220;&#8218; ausgeschlossen. Studierende der ArWi k\u00f6nnen in diesem Modul keine Kreditpunkte f\u00fcr den Optionalbereich erwerben!<\/p><\/td><td><\/td><\/tr><tr><td><p><\/p><\/td><td><\/td><\/tr><tr><td width=\"90%\"><\/td><td><\/td><\/tr><tr><td width=\"90%\"><\/td><td><\/td><\/tr><tr><td width=\"90%\"><\/td><td><\/td><\/tr><tr><td width=\"90%\"><\/td><td><\/td><\/tr><tr><td colspan=\"2\"><p>Biologie<\/p><\/td><\/tr><tr><td width=\"90%\"><p><a href=\"https:\/\/vvz.ruhr-uni-bochum.de\/campus\/all\/module.asp?gguid=0x51D403614224284F8C36D4E9D4B446B2&amp;tguid=0x4ECA312407D78348A1A0289F4DE738EA\">Biologie der Zelle (Optionalbereich) (5 CP)<\/a><\/p><\/td><td><\/td><\/tr><tr><td><p>Teil 1: Vorlesung &#8222;Biologie der Zelle&#8220; (= Teil der Grundvorlesung Zoologie und Zellbiologie) (Vorlesung), WS 2011\/12<\/p><\/td><td><\/td><\/tr><tr><td><p>Teil 2: Seminar zur Vorlesung &#8222;Biologie der Zelle&#8220; (Seminar), WS 2011\/12<\/p><\/td><td><\/td><\/tr><tr><td><p>G4 &#8222;Biologie der Zelle&#8220;<\/p><\/td><td><\/td><\/tr><tr><td><p>Biologie-Studierende k\u00f6nnen an diesem Modul zwar teilnehmen, jedoch keine Credit Points f\u00fcr den Optionalbereich erwerben.<\/p><\/td><td><\/td><\/tr><tr><td><p><\/p><\/td><td><\/td><\/tr><tr><td width=\"90%\"><p><a href=\"https:\/\/vvz.ruhr-uni-bochum.de\/campus\/all\/module.asp?gguid=0xA862B691F2BCE44AB55554DCD8BAD7F8&amp;tguid=0x4ECA312407D78348A1A0289F4DE738EA\">Bio\u00f6konomie 2: Verhaltens\u00f6konomie (5 CP)<\/a><\/p><\/td><td><\/td><\/tr><tr><td><p>Teil 1: Bio\u00f6konomie II: Verhaltens\u00f6konomie (Seminar), WS 2011\/12<\/p><\/td><td><\/td><\/tr><tr><td><p>Teil 2: Bio\u00f6konomie II: Verhaltens\u00f6konomie (\u00dcbung), WS 2011\/12<\/p><\/td><td><\/td><\/tr><tr><td><p>G4 &#8222;Bio\u00f6konomie 2: Verhaltens\u00f6konomie&#8220;<\/p><\/td><td><\/td><\/tr><tr><td><p>Grundkenntnisse in Biologie, \u00d6kologie und \u00d6konomie sind empfehlenswert.<\/p><\/td><td><\/td><\/tr><tr><td><p><\/p><\/td><td><\/td><\/tr><tr><td width=\"90%\"><p><a href=\"https:\/\/vvz.ruhr-uni-bochum.de\/campus\/all\/module.asp?gguid=0xC2E74E24757F8143B0C70211159E42DB&amp;tguid=0x4ECA312407D78348A1A0289F4DE738EA\">Einf\u00fchrung in die Grundlagen der zellul\u00e4ren Bioenergetik (Optionalbereich) (5 CP)<\/a><\/p><\/td><td><\/td><\/tr><tr><td><p>Teil 1: &#8222;Einf\u00fchrung in die Grundlagen der Bioenergetik&#8220; (= Teil der Grundvorlesung Biologie) (Vorlesung), WS 2011\/12<\/p><\/td><td><\/td><\/tr><tr><td><p>Teil 2: &#8222;Einf\u00fchrung in biochemische Methoden&#8220; (Seminar), WS 2011\/12<\/p><\/td><td><\/td><\/tr><tr><td><p>G4 &#8222;Einf\u00fchrung in die Grundlagen der zellul\u00e4ren Bionergetik&#8220;<\/p><\/td><td><\/td><\/tr><tr><td><p>Biologiestudierende k\u00f6nnen an diesem Modul zwar teilnehmen, jedoch keine CP f\u00fcr den Optionalbereich erwerben!<\/p><\/td><td><\/td><\/tr><tr><td><p><\/p><\/td><td><\/td><\/tr><tr><td width=\"90%\"><p><a href=\"https:\/\/vvz.ruhr-uni-bochum.de\/campus\/all\/module.asp?gguid=0xD70B6198B810CC4DAB455557ED718A3F&amp;tguid=0x4ECA312407D78348A1A0289F4DE738EA\">Einf\u00fchrung in die moderne Biophysik (Optionalbereich) (5 CP)<\/a><\/p><\/td><td><\/td><\/tr><tr><td><p>Teil 1: &#8222;Moderne Biophysik&#8220; (= Teil der Grundvorlesung Biologie), WS 2011\/12<\/p><\/td><td><\/td><\/tr><tr><td><p>Teil 2: Biophysikalisches Seminar, WS 2011\/12<\/p><\/td><td><\/td><\/tr><tr><td><p>G4 &#8222;Einf\u00fchrung in die moderne Biophysik&#8220;<\/p><\/td><td><\/td><\/tr><tr><td><p>Studierende der Biologie k\u00f6nnen an diesem Modul zwar teilnehmen, jedoch keine CPs f\u00fcr den Optionalbereich erwerben.<\/p><\/td><td><\/td><\/tr><tr><td><p><\/p><\/td><td><\/td><\/tr><tr><td width=\"90%\"><p><a href=\"https:\/\/vvz.ruhr-uni-bochum.de\/campus\/all\/module.asp?gguid=0xE3724521EF22CC4395CFB24E92A3DEAC&amp;fieldgguid=&amp;mode=&amp;findmodule=evo&amp;tguid=0x4ECA312407D78348A1A0289F4DE738EA\">Evolution des Menschen (Optionalbereich) (5 CP)<\/a><\/p><\/td><td><\/td><\/tr><tr><td><p>Teil 1: Evolution des Menschen (Vorlesung), WS 2011\/12<\/p><\/td><td><\/td><\/tr><tr><td><p>Teil 2: Evolution des Menschen (Seminar), WS 2011\/12<\/p><\/td><td><\/td><\/tr><tr><td><p>G4 &#8222;Evolution des Menschen&#8220;<\/p><\/td><td><\/td><\/tr><tr><td><p>Grundlagenkenntnisse der Zoologie im Umfang eines Leistungskurses Biologie \/ Sek II oder der Vorlesung Zoologie des ersten Semesters sind zwingend erforderlich.<\/p><\/td><td><\/td><\/tr><tr><td><p><\/p><\/td><td><\/td><\/tr><tr><td width=\"90%\"><p><a href=\"https:\/\/vvz.ruhr-uni-bochum.de\/campus\/all\/module.asp?gguid=0xFA9C5A359D9D3848A720C15417BB6197&amp;tguid=0x4ECA312407D78348A1A0289F4DE738EA\">Microarray Datenanalyse (Optionalbereich) (5 CP)<\/a><\/p><\/td><td><\/td><\/tr><tr><td><p>Teil 1: Microarray Datenanalyse-Analytische Grundlagen (Vorlesung), WS 2011\/12<\/p><\/td><td><\/td><\/tr><tr><td><p>Teil 2: Microarray Datenanalyse-Praktische Anwendung (\u00dcbung), WS 2011\/12<\/p><\/td><td><\/td><\/tr><tr><td><p>G4 &#8222;Microarray Datenanalyse&#8220;<\/p><\/td><td><\/td><\/tr><tr><td><p><\/p><\/td><td><\/td><\/tr><tr><td width=\"90%\"><p><a href=\"https:\/\/vvz.ruhr-uni-bochum.de\/campus\/all\/module.asp?gguid=0x44DB896C1B397D4EB92658344C4D0F13&amp;fieldgguid=&amp;mode=&amp;findmodule=gru&amp;tguid=0x4ECA312407D78348A1A0289F4DE738EA\">Grundlagen der Bioinformatik (Optionalbereich) (5 CP)<\/a><\/p><\/td><td><\/td><\/tr><tr><td><p>Teil 1: Bioinformatik (Vorlesung), WS 2011\/12<\/p><\/td><td><\/td><\/tr><tr><td><p>Teil 2: Bioinformatik (\u00dcbung), WS 2011\/12<\/p><\/td><td><\/td><\/tr><tr><td><p>G4 &#8222;Grundlagen der Bioinformatik&#8220;<\/p><\/td><td><\/td><\/tr><tr><td><p><\/p><\/td><td><\/td><\/tr><tr><td width=\"90%\"><p><a href=\"https:\/\/vvz.ruhr-uni-bochum.de\/campus\/all\/module.asp?gguid=0x149189B8493B7E419B026092FEE80FD0&amp;tguid=0x4ECA312407D78348A1A0289F4DE738EA\">Grundlagen der Mikrobiologie und Genetik (Optionalbereich) (5 CP)<\/a><\/p><\/td><td><\/td><\/tr><tr><td><p>Teil 1: Grundlagen der Mikrobiologie und Genetik (= Teil der Grundvorlesung Biologie), WS 2011\/12<\/p><\/td><td><\/td><\/tr><tr><td><p>Teil 2: Grundlagen der Mikrobiologie und Genetik (Seminar), WS 2011\/12<\/p><\/td><td><\/td><\/tr><tr><td><p>G4 &#8222;Grundlagen der Mikrobiologie und Genetik&#8220;<\/p><\/td><td><\/td><\/tr><tr><td><p><\/p><\/td><td><\/td><\/tr><tr><td width=\"90%\"><p><a href=\"https:\/\/vvz.ruhr-uni-bochum.de\/campus\/all\/module.asp?gguid=0xD22B82432F5FB64C8F6E69CCF89F2245&amp;tguid=0x4ECA312407D78348A1A0289F4DE738EA\">\u00dcberleben von motorischen Nervenzellen (Optionalbereich) (5 CP)<\/a><\/p><\/td><td><\/td><\/tr><tr><td><p>Teil 1: \u00dcberleben von motorischen Nervenzellen (Literaturseminar), WS 2011\/12<\/p><\/td><td><\/td><\/tr><tr><td><p>Teil 2: \u00dcberleben von motorischen Nervenzellen (Ergebnispr\u00e4sentation), WS 2011\/12<\/p><\/td><td><\/td><\/tr><tr><td><p>G4 &#8220; \u00dcberleben von motorischen Nervenzellen&#8220;<\/p><\/td><td><\/td><\/tr><tr><td><\/td><td><\/td><\/tr><tr><td colspan=\"2\"><p>Chemie<\/p><\/td><\/tr><tr><td width=\"90%\"><p><a href=\"https:\/\/vvz.ruhr-uni-bochum.de\/campus\/all\/module.asp?gguid=0x8AFF3F2AA8C7554A8F9C8691C5E59152&amp;fieldgguid=&amp;mode=&amp;findmodule=chem&amp;tguid=0x4ECA312407D78348A1A0289F4DE738EA\">Chemikalienrecht &#8211; Toxikologie (5 CP)<\/a><\/p><\/td><td><\/td><\/tr><tr><td><p>Teil 1: Chemikalienrecht &#8211; Toxikologie (Vorlesung), WS 2011\/12<\/p><\/td><td><\/td><\/tr><tr><td><p>Teil 2: Chemikalienrecht &#8211; Toxikologie (\u00dcbung), WS 2011\/12<\/p><\/td><td><\/td><\/tr><tr><td><p>G4 Basismodul &#8222;Chemikalienrecht&#8220;<\/p><\/td><td><\/td><\/tr><tr><td><p>Studierende der Chemie k\u00f6nnen in diesem Modul keine Credit Points f\u00fcr den Optionalbereich erwerben!<\/p><\/td><td><\/td><\/tr><tr><td><p><\/p><\/td><td><\/td><\/tr><tr><td width=\"90%\"><p><a href=\"https:\/\/vvz.ruhr-uni-bochum.de\/campus\/all\/module.asp?gguid=0x1B8D80562DDC0442A50CEE561086AF8A&amp;fieldgguid=&amp;mode=&amp;findmodule=einf%FChr&amp;tguid=0x4ECA312407D78348A1A0289F4DE738EA\">Einf\u00fchrung in die Allgemeine Chemie (5 CP)<\/a><\/p><\/td><td><\/td><\/tr><tr><td><p>Teil 1: Allgemeine Chemie (Vorlesung), WS 2011\/12<\/p><\/td><td><\/td><\/tr><tr><td><p>Teil 2: Allgemeine Chemie (\u00dcbung), WS 2011\/12<\/p><\/td><td><\/td><\/tr><tr><td><p>G4 Basismodul &#8222;Grundlagen der Chemie&#8220;<\/p><\/td><td><\/td><\/tr><tr><td><p>Studierende der Chemie k\u00f6nnen in diesem Modul keine Credit Points f\u00fcr den Optionalbereich erwerben!<\/p><\/td><td><\/td><\/tr><tr><td><p><\/p><\/td><td><\/td><\/tr><tr><td width=\"90%\"><p><a href=\"https:\/\/vvz.ruhr-uni-bochum.de\/campus\/all\/module.asp?gguid=0x9DBA1E8E9B6F0C4392E18C8EA623B0F3&amp;fieldgguid=&amp;mode=&amp;findmodule=org&amp;tguid=0x4ECA312407D78348A1A0289F4DE738EA\">Organische Chemie (Schwerpunkt Biologie) (5 CP)<\/a><\/p><\/td><td><\/td><\/tr><tr><td><p>Teil 1: Organische Chemie f\u00fcr Studierende der Medizin, Biologie und Geowissenschaften, WS 2011\/12<\/p><\/td><td><\/td><\/tr><tr><td><p>Teil 2: Organische Chemie f\u00fcr Studierende der Medizin, Biologie und Geowissenschaften, SoSe 2012<\/p><\/td><td><\/td><\/tr><tr><td><p>G4 Aufbaumodul &#8222;Chemie&#8220;<\/p><\/td><td><\/td><\/tr><tr><td><p>Studierende der Chemie k\u00f6nnen in diesem Modul keine Credit Points f\u00fcr den Optionalbereich erwerben!<\/p><\/td><td><\/td><\/tr><tr><td><\/td><td><\/td><\/tr><tr><td colspan=\"2\"><p>Erziehungswissenschaften<\/p><\/td><\/tr><tr><td width=\"90%\"><p><a href=\"https:\/\/vvz.ruhr-uni-bochum.de\/campus\/all\/module.asp?gguid=0x8A6A3C9715709943B54F2320CA9026CB&amp;tguid=0x4ECA312407D78348A1A0289F4DE738EA\">Bildungswissenschaftliches Basismodul (9 CP)<\/a><\/p><\/td><td><\/td><\/tr><tr><td><p>Teil 1: Einf\u00fchrung in Lern- und Entwicklungstheorien (\u00dcberblicksvorlesung), WS 2011\/12<\/p><\/td><td><\/td><\/tr><tr><td><p>Teil 2: Erziehungs- und Bildungstheorien (\u00dcberblicksvorlesung), WS 2011\/12<\/p><\/td><td><\/td><\/tr><tr><td><p>Teil 3: Theorien der Sozialisation (\u00dcberblicksvorlesung), WS 2011\/12<\/p><\/td><td><\/td><\/tr><tr><td><p>Teil 4: Lehrerberuf, Lehrerbildung, Lehrerprofessionalit\u00e4t(\u00dcberblicksvorlesung), <strong>ab<\/strong> SoSe 2012<\/p><\/td><td><\/td><\/tr><tr><td><p>G4 &#8222;EWL zum M.Ed.&#8220;<\/p><\/td><td><\/td><\/tr><tr><td><p>Studierende, die das Fach Erziehungswissenschaft im 2-Fach B. A. studieren, m\u00fcssen nur den vierten Teil des Moduls absolvieren, da die Teile 1 bis 3 bereits zu ihrem Fachstudium geh\u00f6ren. Als Kompensation wird der Besuch einer Werkstatt f\u00fcr empirische Forschungsmethoden verlangt. Modul kann in 1, 2, 3 oder 4 Semestern abgeschlossen werden.<\/p><\/td><td><\/td><\/tr><tr><td><\/td><td><\/td><\/tr><tr><td colspan=\"2\"><p>Evangelische Theologie<\/p><\/td><\/tr><tr><td width=\"90%\"><p>In diesem Semester liegt leider kein Angebot vor.<\/p><\/td><td><\/td><\/tr><tr><td><\/td><td><\/td><\/tr><tr><td colspan=\"2\"><p>Geographie<\/p><\/td><\/tr><tr><td width=\"90%\"><p><a href=\"https:\/\/vvz.ruhr-uni-bochum.de\/campus\/all\/module.asp?gguid=0xFE76298A28526E48A9547ACC5DA421FC&amp;tguid=0x4ECA312407D78348A1A0289F4DE738EA\">Geographen reisen anders (5 CP)<\/a><\/p><\/td><td><\/td><\/tr><tr><td><p>Teil 1: Geographen reisen anders: St\u00e4dte und Regionen der Erde (Vorlesung), WS 2011\/12<\/p><\/td><td><\/td><\/tr><tr><td><p>Teil 2: Geographen reisen anders: St\u00e4dte und Regionen der Erde (\u00dcbung), WS 2011\/12<\/p><\/td><td><\/td><\/tr><tr><td><p>G4 &#8222;Geographen reisen anders: St\u00e4dte und Regionen der Erde&#8220;<\/p><\/td><td><\/td><\/tr><tr><td><p>Geographie-Studierende k\u00f6nnen an diesem Modul nicht teilnehmen.<\/p><\/td><td><\/td><\/tr><tr><td><\/td><td><\/td><\/tr><tr><td colspan=\"2\"><p>Germanistik<\/p><\/td><\/tr><tr><td width=\"90%\"><p>In diesem Semester liegt leider kein Angebot vor.<\/p><\/td><td><\/td><\/tr><tr><td><\/td><td><\/td><\/tr><tr><td colspan=\"2\"><p>Geschichte<\/p><\/td><\/tr><tr><td width=\"90%\"><p><a href=\"https:\/\/vvz.ruhr-uni-bochum.de\/campus\/all\/module.asp?gguid=0xD01B3BD1715D8B43AA9666C5ADC96CED&amp;tguid=0x4ECA312407D78348A1A0289F4DE738EA\">J\u00fcdisches Leben und Kultur in Osteuropa (5 CP)<\/a><\/p><\/td><td><\/td><\/tr><tr><td><p>Teil 1: \u00dcberblick und historische Voraussetzungen j\u00fcdischen Lebens in Osteuropa (Seminar), WS 2011\/12<\/p><\/td><td><\/td><\/tr><tr><td><p>Teil 2: Osteurop\u00e4isch-j\u00fcdische Kultur an Beispielen aus Kunst, Literatur und Musik (Seminar), WS 2011\/12<\/p><\/td><td><\/td><\/tr><tr><td><p>G4 Basismodul &#8222;Neuere und Neueste Geschichte&#8220;<\/p><\/td><td><\/td><\/tr><tr><td><p>Studierende der Geschichte k\u00f6nnen in diesem Modul nur Kreditpunkte f\u00fcr den Optionalbereich erwerben, wenn die Veranstaltungen nicht f\u00fcr das Studienfach genutzt werden.<\/p><\/td><td><\/td><\/tr><tr><td><p><\/p><\/td><td><\/td><\/tr><tr><td width=\"90%\"><p><a href=\"https:\/\/vvz.ruhr-uni-bochum.de\/campus\/all\/module.asp?gguid=0x68942A932344DC498CE86A968B4778E1&amp;tguid=0x4ECA312407D78348A1A0289F4DE738EA\">Migration im Europa des 20. Jahrhunderts: Hintergr\u00fcnde, Wanderungsmuster, Deutungen (5 CP)<\/a><\/p><\/td><td><\/td><\/tr><tr><td><p>Teil 1: Einwanderungs- und Integrationspolitik im Europa des 20. Jahrhunderts: Gro\u00dfbritannien, Frankreich, BRD, Schweiz, Italien (Seminar), WS 2011\/12<\/p><\/td><td><\/td><\/tr><tr><td><p>Teil 2: Transnationale Migration in der europ\u00e4ischen Kultur: Film, Literatur, zeitgen\u00f6ssische Diskurse (Seminar), WS 2011\/12<\/p><\/td><td><\/td><\/tr><tr><td><p>G4 Basismodul &#8222;Neuere und Neueste Geschichte&#8220;<\/p><\/td><td><\/td><\/tr><tr><td><p>Studierende der Geschichte k\u00f6nnen in diesem Modul nur Kreditpunkte f\u00fcr den Optionalbereich erwerben, wenn die Veranstaltungen nicht f\u00fcr das Studienfach genutzt werden.<\/p><\/td><td><\/td><\/tr><tr><td><p><\/p><\/td><td><\/td><\/tr><tr><td width=\"90%\"><p><a href=\"http:\/\/www.ruhr-uni-bochum.de\/optionalbereich\/downloads\/Ug_1-WS_11.pdf\">Umweltgeschichte \u2013 historisch und interdisziplin\u00e4r. Hinf\u00fchrung zur Forschung (10 CP)<\/a>\u00a0(PDF, ca. 0.2 MB)<\/p><\/td><td><\/td><\/tr><tr><td><p>Teil 1: Die europ\u00e4ische Aufkl\u00e4rung und die Natur, WS 2011\/12<\/p><\/td><td><\/td><\/tr><tr><td><p>Teil 2: Forschen studieren in der Umweltgeschichte, WS 2011\/12<\/p><\/td><td><\/td><\/tr><tr><td><p>G4 &#8222;Intensive Track&#8220;<\/p><\/td><td><\/td><\/tr><tr><td><p><\/p><\/td><td><\/td><\/tr><tr><td width=\"90%\"><\/td><td><\/td><\/tr><tr><td colspan=\"2\"><p>Katholische Theologie<\/p><\/td><\/tr><tr><td width=\"90%\"><\/td><td><\/td><\/tr><tr><td width=\"90%\"><p><a href=\"https:\/\/vvz.ruhr-uni-bochum.de\/campus\/all\/module.asp?gguid=0xC3787DEA05E0EB4FB966DEA04031C059&amp;tguid=0x4ECA312407D78348A1A0289F4DE738EA\">Arch\u00e4ologie der Sp\u00e4tantike &#8222;ROM&#8220; mit Exkursion (5 CP)<\/a><\/p><\/td><td><\/td><\/tr><tr><td><p>Teil 1: Ausgew\u00e4hlte Szenen des AT auf sp\u00e4tantiken Denkm\u00e4lern (Seminar), WS 2011\/12<\/p><\/td><td><\/td><\/tr><tr><td><p>Teil 2: Wandmalereien und Mosaike im antiken und sp\u00e4tantiken Rom (\u00dcbung, Exkursion), WS 2011\/12<\/p><\/td><td><\/td><\/tr><tr><td><p>G4 Basismodul &#8222;Christentum und Kultur&#8220;<\/p><\/td><td><\/td><\/tr><tr><td><p>Teilnehmer dieses Moduls k\u00f6nnen keine CP im Modul &#8222;Arch\u00e4ologie der Sp\u00e4tantike &#8222;Rom&#8220; erwerben. Studierende der Arch\u00e4ologischen Wissenschaften k\u00f6nnen in diesem Modul keine Kreditpunkte f\u00fcr den Optionalbereich erwerben!<\/p><\/td><td><\/td><\/tr><tr><td><p><\/p><\/td><td><\/td><\/tr><tr><td width=\"90%\"><p><a href=\"https:\/\/vvz.ruhr-uni-bochum.de\/campus\/all\/module.asp?gguid=0xA2320E97A71FB2408C20463011A584BA&amp;error=&amp;expand=0x4ECA312407D78348A1A0289F4DE738EA&amp;tguid=0x4ECA312407D78348A1A0289F4DE738EA#0x4ECA312407D78348A1A0289F4DE738EA\">Arch\u00e4ologie der Sp\u00e4tantike &#8222;ROM&#8220; (5 CP)<\/a><\/p><\/td><td><\/td><\/tr><tr><td><p>Teil 1: Rom von der Sp\u00e4tantike bis zu Karolingerzeit (Vorlesung), WS 2011\/12<\/p><\/td><td><\/td><\/tr><tr><td><p>Teil 2: Ausgew\u00e4hlte Szenen des AT auf sp\u00e4tantiken Denkm\u00e4lern (Seminar), WS 2011\/12<\/p><\/td><td><\/td><\/tr><tr><td><p>G4 Basismodul &#8222;Christentum und Kultur&#8220;<\/p><\/td><td><\/td><\/tr><tr><td><p>Teilnehmer dieses Moduls sind von der Teilnahme am Modul &#8222;Rom in der Sp\u00e4tantike&#8220; (Angebot der Fak. f. Geschichtswissenschaft) ausgeschlossen. Teilnehmer dieses Moduls k\u00f6nnen keine CP im Modul &#8222;Arch\u00e4ologie der Sp\u00e4tantike &#8222;Rom&#8220; mit Exkursion&#8220; erwerben. Studierende der Arch\u00e4ologischen Wissenschaften k\u00f6nnen in diesem Modul keine Kreditpunkte f\u00fcr den Optionalbereich erwerben!<\/p><\/td><td><\/td><\/tr><tr><td><p><\/p><\/td><td><\/td><\/tr><tr><td width=\"90%\"><p><a href=\"https:\/\/vvz.ruhr-uni-bochum.de\/campus\/all\/module.asp?gguid=0x50914D5EF74DE04299D6262AC53985DE&amp;tguid=0x4ECA312407D78348A1A0289F4DE738EA\">Einf\u00fchrung in Theologie und Exegese des Neuen Testaments (5 CP)<\/a><\/p><\/td><td><\/td><\/tr><tr><td><p>Teil 1: Einleitung in das Neue Testament (Vorlesung), WS 2011\/12<\/p><\/td><td><\/td><\/tr><tr><td><p>Teil 2: Einf\u00fchrung in die Methoden neutestamentlicher Exegese (Seminar), WS 2011\/12<\/p><\/td><td><\/td><\/tr><tr><td><p>G4 Basismodul &#8222;Christentum und Kultur&#8220;<\/p><\/td><td><\/td><\/tr><tr><td><p>Studierende der Kath. Theologie k\u00f6nnen in diesem Modul keine Kreditpunkte f\u00fcr den Optionalbereich erwerben!<\/p><\/td><td><\/td><\/tr><tr><td><p><\/p><\/td><td><\/td><\/tr><tr><td width=\"90%\"><p><a href=\"https:\/\/vvz.ruhr-uni-bochum.de\/campus\/all\/module.asp?gguid=0x9A4384BE5808FE439A35DF82FDD285EA&amp;tguid=0x4ECA312407D78348A1A0289F4DE738EA\">Ethik in der Medizin (5 CP)<\/a><\/p><\/td><td><\/td><\/tr><tr><td><p>Teil 1: Die Lebensphase des Sterbens &#8211; Sterben als Teil des Lebens (14 t\u00e4gige Vorlesung), WS 2011\/12<\/p><\/td><td><\/td><\/tr><tr><td><p>Teil 1: Ethische Fragen am Ende des Lebens (14 t\u00e4gige Vorlesung), WS 2011\/12<\/p><\/td><td><\/td><\/tr><tr><td><p>Teil 2: &#8222;Ethische Fragen am Ende des Lebens&#8220; (Blackboardkurs), WS 2011\/12<\/p><\/td><td><\/td><\/tr><tr><td><p>G4 Basismodul &#8222;Christliche Weltverantwortung&#8220;<\/p><\/td><td><\/td><\/tr><tr><td><p>Studierende der Kath. Theologie k\u00f6nnen in diesem Modul keine Kreditpunkte f\u00fcr den Optionalbereich erwerben!<\/p><\/td><td><\/td><\/tr><tr><td><p><\/p><\/td><td><\/td><\/tr><tr><td width=\"90%\"><p><a href=\"https:\/\/vvz.ruhr-uni-bochum.de\/campus\/all\/module.asp?gguid=0x7DF042DBC779D147844BB4AE354BEA69&amp;tguid=0x4ECA312407D78348A1A0289F4DE738EA\">Ethik der Demokratie (5 CP)<\/a><\/p><\/td><td><\/td><\/tr><tr><td><p>Teil 1: Politische Ethik (Vorlesung), WS 2011\/12<\/p><\/td><td><\/td><\/tr><tr><td><p>Teil 2: Demokratie 2.0 &#8211; Neue Partizipationsm\u00f6glichkeiten durch neue Medien? (Internet, Twitter &amp; Co.) (Seminar), WS 2011\/12<\/p><\/td><td><\/td><\/tr><tr><td><p>G4 Basismodul &#8222;Christliche Weltverantwortung&#8220;<\/p><\/td><td><\/td><\/tr><tr><td><p>Studierende der Kath. Theologie k\u00f6nnen in diesem Modul keine Kreditpunkte f\u00fcr den Optionalbereich erwerben!<\/p><\/td><td><\/td><\/tr><tr><td><p><\/p><\/td><td><\/td><\/tr><tr><td width=\"90%\"><p><a href=\"https:\/\/vvz.ruhr-uni-bochum.de\/campus\/all\/module.asp?gguid=0xEE41D21C12857E4BACEB23FEA61769DE&amp;tguid=0x4ECA312407D78348A1A0289F4DE738EA\">Jesus im Spiegel des Neuen Testaments (5 CP)<\/a><\/p><\/td><td><\/td><\/tr><tr><td><p>Teil 1: Das Markusevangelium (Vorlesung), WS 2011\/12<\/p><\/td><td><\/td><\/tr><tr><td><p>Teil 2: Die Gleichnissse Jesu (Seminar), WS 2011\/12<\/p><\/td><td><\/td><\/tr><tr><td><p>G4 Basismodul &#8222;Christentum und Kultur&#8220;<\/p><\/td><td><\/td><\/tr><tr><td><p>Studierende der Kath. Theologie k\u00f6nnen in diesem Modul keine Kreditpunkte f\u00fcr den Optionalbereich erwerben!<\/p><\/td><td><\/td><\/tr><tr><td><p><\/p><\/td><td><\/td><\/tr><tr><td width=\"90%\"><p><a href=\"https:\/\/vvz.ruhr-uni-bochum.de\/campus\/all\/module.asp?gguid=0x1FF65F903A9DD24EA890A9F89DC18D72&amp;tguid=0x4ECA312407D78348A1A0289F4DE738EA\">Theologische Grundlagen der christlich abendl\u00e4ndischen Kunst (5 CP)<\/a><\/p><\/td><td><\/td><\/tr><tr><td><p>Teil 1: Wundergeschichten (Vorlesung, Exkursionen), WS 2011\/12<\/p><\/td><td><\/td><\/tr><tr><td><p>Teil 2: Exkursionen zu verschiedenen Orten und allgemeinen Themen der christlichen Ikonographie, WS 2011\/12<\/p><\/td><td><\/td><\/tr><tr><td><p>G4 Basismodul &#8222;Christentum und Kultur&#8220;<\/p><\/td><td><\/td><\/tr><tr><td><p>Studierende der Kath. Theologie k\u00f6nnen in diesem Modul keine Kreditpunkte f\u00fcr den Optionalbereich erwerben!<\/p><\/td><td><\/td><\/tr><tr><td><p><\/p><\/td><td><\/td><\/tr><tr><td width=\"90%\"><\/td><td><\/td><\/tr><tr><td width=\"90%\"><\/td><td><\/td><\/tr><tr><td colspan=\"2\"><p>Mathematik<\/p><\/td><\/tr><tr><td width=\"90%\"><p><a href=\"https:\/\/vvz.ruhr-uni-bochum.de\/campus\/all\/module.asp?gguid=0x289F09DEF7BB8842BC4201FC16D30F13&amp;tguid=0x4ECA312407D78348A1A0289F4DE738EA\">Einf\u00fchrung in die Mathematik I (Schwerpunkte: Physik und Geophysik) (10 CP)<\/a><\/p><\/td><td><\/td><\/tr><tr><td><p>Teil 1: Mathematik f\u00fcr Physiker I (Vorlesung), WS 2011\/12<\/p><\/td><td><\/td><\/tr><tr><td><p>Teil 2: Mathematik f\u00fcr Physiker I (\u00dcbung), WS 2011\/12<\/p><\/td><td><\/td><\/tr><tr><td><p>G4 Basismodul&#8220; Grundlagen der Mathematik&#8220;<\/p><\/td><td><\/td><\/tr><tr><td><p>Studierende der Mathematik k\u00f6nnen an diesem Modul zwar teilnehmen, jedoch keine Credit Points f\u00fcr den Optionalbereich erwerben.<\/p><\/td><td><\/td><\/tr><tr><td><p><\/p><\/td><td><\/td><\/tr><tr><td width=\"90%\"><p><a href=\"https:\/\/vvz.ruhr-uni-bochum.de\/campus\/all\/module.asp?gguid=0x360CD45A66FE9B409AA223D14E374C93&amp;tguid=0x4ECA312407D78348A1A0289F4DE738EA\">Einf\u00fchrung in die Mathematik (Schwerpunkte: Biologie) (5 CP)<\/a><\/p><\/td><td><\/td><\/tr><tr><td><p>Teil 1: Mathematik f\u00fcr Biologen (Vorlesung), WS 2011\/12<\/p><\/td><td><\/td><\/tr><tr><td><p>Teil 2: Mathematik f\u00fcr Biologen (\u00dcbung), WS 2011\/12<\/p><\/td><td><\/td><\/tr><tr><td><p>G4 Basismodul &#8222;Grundlagen der Mathematik&#8220;<\/p><\/td><td><\/td><\/tr><tr><td><p>Studierende der Mathematik und der Physik k\u00f6nnen an diesem Modul zwar teilnehmen, jedoch keine Credit Points f\u00fcr den Optionalbereich erwerben.<\/p><\/td><td><\/td><\/tr><tr><td><p><\/p><\/td><td><\/td><\/tr><tr><td width=\"90%\"><p><a href=\"https:\/\/vvz.ruhr-uni-bochum.de\/campus\/all\/module.asp?gguid=0x1408184BC24A73488940971D25A80EF9&amp;tguid=0x4ECA312407D78348A1A0289F4DE738EA\">Einf\u00fchrung in die Statistik (Schwerpunkt: Geographie) (5 CP)<\/a><\/p><\/td><td><\/td><\/tr><tr><td><p>Teil 1: Einf\u00fchrung in die Statistik f\u00fcr Geographen (Vorlesung), WS 2011\/12<\/p><\/td><td><\/td><\/tr><tr><td><p>Teil 2: Einf\u00fchrung in die Statistik f\u00fcr Geographen (\u00dcbung), WS 2011\/12<\/p><\/td><td><\/td><\/tr><tr><td><p>G4 Basismodul &#8222;Grundlagen der Mathematik&#8220;<\/p><\/td><td><\/td><\/tr><tr><td><p>Studierende der Mathematik sowie Studierende der Geographie k\u00f6nnen an diesem Modul zwar teilnehmen, jedoch keine Credit Points f\u00fcr den Optionalbereich erwerben!<\/p><\/td><td><\/td><\/tr><tr><td><p><\/p><\/td><td><\/td><\/tr><tr><td width=\"90%\"><p><a href=\"https:\/\/vvz.ruhr-uni-bochum.de\/campus\/all\/module.asp?gguid=0x0A9FA61DAAA5784F861CB00A42B34BDC&amp;tguid=0x4ECA312407D78348A1A0289F4DE738EA\">Einf\u00fchrung in die Mathematik (Schwerpunkte: Mathematik und Physik) (5 CP)<\/a><\/p><\/td><td><\/td><\/tr><tr><td><p>Teil 1: 1. Vorkurs in Mathematik f\u00fcr Mathematiker und Physiker (Seminar), WS 2011\/12<\/p><\/td><td><\/td><\/tr><tr><td><p>Teil 2: 1. Vorkurs in Mathematik f\u00fcr Mathematiker und Physiker (\u00dcbung), WS 2011\/12<\/p><\/td><td><\/td><\/tr><tr><td><p>G4 Basismodul &#8222;Grundlagen der Mathematik&#8220;<\/p><\/td><td><\/td><\/tr><tr><td><p>Studierende der Mathematik k\u00f6nnen an diesem Modul zwar teilnehmen, jedoch Credit Points nur dann f\u00fcr den Optionalbereich erwerben, wenn sie den Vorkurs vor ihrem ersten Fachsemester besuchen!<\/p><\/td><td><\/td><\/tr><tr><td><p>Studierende der Physik k\u00f6nnen an diesem Modul zwar teilnehmen, jedoch keine Credit Points f\u00fcr den Optionalbereich erwerben.<\/p><\/td><td><\/td><\/tr><tr><td><p><\/p><\/td><td><\/td><\/tr><tr><td width=\"90%\"><p><a href=\"https:\/\/vvz.ruhr-uni-bochum.de\/campus\/all\/module.asp?gguid=0x58D394C847FD4B46901ED0FD1041CCFF&amp;tguid=0x4ECA312407D78348A1A0289F4DE738EA\">Einf\u00fchrung in die Mathematik (Schwerpunkte: Natur- und Ingenieurwissenschaften sowie Informatik) (5 CP)<\/a><\/p><\/td><td><\/td><\/tr><tr><td><p>Teil 1: 2. Vorkurs in Mathematik f\u00fcr Informatiker, Ingenieure und Naturwissenschaftler (Seminar), WS 2011\/12<\/p><\/td><td><\/td><\/tr><tr><td><p>Teil 2: 2. Vorkurs in Mathematik f\u00fcr Informatiker, Ingenieure und Naturwissenschaftler (\u00dcbung), WS 2011\/12<\/p><\/td><td><\/td><\/tr><tr><td><p>G4 Basismodul &#8222;Grundlagen der Mathematik&#8220;<\/p><\/td><td><\/td><\/tr><tr><td><p>Studierende der Mathematik und der Physik k\u00f6nnen an diesem Modul zwar teilnehmen, jedoch keine Credit Points f\u00fcr den Optionalbereich erwerben!<\/p><\/td><td><\/td><\/tr><tr><td><p><\/p><\/td><td><\/td><\/tr><tr><td width=\"90%\"><p><a href=\"https:\/\/vvz.ruhr-uni-bochum.de\/campus\/all\/module.asp?gguid=0x9B541A9C6C669B4DB82FC3F055152440&amp;tguid=0x4ECA312407D78348A1A0289F4DE738EA\">H\u00f6here Mathematik I + II (Schwerpunkt: Angewandte Informatik) (10 CP)<\/a><\/p><\/td><td><\/td><\/tr><tr><td><p>Teil 1: H\u00f6here Mathematik I (Vorlesung), WS 2011\/12<\/p><\/td><td><\/td><\/tr><tr><td><p>Teil 2: H\u00f6here Mathematik I (\u00dcbung), WS 2011\/12<\/p><\/td><td><\/td><\/tr><tr><td><p>G4 Aufbaumodul &#8222;H\u00f6here Mathematik&#8220;<\/p><\/td><td><\/td><\/tr><tr><td><p>Studierende der Mathematik k\u00f6nnen an diesem Modul zwar teilnehmen, jedoch keine Credit Points f\u00fcr den Optionalbereich erwerben!<\/p><\/td><td><\/td><\/tr><tr><td><p><\/p><\/td><td><\/td><\/tr><tr><td width=\"90%\"><p><a href=\"https:\/\/vvz.ruhr-uni-bochum.de\/campus\/all\/module.asp?gguid=0xA6A45BF494D85446B0B5DDDD84FCF539&amp;tguid=0x4ECA312407D78348A1A0289F4DE738EA\">Mathematik (Schwerpunkt: Chemie) (5 CP)<\/a><\/p><\/td><td><\/td><\/tr><tr><td><p>Teil 1: Mathematik f\u00fcr Chemiker I (Vorlesung), WS 2011\/12<\/p><\/td><td><\/td><\/tr><tr><td><p>Teil 2: Mathematik f\u00fcr Chemiker I (\u00dcbung), WS 2011\/12<\/p><\/td><td><\/td><\/tr><tr><td><p>G4 Basismodul &#8222;Grundlagen der Mathematik&#8220;<\/p><\/td><td><\/td><\/tr><tr><td><p>Studierende der Mathematik sowie der Physik k\u00f6nnen an diesem Modul zwar teilnehmen, jedoch keine Credit Points f\u00fcr den Optionalbereich erwerben!<\/p><\/td><td><\/td><\/tr><tr><td><p><\/p><\/td><td><\/td><\/tr><tr><td width=\"90%\"><p><a href=\"https:\/\/vvz.ruhr-uni-bochum.de\/campus\/all\/module.asp?gguid=0x36E116FDE0D24D429D8B0A8E8A69153C&amp;tguid=0x4ECA312407D78348A1A0289F4DE738EA\">Mathematik (Schwerpunkt: Geowissenschaften) (5 CP)<\/a><\/p><\/td><td><\/td><\/tr><tr><td><p>Teil 1: Mathematik I f\u00fcr Geowissenschaftler und SEPM (Vorlesung), WS 2011\/12<\/p><\/td><td><\/td><\/tr><tr><td><p>Teil 2:Mathematik I f\u00fcr Geowissenschaftler und SEPM (\u00dcbung), WS 2011\/12<\/p><\/td><td><\/td><\/tr><tr><td><p>G4 Basismodul &#8222;Grundlagen der Mathematik&#8220;<\/p><\/td><td><\/td><\/tr><tr><td><p>Studierende der Mathematik k\u00f6nnen an diesem Modul zwar teilnehmen, jedoch keine Credit Points f\u00fcr den Optionalbereich erwerben!<\/p><\/td><td><\/td><\/tr><tr><td><\/td><td><\/td><\/tr><tr><td colspan=\"2\"><p>Medienwissenschaft<\/p><\/td><\/tr><tr><td width=\"90%\"><p><a href=\"https:\/\/vvz.ruhr-uni-bochum.de\/campus\/all\/module.asp?gguid=0x1E7ABE460B92C1479E8F688910BDAB5C&amp;fieldgguid=&amp;mode=&amp;findmodule=medieng&amp;tguid=0x4ECA312407D78348A1A0289F4DE738EA\">Mediengeschichte und Medien\u00e4sthetik I (5 CP)<\/a><\/p><\/td><td><\/td><\/tr><tr><td><p>Teil 1: Entwicklungsprozesse von der Alphabetschrift bis zur Elektrifizierung (Seminar), WS 2011\/12<\/p><\/td><td><\/td><\/tr><tr><td><p>Teil 2: Entwicklungsprozesse von Elektrifizierung bis zur Internetkommunikation (Seminar), WS 2011\/12<\/p><\/td><td><\/td><\/tr><tr><td><p>G4 Basismodul &#8222;Mediengeschichte und Medien\u00e4sthetik&#8220;<\/p><\/td><td><\/td><\/tr><tr><td><p>Studierende der Medienwissenschaften k\u00f6nnen an diesem Modul nicht teilnehmen!<\/p><\/td><td><\/td><\/tr><tr><td><p><\/p><\/td><td><\/td><\/tr><tr><td width=\"90%\"><p><a href=\"https:\/\/vvz.ruhr-uni-bochum.de\/campus\/all\/module.asp?gguid=0x4561F1D2A21F9947BCB17D80B6F19094&amp;fieldgguid=&amp;mode=&amp;findmodule=medieng&amp;tguid=0x4ECA312407D78348A1A0289F4DE738EA\">Mediengeschichte und Medien\u00e4sthetik II (5 CP)<\/a><\/p><\/td><td><\/td><\/tr><tr><td><p>Teil 1: Entwicklungsprozesse von der Alphabetschrift bis zur Elektrifizierung (Seminar), WS 2011\/12<\/p><\/td><td><\/td><\/tr><tr><td><p>Teil 2: Entwicklungsprozesse von Elektrifizierung bis zur Internetkommunikation (Seminar), WS 2011\/12<\/p><\/td><td><\/td><\/tr><tr><td><p>G4 Basismodul &#8222;Mediengeschichte und Medien\u00e4sthetik&#8220;<\/p><\/td><td><\/td><\/tr><tr><td><p>Studierende der Medienwissenschaften k\u00f6nnen an diesem Modul nicht teilnehmen!<\/p><\/td><td><\/td><\/tr><tr><td><p><\/p><\/td><td><\/td><\/tr><tr><td width=\"90%\"><p><a href=\"https:\/\/vvz.ruhr-uni-bochum.de\/campus\/all\/module.asp?gguid=0xDDF6D5879E02FF4A9CF425F3512EACFB&amp;fieldgguid=&amp;mode=&amp;findmodule=medieng&amp;tguid=0x4ECA312407D78348A1A0289F4DE738EA\">Mediengeschichte und Medien\u00e4sthetik III (5 CP)<\/a><\/p><\/td><td><\/td><\/tr><tr><td><p>Teil 1: Entwicklungsprozesse von der Alphabetschrift bis zur Elektrifizierung (Seminar), WS 2011\/12<\/p><\/td><td><\/td><\/tr><tr><td><p>Teil 2: Entwicklungsprozesse von Elektrifizierung bis zur Internetkommunikation (Seminar), WS 2011\/12<\/p><\/td><td><\/td><\/tr><tr><td><p>G4 Basismodul &#8222;Mediengeschichte und Medien\u00e4sthetik&#8220;<\/p><\/td><td><\/td><\/tr><tr><td><p>Studierende der Medienwissenschaften k\u00f6nnen an diesem Modul nicht teilnehmen!<\/p><\/td><td><\/td><\/tr><tr><td><p><\/p><\/td><td><\/td><\/tr><tr><td><\/td><td><\/td><\/tr><tr><td colspan=\"2\"><p>Medizin<\/p><\/td><\/tr><tr><td width=\"90%\"><p>In diesem Semester liegt leider kein Angebot vor.<\/p><\/td><td><\/td><\/tr><tr><td><\/td><td><\/td><\/tr><tr><td colspan=\"2\"><p>Orientalistik und Islamwissenschaften<\/p><\/td><\/tr><tr><td width=\"90%\"><\/td><td><\/td><\/tr><tr><td width=\"90%\"><p><a href=\"https:\/\/vvz.ruhr-uni-bochum.de\/campus\/all\/module.asp?gguid=0x7269F0E92A98914885CF8D51E2F2127F&amp;fieldgguid=&amp;mode=&amp;findmodule=per&amp;tguid=0x4ECA312407D78348A1A0289F4DE738EA\">Persische Kalligraphie und Landeskunde (5 CP)<\/a><\/p><\/td><td><\/td><\/tr><tr><td><p>Teil 1: Arabisch-persische Kalligraphie (\u00dcbung), WS 2011\/12<\/p><\/td><td><\/td><\/tr><tr><td><p>Teil 2: Landeskunde Iran (\u00dcbung), WS 2011\/12<\/p><\/td><td><\/td><\/tr><tr><td><p>G4 Basismodul &#8222;Einf\u00fchrung in die islamische Welt&#8220;<\/p><\/td><td><\/td><\/tr><tr><td><p>Studierende der Orientalistik\/Islamwissenschaften k\u00f6nnen an diesem Modul nicht teilnehmen!<\/p><\/td><td><\/td><\/tr><tr><td><p><\/p><\/td><td><\/td><\/tr><tr><td width=\"90%\"><p><a href=\"https:\/\/vvz.ruhr-uni-bochum.de\/campus\/all\/module.asp?gguid=0xD2C678A16F69F8449A384E3AA4C9CF87&amp;tguid=0x4ECA312407D78348A1A0289F4DE738EA\">Zug\u00e4nge zur islamischen Geschichte und Kultur (5 CP)<\/a><\/p><\/td><td><\/td><\/tr><tr><td><p>Teil 1a: Mass Society and Democracy in the Muslim World since the 19th Century: Constitutional Movements and Political Parties (Vorlesung), WS 2011\/12 oder<\/p><\/td><td><\/td><\/tr><tr><td><p>Teil 1b: Einf\u00fchrung in die islamische Theologie (Vorlesung), WS 2011\/12 sowie<\/p><\/td><td><\/td><\/tr><tr><td><p>Teil 2: Einf\u00fchrung in die Islamwissenschaft und Arabistik (\u00dcbung), WS 2011\/12<\/p><\/td><td><\/td><\/tr><tr><td><p>G4 Basismodul &#8222;Einf\u00fchrung in die islamische Welt&#8220;<\/p><\/td><td><\/td><\/tr><tr><td><p>Studierende der Orientalistik k\u00f6nnen an diesem Modul nicht teilnehmen!<\/p><\/td><td><\/td><\/tr><tr><td><\/td><td><\/td><\/tr><tr><td colspan=\"2\"><p>Ostasienwissenschaften<\/p><\/td><\/tr><tr><td width=\"90%\"><p><a href=\"https:\/\/vvz.ruhr-uni-bochum.de\/campus\/all\/module.asp?gguid=0x2C63526CC64AC54CB2269296AEF1B9B1&amp;tguid=0x4ECA312407D78348A1A0289F4DE738EA\">Einf\u00fchrung in die koreanische Geschichte (5 CP)<\/a><\/p><\/td><td><\/td><\/tr><tr><td><p>Teil 1: Vormoderne koreanische Geschichte (Vorlesung), WS 2011\/12<\/p><\/td><td><\/td><\/tr><tr><td><p>Teil 2: Neuere Geschichte Koreas (Einf\u00fchrung in die Geschichte Koreas II), WS 2011\/12<\/p><\/td><td><\/td><\/tr><tr><td><p>G4 Basismodul &#8222;Korea&#8220;<\/p><\/td><td><\/td><\/tr><tr><td><p>Studierende der Koreanistik k\u00f6nnen an diesem Modul zwar teilnehmen, jedoch keine Credit Points f\u00fcr den Optionalbereich erwerben.<\/p><\/td><td><\/td><\/tr><tr><td><p><\/p><\/td><td><\/td><\/tr><tr><td width=\"90%\"><p><a href=\"https:\/\/vvz.ruhr-uni-bochum.de\/campus\/all\/module.asp?gguid=0xCE38F4173EA8B9418243E3BB206B1F41&amp;tguid=0x4ECA312407D78348A1A0289F4DE738EA\">Grundmodul Chinesische Geschichte und Philosophie (5 CP)<\/a><\/p><\/td><td><\/td><\/tr><tr><td><p>Teil 1: Chinesische Philosophie (Seminar), WS 2011\/12<\/p><\/td><td><\/td><\/tr><tr><td><p>Teil 2: Chinesische Geschichte (Seminar), SoSe 2012<\/p><\/td><td><\/td><\/tr><tr><td><p>G4 Basismodul &#8222;China&#8220;<\/p><\/td><td><\/td><\/tr><tr><td><p>Studierende der Sinnologie k\u00f6nnen an diesem Modul zwar teilnehmen, jedoch keine Credit Points f\u00fcr den Optionalbereich erwerben, da es f\u00fcr die Sinnologie kreditiert wird.<\/p><\/td><td><\/td><\/tr><tr><td><\/td><td><\/td><\/tr><tr><td colspan=\"2\"><p>Philosophie<\/p><\/td><\/tr><tr><td width=\"90%\"><p><a href=\"https:\/\/vvz.ruhr-uni-bochum.de\/campus\/all\/module.asp?gguid=0xE8A9558C84F8474B81E74E524A730F91&amp;tguid=0x4ECA312407D78348A1A0289F4DE738EA\">(Ir)rationalit\u00e4t in Denken und F\u00fchlen (5 CP)<\/a><\/p><\/td><td><\/td><\/tr><tr><td><p>Teil 1: (Ir)rationale \u00dcberzeugungen (Seminar), WS 2011\/12<\/p><\/td><td><\/td><\/tr><tr><td><p>Teil 2: Philosophie der Gef\u00fchle (\u00dcbung), WS 2011\/12<\/p><\/td><td><\/td><\/tr><tr><td><p>G4 Basismodul &#8222;Theoretische Philosophie&#8220;<\/p><\/td><td><\/td><\/tr><tr><td><p>Studierende des Faches Philosophie d\u00fcrfen an diesem Modul nicht teilnehmen!<\/p><\/td><td><\/td><\/tr><tr><td><p><\/p><\/td><td><\/td><\/tr><tr><td width=\"90%\"><p><a href=\"https:\/\/vvz.ruhr-uni-bochum.de\/campus\/all\/module.asp?gguid=0x1608B4168B5ABB46A385FBB4BDEC0CBF&amp;tguid=0x4ECA312407D78348A1A0289F4DE738EA\">Der Geist der Tiere\/Tierethik (5 CP)<\/a><\/p><\/td><td><\/td><\/tr><tr><td><p>Teil 1: Der Geist der Tiere (Vorlesung), WS 2011\/12<\/p><\/td><td><\/td><\/tr><tr><td><p>Teil 2: Grundprobleme der Tierethik (Seminar), WS 2011\/12<\/p><\/td><td><\/td><\/tr><tr><td><p>G4 Basismodul &#8222;Praktische Philosophie&#8220;<\/p><\/td><td><\/td><\/tr><tr><td><p>Studierende des Faches Philosophie d\u00fcrfen an diesem Modul nicht teilnehmen!<\/p><\/td><td><\/td><\/tr><tr><td><p><\/p><\/td><td><\/td><\/tr><tr><td width=\"90%\"><p><a href=\"https:\/\/vvz.ruhr-uni-bochum.de\/campus\/all\/module.asp?gguid=0x6683D371B80CDA46BBBCD3AE5AD01641&amp;fieldgguid=&amp;mode=&amp;findmodule=einf%FChrung&amp;tguid=0x4ECA312407D78348A1A0289F4DE738EA\">Einf\u00fchrung in die Philosophie Theodor W. Adornos (5 CP)<\/a><\/p><\/td><td><\/td><\/tr><tr><td><p>Teil 1: Das Konzept einer negativen Dialektik (Seminar), WS 2011\/12<\/p><\/td><td><\/td><\/tr><tr><td><p>Teil 2: Modelle negativer Dialektik (Seminar), SoSe 2012<\/p><\/td><td><\/td><\/tr><tr><td><p>G4 Basismodul &#8222;Theoretische Philosophie&#8220;<\/p><\/td><td><\/td><\/tr><tr><td><p>Studierende des Faches Philosophie d\u00fcrfen an diesem Modul nicht teilnehmen!<\/p><\/td><td><\/td><\/tr><tr><td width=\"90%\"><\/td><td><\/td><\/tr><tr><td width=\"90%\"><\/td><td><\/td><\/tr><tr><td width=\"90%\"><\/td><td><\/td><\/tr><tr><td width=\"90%\"><\/td><td><\/td><\/tr><tr><td width=\"90%\"><\/td><td><\/td><\/tr><tr><td><\/td><td><\/td><\/tr><tr><td colspan=\"2\"><p>Physik und Astronomie<\/p><\/td><\/tr><tr><td width=\"90%\"><p><a href=\"https:\/\/vvz.ruhr-uni-bochum.de\/campus\/all\/module.asp?gguid=0xCEA7C740C0DE3F478EECCCD6DC918AA1&amp;tguid=0x4ECA312407D78348A1A0289F4DE738EA\">Analogelektronik (OPT)(5 CP)<\/a><\/p><\/td><td><\/td><\/tr><tr><td><p>Teil 1: Analogelektronik (Vorlesung), WS 2011\/12<\/p><\/td><td><\/td><\/tr><tr><td><p>Teil 2: Analogelektronik (\u00dcbung), WS 2011\/12<\/p><\/td><td><\/td><\/tr><tr><td><p>G4 Basismodul &#8222;Elektronik f\u00fcr physikalische Experimente&#8220;<\/p><\/td><td><\/td><\/tr><tr><td><p>Studierende der Physik k\u00f6nnen sich dieses Modul nicht f\u00fcr den Optionalbereich anrechnen lassen!<\/p><\/td><td><\/td><\/tr><tr><td><p><\/p><\/td><td><\/td><\/tr><tr><td width=\"90%\"><p><a href=\"https:\/\/vvz.ruhr-uni-bochum.de\/campus\/all\/module.asp?gguid=0xA16AE5024B0F1F479889CD84B25F7E58&amp;tguid=0x4ECA312407D78348A1A0289F4DE738EA\">Mathematische Hilfsmittel der Physik (OPT) (5 CP)<\/a><\/p><\/td><td><\/td><\/tr><tr><td><p>Teil 1: Einf\u00fchrung in die mathematischen Hilfsmittel der Physik (Blockkurs), WS 2011\/12<\/p><\/td><td><\/td><\/tr><tr><td><p>Teil 2: Einf\u00fchrung in die mathematischen Hilfsmittel der Physik (Blockkurs), WS 2011\/12<\/p><\/td><td><\/td><\/tr><tr><td><p>G4 Basismodul &#8222;Mathematische Methoden f\u00fcr die Physik&#8220;<\/p><\/td><td><\/td><\/tr><tr><td><p>Studierende der Physik im 1-Fach B.Sc. k\u00f6nnen sich dieses Modul nicht f\u00fcr den Optionalbereich anrechnen lassen!<\/p><\/td><td><\/td><\/tr><tr><td><p><\/p><\/td><td><\/td><\/tr><tr><td width=\"90%\"><p><a href=\"https:\/\/vvz.ruhr-uni-bochum.de\/campus\/all\/module.asp?gguid=0x69BA1E4D129AA7448BEBEA40C413B387&amp;error=&amp;expand=0x4ECA312407D78348A1A0289F4DE738EA&amp;tguid=0x4ECA312407D78348A1A0289F4DE738EA#0x4ECA312407D78348A1A0289F4DE738EA\">Mathematische Methoden der Physik (OPT) (5 CP)<\/a><\/p><\/td><td><\/td><\/tr><tr><td><p>Teil 1: Einf\u00fchrung in die mathematischen Hilfsmittel der Physik (Vorlesung), WS 2011\/12<\/p><\/td><td><\/td><\/tr><tr><td><p>Teil 2: Einf\u00fchrung in die mathematischen Hilfsmittel der Physik (Seminar), WS 2011\/12<\/p><\/td><td><\/td><\/tr><tr><td><p>G4 Basismodul &#8222;Mathematische Methoden f\u00fcr die Physik&#8220;<\/p><\/td><td><\/td><\/tr><tr><td><p>Studierende der Mathematik sowie der Physik k\u00f6nnen sich dieses Modul nicht f\u00fcr den Optionalbereich anrechnen lassen!<\/p><\/td><td><\/td><\/tr><tr><td><p><\/p><\/td><td><\/td><\/tr><tr><td width=\"90%\"><p><a href=\"https:\/\/vvz.ruhr-uni-bochum.de\/campus\/all\/module.asp?gguid=0xEC43D13F7213F444999775ABBEF71E44&amp;tguid=0x4ECA312407D78348A1A0289F4DE738EA\">Physik I (Schwerpunkt Biologie) (5 CP)<\/a><\/p><\/td><td><\/td><\/tr><tr><td><p>Teil 1: Physik I f\u00fcr Studierende der Biologie (Vorlesung), WS 2011\/12<\/p><\/td><td><\/td><\/tr><tr><td><p>Teil 2: Physik I f\u00fcr Studierende der Biologie (\u00dcbung), WS 2011\/12<\/p><\/td><td><\/td><\/tr><tr><td><p>G4 Basismodul &#8222;Grundlagen der Physik&#8220;<\/p><\/td><td><\/td><\/tr><tr><td><p>Da die Veranstaltung inhaltlich der Physik I (Schwerpunkt Chemie) gleicht, kann nur jeweils eine von beiden f\u00fcr den Optionalbereich anerkannt werden. F\u00fcr Studierende des B.Sc. Studiengangs Biologie ist dieses Modul nicht im Optionalbereich anrechenbar. Studierende der Physik k\u00f6nnen an diesem Modul nicht teilnehmen!<\/p><\/td><td><\/td><\/tr><tr><td><p><\/p><\/td><td><\/td><\/tr><tr><td width=\"90%\"><p><a href=\"https:\/\/vvz.ruhr-uni-bochum.de\/campus\/all\/module.asp?gguid=0x214313404D7E4849B4EAA91383DE1753&amp;tguid=0x4ECA312407D78348A1A0289F4DE738EA\">Physik I (Schwerpunkt Chemie, Biochemie, Geowissenschaften) (5 CP)<\/a><\/p><\/td><td><\/td><\/tr><tr><td><p>Teil 1: Physik I f\u00fcr Studierende der Biochemie, Chemie und Geowissenschaften (Vorlesung), WS 2011\/12<\/p><\/td><td><\/td><\/tr><tr><td><p>Teil 2: Physik I f\u00fcr Studierende der Biochemie, Chemie und Geowissenschaften (\u00dcbung), WS 2011\/12<\/p><\/td><td><\/td><\/tr><tr><td><p>G4 Basismodul &#8222;Grundlagen der Physik&#8220;<\/p><\/td><td><\/td><\/tr><tr><td><p>Da die Veranstaltung inhaltlich der Physik I (Schwerpunkt Biologie) gleicht, kann nur jeweils eine von beiden f\u00fcr den Optionalbereich anerkannt werden. F\u00fcr Studierende des B.Sc. Studiengangs Chemie, Biochemie, Geowissenschaften ist dieses Modul nicht im Optionalbereich anrechenbar. Studierende der Physik k\u00f6nnen an diesem Modul nicht teilnehmen!<\/p><\/td><td><\/td><\/tr><tr><td><p><\/p><\/td><td><\/td><\/tr><tr><td width=\"90%\"><p><a href=\"https:\/\/vvz.ruhr-uni-bochum.de\/campus\/all\/module.asp?gguid=0x783EB5F7580F934E942782093D40261F&amp;tguid=0x4ECA312407D78348A1A0289F4DE738EA\">Physik des Universums: Vom Urknall bis zur Supernova (OPT) (5 CP)<\/a><\/p><\/td><td><\/td><\/tr><tr><td><p>Teil 1: Physik des Universums: Vom Urknall bis zur Supernova (Vorlesung), WS 2011\/12<\/p><\/td><td><\/td><\/tr><tr><td><p>Teil 2: Physik des Universums: Vom Urknall bis zur Supernova (\u00dcbung), WS 2011\/12<\/p><\/td><td><\/td><\/tr><tr><td><p>G4 Basismodul &#8222;Physik des Universums&#8220;<\/p><\/td><td><\/td><\/tr><tr><td><p>Studierende der Physik k\u00f6nnen sich dieses Modul nicht f\u00fcr den Optionalbereich anrechnen lassen!<\/p><\/td><td><\/td><\/tr><tr><td><p><\/p><\/td><td><\/td><\/tr><tr><td width=\"90%\"><p><a href=\"https:\/\/vvz.ruhr-uni-bochum.de\/campus\/all\/module.asp?gguid=0x12C096F7DAAA47498974A5E2E9C61E6F&amp;tguid=0x4ECA312407D78348A1A0289F4DE738EA\">Physik f\u00fcr Nicht-Physikerinnen und Nicht-Physiker I (OPT) (5 CP)<\/a><\/p><\/td><td><\/td><\/tr><tr><td><p>Teil 1: Physik f\u00fcr Nicht-Physikerinnen und Nicht-Physiker (Vorlesung), WS 2011\/12<\/p><\/td><td><\/td><\/tr><tr><td><p>Teil 2: Physik f\u00fcr Nicht-Physikerinnen und Nicht-Physiker (\u00dcbung), WS 2011\/12<\/p><\/td><td><\/td><\/tr><tr><td><p>G4 Basismodul &#8222;Grundlagen der Physik&#8220;<\/p><\/td><td><\/td><\/tr><tr><td><p>Studierende der Physik k\u00f6nnen an diesem Modul nicht teilnehmen!<\/p><\/td><td><\/td><\/tr><tr><td><\/td><td><\/td><\/tr><tr><td colspan=\"2\"><p>Rechtswissenschaft<\/p><\/td><\/tr><tr><td width=\"90%\"><p><a href=\"https:\/\/vvz.ruhr-uni-bochum.de\/campus\/all\/module.asp?gguid=0x1FC65BBAF1E33641BEE5D9D29E03668C&amp;tguid=0x4ECA312407D78348A1A0289F4DE738EA\">Kriminologie (Optionalbereich)(5 CP)<\/a><\/p><\/td><td><\/td><\/tr><tr><td><p>Teil 1: Kriminologie I (Vorlesung), WS 2011\/12<\/p><\/td><td><\/td><\/tr><tr><td><p>Teil 2: Ausgew\u00e4hlte Themen zur Kriminologie (\u00dcbung), WS 2011\/12<\/p><\/td><td><\/td><\/tr><tr><td><p>G4 Basismodul &#8222;Rechtswissenschaft&#8220;<\/p><\/td><td><\/td><\/tr><tr><td><\/td><td><\/td><\/tr><tr><td colspan=\"2\"><p>Sozialwissenschaft<\/p><\/td><\/tr><tr><td width=\"90%\"><p><a href=\"https:\/\/vvz.ruhr-uni-bochum.de\/campus\/all\/module.asp?gguid=0xC20BD3C515A0F844A182BA6138B95460&amp;fieldgguid=&amp;mode=&amp;findmodule=angewandte&amp;tguid=0x4ECA312407D78348A1A0289F4DE738EA\">Angewandte Sozial-und Kulturpsychologie (5 CP)<\/a><\/p><\/td><td><\/td><\/tr><tr><td><p>Teil 1: Angewandte Sozial- und Kulturpsychologie (Vorlesung), WS 2011\/12<\/p><\/td><td><\/td><\/tr><tr><td><p>Teil 2: Strukturierte Betreuung (SozialDienst, Teil III) (\u00dcbung), WS 2011\/12<\/p><\/td><td><\/td><\/tr><tr><td><p>G4 Aufbaumodul &#8222;Soziologie&#8220;<\/p><\/td><td><\/td><\/tr><tr><td><p>Studierende des Faches Sozialpsychologie und -anthropologie sowie des Studiengangs Sozialwissenschaft k\u00f6nnen an dem Modul nicht teilnehmen.<\/p><\/td><td><\/td><\/tr><tr><td><p><\/p><\/td><td><\/td><\/tr><tr><td width=\"90%\"><p><a href=\"https:\/\/vvz.ruhr-uni-bochum.de\/campus\/all\/module.asp?gguid=0xA2B1A557EDE35640B7837F39DB29B256&amp;tguid=0x4ECA312407D78348A1A0289F4DE738EA\">Arbeits-, Wirtschafts- und Organisationssoziologie (5 CP)<\/a><\/p><\/td><td><\/td><\/tr><tr><td><p>Teil 1a: Einf\u00fchrung in die Arbeits-, Wirtschafts- und Organisationssoziologie (Seminar), WS 2011\/12 oder<\/p><\/td><td><\/td><\/tr><tr><td><p>Teil 1b: Einf\u00fchrung in die Arbeits-, Wirtschafts- und Organisationssoziologie (Seminar), WS 2011\/12<\/p><\/td><td><\/td><\/tr><tr><td><p>Teil 2: Strukturierte Betreuung (AWOrg, \u00dcbung), WS 2011\/12<\/p><\/td><td><\/td><\/tr><tr><td><p>G4 Aufbaumodul &#8222;Soziologie&#8220;<\/p><\/td><td><\/td><\/tr><tr><td><p>Studierende der F\u00e4cher PWG, KIG und Soziologie sowie des Studiengangs Sozialwissenschaft k\u00f6nnen an diesem Modul nicht teilnehmen!<\/p><\/td><td><\/td><\/tr><tr><td><p><\/p><\/td><td><\/td><\/tr><tr><td width=\"90%\"><p><a href=\"https:\/\/vvz.ruhr-uni-bochum.de\/campus\/all\/module.asp?gguid=0x52EAAB61177EB443BCEA981DA4BF450E&amp;fieldgguid=&amp;mode=&amp;findmodule=einf%FChrung&amp;tguid=0x4ECA312407D78348A1A0289F4DE738EA\">Einf\u00fchrung in die Wirtschafts- und Sozialpolitik (5 CP)<\/a><\/p><\/td><td><\/td><\/tr><tr><td><p>Teil 1: Einf\u00fchrung in die Wirtschafts- und Sozialpolitik (Vorlesung), WS 2011\/12<\/p><\/td><td><\/td><\/tr><tr><td><p>Teil 2: Wirtschafts- und Sozialpolitik (\u00dcbung), WS 2011\/12<\/p><\/td><td><\/td><\/tr><tr><td><p>G4 Basismodul &#8222;Sozial\u00f6konomik&#8220;<\/p><\/td><td><\/td><\/tr><tr><td><p>Studierende der F\u00e4cher PWG, Soziologie, Politikwissenschaft und Sozialpsychologie\/-anthropologie sowie des Studiengangs Sozialwissenschaft k\u00f6nnen an diesem Modul nicht teilnehmen!<\/p><\/td><td><\/td><\/tr><tr><td><p><\/p><\/td><td><\/td><\/tr><tr><td width=\"90%\"><p><a href=\"https:\/\/vvz.ruhr-uni-bochum.de\/campus\/all\/module.asp?gguid=0x0498803CE1A4D94CB75CB56EA3469100&amp;fieldgguid=&amp;mode=&amp;findmodule=int&amp;tguid=0x4ECA312407D78348A1A0289F4DE738EA\">Internationalisierung (5 CP)<\/a><\/p><\/td><td><\/td><\/tr><tr><td><p>Teil 1: Migration, Geschlechterverh\u00e4ltnis und Entwicklung (Seminar), WS 2011\/12<\/p><\/td><td><\/td><\/tr><tr><td><p>Teil 2: Strukturierte Betreuung (\u00dcbung), WS 2011\/12<\/p><\/td><td><\/td><\/tr><tr><td><p>G4 Basismodul &#8222;Soziologie&#8220;<\/p><\/td><td><\/td><\/tr><tr><td><p>Studierende der F\u00e4cher KIG und Soziologie sowie des Studiengangs Sozialwissenschaft k\u00f6nnen an diesem Modul nicht teilnehmen!<\/p><\/td><td><\/td><\/tr><tr><td><p><\/p><\/td><td><\/td><\/tr><tr><td width=\"90%\"><p><a href=\"https:\/\/vvz.ruhr-uni-bochum.de\/campus\/all\/module.asp?gguid=0xFDB22DAC17C4C248AEBF68E3DAAA7AC7&amp;fieldgguid=&amp;findmodule=lehrforschungsmodul&amp;tguid=0x4ECA312407D78348A1A0289F4DE738EA\">Lehrforschungsmodul empirische Sozialwissenschaft und Kulturanalyse (20 CP)<\/a><\/p><\/td><td><\/td><\/tr><tr><td><p>Teil 1: &#8222;Sch\u00f6n, fit, martialisch und cool. Empirische Erkundungen zu leiblichem Erleben und k\u00f6rperlichen Behandlungen&#8220; (Lehrforschungsprojekt), WS 2011\/12 und SoSe 2012<\/p><\/td><td><\/td><\/tr><tr><td><p>Teil 2: strukturierte Betreuung zum Lehrforschungsseminar, WS 2011\/12 und SoSe 2012<\/p><\/td><td><\/td><\/tr><tr><td><p>Teil 3: K\u00f6rper und K\u00f6rperkult als Gegenstand des Dienstleistungsmarktes, WS 2011\/12<\/p><\/td><td><\/td><\/tr><tr><td><p>Teil 4: \u00d6ffentliche Pr\u00e4sentation der Forschungsergebnisse, Oktober 2012<\/p><\/td><td><\/td><\/tr><tr><td><p>G4 Basismodul &#8222;Sozialwissenschaft&#8220;<\/p><\/td><td><\/td><\/tr><tr><td><p>Studierende des 1-Fach-Bachelors Sozialwissenschaft k\u00f6nnen an diesem Modul nicht teilnehmen.<\/p><\/td><td><\/td><\/tr><tr><td><p><\/p><\/td><td><\/td><\/tr><tr><td width=\"90%\"><p><a href=\"https:\/\/vvz.ruhr-uni-bochum.de\/campus\/all\/module.asp?gguid=0xCDA3F1C6EC21DE4AB7E8C74233DFF938&amp;tguid=0x4ECA312407D78348A1A0289F4DE738EA\">Management und Organisation von Arbeit (5 CP)<\/a><\/p><\/td><td><\/td><\/tr><tr><td><p>Teil 1: Management und Organisation von Arbeit &#8211; Strukturen, Akteure und Handlungsfelder, WS 2011\/12<\/p><\/td><td><\/td><\/tr><tr><td><p>Teil 2: Betriebspraxis &#8211; Exkursion und Projekte in Unternehmen (Diskussionen ausgew\u00e4hlter aktueller Problemfelder mit Arbeitgeber-\/Arbeitnehmervertretern), SoSe 2012<\/p><\/td><td><\/td><\/tr><tr><td><p>G4 Aufbaumodul &#8222;Soziologie&#8220;<\/p><\/td><td><\/td><\/tr><tr><td><p>Studierende der Soziologie, des Faches PWG sowie des Faches Sozialwissenschaft k\u00f6nnen an diesem Modul nicht teilnehmen.<\/p><\/td><td><\/td><\/tr><tr><td><p><\/p><\/td><td><\/td><\/tr><tr><td width=\"90%\"><p><a href=\"https:\/\/vvz.ruhr-uni-bochum.de\/campus\/all\/module.asp?gguid=0xC520941B0FAB684ABAEB5D6428886784&amp;tguid=0x4ECA312407D78348A1A0289F4DE738EA\">Politikwissenschaft: Internationale Beziehungen (5 CP)<\/a><\/p><\/td><td><\/td><\/tr><tr><td><p>Teil 1: Einf\u00fchrung in die Internationalen Beziehungen (Vorlesung), WS 2011\/12<\/p><\/td><td><\/td><\/tr><tr><td><p>Teil 2a: Demokratie und Demokratien im internationalen Vergleich (Seminar), WS 2011\/12 oder<\/p><\/td><td><\/td><\/tr><tr><td><p>Teil 2b: Stillstand und Wandel in internationalen Organisationen: Der IWF und die WTO (Seminar), WS 2011\/12 oder<\/p><\/td><td><\/td><\/tr><tr><td><p>Teil 2c: Die Au\u00dfenpolitik der Bundesrepublik (Seminar), WS 2011\/12 oder<\/p><\/td><td><\/td><\/tr><tr><td><p>Teil 2d: F\u00f6deralismus in der EU: Union, Staaten, Regionen (Seminar), WS 2011\/12<\/p><\/td><td><\/td><\/tr><tr><td><p>G4 Aufbaumodul &#8222;Politikwissenschaft&#8220;<\/p><\/td><td><\/td><\/tr><tr><td><p>Studierende des Faches Politikwissenschaft, des Faches Politik, Wirtschaft und Gesellschaft, sowie des Faches Sozialwissenschaft k\u00f6nnen an dem Modul nicht teilnehmen!<\/p><\/td><td><\/td><\/tr><tr><td><p><\/p><\/td><td><\/td><\/tr><tr><td width=\"90%\"><p><a href=\"https:\/\/vvz.ruhr-uni-bochum.de\/campus\/all\/module.asp?gguid=0xCD8A932ED40C434892F8E345666AB0FC&amp;tguid=0x4ECA312407D78348A1A0289F4DE738EA\">Politikwissenschaft: Politisches System Deutschlands (5 CP)<\/a><\/p><\/td><td><\/td><\/tr><tr><td><p>Teil 1: Einf\u00fchrung in das politische System Deutschlands (Vorlesung), WS 2011\/12<\/p><\/td><td><\/td><\/tr><tr><td><p>Teil 2a: Kommunalpolitik und Kommunalverwaltung (Seminar), WS 2011\/12 oder<\/p><\/td><td><\/td><\/tr><tr><td><p>Teil 2c: Zwischen Reformstau und Durchregieren &#8211; Deutsche Reformpolitik seit 1998 (Seminar), WS 2011\/12 oder<\/p><\/td><td><\/td><\/tr><tr><td><p>Teil 2c: Verwaltung und Verwaltungswissenschaft in Deutschland (Seminar), WS 2011\/12<\/p><\/td><td><\/td><\/tr><tr><td><p>G4 Basismodul &#8222;Politikwissenschaft&#8220;<\/p><\/td><td><\/td><\/tr><tr><td><p>Studierende der F\u00e4cher PWG, KIG und Politikwissenschaft sowie des Studienganges Sozialwissenschaft k\u00f6nnen an dem Modul nicht teilnehmen!<\/p><\/td><td><\/td><\/tr><tr><td><p><\/p><\/td><td><\/td><\/tr><tr><td width=\"90%\"><p><a href=\"https:\/\/vvz.ruhr-uni-bochum.de\/campus\/all\/module.asp?gguid=0x111BBA50508FC0458FD11360A2FB862C&amp;tguid=0x4ECA312407D78348A1A0289F4DE738EA\">Politikwissenschaft: Vergleichende Regierungslehre (5 CP)<\/a><\/p><\/td><td><\/td><\/tr><tr><td><p>Teil 1: Einf\u00fchrung in die Vergleichende Regierungslehre (Vorlesung), WS 2011\/12<\/p><\/td><td><\/td><\/tr><tr><td><p>Teil 2a: Wandel durch Demonstrationen? &#8211; Erfolgsaussichten von Demokratiebewegungen im Vergleich (Seminar), WS 2011\/12 oder<\/p><\/td><td><\/td><\/tr><tr><td><p>Teil 2b: Einf\u00fchrung in das politische System der EU (Seminar), WS 2011\/12 oder<\/p><\/td><td><\/td><\/tr><tr><td><p>Teil 2c: Reformprozesse in ausgebauten Wohlfahrtsstaaten (Seminar), WS 2011\/12<\/p><\/td><td><\/td><\/tr><tr><td><p>G4 Aufbaumodul &#8222;Politikwissenschaft&#8220;<\/p><\/td><td><\/td><\/tr><tr><td><p>Studierende des Faches Politikwissenschaft sowie des Studiengangs Sozialwissenschaft k\u00f6nnen an diesem Modul nicht teilnehmen!<\/p><\/td><td><\/td><\/tr><tr><td><p><\/p><\/td><td><\/td><\/tr><tr><td width=\"90%\"><p><a href=\"https:\/\/vvz.ruhr-uni-bochum.de\/campus\/all\/module.asp?gguid=0x121DA1893080B14B824DE5AB1C41355A&amp;tguid=0x4ECA312407D78348A1A0289F4DE738EA\">Sozial- und Kulturpsychologie (5 CP)<\/a><\/p><\/td><td><\/td><\/tr><tr><td><p>Teil 1: Einf\u00fchrung in die Sozial- und Kulturpsychologie (Vorlesung), WS 2011\/12<\/p><\/td><td><\/td><\/tr><tr><td><p>Teil 2: Strukturierte Betreuung (\u00dcbung), WS 2011\/12<\/p><\/td><td><\/td><\/tr><tr><td><p>G4 Basismoudl &#8222;Sozialpsychologie&#8220;<\/p><\/td><td><\/td><\/tr><tr><td><p>Studierende des Faches Sozialpsychologie und -anthropologie sowie des Studiengangs Sozialwissenschaft k\u00f6nnen an dem Modul nicht teilnehmen!<\/p><\/td><td><\/td><\/tr><tr><td><p><\/p><\/td><td><\/td><\/tr><tr><td width=\"90%\"><p><a href=\"https:\/\/vvz.ruhr-uni-bochum.de\/campus\/all\/module.asp?gguid=0xF3F7869A766A8A449B702D48F4563970&amp;tguid=0x4ECA312407D78348A1A0289F4DE738EA\">Sozialanthropologie (5 CP)<\/a><\/p><\/td><td><\/td><\/tr><tr><td><p>Teil 1: Einf\u00fchrung in die Kultur- und Sozialanthropologie (Vorlesung), WS 2011\/12<\/p><\/td><td><\/td><\/tr><tr><td><p>Teil 2: Strukturierte Betreuung (\u00dcbung), WS 2011\/12<\/p><\/td><td><\/td><\/tr><tr><td><p>G4 Basismodul &#8222;Sozialpsychologie&#8220;<\/p><\/td><td><\/td><\/tr><tr><td><p>Studierende des Faches Sozialpsychologie und -anthropologie sowie des Studienganges Sozialwissenschaft k\u00f6nnen an dem Modul nicht teilnehmen!<\/p><\/td><td><\/td><\/tr><tr><td><p><\/p><\/td><td><\/td><\/tr><tr><td width=\"90%\"><\/td><td><\/td><\/tr><tr><td width=\"90%\"><p><a href=\"https:\/\/vvz.ruhr-uni-bochum.de\/campus\/all\/module.asp?gguid=0xBA58F64D4BBEAF419503F701ADC3FD5C&amp;tguid=0x4ECA312407D78348A1A0289F4DE738EA\">Sozialtheorie (5 CP)<\/a><\/p><\/td><td><\/td><\/tr><tr><td><p>Teil 1: Einf\u00fchrung in die Sozial- und Kulturtheorie (Vorlesung), WS 2011\/12<\/p><\/td><td><\/td><\/tr><tr><td><p>Teil 2: Strukturierte Betreuung (\u00dcbung), WS 2011\/12<\/p><\/td><td><\/td><\/tr><tr><td><p>G4 Aufbaumodul &#8222;Sozialpsychologie&#8220;<\/p><\/td><td><\/td><\/tr><tr><td><p>Studierende des Faches Sozialpsychologie und -anthropologie sowie des Studiengangs Sozialwissenschaft k\u00f6nnen an dem Modul nicht teilnehmen!<\/p><\/td><td><\/td><\/tr><tr><td><p><\/p><\/td><td><\/td><\/tr><tr><td width=\"90%\"><p><a href=\"https:\/\/vvz.ruhr-uni-bochum.de\/campus\/all\/module.asp?gguid=0x8F72B0D9A14F7642A612C67BD8DB97A2&amp;tguid=0x4ECA312407D78348A1A0289F4DE738EA\">Soziologie I (5 CP)<\/a><\/p><\/td><td><\/td><\/tr><tr><td><p>Teil 1: Einf\u00fchrung in die Soziologie I (Vorlesung), WS 2011\/12<\/p><\/td><td><\/td><\/tr><tr><td><p>Teil 2: Strukturierte Betreuung zur Soziologie I(\u00dcbung), WS 2011\/12<\/p><\/td><td><\/td><\/tr><tr><td><p>G4 Basismodul &#8222;Soziologie&#8220;<\/p><\/td><td><\/td><\/tr><tr><td><p>Studierende der F\u00e4cher PWG, KIG, Soziologie, Politikwissenschaft und Sozialpsychologie\/-anthropologie sowie des Studiengangs Sozialwissenschaft k\u00f6nnen an diesem Modul nicht teilnehmen!<\/p><\/td><td><\/td><\/tr><tr><td><p><\/p><\/td><td><\/td><\/tr><tr><td width=\"90%\"><p><a href=\"https:\/\/vvz.ruhr-uni-bochum.de\/campus\/all\/module.asp?gguid=0xD6186277B789B6419CF3653B629830CA&amp;tguid=0x4ECA312407D78348A1A0289F4DE738EA\">Soziologie II (5 CP)<\/a><\/p><\/td><td><\/td><\/tr><tr><td><p>Teil 1: Einf\u00fchrung in die Soziologie II (Vorlesung), WS 2011\/12<\/p><\/td><td><\/td><\/tr><tr><td><p>Teil 2: Strukturierte Betreuung zur Soziologie II (\u00dcbung), WS 2011\/12<\/p><\/td><td><\/td><\/tr><tr><td><p>G4 Aufbaumodul &#8222;Soziologie&#8220;<\/p><\/td><td><\/td><\/tr><tr><td><p>Studierende der F\u00e4cher PWG, KIG, Soziologie, Politikwissenschaft und Sozialpsychologie\/-anthropologie sowie des Studiengangs Sozialwissenschaft k\u00f6nnen an diesem Modul nicht teilnehmen!<\/p><\/td><td><\/td><\/tr><tr><td><p><\/p><\/td><td><\/td><\/tr><tr><td width=\"90%\"><p><a href=\"https:\/\/vvz.ruhr-uni-bochum.de\/campus\/all\/module.asp?gguid=0xE24BFDB02B4B51468C2CB1BED7A05924&amp;fieldgguid=&amp;mode=&amp;findmodule=theor&amp;tguid=0x4ECA312407D78348A1A0289F4DE738EA\">Theorie und Analyse von Gegenwartsgesellschaften (5 CP)<\/a><\/p><\/td><td><\/td><\/tr><tr><td><p>Teil 1: Einf\u00fchrung in die Soziologie III (Vorlesung), WS 2010\/12<\/p><\/td><td><\/td><\/tr><tr><td><p>Teil 2: Strukturierte Betreuung (\u00dcbung), WS 2011\/12<\/p><\/td><td><\/td><\/tr><tr><td><p>G4 Aufbaumodul &#8222;Soziologie&#8220;<\/p><\/td><td><\/td><\/tr><tr><td><p>Studierende des Faches Soziologie sowie des Studienganges Sozialwissenschaft k\u00f6nnen an diesem Modul nicht teilnehmen!<\/p><\/td><td><\/td><\/tr><tr><td><\/td><td><\/td><\/tr><tr><td colspan=\"2\"><p>Sportwissenschaft<\/p><\/td><\/tr><tr><td width=\"90%\"><p><a href=\"https:\/\/vvz.ruhr-uni-bochum.de\/campus\/all\/module.asp?gguid=0x5ED5D77DDF25FB42ACF2F1A1E91EDCB2&amp;tguid=0x4ECA312407D78348A1A0289F4DE738EA\">Aufbau des K\u00f6rpers sowie Funktionsweise in Ruhe und w\u00e4hrend k\u00f6rperlicher Belastung (5 CP)<\/a><\/p><\/td><td><\/td><\/tr><tr><td><p>Teil 1: Sportmedizin (Vorlesung), WS 2011\/12<\/p><\/td><td><\/td><\/tr><tr><td><p>Teil 2: Aufbau des K\u00f6rpers sowie Funktionsweise in Ruhe und w\u00e4hrend k\u00f6rperlicher Belastung (\u00dcbung), WS 2011\/12<\/p><\/td><td><\/td><\/tr><tr><td><p>G4 &#8222;Sportmedizin&#8220;<\/p><\/td><td><\/td><\/tr><tr><td width=\"100%\"><p>Studierende der Sportwissenschaft k\u00f6nnen an diesem Modul nicht teilnehmen!<\/p><\/td><td><\/td><\/tr><tr><td><p><\/p><\/td><td><\/td><\/tr><tr><td width=\"90%\"><p><a href=\"http:\/\/www.ruhr-uni-bochum.de\/optionalbereich\/downloads\/Fasten_WS_11_G4.pdf\">Bewegung unter verschiedenen Umgebungsbedingungen \u2013 BEWEGTES FASTEN IN DER NATUR &#8211; Fettstoffwechseltraining, Entdeckung kreativer Ressourcen und spirituelle Selbsterfahrung? (5 CP)<\/a>\u00a0(PDF, ca. 0.2 MB)<\/p><\/td><td><\/td><\/tr><tr><td><p>Teil 1: Bewegtes Fasten in der Natur \u2013 Selbsterfahrung \/ Projektwoche, WS 2011\/12<\/p><\/td><td><\/td><\/tr><tr><td><p>Teil 2: Nachbereitung Projektwoche, Datenbearbeitung, \u00a0und Grundlagen wissenschaftlicher Pr\u00e4sentationen, optional Teilnahme an einer wissenschaftlichen Tagung , SoSe 2012<\/p><\/td><td><\/td><\/tr><tr><td><p>G4 &#8222;Intensive Track&#8220;<\/p><\/td><td><\/td><\/tr><tr><td><p><\/p><\/td><td><\/td><\/tr><tr><td width=\"90%\"><p><a href=\"https:\/\/vvz.ruhr-uni-bochum.de\/campus\/all\/module.asp?gguid=0x60A0959C16911942AD70FD3A732CB957&amp;fieldgguid=&amp;mode=&amp;findmodule=Bewegung&amp;tguid=0xF6D6C16D8202A74C8FD36C4FB58CFC2A\">Bewegung unter verschiedenen Umgebungsbedingungen &#8211; H\u00f6henphysiologie und H\u00f6henadaptation (10 CP)<\/a><\/p><\/td><td><\/td><\/tr><tr><td><p>Teil 1: H\u00f6henphysiologie und H\u00f6henadaptation \u2013 Theorie und Projektentwicklung 1, WS 2011\/12<\/p><\/td><td><\/td><\/tr><tr><td><p>Teil 2: Exkursion \/ Feldversuch in einer Bergregion, SoSe 2012<\/p><\/td><td><\/td><\/tr><tr><td><\/td><td><\/td><\/tr><tr><td><\/td><td><\/td><\/tr><tr><td><p>G4 Intensiv studieren<\/p><\/td><td><\/td><\/tr><tr><td><p><\/p><\/td><td><\/td><\/tr><tr><td width=\"90%\"><p><a href=\"https:\/\/vvz.ruhr-uni-bochum.de\/campus\/all\/module.asp?gguid=0x201740C2299E72459D76BDB02E4ABC18&amp;tguid=0x4ECA312407D78348A1A0289F4DE738EA\">Choreographische Werkstatt (5 CP)<\/a><\/p><\/td><td><\/td><\/tr><tr><td><p>Teil 1:Elemente des Choreografierens im Tanz, WS 2011\/2012<\/p><\/td><td><\/td><\/tr><tr><td><p>Teil 2: Zeitgen\u00f6ssischer B\u00fchnentanz und Tanz im Film (Seminar), WS 2011\/12<\/p><\/td><td><\/td><\/tr><tr><td><p>G4 &#8222;Sport und Gesellschaft&#8220;<\/p><\/td><td><\/td><\/tr><tr><td width=\"100%\"><p>Achtung: Studierende des 1-Fach-Sport-Bachelor k\u00f6nnen an diesem Modul nur teilnehmen, wenn Teil 1 (Elemente des Choreografierens im Tanz) nicht Bestandteil eines Fachmoduls ist!<\/p><\/td><td><\/td><\/tr><tr><td><p><\/p><\/td><td><\/td><\/tr><tr><td width=\"90%\"><p><a href=\"https:\/\/vvz.ruhr-uni-bochum.de\/campus\/all\/module.asp?gguid=0x8F089D6BB4CE7B439AA9F93AB7BC537F&amp;tguid=0x4ECA312407D78348A1A0289F4DE738EA\">Sportsoziologie (5 CP)<\/a><\/p><\/td><td><\/td><\/tr><tr><td><p>Teil 1: Sport in soziologischer Perspektive (Vorlesung), WS 2011\/12<\/p><\/td><td><\/td><\/tr><tr><td><p>Teil 2: Sportsoziologie: Trends im Sport (Seminar), WS 2011\/12<\/p><\/td><td><\/td><\/tr><tr><td><p>G4 &#8222;Sport und Gesellschaft&#8220;<\/p><\/td><td><\/td><\/tr><tr><td width=\"100%\"><p>Studierende der Sportwissenschaft k\u00f6nnen an diesem Modul nicht teilnehmen!<\/p><\/td><td><\/td><\/tr><tr><td><p><\/p><\/td><td><\/td><\/tr><tr><td width=\"90%\"><p><a href=\"https:\/\/vvz.ruhr-uni-bochum.de\/campus\/all\/module.asp?gguid=0x6F3BB77D6558554C99F1DEBE87F14ED5&amp;tguid=0x4ECA312407D78348A1A0289F4DE738EA\">Sport und Erziehung (5 CP)<\/a><\/p><\/td><td><\/td><\/tr><tr><td><p>Teil 1: Einf\u00fchrung in die Sportp\u00e4dagogik und Sportdidaktik (Vorlesung), WS 2011\/12<\/p><\/td><td><\/td><\/tr><tr><td><p>Teil 2a: Sportp\u00e4dagogische \/ sportdidaktische Vertiefung: Anerkennung als sportp\u00e4dagogische Aufgabe (Seminar), WS 2011\/12 oder<\/p><\/td><td><\/td><\/tr><tr><td><p>Teil 2b: Sportp\u00e4dagogische \/ sportdidaktische Vertiefung: K\u00f6rper, Bildung, Sport (Seminar), WS 2011\/12<\/p><\/td><td><\/td><\/tr><tr><td><p>G4 Sportpsychologie\/Sportp\u00e4dagogik<\/p><\/td><td><\/td><\/tr><tr><td width=\"100%\"><p>Studierende der Sportwissenschaft k\u00f6nnen an diesem Modul nicht teilnehmen!<\/p><\/td><td><\/td><\/tr><tr><td><\/td><td><\/td><\/tr><tr><td colspan=\"2\"><p>Theaterwissenschaft<\/p><\/td><\/tr><tr><td width=\"90%\"><\/td><td><\/td><\/tr><tr><td width=\"90%\"><p><a href=\"https:\/\/vvz.ruhr-uni-bochum.de\/campus\/all\/module.asp?gguid=0xAD3C916BE1237443A141DE29B4978FBB&amp;tguid=0x4ECA312407D78348A1A0289F4DE738EA\">Grundlagen der Theaterwissenschaft (5 CP)<\/a><\/p><\/td><td><\/td><\/tr><tr><td><p>Teil 1: Schauspielertheorien des 20. Jahrhunderts (Seminar), WS 2011\/12<\/p><\/td><td><\/td><\/tr><tr><td><p>Teil 2: Zuschauerkollusion. Rezeptions\u00e4sthetische Theorien im 20. Jahrhundert (Seminar), WS 2011\/12<\/p><\/td><td><\/td><\/tr><tr><td><p>G4 Grundlagen der Theaterwissenschaft<\/p><\/td><td><\/td><\/tr><tr><td width=\"100%\"><p>Studierende der Theaterwissenschaft k\u00f6nnen an diesem Modul nicht teilnehmen!<\/p><\/td><td><\/td><\/tr><tr><td><\/td><td><\/td><\/tr><tr><td colspan=\"2\"><p>Wirtschaftswissenschaft<\/p><\/td><\/tr><tr><td width=\"90%\"><p><a href=\"https:\/\/vvz.ruhr-uni-bochum.de\/campus\/all\/module.asp?gguid=0xCBBCA7B66BDDCC48917A00B1DE996E43&amp;tguid=0x9C8E1BE57C73CD4CAAC3A34FF36E00AD\">Einf\u00fchrung in die Betriebs- sowie Volkswirtschaftslehre (5 CP)<\/a><\/p><\/td><td><\/td><\/tr><tr><td><p>Teil 1: Einf\u00fchrung in die VWL f\u00fcr Nicht\u00f6konomen (Vorlesung), WS 2011\/12<\/p><\/td><td><\/td><\/tr><tr><td><p>Teil 2: Einf\u00fchrung in die BWL f\u00fcr Nicht\u00f6konomen (Vorlesung), SoSe 2012<\/p><\/td><td><\/td><\/tr><tr><td><p>Teil 3: Einf\u00fchrung in die BWL f\u00fcr Nicht\u00f6konomen (\u00dcbung), SoSe 2012<\/p><\/td><td><\/td><\/tr><tr><td><p>G4 Basismodul \u00d6konomie<\/p><\/td><td><\/td><\/tr><tr><td><p>Studierende der Wirtschaftswissenschaften k\u00f6nnen an diesem Modul nicht teilnehmen! Studierende, die das Modul &#8222;Grundlagen der BWL f\u00fcr Nicht\u00f6konomen und Existenzgr\u00fcnder belegen, k\u00f6nnen an diesem Modul nicht teilnehmen!<\/p><\/td><td><\/td><\/tr><tr><td><p><\/p><\/td><td><\/td><\/tr><tr><td width=\"90%\"><p><a href=\"https:\/\/vvz.ruhr-uni-bochum.de\/campus\/all\/module.asp?gguid=0x4BFAB34DBA14374F966BF7DDA29A8EC5&amp;fieldgguid=&amp;findmodule=einf%FChrung+in+das+Rec&amp;tguid=0x4ECA312407D78348A1A0289F4DE738EA\">Einf\u00fchrung in das Rechnungswesen\/Controlling (5 CP)<\/a><\/p><\/td><td><\/td><\/tr><tr><td><p>Teil 1: Einf\u00fchrung in das Rechnungswesen\/Controlling (Vorlesung), WS 2011\/12<\/p><\/td><td><\/td><\/tr><tr><td><p>Teil 2: \u00dcbung zur Einf\u00fchrung in das Rechnungswesen\/Controlling, WS 2011\/12<\/p><\/td><td><\/td><\/tr><tr><td><p>G4 Basismodul Rechnungswesen<\/p><\/td><td><\/td><\/tr><tr><td><p>Studierende der Wirtschaftswissenschaften k\u00f6nnen an diesem Modul nicht teilnehmen! Studierende, die das Modul &#8222;Grundlagen der BWL f\u00fcr Nicht\u00f6konomen und Existenzgr\u00fcnder belegen, k\u00f6nnen an diesem Modul nicht teilnehmen!<\/p><\/td><td><\/td><\/tr><tr><td><p><\/p><\/td><td><\/td><\/tr><tr><td width=\"90%\"><p><a href=\"https:\/\/vvz.ruhr-uni-bochum.de\/campus\/all\/module.asp?gguid=0xBB5208241575614A9B6F76339E8087A0&amp;error=&amp;expand=0x4ECA312407D78348A1A0289F4DE738EA&amp;tguid=0x4ECA312407D78348A1A0289F4DE738EA#0x4ECA312407D78348A1A0289F4DE738EA\">Grundlagen der Existenzgr\u00fcndung (5 CP)<\/a><\/p><\/td><td><\/td><\/tr><tr><td><p>Teil 1: V Grundlagen der Existenzgr\u00fcndung, WS 2011\/12<\/p><\/td><td><\/td><\/tr><tr><td><p>Teil 2: \u00dc Grundlagen der Existenzgr\u00fcndung, WS 2011\/12<\/p><\/td><td><\/td><\/tr><tr><td><p>G4 Basismodul Existenzgr\u00fcndung<\/p><\/td><td><\/td><\/tr><tr><td><p>Studierende der Wirtschaftswissenschaften k\u00f6nnen an diesem Modul nicht teilnehmen!<\/p><\/td><td><\/td><\/tr><tr><td><p><\/p><\/td><td><\/td><\/tr><tr><td width=\"90%\"><p><a href=\"https:\/\/vvz.ruhr-uni-bochum.de\/campus\/all\/module.asp?gguid=0x6B4426C73AACD04D9C1730E2BF1AFA0E&amp;error=&amp;expand=0x4ECA312407D78348A1A0289F4DE738EA&amp;tguid=0x4ECA312407D78348A1A0289F4DE738EA#0x4ECA312407D78348A1A0289F4DE738EA\">Planspiel Existenzgr\u00fcndung (5 CP)<\/a><\/p><\/td><td><\/td><\/tr><tr><td><p>Teil 1: Planspiel Existenzgr\u00fcndung f\u00fcr Nicht\u00f6konomen (Vorlesung), WS 2011\/12<\/p><\/td><td><\/td><\/tr><tr><td><p>Teil 2: Planspiel Existenzgr\u00fcndung f\u00fcr Nicht\u00f6konomen (\u00dcbung), WS 2011\/12<\/p><\/td><td><\/td><\/tr><tr><td><p>G4 Basismodul \u00d6konomie<\/p><\/td><td><\/td><\/tr><tr><td><p>Studierende der Wirtschaftswissenschaften k\u00f6nnen an diesem Modul nicht teilnehmen! Studierende, die das Modul &#8222;Grundlagen der BWL f\u00fcr Nicht\u00f6konomen und Existenzgr\u00fcnder belegen, k\u00f6nnen an diesem Modul nicht teilnehmen!<\/p><\/td><td><\/td><\/tr><tr><td><\/td><td><\/td><\/tr><tr><td colspan=\"2\"><p>Interdisziplin\u00e4re Module<\/p><\/td><\/tr><tr><td width=\"90%\"><p><a href=\"https:\/\/vvz.ruhr-uni-bochum.de\/campus\/all\/module.asp?gguid=0xFB9A893DF708274895B18B329A7D308E&amp;tguid=0x4ECA312407D78348A1A0289F4DE738EA\">&#8222;&#8230;wie ein Stein von einem andern Stern&#8230;&#8220; (5 CP)<\/a><\/p><\/td><td><\/td><\/tr><tr><td><p>Teil 1: Anton Bruckner &#8211; &#8222;&#8230;wie ein Stein von einem andern Stern&#8230;&#8220; &#8211; der gro\u00dfe Symphoniker als Komponist geistlicher Musik (Seminar), WS 2011\/12<\/p><\/td><td><\/td><\/tr><tr><td><p>Teil 2: Chor der Universit\u00e4t (praktische \u00dcbung), WS 2011\/12<\/p><\/td><td><\/td><\/tr><tr><td><p>G4 Basismodul &#8222;Kunst und Kultur&#8220;<\/p><\/td><td><\/td><\/tr><tr><td><p>Studierende, die in den vergangenen Semestern bereits ein Modul in Verbindung mit Chor oder Orchester erfolgreich abgeschlossen haben, k\u00f6nnen bei erneuter Teilnahme an diesem Modul keine Kreditpunkte anerkannt bekommen.<\/p><\/td><td><\/td><\/tr><tr><td><p><\/p><\/td><td><\/td><\/tr><tr><td width=\"90%\"><p><a href=\"https:\/\/vvz.ruhr-uni-bochum.de\/campus\/all\/module.asp?gguid=0x01974EB7F87060488EFD92FD0EFE3B0A&amp;tguid=0x4ECA312407D78348A1A0289F4DE738EA\">&#8222;Crossover Europe&#8220; &#8211; Regionalismus, Transkulturalit\u00e4t, Globalisierung (5 CP)<\/a><\/p><\/td><td><\/td><\/tr><tr><td><p>Teil 1: \u00dcberall zuhause? Koh\u00e4sion und Differenz in Europa (Ringvorlesung), WS 2011\/12<\/p><\/td><td><\/td><\/tr><tr><td><p>Teil 2: Region &#8211; Nation &#8211; Europa. Ein politisch-historischer Begriffsbaukasten (\u00dcbung), WS 2011\/12<\/p><\/td><td><\/td><\/tr><tr><td><p>G4 Basismodul &#8222;Identit\u00e4t und Differenz&#8220;<\/p><\/td><td><\/td><\/tr><tr><td><p><\/p><\/td><td><\/td><\/tr><tr><td width=\"90%\"><p><a href=\"https:\/\/vvz.ruhr-uni-bochum.de\/campus\/all\/module.asp?gguid=0x859961808469254EA48E56749A46F2E1&amp;fieldgguid=&amp;findmodule=%C4sthetik+der+Neuen+Musik&amp;tguid=0x4ECA312407D78348A1A0289F4DE738EA\">\u00c4sthetik der Neuen Musik (5 CP)<\/a><\/p><\/td><td><\/td><\/tr><tr><td><p>Teil 1: \u00c4sthetik der Neuen Musik: 1894 bis 1945 (Seminar), WS 2011\/12<\/p><\/td><td><\/td><\/tr><tr><td><p>Teil 2: \u00c4sthetik der Neuen Musik: 1945 bis heute (Seminar), SoSe 2012<\/p><\/td><td><\/td><\/tr><tr><td><p>G4 Basismodul &#8222;Kunst und Kultur&#8220;<\/p><\/td><td><\/td><\/tr><tr><td><p><\/p><\/td><td><\/td><\/tr><tr><td width=\"90%\"><p><a href=\"https:\/\/vvz.ruhr-uni-bochum.de\/campus\/all\/module.asp?gguid=0x752CA75C38EBF645B871FE00C7A89CCC&amp;tguid=0x4ECA312407D78348A1A0289F4DE738EA\">Einf\u00fchrung in die Jazzgeschichte (5 CP)<\/a><\/p><\/td><td><\/td><\/tr><tr><td><p>Teil 1: Jazzgeschichte im \u00dcberblick (Seminar), WS 2011\/12<\/p><\/td><td><\/td><\/tr><tr><td><p>Teil 2: Die gro\u00dfen JazzmusikerInnen (Seminar), WS 2011\/12<\/p><\/td><td><\/td><\/tr><tr><td><p>G4 Basismodul &#8222;Kunst und Kultur&#8220;<\/p><\/td><td><\/td><\/tr><tr><td><p><\/p><\/td><td><\/td><\/tr><tr><td width=\"90%\"><p><a href=\"https:\/\/vvz.ruhr-uni-bochum.de\/campus\/all\/module.asp?gguid=0xBFC932B167D5A84AAAFDBF2E76D89FFE&amp;tguid=0x4ECA312407D78348A1A0289F4DE738EA\">Farben sehen und erleben (5 CP)<\/a><\/p><\/td><td><\/td><\/tr><tr><td><p>Teil 1: Farben sehen und erleben &#8211; Theorie und Geschichte (Seminar), WS 2011\/12<\/p><\/td><td><\/td><\/tr><tr><td><p>Teil 2: Farben sehen und erleben &#8211; Praktische Einf\u00fchrung in die Welt der Farben und der Malerei (praktische \u00dcbung), WS 2011\/12<\/p><\/td><td><\/td><\/tr><tr><td><p>G4 Basismodul &#8222;Kunst und Kultur&#8220;<\/p><\/td><td><\/td><\/tr><tr><td><p><\/p><\/td><td><\/td><\/tr><tr><td width=\"90%\"><p><a href=\"https:\/\/vvz.ruhr-uni-bochum.de\/campus\/all\/module.asp?gguid=0x8CEA9FAB2E25D940B8F1A82B62F9CFFD&amp;fieldgguid=&amp;mode=&amp;findmodule=interkul&amp;tguid=0x4ECA312407D78348A1A0289F4DE738EA\">Interkulturelle Kompetenz in Theorie und Praxis (5 CP)<\/a><\/p><\/td><td><\/td><\/tr><tr><td><p>Teil 1: Grundlagen und Voraussetzungen interkultureller Kompetenz (Seminar), WS 2011\/12<\/p><\/td><td><\/td><\/tr><tr><td><p>Teil 2: Vertiefende \u00dcbungen zur interkulturellen Kompetenz (\u00dcbung), WS 2011\/12<\/p><\/td><td><\/td><\/tr><tr><td><p>G4 Basismodul &#8222;Identit\u00e4t und Differenz&#8220;<\/p><\/td><td><\/td><\/tr><tr><td><p><\/p><\/td><td><\/td><\/tr><tr><td width=\"90%\"><\/td><td><\/td><\/tr><tr><td width=\"90%\"><\/td><td><\/td><\/tr><tr><td width=\"90%\"><p><a href=\"https:\/\/vvz.ruhr-uni-bochum.de\/campus\/all\/module.asp?gguid=0x1A0D2653D97E9249A2D76A8D8394F6EF&amp;tguid=0x4ECA312407D78348A1A0289F4DE738EA\">Kr\u00f6ten, Erbsen und blonde M\u00e4use &#8211; Streit in der Evolutionstheorie (5 CP)<\/a><\/p><\/td><td><\/td><\/tr><tr><td><p>Teil 1: Kr\u00f6ten, Erbsen und blonde M\u00e4use &#8211; Streit in der Evolutionstheorie (Seminar), WS 2011\/12<\/p><\/td><td><\/td><\/tr><tr><td><p>Teil 2: Kr\u00f6ten, Erbsen und blonde M\u00e4use &#8211; Streit in der Evolutionstheorie (Workshop), WS 2011\/12<\/p><\/td><td><\/td><\/tr><tr><td><p>G4 Basismodul &#8222;Wissenschaft in der Praxis&#8220;<\/p><\/td><td><\/td><\/tr><tr><td><p><\/p><\/td><td><\/td><\/tr><tr><td width=\"90%\"><p><a href=\"https:\/\/vvz.ruhr-uni-bochum.de\/campus\/all\/module.asp?gguid=0x541CB29D7C2DDD41ABF0C1FAB896DDD9&amp;tguid=0x4ECA312407D78348A1A0289F4DE738EA\">Kulturelle Bildung: Lernen im k\u00fcnstlerischen Kontext (5 CP)<\/a><\/p><\/td><td><\/td><\/tr><tr><td><p>Teil 1: Teil 1: Kulturelle Bildung: Lernen im k\u00fcnstlerischen Kontext (Seminar), WS 2011\/12<\/p><\/td><td><\/td><\/tr><tr><td><p>Teil 2: Teil 2: Kulturelle Bildung: Lernen im k\u00fcnstlerischen Kontext (Blockseminar), WS 2011\/12<\/p><\/td><td><\/td><\/tr><tr><td><p>G4 Basismodul &#8222;Wissenschaft in der Praxis&#8220;<\/p><\/td><td><\/td><\/tr><tr><td><p>Besonders geeignet f\u00fcr Lehramtsstudierende und alle, die im Kultur- und Bildungsbereich arbeiten m\u00f6chten.<\/p><\/td><td><\/td><\/tr><tr><td><p><\/p><\/td><td><\/td><\/tr><tr><td width=\"90%\"><p><a href=\"https:\/\/vvz.ruhr-uni-bochum.de\/campus\/all\/module.asp?gguid=0x647255ACDBA6094D9ACFE720ED9DC1E0&amp;tguid=0x4ECA312407D78348A1A0289F4DE738EA\">TV.RUB &#8211; Produktion einer Fernsehmagazinsendung (5 CP)<\/a><\/p><\/td><td><\/td><\/tr><tr><td><p>Teil 1: Fernsehmagazinsendung TV.RUB (Seminar), WS 2011\/12<\/p><\/td><td><\/td><\/tr><tr><td><p>Teil 2: Fernsehmagazinsendung TV.RUB (praktische \u00dcbung), WS 2011\/12<\/p><\/td><td><\/td><\/tr><tr><td><p>G4 Basismodul &#8222;Kunst und Kultur&#8220;<\/p><\/td><td><\/td><\/tr><tr><td><p>Studierende der Medienwissenschaft k\u00f6nnen das Modul nicht f\u00fcr den Optionalbereich anrechnen lassen.<\/p><\/td><td><\/td><\/tr><\/tbody><\/table><p><\/p><\/div>\n\t\t\t\t<\/div>\n\t\t\t\t\t\t\t<div class=\"elementor-accordion-item\">\n\t\t\t\t\t<div id=\"elementor-tab-title-91620\" class=\"elementor-tab-title\" data-tab=\"20\" role=\"button\" aria-controls=\"elementor-tab-content-91620\" aria-expanded=\"false\">\n\t\t\t\t\t\t\t\t\t\t\t\t\t<span class=\"elementor-accordion-icon elementor-accordion-icon-left\" aria-hidden=\"true\">\n\t\t\t\t\t\t\t\t\t\t\t\t\t\t\t<span class=\"elementor-accordion-icon-closed\"><i class=\"fas fa-plus\"><\/i><\/span>\n\t\t\t\t\t\t\t\t<span class=\"elementor-accordion-icon-opened\"><i class=\"fas fa-minus\"><\/i><\/span>\n\t\t\t\t\t\t\t\t\t\t\t\t\t\t<\/span>\n\t\t\t\t\t\t\t\t\t\t\t\t<a class=\"elementor-accordion-title\" tabindex=\"0\">SoSe 2011<\/a>\n\t\t\t\t\t<\/div>\n\t\t\t\t\t<div id=\"elementor-tab-content-91620\" class=\"elementor-tab-content elementor-clearfix\" data-tab=\"20\" role=\"region\" aria-labelledby=\"elementor-tab-title-91620\"><table width=\"100%\"><tbody><tr><td colspan=\"2\"><p>Grundlagenmodule anderer F\u00e4cher<\/p><\/td><\/tr><tr><td colspan=\"2\"><p>Allgemeine &amp; vergleichende Literaturwissenschaft<\/p><\/td><\/tr><tr><td width=\"90%\"><p>In diesem Semester liegt leider kein Angebot vor.<\/p><\/td><td><\/td><\/tr><tr><td colspan=\"2\"><p>Anglistik\/Amerikanistik<\/p><\/td><\/tr><tr><td width=\"90%\"><p>Das Angebot wird momentan noch \u00fcberarbeitet.<\/p><\/td><td><\/td><\/tr><tr><td colspan=\"2\"><p>Arch\u00e4ologische Wissenschaften<\/p><\/td><\/tr><tr><td width=\"90%\"><p><a href=\"https:\/\/vvz.ruhr-uni-bochum.de\/campus\/all\/module.asp?gguid=0x8C4619974DEB5D4F8D9B342367CB4826&amp;tguid=0xFCE1AF7F7129084D941751485538C8BC\">Arch\u00e4ologie der Sp\u00e4tantike und des Fr\u00fchmittelalters (5 CP)<\/a><\/p><\/td><td><\/td><\/tr><tr><td><p>Teil 1: Europa in der sp\u00e4ten V\u00f6lkerwanderungszeit und im Fr\u00fchmittelalter (Vorlesung), SoSe 2011<\/p><\/td><td><\/td><\/tr><tr><td><p>Teil 2: Neue Funde und Forschungen (Kolloquium), SoSe 2011<\/p><\/td><td><\/td><\/tr><tr><td><p>G4 Basismodul Schwerpunkt Ur- und Fr\u00fchgeschichte<\/p><\/td><td><\/td><\/tr><tr><td><p>Studierende der ArWi k\u00f6nnen in diesem Modul keine Kreditpunkte f\u00fcr den Optionalbereich erwerben!<\/p><\/td><td><\/td><\/tr><tr><td><p><\/p><\/td><td><\/td><\/tr><tr><td width=\"90%\"><p><a href=\"https:\/\/vvz.ruhr-uni-bochum.de\/campus\/all\/module.asp?gguid=0xC3BF4A234471F447B272B0C8561CD3A4&amp;tguid=0xFCE1AF7F7129084D941751485538C8BC\">Arch\u00e4ologie der S\u00fcdwestt\u00fcrkei (5 CP)<\/a><\/p><\/td><td><\/td><\/tr><tr><td><p>Teil 1:Westkleinasiatische Landschaften: Ionien und Karien (Vorlesung), SoSe 2011<\/p><\/td><td><\/td><\/tr><tr><td><p>Teil 2: Neue Funde und Forschungen (Kolloquium), SoSe 2011<\/p><\/td><td><\/td><\/tr><tr><td><p>G4 Basismodul Schwerpunkt Klassische Arch\u00e4ologie<\/p><\/td><td><\/td><\/tr><tr><td><p>Studierende der ArWi k\u00f6nnen in diesem Modul keine Kreditpunkte f\u00fcr den Optionalbereich erwerben!<\/p><\/td><td><\/td><\/tr><tr><td><p><\/p><\/td><td><\/td><\/tr><tr><td width=\"90%\"><p><a href=\"https:\/\/vvz.ruhr-uni-bochum.de\/campus\/all\/module.asp?gguid=0x6C1CAB36628A7F4491FB6238C361EB81&amp;tguid=0xFCE1AF7F7129084D941751485538C8BC\">Wirtschafts- und Rohstoffarch\u00e4ologie (5 CP)<\/a><\/p><\/td><td><\/td><\/tr><tr><td><p>Teil 1: Wirtschafts- und Rohstoffarch\u00e4ologie (Vorlesung), SoSe 2011<\/p><\/td><td><\/td><\/tr><tr><td><p>Teil 2: Neue Funde und Forschungen (Kolloquium), SoSe 2011<\/p><\/td><td><\/td><\/tr><tr><td><p>G4 Basismodul Schwerpunkt Ur- und Fr\u00fchgeschichte<\/p><\/td><td><\/td><\/tr><tr><td><p>Studierende der ArWi k\u00f6nnen in diesem Modul keine Kreditpunkte f\u00fcr den Optionalbereich erwerben!<\/p><\/td><td><\/td><\/tr><tr><td><\/td><td><\/td><\/tr><tr><td colspan=\"2\"><p>Biologie<\/p><\/td><\/tr><tr><td width=\"90%\"><p><a href=\"https:\/\/vvz.ruhr-uni-bochum.de\/campus\/all\/module.asp?gguid=0x8708553BD85B894C98B07DA4B2B95501&amp;tguid=0xFCE1AF7F7129084D941751485538C8BC\">Biologie ausgew\u00e4hlter S\u00e4ugetiere (5 CP)<\/a><\/p><\/td><td><\/td><\/tr><tr><td><p>Teil 1: Biologie ausgew\u00e4hlter S\u00e4ugetiere (Vorlesung), SoSe 2011<\/p><\/td><td><\/td><\/tr><tr><td><p>Teil 2: Biologie ausgew\u00e4hlter S\u00e4ugetiere (Seminar), SoSe 2011<\/p><\/td><td><\/td><\/tr><tr><td><p>G4 Biologie ausgew\u00e4hlter S\u00e4ugetiere<\/p><\/td><td><\/td><\/tr><tr><td><p><\/p><\/td><td><\/td><\/tr><tr><td width=\"90%\"><p><a href=\"https:\/\/vvz.ruhr-uni-bochum.de\/campus\/all\/module.asp?gguid=0x3F77ACBC0FD09645985544383BA551B3&amp;tguid=0xFCE1AF7F7129084D941751485538C8BC\">Bio\u00f6konomie 1: Grundlagen der Bio\u00f6konomie (5 CP)<\/a><\/p><\/td><td><\/td><\/tr><tr><td><p>Teil 1: Bio\u00f6konomie 1 (Seminar), SoSe 2011<\/p><\/td><td><\/td><\/tr><tr><td><p>Teil 2: Bio\u00f6konomie 1 (\u00dcbung), SoSe 2011<\/p><\/td><td><\/td><\/tr><tr><td><p>Grundkenntnisse in Biologie, \u00d6kologie und \u00d6konomie sind empfehlenswert.<\/p><\/td><td><\/td><\/tr><tr><td><p>G4 Bio\u00f6konomie 1: Grundlagen der Bio\u00f6konomie<\/p><\/td><td><\/td><\/tr><tr><td><p><\/p><\/td><td><\/td><\/tr><tr><td width=\"90%\"><p><a href=\"https:\/\/vvz.ruhr-uni-bochum.de\/campus\/all\/module.asp?gguid=0x914A021D6D8365459D79B7FD03CB4BE2&amp;tguid=0xFCE1AF7F7129084D941751485538C8BC\">Botanik im Alltag (5 CP)<\/a><\/p><\/td><td><\/td><\/tr><tr><td><p>Teil 1: \u00dcbungen zum Thema &#8222;Botanik im Alltag&#8220;, SoSe 2011<\/p><\/td><td><\/td><\/tr><tr><td><p>Teil 2: Exkursionen zum Thema &#8222;Botanik im Alltag&#8220;, SoSe 2011<\/p><\/td><td><\/td><\/tr><tr><td><p>G4 Botanik im Alltag<\/p><\/td><td><\/td><\/tr><tr><td><p><\/p><\/td><td><\/td><\/tr><tr><td width=\"90%\"><p><a href=\"https:\/\/vvz.ruhr-uni-bochum.de\/campus\/all\/module.asp?gguid=0x8B7FF5EE19160A47B385A71EC981B540&amp;tguid=0xFCE1AF7F7129084D941751485538C8BC\">Botanische Bestimmungs\u00fcbungen (5 CP)<\/a><\/p><\/td><td><\/td><\/tr><tr><td><p>Teil 1: Botanische Bestimmungs\u00fcbungen f\u00fcr Geographen (\u00dcbung), SoSe 2011<\/p><\/td><td><\/td><\/tr><tr><td><p>Teil 2: Exkursionen zu den Botanische Bestimmungs\u00fcbungen f\u00fcr Geographen, SoSe 2011<\/p><\/td><td><\/td><\/tr><tr><td><p>G4 Botanische Bestimmungs\u00fcbungen<\/p><\/td><td><\/td><\/tr><tr><td><p>Biologie- und Geographiestudierende k\u00f6nnen sich dieses Modul nicht f\u00fcr den Optionalbereich anrechnen lassen!<\/p><\/td><td><\/td><\/tr><tr><td><p><\/p><\/td><td><\/td><\/tr><tr><td width=\"90%\"><p><a href=\"https:\/\/vvz.ruhr-uni-bochum.de\/campus\/all\/module.asp?gguid=0x6A8590AA1D16A346A541AB7DC9621BDB&amp;tguid=0xFCE1AF7F7129084D941751485538C8BC\">Grundlagen der Tierphysiologie (5 CP)<\/a><\/p><\/td><td><\/td><\/tr><tr><td><p>Teil 1: Grundlagen der Tierphysiologie (Vorlesung), SoSe 2011<\/p><\/td><td><\/td><\/tr><tr><td><p>Teil 2: Grundlagen der Tierphysiologie (Seminar), SoSe 2011<\/p><\/td><td><\/td><\/tr><tr><td><p>G4 Grundlagen der Tierphysiologie<\/p><\/td><td><\/td><\/tr><tr><td><p>Biologiestudierende k\u00f6nnen an diesem Modul zwar teilnehmen, jedoch keine CP f\u00fcr den Optionalbereich erwerben!<\/p><\/td><td><\/td><\/tr><tr><td><p><\/p><\/td><td><\/td><\/tr><tr><td width=\"90%\"><p><a href=\"https:\/\/vvz.ruhr-uni-bochum.de\/campus\/all\/module.asp?gguid=0x076C4AC60345444EB2EA090AFCDF91DE&amp;tguid=0xFCE1AF7F7129084D941751485538C8BC\">Monster, Minds and Molecules &#8211; die Entwicklung der Hirnrinde bei S\u00e4ugetieren (5 CP)<\/a><\/p><\/td><td><\/td><\/tr><tr><td><p>Teil 1: Monster, Minds and Molecules &#8211; molekularzellul\u00e4re Grundlagen (Vorlesung), SoSe 2011<\/p><\/td><td><\/td><\/tr><tr><td><p>Teil 2: Monster, Minds and Molecules &#8211; Krankheitsbilder (Seminar), SoSe 2011<\/p><\/td><td><\/td><\/tr><tr><td><p>G4 Monster, Minds and Molecules &#8211; die Entwicklung der Hirnrinde bei S\u00e4ugetieren<\/p><\/td><td><\/td><\/tr><tr><td><p><\/p><\/td><td><\/td><\/tr><tr><td width=\"90%\"><p><a href=\"https:\/\/vvz.ruhr-uni-bochum.de\/campus\/all\/module.asp?gguid=0x3CDBF38B9BFB3E4DA2B78706A7AE9336&amp;tguid=0xFCE1AF7F7129084D941751485538C8BC\">Praktische Bienenkunde (5 CP)<\/a><\/p><\/td><td><\/td><\/tr><tr><td><p>Teil 1: Einf\u00fchrung in die Bienenkunde (Vorlesung), SoSe 2011<\/p><\/td><td><\/td><\/tr><tr><td><p>Teil 2: \u00dcbung zur Bienenkunde und Imkerei (\u00dcbung), SoSe 2011<\/p><\/td><td><\/td><\/tr><tr><td><p>G4 Praktische Bienenkunde<\/p><\/td><td><\/td><\/tr><tr><td><p><\/p><\/td><td><\/td><\/tr><tr><td width=\"90%\"><p><a href=\"https:\/\/vvz.ruhr-uni-bochum.de\/campus\/all\/module.asp?gguid=0xE8F31C4BC27C5F48B7DE050B113B98CF&amp;tguid=0xFCE1AF7F7129084D941751485538C8BC\">\u00dcberleben von motorischen Nervenzellen (5 CP)<\/a><\/p><\/td><td><\/td><\/tr><tr><td><p>Teil 1: \u00dcberleben von motorischen Nervenzellen (Seminar), SoSe 2011<\/p><\/td><td><\/td><\/tr><tr><td><p>Teil 2: \u00dcberleben von motorischen Nervenzellen (Seminar), SoSe 2011<\/p><\/td><td><\/td><\/tr><tr><td><p>G4 \u00dcberleben von motorischen Nervenzellen<\/p><\/td><td><\/td><\/tr><tr><td><\/td><td><\/td><\/tr><tr><td colspan=\"2\"><p>Chemie<\/p><\/td><\/tr><tr><td width=\"90%\"><p><a href=\"https:\/\/vvz.ruhr-uni-bochum.de\/campus\/all\/module.asp?gguid=0xD49834EEFDD9744D985DC62796059E98&amp;tguid=0xFCE1AF7F7129084D941751485538C8BC\">Organische Chemie I (5 CP)<\/a><\/p><\/td><td><\/td><\/tr><tr><td><p>Teil 1: Organische Chemie I (Vorlesung), SoSe 2011<\/p><\/td><td><\/td><\/tr><tr><td><p>Teil 2: \u00dcbungen zur Vorlesung &#8222;Organische Chemie I&#8220;, SoSe 2011<\/p><\/td><td><\/td><\/tr><tr><td><p>G4 Grundlagen der Chemie<\/p><\/td><td><\/td><\/tr><tr><td><p>Studierende der Chemie k\u00f6nnen in diesem Modul keine Credit Points f\u00fcr den Optionalbereich erwerben!<\/p><\/td><td><\/td><\/tr><tr><td><p><\/p><\/td><td><\/td><\/tr><tr><td width=\"90%\"><p><a href=\"https:\/\/vvz.ruhr-uni-bochum.de\/campus\/all\/module.asp?gguid=0xBCA3A2DE3C2428429FC9AF1001AAF841&amp;tguid=0xFCE1AF7F7129084D941751485538C8BC\">Einf\u00fchrung in die Biochemie (5 CP)<\/a><\/p><\/td><td><\/td><\/tr><tr><td><p>Teil 1: Einf\u00fchrung in die Biochemie (Vorlesung), SoSe 2011<\/p><\/td><td><\/td><\/tr><tr><td><p>Teil 2: \u00dcbungen zur Vorlesung &#8222;Einf\u00fchrung in die Biochemie&#8220;, SoSe 2011<\/p><\/td><td><\/td><\/tr><tr><td><p>G4 Grundlagen der Biochemie<\/p><\/td><td><\/td><\/tr><tr><td><p>Studierende der Chemie k\u00f6nnen in diesem Modul keine Credit Points f\u00fcr den Optionalbereich erwerben!<\/p><\/td><td><\/td><\/tr><tr><td><\/td><td><\/td><\/tr><tr><td colspan=\"2\"><p>Evangelische Theologie<\/p><\/td><\/tr><tr><td width=\"90%\"><p>In diesem Semester liegt leider kein Angebot vor.<\/p><\/td><td><\/td><\/tr><tr><td><\/td><td><\/td><\/tr><tr><td colspan=\"2\"><p>Geographie<\/p><\/td><\/tr><tr><td width=\"90%\"><p><a href=\"https:\/\/vvz.ruhr-uni-bochum.de\/campus\/all\/module.asp?gguid=0xF828851F039F9F4C9D03EFA21D88E058&amp;tguid=0xFCE1AF7F7129084D941751485538C8BC\">Geographie auf Achse (5 CP)<\/a><\/p><\/td><td><\/td><\/tr><tr><td><p>Teil 1: Geographie auf Achse: Reisen und Exkursionen in aller Welt (Vorlesung), SoSe 2011<\/p><\/td><td><\/td><\/tr><tr><td><p>Teil 2: Geographie auf Achse: Reisen und Exkursionen in aller Welt (\u00dcbung), SoSe 2011<\/p><\/td><td><\/td><\/tr><tr><td><p>Geographie-Studierende k\u00f6nnen an diesem Modul nicht teilnehmen.<\/p><\/td><td><\/td><\/tr><tr><td><\/td><td><\/td><\/tr><tr><td colspan=\"2\"><p>Germanistik<\/p><\/td><\/tr><tr><td width=\"90%\"><p>In diesem Semester liegt leider kein Angebot vor.<\/p><\/td><td><\/td><\/tr><tr><td><\/td><td><\/td><\/tr><tr><td colspan=\"2\"><p>Geschichte<\/p><\/td><\/tr><tr><td width=\"90%\"><p><a href=\"https:\/\/vvz.ruhr-uni-bochum.de\/campus\/all\/module.asp?gguid=0xEB679B61B895114EA9F718EDA0F8AF51&amp;tguid=0xFCE1AF7F7129084D941751485538C8BC\">Migration im Europa des 20. Jahrhunderts: Hintergr\u00fcnde, Wanderungsmuster, Deutungen (5 CP)<\/a><\/p><\/td><td><\/td><\/tr><tr><td><p>Teil 1: Einwanderungs- und Integrationspolitik im Europa des 20. Jahrhunderts: Gro\u00dfbritannien, Frankreich, BRD, Schweiz, Italien (Seminar), SoSe 2011<\/p><\/td><td><\/td><\/tr><tr><td><p>Teil 2: Transnationale Migration in der europ\u00e4ischen Kultur: Film, Literatur, zeitgen\u00f6ssische Diskurse (Seminar), SoSe 2011<\/p><\/td><td><\/td><\/tr><tr><td><p>G4 Basismodul Neuere und Neueste Geschichte<\/p><\/td><td><\/td><\/tr><tr><td><p><\/p><\/td><td><\/td><\/tr><tr><td width=\"90%\"><p><a href=\"https:\/\/vvz.ruhr-uni-bochum.de\/campus\/all\/module.asp?gguid=0x2A6C27BBA68E914B84C018CBF425DA03&amp;tguid=0xFCE1AF7F7129084D941751485538C8BC\">Polnische Geschichte und Kultur (5 CP)<\/a><\/p><\/td><td><\/td><\/tr><tr><td><p>Teil 1: Geschichte Polens von der Adelsrepublik bis zur modernen Nation (1700-1900) (Seminar), SoSe 2011<\/p><\/td><td><\/td><\/tr><tr><td><p>Teil 2: Geschichte und Kultur Polens in der Neuzeit. Polnisch-Lekt\u00fcrekurs (Seminar), SoSe 2011<\/p><\/td><td><\/td><\/tr><tr><td><p>G4 Basismodul Neuere und Neueste Geschichte<\/p><\/td><td><\/td><\/tr><tr><td><\/td><td><\/td><\/tr><tr><td colspan=\"2\"><p>Katholische Theologie<\/p><\/td><\/tr><tr><td width=\"90%\"><p><a href=\"https:\/\/vvz.ruhr-uni-bochum.de\/campus\/all\/module.asp?gguid=0xA567D47867AA674C892FA569EA711559&amp;tguid=0xFCE1AF7F7129084D941751485538C8BC\">Die Anf\u00e4nge der Theologie (5 CP)<\/a><\/p><\/td><td><\/td><\/tr><tr><td><p>Teil 1: Theologiegeschichte des Urchristentums (Seminar), SoSe 2011<\/p><\/td><td><\/td><\/tr><tr><td><p>Teil 2: Erinnerung an Jesus. Der Gottessohn im Spiegel der synoptischen Evangelien (Hauptseminar), SoSe 2011<\/p><\/td><td><\/td><\/tr><tr><td><p>G4 Basismodul &#8222;Glaube und Vernunft&#8220;<\/p><\/td><td><\/td><\/tr><tr><td><p>Studierende der Katholischen Theologie k\u00f6nnen sich dieses Modul nicht f\u00fcr den Optionalbereich anrechnen lassen!<\/p><\/td><td><\/td><\/tr><tr><td><p><\/p><\/td><td><\/td><\/tr><tr><td width=\"90%\"><p><a href=\"https:\/\/vvz.ruhr-uni-bochum.de\/campus\/all\/module.asp?gguid=0x8C5C129BE601084495E9401A3FFA5B54&amp;tguid=0xFCE1AF7F7129084D941751485538C8BC\">Die Paulinische Mission (5 CP)<\/a><\/p><\/td><td><\/td><\/tr><tr><td><p>Teil 1: Die Freiheit des Glaubens; Galaterbrief (Vorlesung), SoSe 2011<\/p><\/td><td><\/td><\/tr><tr><td><p>Teil 2: Lekt\u00fcrekurs: Griechische Lekt\u00fcre zum Galaterbrief, SoSe 2011<\/p><\/td><td><\/td><\/tr><tr><td><p>G4 Basismodul &#8222;Christliche Weltverantwortung&#8220;<\/p><\/td><td><\/td><\/tr><tr><td><p>Studierende der katholischen Theologie k\u00f6nnen dieses Modul nicht f\u00fcr den Optionalbereich anrechnen lassen!<\/p><\/td><td><\/td><\/tr><tr><td><p><\/p><\/td><td><\/td><\/tr><tr><td width=\"90%\"><p><a href=\"https:\/\/vvz.ruhr-uni-bochum.de\/campus\/all\/module.asp?gguid=0x72A6866ABD27584AB02AC6A98E7619DE&amp;tguid=0xFCE1AF7F7129084D941751485538C8BC\">Globale Ethik (5 CP)<\/a><\/p><\/td><td><\/td><\/tr><tr><td><p>Teil 1: Internationale Ordnung (Vorlesung), SoSe 2011<\/p><\/td><td><\/td><\/tr><tr><td><p>Teil 2: Entwicklungspolitik (Proseminar), SoSe 2011<\/p><\/td><td><\/td><\/tr><tr><td><p>G4 Basismodul &#8222;Christliche Weltverantwortung&#8220;<\/p><\/td><td><\/td><\/tr><tr><td><p>Studierende der katholischen Theologie k\u00f6nnen dieses Modul nicht f\u00fcr den Optionalbereich anrechnen lassen!<\/p><\/td><td><\/td><\/tr><tr><td><p><\/p><\/td><td><\/td><\/tr><tr><td width=\"90%\"><p><a href=\"https:\/\/vvz.ruhr-uni-bochum.de\/campus\/all\/module.asp?gguid=0x976DBA631627AE4B94B02D4E61681AFA&amp;tguid=0xFCE1AF7F7129084D941751485538C8BC\">Gottesdienste an Lebenswenden (5 CP)<\/a><\/p><\/td><td><\/td><\/tr><tr><td><p>Teil 1: Taufe &#8211; Firmung &#8211; Bu\u00dfe (Vorlesung), SoSe 2011<\/p><\/td><td><\/td><\/tr><tr><td><p>Teil 2: Gottesdienst feiern mit Kindern und Jugendlichen (Hauptseminar), SoSe 2011<\/p><\/td><td><\/td><\/tr><tr><td><p>G4 Basismodul &#8222;Religion im Leben&#8220;<\/p><\/td><td><\/td><\/tr><tr><td><p>Studierende der katholischen Theologie k\u00f6nnen dieses Modul nicht f\u00fcr den Optionalbereich anrechnen lassen!<\/p><\/td><td><\/td><\/tr><tr><td><p><\/p><\/td><td><\/td><\/tr><tr><td width=\"90%\"><p><a href=\"https:\/\/vvz.ruhr-uni-bochum.de\/campus\/all\/module.asp?gguid=0x6393DCDCB578214DA1A7A97D51259330&amp;tguid=0xFCE1AF7F7129084D941751485538C8BC\">Techologien des Selbst (5 CP)<\/a><\/p><\/td><td><\/td><\/tr><tr><td><p>Teil 1: &#8222;&#8218;Fair is foul, and foul is fair&#8216; &#8211; Vom Wandel der Werte am Beispiel des Fu\u00dfballs&#8220; (Seminar), SoSe 2011<\/p><\/td><td><\/td><\/tr><tr><td><p>Teil 2: Lekt\u00fcrekurs &#8222;Mensch und Technik&#8220;, SoSe 2011<\/p><\/td><td><\/td><\/tr><tr><td><p>G4 Basismodul &#8222;Christliche Weltverantwortung&#8220;<\/p><\/td><td><\/td><\/tr><tr><td><p><\/p><\/td><td><\/td><\/tr><tr><td width=\"90%\"><p><a href=\"https:\/\/vvz.ruhr-uni-bochum.de\/campus\/all\/module.asp?gguid=0xDC2A622257C814478FD7198E51A6CFA1&amp;tguid=0xFCE1AF7F7129084D941751485538C8BC\">Theologische Grundlagen der christlich abendl\u00e4ndischen Kunst (5 CP)<\/a><\/p><\/td><td><\/td><\/tr><tr><td><p>Teil 1: Theologisches Grundwissen: Gro\u00dfe Gestalten aus Bibel und Kirchengeschichte (Vorlesung), SoSe 2011<\/p><\/td><td><\/td><\/tr><tr><td><p>Teil 2: Theologische Grundlagen der abendl\u00e4ndischen Kunst (Exkursionen), SoSe 2011<\/p><\/td><td><\/td><\/tr><tr><td><p>G4 Basismodul &#8222;Christentum und Kultur&#8220;<\/p><\/td><td><\/td><\/tr><tr><td><\/td><td><\/td><\/tr><tr><td colspan=\"2\"><p>Mathematik<\/p><\/td><\/tr><tr><td width=\"90%\"><p><a href=\"https:\/\/vvz.ruhr-uni-bochum.de\/campus\/all\/module.asp?gguid=0x21A477E575AC16469B438498DDF166D6&amp;tguid=0xFCE1AF7F7129084D941751485538C8BC\">Einf\u00fchrung in die Mathematik II (Schwerpunkte: Physik und Geophysik) (10 CP)<\/a><\/p><\/td><td><\/td><\/tr><tr><td><p>Teil 1: Einf\u00fchrung in die Mathematik II (Vorlesung), SoSe 2011<\/p><\/td><td><\/td><\/tr><tr><td><p>Teil 2: \u00dcbungen zu Einf\u00fchrung in die Mathematik II, SoSe 2011<\/p><\/td><td><\/td><\/tr><tr><td><p>G4 Aufbaumodul H\u00f6here Mathematik<\/p><\/td><td><\/td><\/tr><tr><td><p>Studierende der Mathematik k\u00f6nnen an diesem Modul zwar teilnehmen, jedoch keine Credit Points f\u00fcr den Optionalbereich erwerben!<\/p><\/td><td><\/td><\/tr><tr><td><p><\/p><\/td><td><\/td><\/tr><tr><td width=\"90%\"><p><a href=\"https:\/\/vvz.ruhr-uni-bochum.de\/campus\/all\/module.asp?gguid=0x9B541A9C6C669B4DB82FC3F055152440&amp;tguid=0xFCE1AF7F7129084D941751485538C8BC\">H\u00f6here Mathematik I + II (Schwerpunkt: Angewandte Informatik) (10 CP)<\/a><\/p><\/td><td><\/td><\/tr><tr><td><p>Teil 1: H\u00f6here Mathematik II (Vorlesung), SoSe 2011<\/p><\/td><td><\/td><\/tr><tr><td><p>Teil 2: \u00dcbungen zu H\u00f6here Mathematik II, SoSe 2011<\/p><\/td><td><\/td><\/tr><tr><td><p>G4 Aufbaumodul H\u00f6here Mathematik<\/p><\/td><td><\/td><\/tr><tr><td><p>Studierende der Mathematik k\u00f6nnen an diesem Modul zwar teilnehmen, jedoch keine Credit Points f\u00fcr den Optionalbereich erwerben!<\/p><\/td><td><\/td><\/tr><tr><td><p><\/p><\/td><td><\/td><\/tr><tr><td width=\"90%\"><p><a href=\"https:\/\/vvz.ruhr-uni-bochum.de\/campus\/all\/module.asp?gguid=0x32976CD60332B141964254CC14851194&amp;tguid=0xFCE1AF7F7129084D941751485538C8BC\">Statistische Methoden (Schwerpunkte: Biologie und Naturwissenschaften) (5 CP)<\/a><\/p><\/td><td><\/td><\/tr><tr><td><p>Teil 1: Statistische Methoden f\u00fcr Biologen und andere Naturwissenschaftler (Vorlesung), SoSe 2011<\/p><\/td><td><\/td><\/tr><tr><td><p>Teil 2: \u00dcbungen zu Statistische Methoden f\u00fcr Biologen und andere Naturwissenschaftler, SoSe 2011<\/p><\/td><td><\/td><\/tr><tr><td><p>G4 Basismodul Mathematische Anwendungen<\/p><\/td><td><\/td><\/tr><tr><td><p>Studierende der Mathematik k\u00f6nnen an diesem Modul zwar teilnehmen, jedoch keine Credit Points f\u00fcr den Optionalbereich erwerben!<\/p><\/td><td><\/td><\/tr><tr><td><\/td><td><\/td><\/tr><tr><td colspan=\"2\"><p>Medienwissenschaft<\/p><\/td><\/tr><tr><td width=\"90%\"><p>In diesem Semester liegt leider kein Angebot vor.<\/p><\/td><td><\/td><\/tr><tr><td><\/td><td><\/td><\/tr><tr><td colspan=\"2\"><p>Medizin<\/p><\/td><\/tr><tr><td width=\"90%\"><p><a href=\"https:\/\/vvz.ruhr-uni-bochum.de\/campus\/all\/module.asp?gguid=0xF458976F48050D4BA1969AE6B5B9968F&amp;tguid=0xFCE1AF7F7129084D941751485538C8BC\">Medizin in Antike und Mittelalter (5 CP)<\/a><\/p><\/td><td><\/td><\/tr><tr><td><p>Teil 1: Einblicke in die antike Medizin (Vorlesung), SoSe 2011<\/p><\/td><td><\/td><\/tr><tr><td><p>Teil 2: Texte zur antiken mittelalterlichen Medizin (Seminar), SoSe 2011<\/p><\/td><td><\/td><\/tr><tr><td><p>G4 Grundlagen der Medizin<\/p><\/td><td><\/td><\/tr><tr><td><p>Studierende der Mathematik und der Physik k\u00f6nnen an diesem Modul zwar teilnehmen, jedoch keine Credit Points f\u00fcr den Optionalbereich erwerben.<\/p><\/td><td><\/td><\/tr><tr><td><\/td><td><\/td><\/tr><tr><td colspan=\"2\"><p>Orientalistik und Islamwissenschaften<\/p><\/td><\/tr><tr><td width=\"90%\"><p><a href=\"https:\/\/vvz.ruhr-uni-bochum.de\/campus\/all\/module.asp?gguid=0xEBCE45D41BA37A408A6EE93AD631978E&amp;tguid=0xFCE1AF7F7129084D941751485538C8BC\">Persische Kalligraphie und Landeskunde (5 CP)<\/a><\/p><\/td><td><\/td><\/tr><tr><td><p>Teil 1: Arabisch-Persische Kalligraphie (\u00dcbung), SoSe 2011<\/p><\/td><td><\/td><\/tr><tr><td><p>Teil 2: Landeskunde Iran (\u00dcbung), SoSe 2011<\/p><\/td><td><\/td><\/tr><tr><td><p>G4 Basismodul Einf\u00fchrung in die islamische Welt<\/p><\/td><td><\/td><\/tr><tr><td><p>Studierende der Orientalistik\/Islamwissenschaften k\u00f6nnen an diesem Modul nicht teilnehmen!<\/p><\/td><td><\/td><\/tr><tr><td><\/td><td><\/td><\/tr><tr><td colspan=\"2\"><p>Ostasienwissenschaften<\/p><\/td><\/tr><tr><td width=\"90%\"><p><a href=\"https:\/\/vvz.ruhr-uni-bochum.de\/campus\/all\/module.asp?gguid=0x2C63526CC64AC54CB2269296AEF1B9B1&amp;tguid=0xFCE1AF7F7129084D941751485538C8BC\">Einf\u00fchrung in die koreanische Geschichte (5 CP)<\/a><\/p><\/td><td><\/td><\/tr><tr><td><p>Teil 1: Neuere Geschichte Koreas (Vorlesung) , SoSe 2011<\/p><\/td><td><\/td><\/tr><tr><td><p>Teil 2: Einf\u00fchrung in die koreanische Sprache: Grammatik IIder Koreanistik (\u00dcbung), WS 2011\/12<\/p><\/td><td><\/td><\/tr><tr><td><p>G4 Basismodul &#8222;Korea&#8220;<\/p><\/td><td><\/td><\/tr><tr><td><p>Studierende der Koreanistik k\u00f6nnen an diesem Modul zwar teilnehmen, jedoch keine Credit Points f\u00fcr den Optionalbereich erwerben.<\/p><\/td><td><\/td><\/tr><tr><td><p><\/p><\/td><td><\/td><\/tr><tr><td width=\"90%\"><p><a href=\"https:\/\/vvz.ruhr-uni-bochum.de\/campus\/all\/module.asp?gguid=0xCE38F4173EA8B9418243E3BB206B1F41&amp;tguid=0xFCE1AF7F7129084D941751485538C8BC\">Grundmodul Chinesische Geschichte und Philosophie (5 CP)<\/a><\/p><\/td><td><\/td><\/tr><tr><td><p>Teil 1: Chinesische Philosophie (Seminar), SoSe 2011<\/p><\/td><td><\/td><\/tr><tr><td><p>Teil 2: Chinesische Geschichte (Seminar), WS 2011\/12<\/p><\/td><td><\/td><\/tr><tr><td><p>G4 Basismodul &#8222;China&#8220;<\/p><\/td><td><\/td><\/tr><tr><td><p>Studierende der Sinnologie k\u00f6nnen an diesem Modul zwar teilnehmen, jedoch keine Credit Points f\u00fcr den Optionalbereich erwerben, da es f\u00fcr die Sinnologie kreditiert wird.<\/p><\/td><td><\/td><\/tr><tr><td><p><\/p><\/td><td><\/td><\/tr><tr><td width=\"90%\"><p><a href=\"https:\/\/vvz.ruhr-uni-bochum.de\/campus\/all\/module.asp?gguid=0x04E29DD67F98904D8A5E01F6CFAB2566&amp;tguid=0xFCE1AF7F7129084D941751485538C8BC\">Japan in Geschichte und Gegenwart (5 CP)<\/a><\/p><\/td><td><\/td><\/tr><tr><td><p>Teil 1: Die Japanische Geschichte des 20. Jahrhunderts, SoSe 2011<\/p><\/td><td><\/td><\/tr><tr><td><p>Teil 2: Aktuelle Fragen der Japanologie: Feste und Feiern im Jahreszyklus, SoSe 2011<\/p><\/td><td><\/td><\/tr><tr><td><p>G4 Basismodul &#8222;Japan&#8220;<\/p><\/td><td><\/td><\/tr><tr><td><p>Studierende der Japanologie k\u00f6nnen an diesem Modul nicht teilnehmen!<\/p><\/td><td><\/td><\/tr><tr><td><\/td><td><\/td><\/tr><tr><td colspan=\"2\"><p>Philosophie<\/p><\/td><\/tr><tr><td width=\"90%\"><p><a href=\"https:\/\/vvz.ruhr-uni-bochum.de\/campus\/all\/module.asp?gguid=0x4E077D4C88518D4EB3015DCD0A1A94B1&amp;tguid=0xFCE1AF7F7129084D941751485538C8BC\">Das geistige Auge &#8211; Philosophie der Imagination (5 CP)<\/a><\/p><\/td><td><\/td><\/tr><tr><td><p>Teil 1: &#8222;Die Seele denkt nie ohne Bild&#8220; &#8211; Philosophiegeschichte der Imagination (Seminar), SoSe 2011<\/p><\/td><td><\/td><\/tr><tr><td><p>Teil 2: Das geistige Auge &#8211; moderne Theorien der Imagination (Seminar), SoSe 2011<\/p><\/td><td><\/td><\/tr><tr><td><p>G4 Basismodul Theoretische Philosophie<\/p><\/td><td><\/td><\/tr><tr><td><p>Studierende des Faches Philosophie d\u00fcrfen an diesem Modul nicht teilnehmen!<\/p><\/td><td><\/td><\/tr><tr><td><p><\/p><\/td><td><\/td><\/tr><tr><td width=\"90%\"><p><a href=\"https:\/\/vvz.ruhr-uni-bochum.de\/campus\/all\/module.asp?gguid=0x17CF97F774DB16468B0A3DF7FB4295F8&amp;tguid=0xFCE1AF7F7129084D941751485538C8BC\">Philosophie und Neurowissenschaften (5 CP)<\/a><\/p><\/td><td><\/td><\/tr><tr><td><p>Teil 1: Philosophie des Gehirns (Vorlesung), SoSe 2011<\/p><\/td><td><\/td><\/tr><tr><td><p>Teil 2: Neuroethik (Seminar), SoSe 2011<\/p><\/td><td><\/td><\/tr><tr><td><p>G4 Basismodul Praktische Philosophie<\/p><\/td><td><\/td><\/tr><tr><td><p>Studierende des Faches Philosophie d\u00fcrfen an diesem Modul nicht teilnehmen!<\/p><\/td><td><\/td><\/tr><tr><td><p><\/p><\/td><td><\/td><\/tr><tr><td width=\"90%\"><p><a href=\"https:\/\/vvz.ruhr-uni-bochum.de\/campus\/all\/module.asp?gguid=0x544D8D91EF0B9942841B06ADB43F7BCA&amp;tguid=0xFCE1AF7F7129084D941751485538C8BC\">Philosophy of Mind and Cognitive Neuroscience (5 CP)<\/a><\/p><\/td><td><\/td><\/tr><tr><td><p>Teil 1: The Problem of Consciousness (Seminar), SoSe 2011<\/p><\/td><td><\/td><\/tr><tr><td><p>Teil 2: Mind &amp; Brain &#8211; Interdisciplinary Approaches (Seminar), SoSe 2011<\/p><\/td><td><\/td><\/tr><tr><td><p>G4 Basismodul Theoretische Philosophie<\/p><\/td><td><\/td><\/tr><tr><td><p>Studierende des Faches Philosophie d\u00fcrfen an diesem Modul nicht teilnehmen!<\/p><\/td><td><\/td><\/tr><tr><td><\/td><td><\/td><\/tr><tr><td colspan=\"2\"><p>Physik und Astronomie<\/p><\/td><\/tr><tr><td width=\"90%\"><p><a href=\"https:\/\/vvz.ruhr-uni-bochum.de\/campus\/all\/module.asp?gguid=0x28B641230AA0DD4DABA6079F6EC13487&amp;tguid=0xFCE1AF7F7129084D941751485538C8BC\">Digitalelektronik (OPT) (5 CP)<\/a><\/p><\/td><td><\/td><\/tr><tr><td><p>Teil 1: Digitalelektronik (Vorlesung), SoSe 2011<\/p><\/td><td><\/td><\/tr><tr><td><p>Teil 2: \u00dcbungen zur Digitalelektronik, SoSe 2011<\/p><\/td><td><\/td><\/tr><tr><td><p>G4 Basismodul Elektronik f\u00fcr physikalische Experimente<\/p><\/td><td><\/td><\/tr><tr><td><p>Studierende der Physik k\u00f6nnen sich dieses Modul nicht f\u00fcr den Optionalbereich anrechnen lassen!<\/p><\/td><td><\/td><\/tr><tr><td><p><\/p><\/td><td><\/td><\/tr><tr><td width=\"90%\"><p><a href=\"https:\/\/vvz.ruhr-uni-bochum.de\/campus\/all\/module.asp?gguid=0x59250459D0BEB84CBC4E647444CD6B47&amp;tguid=0xFCE1AF7F7129084D941751485538C8BC\">Leben im Weltraum (OPT) (5 CP)<\/a><\/p><\/td><td><\/td><\/tr><tr><td><p>Teil 1: Leben im All (Vorlesung), SoSe 2011<\/p><\/td><td><\/td><\/tr><tr><td><p>Teil 2: \u00dcbungen zu Leben im All, SoSe 2011<\/p><\/td><td><\/td><\/tr><tr><td><p>G4 Basismodul Physik des Universums<\/p><\/td><td><\/td><\/tr><tr><td><p>Studierende der Physik k\u00f6nnen sich dieses Modul nicht f\u00fcr den Optionalbereich anrechnen lassen!<\/p><\/td><td><\/td><\/tr><tr><td><p><\/p><\/td><td><\/td><\/tr><tr><td width=\"90%\"><p><a href=\"https:\/\/vvz.ruhr-uni-bochum.de\/campus\/all\/module.asp?gguid=0xA16AE5024B0F1F479889CD84B25F7E58&amp;tguid=0xFCE1AF7F7129084D941751485538C8BC\">Mathematische Hilfsmittel der Physik (OPT) (5 CP)<\/a><\/p><\/td><td><\/td><\/tr><tr><td><p>Teil 1: Einf\u00fchrung in die mathematischen Hilfsmittel der Physik (Vorlesung), SoSe 2011<\/p><\/td><td><\/td><\/tr><tr><td><p>Teil 2: \u00dcbungen zur Einf\u00fchrung in die mathematischen Hilfsmittel der Physik, SoSe 2011<\/p><\/td><td><\/td><\/tr><tr><td><p>G4 Basismodul Mathematische Methoden f\u00fcr die Physik<\/p><\/td><td><\/td><\/tr><tr><td><p>Studierende der Mathematik sowie der Physik k\u00f6nnen sich dieses Modul nicht f\u00fcr den Optionalbereich anrechnen lassen!<\/p><\/td><td><\/td><\/tr><tr><td><p><\/p><\/td><td><\/td><\/tr><tr><td width=\"90%\"><p><a href=\"https:\/\/vvz.ruhr-uni-bochum.de\/campus\/all\/module.asp?gguid=0x9500570E1D19B043B07CF022A71895AF&amp;tguid=0xFCE1AF7F7129084D941751485538C8BC\">Physik f\u00fcr Nicht-Physikerinnen und Nicht-Physiker (5 CP)<\/a><\/p><\/td><td><\/td><\/tr><tr><td><p>Teil 1: Physik f\u00fcr Nicht-Physikerinnen und Nicht-Physiker (Vorlesung), SoSe 2011<\/p><\/td><td><\/td><\/tr><tr><td><p>Teil 2: \u00dcbungen zur Physik f\u00fcr Nicht-Physikerinnen und Nicht-Physiker , SoSe 2011<\/p><\/td><td><\/td><\/tr><tr><td><p>G4 Basismodul Grundlagen der Physik<\/p><\/td><td><\/td><\/tr><tr><td><p>Studierende der Physik k\u00f6nnen an diesem Modul nicht teilnehmen!<\/p><\/td><td><\/td><\/tr><tr><td><p><\/p><\/td><td><\/td><\/tr><tr><td width=\"90%\"><p><a href=\"https:\/\/vvz.ruhr-uni-bochum.de\/campus\/all\/module.asp?gguid=0xB929A78FC3A7D1458AC126D738B18F61&amp;tguid=0xFCE1AF7F7129084D941751485538C8BC\">Physik II (Schwerpunkt Biologie) (5 CP)<\/a><\/p><\/td><td><\/td><\/tr><tr><td><p>Teil 1: Physik II f\u00fcr Studierende der Biologie (Vorlesung), SoSe 2011<\/p><\/td><td><\/td><\/tr><tr><td><p>Teil 2: \u00dcbungen zur Physik II f\u00fcr Studierende der Biologie, SoSe 2011<\/p><\/td><td><\/td><\/tr><tr><td><p>G4 Basismodul Grundlagen der Physik<\/p><\/td><td><\/td><\/tr><tr><td><p>Da die Veranstaltung inhaltlich der Physik I (Schwerpunkt Chemie) gleicht, kann nur jeweils eine von beiden f\u00fcr den Optionalbereich anerkannt werden. F\u00fcr Studierende des B.Sc. Studiengangs Biologie ist dieses Modul nicht im Optionalbereich anrechenbar. Studierende der Physik k\u00f6nnen an diesem Modul nicht teilnehmen!<\/p><\/td><td><\/td><\/tr><tr><td><p><\/p><\/td><td><\/td><\/tr><tr><td width=\"90%\"><p><a href=\"https:\/\/vvz.ruhr-uni-bochum.de\/campus\/all\/module.asp?gguid=0xB015C0D0C31D8E4A957DFB972389F8AA&amp;tguid=0xFCE1AF7F7129084D941751485538C8BC\">Physik II (Schwerpunkt Chemie, Biochemie, Geowissenschaften) (5 CP)<\/a><\/p><\/td><td><\/td><\/tr><tr><td><p>Teil 1: Physik II f\u00fcr Studierende der Biochemie, Chemie und Geowissenschaften (Vorlesung), SoSe 2011<\/p><\/td><td><\/td><\/tr><tr><td><p>Teil 2: \u00dcbungen zur Physik II f\u00fcr Studierende der Biochemie, Chemie und Geowissenschaften, SoSe 2011<\/p><\/td><td><\/td><\/tr><tr><td><p>G4 Basismodul Grundlagen der Physik<\/p><\/td><td><\/td><\/tr><tr><td><p>Da die Veranstaltung inhaltlich der Physik I (Schwerpunkt Biologie) gleicht, kann nur jeweils eine von beiden f\u00fcr den Optionalbereich anerkannt werden. F\u00fcr Studierende des B.Sc. Studiengangs Chemie, Biochemie, Geowissenschaften ist dieses Modul nicht im Optionalbereich anrechenbar. Studierende der Physik k\u00f6nnen an diesem Modul nicht teilnehmen!<\/p><\/td><td><\/td><\/tr><tr><td><\/td><td><\/td><\/tr><tr><td colspan=\"2\"><p>Rechtswissenschaft<\/p><\/td><\/tr><tr><td width=\"90%\"><p>In diesem Semester liegt leider kein Angebot vor.<\/p><\/td><td><\/td><\/tr><tr><td><\/td><td><\/td><\/tr><tr><td colspan=\"2\"><p>Sozialwissenschaft<\/p><\/td><\/tr><tr><td width=\"90%\"><p><a href=\"https:\/\/vvz.ruhr-uni-bochum.de\/campus\/all\/module.asp?gguid=0xD54EA6B62CB7224FB34BEB3A58B65DD3&amp;tguid=0xFCE1AF7F7129084D941751485538C8BC\">Arbeits-, Wirtschafts- und Organisationssoziologie (5 CP)<\/a><\/p><\/td><td><\/td><\/tr><tr><td><p>Teil 1a: Einf\u00fchrung in die Arbeits-, Wirtschafts- und Organisationssoziologie (Seminar), SoSe 2011 oder<\/p><\/td><td><\/td><\/tr><tr><td><p>Teil 1b: Einf\u00fchrung in die Arbeits-, Wirtschafts- und Organisationssoziologie (Seminar), SoSe 2011<\/p><\/td><td><\/td><\/tr><tr><td><p>Teil 2: Strukturierte Betreuung (\u00dcbung), SoSe 2011<\/p><\/td><td><\/td><\/tr><tr><td><p>G4 Aufbaumodul Soziologie<\/p><\/td><td><\/td><\/tr><tr><td><p>Studierende der F\u00e4cher PWG, KIG und Soziologie sowie des Studiengangs Sozialwissenschaft k\u00f6nnen an diesem Modul nicht teilnehmen!<\/p><\/td><td><\/td><\/tr><tr><td><p><\/p><\/td><td><\/td><\/tr><tr><td width=\"90%\"><p><a href=\"https:\/\/vvz.ruhr-uni-bochum.de\/campus\/all\/module.asp?gguid=0xB404554250DB7B44986E339507824C0C&amp;tguid=0xFCE1AF7F7129084D941751485538C8BC\">Einf\u00fchrung in die Wirtschafts- und Sozialpolitik (5 CP)<\/a><\/p><\/td><td><\/td><\/tr><tr><td><p>Teil 1: Einf\u00fchrung in die Wirtschafts- und Sozialpolitik (Vorlesung), SoSe 2011<\/p><\/td><td><\/td><\/tr><tr><td><p>Teil 2: Wirtschafts- und Sozialpolitik (\u00dcbung), SoSe 2011<\/p><\/td><td><\/td><\/tr><tr><td><p>G4 Basismodul Sozial\u00f6konomik<\/p><\/td><td><\/td><\/tr><tr><td><p>Studierende der F\u00e4cher PWG, Soziologie, Politikwissenschaft und Sozialpsychologie\/-anthropologie sowie des Studiengangs Sozialwissenschaft k\u00f6nnen an diesem Modul nicht teilnehmen!<\/p><\/td><td><\/td><\/tr><tr><td><p><\/p><\/td><td><\/td><\/tr><tr><td width=\"90%\"><p><a href=\"https:\/\/vvz.ruhr-uni-bochum.de\/campus\/all\/module.asp?gguid=0x671E549DDBAD94409C6E7C910F85480D&amp;tguid=0xFCE1AF7F7129084D941751485538C8BC\">Internationalisierung (5 CP)<\/a><\/p><\/td><td><\/td><\/tr><tr><td><p>Teil 1: Migration und Geschlecht (Seminar), SoSe 2011<\/p><\/td><td><\/td><\/tr><tr><td><p>Teil 2: Strukturierte Betreuung (\u00dcbung), SoSe 2011<\/p><\/td><td><\/td><\/tr><tr><td><p>G4 Basismodul Soziologie<\/p><\/td><td><\/td><\/tr><tr><td><p>Studierende der F\u00e4cher KIG und Soziologie sowie des Studiengangs Sozialwissenschaft k\u00f6nnen an diesem Modul nicht teilnehmen!<\/p><\/td><td><\/td><\/tr><tr><td><p><\/p><\/td><td><\/td><\/tr><tr><td width=\"90%\"><p><a href=\"https:\/\/vvz.ruhr-uni-bochum.de\/campus\/all\/module.asp?gguid=0x78C9AF7A0A1A6E48AA259E250BEC9786&amp;tguid=0xFCE1AF7F7129084D941751485538C8BC\">Management, Arbeit, Organisation (5 CP)<\/a><\/p><\/td><td><\/td><\/tr><tr><td><p>Teil 1: Einf\u00fchrung in die Organisationssoziologie (Seminar), SoSe 2011<\/p><\/td><td><\/td><\/tr><tr><td><p>Teil 2: Betriebspraxis &#8211; Exkursion in Unternehmen (Diskussionen ausgew\u00e4hlter aktueller Problemfelder mit Arbeitgeber-\/Arbeitnehmervertretern) (\u00dcbung), SoSe 2011<\/p><\/td><td><\/td><\/tr><tr><td><p>G4 Aufbaumodul Soziologie<\/p><\/td><td><\/td><\/tr><tr><td><p>Studierende der Soziologie, des Faches PWG sowie des Faches Sozialwissenschaft k\u00f6nnen an diesem Modul nicht teilnehmen.<\/p><\/td><td><\/td><\/tr><tr><td><p><\/p><\/td><td><\/td><\/tr><tr><td width=\"90%\"><p><a href=\"https:\/\/vvz.ruhr-uni-bochum.de\/campus\/all\/module.asp?gguid=0xFFB9F3389B28824F9B9900A050435B75&amp;tguid=0xFCE1AF7F7129084D941751485538C8BC\">Sozial- und Kulturpsychologie (5 CP)<\/a><\/p><\/td><td><\/td><\/tr><tr><td><p>Teil 1: Einf\u00fchrung in die Sozial- und Kulturpsychologie (Vorlesung), SoSe 2011<\/p><\/td><td><\/td><\/tr><tr><td><p>Teil 2: Strukturierte Betreuung (\u00dcbung), SoSe 2011<\/p><\/td><td><\/td><\/tr><tr><td><p>G4 Basismodul Sozialpsychologie<\/p><\/td><td><\/td><\/tr><tr><td><p>Studierende des Faches Sozialpsychologie und -anthropologie sowie des Studiengangs Sozialwissenschaft k\u00f6nnen an dem Modul nicht teilnehmen!<\/p><\/td><td><\/td><\/tr><tr><td><p><\/p><\/td><td><\/td><\/tr><tr><td width=\"90%\"><p><a href=\"https:\/\/vvz.ruhr-uni-bochum.de\/campus\/all\/module.asp?gguid=0x01EFCB5D57370443A45F025FF87ABA4D&amp;tguid=0xFCE1AF7F7129084D941751485538C8BC\">Sozialanthropologie (5 CP)<\/a><\/p><\/td><td><\/td><\/tr><tr><td><p>Teil 1: Einf\u00fchrung in die Sozialanthropologie (Vorlesung), SoSe 2011<\/p><\/td><td><\/td><\/tr><tr><td><p>Teil 2: Strukturierte Betreuung (\u00dcbung), SoSe 2011<\/p><\/td><td><\/td><\/tr><tr><td><p>G4 Basismodul Sozialpsychologie<\/p><\/td><td><\/td><\/tr><tr><td><p>Studierende des Faches Sozialpsychologie und -anthropologie sowie des Studienganges Sozialwissenschaft k\u00f6nnen an dem Modul nicht teilnehmen!<\/p><\/td><td><\/td><\/tr><tr><td><p><\/p><\/td><td><\/td><\/tr><tr><td width=\"90%\"><p><a href=\"https:\/\/vvz.ruhr-uni-bochum.de\/campus\/all\/module.asp?gguid=0xBDC606F15C43CC48952DE725ECAA5D8F&amp;tguid=0xFCE1AF7F7129084D941751485538C8BC\">Sozialpsychologische Aspekte der Dienstleistungsgesellschaft (5 CP)<\/a><\/p><\/td><td><\/td><\/tr><tr><td><p>Teil 1: Interaktion und Kommunikation in personenbezogenen Dienstleistungen (Vorlesung), SoSe 2011<\/p><\/td><td><\/td><\/tr><tr><td><p>Teil 2: Strukturierte Betreuung (\u00dcbung), SoSe 2011<\/p><\/td><td><\/td><\/tr><tr><td><p>G4 Aufbaumodul Sozialpsychologie<\/p><\/td><td><\/td><\/tr><tr><td><p>Studierende des Faches Sozialpsychologie und -anthropologie sowie des Studiengangs Sozialwissenschaft k\u00f6nnen an dem Modul nicht teilnehmen!<\/p><\/td><td><\/td><\/tr><tr><td><p><\/p><\/td><td><\/td><\/tr><tr><td width=\"90%\"><p><a href=\"https:\/\/vvz.ruhr-uni-bochum.de\/campus\/all\/module.asp?gguid=0x9DCA4DA9DDC52847B8F496D5E0D34EA1&amp;tguid=0xFCE1AF7F7129084D941751485538C8BC\">Sozialtheorie (5 CP)<\/a><\/p><\/td><td><\/td><\/tr><tr><td><p>Teil 1: Klassiker der Sozial- und Kulturtheorie (Vorlesung), SoSe 2011<\/p><\/td><td><\/td><\/tr><tr><td><p>Teil 2: Strukturierte Betreuung (\u00dcbung), SoSe 2011<\/p><\/td><td><\/td><\/tr><tr><td><p>G4 Aufbaumodul Sozialpsychologie<\/p><\/td><td><\/td><\/tr><tr><td><p>Studierende des Faches Sozialpsychologie und -anthropologie sowie des Studiengangs Sozialwissenschaft k\u00f6nnen an dem Modul nicht teilnehmen!<\/p><\/td><td><\/td><\/tr><tr><td><p><\/p><\/td><td><\/td><\/tr><tr><td width=\"90%\"><p><a href=\"https:\/\/vvz.ruhr-uni-bochum.de\/campus\/all\/module.asp?gguid=0x8F91775406120144A662B3D87B6E947D&amp;tguid=0xFCE1AF7F7129084D941751485538C8BC\">Soziologie I (5 CP)<\/a><\/p><\/td><td><\/td><\/tr><tr><td><p>Teil 1: Einf\u00fchrung in die Soziologie I (Vorlesung), SoSe 2011<\/p><\/td><td><\/td><\/tr><tr><td><p>Teil 2: Strukturierte Betreuung (\u00dcbung), SoSe 2011<\/p><\/td><td><\/td><\/tr><tr><td><p>G4 Basismodul Soziologie<\/p><\/td><td><\/td><\/tr><tr><td><p>Studierende der F\u00e4cher PWG, KIG, Soziologie, Politikwissenschaft und Sozialpsychologie\/-anthropologie sowie des Studiengangs Sozialwissenschaft k\u00f6nnen an diesem Modul nicht teilnehmen!<\/p><\/td><td><\/td><\/tr><tr><td><p><\/p><\/td><td><\/td><\/tr><tr><td width=\"90%\"><p><a href=\"https:\/\/vvz.ruhr-uni-bochum.de\/campus\/all\/module.asp?gguid=0x097D755E3F06D045BD5F6CD51D6E49EA&amp;tguid=0xFCE1AF7F7129084D941751485538C8BC\">Soziologie II (5 CP)<\/a><\/p><\/td><td><\/td><\/tr><tr><td><p>Teil 1: Einf\u00fchrung in die Soziologie II (Vorlesung), SoSe 2011<\/p><\/td><td><\/td><\/tr><tr><td><p>Teil 2: Strukturierte Betreuung (\u00dcbung), SoSe 2011<\/p><\/td><td><\/td><\/tr><tr><td><\/td><td><\/td><\/tr><tr><td><p>G4 Aufbaumodul Soziologie<\/p><\/td><td><\/td><\/tr><tr><td><p>Studierende der F\u00e4cher PWG, KIG, Soziologie, Politikwissenschaft und Sozialpsychologie\/-anthropologie sowie des Studiengangs Sozialwissenschaft k\u00f6nnen an diesem Modul nicht teilnehmen!<\/p><\/td><td><\/td><\/tr><tr><td><p><\/p><\/td><td><\/td><\/tr><tr><td width=\"90%\"><p><a href=\"https:\/\/vvz.ruhr-uni-bochum.de\/campus\/all\/module.asp?gguid=0xE11A027B37D76A4192671EEA90D4BFA0&amp;tguid=0xFCE1AF7F7129084D941751485538C8BC\">Theorie und Analyse von Gegenwartsgesellschaften (5 CP)<\/a><\/p><\/td><td><\/td><\/tr><tr><td><p>Teil 1: Einf\u00fchrung in die Soziologie III (Vorlesung), SoSe 2011<\/p><\/td><td><\/td><\/tr><tr><td><p>Teil 2: Strukturierte Betreuung (\u00dcbung), SoSe 2011<\/p><\/td><td><\/td><\/tr><tr><td><p>G4 Aufbaumodul Soziologie<\/p><\/td><td><\/td><\/tr><tr><td><p>Studierende des Faches Soziologie sowie des Studienganges Sozialwissenschaft k\u00f6nnen an diesem Modul nicht teilnehmen!<\/p><\/td><td><\/td><\/tr><tr><td><p><\/p><\/td><td><\/td><\/tr><tr><td width=\"90%\"><p><a href=\"https:\/\/vvz.ruhr-uni-bochum.de\/campus\/all\/module.asp?gguid=0x9148328FEA7E8F41B63C07D9EA222974&amp;tguid=0xFCE1AF7F7129084D941751485538C8BC\">Politikwissenschaft: Internationale Beziehungen (5 CP)<\/a><\/p><\/td><td><\/td><\/tr><tr><td><p>Teil 1: Einf\u00fchrung in die Internationalen Beziehungen (Vorlesung), SoSe 2011<\/p><\/td><td><\/td><\/tr><tr><td><p>Teil 2: Seminar aus dem Bereich Internationale Beziehungen [s. VSPL], SoSe 2011<\/p><\/td><td><\/td><\/tr><tr><td><p>G4 Aufbaumodul Politikwissenschaft<\/p><\/td><td><\/td><\/tr><tr><td><p>Studierende des Faches Politikwissenschaft, des Faches Politik, Wirtschaft und Gesellschaft, sowie des Faches Sozialwissenschaft k\u00f6nnen an dem Modul nicht teilnehmen!<\/p><\/td><td><\/td><\/tr><tr><td><p><\/p><\/td><td><\/td><\/tr><tr><td width=\"90%\"><p><a href=\"https:\/\/vvz.ruhr-uni-bochum.de\/campus\/all\/module.asp?gguid=0x87E84673A6380A488AC031D931031AD5&amp;tguid=0xFCE1AF7F7129084D941751485538C8BC\">Politikwissenschaft: Politisches System Deutschlands (5 CP)<\/a><\/p><\/td><td><\/td><\/tr><tr><td><p>Teil 1: Einf\u00fchrung in das politische System Deutschlands (Vorlesung), SoSe 2011<\/p><\/td><td><\/td><\/tr><tr><td><p>Teil 2: Seminar aus dem Bereich Politisches System Deutschlands [s. VSPL], SoSe 2011<\/p><\/td><td><\/td><\/tr><tr><td><p>G4 Basismodul Politikwissenschaft<\/p><\/td><td><\/td><\/tr><tr><td><p>Studierende der F\u00e4cher PWG, KIG und Politikwissenschaft sowie des Studienganges Sozialwissenschaft k\u00f6nnen an dem Modul nicht teilnehmen!<\/p><\/td><td><\/td><\/tr><tr><td><p><\/p><\/td><td><\/td><\/tr><tr><td width=\"90%\"><p><a href=\"https:\/\/vvz.ruhr-uni-bochum.de\/campus\/all\/module.asp?gguid=0x667BF6026991C441872E5AA50A4EF162&amp;tguid=0xFCE1AF7F7129084D941751485538C8BC\">Politikwissenschaft: Vergleichende Regierungslehre (5 CP)<\/a><\/p><\/td><td><\/td><\/tr><tr><td><p>Teil 1: Einf\u00fchrung in die Vergleichende Regierungslehre (Vorlesung), SoSe 2011<\/p><\/td><td><\/td><\/tr><tr><td><p>Teil 2: Seminar aus dem Bereich Vergleichende Regierungslehre [s. VSPL], SoSe 2011<\/p><\/td><td><\/td><\/tr><tr><td><p>G4 Aufbaumodul Politikwissenschaft<\/p><\/td><td><\/td><\/tr><tr><td><p>Studierende des Faches Politikwissenschaft sowie des Studiengangs Sozialwissenschaft k\u00f6nnen an diesem Modul nicht teilnehmen!<\/p><\/td><td><\/td><\/tr><tr><td><\/td><td><\/td><\/tr><tr><td colspan=\"2\"><p>Sportwissenschaft<\/p><\/td><\/tr><tr><td width=\"90%\"><p><a href=\"https:\/\/vvz.ruhr-uni-bochum.de\/campus\/all\/module.asp?gguid=0x48F05A00E4EAB8429332A3E4A066582F&amp;tguid=0xFCE1AF7F7129084D941751485538C8BC\">Sport und Gesundheit (5 CP)<\/a><\/p><\/td><td><\/td><\/tr><tr><td><p>Teil 1: Sport und Gesundheit (Ringvorlesung), SoSe 2011<\/p><\/td><td><\/td><\/tr><tr><td><p>Teil 2: Einf\u00fchrung in die Trainingswissenschaft (Vorlesung), SoSe 2011<\/p><\/td><td><\/td><\/tr><tr><td><p>G4 Sportmedizin<\/p><\/td><td><\/td><\/tr><tr><td width=\"100%\"><p>Studierende der Sportwissenschaft k\u00f6nnen an diesem Modul nicht teilnehmen!<\/p><\/td><td><\/td><\/tr><tr><td><p><\/p><\/td><td><\/td><\/tr><tr><td width=\"90%\"><p><a href=\"https:\/\/vvz.ruhr-uni-bochum.de\/campus\/all\/module.asp?gguid=0xDBE0F354A1843B4A9C3A743B97AC1A09&amp;tguid=0xFCE1AF7F7129084D941751485538C8BC\">Bewegungskultur und Sport in historischer Perspektive (5 CP)<\/a><\/p><\/td><td><\/td><\/tr><tr><td><p>Teil 1: Einf\u00fchrung in die Sportgeschichte (Vorlesung), SoSe 2011<\/p><\/td><td><\/td><\/tr><tr><td><p>Teil 2: Seminar aus dem Bereich der Sportgeschichte [s.VSPL], SoSe 2011<\/p><\/td><td><\/td><\/tr><tr><td><p>G4 Sport und Gesellschaft<\/p><\/td><td><\/td><\/tr><tr><td width=\"100%\"><p>Studierende der Sportwissenschaft k\u00f6nnen an diesem Modul nicht teilnehmen!<\/p><\/td><td><\/td><\/tr><tr><td><p><\/p><\/td><td><\/td><\/tr><tr><td width=\"90%\"><p><a href=\"https:\/\/vvz.ruhr-uni-bochum.de\/campus\/all\/module.asp?gguid=0xFEB1A3BCC014784C86C261577AD7035A&amp;tguid=0xFCE1AF7F7129084D941751485538C8BC\">Sportpsychologie in Forschung und Anwendung (5 CP)<\/a><\/p><\/td><td><\/td><\/tr><tr><td><p>Teil 1: Einf\u00fchrung in die Sportpsychologie (Vorlesung), SoSe 2011<\/p><\/td><td><\/td><\/tr><tr><td><p>Teil 2: Seminar aus dem Bereich der Sportpsychologie [s.VSPL], SoSe 2011<\/p><\/td><td><\/td><\/tr><tr><td><p>G4 Sportpsychologie\/Sportp\u00e4dagogik<\/p><\/td><td><\/td><\/tr><tr><td width=\"100%\"><p>Studierende der Sportwissenschaft k\u00f6nnen an diesem Modul nicht teilnehmen!<\/p><\/td><td><\/td><\/tr><tr><td><p><\/p><\/td><td><\/td><\/tr><tr><td width=\"90%\"><p><a href=\"https:\/\/vvz.ruhr-uni-bochum.de\/campus\/all\/module.asp?gguid=0x2D1CA28791B98B4C902761186BA57907&amp;tguid=0xFCE1AF7F7129084D941751485538C8BC\">Fit von Kopf bis Fu\u00df? (5 CP)<\/a><\/p><\/td><td><\/td><\/tr><tr><td><p>Teil 1: Grundlagen der Trainingswissenschaft (Vorlesung), SoSe 2011<\/p><\/td><td><\/td><\/tr><tr><td><p>Teil 2: Fitnesstraining in der Praxis (\u00dcbung), SoSe 2011<\/p><\/td><td><\/td><\/tr><tr><td><p>G4 Sport und Gesellschaft<\/p><\/td><td><\/td><\/tr><tr><td width=\"100%\"><p>Studierende der Sportwissenschaft k\u00f6nnen an diesem Modul nicht teilnehmen!<\/p><\/td><td><\/td><\/tr><tr><td><\/td><td><\/td><\/tr><tr><td colspan=\"2\"><p>Theaterwissenschaft<\/p><\/td><\/tr><tr><td width=\"90%\"><p><a href=\"https:\/\/vvz.ruhr-uni-bochum.de\/campus\/all\/module.asp?gguid=0x16DD12BF4246384097AA7119C435FCC1&amp;tguid=0xFCE1AF7F7129084D941751485538C8BC\">Basismodul Tanztheater (5 CP)<\/a><\/p><\/td><td><\/td><\/tr><tr><td><p>Teil 1: Der Tanz ist tot. Es lebe der Tanz? (Seminar), SoSe 2011<\/p><\/td><td><\/td><\/tr><tr><td><p>Teil 2: Pr\u00e4senz als Modul des Zeigens und Teilens: Choreographie und Performance im \u00dcbergang zum 21. Jahrhundert (Seminar), SoSe 2011<\/p><\/td><td><\/td><\/tr><tr><td><p>G4 Grundlagen der Theaterwissenschaft<\/p><\/td><td><\/td><\/tr><tr><td width=\"100%\"><p>Studierende der Theaterwissenschaft k\u00f6nnen an diesem Modul nicht teilnehmen!<\/p><\/td><td><\/td><\/tr><tr><td><\/td><td><\/td><\/tr><tr><td colspan=\"2\"><p>Wirtschaftswissenschaft<\/p><\/td><\/tr><tr><td width=\"90%\"><p><a href=\"https:\/\/vvz.ruhr-uni-bochum.de\/campus\/all\/module.asp?gguid=0x4BFAB34DBA14374F966BF7DDA29A8EC5&amp;tguid=0xFCE1AF7F7129084D941751485538C8BC\">Einf\u00fchrung in das Rechnungswesen\/Controlling (5 CP)<\/a><\/p><\/td><td><\/td><\/tr><tr><td><p>Teil 1: Einf\u00fchrung in das Rechnungswesen\/Controlling (Vorlesung), SoSe 2011<\/p><\/td><td><\/td><\/tr><tr><td><p>Teil 2: \u00dcbung zur Einf\u00fchrung in das Rechnungswesen\/Controlling, SoSe 2011<\/p><\/td><td><\/td><\/tr><tr><td><p>G4 Basismodul Rechnungswesen<\/p><\/td><td><\/td><\/tr><tr><td><p>Studierende der Wirtschaftswissenschaften k\u00f6nnen an diesem Modul nicht teilnehmen! Studierende, die das Modul &#8222;Grundlagen der BWL f\u00fcr Nicht\u00f6konomen und Existenzgr\u00fcnder belegen, k\u00f6nnen an diesem Modul nicht teilnehmen!<\/p><\/td><td><\/td><\/tr><tr><td><p><\/p><\/td><td><\/td><\/tr><tr><td width=\"90%\"><p><a href=\"https:\/\/vvz.ruhr-uni-bochum.de\/campus\/all\/module.asp?gguid=0x279D33E9D440B9439775ACDD35FE46D0&amp;tguid=0xFCE1AF7F7129084D941751485538C8BC\">Grundlagen der BWL f\u00fcr Nicht\u00f6konomen und Existenzgr\u00fcndung (10 CP)<\/a><\/p><\/td><td><\/td><\/tr><tr><td><p>Teil 1: Einf\u00fchrung in die BWL f\u00fcr Nicht\u00f6konomen (Vorlesung), SoSe 2011<\/p><\/td><td><\/td><\/tr><tr><td><p>Teil 2: Einf\u00fchrung in die BWL f\u00fcr Nicht\u00f6konomen (\u00dcbung), SoSe 2011<\/p><\/td><td><\/td><\/tr><tr><td><p>Teil 3: Einf\u00fchrung in das Rechnungswesen\/Controlling (Vorlesung), SoSe 2011<\/p><\/td><td><\/td><\/tr><tr><td><p>Teil 4: Einf\u00fchrung in das Rechnungswesen\/Controlling (\u00dcbung), SoSe 2011<\/p><\/td><td><\/td><\/tr><tr><td><p>G4 Basismodul Rechnungswesen<\/p><\/td><td><\/td><\/tr><tr><td><p>Studierende der Wirtschaftswissenschaft k\u00f6nnen an diesem Modul nicht teilnehmen! \/\/ Achtung: Studierende, die das Modul &#8222;Einf\u00fchrung in die Betriebs- sowie Volkswirtschaftslehre&#8220; und\/oder das Modul &#8222;Einf\u00fchrung in das Rechnungswesen\/ Controlling&#8220; belegen oder belegt haben, k\u00f6nnen an diesem Modul nicht teilnehmen!<\/p><\/td><td><\/td><\/tr><tr><td><p><\/p><\/td><td><\/td><\/tr><tr><td width=\"90%\"><p><a href=\"https:\/\/vvz.ruhr-uni-bochum.de\/campus\/all\/module.asp?gguid=0x3B063D9C8BFD0E4E8D4A1ADB400D7C9B&amp;tguid=0xFCE1AF7F7129084D941751485538C8BC\">General Management f\u00fcr Existenzgr\u00fcnder (5 CP)<\/a><\/p><\/td><td><\/td><\/tr><tr><td><p>Teil 1: General Management f\u00fcr Existenzgr\u00fcnder (Vorlesung), SoSe 2011<\/p><\/td><td><\/td><\/tr><tr><td><p>Teil 2: \u00dcbung Businessplanerstellung, SoSe 2011<\/p><\/td><td><\/td><\/tr><tr><td><p>G4 Aufbaumodul Existenzgr\u00fcndung<\/p><\/td><td><\/td><\/tr><tr><td><p>Das Modul eignet sich f\u00fcr interessierte Studierende in jedem Studienjahr der Bachelor-Phase. Der vorherige Besuch der Veranstaltungen &#8222;Einf\u00fchrung in die BWL f\u00fcr Nicht\u00f6konomen&#8220; und &#8222;Einf\u00fchrung in das Rechnungswesen\/ Controlling&#8220; wird empfohlen, stellt jedoch keine zwingende Voraussetzung dar. \/\/ Studierende der Wirtschaftswissenschaft k\u00f6nnen an diesem Modul nicht teilnehmen!<\/p><\/td><td><\/td><\/tr><tr><td><\/td><td><\/td><\/tr><tr><td colspan=\"2\"><p>Interdisziplin\u00e4re Module<\/p><\/td><\/tr><tr><td width=\"90%\"><p><a href=\"https:\/\/vvz.ruhr-uni-bochum.de\/campus\/all\/module.asp?gguid=0xBC453D64F7DB484AAC815BCD0B58C5D6&amp;tguid=0xFCE1AF7F7129084D941751485538C8BC\">Aspekte der Jazzgeschichte (5 CP)<\/a><\/p><\/td><td><\/td><\/tr><tr><td><p>Teil 1: Frauen im Jazz (Seminar), SoSe 2011<\/p><\/td><td><\/td><\/tr><tr><td><p>Teil 2: Miles Davis (Seminar), SoSe 2011<\/p><\/td><td><\/td><\/tr><tr><td><p>G4 Basismodul Kunst und Kultur<\/p><\/td><td><\/td><\/tr><tr><td><p><\/p><\/td><td><\/td><\/tr><tr><td width=\"90%\"><p><a href=\"https:\/\/vvz.ruhr-uni-bochum.de\/campus\/all\/module.asp?gguid=0x31642960752EF84FAEBAB8B975598B36&amp;tguid=0xFCE1AF7F7129084D941751485538C8BC\">Die factory f\u00f6rdert Querdenker! &#8211; K\u00fcnstlerisches Denken in au\u00dferk\u00fcnstlerischen Feldern (5 CP)<\/a><\/p><\/td><td><\/td><\/tr><tr><td><p>Teil 1: Greenpeace sucht Alternativen. Wir auch! (Seminar), SoSe 2011<\/p><\/td><td><\/td><\/tr><tr><td><p>Teil 2: Erfinderwerkstatt der [ID]factory &#8211; Interdisziplin\u00e4re Experimente (Seminar), SoSe 2011<\/p><\/td><td><\/td><\/tr><tr><td><p>G4 Basismodul Wissenschaft in der Praxis<\/p><\/td><td><\/td><\/tr><tr><td><p><\/p><\/td><td><\/td><\/tr><tr><td width=\"90%\"><p><a href=\"https:\/\/vvz.ruhr-uni-bochum.de\/campus\/all\/module.asp?gguid=0xB911304B0BA90A4AB4595E9F9F7D12E5&amp;tguid=0xFCE1AF7F7129084D941751485538C8BC\">Farben sehen und erleben (5 CP)<\/a><\/p><\/td><td><\/td><\/tr><tr><td><p>Teil 1: Farben sehen und erleben &#8211; Theorie und Geschichte (Seminar), SoSe 2011<\/p><\/td><td><\/td><\/tr><tr><td><p>Teil 2: Farben sehen und erleben &#8211; Praktische Einf\u00fchrung in die Welt der Farben und der Malerei (praktische \u00dcbung), SoSe 2011<\/p><\/td><td><\/td><\/tr><tr><td><p>G4 Basismodul &#8222;Kunst und Kultur&#8220;<\/p><\/td><td><\/td><\/tr><tr><td><p><\/p><\/td><td><\/td><\/tr><tr><td width=\"90%\"><p><a href=\"https:\/\/vvz.ruhr-uni-bochum.de\/campus\/all\/module.asp?gguid=0x380AD8C4EE6AF842AC10293874AF2CDE&amp;tguid=0xFCE1AF7F7129084D941751485538C8BC\">Interkulturelle Kompetenz in Theorie und Praxis (5 CP)<\/a><\/p><\/td><td><\/td><\/tr><tr><td><p>Teil 1: Grundlagen und Voraussetzungen interkultureller Kompetenz (Seminar), SoSe 2011<\/p><\/td><td><\/td><\/tr><tr><td><p>Teil 2: Vertiefende \u00dcbungen zur interkulturellen Kompetenz, SoSe 2011<\/p><\/td><td><\/td><\/tr><tr><td><p>G4 Basismodul Identit\u00e4t und Differenz<\/p><\/td><td><\/td><\/tr><tr><td><p><\/p><\/td><td><\/td><\/tr><tr><td width=\"90%\"><p><a href=\"https:\/\/vvz.ruhr-uni-bochum.de\/campus\/all\/module.asp?gguid=0x8DB3E129CE312340BD5ADD34F95BC0A9&amp;tguid=0xFCE1AF7F7129084D941751485538C8BC\">Introduction to Model United Nations; VII. DuEMUN-Conference 2011 (5 CP)<\/a><\/p><\/td><td><\/td><\/tr><tr><td><p>Teil 1: Introduction to Model United Nations (Seminar), SoSe 2011<\/p><\/td><td><\/td><\/tr><tr><td><p>Teil 2: DuEMUN-Konferenz 2011, SoSe 2011<\/p><\/td><td><\/td><\/tr><tr><td><p>G4 Basismodul &#8222;Landeskunde&#8220;<\/p><\/td><td><\/td><\/tr><tr><td><p><\/p><\/td><td><\/td><\/tr><tr><td width=\"90%\"><p><a href=\"https:\/\/vvz.ruhr-uni-bochum.de\/campus\/all\/module.asp?gguid=0xC787F07D52B69443BB402A2E9514EA4E&amp;tguid=0xFCE1AF7F7129084D941751485538C8BC\">Lebensgeschichtliche Erinnerungen im sozialen Kontext (5 CP)<\/a><\/p><\/td><td><\/td><\/tr><tr><td><p>Teil 1: Eliten in der DDR. Autobiographische Befunde (Ringvorlesung), SoSe 2011<\/p><\/td><td><\/td><\/tr><tr><td><p>Teil 2: Deutsche Lebensl\u00e4ufe im 20. Jahrhundert. Zur Theorie und Praxis der Autobiographie (\u00dcbung), SoSe 2011<\/p><\/td><td><\/td><\/tr><tr><td><p>Teil 3:Begleitveranstaltungen (Lesungen, Filmreihe), SoSe 2011<\/p><\/td><td><\/td><\/tr><tr><td><p>G4 Basismodul Identit\u00e4t und Differenz<\/p><\/td><td><\/td><\/tr><tr><td><p><\/p><\/td><td><\/td><\/tr><tr><td width=\"90%\"><p><a href=\"https:\/\/vvz.ruhr-uni-bochum.de\/campus\/all\/module.asp?gguid=0x15D6FFE7A250CB4E8C40AE60DAB84865&amp;tguid=0xFCE1AF7F7129084D941751485538C8BC\">Quantitative Forschungsmethoden f\u00fcr Geisteswissenschaftler (5 CP)<\/a><\/p><\/td><td><\/td><\/tr><tr><td><p>Teil 1: Theoretische Einf\u00fchrung in die quantitativen Methoden innerhalb der empirischen Forschung (Seminar), SoSe 2011<\/p><\/td><td><\/td><\/tr><tr><td><p>Teil 2: Quantitative Forschung an einem konkreten Projekt (\u00dcbung), SoSe 2011<\/p><\/td><td><\/td><\/tr><tr><td><p>G4 Basismodul Wissenschaft in der Praxis<\/p><\/td><td><\/td><\/tr><tr><td><p><\/p><\/td><td><\/td><\/tr><tr><td width=\"90%\"><p><a href=\"https:\/\/vvz.ruhr-uni-bochum.de\/campus\/all\/module.asp?gguid=0x8D0CCBF07CDF05428EBAB9D6FDF550FB&amp;tguid=0xFCE1AF7F7129084D941751485538C8BC\">Zwischen Askese und Extase (5 CP)<\/a><\/p><\/td><td><\/td><\/tr><tr><td><p>Teil 1: Zwischen Askese und Extase &#8211; Sakrale und profane Musik in der Tradition europ\u00e4ischer Kl\u00f6ster (Seminar), SoSe 2011<\/p><\/td><td><\/td><\/tr><tr><td><p>Teil 2a: Chor der Univerist\u00e4t (praktische \u00dcbung), SoSe 2011 oder<\/p><\/td><td><\/td><\/tr><tr><td><p>Teil 2b: Orchester der Universit\u00e4t (praktische \u00dcbung), SoSe 2011<\/p><\/td><td><\/td><\/tr><tr><td><p>G4 Basismodul &#8222;Kunst und Kultur&#8220;<\/p><\/td><td><\/td><\/tr><\/tbody><\/table><p><\/p><\/div>\n\t\t\t\t<\/div>\n\t\t\t\t\t\t\t<div class=\"elementor-accordion-item\">\n\t\t\t\t\t<div id=\"elementor-tab-title-91621\" class=\"elementor-tab-title\" data-tab=\"21\" role=\"button\" aria-controls=\"elementor-tab-content-91621\" aria-expanded=\"false\">\n\t\t\t\t\t\t\t\t\t\t\t\t\t<span class=\"elementor-accordion-icon elementor-accordion-icon-left\" aria-hidden=\"true\">\n\t\t\t\t\t\t\t\t\t\t\t\t\t\t\t<span class=\"elementor-accordion-icon-closed\"><i class=\"fas fa-plus\"><\/i><\/span>\n\t\t\t\t\t\t\t\t<span class=\"elementor-accordion-icon-opened\"><i class=\"fas fa-minus\"><\/i><\/span>\n\t\t\t\t\t\t\t\t\t\t\t\t\t\t<\/span>\n\t\t\t\t\t\t\t\t\t\t\t\t<a class=\"elementor-accordion-title\" tabindex=\"0\">WS 2010\/11<\/a>\n\t\t\t\t\t<\/div>\n\t\t\t\t\t<div id=\"elementor-tab-content-91621\" class=\"elementor-tab-content elementor-clearfix\" data-tab=\"21\" role=\"region\" aria-labelledby=\"elementor-tab-title-91621\"><table width=\"100%\"><tbody><tr><td colspan=\"2\"><p>Grundlagenmodule anderer F\u00e4cher<\/p><\/td><\/tr><tr><td colspan=\"2\"><p>Allgemeine &amp; vergleichende Literaturwissenschaft<\/p><\/td><\/tr><tr><td width=\"90%\"><p><a href=\"https:\/\/vvz.ruhr-uni-bochum.de\/campus\/all\/module.asp?gguid=0x03DA29DDCF3F804DAF018F86DDAD275B&amp;tguid=0x9C8E1BE57C73CD4CAAC3A34FF36E00AD\">Literatur und kulturelles Wissen (5 CP)<\/a><\/p><\/td><td><\/td><\/tr><tr><td><p>Teil 1: Miguel de Cervantes: &#8222;Don Quijote&#8220; (Vorlesung), WS 2010\/11<\/p><\/td><td><\/td><\/tr><tr><td><p>Teil 2: Doppelg\u00e4nger (Vorlesung), WS 2010\/11<\/p><\/td><td><\/td><\/tr><tr><td><p>G4 Textformen europ\u00e4ischer Literatur<\/p><\/td><td><\/td><\/tr><tr><td><p>Studierende der Komparatistik k\u00f6nnen in diesem Modul keine CP f\u00fcr den Optionalbereich erwerben!<\/p><\/td><td><\/td><\/tr><tr><td><p><\/p><\/td><td><\/td><\/tr><tr><td colspan=\"2\"><p>Anglistik\/Amerikanistik<\/p><\/td><\/tr><tr><td width=\"90%\"><p><a href=\"https:\/\/vvz.ruhr-uni-bochum.de\/campus\/all\/module.asp?gguid=0xF1D82D8EC85A6D48AF6C7323CC8690BC&amp;fieldgguid=&amp;findmodule=Amerik&amp;tguid=0x9C8E1BE57C73CD4CAAC3A34FF36E00AD\">Amerikanische Literatur (5 CP)<\/a><\/p><\/td><td><\/td><\/tr><tr><td><p>Teil 1: American Literature and Culture from The Beginnings to the Civil War (Vorlesung), WS 2010\/11<\/p><\/td><td><\/td><\/tr><tr><td><p>Teil 2: &#8222;Of Foundlings, Outcasts, and Other Strangers&#8220;: Herman Melville&#8217;s Short Stories (Seminar), WS 2010\/11<\/p><\/td><td><\/td><\/tr><tr><td><p>G4 Basismodul &#8222;American Literature and Culture&#8220;<\/p><\/td><td><\/td><\/tr><tr><td><p>Studierende der Anglistik\/Amerikanistik k\u00f6nnen an diesem Modul zwar teilnehmen, jedoch keine Credit Points f\u00fcr den Optionalbereich erwerben!<\/p><\/td><td><\/td><\/tr><tr><td><p><\/p><\/td><td><\/td><\/tr><tr><td width=\"90%\"><p><a href=\"https:\/\/vvz.ruhr-uni-bochum.de\/campus\/all\/module.asp?gguid=0x332F77EE5119974EAFF6A44AFBD502DE&amp;fieldgguid=&amp;mode=&amp;findmodule=engl&amp;tguid=0x9C8E1BE57C73CD4CAAC3A34FF36E00AD\">Englische Kulturgeschichte (5 CP)<\/a><\/p><\/td><td><\/td><\/tr><tr><td><p>Teil 1: 19th-Century British Culture (Vorlesung), WS 2010\/11<\/p><\/td><td><\/td><\/tr><tr><td><p>Teil 2: Post-Office: Recent British Sitcoms (Seminar), WS 2010\/11<\/p><\/td><td><\/td><\/tr><tr><td><p>G4 Basismodul &#8222;English Literature and Culture&#8220;<\/p><\/td><td><\/td><\/tr><tr><td><p>Studierende der Anglistik\/Amerikanistik k\u00f6nnen an diesem Modul zwar teilnehmen, jedoch keine Credit Points f\u00fcr den Optionalbereich erwerben!<\/p><\/td><td><\/td><\/tr><tr><td><p><\/p><\/td><td><\/td><\/tr><tr><td width=\"90%\"><p><a href=\"https:\/\/vvz.ruhr-uni-bochum.de\/campus\/all\/module.asp?gguid=0x3DA76C1FEE99664EA4C3837D96097D5A&amp;fieldgguid=&amp;mode=&amp;findmodule=engl&amp;tguid=0x9C8E1BE57C73CD4CAAC3A34FF36E00AD\">Englische Literatur des Mittelalters und der Renaissance (5 CP)<\/a><\/p><\/td><td><\/td><\/tr><tr><td><p>Teil 1: Literature of the English Renaissance (1485-1660) (Vorlesung), WS 2010\/11<\/p><\/td><td><\/td><\/tr><tr><td><p>Teil 2: Introduction to Old English (Seminar), WS 2010\/11<\/p><\/td><td><\/td><\/tr><tr><td><p>G4 Basismodul &#8222;English Literature and Culture&#8220;<\/p><\/td><td><\/td><\/tr><tr><td><p>Studierende der Anglistik\/Amerikanistik k\u00f6nnen an diesem Modul zwar teilnehmen, jedoch keine Credit Points f\u00fcr den Optionalbereich erwerben!<\/p><\/td><td><\/td><\/tr><tr><td><\/td><td><\/td><\/tr><tr><td colspan=\"2\"><p>Arch\u00e4ologische Wissenschaften<\/p><\/td><\/tr><tr><td width=\"90%\"><p><a href=\"https:\/\/vvz.ruhr-uni-bochum.de\/campus\/all\/module.asp?gguid=0x4CD9DC16C6F5624C99CC3DD0C73E01AC&amp;tguid=0x9C8E1BE57C73CD4CAAC3A34FF36E00AD\">Arch\u00e4ologie des antiken Rom (5 CP)<\/a><\/p><\/td><td><\/td><\/tr><tr><td><p>Teil 1: Topographie Roms (Vorlesung), WS 2010\/11<\/p><\/td><td><\/td><\/tr><tr><td><p>Teil 2: Neue Funde und Forschungen (Kolloquium), WS 2010\/11<\/p><\/td><td><\/td><\/tr><tr><td><p>G4 Basismodul Schwerpunkt Klassische Arch\u00e4ologie<\/p><\/td><td><\/td><\/tr><tr><td><p>Studierende der ArWi k\u00f6nnen in diesem Modul keine Kreditpunkte f\u00fcr den Optionalbereich erwerben!<\/p><\/td><td><\/td><\/tr><tr><td><p><\/p><\/td><td><\/td><\/tr><tr><td width=\"90%\"><p><a href=\"https:\/\/vvz.ruhr-uni-bochum.de\/campus\/all\/module.asp?gguid=0xC5888A013BAD7A46B3A71BB1E22DC70C&amp;tguid=0x9C8E1BE57C73CD4CAAC3A34FF36E00AD\">Arch\u00e4ologie der Antike und der christlichen Sp\u00e4tantike (5 CP)<\/a><\/p><\/td><td><\/td><\/tr><tr><td><p>Teil 1: Das sp\u00e4tantike Ravenna (Vorlesung), WS 2010\/11<\/p><\/td><td><\/td><\/tr><tr><td><p>Teil 2: Neue Funde und Forschungen (Kolloquium), WS 2010\/11<\/p><\/td><td><\/td><\/tr><tr><td><p>G4 Basismodul Schwerpunkt Klassische Arch\u00e4ologie<\/p><\/td><td><\/td><\/tr><tr><td><p>Studierende der ArWi k\u00f6nnen in diesem Modul keine Kreditpunkte f\u00fcr den Optionalbereich erwerben! Das Modul kann au\u00dferdem nur besucht werden, wenn die Vorlesung (Teil 1) nicht als Bestandteil eines Fachmoduls in Katholischer Theologie belegt wird!<\/p><\/td><td><\/td><\/tr><tr><td><p><\/p><\/td><td><\/td><\/tr><tr><td width=\"90%\"><p><a href=\"https:\/\/vvz.ruhr-uni-bochum.de\/campus\/all\/module.asp?gguid=0xE57CD7063D4628499A963DCED2DEE0C7&amp;tguid=0x9C8E1BE57C73CD4CAAC3A34FF36E00AD\">Arch\u00e4ologie Zyperns (5 CP)<\/a><\/p><\/td><td><\/td><\/tr><tr><td><p>Teil 1: Das antike Zypern zwischen Orient und Okziden (Vorlesung), WS 2010\/11<\/p><\/td><td><\/td><\/tr><tr><td><p>Teil 2: Neue Funde und Forschungen (Kolloquium), WS 2010\/11<\/p><\/td><td><\/td><\/tr><tr><td><p>G4 Basismodul Schwerpunkt Klassische Arch\u00e4ologie<\/p><\/td><td><\/td><\/tr><tr><td><p>Studierende der ArWi k\u00f6nnen in diesem Modul keine Kreditpunkte f\u00fcr den Optionalbereich erwerben! Dieses Modul besteht zur H\u00e4lfte aus dem Kolloquium &#8222;Neue Funde und Forschungen&#8220;, welches auch in weiteren Modulen des Fachs ArWi modularisiert ist. Daher ist der Besuch von zwei Modulen, deren Bestandteil dieses Kolloquium ist, unzul\u00e4ssig!<\/p><\/td><td><\/td><\/tr><tr><td><p><\/p><\/td><td><\/td><\/tr><tr><td width=\"90%\"><p><a href=\"https:\/\/vvz.ruhr-uni-bochum.de\/campus\/all\/module.asp?gguid=0x95CAA5C9A615E04B864354FC90AE6212&amp;tguid=0x9C8E1BE57C73CD4CAAC3A34FF36E00AD\">Fr\u00fchgeschichtliche Arch\u00e4ologie an Mittel- und Niederrhein (5 CP)<\/a><\/p><\/td><td><\/td><\/tr><tr><td><p>Teil 1: Die j\u00fcngere r\u00f6mische Kaiserzeit (Vorlesung), WS 2010\/11<\/p><\/td><td><\/td><\/tr><tr><td><p>Teil 2: Fr\u00fchgeschichte an Mittel- und Niederrhein (Seminar), WS 2010\/11<\/p><\/td><td><\/td><\/tr><tr><td><p>G4 Basismodul Schwerpunkt Ur- und Fr\u00fchgeschichte<\/p><\/td><td><\/td><\/tr><tr><td><p>Studierende der ArWi k\u00f6nnen in diesem Modul keine Kreditpunkte f\u00fcr den Optionalbereich erwerben!<\/p><\/td><td><\/td><\/tr><tr><td><\/td><td><\/td><\/tr><tr><td colspan=\"2\"><p>Biologie<\/p><\/td><\/tr><tr><td width=\"90%\"><p><a href=\"https:\/\/vvz.ruhr-uni-bochum.de\/campus\/all\/module.asp?gguid=0xEE1C6C29BB002E478FD8570FDA7B9DB9&amp;tguid=0x9C8E1BE57C73CD4CAAC3A34FF36E00AD\">Einf\u00fchrung in die Grundlagen der zellul\u00e4ren Bionergetik (5 CP)<\/a><\/p><\/td><td><\/td><\/tr><tr><td><p>Teil 1: Einf\u00fchrung in die Grundlagen der zellul\u00e4ren Bionergetik (Vorlesung), WS 2010\/11<\/p><\/td><td><\/td><\/tr><tr><td><p>Teil 2: Einf\u00fchrung in biochemische Methoden (Seminar), WS 2010\/11<\/p><\/td><td><\/td><\/tr><tr><td><p>G4 Einf\u00fchrung in die Grundlagen der zellul\u00e4ren Bionergetik<\/p><\/td><td><\/td><\/tr><tr><td><p>Biologiestudierende k\u00f6nnen an diesem Modul zwar teilnehmen, jedoch keine CP f\u00fcr den Optionalbereich erwerben!<\/p><\/td><td><\/td><\/tr><tr><td><p><\/p><\/td><td><\/td><\/tr><tr><td width=\"90%\"><p><a href=\"https:\/\/vvz.ruhr-uni-bochum.de\/campus\/all\/module.asp?gguid=0xF164C0DD19EC5C499B2FE95FFAE121BA&amp;tguid=0x9C8E1BE57C73CD4CAAC3A34FF36E00AD\">\u00dcberleben von motorischen Nervenzellen (5 CP)<\/a><\/p><\/td><td><\/td><\/tr><tr><td><p>Teil 1: \u00dcberleben von motorischen Nervenzellen (Seminar), WS 2010\/11<\/p><\/td><td><\/td><\/tr><tr><td><p>Teil 2: \u00dcberleben von motorischen Nervenzellen (Seminar), WS 2010\/11<\/p><\/td><td><\/td><\/tr><tr><td><p>G4 \u00dcberleben von motorischen Nervenzellen<\/p><\/td><td><\/td><\/tr><tr><td><\/td><td><\/td><\/tr><tr><td colspan=\"2\"><p>Chemie<\/p><\/td><\/tr><tr><td width=\"90%\"><p><a href=\"https:\/\/vvz.ruhr-uni-bochum.de\/campus\/all\/module.asp?gguid=0x048FF42611BE254CA27F235AB2ADAE94&amp;tguid=0x9C8E1BE57C73CD4CAAC3A34FF36E00AD\">Chemikalienrecht \/ Toxikologie (5 CP)<\/a><\/p><\/td><td><\/td><\/tr><tr><td><p>Teil 1: Chemikalienrecht \/ Toxikologie (Vorlesung), WS 2010\/11<\/p><\/td><td><\/td><\/tr><tr><td><p>Teil 2: \u00dcbungen zur Vorlesung &#8222;Chemikalienrecht \/ Toxikologie&#8220;, WS 2010\/11<\/p><\/td><td><\/td><\/tr><tr><td><p>G4 Basismodul Chemikalienrecht<\/p><\/td><td><\/td><\/tr><tr><td><p>Studierende der Chemie k\u00f6nnen in diesem Modul keine Credit Points f\u00fcr den Optionalbereich erwerben!<\/p><\/td><td><\/td><\/tr><tr><td><p><\/p><\/td><td><\/td><\/tr><tr><td width=\"90%\"><p><a href=\"https:\/\/vvz.ruhr-uni-bochum.de\/campus\/all\/module.asp?gguid=0x11716C8E93320F4B9F67670070A9D99C&amp;tguid=0x9C8E1BE57C73CD4CAAC3A34FF36E00AD\">Einf\u00fchrung in die Allgemeine Chemie (5 CP)<\/a><\/p><\/td><td><\/td><\/tr><tr><td><p>Teil 1: Allgemeine Chemie (Vorlesung), WS 2010\/11<\/p><\/td><td><\/td><\/tr><tr><td><p>Teil 2: \u00dcbungen zur Vorlesung &#8222;Allgemeine Chemie&#8220;, WS 2010\/11<\/p><\/td><td><\/td><\/tr><tr><td><p>G4 Basismodul Grundlagen der Chemie<\/p><\/td><td><\/td><\/tr><tr><td><p>Studierende der Chemie k\u00f6nnen in diesem Modul keine Credit Points f\u00fcr den Optionalbereich erwerben!<\/p><\/td><td><\/td><\/tr><tr><td><p><\/p><\/td><td><\/td><\/tr><tr><td width=\"90%\"><p><a href=\"https:\/\/vvz.ruhr-uni-bochum.de\/campus\/all\/module.asp?gguid=0x6597B68233F4624FB95E2960967B76D9&amp;tguid=0x9C8E1BE57C73CD4CAAC3A34FF36E00AD\">Organische Chemie: Schwerpunkt Biologie (5 CP)<\/a><\/p><\/td><td><\/td><\/tr><tr><td><p>Teil 1: Organische Chemie f\u00fcr Studierende der Medizin, Biologie und Geowissenschaften, WS 2010\/11<\/p><\/td><td><\/td><\/tr><tr><td><p>Teil 2: Organische Chemie f\u00fcr Studierende der Medizin, Biologie und Geowissenschaften, SoSe 2011<\/p><\/td><td><\/td><\/tr><tr><td><p>G4 Aufbaumodul Chemie<\/p><\/td><td><\/td><\/tr><tr><td><p>Studierende der Chemie k\u00f6nnen in diesem Modul keine Credit Points f\u00fcr den Optionalbereich erwerben!<\/p><\/td><td><\/td><\/tr><tr><td><\/td><td><\/td><\/tr><tr><td colspan=\"2\"><p>Evangelische Theologie<\/p><\/td><\/tr><tr><td width=\"90%\"><p>In diesem Semester liegt leider kein Angebot vor.<\/p><\/td><td><\/td><\/tr><tr><td><\/td><td><\/td><\/tr><tr><td colspan=\"2\"><p>Geographie<\/p><\/td><\/tr><tr><td width=\"90%\"><p><a href=\"https:\/\/vvz.ruhr-uni-bochum.de\/campus\/all\/module.asp?gguid=0xFE76298A28526E48A9547ACC5DA421FC&amp;fieldgguid=&amp;mode=&amp;findmodule=geog&amp;tguid=0x9C8E1BE57C73CD4CAAC3A34FF36E00AD\">Geographen reisen anders (5 CP)<\/a><\/p><\/td><td><\/td><\/tr><tr><td><p>Teil 1: Geographen reisen anders: St\u00e4dte und Regionen der Erde (Vorlesung), WS 2010\/11<\/p><\/td><td><\/td><\/tr><tr><td><p>Teil 2: Geographen reisen anders: St\u00e4dte und Regionen der Erde (\u00dcbung), WS 2010\/11<\/p><\/td><td><\/td><\/tr><tr><td><p>G4 Geographen reisen anders: St\u00e4dte und Regionen der Erde<\/p><\/td><td><\/td><\/tr><tr><td><p>Geographie-Studierende k\u00f6nnen an diesem Modul nicht teilnehmen.<\/p><\/td><td><\/td><\/tr><tr><td><\/td><td><\/td><\/tr><tr><td colspan=\"2\"><p>Germanistik<\/p><\/td><\/tr><tr><td width=\"90%\"><p><a href=\"https:\/\/vvz.ruhr-uni-bochum.de\/campus\/all\/module.asp?gguid=0xA5E2B0823D9242479D40D3A3EAF7B206&amp;tguid=0x9C8E1BE57C73CD4CAAC3A34FF36E00AD\">Literaturverfilmungen (5 CP)<\/a><\/p><\/td><td><\/td><\/tr><tr><td><p>Teil 1: Einf\u00fchrung in die Analyse filmischer Adaptionen und ihrer literarischen Vorlagen, WS 2010\/11<\/p><\/td><td><\/td><\/tr><tr><td><p>Teil 2: Betrachtungsweisen. Literatur und ihre filmische Umsetzung, WS 2010\/11<\/p><\/td><td><\/td><\/tr><tr><td><p>Studierende der Germanistik k\u00f6nnen in diesem Modul keine Kreditpunkte f\u00fcr den Optionalbereich erwerben!<\/p><\/td><td><\/td><\/tr><tr><td><\/td><td><\/td><\/tr><tr><td colspan=\"2\"><p>Geschichte<\/p><\/td><\/tr><tr><td width=\"90%\"><p><a href=\"https:\/\/vvz.ruhr-uni-bochum.de\/campus\/all\/module.asp?gguid=0x0E99CBA7707B7B42B41B4987EA5E4D2A&amp;tguid=0x9C8E1BE57C73CD4CAAC3A34FF36E00AD\">Migration im Europa des 20. Jahrhunderts: Hintergr\u00fcnde, Wanderungsmuster, Deutungen (5 CP)<\/a><\/p><\/td><td><\/td><\/tr><tr><td><p>Teil 1: Einwanderungs- und Integrationspolitik im Europa des 20. Jahrhunderts: Gro\u00dfbritannien, Frankreich, BRD, Schweiz, Italien (Seminar), WS 2010\/11<\/p><\/td><td><\/td><\/tr><tr><td><p>Teil 2: Transnationale Migration in der europ\u00e4ischen Kultur: Film, Literatur, zeitgen\u00f6ssische Diskurse (Seminar), WS 2010\/11<\/p><\/td><td><\/td><\/tr><tr><td><p>G4 Basismodul Neuere und Neueste Geschichte<\/p><\/td><td><\/td><\/tr><tr><td><p><\/p><\/td><td><\/td><\/tr><tr><td width=\"90%\"><p><a href=\"https:\/\/vvz.ruhr-uni-bochum.de\/campus\/all\/module.asp?gguid=0xF295B350DF81504D8A2356D43A5F3F35&amp;fieldgguid=&amp;findmodule=Mittelhochdeutsch+f%FCr+Historiker&amp;tguid=0x9C8E1BE57C73CD4CAAC3A34FF36E00AD\">Einf\u00fchrung in das Mittelhochdeutsche (anhand historischer Quellen) (5 CP)<\/a><\/p><\/td><td><\/td><\/tr><tr><td><p>Teil 1: Vorlesung: Die P\u00e4pste und die europ\u00e4ischen K\u00f6nige (11. \/ 12.Jahrhundert), WS 2010\/11<\/p><\/td><td><\/td><\/tr><tr><td><p>Teil 2: Mittelhochdeutsch f\u00fcr Historiker (\u00dcbung), WS 2010\/11<\/p><\/td><td><\/td><\/tr><tr><td><p>G4 Basismodul &#8222;Mittelaterliche Geschichte&#8220;<\/p><\/td><td><\/td><\/tr><tr><td><p>Studierende der Germanistik k\u00f6nnen in diesem Modul keine Kreditpunkte f\u00fcr den Optionalbereich erwerben!<br \/>Studierende der Geschichte k\u00f6nnen an diesem Modul nur teilnehmen, wenn die Vorlesung (Teil 1) nicht Bestandteil eines Fachmoduls ist!<\/p><\/td><td><\/td><\/tr><tr><td><\/td><td><\/td><\/tr><tr><td colspan=\"2\"><p>Katholische Theologie<\/p><\/td><\/tr><tr><td width=\"90%\"><p><a href=\"https:\/\/vvz.ruhr-uni-bochum.de\/campus\/all\/module.asp?gguid=0x245E0414692AB94FB88C6675F5A36FCC&amp;tguid=0x9C8E1BE57C73CD4CAAC3A34FF36E00AD\">&#8222;Macht euch die Erde untertan&#8220;? Tiere und Pflanzen in der theologischen Ethik (5 CP)<\/a><\/p><\/td><td><\/td><\/tr><tr><td><p>Teil 1: Aktuelle Kontroversen der Tierethik (Seminar), WS 2010\/11<\/p><\/td><td><\/td><\/tr><tr><td><p>Teil 2: Food Ethics: Aktuelle Kontroversen um Gentechnik in der Pflanzenz\u00fcchtung (Proseminar), WS 2010\/11<\/p><\/td><td><\/td><\/tr><tr><td><p>G4 Basismodul &#8222;Christliche Weltverantwortung&#8220;<\/p><\/td><td><\/td><\/tr><tr><td><p>Die gleichzeitige Teilnahme am Modul &#8211; Gentechnik in der Pflanzenz\u00fcchtung &#8211; f\u00fcr oder gegen die Natur? &#8211; ist nicht m\u00f6glich! Studierende der Katholischen Theologie k\u00f6nnen sich dieses Modul nur f\u00fcr den Optionalbereich kreditieren lassen, wenn die Veranstaltungen nicht f\u00fcr das Fachstudium kreditiert werden!<\/p><\/td><td><\/td><\/tr><tr><td><p><\/p><\/td><td><\/td><\/tr><tr><td width=\"90%\"><p><a href=\"https:\/\/vvz.ruhr-uni-bochum.de\/campus\/all\/module.asp?gguid=0xC3787DEA05E0EB4FB966DEA04031C059&amp;tguid=0x9C8E1BE57C73CD4CAAC3A34FF36E00AD\">Arch\u00e4ologie der Sp\u00e4tantike (5 CP)<\/a> NEU! am 20.09.!<\/p><\/td><td><\/td><\/tr><tr><td><p>Teil 1: Das sp\u00e4tantike Ravenna (Vorlesung), WS 2010\/11<\/p><\/td><td><\/td><\/tr><tr><td><p>Teil 2: Die fr\u00fchen Christen und ihr Verh\u00e4ltnis zum Kultgeb\u00e4ude und zum Bild (Hauptseminar), WS 2010\/11<\/p><\/td><td><\/td><\/tr><tr><td><p>G4 Basismodul &#8222;Christentum und Kultur&#8220;<\/p><\/td><td><\/td><\/tr><tr><td><p>Studierende der katholischen Theologie sowie der ArWi k\u00f6nnen dieses Modul nicht f\u00fcr den Optionalbereich anrechnen lassen!<\/p><\/td><td><\/td><\/tr><tr><td><p><\/p><\/td><td><\/td><\/tr><tr><td width=\"90%\"><p><a href=\"https:\/\/vvz.ruhr-uni-bochum.de\/campus\/all\/module.asp?gguid=0x89FB9E08C866464AB3579D304F5B460A&amp;fieldgguid=&amp;findmodule=Ethische+Fragen+am+Lebensende&amp;tguid=0x9C8E1BE57C73CD4CAAC3A34FF36E00AD\">Ethische Fragen am Lebensende (5 CP)<\/a><\/p><\/td><td><\/td><\/tr><tr><td><p>Teil 1: Die Lebensphase des Sterbens &#8211; Sterben als Teil des Lebens (Vorlesung), WS 2010\/11<\/p><\/td><td><\/td><\/tr><tr><td><p>Teil 2: Autonomie am Lebensende &#8211; medizinethische Aspekte (Hauptseminar), WS 2010\/11<\/p><\/td><td><\/td><\/tr><tr><td><p>G4 Basismodul &#8222;Christliche Weltverantwortung&#8220;<\/p><\/td><td><\/td><\/tr><tr><td><p>Studierende der katholischen Theologie k\u00f6nnen dieses Modul nicht f\u00fcr den Optionalbereich anrechnen lassen!<\/p><\/td><td><\/td><\/tr><tr><td><p><\/p><\/td><td><\/td><\/tr><tr><td width=\"90%\"><p><a href=\"https:\/\/vvz.ruhr-uni-bochum.de\/campus\/all\/module.asp?gguid=0x48E69410A3024D4AA8129C1E279B2128&amp;fieldgguid=&amp;findmodule=Sinn+und+Orientierung+in+s&amp;tguid=0x9C8E1BE57C73CD4CAAC3A34FF36E00AD\">Sinn und Orientierung in sozialen Milieus (5 CP)<\/a><\/p><\/td><td><\/td><\/tr><tr><td><p>Teil 1: Was verstehen die Deutschen unter &#8222;Sinn&#8220; in ihrem Leben? Neueste Ergebnisse der religionssoziologischen Milieutheorie, WS 2010\/11<\/p><\/td><td><\/td><\/tr><tr><td><p>Teil 2: &#8222;Soziale Milieus verstehen lernen&#8220;. Vertiefung der Vorlesung \u00fcber soziale Milieus anhand von Medien der Alltags\u00e4sthetik (Lekt\u00fcrekurs), WS 2010\/11<\/p><\/td><td><\/td><\/tr><tr><td><p>G4 Basismodul &#8222;Christentum und Kultur&#8220;<\/p><\/td><td><\/td><\/tr><tr><td><p>Studierende der Katholischen Theologie k\u00f6nnen sich dieses Modul nur f\u00fcr den Optionalbereich kreditieren lassen, wenn die Veranstaltungen nicht f\u00fcr das Fachstudium kreditiert werden!<\/p><\/td><td><\/td><\/tr><tr><td><\/td><td><\/td><\/tr><tr><td colspan=\"2\"><p>Mathematik<\/p><\/td><\/tr><tr><td width=\"90%\"><p><a href=\"https:\/\/vvz.ruhr-uni-bochum.de\/campus\/all\/module.asp?gguid=0x360CD45A66FE9B409AA223D14E374C93&amp;tguid=0x9C8E1BE57C73CD4CAAC3A34FF36E00AD\">Einf\u00fchrung in die Mathematik (Schwerpunkte: Biologie) (5 CP)<\/a><\/p><\/td><td><\/td><\/tr><tr><td><p>Teil 1: Mathematik f\u00fcr Biologen, WS 2010\/11<\/p><\/td><td><\/td><\/tr><tr><td><p>Teil 2: \u00dcbungen zu Mathematik f\u00fcr Biologen, WS 2010\/11<\/p><\/td><td><\/td><\/tr><tr><td><p>G4 Basismodul Grundlagen der Mathematik<\/p><\/td><td><\/td><\/tr><tr><td><p>Studierende der Mathematik und der Physik k\u00f6nnen an diesem Modul zwar teilnehmen, jedoch keine Credit Points f\u00fcr den Optionalbereich erwerben.<\/p><\/td><td><\/td><\/tr><tr><td><p><\/p><\/td><td><\/td><\/tr><tr><td width=\"90%\"><p><a href=\"https:\/\/vvz.ruhr-uni-bochum.de\/campus\/all\/module.asp?gguid=0x0A9FA61DAAA5784F861CB00A42B34BDC&amp;tguid=0x9C8E1BE57C73CD4CAAC3A34FF36E00AD\">Einf\u00fchrung in die Mathematik (Schwerpunkte: Mathematik und Physik) (5 CP)<\/a><\/p><\/td><td><\/td><\/tr><tr><td><p>Teil 1: 1. Vorkurs in Mathematik f\u00fcr Mathematiker und Physiker, WS 2010\/11<\/p><\/td><td><\/td><\/tr><tr><td><p>Teil 2: \u00dcbungen zum 1. Vorkurs in Mathematik f\u00fcr Mathematiker und Physiker, WS 2010\/11<\/p><\/td><td><\/td><\/tr><tr><td><p>G4 Basismodul Grundlagen der Mathematik<\/p><\/td><td><\/td><\/tr><tr><td><p>Studierende der Mathematik k\u00f6nnen an diesem Modul zwar teilnehmen, jedoch Credit Points nur dann f\u00fcr den Optionalbereich erwerben, wenn sie den Vorkurs vor ihrem ersten Fachsemester besuchen!<\/p><\/td><td><\/td><\/tr><tr><td><p>Studierende der Physik k\u00f6nnen an diesem Modul zwar teilnehmen, jedoch keine Credit Points f\u00fcr den Optionalbereich erwerben.<\/p><\/td><td><\/td><\/tr><tr><td><p><\/p><\/td><td><\/td><\/tr><tr><td width=\"90%\"><p><a href=\"https:\/\/vvz.ruhr-uni-bochum.de\/campus\/all\/module.asp?gguid=0x58D394C847FD4B46901ED0FD1041CCFF&amp;tguid=0x9C8E1BE57C73CD4CAAC3A34FF36E00AD\">Einf\u00fchrung in die Mathematik (Schwerpunkte: Natur- und Ingenieurwissenschaften sowie Informatik) (5 CP)<\/a><\/p><\/td><td><\/td><\/tr><tr><td><p>Teil 1: 2. Vorkurs in Mathematik f\u00fcr Informatiker, Ingenieure und Naturwissenschaftler, WS 2010\/11<\/p><\/td><td><\/td><\/tr><tr><td><p>Teil 2: \u00dcbungen zum 2. Vorkurs in Mathematik f\u00fcr Informatiker, Ingenieure und Naturwissenschaftler, WS 2010\/11<\/p><\/td><td><\/td><\/tr><tr><td><p>G4 Basismodul Grundlagen der Mathematik<\/p><\/td><td><\/td><\/tr><tr><td><p>Studierende der Mathematik und der Physik k\u00f6nnen an diesem Modul zwar teilnehmen, jedoch keine Credit Points f\u00fcr den Optionalbereich erwerben!<\/p><\/td><td><\/td><\/tr><tr><td><p><\/p><\/td><td><\/td><\/tr><tr><td width=\"90%\"><p><a href=\"https:\/\/vvz.ruhr-uni-bochum.de\/campus\/all\/module.asp?gguid=0x60AE11E40F2C284FA086D0A5E1C19A44&amp;tguid=0x9C8E1BE57C73CD4CAAC3A34FF36E00AD\">Einf\u00fchrung in die Mathematik (Schwerpunkte: Physik und Geophysik) (10 CP)<\/a><\/p><\/td><td><\/td><\/tr><tr><td><p>Teil 1: Mathematik f\u00fcr Physiker I, WS 2010\/11<\/p><\/td><td><\/td><\/tr><tr><td><p>Teil 2: \u00dcbungen zu Mathematik f\u00fcr Physiker I, WS 2010\/11<\/p><\/td><td><\/td><\/tr><tr><td><p>G4 Basismodul Grundlagen der Mathematik<\/p><\/td><td><\/td><\/tr><tr><td><p>Studierende der Mathematik und der Physik k\u00f6nnen an diesem Modul zwar teilnehmen, jedoch keine Credit Points f\u00fcr den Optionalbereich erwerben!<\/p><\/td><td><\/td><\/tr><tr><td><p><\/p><\/td><td><\/td><\/tr><tr><td width=\"90%\"><p><a href=\"https:\/\/vvz.ruhr-uni-bochum.de\/campus\/all\/module.asp?gguid=0x1408184BC24A73488940971D25A80EF9&amp;tguid=0x9C8E1BE57C73CD4CAAC3A34FF36E00AD\">Einf\u00fchrung in die Statistik (Schwerpunkt: Geographie) (5 CP)<\/a><\/p><\/td><td><\/td><\/tr><tr><td><p>Teil 1: Einf\u00fchrung in die Statistik f\u00fcr Geographen, WS 2010\/11<\/p><\/td><td><\/td><\/tr><tr><td><p>Teil 2: \u00dcbungen zu Einf\u00fchrung in die Statistik f\u00fcr Geographen, WS 2010\/11<\/p><\/td><td><\/td><\/tr><tr><td><p>G4 Basismodul Grundlagen der Mathematik<\/p><\/td><td><\/td><\/tr><tr><td><p>Studierende der Mathematik sowie Studierende der Geographie k\u00f6nnen an diesem Modul zwar teilnehmen, jedoch keine Credit Points f\u00fcr den Optionalbereich erwerben!<\/p><\/td><td><\/td><\/tr><tr><td><p><\/p><\/td><td><\/td><\/tr><tr><td width=\"90%\"><p><a href=\"https:\/\/vvz.ruhr-uni-bochum.de\/campus\/all\/module.asp?gguid=0x9B541A9C6C669B4DB82FC3F055152440&amp;tguid=0x9C8E1BE57C73CD4CAAC3A34FF36E00AD\">H\u00f6here Mathematik I + II (Schwerpunkt: Angewandte Informatik) (10 CP)<\/a><\/p><\/td><td><\/td><\/tr><tr><td><p>Teil 1: H\u00f6here Mathematik I (Vorlesung), WS 2010\/11<\/p><\/td><td><\/td><\/tr><tr><td><p>Teil 2: \u00dcbungen zu H\u00f6here Mathematik I, WS 2010\/11<\/p><\/td><td><\/td><\/tr><tr><td><p>G4 Aufbaumodul H\u00f6here Mathematik<\/p><\/td><td><\/td><\/tr><tr><td><p>Studierende der Mathematik k\u00f6nnen an diesem Modul zwar teilnehmen, jedoch keine Credit Points f\u00fcr den Optionalbereich erwerben!<\/p><\/td><td><\/td><\/tr><tr><td><p><\/p><\/td><td><\/td><\/tr><tr><td width=\"90%\"><p><a href=\"https:\/\/vvz.ruhr-uni-bochum.de\/campus\/all\/module.asp?gguid=0xA6A45BF494D85446B0B5DDDD84FCF539&amp;tguid=0x9C8E1BE57C73CD4CAAC3A34FF36E00AD\">Mathematik (Schwerpunkt: Chemie) (5 CP)<\/a><\/p><\/td><td><\/td><\/tr><tr><td><p>Teil 1: Mathematik f\u00fcr Chemiker I, WS 2010\/11<\/p><\/td><td><\/td><\/tr><tr><td><p>Teil 2: \u00dcbungen zu Mathematik f\u00fcr Chemiker I, WS 2010\/11<\/p><\/td><td><\/td><\/tr><tr><td><p>G4 Basismodul Grundlagen der Mathematik<\/p><\/td><td><\/td><\/tr><tr><td><p>Studierende der Mathematik sowie der Physik k\u00f6nnen an diesem Modul zwar teilnehmen, jedoch keine Credit Points f\u00fcr den Optionalbereich erwerben!<\/p><\/td><td><\/td><\/tr><tr><td><\/td><td><\/td><\/tr><tr><td colspan=\"2\"><p>Medienwissenschaft<\/p><\/td><\/tr><tr><td width=\"90%\"><p><a href=\"https:\/\/vvz.ruhr-uni-bochum.de\/campus\/all\/module.asp?gguid=0xD48E63F7EC847F42BFAE3C4ABE9C15BE&amp;tguid=0x9C8E1BE57C73CD4CAAC3A34FF36E00AD\">Mediengeschichte und Medien\u00e4sthetik I (5 CP)<\/a><\/p><\/td><td><\/td><\/tr><tr><td><p>Teil 1: Mediengeschichte und Medien\u00e4sthetik (Seminar), WS 2010\/11<\/p><\/td><td><\/td><\/tr><tr><td><p>Teil 2: Mediengeschichte und Medien\u00e4sthetik (Seminar), WS 2010\/11<\/p><\/td><td><\/td><\/tr><tr><td><p>G4 Basismodul &#8222;Mediengeschichte und Medien\u00e4sthetik&#8220;<\/p><\/td><td><\/td><\/tr><tr><td><p>Studierende der Medienwissenschaften k\u00f6nnen an diesem Modul nicht teilnehmen!<\/p><\/td><td><\/td><\/tr><tr><td><p><\/p><\/td><td><\/td><\/tr><tr><td width=\"90%\"><p><a href=\"https:\/\/vvz.ruhr-uni-bochum.de\/campus\/all\/module.asp?gguid=0x0A44D0289667824E9A82E00B7F52335F&amp;tguid=0x9C8E1BE57C73CD4CAAC3A34FF36E00AD\">Mediengeschichte und Medien\u00e4sthetik II (5 CP)<\/a><\/p><\/td><td><\/td><\/tr><tr><td><p>Teil 1: Mediengeschichte und Medien\u00e4sthetik (Seminar), WS 2010\/11<\/p><\/td><td><\/td><\/tr><tr><td><p>Teil 2: Mediengeschichte und Medien\u00e4sthetik (Seminar), WS 2010\/11<\/p><\/td><td><\/td><\/tr><tr><td><p>G4 Basismodul &#8222;Mediengeschichte und Medien\u00e4sthetik&#8220;<\/p><\/td><td><\/td><\/tr><tr><td><p>Studierende der Medienwissenschaften k\u00f6nnen an diesem Modul nicht teilnehmen!<\/p><\/td><td><\/td><\/tr><tr><td><p><\/p><\/td><td><\/td><\/tr><tr><td width=\"90%\"><p><a href=\"https:\/\/vvz.ruhr-uni-bochum.de\/campus\/all\/module.asp?gguid=0xCA81C09CCD5E2E428F0E954259352CAF&amp;tguid=0x9C8E1BE57C73CD4CAAC3A34FF36E00AD\">Mediengeschichte und Medien\u00e4sthetik III (5 CP)<\/a><\/p><\/td><td><\/td><\/tr><tr><td><p>Teil 1: Mediengeschichte und Medien\u00e4sthetik (Seminar), WS 2010\/11<\/p><\/td><td><\/td><\/tr><tr><td><p>Teil 2: Mediengeschichte und Medien\u00e4sthetik (Seminar), WS 2010\/11<\/p><\/td><td><\/td><\/tr><tr><td><p>G4 Basismodul &#8222;Mediengeschichte und Medien\u00e4sthetik&#8220;<\/p><\/td><td><\/td><\/tr><tr><td><p>Studierende der Medienwissenschaften k\u00f6nnen an diesem Modul nicht teilnehmen!<\/p><\/td><td><\/td><\/tr><tr><td><\/td><td><\/td><\/tr><tr><td colspan=\"2\"><p>Medizin<\/p><\/td><\/tr><tr><td width=\"90%\"><p>In diesem Semester liegt leider kein Angebot vor.<\/p><\/td><td><\/td><\/tr><tr><td><\/td><td><\/td><\/tr><tr><td colspan=\"2\"><p>Orientalistik und Islamwissenschaften<\/p><\/td><\/tr><tr><td width=\"90%\"><p><a href=\"https:\/\/vvz.ruhr-uni-bochum.de\/campus\/all\/module.asp?gguid=0x662D0CD718EC4745962519ADE8C7525C&amp;tguid=0x9C8E1BE57C73CD4CAAC3A34FF36E00AD\">Islam, Nationalismus und Krieg (5 CP)<\/a><\/p><\/td><td><\/td><\/tr><tr><td><p>Teil 1: Krieg und Frieden in Bosnien-Herzegowina 1992-1995 (\u00dcbung), WS 2010\/11<\/p><\/td><td><\/td><\/tr><tr><td><p>Teil 2: Islamischer Transnationalismus (Proseminar), WS 2010\/11<\/p><\/td><td><\/td><\/tr><tr><td><p>G4 Basismodul Einf\u00fchrung in die islamische Welt<\/p><\/td><td><\/td><\/tr><tr><td><p>Studierende der Orientalistik\/Islamwissenschaften k\u00f6nnen an diesem Modul nicht teilnehmen!<\/p><\/td><td><\/td><\/tr><tr><td><p><\/p><\/td><td><\/td><\/tr><tr><td width=\"90%\"><p><a href=\"https:\/\/vvz.ruhr-uni-bochum.de\/campus\/all\/module.asp?gguid=0xCF23569B9A45824A9E2405B745BEEED9&amp;tguid=0x9C8E1BE57C73CD4CAAC3A34FF36E00AD\">Zug\u00e4nge zur islamischen Geschichte und Kultur (5 CP)<\/a><\/p><\/td><td><\/td><\/tr><tr><td><p>Teil 1a: Einf\u00fchrung in die Arabistik (Vorlesung), WS 2010\/11 oder<\/p><\/td><td><\/td><\/tr><tr><td><p>Teil 1b: Einf\u00fchrung in die islamische Theologie (Vorlesung), WS 2010\/11 sowie<\/p><\/td><td><\/td><\/tr><tr><td><p>Teil 2: Einf\u00fchrung in die Islamwissenschaft und Arabistik (Vorlesung), WS 2010\/11<\/p><\/td><td><\/td><\/tr><tr><td><p>G4 Basismodul Einf\u00fchrung in die islamische Welt<\/p><\/td><td><\/td><\/tr><tr><td><p>Studierende der Orientalistik\/Islamwissenschaften k\u00f6nnen an diesem Modul nicht teilnehmen!<\/p><\/td><td><\/td><\/tr><tr><td><\/td><td><\/td><\/tr><tr><td colspan=\"2\"><p>Ostasienwissenschaften<\/p><\/td><\/tr><tr><td width=\"90%\"><p>In diesem Semester liegt leider kein Angebot vor.<\/p><\/td><td><\/td><\/tr><tr><td><\/td><td><\/td><\/tr><tr><td colspan=\"2\"><p>Philosophie<\/p><\/td><\/tr><tr><td width=\"90%\"><p><a href=\"https:\/\/vvz.ruhr-uni-bochum.de\/campus\/all\/module.asp?gguid=0x60CD968B542DFE48BF3D450BDED96272&amp;tguid=0x9C8E1BE57C73CD4CAAC3A34FF36E00AD\">Einf\u00fchrung in die Philosophie (5 CP)<\/a><\/p><\/td><td><\/td><\/tr><tr><td><p>Teil 1: Einf\u00fchrung in die Philosophie (Vorlesung), WS 2010\/11<\/p><\/td><td><\/td><\/tr><tr><td><p>Teil 2: Einf\u00fchrung in die Geschichte der Philosophie (Seminar), WS 2010\/11<\/p><\/td><td><\/td><\/tr><tr><td><p>G4 Basismodul Geschichte der Philosophie<\/p><\/td><td><\/td><\/tr><tr><td><p>Studierende des Faches Philosophie d\u00fcrfen an diesem Modul nicht teilnehmen!<\/p><\/td><td><\/td><\/tr><tr><td><p><\/p><\/td><td><\/td><\/tr><tr><td width=\"90%\"><p><a href=\"https:\/\/vvz.ruhr-uni-bochum.de\/campus\/all\/module.asp?gguid=0x4AC456EE7B469B4B8637B2D157426B13&amp;tguid=0x9C8E1BE57C73CD4CAAC3A34FF36E00AD\">Erziehung durch Kunst? (5 CP)<\/a><\/p><\/td><td><\/td><\/tr><tr><td><p>Teil 1: Kunst und Moral (Seminar), WS 2010\/11<\/p><\/td><td><\/td><\/tr><tr><td><p>Teil 2: Kunst und Politik (Seminar), WS 2010\/11<\/p><\/td><td><\/td><\/tr><tr><td><p>G4 Basismodul Praktische Philosophie<\/p><\/td><td><\/td><\/tr><tr><td><p>Studierende des Faches Philosophie d\u00fcrfen an diesem Modul nicht teilnehmen!<\/p><\/td><td><\/td><\/tr><tr><td><p><\/p><\/td><td><\/td><\/tr><tr><td width=\"90%\"><p><a href=\"https:\/\/vvz.ruhr-uni-bochum.de\/campus\/all\/module.asp?gguid=0xC88D460296DC074F97A8F07F80D683FA&amp;tguid=0x9C8E1BE57C73CD4CAAC3A34FF36E00AD\">Philosophie der Literatur (5 CP)<\/a><\/p><\/td><td><\/td><\/tr><tr><td><p>Teil 1: Theorien der Textinterpretation (Seminar), WS 2010\/11<\/p><\/td><td><\/td><\/tr><tr><td><p>Teil 2: Fiktionalit\u00e4t und Wahrheit in der Literatur (Seminar), SoSe 2011<\/p><\/td><td><\/td><\/tr><tr><td><p>G4 Basismodul Theoretische Philosophie<\/p><\/td><td><\/td><\/tr><tr><td><p>Studierende des Faches Philosophie d\u00fcrfen an diesem Modul nicht teilnehmen!<\/p><\/td><td><\/td><\/tr><tr><td><p><\/p><\/td><td><\/td><\/tr><tr><td width=\"90%\"><p><a href=\"https:\/\/vvz.ruhr-uni-bochum.de\/campus\/all\/module.asp?gguid=0x762472F348CA9542B92F2ECAA1ECB7FE&amp;fieldgguid=&amp;findmodule=Das+Sch%F6ne+und+das+H%E4ssliche&amp;tguid=0x9C8E1BE57C73CD4CAAC3A34FF36E00AD\">Das Sch\u00f6ne und das H\u00e4ssliche &#8211; zwei Grundbegriffe der \u00c4sthetik (5 CP)<\/a><\/p><\/td><td><\/td><\/tr><tr><td><p>Teil 1: Das \u00e4sthetisch Sch\u00f6ne (Seminar), WS 2010\/11<\/p><\/td><td><\/td><\/tr><tr><td><p>Teil 2: Das \u00e4sthetisch H\u00e4ssliche (Seminar), WS 2010\/11<\/p><\/td><td><\/td><\/tr><tr><td><p>G4 Basismodul Theoretische Philosophie<\/p><\/td><td><\/td><\/tr><tr><td><p>Studierende des Faches Philosophie d\u00fcrfen an diesem Modul nicht teilnehmen!<\/p><\/td><td><\/td><\/tr><tr><td><p><\/p><\/td><td><\/td><\/tr><tr><td width=\"90%\"><p><a href=\"https:\/\/vvz.ruhr-uni-bochum.de\/campus\/all\/module.asp?gguid=0xE53D842C0425F24CB88C4A81EF3C2227&amp;tguid=0x9C8E1BE57C73CD4CAAC3A34FF36E00AD\">Philosophie und Ausdruck (5 CP)<\/a><\/p><\/td><td><\/td><\/tr><tr><td><p>Teil 1: Theorie der Metapher (Seminar), WS 2010\/11<\/p><\/td><td><\/td><\/tr><tr><td><p>Teil 2: Dialog, Gleichnis, Aphorismus. Literarische Formen der Philosophie (Seminar), SoSe 2011<\/p><\/td><td><\/td><\/tr><tr><td><p>G4 Basismodul Praktische Philosophie<\/p><\/td><td><\/td><\/tr><tr><td><p>Studierende des Faches Philosophie d\u00fcrfen an diesem Modul nicht teilnehmen!<\/p><\/td><td><\/td><\/tr><tr><td><\/td><td><\/td><\/tr><tr><td colspan=\"2\"><p>Physik und Astronomie<\/p><\/td><\/tr><tr><td width=\"90%\"><p><a href=\"https:\/\/vvz.ruhr-uni-bochum.de\/campus\/all\/module.asp?gguid=0xCEA7C740C0DE3F478EECCCD6DC918AA1&amp;error=&amp;expand=0x9C8E1BE57C73CD4CAAC3A34FF36E00AD&amp;tguid=0x9C8E1BE57C73CD4CAAC3A34FF36E00AD#0x9C8E1BE57C73CD4CAAC3A34FF36E00AD\">Analogelektronik (OPT)(5 CP)<\/a><\/p><\/td><td><\/td><\/tr><tr><td><p>Teil 1: Analogelektronik (Vorlesung), WS 2010\/11<\/p><\/td><td><\/td><\/tr><tr><td><p>Teil 2: \u00dcbungen zur Analogelektronik, WS 2010\/11<\/p><\/td><td><\/td><\/tr><tr><td><p>Studierende der Physik k\u00f6nnen sich dieses Modul nicht f\u00fcr den Optionalbereich anrechnen lassen!<\/p><\/td><td><\/td><\/tr><tr><td><p><\/p><\/td><td><\/td><\/tr><tr><td width=\"90%\"><p><a href=\"https:\/\/vvz.ruhr-uni-bochum.de\/campus\/all\/module.asp?gguid=0x783EB5F7580F934E942782093D40261F&amp;error=&amp;expand=0x9C8E1BE57C73CD4CAAC3A34FF36E00AD&amp;tguid=0x9C8E1BE57C73CD4CAAC3A34FF36E00AD#0x9C8E1BE57C73CD4CAAC3A34FF36E00AD\">Physik des Universums: Vom Urknall bis zur Supernova (OPT) (5 CP)<\/a><\/p><\/td><td><\/td><\/tr><tr><td><p>Teil 1: Physik des Universums: Vom Urknall bis zur Supernova (Vorlesung), WS 2010\/11<\/p><\/td><td><\/td><\/tr><tr><td><p>Teil 2: \u00dcbungen Physik des Universums: Vom Urknall bis zur Supernova, WS 2010\/11<\/p><\/td><td><\/td><\/tr><tr><td><p>Studierende der Physik k\u00f6nnen sich dieses Modul nicht f\u00fcr den Optionalbereich anrechnen lassen!<\/p><\/td><td><\/td><\/tr><tr><td><p><\/p><\/td><td><\/td><\/tr><tr><td width=\"90%\"><p><a href=\"https:\/\/vvz.ruhr-uni-bochum.de\/campus\/all\/module.asp?gguid=0xA16AE5024B0F1F479889CD84B25F7E58&amp;fieldgguid=&amp;findmodule=mathematische+Hil&amp;tguid=0x9C8E1BE57C73CD4CAAC3A34FF36E00AD\">Mathematische Hilfsmittel der Physik (OPT) (5 CP)<\/a><\/p><\/td><td><\/td><\/tr><tr><td><p>Teil 1: Einf\u00fchrung in die mathematischen Hilfsmittel der Physik (Vorlesung), WS 2010\/11<\/p><\/td><td><\/td><\/tr><tr><td><p>Teil 2: \u00dcbungen zur Einf\u00fchrung in die mathematischen Hilfsmittel der Physik, WS 2010\/11<\/p><\/td><td><\/td><\/tr><tr><td><p>Studierende der Mathematik sowie der Physik k\u00f6nnen sich dieses Modul nicht f\u00fcr den Optionalbereich anrechnen lassen!<\/p><\/td><td><\/td><\/tr><tr><td><p><\/p><\/td><td><\/td><\/tr><tr><td width=\"90%\"><p><a href=\"https:\/\/vvz.ruhr-uni-bochum.de\/campus\/all\/module.asp?gguid=0x69BA1E4D129AA7448BEBEA40C413B387&amp;error=&amp;expand=0x9C8E1BE57C73CD4CAAC3A34FF36E00AD&amp;tguid=0x9C8E1BE57C73CD4CAAC3A34FF36E00AD#0x9C8E1BE57C73CD4CAAC3A34FF36E00AD\">Mathematische Methoden der Physik (OPT) (5 CP)<\/a><\/p><\/td><td><\/td><\/tr><tr><td><p>Teil 1: Mathematische Methoden der Physik (Vorlesung), WS 2010\/11<\/p><\/td><td><\/td><\/tr><tr><td><p>Teil 2: \u00dcbungen zur Mathematische Methoden der Physik, WS 2010\/11<\/p><\/td><td><\/td><\/tr><tr><td><p>Studierende der Mathematik sowie der Physik k\u00f6nnen sich dieses Modul nicht f\u00fcr den Optionalbereich anrechnen lassen!<\/p><\/td><td><\/td><\/tr><tr><td><p><\/p><\/td><td><\/td><\/tr><tr><td width=\"90%\"><p><a href=\"https:\/\/vvz.ruhr-uni-bochum.de\/campus\/all\/module.asp?gguid=0x12C096F7DAAA47498974A5E2E9C61E6F&amp;error=&amp;expand=0x9C8E1BE57C73CD4CAAC3A34FF36E00AD&amp;tguid=0x9C8E1BE57C73CD4CAAC3A34FF36E00AD#0x9C8E1BE57C73CD4CAAC3A34FF36E00AD\">Physik f\u00fcr Nicht-Physiker I (5 CP)<\/a><\/p><\/td><td><\/td><\/tr><tr><td><p>Teil 1: Physik f\u00fcr Nicht-Physikerinnen und Nicht-Physiker (Vorlesung), WS 2010\/11<\/p><\/td><td><\/td><\/tr><tr><td><p>Teil 2: \u00dcbungen zur Physik f\u00fcr Nicht-Physikerinnen und Nicht-Physiker , WS 2010\/11<\/p><\/td><td><\/td><\/tr><tr><td><p>Studierende der Physik k\u00f6nnen an diesem Modul nicht teilnehmen!<\/p><\/td><td><\/td><\/tr><tr><td><p><\/p><\/td><td><\/td><\/tr><tr><td width=\"90%\"><p><a href=\"https:\/\/vvz.ruhr-uni-bochum.de\/campus\/all\/module.asp?gguid=0xEC43D13F7213F444999775ABBEF71E44&amp;error=&amp;expand=0x9C8E1BE57C73CD4CAAC3A34FF36E00AD&amp;tguid=0x9C8E1BE57C73CD4CAAC3A34FF36E00AD#0x9C8E1BE57C73CD4CAAC3A34FF36E00AD\">Physik I (Schwerpunkt Biologie) (5 CP)<\/a><\/p><\/td><td><\/td><\/tr><tr><td><p>Teil 1: Physik I f\u00fcr Studierende der Biologie (Vorlesung), WS 2010\/11<\/p><\/td><td><\/td><\/tr><tr><td><p>Teil 2: \u00dcbungen zur Physik I f\u00fcr Studierende der Biologie, WS 2010\/11<\/p><\/td><td><\/td><\/tr><tr><td><p>Da die Veranstaltung inhaltlich der Physik I (Schwerpunkt Chemie) gleicht, kann nur jeweils eine von beiden f\u00fcr den Optionalbereich anerkannt werden. F\u00fcr Studierende des B.Sc. Studiengangs Biologie ist dieses Modul nicht im Optionalbereich anrechenbar. Studierende der Physik k\u00f6nnen an diesem Modul nicht teilnehmen!<\/p><\/td><td><\/td><\/tr><tr><td><p><\/p><\/td><td><\/td><\/tr><tr><td width=\"90%\"><p><a href=\"https:\/\/vvz.ruhr-uni-bochum.de\/campus\/all\/module.asp?gguid=0x214313404D7E4849B4EAA91383DE1753&amp;fieldgguid=&amp;mode=&amp;findmodule=Physik+I&amp;tguid=0x9C8E1BE57C73CD4CAAC3A34FF36E00AD\">Physik I (Schwerpunkt Chemie, Biochemie, Geowissenschaften) (5 CP)<\/a><\/p><\/td><td><\/td><\/tr><tr><td><p>Teil 1: Physik I f\u00fcr Studierende der Biochemie, Chemie und Geowissenschaften (Vorlesung), WS 2010\/11<\/p><\/td><td><\/td><\/tr><tr><td><p>Teil 2: \u00dcbungen zur Physik I f\u00fcr Studierende der Biochemie, Chemie und Geowissenschaften, WS 2010\/11<\/p><\/td><td><\/td><\/tr><tr><td><p>Da die Veranstaltung inhaltlich der Physik I (Schwerpunkt Biologie) gleicht, kann nur jeweils eine von beiden f\u00fcr den Optionalbereich anerkannt werden. F\u00fcr Studierende des B.Sc. Studiengangs Chemie, Biochemie, Geowissenschaften ist dieses Modul nicht im Optionalbereich anrechenbar. Studierende der Physik k\u00f6nnen an diesem Modul nicht teilnehmen!<\/p><\/td><td><\/td><\/tr><tr><td><\/td><td><\/td><\/tr><tr><td colspan=\"2\"><p>Rechtswissenschaft<\/p><\/td><\/tr><tr><td width=\"90%\"><p><a href=\"https:\/\/vvz.ruhr-uni-bochum.de\/campus\/all\/module.asp?gguid=0xAA65A759F0528147AE401A0A5262CA99&amp;tguid=0x9C8E1BE57C73CD4CAAC3A34FF36E00AD\">Kriminologie (5 CP)<\/a><\/p><\/td><td><\/td><\/tr><tr><td><p>Teil 1: Kriminologie I (Vorlesung), WS 2010\/11<\/p><\/td><td><\/td><\/tr><tr><td><p>Teil 2: Ausgew\u00e4hlte Themen zur Kriminologie I (\u00dcbung), WS 2010\/11<\/p><\/td><td><\/td><\/tr><tr><td><p>G4 Basismodul Rechtswissenschaft<\/p><\/td><td><\/td><\/tr><tr><td><\/td><td><\/td><\/tr><tr><td colspan=\"2\"><p>Sozialwissenschaft<\/p><\/td><\/tr><tr><td width=\"90%\"><p><a href=\"https:\/\/vvz.ruhr-uni-bochum.de\/campus\/all\/module.asp?gguid=0xE0DB9E663F7EEE44A7225AB6EF0155CD&amp;tguid=0x9C8E1BE57C73CD4CAAC3A34FF36E00AD\">Arbeits-, Wirtschafts- und Organisationssoziologie (5 CP)<\/a><\/p><\/td><td><\/td><\/tr><tr><td><p>Teil 1a: Einf\u00fchrung in die Arbeits-, Wirtschafts- und Organisationssoziologie (Seminar), WS 2010\/11 oder<\/p><\/td><td><\/td><\/tr><tr><td><p>Teil 1b: Einf\u00fchrung in die Arbeits-, Wirtschafts- und Organisationssoziologie (Seminar), WS 2010\/11<\/p><\/td><td><\/td><\/tr><tr><td><p>Teil 2: Strukturierte Betreuung (\u00dcbung), WS 2010\/11<\/p><\/td><td><\/td><\/tr><tr><td><p>G4 Aufbaumodul Soziologie<\/p><\/td><td><\/td><\/tr><tr><td><p>Studierende der F\u00e4cher PWG, KIG und Soziologie sowie des Studiengangs Sozialwissenschaft k\u00f6nnen an diesem Modul nicht teilnehmen!<\/p><\/td><td><\/td><\/tr><tr><td><p><\/p><\/td><td><\/td><\/tr><tr><td width=\"90%\"><p><a href=\"https:\/\/vvz.ruhr-uni-bochum.de\/campus\/all\/module.asp?gguid=0x1EF00EAE13DF7E4185EE46EF6D838E08&amp;tguid=0x9C8E1BE57C73CD4CAAC3A34FF36E00AD\">Einf\u00fchrung in die Wirtschafts- und Sozialpolitik (5 CP)<\/a><\/p><\/td><td><\/td><\/tr><tr><td><p>Teil 1: Einf\u00fchrung in die Wirtschafts- und Sozialpolitik (Vorlesung), WS 2010\/11<\/p><\/td><td><\/td><\/tr><tr><td><p>Teil 2: Wirtschafts- und Sozialpolitik (\u00dcbung), WS 2010\/11<\/p><\/td><td><\/td><\/tr><tr><td><p>G4 Basismodul Sozial\u00f6konomik<\/p><\/td><td><\/td><\/tr><tr><td><p>Studierende der F\u00e4cher PWG, Soziologie, Politikwissenschaft und Sozialpsychologie\/-anthropologie sowie des Studiengangs Sozialwissenschaft k\u00f6nnen an diesem Modul nicht teilnehmen!<\/p><\/td><td><\/td><\/tr><tr><td><p><\/p><\/td><td><\/td><\/tr><tr><td width=\"90%\"><p><a href=\"https:\/\/vvz.ruhr-uni-bochum.de\/campus\/all\/module.asp?gguid=0x53ED2F06F4079D4FB0BE806F00D02AE2&amp;tguid=0x9C8E1BE57C73CD4CAAC3A34FF36E00AD\">Internationalisierung (5 CP)<\/a><\/p><\/td><td><\/td><\/tr><tr><td><p>Teil 1: Migrationsland und Geschlecht (Seminar), WS 2010\/11<\/p><\/td><td><\/td><\/tr><tr><td><p>Teil 2: Strukturierte Betreuung (\u00dcbung), WS 2010\/11<\/p><\/td><td><\/td><\/tr><tr><td><p>G4 Basismodul Soziologie<\/p><\/td><td><\/td><\/tr><tr><td><p>Studierende der F\u00e4cher KIG und Soziologie sowie des Studiengangs Sozialwissenschaft k\u00f6nnen an diesem Modul nicht teilnehmen!<\/p><\/td><td><\/td><\/tr><tr><td><p><\/p><\/td><td><\/td><\/tr><tr><td width=\"90%\"><p><a href=\"https:\/\/vvz.ruhr-uni-bochum.de\/campus\/all\/module.asp?gguid=0x99996CAFC736E74495B689B2FAA65F51&amp;tguid=0x9C8E1BE57C73CD4CAAC3A34FF36E00AD\">Management, Arbeit, Organisation (5 CP)<\/a><\/p><\/td><td><\/td><\/tr><tr><td><p>Teil 1: Management, Arbeit, Organisation &#8211; Strukturen, Akteure und Handlungsfeldern (Seminar), WS 2010\/11<\/p><\/td><td><\/td><\/tr><tr><td><p>Teil 2: Betriebspraxis &#8211; Exkursion in Unternehmen (Diskussionen ausgew\u00e4hlter aktueller Problemfelder mit Arbeitgeber-\/Arbeitnehmervertretern) (\u00dcbung), WS 2010\/11<\/p><\/td><td><\/td><\/tr><tr><td><p>G4 Aufbaumodul Soziologie<\/p><\/td><td><\/td><\/tr><tr><td><p>Studierende der Soziologie, des Faches PWG sowie des Faches Sozialwissenschaft k\u00f6nnen an diesem Modul nicht teilnehmen.<\/p><\/td><td><\/td><\/tr><tr><td><p><\/p><\/td><td><\/td><\/tr><tr><td width=\"90%\"><p><a href=\"https:\/\/vvz.ruhr-uni-bochum.de\/campus\/all\/module.asp?gguid=0x9148328FEA7E8F41B63C07D9EA222974&amp;tguid=0x9C8E1BE57C73CD4CAAC3A34FF36E00AD\">Politikwissenschaft: Internationale Beziehungen (5 CP)<\/a><\/p><\/td><td><\/td><\/tr><tr><td><p>Teil 1: Einf\u00fchrung in die Internationalen Beziehungen (Vorlesung), WS 2010\/11<\/p><\/td><td><\/td><\/tr><tr><td><p>Teil 2: Seminar aus dem Bereich Internationale Beziehungen [s. VSPL], WS 2010\/11<\/p><\/td><td><\/td><\/tr><tr><td><p>G4 Aufbaumodul Politikwissenschaft<\/p><\/td><td><\/td><\/tr><tr><td><p>Studierende des Faches Politikwissenschaft, des Faches Politik, Wirtschaft und Gesellschaft, sowie des Faches Sozialwissenschaft k\u00f6nnen an dem Modul nicht teilnehmen!<\/p><\/td><td><\/td><\/tr><tr><td><p><\/p><\/td><td><\/td><\/tr><tr><td width=\"90%\"><p><a href=\"https:\/\/vvz.ruhr-uni-bochum.de\/campus\/all\/module.asp?gguid=0x87E84673A6380A488AC031D931031AD5&amp;tguid=0x9C8E1BE57C73CD4CAAC3A34FF36E00AD\">Politikwissenschaft: Politisches System Deutschlands (5 CP)<\/a><\/p><\/td><td><\/td><\/tr><tr><td><p>Teil 1: Einf\u00fchrung in das politische System Deutschlands (Vorlesung), WS 2010\/11<\/p><\/td><td><\/td><\/tr><tr><td><p>Teil 2: Seminar aus dem Bereich Politisches System Deutschlands [s. VSPL], WS 2010\/11<\/p><\/td><td><\/td><\/tr><tr><td><p>G4 Basismodul Politikwissenschaft<\/p><\/td><td><\/td><\/tr><tr><td><p>Studierende der F\u00e4cher PWG, KIG und Politikwissenschaft sowie des Studienganges Sozialwissenschaft k\u00f6nnen an dem Modul nicht teilnehmen!<\/p><\/td><td><\/td><\/tr><tr><td><p><\/p><\/td><td><\/td><\/tr><tr><td width=\"90%\"><p><a href=\"https:\/\/vvz.ruhr-uni-bochum.de\/campus\/all\/module.asp?gguid=0x667BF6026991C441872E5AA50A4EF162&amp;tguid=0x9C8E1BE57C73CD4CAAC3A34FF36E00AD\">Politikwissenschaft: Vergleichende Regierungslehre (5 CP)<\/a><\/p><\/td><td><\/td><\/tr><tr><td><p>Teil 1: Einf\u00fchrung in die Vergleichende Regierungslehre (Vorlesung), WS 2010\/11<\/p><\/td><td><\/td><\/tr><tr><td><p>Teil 2: Seminar aus dem Bereich Vergleichende Regierungslehre [s. VSPL], WS 2010\/11<\/p><\/td><td><\/td><\/tr><tr><td><p>G4 Aufbaumodul Politikwissenschaft<\/p><\/td><td><\/td><\/tr><tr><td><p>Studierende des Faches Politikwissenschaft sowie des Studiengangs Sozialwissenschaft k\u00f6nnen an diesem Modul nicht teilnehmen!<\/p><\/td><td><\/td><\/tr><tr><td><p><\/p><\/td><td><\/td><\/tr><tr><td width=\"90%\"><p><a href=\"https:\/\/vvz.ruhr-uni-bochum.de\/campus\/all\/module.asp?gguid=0xFFD51D086E094349A818D0EAC62C1550&amp;tguid=0x9C8E1BE57C73CD4CAAC3A34FF36E00AD\">Sozial- und Kulturpsychologie (5 CP)<\/a><\/p><\/td><td><\/td><\/tr><tr><td><p>Teil 1: Einf\u00fchrung in die Sozial- und Kulturpsychologie (Vorlesung), WS 2010\/11<\/p><\/td><td><\/td><\/tr><tr><td><p>Teil 2: Strukturierte Betreuung (\u00dcbung), WS 2010\/11<\/p><\/td><td><\/td><\/tr><tr><td><p>G4 Basismodul Sozialpsychologie<\/p><\/td><td><\/td><\/tr><tr><td><p>Studierende des Faches Sozialpsychologie und -anthropologie sowie des Studiengangs Sozialwissenschaft k\u00f6nnen an dem Modul nicht teilnehmen!<\/p><\/td><td><\/td><\/tr><tr><td><p><\/p><\/td><td><\/td><\/tr><tr><td width=\"90%\"><p><a href=\"https:\/\/vvz.ruhr-uni-bochum.de\/campus\/all\/module.asp?gguid=0x15D866162831BA498DBF1B9583B94BD0&amp;tguid=0x9C8E1BE57C73CD4CAAC3A34FF36E00AD\">Sozialanthropologie (5 CP)<\/a><\/p><\/td><td><\/td><\/tr><tr><td><p>Teil 1: Einf\u00fchrung in die Sozialanthropologie (Vorlesung), WS 2010\/11<\/p><\/td><td><\/td><\/tr><tr><td><p>Teil 2: Strukturierte Betreuung (\u00dcbung), WS 2010\/11<\/p><\/td><td><\/td><\/tr><tr><td><p>G4 Basismodul Sozialpsychologie<\/p><\/td><td><\/td><\/tr><tr><td><p>Studierende des Faches Sozialpsychologie und -anthropologie sowie des Studienganges Sozialwissenschaft k\u00f6nnen an dem Modul nicht teilnehmen!<\/p><\/td><td><\/td><\/tr><tr><td><p><\/p><\/td><td><\/td><\/tr><tr><td width=\"90%\"><p><a href=\"https:\/\/vvz.ruhr-uni-bochum.de\/campus\/all\/module.asp?gguid=0x76D5606AE6B3A9499590ED90A5892295&amp;tguid=0x9C8E1BE57C73CD4CAAC3A34FF36E00AD\">Sozialpsychologische Aspekte der Dienstleistungsgesellschaft (5 CP)<\/a><\/p><\/td><td><\/td><\/tr><tr><td><p>Teil 1: Interaktion und Kommunikation in personenbezogenen Dienstleistungen (Vorlesung), WS 2010\/11<\/p><\/td><td><\/td><\/tr><tr><td><p>Teil 2: Strukturierte Betreuung (\u00dcbung), WS 2010\/11<\/p><\/td><td><\/td><\/tr><tr><td><p>G4 Aufbaumodul Sozialpsychologie<\/p><\/td><td><\/td><\/tr><tr><td><p>Studierende des Faches Sozialpsychologie und -anthropologie sowie des Studiengangs Sozialwissenschaft k\u00f6nnen an dem Modul nicht teilnehmen!<\/p><\/td><td><\/td><\/tr><tr><td><p><\/p><\/td><td><\/td><\/tr><tr><td width=\"90%\"><p><a href=\"https:\/\/vvz.ruhr-uni-bochum.de\/campus\/all\/module.asp?gguid=0xE6A0487C7B715C489657388444E4125E&amp;tguid=0x9C8E1BE57C73CD4CAAC3A34FF36E00AD\">Sozialtheorie (5 CP)<\/a><\/p><\/td><td><\/td><\/tr><tr><td><p>Teil 1: Klassiker der Sozial- und Kulturtheorie (Vorlesung), WS 2010\/11<\/p><\/td><td><\/td><\/tr><tr><td><p>Teil 2: Strukturierte Betreuung (\u00dcbung), WS 2010\/11<\/p><\/td><td><\/td><\/tr><tr><td><p>G4 Aufbaumodul Sozialpsychologie<\/p><\/td><td><\/td><\/tr><tr><td><p>Studierende des Faches Sozialpsychologie und -anthropologie sowie des Studiengangs Sozialwissenschaft k\u00f6nnen an dem Modul nicht teilnehmen!<\/p><\/td><td><\/td><\/tr><tr><td><p><\/p><\/td><td><\/td><\/tr><tr><td width=\"90%\"><p><a href=\"https:\/\/vvz.ruhr-uni-bochum.de\/campus\/all\/module.asp?gguid=0x11181B8A3283C04DAF0162B6D7FFFCD2&amp;tguid=0x9C8E1BE57C73CD4CAAC3A34FF36E00AD\">Soziologie I (5 CP)<\/a><\/p><\/td><td><\/td><\/tr><tr><td><p>Teil 1: Einf\u00fchrung in die Soziologie I (Vorlesung), WS 2010\/11<\/p><\/td><td><\/td><\/tr><tr><td><p>Teil 2: Strukturierte Betreuung (\u00dcbung), WS 2010\/11<\/p><\/td><td><\/td><\/tr><tr><td><p>G4 Basismodul Soziologie<\/p><\/td><td><\/td><\/tr><tr><td><p>Studierende der F\u00e4cher PWG, KIG, Soziologie, Politikwissenschaft und Sozialpsychologie\/-anthropologie sowie des Studiengangs Sozialwissenschaft k\u00f6nnen an diesem Modul nicht teilnehmen!<\/p><\/td><td><\/td><\/tr><tr><td><p><\/p><\/td><td><\/td><\/tr><tr><td width=\"90%\"><p><a href=\"https:\/\/vvz.ruhr-uni-bochum.de\/campus\/all\/module.asp?gguid=0xA36515828E8D0D439FEA715A05561969&amp;tguid=0x9C8E1BE57C73CD4CAAC3A34FF36E00AD\">Soziologie II (5 CP)<\/a><\/p><\/td><td><\/td><\/tr><tr><td><p>Teil 1: Einf\u00fchrung in die Soziologie II (Vorlesung), WS 2010\/11<\/p><\/td><td><\/td><\/tr><tr><td><p>Teil 2: Strukturierte Betreuung (\u00dcbung), WS 2010\/11<\/p><\/td><td><\/td><\/tr><tr><td><p>G4 Aufbaumodul Soziologie<\/p><\/td><td><\/td><\/tr><tr><td><p>Studierende der F\u00e4cher PWG, KIG, Soziologie, Politikwissenschaft und Sozialpsychologie\/-anthropologie sowie des Studiengangs Sozialwissenschaft k\u00f6nnen an diesem Modul nicht teilnehmen!<\/p><\/td><td><\/td><\/tr><tr><td><p><\/p><\/td><td><\/td><\/tr><tr><td width=\"90%\"><p><a href=\"https:\/\/vvz.ruhr-uni-bochum.de\/campus\/all\/module.asp?gguid=0x8C2EFD327ACB1948AC51A8CA4C86690F&amp;tguid=0x9C8E1BE57C73CD4CAAC3A34FF36E00AD\">Theorie und Analyse von Gegenwartsgesellschaften (5 CP)<\/a><\/p><\/td><td><\/td><\/tr><tr><td><p>Teil 1: Einf\u00fchrung in die Soziologie III (Vorlesung), WS 2010\/11<\/p><\/td><td><\/td><\/tr><tr><td><p>Teil 2: Strukturierte Betreuung (\u00dcbung), WS 2010\/11<\/p><\/td><td><\/td><\/tr><tr><td><p>G4 Aufbaumodul Soziologie<\/p><\/td><td><\/td><\/tr><tr><td><p>Studierende des Faches Soziologie sowie des Studienganges Sozialwissenschaft k\u00f6nnen an diesem Modul nicht teilnehmen!<\/p><\/td><td><\/td><\/tr><tr><td><\/td><td><\/td><\/tr><tr><td colspan=\"2\"><p>Sportwissenschaft<\/p><\/td><\/tr><tr><td width=\"90%\"><p><a href=\"https:\/\/vvz.ruhr-uni-bochum.de\/campus\/all\/module.asp?gguid=0x5ED5D77DDF25FB42ACF2F1A1E91EDCB2&amp;tguid=0x9C8E1BE57C73CD4CAAC3A34FF36E00AD\">Aufbau des K\u00f6rpers sowie Funktionsweise in Ruhe und w\u00e4hrend k\u00f6rperlicher Belastung (5 CP)<\/a><\/p><\/td><td><\/td><\/tr><tr><td><p>Teil 1: Sportmedizin (Vorlesung), WS 2010\/11<\/p><\/td><td><\/td><\/tr><tr><td><p>Teil 2: Aufbau des K\u00f6rpers sowie Funktionsweise in Ruhe und w\u00e4hrend k\u00f6rperlicher Belastung (\u00dcbung), WS 2010\/11<\/p><\/td><td><\/td><\/tr><tr><td><p>G4 Sportmedizin<\/p><\/td><td><\/td><\/tr><tr><td width=\"100%\"><p>Studierende der Sportwissenschaft k\u00f6nnen an diesem Modul nicht teilnehmen!<\/p><\/td><td><\/td><\/tr><tr><td><p><\/p><\/td><td><\/td><\/tr><tr><td width=\"90%\"><p><a href=\"https:\/\/vvz.ruhr-uni-bochum.de\/campus\/all\/module.asp?gguid=0x6F3BB77D6558554C99F1DEBE87F14ED5&amp;tguid=0x9C8E1BE57C73CD4CAAC3A34FF36E00AD7\">Sport und Erziehung (5 CP)<\/a><\/p><\/td><td><\/td><\/tr><tr><td><p>Teil 1: Einf\u00fchrung in die Sportp\u00e4dagogik und Sportdidaktik (Vorlesung), WS 2010\/11<\/p><\/td><td><\/td><\/tr><tr><td><p>Teil 2a: Fr\u00fchkindliche Bewegungserziehung (Seminar), WS 2010\/11 oder<\/p><\/td><td><\/td><\/tr><tr><td><p>Teil 2b: Erlebnis und Lernen im Sport (Seminar), WS 2010\/11<\/p><\/td><td><\/td><\/tr><tr><td><p>G4 Sportpsychologie\/Sportp\u00e4dagogik<\/p><\/td><td><\/td><\/tr><tr><td width=\"100%\"><p>Studierende der Sportwissenschaft k\u00f6nnen an diesem Modul nicht teilnehmen!<\/p><\/td><td><\/td><\/tr><tr><td><p><\/p><\/td><td><\/td><\/tr><tr><td width=\"90%\"><p><a href=\"https:\/\/vvz.ruhr-uni-bochum.de\/campus\/all\/module.asp?gguid=0x8F089D6BB4CE7B439AA9F93AB7BC537F&amp;tguid=0x9C8E1BE57C73CD4CAAC3A34FF36E00AD\">Sportsoziologie (5 CP)<\/a><\/p><\/td><td><\/td><\/tr><tr><td><p>Teil 1: Sport in soziologischer Perspektive (Vorlesung), WS 2010\/11<\/p><\/td><td><\/td><\/tr><tr><td><p>Teil 2a: Sport &#8211; Medien &#8211; Rezipienten (Seminar), WS 2010\/11 oder<\/p><\/td><td><\/td><\/tr><tr><td><p>Teil 2b: Sport und Politik (Seminar), WS 2010\/11<\/p><\/td><td><\/td><\/tr><tr><td><p>G4 Sport und Gesellschaft<\/p><\/td><td><\/td><\/tr><tr><td width=\"100%\"><p>Studierende der Sportwissenschaft k\u00f6nnen an diesem Modul nicht teilnehmen!<\/p><\/td><td><\/td><\/tr><tr><td><p><\/p><\/td><td><\/td><\/tr><tr><td width=\"90%\"><p><a href=\"https:\/\/vvz.ruhr-uni-bochum.de\/campus\/all\/module.asp?gguid=0x201740C2299E72459D76BDB02E4ABC18&amp;fieldgguid=&amp;findmodule=choreo&amp;tguid=0x9C8E1BE57C73CD4CAAC3A34FF36E00AD\">Choreographische Werkstatt (5 CP)<\/a> NEU! am 08.09.!<\/p><\/td><td><\/td><\/tr><tr><td><p>Teil 1: Elemente des Choreografierens im Tanz (Seminar), WS 2010\/11<\/p><\/td><td><\/td><\/tr><tr><td><p>Teil 2: Zeitgen\u00f6ssischer B\u00fchnentanz und Tanz im Film (Seminar), WS 2010\/11<\/p><\/td><td><\/td><\/tr><tr><td><p>G4 Sport und Gesellschaft<\/p><\/td><td><\/td><\/tr><tr><td><\/td><td><\/td><\/tr><tr><td colspan=\"2\"><p>Theaterwissenschaft<\/p><\/td><\/tr><tr><td width=\"90%\"><p><a href=\"https:\/\/vvz.ruhr-uni-bochum.de\/campus\/all\/module.asp?gguid=0x02A938FF802BED45BEC73C5690D6993C&amp;tguid=0x9C8E1BE57C73CD4CAAC3A34FF36E00AD\">Theatergeschichte (5 CP)<\/a><\/p><\/td><td><\/td><\/tr><tr><td><p>Teil 1: H\u00e4ndel auf dem Theater &#8211; gestern und heute (Seminar), WS 2010\/11<\/p><\/td><td><\/td><\/tr><tr><td><p>Teil 2: Leo Tolstoi auf der modernen B\u00fchne (Theater, Oper, Ballett) (Seminar), WS 2010\/11<\/p><\/td><td><\/td><\/tr><tr><td><p>G4 Grundlagen der Theaterwissenschaft<\/p><\/td><td><\/td><\/tr><tr><td width=\"100%\"><p>Studierende der Theaterwissenschaft k\u00f6nnen an diesem Modul nicht teilnehmen!<\/p><\/td><td><\/td><\/tr><tr><td><\/td><td><\/td><\/tr><tr><td colspan=\"2\"><p>Wirtschaftswissenschaft<\/p><\/td><\/tr><tr><td width=\"90%\"><p><a href=\"https:\/\/vvz.ruhr-uni-bochum.de\/campus\/all\/module.asp?gguid=0x4BFAB34DBA14374F966BF7DDA29A8EC5&amp;tguid=0x9C8E1BE57C73CD4CAAC3A34FF36E00AD\">Einf\u00fchrung in das Rechnungswesen\/Controlling (5 CP)<\/a><\/p><\/td><td><\/td><\/tr><tr><td><p>Teil 1: Einf\u00fchrung in das Rechnungswesen\/Controlling (Vorlesung), WS 2010\/11<\/p><\/td><td><\/td><\/tr><tr><td><p>Teil 2: \u00dcbung zur Einf\u00fchrung in das Rechnungswesen\/Controlling, WS 2010\/11<\/p><\/td><td><\/td><\/tr><tr><td><p>G4 Basismodul Rechnungswesen<\/p><\/td><td><\/td><\/tr><tr><td><p>Studierende der Wirtschaftswissenschaften k\u00f6nnen an diesem Modul nicht teilnehmen! Studierende, die das Modul &#8222;Grundlagen der BWL f\u00fcr Nicht\u00f6konomen und Existenzgr\u00fcnder belegen, k\u00f6nnen an diesem Modul nicht teilnehmen!<\/p><\/td><td><\/td><\/tr><tr><td><p><\/p><\/td><td><\/td><\/tr><tr><td width=\"90%\"><p><a href=\"https:\/\/vvz.ruhr-uni-bochum.de\/campus\/all\/module.asp?gguid=0xBB5208241575614A9B6F76339E8087A0&amp;fieldgguid=&amp;findmodule=grundlagen+der+existenzgr%FCndung&amp;tguid=0x9C8E1BE57C73CD4CAAC3A34FF36E00AD\">Grundlagen der Existenzgr\u00fcndung (5 CP)<\/a><\/p><\/td><td><\/td><\/tr><tr><td><p>Teil 1: V Grundlagen der Existenzgr\u00fcndung, WS 2010\/11<\/p><\/td><td><\/td><\/tr><tr><td><p>Teil 2: \u00dc Grundlagen der Existenzgr\u00fcndung, WS 2010\/11<\/p><\/td><td><\/td><\/tr><tr><td><p>G4 Basismodul Existenzgr\u00fcndung<\/p><\/td><td><\/td><\/tr><tr><td><p>Studierende der Wirtschaftswissenschaften k\u00f6nnen an diesem Modul nicht teilnehmen! &#8222;Einf\u00fchrung in das Rechnungswesen\/Controlling&#8220; belegen, k\u00f6nnen an diesem Modul nicht teilnehmen!<\/p><\/td><td><\/td><\/tr><tr><td><p><\/p><\/td><td><\/td><\/tr><tr><td width=\"90%\"><p><a href=\"https:\/\/vvz.ruhr-uni-bochum.de\/campus\/all\/module.asp?gguid=0x6B4426C73AACD04D9C1730E2BF1AFA0E&amp;error=&amp;expand=0x9C8E1BE57C73CD4CAAC3A34FF36E00AD&amp;tguid=0x9C8E1BE57C73CD4CAAC3A34FF36E00AD#0x9C8E1BE57C73CD4CAAC3A34FF36E00AD\">Planspiel Existenzgr\u00fcndung (5 CP)<\/a><\/p><\/td><td><\/td><\/tr><tr><td><p>Teil 1: Planspiel Existenzgr\u00fcndung f\u00fcr Nicht\u00f6konomen, WS 2010\/11<\/p><\/td><td><\/td><\/tr><tr><td><p>Teil 2: Planspiel Existenzgr\u00fcndung f\u00fcr Nicht\u00f6konomen, WS 2010\/11<\/p><\/td><td><\/td><\/tr><tr><td><p>G4 Basismodul \u00d6konomie<\/p><\/td><td><\/td><\/tr><tr><td><p>Studierende der Wirtschaftswissenschaften k\u00f6nnen an diesem Modul nicht teilnehmen!<\/p><\/td><td><\/td><\/tr><tr><td><p><\/p><\/td><td><\/td><\/tr><tr><td width=\"90%\"><p><a href=\"https:\/\/vvz.ruhr-uni-bochum.de\/campus\/all\/module.asp?gguid=0xCBBCA7B66BDDCC48917A00B1DE996E43&amp;tguid=0x9C8E1BE57C73CD4CAAC3A34FF36E00AD\">Einf\u00fchrung in die Betriebs- sowie Volkswirtschaftslehre (5 CP)<\/a><\/p><\/td><td><\/td><\/tr><tr><td><p>Teil 1: Einf\u00fchrung in die VWL f\u00fcr Nicht\u00f6konomen (Vorlesung), WS 2010\/11<\/p><\/td><td><\/td><\/tr><tr><td><p>Teil 2: Einf\u00fchrung in die BWL f\u00fcr Nicht\u00f6konomen (Vorlesung), SoSe 2011<\/p><\/td><td><\/td><\/tr><tr><td><p>G4 Basismodul \u00d6konomie<\/p><\/td><td><\/td><\/tr><tr><td><p>Studierende der Wirtschaftswissenschaften k\u00f6nnen an diesem Modul nicht teilnehmen! Studierende, die das Modul &#8222;Grundlagen der BWL f\u00fcr Nicht\u00f6konomen und Existenzgr\u00fcnder belegen, k\u00f6nnen an diesem Modul nicht teilnehmen!<\/p><\/td><td><\/td><\/tr><tr><td><\/td><td><\/td><\/tr><tr><td colspan=\"2\"><p>Interdisziplin\u00e4re Module<\/p><\/td><\/tr><tr><td width=\"90%\"><p><a href=\"https:\/\/vvz.ruhr-uni-bochum.de\/campus\/all\/module.asp?gguid=0xA32525614E66BF438F44714B466529C1&amp;tguid=0x9C8E1BE57C73CD4CAAC3A34FF36E00AD\">Aspekte des Crossover in der Musik (5 CP)<\/a><\/p><\/td><td><\/td><\/tr><tr><td><p>Teil 1: Klassik &#8211; Jazz &#8211; Third Stream (Seminar), WS 2010\/11<\/p><\/td><td><\/td><\/tr><tr><td><p>Teil 2: Miles Davis (Seminar), WS 2010\/11<\/p><\/td><td><\/td><\/tr><tr><td><p>G4 Basismodul Kunst und Kultur<\/p><\/td><td><\/td><\/tr><tr><td><p><\/p><\/td><td><\/td><\/tr><tr><td width=\"90%\"><p><a href=\"https:\/\/vvz.ruhr-uni-bochum.de\/campus\/all\/module.asp?gguid=0x7375836AA069A342A7F8C01635CBD753&amp;tguid=0x9C8E1BE57C73CD4CAAC3A34FF36E00AD\">Interkulturelle Kompetenz in Theorie und Praxis (5 CP)<\/a><\/p><\/td><td><\/td><\/tr><tr><td><p>Teil 1: Grundlagen und Voraussetzungen interkultureller Kompetenz (Seminar), WS 2010\/11<\/p><\/td><td><\/td><\/tr><tr><td><p>Teil 2: Vertiefende \u00dcbungen zur interkulturellen Kompetenz, WS 2010\/11<\/p><\/td><td><\/td><\/tr><tr><td><p>G4 Basismodul Identit\u00e4t und Differenz<\/p><\/td><td><\/td><\/tr><tr><td><p><\/p><\/td><td><\/td><\/tr><tr><td width=\"90%\"><p><a href=\"https:\/\/vvz.ruhr-uni-bochum.de\/campus\/all\/module.asp?gguid=0xCAB400ECF09B24468DEC6F77984D2773&amp;fieldgguid=&amp;findmodule=die+deutsche+einhei&amp;tguid=0x9C8E1BE57C73CD4CAAC3A34FF36E00AD\">Die deutsche Einheit &#8211; Kontinuit\u00e4t und Transformation (5 CP)<\/a><\/p><\/td><td><\/td><\/tr><tr><td><p>Teil 1: Die deutsche Einheit als Prozess zwischen Kontinuit\u00e4t und Transformation (Ringvorlesung), WS 2010\/11<\/p><\/td><td><\/td><\/tr><tr><td><p>Teil 2: Innere Einheit? Zur Kultur- und Gesellschaftsgeschichte der deutschen Vereinigung (\u00dcbung), WS 2010\/11<\/p><\/td><td><\/td><\/tr><tr><td><p>Teil 3: Begleitveranstaltungen (Lesungen, Filmreihe), WS 2010\/11<\/p><\/td><td><\/td><\/tr><tr><td><p>G4 Basismodul &#8222;Identit\u00e4t und Differenz&#8220;<\/p><\/td><td><\/td><\/tr><tr><td><p><\/p><\/td><td><\/td><\/tr><tr><td width=\"90%\"><p>Entf\u00e4llt!<\/p><\/td><td><\/td><\/tr><tr><td><p>Teil 1: Internationale Beziehungen und Diplomatie, WS 2010\/11<\/p><\/td><td><\/td><\/tr><tr><td><p>Teil 2: NMUN-Simulationstagung in New York und an der Durchf\u00fchrung vorbereitender Interviews in Deutschland, WS 2010\/11<\/p><\/td><td><\/td><\/tr><tr><td><p>G4 Basismodul &#8222;Landeskunde&#8220;<\/p><\/td><td><\/td><\/tr><tr><td><p>Gute Kenntnisse der englischen Sprache werden vorausgesetzt.<\/p><\/td><td><\/td><\/tr><tr><td><p><\/p><\/td><td><\/td><\/tr><tr><td width=\"90%\"><p><a href=\"https:\/\/vvz.ruhr-uni-bochum.de\/campus\/all\/module.asp?gguid=0x635766B0ED80214F9E0CBB093C4064F0&amp;fieldgguid=&amp;findmodule=Kr%F6ten&amp;tguid=0x9C8E1BE57C73CD4CAAC3A34FF36E00AD\">Kr\u00f6ten, Erbsen und blonde M\u00e4use &#8211; Streit in der Evolutionstheorie (5 CP)<\/a><\/p><\/td><td><\/td><\/tr><tr><td><p>Teil 1: Kr\u00f6ten, Erbsen und blonde M\u00e4use &#8211; Streit in der Evolutionstheorie (Seminar), WS 2010\/11<\/p><\/td><td><\/td><\/tr><tr><td><p>Teil 2: Kr\u00f6ten, Erbsen und blonde M\u00e4use &#8211; Streit in der Evolutionstheorie (Seminar), WS 2010\/11<\/p><\/td><td><\/td><\/tr><tr><td><p>G4 Basismodul &#8222;Wissenschaft in der Praxis&#8220;<\/p><\/td><td><\/td><\/tr><tr><td><p><\/p><\/td><td><\/td><\/tr><tr><td width=\"90%\"><p><a href=\"https:\/\/vvz.ruhr-uni-bochum.de\/campus\/all\/module.asp?gguid=0x45137B38C3BD3749A7FA524E90CAB49E&amp;fieldgguid=&amp;findmodule=farben+sehen&amp;tguid=0x9C8E1BE57C73CD4CAAC3A34FF36E00AD\">Farben sehen und erleben (5 CP)<\/a><\/p><\/td><td><\/td><\/tr><tr><td><p>Teil 1: Farben sehen und erleben &#8211; Theorie und Geschichte (Seminar), WS 2010\/11<\/p><\/td><td><\/td><\/tr><tr><td><p>Teil 2: Farben sehen und erleben &#8211; Praktische Einf\u00fchrung in die Welt der Farben und der Malerei (praktische \u00dcbung), WS 2010\/11<\/p><\/td><td><\/td><\/tr><tr><td><p>G4 Basismodul &#8222;Kunst und Kultur&#8220;<\/p><\/td><td><\/td><\/tr><tr><td><p><\/p><\/td><td><\/td><\/tr><tr><td width=\"90%\"><p><a href=\"https:\/\/vvz.ruhr-uni-bochum.de\/campus\/all\/module.asp?gguid=0x227933D2C2CD1A49B3C59465AFCD672C&amp;error=&amp;expand=0x9C8E1BE57C73CD4CAAC3A34FF36E00AD&amp;tguid=0x9C8E1BE57C73CD4CAAC3A34FF36E00AD#0x9C8E1BE57C73CD4CAAC3A34FF36E00AD\">Liebe und Erotik in der Musik (5 CP)<\/a><\/p><\/td><td><\/td><\/tr><tr><td><p>Teil 1: Liebe und Erotik in der Musik &#8211; to see, to hear, to touch, to kiss, to die (Seminar), WS 2010\/11<\/p><\/td><td><\/td><\/tr><tr><td><p>Teil 2a: Chor der Universit\u00e4t (praktische \u00dcbung), WS 2010\/11 oder<\/p><\/td><td><\/td><\/tr><tr><td><p>Teil 2b: Orchester der Universit\u00e4t (praktische \u00dcbung), WS 2010\/11<\/p><\/td><td><\/td><\/tr><tr><td><p>G4 Basismodul &#8222;Kunst und Kultur&#8220;<\/p><\/td><td><\/td><\/tr><tr><td><p>Studierende, die in den vergangenen Semestern bereits ein Modul in Verbindung mit Chor oder Orchester erfolgreich abgeschlossen haben, k\u00f6nnen bei erneuter Teilnahme an diesem Modul keine Kreditpunkte anerkannt bekommen.<\/p><\/td><td><\/td><\/tr><tr><td><p><\/p><\/td><td><\/td><\/tr><tr><td width=\"90%\"><p><a href=\"https:\/\/vvz.ruhr-uni-bochum.de\/campus\/all\/module.asp?gguid=0xA80FC19AB670F44F89B852B927C4FC2D&amp;tguid=0x9C8E1BE57C73CD4CAAC3A34FF36E00AD\">&#8222;&#8230;De morte transire ad vitam&#8230;&#8220; Hoffnungsbilder gegen den Tod am Beispiel ausgew\u00e4hlter Requiems-Vertonungen und anderer Musik (5 CP)<\/a><\/p><\/td><td><\/td><\/tr><tr><td><p>Teil 1: &#8222;&#8230;De morte transire ad vitam&#8230;&#8220; Hoffnungsbilder gegen den Tod am Beispiel ausgew\u00e4hlter Requiems-Vertonungen und anderer Musik (Seminar), WS 2010\/11<\/p><\/td><td><\/td><\/tr><tr><td><p>Teil 2: Chor der Universit\u00e4t (praktische \u00dcbung), WS 2010\/11<\/p><\/td><td><\/td><\/tr><tr><td><p>G4 Basismodul &#8222;Kunst und Kultur&#8220;<\/p><\/td><td><\/td><\/tr><tr><td><p>Studierende, die in den vergangenen Semestern bereits ein Modul in Verbindung mit Chor oder Orchester erfolgreich abgeschlossen haben, k\u00f6nnen bei erneuter Teilnahme an diesem Modul keine Kreditpunkte anerkannt bekommen.<\/p><\/td><td><\/td><\/tr><\/tbody><\/table><p><\/p><\/div>\n\t\t\t\t<\/div>\n\t\t\t\t\t\t\t<div class=\"elementor-accordion-item\">\n\t\t\t\t\t<div id=\"elementor-tab-title-91622\" class=\"elementor-tab-title\" data-tab=\"22\" role=\"button\" aria-controls=\"elementor-tab-content-91622\" aria-expanded=\"false\">\n\t\t\t\t\t\t\t\t\t\t\t\t\t<span class=\"elementor-accordion-icon elementor-accordion-icon-left\" aria-hidden=\"true\">\n\t\t\t\t\t\t\t\t\t\t\t\t\t\t\t<span class=\"elementor-accordion-icon-closed\"><i class=\"fas fa-plus\"><\/i><\/span>\n\t\t\t\t\t\t\t\t<span class=\"elementor-accordion-icon-opened\"><i class=\"fas fa-minus\"><\/i><\/span>\n\t\t\t\t\t\t\t\t\t\t\t\t\t\t<\/span>\n\t\t\t\t\t\t\t\t\t\t\t\t<a class=\"elementor-accordion-title\" tabindex=\"0\">SoSe 2010 <\/a>\n\t\t\t\t\t<\/div>\n\t\t\t\t\t<div id=\"elementor-tab-content-91622\" class=\"elementor-tab-content elementor-clearfix\" data-tab=\"22\" role=\"region\" aria-labelledby=\"elementor-tab-title-91622\"><table width=\"100%\"><tbody><tr><td colspan=\"2\"><p>Grundlagenmodule anderer F\u00e4cher<\/p><\/td><\/tr><tr><td colspan=\"2\"><p>Anglistik\/Amerikanistik<\/p><\/td><\/tr><tr><td width=\"90%\"><p><a href=\"https:\/\/vvz.ruhr-uni-bochum.de\/campus\/all\/module.asp?gguid=0x2D690D115A5DA346A12DEE6905B08B43&amp;tguid=0x503B756113C7204CAE00BE4E90C8E197\">Englische Kulturgeschichte II (5 CP)<\/a><\/p><\/td><td><\/td><\/tr><tr><td><p>Teil 1: British Monarchies (Vorlesung), SoSe 2010<\/p><\/td><td><\/td><\/tr><tr><td><p>Teil 2a: Great Britain, Little Britain: Recent National Identities (Seminar), SoSe 2010<\/p><\/td><td><\/td><\/tr><tr><td><p>Studierende der Anglistik\/Amerikanistik k\u00f6nnen an diesem Modul zwar teilnehmen, jedoch keine Credit Points f\u00fcr den Optionalbereich erwerben!<\/p><\/td><td><\/td><\/tr><tr><td><\/td><td><\/td><\/tr><tr><td colspan=\"2\"><p>Arch\u00e4ologische Wissenschaften<\/p><\/td><\/tr><tr><td width=\"90%\"><p><a href=\"https:\/\/vvz.ruhr-uni-bochum.de\/campus\/all\/module.asp?gguid=0x30F3867DF9D5C04C94F1A7D602081E8A&amp;tguid=0x503B756113C7204CAE00BE4E90C8E197\">Aktuelle Arch\u00e4ologische Forschungen (5 CP)<\/a><\/p><\/td><td><\/td><\/tr><tr><td><p>Teil 1: Siedlungswesen vom Neolithikum bis zur Eisenzeit (Vorlesung), SoSe 2010<\/p><\/td><td><\/td><\/tr><tr><td><p>Teil 2: Neue Funde und Forschungen (Seminar), SoSe 2010<\/p><\/td><td><\/td><\/tr><tr><td><p>G4 Basismodul &#8222;Arch\u00e4ologische Wissenschaften&#8220;<\/p><\/td><td><\/td><\/tr><tr><td><p>Studierende der ArWi k\u00f6nnen in diesem Modul keine Kreditpunkte f\u00fcr den Optionalbereich erwerben!<\/p><\/td><td><\/td><\/tr><tr><td><p><\/p><\/td><td><\/td><\/tr><tr><td width=\"90%\"><p><a href=\"https:\/\/vvz.ruhr-uni-bochum.de\/campus\/all\/module.asp?gguid=0x361AAB905CEE694D8360802F4702D118&amp;tguid=0x503B756113C7204CAE00BE4E90C8E197\">Methoden der Arch\u00e4ologie (5 CP)<\/a><\/p><\/td><td><\/td><\/tr><tr><td><p>Teil 1: Geoarch\u00e4ologie (Vorlesung), SoSe 2010<\/p><\/td><td><\/td><\/tr><tr><td><p>Teil 2: Methodik der pr\u00e4historischen Arch\u00e4ologie (Seminar), SoSe 2010<\/p><\/td><td><\/td><\/tr><tr><td><p>G4 Basismodul &#8222;Arch\u00e4ologische Wissenschaften&#8220;<\/p><\/td><td><\/td><\/tr><tr><td><p>Studierende der ArWi k\u00f6nnen in diesem Modul keine Kreditpunkte f\u00fcr den Optionalbereich erwerben!<\/p><\/td><td><\/td><\/tr><tr><td><p><\/p><\/td><td><\/td><\/tr><tr><td width=\"90%\"><p><a href=\"https:\/\/vvz.ruhr-uni-bochum.de\/campus\/all\/module.asp?gguid=0x99FFC609E4AB04498CF515161BC87B71&amp;tguid=0x503B756113C7204CAE00BE4E90C8E197\">Vorgeschichtliche Kulturen (5 CP)<\/a><\/p><\/td><td><\/td><\/tr><tr><td><p>Teil 1: Die Hallstattkultur: Der Westen (Vorlesung), SoSe 2010<\/p><\/td><td><\/td><\/tr><tr><td><p>Teil 2: Neue Funde und Forschungen (Seminar), SoSe 2010<\/p><\/td><td><\/td><\/tr><tr><td><p>G4 Basismodul &#8222;Schwerpunkt Ur- und Fr\u00fchgeschichte&#8220;<\/p><\/td><td><\/td><\/tr><tr><td><p>Studierende der ArWi k\u00f6nnen in diesem Modul keine Kreditpunkte f\u00fcr den Optionalbereich erwerben!<\/p><\/td><td><\/td><\/tr><tr><td><p><\/p><\/td><td><\/td><\/tr><tr><td><\/td><td><\/td><\/tr><tr><td colspan=\"2\"><p>Biologie<\/p><\/td><\/tr><tr><td width=\"90%\"><p><a href=\"https:\/\/vvz.ruhr-uni-bochum.de\/campus\/all\/module.asp?gguid=0x285F90A073F3A5428E06B898BF0C5D15&amp;tguid=0x503B756113C7204CAE00BE4E90C8E197\">Biologie ausgew\u00e4hlter S\u00e4ugetiere (5 CP)<\/a><\/p><\/td><td><\/td><\/tr><tr><td><p>Teil 1: Biologie ausgew\u00e4hlter S\u00e4ugetiere (Vorlesung), SoSe 2010<\/p><\/td><td><\/td><\/tr><tr><td><p>Teil 2: Biologie ausgew\u00e4hlter S\u00e4ugetiere (Seminar), SoSe 2010<\/p><\/td><td><\/td><\/tr><tr><td><p><\/p><\/td><td><\/td><\/tr><tr><td width=\"90%\"><p><a href=\"https:\/\/vvz.ruhr-uni-bochum.de\/campus\/all\/module.asp?gguid=0xE00EEDCFF7E5E9458D3FF4EEF9EED478&amp;tguid=0x503B756113C7204CAE00BE4E90C8E197\">Bio\u00f6konomie 1: Grundlagen der Bio\u00f6konomie (5 CP)<\/a><\/p><\/td><td><\/td><\/tr><tr><td><p>Teil 1: Bio\u00f6konomie 1 (Seminar), SoSe 2010<\/p><\/td><td><\/td><\/tr><tr><td><p>Teil 2: Bio\u00f6konomie 1 (\u00dcbung), SoSe 2010<\/p><\/td><td><\/td><\/tr><tr><td><p>Grundkenntnisse in Biologie, \u00d6kologie und \u00d6konomie sind empfehlenswert.<\/p><\/td><td><\/td><\/tr><tr><td><p><\/p><\/td><td><\/td><\/tr><tr><td width=\"90%\"><p><a href=\"https:\/\/vvz.ruhr-uni-bochum.de\/campus\/all\/module.asp?gguid=0xBD23ACDF53B8EE408646DDFCE8C568CC&amp;tguid=0x503B756113C7204CAE00BE4E90C8E197\">Botanik im Alltag (5 CP)<\/a><\/p><\/td><td><\/td><\/tr><tr><td><p>Teil 1: \u00dcbungen zum Thema &#8222;Botanik im Alltag&#8220;, SoSe 2010<\/p><\/td><td><\/td><\/tr><tr><td><p>Teil 2: Exkursionen zum Thema &#8222;Botanik im Alltag&#8220;, SoSe 2010<\/p><\/td><td><\/td><\/tr><tr><td><p><\/p><\/td><td><\/td><\/tr><tr><td width=\"90%\"><p><a href=\"https:\/\/vvz.ruhr-uni-bochum.de\/campus\/all\/module.asp?gguid=0x6E82C9B9ABE91D4DB7C2E32CC65EB71D&amp;tguid=0x503B756113C7204CAE00BE4E90C8E197\">Botanische Bestimmungs\u00fcbungen (5 CP)<\/a><\/p><\/td><td><\/td><\/tr><tr><td><p>Teil 1: Botanische Bestimmungs\u00fcbungen f\u00fcr Geographen (\u00dcbung), SoSe 2010<\/p><\/td><td><\/td><\/tr><tr><td><p>Teil 2: Exkursionen zu den Botanische Bestimmungs\u00fcbungen f\u00fcr Geographen, SoSe 2010<\/p><\/td><td><\/td><\/tr><tr><td><p>Biologie- und Geographiestudierende k\u00f6nnen sich dieses Modul nicht f\u00fcr den Optionalbereich anrechnen lassen!<\/p><\/td><td><\/td><\/tr><tr><td><p><\/p><\/td><td><\/td><\/tr><tr><td width=\"90%\"><p><a href=\"https:\/\/vvz.ruhr-uni-bochum.de\/campus\/all\/module.asp?gguid=0x8ABA42A875434D4C94B9A938331FD805&amp;tguid=0x503B756113C7204CAE00BE4E90C8E197\">Grundlagen der Tierphysiologie (5 CP)<\/a><\/p><\/td><td><\/td><\/tr><tr><td><p>Teil 1: Grundlagen der Tierphysiologie (Vorlesung), SoSe 2010<\/p><\/td><td><\/td><\/tr><tr><td><p>Teil 2: Grundlagen der Tierphysiologie (Seminar), SoSe 2010<\/p><\/td><td><\/td><\/tr><tr><td><p>Biologiestudierende k\u00f6nnen an diesem Modul zwar teilnehmen, jedoch keine CP f\u00fcr den Optionalbereich erwerben!<\/p><\/td><td><\/td><\/tr><tr><td><p><\/p><\/td><td><\/td><\/tr><tr><td width=\"90%\"><p><a href=\"https:\/\/vvz.ruhr-uni-bochum.de\/campus\/all\/module.asp?gguid=0x1461C255F6DADB49968FE04132DCFD88&amp;tguid=0x503B756113C7204CAE00BE4E90C8E197\">Grundlagen der Zellphysiologie (5 CP)<\/a><\/p><\/td><td><\/td><\/tr><tr><td><p>Teil 1: Grundlagen der Zellphysiologie (Vorlesung), SoSe 2010<\/p><\/td><td><\/td><\/tr><tr><td><p>Teil 2: Grundlagen der Zellphysiologie (Seminar), SoSe 2010<\/p><\/td><td><\/td><\/tr><tr><td><p>Biologiestudierende k\u00f6nnen an diesem Modul zwar teilnehmen, jedoch keine CP f\u00fcr den Optionalbereich erwerben!<\/p><\/td><td><\/td><\/tr><tr><td><p><\/p><\/td><td><\/td><\/tr><tr><td width=\"90%\"><p><a href=\"https:\/\/vvz.ruhr-uni-bochum.de\/campus\/all\/module.asp?gguid=0x4D2C667DBBE50742B12BB0AA24B27EDD&amp;tguid=0x503B756113C7204CAE00BE4E90C8E197\">Gr\u00fcne Gentechnik: Genfood und mehr (5 CP)<\/a><\/p><\/td><td><\/td><\/tr><tr><td><p>Teil 1: Gr\u00fcne Gentechnik: Genfood und mehr (Vorlesung), SoSe 2010<\/p><\/td><td><\/td><\/tr><tr><td><p>Teil 2: Gr\u00fcne Gentechnik: Genfood und mehr (Seminar), SoSe 2010<\/p><\/td><td><\/td><\/tr><tr><td><p><\/p><\/td><td><\/td><\/tr><tr><td width=\"90%\"><p><a href=\"https:\/\/vvz.ruhr-uni-bochum.de\/campus\/all\/module.asp?gguid=0x0C1841A2E9169844A1122EA6E9987502&amp;tguid=0x503B756113C7204CAE00BE4E90C8E197\">Praktische Bienenkunde (5 CP)<\/a><\/p><\/td><td><\/td><\/tr><tr><td><p>Teil 1: Einf\u00fchrung in die Bienenkunde (Vorlesung), SoSe 2010<\/p><\/td><td><\/td><\/tr><tr><td><p>Teil 2: \u00dcbung zur Bienenkunde und Imkerei (\u00dcbung), SoSe 2010<\/p><\/td><td><\/td><\/tr><tr><td><p><\/p><\/td><td><\/td><\/tr><tr><td width=\"90%\"><p><a href=\"https:\/\/vvz.ruhr-uni-bochum.de\/campus\/all\/module.asp?gguid=0xF164C0DD19EC5C499B2FE95FFAE121BA&amp;tguid=0x503B756113C7204CAE00BE4E90C8E197\">\u00dcberleben von motorischen Nervenzellen (5 CP)<\/a><\/p><\/td><td><\/td><\/tr><tr><td><p>Teil 1: \u00dcberleben von motorischen Nervenzellen (Seminar), SoSe 2010<\/p><\/td><td><\/td><\/tr><tr><td><p>Teil 2: \u00dcberleben von motorischen Nervenzellen (Seminar), SoSe 2010<\/p><\/td><td><\/td><\/tr><tr><td><p><\/p><\/td><td><\/td><\/tr><tr><td><\/td><td><\/td><\/tr><tr><td colspan=\"2\"><p>Chemie<\/p><\/td><\/tr><tr><td width=\"90%\"><p><a href=\"https:\/\/vvz.ruhr-uni-bochum.de\/campus\/all\/module.asp?gguid=0xFE6DFD66512A9B44B901634DE25C1AA3&amp;tguid=0x503B756113C7204CAE00BE4E90C8E197\">Organische Chemie I (5 CP)<\/a><\/p><\/td><td><\/td><\/tr><tr><td><p>Teil 1: Organische Chemie I (Vorlesung), SoSe 2010<\/p><\/td><td><\/td><\/tr><tr><td><p>Teil 2: \u00dcbungen zur Vorlesung &#8222;Organische Chemie I&#8220;, SoSe 2010<\/p><\/td><td><\/td><\/tr><tr><td><p>Studierende der Chemie k\u00f6nnen in diesem Modul keine Credit Points f\u00fcr den Optionalbereich erwerben!<\/p><\/td><td><\/td><\/tr><tr><td><p><\/p><\/td><td><\/td><\/tr><tr><td width=\"90%\"><p><a href=\"https:\/\/vvz.ruhr-uni-bochum.de\/campus\/all\/module.asp?gguid=0x41DA75AC69DA104FBC940265BE597B3A&amp;tguid=0x503B756113C7204CAE00BE4E90C8E197\">Einf\u00fchrung in die Biochemie (5 CP)<\/a><\/p><\/td><td><\/td><\/tr><tr><td><p>Teil 1: Einf\u00fchrung in die Biochemie (Vorlesung), SoSe 2010<\/p><\/td><td><\/td><\/tr><tr><td><p>Teil 2: \u00dcbungen zur Vorlesung &#8222;Einf\u00fchrung in die Biochemie&#8220;, SoSe 2010<\/p><\/td><td><\/td><\/tr><tr><td><p>Studierende der Chemie k\u00f6nnen in diesem Modul keine Credit Points f\u00fcr den Optionalbereich erwerben!<\/p><\/td><td><\/td><\/tr><tr><td><p><\/p><\/td><td><\/td><\/tr><tr><td><\/td><td><\/td><\/tr><tr><td colspan=\"2\"><p>Geographie<\/p><\/td><\/tr><tr><td width=\"90%\"><p><a href=\"https:\/\/vvz.ruhr-uni-bochum.de\/campus\/all\/module.asp?gguid=0xF828851F039F9F4C9D03EFA21D88E058&amp;tguid=0x503B756113C7204CAE00BE4E90C8E197\">Geographie auf Achse (5 CP)<\/a><\/p><\/td><td><\/td><\/tr><tr><td><p>Teil 1: Geographie auf Achse: Reisen und Exkursionen in aller Welt (Vorlesung), SoSe 2010<\/p><\/td><td><\/td><\/tr><tr><td><p>Teil 2: Geographie auf Achse: Reisen und Exkursionen in aller Welt (\u00dcbung), SoSe 2010<\/p><\/td><td><\/td><\/tr><tr><td><p>Geographie-Studierende k\u00f6nnen an diesem Modul nicht teilnehmen.<\/p><\/td><td><\/td><\/tr><tr><td><p><\/p><\/td><td><\/td><\/tr><tr><td><\/td><td><\/td><\/tr><tr><td colspan=\"2\"><p>Germanistik<\/p><\/td><\/tr><tr><td width=\"90%\"><p><a href=\"https:\/\/vvz.ruhr-uni-bochum.de\/campus\/all\/module.asp?gguid=0x04504E2C88CCDD4D91EDEDE8D545721D&amp;tguid=0x503B756113C7204CAE00BE4E90C8E197\">Literaturverfilmungen (5 CP)<\/a><\/p><\/td><td><\/td><\/tr><tr><td><p>Teil 1: Einf\u00fchrung in die Analyse filmischer Adaptionen und ihrer literarischen Vorlagen, SoSe 2010<\/p><\/td><td><\/td><\/tr><tr><td><p>Teil 2: Betrachtungsweisen. Literatur und ihre filmische Umsetzung, SoSe 2010<\/p><\/td><td><\/td><\/tr><tr><td><p>Studierende der Germanistik k\u00f6nnen in diesem Modul keine Kreditpunkte f\u00fcr den Optionalbereich erwerben!<\/p><\/td><td><\/td><\/tr><tr><td><p><\/p><\/td><td><\/td><\/tr><tr><td><\/td><td><\/td><\/tr><tr><td colspan=\"2\"><p>Geschichte<\/p><\/td><\/tr><tr><td width=\"90%\"><p><a href=\"https:\/\/vvz.ruhr-uni-bochum.de\/campus\/all\/module.asp?gguid=0x9639F46624E98948A1BF3512ECDD11CC&amp;tguid=0x503B756113C7204CAE00BE4E90C8E197\">Migration im Europa des 20. Jahrhunderts: Hintergr\u00fcnde, Wanderungsmuster, Deutungen (5 CP)<\/a><\/p><\/td><td><\/td><\/tr><tr><td><p>Teil 1: Einwanderungs- und Integrationspolitik im Europa des 20. Jahrhunderts: Gro\u00dfbritannien, Frankreich, BRD, Schweiz, Italien (Seminar), SoSe 2010<\/p><\/td><td><\/td><\/tr><tr><td><p>Teil 2: Transnationale Migration in der europ\u00e4ischen Kultur: Film, Literatur, zeitgen\u00f6ssische Diskurse (Seminar), SoSe 2010<\/p><\/td><td><\/td><\/tr><tr><td><p><\/p><\/td><td><\/td><\/tr><tr><td><\/td><td><\/td><\/tr><tr><td colspan=\"2\"><p>Katholische Theologie<\/p><\/td><\/tr><tr><td width=\"90%\"><p><a href=\"https:\/\/vvz.ruhr-uni-bochum.de\/campus\/all\/module.asp?gguid=0x38F37ED2F93C4E4D8BBF3E3842CF661B&amp;tguid=0x503B756113C7204CAE00BE4E90C8E197\">Diakonie &#8211; eine Frage menschlicher und christlicher Identit\u00e4t (5 CP)<\/a><\/p><\/td><td><\/td><\/tr><tr><td><p>Teil 1: Diakonie &#8211; Ernstfall und Wasserzeichen des Christseins (Vorlesung), SoSe 2010<\/p><\/td><td><\/td><\/tr><tr><td><p>Teil 2: Texte zur diakonischen Theologie (Lekt\u00fcrekurs), SoSe 2010<\/p><\/td><td><\/td><\/tr><tr><td><p>Studierende der katholischen Theologie k\u00f6nnen dieses Modul nicht f\u00fcr den Optionalbereich anrechnen lassen!<\/p><\/td><td><\/td><\/tr><tr><td><p><\/p><\/td><td><\/td><\/tr><tr><td width=\"90%\"><p><a href=\"https:\/\/vvz.ruhr-uni-bochum.de\/campus\/all\/module.asp?gguid=0x9F24B2030D761645842CF576FB8A9361&amp;tguid=0x503B756113C7204CAE00BE4E90C8E197\">Die Wurzeln des B\u00f6sen (5 CP)<\/a><\/p><\/td><td><\/td><\/tr><tr><td><p>Teil 1: Einf\u00fchrung in die evolution\u00e4re Ethik und Psychologie (Vorlesung), SoSe 2010<\/p><\/td><td><\/td><\/tr><tr><td><p>Teil 2: Zwischen Kontingenz und Notwendigkeit &#8211; das B\u00f6se aus moraltheologischer Perspektive (Proseminar), SoSe 2010<\/p><\/td><td><\/td><\/tr><tr><td><p>Studierende der katholischen Theologie k\u00f6nnen dieses Modul nicht f\u00fcr den Optionalbereich anrechnen lassen!<\/p><\/td><td><\/td><\/tr><tr><td><p><\/p><\/td><td><\/td><\/tr><tr><td width=\"90%\"><p><a href=\"https:\/\/vvz.ruhr-uni-bochum.de\/campus\/all\/module.asp?gguid=0x159D3F2117A3644281F63BE4B4C356A5&amp;tguid=0x503B756113C7204CAE00BE4E90C8E197\">Liturgie in biographischen Kontexten (5 CP)<\/a><\/p><\/td><td><\/td><\/tr><tr><td><p>Teil 1: Liturgie angesichts von Krankheit, Tod und Trauer (Vorlesung), SoSe 2010<\/p><\/td><td><\/td><\/tr><tr><td><p>Teil 2: Die Feier der Trauung, Hochzeit zwischen Theologie und Liturgie (Blockveranstaltung), SoSe 2010<\/p><\/td><td><\/td><\/tr><tr><td><p>Studierende der katholischen Theologie k\u00f6nnen dieses Modul nicht f\u00fcr den Optionalbereich anrechnen lassen!<\/p><\/td><td><\/td><\/tr><tr><td><p><\/p><\/td><td><\/td><\/tr><tr><td width=\"90%\"><p><a href=\"https:\/\/vvz.ruhr-uni-bochum.de\/campus\/all\/module.asp?gguid=0xA25D2FC89DBCA848AFC92B91ADAAB38F&amp;tguid=0x503B756113C7204CAE00BE4E90C8E197\">Medizin und Naturwissenschaft im theologisch-ethischen Diskurs (5 CP)<\/a><\/p><\/td><td><\/td><\/tr><tr><td><p>Teil 1a: Einf\u00fchrung in die theologische Ethik (Vorlesung), SoSe 2010 oder<\/p><\/td><td><\/td><\/tr><tr><td><p>Teil 1b: Naturwissenschaft und Theologie &#8211; Ein Dialog (Vorlesung), SoSe 2010<\/p><\/td><td><\/td><\/tr><tr><td><p>Teil 2: Einf\u00fchrung in die Medizinethik (Proseminar), SoSe 2010<\/p><\/td><td><\/td><\/tr><tr><td><p>Studierende der katholischen Theologie k\u00f6nnen dieses Modul nicht f\u00fcr den Optionalbereich anrechnen lassen!<\/p><\/td><td><\/td><\/tr><tr><td><p><\/p><\/td><td><\/td><\/tr><tr><td width=\"90%\"><p><a href=\"https:\/\/vvz.ruhr-uni-bochum.de\/campus\/all\/module.asp?gguid=0x25F6B66C78B6BC41B067D1E7EA0684E2&amp;tguid=0x503B756113C7204CAE00BE4E90C8E197\">Politische Ethik (5 CP)<\/a><\/p><\/td><td><\/td><\/tr><tr><td><p>Teil 1: Politische Ethik (Vorlesung), SoSe 2010<\/p><\/td><td><\/td><\/tr><tr><td><p>Teil 2: Menschenrechte (Proseminar), SoSe 2010<\/p><\/td><td><\/td><\/tr><tr><td><p>Studierende der katholischen Theologie k\u00f6nnen dieses Modul nicht f\u00fcr den Optionalbereich anrechnen lassen!<\/p><\/td><td><\/td><\/tr><tr><td><p><\/p><\/td><td><\/td><\/tr><tr><td><\/td><td><\/td><\/tr><tr><td colspan=\"2\"><p>Mathematik<\/p><\/td><\/tr><tr><td width=\"90%\"><p><a href=\"https:\/\/vvz.ruhr-uni-bochum.de\/campus\/all\/module.asp?gguid=0x0A9FA61DAAA5784F861CB00A42B34BDC&amp;tguid=0x503B756113C7204CAE00BE4E90C8E197\">Einf\u00fchrung in die Mathematik (Schwerpunkte: Mathematik und Physik) (5 CP)<\/a><\/p><\/td><td><\/td><\/tr><tr><td><p>Teil 1: 1. Vorkurs in Mathematik f\u00fcr Mathematiker und Physiker, SoSe 2010<\/p><\/td><td><\/td><\/tr><tr><td><p>Teil 2: \u00dcbungen zum 1. Vorkurs in Mathematik f\u00fcr Mathematiker und Physiker, SoSe 2010<\/p><\/td><td><\/td><\/tr><tr><td><p>Studierende der Mathematik k\u00f6nnen an diesem Modul zwar teilnehmen, jedoch Credit Points nur dann f\u00fcr den Optionalbereich erwerben, wenn sie den Vorkurs vor ihrem ersten Fachsemester besuchen!<\/p><\/td><td><\/td><\/tr><tr><td><p><\/p><\/td><td><\/td><\/tr><tr><td width=\"90%\"><p><a href=\"https:\/\/vvz.ruhr-uni-bochum.de\/campus\/all\/module.asp?gguid=0x58D394C847FD4B46901ED0FD1041CCFF&amp;tguid=0x503B756113C7204CAE00BE4E90C8E197\">Einf\u00fchrung in die Mathematik (Schwerpunkte: Natur- und Ingenieurwissenschaften sowie Informatik) (5 CP)<\/a><\/p><\/td><td><\/td><\/tr><tr><td><p>Teil 1: 2. Vorkurs in Mathematik f\u00fcr Informatiker, Ingenieure und Naturwissenschaftler, SoSe 2010<\/p><\/td><td><\/td><\/tr><tr><td><p>Teil 2: \u00dcbungen zum 2. Vorkurs in Mathematik f\u00fcr Informatiker, Ingenieure und Naturwissenschaftler, SoSe 2010<\/p><\/td><td><\/td><\/tr><tr><td><p>Studierende der Mathematik k\u00f6nnen an diesem Modul zwar teilnehmen, jedoch keine Credit Points f\u00fcr den Optionalbereich erwerben!<\/p><\/td><td><\/td><\/tr><tr><td><p><\/p><\/td><td><\/td><\/tr><tr><td width=\"90%\"><p><a href=\"https:\/\/vvz.ruhr-uni-bochum.de\/campus\/all\/module.asp?gguid=0x32976CD60332B141964254CC14851194&amp;tguid=0x503B756113C7204CAE00BE4E90C8E197\">Statistische Methoden (Schwerpunkt: Biologie und Naturwissenschaften) (5 CP)<\/a><\/p><\/td><td><\/td><\/tr><tr><td><p>Teil 1: Mathematik f\u00fcr Biologen, SoSe 2010<\/p><\/td><td><\/td><\/tr><tr><td><p>Teil 2: \u00dcbungen zu &#8222;Mathematik f\u00fcr Biologen&#8220;, SoSe 2010<\/p><\/td><td><\/td><\/tr><tr><td><p>Studierende der Mathematik k\u00f6nnen an diesem Modul zwar teilnehmen, jedoch keine Credit Points f\u00fcr den Optionalbereich erwerben!<\/p><\/td><td><\/td><\/tr><tr><td><p><\/p><\/td><td><\/td><\/tr><tr><td><\/td><td><\/td><\/tr><tr><td colspan=\"2\"><p>Orientalistik und Islamwissenschaften<\/p><\/td><\/tr><tr><td width=\"90%\"><p><a href=\"https:\/\/vvz.ruhr-uni-bochum.de\/campus\/all\/module.asp?gguid=0x136B55FA66274F449E08DDCA7A7F9D60&amp;tguid=0x503B756113C7204CAE00BE4E90C8E197\">Einf\u00fchrung in den Islam auf dem Balkan (5 CP)<\/a><\/p><\/td><td><\/td><\/tr><tr><td><p>Teil 1: Einf\u00fchrung in die Anf\u00e4nge der islamischen Mystik und ihre Entwicklung auf dem Balkan (Proseminar), SoSe 2010<\/p><\/td><td><\/td><\/tr><tr><td><p>Teil 2: Einf\u00fchrung in die Geschichte des Islams auf dem Balkan (\u00dcbung), SoSe 2010<\/p><\/td><td><\/td><\/tr><tr><td><p>Studierende der Orientalistik\/Islamwissenschaften k\u00f6nnen an diesem Modul nicht teilnehmen!<\/p><\/td><td><\/td><\/tr><tr><td><p><\/p><\/td><td><\/td><\/tr><tr><td><\/td><td><\/td><\/tr><tr><td colspan=\"2\"><p>Ostasienwissenschaften<\/p><\/td><\/tr><tr><td width=\"90%\"><p><a href=\"https:\/\/vvz.ruhr-uni-bochum.de\/campus\/all\/module.asp?gguid=0x241657113758514DB236BEAD57170EA0&amp;tguid=0x503B756113C7204CAE00BE4E90C8E197\">Basismodul Sinologie (5 CP)<\/a><\/p><\/td><td><\/td><\/tr><tr><td><p>Teil 1: Einf\u00fchrung in die chinesische Literaturgeschichte, SoSe 2010<\/p><\/td><td><\/td><\/tr><tr><td><p>Teil 2: Chinesische Philosophie, WS 2010\/11<\/p><\/td><td><\/td><\/tr><tr><td><p>Teil 3: Chinesische Geschichte, SoSe 2010<\/p><\/td><td><\/td><\/tr><tr><td><p>2 der angebotenen Modulteile bilden das Modul. Sie k\u00f6nnen frei w\u00e4hlen, welche 2 Teile Sie besuchen m\u00f6chten. Das Modul kann je nach Zusammensetzung sowohl im Winter- als auch Sommersemester begonnen werden. Das Modul ist auch Teil des sinologischen Grundstudiums (f\u00fcr Sinologiestudenten deshalb nicht \u00fcber den Optionalbereich sondern den Studiengang Sinologie kreditiert).<\/p><\/td><td><\/td><\/tr><tr><td><p><\/p><\/td><td><\/td><\/tr><tr><td><\/td><td><\/td><\/tr><tr><td colspan=\"2\"><p>Philosophie<\/p><\/td><\/tr><tr><td width=\"90%\"><p><a href=\"https:\/\/vvz.ruhr-uni-bochum.de\/campus\/all\/module.asp?gguid=0x762472F348CA9542B92F2ECAA1ECB7FE&amp;tguid=0x503B756113C7204CAE00BE4E90C8E197\">Das Sch\u00f6ne und das H\u00e4ssliche &#8211; zwei Grundbegriffe der \u00c4sthetik (5 CP) Hinweis: Das Modul wird in die vorlesungsfreie Zeit (02\/03.2011) verschoben!<\/a><\/p><\/td><td><\/td><\/tr><tr><td><p>Teil 1: Das \u00e4sthetisch Sch\u00f6ne (Seminar), SoSe 2010<\/p><\/td><td><\/td><\/tr><tr><td><p>Teil 2: Das \u00e4sthetisch H\u00e4ssliche (Seminar), SoSe 2010<\/p><\/td><td><\/td><\/tr><tr><td><p>Studierende des Faches Philosophie d\u00fcrfen an diesem Modul nicht teilnehmen!<\/p><\/td><td><\/td><\/tr><tr><td><p><\/p><\/td><td><\/td><\/tr><tr><td width=\"90%\"><p><a href=\"https:\/\/vvz.ruhr-uni-bochum.de\/campus\/all\/module.asp?gguid=0x3BC1B032F4083B4B95AEC81B3414880F&amp;tguid=0x503B756113C7204CAE00BE4E90C8E197\">Grundbegriffe des Politischen (5 CP)<\/a><\/p><\/td><td><\/td><\/tr><tr><td><p>Teil 1: Theorie der Macht (Seminar), SoSe 2010<\/p><\/td><td><\/td><\/tr><tr><td><p>Teil 2: Die Frage der Gerechtigkeit (Seminar), SoSe 2010<\/p><\/td><td><\/td><\/tr><tr><td><p>Studierende des Faches Philosophie d\u00fcrfen an diesem Modul nicht teilnehmen!<\/p><\/td><td><\/td><\/tr><tr><td><p><\/p><\/td><td><\/td><\/tr><tr><td width=\"90%\"><p><a href=\"https:\/\/vvz.ruhr-uni-bochum.de\/campus\/all\/module.asp?gguid=0xA7DA5184FB9FE747B9E01C2C43AA15CE&amp;tguid=0x503B756113C7204CAE00BE4E90C8E197\">Philosophie des Gehirns (5 CP)<\/a><\/p><\/td><td><\/td><\/tr><tr><td><p>Teil 1: Einf\u00fchrung in die Philosophie des Gehirns (Seminar), SoSe 2010<\/p><\/td><td><\/td><\/tr><tr><td><p>Teil 2: Einf\u00fchrung in die Neuroethik (Seminar), SoSe 2010<\/p><\/td><td><\/td><\/tr><tr><td><p>Studierende des Faches Philosophie d\u00fcrfen an diesem Modul nicht teilnehmen!<\/p><\/td><td><\/td><\/tr><tr><td><p><\/p><\/td><td><\/td><\/tr><tr><td><\/td><td><\/td><\/tr><tr><td colspan=\"2\"><p>Physik und Astronomie<\/p><\/td><\/tr><tr><td width=\"90%\"><p><a href=\"https:\/\/vvz.ruhr-uni-bochum.de\/campus\/all\/module.asp?gguid=0x28B641230AA0DD4DABA6079F6EC13487&amp;tguid=0x503B756113C7204CAE00BE4E90C8E197\">Digitalelektronik (5 CP)<\/a><\/p><\/td><td><\/td><\/tr><tr><td><p>Teil 1: Digitalelektronik (Vorlesung), SoSe 2010<\/p><\/td><td><\/td><\/tr><tr><td><p>Teil 2: \u00dcbungen zur Digitalelektronik, SoSe 2010<\/p><\/td><td><\/td><\/tr><tr><td><p>Studierende der Physik k\u00f6nnen sich dieses Modul nicht f\u00fcr den Optionalbereich anrechnen lassen!<\/p><\/td><td><\/td><\/tr><tr><td><p><\/p><\/td><td><\/td><\/tr><tr><td width=\"90%\"><p><a href=\"https:\/\/vvz.ruhr-uni-bochum.de\/campus\/all\/module.asp?gguid=0x59250459D0BEB84CBC4E647444CD6B47&amp;tguid=0x503B756113C7204CAE00BE4E90C8E197\">Leben im Weltraum? (5 CP)<\/a><\/p><\/td><td><\/td><\/tr><tr><td><p>Teil 1: Leben im Weltraum? (Vorlesung), SoSe 2010<\/p><\/td><td><\/td><\/tr><tr><td><p>Teil 2: \u00dcbungen zu Leben im Weltraum?, SoSe 2010<\/p><\/td><td><\/td><\/tr><tr><td><p>Studierende der Physik k\u00f6nnen sich dieses Modul nicht f\u00fcr den Optionalbereich anrechnen lassen!<\/p><\/td><td><\/td><\/tr><tr><td><p><\/p><\/td><td><\/td><\/tr><tr><td width=\"90%\"><p><a href=\"https:\/\/vvz.ruhr-uni-bochum.de\/campus\/all\/module.asp?gguid=0xA16AE5024B0F1F479889CD84B25F7E58&amp;tguid=0x503B756113C7204CAE00BE4E90C8E197\">Mathematische Hilfsmittel der Physik (5 CP)<\/a><\/p><\/td><td><\/td><\/tr><tr><td><p>Teil 1: Einf\u00fchrung in die mathematischen Hilfsmittel der Physik (Vorlesung), SoSe 2010<\/p><\/td><td><\/td><\/tr><tr><td><p>Teil 2: \u00dcbungen zur Einf\u00fchrung in die mathematischen Hilfsmittel der Physik, SoSe 2010<\/p><\/td><td><\/td><\/tr><tr><td><p>Studierende der Mathematik sowie der Physik k\u00f6nnen sich dieses Modul nicht f\u00fcr den Optionalbereich anrechnen lassen!<\/p><\/td><td><\/td><\/tr><tr><td><p><\/p><\/td><td><\/td><\/tr><tr><td width=\"90%\"><p><a href=\"https:\/\/vvz.ruhr-uni-bochum.de\/campus\/all\/module.asp?gguid=0x9500570E1D19B043B07CF022A71895AF&amp;tguid=0x503B756113C7204CAE00BE4E90C8E197\">Physik f\u00fcr Nicht-Physiker II (5 CP)<\/a><\/p><\/td><td><\/td><\/tr><tr><td><p>Teil 1: Physik f\u00fcr Nichtphysiker II (Elektrizit\u00e4tslehre, Optik) (Vorlesung), SoSe 2010<\/p><\/td><td><\/td><\/tr><tr><td><p>Teil 2: \u00dcbungen zur Physik f\u00fcr Nicht-Physiker II, SoSe 2010<\/p><\/td><td><\/td><\/tr><tr><td><p>Studierende der Physik k\u00f6nnen an diesem Modul nicht teilnehmen!<\/p><\/td><td><\/td><\/tr><tr><td><p><\/p><\/td><td><\/td><\/tr><tr><td width=\"90%\"><p><a href=\"https:\/\/vvz.ruhr-uni-bochum.de\/campus\/all\/module.asp?gguid=0xB929A78FC3A7D1458AC126D738B18F61&amp;tguid=0x503B756113C7204CAE00BE4E90C8E197\">Physik II (Schwerpunkt Biologie) (5 CP)<\/a><\/p><\/td><td><\/td><\/tr><tr><td><p>Teil 1: Physik II f\u00fcr Studierende der Biologie (Vorlesung), SoSe 2010<\/p><\/td><td><\/td><\/tr><tr><td><p>Teil 2: \u00dcbungen zur Physik II f\u00fcr Studierende der Biologie, SoSe 2010<\/p><\/td><td><\/td><\/tr><tr><td><p>Da die Veranstaltung inhaltlich der Physik II (Schwerpunkt Chemie) gleicht, kann nur jeweils eine von beiden f\u00fcr den Optionalbereich anerkannt werden. F\u00fcr Studierende des B.Sc. Studiengangs Biologie ist dieses Modul nicht im Optionalbereich anrechenbar. Studierende der Physik k\u00f6nnen an diesem Modul nicht teilnehmen!<\/p><\/td><td><\/td><\/tr><tr><td><p><\/p><\/td><td><\/td><\/tr><tr><td width=\"90%\"><p><a href=\"https:\/\/vvz.ruhr-uni-bochum.de\/campus\/all\/module.asp?gguid=0xB015C0D0C31D8E4A957DFB972389F8AA&amp;tguid=0x503B756113C7204CAE00BE4E90C8E197\">Physik II (Schwerpunkt Chemie, Biochemie, Geowissenschaften) (5 CP)<\/a><\/p><\/td><td><\/td><\/tr><tr><td><p>Teil 1: Physik II f\u00fcr Studierende der Biochemie, Chemie und Geowissenschaften (Vorlesung), SoSe 2010<\/p><\/td><td><\/td><\/tr><tr><td><p>Teil 2: \u00dcbungen zur Physik II f\u00fcr Studierende der Biochemie, Chemie und Geowissenschaften, SoSe 2010<\/p><\/td><td><\/td><\/tr><tr><td><p>Da die Veranstaltung inhaltlich der Physik II (Schwerpunkt Biologie) gleicht, kann nur jeweils eine von beiden f\u00fcr den Optionalbereich anerkannt werden. F\u00fcr Studierende des B.Sc. Studiengangs Chemie, Biochemie, Geowissenschaften ist dieses Modul nicht im Optionalbereich anrechenbar. Studierende der Physik k\u00f6nnen an diesem Modul nicht teilnehmen!<\/p><\/td><td><\/td><\/tr><tr><td><p><\/p><\/td><td><\/td><\/tr><tr><td><\/td><td><\/td><\/tr><tr><td colspan=\"2\"><p>Sozialwissenschaft<\/p><\/td><\/tr><tr><td width=\"90%\"><p><a href=\"https:\/\/vvz.ruhr-uni-bochum.de\/campus\/all\/module.asp?gguid=0xFFE112A0CEDB6E49B3F1C893F8B1812A&amp;tguid=0x503B756113C7204CAE00BE4E90C8E197\">Arbeits-, Wirtschafts- und Organisationssoziologie (5 CP)<\/a><\/p><\/td><td><\/td><\/tr><tr><td><p>Teil 1a: Einf\u00fchrung in die Arbeits-, Wirtschafts- und Organisationssoziologie (Seminar), SoSe 2010 oder<\/p><\/td><td><\/td><\/tr><tr><td><p>Teil 1b: Einf\u00fchrung in die Arbeits-, Wirtschafts- und Organisationssoziologie (Seminar), SoSe 2010<\/p><\/td><td><\/td><\/tr><tr><td><p>Teil 2: Strukturierte Betreuung (\u00dcbung), SoSe 2010<\/p><\/td><td><\/td><\/tr><tr><td><p>Studierende der F\u00e4cher PWG, KIG und Soziologie sowie des Studiengangs Sozialwissenschaft k\u00f6nnen an diesem Modul nicht teilnehmen!<\/p><\/td><td><\/td><\/tr><tr><td><p><\/p><\/td><td><\/td><\/tr><tr><td width=\"90%\"><p><a href=\"https:\/\/vvz.ruhr-uni-bochum.de\/campus\/all\/module.asp?gguid=0x8042E9AC3EA5234083A34E172680EBC7&amp;tguid=0x503B756113C7204CAE00BE4E90C8E197\">Einf\u00fchrung in die Wirtschafts- und Sozialpolitik (5 CP)<\/a><\/p><\/td><td><\/td><\/tr><tr><td><p>Teil 1: Einf\u00fchrung in die Wirtschafts- und Sozialpolitik (Vorlesung), SoSe 2010<\/p><\/td><td><\/td><\/tr><tr><td><p>Teil 2: Wirtschafts- und Sozialpolitik (\u00dcbung), SoSe 2010<\/p><\/td><td><\/td><\/tr><tr><td><p>Studierende der F\u00e4cher PWG, Soziologie, Politikwissenschaft und Sozialpsychologie\/-anthropologie sowie des Studiengangs Sozialwissenschaft k\u00f6nnen an diesem Modul nicht teilnehmen!<\/p><\/td><td><\/td><\/tr><tr><td><p><\/p><\/td><td><\/td><\/tr><tr><td width=\"90%\"><p><a href=\"https:\/\/vvz.ruhr-uni-bochum.de\/campus\/all\/module.asp?gguid=0x63CF1C9D50728A45911AE327E54A3DCB&amp;tguid=0x503B756113C7204CAE00BE4E90C8E197\">Internationalisierung (5 CP)<\/a><\/p><\/td><td><\/td><\/tr><tr><td><p>Teil 1: Migrationsland Deutschland &#8211; Wanderungsbewegungen gestern und heute (Seminar), SoSe 2010<\/p><\/td><td><\/td><\/tr><tr><td><p>Teil 2: Strukturierte Betreuung (\u00dcbung), SoSe 2010<\/p><\/td><td><\/td><\/tr><tr><td><p>Studierende der F\u00e4cher KIG und Soziologie sowie des Studiengangs Sozialwissenschaft k\u00f6nnen an diesem Modul nicht teilnehmen!<\/p><\/td><td><\/td><\/tr><tr><td><p><\/p><\/td><td><\/td><\/tr><tr><td width=\"90%\"><p><a href=\"https:\/\/vvz.ruhr-uni-bochum.de\/campus\/all\/module.asp?gguid=0x9148328FEA7E8F41B63C07D9EA222974&amp;tguid=0x503B756113C7204CAE00BE4E90C8E197\">Politikwissenschaft: Internationale Beziehungen (5 CP)<\/a><\/p><\/td><td><\/td><\/tr><tr><td><p>Teil 1: Einf\u00fchrung in die Internationalen Beziehungen (Vorlesung), SoSe 2010<\/p><\/td><td><\/td><\/tr><tr><td><p>Teil 2: Seminar aus dem Bereich Internationale Beziehungen [s. VSPL], SoSe 2010<\/p><\/td><td><\/td><\/tr><tr><td><p>Studierende des Faches Politikwissenschaft, des Faches Politik, Wirtschaft und Gesellschaft, sowie des Faches Sozialwissenschaft k\u00f6nnen an dem Modul nicht teilnehmen!<\/p><\/td><td><\/td><\/tr><tr><td><p><\/p><\/td><td><\/td><\/tr><tr><td width=\"90%\"><p><a href=\"https:\/\/vvz.ruhr-uni-bochum.de\/campus\/all\/module.asp?gguid=0x87E84673A6380A488AC031D931031AD5&amp;tguid=0x503B756113C7204CAE00BE4E90C8E197\">Politikwissenschaft: Politisches System Deutschlands (5 CP)<\/a><\/p><\/td><td><\/td><\/tr><tr><td><p>Teil 1: Einf\u00fchrung in das politische System Deutschlands (Vorlesung), SoSe 2010<\/p><\/td><td><\/td><\/tr><tr><td><p>Teil 2: Seminar aus dem Bereich Politisches System Deutschlands [s. VSPL], SoSe 2010<\/p><\/td><td><\/td><\/tr><tr><td><p>Studierende der F\u00e4cher PWG, KIG und Politikwissenschaft sowie des Studienganges Sozialwissenschaft k\u00f6nnen an dem Modul nicht teilnehmen!<\/p><\/td><td><\/td><\/tr><tr><td><p><\/p><\/td><td><\/td><\/tr><tr><td width=\"90%\"><p><a href=\"https:\/\/vvz.ruhr-uni-bochum.de\/campus\/all\/module.asp?gguid=0x667BF6026991C441872E5AA50A4EF162&amp;tguid=0x503B756113C7204CAE00BE4E90C8E197\">Politikwissenschaft: Vergleichende Regierungslehre (5 CP)<\/a><\/p><\/td><td><\/td><\/tr><tr><td><p>Teil 1: Einf\u00fchrung in die Vergleichende Regierungslehre (Vorlesung), SoSe 2010<\/p><\/td><td><\/td><\/tr><tr><td><p>Teil 2: Seminar aus dem Bereich Vergleichende Regierungslehre [s. VSPL], SoSe 2010<\/p><\/td><td><\/td><\/tr><tr><td><p>Studierende des Faches Politikwissenschaft sowie des Studiengangs Sozialwissenschaft k\u00f6nnen an diesem Modul nicht teilnehmen!<\/p><\/td><td><\/td><\/tr><tr><td><p><\/p><\/td><td><\/td><\/tr><tr><td width=\"90%\"><p><a href=\"https:\/\/vvz.ruhr-uni-bochum.de\/campus\/all\/module.asp?gguid=0xE1775EAB740DB54C9F47C09FAF0D6CD1&amp;tguid=0x503B756113C7204CAE00BE4E90C8E197\">Sozial- und Kulturpsychologie (5 CP)<\/a><\/p><\/td><td><\/td><\/tr><tr><td><p>Teil 1: Einf\u00fchrung in die Sozial- und Kulturpsychologie (Vorlesung), SoSe 2010<\/p><\/td><td><\/td><\/tr><tr><td><p>Teil 2: Strukturierte Betreuung (\u00dcbung), SoSe 2010<\/p><\/td><td><\/td><\/tr><tr><td><p>Studierende des Faches Sozialpsychologie und -anthropologie sowie des Studiengangs Sozialwissenschaft k\u00f6nnen an dem Modul nicht teilnehmen!<\/p><\/td><td><\/td><\/tr><tr><td><p><\/p><\/td><td><\/td><\/tr><tr><td width=\"90%\"><p><a href=\"https:\/\/vvz.ruhr-uni-bochum.de\/campus\/all\/module.asp?gguid=0xC901276E86CF6E4FB7223866655AE3EE&amp;tguid=0x503B756113C7204CAE00BE4E90C8E197\">Sozialanthropologie (5 CP)<\/a><\/p><\/td><td><\/td><\/tr><tr><td><p>Teil 1: Einf\u00fchrung in die Sozialanthropologie (Vorlesung), SoSe 2010<\/p><\/td><td><\/td><\/tr><tr><td><p>Teil 2: Strukturierte Betreuung (\u00dcbung), SoSe 2010<\/p><\/td><td><\/td><\/tr><tr><td><p>Studierende des Faches Sozialpsychologie und -anthropologie sowie des Studienganges Sozialwissenschaft k\u00f6nnen an dem Modul nicht teilnehmen!<\/p><\/td><td><\/td><\/tr><tr><td><p><\/p><\/td><td><\/td><\/tr><tr><td width=\"90%\"><p><a href=\"https:\/\/vvz.ruhr-uni-bochum.de\/campus\/all\/module.asp?gguid=0xD2D6CCB5F02AA54BB25387E9177BE39F&amp;tguid=0x503B756113C7204CAE00BE4E90C8E197\">Sozialpsychologische Aspekte der Dienstleistungsgesellschaft (5 CP)<\/a><\/p><\/td><td><\/td><\/tr><tr><td><p>Teil 1: Interaktion und Kommunikation in personenbezogenen Dienstleistungen (Vorlesung), SoSe 2010<\/p><\/td><td><\/td><\/tr><tr><td><p>Teil 2: Strukturierte Betreuung (\u00dcbung), SoSe 2010<\/p><\/td><td><\/td><\/tr><tr><td><p>Studierende des Faches Sozialpsychologie und -anthropologie sowie des Studiengangs Sozialwissenschaft k\u00f6nnen an dem Modul nicht teilnehmen!<\/p><\/td><td><\/td><\/tr><tr><td><p><\/p><\/td><td><\/td><\/tr><tr><td width=\"90%\"><p><a href=\"https:\/\/vvz.ruhr-uni-bochum.de\/campus\/all\/module.asp?gguid=0xC6107DE9D3ECAB429859030DE54ACA5D&amp;tguid=0x503B756113C7204CAE00BE4E90C8E197\">Sozialtheorie (5 CP)<\/a><\/p><\/td><td><\/td><\/tr><tr><td><p>Teil 1: Klassiker der Sozial- und Kulturtheorie (Vorlesung), SoSe 2010<\/p><\/td><td><\/td><\/tr><tr><td><p>Teil 2: Strukturierte Betreuung (\u00dcbung), SoSe 2010<\/p><\/td><td><\/td><\/tr><tr><td><p>Studierende des Faches Sozialpsychologie und -anthropologie sowie des Studiengangs Sozialwissenschaft k\u00f6nnen an dem Modul nicht teilnehmen!<\/p><\/td><td><\/td><\/tr><tr><td><p><\/p><\/td><td><\/td><\/tr><tr><td width=\"90%\"><p><a href=\"https:\/\/vvz.ruhr-uni-bochum.de\/campus\/all\/module.asp?gguid=0x3423F04983A5C340B6BCA00574034336&amp;tguid=0x503B756113C7204CAE00BE4E90C8E197\">Soziologie I (5 CP)<\/a><\/p><\/td><td><\/td><\/tr><tr><td><p>Teil 1: Einf\u00fchrung in die Soziologie I (Vorlesung), SoSe 2010<\/p><\/td><td><\/td><\/tr><tr><td><p>Teil 2: Strukturierte Betreuung (\u00dcbung), SoSe 2010<\/p><\/td><td><\/td><\/tr><tr><td><p>Studierende der F\u00e4cher PWG, KIG, Soziologie, Politikwissenschaft und Sozialpsychologie\/-anthropologie sowie des Studiengangs Sozialwissenschaft k\u00f6nnen an diesem Modul nicht teilnehmen!<\/p><\/td><td><\/td><\/tr><tr><td><p><\/p><\/td><td><\/td><\/tr><tr><td width=\"90%\"><p><a href=\"https:\/\/vvz.ruhr-uni-bochum.de\/campus\/all\/module.asp?gguid=0x18E74A7648058A4AB73D249B202575DA&amp;tguid=0x503B756113C7204CAE00BE4E90C8E197\">Soziologie II (5 CP)<\/a><\/p><\/td><td><\/td><\/tr><tr><td><p>Teil 1: Einf\u00fchrung in die Soziologie II (Vorlesung), SoSe 2010<\/p><\/td><td><\/td><\/tr><tr><td><p>Teil 2: Strukturierte Betreuung (\u00dcbung), SoSe 2010<\/p><\/td><td><\/td><\/tr><tr><td><p>Studierende der F\u00e4cher PWG, KIG, Soziologie, Politikwissenschaft und Sozialpsychologie\/-anthropologie sowie des Studiengangs Sozialwissenschaft k\u00f6nnen an diesem Modul nicht teilnehmen!<\/p><\/td><td><\/td><\/tr><tr><td><p><\/p><\/td><td><\/td><\/tr><tr><td width=\"90%\"><p><a href=\"https:\/\/vvz.ruhr-uni-bochum.de\/campus\/all\/module.asp?gguid=0x68B88BDB25FD1D41A0C5BB244E12E561&amp;tguid=0x503B756113C7204CAE00BE4E90C8E197\">Theorie und Analyse von Gegenwartsgesellschaften (5 CP)<\/a><\/p><\/td><td><\/td><\/tr><tr><td><p>Teil 1: Einf\u00fchrung in die Soziologie III (Vorlesung), SoSe 2010<\/p><\/td><td><\/td><\/tr><tr><td><p>Teil 2: Strukturierte Betreuung (\u00dcbung), SoSe 2010<\/p><\/td><td><\/td><\/tr><tr><td><p>Studierende des Faches Soziologie sowie des Studienganges Sozialwissenschaft k\u00f6nnen an diesem Modul nicht teilnehmen!<\/p><\/td><td><\/td><\/tr><tr><td><p><\/p><\/td><td><\/td><\/tr><tr><td><\/td><td><\/td><\/tr><tr><td colspan=\"2\"><p>Sportwissenschaft<\/p><\/td><\/tr><tr><td width=\"90%\"><p><a href=\"https:\/\/vvz.ruhr-uni-bochum.de\/campus\/all\/module.asp?gguid=0x48F05A00E4EAB8429332A3E4A066582F&amp;tguid=0x503B756113C7204CAE00BE4E90C8E197\">Sport und Gesundheit (5 CP)<\/a><\/p><\/td><td><\/td><\/tr><tr><td><p>Teil 1: Sport und Gesundheit (Vorlesung), SoSe 2010<\/p><\/td><td><\/td><\/tr><tr><td><p>Teil 2: Trainingswissenschaft (B2): Grundlagen der Trainingswissenschaft (Vorlesung), SoSe 2010<\/p><\/td><td><\/td><\/tr><tr><td width=\"100%\"><p>Studierende der Sportwissenschaft k\u00f6nnen an diesem Modul nicht teilnehmen!<\/p><\/td><td><\/td><\/tr><tr><td><p><\/p><\/td><td><\/td><\/tr><tr><td width=\"90%\"><p><a href=\"https:\/\/vvz.ruhr-uni-bochum.de\/campus\/all\/module.asp?gguid=0xFEB1A3BCC014784C86C261577AD7035A&amp;tguid=0x503B756113C7204CAE00BE4E90C8E197\">Sportpsychologie in Forschung und Anwendung (5 CP)<\/a><\/p><\/td><td><\/td><\/tr><tr><td><p>Teil 1: Einf\u00fchrung in die Sportpsychologie (Vorlesung), SoSe 2010<\/p><\/td><td><\/td><\/tr><tr><td><p>Teil 2: Psychologische Aspekte des Schul- und Gesundheitssports (Proseminar), SoSe 2010<\/p><\/td><td><\/td><\/tr><tr><td width=\"100%\"><p>Studierende der Sportwissenschaft k\u00f6nnen an diesem Modul nicht teilnehmen!<\/p><\/td><td><\/td><\/tr><tr><td><p><\/p><\/td><td><\/td><\/tr><tr><td><\/td><td><\/td><\/tr><tr><td colspan=\"2\"><p>Theaterwissenschaft<\/p><\/td><\/tr><tr><td width=\"90%\"><p><a href=\"https:\/\/vvz.ruhr-uni-bochum.de\/campus\/all\/module.asp?gguid=0x0C8FFC01A9E5F641A868E15B976F9B7E&amp;tguid=0x503B756113C7204CAE00BE4E90C8E197\">Tanztheater (5 CP)<\/a><\/p><\/td><td><\/td><\/tr><tr><td><p>Teil 1: Der K\u00f6nig tanzt. Tanz und Ballett im Barockzeitalter (Seminar), SoSe 2010<\/p><\/td><td><\/td><\/tr><tr><td><p>Teil 2: Studentisches Seminar: Tanz im Blick (Seminar), SoSe 2010<\/p><\/td><td><\/td><\/tr><tr><td width=\"100%\"><p>Studierende der Theaterwissenschaft k\u00f6nnen an diesem Modul nicht teilnehmen.<\/p><\/td><td><\/td><\/tr><tr><td><p><\/p><\/td><td><\/td><\/tr><tr><td><\/td><td><\/td><\/tr><tr><td colspan=\"2\"><p>Wirtschaftswissenschaft<\/p><\/td><\/tr><tr><td width=\"90%\"><p><a href=\"https:\/\/vvz.ruhr-uni-bochum.de\/campus\/all\/module.asp?gguid=0xA02CCC982E0C5E46A253E972159CD244&amp;tguid=0x503B756113C7204CAE00BE4E90C8E197\">Aspects of Global Business (5 CP)<\/a><\/p><\/td><td><\/td><\/tr><tr><td><p>Teil 1: Viral Marketing (Seminar), SoSe 2010<\/p><\/td><td><\/td><\/tr><tr><td><p>Teil 2: Management and Culture (Seminar), SoSe 2010<\/p><\/td><td><\/td><\/tr><tr><td><p>Sehr gute Kenntnisse der englischen Sprache, Grundkenntnisse einer Pr\u00e4sentationssoftware wie Powerpoint und aktives Interesse an betriebswirtschaftlichen Fragestellungen werden vorausgesetzt!<\/p><\/td><td><\/td><\/tr><tr><td><p><\/p><\/td><td><\/td><\/tr><tr><td width=\"90%\"><p><a href=\"https:\/\/vvz.ruhr-uni-bochum.de\/campus\/all\/module.asp?gguid=0x4BFAB34DBA14374F966BF7DDA29A8EC5&amp;tguid=0x503B756113C7204CAE00BE4E90C8E197\">Einf\u00fchrung in das Rechnungswesen\/Controlling (5 CP)<\/a><\/p><\/td><td><\/td><\/tr><tr><td><p>Teil 1: Einf\u00fchrung in das Rechnungswesen\/Controlling (Vorlesung), SoSe 2010<\/p><\/td><td><\/td><\/tr><tr><td><p>Teil 2: \u00dcbung zur Einf\u00fchrung in das Rechnungswesen\/Controlling, SoSe 2010<\/p><\/td><td><\/td><\/tr><tr><td><p>Studierende der Wirtschaftswissenschaften k\u00f6nnen an diesem Modul nicht teilnehmen!<\/p><\/td><td><\/td><\/tr><tr><td><p><\/p><\/td><td><\/td><\/tr><tr><td width=\"90%\"><p><a href=\"https:\/\/vvz.ruhr-uni-bochum.de\/campus\/all\/module.asp?gguid=0x3B063D9C8BFD0E4E8D4A1ADB400D7C9B&amp;tguid=0x503B756113C7204CAE00BE4E90C8E197\">General Management f\u00fcr Existenzgr\u00fcnder (10 CP)<\/a> Neues Modul!<\/p><\/td><td><\/td><\/tr><tr><td><p>Teil 1: General Management (Vorlesung), SoSe 2010<\/p><\/td><td><\/td><\/tr><tr><td><p>Teil 2: Planspiel Existenzgr\u00fcndung (\u00dcbung), SoSe 2010<\/p><\/td><td><\/td><\/tr><tr><td><p>Teil 2: Businessplanerstellung (\u00dcbung), SoSe 2010<\/p><\/td><td><\/td><\/tr><tr><td><p>Studierende der Wirtschaftwissenschaft (BWL\/VWL) k\u00f6nnen an diesem Modul nicht teilnehmen!<\/p><\/td><td><\/td><\/tr><tr><td><p><\/p><\/td><td><\/td><\/tr><tr><td width=\"90%\"><p><a href=\"https:\/\/vvz.ruhr-uni-bochum.de\/campus\/all\/module.asp?gguid=0x7AEFD793D305FF4EBE8AD10551653265&amp;tguid=0x503B756113C7204CAE00BE4E90C8E197\">Grundlagen des Marketing (5 CP)<\/a><\/p><\/td><td><\/td><\/tr><tr><td><p>Teil 1: Wirtschaften &#8211; Grundlagen und Theorien (Seminar), SoSe 2010<\/p><\/td><td><\/td><\/tr><tr><td><p>Teil 2: Marketing &#8211; Instrumente und ihre Anwendung (Seminar), SoSe 2010<\/p><\/td><td><\/td><\/tr><tr><td><p>Studierende der Wirtschaftwissenschaft (BWL\/VWL), der Wirtschaft und Politik Ostasiens oder der PWG (Politik, Wirtschaft und Gesellschaft) und Teilnehmer\/Absolventen des Moduls &#8218;Eine fallorientierte Einf\u00fchrung in die \u00d6konomie&#8216; k\u00f6nnen an diesem Modul nicht teilnehmen!<\/p><\/td><td><\/td><\/tr><tr><td><p><\/p><\/td><td><\/td><\/tr><tr><td><\/td><td><\/td><\/tr><tr><td colspan=\"2\"><p>Interdisziplin\u00e4re Module<\/p><\/td><\/tr><tr><td width=\"90%\"><p><a href=\"https:\/\/vvz.ruhr-uni-bochum.de\/campus\/all\/module.asp?gguid=0x14329B5C90C10C43936A18F986AA8EA4&amp;tguid=0x503B756113C7204CAE00BE4E90C8E197\">Aspekte des Crossover (5 CP)<\/a><\/p><\/td><td><\/td><\/tr><tr><td><p>Teil 1: Klassik &#8211; Jazz &#8211; Third Stream (Seminar), SoSe 2010<\/p><\/td><td><\/td><\/tr><tr><td><p>Teil 2: Miles Davis (Seminar), SoSe 2010<\/p><\/td><td><\/td><\/tr><tr><td><p><\/p><\/td><td><\/td><\/tr><tr><td width=\"90%\"><p><a href=\"https:\/\/vvz.ruhr-uni-bochum.de\/campus\/all\/module.asp?gguid=0xE8F2FBD01620FA409C545FA3F3E4CF76&amp;tguid=0x503B756113C7204CAE00BE4E90C8E197\">Bewegte Bilder in Schwarzwei\u00df &#8211; die popul\u00e4ren Medien und die wechselseitige Wahrnehmung im geteilten Deutschland (vor 1990) (5 CP) <\/a><a href=\"https:\/\/vvz.ruhr-uni-bochum.de\/campus\/all\/module.asp?gguid=0x134719BBCB54824B9580286432CEB8B9&amp;fieldgguid=&amp;mode=&amp;findmodule=Englische&amp;tguid=0x5F297762BE9A3B4A9DB8E4C4B2E3CAA4\">Neues Modul!<\/a><\/p><\/td><td><\/td><\/tr><tr><td><p>Teil 1: &#8222;Geschichten in Schwarzwei\u00df? Die deutsch-deutsche Wahrnehmung bis 1989 in Wort und Bild&#8220; (Ringvorlesung), SoSe 2010<\/p><\/td><td><\/td><\/tr><tr><td><p>Teil 2: &#8222;Eigenbilder &#8211; Fremdbilder: Texte zur Theorie und Geschichte des Stereotyps am Beispiel der deutsch-deutschen Wahrnehmung (1949-1989)&#8220; (\u00dcbung), SoSe 2010<\/p><\/td><td><\/td><\/tr><tr><td><p><\/p><\/td><td><\/td><\/tr><tr><td width=\"90%\"><p><a href=\"https:\/\/vvz.ruhr-uni-bochum.de\/campus\/all\/module.asp?gguid=0xAD2D19C246A2614E8D08A62C21E47899&amp;tguid=0x503B756113C7204CAE00BE4E90C8E197\">Europa: Integration &amp; Identit\u00e4t (5 CP)<\/a><\/p><\/td><td><\/td><\/tr><tr><td><p>Teil 1: Geschichte der europ\u00e4ischen Integration (Seminar), SoSe 2010<\/p><\/td><td><\/td><\/tr><tr><td><p>Teil 2: &#8218;RUHR.2010&#8216;. Wandel durch Kultur? Das Ruhrgebiet als Kulturregion (Seminar), SoSe 2010<\/p><\/td><td><\/td><\/tr><tr><td><p>Studierende der Geschichte k\u00f6nnen an diesem Modul nur teilnehmen, wenn die Vorlesung (Teil 1) nicht Bestandteil eines Fachmoduls ist!<\/p><\/td><td><\/td><\/tr><tr><td><p><\/p><\/td><td><\/td><\/tr><tr><td width=\"90%\"><p><a href=\"https:\/\/vvz.ruhr-uni-bochum.de\/campus\/all\/module.asp?gguid=0x866CD032FC88324591B60A8AB7AD6F81&amp;tguid=0x503B756113C7204CAE00BE4E90C8E197\">Farben sehen und erleben (5 CP)<\/a><\/p><\/td><td><\/td><\/tr><tr><td><p>Teil 1: Farben sehen und erleben &#8211; Theorie und Geschichte (Seminar), SoSe 2010<\/p><\/td><td><\/td><\/tr><tr><td><p>Teil 2: Farben sehen und erleben &#8211; Praktische Einf\u00fchrung in die Welt der Farben und der Malerei (praktische \u00dcbung), SoSe 2010<\/p><\/td><td><\/td><\/tr><tr><td><p><\/p><\/td><td><\/td><\/tr><tr><td width=\"90%\"><p><a href=\"https:\/\/vvz.ruhr-uni-bochum.de\/campus\/all\/module.asp?gguid=0x4A45E6E66131D847ABBA66FBCA3321E8&amp;tguid=0x503B756113C7204CAE00BE4E90C8E197\">Internationale Beziehungen und das UN-System (In Kooperation mit dem DuEMUN e.V.) (5 CP)<\/a><br \/>Hinweis: Anm. per Mail (22.03-19.04.2010) an dieter.reinhardt[at]uni-due.de<\/p><\/td><td><\/td><\/tr><tr><td><p>Teil 1: Funktionen des UN-Systems (Seminar), SoSe 2010<\/p><\/td><td><\/td><\/tr><tr><td><p>Teil 2: Model United Nations (RuhrMUN), (Dreit\u00e4tige englischsprachige UN-Simluationstagung), SoSe 2010<\/p><\/td><td><\/td><\/tr><tr><td><p>Gute Kenntnisse der englischen Sprache werden vorausgesetzt.<\/p><\/td><td><\/td><\/tr><tr><td><p><\/p><\/td><td><\/td><\/tr><tr><td width=\"90%\"><p><a href=\"https:\/\/vvz.ruhr-uni-bochum.de\/campus\/all\/module.asp?gguid=0x0EBB5DBA1714FD4EB038ED07F80696F6&amp;tguid=0x503B756113C7204CAE00BE4E90C8E197\">Innovation &#8211; Impulse in Vergangenheit, Gegenwart und Zukunft (5 CP)<\/a><\/p><\/td><td><\/td><\/tr><tr><td><p>Teil 1: Querdenker im Focus &#8211; interdisziplin\u00e4r (Vorlesung), SoSe 2010<\/p><\/td><td><\/td><\/tr><tr><td><p>Teil 2: Erfinderwerkstatt (\u00dcbung), SoSe 2010<\/p><\/td><td><\/td><\/tr><tr><td><p><\/p><\/td><td><\/td><\/tr><tr><td width=\"90%\"><p><a href=\"https:\/\/vvz.ruhr-uni-bochum.de\/campus\/all\/module.asp?gguid=0x4B4917AF40FC004DB3997F26C56C5768&amp;tguid=0x503B756113C7204CAE00BE4E90C8E197\">&#8222;Magnificat anima mea&#8230;&#8220; &#8211; Der Lobgesang Mariens in Vertonungen von der Gregorianik bis ins 20. Jahrhundert (5 CP) Hinweis: Anmeldung per Mail an mz-musik@rub.de<\/a><\/p><\/td><td><\/td><\/tr><tr><td><p>Teil 1: Vertonungen des Magnificat von der Gregorianik bis ins 20. Jahrhundert (Seminar), SoSe 2010<\/p><\/td><td><\/td><\/tr><tr><td><p>Teil 2a: Musikpraktische \u00dcbung im Universit\u00e4tschor (praktische \u00dcbung), SoSe 2010<\/p><\/td><td><\/td><\/tr><tr><td><p>Teil 2b: Musikpraktische \u00dcbung im Universit\u00e4tsorchester (praktische \u00dcbung), SoSe 2010<\/p><\/td><td><\/td><\/tr><tr><td><p><\/p><\/td><td><\/td><\/tr><tr><td width=\"90%\"><p><a href=\"https:\/\/vvz.ruhr-uni-bochum.de\/campus\/all\/module.asp?gguid=0x125C44AC38893A4B8D4AA5B8A8F2E4C1&amp;tguid=0x503B756113C7204CAE00BE4E90C8E197\">Musik: Macht &#8211; Mythos &#8211; Medizin (5 CP)<\/a><\/p><\/td><td><\/td><\/tr><tr><td><p>Teil 1: Musik: Macht &#8211; Mythos &#8211; Medizin oder: Hilft Mozart beim Zahnarzt? (Vorlesung), SoSe 2010<\/p><\/td><td><\/td><\/tr><tr><td><p>Teil 2: A cappella: von Gospel bis Wise Guys &#8211; Gemeinsames Singen und Einstudieren unterschiedlicher Arrangements (praktische \u00dcbung), SoSe 2010<\/p><\/td><td><\/td><\/tr><\/tbody><\/table><p><\/p><\/div>\n\t\t\t\t<\/div>\n\t\t\t\t\t\t\t<div class=\"elementor-accordion-item\">\n\t\t\t\t\t<div id=\"elementor-tab-title-91623\" class=\"elementor-tab-title\" data-tab=\"23\" role=\"button\" aria-controls=\"elementor-tab-content-91623\" aria-expanded=\"false\">\n\t\t\t\t\t\t\t\t\t\t\t\t\t<span class=\"elementor-accordion-icon elementor-accordion-icon-left\" aria-hidden=\"true\">\n\t\t\t\t\t\t\t\t\t\t\t\t\t\t\t<span class=\"elementor-accordion-icon-closed\"><i class=\"fas fa-plus\"><\/i><\/span>\n\t\t\t\t\t\t\t\t<span class=\"elementor-accordion-icon-opened\"><i class=\"fas fa-minus\"><\/i><\/span>\n\t\t\t\t\t\t\t\t\t\t\t\t\t\t<\/span>\n\t\t\t\t\t\t\t\t\t\t\t\t<a class=\"elementor-accordion-title\" tabindex=\"0\">WS 2009\/10<\/a>\n\t\t\t\t\t<\/div>\n\t\t\t\t\t<div id=\"elementor-tab-content-91623\" class=\"elementor-tab-content elementor-clearfix\" data-tab=\"23\" role=\"region\" aria-labelledby=\"elementor-tab-title-91623\"><table width=\"100%\"><tbody><tr><td colspan=\"2\"><p>Grundlagenmodule anderer F\u00e4cher<\/p><\/td><\/tr><tr><td colspan=\"2\"><p>Anglistik\/Amerikanistik<\/p><\/td><\/tr><tr><td width=\"90%\"><p><a href=\"https:\/\/vvz.ruhr-uni-bochum.de\/campus\/all\/module.asp?gguid=0x906D1074B732694FBA30C73E1A047582&amp;expand=0x5F297762BE9A3B4A9DB8E4C4B2E3CAA4&amp;tguid=0x5F297762BE9A3B4A9DB8E4C4B2E3CAA4#0x5F297762BE9A3B4A9DB8E4C4B2E3CAA4\">Amerikanische Kultur\/American Cinema (5 CP)<\/a><\/p><\/td><td><\/td><\/tr><tr><td><p>Teil 1: History of American Cinema (Vorlesung), WS 2009\/10<\/p><\/td><td><\/td><\/tr><tr><td><p>Teil 2a: Exploring Spaces of Alterity in American Film: From Chinatown and Harlem to the &#8222;Cuckoo&#8217;s Nest&#8220; (Seminar), WS 2009\/10 oder<\/p><\/td><td><\/td><\/tr><tr><td><p>Teil 2b: West of Everything: The American Frontier in Literature, Film, Painting, and Photography (Seminar), WS 2009\/10 oder<\/p><\/td><td><\/td><\/tr><tr><td><p>Teil 2c: American Teen: Coming of Age in American Youth Literature and Film (Seminar), WS 2009\/10<\/p><\/td><td><\/td><\/tr><tr><td><p>Studierende der Anglistik\/Amerikanistik k\u00f6nnen an diesem Modul zwar teilnehmen, jedoch keine Credit Points f\u00fcr den Optionalbereich erwerben!<\/p><\/td><td><\/td><\/tr><tr><td><p><\/p><\/td><td><\/td><\/tr><tr><td width=\"90%\"><p><a href=\"https:\/\/vvz.ruhr-uni-bochum.de\/campus\/all\/module.asp?gguid=0x262EAEA875167B4BB62AC05C53476007&amp;fieldgguid=&amp;mode=&amp;findmodule=Amerikanische&amp;tguid=0x5F297762BE9A3B4A9DB8E4C4B2E3CAA4\">Amerikanische Literatur (5 CP)<\/a><\/p><\/td><td><\/td><\/tr><tr><td><p>Teil 1a: E.A. Poe: Criticism, Poetry, Fiction (Seminar), WS 2009\/10 oder<\/p><\/td><td><\/td><\/tr><tr><td><p>Teil 1b: The Nineteenth-Century Novel (\u00dcbung), WS 2009\/10 oder<\/p><\/td><td><\/td><\/tr><tr><td><p>Teil 1c: Writing &#8218;Out&#8216; of Assimilation: Second Generation Chinese American Writings (Seminar), WS 2009\/10<\/p><\/td><td><\/td><\/tr><tr><td><p>Teil 2a: American Short Stories: Irving, Hawthorne (\u00dcbung), SoSe 2010 oder<\/p><\/td><td><\/td><\/tr><tr><td><p>Teil 2b: African Americans and the City (Seminar),SoSe 2010<\/p><\/td><td><\/td><\/tr><tr><td><p>Studierende der Anglistik\/Amerikanistik k\u00f6nnen an diesem Modul zwar teilnehmen, jedoch keine Credit Points f\u00fcr den Optionalbereich erwerben!<\/p><\/td><td><\/td><\/tr><tr><td><p><\/p><\/td><td><\/td><\/tr><tr><td width=\"90%\"><p><a href=\"https:\/\/vvz.ruhr-uni-bochum.de\/campus\/all\/module.asp?gguid=0x134719BBCB54824B9580286432CEB8B9&amp;fieldgguid=&amp;mode=&amp;findmodule=Englische&amp;tguid=0x5F297762BE9A3B4A9DB8E4C4B2E3CAA4\">Englische Kulturgeschichte (5 CP)<\/a><\/p><\/td><td><\/td><\/tr><tr><td><p>Teil 1: 18th-Century Culture (Vorlesung), WS 2009\/10<\/p><\/td><td><\/td><\/tr><tr><td><p>Teil 2a: Late-Victorian and Edwardian Society and Values (Seminar), SoSe 2010 oder<\/p><\/td><td><\/td><\/tr><tr><td><p>Teil 2b: To Live by the River: Representations of London (Seminar), SoSe 2010<\/p><\/td><td><\/td><\/tr><tr><td><p>Studierende der Anglistik\/Amerikanistik k\u00f6nnen an diesem Modul zwar teilnehmen, jedoch keine Credit Points f\u00fcr den Optionalbereich erwerben!<\/p><\/td><td><\/td><\/tr><tr><td><p><\/p><\/td><td><\/td><\/tr><tr><td width=\"90%\"><p><a href=\"https:\/\/vvz.ruhr-uni-bochum.de\/campus\/all\/module.asp?gguid=0x5BE9F12F115DBD46B821B7274B9CAABA&amp;expand=0x5F297762BE9A3B4A9DB8E4C4B2E3CAA4&amp;tguid=0x5F297762BE9A3B4A9DB8E4C4B2E3CAA4#0x5F297762BE9A3B4A9DB8E4C4B2E3CAA4\">Englische Literatur der Shakespearezeit (5 CP)<\/a><\/p><\/td><td><\/td><\/tr><tr><td><p>Teil 1a: Windows on the Medieval and Renaissance World (Vorlesung), WS 2009\/10 oder<\/p><\/td><td><\/td><\/tr><tr><td><p>Teil 1b: Theory of Drama (Vorlesung), WS 2009\/10 oder<\/p><\/td><td><\/td><\/tr><tr><td><p>Teil 1c: Introduction to Shakespeare&#8217;s Plays (Vorlesung), WS 2009\/10<\/p><\/td><td><\/td><\/tr><tr><td><p>Teil 2a: Shakespeare&#8217;s Romances (Seminar), WS 2009\/10 oder<\/p><\/td><td><\/td><\/tr><tr><td><p>Teil 2b: Renaissance Poetry (Seminar), WS 2009\/10 oder<\/p><\/td><td><\/td><\/tr><tr><td><p>Teil 2c: Poetry before 1700 (Seminar), WS 2009\/10<\/p><\/td><td><\/td><\/tr><tr><td><p>Studierende der Anglistik\/Amerikanistik k\u00f6nnen an diesem Modul zwar teilnehmen, jedoch keine Credit Points f\u00fcr den Optionalbereich erwerben!<\/p><\/td><td><\/td><\/tr><tr><td><p><\/p><\/td><td><\/td><\/tr><tr><td width=\"90%\"><p><a href=\"https:\/\/vvz.ruhr-uni-bochum.de\/campus\/all\/module.asp?gguid=0x2A5F85612646714798870D1C5F085857&amp;fieldgguid=&amp;mode=&amp;findmodule=Englische&amp;tguid=0x5F297762BE9A3B4A9DB8E4C4B2E3CAA4\">Englische Literatur des Mittelalters (5 CP)<\/a><\/p><\/td><td><\/td><\/tr><tr><td><p>Teil 1: Windows on the Medieval and Renaissance World (Vorlesung), WS 2009\/10<\/p><\/td><td><\/td><\/tr><tr><td><p>Teil 2a: Love, Rebellion and Answering Back: Letters and Literature in Medieval England (Seminar), WS 2009\/10 oder<\/p><\/td><td><\/td><\/tr><tr><td><p>Teil 2b: Excalibur Strikes Again: Thomas Malory&#8217;s Morte D&#8217;Arthur (Seminar), WS 2009\/10 oder<\/p><\/td><td><\/td><\/tr><tr><td><p>Teil 2c: Editing Medieval Texts (Seminar), WS 2009\/10 oder<\/p><\/td><td><\/td><\/tr><tr><td><p>Teil 2d: Introduction to Old English (Seminar), WS 2009\/10<\/p><\/td><td><\/td><\/tr><tr><td><p>Studierende der Anglistik\/Amerikanistik k\u00f6nnen an diesem Modul zwar teilnehmen, jedoch keine Credit Points f\u00fcr den Optionalbereich erwerben!<\/p><\/td><td><\/td><\/tr><tr><td><p><\/p><\/td><td><\/td><\/tr><tr><td width=\"90%\"><p><a href=\"https:\/\/vvz.ruhr-uni-bochum.de\/campus\/all\/module.asp?gguid=0x9AF15850772F7843B5CFBE42764810ED&amp;fieldgguid=&amp;findmodule=Englische+Literatur+von+1700+bis+zur+Geg&amp;tguid=0x5F297762BE9A3B4A9DB8E4C4B2E3CAA4\">Englische Literatur von 1700 bis zur Gegenwart (5 CP)<\/a><\/p><\/td><td><\/td><\/tr><tr><td><p>Teil 1a: Doubles (Seminar), WS 2009\/10<\/p><\/td><td><\/td><\/tr><tr><td><p>Teil 1b: Theory of Drama (Vorlesung), WS 2009\/10<\/p><\/td><td><\/td><\/tr><tr><td><p>Teil 2a: The Gothic Novel (Seminar), SoSe 2010 oder<\/p><\/td><td><\/td><\/tr><tr><td><p>Teil 2b: Romantic Poetry (Seminar), SoSe 2010<\/p><\/td><td><\/td><\/tr><tr><td><p>Studierende der Anglistik\/Amerikanistik k\u00f6nnen an diesem Modul zwar teilnehmen, jedoch keine Credit Points f\u00fcr den Optionalbereich erwerben!<\/p><\/td><td><\/td><\/tr><tr><td><\/td><td><\/td><\/tr><tr><td colspan=\"2\"><p>Arch\u00e4ologische Wissenschaften<\/p><\/td><\/tr><tr><td width=\"90%\"><p><a href=\"https:\/\/vvz.ruhr-uni-bochum.de\/campus\/all\/module.asp?gguid=0x96F54FBA2D600E4FBC1C35BB8F2365C8&amp;tguid=0x5F297762BE9A3B4A9DB8E4C4B2E3CAA4\">Antike Technik (5 CP)<\/a><\/p><\/td><td><\/td><\/tr><tr><td><p>Teil 1: Infrastruktur und Ingenieurbau der Antike (Vorlesung), WS 2009\/10<\/p><\/td><td><\/td><\/tr><tr><td><p>Teil 2: Die Nordwestprovinzen des Imperium Romanum: St\u00e4dte im Westen des r\u00f6mischen Reichs (Seminar), WS 2009\/10<\/p><\/td><td><\/td><\/tr><tr><td><p>Ab dem 2. Studienjahr der Bachelor-Phase Studierende der ArWi k\u00f6nnen in diesem Modul keine Kreditpunkte f\u00fcr den Optionalbereich erwerben!<\/p><\/td><td><\/td><\/tr><tr><td><p><\/p><\/td><td><\/td><\/tr><tr><td width=\"90%\"><p><a href=\"https:\/\/vvz.ruhr-uni-bochum.de\/campus\/all\/module.asp?gguid=0x5E2CFCB63E13E34E8A96BD247C450776&amp;tguid=0x5F297762BE9A3B4A9DB8E4C4B2E3CAA4\">Infrastruktur der alten Welt (5 CP)<\/a><\/p><\/td><td><\/td><\/tr><tr><td><p>Teil 1: Infrastruktur und Ingenieurbau der Antike (Vorlesung), WS 2009\/10<\/p><\/td><td><\/td><\/tr><tr><td><p>Teil 2: Ringveranstaltung im Deutschen Bergbau Museum (Seminar), WS 2009\/10<\/p><\/td><td><\/td><\/tr><tr><td><p>Studierende der ArWi k\u00f6nnen in diesem Modul keine Kreditpunkte f\u00fcr den Optionalbereich erwerben!<\/p><\/td><td><\/td><\/tr><tr><td><p><\/p><\/td><td><\/td><\/tr><tr><td width=\"90%\"><p><a href=\"https:\/\/vvz.ruhr-uni-bochum.de\/campus\/all\/module.asp?gguid=0x5C46648F60B6C545B7F1666284570B1E&amp;tguid=0x5F297762BE9A3B4A9DB8E4C4B2E3CAA4\">Kult und Arch\u00e4ologie (5 CP)<\/a><\/p><\/td><td><\/td><\/tr><tr><td><p>Teil 1: Arch\u00e4ologie der hohen r\u00f6mischen Kaiserzeit (Vorlesung), WS 2009\/10<\/p><\/td><td><\/td><\/tr><tr><td><p>Teil 2: Neue Funde und Forschungen: Aspekte von Kult und Ritual in der Arch\u00e4ologie (Seminar), WS 2009\/10<\/p><\/td><td><\/td><\/tr><tr><td><p>Studierende der ArWi k\u00f6nnen in diesem Modul keine Kreditpunkte f\u00fcr den Optionalbereich erwerben!<\/p><\/td><td><\/td><\/tr><tr><td><p><\/p><\/td><td><\/td><\/tr><tr><td width=\"90%\"><p><a href=\"https:\/\/vvz.ruhr-uni-bochum.de\/campus\/all\/module.asp?gguid=0x9FB3BCB04B132843AD2CC117C6DBFBF6&amp;tguid=0x5F297762BE9A3B4A9DB8E4C4B2E3CAA4\">Ostasiatische Arch\u00e4ologie (5 CP)<\/a><\/p><\/td><td><\/td><\/tr><tr><td><p>Teil 1: Ostasiatische Arch\u00e4ologie (Ringseminar), WS 2009\/10<\/p><\/td><td><\/td><\/tr><tr><td><p>Teil 2: Tutorium zur ostasiatischen Arch\u00e4ologie (Seminar), WS 2009\/10<\/p><\/td><td><\/td><\/tr><tr><td><p>Studierende der ArWi k\u00f6nnen in diesem Modul keine Kreditpunkte f\u00fcr den Optionalbereich erwerben!<\/p><\/td><td><\/td><\/tr><tr><td><\/td><td><\/td><\/tr><tr><td colspan=\"2\"><p>Biologie<\/p><\/td><\/tr><tr><td width=\"90%\"><p><a href=\"https:\/\/vvz.ruhr-uni-bochum.de\/campus\/all\/module.asp?gguid=0xCA9B7F99FD85954DAF8DF9FC9D9C9525&amp;tguid=0x5F297762BE9A3B4A9DB8E4C4B2E3CAA4\">Biologie der Zelle (5 CP)<\/a><\/p><\/td><td><\/td><\/tr><tr><td><p>Teil 1: Biologie der Zelle (Vorlesung), WS 2009\/10<\/p><\/td><td><\/td><\/tr><tr><td><p>Teil 2: Biologie der Zelle (Seminar), WS 2009\/10<\/p><\/td><td><\/td><\/tr><tr><td><p><\/p><\/td><td><\/td><\/tr><tr><td width=\"90%\"><p><a href=\"https:\/\/vvz.ruhr-uni-bochum.de\/campus\/all\/module.asp?gguid=0xAE83C0AF01FB444FA342782CC5F1CCA8&amp;tguid=0x5F297762BE9A3B4A9DB8E4C4B2E3CAA4\">Bio\u00f6konomie 2: Verhaltens\u00f6konomie (5 CP)<\/a><\/p><\/td><td><\/td><\/tr><tr><td><p>Teil 1: Bio\u00f6konomie 2: Verhaltens\u00f6konomie (Seminar), WS 2009\/10<\/p><\/td><td><\/td><\/tr><tr><td><p>Teil 2: Bio\u00f6konomie 2: Verhaltens\u00f6konomie (\u00dcbung), WS 2009\/10<\/p><\/td><td><\/td><\/tr><tr><td><p>Das Modul eignet sich f\u00fcr interessierte Studierende ab dem zweiten Semester, Interesse und Grundkenntnisse in Biologie und \u00d6konomie werden vorausgesetzt!<\/p><\/td><td><\/td><\/tr><tr><td><p><\/p><\/td><td><\/td><\/tr><tr><td width=\"90%\"><p><a href=\"https:\/\/vvz.ruhr-uni-bochum.de\/campus\/all\/module.asp?gguid=0xBD23ACDF53B8EE408646DDFCE8C568CC&amp;tguid=0x5F297762BE9A3B4A9DB8E4C4B2E3CAA4\">Botanik im Alltag (5 CP)<\/a><\/p><\/td><td><\/td><\/tr><tr><td><p>Teil 1: \u00dcbungen zum Thema &#8222;Botanik im Alltag&#8220;, WS 2009\/10<\/p><\/td><td><\/td><\/tr><tr><td><p>Teil 2: Exkursionen zum Thema &#8222;Botanik im Alltag&#8220;, WS 2009\/10<\/p><\/td><td><\/td><\/tr><tr><td><p><\/p><\/td><td><\/td><\/tr><tr><td width=\"90%\"><p><a href=\"https:\/\/vvz.ruhr-uni-bochum.de\/campus\/all\/module.asp?gguid=0xEE1C6C29BB002E478FD8570FDA7B9DB9&amp;tguid=0x5F297762BE9A3B4A9DB8E4C4B2E3CAA4\">Einf\u00fchrung in die Grundlagen der zellul\u00e4ren Bioenergetik (5 CP)<\/a><\/p><\/td><td><\/td><\/tr><tr><td><p>Teil 1: Einf\u00fchrung in die Grundlagen der zellul\u00e4ren Bioenergetik (Vorlesung), WS 2009\/10<\/p><\/td><td><\/td><\/tr><tr><td><p>Teil 2: Einf\u00fchrung in die Grundlagen der zellul\u00e4ren Bioenergetik(Seminar), WS 2009\/10<\/p><\/td><td><\/td><\/tr><tr><td><p>Grundlegende Kenntnisse (Oberstufenkenntnisse) in Biochemie und Chemie sind erw\u00fcnscht. Biologie-Studierende k\u00f6nnen an diesem Modul zwar teilnehmen, jedoch keine Credit Points f\u00fcr den Optionalbereich erwerben!<\/p><\/td><td><\/td><\/tr><tr><td><p><\/p><\/td><td><\/td><\/tr><tr><td width=\"90%\"><p><a href=\"https:\/\/vvz.ruhr-uni-bochum.de\/campus\/all\/module.asp?gguid=0x298AE3564912384DB963FE6459C94074&amp;tguid=0x5F297762BE9A3B4A9DB8E4C4B2E3CAA4\">Einf\u00fchrung in die moderne Biophysik (5 CP)<\/a><\/p><\/td><td><\/td><\/tr><tr><td><p>Teil 1: Moderne Biophysik (Vorlesung), WS 2009\/10<\/p><\/td><td><\/td><\/tr><tr><td><p>Teil 2: Biophysikalisches Seminar, WS 2009\/10<\/p><\/td><td><\/td><\/tr><tr><td><p>Gute schulische Grundkenntnisse in den F\u00e4chern: Biologie, Chemie, Physik und Mathematik Studierende der Biologie k\u00f6nnen an diesem Modul zwar teilnehmen, jedoch keine Credit Points f\u00fcr den Optionalbereich erwerben!<\/p><\/td><td><\/td><\/tr><tr><td><p><\/p><\/td><td><\/td><\/tr><tr><td width=\"90%\"><p><a href=\"https:\/\/vvz.ruhr-uni-bochum.de\/campus\/all\/module.asp?gguid=0x9EA3328B08E42B4B87C97F38CC8B1B8F&amp;tguid=0x5F297762BE9A3B4A9DB8E4C4B2E3CAA4\">Evolution des Menschen (5 CP)<\/a><\/p><\/td><td><\/td><\/tr><tr><td><p>Teil 1: Evolution des Menschen (Vorlesung), WS 2009\/10<\/p><\/td><td><\/td><\/tr><tr><td><p>Teil 2: Evolution des Menschen (Seminar), WS 2009\/10<\/p><\/td><td><\/td><\/tr><tr><td><p><\/p><\/td><td><\/td><\/tr><tr><td width=\"90%\"><p><a href=\"https:\/\/vvz.ruhr-uni-bochum.de\/campus\/all\/module.asp?gguid=0x53B07437AD9D0444BF54C24EE3706226&amp;tguid=0x5F297762BE9A3B4A9DB8E4C4B2E3CAA4\">Grundlagen der Mikrobiologie und Genetik (5 CP)<\/a><\/p><\/td><td><\/td><\/tr><tr><td><p>Teil 1: Grundlagen der Mikrobiologie und Genetik (Vorlesung), WS 2009\/10<\/p><\/td><td><\/td><\/tr><tr><td><p>Teil 2: Grundlagen der Mikrobiologie und Genetik (Seminar), WS 2009\/10<\/p><\/td><td><\/td><\/tr><tr><td><p>Biologie-Studierende k\u00f6nnen an diesem Modul zwar teilnehmen, jedoch keine Credit Points f\u00fcr den Optionalbereich erwerben!<\/p><\/td><td><\/td><\/tr><tr><td><p><\/p><\/td><td><\/td><\/tr><tr><td width=\"90%\"><p><a href=\"https:\/\/vvz.ruhr-uni-bochum.de\/campus\/all\/module.asp?gguid=0xF164C0DD19EC5C499B2FE95FFAE121BA&amp;tguid=0x5F297762BE9A3B4A9DB8E4C4B2E3CAA4\">\u00dcberleben von motorischen Nervenzellen (5 CP)<\/a><\/p><\/td><td><\/td><\/tr><tr><td><p>Teil 1: \u00dcberleben von motorischen Nervenzellen (Seminar), WS 2009\/10<\/p><\/td><td><\/td><\/tr><tr><td><p>Teil 2: \u00dcberleben von motorischen Nervenzellen (Seminar), WS 2009\/10<\/p><\/td><td><\/td><\/tr><tr><td><p><\/p><\/td><td><\/td><\/tr><tr><td width=\"90%\"><p><a href=\"https:\/\/vvz.ruhr-uni-bochum.de\/campus\/all\/module.asp?gguid=0x635766B0ED80214F9E0CBB093C4064F0&amp;fieldgguid=&amp;findmodule=Kr%F6ten&amp;tguid=0x5F297762BE9A3B4A9DB8E4C4B2E3CAA4\">Kr\u00f6ten, Erbsen und blonde M\u00e4use &#8211; Streit in der Evolutionstheorie (5 CP)<\/a><\/p><\/td><td><\/td><\/tr><tr><td><p>Teil 1: Kr\u00f6ten, Erbsen und blonde M\u00e4use &#8211; Streit in der Evolutionstheorie (Seminar), WS 2009\/10<\/p><\/td><td><\/td><\/tr><tr><td><p>Teil 2: Kr\u00f6ten, Erbsen und blonde M\u00e4use &#8211; Streit in der Evolutionstheorie (Workshop), WS 2009\/10<\/p><\/td><td><\/td><\/tr><tr><td><\/td><td><\/td><\/tr><tr><td colspan=\"2\"><p>Chemie<\/p><\/td><\/tr><tr><td width=\"90%\"><p><a href=\"https:\/\/vvz.ruhr-uni-bochum.de\/campus\/all\/module.asp?gguid=0x74BF389652B97049A3D6C1DA708AF7CD&amp;tguid=0x5F297762BE9A3B4A9DB8E4C4B2E3CAA4\">Chemikalienrecht &#8211; Toxikologie (5 CP)<\/a><\/p><\/td><td><\/td><\/tr><tr><td><p>Teil 1: Chemikalienrecht &#8211; Toxikologie (Vorlesung), WS 2009\/10<\/p><\/td><td><\/td><\/tr><tr><td><p>Teil 2: \u00dcbungen zur Vorlesung &#8222;Chemikalienrecht &#8211; Toxikologie&#8220;, WS 2009\/10<\/p><\/td><td><\/td><\/tr><tr><td><p>Studierende der Chemie k\u00f6nnen in diesem Modul keine Credit Points f\u00fcr den Optionalbereich erwerben!<\/p><\/td><td><\/td><\/tr><tr><td><p><\/p><\/td><td><\/td><\/tr><tr><td width=\"90%\"><p><a href=\"https:\/\/vvz.ruhr-uni-bochum.de\/campus\/all\/module.asp?gguid=0x4E1F0179843B9B4F9FF77E1118EE9636&amp;tguid=0x5F297762BE9A3B4A9DB8E4C4B2E3CAA4\">Einf\u00fchrung in die Allgemeine Chemie (10 CP)<\/a><\/p><\/td><td><\/td><\/tr><tr><td><p>Teil 1: Allgemeine Chemie (Vorlesung), WS 2009\/10<\/p><\/td><td><\/td><\/tr><tr><td><p>Teil 2: \u00dcbungen zur Vorlesung &#8222;Allgemeine Chemie&#8220;, WS 2009\/10<\/p><\/td><td><\/td><\/tr><tr><td><p>Studierende der Chemie k\u00f6nnen in diesem Modul keine Credit Points f\u00fcr den Optionalbereich erwerben!<\/p><\/td><td><\/td><\/tr><tr><td><p><\/p><\/td><td><\/td><\/tr><tr><td width=\"90%\"><p><a href=\"https:\/\/vvz.ruhr-uni-bochum.de\/campus\/all\/module.asp?gguid=0xFDC55E232BD1134290493D0CD4EF6B1C&amp;tguid=0x5F297762BE9A3B4A9DB8E4C4B2E3CAA4\">Einf\u00fchrung in die Chemie (5 CP)<\/a><\/p><\/td><td><\/td><\/tr><tr><td><p>Teil 1: Allgemeine Chemie (Vorlesung), WS 2009\/10<\/p><\/td><td><\/td><\/tr><tr><td><p>Teil 2: \u00dcbungen zur Vorlesung &#8222;Allgemeine Chemie&#8220;, WS 2009\/10<\/p><\/td><td><\/td><\/tr><tr><td><p>Studierende der Chemie k\u00f6nnen in diesem Modul keine Credit Points f\u00fcr den Optionalbereich erwerben!<\/p><\/td><td><\/td><\/tr><tr><td><p><\/p><\/td><td><\/td><\/tr><tr><td width=\"90%\"><p><a href=\"https:\/\/vvz.ruhr-uni-bochum.de\/campus\/all\/module.asp?gguid=0x34C199EEBD61324C916D76A81864DBD6&amp;tguid=0x5F297762BE9A3B4A9DB8E4C4B2E3CAA4\">Organische Chemie (Schwerpunkt Biologie) (5 CP)<\/a><\/p><\/td><td><\/td><\/tr><tr><td><p>Teil 1: Organische Chemie f\u00fcr Studierende der Medizin, Biologie und Geowissenschaften (Vorlesung), WS 2009\/10<\/p><\/td><td><\/td><\/tr><tr><td><p>Teil 2: Organische Chemie f\u00fcr Studierende der Medizin, Biologie und Geowissenschaften (Vorlesung), SoSe 2010<\/p><\/td><td><\/td><\/tr><tr><td><p>Studierende der Chemie k\u00f6nnen in diesem Modul keine Credit Points f\u00fcr den Optionalbereich erwerben!<\/p><\/td><td><\/td><\/tr><tr><td><\/td><td><\/td><\/tr><tr><td colspan=\"2\"><p>Erziehungswissenschaften<\/p><\/td><\/tr><tr><td width=\"90%\"><p><a href=\"https:\/\/vvz.ruhr-uni-bochum.de\/campus\/all\/module.asp?gguid=0x477497DE99A2DF4589CB7A4091D6967A&amp;fieldgguid=&amp;mode=&amp;findmodule=Geschichte+der&amp;tguid=0x5F297762BE9A3B4A9DB8E4C4B2E3CAA4\">Geschichte der Professionalisierung in der Erwachsenenbildung &#8211; nationale und internationale Aspekte (5 CP)<\/a><\/p><\/td><td><\/td><\/tr><tr><td><p>Teil 1: Einf\u00fchrung und Grundlagen der Geschichte der Professionalisierung in der Erwachsenenbildung, WS 2009\/10<\/p><\/td><td><\/td><\/tr><tr><td><p>Teil 2: Projektarbeit und Pr\u00e4sentation der Ergebnisse, WS 2009\/10<\/p><\/td><td><\/td><\/tr><tr><td><p>Studierende der Erziehungswissenschaften\/P\u00e4dagogik k\u00f6nnen an diesem Modul nicht teilnehmen!<\/p><\/td><td><\/td><\/tr><tr><td><\/td><td><\/td><\/tr><tr><td colspan=\"2\"><p>Geographie<\/p><\/td><\/tr><tr><td width=\"90%\"><p><a href=\"https:\/\/vvz.ruhr-uni-bochum.de\/campus\/all\/module.asp?gguid=0xFE76298A28526E48A9547ACC5DA421FC&amp;tguid=0x5F297762BE9A3B4A9DB8E4C4B2E3CAA4\">Geographen reisen anders (5 CP)<\/a><\/p><\/td><td><\/td><\/tr><tr><td><p>Teil 1: Geographen reisen anders: St\u00e4dte und Regionen der Erde (Vorlesung), WS 2009\/10<\/p><\/td><td><\/td><\/tr><tr><td><p>Teil 2: Geographen reisen anders: St\u00e4dte und Regionen der Erde (\u00dcbung), WS 2009\/10<\/p><\/td><td><\/td><\/tr><tr><td><p>Geographie-Studierende k\u00f6nnen an diesem Modul nicht teilnehmen!<\/p><\/td><td><\/td><\/tr><tr><td><p><\/p><\/td><td><\/td><\/tr><tr><td width=\"90%\"><p><a href=\"https:\/\/www.ruhr-uni-bochum.de\/optionalbereich\/sites\/modularchiv\/downloads\/metropoleruhr.pdf\">Vom Ruhrgebiet zur Metropole Ruhr &#8211; Probleme und Potenziale des Strukturwandels (5 CP)<\/a>ACHTUNG: Neues Modul [20.10.2009]; Die 3 Pr\u00e4senzveranstaltungen finden an der Universit\u00e4t Duisburg-Essen (Campus Essen) statt; Anmeldung bis zum 26.10.2009 per Mail an gisela.prey@rub.de<\/p><\/td><td><\/td><\/tr><tr><td><p>Teil 1: eLehr-Lern-System Ruhrgebiet mit Pr\u00e4senzveranstaltung als Vorlesung (Vorlesung), WS 2009\/10<\/p><\/td><td><\/td><\/tr><tr><td><p>Teil 2: \u00dcbung eLehr-Lern-System Ruhrgebiet mit E-Tutoren (\u00dcbung), WS 2009\/10<\/p><\/td><td><\/td><\/tr><tr><td><p>Geographie-Studierende k\u00f6nnen an diesem Modul nicht teilnehmen!<\/p><\/td><td><\/td><\/tr><tr><td><\/td><td><\/td><\/tr><tr><td colspan=\"2\"><p>Germanistik<\/p><\/td><\/tr><tr><td width=\"90%\"><p><a href=\"https:\/\/vvz.ruhr-uni-bochum.de\/campus\/all\/module.asp?gguid=0x5C7701ECA465064791C40BB9E1FDD8A8&amp;tguid=0x5F297762BE9A3B4A9DB8E4C4B2E3CAA4\">Literaturverfilmungen (5 CP)<\/a><\/p><\/td><td><\/td><\/tr><tr><td><p>Teil 1: Einf\u00fchrung in die Analyse filmischer Adaptionen und ihrer literarischen Vorlagen, WS 2009\/10<\/p><\/td><td><\/td><\/tr><tr><td><p>Teil 2: Betrachtungsweisen. Literatur und ihre filmische Umsetzung, WS 2009\/10<\/p><\/td><td><\/td><\/tr><tr><td><p>Studierende der Germanistik k\u00f6nnen in diesem Modul keine Kreditpunkte f\u00fcr den Optionalbereich erwerben!<\/p><\/td><td><\/td><\/tr><tr><td><\/td><td><\/td><\/tr><tr><td colspan=\"2\"><p>Geschichte<\/p><\/td><\/tr><tr><td width=\"90%\"><p><a href=\"https:\/\/vvz.ruhr-uni-bochum.de\/campus\/all\/module.asp?gguid=0x6D54723A61F637468023F613FC9DAA15&amp;tguid=0x5F297762BE9A3B4A9DB8E4C4B2E3CAA4\">Deutschland und Italien: Aspekte einer Wechselbeziehung (5 CP)<\/a><\/p><\/td><td><\/td><\/tr><tr><td><p>Teil 1: Italienbilder der Deutschen (Seminar), WS 2009\/10<\/p><\/td><td><\/td><\/tr><tr><td><p>Teil 2: Italienische Migration in die Bundesrepublik Deutschland (Seminar), WS 2009\/10<\/p><\/td><td><\/td><\/tr><tr><td><\/td><td><\/td><\/tr><tr><td colspan=\"2\"><p>Katholische Theologie<\/p><\/td><\/tr><tr><td width=\"90%\"><p><a href=\"https:\/\/vvz.ruhr-uni-bochum.de\/campus\/all\/module.asp?gguid=0xAA6BFA28FA866549B2F2F3808A0381F8&amp;fieldgguid=&amp;findmodule=Apostel&amp;tguid=0x5F297762BE9A3B4A9DB8E4C4B2E3CAA4\">Apostelgeschichte (5 CP)<\/a><\/p><\/td><td><\/td><\/tr><tr><td><p>Teil 1: Apostelgeschichte (Vorlesung, WS 2009\/10<\/p><\/td><td><\/td><\/tr><tr><td><p>Teil 2a: Hebr\u00e4erbrief (Hauptseminar), WS 2009\/10 oder<\/p><\/td><td><\/td><\/tr><tr><td><p>Teil 2b: Lekt\u00fcrekurs (Lekt\u00fcrekurs), WS 2009\/10<\/p><\/td><td><\/td><\/tr><tr><td><p>In Teil 2b (Lekt\u00fcrekurs) sind Griechischkenntnisse erforderlich<\/p><\/td><td><\/td><\/tr><tr><td><p>Studierende der Katholischen Theologie k\u00f6nnen an diesem Modul zwar teilnehmen, jedoch keine Credit Points f\u00fcr den Optionalbereich erwerben!<\/p><\/td><td><\/td><\/tr><tr><td><p><\/p><\/td><td><\/td><\/tr><tr><td width=\"90%\"><p><a href=\"https:\/\/vvz.ruhr-uni-bochum.de\/campus\/all\/module.asp?gguid=0x9A4384BE5808FE439A35DF82FDD285EA&amp;fieldgguid=&amp;findmodule=Ethik+in+der+Medizin&amp;tguid=0x5F297762BE9A3B4A9DB8E4C4B2E3CAA4\">Ethik in der Medizin (5 CP)<\/a><\/p><\/td><td><\/td><\/tr><tr><td><p>Teil 1: Bioethik I: Ethische Fragen am Ende menschlichen Lebens (Vorlesung), WS 2009\/10<\/p><\/td><td><\/td><\/tr><tr><td><p>Teil 2: Die Lebensphase des Sterbens &#8211; Sterben als Teil des Lebens (14-tg.) (Vorlesung), WS 2009\/10<\/p><\/td><td><\/td><\/tr><tr><td><p>Teil 2: \u00dcbung zur Vorlesung &#8222;Die Lebensphase des Sterbens &#8211; Sterben als Teil des Lebens&#8220; (\u00dcbung), WS 2009\/10<\/p><\/td><td><\/td><\/tr><tr><td><p>Studierende der Katholischen Theologie k\u00f6nnen an diesem Modul zwar teilnehmen, jedoch keine Credit Points f\u00fcr den Optionalbereich erwerben!<\/p><\/td><td><\/td><\/tr><tr><td><p><\/p><\/td><td><\/td><\/tr><tr><td width=\"90%\"><p><a href=\"https:\/\/vvz.ruhr-uni-bochum.de\/campus\/all\/module.asp?gguid=0xE28A97A4ADB7894D9FBEA825A56919ED&amp;fieldgguid=&amp;findmodule=die+fr%FCh&amp;tguid=0x5F297762BE9A3B4A9DB8E4C4B2E3CAA4\">Die fr\u00fcchristliche Kunst (5 CP)<\/a> ACHTUNG: Neues Modul [16.10.2009]; Anmeldung bis zum 26.10.2009 per Mail an norbert.brieden@rub.de<\/p><\/td><td><\/td><\/tr><tr><td><p>Teil 1: Die Sepulkralkunst der Sp\u00e4tantike (Vorlesung), WS 2009\/10<\/p><\/td><td><\/td><\/tr><tr><td><p>Teil 2: Die fr\u00fchchristliche Kunst in sp\u00e4tantikem Spannungsfeld &#8211; mit Exkursion nach Valckenburg (Hauptseminar), WS 2009\/10<\/p><\/td><td><\/td><\/tr><tr><td><p>Studierende der Katholischen Theologie und der der ArWi k\u00f6nnen nur teilnehmen, sofern das Modul nicht Bestandteil ihres Fachstudiums ist.<\/p><\/td><td><\/td><\/tr><tr><td><p><\/p><\/td><td><\/td><\/tr><tr><td width=\"90%\"><p><a href=\"https:\/\/vvz.ruhr-uni-bochum.de\/campus\/all\/module.asp?gguid=0xF06A26E9E8AB3745931E21F4261AB591&amp;fieldgguid=&amp;findmodule=Pastoral&amp;tguid=0x5F297762BE9A3B4A9DB8E4C4B2E3CAA4\">Pastoraltheologie &#8211; Nachdenken \u00fcber Evangelium und Existenz (5 CP)<\/a><\/p><\/td><td><\/td><\/tr><tr><td><p>Teil 1: Einf\u00fchrung in die Pastoraltheologie &#8211; am Beispiel der Frage nach &#8218;missionarischer Pastoral&#8216; (Vorlesung), WS 2009\/10<\/p><\/td><td><\/td><\/tr><tr><td><p>Teil 2: &#8222;Werbung f\u00fcr die Kirche &#8211; Pastoraltheologische Grundlagen des Kirchenmarketing&#8220; (mit Exkursion) (Hauptseminar), WS 2009\/10<\/p><\/td><td><\/td><\/tr><tr><td><\/td><td><\/td><\/tr><tr><td><p><\/p><\/td><td><\/td><\/tr><tr><td width=\"90%\"><p><a href=\"https:\/\/vvz.ruhr-uni-bochum.de\/campus\/all\/module.asp?gguid=0xA5A4330E9B3C74428878FF319CED6026&amp;fieldgguid=&amp;findmodule=Wirtschaftse&amp;tguid=0x5F297762BE9A3B4A9DB8E4C4B2E3CAA4\">Wirtschaftsethik (5 CP)<\/a><\/p><\/td><td><\/td><\/tr><tr><td><p>Teil 1: Wirtschaftsethik (Vorlesung), WS 2009\/10<\/p><\/td><td><\/td><\/tr><tr><td><p>Teil 2: Wirtschaftsethik (Hauptseminar), WS 2009\/10<\/p><\/td><td><\/td><\/tr><tr><td><p>Studierende der Katholischen Theologie k\u00f6nnen an diesem Modul zwar teilnehmen, jedoch keine Credit Points f\u00fcr den Optionalbereich erwerben!<\/p><\/td><td><\/td><\/tr><tr><td><\/td><td><\/td><\/tr><tr><td colspan=\"2\"><p>Mathematik<\/p><\/td><\/tr><tr><td width=\"90%\"><p><a href=\"https:\/\/vvz.ruhr-uni-bochum.de\/campus\/all\/module.asp?gguid=0x360CD45A66FE9B409AA223D14E374C93&amp;tguid=0x5F297762BE9A3B4A9DB8E4C4B2E3CAA4\">Einf\u00fchrung in die Mathematik (Schwerpunkt: Biologie) (5 CP)<\/a><\/p><\/td><td><\/td><\/tr><tr><td><p>Teil 1: Mathematik f\u00fcr Biologen, WS 2009\/10<\/p><\/td><td><\/td><\/tr><tr><td><p>Teil 2: \u00dcbungen zu &#8222;Mathematik f\u00fcr Biologen&#8220;, WS 2009\/10<\/p><\/td><td><\/td><\/tr><tr><td><p>Studierende der Mathematik k\u00f6nnen an diesem Modul zwar teilnehmen, jedoch keine Credit Points f\u00fcr den Optionalbereich erwerben!<\/p><\/td><td><\/td><\/tr><tr><td><p><\/p><\/td><td><\/td><\/tr><tr><td width=\"90%\"><p><a href=\"https:\/\/vvz.ruhr-uni-bochum.de\/campus\/all\/module.asp?gguid=0x0A9FA61DAAA5784F861CB00A42B34BDC&amp;tguid=0x5F297762BE9A3B4A9DB8E4C4B2E3CAA4\">Einf\u00fchrung in die Mathematik (Schwerpunkte: Mathematik und Physik) (5 CP)<\/a><\/p><\/td><td><\/td><\/tr><tr><td><p>Teil 1: 1. Vorkurs in Mathematik f\u00fcr Mathematiker und Physiker, WS 2009\/10<\/p><\/td><td><\/td><\/tr><tr><td><p>Teil 2: \u00dcbungen zum 1. Vorkurs in Mathematik f\u00fcr Mathematiker und Physiker, WS 2009\/10<\/p><\/td><td><\/td><\/tr><tr><td><p>Studierende der Mathematik k\u00f6nnen an diesem Modul zwar teilnehmen, jedoch Credit Points nur dann f\u00fcr den Optionalbereich erwerben, wenn sie den Vorkurs vor ihrem ersten Fachsemester besuchen!<\/p><\/td><td><\/td><\/tr><tr><td><p><\/p><\/td><td><\/td><\/tr><tr><td width=\"90%\"><p><a href=\"https:\/\/vvz.ruhr-uni-bochum.de\/campus\/all\/module.asp?gguid=0x58D394C847FD4B46901ED0FD1041CCFF&amp;tguid=0x5F297762BE9A3B4A9DB8E4C4B2E3CAA4\">Einf\u00fchrung in die Mathematik (Schwerpunkte: Natur- und Ingenieurwissenschaften sowie Informatik) (5 CP)<\/a><\/p><\/td><td><\/td><\/tr><tr><td><p>Teil 1: 2. Vorkurs in Mathematik f\u00fcr Informatiker, Ingenieure und Naturwissenschaftler, WS 2009\/10<\/p><\/td><td><\/td><\/tr><tr><td><p>Teil 2: \u00dcbungen zum 2. Vorkurs in Mathematik f\u00fcr Informatiker, Ingenieure und Naturwissenschaftler, WS 2009\/10<\/p><\/td><td><\/td><\/tr><tr><td><p>Studierende der Mathematik k\u00f6nnen an diesem Modul zwar teilnehmen, jedoch keine Credit Points f\u00fcr den Optionalbereich erwerben!<\/p><\/td><td><\/td><\/tr><tr><td><p><\/p><\/td><td><\/td><\/tr><tr><td width=\"90%\"><p><a href=\"https:\/\/vvz.ruhr-uni-bochum.de\/campus\/all\/module.asp?gguid=0x60AE11E40F2C284FA086D0A5E1C19A44&amp;tguid=0x5F297762BE9A3B4A9DB8E4C4B2E3CAA4\">Einf\u00fchrung in die Mathematik (Schwerpunkte: Physik und Geophysik) (5 CP)<\/a><\/p><\/td><td><\/td><\/tr><tr><td><p>Teil 1: Mathematik f\u00fcr Physiker I (Vorlesung), WS 2009\/10<\/p><\/td><td><\/td><\/tr><tr><td><p>Teil 2: \u00dcbungen zu &#8222;Mathematik f\u00fcr Physiker I&#8220;, WS 2009\/10<\/p><\/td><td><\/td><\/tr><tr><td><p>Studierende der Mathematik k\u00f6nnen an diesem Modul zwar teilnehmen, jedoch keine Credit Points f\u00fcr den Optionalbereich erwerben!<\/p><\/td><td><\/td><\/tr><tr><td><p><\/p><\/td><td><\/td><\/tr><tr><td width=\"90%\"><p><a href=\"https:\/\/vvz.ruhr-uni-bochum.de\/campus\/all\/module.asp?gguid=0x1408184BC24A73488940971D25A80EF9&amp;tguid=0x5F297762BE9A3B4A9DB8E4C4B2E3CAA4\">Einf\u00fchrung in die Statistik (Schwerpunkt: Geographie) (5 CP)<\/a><\/p><\/td><td><\/td><\/tr><tr><td><p>Teil 1: Einf\u00fchrung in die Statistik f\u00fcr Geographen (Vorlesung), WS 2009\/10<\/p><\/td><td><\/td><\/tr><tr><td><p>Teil 2: \u00dcbungen zur &#8222;Einf\u00fchrung in die Statistik f\u00fcr Geographen&#8220;, WS 2009\/10<\/p><\/td><td><\/td><\/tr><tr><td><p>Studierende der Mathematik sowie Studierende der Geographie k\u00f6nnen an diesem Modul zwar teilnehmen, jedoch keine Credit Points f\u00fcr den Optionalbereich erwerben!<\/p><\/td><td><\/td><\/tr><tr><td><p><\/p><\/td><td><\/td><\/tr><tr><td width=\"90%\"><p><a href=\"https:\/\/vvz.ruhr-uni-bochum.de\/campus\/all\/module.asp?gguid=0x9B541A9C6C669B4DB82FC3F055152440&amp;tguid=0x5F297762BE9A3B4A9DB8E4C4B2E3CAA4\">H\u00f6here Mathematik I + II (Schwerpunkt: Angewandte Informatik) (10 CP)<\/a><\/p><\/td><td><\/td><\/tr><tr><td><p>Teil 1: H\u00f6here Mathematik I (Vorlesung), WS 2009\/10<\/p><\/td><td><\/td><\/tr><tr><td><p>Teil 2: \u00dcbungen zu &#8222;H\u00f6here Mathematik I&#8220;, WS 2009\/10<\/p><\/td><td><\/td><\/tr><tr><td><p>Teil 3: H\u00f6here Mathematik II (Vorlesung), SoSe 2010<\/p><\/td><td><\/td><\/tr><tr><td><p>Teil 4: \u00dcbungen zu &#8222;H\u00f6here Mathematik II&#8220;, SoSe 2010<\/p><\/td><td><\/td><\/tr><tr><td><p>Studierende der Mathematik k\u00f6nnen an diesem Modul zwar teilnehmen, jedoch keine Credit Points f\u00fcr den Optionalbereich erwerben!<\/p><\/td><td><\/td><\/tr><tr><td><p><\/p><\/td><td><\/td><\/tr><tr><td width=\"90%\"><p><a href=\"https:\/\/vvz.ruhr-uni-bochum.de\/campus\/all\/module.asp?gguid=0xA6A45BF494D85446B0B5DDDD84FCF539&amp;tguid=0x5F297762BE9A3B4A9DB8E4C4B2E3CAA4\">Mathematik (Schwerpunkt: Chemie) (5 CP)<\/a><\/p><\/td><td><\/td><\/tr><tr><td><p>Teil 1: Mathematik f\u00fcr Chemiker I (Vorlesung), WS 2009\/10<\/p><\/td><td><\/td><\/tr><tr><td><p>Teil 2a: \u00dcbungen zu &#8222;Mathematik f\u00fcr Chemiker I&#8220;, WS 2009\/10 oder<\/p><\/td><td><\/td><\/tr><tr><td><p>Teil 2b: \u00dcbungen zu &#8222;Mathematik f\u00fcr Chemiker I&#8220;, WS 2009\/10<\/p><\/td><td><\/td><\/tr><tr><td><p>Studierende der Mathematik sowie Studierende der Chemie k\u00f6nnen an diesem Modul zwar teilnehmen, jedoch keine Credit Points f\u00fcr den Optionalbereich erwerben!<\/p><\/td><td><\/td><\/tr><tr><td><p><\/p><\/td><td><\/td><\/tr><tr><td width=\"90%\"><p><a href=\"https:\/\/vvz.ruhr-uni-bochum.de\/campus\/all\/module.asp?gguid=0x36E116FDE0D24D429D8B0A8E8A69153C&amp;tguid=0x5F297762BE9A3B4A9DB8E4C4B2E3CAA4\">Mathematik (Schwerpunkt: Geowissenschaften) (5 CP)<\/a><\/p><\/td><td><\/td><\/tr><tr><td><p>Teil 1: Mathematik I f\u00fcr Geowissenschaftler und SEPM (Vorlesung), WS 2009\/10<\/p><\/td><td><\/td><\/tr><tr><td><p>Teil 2a: \u00dcbungen zu &#8222;Mathematik I f\u00fcr Geowissenschaftler und SEPM&#8220;, WS 2009\/10<\/p><\/td><td><\/td><\/tr><tr><td><p>Studierende der Mathematik k\u00f6nnen an diesem Modul zwar teilnehmen, jedoch keine Credit Points f\u00fcr den Optionalbereich erwerben!<\/p><\/td><td><\/td><\/tr><tr><td><\/td><td><\/td><\/tr><tr><td colspan=\"2\"><p>Medizin<\/p><\/td><\/tr><tr><td width=\"90%\"><p><a href=\"https:\/\/vvz.ruhr-uni-bochum.de\/campus\/all\/module.asp?gguid=0x190CDD8A179C2348974A24A212DE20FE&amp;fieldgguid=&amp;mode=&amp;findmodule=Klinische&amp;tguid=0x5F297762BE9A3B4A9DB8E4C4B2E3CAA4\">Klinische Neuroanatomie (5 CP)<\/a><\/p><\/td><td><\/td><\/tr><tr><td><p>Teil 1: Klinische Neuroanatomie II (Vorlesung), WS 2009\/2010<\/p><\/td><td><\/td><\/tr><tr><td><p>Teil 2: Klinische Neuroanatomie (\u00dcbung), WS 2009\/2010<\/p><\/td><td><\/td><\/tr><tr><td><p><\/p><\/td><td><\/td><\/tr><tr><td width=\"90%\"><p><a href=\"https:\/\/vvz.ruhr-uni-bochum.de\/campus\/all\/module.asp?gguid=0x0BC692CE149D1E4190484A6DE14BA047&amp;fieldgguid=&amp;findmodule=Flug&amp;tguid=0x5F297762BE9A3B4A9DB8E4C4B2E3CAA4\">Flug-, Reise- und Transportmedizin (5 CP)<\/a><\/p><\/td><td><\/td><\/tr><tr><td><p>Teil 1: Flugphysiologie, physikalische und technische Grundlagen (Seminar), WS 2009\/2010<\/p><\/td><td><\/td><\/tr><tr><td><p>Teil 2: Medizinische Tauglichkeit von Piloten, Passagieren und Patienten (Seminar), WS 2009\/2010<\/p><\/td><td><\/td><\/tr><tr><td><\/td><td><\/td><\/tr><tr><td colspan=\"2\"><p>Orientalistik und Islamwissenschaften<\/p><\/td><\/tr><tr><td width=\"90%\"><p><a href=\"https:\/\/vvz.ruhr-uni-bochum.de\/campus\/all\/module.asp?gguid=0x15977579A22AAB4DA375EC34D0FB4100&amp;tguid=0x5F297762BE9A3B4A9DB8E4C4B2E3CAA4\">Zug\u00e4nge zur islamischen Geschichte und Kultur (5 CP)<\/a><\/p><\/td><td><\/td><\/tr><tr><td><p>Teil 1a: Islam in Europa: Historische Dimensionen, aktuelle Perspektiven (Vorlesung), WS 2009\/10 oder<\/p><\/td><td><\/td><\/tr><tr><td><p>Teil 1b: Glauben und Wissen in der muslimisch-arabischen Tradition (Vorlesung), WS 2009\/10<\/p><\/td><td><\/td><\/tr><tr><td><p>Teil 2: Einf\u00fchrung in die Islamwissenschaft und Arabistik (\u00dcbung), WS 2009\/10<\/p><\/td><td><\/td><\/tr><tr><td><p>Studierende der Orientalistik\/Islamwissenschaften k\u00f6nnen an diesem Modul nicht teilnehmen!<\/p><\/td><td><\/td><\/tr><tr><td><p><\/p><\/td><td><\/td><\/tr><tr><td width=\"90%\"><p><a href=\"https:\/\/vvz.ruhr-uni-bochum.de\/campus\/all\/module.asp?gguid=0xD83AAAA3B4228145AB0667A78D9C328D&amp;fieldgguid=&amp;findmodule=Islam+in+Bosnien&amp;tguid=0x5F297762BE9A3B4A9DB8E4C4B2E3CAA4\">Bosnien am Ende des 20. Jahrhunderts (5 CP)<\/a><\/p><\/td><td><\/td><\/tr><tr><td><p>Teil 1: Der Bosnien-Krieg 1992-1995 (Proseminar), WS 2009\/10<\/p><\/td><td><\/td><\/tr><tr><td><p>Teil 2: Einf\u00fchrung in die Geschichte der bosnischen Sprache (\u00dcbung), WS 2009\/10<\/p><\/td><td><\/td><\/tr><tr><td><p>Studierende der Orientalistik\/Islamwissenschaften k\u00f6nnen an diesem Modul nicht teilnehmen!<\/p><\/td><td><\/td><\/tr><tr><td><\/td><td><\/td><\/tr><tr><td colspan=\"2\"><p>Ostasienwissenschaften<\/p><\/td><\/tr><tr><td width=\"90%\"><p><a href=\"https:\/\/vvz.ruhr-uni-bochum.de\/campus\/all\/module.asp?gguid=0x241657113758514DB236BEAD57170EA0&amp;fieldgguid=&amp;findmodule=Basismodul+Sinologie&amp;tguid=0x5F297762BE9A3B4A9DB8E4C4B2E3CAA4\">Basismodul Sinologie (5 CP)<\/a><\/p><\/td><td><\/td><\/tr><tr><td><p>Teil 1: Einf\u00fchrung in die chinesische Literaturgeschichte, SoSe 2010<\/p><\/td><td><\/td><\/tr><tr><td><p>Teil 2: Chinesische Philosophie, WS 2009\/10<\/p><\/td><td><\/td><\/tr><tr><td><p>Teil 3: Chinesische Geschichte, SoSe 2010<\/p><\/td><td><\/td><\/tr><tr><td><p>2 der angebotenen Modulteile bilden das Modul. Sie k\u00f6nnen frei w\u00e4hlen, welche 2 Teile Sie besuchen m\u00f6chten. Das Modul kann je nach Zusammensetzung sowohl im Winter- als auch Sommersemester begonnen werden. Das Modul ist auch Teil des sinologischen Grundstudiums (f\u00fcr Sinologiestudenten deshalb nicht \u00fcber den Optionalbereich sondern den Studiengang Sinologie kreditiert).<\/p><\/td><td><\/td><\/tr><tr><td><p><\/p><\/td><td><\/td><\/tr><tr><td width=\"90%\"><p><a href=\"https:\/\/vvz.ruhr-uni-bochum.de\/campus\/all\/module.asp?gguid=0x2C63526CC64AC54CB2269296AEF1B9B1&amp;fieldgguid=&amp;mode=&amp;findmodule=Einf%FChrung+in+die+Korea&amp;tguid=0x5F297762BE9A3B4A9DB8E4C4B2E3CAA4\">Einf\u00fchrung in die koreanische Geschichte (5 CP)<\/a><\/p><\/td><td><\/td><\/tr><tr><td><p>Teil 1: Grundkurs: Vormoderne koreanische Geschichte (Einf\u00fchrung in die Geschichte Koreas I), WS 2009\/10<\/p><\/td><td><\/td><\/tr><tr><td><p>Teil 2: Neuere Geschichte Koreas (Einf\u00fchrung in die Geschichte Koreas II), SoSe 2010<\/p><\/td><td><\/td><\/tr><tr><td><p>Studierende der Koreanistik k\u00f6nnen an diesem Modul zwar teilnehmen, jedoch keine Credit Points f\u00fcr den Optionalbereich erwerben!<\/p><\/td><td><\/td><\/tr><tr><td><p><\/p><\/td><td><\/td><\/tr><tr><td width=\"90%\"><p><a href=\"https:\/\/vvz.ruhr-uni-bochum.de\/campus\/all\/module.asp?gguid=0x04E29DD67F98904D8A5E01F6CFAB2566&amp;fieldgguid=&amp;findmodule=Japan+in+Geschichte&amp;tguid=0x5F297762BE9A3B4A9DB8E4C4B2E3CAA4\">Japan in Geschichte und Gegenwart (5 CP)<\/a><\/p><\/td><td><\/td><\/tr><tr><td><p>Teil 1: Japanische Geschichte bis zum 19. Jahrhundert, WS 2009\/2010<\/p><\/td><td><\/td><\/tr><tr><td><p>Teil 2: Die Japanische Geschichte des 20. Jahrhunderts, SoSe 2010<\/p><\/td><td><\/td><\/tr><tr><td><p>Teil 3: Aktuelle Fragen der Japanologie: Feste und Feiern im Jahreszyklus, SoSe 2010<\/p><\/td><td><\/td><\/tr><tr><td><p>2 der angebotenen Modulteile bilden das Modul. Sie k\u00f6nnen frei w\u00e4hlen, welche 2 Teile Sie besuchen m\u00f6chten. Das Modul kann je nach Zusammensetzung sowohl im Winter- als auch Sommersemester begonnen werden. Studierende der Japanologie k\u00f6nnen an diesem Modul nicht teilnehmen.<\/p><\/td><td><\/td><\/tr><tr><td><p><\/p><\/td><td><\/td><\/tr><tr><td width=\"90%\"><p><a href=\"https:\/\/vvz.ruhr-uni-bochum.de\/campus\/all\/module.asp?gguid=0xFEC750006BB04A48A211C0175B94BD32&amp;fieldgguid=&amp;findmodule=Nihongogaku&amp;tguid=0x5F297762BE9A3B4A9DB8E4C4B2E3CAA4\">Nihongogaku (5 CP)<\/a><\/p><\/td><td><\/td><\/tr><tr><td><p>Teil 1: \u00dcberblick \u00fcber die japanische Sprache I (Seminar), WS 2009\/10<\/p><\/td><td><\/td><\/tr><tr><td><p>Teil 2: \u00dcberblick \u00fcber die japanische Sprache II (Seminar), SoSe 2010<\/p><\/td><td><\/td><\/tr><tr><td><p>Studierende der Japanologie k\u00f6nnen an diesem Modul zwar teilnehmen, jedoch keine Credit Points f\u00fcr den Optionalbereich erwerben!<\/p><\/td><td><\/td><\/tr><tr><td><\/td><td><\/td><\/tr><tr><td colspan=\"2\"><p>Philosophie<\/p><\/td><\/tr><tr><td width=\"90%\"><p><a href=\"https:\/\/vvz.ruhr-uni-bochum.de\/campus\/all\/module.asp?gguid=0x762472F348CA9542B92F2ECAA1ECB7FE&amp;tguid=0x5F297762BE9A3B4A9DB8E4C4B2E3CAA4\">Das Sch\u00f6ne und das H\u00e4ssliche &#8211; zwei Grundbegriffe der \u00c4sthetik (5 CP)<\/a><strong> HINWEIS: Das Modul findet komplett im SoSe 2010 statt! Alle angemeldeten Teilnehmer\/innen haben diesbez\u00fcglich eine E-Mail an Ihre RUB-E-Mail-Adresse erhalten!<\/strong><\/p><\/td><td><\/td><\/tr><tr><td><p>Teil 1: Das \u00e4sthetisch Sch\u00f6ne (Seminar), WS 2009\/10<\/p><\/td><td><\/td><\/tr><tr><td><p>Teil 2: Das \u00e4sthetisch H\u00e4ssliche (Seminar), SoSe 2010<\/p><\/td><td><\/td><\/tr><tr><td><p>Studierende des Faches Philosophie d\u00fcrfen an diesem Modul nicht teilnehmen!<\/p><\/td><td><\/td><\/tr><tr><td><p><\/p><\/td><td><\/td><\/tr><tr><td width=\"90%\"><p><a href=\"https:\/\/vvz.ruhr-uni-bochum.de\/campus\/all\/module.asp?gguid=0xE46726301096174AB4EF8872C366FF96&amp;tguid=0x5F297762BE9A3B4A9DB8E4C4B2E3CAA4\">Philosophie im Mittelalter (5 CP)<\/a><\/p><\/td><td><\/td><\/tr><tr><td><p>Teil 1: Einf\u00fchrung in die mittelalterliche Philosophie (Vorlesung), WS 2009\/10<\/p><\/td><td><\/td><\/tr><tr><td><p>Teil 2: Die Philosophie des 13. Jahrhunderts (Seminar), WS 2009\/10<\/p><\/td><td><\/td><\/tr><tr><td><p>Studierende des Faches Philosophie d\u00fcrfen an diesem Modul nicht teilnehmen!<\/p><\/td><td><\/td><\/tr><tr><td><p><\/p><\/td><td><\/td><\/tr><tr><td width=\"90%\"><p><a href=\"https:\/\/vvz.ruhr-uni-bochum.de\/campus\/all\/module.asp?gguid=0x143CE5004953844DADBF28CC680D2537&amp;tguid=0x5F297762BE9A3B4A9DB8E4C4B2E3CAA4\">Visuelles Denken (5 CP)<\/a><\/p><\/td><td><\/td><\/tr><tr><td><p>Teil 1: Bilderstreit (Seminar), WS 2009\/10<\/p><\/td><td><\/td><\/tr><tr><td><p>Teil 2: Philosophie des Films (Seminar), SoSe 2010<\/p><\/td><td><\/td><\/tr><tr><td><p>Studierende des Faches Philosophie d\u00fcrfen an diesem Modul nicht teilnehmen!<\/p><\/td><td><\/td><\/tr><tr><td><p><\/p><\/td><td><\/td><\/tr><tr><td width=\"90%\"><p><a href=\"https:\/\/vvz.ruhr-uni-bochum.de\/campus\/all\/module.asp?gguid=0x41B1E71D3C1D184593B381115A0CAD4D&amp;tguid=0x5F297762BE9A3B4A9DB8E4C4B2E3CAA4\">Wissenschaft &#8211; Was ist das? Ber\u00fchmte Wissenschaftler und Ihre Philosophie (5 CP)<\/a><\/p><\/td><td><\/td><\/tr><tr><td><p>Teil 1: Grundlagen der Wissenschaftstheorie (Seminar), WS 2009\/10<\/p><\/td><td><\/td><\/tr><tr><td><p>Teil 2: Fallbeispiele aus der Wissenschaftsgeschichte (Seminar), WS 2009\/10<\/p><\/td><td><\/td><\/tr><tr><td><p>Studierende des Faches Philosophie d\u00fcrfen an diesem Modul nicht teilnehmen!<\/p><\/td><td><\/td><\/tr><tr><td><\/td><td><\/td><\/tr><tr><td colspan=\"2\"><p>Physik und Astronomie<\/p><\/td><\/tr><tr><td width=\"90%\"><p><a href=\"https:\/\/vvz.ruhr-uni-bochum.de\/campus\/all\/module.asp?gguid=0xCEA7C740C0DE3F478EECCCD6DC918AA1&amp;tguid=0x5F297762BE9A3B4A9DB8E4C4B2E3CAA4\">Analogelektronik (5 CP)<\/a><\/p><\/td><td><\/td><\/tr><tr><td><p>Teil 1: Analogelektronik (Vorlesung), WS 2009\/10<\/p><\/td><td><\/td><\/tr><tr><td><p>Teil 2: \u00dcbungen zur Analogelektronik, WS 2009\/10<\/p><\/td><td><\/td><\/tr><tr><td><p>Studierende der Physik k\u00f6nnen sich dieses Modul nicht f\u00fcr den Optionalbereich anrechnen lassen!<\/p><\/td><td><\/td><\/tr><tr><td><p><\/p><\/td><td><\/td><\/tr><tr><td width=\"90%\"><p><a href=\"https:\/\/vvz.ruhr-uni-bochum.de\/campus\/all\/module.asp?gguid=0xA16AE5024B0F1F479889CD84B25F7E58&amp;tguid=0x5F297762BE9A3B4A9DB8E4C4B2E3CAA4\">Mathematische Hilfsmittel der Physik (5 CP)<\/a><\/p><\/td><td><\/td><\/tr><tr><td><p>Teil 1: Einf\u00fchrung in die mathematischen Hilfsmittel der Physik (Vorlesung), WS 2009\/10<\/p><\/td><td><\/td><\/tr><tr><td><p>Teil 2: \u00dcbungen zur Einf\u00fchrung in die mathematischen Hilfsmittel der Physik, WS 2009\/10<\/p><\/td><td><\/td><\/tr><tr><td><p>Studierende der Mathematik sowie der Physik k\u00f6nnen sich dieses Modul nicht f\u00fcr den Optionalbereich anrechnen lassen!<\/p><\/td><td><\/td><\/tr><tr><td><p><\/p><\/td><td><\/td><\/tr><tr><td width=\"90%\"><p><a href=\"https:\/\/vvz.ruhr-uni-bochum.de\/campus\/all\/module.asp?gguid=0x69BA1E4D129AA7448BEBEA40C413B387&amp;tguid=0x5F297762BE9A3B4A9DB8E4C4B2E3CAA4\">Mathematische Methoden der Physik (5 CP)<\/a><\/p><\/td><td><\/td><\/tr><tr><td><p>Teil 1: Mathematische Methoden der Physik (Vorlesung), WS 2009\/10<\/p><\/td><td><\/td><\/tr><tr><td><p>Teil 2: \u00dcbungen zu Mathematische Methoden der Physik, WS 2009\/10<\/p><\/td><td><\/td><\/tr><tr><td><p>Studierende der Mathematik sowie der Physik k&amp;ouml;nnen sich dieses Modul nicht f&amp;uuml;r den Optionalbereich anrechnen lassen!<\/p><\/td><td><\/td><\/tr><tr><td><p><\/p><\/td><td><\/td><\/tr><tr><td width=\"90%\"><p><a href=\"https:\/\/vvz.ruhr-uni-bochum.de\/campus\/all\/module.asp?gguid=0x12C096F7DAAA47498974A5E2E9C61E6F&amp;tguid=0x5F297762BE9A3B4A9DB8E4C4B2E3CAA4\">Physik f\u00fcr Nicht-Physiker I (5 CP)<\/a><\/p><\/td><td><\/td><\/tr><tr><td><p>Teil 1: Physik f\u00fcr Nicht-Physikerinnen und Nicht-Physiker (Vorlesung), WS 2009\/10<\/p><\/td><td><\/td><\/tr><tr><td><p>Teil 2: \u00dcbungen zu Physik f\u00fcr Nicht-Physikerinnen und Nicht-Physiker, WS 2009\/10<\/p><\/td><td><\/td><\/tr><tr><td><p>Studierende der Physik k\u00f6nnen an diesem Modul nicht teilnehmen!<\/p><\/td><td><\/td><\/tr><tr><td><p><\/p><\/td><td><\/td><\/tr><tr><td width=\"90%\"><p><a href=\"https:\/\/vvz.ruhr-uni-bochum.de\/campus\/all\/module.asp?gguid=0xEC43D13F7213F444999775ABBEF71E44&amp;tguid=0x5F297762BE9A3B4A9DB8E4C4B2E3CAA4\">Physik I (Schwerpunkt Biologie) (5 CP)<\/a><\/p><\/td><td><\/td><\/tr><tr><td><p>Teil 1: Physik I f\u00fcr Studierende der Biologie (Vorlesung), WS 2009\/10<\/p><\/td><td><\/td><\/tr><tr><td><p>Teil 2: \u00dcbungen zur Physik I f\u00fcr Studierende der Biologie, WS 2009\/10<\/p><\/td><td><\/td><\/tr><tr><td><p>Studierende der Physik k\u00f6nnen an diesem Modul nicht teilnehmen!<\/p><\/td><td><\/td><\/tr><tr><td><p><\/p><\/td><td><\/td><\/tr><tr><td width=\"90%\"><p><a href=\"https:\/\/vvz.ruhr-uni-bochum.de\/campus\/all\/module.asp?gguid=0x214313404D7E4849B4EAA91383DE1753&amp;tguid=0x5F297762BE9A3B4A9DB8E4C4B2E3CAA4\">Physik I (Schwerpunkt Chemie, Biochemie, Geowissenschaften) (5 CP)<\/a><\/p><\/td><td><\/td><\/tr><tr><td><p>Teil 1: Physik I f\u00fcr Studierende der Biochemie, Chemie und Geowissenschaften , WS 2009\/10<\/p><\/td><td><\/td><\/tr><tr><td><p>Teil 2: \u00dcbungen zur Physik I f\u00fcr Studierende der Biochemie, Chemie und Geowissenschaften, WS 2009\/10<\/p><\/td><td><\/td><\/tr><tr><td><p>Studierende der Physik k\u00f6nnen an diesem Modul nicht teilnehmen!<\/p><\/td><td><\/td><\/tr><tr><td><p><\/p><\/td><td><\/td><\/tr><tr><td width=\"90%\"><p><a href=\"https:\/\/vvz.ruhr-uni-bochum.de\/campus\/all\/module.asp?gguid=0x783EB5F7580F934E942782093D40261F&amp;expand=0x5F297762BE9A3B4A9DB8E4C4B2E3CAA4&amp;tguid=0x5F297762BE9A3B4A9DB8E4C4B2E3CAA4#0x5F297762BE9A3B4A9DB8E4C4B2E3CAA4\">Physik des Universums: Vom Urknall bis zur Supernova (OPT) (5 CP)<\/a><\/p><\/td><td><\/td><\/tr><tr><td><p>Teil 1: Physik des Universums: Vom Urknall bis zur Supernova (Vorlesung), WS 2009\/10<\/p><\/td><td><\/td><\/tr><tr><td><p>Teil 2: \u00dcbungen zur Physik des Universums: Vom Urknall bis zur Supernova, WS 2009\/10<\/p><\/td><td><\/td><\/tr><tr><td><p>Studierende der Physik k\u00f6nnen an diesem Modul nicht teilnehmen!<\/p><\/td><td><\/td><\/tr><tr><td><\/td><td><\/td><\/tr><tr><td colspan=\"2\"><p>Rechtswissenschaft<\/p><\/td><\/tr><tr><td width=\"90%\"><p><a href=\"https:\/\/vvz.ruhr-uni-bochum.de\/campus\/all\/module.asp?gguid=0x4B6899A56FA3514C98F6BEB1BF6FE251&amp;tguid=0x5F297762BE9A3B4A9DB8E4C4B2E3CAA4\">Kriminologie (5 CP)<\/a><\/p><\/td><td><\/td><\/tr><tr><td><p>Teil 1: Kriminologie (Vorlesung), WS 2009\/10<\/p><\/td><td><\/td><\/tr><tr><td><p>Teil 2: Ausgw\u00e4hlte Themen zur Kriminologie (Erg\u00e4nzende Vorlesung), WS 2009\/10<\/p><\/td><td><\/td><\/tr><tr><td><\/td><td><\/td><\/tr><tr><td colspan=\"2\"><p>Sozialwissenschaft<\/p><\/td><\/tr><tr><td width=\"90%\"><p><a href=\"https:\/\/vvz.ruhr-uni-bochum.de\/campus\/all\/module.asp?gguid=0x9FB78C21675AE546B01B3935EC65E4C7&amp;tguid=0x5F297762BE9A3B4A9DB8E4C4B2E3CAA4\">Arbeits-, Wirtschafts- und Organisationssoziologie (5 CP)<\/a><\/p><\/td><td><\/td><\/tr><tr><td><p>Teil 1a: Einf\u00fchrung in die Arbeits-, Wirtschafts- und Organisationssoziologie (Seminar), WS 2009\/10 oder<\/p><\/td><td><\/td><\/tr><tr><td><p>Teil 1b: Einf\u00fchrung in die Arbeits-, Wirtschafts- und Organisationssoziologie (Seminar), WS 2009\/10<\/p><\/td><td><\/td><\/tr><tr><td><p>Teil 2: Strukturierte Betreuung (\u00dcbung), WS 2009\/10<\/p><\/td><td><\/td><\/tr><tr><td><p>Studierende der F\u00e4cher PWG, KIG und Soziologie sowie des Studiengangs Sozialwissenschaft k\u00f6nnen an diesem Modul nicht teilnehmen!<\/p><\/td><td><\/td><\/tr><tr><td><p><\/p><\/td><td><\/td><\/tr><tr><td width=\"90%\"><p><a href=\"https:\/\/vvz.ruhr-uni-bochum.de\/campus\/all\/module.asp?gguid=0x8EBF3C6E089DF1468326AE4C8762C314&amp;tguid=0x5F297762BE9A3B4A9DB8E4C4B2E3CAA4\">Einf\u00fchrung in die Wirtschafts- und Sozialpolitik (5 CP)<\/a><\/p><\/td><td><\/td><\/tr><tr><td><p>Teil 1: Einf\u00fchrung in die Wirtschafts- und Sozialpolitik (Vorlesung), WS 2009\/10<\/p><\/td><td><\/td><\/tr><tr><td><p>Teil 2: Wirtschafts- und Sozialpolitik (\u00dcbung), WS 2009\/10<\/p><\/td><td><\/td><\/tr><tr><td><p>Studierende der F\u00e4cher PWG, Soziologie, Politikwissenschaft und Sozialpsychologie\/-anthropologie sowie des Studiengangs Sozialwissenschaft k\u00f6nnen an diesem Modul nicht teilnehmen!<\/p><\/td><td><\/td><\/tr><tr><td><p><\/p><\/td><td><\/td><\/tr><tr><td width=\"90%\"><p><a href=\"https:\/\/vvz.ruhr-uni-bochum.de\/campus\/all\/module.asp?gguid=0xF54F933B3DA2CD42AE3F9996AFEEFC30&amp;tguid=0x5F297762BE9A3B4A9DB8E4C4B2E3CAA4\">Internationalisierung (5 CP)<\/a><\/p><\/td><td><\/td><\/tr><tr><td><p>Teil 1: Migrationsland Deutschland &#8211; Wanderungsbewegungen gestern und heute (Seminar), WS 2009\/10<\/p><\/td><td><\/td><\/tr><tr><td><p>Teil 2: Strukturierte Betreuung (\u00dcbung), WS 2009\/10<\/p><\/td><td><\/td><\/tr><tr><td><p>Studierende der F\u00e4cher KIG und Soziologie sowie des Studiengangs Sozialwissenschaft k\u00f6nnen an diesem Modul nicht teilnehmen!<\/p><\/td><td><\/td><\/tr><tr><td><p><\/p><\/td><td><\/td><\/tr><tr><td width=\"90%\"><p><a href=\"https:\/\/vvz.ruhr-uni-bochum.de\/campus\/all\/module.asp?gguid=0x7275560C9BD4A24286D681EB40CC3EA5&amp;tguid=0x5F297762BE9A3B4A9DB8E4C4B2E3CAA4\">Management, Arbeit, Organisation (MAO) (5 CP)<\/a><\/p><\/td><td><\/td><\/tr><tr><td><p>Teil 1: Management, Arbeit, Organisation &#8211; Strukturen, Akteure und Handlungsfelder (Seminar), WS 2009\/10<\/p><\/td><td><\/td><\/tr><tr><td><p>Teil 2: Betriebspraxis &#8211; Exkursion in Unternehmen (Diskussionen ausgew\u00e4hlter aktueller Problemfelder mit Arbeitgeber-\/Arbeitnehmervertretern) (\u00dcbung), SoSe 2010<\/p><\/td><td><\/td><\/tr><tr><td><p>Studierende der Sportwissenschaft, der Soziologie, des Faches PWG sowie des Faches Sozialwissenschaft k\u00f6nnen an diesem Modul nicht teilnehmen!<\/p><\/td><td><\/td><\/tr><tr><td><p><\/p><\/td><td><\/td><\/tr><tr><td width=\"90%\"><p><a href=\"https:\/\/vvz.ruhr-uni-bochum.de\/campus\/all\/module.asp?gguid=0xE192271E6DE00B49AAA780DD1A342875&amp;tguid=0x5F297762BE9A3B4A9DB8E4C4B2E3CAA4\">Politikwissenschaft: Internationale Beziehungen (5 CP)<\/a><\/p><\/td><td><\/td><\/tr><tr><td><p>Teil 1: Einf\u00fchrung in die Internationalen Beziehungen (Vorlesung), WS 2009\/10<\/p><\/td><td><\/td><\/tr><tr><td><p>Teil 2a: Emerging Powers and the Bretton Woods System (Seminar), WS 2009\/10 oder<\/p><\/td><td><\/td><\/tr><tr><td><p>Teil 2b: Strategien und Theorien der internationalen Sicherheit (Seminar), WS 2009\/10<\/p><\/td><td><\/td><\/tr><tr><td><p>Studierende des Faches Politikwissenschaft, des Faches Politik, Wirtschaft und Gesellschaft, sowie des Faches Sozialwissenschaft k\u00f6nnen an dem Modul nicht teilnehmen!<\/p><\/td><td><\/td><\/tr><tr><td><p><\/p><\/td><td><\/td><\/tr><tr><td width=\"90%\"><p><a href=\"https:\/\/vvz.ruhr-uni-bochum.de\/campus\/all\/module.asp?gguid=0x4FB535B012DBAC4C86D4D8AC469AADBA&amp;tguid=0x5F297762BE9A3B4A9DB8E4C4B2E3CAA4\">Politikwissenschaft: Politisches System Deutschlands (5 CP)<\/a><\/p><\/td><td><\/td><\/tr><tr><td><p>Teil 1: Einf\u00fchrung in das politische System Deutschlands (Vorlesung), WS 2009\/10<\/p><\/td><td><\/td><\/tr><tr><td><p>Teil 2a: Das deutsche Regierungssystem: Regieren innerhalb der europ\u00e4ischen Union (Seminar), WS 2009\/10 oder<\/p><\/td><td><\/td><\/tr><tr><td><p>Teil 2b: Das f\u00f6derale System der BRD (Seminar), WS 2009\/10 oder<\/p><\/td><td><\/td><\/tr><tr><td><p>Teil 2c: Kommunalpolitik und Kommunalverwaltung (Seminar), WS 2009\/10 oder<\/p><\/td><td><\/td><\/tr><tr><td><p>Teil 2d: Verwaltung und Verwaltungswissenschaft in Deutschland (Seminar), WS 2009\/10 oder<\/p><\/td><td><\/td><\/tr><tr><td><p>Teil 2e: Wahlen und W\u00e4hlerverhalten (Seminar), WS 2009\/10<\/p><\/td><td><\/td><\/tr><tr><td><p>Studierende der F\u00e4cher PWG, KIG und Politikwissenschaft sowie des Studienganges Sozialwissenschaft k\u00f6nnen an dem Modul nicht teilnehmen!<\/p><\/td><td><\/td><\/tr><tr><td><p><\/p><\/td><td><\/td><\/tr><tr><td width=\"90%\"><p><a href=\"https:\/\/vvz.ruhr-uni-bochum.de\/campus\/all\/module.asp?gguid=0xEE8A254138822744B01241A0C0A86C21&amp;tguid=0x5F297762BE9A3B4A9DB8E4C4B2E3CAA4\">Politikwissenschaft: Vergleichende Regierungslehre (5 CP)<\/a><\/p><\/td><td><\/td><\/tr><tr><td><p>Teil 1: Einf\u00fchrung in die Vergleichende Regierungslehre (Vorlesung), WS 2009\/10<\/p><\/td><td><\/td><\/tr><tr><td><p>Teil 2a: Einf\u00fchrung in das Regieren im Europ\u00e4ischen Mehrebenensystem (Seminar), WS 2009\/10 oder<\/p><\/td><td><\/td><\/tr><tr><td><p>Teil 2b: Einf\u00fchrung in die Politikfeldanalyse (Seminar), WS 2009\/10 oder<\/p><\/td><td><\/td><\/tr><tr><td><p>Teil 2c: Politische Systeme im Vergleich (Seminar), WS 2009\/10 oder<\/p><\/td><td><\/td><\/tr><tr><td><p>Teil 2d: Wandel durch Demonstrationen ? &#8211; Erfolgsaussichten von Demokratiebewegungen im Vergleich (Seminar), WS 2009\/10<\/p><\/td><td><\/td><\/tr><tr><td><p>Studierende des Faches Politikwissenschaft sowie des Studiengangs Sozialwissenschaft k\u00f6nnen an diesem Modul nicht teilnehmen!<\/p><\/td><td><\/td><\/tr><tr><td><p><\/p><\/td><td><\/td><\/tr><tr><td width=\"90%\"><p><a href=\"https:\/\/vvz.ruhr-uni-bochum.de\/campus\/all\/module.asp?gguid=0xB4117D03048D7641867512B630DF0B30&amp;tguid=0x5F297762BE9A3B4A9DB8E4C4B2E3CAA4\">Sozial- und Kulturpsychologie (5 CP)<\/a><\/p><\/td><td><\/td><\/tr><tr><td><p>Teil 1: Einf\u00fchrung in die Sozial- und Kulturpsychologie (Vorlesung), WS 2009\/10<\/p><\/td><td><\/td><\/tr><tr><td><p>Teil 2: Strukturierte Betreuung (\u00dcbung), WS 2009\/10<\/p><\/td><td><\/td><\/tr><tr><td><p>Studierende des Faches Sozialpsychologie und -anthropologie sowie des Studiengangs Sozialwissenschaft k\u00f6nnen an dem Modul nicht teilnehmen!<\/p><\/td><td><\/td><\/tr><tr><td><p><\/p><\/td><td><\/td><\/tr><tr><td width=\"90%\"><p><a href=\"https:\/\/vvz.ruhr-uni-bochum.de\/campus\/all\/module.asp?gguid=0x0CEDF62875B8EE4B9841AC40C08414E0&amp;tguid=0x5F297762BE9A3B4A9DB8E4C4B2E3CAA4\">Sozialpsychologische Aspekte der Dienstleistungsgesellschaft (5 CP)<\/a><\/p><\/td><td><\/td><\/tr><tr><td><p>Teil 1: Interaktion und Kommunikation in personenbezogenen Dienstleistungen (Vorlesung), WS 2009\/10<\/p><\/td><td><\/td><\/tr><tr><td><p>Teil 2: Strukturierte Betreuung (\u00dcbung), WS 2009\/10<\/p><\/td><td><\/td><\/tr><tr><td><p>Studierende des Faches Sozialpsychologie und -anthropologie sowie des Studiengangs Sozialwissenschaft k\u00f6nnen an dem Modul nicht teilnehmen!<\/p><\/td><td><\/td><\/tr><tr><td><p><\/p><\/td><td><\/td><\/tr><tr><td width=\"90%\"><p><a href=\"https:\/\/vvz.ruhr-uni-bochum.de\/campus\/all\/module.asp?gguid=0x6EF6E4E5A87BB74F9DE742A51D3A07F8&amp;tguid=0x5F297762BE9A3B4A9DB8E4C4B2E3CAA4\">Sozialtheorie (5 CP)<\/a><\/p><\/td><td><\/td><\/tr><tr><td><p>Teil 1: Klassiker der Sozial- und Kulturtheorie (Vorlesung), WS 2009\/10<\/p><\/td><td><\/td><\/tr><tr><td><p>Teil 2: Strukturierte Betreuung (\u00dcbung), WS 2009\/10<\/p><\/td><td><\/td><\/tr><tr><td><p>Studierende des Faches Sozialpsychologie und -anthropologie sowie des Studiengangs Sozialwissenschaft k\u00f6nnen an dem Modul nicht teilnehmen!<\/p><\/td><td><\/td><\/tr><tr><td><p><\/p><\/td><td><\/td><\/tr><tr><td width=\"90%\"><p><a href=\"https:\/\/vvz.ruhr-uni-bochum.de\/campus\/all\/module.asp?gguid=0x564D47B3F903DC41A5CEC80C7A2E087B&amp;tguid=0x5F297762BE9A3B4A9DB8E4C4B2E3CAA4\">Soziologie I (5 CP)<\/a><\/p><\/td><td><\/td><\/tr><tr><td><p>Teil 1: Einf\u00fchrung in die Soziologie I (Vorlesung), WS 2009\/10<\/p><\/td><td><\/td><\/tr><tr><td><p>Teil 2: Strukturierte Betreuung (\u00dcbung), WS 2009\/10<\/p><\/td><td><\/td><\/tr><tr><td><p>Studierende der F\u00e4cher PWG, KIG, Soziologie, Politikwissenschaft und Sozialpsychologie\/-anthropologie sowie des Studiengangs Sozialwissenschaft k\u00f6nnen an diesem Modul nicht teilnehmen!<\/p><\/td><td><\/td><\/tr><tr><td><p><\/p><\/td><td><\/td><\/tr><tr><td width=\"90%\"><p><a href=\"https:\/\/vvz.ruhr-uni-bochum.de\/campus\/all\/module.asp?gguid=0xBD092D73B6EE264FA9413C36824C5DE9&amp;tguid=0x5F297762BE9A3B4A9DB8E4C4B2E3CAA4\">Soziologie II (5 CP)<\/a><\/p><\/td><td><\/td><\/tr><tr><td><p>Teil 1: Einf\u00fchrung in die Soziologie II (Vorlesung), WS 2009\/10<\/p><\/td><td><\/td><\/tr><tr><td><p>Teil 2: Strukturierte Betreuung (\u00dcbung), WS 2009\/10<\/p><\/td><td><\/td><\/tr><tr><td><p>Studierende der F\u00e4cher PWG, KIG, Soziologie, Politikwissenschaft und Sozialpsychologie\/-anthropologie sowie des Studiengangs Sozialwissenschaft k\u00f6nnen an diesem Modul nicht teilnehmen!<\/p><\/td><td><\/td><\/tr><tr><td><p><\/p><\/td><td><\/td><\/tr><tr><td width=\"90%\"><p><a href=\"https:\/\/vvz.ruhr-uni-bochum.de\/campus\/all\/module.asp?gguid=0x505548565DB2624E8448FE73DCA3ABB1&amp;tguid=0x5F297762BE9A3B4A9DB8E4C4B2E3CAA4\">Theorie und Analyse von Gegenwartsgesellschaften (5 CP)<\/a><\/p><\/td><td><\/td><\/tr><tr><td><p>Teil 1: Einf\u00fchrung in die Soziologie III (Vorlesung), WS 2009\/10<\/p><\/td><td><\/td><\/tr><tr><td><p>Teil 2: Strukturierte Betreuung (\u00dcbung), WS 2009\/10<\/p><\/td><td><\/td><\/tr><tr><td><p>Studierende des Faches Soziologie sowie des Studienganges Sozialwissenschaft k\u00f6nnen an diesem Modul nicht teilnehmen!<\/p><\/td><td><\/td><\/tr><tr><td><\/td><td><\/td><\/tr><tr><td colspan=\"2\"><p>Sportwissenschaft<\/p><\/td><\/tr><tr><td width=\"90%\"><p><a href=\"https:\/\/vvz.ruhr-uni-bochum.de\/campus\/all\/module.asp?gguid=0x5ED5D77DDF25FB42ACF2F1A1E91EDCB2&amp;fieldgguid=&amp;mode=&amp;findmodule=Aufbau&amp;tguid=0x5F297762BE9A3B4A9DB8E4C4B2E3CAA4\">Aufbau des K\u00f6rpers sowie Funktionsweise in Ruhe und w\u00e4hrend k\u00f6rperlicher Belastung (5 CP)<\/a><\/p><\/td><td><\/td><\/tr><tr><td><p>Teil 1: Einf\u00fchrung in die Sportp\u00e4dagogik und Sportdidaktik (Vorlesung), WS 2009\/10<\/p><\/td><td><\/td><\/tr><tr><td><p>Teil 2: Aufbau des K\u00f6rpers sowie Funktionsweise in Ruhe und w\u00e4hrend k\u00f6rperlicher Belastung (\u00dcbung), WS 2009\/10<\/p><\/td><td><\/td><\/tr><tr><td><p>Studierende der Sportwissenschaft k\u00f6nnen an diesem Modul nicht teilnehmen!<\/p><\/td><td><\/td><\/tr><tr><td><p><\/p><\/td><td><\/td><\/tr><tr><td width=\"90%\"><p><a href=\"https:\/\/vvz.ruhr-uni-bochum.de\/campus\/all\/module.asp?gguid=0x8F089D6BB4CE7B439AA9F93AB7BC537F&amp;tguid=0x5F297762BE9A3B4A9DB8E4C4B2E3CAA4\">Sportsoziologie (5 CP)<\/a><\/p><\/td><td><\/td><\/tr><tr><td><p>Teil 1: Sport in soziologischer Perspektive (Vorlesung), WS 2009\/10<\/p><\/td><td><\/td><\/tr><tr><td><p>Teil 2a: Sport &#8211; Medien &#8211; Rezipienten (Seminar), WS 2009\/10<\/p><\/td><td><\/td><\/tr><tr><td><p>Teil 2b: Die Sportvereine: Ann\u00e4herung an ein soziologisches Ph\u00e4nomen (Seminar), WS 2009\/10<\/p><\/td><td><\/td><\/tr><tr><td><p>Studierende der Sportwissenschaft k\u00f6nnen an diesem Modul nicht teilnehmen!<\/p><\/td><td><\/td><\/tr><tr><td><p><\/p><\/td><td><\/td><\/tr><tr><td width=\"90%\"><p><a href=\"https:\/\/vvz.ruhr-uni-bochum.de\/campus\/all\/module.asp?gguid=0x6F3BB77D6558554C99F1DEBE87F14ED5&amp;fieldgguid=&amp;findmodule=Sport+und+Erziehung&amp;tguid=0x5F297762BE9A3B4A9DB8E4C4B2E3CAA4\">Sport und Erziehung (5 CP)<\/a><\/p><\/td><td><\/td><\/tr><tr><td><p>Teil 1: Einf\u00fchrung in die Sportp\u00e4dagogik und Sportdidaktik (Vorlesung), WS 2009\/10<\/p><\/td><td><\/td><\/tr><tr><td><p>Teil 2a: Sportdidaktische Grundpositionen (Schmidt-Millard)(Seminar), WS 2009\/10<\/p><\/td><td><\/td><\/tr><tr><td><p>Teil 2b: Das Spielen entdecken und Spielr\u00e4ume nutzen &#8211; Umsetzung der Rahmenvorgaben f\u00fcr den Schulsport in NRW (Breuer) (Seminar), WS 2009\/10<\/p><\/td><td><\/td><\/tr><tr><td><p>Studierende der Sportwissenschaft k\u00f6nnen an diesem Modul nicht teilnehmen!<\/p><\/td><td><\/td><\/tr><tr><td><\/td><td><\/td><\/tr><tr><td colspan=\"2\"><p>Theaterwissenschaft<\/p><\/td><\/tr><tr><td width=\"90%\"><p><a href=\"https:\/\/vvz.ruhr-uni-bochum.de\/campus\/all\/module.asp?gguid=0x7D34050D153A88438A2C192679B97734&amp;expand=0x5F297762BE9A3B4A9DB8E4C4B2E3CAA4&amp;tguid=0x5F297762BE9A3B4A9DB8E4C4B2E3CAA4#0x5F297762BE9A3B4A9DB8E4C4B2E3CAA4\">Theatergeschichte (5 CP)<\/a><\/p><\/td><td><\/td><\/tr><tr><td><p>Teil 1: Ich aber werde dunkel sein. Zur &#8222;Entdeckung&#8220; des Individuums im Theater des Jakob Michael Reinhold Lenz (Seminar), WS 2009\/10<\/p><\/td><td><\/td><\/tr><tr><td><p>Teil 2: Moli\u00e8re und die Kom\u00f6die der franz\u00f6sischen Klassik (Seminar), WS 2009\/10<\/p><\/td><td><\/td><\/tr><tr><td width=\"100%\"><p>Studierende der Theaterwissenschaft k\u00f6nnen an diesem Modul nicht teilnehmen.<\/p><\/td><td><\/td><\/tr><tr><td><\/td><td><\/td><\/tr><tr><td colspan=\"2\"><p>Wirtschaftswissenschaft<\/p><\/td><\/tr><tr><td width=\"90%\"><p><a href=\"https:\/\/vvz.ruhr-uni-bochum.de\/campus\/all\/module.asp?gguid=0x4BFAB34DBA14374F966BF7DDA29A8EC5&amp;tguid=0x5F297762BE9A3B4A9DB8E4C4B2E3CAA4\">Einf\u00fchrung in das Rechnungswesen\/Controlling (5 CP)<\/a><\/p><\/td><td><\/td><\/tr><tr><td><p>Teil 1: Einf\u00fchrung in das Rechnungswesen\/Controlling (Vorlesung), WS 2009\/10<\/p><\/td><td><\/td><\/tr><tr><td><p>Teil 2: \u00dcbung zur Einf\u00fchrung in das Rechnungswesen\/Controlling, WS 2009\/10<\/p><\/td><td><\/td><\/tr><tr><td><p>Studierende der Wirtschaftswissenschaften k\u00f6nnen an diesem Modul nicht teilnehmen!<\/p><\/td><td><\/td><\/tr><tr><td><p><\/p><\/td><td><\/td><\/tr><tr><td width=\"90%\"><p><a href=\"https:\/\/vvz.ruhr-uni-bochum.de\/campus\/all\/module.asp?gguid=0xCBBCA7B66BDDCC48917A00B1DE996E43&amp;tguid=0x5F297762BE9A3B4A9DB8E4C4B2E3CAA4\">Einf\u00fchrung in die Betriebs- sowie Volkswirtschaftslehre (5 CP)<\/a><\/p><\/td><td><\/td><\/tr><tr><td><p>Teil 1: Einf\u00fchrung in die VWL f\u00fcr Nicht\u00f6konomen (Vorlesung), WS 2009\/10<\/p><\/td><td><\/td><\/tr><tr><td><p>Teil 2: Einf\u00fchrung in die BWL f\u00fcr Nicht\u00f6konomen (Vorlesung), SoSe 2010<\/p><\/td><td><\/td><\/tr><tr><td><p>Studierende der Wirtschaftswissenschaften k\u00f6nnen an diesem Modul nicht teilnehmen!<\/p><\/td><td><\/td><\/tr><tr><td><p><\/p><\/td><td><\/td><\/tr><tr><td width=\"90%\"><p><a href=\"https:\/\/vvz.ruhr-uni-bochum.de\/campus\/all\/module.asp?gguid=0xF252A2763C698B45BDDB8384D40DA6A0&amp;tguid=0x5F297762BE9A3B4A9DB8E4C4B2E3CAA4\">Grundlagen des Marketing (5 CP)<\/a><\/p><\/td><td><\/td><\/tr><tr><td><p>Teil 1: Wirtschaften &#8211; Grundlagen und Theorien (Seminar), WS 2009\/10<\/p><\/td><td><\/td><\/tr><tr><td><p>Teil 2: Marketing &#8211; Instrumente und ihre Anwendung (Seminar), WS 2009\/10<\/p><\/td><td><\/td><\/tr><tr><td><p>Studierende der Wirtschaftwissenschaft (BWL\/VWL), der Wirtschaft und Politik Ostasiens oder der PWG (Politik, Wirtschaft und Gesellschaft) und Teilnehmer\/Absolventen des Moduls &#8218;Eine fallorientierte Einf\u00fchrung in die \u00d6konomie&#8216; k\u00f6nnen an diesem Modul nicht teilnehmen!<\/p><\/td><td><\/td><\/tr><tr><td><\/td><td><\/td><\/tr><tr><td colspan=\"2\"><p>Interdisziplin\u00e4re Module<\/p><\/td><\/tr><tr><td width=\"90%\"><p><a href=\"https:\/\/vvz.ruhr-uni-bochum.de\/campus\/all\/module.asp?gguid=0x43A9289E2E06454FA1B12E45B03DCA35&amp;tguid=0x5F297762BE9A3B4A9DB8E4C4B2E3CAA4\">&#8222;1989: Die Erfahrung der Freiheit&#8220; &#8211; Deutschland und Europa im Umbruch (5 CP)<\/a><\/p><\/td><td><\/td><\/tr><tr><td><p>Teil 1: &#8222;Die Erfahrung der Freiheit&#8220; &#8211; Die Friedliche Revolution 1989\/90 im europ\u00e4ischen und internationalen Kontext (Ringvorlesung), WS 2009\/10<\/p><\/td><td><\/td><\/tr><tr><td><p>Teil 2: Provokation Freiheit&#8220; &#8211; K\u00fcnstlerische und kulturelle Antworten auf die Umbr\u00fcche in Deutschland und Europa (\u00dcbung), WS 2009\/10<\/p><\/td><td><\/td><\/tr><tr><td><p>Teil 3: Begleitveranstaltungen (Ausstellung, Konferenz, Lesungen &#8211; siehe Aush\u00e4nge und Institutshomepage), WS 2009\/10<\/p><\/td><td><\/td><\/tr><tr><td><p><\/p><\/td><td><\/td><\/tr><tr><td width=\"90%\"><p><a href=\"https:\/\/vvz.ruhr-uni-bochum.de\/campus\/all\/module.asp?gguid=0x40739EA87337FD439DA40CD3940E9CD8&amp;tguid=0x5F297762BE9A3B4A9DB8E4C4B2E3CAA4\">A cappella, Boygroups und Close harmony (5 CP)<\/a><\/p><\/td><td><\/td><\/tr><tr><td><p>Teil 1: A cappella, Boygroups und Close harmony: Von den Comedian Harmonists bis zu den Wise Guys (Seminar), WS 2009\/10<\/p><\/td><td><\/td><\/tr><tr><td><p>Teil 2: A cappella, Boygroups und Close harmony: Einstudierung entsprechender Arrangements (Praktische \u00dcbung), WS 2009\/10<\/p><\/td><td><\/td><\/tr><tr><td><p>Interesse an der oben genannten Musikrichtung und eine grunds\u00e4tzliche Eignung zum Singen werden vorausgesetzt!<\/p><\/td><td><\/td><\/tr><tr><td><p><\/p><\/td><td><\/td><\/tr><tr><td width=\"90%\"><p><a href=\"https:\/\/vvz.ruhr-uni-bochum.de\/campus\/all\/module.asp?gguid=0x3C35769888271D49958E14B545C1714E&amp;tguid=0x5F297762BE9A3B4A9DB8E4C4B2E3CAA4\">Berufswege ins Musikgesch\u00e4ft (5 CP)<\/a><\/p><\/td><td><\/td><\/tr><tr><td><p>Teil 1: Berufsfelder in der Musikindustrie (Seminar), WS 2009\/10<\/p><\/td><td><\/td><\/tr><tr><td><p>Teil 2: &#8222;Zukunftsmusik&#8220;: Entwicklung der Musikwirtschaft bis heute und neue Wege in die Zukunft (Seminar), WS 2009\/10<\/p><\/td><td><\/td><\/tr><tr><td><p><\/p><\/td><td><\/td><\/tr><tr><td width=\"90%\"><p><a href=\"https:\/\/vvz.ruhr-uni-bochum.de\/campus\/all\/module.asp?gguid=0xC378D928B7611B4088D4D02F9227592B&amp;fieldgguid=&amp;findmodule=Das+Un&amp;tguid=0x5F297762BE9A3B4A9DB8E4C4B2E3CAA4\">Das UN-System und internationale Klima- und Sicherheitspolitik &#8211; Teilnahme an der UN-Simulationstagung &#8222;Schul-RuhrMUN&#8220; am Essener Alfred Krupp Gymnasium (5 CP)<\/a><\/p><\/td><td><\/td><\/tr><tr><td><p>Teil 1: Funktionen des UN-Systems (Seminar), WS 2009\/10<\/p><\/td><td><\/td><\/tr><tr><td><p>Teil 2: Eint\u00e4tige UN-Simluationstagung Schul-Ruhr Model United Nations, (UN-Simluationstagung), WS 2009\/10<\/p><\/td><td><\/td><\/tr><tr><td><p>Teil 3: Abschlussplenum, WS 2009\/10<\/p><\/td><td><\/td><\/tr><tr><td><p>Gute Kenntnisse der englischen Sprache werden vorausgesetzt.<\/p><\/td><td><\/td><\/tr><tr><td><p><\/p><\/td><td><\/td><\/tr><tr><td width=\"90%\"><p><a href=\"https:\/\/vvz.ruhr-uni-bochum.de\/campus\/all\/module.asp?gguid=0xB71366161149F240B54FBA586BCFCF6D&amp;tguid=0x5F297762BE9A3B4A9DB8E4C4B2E3CAA4\">Deutsche romantische Chormusik (5 CP)<\/a><\/p><\/td><td><\/td><\/tr><tr><td><p>Teil 1: Deutsche romantische Chormusik am Beispiel von Franz Schuberts Messe Nr. 6 (Es-Dur) und weiteren Werken des A-capella-Repertoires und der Chorsymphonik (Vorlesung), WS 2009\/10<\/p><\/td><td><\/td><\/tr><tr><td><p>Teil 2: Orchester der Universit\u00e4t (Seminar), WS 2009\/10<\/p><\/td><td><\/td><\/tr><tr><td><p><\/p><\/td><td><\/td><\/tr><tr><td width=\"90%\"><p><a href=\"https:\/\/vvz.ruhr-uni-bochum.de\/campus\/all\/module.asp?gguid=0x12F1181C2812544C956250CFAD65DBBE&amp;fieldgguid=&amp;findmodule=Die+Factory&amp;tguid=0x5F297762BE9A3B4A9DB8E4C4B2E3CAA4\">Die factory f\u00f6rdert Querdenker! &#8211; K\u00fcnstlerisches Denken in au\u00dferk\u00fcnstlerischen Feldern (5 CP)<\/a><\/p><\/td><td><\/td><\/tr><tr><td><p>Teil 1: Creative Economy &#8211; factory-pool: Projekt im \u00f6ffentlichen Raum (Seminar), WS 2009\/10<\/p><\/td><td><\/td><\/tr><tr><td><p>Teil 2: Erfinderwerkstatt: Entw\u00fcrfe im \u00f6ffentlichen Raum (\u00dcbung), WS 2009\/10<\/p><\/td><td><\/td><\/tr><tr><td><p><\/p><\/td><td><\/td><\/tr><tr><td width=\"90%\"><p><a href=\"https:\/\/vvz.ruhr-uni-bochum.de\/campus\/all\/module.asp?gguid=0x3736FF728932B44AA0E77158389650D5&amp;tguid=0x5F297762BE9A3B4A9DB8E4C4B2E3CAA4\">Farben sehen und erleben (5 CP)<\/a><\/p><\/td><td><\/td><\/tr><tr><td><p>Teil 1: Farben sehen und erleben &#8211; Theorie und Geschichte (Seminar), WS 2009\/10<\/p><\/td><td><\/td><\/tr><tr><td><p>Teil 2: Farben sehen und erleben &#8211; Praktische Einf\u00fchrung in die Welt der Farben und der Malerei (praktische \u00dcbung), WS 2009\/10<\/p><\/td><td><\/td><\/tr><tr><td><p><\/p><\/td><td><\/td><\/tr><tr><td width=\"90%\"><p><a href=\"https:\/\/vvz.ruhr-uni-bochum.de\/campus\/all\/module.asp?gguid=0x101C2F1F199CA54C93618DBC457BF030&amp;tguid=0x5F297762BE9A3B4A9DB8E4C4B2E3CAA4\">Geschichte der Symphonie (5 CP)<\/a><\/p><\/td><td><\/td><\/tr><tr><td><p>Teil 1: Entwicklung der Symphonik vor und nach Beethoven (Seminar), WS 2009\/10<\/p><\/td><td><\/td><\/tr><tr><td><p>Teil 2: Beethovens Symphonien im Fokus (Seminar), WS 2009\/10<\/p><\/td><td><\/td><\/tr><tr><td><p><\/p><\/td><td><\/td><\/tr><tr><td width=\"90%\"><p><a href=\"https:\/\/vvz.ruhr-uni-bochum.de\/campus\/all\/module.asp?gguid=0x80F68C81AD1F8D46B147091CCA429492&amp;tguid=0x5F297762BE9A3B4A9DB8E4C4B2E3CAA4\">Geschichte und Kultur Osteuropas I (5 CP) (Entf\u00e4llt!) <\/a><\/p><\/td><td><\/td><\/tr><tr><td><p>Teil 1: Die b\u00f6hmischen L\u00e4nder in den europ\u00e4ischen Umbr\u00fcchen des 20. Jahrhunderts (Vorlesung), WS 2009\/10<\/p><\/td><td><\/td><\/tr><tr><td><p>Teil 2: Polnisch f\u00fcr Kultur- und Sozialwissenschaften (Lekt\u00fcrekurs), WS 2009\/10<\/p><\/td><td><\/td><\/tr><tr><td><p>Studierende der Slavistik (Polnisch) k\u00f6nnen in diesem Modul keine Kreditpunkte f\u00fcr den Optionalbereich erwerben!<\/p><\/td><td><\/td><\/tr><tr><td><p><\/p><\/td><td><\/td><\/tr><tr><td width=\"90%\"><p><a href=\"https:\/\/vvz.ruhr-uni-bochum.de\/campus\/all\/module.asp?gguid=0xB8CF68CEAFB1C7468CB970BBA2993FF7&amp;tguid=0x5F297762BE9A3B4A9DB8E4C4B2E3CAA4\">Geschichte und Kultur Polens (5 CP)<\/a><\/p><\/td><td><\/td><\/tr><tr><td><p>Teil 1: Deutsch-polnische Kontroversen 18.-20. Jh. (Seminar), WS 2009\/10<\/p><\/td><td><\/td><\/tr><tr><td><p>Teil 2: Polnisch f\u00fcr Kultur- und Sozialwissenschaften (Lekt\u00fcrekurs), WS 2009\/10<\/p><\/td><td><\/td><\/tr><tr><td><p><\/p><\/td><td><\/td><\/tr><tr><td width=\"90%\"><p><a href=\"https:\/\/vvz.ruhr-uni-bochum.de\/campus\/all\/module.asp?gguid=0xD2D195DED5D27F4292EFB491A0C58F2A&amp;tguid=0x5F297762BE9A3B4A9DB8E4C4B2E3CAA4\">Konzert-, Tanz- und Opernp\u00e4dagogik (5 CP) (Verschoben auf SoSe 2010!) <\/a><\/p><\/td><td><\/td><\/tr><tr><td><p>Teil 1: Praxis der Kulturp\u00e4dagogik (Seminar), SoSe 2010<\/p><\/td><td><\/td><\/tr><tr><td><p>Teil 2: Kulturinstitutionen zwischen Kunstdarbietung und -vermittlung (Seminar), SoSe 2010<\/p><\/td><td><\/td><\/tr><tr><td><p><\/p><\/td><td><\/td><\/tr><tr><td width=\"90%\"><p><a href=\"https:\/\/vvz.ruhr-uni-bochum.de\/campus\/all\/module.asp?gguid=0x9C71BE6BA5DA8F4695E6DD504BE0B12B&amp;fieldgguid=&amp;findmodule=Neue+R%E4ume+entdecken&amp;tguid=0x5F297762BE9A3B4A9DB8E4C4B2E3CAA4\">Neue R\u00e4ume entdecken (5 CP)<\/a><\/p><\/td><td><\/td><\/tr><tr><td><p>Teil 1: Ringvorlesung und Einf\u00fchrung: &#8222;Raum und Zeit&#8220; (Ringvorlesung), WS 2009\/10<\/p><\/td><td><\/td><\/tr><tr><td><p>Teil 2: Projektseminar: &#8222;Raum und Zeit&#8220;, WS 2009\/10<\/p><\/td><td><\/td><\/tr><tr><td><p>Teil 3: Abschlussplenum: &#8222;Raum und Zeit&#8220;, WS 2009\/10<\/p><\/td><td><\/td><\/tr><tr><td><p><\/p><\/td><td><\/td><\/tr><tr><td width=\"90%\"><p><a href=\"https:\/\/vvz.ruhr-uni-bochum.de\/campus\/all\/module.asp?gguid=0x56CA47E0219DBE4CA31BC59D832B4AEB&amp;tguid=0x5F297762BE9A3B4A9DB8E4C4B2E3CAA4\">Theorie und Praxis kulturellen Austausches (5 CP)<\/a><\/p><\/td><td><\/td><\/tr><tr><td><p>Teil 1: Interkulturelle Kommunikation und Kompetenz &#8211; Grundlagen und Konzepte kulturellen Verstehens (Seminar), WS 2009\/10<\/p><\/td><td><\/td><\/tr><tr><td><p>Teil 2: Praktische \u00dcbungen zur Vertiefung der interkulturellen Kompetenz: Rollenspiele mit Videoaufzeichnung (\u00dcbung), WS 2009\/10<\/p><\/td><td><\/td><\/tr><\/tbody><\/table><p><\/p><\/div>\n\t\t\t\t<\/div>\n\t\t\t\t\t\t\t<div class=\"elementor-accordion-item\">\n\t\t\t\t\t<div id=\"elementor-tab-title-91624\" class=\"elementor-tab-title\" data-tab=\"24\" role=\"button\" aria-controls=\"elementor-tab-content-91624\" aria-expanded=\"false\">\n\t\t\t\t\t\t\t\t\t\t\t\t\t<span class=\"elementor-accordion-icon elementor-accordion-icon-left\" aria-hidden=\"true\">\n\t\t\t\t\t\t\t\t\t\t\t\t\t\t\t<span class=\"elementor-accordion-icon-closed\"><i class=\"fas fa-plus\"><\/i><\/span>\n\t\t\t\t\t\t\t\t<span class=\"elementor-accordion-icon-opened\"><i class=\"fas fa-minus\"><\/i><\/span>\n\t\t\t\t\t\t\t\t\t\t\t\t\t\t<\/span>\n\t\t\t\t\t\t\t\t\t\t\t\t<a class=\"elementor-accordion-title\" tabindex=\"0\">SoSe 2009<\/a>\n\t\t\t\t\t<\/div>\n\t\t\t\t\t<div id=\"elementor-tab-content-91624\" class=\"elementor-tab-content elementor-clearfix\" data-tab=\"24\" role=\"region\" aria-labelledby=\"elementor-tab-title-91624\"><table class=\"table_txt\" width=\"100%\" border=\"0\"><tbody><tr><td colspan=\"2\"><div class=\"headline\">Grundlagenmodule anderer F\u00e4cher<\/div><\/td><\/tr><tr><td colspan=\"2\"><div class=\"headline_light\">Anglistik\/Amerikanistik<\/div><\/td><\/tr><tr><td><a href=\"https:\/\/vvz.ruhr-uni-bochum.de\/campus\/all\/module.asp?gguid=0xD086A60A3F0F5C4FBD7E1100720220C0&amp;tguid=0x9E69A3AAAE34FC40AE902ED5380A3493\" target=\"_blank\" rel=\"noopener\"> Amerikanische Kultur und Literatur (5 CP)<\/a><\/td><\/tr><tr><td>Teil 1: U.S. Ethnic Literatures (Vorlesung), SoSe 2009<\/td><\/tr><tr><td>Teil 2a: &#8222;You Nothing But Trash&#8220;: Critical Whiteness Studies and Poor Whites (\u00dcbung, LV-Nummer 050 651 ) SoSe 2009 <span class=\"hinweis\">oder<\/span><\/td><\/tr><tr><td>Teil 2b: Theorizing the Othered Spaces of Chinatown (\u00dcbung), SoSe 2009<\/td><\/tr><tr><td class=\"ausschluss\">Studierende der Anglistik\/Amerikanistik k\u00f6nnen an diesem Modul zwar teilnehmen, jedoch keine Credit Points f\u00fcr den Optionalbereich erwerben!<\/td><\/tr><tr><td>\u00a0<\/td><\/tr><tr><td><a href=\"https:\/\/vvz.ruhr-uni-bochum.de\/campus\/all\/module.asp?gguid=0x895E45F6C9AB8B4DB29F45068BF111F7&amp;tguid=0x9E69A3AAAE34FC40AE902ED5380A3493\" target=\"_blank\" rel=\"noopener\"> Englische Kulturgeschichte (5 CP)<\/a><\/td><\/tr><tr><td>Teil 1: Restoration Culture (Vorlesung), SoSe 2009<\/td><\/tr><tr><td>Teil 2: Heritage Films (Seminar), SoSe 2009<\/td><\/tr><tr><td class=\"ausschluss\">Studierende der Anglistik\/Amerikanistik k\u00f6nnen an diesem Modul zwar teilnehmen, jedoch keine Credit Points f\u00fcr den Optionalbereich erwerben!<\/td><\/tr><tr><td>\u00a0<\/td><\/tr><tr><td><a href=\"https:\/\/vvz.ruhr-uni-bochum.de\/campus\/all\/module.asp?gguid=0x4E430EE1E8371F4184B4B83991FDB333&amp;tguid=0x9E69A3AAAE34FC40AE902ED5380A3493\" target=\"_blank\" rel=\"noopener\"> Englische Literatur (5 CP)<\/a><\/td><\/tr><tr><td>Teil 1: Shakespeares Trag\u00f6dien (Vorlesung), SoSe 2009<\/td><\/tr><tr><td>Teil 2a: Beasts and Beast Symbolism in Medieval English Literature (Seminar), SoSe 2009<\/td><\/tr><tr><td>Teil 2b: A Courtier and a Schoolmaster: Middle Scots Poetry (Seminar), SoSe 2009<\/td><\/tr><tr><td class=\"ausschluss\">Studierende der Anglistik\/Amerikanistik k\u00f6nnen an diesem Modul zwar teilnehmen, jedoch keine Credit Points f\u00fcr den Optionalbereich erwerben!<\/td><\/tr><tr><td align=\"right\"><\/td><\/tr><tr><td colspan=\"2\"><div class=\"headline_light\">Biologie<\/div><\/td><\/tr><tr><td><a href=\"https:\/\/vvz.ruhr-uni-bochum.de\/campus\/all\/module.asp?gguid=0x285F90A073F3A5428E06B898BF0C5D15&amp;tguid=0x9E69A3AAAE34FC40AE902ED5380A3493\" target=\"_blank\" rel=\"noopener\"> Biologie ausgew\u00e4hlter S\u00e4ugetiere (5 CP)<\/a><\/td><\/tr><tr><td>Teil 1: Biologie ausgew\u00e4hlter S\u00e4ugetiere (Vorlesung), SoSe 2009<\/td><\/tr><tr><td>Teil 2: Biologie ausgew\u00e4hlter S\u00e4ugetiere (\u00dcbung), SoSe 2009<\/td><\/tr><tr><td class=\"ausschluss\">\u00a0<\/td><\/tr><tr><td><a href=\"https:\/\/vvz.ruhr-uni-bochum.de\/campus\/all\/module.asp?gguid=0x6E82C9B9ABE91D4DB7C2E32CC65EB71D&amp;tguid=0x9E69A3AAAE34FC40AE902ED5380A3493\" target=\"_blank\" rel=\"noopener\"> Botanische Bestimmungs\u00fcbungen (5 CP)<\/a><\/td><\/tr><tr><td>Teil 1: Botanische Bestimmungs\u00fcbungen f\u00fcr Geographen (\u00dcbung), SoSe 2009<\/td><\/tr><tr><td>Teil 2: Exkursionen zu den Botanische Bestimmungs\u00fcbungen f\u00fcr Geographen, SoSe 2009<\/td><\/tr><tr><td class=\"ausschluss\">Biologie- und Geographiestudierende k\u00f6nnen sich dieses Modul nicht f\u00fcr den Optionalbereich anrechnen lassen.<\/td><\/tr><tr><td>\u00a0<\/td><\/tr><tr><td><a href=\"https:\/\/vvz.ruhr-uni-bochum.de\/campus\/all\/module.asp?gguid=0xBD23ACDF53B8EE408646DDFCE8C568CC&amp;tguid=0x9E69A3AAAE34FC40AE902ED5380A3493\" target=\"_blank\" rel=\"noopener\"> Botanik im Alltag (5 CP)<\/a><\/td><\/tr><tr><td>Teil 1: \u00dcbungen zum Thema &#8222;Botanik im Alltag&#8220;, SoSe 2009<\/td><\/tr><tr><td>Teil 2: Exkursionen zum Thema &#8222;Botanik im Alltag&#8220;, SoSe 2009<\/td><\/tr><tr><td class=\"ausschluss\">\u00a0<\/td><\/tr><tr><td><a href=\"https:\/\/vvz.ruhr-uni-bochum.de\/campus\/all\/module.asp?gguid=0x8169AE75EA0F3746BF489AF3C6C408D8&amp;tguid=0x9E69A3AAAE34FC40AE902ED5380A3493\" target=\"_blank\" rel=\"noopener\"> Grundlagen der Botanik (5 CP)<\/a><\/td><\/tr><tr><td>Teil 1: Grundlagen der Botanik (Vorlesung), SoSe 2009<\/td><\/tr><tr><td>Teil 2: Grundlagen der Botanik (Seminar), SoSe 2009<\/td><\/tr><tr><td class=\"ausschluss\">\u00a0<\/td><\/tr><tr><td><a href=\"https:\/\/vvz.ruhr-uni-bochum.de\/campus\/all\/module.asp?gguid=0x8ABA42A875434D4C94B9A938331FD805&amp;tguid=0x9E69A3AAAE34FC40AE902ED5380A3493\" target=\"_blank\" rel=\"noopener\"> Grundlagen der Tierphysiologie (5 CP)<\/a><\/td><\/tr><tr><td>Teil 1: Grundlagen der Tierphysiologie (Vorlesung), SoSe 2009<\/td><\/tr><tr><td>Teil 2: Grundlagen der Tierphysiologie (Seminar), SoSe 2009<\/td><\/tr><tr><td class=\"ausschluss\">\u00a0<\/td><\/tr><tr><td><a href=\"https:\/\/vvz.ruhr-uni-bochum.de\/campus\/all\/module.asp?gguid=0x1461C255F6DADB49968FE04132DCFD88&amp;tguid=0x9E69A3AAAE34FC40AE902ED5380A3493\" target=\"_blank\" rel=\"noopener\"> Grundlagen der Zellphysiologie (5 CP)<\/a><\/td><\/tr><tr><td>Teil 1: Grundlagen der Zellphysiologie (Vorlesung), SoSe 2009<\/td><\/tr><tr><td>Teil 2: Grundlagen der Zellphysiologie (Seminar), SoSe 2009<\/td><\/tr><tr><td class=\"ausschluss\">\u00a0<\/td><\/tr><tr><td><a href=\"https:\/\/vvz.ruhr-uni-bochum.de\/campus\/all\/module.asp?gguid=0x6E901D5682A483488D790771F4D4769B&amp;tguid=0x9E69A3AAAE34FC40AE902ED5380A3493\" target=\"_blank\" rel=\"noopener\"> \u00d6kophysiologie der Pflanzen (5 CP)<\/a><\/td><\/tr><tr><td>Teil 1: Anpassungsmechanismen des Photosyntheseapparates an unterschiedliche \u00d6kofaktoren (Vorlesung), SoSe 2009<\/td><\/tr><tr><td>Teil 2: Bedeutung der Photosynthese f\u00fcr Klimaver\u00e4nderung (\u00dcbung), SoSe 2009<\/td><\/tr><tr><td class=\"ausschluss\">\u00a0<\/td><\/tr><tr><td><a href=\"https:\/\/vvz.ruhr-uni-bochum.de\/campus\/all\/module.asp?gguid=0x0C1841A2E9169844A1122EA6E9987502&amp;tguid=0x9E69A3AAAE34FC40AE902ED5380A3493\" target=\"_blank\" rel=\"noopener\"> Praktische Bienenkunde (5 CP)<\/a><\/td><\/tr><tr><td>Teil 1: Einf\u00fchrung in die Bienekunde (Vorlesung), SoSe 2009<\/td><\/tr><tr><td>Teil 2: Einf\u00fchrung in die Bienekunde (\u00dcbung), SoSe 2009<\/td><\/tr><tr><td class=\"ausschluss\">\u00a0<\/td><\/tr><tr><td><a href=\"https:\/\/vvz.ruhr-uni-bochum.de\/campus\/all\/module.asp?gguid=0xF164C0DD19EC5C499B2FE95FFAE121BA&amp;tguid=0x9E69A3AAAE34FC40AE902ED5380A3493\" target=\"_blank\" rel=\"noopener\"> \u00dcberleben von motorischen Nervenzellen (5 CP)<\/a><\/td><\/tr><tr><td>Teil 1: Literaturseminar: \u00dcberleben von motorischen Nervenzellen, SoSe 2009<\/td><\/tr><tr><td>Teil 2: Ergebnispr\u00e4sentation: \u00dcberleben von motorischen Nervenzellen, SoSe 2009<\/td><\/tr><tr><td align=\"right\"><\/td><\/tr><tr><td colspan=\"2\"><div class=\"headline_light\">Chemie<\/div><\/td><\/tr><tr><td><a href=\"https:\/\/vvz.ruhr-uni-bochum.de\/campus\/all\/module.asp?gguid=0x55FB68C47601B44A9999D7DC5C3336F7&amp;tguid=0x9E69A3AAAE34FC40AE902ED5380A3493\" target=\"_blank\" rel=\"noopener\"> Chemikalienrecht &#8211; Toxikologie (5 CP)<\/a><\/td><\/tr><tr><td>Teil 1: Chemikalienrecht &#8211; Toxikologie (Vorlesung), SoSe 2009<\/td><\/tr><tr><td>Teil 2: \u00dcbungen zur Vorlesung &#8222;Chemikalienrecht &#8211; Toxikologie&#8220;, SoSe 2009<\/td><\/tr><tr><td class=\"ausschluss\">Studierende der Chemie k\u00f6nnen in diesem Modul keine Credit Points f\u00fcr den Optionalbereich erwerben!<\/td><\/tr><tr><td>\u00a0<\/td><\/tr><tr><td><a href=\"https:\/\/vvz.ruhr-uni-bochum.de\/campus\/all\/module.asp?gguid=0x8729E8F38B0B5042AEE1C2AE95570628&amp;tguid=0x9E69A3AAAE34FC40AE902ED5380A3493\" target=\"_blank\" rel=\"noopener\"> Einf\u00fchrung in die Biochemie (5 CP)<\/a><\/td><\/tr><tr><td>Teil 1: Einf\u00fchrung in die Biochemie (Vorlesung), SoSe 2009<\/td><\/tr><tr><td>Teil 2: \u00dcbungen zur Vorlesung &#8222;Einf\u00fchrung in die Biochemie&#8220;, SoSe 2009<\/td><\/tr><tr><td class=\"ausschluss\">Studierende der Chemie k\u00f6nnen in diesem Modul keine Credit Points f\u00fcr den Optionalbereich erwerben!<\/td><\/tr><tr><td>\u00a0<\/td><\/tr><tr><td><a href=\"https:\/\/vvz.ruhr-uni-bochum.de\/campus\/all\/module.asp?gguid=0xD3393322B09EB4438AE006C6DE97F76A&amp;tguid=0x9E69A3AAAE34FC40AE902ED5380A3493\" target=\"_blank\" rel=\"noopener\"> Organische Chemie 1 (5 CP)<\/a><\/td><\/tr><tr><td>Teil 1: Organische Chemie I (Vorlesung), SoSe 2009<\/td><\/tr><tr><td>Teil 2: \u00dcbungen zur Vorlesung &#8222;Organische Chemie I&#8220;, SoSe 2009<\/td><\/tr><tr><td class=\"ausschluss\">Studierende der Chemie k\u00f6nnen an diesem Modul nicht teilnehmen!<\/td><\/tr><tr><td align=\"right\"><\/td><\/tr><tr><td colspan=\"2\"><div class=\"headline_light\">Geographie<\/div><\/td><\/tr><tr><td><a href=\"https:\/\/vvz.ruhr-uni-bochum.de\/campus\/all\/module.asp?gguid=0xF828851F039F9F4C9D03EFA21D88E058&amp;tguid=0x9E69A3AAAE34FC40AE902ED5380A3493\" target=\"_blank\" rel=\"noopener\"> Geographie auf Achse (5 CP)<\/a><\/td><\/tr><tr><td>Teil 1: Geographie auf Achse: Reisen und Exkursionen in aller Welt (Vorlesung), SoSe 2009<\/td><\/tr><tr><td>Teil 2: Geographie auf Achse: Reisen und Exkursionen in aller Welt (\u00dcbung), SoSe 2009<\/td><\/tr><tr><td class=\"ausschluss\">Geographie-Studierende k\u00f6nnen an diesem Modul nicht teilnehmen.<\/td><\/tr><tr><td align=\"right\"><\/td><\/tr><tr><td colspan=\"2\"><div class=\"headline_light\">Germanistik<\/div><\/td><\/tr><tr><td><a href=\"https:\/\/vvz.ruhr-uni-bochum.de\/campus\/all\/module.asp?gguid=0xD240578E8E4F2E4DA15FE18D4C99EBC6&amp;fieldgguid=&amp;findmodule=Literaturverfilmungen&amp;tguid=0x9E69A3AAAE34FC40AE902ED5380A3493\" target=\"_blank\" rel=\"noopener\"> Literaturverfilmungen (5 CP)<\/a><\/td><\/tr><tr><td>Teil 1: Einf\u00fchrung in die Analyse filmischer Adaptionen und ihrer literarischen Vorlagen, SoSe 2009<\/td><\/tr><tr><td>Teil 2: Betrachtungsweisen. Literatur und ihre filmische Umsetzung, SoSe 2009<\/td><\/tr><tr><td class=\"ausschluss\">Studierende der Germanistik k\u00f6nnen in diesem Modul keine Kreditpunkte f\u00fcr den Optionalbereich erwerben!<\/td><\/tr><tr><td align=\"right\"><\/td><\/tr><tr><td colspan=\"2\"><div class=\"headline_light\">Geschichte<\/div><\/td><\/tr><tr><td><a href=\"https:\/\/vvz.ruhr-uni-bochum.de\/campus\/all\/module.asp?gguid=0x7E6ECD2515B7CF4C9117627F14720F6F&amp;tguid=0x9E69A3AAAE34FC40AE902ED5380A3493\" target=\"_blank\" rel=\"noopener\"> Deutschland und Italien: Aspekte einer Wechselbeziehung (5 CP)<\/a><\/td><\/tr><tr><td>Teil 1: Italienbilder der Deutschen (Seminar), SoSe 2009<\/td><\/tr><tr><td>Teil 2: Italienische Migration in die Bundesrepublik Deutschland (Seminar), SoSe 2009<\/td><\/tr><tr><td align=\"right\"><\/td><\/tr><tr><td colspan=\"2\"><div class=\"headline_light\">Katholische Theologie<\/div><\/td><\/tr><tr><td><a href=\"https:\/\/vvz.ruhr-uni-bochum.de\/campus\/all\/module.asp?gguid=0x53409C0F64FD984EAE11C8364086E482&amp;tguid=0x9E69A3AAAE34FC40AE902ED5380A3493\" target=\"_blank\" rel=\"noopener\"> Das kirchliche Arbeitsrecht (5 CP)<\/a><\/td><\/tr><tr><td>Teil 1: Kirchliches Dienst- und Arbeitsrecht f\u00fcr Kleriker und Laien (Vorlesung), SoSe 2009<\/td><\/tr><tr><td>Teil 2: Staatliche und kirchliche Rechtsprechung zu dienst- und arbeitsrechtlichen Streitfragen im Raum der Kirche (Hauptseminar), SoSe 2009<\/td><\/tr><tr><td class=\"ausschluss\">\u00a0<\/td><\/tr><tr><td><a href=\"https:\/\/vvz.ruhr-uni-bochum.de\/campus\/all\/module.asp?gguid=0x3EB828952AF5F74FBBA1FDCE0FADB698&amp;fieldgguid=&amp;mode=&amp;findmodule=ethik&amp;tguid=0x9E69A3AAAE34FC40AE902ED5380A3493\" target=\"_blank\" rel=\"noopener\"> Ethik der Globalisierung (5 CP)<\/a><\/td><\/tr><tr><td>Teil 1: Ethik der Globalisierung (Vorlesung), SoSe 2009<\/td><\/tr><tr><td>Teil 2: Texte zur globalen Ethik (Proseminar), SoSe 2009<\/td><\/tr><tr><td class=\"ausschluss\">Studierende der katholischen Theologie k\u00f6nnen an diesem Modul zwar teilnehmen, jedoch keine Credit Points f\u00fcr den Optionalbereich erwerben!<\/td><\/tr><tr><td>\u00a0<\/td><\/tr><tr><td><a href=\"https:\/\/vvz.ruhr-uni-bochum.de\/campus\/all\/module.asp?gguid=0x74C3D8BA2FBCC0428E3ECDFEDE67ACC9&amp;fieldgguid=&amp;findmodule=Theologische&amp;tguid=0x9E69A3AAAE34FC40AE902ED5380A3493\" target=\"_blank\" rel=\"noopener\"> Theologische Grundlagen der christlich abendl\u00e4ndischen Kunst (5 CP)<\/a><\/td><\/tr><tr><td>Teil 1: Theologische Grundlagen der christlich abendl\u00e4ndischen Kunst (Vorlesung), SoSe 2009<\/td><\/tr><tr><td>Teil 2: Allgemeine Themen der christlichen Ikonographie (Seminar\/Exkursion), SoSe 2009<\/td><\/tr><tr><td class=\"ausschluss\">Das Modul &#8222;Theologische Grundlagen der christlich abendl\u00e4ndischen Kunst&#8220; darf im Optionalbereich trotz unterschiedlicher Schwerpunktlegung nur einmal besucht werden.&lt;\u00a0<\/td><\/tr><tr><td align=\"right\"><\/td><\/tr><tr><td colspan=\"2\"><div class=\"headline_light\">Mathematik<\/div><\/td><\/tr><tr><td><a href=\"https:\/\/vvz.ruhr-uni-bochum.de\/campus\/all\/module.asp?gguid=0x0A9FA61DAAA5784F861CB00A42B34BDC&amp;tguid=0x9E69A3AAAE34FC40AE902ED5380A3493\" target=\"_blank\" rel=\"noopener\"> Einf\u00fchrung in die Mathematik (Schwerpunkte: Mathematik und Physik) (5 CP)<\/a><\/td><\/tr><tr><td>Teil 1: 1. Vorkurs in Mathematik f\u00fcr Mathematiker und Physiker, SoSe 2009<\/td><\/tr><tr><td>Teil 2: \u00dcbungen zum 1. Vorkurs in Mathematik f\u00fcr Mathematiker und Physiker, SoSe 2009<\/td><\/tr><tr><td class=\"ausschluss\">Studierende der Mathematik k\u00f6nnen an diesem Modul zwar teilnehmen, jedoch Credit Points nur dann f\u00fcr den Optionalbereich erwerben, wenn sie den Vorkurs vor ihrem ersten Fachsemester besuchen!<\/td><\/tr><tr><td>\u00a0<\/td><\/tr><tr><td><a href=\"https:\/\/vvz.ruhr-uni-bochum.de\/campus\/all\/module.asp?gguid=0x58D394C847FD4B46901ED0FD1041CCFF&amp;tguid=0x9E69A3AAAE34FC40AE902ED5380A3493\" target=\"_blank\" rel=\"noopener\"> Einf\u00fchrung in die Mathematik (Schwerpunkte: Natur- und Ingenieurwissenschaften sowie Informatik) (5 CP)<\/a><\/td><\/tr><tr><td>Teil 1: 2. Vorkurs in Mathematik f\u00fcr Informatiker, Ingenieure und Naturwissenschaftler, SoSe 2009<\/td><\/tr><tr><td>Teil 2: \u00dcbungen zum 2. Vorkurs in Mathematik f\u00fcr Informatiker, Ingenieure und Naturwissenschaftler, SoSe 2009<\/td><\/tr><tr><td class=\"ausschluss\">Studierende der Mathematik k\u00f6nnen an diesem Modul zwar teilnehmen, jedoch keine Credit Points f\u00fcr den Optionalbereich erwerben!<\/td><\/tr><tr><td>\u00a0<\/td><\/tr><tr><td><a href=\"https:\/\/vvz.ruhr-uni-bochum.de\/campus\/all\/module.asp?gguid=0x32976CD60332B141964254CC14851194&amp;tguid=0x9E69A3AAAE34FC40AE902ED5380A3493\" target=\"_blank\" rel=\"noopener\"> Statistische Methoden (Schwerpunkt: Biologie und Naturwissenschaften) (5 CP)<\/a><\/td><\/tr><tr><td>Teil 1: Statistische Methoden f\u00fcr Biologen und Naturwissenschaftler (Vorlesung), SoSe 2009<\/td><\/tr><tr><td>Teil 2: \u00dcbungen zu Statistische Methoden f\u00fcr Biologen und Naturwissenschaftler, SoSe 2009<\/td><\/tr><tr><td class=\"ausschluss\">Studierende der Mathematik k\u00f6nnen an diesem Modul zwar teilnehmen, jedoch keine Credit Points f\u00fcr den Optionalbereich erwerben!<\/td><\/tr><tr><td align=\"right\"><\/td><\/tr><tr><td colspan=\"2\"><div class=\"headline_light\">Medizin<a name=\"med\"><\/a><\/div><\/td><\/tr><tr><td><a href=\"https:\/\/vvz.ruhr-uni-bochum.de\/campus\/all\/module.asp?gguid=0x93AFE9B58D75184CB7CD1FBE23964820&amp;tguid=0x9E69A3AAAE34FC40AE902ED5380A3493\" target=\"_blank\" rel=\"noopener\"> Einf\u00fchrung in die antike Medizin (5 CP)<\/a><\/td><\/tr><tr><td>Teil 1: Einblicke in die antike Medizin (Vorlesung), SoSe 2009<\/td><\/tr><tr><td>Teil 2: Lekt\u00fcrekurs zur Vorlesung, <span class=\"hinweis\">WS 2009\/2010<\/span><\/td><\/tr><tr><td align=\"right\"><\/td><\/tr><tr><td colspan=\"2\"><div class=\"headline_light\">Ostasienwissenschaften<a name=\"oaw\"><\/a><\/div><\/td><\/tr><tr><td><a href=\"https:\/\/vvz.ruhr-uni-bochum.de\/campus\/all\/module.asp?gguid=0xFEC750006BB04A48A211C0175B94BD32&amp;fieldgguid=&amp;findmodule=nihon&amp;tguid=0x9E69A3AAAE34FC40AE902ED5380A3493\" target=\"_blank\" rel=\"noopener\"> Nihongogaku (10 CP)<\/a><\/td><\/tr><tr><td>Teil 1: \u00dcberblick \u00fcber die japanische Sprache (Seminar), SoSe 2009<\/td><\/tr><tr><td>Teil 2: Linguistische Grundlagen (Seminar), <span class=\"hinweis\">WS 2009\/10<\/span><\/td><\/tr><tr><td class=\"ausschluss\">Studierende der Japanologie k\u00f6nnen an diesem Modul zwar teilnehmen, jedoch keine Credit Points f\u00fcr den Optionalbereich erwerben!<\/td><\/tr><tr><td>\u00a0<\/td><\/tr><tr><td><a href=\"https:\/\/vvz.ruhr-uni-bochum.de\/campus\/all\/module.asp?gguid=0xFEC750006BB04A48A211C0175B94BD32&amp;fieldgguid=&amp;findmodule=nihon&amp;tguid=0x9E69A3AAAE34FC40AE902ED5380A3493\" target=\"_blank\" rel=\"noopener\"> Angewandte Politikwissenschaft Ostasiens (10 CP)<\/a><\/td><\/tr><tr><td>Teil 1: Politikanalyse Japans (Seminar), SoSe 2009<\/td><\/tr><tr><td>Teil 2: Politikanalyse Chinas (Seminar), <span class=\"hinweis\">WS 2009\/10<\/span><\/td><\/tr><tr><td class=\"ausschluss\">Studierende der Ostasienwissenschaft k\u00f6nnen an diesem Modul zwar teilnehmen, jedoch keine Credit Points f\u00fcr den Optionalbereich erwerben!<\/td><\/tr><tr><td align=\"right\"><\/td><\/tr><tr><td colspan=\"2\"><div class=\"headline_light\">Philosophie<\/div><\/td><\/tr><tr><td><a href=\"https:\/\/vvz.ruhr-uni-bochum.de\/campus\/all\/module.asp?gguid=0x8E3CD5C3ED6B3E46B3A3D3A9086EC58B&amp;tguid=0x9E69A3AAAE34FC40AE902ED5380A3493\" target=\"_blank\" rel=\"noopener\"> Philosophie und Religion (5 CP)<\/a><\/td><\/tr><tr><td>Teil 1: Geschichte der philosophischen Gottesbeweise (Vorlesung), SoSe 2009<\/td><\/tr><tr><td>Teil 2: Religionsphilosophie im 21. Jahrhundert? (Seminar), SoSe 2009<\/td><\/tr><tr><td class=\"ausschluss\">Studierende des Faches Philosophie d\u00fcrfen an diesem Modul nicht teilnehmen!<\/td><\/tr><tr><td>\u00a0<\/td><\/tr><tr><td colspan=\"2\"><div class=\"headline_light\">Physik und Astronomie<\/div><\/td><\/tr><tr><td><a href=\"https:\/\/vvz.ruhr-uni-bochum.de\/campus\/all\/module.asp?gguid=0x28B641230AA0DD4DABA6079F6EC13487&amp;tguid=0x9E69A3AAAE34FC40AE902ED5380A3493\" target=\"_blank\" rel=\"noopener\"> Digitalelektronik (5 CP)<\/a><\/td><\/tr><tr><td>Teil 1: Digitalelektronik (Vorlesung), SoSe 2009<\/td><\/tr><tr><td>Teil 2: \u00dcbungen zur Digitalelektronik, SoSe 2009<\/td><\/tr><tr><td class=\"ausschluss\">\u00a0<\/td><\/tr><tr><td><a href=\"https:\/\/vvz.ruhr-uni-bochum.de\/campus\/all\/module.asp?gguid=0x9500570E1D19B043B07CF022A71895AF&amp;tguid=0x9E69A3AAAE34FC40AE902ED5380A3493\" target=\"_blank\" rel=\"noopener\"> Physik f\u00fcr Nicht-Physiker II (5 CP)<\/a><\/td><\/tr><tr><td>Teil 1: Physik f\u00fcr Nichtphysiker II (Elektrizit\u00e4tslehre, Optik) (Vorlesung), SoSe 2009<\/td><\/tr><tr><td>Teil 2: \u00dcbungen zur Physik f\u00fcr Nicht-Physiker II, SoSe 2009<\/td><\/tr><tr><td class=\"ausschluss\">Studierende der Physik k\u00f6nnen an diesem Modul nicht teilnehmen!<\/td><\/tr><tr><td>\u00a0<\/td><\/tr><tr><td><a href=\"https:\/\/vvz.ruhr-uni-bochum.de\/campus\/all\/module.asp?gguid=0xB929A78FC3A7D1458AC126D738B18F61&amp;tguid=0x9E69A3AAAE34FC40AE902ED5380A3493\" target=\"_blank\" rel=\"noopener\"> Physik II (Schwerpunkt Biologie) (5 CP)<\/a><\/td><\/tr><tr><td>Teil 1: Physik II f\u00fcr Studierende der Biologie (Vorlesung), SoSe 2009<\/td><\/tr><tr><td>Teil 2: \u00dcbungen zur Physik II f\u00fcr Studierende der Biologie, SoSe 2009<\/td><\/tr><tr><td class=\"ausschluss\">Da die Veranstaltung inhaltlich der Physik II (Schwerpunkt Chemie) gleicht, kann nur jeweils eine von beiden f\u00fcr den Optionalbereich anerkannt werden. F\u00fcr Studierende des B.Sc. Studiengangs Biologie ist dieses Modul nicht im Optionalbereich anrechenbar.Studierende der Physik k\u00f6nnen an diesem Modul nicht teilnehmen!<\/td><\/tr><tr><td>\u00a0<\/td><\/tr><tr><td><a href=\"https:\/\/vvz.ruhr-uni-bochum.de\/campus\/all\/module.asp?gguid=0xB015C0D0C31D8E4A957DFB972389F8AA&amp;tguid=0x9E69A3AAAE34FC40AE902ED5380A3493\" target=\"_blank\" rel=\"noopener\"> Physik II (Schwerpunkt Chemie, Biochemie, Geowissenschaften) (5 CP)<\/a><\/td><\/tr><tr><td>Teil 1: Physik II f\u00fcr Studierende der Biochemie, Chemie und Geowissenschaften (Vorlesung), SoSe 2009<\/td><\/tr><tr><td>Teil 2: \u00dcbungen zur Physik II f\u00fcr Studierende der Biochemie, Chemie und Geowissenschaften, SoSe 2009<\/td><\/tr><tr><td class=\"ausschluss\">Da die Veranstaltung inhaltlich der Physik II (Schwerpunkt Biologie) gleicht, kann nur jeweils eine von beiden f\u00fcr den Optionalbereich anerkannt werden. F\u00fcr Studierende des B.Sc. Studiengangs Chemie, Biochemie, Geowissenschaften ist dieses Modul nicht im Optionalbereich anrechenbar. Studierende der Physik k\u00f6nnen an diesem Modul nicht teilnehmen!<\/td><\/tr><tr><td>\u00a0<\/td><\/tr><tr><td><a href=\"https:\/\/vvz.ruhr-uni-bochum.de\/campus\/all\/module.asp?gguid=0x0752BB0A16FD19418306208A9D3DE216&amp;tguid=0x9E69A3AAAE34FC40AE902ED5380A3493\" target=\"_blank\" rel=\"noopener\"> Wie sich unser Bild vom Himmel entwickelt hat (5 CP)<\/a><\/td><\/tr><tr><td>Teil 1: Wie sich unser Bild vom Himmel entwickelt hat Vorlesung), SoSe 2009<\/td><\/tr><tr><td>Teil 2: \u00dcbungen zu Wie sich unser Bild vom Himmel entwickelt hat, SoSe 2009<\/td><\/tr><tr><td class=\"ausschluss\">Studierende der Physik k\u00f6nnen an diesem Modul nicht teilnehmen!<\/td><\/tr><tr><td align=\"right\"><\/td><\/tr><tr><td colspan=\"2\"><div class=\"headline_light\">Slavistik<\/div><\/td><\/tr><tr><td><a href=\"https:\/\/vvz.ruhr-uni-bochum.de\/campus\/all\/module.asp?gguid=0xAF827DB856134448B668E59F6CFC4E63&amp;tguid=0x9E69A3AAAE34FC40AE902ED5380A3493\" target=\"_blank\" rel=\"noopener\"> Internationalismen und Kulturgeschichte der Balkanl\u00e4nder (5 CP)<\/a><\/td><\/tr><tr><td>Teil 1: Internationalismen, Slavismen und Turzismen in den s\u00fcdslavischen Sprachen (Proseminar), SoSe 2009<\/td><\/tr><tr><td>Teil 2: Kulturkunde der Balkanl\u00e4nder (Proseminar), SoSe 2009<\/td><\/tr><tr><td class=\"ausschluss\">Studierende der Slavistik k\u00f6nnen an dem Modul nicht teilnehmen!<\/td><\/tr><tr><td align=\"right\"><\/td><\/tr><tr><td colspan=\"2\"><div class=\"headline_light\">Sozialwissenschaft<\/div><\/td><\/tr><tr><td><a href=\"https:\/\/vvz.ruhr-uni-bochum.de\/campus\/all\/module.asp?gguid=0x3BC5A2EAB92E9E48A2FA34A37EC8C652&amp;tguid=0x9E69A3AAAE34FC40AE902ED5380A3493\" target=\"_blank\" rel=\"noopener\"> Arbeits-, Wirtschafts- und Organisationssoziologie (5 CP)<\/a><\/td><\/tr><tr><td>Teil 1a: Einf\u00fchrung in die Arbeits-, Wirtschafts- und Organisationssoziologie (Seminar), SoSe 2009 <span class=\"hinweis\">oder<\/span><\/td><\/tr><tr><td>Teil 1b: Einf\u00fchrung in die Arbeits-, Wirtschafts- und Organisationssoziologie (Seminar), SoSe 2009<\/td><\/tr><tr><td>Teil 2: Strukturierte Betreuung (\u00dcbung), SoSe 2009<\/td><\/tr><tr><td class=\"ausschluss\">Studierende der F\u00e4cher PWG, KIG und Soziologie sowie des Studiengangs Sozialwissenschaft k\u00f6nnen an diesem Modul nicht teilnehmen!<\/td><\/tr><tr><td>\u00a0<\/td><\/tr><tr><td><a href=\"https:\/\/vvz.ruhr-uni-bochum.de\/campus\/all\/module.asp?gguid=0xE21E04DCBF53474EB74BC039B75B5525&amp;tguid=0x9E69A3AAAE34FC40AE902ED5380A3493\" target=\"_blank\" rel=\"noopener\"> Einf\u00fchrung in die Wirtschafts- und Sozialpolitik (5 CP)<\/a><\/td><\/tr><tr><td>Teil 1: Einf\u00fchrung in die Wirtschafts- und Sozialpolitik (Vorlesung), SoSe 2009<\/td><\/tr><tr><td>Teil 2: Wirtschafts- und Sozialpolitik (\u00dcbung), SoSe 2009<\/td><\/tr><tr><td class=\"ausschluss\">Studierende der F\u00e4cher PWG, Soziologie, Politikwissenschaft und Sozialpsychologie\/-anthropologie sowie des Studiengangs Sozialwissenschaft k\u00f6nnen an diesem Modul nicht teilnehmen!<\/td><\/tr><tr><td>\u00a0<\/td><\/tr><tr><td><a href=\"https:\/\/vvz.ruhr-uni-bochum.de\/campus\/all\/module.asp?gguid=0xEE8DA4D932083445A9ED73C0684614F0&amp;tguid=0x9E69A3AAAE34FC40AE902ED5380A3493\" target=\"_blank\" rel=\"noopener\"> Internationalisierung (5 CP)<\/a><\/td><\/tr><tr><td>Teil 1: Einf\u00fchrung in die Internationalisierung (Seminar), SoSe 2009<\/td><\/tr><tr><td>Teil 2: Strukturierte Betreuung (\u00dcbung), SoSe 2009<\/td><\/tr><tr><td class=\"ausschluss\">Studierende der F\u00e4cher KIG und Soziologie sowie des Studiengangs Sozialwissenschaft k\u00f6nnen an diesem Modul nicht teilnehmen!<\/td><\/tr><tr><td>\u00a0<\/td><\/tr><tr><td><a href=\"https:\/\/vvz.ruhr-uni-bochum.de\/campus\/all\/module.asp?gguid=0xBDAAE0FE0DD8F7469AB28A0CBD941E3E&amp;tguid=0x9E69A3AAAE34FC40AE902ED5380A3493\" target=\"_blank\" rel=\"noopener\"> Soziologie I (5 CP)<\/a><\/td><\/tr><tr><td>Teil 1: Einf\u00fchrung in die Soziologie I (Vorlesung), SoSe 2009<\/td><\/tr><tr><td>Teil 2: Strukturierte Betreuung (\u00dcbung), SoSe 2009<\/td><\/tr><tr><td class=\"ausschluss\">Studierende der F\u00e4cher PWG, KIG, Soziologie, Politikwissenschaft und Sozialpsychologie\/-anthropologie sowie des Studiengangs Sozialwissenschaft k\u00f6nnen an diesem Modul nicht teilnehmen!<\/td><\/tr><tr><td>\u00a0<\/td><\/tr><tr><td><a href=\"https:\/\/vvz.ruhr-uni-bochum.de\/campus\/all\/module.asp?gguid=0xE26678645542074D9E09A9AA216BE45F&amp;tguid=0x9E69A3AAAE34FC40AE902ED5380A3493\" target=\"_blank\" rel=\"noopener\"> Soziologie II (5 CP)<\/a><\/td><\/tr><tr><td>Teil 1: Einf\u00fchrung in die Soziologie II (Vorlesung), SoSe 2009<\/td><\/tr><tr><td>Teil 2: Strukturierte Betreuung (\u00dcbung), SoSe 2009<\/td><\/tr><tr><td class=\"ausschluss\">Studierende der F\u00e4cher PWG, KIG, Soziologie, Politikwissenschaft und Sozialpsychologie\/-anthropologie sowie des Studiengangs Sozialwissenschaft k\u00f6nnen an diesem Modul nicht teilnehmen!<\/td><\/tr><tr><td>\u00a0<\/td><\/tr><tr><td><a href=\"https:\/\/vvz.ruhr-uni-bochum.de\/campus\/all\/module.asp?gguid=0x129C0DC1802D5F4CAFF772BCBC678D88&amp;tguid=0x9E69A3AAAE34FC40AE902ED5380A3493\" target=\"_blank\" rel=\"noopener\"> Politikwissenschaft: Internationale Beziehungen (5 CP)<\/a><\/td><\/tr><tr><td>Teil 1a: Einf\u00fchrung in die Internationalen Beziehungen (Vorlesung), SoSe 2009<\/td><\/tr><tr><td>Teil 2a: Wendepunkte amerikanischer Au\u00dfenpolitik (Seminar), SoSe 2009 <span class=\"hinweis\">oder<\/span><\/td><\/tr><tr><td>Teil 2b: Die USA im internationalen System (Seminar), SoSe 2009<\/td><\/tr><tr><td class=\"ausschluss\">Studierende der F\u00e4cher PWG und Politikwissenschaft sowie des Studiengangs Sozialwissenschaft k\u00f6nnen an diesem Modul nicht teilnehmen!<\/td><\/tr><tr><td>\u00a0<\/td><\/tr><tr><td><a href=\"https:\/\/vvz.ruhr-uni-bochum.de\/campus\/all\/module.asp?gguid=0x421557F93883F047A402E20115CCEC91&amp;tguid=0x9E69A3AAAE34FC40AE902ED5380A3493\" target=\"_blank\" rel=\"noopener\"> Politikwissenschaft: Vergleichende Regierungslehre (5 CP)<\/a><\/td><\/tr><tr><td>Teil 1a: Einf\u00fchrung in die Vergleichende Regierungslehre (Vorlesung), SoSe 2009<\/td><\/tr><tr><td>Teil 2a: Transformation in den Staaten des Baltikums im Vergleich (Seminar), SoSe 2009 <span class=\"hinweis\">oder<\/span><\/td><\/tr><tr><td>Teil 2b: Wahlsysteme im Vergleich (Seminar), SoSe 2009 <span class=\"hinweis\">oder<\/span><\/td><\/tr><tr><td>Teil 2c: Einf\u00fchrung in die Politikfeldanalyse (Seminar), SoSe 2009 <span class=\"hinweis\">oder<\/span><\/td><\/tr><tr><td>Teil 2d: EU-Erweiterungen: Mit wem wohin? (Seminar), SoSe 2009<\/td><\/tr><tr><td class=\"ausschluss\">Studierende der F\u00e4cher PWG und Politikwissenschaft sowie des Studiengangs Sozialwissenschaft k\u00f6nnen an diesem Modul nicht teilnehmen!<\/td><\/tr><tr><td>\u00a0<\/td><\/tr><tr><td><a href=\"https:\/\/vvz.ruhr-uni-bochum.de\/campus\/all\/module.asp?gguid=0x806449CE60885D459D513638AC782854&amp;tguid=0x9E69A3AAAE34FC40AE902ED5380A3493\" target=\"_blank\" rel=\"noopener\"> Politikwissenschaft: Politisches System Deutschlands (5 CP)<\/a><\/td><\/tr><tr><td>Teil 1a: Einf\u00fchrung in das politische System Deutschlands (Vorlesung), SoSe 2009<\/td><\/tr><tr><td>Teil 2a: Niedergang der Parlamente? Entparlamentarisierungstendenzen in Deutschland (Seminar), SoSe 2009 <span class=\"hinweis\">oder<\/span><\/td><\/tr><tr><td>Teil 2b: Deutscher F\u00f6deralismus in vergleichender Perspektive (Seminar), SoSe 2009 <span class=\"hinweis\">oder<\/span><\/td><\/tr><tr><td>Teil 2c: Die extreme Rechte in der Bundesrepublik Deutschland (Seminar), SoSe 2009 <span class=\"hinweis\">oder<\/span><\/td><\/tr><tr><td>Teil 2d: Kommunalpolitik und Kommunalverwaltung (Seminar), SoSe 2009 <span class=\"hinweis\">oder<\/span><\/td><\/tr><tr><td>Teil 2d: Verwaltung und Verwaltungswissenschaft in Deutschland (Seminar), SoSe 2009<\/td><\/tr><tr><td class=\"ausschluss\">Studierende der F\u00e4cher PWG, KIG und Politikwissenschaft sowie des Studienganges Sozialwissenschaft k\u00f6nnen an dem Modul nicht teilnehmen!<\/td><\/tr><tr><td>\u00a0<\/td><\/tr><tr><td><a href=\"https:\/\/vvz.ruhr-uni-bochum.de\/campus\/all\/module.asp?gguid=0x5803CCFBC095E544BCB3AFEF511E42F0&amp;tguid=0x9E69A3AAAE34FC40AE902ED5380A3493\" target=\"_blank\" rel=\"noopener\"> Sozialpsychologische Aspekte der Dienstleistungsgesellschaft (5 CP)<\/a><\/td><\/tr><tr><td>Teil 1: Interaktion und Kommunikation in personenbezogenen Dienstleistungen (Vorlesung), SoSe 2009<\/td><\/tr><tr><td>Teil 2: Strukturierte Betreuung (\u00dcbung), SoSe 2009<\/td><\/tr><tr><td class=\"ausschluss\">Studierende des Faches Sozialpsychologie und -anthropologie sowie des Studiengangs Sozialwissenschaft k\u00f6nnen an dem Modul nicht teilnehmen!<\/td><\/tr><tr><td>\u00a0<\/td><\/tr><tr><td><a href=\"https:\/\/vvz.ruhr-uni-bochum.de\/campus\/all\/module.asp?gguid=0x36C725CA655E7B459C03F1320213D1BF&amp;tguid=0x9E69A3AAAE34FC40AE902ED5380A3493\" target=\"_blank\" rel=\"noopener\"> Sozialtheorie (5 CP)<\/a><\/td><\/tr><tr><td>Teil 1: Klassiker der Sozial- und Kulturtheorie (Vorlesung), SoSe 2009<\/td><\/tr><tr><td>Teil 2: Strukturierte Betreuung (\u00dcbung), SoSe 2009<\/td><\/tr><tr><td class=\"ausschluss\">Studierende des Faches Sozialpsychologie und -anthropologie sowie des Studiengangs Sozialwissenschaft k\u00f6nnen an dem Modul nicht teilnehmen!<\/td><\/tr><tr><td>\u00a0<\/td><\/tr><tr><td><a href=\"https:\/\/vvz.ruhr-uni-bochum.de\/campus\/all\/module.asp?gguid=0x504932B078A70845B2DA379DCD6A40AF&amp;tguid=0x9E69A3AAAE34FC40AE902ED5380A3493\" target=\"_blank\" rel=\"noopener\"> Sozial- und Kulturpsychologie (5 CP)<\/a><\/td><\/tr><tr><td>Teil 1: Einf\u00fchrung in die Sozial- und Kulturpsychologie (Vorlesung), SoSe 2009<\/td><\/tr><tr><td>Teil 2: Strukturierte Betreuung (\u00dcbung), SoSe 2009<\/td><\/tr><tr><td class=\"ausschluss\">Studierende des Faches Sozialpsychologie und -anthropologie sowie des Studiengangs Sozialwissenschaft k\u00f6nnen an dem Modul nicht teilnehmen!<\/td><\/tr><tr><td>\u00a0<\/td><\/tr><tr><td><a href=\"https:\/\/vvz.ruhr-uni-bochum.de\/campus\/all\/module.asp?gguid=0x66F026AA29C77F4DA9560D80917D3791&amp;fieldgguid=&amp;findmodule=Theorie+und+Analyse+von+Gegenwartsgesell&amp;tguid=0x9E69A3AAAE34FC40AE902ED5380A3493\" target=\"_blank\" rel=\"noopener\"> Theorie und Analyse von Gegenwartsgesellschaften (5 CP)<\/a><\/td><\/tr><tr><td>Teil 1: Einf\u00fchrung in die Soziologie III (Vorlesung), SoSe 2009<\/td><\/tr><tr><td>Teil 2: Strukturierte Betreuung (\u00dcbung), SoSe 2009<\/td><\/tr><tr><td class=\"ausschluss\">Studierende des Faches Soziologie sowie des Studienganges Sozialwissenschaft k\u00f6nnen an diesem Modul nicht teilnehmen!<\/td><\/tr><tr><td>\u00a0<\/td><\/tr><tr><td><a href=\"https:\/\/vvz.ruhr-uni-bochum.de\/campus\/all\/module.asp?gguid=0x414B5D553868584C953D08A8EDA5F045&amp;fieldgguid=&amp;mode=&amp;findmodule=einf%FChrung+in+die&amp;tguid=0x9E69A3AAAE34FC40AE902ED5380A3493\" target=\"_blank\" rel=\"noopener\"> Einf\u00fchrung in die Politischen Theorien (5 CP)<\/a> <span class=\"hinweis\">Hinweis: Termin und Raum\u00e4nderung! Teil 1 nun Mo. 14.00-16.00 (LK 063), Campus Duisburg, Lotharstr. 65<\/span><\/td><\/tr><tr><td>Teil 1: Einf\u00fchrung in die Politischen Theorien (Vorlesung), SoSe 2009<\/td><\/tr><tr><td>Teil 2: Strukturierte Betreuung (Blended-Learning), SoSe 2009<\/td><\/tr><tr><td class=\"ausschluss\">Studierende der F\u00e4cher PWG, KIG, Soziologie, Politikwissenschaft und Sozialpsychologie\/-anthropologie sowie des Studiengangs Sozialwissenschaft k\u00f6nnen an diesem Modul nicht teilnehmen!<\/td><\/tr><tr><td align=\"right\"><\/td><\/tr><tr><td colspan=\"2\"><div class=\"headline_light\">Sportwissenschaft<\/div><\/td><\/tr><tr><td><a href=\"https:\/\/vvz.ruhr-uni-bochum.de\/campus\/all\/module.asp?gguid=0xFEB1A3BCC014784C86C261577AD7035A&amp;fieldgguid=&amp;mode=&amp;findmodule=sport&amp;tguid=0x9E69A3AAAE34FC40AE902ED5380A3493\" target=\"_blank\" rel=\"noopener\"> Sportpsychologie in Forschung und Anwendung (5 CP)<\/a><span class=\"hinweis\"> Hinweis: Anmeldung per Mail bis 31.03.2009!<\/span><\/td><\/tr><tr><td>Teil 1: Einf\u00fchrung in die Sportpsychologie (Vorlesung), SoSe 2009<\/td><\/tr><tr><td>Teil 2: Psychologische Aspekte des Schul- und Gesundheitssports (Proseminar), SoSe 2009<\/td><\/tr><tr><td class=\"ausschluss\" width=\"100%\">Studierende der Sportwissenschaft k\u00f6nnen an diesem Modul nicht teilnehmen!<\/td><\/tr><tr><td>\u00a0<\/td><\/tr><tr><td><a href=\"https:\/\/vvz.ruhr-uni-bochum.de\/campus\/all\/module.asp?gguid=0x48F05A00E4EAB8429332A3E4A066582F&amp;tguid=0x9E69A3AAAE34FC40AE902ED5380A3493\" target=\"_blank\" rel=\"noopener\"> Sport und Gesundheit (5 CP)<\/a><\/td><\/tr><tr><td>Teil 1: Sport und Gesundheit (Vorlesung), SoSe 2009<\/td><\/tr><tr><td>Teil 2: Trainingswissenschaft (B2): Grundlagen der Trainingswissenschaft (Vorlesung), SoSe 2009<\/td><\/tr><tr><td class=\"ausschluss\" width=\"100%\">Studierende der Sportwissenschaft k\u00f6nnen an diesem Modul nicht teilnehmen!<\/td><\/tr><tr><td>\u00a0<\/td><\/tr><tr><td><a href=\"https:\/\/vvz.ruhr-uni-bochum.de\/campus\/all\/module.asp?gguid=0xDBE0F354A1843B4A9C3A743B97AC1A09&amp;tguid=0x9E69A3AAAE34FC40AE902ED5380A3493\" target=\"_blank\" rel=\"noopener\"> Bewegungskultur und Sport in historischer Perspektive (5 CP)<\/a><\/td><\/tr><tr><td>Teil 1: Sportgeschichte (C1): Einf\u00fchrung in die Sportgeschichte (Vorlesung), SoSe 2009<\/td><\/tr><tr><td>Teil 2: Sportgeschichte (C1 \/ C3): Bewegungskultur und Sport in historischer Perspektive (Proseminar), SoSe 2009<\/td><\/tr><tr><td class=\"ausschluss\" width=\"100%\">Studierende der Sportwissenschaft k\u00f6nnen an diesem Modul nicht teilnehmen!<\/td><\/tr><tr><td align=\"right\"><\/td><\/tr><tr><td colspan=\"2\"><div class=\"headline_light\">Wirtschaftswissenschaft<\/div><\/td><\/tr><tr><td><a href=\"https:\/\/vvz.ruhr-uni-bochum.de\/campus\/all\/module.asp?gguid=0xFDDCD105B28AAD408B97DBDACC56EBE4&amp;tguid=0x9E69A3AAAE34FC40AE902ED5380A3493\" target=\"_blank\" rel=\"noopener\"> Aspects of Global Business (5 CP)<\/a><\/td><\/tr><tr><td>Teil 1: Introduction to Consumer Marketing (Seminar), SoSe 2009<\/td><\/tr><tr><td>Teil 2: Introduction to Management (Seminar), SoSe 2009<\/td><\/tr><tr><td class=\"ausschluss\">Sehr gute Kenntnisse der englischen Sprache, Grundkenntnisse einer Pr\u00e4sentationssoftware wie Powerpoint und aktives Interesse an betriebswirtschaftlichen Fragestellungen werden vorausgesetzt!<\/td><\/tr><tr><td>\u00a0<\/td><\/tr><tr><td><a href=\"https:\/\/vvz.ruhr-uni-bochum.de\/campus\/all\/module.asp?gguid=0x4BFAB34DBA14374F966BF7DDA29A8EC5&amp;tguid=0x9E69A3AAAE34FC40AE902ED5380A3493\" target=\"_blank\" rel=\"noopener\"> Einf\u00fchrung in das Rechnungswesen\/Controlling (5 CP)<\/a><\/td><\/tr><tr><td>Teil 1: Einf\u00fchrung in das Rechnungswesen\/Controlling (Vorlesung), SoSe 2009<\/td><\/tr><tr><td>Teil 2: \u00dcbung zur Einf\u00fchrung in das Rechnungswesen\/Controlling, SoSe 2009<\/td><\/tr><tr><td class=\"ausschluss\">Studierende der Wirtschaftswissenschaften k\u00f6nnen an diesem Modul nicht teilnehmen!<\/td><\/tr><tr><td>\u00a0<\/td><\/tr><tr><td><a href=\"https:\/\/vvz.ruhr-uni-bochum.de\/campus\/all\/module.asp?gguid=0x00720371E0EA3B408D94CA5FA590D7DF&amp;tguid=0x9E69A3AAAE34FC40AE902ED5380A3493\" target=\"_blank\" rel=\"noopener\"> Grundlagen des Marketing (5 CP)<\/a><\/td><\/tr><tr><td>Teil 1: Wirtschaften &#8211; Grundlagen und Theorien (Seminar), SoSe 2009<\/td><\/tr><tr><td>Teil 2: Marketing &#8211; Instrumente und ihre Anwendung (Seminar), SoSe 2009<\/td><\/tr><tr><td class=\"ausschluss\">Studierende der Wirtschaftwissenschaft (BWL\/VWL), der Wirtschaft und Politik Ostasiens oder der PWG (Politik, Wirtschaft und Gesellschaft) und Teilnehmer\/Absolventen des Moduls &#8218;Eine fallorientierte Einf\u00fchrung in die \u00d6konomie&#8216; k\u00f6nnen an diesem Modul nicht teilnehmen!<\/td><\/tr><tr><td align=\"right\"><\/td><\/tr><tr><td colspan=\"2\"><div class=\"headline\">Interdisziplin\u00e4re Module<\/div><\/td><\/tr><tr><td><a href=\"https:\/\/vvz.ruhr-uni-bochum.de\/campus\/all\/module.asp?gguid=0xDBCA5FD17553294C953BAFD17736AEB8&amp;tguid=0x9E69A3AAAE34FC40AE902ED5380A3493\" target=\"_blank\" rel=\"noopener\"> Aspekte der europ\u00e4ischen Aufkl\u00e4rung (5 CP)<\/a><\/td><\/tr><tr><td>Teil 1: &#8222;Geschichte Europas seit der Aufkl\u00e4rung&#8220; (Vorlesung), SoSe 2009<\/td><\/tr><tr><td>Teil 2: &#8222;Musiktheater f\u00fcr oder gegen die Aufkl\u00e4rung? Mozarts da Ponte-Opern&#8220; (Seminar), SoSe 2009<\/td><\/tr><tr><td class=\"ausschluss\">\u00a0<\/td><\/tr><tr><td><a href=\"https:\/\/vvz.ruhr-uni-bochum.de\/campus\/all\/module.asp?gguid=0x76CA86D34182BD44A97A2D597B2D0DC8&amp;tguid=0x9E69A3AAAE34FC40AE902ED5380A3493\" target=\"_blank\" rel=\"noopener\"> Die factory sucht Querdenker! &#8211; K\u00fcnstlerisches Denken in au\u00dferk\u00fcnstlerischen Feldern (5 CP)<\/a><\/td><\/tr><tr><td>Teil 1: Creative Economy &#8211; K\u00fcnstlerisches Denken als Innovationspotential (Seminar), SoSe 2009<\/td><\/tr><tr><td>Teil 2: Erfinderwerkstatt (\u00dcbung), SoSe 2009<\/td><\/tr><tr><td class=\"ausschluss\">\u00a0<\/td><\/tr><tr><td><a href=\"https:\/\/vvz.ruhr-uni-bochum.de\/campus\/all\/module.asp?gguid=0x82A535906FF90F479A4EB027C6802A72&amp;tguid=0x9E69A3AAAE34FC40AE902ED5380A3493\" target=\"_blank\" rel=\"noopener\"> Die Popularisierung von Eugenik und Rassenhygiene, 1920-1950 &#8211; Ein interdisziplin\u00e4res Ausstellungsprojekt (5 CP)<\/a><\/td><\/tr><tr><td>Teil 1: Eugenik und Rassenhygiene, 1920 &#8211; 1950: Formen und Medien der Popularisierung (Seminar\/\u00dcbung), SoSe 2009<\/td><\/tr><tr><td>Teil 2: Lehrreich-Veranstaltung (Die Popularisierung von Eugenik und Rassenhygiene &#8211; Eine Ausstellung entsteht (Praktische \u00dcbung)), SoSe 2009<\/td><\/tr><tr><td class=\"ausschluss\">\u00a0<\/td><\/tr><tr><td><a href=\"https:\/\/vvz.ruhr-uni-bochum.de\/campus\/all\/module.asp?gguid=0x8EC581B82EAA0C4E92C117CEE3104C26&amp;tguid=0x9E69A3AAAE34FC40AE902ED5380A3493\" target=\"_blank\" rel=\"noopener\"> &#8222;Die Sch\u00f6pfung&#8220; &#8211; Vertonungen zu Sch\u00f6pfungsmythen am Beispiel von Joseph Haydns Oratorium (5 CP)<\/a><\/td><\/tr><tr><td>Teil 1: &#8222;Die Sch\u00f6pfung&#8220; &#8211; Vertonungen zu Sch\u00f6pfungsmythen am Beispiel von Joseph Haydns Oratorium (Seminar), SoSe 2009<\/td><\/tr><tr><td>Teil 2a: Chor der Universit\u00e4t (praktische \u00dcbung), SoSe 2009 <span class=\"hinweis\">oder<\/span><\/td><\/tr><tr><td>Teil 2b: Orchester der Universit\u00e4t (praktische \u00dcbung), SoSe 2009<\/td><\/tr><tr><td class=\"ausschluss\">\u00a0<\/td><\/tr><tr><td><a href=\"https:\/\/vvz.ruhr-uni-bochum.de\/campus\/all\/module.asp?gguid=0x11B34D371DF5BF4484C955CF3D317920&amp;tguid=0x9E69A3AAAE34FC40AE902ED5380A3493\" target=\"_blank\" rel=\"noopener\"> Funktionen des UN-Systems und Teilnahme an der UN-Simulationstagung &#8218;DuEMUN-RuhrMUN&#8216; (In Kooperation mit dem DuEMUN e.V.) (5 CP)<\/a><br \/><span class=\"hinweis\">Hinweis: Anm. per Mail (10.03-20.04.2009) an dieter.reinhardt[at]uni-due.de<\/span><\/td><\/tr><tr><td>Teil 1: Funktionen des UN-Systems (Seminar), SoSe 2009<\/td><\/tr><tr><td>Teil 2: Model United Nations (RuhrMUN), (Dreit\u00e4tige englischsprachige UN-Simluationstagung), SoSe 2009<\/td><\/tr><tr><td class=\"ausschluss\">Gute Kenntnisse der englischen Sprache werden vorausgesetzt.<\/td><\/tr><tr><td class=\"ausschluss\">\u00a0<\/td><\/tr><tr><td><a href=\"https:\/\/vvz.ruhr-uni-bochum.de\/campus\/all\/module.asp?gguid=0x72364B6DFAA07A4D8FF1A6B53BB97E04&amp;tguid=0x9E69A3AAAE34FC40AE902ED5380A3493\" target=\"_blank\" rel=\"noopener\"> Farben sehen und erleben (5 CP)<\/a><\/td><\/tr><tr><td>Teil 1: Farben sehen und erleben &#8211; Theorie und Geschichte (Seminar), SoSe 2009<\/td><\/tr><tr><td>Teil 2: Farben sehen und erleben &#8211; Praktische Einf\u00fchrung in die Welt der Farben und der Malerei (praktische \u00dcbung), SoSe 2009<\/td><\/tr><tr><td class=\"ausschluss\">\u00a0<\/td><\/tr><tr><td><a href=\"https:\/\/vvz.ruhr-uni-bochum.de\/campus\/all\/module.asp?gguid=0x383FF6145F7153438757CA64F798B839&amp;tguid=0x9E69A3AAAE34FC40AE902ED5380A3493\" target=\"_blank\" rel=\"noopener\"> Innovation &#8211; Impulse in Vergangenheit, Gegenwart und Zukunft (5 CP)<\/a><\/td><\/tr><tr><td>Teil 1: Innovation &#8211; Wie geht das? (Ringvorlesung), SoSe 2009<\/td><\/tr><tr><td>Teil 2: Erfinderwerkstatt (\u00dcbung), SoSe 2009<\/td><\/tr><tr><td class=\"ausschluss\">\u00a0<\/td><\/tr><tr><td><a href=\"https:\/\/vvz.ruhr-uni-bochum.de\/campus\/all\/module.asp?gguid=0xE6060B06CC14CD4C804A1836BDA12E3E&amp;tguid=0x9E69A3AAAE34FC40AE902ED5380A3493\" target=\"_blank\" rel=\"noopener\"> Tanz und Musik im Gro\u00dfstadtdschungel &#8211; Zwischen Tango, Techno und HipHop I (5 CP)<\/a><\/td><\/tr><tr><td>Teil 1: Urbane Bewegungskulturen (Seminar), SoSe 2009<\/td><\/tr><tr><td>Teil 2: Der Sound der Gro\u00dfstadt (Blockseminar), SoSe 2009<\/td><\/tr><tr><td class=\"ausschluss\">\u00a0<\/td><\/tr><tr><td><a href=\"https:\/\/vvz.ruhr-uni-bochum.de\/campus\/all\/module.asp?gguid=0x4781B4E0868E8544AB2312EE9C59FB51&amp;tguid=0x9E69A3AAAE34FC40AE902ED5380A3493\" target=\"_blank\" rel=\"noopener\"> Tanz und Musik im Gro\u00dfstadtdschungel &#8211; Zwischen Tango, Techno und HipHop II (5 CP)<\/a><\/td><\/tr><tr><td>Teil 1: Urbane Bewegungskulturen (Seminar), SoSe 2009<\/td><\/tr><tr><td>Teil 2: Der Sound der Gro\u00dfstadt (Blockseminar), SoSe 2009<\/td><\/tr><tr><td class=\"ausschluss\">\u00a0<\/td><\/tr><tr><td><a href=\"https:\/\/vvz.ruhr-uni-bochum.de\/campus\/all\/module.asp?gguid=0x05629219AAE382499095E972D5EE96A9&amp;tguid=0x9E69A3AAAE34FC40AE902ED5380A3493\" target=\"_blank\" rel=\"noopener\"> Zwischen Afghanistan und Alexanderplatz &#8211; Die achtziger Jahre: Labor deutscher Gegenwart? (5 CP)<\/a><\/td><\/tr><tr><td>Teil 1: (Un-)Vorbereitet in die deutsche Einheit? Das geteilte Deutschland in den 80er Jahren (Ringvorlesung), SoSe 2009<\/td><\/tr><tr><td>Teil 2: Von &#8222;Wende&#8220; zu &#8222;Wende&#8220; &#8211; eine Arch\u00e4ologie der &#8222;80er&#8220; in Texten aus Literatur, Politik und Wissenschaft (\u00dcbung), SoSe 2009<\/td><\/tr><\/tbody><\/table><\/div>\n\t\t\t\t<\/div>\n\t\t\t\t\t\t\t<div class=\"elementor-accordion-item\">\n\t\t\t\t\t<div id=\"elementor-tab-title-91625\" class=\"elementor-tab-title\" data-tab=\"25\" role=\"button\" aria-controls=\"elementor-tab-content-91625\" aria-expanded=\"false\">\n\t\t\t\t\t\t\t\t\t\t\t\t\t<span class=\"elementor-accordion-icon elementor-accordion-icon-left\" aria-hidden=\"true\">\n\t\t\t\t\t\t\t\t\t\t\t\t\t\t\t<span class=\"elementor-accordion-icon-closed\"><i class=\"fas fa-plus\"><\/i><\/span>\n\t\t\t\t\t\t\t\t<span class=\"elementor-accordion-icon-opened\"><i class=\"fas fa-minus\"><\/i><\/span>\n\t\t\t\t\t\t\t\t\t\t\t\t\t\t<\/span>\n\t\t\t\t\t\t\t\t\t\t\t\t<a class=\"elementor-accordion-title\" tabindex=\"0\">WS 2008\/09<\/a>\n\t\t\t\t\t<\/div>\n\t\t\t\t\t<div id=\"elementor-tab-content-91625\" class=\"elementor-tab-content elementor-clearfix\" data-tab=\"25\" role=\"region\" aria-labelledby=\"elementor-tab-title-91625\"><table class=\"table_txt\" width=\"100%\" border=\"0\"><tbody><tr><td colspan=\"2\"><div class=\"headline\">Grundlagenmodule anderer F\u00e4cher<\/div><\/td><\/tr><tr><td colspan=\"2\"><div class=\"headline_light\">Anglistik\/Amerikanistik<\/div><\/td><\/tr><tr><td><a href=\"https:\/\/vvz.ruhr-uni-bochum.de\/campus\/all\/module.asp?gguid=0x18E144F5D232964D8CE96195D6481419&amp;fieldgguid=&amp;findmodule=Amerikanische+Kultur+und+Literatur&amp;tguid=0x2401C789F8D06C42981DB53A41A0B097\" target=\"_blank\" rel=\"noopener\"> Amerikanische Kultur und Literatur (5 CP)<\/a><\/td><\/tr><tr><td>Teil 1: American Literature and Culture after World War II (Vorlesung), WS 2008\/09<\/td><\/tr><tr><td>Teil 2: &#8222;Say It Loud &#8211; I&#8217;m Black and I&#8217;m Proud&#8220;: From the Civil Rights Movement to Black Power (Seminar), WS 2008\/09<\/td><\/tr><tr><td class=\"ausschluss\">Studierende der Anglistik\/Amerikanistik k\u00f6nnen an diesem Modul zwar teilnehmen, jedoch keine Credit Points f\u00fcr den Optionalbereich erwerben.<\/td><\/tr><tr><td>\u00a0<\/td><\/tr><tr><td><a href=\"https:\/\/vvz.ruhr-uni-bochum.de\/campus\/all\/module.asp?gguid=0x1432CA713B3DB8439768090AA2891DEA&amp;fieldgguid=&amp;findmodule=Englische+Kulturgeschichte&amp;tguid=0x2401C789F8D06C42981DB53A41A0B097\" target=\"_blank\" rel=\"noopener\"> Englische Kulturgeschichte (5 CP)<\/a><\/td><\/tr><tr><td>Teil 1: 050648 Renaissance Culture (Vorlesung), WS 2008\/09<\/td><\/tr><tr><td>Teil 2: 050654 Restoration Culture, (Vorlesung), <span class=\"hinweis\">SoSe 2009<\/span><\/td><\/tr><tr><td class=\"ausschluss\">Studierende der Anglistik\/Amerikanistik k\u00f6nnen an diesem Modul zwar teilnehmen, jedoch keine Credit Points f\u00fcr den Optionalbereich erwerben.<\/td><\/tr><tr><td>\u00a0<\/td><\/tr><tr><td><a href=\"https:\/\/vvz.ruhr-uni-bochum.de\/campus\/all\/module.asp?gguid=0x9BDBC9EDFB31134DB08147AB9A29B972&amp;fieldgguid=&amp;mode=&amp;findmodule=Englische+Literatur+und+Kultur+I&amp;tguid=0x2401C789F8D06C42981DB53A41A0B097\" target=\"_blank\" rel=\"noopener\"> Englische Literatur und Kultur I (5 CP)<\/a><\/td><\/tr><tr><td>Teil 1: 050620 The Natural World in Medieval Literature (Vorlesung), WS 2008\/09<\/td><\/tr><tr><td>Teil 2: 050624 Tales with Tails: Medieval English Fables (\u00dcbung), WS 2008\/09<\/td><\/tr><tr><td class=\"ausschluss\">Studierende der Anglistik\/Amerikanistik k\u00f6nnen an diesem Modul zwar teilnehmen, jedoch keine Credit Points f\u00fcr den Optionalbereich erwerben.<\/td><\/tr><tr><td>\u00a0<\/td><\/tr><tr><td><a href=\"https:\/\/vvz.ruhr-uni-bochum.de\/campus\/all\/module.asp?gguid=0xF6DB1132D617214387C5230D151B61AB&amp;fieldgguid=&amp;mode=&amp;findmodule=Englische+Literatur+und+Kultur+I&amp;tguid=0x2401C789F8D06C42981DB53A41A0B097\" target=\"_blank\" rel=\"noopener\"> Englische Literatur und Kultur II (5 CP)<\/a><\/td><\/tr><tr><td>Teil 1a: 050623 King Arthur&#8217;s Death (\u00dcbung), WS 2008\/09 <span class=\"hinweis\">oder<\/span><\/td><\/tr><tr><td>Teil 1b: 050611 Introduction to Old English (\u00dcbung), WS 2008\/09<\/td><\/tr><tr><td>Teil 2: 050650 Arthur 2000: the Once and Future King at the Beginning of a New Millenium, (\u00dcbung), WS 2008\/09<\/td><\/tr><tr><td class=\"ausschluss\">Studierende der Anglistik\/Amerikanistik k\u00f6nnen an diesem Modul zwar teilnehmen, jedoch keine Credit Points f\u00fcr den Optionalbereich erwerben.<\/td><\/tr><tr><td align=\"right\"><\/td><\/tr><tr><td colspan=\"2\"><div class=\"headline_light\">Arch\u00e4ologische Wissenschaften<\/div><\/td><\/tr><tr><td><a href=\"https:\/\/vvz.ruhr-uni-bochum.de\/campus\/all\/module.asp?gguid=0x57ADCDCE94C6DB4CABE07A3BB4A2CBBF&amp;fieldgguid=&amp;findmodule=Arch%E4ologie&amp;tguid=0x2401C789F8D06C42981DB53A41A0B097\" target=\"_blank\" rel=\"noopener\"> Arch\u00e4ologie des Bergbaus fr\u00fcher Kulturen (5 CP)<\/a><\/td><\/tr><tr><td>Teil 1: Vorlesung: Rohstoffgewinnung in den j\u00fcngeren Epochen der Vor- und Fr\u00fchgeschichte, WS 2008\/09<\/td><\/tr><tr><td>Teil 2: Seminar: R\u00f6mischer Bergbau, WS 2008\/09<\/td><\/tr><tr><td class=\"ausschluss\">Studierende der ArWi k\u00f6nnen in diesem Modul keine Kreditpunkte f\u00fcr den Optionalbereich erwerben!<\/td><\/tr><tr><td>\u00a0<\/td><\/tr><tr><td><a href=\"https:\/\/vvz.ruhr-uni-bochum.de\/campus\/all\/module.asp?gguid=0x7C0A086BC5366C4C8E18A2D57BA31470&amp;fieldgguid=&amp;findmodule=Rohstoffe&amp;tguid=0x2401C789F8D06C42981DB53A41A0B097\" target=\"_blank\" rel=\"noopener\"> Rohstoffe und ihre M\u00e4rkte &#8211; seit 3000 Jahren (5 CP)<\/a><\/td><\/tr><tr><td>Teil 1: VL: Rohstoffe und fr\u00fche M\u00e4rkte (Ringvorlesung), WS 2008\/09<\/td><\/tr><tr><td>Teil 2: Seminar: R\u00f6mischer Bergbau, WS 2008\/09<\/td><\/tr><tr><td class=\"ausschluss\">Studierende der ArWi k\u00f6nnen in diesem Modul keine Kreditpunkte f\u00fcr den Optionalbereich erwerben!<\/td><\/tr><tr><td>\u00a0<\/td><\/tr><tr><td><a href=\"https:\/\/vvz.ruhr-uni-bochum.de\/campus\/all\/module.asp?gguid=0x227D5543CA2EF54E9EB130FEE618E0FA&amp;fieldgguid=&amp;findmodule=Pr%E4historische&amp;tguid=0x2401C789F8D06C42981DB53A41A0B097\" target=\"_blank\" rel=\"noopener\"> Pr\u00e4historische Arch\u00e4ologie (5 CP)<\/a><\/td><\/tr><tr><td>Teil 1: Rohstoffgewinnung in den j\u00fcngeren Epochen der Vor- und Fr\u00fchgeschichte (Vorlesung), WS 2008\/09<\/td><\/tr><tr><td>Teil 2: Ostasiatische Arch\u00e4ologie (Ringveranstaltung\/Seminar), WS 2008\/09<\/td><\/tr><tr><td class=\"ausschluss\">Studierende der ArWi k\u00f6nnen in diesem Modul keine Kreditpunkte f\u00fcr den Optionalbereich erwerben!<\/td><\/tr><tr><td align=\"right\"><\/td><\/tr><tr><td colspan=\"2\"><div class=\"headline_light\">Biologie<\/div><\/td><\/tr><tr><td><a href=\"https:\/\/vvz.ruhr-uni-bochum.de\/campus\/all\/module.asp?gguid=0xCA9B7F99FD85954DAF8DF9FC9D9C9525&amp;fieldgguid=&amp;findmodule=Biologie+der+Zelle&amp;tguid=0x2401C789F8D06C42981DB53A41A0B097\" target=\"_blank\" rel=\"noopener\"> Biologie der Zelle (5 CP)<\/a><\/td><\/tr><tr><td>Teil 1: Vorlesung &#8222;Biologie der Zelle&#8220; (Temine: tgl., Mi, 15.10.08 -Mi, 04.11.08, 11:15 &#8211; 12:00 Uhr, HNC 10, WS 2008\/09<\/td><\/tr><tr><td>Teil 2: Seminar zur Vorlesung &#8222;Biologie der Zelle&#8220; (Zeit und Ort wird bei Anmeldung mit den Teilnehmer\/innen abgestimmt, WS 2008\/09<\/td><\/tr><tr><td class=\"ausschluss\">Biologie-Studierende k\u00f6nnen an diesem Modul zwar teilnehmen, jedoch keine Credit Points f\u00fcr den Optionalbereich erwerben.<\/td><\/tr><tr><td>\u00a0<\/td><\/tr><tr><td><a href=\"https:\/\/vvz.ruhr-uni-bochum.de\/campus\/all\/module.asp?gguid=0xAE83C0AF01FB444FA342782CC5F1CCA8&amp;fieldgguid=&amp;findmodule=Bio%F6konomie+2%3A+Verhaltens%F6konomie&amp;tguid=0x2401C789F8D06C42981DB53A41A0B097\" target=\"_blank\" rel=\"noopener\"> Bio\u00f6konomie 2: Verhaltens\u00f6konomie (5 CP)<\/a><\/td><\/tr><tr><td>Teil 1: Seminar Bio\u00f6konomie II: Verhaltens\u00f6konomie, WS 2008\/09<\/td><\/tr><tr><td>Teil 2: \u00dcbung Bio\u00f6konomie II: Verhaltens\u00f6konomie, WS 2008\/09<\/td><\/tr><tr><td class=\"ausschluss\">\u00a0<\/td><\/tr><tr><td><a href=\"https:\/\/vvz.ruhr-uni-bochum.de\/campus\/all\/module.asp?gguid=0xBD23ACDF53B8EE408646DDFCE8C568CC&amp;fieldgguid=&amp;findmodule=Botanik+im+Alltag&amp;tguid=0x2401C789F8D06C42981DB53A41A0B097\" target=\"_blank\" rel=\"noopener\">Botanik im Alltag (5 CP)<\/a><\/td><\/tr><tr><td>Teil 1: \u00dcbungen zum Thema &#8222;Botanik im Alltag&#8220;, WS 2008\/09<\/td><\/tr><tr><td>Teil 2: Exkursionen zum Thema &#8222;Botanik im Alltag&#8220;, WS 2008\/09<\/td><\/tr><tr><td class=\"ausschluss\">\u00a0<\/td><\/tr><tr><td><a href=\"https:\/\/vvz.ruhr-uni-bochum.de\/campus\/all\/module.asp?gguid=0xEE1C6C29BB002E478FD8570FDA7B9DB9&amp;fieldgguid=&amp;findmodule=Einf%FChrung+in+die+Grundlagen+der+zellul%E4&amp;tguid=0x2401C789F8D06C42981DB53A41A0B097\" target=\"_blank\" rel=\"noopener\"> Einf\u00fchrung in die Grundlagen der zellul\u00e4ren Bioenergetik (5 CP)<\/a><\/td><\/tr><tr><td>Teil 1: Vorlesung &#8222;Einf\u00fchrung in die Grundlagen der Bioenergetik bei Pflanzen&#8220;, WS 2008\/09<\/td><\/tr><tr><td>Teil 2: Seminar &#8222;Einf\u00fchrung in biochemische Methoden&#8220; (Zeit und Ort wird bei der Anmeldung mit den Teilnehmer\/innen abgestimmt), WS 2008\/09<\/td><\/tr><tr><td class=\"ausschluss\">Biologie-Studierende k\u00f6nnen an diesem Modul zwar teilnehmen, jedoch keine Credit Points f\u00fcr den Optionalbereich erwerben.<\/td><\/tr><tr><td>\u00a0<\/td><\/tr><tr><td><a href=\"https:\/\/vvz.ruhr-uni-bochum.de\/campus\/all\/module.asp?gguid=0x298AE3564912384DB963FE6459C94074&amp;fieldgguid=&amp;findmodule=Einf%FChrung+in+die+moderne+Biophysik&amp;tguid=0x2401C789F8D06C42981DB53A41A0B097\" target=\"_blank\" rel=\"noopener\">Einf\u00fchrung in die moderne Biophysik (5 CP) <\/a><\/td><\/tr><tr><td>Teil 1: Vorlesung &#8222;Moderne Biophysik&#8220;, WS 2008\/09<\/td><\/tr><tr><td>Teil 2: Biophysikalisches Seminar, WS 2008\/09<\/td><\/tr><tr><td class=\"ausschluss\">Biologie-Studierende k\u00f6nnen an diesem Modul zwar teilnehmen, jedoch keine Credit Points f\u00fcr den Optionalbereich erwerben.<\/td><\/tr><tr><td>\u00a0<\/td><\/tr><tr><td><a href=\"https:\/\/vvz.ruhr-uni-bochum.de\/campus\/all\/module.asp?gguid=0x9EA3328B08E42B4B87C97F38CC8B1B8F&amp;fieldgguid=&amp;findmodule=Evolution+des+Menschen&amp;tguid=0x2401C789F8D06C42981DB53A41A0B097\" target=\"_blank\" rel=\"noopener\">Evolution des Menschen (5 CP) <\/a><\/td><\/tr><tr><td>Teil 1: Vorlesung: Evolution des Menschen, WS 2008\/09<\/td><\/tr><tr><td>Teil 2: Seminar: Evolution des Menschen, WS 2008\/09<\/td><\/tr><tr><td class=\"ausschluss\">\u00a0<\/td><\/tr><tr><td><a href=\"https:\/\/vvz.ruhr-uni-bochum.de\/campus\/all\/module.asp?gguid=0x53B07437AD9D0444BF54C24EE3706226&amp;fieldgguid=&amp;findmodule=Grundlagen+der+Mikrobiologie+und+Geneti&amp;tguid=0x2401C789F8D06C42981DB53A41A0B097\" target=\"_blank\" rel=\"noopener\"> Grundlagen der Mikrobiologie und Genetik (5 CP)<\/a><\/td><\/tr><tr><td>Teil 1: Vorlesung Grundlagen der Mikrobiologie und Genetik, WS 2008\/09<\/td><\/tr><tr><td>Teil 2: Seminar zur Vorlesung &#8222;Grundlagen der Mikrobiologie und Genetik&#8220; (Zeit und Ort wird mit den Teilnehmern abgestimmt.), WS 2008\/09<\/td><\/tr><tr><td class=\"ausschluss\">Biologie-Studierende k\u00f6nnen an diesem Modul zwar teilnehmen, jedoch keine Credit Points f\u00fcr den Optionalbereich erwerben.<\/td><\/tr><tr><td>\u00a0<\/td><\/tr><tr><td><a href=\"https:\/\/vvz.ruhr-uni-bochum.de\/campus\/all\/module.asp?gguid=0x6E901D5682A483488D790771F4D4769B&amp;fieldgguid=&amp;findmodule=%D6kophysiologie+der+Pflanzen&amp;tguid=0x2401C789F8D06C42981DB53A41A0B097\" target=\"_blank\" rel=\"noopener\">\u00d6kophysiologie der Pflanzen (5 CP)<\/a><\/td><\/tr><tr><td>Teil 1: Vorlesung: Anpassungsmechanismen des Photosyntheseapparates an unterschiedliche \u00d6kofaktoren, WS 2008\/09<\/td><\/tr><tr><td>Teil 2: Seminar: Bedeutung der Photosynthese f\u00fcr Klimaver\u00e4nderung, WS 2008\/09<\/td><\/tr><tr><td class=\"ausschluss\">\u00a0<\/td><\/tr><tr><td><a href=\"https:\/\/vvz.ruhr-uni-bochum.de\/campus\/all\/module.asp?gguid=0x1AA60469E1F49440AB2FB38513D7C344&amp;fieldgguid=&amp;findmodule=Sinnes&amp;tguid=0x2401C789F8D06C42981DB53A41A0B097\" target=\"_blank\" rel=\"noopener\">Sinnesphysiologie bei Insekten: Vom Gen zum Verhalten (5 CP)<\/a><\/td><\/tr><tr><td>Teil 1: Sinnesphysiologie bei Insekten: Vom Gen zum Verhalten (Vorlesung), WS 2008\/09<\/td><\/tr><tr><td>Teil 2: Sinnesphysiologie bei Insekten: Vom Gen zum Verhalten (Seminar), WS 2008\/09<\/td><\/tr><tr><td class=\"ausschluss\">\u00a0<\/td><\/tr><tr><td><a href=\"https:\/\/vvz.ruhr-uni-bochum.de\/campus\/all\/module.asp?gguid=0xA29BC8A1FC1F0A4380BC85F0FD7A1522&amp;fieldgguid=&amp;findmodule=Einf%FChrung+in+die+%D6kologie+und+Formenvie&amp;tguid=0x2401C789F8D06C42981DB53A41A0B097\" target=\"_blank\" rel=\"noopener\">Einf\u00fchrung in die \u00d6kologie und Formenvielfalt mariner Lebensr\u00e4ume (5 CP)<\/a><\/td><\/tr><tr><td>Teil 1: Einf\u00fchrung in die \u00d6kologie und Formenvielfalt mariner Lebensr\u00e4ume (Seminar), WS 2008\/09<\/td><\/tr><tr><td>Teil 2: Einf\u00fchrung in die \u00d6kologie und Formenvielfalt mariner Lebensr\u00e4ume, (praktische Bestimmungs\u00fcbungen) (\u00dcbung), WS 2008\/09<\/td><\/tr><tr><td class=\"ausschluss\">\u00a0<\/td><\/tr><tr><td><a href=\"https:\/\/vvz.ruhr-uni-bochum.de\/campus\/all\/module.asp?gguid=0xF164C0DD19EC5C499B2FE95FFAE121BA&amp;fieldgguid=&amp;findmodule=%DCberleben+von+motorischen+Nervenzellen&amp;tguid=0x2401C789F8D06C42981DB53A41A0B097\" target=\"_blank\" rel=\"noopener\">\u00dcberleben von motorischen Nervenzellen (5 CP)<\/a><\/td><\/tr><tr><td>Teil 1: Literaturseminar: \u00dcberleben von motorischen Nervenzellen (Seminar), WS 2008\/09<\/td><\/tr><tr><td>Teil 2: Ergebnispr\u00e4sentation: \u00dcberleben von motorischen Nervenzellen (Seminar), WS 2008\/09<\/td><\/tr><tr><td align=\"right\"><\/td><\/tr><tr><td colspan=\"2\"><div class=\"headline_light\">Chemie<\/div><\/td><\/tr><tr><td><a href=\"https:\/\/vvz.ruhr-uni-bochum.de\/campus\/all\/module.asp?gguid=0xC47CFC13A94D3C4D964A5AB4D126DF1D&amp;fieldgguid=&amp;findmodule=Organische+Chemie+(Schwerpunkt+Biologie)&amp;tguid=0x2401C789F8D06C42981DB53A41A0B097\" target=\"_blank\" rel=\"noopener\"> Organische Chemie (Schwerpunkt Biologie) (5 CP)<\/a><\/td><\/tr><tr><td>Teil 1: Organische Chemie f\u00fcr Studierende der Medizin, Biologie und Geowissenschaften (Vorlesung), WS 2008\/09<\/td><\/tr><tr><td>Teil 2:<span class=\"hinweis\">SoSe 2009<\/span><\/td><\/tr><tr><td class=\"ausschluss\">Studierende der Chemie k\u00f6nnen in diesem Modul keine Credit Points f\u00fcr den Optionalbereich erwerben.<\/td><\/tr><tr><td>\u00a0<\/td><\/tr><tr><td><a href=\"https:\/\/vvz.ruhr-uni-bochum.de\/campus\/all\/module.asp?gguid=0x111A4D28A9F8114F898B0627BDDC7A08&amp;tguid=0x2401C789F8D06C42981DB53A41A0B097\" target=\"_blank\" rel=\"noopener\"> Chemikalienrecht &#8211; Toxikologie (5 CP)<\/a><\/td><\/tr><tr><td>Teil 1: Chemikalienrecht &#8211; Toxikologie (Vorlesung), WS 2008\/09<\/td><\/tr><tr><td>Teil 2: \u00dcbungen zur Vorlesung &#8222;Chemikalienrecht &#8211; Toxikologie&#8220;, WS 2008\/09<\/td><\/tr><tr><td class=\"ausschluss\">Studierende der Chemie k\u00f6nnen in diesem Modul keine Credit Points f\u00fcr den Optionalbereich erwerben!<\/td><\/tr><tr><td>\u00a0<\/td><\/tr><tr><td><a href=\"https:\/\/vvz.ruhr-uni-bochum.de\/campus\/all\/module.asp?gguid=0x0A92F814DA47304886D1C971F53DCE27&amp;tguid=0x2401C789F8D06C42981DB53A41A0B097\" target=\"_blank\" rel=\"noopener\"> Einf\u00fchrung in die Allgemeine Chemie (10 CP)<\/a><\/td><\/tr><tr><td>Teil 1: Allgemeine Chemie (Vorlesung), WS 2008\/09<\/td><\/tr><tr><td>Teil 2: \u00dcbungen zur Vorlesung &#8222;Allgemeine Chemie&#8220;, WS 2008\/09<\/td><\/tr><tr><td class=\"ausschluss\">Studierende der Chemie k\u00f6nnen in diesem Modul keine Credit Points f\u00fcr den Optionalbereich erwerben!<\/td><\/tr><tr><td align=\"right\"><\/td><\/tr><tr><td colspan=\"2\"><div class=\"headline_light\">Geographie<\/div><\/td><\/tr><tr><td><a href=\"https:\/\/vvz.ruhr-uni-bochum.de\/campus\/all\/module.asp?gguid=0xFE76298A28526E48A9547ACC5DA421FC&amp;fieldgguid=&amp;findmodule=Geographen+reisen+anders&amp;tguid=0x2401C789F8D06C42981DB53A41A0B097\" target=\"_blank\" rel=\"noopener\"> Geographen reisen anders (5 CP)<\/a><\/td><\/tr><tr><td>Teil 1: Geographen reisen anders: St\u00e4dte und Regionen der Erde (Vorlesung), WS 2008\/09<\/td><\/tr><tr><td>Teil 2: Geographen reisen anders: St\u00e4dte und Regionen der Erde (\u00dcbung), Blackboard-Kurs, WS 2008\/09<\/td><\/tr><tr><td class=\"ausschluss\">Geographie-Studierende k\u00f6nnen an diesem Modul nicht teilnehmen.<\/td><\/tr><tr><td>\u00a0<\/td><\/tr><tr><td><a href=\"https:\/\/vvz.ruhr-uni-bochum.de\/campus\/all\/module.asp?gguid=0xE6BA1B8853ED8549B598F37ACAFEF1EC&amp;tguid=0x2401C789F8D06C42981DB53A41A0B097\" target=\"_blank\" rel=\"noopener\"> Vom Ruhrgebiet zur Metropole Ruhr &#8211; Probleme und Potenziale des Strukturwandels (5 CP)<\/a><\/td><\/tr><tr><td>Teil 1: eLehr-Lern-System: Ruhrgebiet (Vorlesung), WS 2008\/09<\/td><\/tr><tr><td>Teil 2: eLehr-Lern-System Ruhrgebiet mit E-Tutoren (\u00dcbung), WS 2008\/09<\/td><\/tr><tr><td class=\"ausschluss\">Geographie-Studierende k\u00f6nnen an diesem Modul nicht teilnehmen.<\/td><\/tr><tr><td>\u00a0<\/td><\/tr><tr><td colspan=\"2\"><div class=\"headline_light\">Germanistik<\/div><\/td><\/tr><tr><td><a href=\"https:\/\/vvz.ruhr-uni-bochum.de\/campus\/all\/module.asp?gguid=0x68D5953D3EC72D4FBA4A2B9654D78B5D&amp;fieldgguid=&amp;mode=&amp;findmodule=Literatur&amp;tguid=0x2401C789F8D06C42981DB53A41A0B097\" target=\"_blank\" rel=\"noopener\"> Literaturverfilmungen (5 CP)<\/a><\/td><\/tr><tr><td>Teil 1: Einf\u00fchrung in die Analyse filmischer Adaptionen und ihrer literarischen Vorlagen,WS 2008\/09<\/td><\/tr><tr><td>Teil 2: Betrachtungsweisen. Literatur und ihre filmische Umsetzung, WS 2008\/09<\/td><\/tr><tr><td class=\"ausschluss\">Studierende der Germanistik k\u00f6nnen in diesem Modul keine Kreditpunkte f\u00fcr den Optionalbereich erwerben!<\/td><\/tr><tr><td align=\"right\"><\/td><\/tr><tr><td colspan=\"2\"><div class=\"headline_light\">Geschichte<\/div><\/td><\/tr><tr><td><a href=\"https:\/\/vvz.ruhr-uni-bochum.de\/campus\/all\/module.asp?gguid=0x61CE869B590EFB42A2B9220882E4E170&amp;fieldgguid=&amp;mode=&amp;findmodule=Geschichte+Polens&amp;tguid=0x2401C789F8D06C42981DB53A41A0B097\" target=\"_blank\" rel=\"noopener\"> Geschichte Polens (5 CP)<\/a><\/td><\/tr><tr><td>Teil 1: Einf\u00fchrungs\u00fcbung: Einf\u00fchrung in die Geschichte und Kultur Polens, WS 2008\/09<\/td><\/tr><tr><td>Teil 2: \u00dcbung: Polnisch f\u00fcr Geisteswissenschaften, WS 2008\/09<\/td><\/tr><tr><td class=\"ausschluss\">Studierende der Geschichtswissenschaft k\u00f6nnen in diesem Modul keine Kreditpunkte f\u00fcr den Optionalbereich erwerben!<\/td><\/tr><tr><td>\u00a0<\/td><\/tr><tr><td><a href=\"https:\/\/vvz.ruhr-uni-bochum.de\/campus\/all\/module.asp?gguid=0x5CBEFC6AD690F04B8EDC5073733959EA&amp;fieldgguid=&amp;findmodule=Osteuropa%3A+seine+Vergangenheit+und+Gegen&amp;tguid=0x2401C789F8D06C42981DB53A41A0B097\" target=\"_blank\" rel=\"noopener\"> Osteuropa: seine Vergangenheit und Gegenwart (5 CP) <\/a><\/td><\/tr><tr><td>Teil 1: Ringvorlesung: Problemfelder der russischen Vergangenheit und Gegenwart, WS 2008\/09<\/td><\/tr><tr><td>Teil 2: \u00dcbung: Polnisch f\u00fcr Geisteswissenschaften, WS 2008\/09<\/td><\/tr><tr><td class=\"ausschluss\">Studierende der Geschichtswissenschaft k\u00f6nnen in diesem Modul keine Kreditpunkte f\u00fcr den Optionalbereich erwerben!<\/td><\/tr><tr><td align=\"right\"><\/td><\/tr><tr><td colspan=\"2\"><div class=\"headline_light\">Katholische Theologie<\/div><\/td><\/tr><tr><td><a href=\"https:\/\/vvz.ruhr-uni-bochum.de\/campus\/all\/module.asp?gguid=0x1EBAAEDF41292E4BA55C4ABE4DF67B8F&amp;tguid=0x2401C789F8D06C42981DB53A41A0B097\" target=\"_blank\" rel=\"noopener\"> Theologische Grundlagen der christlich abendl\u00e4ndischen Kunst (5 CP)<\/a><\/td><\/tr><tr><td>Teil 1: Passion und Auferstehung Jesu (Vorlesung), WS 2008\/09<\/td><\/tr><tr><td>Teil 2: Allgemeine Themen der christlichen Ikonographie (Exkursionen), WS 2008\/09<\/td><\/tr><tr><td class=\"ausschluss\">Auch Studierende der Theologie k\u00f6nnen das Modul f\u00fcr den Optionalbereich belegen. Das Modul \u201eTheologische Grundlagen der christlich abendl\u00e4ndischen Kunst\u201c darf im Optionalbereich trotz unterschiedlicher Schwerpunktlegung nur einmal besucht werden!<\/td><\/tr><tr><td>\u00a0<\/td><\/tr><tr><td><a href=\"https:\/\/vvz.ruhr-uni-bochum.de\/campus\/all\/module.asp?gguid=0xB28F8A971779AA48AC27E6937EAD4F99&amp;fieldgguid=&amp;findmodule=Medizinische+Ethik&amp;tguid=0x2401C789F8D06C42981DB53A41A0B097\" target=\"_blank\" rel=\"noopener\"> Medizinische Ethik (5 CP)<\/a><\/td><\/tr><tr><td>Teil 1: Die Lebensphase des Sterbens: Sterben als Teil des Lebens (14-t\u00e4gig) (Vorlesung), WS 2008\/09<\/td><\/tr><tr><td>Teil 2: Bioethik (1): Fragen am Ende menschlichen Lebens (Vorlesung), WS 2008\/09<\/td><\/tr><tr><td class=\"ausschluss\">Studierende der katholischen Theologie k\u00f6nnen dieses Modul nicht f\u00fcr den Optionalbereich anrechnen lassen.<\/td><\/tr><tr><td>\u00a0<\/td><\/tr><tr><td><a href=\"https:\/\/vvz.ruhr-uni-bochum.de\/campus\/all\/module.asp?gguid=0x36170FCD4901154CA08DE057F4B44A0B&amp;tguid=0x2401C789F8D06C42981DB53A41A0B097\" target=\"_blank\" rel=\"noopener\"> Katholische Vereinigung im Recht von Staat und Kirche (5 CP)<\/a><\/td><\/tr><tr><td>Teil 1: Das Recht der Vereine in Staat und Kirche (Vorlesung), WS 2008\/09<\/td><\/tr><tr><td>Teil 2: Orden und geistliche Gemeinschaften im Bistum Essen &#8211; Ihre Aufgaben und rechtlichen Strukturen von der Bistumsgr\u00fcndung bis heute (Seminar), WS 2008\/09<\/td><\/tr><tr><td class=\"ausschluss\">Auch Studierende der Theologie k\u00f6nnen das Modul f\u00fcr den Optionalbereich belegen!<\/td><\/tr><tr><td align=\"right\"><\/td><\/tr><tr><td colspan=\"2\"><div class=\"headline_light\">Mathematik<\/div><\/td><\/tr><tr><td><a href=\"https:\/\/vvz.ruhr-uni-bochum.de\/campus\/all\/module.asp?gguid=0x360CD45A66FE9B409AA223D14E374C93&amp;tguid=0x2401C789F8D06C42981DB53A41A0B097\" target=\"_blank\" rel=\"noopener\"> Einf\u00fchrung in die Mathematik (Schwerpunkt: Biologie) (5 CP)<\/a><\/td><\/tr><tr><td>Teil 1: Mathematik f\u00fcr Biologen (Vorlesung), WS 2008\/09<\/td><\/tr><tr><td>Teil 2: \u00dcbungen zu Mathematik f\u00fcr Biologen, WS 2008\/09<\/td><\/tr><tr><td>Teil 3: Tutorium zu Mathematik f\u00fcr Biologen, WS 2008\/09<\/td><\/tr><tr><td class=\"ausschluss\">Studierende der Mathematik und\/oder Biologie (B.Sc. &amp; M.Sc.) k\u00f6nnen an diesem Modul zwar teilnehmen, jedoch keine CP f\u00fcr den Optionalbereich erwerben!<\/td><\/tr><tr><td>\u00a0<\/td><\/tr><tr><td><a href=\"https:\/\/vvz.ruhr-uni-bochum.de\/campus\/all\/module.asp?gguid=0x60AE11E40F2C284FA086D0A5E1C19A44&amp;tguid=0x2401C789F8D06C42981DB53A41A0B097\" target=\"_blank\" rel=\"noopener\"> Einf\u00fchrung in die Mathematik (Schwerpunkte: Physik und Geophysik) (5 CP)<\/a><\/td><\/tr><tr><td>Teil 1: Mathematik f\u00fcr Physiker I (Vorlesung), WS 2008\/09<\/td><\/tr><tr><td>Teil 2: \u00dcbungen zu Mathematik f\u00fcr Physiker I, WS 2008\/09<\/td><\/tr><tr><td class=\"ausschluss\">Studierende der Mathematik k\u00f6nnen an diesem Modul zwar teilnehmen, aber keine CP f\u00fcr den Optionalbereich erwerben!<\/td><\/tr><tr><td>\u00a0<\/td><\/tr><tr><td><a href=\"https:\/\/vvz.ruhr-uni-bochum.de\/campus\/all\/module.asp?gguid=0x1408184BC24A73488940971D25A80EF9&amp;tguid=0x2401C789F8D06C42981DB53A41A0B097\" target=\"_blank\" rel=\"noopener\"> Einf\u00fchrung in die Statistik (Schwerpunkt: Geographie) (5 CP)<\/a><\/td><\/tr><tr><td>Teil 1: Einf\u00fchrung in die Statistik f\u00fcr Geographen (Vorlesung), WS 2008\/09<\/td><\/tr><tr><td>Teil 2: \u00dcbungen zu Einf\u00fchrung in die Statistik f\u00fcr Geographen, WS 2008\/09<\/td><\/tr><tr><td class=\"ausschluss\">Studierende der Mathematik sowie Studierende der Geographie k\u00f6nnen an diesem Modul zwar teilnehmen, jedoch keine CP f\u00fcr den Optionalbereich erwerben!<\/td><\/tr><tr><td>\u00a0<\/td><\/tr><tr><td><a href=\"https:\/\/vvz.ruhr-uni-bochum.de\/campus\/all\/module.asp?gguid=0xA6A45BF494D85446B0B5DDDD84FCF539&amp;tguid=0x2401C789F8D06C42981DB53A41A0B097\" target=\"_blank\" rel=\"noopener\"> Mathematik (Schwerpunkt: Chemie) (5 CP)<\/a><\/td><\/tr><tr><td>Teil 1: Mathematik f\u00fcr Chemiker I (Vorlesung), WS 2008\/09<\/td><\/tr><tr><td>Teil 2: \u00dcbungen zu Mathematik f\u00fcr Chemiker I, WS 2008\/09<\/td><\/tr><tr><td>Teil 2: Erg\u00e4nzungs\u00fcbungen zu Mathematik f\u00fcr Chemiker I, WS 2008\/09<\/td><\/tr><tr><td class=\"ausschluss\">Studierende der Mathematik sowie Studierende der Chemie k\u00f6nnen an diesem Modul zwar teilnehmen, jedoch keine CP f\u00fcr den Optionalbereich erwerben!<\/td><\/tr><tr><td>\u00a0<\/td><\/tr><tr><td><a href=\"https:\/\/vvz.ruhr-uni-bochum.de\/campus\/all\/module.asp?gguid=0x36E116FDE0D24D429D8B0A8E8A69153C&amp;tguid=0x2401C789F8D06C42981DB53A41A0B097\" target=\"_blank\" rel=\"noopener\"> Mathematik (Schwerpunkt: Geowissenschaften) (5 CP)<\/a><\/td><\/tr><tr><td>Teil 1: Mathematik I f\u00fcr Geowissenschaftler und SEPM (Vorlesung), WS 2008\/09<\/td><\/tr><tr><td>Teil 2: \u00dcbungen zu Mathematik I f\u00fcr Geowissenschaftler und SEPM, WS 2008\/09<\/td><\/tr><tr><td>Teil 2: Tutorium zu Mathematik I f\u00fcr Geowissenschaftler und SEPM, WS 2008\/09<\/td><\/tr><tr><td class=\"ausschluss\">Studierende der Mathematik k\u00f6nnen an diesem Modul zwar teilnehmen, jedoch keine CP f\u00fcr den Optionalbereich erwerben!<\/td><\/tr><tr><td>\u00a0<\/td><\/tr><tr><td><a href=\"https:\/\/vvz.ruhr-uni-bochum.de\/campus\/all\/module.asp?gguid=0x9B541A9C6C669B4DB82FC3F055152440&amp;tguid=0x2401C789F8D06C42981DB53A41A0B097\" target=\"_blank\" rel=\"noopener\"> H\u00f6here Mathematik I + II (Schwerpunkt: Angewandte Informatik) (10 CP)<\/a><\/td><\/tr><tr><td>Teil 1: H\u00f6here Mathematik I (Vorlesung im Rahmen des Studiengangs Angewandte Informatik), WS 2008\/09<\/td><\/tr><tr><td>Teil 2: \u00dcbungen zu H\u00f6here Mathematik I (im Rahmen des Studiengangs Angewandte Informatik), WS 2008\/09<\/td><\/tr><tr><td>Teil 3: H\u00f6here Mathematik II (Vorlesung im Rahmen des Studiengangs Angewandte Informatik), <span class=\"hinweis\">SoSe 2009<\/span><\/td><\/tr><tr><td>Teil 4: \u00dcbungen zu H\u00f6here Mathematik II (im Rahmen des Studiengangs Angewandte Informatik), <span class=\"hinweis\">SoSe 2009<\/span><\/td><\/tr><tr><td class=\"ausschluss\">Studierende der Mathematik k\u00f6nnen an diesem Modul zwar teilnehmen, jedoch keine CP f\u00fcr den Optionalbereich erwerben!<\/td><\/tr><tr><td align=\"right\"><\/td><\/tr><tr><td colspan=\"2\"><div class=\"headline_light\">Medienwissenschaften<\/div><\/td><\/tr><tr><td><a href=\"https:\/\/vvz.ruhr-uni-bochum.de\/campus\/all\/module.asp?gguid=0xB72727F8E1F05045A34C7260D4C5124A&amp;tguid=0x2401C789F8D06C42981DB53A41A0B097\" target=\"_blank\" rel=\"noopener\"> Mediengeschichte und Medien\u00e4sthetik (5 CP)<\/a><\/td><\/tr><tr><td>Teil 1: Mediengeschichte (Seminar), WS 2008\/09<\/td><\/tr><tr><td>Teil 2: Medien\u00e4sthetik (\u00dcbung), WS 2008\/09<\/td><\/tr><tr><td class=\"ausschluss\">Studierende der Medienwissenschaft k\u00f6nnen an diesem Modul nicht teilnehmen.<\/td><\/tr><tr><td align=\"right\"><\/td><\/tr><tr><td colspan=\"2\"><div class=\"headline_light\">Orientalistik und Islamwissenschaft<\/div><\/td><\/tr><tr><td><a href=\"https:\/\/vvz.ruhr-uni-bochum.de\/campus\/all\/module.asp?gguid=0x837FDD93B330D741AD6AD528093B084B&amp;fieldgguid=&amp;findmodule=Zug%E4nge+zur+islamischen+Geschichte+und+K&amp;tguid=0x2401C789F8D06C42981DB53A41A0B097\" target=\"_blank\" rel=\"noopener\"> Zug\u00e4nge zur islamischen Geschichte und Kultur (5 CP)<\/a><\/td><\/tr><tr><td>Teil 1: Zug\u00e4nge zu Koran und Hadith, (Vorlesung), WS 2008\/09<\/td><\/tr><tr><td>Teil 2: Einf\u00fchrung in die Islamwissenschaft und Arabistik, (\u00dcbung), WS 2008\/09<\/td><\/tr><tr><td class=\"ausschluss\">Studierende der Orientalistik\/Islamwissenschaften k\u00f6nnen an diesem Modul nicht teilnehmen.<\/td><\/tr><tr><td align=\"right\"><\/td><\/tr><tr><td colspan=\"2\"><div class=\"headline_light\">Ostasienwissenchaften<\/div><\/td><\/tr><tr><td><a href=\"https:\/\/vvz.ruhr-uni-bochum.de\/campus\/all\/module.asp?gguid=0x241657113758514DB236BEAD57170EA0&amp;fieldgguid=&amp;mode=&amp;findmodule=Grundmodul+Sinologie&amp;tguid=0x2401C789F8D06C42981DB53A41A0B097\" target=\"_blank\" rel=\"noopener\"> Grundmodul Sinologie (5 CP)<\/a><\/td><\/tr><tr><td>Teil 1: Einf\u00fchrung in die chinesische Literaturgeschichte (Vorlesung), <span class=\"hinweis\">SoSe 2009<\/span><\/td><\/tr><tr><td>Teil 2a: Chinesische Philosophie, WS 2008\/09<\/td><\/tr><tr><td>oder Teil 2b: Chinesische Geschichte, <span class=\"hinweis\">SoSe 2009<\/span><\/td><\/tr><tr><td class=\"ausschluss\">Das Modul ist auch Teil des sinologischen Grundstudiums (f\u00fcr Sinologiestudenten deshalb nicht \u00fcber den Optionalbereich sondern den Studiengang Sinologie kreditiert).<\/td><\/tr><tr><td>\u00a0<\/td><\/tr><tr><td><a href=\"https:\/\/vvz.ruhr-uni-bochum.de\/campus\/all\/module.asp?gguid=0xCE38F4173EA8B9418243E3BB206B1F41&amp;tguid=0x2401C789F8D06C42981DB53A41A0B097\" target=\"_blank\" rel=\"noopener\"> Grundmodul Chinesische Geschichte und Philosophie (5 CP)<\/a><\/td><\/tr><tr><td>Teil 1: Chinesische Philosophie, WS 2008\/09<\/td><\/tr><tr><td>Teil 2: Chinesische Geschichte, <span class=\"hinweis\">SoSe 2009<\/span><\/td><\/tr><tr><td class=\"ausschluss\">Das Modul ist auch Teil des sinologischen Grundstudiums (f\u00fcr Sinologiestudenten deshalb nicht \u00fcber den Optionalbereich sondern den Studiengang Sinologie kreditiert)!<\/td><\/tr><tr><td>\u00a0<\/td><\/tr><tr><td><a href=\"https:\/\/vvz.ruhr-uni-bochum.de\/campus\/all\/module.asp?gguid=0x2C63526CC64AC54CB2269296AEF1B9B1&amp;tguid=0x2401C789F8D06C42981DB53A41A0B097\" target=\"_blank\" rel=\"noopener\"> Einf\u00fchrung in die koreanische Geschichte (5 CP)<\/a><\/td><\/tr><tr><td>Teil 1: Einf\u00fchrung in die Geschichte Koreas I, WS 2008\/09<\/td><\/tr><tr><td>Teil 2: Einf\u00fchrung in die Geschichte Koreas II, <span class=\"hinweis\">SoSe 2009<\/span><\/td><\/tr><tr><td class=\"ausschluss\">Studierende der Koreanistik k\u00f6nnen an diesem Modul nicht teilnehmen!<\/td><\/tr><tr><td>\u00a0<\/td><\/tr><tr><td><a href=\"https:\/\/vvz.ruhr-uni-bochum.de\/campus\/all\/module.asp?gguid=0xFEC750006BB04A48A211C0175B94BD32&amp;fieldgguid=&amp;findmodule=Nihongogaku&amp;tguid=0x2401C789F8D06C42981DB53A41A0B097\" target=\"_blank\" rel=\"noopener\"> Nihongogaku (10 CP)<\/a><\/td><\/tr><tr><td>Teil 1: \u00dcberblick \u00fcber die japanische Sprache (Seminar), WS 2008\/09<\/td><\/tr><tr><td>Teil 2: Linguistische Grundlagen (Seminar), <span class=\"hinweis\">SoSe 2009<\/span><\/td><\/tr><tr><td class=\"ausschluss\">Studierende der Japanologie k\u00f6nnen an diesem Modul zwar teilnehmen, jedoch keine Credit Points f\u00fcr den Optionalbereich erwerben.<\/td><\/tr><tr><td>\u00a0<\/td><\/tr><tr><td><a href=\"https:\/\/vvz.ruhr-uni-bochum.de\/campus\/all\/module.asp?gguid=0x04E29DD67F98904D8A5E01F6CFAB2566&amp;tguid=0x2401C789F8D06C42981DB53A41A0B097\" target=\"_blank\" rel=\"noopener\"> Japan in Geschichte und Gegenwart (5 CP)<\/a><\/td><\/tr><tr><td>Teil 1: Vorlesung: Japanische Geschichte bis zum 19. Jahrhundert, WS 2008\/09<\/td><\/tr><tr><td>Teil 2: Vorlesung: Japanische Geschichte des 20. Jahrhunderts, <span class=\"hinweis\">SoSe 2009<\/span><\/td><\/tr><tr><td>Teil 3: Vorlesung Modernes Japan, <span class=\"hinweis\">SoSe 2009<\/span><\/td><\/tr><tr><td><span class=\"hinweis\">2 der angebotenen Modulteile bilden das Modul. Sie k\u00f6nnen frei w\u00e4hlen, welche 2 Teile Sie besuchen m\u00f6chten.<\/span><\/td><\/tr><tr><td class=\"ausschluss\">Studierende der Japanologie k\u00f6nnen an diesem Modul nicht teilnehmen!<\/td><\/tr><tr><td align=\"right\"><\/td><\/tr><tr><td colspan=\"2\"><div class=\"headline_light\">Philosophie<\/div><\/td><\/tr><tr><td><a href=\"https:\/\/vvz.ruhr-uni-bochum.de\/campus\/all\/module.asp?gguid=0xC53A29646FD87742B6E5869C290C161C&amp;tguid=0x2401C789F8D06C42981DB53A41A0B097\" target=\"_blank\" rel=\"noopener\"> Theorien der Ethik (5 CP)<\/a><\/td><\/tr><tr><td>Teil 1: Theorien der Ethik &#8211; Normativit\u00e4t, Motivation und Konflikt, WS 2008\/09<\/td><\/tr><tr><td>Teil 2: Normativit\u00e4t, Motivation und Konflikt, <span class=\"hinweis\">SoSe 2009<\/span><\/td><\/tr><tr><td class=\"ausschluss\">Studierende des Faches Philosophie d\u00fcrfen an diesem Modul nicht teilnehmen!<\/td><\/tr><tr><td>\u00a0<\/td><\/tr><tr><td><a href=\"https:\/\/vvz.ruhr-uni-bochum.de\/campus\/all\/module.asp?gguid=0x2AA9A2F2D6B45548A42AFEB64EEA41FE&amp;tguid=0x2401C789F8D06C42981DB53A41A0B097\" target=\"_blank\" rel=\"noopener\"> Einf\u00fchrung in die \u00c4sthetik (5 CP)<\/a><\/td><\/tr><tr><td>Teil 1: Einf\u00fchrung in die \u00c4sthetik I, WS 2008\/09<\/td><\/tr><tr><td>Teil 2: Einf\u00fchrung in die \u00c4sthetik II, <span class=\"hinweis\">SoSe 2009<\/span><\/td><\/tr><tr><td class=\"ausschluss\">Studierende des Faches Philosophie d\u00fcrfen an diesem Modul nicht teilnehmen!<\/td><\/tr><tr><td>\u00a0<\/td><\/tr><tr><td><a href=\"https:\/\/vvz.ruhr-uni-bochum.de\/campus\/all\/module.asp?gguid=0xABA29ABEFDC8574EA094BCE0E6445D1F&amp;tguid=0x2401C789F8D06C42981DB53A41A0B097\" target=\"_blank\" rel=\"noopener\"> Der Geist der Tiere\/Tierethik (5 CP)<\/a><\/td><\/tr><tr><td>Teil 1: Der Geist der Tiere (Vorlesung), WS 2008\/09<\/td><\/tr><tr><td>Teil 2: Tierethik (Seminar), WS 2008\/09<\/td><\/tr><tr><td class=\"ausschluss\">Studierende des Faches Philosophie d\u00fcrfen an diesem Modul nicht teilnehmen! <strong>Achtung: Ge\u00e4nderte Termine! Das Modul findet nun als Blockveranstaltung 03\/09 statt!<\/strong><\/td><\/tr><tr><td>\u00a0<\/td><\/tr><tr><td><a href=\"https:\/\/vvz.ruhr-uni-bochum.de\/campus\/all\/module.asp?gguid=0xD65C73C748FED348BC0579D4F4DB5575&amp;tguid=0x2401C789F8D06C42981DB53A41A0B097\" target=\"_blank\" rel=\"noopener\"> Die Dialektik der Aufkl\u00e4rung (5 CP)<\/a><\/td><\/tr><tr><td>Teil 1: Das Projekt Aufkl\u00e4rung &#8211; Anspr\u00fcche, Schwierigkeiten, Perspektiven (Seminar), WS 2008\/09<\/td><\/tr><tr><td>Teil 2: Geschichtsphilosophische Entw\u00fcrfe im Kontext der Dialektik der Aufkl\u00e4rung (Seminar), <span class=\"hinweis\">SoSe 2009<\/span><\/td><\/tr><tr><td class=\"ausschluss\">Studierende des Faches Philosophie d\u00fcrfen an diesem Modul nicht teilnehmen!<\/td><\/tr><tr><td>\u00a0<\/td><\/tr><tr><td><a href=\"https:\/\/vvz.ruhr-uni-bochum.de\/campus\/all\/module.asp?gguid=0x8C7CC9A1A85F9F45B1B2A7A7CFF77584&amp;tguid=0x2401C789F8D06C42981DB53A41A0B097\" target=\"_blank\" rel=\"noopener\"> Zwei feindliche Br\u00fcder: Marxismus und Anarchismus (5 CP)<\/a><\/td><\/tr><tr><td>Teil 1: Einf\u00fchrung in den Marxismus (Seminar), WS 2008\/09<\/td><\/tr><tr><td>Teil 2: Einf\u00fchrung in den Anarchismus (Seminar), WS 2008\/09<\/td><\/tr><tr><td class=\"ausschluss\">Studierende des Faches Philosophie d\u00fcrfen an diesem Modul nicht teilnehmen!<\/td><\/tr><tr><td align=\"right\"><\/td><\/tr><tr><td colspan=\"2\"><div class=\"headline_light\">Physik und Astronomie<\/div><\/td><\/tr><tr><td><a href=\"https:\/\/vvz.ruhr-uni-bochum.de\/campus\/all\/module.asp?gguid=0xCEA7C740C0DE3F478EECCCD6DC918AA1&amp;tguid=0x2401C789F8D06C42981DB53A41A0B097\" target=\"_blank\" rel=\"noopener\"> Analogelektronik (5 CP)<\/a><\/td><\/tr><tr><td>Teil 1: Analogelektronik (Vorlesung), WS 2008\/09<\/td><\/tr><tr><td>Teil 2: \u00dcbungen zur Analogelektronik, WS 2008\/09<\/td><\/tr><tr><td class=\"ausschluss\">\u00a0<\/td><\/tr><tr><td><a href=\"https:\/\/vvz.ruhr-uni-bochum.de\/campus\/all\/module.asp?gguid=0x12C096F7DAAA47498974A5E2E9C61E6F&amp;tguid=0x2401C789F8D06C42981DB53A41A0B097\" target=\"_blank\" rel=\"noopener\"> Physik f\u00fcr Nicht-Physiker I (5 CP)<\/a><\/td><\/tr><tr><td>Teil 1: Physik f\u00fcr Nicht-Physikerinnen und Nicht-Physiker (Vorlesung), WS 2008\/09<\/td><\/tr><tr><td>Teil 2: \u00dcbungen zur Physik f\u00fcr Nicht-Physikerinnen und Nicht-Physiker, WS 2008\/09<\/td><\/tr><tr><td class=\"ausschluss\">Studierende der Physik k\u00f6nnen an diesem Modul nicht teilnehmen!<\/td><\/tr><tr><td>\u00a0<\/td><\/tr><tr><td><a href=\"https:\/\/vvz.ruhr-uni-bochum.de\/campus\/all\/module.asp?gguid=0x214313404D7E4849B4EAA91383DE1753&amp;tguid=0x2401C789F8D06C42981DB53A41A0B097\" target=\"_blank\" rel=\"noopener\"> Physik I (Schwerpunkt Chemie, Biochemie, Geowissenschaften) (5 CP)<\/a><\/td><\/tr><tr><td>Teil 1: Physik I f\u00fcr Studierende der Biochemie, Chemie und Geowissenschaften (Vorlesung), WS 2008\/09<\/td><\/tr><tr><td>Teil 2: \u00dcbungen zur Physik I f\u00fcr Studierende der Biochemie, Chemie und Geowissenschaften, WS 2008\/09<\/td><\/tr><tr><td class=\"ausschluss\">Studierende der Physik k\u00f6nnen an diesem Modul nicht teilnehmen!<\/td><\/tr><tr><td>\u00a0<\/td><\/tr><tr><td><a href=\"https:\/\/vvz.ruhr-uni-bochum.de\/campus\/all\/module.asp?gguid=0xEC43D13F7213F444999775ABBEF71E44&amp;tguid=0x2401C789F8D06C42981DB53A41A0B097\" target=\"_blank\" rel=\"noopener\"> Physik I (Schwerpunkt Biologie) (5 CP)<\/a><\/td><\/tr><tr><td>Teil 1: Physik I f\u00fcr Studierende der Biologie (Vorlesung), WS 2008\/09<\/td><\/tr><tr><td>Teil 2: \u00dcbungen zur Physik I f\u00fcr Studierende der Biologie, WS 2008\/09<\/td><\/tr><tr><td class=\"ausschluss\">Studierende der Physik k\u00f6nnen an diesem Modul nicht teilnehmen!<\/td><\/tr><tr><td>\u00a0<\/td><\/tr><tr><td><a href=\"https:\/\/vvz.ruhr-uni-bochum.de\/campus\/all\/module.asp?gguid=0xA16AE5024B0F1F479889CD84B25F7E58&amp;tguid=0x2401C789F8D06C42981DB53A41A0B097\" target=\"_blank\" rel=\"noopener\"> Mathematische Hilfsmittel der Physik (5 CP)<\/a><\/td><\/tr><tr><td>Teil 1: Einf\u00fchrung in die mathematischen Hilfsmittel der Physik (Block-Vorlesung), WS 2008\/09<\/td><\/tr><tr><td>Teil 2: \u00dcbungen zur Einf\u00fchrung in die mathematischen Hilfsmittel der Physik, WS 2008\/09<\/td><\/tr><tr><td class=\"ausschluss\">Studierende der Mathematik sowie der Physik k\u00f6nnen keine CP f\u00fcr den Optionalbereich erwerben!<\/td><\/tr><tr><td>\u00a0<\/td><\/tr><tr><td><a href=\"https:\/\/vvz.ruhr-uni-bochum.de\/campus\/all\/module.asp?gguid=0x69BA1E4D129AA7448BEBEA40C413B387&amp;tguid=0x2401C789F8D06C42981DB53A41A0B097\" target=\"_blank\" rel=\"noopener\"> Mathematische Methoden der Physik (5 CP)<\/a><\/td><\/tr><tr><td>Teil 1: Mathematische Methoden der Physik (Vorlesung), WS 2008\/09<\/td><\/tr><tr><td>Teil 2: \u00dcbungen zu Mathematische Methoden der Physik, WS 2008\/09<\/td><\/tr><tr><td class=\"ausschluss\">Studierende der Mathematik sowie der Physik k\u00f6nnen an diesem Modul nicht teilnehmen!<\/td><\/tr><tr><td>\u00a0<\/td><\/tr><tr><td><a href=\"https:\/\/vvz.ruhr-uni-bochum.de\/campus\/all\/module.asp?gguid=0x59250459D0BEB84CBC4E647444CD6B47&amp;tguid=0x2401C789F8D06C42981DB53A41A0B097\" target=\"_blank\" rel=\"noopener\"> Leben im Weltraum? (5 CP)<\/a><\/td><\/tr><tr><td>Teil 1: Leben im Weltraum? (Vorlesung), WS 2008\/09<\/td><\/tr><tr><td>Teil 2: \u00dcbungen zu Leben im Weltraum?, WS 2008\/09<\/td><\/tr><tr><td class=\"ausschluss\"><span xmlns=\"\">Studierende der Physik k\u00f6nnen sich dieses Modul nicht f\u00fcr den Optionalbereich anrechnen lassen!<\/span><\/td><\/tr><tr><td>\u00a0<\/td><\/tr><tr><td><a href=\"https:\/\/vvz.ruhr-uni-bochum.de\/campus\/all\/module.asp?gguid=0x783EB5F7580F934E942782093D40261F&amp;tguid=0x2401C789F8D06C42981DB53A41A0B097\" target=\"_blank\" rel=\"noopener\"> Physik des Universums: Vom Urknall bis zur Supernova (5 CP)<\/a><\/td><\/tr><tr><td>Teil 1: Physik des Universums: Vom Urknall bis zur Supernova (Vorlesung), WS 2008\/09<\/td><\/tr><tr><td>Teil 2: \u00dcbungen zur Physik des Universums: Vom Urknall bis zur Supernova, WS 2008\/09<\/td><\/tr><tr><td class=\"ausschluss\">Studierende der Physik k\u00f6nnen sich dieses Modul im WS 08\/09 in Kombination Vorlesung 160 005 mit der \u00dcbung 160 007 f\u00fcr den Optionalbereich anrechnen lassen!<\/td><\/tr><tr><td align=\"right\"><\/td><\/tr><tr><td colspan=\"2\"><div class=\"headline_light\">Rechtswissenschaft<\/div><\/td><\/tr><tr><td><a href=\"https:\/\/vvz.ruhr-uni-bochum.de\/campus\/all\/module.asp?gguid=0xDCDD71BC738212428A92015E970FE7CE&amp;tguid=0x2401C789F8D06C42981DB53A41A0B097\" target=\"_blank\" rel=\"noopener\"> Kriminologie (5 CP)<\/a><\/td><\/tr><tr><td>Teil 1: Kriminologie (Vorlesung), WS 2008\/09<\/td><\/tr><tr><td>Teil 2: Ausgw\u00e4hlte Themen zur Kriminologie (Erg\u00e4nzende Vorlesung), WS 2008\/09<\/td><\/tr><tr><td align=\"right\"><\/td><\/tr><tr><td colspan=\"2\"><div class=\"headline_light\">Slavistik<\/div><\/td><\/tr><tr><td><a href=\"https:\/\/vvz.ruhr-uni-bochum.de\/campus\/all\/module.asp?gguid=0x7D5CD525477DF34B8CA89820937A3894&amp;tguid=0x2401C789F8D06C42981DB53A41A0B097\" target=\"_blank\" rel=\"noopener\"> Internationalismen und Kulturkunde der Balkanl\u00e4nder (5 CP)<\/a><\/td><\/tr><tr><td>Teil 1: Internationalismen, Slavismen und Turzismen in den s\u00fcdslavischen Sprachen (Proseminar), WS 2008\/09<\/td><\/tr><tr><td>Teil 2: Kulturgeschichte der Balkanl\u00e4nder (Proseminar), WS 2008\/09<\/td><\/tr><tr><td class=\"ausschluss\">Studierende der Slavistik k\u00f6nnen an diesem Modul nicht teilnehmen.<\/td><\/tr><tr><td align=\"right\"><\/td><\/tr><tr><td colspan=\"2\"><div class=\"headline_light\">Sozialwissenschaft<\/div><\/td><\/tr><tr><td><a href=\"https:\/\/vvz.ruhr-uni-bochum.de\/campus\/all\/module.asp?gguid=0x9BFAD5376EC0BC43B85DEF508BE80A86&amp;tguid=0x2401C789F8D06C42981DB53A41A0B097\" target=\"_blank\" rel=\"noopener\"> Politikwissenschaft: Internationale Beziehungen (5 CP)<\/a><\/td><\/tr><tr><td>Teil 1: Einf\u00fchrung in die Internationalen Beziehungen (Vorlesung), WS 2008\/09<\/td><\/tr><tr><td>Teil 2a: Emerging Powers and the Bretton Woods System: Threat or Catalyst? (Seminar), WS 2008\/09<\/td><\/tr><tr><td>Teil 2b: Globalisierung und Innovationsf\u00e4higkeit im L\u00e4ndervergleich (Seminar), WS 2008\/09<\/td><\/tr><tr><td>Teil 2c: Regionalanalyse Sudan: Demokratisierung und Wiederaufbau in (Post)Konfliktgesellschaften (Seminar), WS 2008\/09<\/td><\/tr><tr><td class=\"ausschluss\">Studierende des Faches Politikwissenschaft, des Faches Politik, Wirtschaft und Gesellschaft, sowie des Faches Sozialwissenschaft k\u00f6nnen an dem Modul nicht teilnehmen!<\/td><\/tr><tr><td>\u00a0<\/td><\/tr><tr><td><a href=\"https:\/\/vvz.ruhr-uni-bochum.de\/campus\/all\/module.asp?gguid=0x6748519E97734F42BF1E8C351580054C&amp;tguid=0x2401C789F8D06C42981DB53A41A0B097\" target=\"_blank\" rel=\"noopener\"> Politikwissenschaft: Vergleichende Regierungslehre (5 CP)<\/a><\/td><\/tr><tr><td>Teil 1: Einf\u00fchrung in die Vergleichende Regierungslehre (Vorlesung), WS 2008\/09<\/td><\/tr><tr><td>Teil 2a: Transformation in Russland und der Ukraine im Vergleich (Seminar), WS 2008\/09<\/td><\/tr><tr><td>Teil 2b: Einf\u00fchrung in die Politikfeldanalyse (Seminar), WS 2008\/09<\/td><\/tr><tr><td>Teil 2c: Europ\u00e4ische Integration (Seminar), WS 2008\/09<\/td><\/tr><tr><td>Teil 2d: Direkte Demokratie im Vergleich (Seminar), WS 2008\/09<\/td><\/tr><tr><td class=\"ausschluss\">Studierende des Faches Politikwissenschaft, des Faches Politik, Wirtschaft und Gesellschaft, sowie des Faches Sozialwissenschaft k\u00f6nnen an dem Modul nicht teilnehmen!<\/td><\/tr><tr><td>\u00a0<\/td><\/tr><tr><td><a href=\"https:\/\/vvz.ruhr-uni-bochum.de\/campus\/all\/module.asp?gguid=0x11D86EB9C3872548B0DFD693606F2AF8&amp;tguid=0x2401C789F8D06C42981DB53A41A0B097\" target=\"_blank\" rel=\"noopener\"> Sozialtheorie (5 CP)<\/a><\/td><\/tr><tr><td>Teil 1: Klassiker der Sozial- und Kulturtheorie (Vorlesung), WS 2008\/09<\/td><\/tr><tr><td>Teil 2: Strukturierte Betreuung (\u00dcbung), WS 2008\/09<\/td><\/tr><tr><td class=\"ausschluss\">Studierende des Faches Sozialpsychologie und -anthropologie sowie des Faches Sozialwissenschaft k\u00f6nnen an dem Modul nicht teilnehmen!<\/td><\/tr><tr><td>\u00a0<\/td><\/tr><tr><td><a href=\"https:\/\/vvz.ruhr-uni-bochum.de\/campus\/all\/module.asp?gguid=0xAC2235C355A6A54396ED229B83FA11B2&amp;tguid=0x2401C789F8D06C42981DB53A41A0B097\" target=\"_blank\" rel=\"noopener\"> Sozialpsychologische Aspekte der Dienstleistungsgesellschaft (5 CP)<\/a><\/td><\/tr><tr><td>Teil 1: Interaktion und Kommunikation in personenbezogenen Dienstleistungen (Vorlesung), WS 2008\/09<\/td><\/tr><tr><td>Teil 2: Strukturierte Betreuung (\u00dcbung), WS 2008\/09<\/td><\/tr><tr><td class=\"ausschluss\">Studierende des Faches Sozialpsychologie und -anthropologie sowie des Faches Sozialwissenschaft k\u00f6nnen an dem Modul nicht teilnehmen!<\/td><\/tr><tr><td>\u00a0<\/td><\/tr><tr><td><a href=\"https:\/\/vvz.ruhr-uni-bochum.de\/campus\/all\/module.asp?gguid=0x0B83B24AAEF3F942A29C7FDAAD437D1A&amp;tguid=0x2401C789F8D06C42981DB53A41A0B097\" target=\"_blank\" rel=\"noopener\"> Soziologie II (5 CP)<\/a><\/td><\/tr><tr><td>Teil 1: Einf\u00fchrung in die Soziologie II (Vorlesung), WS 2008\/09<\/td><\/tr><tr><td>Teil 2: Strukturierte Betreuung (\u00dcbung), WS 2008\/09<\/td><\/tr><tr><td class=\"ausschluss\">Studierende der F\u00e4cher Sozialwissenschaft und Soziologie k\u00f6nnen an diesem Modul nicht teilnehmen!<\/td><\/tr><tr><td>\u00a0<\/td><\/tr><tr><td><a href=\"https:\/\/vvz.ruhr-uni-bochum.de\/campus\/all\/module.asp?gguid=0xE9CE386A07905D46820DA3777D03155A&amp;tguid=0x2401C789F8D06C42981DB53A41A0B097\" target=\"_blank\" rel=\"noopener\"> Theorie und Analyse von Gegenwartsgesellschaften (5 CP)<\/a><\/td><\/tr><tr><td>Teil 1: Einf\u00fchrung in die Soziologie III (Vorlesung), WS 2008\/09<\/td><\/tr><tr><td>Teil 2: Strukturierte Betreuung (\u00dcbung), WS 2008\/09<\/td><\/tr><tr><td class=\"ausschluss\">Studierende der F\u00e4cher Sozialwissenschaft und Soziologie k\u00f6nnen an diesem Modul nicht teilnehmen!<\/td><\/tr><tr><td>\u00a0<\/td><\/tr><tr><td><a href=\"https:\/\/vvz.ruhr-uni-bochum.de\/campus\/all\/module.asp?gguid=0x2BD26388166A6749A5C06592B70BF9C3&amp;tguid=0x2401C789F8D06C42981DB53A41A0B097\" target=\"_blank\" rel=\"noopener\"> Einf\u00fchrung in die Arbeits-, Wirtschafts- und Organisationssoziologie (5 CP)<\/a><\/td><\/tr><tr><td>Teil 1a: Einf\u00fchrung in die Arbeits-, Wirtschafts- und Organisationssoziologie (Seminar), WS 2008\/09<\/td><\/tr><tr><td>Teil 1b: Einf\u00fchrung in die Arbeits-, Wirtschafts- und Organisationssoziologie (Seminar), WS 2008\/09<\/td><\/tr><tr><td>Teil 2: Strukturierte Betreuung (\u00dcbung), WS 2008\/09<\/td><\/tr><tr><td class=\"ausschluss\">Studierende der Soziologie, des Faches Politik, Wirtschaft und Gesellschaft sowie des Faches Sozialwissenschaft k\u00f6nnen an diesem Modul nicht teilnehmen!<\/td><\/tr><tr><td>\u00a0<\/td><\/tr><tr><td><a href=\"https:\/\/vvz.ruhr-uni-bochum.de\/campus\/all\/module.asp?gguid=0xC4C1167632269F479F41BF35242C9053&amp;tguid=0x2401C789F8D06C42981DB53A41A0B097\" target=\"_blank\" rel=\"noopener\"> Stadtsoziologie (5 CP)<\/a><\/td><\/tr><tr><td>Teil 1: Einf\u00fchrung in die Stadt- und Migrationssoziologie (Seminar), WS 2008\/09<\/td><\/tr><tr><td>Teil 2: Strukturierte Betreuung (\u00dcbung), WS 2008\/09<\/td><\/tr><tr><td class=\"ausschluss\">Studierende der F\u00e4cher Sozialwissenschaft und Soziologie k\u00f6nnen an diesem Modul nicht teilnehmen!<\/td><\/tr><tr><td>\u00a0<\/td><\/tr><tr><td><a href=\"https:\/\/vvz.ruhr-uni-bochum.de\/campus\/all\/module.asp?gguid=0x7CEA876D6AFD1843A02CCE00C0BD46A5&amp;tguid=0x2401C789F8D06C42981DB53A41A0B097\" target=\"_blank\" rel=\"noopener\"> Politikwissenschaft: Politisches System Deutschlands (5 CP)<\/a><\/td><\/tr><tr><td>Teil 1: Einf\u00fchrung in das politische System Deutschlands (Vorlesung), WS 2008\/09<\/td><\/tr><tr><td>Teil 2a: Parteien und Wahlen (Seminar), WS 2008\/09<\/td><\/tr><tr><td>Teil 2b: Wahlen und W\u00e4hlerverhalten in Deutschland (Seminar), WS 2008\/09<\/td><\/tr><tr><td>Teil 2c: Rechtspopulistische und extrem rechte Parteien in Deutschland und Europa (Seminar), WS 2008\/09<\/td><\/tr><tr><td>Teil 2d: Kommunalpolitik und Kommunalverwaltung (Seminar), WS 2008\/09<\/td><\/tr><tr><td>Teil 2e: Verwaltung und Verwaltungswissenschaft in Deutschland (Seminar), WS 2008\/09<\/td><\/tr><tr><td class=\"ausschluss\">Studierende des Faches Politikwissenschaft, des Faches Politik, Wirtschaft und Gesellschaft, sowie des Faches Sozialwissenschaft k\u00f6nnen an dem Modul nicht teilnehmen!<\/td><\/tr><tr><td>\u00a0<\/td><\/tr><tr><td><a href=\"https:\/\/vvz.ruhr-uni-bochum.de\/campus\/all\/module.asp?gguid=0xF8BEDD8C6F2D524E9457C209C4DCCBE7&amp;tguid=0x2401C789F8D06C42981DB53A41A0B097\" target=\"_blank\" rel=\"noopener\"> Einf\u00fchrung in die Wirtschafts- und Sozialpolitik (5 CP)<\/a><\/td><\/tr><tr><td>Teil 1: Einf\u00fchrung in die Wirtschafts- und Sozialpolitik (Vorlesung), WS 2008\/09<\/td><\/tr><tr><td>Teil 2: Wirtschafts- und Sozialpolitik (\u00dcbung), WS 2008\/09<\/td><\/tr><tr><td class=\"ausschluss\">Studierende der Sozialwissenschaft k\u00f6nnen an diesem Modul nicht teilnehmen!<\/td><\/tr><tr><td>\u00a0<\/td><\/tr><tr><td><a href=\"https:\/\/vvz.ruhr-uni-bochum.de\/campus\/all\/module.asp?gguid=0xC260581CF92E414491649314FA8BEEC0&amp;tguid=0x2401C789F8D06C42981DB53A41A0B097\" target=\"_blank\" rel=\"noopener\"> Sozialpsychologie (5 CP)<\/a><\/td><\/tr><tr><td>Teil 1: Einf\u00fchrung in die Sozial- und Kulturpsychologie (Vorlesung), WS 2008\/09<\/td><\/tr><tr><td>Teil 2: Strukturierte Betreuung (\u00dcbung), WS 2008\/09<\/td><\/tr><tr><td class=\"ausschluss\">Studierende des Faches Sozialpsychologie und -anthropologie k\u00f6nnen an dem Modul nicht teilnehmen!<\/td><\/tr><tr><td>\u00a0<\/td><\/tr><tr><td><a href=\"https:\/\/vvz.ruhr-uni-bochum.de\/campus\/all\/module.asp?gguid=0x391BD1368A1CFF4888B8BC5480ECDE10&amp;tguid=0x2401C789F8D06C42981DB53A41A0B097\" target=\"_blank\" rel=\"noopener\"> Soziologie I (5 CP)<\/a><\/td><\/tr><tr><td>Teil 1: Einf\u00fchrung in die Soziologie I (Vorlesung), WS 2008\/09<\/td><\/tr><tr><td>Teil 2: Strukturierte Betreuung (\u00dcbung), WS 2008\/09<\/td><\/tr><tr><td class=\"ausschluss\">Studierende der F\u00e4cher Sozialwissenschaft und Soziologie k\u00f6nnen an diesem Modul nicht teilnehmen!<\/td><\/tr><tr><td align=\"right\"><\/td><\/tr><tr><td colspan=\"2\"><div class=\"headline_light\">Sportwissenschaft<\/div><\/td><\/tr><tr><td><a href=\"https:\/\/vvz.ruhr-uni-bochum.de\/campus\/all\/module.asp?gguid=0x8F089D6BB4CE7B439AA9F93AB7BC537F&amp;tguid=0x2401C789F8D06C42981DB53A41A0B097\" target=\"_blank\" rel=\"noopener\"> Sportsoziologie (5 CP)<\/a><\/td><\/tr><tr><td>Teil 1: Sportsoziologie (C3): Sport in soziologischer Perspektive (Vorlesung), WS 2008\/09<\/td><\/tr><tr><td>Teil 2a: Sportsoziologie (C3): Sport &#8211; Medien &#8211; Rezipienten (Seminar), WS 2008\/09<\/td><\/tr><tr><td>Teil 2b: Sportsoziologie (C3): Sport und Zuwanderung (Proseminar), WS 2008\/09<\/td><\/tr><tr><td class=\"ausschluss\">Studierende der Sportwissenschaft k\u00f6nnen an diesem Modul nicht teilnehmen!<\/td><\/tr><tr><td>\u00a0<\/td><\/tr><tr><td><a href=\"https:\/\/vvz.ruhr-uni-bochum.de\/campus\/all\/module.asp?gguid=0x5ED5D77DDF25FB42ACF2F1A1E91EDCB2&amp;tguid=0x2401C789F8D06C42981DB53A41A0B097\" target=\"_blank\" rel=\"noopener\"> Aufbau des K\u00f6rpers sowie Funktionsweise in Ruhe und w\u00e4hrend k\u00f6rperlicher Belastung (5 CP)<\/a><\/td><\/tr><tr><td>Teil 1: Sportmedizin I, Schwerpunkt Anatomie (Vorlesung), WS 2008\/09<\/td><\/tr><tr><td>Teil 2: Sportmedizin II, Schwerpunkt Physiologie (Vorlesung), WS 2008\/09<\/td><\/tr><tr><td class=\"ausschluss\">Studierende der Sportwissenschaft k\u00f6nnen an diesem Modul nicht teilnehmen!<\/td><\/tr><tr><td>\u00a0<\/td><\/tr><tr><td><a href=\"https:\/\/vvz.ruhr-uni-bochum.de\/campus\/all\/module.asp?gguid=0x6F3BB77D6558554C99F1DEBE87F14ED5&amp;tguid=0x2401C789F8D06C42981DB53A41A0B097\" target=\"_blank\" rel=\"noopener\"> Sport und Erziehung (5 CP)<\/a><\/td><\/tr><tr><td>Teil 1: Sportp\u00e4dagogik \/ Sportdidaktik (C1): Einf\u00fchrung in die Sportp\u00e4dagogik und Sportdidaktik (Vorlesung), WS 2008\/09<\/td><\/tr><tr><td>Teil 2a: Sportdidaktik (D1): Sportdidaktische Grundpositionen (Seminar), WS 2008\/09<\/td><\/tr><tr><td>Teil 2b: Jugendbildung und Sport (Seminar), WS 2008\/09<\/td><\/tr><tr><td class=\"ausschluss\">Studierende der Sportwissenschaft k\u00f6nnen an diesem Modul nicht teilnehmen!<\/td><\/tr><tr><td align=\"right\"><\/td><\/tr><tr><td colspan=\"2\"><div class=\"headline_light\">Theaterwissenschaft<\/div><\/td><\/tr><tr><td><a href=\"https:\/\/vvz.ruhr-uni-bochum.de\/campus\/all\/module.asp?gguid=0xDCAA4B8867216A428FDCCFD2C9166285&amp;tguid=0x2401C789F8D06C42981DB53A41A0B097\" target=\"_blank\" rel=\"noopener\"> Grundlagen der Theaterwissenschaft (5 CP)<\/a><\/td><\/tr><tr><td>Teil 1: Einf\u00fchrung in die Auff\u00fchrungsanalyse (Seminar), WS 2008\/09<\/td><\/tr><tr><td>Teil 2: Einf\u00fchrung in die Theatergeschichtsschreibung (Seminar), WS 2008\/09<\/td><\/tr><tr><td class=\"ausschluss\">Studierende der Theaterwissenschaft k\u00f6nnen an diesem Modul nicht teilnehmen.<\/td><\/tr><tr><td align=\"right\"><\/td><\/tr><tr><td colspan=\"2\"><div class=\"headline_light\">Wirtschaftswissenschaft<\/div><\/td><\/tr><tr><td><a href=\"https:\/\/vvz.ruhr-uni-bochum.de\/campus\/all\/module.asp?gguid=0xFC33E975699EE44DA28FF580446CA46C&amp;fieldgguid=&amp;findmodule=Kunden-&amp;tguid=0x2401C789F8D06C42981DB53A41A0B097\" target=\"_blank\" rel=\"noopener\"> Kunden- und Qualit\u00e4tsmanagement (5 CP) <span class=\"hinweis\">ACHTUNG: Neues Modul, beginnt erst im Januar 2009!<\/span><\/a><\/td><\/tr><tr><td>Teil 1: Kunden- und Qualit\u00e4tsmanagement: Kundenmanagement (Vorlesung und \u00dcbung), WS 2008\/09<\/td><\/tr><tr><td>Teil 2: Kunden- und Qualit\u00e4tsmanagement: Qualit\u00e4tsmanagement (Wissenschaftliche (Fall-)Studien), WS 2008\/09<\/td><\/tr><tr><td class=\"ausschluss\">Studierende des Maschinenbaus und der Wirtschaftwissenschaften k\u00f6nnen an diesem Modul nicht teilnehmen!<\/td><\/tr><tr><td>\u00a0<\/td><\/tr><tr><td><a href=\"https:\/\/vvz.ruhr-uni-bochum.de\/campus\/all\/module.asp?gguid=0xFC1C3CD7AF784E4084551285A05EBAA7&amp;tguid=0x2401C789F8D06C42981DB53A41A0B097\" target=\"_blank\" rel=\"noopener\"> Grundlagen des Marketing (5 CP) <\/a><\/td><\/tr><tr><td>Teil 1: Wirtschaften &#8211; Grundlagen und Theorien (Seminar), WS 2008\/09<\/td><\/tr><tr><td>Teil 2: Marketing &#8211; Instrumente und ihre Anwendung (Seminar), WS 2008\/09<\/td><\/tr><tr><td class=\"ausschluss\">Studierende der Wirtschaftwissenschaft, der Wirtschaft und Politik Ostasiens oder der PWG (Politik, Wirtschaft und Gesellschaft) k\u00f6nnen an diesem Modul nicht teilnehmen!<\/td><\/tr><tr><td>\u00a0<\/td><\/tr><tr><td><a href=\"https:\/\/vvz.ruhr-uni-bochum.de\/campus\/all\/module.asp?gguid=0xCBBCA7B66BDDCC48917A00B1DE996E43&amp;tguid=0x2401C789F8D06C42981DB53A41A0B097\" target=\"_blank\" rel=\"noopener\"> Einf\u00fchrung in die Betriebs- sowie Volkswirtschaftslehre (5 CP)<\/a><\/td><\/tr><tr><td>Teil 1: Einf\u00fchrung in die VWL f\u00fcr Nicht\u00f6konomen (Vorlesung), WS 2008\/09<\/td><\/tr><tr><td>Teil 2: Betriebswirtschaftslehre f\u00fcr Nicht\u00f6konomen (Vorlesung), <span class=\"hinweis\">SoSe 2009<\/span><\/td><\/tr><tr><td class=\"ausschluss\">Studierende der Wirtschaftswissenschaften k\u00f6nnen an diesem Modul nicht teilnehmen!<\/td><\/tr><tr><td>\u00a0<\/td><\/tr><tr><td><a href=\"https:\/\/vvz.ruhr-uni-bochum.de\/campus\/all\/module.asp?gguid=0x4BFAB34DBA14374F966BF7DDA29A8EC5&amp;tguid=0x2401C789F8D06C42981DB53A41A0B097\" target=\"_blank\" rel=\"noopener\"> Einf\u00fchrung in das Rechnungswesen\/Controlling (5 CP)<\/a><\/td><\/tr><tr><td>Teil 1: Einf\u00fchrung in das Rechnungswesen\/Controlling (Vorlesung), WS 2008\/09<\/td><\/tr><tr><td>Teil 2: \u00dcbung zur Einf\u00fchrung in das Rechnungswesen\/Controlling, WS 2008\/09<\/td><\/tr><tr><td class=\"ausschluss\">Studierende der Wirtschaftswissenschaften k\u00f6nnen an diesem Modul nicht teilnehmen!<\/td><\/tr><tr><td align=\"right\"><\/td><\/tr><tr><td colspan=\"2\"><div class=\"headline\">Interdisziplin\u00e4re Module<\/div><\/td><\/tr><tr><td><a href=\"https:\/\/vvz.ruhr-uni-bochum.de\/campus\/all\/module.asp?gguid=0x0954438C29E1754DAC6A1215D68C1B83&amp;fieldgguid=&amp;findmodule=Historische%2C+erkenntnistheoretische+und&amp;tguid=0x2401C789F8D06C42981DB53A41A0B097\" target=\"_blank\" rel=\"noopener\">Historische, erkenntnistheoretische und ethische Grundlagen der Biologie (5 CP)<\/a><\/td><\/tr><tr><td>Teil 1: Historische, erkenntnistheoretische und ethische Grundlagen der Biologie (Vorlesung), WS 2008\/09<\/td><\/tr><tr><td>Teil 2: Historische, erkenntnistheoretische und ethische Grundlagen der Biologie (Seminar), WS 2008\/09<\/td><\/tr><tr><td class=\"ausschluss\">\u00a0<\/td><\/tr><tr><td><a href=\"https:\/\/vvz.ruhr-uni-bochum.de\/campus\/all\/module.asp?gguid=0xD00A55D9DFFDB84AB8B0EDBAE8B4D5DB&amp;fieldgguid=&amp;findmodule=Orte+der+Erinnerung+in+Geschichte+und+Li&amp;tguid=0x2401C789F8D06C42981DB53A41A0B097\" target=\"_blank\" rel=\"noopener\">Orte der Erinnerung in Geschichte und Literatur (5 CP)<\/a><\/td><\/tr><tr><td>Teil 1: &#8222;Europ\u00e4ische Erinnerungen&#8220; (Ringvorlesung), WS 2008\/09<\/td><\/tr><tr><td>Teil 2: Deutschland-Atlas: Literarische Deutschlandbilder seit Goethe (\u00dcbung), WS 2008\/09<\/td><\/tr><tr><td class=\"ausschluss\">\u00a0<\/td><\/tr><tr><td><a href=\"https:\/\/vvz.ruhr-uni-bochum.de\/campus\/all\/module.asp?gguid=0x533C71066BA6F74A9610A4087A7AD860&amp;tguid=0x2401C789F8D06C42981DB53A41A0B097\" target=\"_blank\" rel=\"noopener\"> Farben sehen und erleben (5 CP)<\/a><\/td><\/tr><tr><td>Teil 1: Farben sehen und erleben &#8211; Praktische Einf\u00fchrung in die Welt der Farben und der Malerei (praktische \u00dcbung), WS 2008\/09<\/td><\/tr><tr><td>Teil 2: Farben sehen und erleben &#8211; Theorie und Geschichte (praktische \u00dcbung), WS 2008\/09<\/td><\/tr><tr><td class=\"ausschluss\">\u00a0<\/td><\/tr><tr><td><a href=\"https:\/\/vvz.ruhr-uni-bochum.de\/campus\/all\/module.asp?gguid=0xD57A7ECE3B78B84D8DBB9E51FB7DC71C&amp;tguid=0x2401C789F8D06C42981DB53A41A0B097\" target=\"_blank\" rel=\"noopener\"> &#8222;Prophetisches und Messianisches&#8220; Vertonungen von Texten des Alten Testamentes am Beispiel von Felix Mendelssohn Bartholdys Oratorium &#8222;Elias&#8220; (5 CP)<\/a><\/td><\/tr><tr><td>Teil 1: &#8222;Prophetisches und Messianisches&#8220; Vertonungen von Texten des Alten Testamentes am Beispiel von Felix Mendelssohn Bartholdys Oratorium &#8222;Elias&#8220; (Seminar), WS 2008\/09<\/td><\/tr><tr><td>Teil 2: Felix Mendelssohn Bartholdy: Oratorium &#8222;Elias&#8220; (Musikpraktische \u00dcbung), WS 2008\/09<\/td><\/tr><tr><td class=\"ausschluss\">\u00a0<\/td><\/tr><tr><td><a href=\"https:\/\/vvz.ruhr-uni-bochum.de\/campus\/all\/module.asp?gguid=0x269443BE2B510F4699221B6D81B033FE&amp;tguid=0x2401C789F8D06C42981DB53A41A0B097\" target=\"_blank\" rel=\"noopener\"> Tanz und Musik im Gro\u00dfstadtdschungel &#8211; Zwischen Tango, Techno und HipHop (5 CP)<\/a><\/td><\/tr><tr><td>Teil 1: Seminar: Urbane Bewegungskulturen, (Seminar), WS 2008\/09<\/td><\/tr><tr><td>Teil 2: Seminar: Der Sound der Gro\u00dfstadt (Seminar), WS 2008\/09<\/td><\/tr><tr><td class=\"ausschluss\">\u00a0<\/td><\/tr><tr><td><a href=\"https:\/\/vvz.ruhr-uni-bochum.de\/campus\/all\/module.asp?gguid=0x3F8DB7D2832411449E93E0A00BE88BC6&amp;expand=0x2401C789F8D06C42981DB53A41A0B097&amp;tguid=0x2401C789F8D06C42981DB53A41A0B097#0x2401C789F8D06C42981DB53A41A0B097\" target=\"_blank\" rel=\"noopener\">Vom Schlager zum Trip-Hop. Eine Reise durch die popul\u00e4re Unterhaltungsmusik des 20. Jahrhunderts (5 CP)<\/a><\/td><\/tr><tr><td>Teil 1: Seminar: Die popul\u00e4re Unterhaltungsmusik bis 1945 (Seminar), WS 2008\/09<\/td><\/tr><tr><td>Teil 2: Seminar: Neue Stile und Tendenzen nach dem 2. Weltkrieg (Seminar), WS 2008\/09<\/td><\/tr><tr><td class=\"ausschluss\">\u00a0<\/td><\/tr><tr><td><a href=\"https:\/\/vvz.ruhr-uni-bochum.de\/campus\/all\/module.asp?gguid=0x0279DC98C9AC4641AE031FCF2B531F3F&amp;fieldgguid=&amp;findmodule=Geschichte+Osteuropas&amp;tguid=0x2401C789F8D06C42981DB53A41A0B097\" target=\"_blank\" rel=\"noopener\">Geschichte Osteuropas (5 CP)<\/a><\/td><\/tr><tr><td>Teil 1: Ringvorlesung: Problemfelder der russischen Vergangenheit und Gegenwart, WS 2008\/09<\/td><\/tr><tr><td>Teil 2: \u00dcbung f\u00fcr Fortgeschrittene: Geschichte Bulgariens seit 1878, WS 2008\/09<\/td><\/tr><tr><td class=\"ausschluss\">Studierende der Geschichte k\u00f6nnen an diesem Modul nicht teilnehmen!<\/td><\/tr><tr><td>\u00a0<\/td><\/tr><tr><td><a href=\"https:\/\/vvz.ruhr-uni-bochum.de\/campus\/all\/module.asp?gguid=0xF2D2D164AAED4B4B95EE7536B17C4F82&amp;fieldgguid=&amp;findmodule=Geschichte+Polens&amp;tguid=0x2401C789F8D06C42981DB53A41A0B097\" target=\"_blank\" rel=\"noopener\">Geschichte Polens (5 CP)<\/a><\/td><\/tr><tr><td>Teil 1: Einf\u00fchrungs\u00fcbung: Einf\u00fchrung in die Geschichte und Kultur Polens, WS 2008\/09<\/td><\/tr><tr><td>Teil 2: Ringvorlesung: Problemfelder der russischen Vergangenheit und Gegenwart, WS 2008\/09<\/td><\/tr><tr><td class=\"ausschluss\">Studierende der Geschichtswissenschaft k\u00f6nnen in diesem Modul keine Kreditpunkte f\u00fcr den Optionalbereich erwerben!<\/td><\/tr><tr><td>\u00a0<\/td><\/tr><tr><td><a href=\"https:\/\/vvz.ruhr-uni-bochum.de\/campus\/all\/module.asp?gguid=0xC3FB781296B9AC44A2089EC18D71A1C1&amp;fieldgguid=&amp;findmodule=Franz%F6sisch+%2D+Interkulturalit%E4t&amp;tguid=0x2401C789F8D06C42981DB53A41A0B097\" target=\"_blank\" rel=\"noopener\">Franz\u00f6sisch &#8211; Interkulturalit\u00e4t und Landeswissenschaft (10 CP)<\/a><\/td><\/tr><tr><td>Teil 1: Approche de la formation \u00e0 l&#8217;interculturel &#8211; Se former \u00e0 l&#8217;interculturel &#8211; Les enjeux d&#8217;une formation, immer im Wintersemester, WS 2008\/09<\/td><\/tr><tr><td>Teil 2: Approfondissement th\u00e9matique en civilisation, immer im Sommersemester, <span class=\"hinweis\">SoSe 2009<\/span>,<\/td><\/tr><tr><td class=\"ausschluss\">Les \u00e9tudiants en philologie romane ayant choisi la fili\u00e8re de fran\u00e7ais peuvent participer \u00e0 ce cours mais ne peuvent pas y obtenir des points de cr\u00e9dit dans le cadre du domaine des mati\u00e8res \u00e0 option. Toutefois, ils peuvent bien entendu faire valider ce cours pour leur module \u00abLandeskunde\u00bb de la fili\u00e8re de fran\u00e7ais.<\/td><\/tr><tr><td>\u00a0<\/td><\/tr><tr><td><a href=\"https:\/\/vvz.ruhr-uni-bochum.de\/campus\/all\/module.asp?gguid=0x2459ACF7B72B224A9520F51B8FB8358C&amp;fieldgguid=&amp;findmodule=Adaption+von+Wissenschaft+im+Kulturleben&amp;tguid=0x2401C789F8D06C42981DB53A41A0B097\" target=\"_blank\" rel=\"noopener\">Adaption von Wissenschaft im Kulturleben (5 CP)<\/a><\/td><\/tr><tr><td>Teil 1: Vorlesung: Industrie und Innovation in Europa im 19. und 20. Jahrhundert, WS 2008\/09<\/td><\/tr><tr><td>Teil 2: \u00dcbung: Geschichtsarbeit in Historischen Vereinen, Geschichtswerkst\u00e4tten und -initiativen, WS 2008\/09<\/td><\/tr><tr><td class=\"ausschluss\">Studierende der Geschichte d\u00fcrfen an diesem Modul nur teilnehmen, wenn Teil 1 (Vorlesung) nicht Bestandteil eines Fachmoduls ist.<\/td><\/tr><tr><td>\u00a0<\/td><\/tr><tr><td><a href=\"https:\/\/vvz.ruhr-uni-bochum.de\/campus\/all\/module.asp?gguid=0x7BF8A71CA9286A4BB1B278BA3A521476&amp;fieldgguid=&amp;findmodule=Die+factory&amp;tguid=0x2401C789F8D06C42981DB53A41A0B097\" target=\"_blank\" rel=\"noopener\">Die factory sucht Querdenker! &#8211; K\u00fcnsterisches Denken in au\u00dferk\u00fcnstlerischen Feldern (5 CP)<\/a><\/td><\/tr><tr><td>Teil 1: Creative Economy &#8211; K\u00fcnstlerisches Denken in au\u00dferk\u00fcnstlerischen Feldern (Seminar), WS 2008\/09<\/td><\/tr><tr><td>Teil 2: Erfinderwerkstatt (\u00dcbung), WS 2008\/09<\/td><\/tr><\/tbody><\/table><\/div>\n\t\t\t\t<\/div>\n\t\t\t\t\t\t\t\t<\/div>\n\t\t\t\t\t\t<\/div>\n\t\t\t\t<\/div>\n\t\t\t\t\t<\/div>\n\t\t<\/div>\n\t\t\t\t\t<\/div>\n\t\t<\/section>\n\t\t\t\t<section class=\"elementor-section elementor-top-section elementor-element elementor-element-5f2679a elementor-section-boxed elementor-section-height-default elementor-section-height-default\" data-id=\"5f2679a\" data-element_type=\"section\" data-e-type=\"section\" data-settings=\"{&quot;_ha_eqh_enable&quot;:false}\">\n\t\t\t\t\t\t<div class=\"elementor-container elementor-column-gap-default\">\n\t\t\t\t\t<div class=\"elementor-column elementor-col-100 elementor-top-column elementor-element elementor-element-cfd4afd\" data-id=\"cfd4afd\" data-element_type=\"column\" data-e-type=\"column\">\n\t\t\t<div class=\"elementor-widget-wrap elementor-element-populated\">\n\t\t\t\t\t\t<div class=\"elementor-element elementor-element-464b56c elementor-widget elementor-widget-spacer\" data-id=\"464b56c\" data-element_type=\"widget\" data-e-type=\"widget\" data-widget_type=\"spacer.default\">\n\t\t\t\t<div class=\"elementor-widget-container\">\n\t\t\t\t\t\t\t<div class=\"elementor-spacer\">\n\t\t\t<div class=\"elementor-spacer-inner\"><\/div>\n\t\t<\/div>\n\t\t\t\t\t\t<\/div>\n\t\t\t\t<\/div>\n\t\t\t\t\t<\/div>\n\t\t<\/div>\n\t\t\t\t\t<\/div>\n\t\t<\/section>\n\t\t\t\t<\/div>\n\t\t","protected":false},"excerpt":{"rendered":"<p>Gebiet 4 Hier finden Sie die genehmigten Module, die der Optionalbereich in den vergangenen Semestern anbot. Aktuellere Module Alle Module, die nach dem SoSe 2020 im Optionalbereich angeboten wurden, finden Sie in unserer Modulsuchmaschine. SoSe 2020 Hier finden Sie die PDF mit den genehmigten Modulen des SoSe 2020 in Gebiet [&hellip;]<\/p>\n","protected":false},"author":1,"featured_media":0,"parent":0,"menu_order":0,"comment_status":"closed","ping_status":"closed","template":"page-templates\/template-pagebuilder-full-width.php","meta":{"_themeisle_gutenberg_block_has_review":false,"footnotes":""},"class_list":["post-6321","page","type-page","status-publish","hentry"],"_links":{"self":[{"href":"https:\/\/optio.ruhr-uni-bochum.de\/index.php\/wp-json\/wp\/v2\/pages\/6321","targetHints":{"allow":["GET"]}}],"collection":[{"href":"https:\/\/optio.ruhr-uni-bochum.de\/index.php\/wp-json\/wp\/v2\/pages"}],"about":[{"href":"https:\/\/optio.ruhr-uni-bochum.de\/index.php\/wp-json\/wp\/v2\/types\/page"}],"author":[{"embeddable":true,"href":"https:\/\/optio.ruhr-uni-bochum.de\/index.php\/wp-json\/wp\/v2\/users\/1"}],"replies":[{"embeddable":true,"href":"https:\/\/optio.ruhr-uni-bochum.de\/index.php\/wp-json\/wp\/v2\/comments?post=6321"}],"version-history":[{"count":5,"href":"https:\/\/optio.ruhr-uni-bochum.de\/index.php\/wp-json\/wp\/v2\/pages\/6321\/revisions"}],"predecessor-version":[{"id":6342,"href":"https:\/\/optio.ruhr-uni-bochum.de\/index.php\/wp-json\/wp\/v2\/pages\/6321\/revisions\/6342"}],"wp:attachment":[{"href":"https:\/\/optio.ruhr-uni-bochum.de\/index.php\/wp-json\/wp\/v2\/media?parent=6321"}],"curies":[{"name":"wp","href":"https:\/\/api.w.org\/{rel}","templated":true}]}}