{"id":8147,"date":"2023-11-08T11:47:02","date_gmt":"2023-11-08T10:47:02","guid":{"rendered":"https:\/\/optio.ruhr-uni-bochum.de\/?page_id=8147"},"modified":"2024-10-23T11:37:14","modified_gmt":"2024-10-23T09:37:14","slug":"archiv","status":"publish","type":"page","link":"https:\/\/optio.ruhr-uni-bochum.de\/index.php\/archiv\/","title":{"rendered":"Aktuelles"},"content":{"rendered":"\t\t<div data-elementor-type=\"wp-page\" data-elementor-id=\"8147\" class=\"elementor elementor-8147\" data-elementor-settings=\"{&quot;ha_cmc_init_switcher&quot;:&quot;no&quot;}\" data-elementor-post-type=\"page\">\n\t\t\t\t\t\t<section class=\"elementor-section elementor-top-section elementor-element elementor-element-3df49d5 elementor-section-full_width elementor-hidden-mobile elementor-section-height-default elementor-section-height-default\" data-id=\"3df49d5\" data-element_type=\"section\" data-e-type=\"section\" data-settings=\"{&quot;_ha_eqh_enable&quot;:false}\">\n\t\t\t\t\t\t<div class=\"elementor-container elementor-column-gap-default\">\n\t\t\t\t\t<div class=\"elementor-column elementor-col-50 elementor-top-column elementor-element elementor-element-0e73d87\" data-id=\"0e73d87\" data-element_type=\"column\" data-e-type=\"column\">\n\t\t\t<div class=\"elementor-widget-wrap elementor-element-populated\">\n\t\t\t\t\t\t<div class=\"elementor-element elementor-element-09f7e3f elementor-hidden-tablet elementor-hidden-mobile ha-has-bg-overlay elementor-invisible elementor-widget elementor-widget-text-editor\" data-id=\"09f7e3f\" data-element_type=\"widget\" data-e-type=\"widget\" data-settings=\"{&quot;_animation&quot;:&quot;fadeInLeft&quot;}\" data-widget_type=\"text-editor.default\">\n\t\t\t\t<div class=\"elementor-widget-container\">\n\t\t\t\t\t\t\t\t\t<p>Aktuelles<\/p>\t\t\t\t\t\t\t\t<\/div>\n\t\t\t\t<\/div>\n\t\t\t\t\t<\/div>\n\t\t<\/div>\n\t\t\t\t<div class=\"elementor-column elementor-col-50 elementor-top-column elementor-element elementor-element-bef3b5e elementor-hidden-mobile\" data-id=\"bef3b5e\" data-element_type=\"column\" data-e-type=\"column\">\n\t\t\t<div class=\"elementor-widget-wrap\">\n\t\t\t\t\t\t\t<\/div>\n\t\t<\/div>\n\t\t\t\t\t<\/div>\n\t\t<\/section>\n\t\t\t\t<section class=\"elementor-section elementor-top-section elementor-element elementor-element-9ea0904 elementor-hidden-mobile elementor-section-boxed elementor-section-height-default elementor-section-height-default\" data-id=\"9ea0904\" data-element_type=\"section\" data-e-type=\"section\" data-settings=\"{&quot;_ha_eqh_enable&quot;:false}\">\n\t\t\t\t\t\t<div class=\"elementor-container elementor-column-gap-default\">\n\t\t\t\t\t<div class=\"elementor-column elementor-col-100 elementor-top-column elementor-element elementor-element-ccaafbe\" data-id=\"ccaafbe\" data-element_type=\"column\" data-e-type=\"column\" data-settings=\"{&quot;background_background&quot;:&quot;classic&quot;}\">\n\t\t\t<div class=\"elementor-widget-wrap elementor-element-populated\">\n\t\t\t\t\t\t<section class=\"elementor-section elementor-inner-section elementor-element elementor-element-89c5d0a elementor-section-full_width elementor-section-height-default elementor-section-height-default\" data-id=\"89c5d0a\" data-element_type=\"section\" data-e-type=\"section\" data-settings=\"{&quot;_ha_eqh_enable&quot;:false}\">\n\t\t\t\t\t\t<div class=\"elementor-container elementor-column-gap-default\">\n\t\t\t\t\t<div class=\"elementor-column elementor-col-20 elementor-inner-column elementor-element elementor-element-d104cf6\" data-id=\"d104cf6\" data-element_type=\"column\" data-e-type=\"column\" data-settings=\"{&quot;background_background&quot;:&quot;classic&quot;}\">\n\t\t\t<div class=\"elementor-widget-wrap elementor-element-populated\">\n\t\t\t\t\t\t<div class=\"elementor-element elementor-element-f360449 ha-has-bg-overlay elementor-widget elementor-widget-heading\" data-id=\"f360449\" data-element_type=\"widget\" data-e-type=\"widget\" data-widget_type=\"heading.default\">\n\t\t\t\t<div class=\"elementor-widget-container\">\n\t\t\t\t\t<h2 class=\"elementor-heading-title elementor-size-default\">Neuigkeiten<\/h2>\t\t\t\t<\/div>\n\t\t\t\t<\/div>\n\t\t\t\t<div class=\"elementor-element elementor-element-f284193 ha-has-bg-overlay elementor-widget elementor-widget-text-editor\" data-id=\"f284193\" data-element_type=\"widget\" data-e-type=\"widget\" data-widget_type=\"text-editor.default\">\n\t\t\t\t<div class=\"elementor-widget-container\">\n\t\t\t\t\t\t\t\t\t<p style=\"text-align: center;\">Nachrichten zum Studium im Optionalbereich: Module, Praktika und freie Pl\u00e4tze<br><br><br><\/p>\n<p><\/p>\n<p><\/p>\n<p style=\"text-align: center;\">\n<\/p>\t\t\t\t\t\t\t\t<\/div>\n\t\t\t\t<\/div>\n\t\t\t\t<div class=\"elementor-element elementor-element-4206c18 elementor-grid-tablet-1 elementor-grid-1 elementor-grid-mobile-1 elementor-posts--thumbnail-top elementor-card-shadow-yes elementor-posts__hover-gradient elementor-widget elementor-widget-posts\" data-id=\"4206c18\" data-element_type=\"widget\" data-e-type=\"widget\" data-settings=\"{&quot;cards_columns_tablet&quot;:&quot;1&quot;,&quot;cards_row_gap&quot;:{&quot;unit&quot;:&quot;px&quot;,&quot;size&quot;:&quot;70&quot;,&quot;sizes&quot;:[]},&quot;pagination_type&quot;:&quot;load_more_infinite_scroll&quot;,&quot;cards_columns&quot;:&quot;1&quot;,&quot;cards_columns_mobile&quot;:&quot;1&quot;,&quot;cards_row_gap_tablet&quot;:{&quot;unit&quot;:&quot;px&quot;,&quot;size&quot;:&quot;&quot;,&quot;sizes&quot;:[]},&quot;cards_row_gap_mobile&quot;:{&quot;unit&quot;:&quot;px&quot;,&quot;size&quot;:&quot;&quot;,&quot;sizes&quot;:[]},&quot;load_more_spinner&quot;:{&quot;value&quot;:&quot;fas fa-spinner&quot;,&quot;library&quot;:&quot;fa-solid&quot;}}\" data-widget_type=\"posts.cards\">\n\t\t\t\t<div class=\"elementor-widget-container\">\n\t\t\t\t\t\t\t<div class=\"elementor-posts-container elementor-posts elementor-posts--skin-cards elementor-grid\" role=\"list\">\n\t\t\t\t<article class=\"elementor-post elementor-grid-item post-13321 post type-post status-publish format-standard has-post-thumbnail hentry category-neuigkeiten\" role=\"listitem\">\n\t\t\t<div class=\"elementor-post__card\">\n\t\t\t\t<a class=\"elementor-post__thumbnail__link\" href=\"https:\/\/optio.ruhr-uni-bochum.de\/index.php\/bochum-ich-komm-aus-dir-jetzt-auch-mit-haenden-und-herz\/\" tabindex=\"-1\" target=\"_blank\"><div class=\"elementor-post__thumbnail\"><img fetchpriority=\"high\" decoding=\"async\" width=\"750\" height=\"420\" src=\"https:\/\/optio.ruhr-uni-bochum.de\/wp-content\/uploads\/2026\/04\/Bildschirmfoto-2026-04-22-um-15.44.51-768x430.jpg\" class=\"attachment-medium_large size-medium_large wp-image-13322\" alt=\"\" srcset=\"https:\/\/optio.ruhr-uni-bochum.de\/wp-content\/uploads\/2026\/04\/Bildschirmfoto-2026-04-22-um-15.44.51-768x430.jpg 768w, https:\/\/optio.ruhr-uni-bochum.de\/wp-content\/uploads\/2026\/04\/Bildschirmfoto-2026-04-22-um-15.44.51-300x168.jpg 300w, https:\/\/optio.ruhr-uni-bochum.de\/wp-content\/uploads\/2026\/04\/Bildschirmfoto-2026-04-22-um-15.44.51-1024x574.jpg 1024w, https:\/\/optio.ruhr-uni-bochum.de\/wp-content\/uploads\/2026\/04\/Bildschirmfoto-2026-04-22-um-15.44.51-1536x860.jpg 1536w, https:\/\/optio.ruhr-uni-bochum.de\/wp-content\/uploads\/2026\/04\/Bildschirmfoto-2026-04-22-um-15.44.51.jpg 1589w\" sizes=\"(max-width: 750px) 100vw, 750px\" \/><\/div><\/a>\n\t\t\t\t<div class=\"elementor-post__text\">\n\t\t\t\t<h3 class=\"elementor-post__title\">\n\t\t\t<a href=\"https:\/\/optio.ruhr-uni-bochum.de\/index.php\/bochum-ich-komm-aus-dir-jetzt-auch-mit-haenden-und-herz\/\" target=&quot;_blank&quot;>\n\t\t\t\tBochum, ich komm\u2019 aus dir \u2013 Jetzt auch mit H\u00e4nden und Herz!\t\t\t<\/a>\n\t\t<\/h3>\n\t\t\t\t<div class=\"elementor-post__excerpt\">\n\t\t\t<p>&#8222;Tief im Westen, wo die Sonne verstaubt&#8230;&#8220; \u2013 Wer in Bochum lebt, studiert oder arbeitet, bekommt bei diesen Zeilen von Herbert Gr\u00f6nemeyer sofort G\u00e4nsehaut. Die inoffizielle Hymne unserer Stadt geh\u00f6rt hier einfach zum guten Ton. Aber wie klingt &#8222;Bochum&#8220; eigentlich, wenn man es nicht h\u00f6rt, sondern sieht?<\/p>\n\t\t<\/div>\n\t\t\t\t\t<div class=\"elementor-post__read-more-wrapper\">\n\t\t\n\t\t<a class=\"elementor-post__read-more\" href=\"https:\/\/optio.ruhr-uni-bochum.de\/index.php\/bochum-ich-komm-aus-dir-jetzt-auch-mit-haenden-und-herz\/\" aria-label=\"Mehr \u00fcber Bochum, ich komm\u2019 aus dir \u2013 Jetzt auch mit H\u00e4nden und Herz!\" tabindex=\"-1\" target=\"_blank\">\n\t\t\tWeiterlesen\t\t<\/a>\n\n\t\t\t\t\t<\/div>\n\t\t\t\t<\/div>\n\t\t\t\t<div class=\"elementor-post__meta-data\">\n\t\t\t\t\t<span class=\"elementor-post-date\">\n\t\t\t22. April 2026\t\t<\/span>\n\t\t\t\t<\/div>\n\t\t\t\t\t<\/div>\n\t\t<\/article>\n\t\t\t\t<article class=\"elementor-post elementor-grid-item post-6728 post type-post status-publish format-standard has-post-thumbnail hentry category-neuigkeiten\" role=\"listitem\">\n\t\t\t<div class=\"elementor-post__card\">\n\t\t\t\t<a class=\"elementor-post__thumbnail__link\" href=\"https:\/\/optio.ruhr-uni-bochum.de\/index.php\/liste-mit-freien-plaetzen-fuer-das-sose-2026\/\" tabindex=\"-1\" target=\"_blank\"><div class=\"elementor-post__thumbnail\"><img decoding=\"async\" width=\"750\" height=\"375\" src=\"https:\/\/optio.ruhr-uni-bochum.de\/wp-content\/uploads\/2022\/10\/Freie-Plaetze-e1701082723609-768x384.png\" class=\"attachment-medium_large size-medium_large wp-image-6731\" alt=\"\" srcset=\"https:\/\/optio.ruhr-uni-bochum.de\/wp-content\/uploads\/2022\/10\/Freie-Plaetze-e1701082723609-768x384.png 768w, https:\/\/optio.ruhr-uni-bochum.de\/wp-content\/uploads\/2022\/10\/Freie-Plaetze-e1701082723609-300x150.png 300w, https:\/\/optio.ruhr-uni-bochum.de\/wp-content\/uploads\/2022\/10\/Freie-Plaetze-e1701082723609-1024x512.png 1024w, https:\/\/optio.ruhr-uni-bochum.de\/wp-content\/uploads\/2022\/10\/Freie-Plaetze-e1701082723609.png 1072w\" sizes=\"(max-width: 750px) 100vw, 750px\" \/><\/div><\/a>\n\t\t\t\t<div class=\"elementor-post__text\">\n\t\t\t\t<h3 class=\"elementor-post__title\">\n\t\t\t<a href=\"https:\/\/optio.ruhr-uni-bochum.de\/index.php\/liste-mit-freien-plaetzen-fuer-das-sose-2026\/\" target=&quot;_blank&quot;>\n\t\t\t\tListe mit freien Pl\u00e4tzen f\u00fcr das SoSe 2026\t\t\t<\/a>\n\t\t<\/h3>\n\t\t\t\t<div class=\"elementor-post__excerpt\">\n\t\t\t<p>Die Liste der freien Pl\u00e4tze f\u00fcr die Module des Optionalbereichs f\u00fcr das SoSe 2026 ist online!<\/p>\n\t\t<\/div>\n\t\t\t\t\t<div class=\"elementor-post__read-more-wrapper\">\n\t\t\n\t\t<a class=\"elementor-post__read-more\" href=\"https:\/\/optio.ruhr-uni-bochum.de\/index.php\/liste-mit-freien-plaetzen-fuer-das-sose-2026\/\" aria-label=\"Mehr \u00fcber Liste mit freien Pl\u00e4tzen f\u00fcr das SoSe 2026\" tabindex=\"-1\" target=\"_blank\">\n\t\t\tWeiterlesen\t\t<\/a>\n\n\t\t\t\t\t<\/div>\n\t\t\t\t<\/div>\n\t\t\t\t<div class=\"elementor-post__meta-data\">\n\t\t\t\t\t<span class=\"elementor-post-date\">\n\t\t\t20. April 2026\t\t<\/span>\n\t\t\t\t<\/div>\n\t\t\t\t\t<\/div>\n\t\t<\/article>\n\t\t\t\t<article class=\"elementor-post elementor-grid-item post-13310 post type-post status-publish format-standard has-post-thumbnail hentry category-neuigkeiten\" role=\"listitem\">\n\t\t\t<div class=\"elementor-post__card\">\n\t\t\t\t<a class=\"elementor-post__thumbnail__link\" href=\"https:\/\/optio.ruhr-uni-bochum.de\/index.php\/spannendes-praktikum-gestalten-sie-die-digitale-pflegeausbildung-von-morgen\/\" tabindex=\"-1\" target=\"_blank\"><div class=\"elementor-post__thumbnail\"><img decoding=\"async\" width=\"750\" height=\"271\" src=\"https:\/\/optio.ruhr-uni-bochum.de\/wp-content\/uploads\/2026\/04\/uli-w-internship-3157269-768x278.jpg\" class=\"attachment-medium_large size-medium_large wp-image-13312\" alt=\"\" srcset=\"https:\/\/optio.ruhr-uni-bochum.de\/wp-content\/uploads\/2026\/04\/uli-w-internship-3157269-768x278.jpg 768w, https:\/\/optio.ruhr-uni-bochum.de\/wp-content\/uploads\/2026\/04\/uli-w-internship-3157269-300x108.jpg 300w, https:\/\/optio.ruhr-uni-bochum.de\/wp-content\/uploads\/2026\/04\/uli-w-internship-3157269-1024x370.jpg 1024w, https:\/\/optio.ruhr-uni-bochum.de\/wp-content\/uploads\/2026\/04\/uli-w-internship-3157269-1536x555.jpg 1536w, https:\/\/optio.ruhr-uni-bochum.de\/wp-content\/uploads\/2026\/04\/uli-w-internship-3157269.jpg 1920w\" sizes=\"(max-width: 750px) 100vw, 750px\" \/><\/div><\/a>\n\t\t\t\t<div class=\"elementor-post__text\">\n\t\t\t\t<h3 class=\"elementor-post__title\">\n\t\t\t<a href=\"https:\/\/optio.ruhr-uni-bochum.de\/index.php\/spannendes-praktikum-gestalten-sie-die-digitale-pflegeausbildung-von-morgen\/\" target=&quot;_blank&quot;>\n\t\t\t\tSpannendes Praktikum: Gestalten Sie die digitale Pflegeausbildung von morgen\t\t\t<\/a>\n\t\t<\/h3>\n\t\t\t\t<div class=\"elementor-post__excerpt\">\n\t\t\t<p>Im Rahmen eines Projekts zur Digitalisierung unterst\u00fctzen Sie dabei, die Abl\u00e4ufe und Dokumente eines Lernstudios f\u00fcr Pflegeauszubildende in die digitale Welt zu \u00fcberf\u00fchren. Sie erhalten spannende Einblicke in die moderne Bildung im Gesundheitswesen und tragen aktiv zur Entwicklung digitaler Lernmaterialien bei.<\/p>\n\t\t<\/div>\n\t\t\t\t\t<div class=\"elementor-post__read-more-wrapper\">\n\t\t\n\t\t<a class=\"elementor-post__read-more\" href=\"https:\/\/optio.ruhr-uni-bochum.de\/index.php\/spannendes-praktikum-gestalten-sie-die-digitale-pflegeausbildung-von-morgen\/\" aria-label=\"Mehr \u00fcber Spannendes Praktikum: Gestalten Sie die digitale Pflegeausbildung von morgen\" tabindex=\"-1\" target=\"_blank\">\n\t\t\tWeiterlesen\t\t<\/a>\n\n\t\t\t\t\t<\/div>\n\t\t\t\t<\/div>\n\t\t\t\t<div class=\"elementor-post__meta-data\">\n\t\t\t\t\t<span class=\"elementor-post-date\">\n\t\t\t20. April 2026\t\t<\/span>\n\t\t\t\t<\/div>\n\t\t\t\t\t<\/div>\n\t\t<\/article>\n\t\t\t\t<\/div>\n\t\t\t\t\t<span class=\"e-load-more-spinner\">\n\t\t\t\t<i aria-hidden=\"true\" class=\"fas fa-spinner\"><\/i>\t\t\t<\/span>\n\t\t\n\t\t\t\t<div class=\"e-load-more-anchor\" data-page=\"1\" data-max-page=\"33\" data-next-page=\"https:\/\/optio.ruhr-uni-bochum.de\/index.php\/wp-json\/wp\/v2\/pages\/8147\/page\/2\/\"><\/div>\n\t\t\t\t<div class=\"e-load-more-message\"><\/div>\n\t\t\t\t\t\t<\/div>\n\t\t\t\t<\/div>\n\t\t\t\t\t<\/div>\n\t\t<\/div>\n\t\t\t\t<div class=\"elementor-column elementor-col-20 elementor-inner-column elementor-element elementor-element-d5e29ec\" data-id=\"d5e29ec\" data-element_type=\"column\" data-e-type=\"column\">\n\t\t\t<div class=\"elementor-widget-wrap\">\n\t\t\t\t\t\t\t<\/div>\n\t\t<\/div>\n\t\t\t\t<div class=\"elementor-column elementor-col-20 elementor-inner-column elementor-element elementor-element-68ccf43\" data-id=\"68ccf43\" data-element_type=\"column\" data-e-type=\"column\" data-settings=\"{&quot;background_background&quot;:&quot;classic&quot;}\">\n\t\t\t<div class=\"elementor-widget-wrap elementor-element-populated\">\n\t\t\t\t\t\t<div class=\"elementor-element elementor-element-3266953 ha-has-bg-overlay elementor-widget elementor-widget-heading\" data-id=\"3266953\" data-element_type=\"widget\" data-e-type=\"widget\" data-widget_type=\"heading.default\">\n\t\t\t\t<div class=\"elementor-widget-container\">\n\t\t\t\t\t<h2 class=\"elementor-heading-title elementor-size-default\">Perspektiven<\/h2>\t\t\t\t<\/div>\n\t\t\t\t<\/div>\n\t\t\t\t<div class=\"elementor-element elementor-element-c4d3ba9 ha-has-bg-overlay elementor-widget elementor-widget-text-editor\" data-id=\"c4d3ba9\" data-element_type=\"widget\" data-e-type=\"widget\" data-widget_type=\"text-editor.default\">\n\t\t\t\t<div class=\"elementor-widget-container\">\n\t\t\t\t\t\t\t\t\t<p style=\"text-align: center;\">Interessante Veranstaltungen, Tagungen, Jobangebote und mehr<br \/><br \/><br \/><\/p><p style=\"text-align: center;\"><\/p><p style=\"text-align: center;\"><\/p><p style=\"text-align: center;\"><\/p><p style=\"text-align: center;\"><\/p>\t\t\t\t\t\t\t\t<\/div>\n\t\t\t\t<\/div>\n\t\t\t\t<div class=\"elementor-element elementor-element-cfba410 elementor-grid-tablet-1 elementor-grid-1 elementor-grid-mobile-1 elementor-posts--thumbnail-top elementor-card-shadow-yes elementor-posts__hover-gradient elementor-widget elementor-widget-posts\" data-id=\"cfba410\" data-element_type=\"widget\" data-e-type=\"widget\" data-settings=\"{&quot;cards_columns_tablet&quot;:&quot;1&quot;,&quot;cards_row_gap&quot;:{&quot;unit&quot;:&quot;px&quot;,&quot;size&quot;:&quot;70&quot;,&quot;sizes&quot;:[]},&quot;pagination_type&quot;:&quot;load_more_infinite_scroll&quot;,&quot;cards_columns&quot;:&quot;1&quot;,&quot;cards_columns_mobile&quot;:&quot;1&quot;,&quot;cards_row_gap_tablet&quot;:{&quot;unit&quot;:&quot;px&quot;,&quot;size&quot;:&quot;&quot;,&quot;sizes&quot;:[]},&quot;cards_row_gap_mobile&quot;:{&quot;unit&quot;:&quot;px&quot;,&quot;size&quot;:&quot;&quot;,&quot;sizes&quot;:[]},&quot;load_more_spinner&quot;:{&quot;value&quot;:&quot;fas fa-spinner&quot;,&quot;library&quot;:&quot;fa-solid&quot;}}\" data-widget_type=\"posts.cards\">\n\t\t\t\t<div class=\"elementor-widget-container\">\n\t\t\t\t\t\t\t<div class=\"elementor-posts-container elementor-posts elementor-posts--skin-cards elementor-grid\" role=\"list\">\n\t\t\t\t<article class=\"elementor-post elementor-grid-item post-13328 post type-post status-publish format-standard has-post-thumbnail hentry category-perspektiven\" role=\"listitem\">\n\t\t\t<div class=\"elementor-post__card\">\n\t\t\t\t<a class=\"elementor-post__thumbnail__link\" href=\"https:\/\/optio.ruhr-uni-bochum.de\/index.php\/karrieretipp-werkstudierende-fuer-oeffentlichkeitsarbeit-eventmanagement-bei-der-efa-gesucht\/\" tabindex=\"-1\" target=\"_blank\"><div class=\"elementor-post__thumbnail\"><img loading=\"lazy\" decoding=\"async\" width=\"750\" height=\"375\" src=\"https:\/\/optio.ruhr-uni-bochum.de\/wp-content\/uploads\/2024\/05\/computer-8499930_1920-e1714997997488-768x384.jpg\" class=\"attachment-medium_large size-medium_large wp-image-9758\" alt=\"\" srcset=\"https:\/\/optio.ruhr-uni-bochum.de\/wp-content\/uploads\/2024\/05\/computer-8499930_1920-e1714997997488-768x384.jpg 768w, https:\/\/optio.ruhr-uni-bochum.de\/wp-content\/uploads\/2024\/05\/computer-8499930_1920-e1714997997488-300x150.jpg 300w, https:\/\/optio.ruhr-uni-bochum.de\/wp-content\/uploads\/2024\/05\/computer-8499930_1920-e1714997997488-1024x512.jpg 1024w, https:\/\/optio.ruhr-uni-bochum.de\/wp-content\/uploads\/2024\/05\/computer-8499930_1920-e1714997997488-1536x768.jpg 1536w, https:\/\/optio.ruhr-uni-bochum.de\/wp-content\/uploads\/2024\/05\/computer-8499930_1920-e1714997997488.jpg 1920w\" sizes=\"(max-width: 750px) 100vw, 750px\" \/><\/div><\/a>\n\t\t\t\t<div class=\"elementor-post__text\">\n\t\t\t\t<h3 class=\"elementor-post__title\">\n\t\t\t<a href=\"https:\/\/optio.ruhr-uni-bochum.de\/index.php\/karrieretipp-werkstudierende-fuer-oeffentlichkeitsarbeit-eventmanagement-bei-der-efa-gesucht\/\" target=&quot;_blank&quot;>\n\t\t\t\tKarrieretipp: Werkstudierende f\u00fcr \u00d6ffentlichkeitsarbeit &#038; Eventmanagement bei der efa gesucht\t\t\t<\/a>\n\t\t<\/h3>\n\t\t\t\t<div class=\"elementor-post__excerpt\">\n\t\t\t<p>Suchen Sie nach einer spannenden Herausforderung an der Schnittstelle zwischen Kommunikation, Eventmanagement und Nachhaltigkeit? Wir m\u00f6chten Sie heute auf eine interessante Karrierem\u00f6glichkeit bei der Effizienz-Agentur NRW (efa) aufmerksam machen.<\/p>\n\t\t<\/div>\n\t\t\t\t\t<div class=\"elementor-post__read-more-wrapper\">\n\t\t\n\t\t<a class=\"elementor-post__read-more\" href=\"https:\/\/optio.ruhr-uni-bochum.de\/index.php\/karrieretipp-werkstudierende-fuer-oeffentlichkeitsarbeit-eventmanagement-bei-der-efa-gesucht\/\" aria-label=\"Mehr \u00fcber Karrieretipp: Werkstudierende f\u00fcr \u00d6ffentlichkeitsarbeit &#038; Eventmanagement bei der efa gesucht\" tabindex=\"-1\" target=\"_blank\">\n\t\t\tWeiterlesen\t\t<\/a>\n\n\t\t\t\t\t<\/div>\n\t\t\t\t<\/div>\n\t\t\t\t<div class=\"elementor-post__meta-data\">\n\t\t\t\t\t<span class=\"elementor-post-date\">\n\t\t\t22. April 2026\t\t<\/span>\n\t\t\t\t<\/div>\n\t\t\t\t\t<\/div>\n\t\t<\/article>\n\t\t\t\t<article class=\"elementor-post elementor-grid-item post-13315 post type-post status-publish format-standard has-post-thumbnail hentry category-perspektiven\" role=\"listitem\">\n\t\t\t<div class=\"elementor-post__card\">\n\t\t\t\t<a class=\"elementor-post__thumbnail__link\" href=\"https:\/\/optio.ruhr-uni-bochum.de\/index.php\/karriereziel-bruessel-referendariat-bei-der-europaeischen-kommission-dg-grow\/\" tabindex=\"-1\" target=\"_blank\"><div class=\"elementor-post__thumbnail\"><img loading=\"lazy\" decoding=\"async\" width=\"750\" height=\"375\" src=\"https:\/\/optio.ruhr-uni-bochum.de\/wp-content\/uploads\/2022\/09\/brussels-4056171_1920-e1700051551816-768x384.jpg\" class=\"attachment-medium_large size-medium_large wp-image-6601\" alt=\"\" srcset=\"https:\/\/optio.ruhr-uni-bochum.de\/wp-content\/uploads\/2022\/09\/brussels-4056171_1920-e1700051551816-768x384.jpg 768w, https:\/\/optio.ruhr-uni-bochum.de\/wp-content\/uploads\/2022\/09\/brussels-4056171_1920-e1700051551816-300x150.jpg 300w, https:\/\/optio.ruhr-uni-bochum.de\/wp-content\/uploads\/2022\/09\/brussels-4056171_1920-e1700051551816-1024x512.jpg 1024w, https:\/\/optio.ruhr-uni-bochum.de\/wp-content\/uploads\/2022\/09\/brussels-4056171_1920-e1700051551816-1536x768.jpg 1536w, https:\/\/optio.ruhr-uni-bochum.de\/wp-content\/uploads\/2022\/09\/brussels-4056171_1920-e1700051551816.jpg 1920w\" sizes=\"(max-width: 750px) 100vw, 750px\" \/><\/div><\/a>\n\t\t\t\t<div class=\"elementor-post__text\">\n\t\t\t\t<h3 class=\"elementor-post__title\">\n\t\t\t<a href=\"https:\/\/optio.ruhr-uni-bochum.de\/index.php\/karriereziel-bruessel-referendariat-bei-der-europaeischen-kommission-dg-grow\/\" target=&quot;_blank&quot;>\n\t\t\t\tKarriereziel Br\u00fcssel: Referendariat bei der Europ\u00e4ischen Kommission (DG GROW)\t\t\t<\/a>\n\t\t<\/h3>\n\t\t\t\t<div class=\"elementor-post__excerpt\">\n\t\t\t<p>Wir m\u00f6chten unsere Studierenden auf eine erstklassige Gelegenheit aufmerksam machen, internationale Rechtserfahrung direkt im Herzen der europ\u00e4ischen Politik zu sammeln. Das Referat &#8222;Responsible Business Conduct&#8220; der Generaldirektion Binnenmarkt, Industrie, Unternehmertum und KMU (DG GROW) bietet Pl\u00e4tze f\u00fcr die Wahl- oder Verwaltungsstation an.<\/p>\n\t\t<\/div>\n\t\t\t\t\t<div class=\"elementor-post__read-more-wrapper\">\n\t\t\n\t\t<a class=\"elementor-post__read-more\" href=\"https:\/\/optio.ruhr-uni-bochum.de\/index.php\/karriereziel-bruessel-referendariat-bei-der-europaeischen-kommission-dg-grow\/\" aria-label=\"Mehr \u00fcber Karriereziel Br\u00fcssel: Referendariat bei der Europ\u00e4ischen Kommission (DG GROW)\" tabindex=\"-1\" target=\"_blank\">\n\t\t\tWeiterlesen\t\t<\/a>\n\n\t\t\t\t\t<\/div>\n\t\t\t\t<\/div>\n\t\t\t\t<div class=\"elementor-post__meta-data\">\n\t\t\t\t\t<span class=\"elementor-post-date\">\n\t\t\t20. April 2026\t\t<\/span>\n\t\t\t\t<\/div>\n\t\t\t\t\t<\/div>\n\t\t<\/article>\n\t\t\t\t<article class=\"elementor-post elementor-grid-item post-13279 post type-post status-publish format-standard has-post-thumbnail hentry category-perspektiven\" role=\"listitem\">\n\t\t\t<div class=\"elementor-post__card\">\n\t\t\t\t<a class=\"elementor-post__thumbnail__link\" href=\"https:\/\/optio.ruhr-uni-bochum.de\/index.php\/stellenausschreibungen-praktika-bei-der-manifesta-16-ruhr-2026\/\" tabindex=\"-1\" target=\"_blank\"><div class=\"elementor-post__thumbnail\"><img loading=\"lazy\" decoding=\"async\" width=\"469\" height=\"260\" src=\"https:\/\/optio.ruhr-uni-bochum.de\/wp-content\/uploads\/2026\/04\/Bildschirmfoto-2026-04-13-um-12.43.51.png\" class=\"attachment-medium_large size-medium_large wp-image-13282\" alt=\"\" srcset=\"https:\/\/optio.ruhr-uni-bochum.de\/wp-content\/uploads\/2026\/04\/Bildschirmfoto-2026-04-13-um-12.43.51.png 469w, https:\/\/optio.ruhr-uni-bochum.de\/wp-content\/uploads\/2026\/04\/Bildschirmfoto-2026-04-13-um-12.43.51-300x166.png 300w\" sizes=\"(max-width: 469px) 100vw, 469px\" \/><\/div><\/a>\n\t\t\t\t<div class=\"elementor-post__text\">\n\t\t\t\t<h3 class=\"elementor-post__title\">\n\t\t\t<a href=\"https:\/\/optio.ruhr-uni-bochum.de\/index.php\/stellenausschreibungen-praktika-bei-der-manifesta-16-ruhr-2026\/\" target=&quot;_blank&quot;>\n\t\t\t\t\ud83d\udce2 Stellenausschreibungen: Praktika bei der Manifesta 16 Ruhr (2026)\t\t\t<\/a>\n\t\t<\/h3>\n\t\t\t\t<div class=\"elementor-post__excerpt\">\n\t\t\t<p>Die Manifesta 16 Ruhr wird 2026 als europ\u00e4ische nomadische Biennale im gesamten Ruhrgebiet stattfinden. In Vorbereitung auf dieses internationale Kulturprojekt bietet die Manifesta 16 Ruhr gGmbH zwei spannende Praktikumsstellen im Bereich Marketing &amp; Kommunikation an. Bitte beachten Sie, dass beide Stellen als Pflichtpraktika f\u00fcr eine Dauer von maximal 3 Monaten<\/p>\n\t\t<\/div>\n\t\t\t\t\t<div class=\"elementor-post__read-more-wrapper\">\n\t\t\n\t\t<a class=\"elementor-post__read-more\" href=\"https:\/\/optio.ruhr-uni-bochum.de\/index.php\/stellenausschreibungen-praktika-bei-der-manifesta-16-ruhr-2026\/\" aria-label=\"Mehr \u00fcber \ud83d\udce2 Stellenausschreibungen: Praktika bei der Manifesta 16 Ruhr (2026)\" tabindex=\"-1\" target=\"_blank\">\n\t\t\tWeiterlesen\t\t<\/a>\n\n\t\t\t\t\t<\/div>\n\t\t\t\t<\/div>\n\t\t\t\t<div class=\"elementor-post__meta-data\">\n\t\t\t\t\t<span class=\"elementor-post-date\">\n\t\t\t13. April 2026\t\t<\/span>\n\t\t\t\t<\/div>\n\t\t\t\t\t<\/div>\n\t\t<\/article>\n\t\t\t\t<\/div>\n\t\t\t\t\t<span class=\"e-load-more-spinner\">\n\t\t\t\t<i aria-hidden=\"true\" class=\"fas fa-spinner\"><\/i>\t\t\t<\/span>\n\t\t\n\t\t\t\t<div class=\"e-load-more-anchor\" data-page=\"1\" data-max-page=\"33\" data-next-page=\"https:\/\/optio.ruhr-uni-bochum.de\/index.php\/wp-json\/wp\/v2\/pages\/8147\/page\/2\/\"><\/div>\n\t\t\t\t<div class=\"e-load-more-message\"><\/div>\n\t\t\t\t\t\t<\/div>\n\t\t\t\t<\/div>\n\t\t\t\t\t<\/div>\n\t\t<\/div>\n\t\t\t\t<div class=\"elementor-column elementor-col-20 elementor-inner-column elementor-element elementor-element-d431db1\" data-id=\"d431db1\" data-element_type=\"column\" data-e-type=\"column\">\n\t\t\t<div class=\"elementor-widget-wrap\">\n\t\t\t\t\t\t\t<\/div>\n\t\t<\/div>\n\t\t\t\t<div class=\"elementor-column elementor-col-20 elementor-inner-column elementor-element elementor-element-a2bdab6\" data-id=\"a2bdab6\" data-element_type=\"column\" data-e-type=\"column\" data-settings=\"{&quot;background_background&quot;:&quot;classic&quot;}\">\n\t\t\t<div class=\"elementor-widget-wrap elementor-element-populated\">\n\t\t\t\t\t\t<div class=\"elementor-element elementor-element-539c01c ha-has-bg-overlay elementor-widget elementor-widget-heading\" data-id=\"539c01c\" data-element_type=\"widget\" data-e-type=\"widget\" data-widget_type=\"heading.default\">\n\t\t\t\t<div class=\"elementor-widget-container\">\n\t\t\t\t\t<h2 class=\"elementor-heading-title elementor-size-default\">OptioInside<\/h2>\t\t\t\t<\/div>\n\t\t\t\t<\/div>\n\t\t\t\t<div class=\"elementor-element elementor-element-7c6ff43 ha-has-bg-overlay elementor-widget elementor-widget-text-editor\" data-id=\"7c6ff43\" data-element_type=\"widget\" data-e-type=\"widget\" data-widget_type=\"text-editor.default\">\n\t\t\t\t<div class=\"elementor-widget-container\">\n\t\t\t\t\t\t\t\t\t<p style=\"text-align: center;\">Artikel von Studierenden zu Optionalbereich und RUB: Eine Entdeckungsreise mit dem Modul &#8222;Einf\u00fchrung in die journalistischen Darstellungsformen&#8220;<\/p>\t\t\t\t\t\t\t\t<\/div>\n\t\t\t\t<\/div>\n\t\t\t\t<div class=\"elementor-element elementor-element-0911987 elementor-grid-tablet-1 elementor-grid-1 elementor-grid-mobile-1 elementor-posts--thumbnail-top elementor-card-shadow-yes elementor-posts__hover-gradient elementor-widget elementor-widget-posts\" data-id=\"0911987\" data-element_type=\"widget\" data-e-type=\"widget\" data-settings=\"{&quot;cards_columns_tablet&quot;:&quot;1&quot;,&quot;cards_row_gap&quot;:{&quot;unit&quot;:&quot;px&quot;,&quot;size&quot;:&quot;70&quot;,&quot;sizes&quot;:[]},&quot;pagination_type&quot;:&quot;load_more_infinite_scroll&quot;,&quot;cards_columns&quot;:&quot;1&quot;,&quot;cards_columns_mobile&quot;:&quot;1&quot;,&quot;cards_row_gap_tablet&quot;:{&quot;unit&quot;:&quot;px&quot;,&quot;size&quot;:&quot;&quot;,&quot;sizes&quot;:[]},&quot;cards_row_gap_mobile&quot;:{&quot;unit&quot;:&quot;px&quot;,&quot;size&quot;:&quot;&quot;,&quot;sizes&quot;:[]},&quot;load_more_spinner&quot;:{&quot;value&quot;:&quot;fas fa-spinner&quot;,&quot;library&quot;:&quot;fa-solid&quot;}}\" data-widget_type=\"posts.cards\">\n\t\t\t\t<div class=\"elementor-widget-container\">\n\t\t\t\t\t\t\t<div class=\"elementor-posts-container elementor-posts elementor-posts--skin-cards elementor-grid\" role=\"list\">\n\t\t\t\t<article class=\"elementor-post elementor-grid-item post-13529 post type-post status-publish format-standard has-post-thumbnail hentry category-optioinside\" role=\"listitem\">\n\t\t\t<div class=\"elementor-post__card\">\n\t\t\t\t<a class=\"elementor-post__thumbnail__link\" href=\"https:\/\/optio.ruhr-uni-bochum.de\/index.php\/sie-schauen-uns-an-wie-ein-schwarz-weiss-foto\/\" tabindex=\"-1\" target=\"_blank\"><div class=\"elementor-post__thumbnail\"><img loading=\"lazy\" decoding=\"async\" width=\"750\" height=\"479\" src=\"https:\/\/optio.ruhr-uni-bochum.de\/wp-content\/uploads\/2026\/04\/Titelbild-768x491.jpg\" class=\"attachment-medium_large size-medium_large wp-image-13531\" alt=\"\" srcset=\"https:\/\/optio.ruhr-uni-bochum.de\/wp-content\/uploads\/2026\/04\/Titelbild-768x491.jpg 768w, https:\/\/optio.ruhr-uni-bochum.de\/wp-content\/uploads\/2026\/04\/Titelbild-300x192.jpg 300w, https:\/\/optio.ruhr-uni-bochum.de\/wp-content\/uploads\/2026\/04\/Titelbild-1024x655.jpg 1024w, https:\/\/optio.ruhr-uni-bochum.de\/wp-content\/uploads\/2026\/04\/Titelbild-1536x982.jpg 1536w, https:\/\/optio.ruhr-uni-bochum.de\/wp-content\/uploads\/2026\/04\/Titelbild.jpg 1920w\" sizes=\"(max-width: 750px) 100vw, 750px\" \/><\/div><\/a>\n\t\t\t\t<div class=\"elementor-post__text\">\n\t\t\t\t<h3 class=\"elementor-post__title\">\n\t\t\t<a href=\"https:\/\/optio.ruhr-uni-bochum.de\/index.php\/sie-schauen-uns-an-wie-ein-schwarz-weiss-foto\/\" target=&quot;_blank&quot;>\n\t\t\t\t\u201eSie schauen uns an wie ein Schwarz-Wei\u00df-Foto\u201c\t\t\t<\/a>\n\t\t<\/h3>\n\t\t\t\t<div class=\"elementor-post__excerpt\">\n\t\t\t<p>Das Thema Antisemitismus schafft es regelm\u00e4\u00dfig ins \u00f6ffentliche Bewusstsein. J\u00fcdisches Leben hingegen findet selten in der \u00d6ffentlichkeit statt. Auch j\u00fcdische Studierende an der RUB sind weitgehend unsichtbar \u2013 das muss aber nicht so bleiben.<\/p>\n\t\t<\/div>\n\t\t\t\t\t<div class=\"elementor-post__read-more-wrapper\">\n\t\t\n\t\t<a class=\"elementor-post__read-more\" href=\"https:\/\/optio.ruhr-uni-bochum.de\/index.php\/sie-schauen-uns-an-wie-ein-schwarz-weiss-foto\/\" aria-label=\"Mehr \u00fcber \u201eSie schauen uns an wie ein Schwarz-Wei\u00df-Foto\u201c\" tabindex=\"-1\" target=\"_blank\">\n\t\t\tWeiterlesen\t\t<\/a>\n\n\t\t\t\t\t<\/div>\n\t\t\t\t<\/div>\n\t\t\t\t<div class=\"elementor-post__meta-data\">\n\t\t\t\t\t<span class=\"elementor-post-date\">\n\t\t\t30. April 2026\t\t<\/span>\n\t\t\t\t<\/div>\n\t\t\t\t\t<\/div>\n\t\t<\/article>\n\t\t\t\t<article class=\"elementor-post elementor-grid-item post-13402 post type-post status-publish format-standard has-post-thumbnail hentry category-optioinside\" role=\"listitem\">\n\t\t\t<div class=\"elementor-post__card\">\n\t\t\t\t<a class=\"elementor-post__thumbnail__link\" href=\"https:\/\/optio.ruhr-uni-bochum.de\/index.php\/wo-geschichte-lebendig-wird-die-antikensammlung-am-campus-der-rub\/\" tabindex=\"-1\" target=\"_blank\"><div class=\"elementor-post__thumbnail\"><img loading=\"lazy\" decoding=\"async\" width=\"750\" height=\"422\" src=\"https:\/\/optio.ruhr-uni-bochum.de\/wp-content\/uploads\/2026\/04\/image-1-768x432.jpeg\" class=\"attachment-medium_large size-medium_large wp-image-13406\" alt=\"\" srcset=\"https:\/\/optio.ruhr-uni-bochum.de\/wp-content\/uploads\/2026\/04\/image-1-768x432.jpeg 768w, https:\/\/optio.ruhr-uni-bochum.de\/wp-content\/uploads\/2026\/04\/image-1-300x169.jpeg 300w, https:\/\/optio.ruhr-uni-bochum.de\/wp-content\/uploads\/2026\/04\/image-1-1024x576.jpeg 1024w, https:\/\/optio.ruhr-uni-bochum.de\/wp-content\/uploads\/2026\/04\/image-1-1536x864.jpeg 1536w, https:\/\/optio.ruhr-uni-bochum.de\/wp-content\/uploads\/2026\/04\/image-1.jpeg 1920w\" sizes=\"(max-width: 750px) 100vw, 750px\" \/><\/div><\/a>\n\t\t\t\t<div class=\"elementor-post__text\">\n\t\t\t\t<h3 class=\"elementor-post__title\">\n\t\t\t<a href=\"https:\/\/optio.ruhr-uni-bochum.de\/index.php\/wo-geschichte-lebendig-wird-die-antikensammlung-am-campus-der-rub\/\" target=&quot;_blank&quot;>\n\t\t\t\tWo Geschichte lebendig wird: Die Antikensammlung am Campus der RUB\t\t\t<\/a>\n\t\t<\/h3>\n\t\t\t\t<div class=\"elementor-post__excerpt\">\n\t\t\t<p>Die Kunstsammlungen der RUB bestehen seit 1975 und sind an zwei Orten beheimatet: W\u00e4hrend die Standorte\u00a0Situation Kunst\u00a0und das\u00a0Museum unter Tage\u00a0im Schlosspark Weitmar liegen, findet ihr das antike Herzst\u00fcck direkt auf dem Campus. Im Geb\u00e4ude der Universit\u00e4tsbibliothek, gegen\u00fcber dem Audimax, k\u00f6nnt ihr eine faszinierende Zeitreise von den Wurzeln der Antike bis zur Moderne erleben.<\/p>\n\t\t<\/div>\n\t\t\t\t\t<div class=\"elementor-post__read-more-wrapper\">\n\t\t\n\t\t<a class=\"elementor-post__read-more\" href=\"https:\/\/optio.ruhr-uni-bochum.de\/index.php\/wo-geschichte-lebendig-wird-die-antikensammlung-am-campus-der-rub\/\" aria-label=\"Mehr \u00fcber Wo Geschichte lebendig wird: Die Antikensammlung am Campus der RUB\" tabindex=\"-1\" target=\"_blank\">\n\t\t\tWeiterlesen\t\t<\/a>\n\n\t\t\t\t\t<\/div>\n\t\t\t\t<\/div>\n\t\t\t\t<div class=\"elementor-post__meta-data\">\n\t\t\t\t\t<span class=\"elementor-post-date\">\n\t\t\t29. April 2026\t\t<\/span>\n\t\t\t\t<\/div>\n\t\t\t\t\t<\/div>\n\t\t<\/article>\n\t\t\t\t<article class=\"elementor-post elementor-grid-item post-13380 post type-post status-publish format-standard has-post-thumbnail hentry category-optioinside\" role=\"listitem\">\n\t\t\t<div class=\"elementor-post__card\">\n\t\t\t\t<a class=\"elementor-post__thumbnail__link\" href=\"https:\/\/optio.ruhr-uni-bochum.de\/index.php\/natuerlich-kann-man-nicht-ploetzlich-die-welt-veraendern-aber-man-hat-einen-ersten-ansatz\/\" tabindex=\"-1\" target=\"_blank\"><div class=\"elementor-post__thumbnail\"><img loading=\"lazy\" decoding=\"async\" width=\"750\" height=\"258\" src=\"https:\/\/optio.ruhr-uni-bochum.de\/wp-content\/uploads\/2026\/04\/Bildschirmfoto-2026-04-28-um-12.23.41-768x264.png\" class=\"attachment-medium_large size-medium_large wp-image-13480\" alt=\"\" srcset=\"https:\/\/optio.ruhr-uni-bochum.de\/wp-content\/uploads\/2026\/04\/Bildschirmfoto-2026-04-28-um-12.23.41-768x264.png 768w, https:\/\/optio.ruhr-uni-bochum.de\/wp-content\/uploads\/2026\/04\/Bildschirmfoto-2026-04-28-um-12.23.41-1024x352.png 1024w\" sizes=\"(max-width: 750px) 100vw, 750px\" \/><\/div><\/a>\n\t\t\t\t<div class=\"elementor-post__text\">\n\t\t\t\t<h3 class=\"elementor-post__title\">\n\t\t\t<a href=\"https:\/\/optio.ruhr-uni-bochum.de\/index.php\/natuerlich-kann-man-nicht-ploetzlich-die-welt-veraendern-aber-man-hat-einen-ersten-ansatz\/\" target=&quot;_blank&quot;>\n\t\t\t\t\u201eNat\u00fcrlich kann man nicht pl\u00f6tzlich die Welt ver\u00e4ndern, aber man hat einen ersten Ansatz!\u201c\t\t\t<\/a>\n\t\t<\/h3>\n\t\t\t\t<div class=\"elementor-post__excerpt\">\n\t\t\t<p>Im Jahr 2025 waren 117,3 Mio. Menschen weltweit auf der Flucht, viele, weil ihre Menschenrechte in ihrer Heimat beschnitten wurden. Zahlreiche Organisationen stehen f\u00fcr die Rechte dieser Menschen ein, darunter auch Amnesty International, die unter anderem in Bochum und an der RUB aktiv sind.<\/p>\n\t\t<\/div>\n\t\t\t\t\t<div class=\"elementor-post__read-more-wrapper\">\n\t\t\n\t\t<a class=\"elementor-post__read-more\" href=\"https:\/\/optio.ruhr-uni-bochum.de\/index.php\/natuerlich-kann-man-nicht-ploetzlich-die-welt-veraendern-aber-man-hat-einen-ersten-ansatz\/\" aria-label=\"Mehr \u00fcber \u201eNat\u00fcrlich kann man nicht pl\u00f6tzlich die Welt ver\u00e4ndern, aber man hat einen ersten Ansatz!\u201c\" tabindex=\"-1\" target=\"_blank\">\n\t\t\tWeiterlesen\t\t<\/a>\n\n\t\t\t\t\t<\/div>\n\t\t\t\t<\/div>\n\t\t\t\t<div class=\"elementor-post__meta-data\">\n\t\t\t\t\t<span class=\"elementor-post-date\">\n\t\t\t28. April 2026\t\t<\/span>\n\t\t\t\t<\/div>\n\t\t\t\t\t<\/div>\n\t\t<\/article>\n\t\t\t\t<\/div>\n\t\t\t\t\t<span class=\"e-load-more-spinner\">\n\t\t\t\t<i aria-hidden=\"true\" class=\"fas fa-spinner\"><\/i>\t\t\t<\/span>\n\t\t\n\t\t\t\t<div class=\"e-load-more-anchor\" data-page=\"1\" data-max-page=\"20\" data-next-page=\"https:\/\/optio.ruhr-uni-bochum.de\/index.php\/wp-json\/wp\/v2\/pages\/8147\/page\/2\/\"><\/div>\n\t\t\t\t<div class=\"e-load-more-message\"><\/div>\n\t\t\t\t\t\t<\/div>\n\t\t\t\t<\/div>\n\t\t\t\t\t<\/div>\n\t\t<\/div>\n\t\t\t\t\t<\/div>\n\t\t<\/section>\n\t\t\t\t\t<\/div>\n\t\t<\/div>\n\t\t\t\t\t<\/div>\n\t\t<\/section>\n\t\t\t\t<section class=\"elementor-section elementor-top-section elementor-element elementor-element-911ce45 elementor-hidden-desktop elementor-hidden-tablet elementor-section-boxed elementor-section-height-default elementor-section-height-default\" data-id=\"911ce45\" data-element_type=\"section\" data-e-type=\"section\" data-settings=\"{&quot;_ha_eqh_enable&quot;:false}\">\n\t\t\t\t\t\t<div class=\"elementor-container elementor-column-gap-default\">\n\t\t\t\t\t<div class=\"elementor-column elementor-col-100 elementor-top-column elementor-element elementor-element-b57a412\" data-id=\"b57a412\" data-element_type=\"column\" data-e-type=\"column\">\n\t\t\t<div class=\"elementor-widget-wrap elementor-element-populated\">\n\t\t\t\t\t\t<div class=\"elementor-element elementor-element-43fb743 elementor-widget elementor-widget-text-editor\" data-id=\"43fb743\" data-element_type=\"widget\" data-e-type=\"widget\" data-widget_type=\"text-editor.default\">\n\t\t\t\t<div class=\"elementor-widget-container\">\n\t\t\t\t\t\t\t\t\t<p>Beitr\u00e4ge nach Kategorien filtern<\/p>\t\t\t\t\t\t\t\t<\/div>\n\t\t\t\t<\/div>\n\t\t\t\t<div class=\"elementor-element elementor-element-0430c3f elementor-nav-menu__text-align-aside elementor-nav-menu--toggle elementor-nav-menu--burger elementor-widget elementor-widget-nav-menu\" data-id=\"0430c3f\" data-element_type=\"widget\" data-e-type=\"widget\" data-settings=\"{&quot;layout&quot;:&quot;dropdown&quot;,&quot;submenu_icon&quot;:{&quot;value&quot;:&quot;&lt;i class=\\&quot;fas fa-caret-down\\&quot; aria-hidden=\\&quot;true\\&quot;&gt;&lt;\\\/i&gt;&quot;,&quot;library&quot;:&quot;fa-solid&quot;},&quot;toggle&quot;:&quot;burger&quot;}\" data-widget_type=\"nav-menu.default\">\n\t\t\t\t<div class=\"elementor-widget-container\">\n\t\t\t\t\t\t\t<div class=\"elementor-menu-toggle\" role=\"button\" tabindex=\"0\" aria-label=\"Men\u00fc Umschalter\" aria-expanded=\"false\">\n\t\t\t<i aria-hidden=\"true\" role=\"presentation\" class=\"elementor-menu-toggle__icon--open fas fa-bars\"><\/i><i aria-hidden=\"true\" role=\"presentation\" class=\"elementor-menu-toggle__icon--close eicon-close\"><\/i>\t\t<\/div>\n\t\t\t\t\t<nav class=\"elementor-nav-menu--dropdown elementor-nav-menu__container\" aria-hidden=\"true\">\n\t\t\t\t<ul id=\"menu-2-0430c3f\" class=\"elementor-nav-menu\"><li class=\"menu-item menu-item-type-post_type menu-item-object-page menu-item-8158\"><a href=\"https:\/\/optio.ruhr-uni-bochum.de\/index.php\/archiv\/\" class=\"elementor-item\" tabindex=\"-1\">Aktuelles<\/a><\/li>\n<li class=\"menu-item menu-item-type-taxonomy menu-item-object-category menu-item-8250\"><a href=\"https:\/\/optio.ruhr-uni-bochum.de\/index.php\/category\/neuigkeiten\/\" class=\"elementor-item\" tabindex=\"-1\">Neuigkeiten<\/a><\/li>\n<li class=\"menu-item menu-item-type-taxonomy menu-item-object-category menu-item-8144\"><a href=\"https:\/\/optio.ruhr-uni-bochum.de\/index.php\/category\/perspektiven\/\" class=\"elementor-item\" tabindex=\"-1\">Perspektiven<\/a><\/li>\n<li class=\"menu-item menu-item-type-taxonomy menu-item-object-category menu-item-8748\"><a href=\"https:\/\/optio.ruhr-uni-bochum.de\/index.php\/category\/optioinside\/\" class=\"elementor-item\" tabindex=\"-1\">OptioInside<\/a><\/li>\n<\/ul>\t\t\t<\/nav>\n\t\t\t\t\t\t<\/div>\n\t\t\t\t<\/div>\n\t\t\t\t<div class=\"elementor-element elementor-element-a8fa004 elementor-grid-tablet-1 elementor-grid-3 elementor-grid-mobile-1 elementor-posts--thumbnail-top elementor-posts__hover-gradient elementor-widget elementor-widget-posts\" data-id=\"a8fa004\" data-element_type=\"widget\" data-e-type=\"widget\" data-settings=\"{&quot;cards_columns_tablet&quot;:&quot;1&quot;,&quot;cards_row_gap&quot;:{&quot;unit&quot;:&quot;px&quot;,&quot;size&quot;:&quot;70&quot;,&quot;sizes&quot;:[]},&quot;pagination_type&quot;:&quot;load_more_infinite_scroll&quot;,&quot;cards_columns&quot;:&quot;3&quot;,&quot;cards_columns_mobile&quot;:&quot;1&quot;,&quot;cards_row_gap_tablet&quot;:{&quot;unit&quot;:&quot;px&quot;,&quot;size&quot;:&quot;&quot;,&quot;sizes&quot;:[]},&quot;cards_row_gap_mobile&quot;:{&quot;unit&quot;:&quot;px&quot;,&quot;size&quot;:&quot;&quot;,&quot;sizes&quot;:[]},&quot;load_more_spinner&quot;:{&quot;value&quot;:&quot;fas fa-spinner&quot;,&quot;library&quot;:&quot;fa-solid&quot;}}\" data-widget_type=\"posts.cards\">\n\t\t\t\t<div class=\"elementor-widget-container\">\n\t\t\t\t\t\t\t<div class=\"elementor-posts-container elementor-posts elementor-posts--skin-cards elementor-grid\" role=\"list\">\n\t\t\t\t<article class=\"elementor-post elementor-grid-item post-13529 post type-post status-publish format-standard has-post-thumbnail hentry category-optioinside\" role=\"listitem\">\n\t\t\t<div class=\"elementor-post__card\">\n\t\t\t\t<a class=\"elementor-post__thumbnail__link\" href=\"https:\/\/optio.ruhr-uni-bochum.de\/index.php\/sie-schauen-uns-an-wie-ein-schwarz-weiss-foto\/\" tabindex=\"-1\" target=\"_blank\"><div class=\"elementor-post__thumbnail\"><img loading=\"lazy\" decoding=\"async\" width=\"750\" height=\"479\" src=\"https:\/\/optio.ruhr-uni-bochum.de\/wp-content\/uploads\/2026\/04\/Titelbild-768x491.jpg\" class=\"attachment-medium_large size-medium_large wp-image-13531\" alt=\"\" srcset=\"https:\/\/optio.ruhr-uni-bochum.de\/wp-content\/uploads\/2026\/04\/Titelbild-768x491.jpg 768w, https:\/\/optio.ruhr-uni-bochum.de\/wp-content\/uploads\/2026\/04\/Titelbild-300x192.jpg 300w, https:\/\/optio.ruhr-uni-bochum.de\/wp-content\/uploads\/2026\/04\/Titelbild-1024x655.jpg 1024w, https:\/\/optio.ruhr-uni-bochum.de\/wp-content\/uploads\/2026\/04\/Titelbild-1536x982.jpg 1536w, https:\/\/optio.ruhr-uni-bochum.de\/wp-content\/uploads\/2026\/04\/Titelbild.jpg 1920w\" sizes=\"(max-width: 750px) 100vw, 750px\" \/><\/div><\/a>\n\t\t\t\t<div class=\"elementor-post__badge\">OptioInside<\/div>\n\t\t\t\t<div class=\"elementor-post__text\">\n\t\t\t\t<h3 class=\"elementor-post__title\">\n\t\t\t<a href=\"https:\/\/optio.ruhr-uni-bochum.de\/index.php\/sie-schauen-uns-an-wie-ein-schwarz-weiss-foto\/\" target=&quot;_blank&quot;>\n\t\t\t\t\u201eSie schauen uns an wie ein Schwarz-Wei\u00df-Foto\u201c\t\t\t<\/a>\n\t\t<\/h3>\n\t\t\t\t<div class=\"elementor-post__excerpt\">\n\t\t\t<p>Das Thema Antisemitismus schafft es regelm\u00e4\u00dfig ins \u00f6ffentliche Bewusstsein. J\u00fcdisches Leben hingegen findet selten in der \u00d6ffentlichkeit statt. Auch j\u00fcdische Studierende an der RUB sind weitgehend unsichtbar \u2013 das muss aber nicht so bleiben.<\/p>\n\t\t<\/div>\n\t\t\t\t\t<div class=\"elementor-post__read-more-wrapper\">\n\t\t\n\t\t<a class=\"elementor-post__read-more\" href=\"https:\/\/optio.ruhr-uni-bochum.de\/index.php\/sie-schauen-uns-an-wie-ein-schwarz-weiss-foto\/\" aria-label=\"Mehr \u00fcber \u201eSie schauen uns an wie ein Schwarz-Wei\u00df-Foto\u201c\" tabindex=\"-1\" target=\"_blank\">\n\t\t\tWeiterlesen\t\t<\/a>\n\n\t\t\t\t\t<\/div>\n\t\t\t\t<\/div>\n\t\t\t\t<div class=\"elementor-post__meta-data\">\n\t\t\t\t\t<span class=\"elementor-post-date\">\n\t\t\t30. April 2026\t\t<\/span>\n\t\t\t\t<\/div>\n\t\t\t\t\t<\/div>\n\t\t<\/article>\n\t\t\t\t<article class=\"elementor-post elementor-grid-item post-13402 post type-post status-publish format-standard has-post-thumbnail hentry category-optioinside\" role=\"listitem\">\n\t\t\t<div class=\"elementor-post__card\">\n\t\t\t\t<a class=\"elementor-post__thumbnail__link\" href=\"https:\/\/optio.ruhr-uni-bochum.de\/index.php\/wo-geschichte-lebendig-wird-die-antikensammlung-am-campus-der-rub\/\" tabindex=\"-1\" target=\"_blank\"><div class=\"elementor-post__thumbnail\"><img loading=\"lazy\" decoding=\"async\" width=\"750\" height=\"422\" src=\"https:\/\/optio.ruhr-uni-bochum.de\/wp-content\/uploads\/2026\/04\/image-1-768x432.jpeg\" class=\"attachment-medium_large size-medium_large wp-image-13406\" alt=\"\" srcset=\"https:\/\/optio.ruhr-uni-bochum.de\/wp-content\/uploads\/2026\/04\/image-1-768x432.jpeg 768w, https:\/\/optio.ruhr-uni-bochum.de\/wp-content\/uploads\/2026\/04\/image-1-300x169.jpeg 300w, https:\/\/optio.ruhr-uni-bochum.de\/wp-content\/uploads\/2026\/04\/image-1-1024x576.jpeg 1024w, https:\/\/optio.ruhr-uni-bochum.de\/wp-content\/uploads\/2026\/04\/image-1-1536x864.jpeg 1536w, https:\/\/optio.ruhr-uni-bochum.de\/wp-content\/uploads\/2026\/04\/image-1.jpeg 1920w\" sizes=\"(max-width: 750px) 100vw, 750px\" \/><\/div><\/a>\n\t\t\t\t<div class=\"elementor-post__badge\">OptioInside<\/div>\n\t\t\t\t<div class=\"elementor-post__text\">\n\t\t\t\t<h3 class=\"elementor-post__title\">\n\t\t\t<a href=\"https:\/\/optio.ruhr-uni-bochum.de\/index.php\/wo-geschichte-lebendig-wird-die-antikensammlung-am-campus-der-rub\/\" target=&quot;_blank&quot;>\n\t\t\t\tWo Geschichte lebendig wird: Die Antikensammlung am Campus der RUB\t\t\t<\/a>\n\t\t<\/h3>\n\t\t\t\t<div class=\"elementor-post__excerpt\">\n\t\t\t<p>Die Kunstsammlungen der RUB bestehen seit 1975 und sind an zwei Orten beheimatet: W\u00e4hrend die Standorte\u00a0Situation Kunst\u00a0und das\u00a0Museum unter Tage\u00a0im Schlosspark Weitmar liegen, findet ihr das antike Herzst\u00fcck direkt auf dem Campus. Im Geb\u00e4ude der Universit\u00e4tsbibliothek, gegen\u00fcber dem Audimax, k\u00f6nnt ihr eine faszinierende Zeitreise von den Wurzeln der Antike bis zur Moderne erleben.<\/p>\n\t\t<\/div>\n\t\t\t\t\t<div class=\"elementor-post__read-more-wrapper\">\n\t\t\n\t\t<a class=\"elementor-post__read-more\" href=\"https:\/\/optio.ruhr-uni-bochum.de\/index.php\/wo-geschichte-lebendig-wird-die-antikensammlung-am-campus-der-rub\/\" aria-label=\"Mehr \u00fcber Wo Geschichte lebendig wird: Die Antikensammlung am Campus der RUB\" tabindex=\"-1\" target=\"_blank\">\n\t\t\tWeiterlesen\t\t<\/a>\n\n\t\t\t\t\t<\/div>\n\t\t\t\t<\/div>\n\t\t\t\t<div class=\"elementor-post__meta-data\">\n\t\t\t\t\t<span class=\"elementor-post-date\">\n\t\t\t29. April 2026\t\t<\/span>\n\t\t\t\t<\/div>\n\t\t\t\t\t<\/div>\n\t\t<\/article>\n\t\t\t\t<article class=\"elementor-post elementor-grid-item post-13380 post type-post status-publish format-standard has-post-thumbnail hentry category-optioinside\" role=\"listitem\">\n\t\t\t<div class=\"elementor-post__card\">\n\t\t\t\t<a class=\"elementor-post__thumbnail__link\" href=\"https:\/\/optio.ruhr-uni-bochum.de\/index.php\/natuerlich-kann-man-nicht-ploetzlich-die-welt-veraendern-aber-man-hat-einen-ersten-ansatz\/\" tabindex=\"-1\" target=\"_blank\"><div class=\"elementor-post__thumbnail\"><img loading=\"lazy\" decoding=\"async\" width=\"750\" height=\"258\" src=\"https:\/\/optio.ruhr-uni-bochum.de\/wp-content\/uploads\/2026\/04\/Bildschirmfoto-2026-04-28-um-12.23.41-768x264.png\" class=\"attachment-medium_large size-medium_large wp-image-13480\" alt=\"\" srcset=\"https:\/\/optio.ruhr-uni-bochum.de\/wp-content\/uploads\/2026\/04\/Bildschirmfoto-2026-04-28-um-12.23.41-768x264.png 768w, https:\/\/optio.ruhr-uni-bochum.de\/wp-content\/uploads\/2026\/04\/Bildschirmfoto-2026-04-28-um-12.23.41-1024x352.png 1024w\" sizes=\"(max-width: 750px) 100vw, 750px\" \/><\/div><\/a>\n\t\t\t\t<div class=\"elementor-post__badge\">OptioInside<\/div>\n\t\t\t\t<div class=\"elementor-post__text\">\n\t\t\t\t<h3 class=\"elementor-post__title\">\n\t\t\t<a href=\"https:\/\/optio.ruhr-uni-bochum.de\/index.php\/natuerlich-kann-man-nicht-ploetzlich-die-welt-veraendern-aber-man-hat-einen-ersten-ansatz\/\" target=&quot;_blank&quot;>\n\t\t\t\t\u201eNat\u00fcrlich kann man nicht pl\u00f6tzlich die Welt ver\u00e4ndern, aber man hat einen ersten Ansatz!\u201c\t\t\t<\/a>\n\t\t<\/h3>\n\t\t\t\t<div class=\"elementor-post__excerpt\">\n\t\t\t<p>Im Jahr 2025 waren 117,3 Mio. Menschen weltweit auf der Flucht, viele, weil ihre Menschenrechte in ihrer Heimat beschnitten wurden. Zahlreiche Organisationen stehen f\u00fcr die Rechte dieser Menschen ein, darunter auch Amnesty International, die unter anderem in Bochum und an der RUB aktiv sind.<\/p>\n\t\t<\/div>\n\t\t\t\t\t<div class=\"elementor-post__read-more-wrapper\">\n\t\t\n\t\t<a class=\"elementor-post__read-more\" href=\"https:\/\/optio.ruhr-uni-bochum.de\/index.php\/natuerlich-kann-man-nicht-ploetzlich-die-welt-veraendern-aber-man-hat-einen-ersten-ansatz\/\" aria-label=\"Mehr \u00fcber \u201eNat\u00fcrlich kann man nicht pl\u00f6tzlich die Welt ver\u00e4ndern, aber man hat einen ersten Ansatz!\u201c\" tabindex=\"-1\" target=\"_blank\">\n\t\t\tWeiterlesen\t\t<\/a>\n\n\t\t\t\t\t<\/div>\n\t\t\t\t<\/div>\n\t\t\t\t<div class=\"elementor-post__meta-data\">\n\t\t\t\t\t<span class=\"elementor-post-date\">\n\t\t\t28. April 2026\t\t<\/span>\n\t\t\t\t<\/div>\n\t\t\t\t\t<\/div>\n\t\t<\/article>\n\t\t\t\t<\/div>\n\t\t\t\t\t<span class=\"e-load-more-spinner\">\n\t\t\t\t<i aria-hidden=\"true\" class=\"fas fa-spinner\"><\/i>\t\t\t<\/span>\n\t\t\n\t\t\t\t<div class=\"e-load-more-anchor\" data-page=\"1\" data-max-page=\"85\" data-next-page=\"https:\/\/optio.ruhr-uni-bochum.de\/index.php\/wp-json\/wp\/v2\/pages\/8147\/page\/2\/\"><\/div>\n\t\t\t\t<div class=\"e-load-more-message\"><\/div>\n\t\t\t\t\t\t<\/div>\n\t\t\t\t<\/div>\n\t\t\t\t\t<\/div>\n\t\t<\/div>\n\t\t\t\t\t<\/div>\n\t\t<\/section>\n\t\t\t\t<\/div>\n\t\t","protected":false},"excerpt":{"rendered":"<p>Aktuelles Neuigkeiten Nachrichten zum Studium im Optionalbereich: Module, Praktika und freie Pl\u00e4tze Perspektiven Interessante Veranstaltungen, Tagungen, Jobangebote und mehr OptioInside Artikel von Studierenden zu Optionalbereich und RUB: Eine Entdeckungsreise mit dem Modul &#8222;Einf\u00fchrung in die journalistischen Darstellungsformen&#8220; Beitr\u00e4ge nach Kategorien filtern<\/p>\n","protected":false},"author":1,"featured_media":0,"parent":0,"menu_order":0,"comment_status":"closed","ping_status":"closed","template":"page-templates\/template-pagebuilder-full-width.php","meta":{"_themeisle_gutenberg_block_has_review":false,"footnotes":""},"class_list":["post-8147","page","type-page","status-publish","hentry"],"_links":{"self":[{"href":"https:\/\/optio.ruhr-uni-bochum.de\/index.php\/wp-json\/wp\/v2\/pages\/8147","targetHints":{"allow":["GET"]}}],"collection":[{"href":"https:\/\/optio.ruhr-uni-bochum.de\/index.php\/wp-json\/wp\/v2\/pages"}],"about":[{"href":"https:\/\/optio.ruhr-uni-bochum.de\/index.php\/wp-json\/wp\/v2\/types\/page"}],"author":[{"embeddable":true,"href":"https:\/\/optio.ruhr-uni-bochum.de\/index.php\/wp-json\/wp\/v2\/users\/1"}],"replies":[{"embeddable":true,"href":"https:\/\/optio.ruhr-uni-bochum.de\/index.php\/wp-json\/wp\/v2\/comments?post=8147"}],"version-history":[{"count":300,"href":"https:\/\/optio.ruhr-uni-bochum.de\/index.php\/wp-json\/wp\/v2\/pages\/8147\/revisions"}],"predecessor-version":[{"id":11625,"href":"https:\/\/optio.ruhr-uni-bochum.de\/index.php\/wp-json\/wp\/v2\/pages\/8147\/revisions\/11625"}],"wp:attachment":[{"href":"https:\/\/optio.ruhr-uni-bochum.de\/index.php\/wp-json\/wp\/v2\/media?parent=8147"}],"curies":[{"name":"wp","href":"https:\/\/api.w.org\/{rel}","templated":true}]}}